{"id":1554,"date":"2022-05-17T19:19:50","date_gmt":"2022-05-17T19:19:50","guid":{"rendered":"https:\/\/www.design-award.cz\/?page_id=1554"},"modified":"2022-05-17T19:46:45","modified_gmt":"2022-05-17T19:46:45","slug":"design-day-award-2022","status":"publish","type":"page","link":"https:\/\/www.design-award.cz\/?page_id=1554","title":{"rendered":"Design Day Award 2022"},"content":{"rendered":"\n<figure class=\"wp-block-image size-large\"><img decoding=\"async\" width=\"1024\" height=\"682\" data-src=\"http:\/\/www.design-award.cz\/wp-content\/uploads\/2022\/05\/DSC05947x-1024x682.jpg\" alt=\"\" class=\"wp-image-1565 lazyload\" data-srcset=\"https:\/\/www.design-award.cz\/wp-content\/uploads\/2022\/05\/DSC05947x-1024x682.jpg 1024w, https:\/\/www.design-award.cz\/wp-content\/uploads\/2022\/05\/DSC05947x-300x200.jpg 300w, https:\/\/www.design-award.cz\/wp-content\/uploads\/2022\/05\/DSC05947x-768x511.jpg 768w, https:\/\/www.design-award.cz\/wp-content\/uploads\/2022\/05\/DSC05947x-500x333.jpg 500w, https:\/\/www.design-award.cz\/wp-content\/uploads\/2022\/05\/DSC05947x-800x533.jpg 800w, https:\/\/www.design-award.cz\/wp-content\/uploads\/2022\/05\/DSC05947x.jpg 1200w\" data-sizes=\"(max-width: 1024px) 100vw, 1024px\" src=\"data:image\/svg+xml;base64,PHN2ZyB3aWR0aD0iMSIgaGVpZ2h0PSIxIiB4bWxucz0iaHR0cDovL3d3dy53My5vcmcvMjAwMC9zdmciPjwvc3ZnPg==\" style=\"--smush-placeholder-width: 1024px; --smush-placeholder-aspect-ratio: 1024\/682;\" \/><\/figure>\n\n\n\n<h2 class=\"wp-block-heading\">Tiskov\u00e1 zpr\u00e1va<\/h2>\n\n\n\n<p>Dne 12. 5. 2022 na St\u0159edn\u00ed \u0161kole a Vy\u0161\u0161\u00ed odborn\u00e9 \u0161kole reklamn\u00ed a um\u011bleck\u00e9 tvorby Michael konal 1. ro\u010dn\u00edk DESIGN AWARD DAY ur\u010den\u00fd pro budouc\u00ed design\u00e9ry a architekty. Jeho sou\u010d\u00e1st\u00ed bylo tak\u00e9 vyhl\u00e1\u0161en\u00ed v\u00fdsledk\u016f sout\u011b\u017ee Design Award. Pro n\u00e1v\u0161t\u011bvn\u00edky byl p\u0159ipraven zaj\u00edmav\u00fd program. Od r\u00e1na prob\u00edhaly odborn\u00e9 p\u0159edn\u00e1\u0161ky v\u00fdznamn\u00fdch design\u00e9r\u016f a renomovan\u00fdch spole\u010dnost\u00ed. P\u0159edn\u00e1\u0161ka Lenky Uhl\u00ed\u0159ov\u00e9 z IKEA upoutala v\u0161echny n\u00e1v\u0161t\u011bvn\u00edky, kte\u0159\u00ed se mohli dozv\u011bd\u011bt informace o v\u00fdvoji a v\u00fdrob\u011b produkt\u016f, navrhov\u00e1n\u00ed nov\u00fdch prezenta\u010dn\u00edch prostor a o pr\u00e1ci IKEA design\u00e9r\u016f. \u0160kola Michael tak nav\u00e1zala s teamem z IKEA u\u017e\u0161\u00ed spolupr\u00e1ci i pro dal\u0161\u00ed ro\u010dn\u00edk. Jednu z dal\u0161\u00edch zaj\u00edmav\u00fdch p\u0159edn\u00e1\u0161ek p\u0159ipravil Filip Mirbauer, zn\u00e1m\u00fd produktov\u00fd design\u00e9r a nositel mnoha design\u00e9rsk\u00fdch cen, na t\u00e9ma sv\u00e9 vlastn\u00ed tvorby. Svou pr\u00e1ci n\u00e1m tak\u00e9 p\u0159edstavila Jana Vrkotov\u00e1 z Infinity Interi\u00e9ry, kter\u00e1 n\u00e1zorn\u011b s fotodokumentac\u00ed projektu vysv\u011btlila samotnou realizaci interi\u00e9ru v praxi od technick\u00e9ho \u0159e\u0161en\u00ed a\u017e po v\u00fdsledn\u00fd produkt \u2013 hotov\u00fd interi\u00e9r. N\u00e1v\u0161t\u011bvn\u00edci se mohli tak\u00e9 z\u00fa\u010dastnit kreativn\u00edho workshopu estetick\u00e9ho dekorov\u00e1n\u00ed, kde se mohli nau\u010dit, jak pracovat se vzorn\u00edky, barvou a \u0161irokou \u0161k\u00e1lou dekorat\u00e9rsk\u00fdch materi\u00e1l\u016f, a vytvo\u0159it si n\u00e1dhern\u00fd mechov\u00fd obraz ze stabilizovan\u00fdch p\u0159\u00edrodn\u00edch mech\u016f.<\/p>\n\n\n\n<p>Odpoledne pat\u0159ilo designov\u00e9 sout\u011b\u017ei, kter\u00e1 je ur\u010dena student\u016fm st\u0159edn\u00edch a vy\u0161\u0161\u00edch odborn\u00fdch \u0161kol zam\u011b\u0159en\u00fdch na produktov\u00fd nebo interi\u00e9rov\u00fd design. Tato sout\u011b\u017e je v cel\u00e9 \u010cR ojedin\u011bl\u00e1 a tak\u00e9 proto se sout\u011b\u017ee p\u0159ihl\u00e1silo 97 \u00fa\u010dastn\u00edk\u016f se 110 n\u00e1vrhy z 15 \u0161kol z cel\u00e9 \u010cR. V sout\u011b\u017ei byly hodnoceny 3 kategorie: Soukrom\u00fd interi\u00e9r, Ve\u0159ejn\u00fd interi\u00e9r a Produktov\u00fd design. Do sedmi\u010dlenn\u00e9 porota zasedli: Ing. Martin Sladk\u00fd &#8211; architekt a zakladatel ateli\u00e9ru de.fakto, MgA. Filip Mirbauer &#8211; design\u00e9r, zakladatel ateli\u00e9ru Balance In The Motion, MgA. Lenka Stejskalov\u00e1 Skoumalov\u00e1 &#8211; v\u00fdtvarnice a skl\u00e1\u0159ka, pedago\u017eka S\u0160 a VO\u0160 Michael a odborn\u00e1 asistentka na \u00daVT FA \u010cVUT, MgA. Andrea Vok\u0159\u00e1lov\u00e1 &#8211; interi\u00e9rov\u00e1 design\u00e9rka a skl\u00e1\u0159ka, vedouc\u00ed oboru Design interi\u00e9ru na S\u0160 a VO\u0160 Michael, zakladatelka Andys Design, MgA. Michael Fran\u010de &#8211; design\u00e9r a keramik, kter\u00fd navrhuje pod zna\u010dkou FRA-gile, vedouc\u00ed ateli\u00e9ru V\u00fdtvarn\u00e9 zpracov\u00e1n\u00ed keramiky a porcel\u00e1nu na Akademii ve Sv\u011btl\u00e9 nad S\u00e1zavou, Mgr. Art. Michaela O\u0161\u0165\u00e1dalov\u00e1 &#8211; interi\u00e9rov\u00e1 design\u00e9rka a grafi\u010dka, pedago\u017eka na S\u0160 a VO\u0160 Michael, a MgA. Petr Vykoukal &#8211; design\u00e9r, pedagog na S\u0160 a VO\u0160 Michael.<\/p>\n\n\n\n<p>Zde jsou v\u00edt\u011bzov\u00e9:<\/p>\n\n\n\n<p>Soukrom\u00fd interi\u00e9r &#8211; 1. m\u00edsto: Hieu Minh Nguyen \u2013 rodinn\u00fd d\u016fm \/Michael S\u0160 a VO\u0160 reklamn\u00ed a um\u011bleck\u00e9 tvorby, Praha\/, 2. m\u00edsto: Rudolf Hable \u2013 spole\u010dn\u00e9 prostory rodinn\u00e9ho domu \/St\u0159edn\u00ed \u0161kola designu interi\u00e9ru Kate\u0159inky, Liberec\/, 3. m\u00edsto: Aneta Novick\u00e1 \u2013 rodinn\u00fd d\u016fm \/St\u0159edn\u00ed \u0161kola designu interi\u00e9ru Kate\u0159inky, Liberec\/.<\/p>\n\n\n\n<p>Ve\u0159ejn\u00fd interi\u00e9r &#8211; 1. m\u00edsto: Tereza Tom\u00ed\u0161kov\u00e1 \u2013 interi\u00e9r kav\u00e1rny a bistra \/Vy\u0161\u0161\u00ed odborn\u00e1 \u0161kola a St\u0159edn\u00ed pr\u016fmyslov\u00e1 \u0161kola, Volyn\u011b\/, 2. m\u00edsto: \u010cen\u011bk Tr\u00e1vn\u00ed\u010dek \u2013 n\u00e1vrh kav\u00e1rny \/Michael S\u0160 a VO\u0160 reklamn\u00ed a um\u011bleck\u00e9 tvorby, Praha\/, 3. m\u00edsto: Luk\u00e1\u0161 Ku\u010dera \u2013 kav\u00e1rna s japonskou t\u00e9matikou \/St\u0159edn\u00ed \u0161kola designu interi\u00e9ru Kate\u0159inky, Liberec\/<\/p>\n\n\n\n<p>Produktov\u00fd design &#8211; 1. m\u00edsto: Hana Heinrichov\u00e1 \u2013 n\u00e1vrh \u017eehli\u010dky waverion \/St\u0159edn\u00ed um\u011bleck\u00e1 \u0161kola Ostrava\/, 2. m\u00edsto: S\u00e1ra Fedurcov\u00e1 \u2013 n\u00e1vrh expozi\u010dn\u00edho st\u00e1nku \/St\u0159edn\u00ed odborn\u00e1 \u0161kola obchodu, u\u017eit\u00e9ho um\u011bn\u00ed a designu, Plze\u0148\/ 3. m\u00edsto: Eva Koubov\u00e1 \u2013 n\u00e1vrh kurn\u00edku KOKBOX \/St\u0159edn\u00ed odborn\u00e1 \u0161kola obchodu, u\u017eit\u00e9ho um\u011bn\u00ed a designu, Plze\u0148\/.<\/p>\n\n\n\n<p>V\u0161em v\u00edt\u011bz\u016fm blahop\u0159ejeme.<\/p>\n\n\n\n<p>N\u00e1v\u0161t\u011bvn\u00edci \u2013 p\u0159edev\u0161\u00edm studenti b\u011bhem cel\u00e9ho designov\u00e9ho dne mohli diskutovat s odborn\u00edky, vym\u011b\u0148ovat si sv\u00e9 zku\u0161enost\u00ed nebo nasb\u00edrat zaj\u00edmav\u00e9 podn\u011bty a kontakty pro budouc\u00ed pr\u00e1ci design\u00e9r\u016f a architekt\u016f. V\u0161echny p\u0159ihl\u00e1\u0161en\u00e9 n\u00e1vrhy si m\u016f\u017eete prohl\u00e9dnout na www.design-award.cz a na instagramu. www.instagram.com\/design_award\/<\/p>\n\n\n\n<p>Informace o \u0161kole Michael najdete na www.skolamichael.cz a www.akademiemichael.cz<\/p>\n\n\n\n<p class=\"has-text-align-right\">13. 5. 2022<\/p>\n\n\n\n<figure class=\"wp-block-image size-large\"><img decoding=\"async\" width=\"1024\" height=\"683\" data-src=\"http:\/\/www.design-award.cz\/wp-content\/uploads\/2022\/05\/IMG_8883x-1024x683.jpg\" alt=\"\" class=\"wp-image-1566 lazyload\" data-srcset=\"https:\/\/www.design-award.cz\/wp-content\/uploads\/2022\/05\/IMG_8883x-1024x683.jpg 1024w, https:\/\/www.design-award.cz\/wp-content\/uploads\/2022\/05\/IMG_8883x-300x200.jpg 300w, https:\/\/www.design-award.cz\/wp-content\/uploads\/2022\/05\/IMG_8883x-768x512.jpg 768w, https:\/\/www.design-award.cz\/wp-content\/uploads\/2022\/05\/IMG_8883x-500x333.jpg 500w, https:\/\/www.design-award.cz\/wp-content\/uploads\/2022\/05\/IMG_8883x-800x533.jpg 800w, https:\/\/www.design-award.cz\/wp-content\/uploads\/2022\/05\/IMG_8883x.jpg 1200w\" data-sizes=\"(max-width: 1024px) 100vw, 1024px\" src=\"data:image\/svg+xml;base64,PHN2ZyB3aWR0aD0iMSIgaGVpZ2h0PSIxIiB4bWxucz0iaHR0cDovL3d3dy53My5vcmcvMjAwMC9zdmciPjwvc3ZnPg==\" style=\"--smush-placeholder-width: 1024px; --smush-placeholder-aspect-ratio: 1024\/683;\" \/><\/figure>\n\n\n\n<figure class=\"wp-block-image size-large\"><img decoding=\"async\" width=\"683\" height=\"1024\" data-src=\"http:\/\/www.design-award.cz\/wp-content\/uploads\/2022\/05\/IMG_8912x-683x1024.jpg\" alt=\"\" class=\"wp-image-1567 lazyload\" data-srcset=\"https:\/\/www.design-award.cz\/wp-content\/uploads\/2022\/05\/IMG_8912x-683x1024.jpg 683w, https:\/\/www.design-award.cz\/wp-content\/uploads\/2022\/05\/IMG_8912x-200x300.jpg 200w, https:\/\/www.design-award.cz\/wp-content\/uploads\/2022\/05\/IMG_8912x-768x1152.jpg 768w, https:\/\/www.design-award.cz\/wp-content\/uploads\/2022\/05\/IMG_8912x-500x750.jpg 500w, https:\/\/www.design-award.cz\/wp-content\/uploads\/2022\/05\/IMG_8912x.jpg 800w\" data-sizes=\"(max-width: 683px) 100vw, 683px\" src=\"data:image\/svg+xml;base64,PHN2ZyB3aWR0aD0iMSIgaGVpZ2h0PSIxIiB4bWxucz0iaHR0cDovL3d3dy53My5vcmcvMjAwMC9zdmciPjwvc3ZnPg==\" style=\"--smush-placeholder-width: 683px; --smush-placeholder-aspect-ratio: 683\/1024;\" \/><\/figure>\n\n\n\n<figure class=\"wp-block-image size-large\"><img decoding=\"async\" width=\"1024\" height=\"683\" data-src=\"http:\/\/www.design-award.cz\/wp-content\/uploads\/2022\/05\/IMG_9213x-1024x683.jpg\" alt=\"\" class=\"wp-image-1577 lazyload\" data-srcset=\"https:\/\/www.design-award.cz\/wp-content\/uploads\/2022\/05\/IMG_9213x-1024x683.jpg 1024w, https:\/\/www.design-award.cz\/wp-content\/uploads\/2022\/05\/IMG_9213x-300x200.jpg 300w, https:\/\/www.design-award.cz\/wp-content\/uploads\/2022\/05\/IMG_9213x-768x512.jpg 768w, https:\/\/www.design-award.cz\/wp-content\/uploads\/2022\/05\/IMG_9213x-500x333.jpg 500w, https:\/\/www.design-award.cz\/wp-content\/uploads\/2022\/05\/IMG_9213x-800x533.jpg 800w, https:\/\/www.design-award.cz\/wp-content\/uploads\/2022\/05\/IMG_9213x.jpg 1200w\" data-sizes=\"(max-width: 1024px) 100vw, 1024px\" src=\"data:image\/svg+xml;base64,PHN2ZyB3aWR0aD0iMSIgaGVpZ2h0PSIxIiB4bWxucz0iaHR0cDovL3d3dy53My5vcmcvMjAwMC9zdmciPjwvc3ZnPg==\" style=\"--smush-placeholder-width: 1024px; --smush-placeholder-aspect-ratio: 1024\/683;\" \/><\/figure>\n\n\n\n<figure class=\"wp-block-image size-large\"><img decoding=\"async\" width=\"1024\" height=\"683\" data-src=\"http:\/\/www.design-award.cz\/wp-content\/uploads\/2022\/05\/IMG_9243-1-1024x683.jpg\" alt=\"\" class=\"wp-image-1580 lazyload\" data-srcset=\"https:\/\/www.design-award.cz\/wp-content\/uploads\/2022\/05\/IMG_9243-1-1024x683.jpg 1024w, https:\/\/www.design-award.cz\/wp-content\/uploads\/2022\/05\/IMG_9243-1-300x200.jpg 300w, https:\/\/www.design-award.cz\/wp-content\/uploads\/2022\/05\/IMG_9243-1-768x512.jpg 768w, https:\/\/www.design-award.cz\/wp-content\/uploads\/2022\/05\/IMG_9243-1-500x333.jpg 500w, https:\/\/www.design-award.cz\/wp-content\/uploads\/2022\/05\/IMG_9243-1-800x533.jpg 800w, https:\/\/www.design-award.cz\/wp-content\/uploads\/2022\/05\/IMG_9243-1.jpg 1200w\" data-sizes=\"(max-width: 1024px) 100vw, 1024px\" src=\"data:image\/svg+xml;base64,PHN2ZyB3aWR0aD0iMSIgaGVpZ2h0PSIxIiB4bWxucz0iaHR0cDovL3d3dy53My5vcmcvMjAwMC9zdmciPjwvc3ZnPg==\" style=\"--smush-placeholder-width: 1024px; --smush-placeholder-aspect-ratio: 1024\/683;\" \/><\/figure>\n\n\n\n<figure class=\"wp-block-image size-large\"><img decoding=\"async\" width=\"706\" height=\"1024\" data-src=\"http:\/\/www.design-award.cz\/wp-content\/uploads\/2022\/05\/IMG_9087x-706x1024.jpg\" alt=\"\" class=\"wp-image-1569 lazyload\" data-srcset=\"https:\/\/www.design-award.cz\/wp-content\/uploads\/2022\/05\/IMG_9087x-706x1024.jpg 706w, https:\/\/www.design-award.cz\/wp-content\/uploads\/2022\/05\/IMG_9087x-207x300.jpg 207w, https:\/\/www.design-award.cz\/wp-content\/uploads\/2022\/05\/IMG_9087x-768x1114.jpg 768w, https:\/\/www.design-award.cz\/wp-content\/uploads\/2022\/05\/IMG_9087x-500x726.jpg 500w, https:\/\/www.design-award.cz\/wp-content\/uploads\/2022\/05\/IMG_9087x-800x1161.jpg 800w, https:\/\/www.design-award.cz\/wp-content\/uploads\/2022\/05\/IMG_9087x.jpg 827w\" data-sizes=\"(max-width: 706px) 100vw, 706px\" src=\"data:image\/svg+xml;base64,PHN2ZyB3aWR0aD0iMSIgaGVpZ2h0PSIxIiB4bWxucz0iaHR0cDovL3d3dy53My5vcmcvMjAwMC9zdmciPjwvc3ZnPg==\" style=\"--smush-placeholder-width: 706px; --smush-placeholder-aspect-ratio: 706\/1024;\" \/><\/figure>\n\n\n\n<figure class=\"wp-block-image size-large\"><img decoding=\"async\" width=\"683\" height=\"1024\" data-src=\"http:\/\/www.design-award.cz\/wp-content\/uploads\/2022\/05\/IMG_9183x-683x1024.jpg\" alt=\"\" class=\"wp-image-1576 lazyload\" data-srcset=\"https:\/\/www.design-award.cz\/wp-content\/uploads\/2022\/05\/IMG_9183x-683x1024.jpg 683w, https:\/\/www.design-award.cz\/wp-content\/uploads\/2022\/05\/IMG_9183x-200x300.jpg 200w, https:\/\/www.design-award.cz\/wp-content\/uploads\/2022\/05\/IMG_9183x-768x1152.jpg 768w, https:\/\/www.design-award.cz\/wp-content\/uploads\/2022\/05\/IMG_9183x-500x750.jpg 500w, https:\/\/www.design-award.cz\/wp-content\/uploads\/2022\/05\/IMG_9183x.jpg 800w\" data-sizes=\"(max-width: 683px) 100vw, 683px\" src=\"data:image\/svg+xml;base64,PHN2ZyB3aWR0aD0iMSIgaGVpZ2h0PSIxIiB4bWxucz0iaHR0cDovL3d3dy53My5vcmcvMjAwMC9zdmciPjwvc3ZnPg==\" style=\"--smush-placeholder-width: 683px; --smush-placeholder-aspect-ratio: 683\/1024;\" \/><\/figure>\n\n\n\n<figure class=\"wp-block-image size-large\"><img decoding=\"async\" width=\"683\" height=\"1024\" data-src=\"http:\/\/www.design-award.cz\/wp-content\/uploads\/2022\/05\/IMG_9150-x-683x1024.jpg\" alt=\"\" class=\"wp-image-1571 lazyload\" data-srcset=\"https:\/\/www.design-award.cz\/wp-content\/uploads\/2022\/05\/IMG_9150-x-683x1024.jpg 683w, https:\/\/www.design-award.cz\/wp-content\/uploads\/2022\/05\/IMG_9150-x-200x300.jpg 200w, https:\/\/www.design-award.cz\/wp-content\/uploads\/2022\/05\/IMG_9150-x-768x1152.jpg 768w, https:\/\/www.design-award.cz\/wp-content\/uploads\/2022\/05\/IMG_9150-x-500x750.jpg 500w, https:\/\/www.design-award.cz\/wp-content\/uploads\/2022\/05\/IMG_9150-x.jpg 800w\" data-sizes=\"(max-width: 683px) 100vw, 683px\" src=\"data:image\/svg+xml;base64,PHN2ZyB3aWR0aD0iMSIgaGVpZ2h0PSIxIiB4bWxucz0iaHR0cDovL3d3dy53My5vcmcvMjAwMC9zdmciPjwvc3ZnPg==\" style=\"--smush-placeholder-width: 683px; --smush-placeholder-aspect-ratio: 683\/1024;\" \/><\/figure>\n\n\n\n<figure class=\"wp-block-image size-large\"><img decoding=\"async\" width=\"1024\" height=\"694\" data-src=\"http:\/\/www.design-award.cz\/wp-content\/uploads\/2022\/05\/IMG_9175x-1024x694.jpg\" alt=\"\" class=\"wp-image-1574 lazyload\" data-srcset=\"https:\/\/www.design-award.cz\/wp-content\/uploads\/2022\/05\/IMG_9175x-1024x694.jpg 1024w, https:\/\/www.design-award.cz\/wp-content\/uploads\/2022\/05\/IMG_9175x-300x203.jpg 300w, https:\/\/www.design-award.cz\/wp-content\/uploads\/2022\/05\/IMG_9175x-768x520.jpg 768w, https:\/\/www.design-award.cz\/wp-content\/uploads\/2022\/05\/IMG_9175x-500x339.jpg 500w, https:\/\/www.design-award.cz\/wp-content\/uploads\/2022\/05\/IMG_9175x-800x542.jpg 800w, https:\/\/www.design-award.cz\/wp-content\/uploads\/2022\/05\/IMG_9175x.jpg 1200w\" data-sizes=\"(max-width: 1024px) 100vw, 1024px\" src=\"data:image\/svg+xml;base64,PHN2ZyB3aWR0aD0iMSIgaGVpZ2h0PSIxIiB4bWxucz0iaHR0cDovL3d3dy53My5vcmcvMjAwMC9zdmciPjwvc3ZnPg==\" style=\"--smush-placeholder-width: 1024px; --smush-placeholder-aspect-ratio: 1024\/694;\" \/><\/figure>\n\n\n\n<figure class=\"wp-block-image size-large\"><img decoding=\"async\" width=\"683\" height=\"1024\" data-src=\"http:\/\/www.design-award.cz\/wp-content\/uploads\/2022\/05\/IMG_9129x-683x1024.jpg\" alt=\"\" class=\"wp-image-1570 lazyload\" data-srcset=\"https:\/\/www.design-award.cz\/wp-content\/uploads\/2022\/05\/IMG_9129x-683x1024.jpg 683w, https:\/\/www.design-award.cz\/wp-content\/uploads\/2022\/05\/IMG_9129x-200x300.jpg 200w, https:\/\/www.design-award.cz\/wp-content\/uploads\/2022\/05\/IMG_9129x-768x1152.jpg 768w, https:\/\/www.design-award.cz\/wp-content\/uploads\/2022\/05\/IMG_9129x-500x750.jpg 500w, https:\/\/www.design-award.cz\/wp-content\/uploads\/2022\/05\/IMG_9129x.jpg 800w\" data-sizes=\"(max-width: 683px) 100vw, 683px\" src=\"data:image\/svg+xml;base64,PHN2ZyB3aWR0aD0iMSIgaGVpZ2h0PSIxIiB4bWxucz0iaHR0cDovL3d3dy53My5vcmcvMjAwMC9zdmciPjwvc3ZnPg==\" style=\"--smush-placeholder-width: 683px; --smush-placeholder-aspect-ratio: 683\/1024;\" \/><\/figure>\n\n\n\n<figure class=\"wp-block-image size-large\"><img decoding=\"async\" width=\"1024\" height=\"683\" data-src=\"http:\/\/www.design-award.cz\/wp-content\/uploads\/2022\/05\/DSC05846x-1024x683.jpg\" alt=\"\" class=\"wp-image-1564 lazyload\" data-srcset=\"https:\/\/www.design-award.cz\/wp-content\/uploads\/2022\/05\/DSC05846x-1024x683.jpg 1024w, https:\/\/www.design-award.cz\/wp-content\/uploads\/2022\/05\/DSC05846x-300x200.jpg 300w, https:\/\/www.design-award.cz\/wp-content\/uploads\/2022\/05\/DSC05846x-768x512.jpg 768w, https:\/\/www.design-award.cz\/wp-content\/uploads\/2022\/05\/DSC05846x-500x333.jpg 500w, https:\/\/www.design-award.cz\/wp-content\/uploads\/2022\/05\/DSC05846x-800x533.jpg 800w, https:\/\/www.design-award.cz\/wp-content\/uploads\/2022\/05\/DSC05846x.jpg 1200w\" data-sizes=\"(max-width: 1024px) 100vw, 1024px\" src=\"data:image\/svg+xml;base64,PHN2ZyB3aWR0aD0iMSIgaGVpZ2h0PSIxIiB4bWxucz0iaHR0cDovL3d3dy53My5vcmcvMjAwMC9zdmciPjwvc3ZnPg==\" style=\"--smush-placeholder-width: 1024px; --smush-placeholder-aspect-ratio: 1024\/683;\" \/><\/figure>\n\n\n\n<figure class=\"wp-block-image size-large\"><img decoding=\"async\" width=\"1024\" height=\"683\" data-src=\"http:\/\/www.design-award.cz\/wp-content\/uploads\/2022\/05\/DSC05820x-1024x683.jpg\" alt=\"\" class=\"wp-image-1563 lazyload\" data-srcset=\"https:\/\/www.design-award.cz\/wp-content\/uploads\/2022\/05\/DSC05820x-1024x683.jpg 1024w, https:\/\/www.design-award.cz\/wp-content\/uploads\/2022\/05\/DSC05820x-300x200.jpg 300w, https:\/\/www.design-award.cz\/wp-content\/uploads\/2022\/05\/DSC05820x-768x512.jpg 768w, https:\/\/www.design-award.cz\/wp-content\/uploads\/2022\/05\/DSC05820x-500x333.jpg 500w, https:\/\/www.design-award.cz\/wp-content\/uploads\/2022\/05\/DSC05820x-800x533.jpg 800w, https:\/\/www.design-award.cz\/wp-content\/uploads\/2022\/05\/DSC05820x.jpg 1200w\" data-sizes=\"(max-width: 1024px) 100vw, 1024px\" src=\"data:image\/svg+xml;base64,PHN2ZyB3aWR0aD0iMSIgaGVpZ2h0PSIxIiB4bWxucz0iaHR0cDovL3d3dy53My5vcmcvMjAwMC9zdmciPjwvc3ZnPg==\" style=\"--smush-placeholder-width: 1024px; --smush-placeholder-aspect-ratio: 1024\/683;\" \/><\/figure>\n\n\n\n<figure class=\"wp-block-image size-large\"><img decoding=\"async\" width=\"683\" height=\"1024\" data-src=\"http:\/\/www.design-award.cz\/wp-content\/uploads\/2022\/05\/IMG_8987x-683x1024.jpg\" alt=\"\" class=\"wp-image-1568 lazyload\" data-srcset=\"https:\/\/www.design-award.cz\/wp-content\/uploads\/2022\/05\/IMG_8987x-683x1024.jpg 683w, https:\/\/www.design-award.cz\/wp-content\/uploads\/2022\/05\/IMG_8987x-200x300.jpg 200w, https:\/\/www.design-award.cz\/wp-content\/uploads\/2022\/05\/IMG_8987x-768x1152.jpg 768w, https:\/\/www.design-award.cz\/wp-content\/uploads\/2022\/05\/IMG_8987x-500x750.jpg 500w, https:\/\/www.design-award.cz\/wp-content\/uploads\/2022\/05\/IMG_8987x.jpg 800w\" data-sizes=\"(max-width: 683px) 100vw, 683px\" src=\"data:image\/svg+xml;base64,PHN2ZyB3aWR0aD0iMSIgaGVpZ2h0PSIxIiB4bWxucz0iaHR0cDovL3d3dy53My5vcmcvMjAwMC9zdmciPjwvc3ZnPg==\" style=\"--smush-placeholder-width: 683px; --smush-placeholder-aspect-ratio: 683\/1024;\" \/><\/figure>\n\n\n\n<figure class=\"wp-block-image size-large\"><img decoding=\"async\" width=\"1024\" height=\"696\" data-src=\"http:\/\/www.design-award.cz\/wp-content\/uploads\/2022\/05\/IMG_9158x-1024x696.jpg\" alt=\"\" class=\"wp-image-1572 lazyload\" data-srcset=\"https:\/\/www.design-award.cz\/wp-content\/uploads\/2022\/05\/IMG_9158x-1024x696.jpg 1024w, https:\/\/www.design-award.cz\/wp-content\/uploads\/2022\/05\/IMG_9158x-300x204.jpg 300w, https:\/\/www.design-award.cz\/wp-content\/uploads\/2022\/05\/IMG_9158x-768x522.jpg 768w, https:\/\/www.design-award.cz\/wp-content\/uploads\/2022\/05\/IMG_9158x-500x340.jpg 500w, https:\/\/www.design-award.cz\/wp-content\/uploads\/2022\/05\/IMG_9158x-800x544.jpg 800w, https:\/\/www.design-award.cz\/wp-content\/uploads\/2022\/05\/IMG_9158x.jpg 1200w\" data-sizes=\"(max-width: 1024px) 100vw, 1024px\" src=\"data:image\/svg+xml;base64,PHN2ZyB3aWR0aD0iMSIgaGVpZ2h0PSIxIiB4bWxucz0iaHR0cDovL3d3dy53My5vcmcvMjAwMC9zdmciPjwvc3ZnPg==\" style=\"--smush-placeholder-width: 1024px; --smush-placeholder-aspect-ratio: 1024\/696;\" \/><\/figure>\n","protected":false},"excerpt":{"rendered":"<p>Tiskov\u00e1 zpr\u00e1va Dne 12. 5. 2022 na St\u0159edn\u00ed \u0161kole a Vy\u0161\u0161\u00ed odborn\u00e9 \u0161kole reklamn\u00ed a um\u011bleck\u00e9 tvorby Michael konal 1. ro\u010dn\u00edk DESIGN AWARD DAY ur\u010den\u00fd pro budouc\u00ed design\u00e9ry a architekty. Jeho sou\u010d\u00e1st\u00ed bylo tak\u00e9 vyhl\u00e1\u0161en\u00ed v\u00fdsledk\u016f sout\u011b\u017ee Design Award. Pro n\u00e1v\u0161t\u011bvn\u00edky byl p\u0159ipraven zaj\u00edmav\u00fd program. Od r\u00e1na prob\u00edhaly odborn\u00e9 p\u0159edn\u00e1\u0161ky v\u00fdznamn\u00fdch design\u00e9r\u016f a renomovan\u00fdch spole\u010dnost\u00ed. [&hellip;]<\/p>\n","protected":false},"author":1,"featured_media":1565,"parent":0,"menu_order":0,"comment_status":"closed","ping_status":"closed","template":"","meta":{"ngg_post_thumbnail":0,"ocean_post_layout":"","ocean_both_sidebars_style":"","ocean_both_sidebars_content_width":0,"ocean_both_sidebars_sidebars_width":0,"ocean_sidebar":"0","ocean_second_sidebar":"0","ocean_disable_margins":"enable","ocean_add_body_class":"","ocean_shortcode_before_top_bar":"","ocean_shortcode_after_top_bar":"","ocean_shortcode_before_header":"","ocean_shortcode_after_header":"","ocean_has_shortcode":"","ocean_shortcode_after_title":"","ocean_shortcode_before_footer_widgets":"","ocean_shortcode_after_footer_widgets":"","ocean_shortcode_before_footer_bottom":"","ocean_shortcode_after_footer_bottom":"","ocean_display_top_bar":"default","ocean_display_header":"default","ocean_header_style":"","ocean_center_header_left_menu":"0","ocean_custom_header_template":"0","ocean_custom_logo":0,"ocean_custom_retina_logo":0,"ocean_custom_logo_max_width":0,"ocean_custom_logo_tablet_max_width":0,"ocean_custom_logo_mobile_max_width":0,"ocean_custom_logo_max_height":0,"ocean_custom_logo_tablet_max_height":0,"ocean_custom_logo_mobile_max_height":0,"ocean_header_custom_menu":"0","ocean_menu_typo_font_family":"0","ocean_menu_typo_font_subset":"","ocean_menu_typo_font_size":0,"ocean_menu_typo_font_size_tablet":0,"ocean_menu_typo_font_size_mobile":0,"ocean_menu_typo_font_size_unit":"px","ocean_menu_typo_font_weight":"","ocean_menu_typo_font_weight_tablet":"","ocean_menu_typo_font_weight_mobile":"","ocean_menu_typo_transform":"","ocean_menu_typo_transform_tablet":"","ocean_menu_typo_transform_mobile":"","ocean_menu_typo_line_height":0,"ocean_menu_typo_line_height_tablet":0,"ocean_menu_typo_line_height_mobile":0,"ocean_menu_typo_line_height_unit":"","ocean_menu_typo_spacing":0,"ocean_menu_typo_spacing_tablet":0,"ocean_menu_typo_spacing_mobile":0,"ocean_menu_typo_spacing_unit":"","ocean_menu_link_color":"","ocean_menu_link_color_hover":"","ocean_menu_link_color_active":"","ocean_menu_link_background":"","ocean_menu_link_hover_background":"","ocean_menu_link_active_background":"","ocean_menu_social_links_bg":"","ocean_menu_social_hover_links_bg":"","ocean_menu_social_links_color":"","ocean_menu_social_hover_links_color":"","ocean_disable_title":"default","ocean_disable_heading":"default","ocean_post_title":"","ocean_post_subheading":"","ocean_post_title_style":"","ocean_post_title_background_color":"","ocean_post_title_background":0,"ocean_post_title_bg_image_position":"","ocean_post_title_bg_image_attachment":"","ocean_post_title_bg_image_repeat":"","ocean_post_title_bg_image_size":"","ocean_post_title_height":0,"ocean_post_title_bg_overlay":0.5,"ocean_post_title_bg_overlay_color":"","ocean_disable_breadcrumbs":"default","ocean_breadcrumbs_color":"","ocean_breadcrumbs_separator_color":"","ocean_breadcrumbs_links_color":"","ocean_breadcrumbs_links_hover_color":"","ocean_display_footer_widgets":"default","ocean_display_footer_bottom":"default","ocean_custom_footer_template":"0","_vp_format_video_url":"","_vp_image_focal_point":[],"footnotes":""},"class_list":["post-1554","page","type-page","status-publish","has-post-thumbnail","hentry","entry","has-media"],"yoast_head":"<!-- This site is optimized with the Yoast SEO plugin v25.2 - https:\/\/yoast.com\/wordpress\/plugins\/seo\/ -->\n<title>Design Day Award 2022 - design-award.cz<\/title>\n<meta name=\"robots\" content=\"index, follow, max-snippet:-1, max-image-preview:large, max-video-preview:-1\" \/>\n<link rel=\"canonical\" href=\"https:\/\/www.design-award.cz\/?page_id=1554\" \/>\n<meta property=\"og:locale\" content=\"cs_CZ\" \/>\n<meta property=\"og:type\" content=\"article\" \/>\n<meta property=\"og:title\" content=\"Design Day Award 2022 - design-award.cz\" \/>\n<meta property=\"og:description\" content=\"Tiskov\u00e1 zpr\u00e1va Dne 12. 5. 2022 na St\u0159edn\u00ed \u0161kole a Vy\u0161\u0161\u00ed odborn\u00e9 \u0161kole reklamn\u00ed a um\u011bleck\u00e9 tvorby Michael konal 1. ro\u010dn\u00edk DESIGN AWARD DAY ur\u010den\u00fd pro budouc\u00ed design\u00e9ry a architekty. Jeho sou\u010d\u00e1st\u00ed bylo tak\u00e9 vyhl\u00e1\u0161en\u00ed v\u00fdsledk\u016f sout\u011b\u017ee Design Award. Pro n\u00e1v\u0161t\u011bvn\u00edky byl p\u0159ipraven zaj\u00edmav\u00fd program. Od r\u00e1na prob\u00edhaly odborn\u00e9 p\u0159edn\u00e1\u0161ky v\u00fdznamn\u00fdch design\u00e9r\u016f a renomovan\u00fdch spole\u010dnost\u00ed. [&hellip;]\" \/>\n<meta property=\"og:url\" content=\"https:\/\/www.design-award.cz\/?page_id=1554\" \/>\n<meta property=\"og:site_name\" content=\"design-award.cz\" \/>\n<meta property=\"article:modified_time\" content=\"2022-05-17T19:46:45+00:00\" \/>\n<meta property=\"og:image\" content=\"http:\/\/www.design-award.cz\/wp-content\/uploads\/2022\/05\/DSC05947x.jpg\" \/>\n\t<meta property=\"og:image:width\" content=\"1200\" \/>\n\t<meta property=\"og:image:height\" content=\"799\" \/>\n\t<meta property=\"og:image:type\" content=\"image\/jpeg\" \/>\n<meta name=\"twitter:card\" content=\"summary_large_image\" \/>\n<meta name=\"twitter:label1\" content=\"Odhadovan\u00e1 doba \u010dten\u00ed\" \/>\n\t<meta name=\"twitter:data1\" content=\"6 minut\" \/>\n<script type=\"application\/ld+json\" class=\"yoast-schema-graph\">{\"@context\":\"https:\/\/schema.org\",\"@graph\":[{\"@type\":\"WebPage\",\"@id\":\"https:\/\/www.design-award.cz\/?page_id=1554\",\"url\":\"https:\/\/www.design-award.cz\/?page_id=1554\",\"name\":\"Design Day Award 2022 - design-award.cz\",\"isPartOf\":{\"@id\":\"https:\/\/www.design-award.cz\/#website\"},\"primaryImageOfPage\":{\"@id\":\"https:\/\/www.design-award.cz\/?page_id=1554#primaryimage\"},\"image\":{\"@id\":\"https:\/\/www.design-award.cz\/?page_id=1554#primaryimage\"},\"thumbnailUrl\":\"https:\/\/www.design-award.cz\/wp-content\/uploads\/2022\/05\/DSC05947x.jpg\",\"datePublished\":\"2022-05-17T19:19:50+00:00\",\"dateModified\":\"2022-05-17T19:46:45+00:00\",\"breadcrumb\":{\"@id\":\"https:\/\/www.design-award.cz\/?page_id=1554#breadcrumb\"},\"inLanguage\":\"cs\",\"potentialAction\":[{\"@type\":\"ReadAction\",\"target\":[\"https:\/\/www.design-award.cz\/?page_id=1554\"]}]},{\"@type\":\"ImageObject\",\"inLanguage\":\"cs\",\"@id\":\"https:\/\/www.design-award.cz\/?page_id=1554#primaryimage\",\"url\":\"https:\/\/www.design-award.cz\/wp-content\/uploads\/2022\/05\/DSC05947x.jpg\",\"contentUrl\":\"https:\/\/www.design-award.cz\/wp-content\/uploads\/2022\/05\/DSC05947x.jpg\",\"width\":1200,\"height\":799},{\"@type\":\"BreadcrumbList\",\"@id\":\"https:\/\/www.design-award.cz\/?page_id=1554#breadcrumb\",\"itemListElement\":[{\"@type\":\"ListItem\",\"position\":1,\"name\":\"Dom\u016f\",\"item\":\"https:\/\/www.design-award.cz\/\"},{\"@type\":\"ListItem\",\"position\":2,\"name\":\"Design Day Award 2022\"}]},{\"@type\":\"WebSite\",\"@id\":\"https:\/\/www.design-award.cz\/#website\",\"url\":\"https:\/\/www.design-award.cz\/\",\"name\":\"design-award.cz\",\"description\":\"WARD vznikla v roce 2022. Je ur\u010dena p\u0159edev\u0161\u00edm student\u016fm st\u0159edn\u00edch um\u011bleck\u00fdch \u0161kol (S\u0160 a VO\u0160), kte\u0159\u00ed mohou bezplatn\u011b zaslat sv\u00e9 n\u00e1vrhy v uveden\u00fdch kategori\u00ed a tak pom\u011b\u0159it sv\u00e9 n\u00e1pady s konkurenc\u00ed sv\u00fdch vrstevn\u00edk\u016f. N\u00e1vrhy jsou n\u00e1sledn\u011b posouzeny nez\u00e1vislou porotou z \u0159ad v\u00fdtvarn\u00edk\u016f, pedagog\u016f a profesion\u00e1l\u016f z oboru.\",\"publisher\":{\"@id\":\"https:\/\/www.design-award.cz\/#organization\"},\"potentialAction\":[{\"@type\":\"SearchAction\",\"target\":{\"@type\":\"EntryPoint\",\"urlTemplate\":\"https:\/\/www.design-award.cz\/?s={search_term_string}\"},\"query-input\":{\"@type\":\"PropertyValueSpecification\",\"valueRequired\":true,\"valueName\":\"search_term_string\"}}],\"inLanguage\":\"cs\"},{\"@type\":\"Organization\",\"@id\":\"https:\/\/www.design-award.cz\/#organization\",\"name\":\"Design Award\",\"url\":\"https:\/\/www.design-award.cz\/\",\"logo\":{\"@type\":\"ImageObject\",\"inLanguage\":\"cs\",\"@id\":\"https:\/\/www.design-award.cz\/#\/schema\/logo\/image\/\",\"url\":\"http:\/\/www.design-award.cz\/wp-content\/uploads\/2021\/12\/hornilogo_design-award.png\",\"contentUrl\":\"http:\/\/www.design-award.cz\/wp-content\/uploads\/2021\/12\/hornilogo_design-award.png\",\"width\":800,\"height\":600,\"caption\":\"Design Award\"},\"image\":{\"@id\":\"https:\/\/www.design-award.cz\/#\/schema\/logo\/image\/\"},\"sameAs\":[\"https:\/\/www.instagram.com\/design_award\/\"]}]}<\/script>\n<!-- \/ Yoast SEO plugin. -->","yoast_head_json":{"title":"Design Day Award 2022 - design-award.cz","robots":{"index":"index","follow":"follow","max-snippet":"max-snippet:-1","max-image-preview":"max-image-preview:large","max-video-preview":"max-video-preview:-1"},"canonical":"https:\/\/www.design-award.cz\/?page_id=1554","og_locale":"cs_CZ","og_type":"article","og_title":"Design Day Award 2022 - design-award.cz","og_description":"Tiskov\u00e1 zpr\u00e1va Dne 12. 5. 2022 na St\u0159edn\u00ed \u0161kole a Vy\u0161\u0161\u00ed odborn\u00e9 \u0161kole reklamn\u00ed a um\u011bleck\u00e9 tvorby Michael konal 1. ro\u010dn\u00edk DESIGN AWARD DAY ur\u010den\u00fd pro budouc\u00ed design\u00e9ry a architekty. Jeho sou\u010d\u00e1st\u00ed bylo tak\u00e9 vyhl\u00e1\u0161en\u00ed v\u00fdsledk\u016f sout\u011b\u017ee Design Award. Pro n\u00e1v\u0161t\u011bvn\u00edky byl p\u0159ipraven zaj\u00edmav\u00fd program. Od r\u00e1na prob\u00edhaly odborn\u00e9 p\u0159edn\u00e1\u0161ky v\u00fdznamn\u00fdch design\u00e9r\u016f a renomovan\u00fdch spole\u010dnost\u00ed. [&hellip;]","og_url":"https:\/\/www.design-award.cz\/?page_id=1554","og_site_name":"design-award.cz","article_modified_time":"2022-05-17T19:46:45+00:00","og_image":[{"width":1200,"height":799,"url":"http:\/\/www.design-award.cz\/wp-content\/uploads\/2022\/05\/DSC05947x.jpg","type":"image\/jpeg"}],"twitter_card":"summary_large_image","twitter_misc":{"Odhadovan\u00e1 doba \u010dten\u00ed":"6 minut"},"schema":{"@context":"https:\/\/schema.org","@graph":[{"@type":"WebPage","@id":"https:\/\/www.design-award.cz\/?page_id=1554","url":"https:\/\/www.design-award.cz\/?page_id=1554","name":"Design Day Award 2022 - design-award.cz","isPartOf":{"@id":"https:\/\/www.design-award.cz\/#website"},"primaryImageOfPage":{"@id":"https:\/\/www.design-award.cz\/?page_id=1554#primaryimage"},"image":{"@id":"https:\/\/www.design-award.cz\/?page_id=1554#primaryimage"},"thumbnailUrl":"https:\/\/www.design-award.cz\/wp-content\/uploads\/2022\/05\/DSC05947x.jpg","datePublished":"2022-05-17T19:19:50+00:00","dateModified":"2022-05-17T19:46:45+00:00","breadcrumb":{"@id":"https:\/\/www.design-award.cz\/?page_id=1554#breadcrumb"},"inLanguage":"cs","potentialAction":[{"@type":"ReadAction","target":["https:\/\/www.design-award.cz\/?page_id=1554"]}]},{"@type":"ImageObject","inLanguage":"cs","@id":"https:\/\/www.design-award.cz\/?page_id=1554#primaryimage","url":"https:\/\/www.design-award.cz\/wp-content\/uploads\/2022\/05\/DSC05947x.jpg","contentUrl":"https:\/\/www.design-award.cz\/wp-content\/uploads\/2022\/05\/DSC05947x.jpg","width":1200,"height":799},{"@type":"BreadcrumbList","@id":"https:\/\/www.design-award.cz\/?page_id=1554#breadcrumb","itemListElement":[{"@type":"ListItem","position":1,"name":"Dom\u016f","item":"https:\/\/www.design-award.cz\/"},{"@type":"ListItem","position":2,"name":"Design Day Award 2022"}]},{"@type":"WebSite","@id":"https:\/\/www.design-award.cz\/#website","url":"https:\/\/www.design-award.cz\/","name":"design-award.cz","description":"WARD vznikla v roce 2022. Je ur\u010dena p\u0159edev\u0161\u00edm student\u016fm st\u0159edn\u00edch um\u011bleck\u00fdch \u0161kol (S\u0160 a VO\u0160), kte\u0159\u00ed mohou bezplatn\u011b zaslat sv\u00e9 n\u00e1vrhy v uveden\u00fdch kategori\u00ed a tak pom\u011b\u0159it sv\u00e9 n\u00e1pady s konkurenc\u00ed sv\u00fdch vrstevn\u00edk\u016f. N\u00e1vrhy jsou n\u00e1sledn\u011b posouzeny nez\u00e1vislou porotou z \u0159ad v\u00fdtvarn\u00edk\u016f, pedagog\u016f a profesion\u00e1l\u016f z oboru.","publisher":{"@id":"https:\/\/www.design-award.cz\/#organization"},"potentialAction":[{"@type":"SearchAction","target":{"@type":"EntryPoint","urlTemplate":"https:\/\/www.design-award.cz\/?s={search_term_string}"},"query-input":{"@type":"PropertyValueSpecification","valueRequired":true,"valueName":"search_term_string"}}],"inLanguage":"cs"},{"@type":"Organization","@id":"https:\/\/www.design-award.cz\/#organization","name":"Design Award","url":"https:\/\/www.design-award.cz\/","logo":{"@type":"ImageObject","inLanguage":"cs","@id":"https:\/\/www.design-award.cz\/#\/schema\/logo\/image\/","url":"http:\/\/www.design-award.cz\/wp-content\/uploads\/2021\/12\/hornilogo_design-award.png","contentUrl":"http:\/\/www.design-award.cz\/wp-content\/uploads\/2021\/12\/hornilogo_design-award.png","width":800,"height":600,"caption":"Design Award"},"image":{"@id":"https:\/\/www.design-award.cz\/#\/schema\/logo\/image\/"},"sameAs":["https:\/\/www.instagram.com\/design_award\/"]}]}},"_links":{"self":[{"href":"https:\/\/www.design-award.cz\/index.php?rest_route=\/wp\/v2\/pages\/1554","targetHints":{"allow":["GET"]}}],"collection":[{"href":"https:\/\/www.design-award.cz\/index.php?rest_route=\/wp\/v2\/pages"}],"about":[{"href":"https:\/\/www.design-award.cz\/index.php?rest_route=\/wp\/v2\/types\/page"}],"author":[{"embeddable":true,"href":"https:\/\/www.design-award.cz\/index.php?rest_route=\/wp\/v2\/users\/1"}],"replies":[{"embeddable":true,"href":"https:\/\/www.design-award.cz\/index.php?rest_route=%2Fwp%2Fv2%2Fcomments&post=1554"}],"version-history":[{"count":4,"href":"https:\/\/www.design-award.cz\/index.php?rest_route=\/wp\/v2\/pages\/1554\/revisions"}],"predecessor-version":[{"id":1583,"href":"https:\/\/www.design-award.cz\/index.php?rest_route=\/wp\/v2\/pages\/1554\/revisions\/1583"}],"wp:featuredmedia":[{"embeddable":true,"href":"https:\/\/www.design-award.cz\/index.php?rest_route=\/wp\/v2\/media\/1565"}],"wp:attachment":[{"href":"https:\/\/www.design-award.cz\/index.php?rest_route=%2Fwp%2Fv2%2Fmedia&parent=1554"}],"curies":[{"name":"wp","href":"https:\/\/api.w.org\/{rel}","templated":true}]}}