{"id":4407,"date":"2024-09-05T11:16:16","date_gmt":"2024-09-05T11:16:16","guid":{"rendered":"https:\/\/www.design-award.cz\/?page_id=4407"},"modified":"2024-09-05T11:16:28","modified_gmt":"2024-09-05T11:16:28","slug":"design-day-award-2023","status":"publish","type":"page","link":"https:\/\/www.design-award.cz\/?page_id=4407","title":{"rendered":"DESIGN DAY AWARD 2023"},"content":{"rendered":"\n<figure class=\"wp-block-image size-large\"><img decoding=\"async\" width=\"1024\" height=\"618\" data-src=\"http:\/\/www.design-award.cz\/wp-content\/uploads\/2024\/09\/P_20230511_094540-1024x618.jpg\" alt=\"\" class=\"wp-image-4412 lazyload\" data-srcset=\"https:\/\/www.design-award.cz\/wp-content\/uploads\/2024\/09\/P_20230511_094540-1024x618.jpg 1024w, https:\/\/www.design-award.cz\/wp-content\/uploads\/2024\/09\/P_20230511_094540-300x181.jpg 300w, https:\/\/www.design-award.cz\/wp-content\/uploads\/2024\/09\/P_20230511_094540-768x463.jpg 768w, https:\/\/www.design-award.cz\/wp-content\/uploads\/2024\/09\/P_20230511_094540-1536x926.jpg 1536w, https:\/\/www.design-award.cz\/wp-content\/uploads\/2024\/09\/P_20230511_094540-2048x1235.jpg 2048w, https:\/\/www.design-award.cz\/wp-content\/uploads\/2024\/09\/P_20230511_094540-500x302.jpg 500w, https:\/\/www.design-award.cz\/wp-content\/uploads\/2024\/09\/P_20230511_094540-800x483.jpg 800w, https:\/\/www.design-award.cz\/wp-content\/uploads\/2024\/09\/P_20230511_094540-1280x772.jpg 1280w, https:\/\/www.design-award.cz\/wp-content\/uploads\/2024\/09\/P_20230511_094540-1920x1158.jpg 1920w\" data-sizes=\"(max-width: 1024px) 100vw, 1024px\" src=\"data:image\/svg+xml;base64,PHN2ZyB3aWR0aD0iMSIgaGVpZ2h0PSIxIiB4bWxucz0iaHR0cDovL3d3dy53My5vcmcvMjAwMC9zdmciPjwvc3ZnPg==\" style=\"--smush-placeholder-width: 1024px; --smush-placeholder-aspect-ratio: 1024\/618;\" \/><\/figure>\n\n\n\n<h2 class=\"wp-block-heading\">Dne 11. 5. 2023 se na St\u0159edn\u00ed \u0161kole a Vy\u0161\u0161\u00ed odborn\u00e9 \u0161kole reklamn\u00ed a um\u011bleck\u00e9 tvorby MICHAEL konal 2.\u00a0ro\u010dn\u00edk DESIGN AWARD DAY ur\u010den\u00fd pro budouc\u00ed design\u00e9ry a architekty. Jeho sou\u010d\u00e1st\u00ed bylo tak\u00e9 vyhl\u00e1\u0161en\u00ed v\u00fdsledk\u016f sout\u011b\u017ee DESIGN-AWARD. Pro n\u00e1v\u0161t\u011bvn\u00edky byl p\u0159ipraven zaj\u00edmav\u00fd program. Od r\u00e1na prob\u00edhaly odborn\u00e9 p\u0159edn\u00e1\u0161ky v\u00fdznamn\u00fdch design\u00e9r\u016f a renomovan\u00fdch spole\u010dnost\u00ed.<\/h2>\n\n\n\n<p>P\u0159edn\u00e1\u0161ka&nbsp;<strong>Jany Kot\u00e1skov\u00e9 z IKEA<\/strong>&nbsp;upoutala v\u0161echny n\u00e1v\u0161t\u011bvn\u00edky, kte\u0159\u00ed se mohli dozv\u011bd\u011bt informace o v\u00fdvoji a v\u00fdrob\u011b produkt\u016f, navrhov\u00e1n\u00ed nov\u00fdch prezenta\u010dn\u00edch prostor a o pr\u00e1ci IKEA design\u00e9r\u016f. Tento rok se v&nbsp;kategorii produktov\u00e9ho designu se\u0161lo mnoho kvalitn\u00edch n\u00e1vrh\u016f, proto se Ikea rozhodla ud\u011blit svou cenu za udr\u017eiteln\u00fd design. Tu vyhr\u00e1l <strong>Filip Svoboda<\/strong> \u2013 Hranice 3D tisku \/AKADEMIE \u2013 Vy\u0161\u0161\u00ed odborn\u00e1 \u0161kola, Gymn\u00e1zium a St\u0159edn\u00ed odborn\u00e1 \u0161kola um\u011bleckopr\u016fmyslov\u00e1 Sv\u011btl\u00e1 nad S\u00e1zavou\/.<\/p>\n\n\n\n<p>Jednu z&nbsp;dal\u0161\u00edch zaj\u00edmav\u00fdch p\u0159edn\u00e1\u0161ek p\u0159ipravil <strong>Hynek Med\u0159ick\u00fd<\/strong> z Artemide<strong>, zn\u00e1m\u00fd sv\u011btlono\u0161 a bojovn\u00edk za zdrav\u00e9 osv\u011btlen\u00ed<\/strong>. P\u0159edn\u00e1\u0161ka \u201eVliv sv\u011btla na \u017eiv\u00fd organismus\u201c byla tak pohlcuj\u00edc\u00ed, \u017ee p\u0159es\u00e1hla dvojn\u00e1sobn\u011b stanoven\u00fd limit. P\u0159edn\u00e1\u0161ka pak obsahovala jak fyzik\u00e1ln\u00ed \u00favod do sv\u011btla, tak i celkov\u00fd pojem negativn\u00edho vlivu no\u010dn\u00edho osv\u011btlen\u00ed na \u017eiv\u00e9 organismy.<\/p>\n\n\n\n<p>Dal\u0161\u00ed p\u0159edn\u00e1\u0161ej\u00edc\u00ed byla <strong>Eli\u0161ka Nov\u00e1k Knotkov\u00e1<\/strong> z Balance Is Motion. Jej\u00ed p\u0159edn\u00e1\u0161ka byla zam\u011b\u0159ena na cirkularn\u00ed design a jak co nejv\u00edc prodlou\u017eit \u017eivotnost produktov\u00e9ho designu. \u00da\u010dastn\u00edci p\u0159edn\u00e1\u0161ky se pak setkali i s pojmem &#8222;life cycle assessment&#8220; (LCA). Touto metodou se pak stanovuje z\u00e1t\u011b\u017e nov\u00e9ho produktu na \u017eivotn\u00ed prost\u0159ed\u00ed.&nbsp;<\/p>\n\n\n\n<p>Posledn\u00ed z p\u0159edn\u00e1\u0161ej\u00edc\u00edch byl <strong>Luk\u00e1\u0161 Pipek<\/strong>, \u0159editel Czech Design Week. Jeho p\u0159edn\u00e1\u0161ka sm\u011b\u0159ovala k&nbsp;mlad\u00fdm design\u00e9r\u016fm, jejich\u017e pr\u00e1ce se sna\u017e\u00ed prezentovat ka\u017ed\u00fdm rokem na design\u00e9rsk\u00e9 v\u00fdstav\u011b Czech Design Week. Hovo\u0159il o d\u016fle\u017eitosti um\u011bt prosadit nejen s\u00e1m sebe, ale um\u011bt p\u0159edev\u0161\u00edm prosadit sv\u016fj n\u00e1vrh.<\/p>\n\n\n\n<p>Odpoledne pat\u0159ilo designov\u00e9 sout\u011b\u017ei, kter\u00e1 je ur\u010dena student\u016fm st\u0159edn\u00edch a vy\u0161\u0161\u00edch odborn\u00fdch \u0161kol zam\u011b\u0159en\u00fdch na produktov\u00fd nebo interi\u00e9rov\u00fd design. Tato sout\u011b\u017e je v&nbsp;cel\u00e9 \u010cR ojedin\u011bl\u00e1, a tak\u00e9 proto se sout\u011b\u017ee p\u0159ihl\u00e1silo 98 \u00fa\u010dastn\u00edk\u016f ze 14 \u0161kol z cel\u00e9 \u010cR.<\/p>\n\n\n\n<p>N\u00e1v\u0161t\u011bvn\u00edci, p\u0159edev\u0161\u00edm studenti, b\u011bhem cel\u00e9ho designov\u00e9ho dne mohli diskutovat s&nbsp;odborn\u00edky, vym\u011b\u0148ovat si sv\u00e9 zku\u0161enosti nebo nasb\u00edrat zaj\u00edmav\u00e9 podn\u011bty a kontakty pro budouc\u00ed pr\u00e1ci design\u00e9r\u016f a architekt\u016f. V\u0161echny p\u0159ihl\u00e1\u0161en\u00e9 n\u00e1vrhy si m\u016f\u017eete prohl\u00e9dnout na <a href=\"http:\/\/www.design-award.cz\/\" target=\"_blank\" rel=\"noreferrer noopener\">www.design-award.cz<\/a>&nbsp;a&nbsp;na&nbsp;instagramu. <a href=\"http:\/\/www.instagram.com\/design_award\/\">www.instagram.com\/design_award\/<\/a><\/p>\n\n\n\n<p>Informace o \u0161kole Michael najdete na www.skolamichael.cz a <a href=\"http:\/\/www.akademiemichael.cz\">www.akademiemichael.cz<\/a>.<\/p>\n\n\n\n<p>V sout\u011b\u017ei byly hodnoceny 3 kategorie: <strong>Soukrom\u00fd interi\u00e9r<\/strong>, <strong>Ve\u0159ejn\u00fd interi\u00e9r<\/strong>&nbsp;a <strong>Produktov\u00fd design<\/strong>.<\/p>\n\n\n\n<p>Do <strong>sedmi\u010dlenn\u00e9 poroty<\/strong>&nbsp;zasedli: <strong>Luk\u00e1\u0161 Pipek<\/strong><strong> <\/strong>-\u0159editel Czech Design Week , sb\u011bratel a propag\u00e1tor designu, <strong>MgA. Eli\u0161ka Nov\u00e1k Knotkov\u00e1 <\/strong>-zakladatelka studia Balance is Motion zam\u011b\u0159en\u00e9ho na udr\u017eiteln\u00fd design, materi\u00e1lov\u00e1 poradkyn\u011b, <strong>MgA. Lenka Stejskalov\u00e1 Skoumalov\u00e1 <\/strong>&#8211; v\u00fdtvarnice a skl\u00e1\u0159ka, pedago\u017eka S\u0160 a&nbsp;VO\u0160 Michael a odborn\u00e1 asistentka na \u00daVT FA \u010cVUT, <strong>MgA. Andrea Vok\u0159\u00e1lov\u00e1 <\/strong>-interi\u00e9rov\u00e1 design\u00e9rka a&nbsp;skl\u00e1\u0159ka, vedouc\u00ed oboru Design interi\u00e9ru na S\u0160 a VO\u0160 Michael, zakladatelka Andys Design, <strong>MgA.&nbsp;Michael Fran\u010de <\/strong>&#8211; design\u00e9r a keramik, kter\u00fd navrhuje pod zna\u010dkou FRA-gile, vedouc\u00ed ateli\u00e9ru V\u00fdtvarn\u00e9 zpracov\u00e1n\u00ed keramiky a porcel\u00e1nu na Akademii ve Sv\u011btl\u00e9 nad S\u00e1zavou, <strong>Mgr. Art. Michaela O\u0161\u0165\u00e1dalov\u00e1 <\/strong>&#8211; interi\u00e9rov\u00e1 design\u00e9rka a grafi\u010dka, pedago\u017eka na S\u0160 a VO\u0160 Michael, a <strong>MgA. Petr Vykoukal <\/strong>&#8211; design\u00e9r, pedagog na S\u0160 a VO\u0160 Michael.<\/p>\n\n\n\n<p><strong>Zde jsou v\u00edt\u011bzov\u00e9:<\/strong><\/p>\n\n\n\n<p><strong>Soukrom\u00fd interi\u00e9r  <\/strong><\/p>\n\n\n\n<p><strong>1. m\u00edsto: Lucie Ku\u010derov\u00e1 <\/strong>\u2013 koupelna \/Michael S\u0160 a VO\u0160 reklamn\u00ed a um\u011bleck\u00e9 tvorby, Praha\/<\/p>\n\n\n\n<p><strong>2. m\u00edsto: Anastasia Adabashyan <\/strong>\u2013 Tiny House \u00a0\/Michael S\u0160 a VO\u0160 reklamn\u00ed a um\u011bleck\u00e9 tvorby, Praha\/<\/p>\n\n\n\n<p> <strong>3. m\u00edsto: Ema Alexandra Warren <\/strong>\u2013 Tiny House\/Michael S\u0160 a VO\u0160 reklamn\u00ed a um\u011bleck\u00e9 tvorby, Praha\/.<\/p>\n\n\n\n<p><strong>Ve\u0159ejn\u00fd interi\u00e9r<\/strong> <\/p>\n\n\n\n<p><strong>1. m\u00edsto: Nikola Bartalov\u00e1 <\/strong>\u2013 finsk\u00e1 sauna u jezera\/Vy\u0161\u0161\u00ed odborn\u00e1 \u0161kola a St\u0159edn\u00ed pr\u016fmyslov\u00e1 \u0161kola \u0160umperk\/<\/p>\n\n\n\n<p> <strong>2. m\u00edsto: Ad\u00e9la Slivkov\u00e1 <\/strong>\u2013 Thallasa \u2013 pl\u00e1\u017eov\u00fd domek\/St\u0159edn\u00ed \u0161kola um\u011bleckopr\u016fmyslov\u00e1 \u00dast\u00ed nad Orlic\u00ed\/<\/p>\n\n\n\n<p> <strong>3. m\u00edsto: Sv\u011btlana \u0160motkov\u00e1 <\/strong>\u2013 Dynamic Urban Furniture\/Vy\u0161\u0161\u00ed odborn\u00e1 \u0161kola a St\u0159edn\u00ed pr\u016fmyslov\u00e1 \u0161kola \u0160umperk\/<\/p>\n\n\n\n<p><strong>Produktov\u00fd design <\/strong><\/p>\n\n\n\n<p><strong>1. m\u00edsto: Aneta T\u016fmov\u00e1<\/strong> \u2013 Nobe \/St\u0159edn\u00ed \u0161kola designu interi\u00e9ru Kate\u0159inky \u2013 Liberec, s.r.o.\/<\/p>\n\n\n\n<p><strong>2. m\u00edsto: Jennifer Koudelkov\u00e1<\/strong> \u2013 Ice Cream v\u00e1za \/AKADEMIE \u2013 Vy\u0161\u0161\u00ed odborn\u00e1 \u0161kola, Gymn\u00e1zium a St\u0159edn\u00ed odborn\u00e1 \u0161kola um\u011bleckopr\u016fmyslov\u00e1 Sv\u011btl\u00e1 nad S\u00e1zavou\/<\/p>\n\n\n\n<p><strong>3. m\u00edsto: Krist\u00fdna S\u00ed\u010dov\u00e1<\/strong> \u2013 Climbing \/St\u0159edn\u00ed \u0161kola \u0159ezb\u00e1\u0159sk\u00e1 Tova\u010dov\/.<\/p>\n\n\n\n<p>V\u0161em v\u00edt\u011bz\u016fm blahop\u0159ejeme.<\/p>\n\n\n\n<figure class=\"wp-block-image size-large\"><img decoding=\"async\" width=\"1024\" height=\"708\" data-src=\"http:\/\/www.design-award.cz\/wp-content\/uploads\/2024\/09\/P_20230511_151305-1024x708.jpg\" alt=\"\" class=\"wp-image-4413 lazyload\" data-srcset=\"https:\/\/www.design-award.cz\/wp-content\/uploads\/2024\/09\/P_20230511_151305-1024x708.jpg 1024w, https:\/\/www.design-award.cz\/wp-content\/uploads\/2024\/09\/P_20230511_151305-300x207.jpg 300w, https:\/\/www.design-award.cz\/wp-content\/uploads\/2024\/09\/P_20230511_151305-768x531.jpg 768w, https:\/\/www.design-award.cz\/wp-content\/uploads\/2024\/09\/P_20230511_151305-1536x1062.jpg 1536w, https:\/\/www.design-award.cz\/wp-content\/uploads\/2024\/09\/P_20230511_151305-2048x1416.jpg 2048w, https:\/\/www.design-award.cz\/wp-content\/uploads\/2024\/09\/P_20230511_151305-500x346.jpg 500w, https:\/\/www.design-award.cz\/wp-content\/uploads\/2024\/09\/P_20230511_151305-800x553.jpg 800w, https:\/\/www.design-award.cz\/wp-content\/uploads\/2024\/09\/P_20230511_151305-1280x885.jpg 1280w, https:\/\/www.design-award.cz\/wp-content\/uploads\/2024\/09\/P_20230511_151305-1920x1328.jpg 1920w\" data-sizes=\"(max-width: 1024px) 100vw, 1024px\" src=\"data:image\/svg+xml;base64,PHN2ZyB3aWR0aD0iMSIgaGVpZ2h0PSIxIiB4bWxucz0iaHR0cDovL3d3dy53My5vcmcvMjAwMC9zdmciPjwvc3ZnPg==\" style=\"--smush-placeholder-width: 1024px; --smush-placeholder-aspect-ratio: 1024\/708;\" \/><figcaption class=\"wp-element-caption\">leto\u0161n\u00ed semifinalist\u00e9 a porota<\/figcaption><\/figure>\n\n\n\n<figure class=\"wp-block-image size-large\"><img decoding=\"async\" width=\"768\" height=\"1024\" data-src=\"http:\/\/www.design-award.cz\/wp-content\/uploads\/2024\/09\/IMG_6792-768x1024.jpg\" alt=\"\" class=\"wp-image-4418 lazyload\" data-srcset=\"https:\/\/www.design-award.cz\/wp-content\/uploads\/2024\/09\/IMG_6792-768x1024.jpg 768w, https:\/\/www.design-award.cz\/wp-content\/uploads\/2024\/09\/IMG_6792-225x300.jpg 225w, https:\/\/www.design-award.cz\/wp-content\/uploads\/2024\/09\/IMG_6792-1152x1536.jpg 1152w, https:\/\/www.design-award.cz\/wp-content\/uploads\/2024\/09\/IMG_6792-1536x2048.jpg 1536w, https:\/\/www.design-award.cz\/wp-content\/uploads\/2024\/09\/IMG_6792-500x667.jpg 500w, https:\/\/www.design-award.cz\/wp-content\/uploads\/2024\/09\/IMG_6792-800x1067.jpg 800w, https:\/\/www.design-award.cz\/wp-content\/uploads\/2024\/09\/IMG_6792-1280x1707.jpg 1280w, https:\/\/www.design-award.cz\/wp-content\/uploads\/2024\/09\/IMG_6792-scaled.jpg 1920w\" data-sizes=\"(max-width: 768px) 100vw, 768px\" src=\"data:image\/svg+xml;base64,PHN2ZyB3aWR0aD0iMSIgaGVpZ2h0PSIxIiB4bWxucz0iaHR0cDovL3d3dy53My5vcmcvMjAwMC9zdmciPjwvc3ZnPg==\" style=\"--smush-placeholder-width: 768px; --smush-placeholder-aspect-ratio: 768\/1024;\" \/><figcaption class=\"wp-element-caption\">byla ud\u011blena i cena IKEA  za udr\u017eiteln\u00fd design &#8211; student Filip Svoboda<\/figcaption><\/figure>\n\n\n\n<figure class=\"wp-block-image size-large\"><img decoding=\"async\" width=\"1024\" height=\"750\" data-src=\"http:\/\/www.design-award.cz\/wp-content\/uploads\/2024\/09\/P_20230511_095002-1024x750.jpg\" alt=\"\" class=\"wp-image-4411 lazyload\" data-srcset=\"https:\/\/www.design-award.cz\/wp-content\/uploads\/2024\/09\/P_20230511_095002-1024x750.jpg 1024w, https:\/\/www.design-award.cz\/wp-content\/uploads\/2024\/09\/P_20230511_095002-300x220.jpg 300w, https:\/\/www.design-award.cz\/wp-content\/uploads\/2024\/09\/P_20230511_095002-768x563.jpg 768w, https:\/\/www.design-award.cz\/wp-content\/uploads\/2024\/09\/P_20230511_095002-1536x1126.jpg 1536w, https:\/\/www.design-award.cz\/wp-content\/uploads\/2024\/09\/P_20230511_095002-2048x1501.jpg 2048w, https:\/\/www.design-award.cz\/wp-content\/uploads\/2024\/09\/P_20230511_095002-500x366.jpg 500w, https:\/\/www.design-award.cz\/wp-content\/uploads\/2024\/09\/P_20230511_095002-800x586.jpg 800w, https:\/\/www.design-award.cz\/wp-content\/uploads\/2024\/09\/P_20230511_095002-1280x938.jpg 1280w, https:\/\/www.design-award.cz\/wp-content\/uploads\/2024\/09\/P_20230511_095002-1920x1407.jpg 1920w\" data-sizes=\"(max-width: 1024px) 100vw, 1024px\" src=\"data:image\/svg+xml;base64,PHN2ZyB3aWR0aD0iMSIgaGVpZ2h0PSIxIiB4bWxucz0iaHR0cDovL3d3dy53My5vcmcvMjAwMC9zdmciPjwvc3ZnPg==\" style=\"--smush-placeholder-width: 1024px; --smush-placeholder-aspect-ratio: 1024\/750;\" \/><figcaption class=\"wp-element-caption\">p\u0159edn\u00e1\u0161ka od IKEA \u010cesko<\/figcaption><\/figure>\n\n\n\n<figure class=\"wp-block-image size-large\"><img decoding=\"async\" width=\"1024\" height=\"758\" data-src=\"http:\/\/www.design-award.cz\/wp-content\/uploads\/2024\/09\/P_20230511_134426-1024x758.jpg\" alt=\"\" class=\"wp-image-4410 lazyload\" data-srcset=\"https:\/\/www.design-award.cz\/wp-content\/uploads\/2024\/09\/P_20230511_134426-1024x758.jpg 1024w, https:\/\/www.design-award.cz\/wp-content\/uploads\/2024\/09\/P_20230511_134426-300x222.jpg 300w, https:\/\/www.design-award.cz\/wp-content\/uploads\/2024\/09\/P_20230511_134426-768x569.jpg 768w, https:\/\/www.design-award.cz\/wp-content\/uploads\/2024\/09\/P_20230511_134426-1536x1137.jpg 1536w, https:\/\/www.design-award.cz\/wp-content\/uploads\/2024\/09\/P_20230511_134426-2048x1516.jpg 2048w, https:\/\/www.design-award.cz\/wp-content\/uploads\/2024\/09\/P_20230511_134426-500x370.jpg 500w, https:\/\/www.design-award.cz\/wp-content\/uploads\/2024\/09\/P_20230511_134426-800x592.jpg 800w, https:\/\/www.design-award.cz\/wp-content\/uploads\/2024\/09\/P_20230511_134426-1280x948.jpg 1280w, https:\/\/www.design-award.cz\/wp-content\/uploads\/2024\/09\/P_20230511_134426-1920x1422.jpg 1920w\" data-sizes=\"(max-width: 1024px) 100vw, 1024px\" src=\"data:image\/svg+xml;base64,PHN2ZyB3aWR0aD0iMSIgaGVpZ2h0PSIxIiB4bWxucz0iaHR0cDovL3d3dy53My5vcmcvMjAwMC9zdmciPjwvc3ZnPg==\" style=\"--smush-placeholder-width: 1024px; --smush-placeholder-aspect-ratio: 1024\/758;\" \/><figcaption class=\"wp-element-caption\">P\u0159edn\u00e1\u0161ka od Balance is Motion o udr\u017eiteln\u00e9m designu<\/figcaption><\/figure>\n\n\n\n<figure class=\"wp-block-image size-large\"><img decoding=\"async\" width=\"1024\" height=\"768\" data-src=\"http:\/\/www.design-award.cz\/wp-content\/uploads\/2024\/09\/IMG_6802-1024x768.jpg\" alt=\"\" class=\"wp-image-4415 lazyload\" data-srcset=\"https:\/\/www.design-award.cz\/wp-content\/uploads\/2024\/09\/IMG_6802-1024x768.jpg 1024w, https:\/\/www.design-award.cz\/wp-content\/uploads\/2024\/09\/IMG_6802-300x225.jpg 300w, https:\/\/www.design-award.cz\/wp-content\/uploads\/2024\/09\/IMG_6802-768x576.jpg 768w, https:\/\/www.design-award.cz\/wp-content\/uploads\/2024\/09\/IMG_6802-1536x1152.jpg 1536w, https:\/\/www.design-award.cz\/wp-content\/uploads\/2024\/09\/IMG_6802-2048x1536.jpg 2048w, https:\/\/www.design-award.cz\/wp-content\/uploads\/2024\/09\/IMG_6802-500x375.jpg 500w, https:\/\/www.design-award.cz\/wp-content\/uploads\/2024\/09\/IMG_6802-800x600.jpg 800w, https:\/\/www.design-award.cz\/wp-content\/uploads\/2024\/09\/IMG_6802-1280x960.jpg 1280w, https:\/\/www.design-award.cz\/wp-content\/uploads\/2024\/09\/IMG_6802-1920x1440.jpg 1920w\" data-sizes=\"(max-width: 1024px) 100vw, 1024px\" src=\"data:image\/svg+xml;base64,PHN2ZyB3aWR0aD0iMSIgaGVpZ2h0PSIxIiB4bWxucz0iaHR0cDovL3d3dy53My5vcmcvMjAwMC9zdmciPjwvc3ZnPg==\" style=\"--smush-placeholder-width: 1024px; --smush-placeholder-aspect-ratio: 1024\/768;\" \/><figcaption class=\"wp-element-caption\">Hynek Med\u0159ick\u00fd a vliv sv\u011btla na \u017eiv\u00e9 organismy<\/figcaption><\/figure>\n\n\n\n<figure class=\"wp-block-image size-large\"><img decoding=\"async\" width=\"1024\" height=\"768\" data-src=\"http:\/\/www.design-award.cz\/wp-content\/uploads\/2024\/09\/IMG_6863-1024x768.jpg\" alt=\"\" class=\"wp-image-4417 lazyload\" data-srcset=\"https:\/\/www.design-award.cz\/wp-content\/uploads\/2024\/09\/IMG_6863-1024x768.jpg 1024w, https:\/\/www.design-award.cz\/wp-content\/uploads\/2024\/09\/IMG_6863-300x225.jpg 300w, https:\/\/www.design-award.cz\/wp-content\/uploads\/2024\/09\/IMG_6863-768x576.jpg 768w, https:\/\/www.design-award.cz\/wp-content\/uploads\/2024\/09\/IMG_6863-1536x1152.jpg 1536w, https:\/\/www.design-award.cz\/wp-content\/uploads\/2024\/09\/IMG_6863-2048x1536.jpg 2048w, https:\/\/www.design-award.cz\/wp-content\/uploads\/2024\/09\/IMG_6863-500x375.jpg 500w, https:\/\/www.design-award.cz\/wp-content\/uploads\/2024\/09\/IMG_6863-800x600.jpg 800w, https:\/\/www.design-award.cz\/wp-content\/uploads\/2024\/09\/IMG_6863-1280x960.jpg 1280w, https:\/\/www.design-award.cz\/wp-content\/uploads\/2024\/09\/IMG_6863-1920x1440.jpg 1920w\" data-sizes=\"(max-width: 1024px) 100vw, 1024px\" src=\"data:image\/svg+xml;base64,PHN2ZyB3aWR0aD0iMSIgaGVpZ2h0PSIxIiB4bWxucz0iaHR0cDovL3d3dy53My5vcmcvMjAwMC9zdmciPjwvc3ZnPg==\" style=\"--smush-placeholder-width: 1024px; --smush-placeholder-aspect-ratio: 1024\/768;\" \/><figcaption class=\"wp-element-caption\">Luk\u00e1\u0161 Pipek &#8211; \u0159editel Czech Design Week, aneb co obn\u00e1\u0161\u00ed obst\u00e1t v designov\u00e9 konkurenci<\/figcaption><\/figure>\n\n\n\n<figure class=\"wp-block-image size-large is-resized\"><img decoding=\"async\" width=\"768\" height=\"1024\" data-src=\"http:\/\/www.design-award.cz\/wp-content\/uploads\/2024\/09\/P_20230511_151059-768x1024.jpg\" alt=\"\" class=\"wp-image-4409 lazyload\" style=\"--smush-placeholder-width: 768px; --smush-placeholder-aspect-ratio: 768\/1024;width:840px;height:auto\" data-srcset=\"https:\/\/www.design-award.cz\/wp-content\/uploads\/2024\/09\/P_20230511_151059-768x1024.jpg 768w, https:\/\/www.design-award.cz\/wp-content\/uploads\/2024\/09\/P_20230511_151059-225x300.jpg 225w, https:\/\/www.design-award.cz\/wp-content\/uploads\/2024\/09\/P_20230511_151059-1152x1536.jpg 1152w, https:\/\/www.design-award.cz\/wp-content\/uploads\/2024\/09\/P_20230511_151059-1536x2048.jpg 1536w, https:\/\/www.design-award.cz\/wp-content\/uploads\/2024\/09\/P_20230511_151059-500x667.jpg 500w, https:\/\/www.design-award.cz\/wp-content\/uploads\/2024\/09\/P_20230511_151059-800x1067.jpg 800w, https:\/\/www.design-award.cz\/wp-content\/uploads\/2024\/09\/P_20230511_151059-1280x1707.jpg 1280w, https:\/\/www.design-award.cz\/wp-content\/uploads\/2024\/09\/P_20230511_151059-scaled.jpg 1920w\" data-sizes=\"(max-width: 768px) 100vw, 768px\" src=\"data:image\/svg+xml;base64,PHN2ZyB3aWR0aD0iMSIgaGVpZ2h0PSIxIiB4bWxucz0iaHR0cDovL3d3dy53My5vcmcvMjAwMC9zdmciPjwvc3ZnPg==\" \/><figcaption class=\"wp-element-caption\">Slavnostn\u00ed p\u0159ed\u00e1v\u00e1n\u00ed cen<\/figcaption><\/figure>\n\n\n\n<figure class=\"wp-block-image size-large\"><img decoding=\"async\" width=\"768\" height=\"1024\" data-src=\"http:\/\/www.design-award.cz\/wp-content\/uploads\/2024\/09\/P_20230511_150911-768x1024.jpg\" alt=\"\" class=\"wp-image-4408 lazyload\" data-srcset=\"https:\/\/www.design-award.cz\/wp-content\/uploads\/2024\/09\/P_20230511_150911-768x1024.jpg 768w, https:\/\/www.design-award.cz\/wp-content\/uploads\/2024\/09\/P_20230511_150911-225x300.jpg 225w, https:\/\/www.design-award.cz\/wp-content\/uploads\/2024\/09\/P_20230511_150911-1152x1536.jpg 1152w, https:\/\/www.design-award.cz\/wp-content\/uploads\/2024\/09\/P_20230511_150911-1536x2048.jpg 1536w, https:\/\/www.design-award.cz\/wp-content\/uploads\/2024\/09\/P_20230511_150911-500x667.jpg 500w, https:\/\/www.design-award.cz\/wp-content\/uploads\/2024\/09\/P_20230511_150911-800x1067.jpg 800w, https:\/\/www.design-award.cz\/wp-content\/uploads\/2024\/09\/P_20230511_150911-1280x1707.jpg 1280w, https:\/\/www.design-award.cz\/wp-content\/uploads\/2024\/09\/P_20230511_150911-scaled.jpg 1920w\" data-sizes=\"(max-width: 768px) 100vw, 768px\" src=\"data:image\/svg+xml;base64,PHN2ZyB3aWR0aD0iMSIgaGVpZ2h0PSIxIiB4bWxucz0iaHR0cDovL3d3dy53My5vcmcvMjAwMC9zdmciPjwvc3ZnPg==\" style=\"--smush-placeholder-width: 768px; --smush-placeholder-aspect-ratio: 768\/1024;\" \/><\/figure>\n\n\n","protected":false},"excerpt":{"rendered":"<p>Dne 11. 5. 2023 se na St\u0159edn\u00ed \u0161kole a Vy\u0161\u0161\u00ed odborn\u00e9 \u0161kole reklamn\u00ed a um\u011bleck\u00e9 tvorby MICHAEL konal 2.\u00a0ro\u010dn\u00edk DESIGN AWARD DAY ur\u010den\u00fd pro budouc\u00ed design\u00e9ry a architekty. Jeho sou\u010d\u00e1st\u00ed bylo tak\u00e9 vyhl\u00e1\u0161en\u00ed v\u00fdsledk\u016f sout\u011b\u017ee DESIGN-AWARD. Pro n\u00e1v\u0161t\u011bvn\u00edky byl p\u0159ipraven zaj\u00edmav\u00fd program. Od r\u00e1na prob\u00edhaly odborn\u00e9 p\u0159edn\u00e1\u0161ky v\u00fdznamn\u00fdch design\u00e9r\u016f a renomovan\u00fdch spole\u010dnost\u00ed. P\u0159edn\u00e1\u0161ka&nbsp;Jany Kot\u00e1skov\u00e9 z [&hellip;]<\/p>\n","protected":false},"author":2,"featured_media":0,"parent":0,"menu_order":0,"comment_status":"closed","ping_status":"closed","template":"","meta":{"ngg_post_thumbnail":0,"ocean_post_layout":"","ocean_both_sidebars_style":"","ocean_both_sidebars_content_width":0,"ocean_both_sidebars_sidebars_width":0,"ocean_sidebar":"","ocean_second_sidebar":"","ocean_disable_margins":"enable","ocean_add_body_class":"","ocean_shortcode_before_top_bar":"","ocean_shortcode_after_top_bar":"","ocean_shortcode_before_header":"","ocean_shortcode_after_header":"","ocean_has_shortcode":"","ocean_shortcode_after_title":"","ocean_shortcode_before_footer_widgets":"","ocean_shortcode_after_footer_widgets":"","ocean_shortcode_before_footer_bottom":"","ocean_shortcode_after_footer_bottom":"","ocean_display_top_bar":"default","ocean_display_header":"default","ocean_header_style":"","ocean_center_header_left_menu":"","ocean_custom_header_template":"","ocean_custom_logo":0,"ocean_custom_retina_logo":0,"ocean_custom_logo_max_width":0,"ocean_custom_logo_tablet_max_width":0,"ocean_custom_logo_mobile_max_width":0,"ocean_custom_logo_max_height":0,"ocean_custom_logo_tablet_max_height":0,"ocean_custom_logo_mobile_max_height":0,"ocean_header_custom_menu":"","ocean_menu_typo_font_family":"","ocean_menu_typo_font_subset":"","ocean_menu_typo_font_size":0,"ocean_menu_typo_font_size_tablet":0,"ocean_menu_typo_font_size_mobile":0,"ocean_menu_typo_font_size_unit":"px","ocean_menu_typo_font_weight":"","ocean_menu_typo_font_weight_tablet":"","ocean_menu_typo_font_weight_mobile":"","ocean_menu_typo_transform":"","ocean_menu_typo_transform_tablet":"","ocean_menu_typo_transform_mobile":"","ocean_menu_typo_line_height":0,"ocean_menu_typo_line_height_tablet":0,"ocean_menu_typo_line_height_mobile":0,"ocean_menu_typo_line_height_unit":"","ocean_menu_typo_spacing":0,"ocean_menu_typo_spacing_tablet":0,"ocean_menu_typo_spacing_mobile":0,"ocean_menu_typo_spacing_unit":"","ocean_menu_link_color":"","ocean_menu_link_color_hover":"","ocean_menu_link_color_active":"","ocean_menu_link_background":"","ocean_menu_link_hover_background":"","ocean_menu_link_active_background":"","ocean_menu_social_links_bg":"","ocean_menu_social_hover_links_bg":"","ocean_menu_social_links_color":"","ocean_menu_social_hover_links_color":"","ocean_disable_title":"default","ocean_disable_heading":"default","ocean_post_title":"","ocean_post_subheading":"","ocean_post_title_style":"","ocean_post_title_background_color":"","ocean_post_title_background":0,"ocean_post_title_bg_image_position":"","ocean_post_title_bg_image_attachment":"","ocean_post_title_bg_image_repeat":"","ocean_post_title_bg_image_size":"","ocean_post_title_height":0,"ocean_post_title_bg_overlay":0.5,"ocean_post_title_bg_overlay_color":"","ocean_disable_breadcrumbs":"default","ocean_breadcrumbs_color":"","ocean_breadcrumbs_separator_color":"","ocean_breadcrumbs_links_color":"","ocean_breadcrumbs_links_hover_color":"","ocean_display_footer_widgets":"default","ocean_display_footer_bottom":"default","ocean_custom_footer_template":"","_vp_format_video_url":"","_vp_image_focal_point":[],"footnotes":""},"class_list":["post-4407","page","type-page","status-publish","hentry","entry"],"yoast_head":"<!-- This site is optimized with the Yoast SEO plugin v25.2 - https:\/\/yoast.com\/wordpress\/plugins\/seo\/ -->\n<title>DESIGN DAY AWARD 2023 - design-award.cz<\/title>\n<meta name=\"robots\" content=\"index, follow, max-snippet:-1, max-image-preview:large, max-video-preview:-1\" \/>\n<link rel=\"canonical\" href=\"https:\/\/www.design-award.cz\/?page_id=4407\" \/>\n<meta property=\"og:locale\" content=\"cs_CZ\" \/>\n<meta property=\"og:type\" content=\"article\" \/>\n<meta property=\"og:title\" content=\"DESIGN DAY AWARD 2023 - design-award.cz\" \/>\n<meta property=\"og:description\" content=\"Dne 11. 5. 2023 se na St\u0159edn\u00ed \u0161kole a Vy\u0161\u0161\u00ed odborn\u00e9 \u0161kole reklamn\u00ed a um\u011bleck\u00e9 tvorby MICHAEL konal 2.\u00a0ro\u010dn\u00edk DESIGN AWARD DAY ur\u010den\u00fd pro budouc\u00ed design\u00e9ry a architekty. Jeho sou\u010d\u00e1st\u00ed bylo tak\u00e9 vyhl\u00e1\u0161en\u00ed v\u00fdsledk\u016f sout\u011b\u017ee DESIGN-AWARD. Pro n\u00e1v\u0161t\u011bvn\u00edky byl p\u0159ipraven zaj\u00edmav\u00fd program. Od r\u00e1na prob\u00edhaly odborn\u00e9 p\u0159edn\u00e1\u0161ky v\u00fdznamn\u00fdch design\u00e9r\u016f a renomovan\u00fdch spole\u010dnost\u00ed. P\u0159edn\u00e1\u0161ka&nbsp;Jany Kot\u00e1skov\u00e9 z [&hellip;]\" \/>\n<meta property=\"og:url\" content=\"https:\/\/www.design-award.cz\/?page_id=4407\" \/>\n<meta property=\"og:site_name\" content=\"design-award.cz\" \/>\n<meta property=\"article:modified_time\" content=\"2024-09-05T11:16:28+00:00\" \/>\n<meta property=\"og:image\" content=\"http:\/\/www.design-award.cz\/wp-content\/uploads\/2024\/09\/P_20230511_094540-1024x618.jpg\" \/>\n<meta name=\"twitter:card\" content=\"summary_large_image\" \/>\n<meta name=\"twitter:label1\" content=\"Odhadovan\u00e1 doba \u010dten\u00ed\" \/>\n\t<meta name=\"twitter:data1\" content=\"6 minut\" \/>\n<script type=\"application\/ld+json\" class=\"yoast-schema-graph\">{\"@context\":\"https:\/\/schema.org\",\"@graph\":[{\"@type\":\"WebPage\",\"@id\":\"https:\/\/www.design-award.cz\/?page_id=4407\",\"url\":\"https:\/\/www.design-award.cz\/?page_id=4407\",\"name\":\"DESIGN DAY AWARD 2023 - design-award.cz\",\"isPartOf\":{\"@id\":\"https:\/\/www.design-award.cz\/#website\"},\"primaryImageOfPage\":{\"@id\":\"https:\/\/www.design-award.cz\/?page_id=4407#primaryimage\"},\"image\":{\"@id\":\"https:\/\/www.design-award.cz\/?page_id=4407#primaryimage\"},\"thumbnailUrl\":\"http:\/\/www.design-award.cz\/wp-content\/uploads\/2024\/09\/P_20230511_094540-1024x618.jpg\",\"datePublished\":\"2024-09-05T11:16:16+00:00\",\"dateModified\":\"2024-09-05T11:16:28+00:00\",\"breadcrumb\":{\"@id\":\"https:\/\/www.design-award.cz\/?page_id=4407#breadcrumb\"},\"inLanguage\":\"cs\",\"potentialAction\":[{\"@type\":\"ReadAction\",\"target\":[\"https:\/\/www.design-award.cz\/?page_id=4407\"]}]},{\"@type\":\"ImageObject\",\"inLanguage\":\"cs\",\"@id\":\"https:\/\/www.design-award.cz\/?page_id=4407#primaryimage\",\"url\":\"https:\/\/www.design-award.cz\/wp-content\/uploads\/2024\/09\/P_20230511_094540-scaled.jpg\",\"contentUrl\":\"https:\/\/www.design-award.cz\/wp-content\/uploads\/2024\/09\/P_20230511_094540-scaled.jpg\",\"width\":2560,\"height\":1544},{\"@type\":\"BreadcrumbList\",\"@id\":\"https:\/\/www.design-award.cz\/?page_id=4407#breadcrumb\",\"itemListElement\":[{\"@type\":\"ListItem\",\"position\":1,\"name\":\"Dom\u016f\",\"item\":\"https:\/\/www.design-award.cz\/\"},{\"@type\":\"ListItem\",\"position\":2,\"name\":\"DESIGN DAY AWARD 2023\"}]},{\"@type\":\"WebSite\",\"@id\":\"https:\/\/www.design-award.cz\/#website\",\"url\":\"https:\/\/www.design-award.cz\/\",\"name\":\"design-award.cz\",\"description\":\"WARD vznikla v roce 2022. Je ur\u010dena p\u0159edev\u0161\u00edm student\u016fm st\u0159edn\u00edch um\u011bleck\u00fdch \u0161kol (S\u0160 a VO\u0160), kte\u0159\u00ed mohou bezplatn\u011b zaslat sv\u00e9 n\u00e1vrhy v uveden\u00fdch kategori\u00ed a tak pom\u011b\u0159it sv\u00e9 n\u00e1pady s konkurenc\u00ed sv\u00fdch vrstevn\u00edk\u016f. N\u00e1vrhy jsou n\u00e1sledn\u011b posouzeny nez\u00e1vislou porotou z \u0159ad v\u00fdtvarn\u00edk\u016f, pedagog\u016f a profesion\u00e1l\u016f z oboru.\",\"publisher\":{\"@id\":\"https:\/\/www.design-award.cz\/#organization\"},\"potentialAction\":[{\"@type\":\"SearchAction\",\"target\":{\"@type\":\"EntryPoint\",\"urlTemplate\":\"https:\/\/www.design-award.cz\/?s={search_term_string}\"},\"query-input\":{\"@type\":\"PropertyValueSpecification\",\"valueRequired\":true,\"valueName\":\"search_term_string\"}}],\"inLanguage\":\"cs\"},{\"@type\":\"Organization\",\"@id\":\"https:\/\/www.design-award.cz\/#organization\",\"name\":\"Design Award\",\"url\":\"https:\/\/www.design-award.cz\/\",\"logo\":{\"@type\":\"ImageObject\",\"inLanguage\":\"cs\",\"@id\":\"https:\/\/www.design-award.cz\/#\/schema\/logo\/image\/\",\"url\":\"http:\/\/www.design-award.cz\/wp-content\/uploads\/2021\/12\/hornilogo_design-award.png\",\"contentUrl\":\"http:\/\/www.design-award.cz\/wp-content\/uploads\/2021\/12\/hornilogo_design-award.png\",\"width\":800,\"height\":600,\"caption\":\"Design Award\"},\"image\":{\"@id\":\"https:\/\/www.design-award.cz\/#\/schema\/logo\/image\/\"},\"sameAs\":[\"https:\/\/www.instagram.com\/design_award\/\"]}]}<\/script>\n<!-- \/ Yoast SEO plugin. -->","yoast_head_json":{"title":"DESIGN DAY AWARD 2023 - design-award.cz","robots":{"index":"index","follow":"follow","max-snippet":"max-snippet:-1","max-image-preview":"max-image-preview:large","max-video-preview":"max-video-preview:-1"},"canonical":"https:\/\/www.design-award.cz\/?page_id=4407","og_locale":"cs_CZ","og_type":"article","og_title":"DESIGN DAY AWARD 2023 - design-award.cz","og_description":"Dne 11. 5. 2023 se na St\u0159edn\u00ed \u0161kole a Vy\u0161\u0161\u00ed odborn\u00e9 \u0161kole reklamn\u00ed a um\u011bleck\u00e9 tvorby MICHAEL konal 2.\u00a0ro\u010dn\u00edk DESIGN AWARD DAY ur\u010den\u00fd pro budouc\u00ed design\u00e9ry a architekty. Jeho sou\u010d\u00e1st\u00ed bylo tak\u00e9 vyhl\u00e1\u0161en\u00ed v\u00fdsledk\u016f sout\u011b\u017ee DESIGN-AWARD. Pro n\u00e1v\u0161t\u011bvn\u00edky byl p\u0159ipraven zaj\u00edmav\u00fd program. Od r\u00e1na prob\u00edhaly odborn\u00e9 p\u0159edn\u00e1\u0161ky v\u00fdznamn\u00fdch design\u00e9r\u016f a renomovan\u00fdch spole\u010dnost\u00ed. P\u0159edn\u00e1\u0161ka&nbsp;Jany Kot\u00e1skov\u00e9 z [&hellip;]","og_url":"https:\/\/www.design-award.cz\/?page_id=4407","og_site_name":"design-award.cz","article_modified_time":"2024-09-05T11:16:28+00:00","og_image":[{"url":"http:\/\/www.design-award.cz\/wp-content\/uploads\/2024\/09\/P_20230511_094540-1024x618.jpg","type":"","width":"","height":""}],"twitter_card":"summary_large_image","twitter_misc":{"Odhadovan\u00e1 doba \u010dten\u00ed":"6 minut"},"schema":{"@context":"https:\/\/schema.org","@graph":[{"@type":"WebPage","@id":"https:\/\/www.design-award.cz\/?page_id=4407","url":"https:\/\/www.design-award.cz\/?page_id=4407","name":"DESIGN DAY AWARD 2023 - design-award.cz","isPartOf":{"@id":"https:\/\/www.design-award.cz\/#website"},"primaryImageOfPage":{"@id":"https:\/\/www.design-award.cz\/?page_id=4407#primaryimage"},"image":{"@id":"https:\/\/www.design-award.cz\/?page_id=4407#primaryimage"},"thumbnailUrl":"http:\/\/www.design-award.cz\/wp-content\/uploads\/2024\/09\/P_20230511_094540-1024x618.jpg","datePublished":"2024-09-05T11:16:16+00:00","dateModified":"2024-09-05T11:16:28+00:00","breadcrumb":{"@id":"https:\/\/www.design-award.cz\/?page_id=4407#breadcrumb"},"inLanguage":"cs","potentialAction":[{"@type":"ReadAction","target":["https:\/\/www.design-award.cz\/?page_id=4407"]}]},{"@type":"ImageObject","inLanguage":"cs","@id":"https:\/\/www.design-award.cz\/?page_id=4407#primaryimage","url":"https:\/\/www.design-award.cz\/wp-content\/uploads\/2024\/09\/P_20230511_094540-scaled.jpg","contentUrl":"https:\/\/www.design-award.cz\/wp-content\/uploads\/2024\/09\/P_20230511_094540-scaled.jpg","width":2560,"height":1544},{"@type":"BreadcrumbList","@id":"https:\/\/www.design-award.cz\/?page_id=4407#breadcrumb","itemListElement":[{"@type":"ListItem","position":1,"name":"Dom\u016f","item":"https:\/\/www.design-award.cz\/"},{"@type":"ListItem","position":2,"name":"DESIGN DAY AWARD 2023"}]},{"@type":"WebSite","@id":"https:\/\/www.design-award.cz\/#website","url":"https:\/\/www.design-award.cz\/","name":"design-award.cz","description":"WARD vznikla v roce 2022. Je ur\u010dena p\u0159edev\u0161\u00edm student\u016fm st\u0159edn\u00edch um\u011bleck\u00fdch \u0161kol (S\u0160 a VO\u0160), kte\u0159\u00ed mohou bezplatn\u011b zaslat sv\u00e9 n\u00e1vrhy v uveden\u00fdch kategori\u00ed a tak pom\u011b\u0159it sv\u00e9 n\u00e1pady s konkurenc\u00ed sv\u00fdch vrstevn\u00edk\u016f. N\u00e1vrhy jsou n\u00e1sledn\u011b posouzeny nez\u00e1vislou porotou z \u0159ad v\u00fdtvarn\u00edk\u016f, pedagog\u016f a profesion\u00e1l\u016f z oboru.","publisher":{"@id":"https:\/\/www.design-award.cz\/#organization"},"potentialAction":[{"@type":"SearchAction","target":{"@type":"EntryPoint","urlTemplate":"https:\/\/www.design-award.cz\/?s={search_term_string}"},"query-input":{"@type":"PropertyValueSpecification","valueRequired":true,"valueName":"search_term_string"}}],"inLanguage":"cs"},{"@type":"Organization","@id":"https:\/\/www.design-award.cz\/#organization","name":"Design Award","url":"https:\/\/www.design-award.cz\/","logo":{"@type":"ImageObject","inLanguage":"cs","@id":"https:\/\/www.design-award.cz\/#\/schema\/logo\/image\/","url":"http:\/\/www.design-award.cz\/wp-content\/uploads\/2021\/12\/hornilogo_design-award.png","contentUrl":"http:\/\/www.design-award.cz\/wp-content\/uploads\/2021\/12\/hornilogo_design-award.png","width":800,"height":600,"caption":"Design Award"},"image":{"@id":"https:\/\/www.design-award.cz\/#\/schema\/logo\/image\/"},"sameAs":["https:\/\/www.instagram.com\/design_award\/"]}]}},"_links":{"self":[{"href":"https:\/\/www.design-award.cz\/index.php?rest_route=\/wp\/v2\/pages\/4407","targetHints":{"allow":["GET"]}}],"collection":[{"href":"https:\/\/www.design-award.cz\/index.php?rest_route=\/wp\/v2\/pages"}],"about":[{"href":"https:\/\/www.design-award.cz\/index.php?rest_route=\/wp\/v2\/types\/page"}],"author":[{"embeddable":true,"href":"https:\/\/www.design-award.cz\/index.php?rest_route=\/wp\/v2\/users\/2"}],"replies":[{"embeddable":true,"href":"https:\/\/www.design-award.cz\/index.php?rest_route=%2Fwp%2Fv2%2Fcomments&post=4407"}],"version-history":[{"count":1,"href":"https:\/\/www.design-award.cz\/index.php?rest_route=\/wp\/v2\/pages\/4407\/revisions"}],"predecessor-version":[{"id":4419,"href":"https:\/\/www.design-award.cz\/index.php?rest_route=\/wp\/v2\/pages\/4407\/revisions\/4419"}],"wp:attachment":[{"href":"https:\/\/www.design-award.cz\/index.php?rest_route=%2Fwp%2Fv2%2Fmedia&parent=4407"}],"curies":[{"name":"wp","href":"https:\/\/api.w.org\/{rel}","templated":true}]}}