{"id":59,"date":"2021-12-25T10:37:48","date_gmt":"2021-12-25T10:37:48","guid":{"rendered":"https:\/\/www.design-award.cz\/?page_id=59"},"modified":"2025-06-30T21:42:14","modified_gmt":"2025-06-30T21:42:14","slug":"podminky","status":"publish","type":"page","link":"https:\/\/www.design-award.cz\/?page_id=59","title":{"rendered":"PODM\u00cdNKY SOUT\u011a\u017dE DESIGN-AWARD"},"content":{"rendered":"\n<p><strong><span style=\"text-decoration: underline;\">PRAVIDLA SOUT\u011a\u017dE<\/span><\/strong><\/p>\n\n\n\n<ol class=\"wp-block-list\">\n<li>Do sout\u011b\u017ee DESIGN-AWARD 2025 mohou b\u00fdt p\u0159ihl\u00e1\u0161eny pr\u00e1ce, kter\u00e9 byly <strong>navr\u017eeny studentem S\u0160 a VO\u0160 z \u010cR nebo SR ve \u0161koln\u00edm roce 2023\/2024 a 2024\/2025 a z\u00e1rove\u0148 se tato pr\u00e1ce v minul\u00fdch ro\u010dn\u00edc\u00edch ne\u00fa\u010dastnila sout\u011b\u017ee DESIGN-AWARD.<\/strong><\/li>\n\n\n\n<li>P\u0159ihla\u0161ovatel za\u0159ad\u00ed p\u0159ihl\u00e1\u0161en\u00fd sout\u011b\u017en\u00ed n\u00e1vrh do jedn\u00e9 ze dvou sout\u011b\u017en\u00edch kategori\u00ed:\n<ol class=\"wp-block-list\">\n<li><strong><u>Interi\u00e9rov\u00fd design<\/u><\/strong> &#8211; <strong>interi\u00e9r domu<\/strong>, <strong>bytu nebo jin\u00e9ho soukrom\u00e9ho prostoru<\/strong>, kter\u00fd byl navr\u017een studenty ve sledovan\u00e9m obdob\u00ed (viz bod \u010d. 1)<\/li>\n\n\n\n<li><strong><u>Produktov\u00fd design<\/u><\/strong> &#8211; <strong>n\u00e1vrhy a realizace p\u0159edm\u011bt\u016f slou\u017e\u00edc\u00edch prim\u00e1rn\u011b jako dopln\u011bk interi\u00e9ru nebo exteri\u00e9ru<\/strong>, <strong>tj. sv\u00edtidla<\/strong>, <strong>n\u00e1bytek<\/strong>, <strong>dekorace (zrcadla, kv\u011btin\u00e1\u010de, v\u00e1z apod.), interi\u00e9rov\u00e9 dopl\u0148ky (kliky, madla, vyp\u00edna\u010de, obrubn\u011b apod.), u\u017eit\u00e9 produkty (v\u00e1zy, m\u00edsy, \u010dajov\u00e9 sety apod.)<\/strong>, kter\u00e9 byly navr\u017eeny studenty v dan\u00e9m obdob\u00ed (viz bod \u010d. 1)<\/li>\n<\/ol>\n<\/li>\n\n\n\n<li>Autor se v ka\u017ed\u00e9 z kategori\u00ed m\u016f\u017ee p\u0159ihl\u00e1sit pouze jednou, tedy autor m\u016f\u017ee podat celkov\u011b nejv\u00fd\u0161e dv\u011b p\u0159ihl\u00e1\u0161ky za jeden ro\u010dn\u00edk sout\u011b\u017ee.<\/li>\n\n\n\n<li>Sout\u011b\u017en\u00ed n\u00e1vrh m\u016f\u017ee p\u0159ihl\u00e1sit jeho <strong>autor<\/strong>, stejn\u011b tak i <strong>vzd\u011bl\u00e1vac\u00ed instituce <\/strong>nebo <strong>vedouc\u00ed pedagog<\/strong> a to v\u017edy pod autorov\u00fdm jm\u00e9nem. Autor v\u017edy uv\u00e1d\u00ed instituci, pod kterou d\u00edlo vzniklo.<\/li>\n\n\n\n<li>Pod\u00e1n\u00edm p\u0159ihl\u00e1\u0161ky sout\u011b\u017e\u00edc\u00ed <strong>stvrzuje<\/strong>, \u017ee:\n<ol class=\"wp-block-list\">\n<li><strong>autorem sout\u011b\u017en\u00edho n\u00e1vrhu je on s\u00e1m a jedn\u00e1 se tedy o jeho autorskou tvorbu (pop\u0159\u00edpad\u011b autor je zastoupen pedagogem, vzd\u011bl\u00e1vac\u00ed instituc\u00ed apod.)<\/strong><\/li>\n\n\n\n<li><strong>autor sout\u011b\u017en\u00edho n\u00e1vrhu souhlas\u00ed <\/strong>s uveden\u00edm fotografi\u00ed a popisu interi\u00e9ru \/ produktov\u00e9ho designu (ve form\u011b souvisl\u00e9ho textu) na internetov\u00fdch str\u00e1nk\u00e1ch po\u0159adatele a pro jeho propaga\u010dn\u00ed \u00fa\u010dely, v tiskov\u00e9 zpr\u00e1v\u011b, v albu p\u0159ihl\u00e1\u0161en\u00fdch a v\u00edt\u011bzn\u00fdch n\u00e1vrh\u016f a na str\u00e1nk\u00e1ch medi\u00e1ln\u00edch partner\u016f (s mo\u017enost\u00ed otev\u0159en\u00ed diskuze pod \u010dl\u00e1nkem)<\/li>\n\n\n\n<li><strong>p\u0159ihla\u0161ovatel m\u00e1 pr\u00e1vo <\/strong>poskytovat fotografie p\u0159ihl\u00e1\u0161en\u00fdch interi\u00e9r\u016f \/ produktov\u00e9ho designu k uve\u0159ejn\u011bn\u00ed t\u0159et\u00edmi stranami v souladu s p\u0159edchoz\u00edm odstavcem (viz bod \u010d. 4, odst. B)<\/li>\n\n\n\n<li><strong>auto\u0159i a majitel\u00e9 fotografi\u00ed <\/strong>nevznesou v\u016f\u010di po\u0159adateli sout\u011b\u017ee \u017e\u00e1dn\u00e9 finan\u010dn\u00ed n\u00e1roky v souvislosti s uveden\u00edm fotografi\u00ed podle p\u0159edchoz\u00edho odstavce (viz bod \u010d. 4, odst. B)<\/li>\n<\/ol>\n<\/li>\n\n\n\n<li>Vyhla\u0161ovatel <strong>nezaru\u010duje<\/strong>, \u017ee ka\u017ed\u00fd z p\u0159ihl\u00e1\u0161en\u00fdch n\u00e1vrh\u016f bude publikov\u00e1n. Z\u00e1le\u017e\u00ed to zejm\u00e9na na kvalit\u011b samotn\u00e9ho n\u00e1vrhu interi\u00e9ru\/produktov\u00e9ho designu, ale i na <strong>v\u0161ech dodan\u00fdch podkladech jako jsou plak\u00e1t, vizualizace a technick\u00fd v\u00fdkres. N\u00e1sledn\u011b pak na velikosti a mno\u017estv\u00ed poskytnut\u00fdch fotografi\u00ed, textov\u00e9 dokumentace a na term\u00ednu odevzd\u00e1n\u00ed.<\/strong> Ze sout\u011b\u017ee m\u016f\u017ee tak\u00e9 b\u00fdt vy\u0159azen n\u00e1vrh, kter\u00fd v popisu obsahuje explicitn\u00ed v\u00fdrazy \u010di velmi mnoho gramatick\u00fdch chyb. V\u0161echny schv\u00e1len\u00e9 n\u00e1vrhy pak budou na web sout\u011b\u017ee <strong>nahr\u00e1ny do 14 pracovn\u00edch dn\u016f.<\/strong><\/li>\n\n\n\n<li>Po\u0159adatel se <strong>zavazuje<\/strong>, \u017ee<strong>:<\/strong>\n<ol class=\"wp-block-list\">\n<li><strong>bude dr\u017eet v tajnosti jm\u00e9no a ve\u0161ker\u00e9 kontakty p\u0159\u00edpadn\u00fdch majitel\u016f soukrom\u00fdch interi\u00e9r\u016f nebo produktov\u00fdch design\u016f, pokud si v\u00fdslovn\u011b nebude p\u0159\u00e1t jinak.<\/strong><\/li>\n\n\n\n<li><strong>bude uv\u00e1d\u011bt <\/strong>na vlastn\u00edch str\u00e1nk\u00e1ch i v m\u00e9di\u00edch kontakty na p\u0159ihla\u0161ovatele v rozsahu <strong>ne v\u011bt\u0161\u00edm<\/strong>, ne\u017e si to p\u0159eje.<\/li>\n\n\n\n<li><strong> bude uv\u00e1d\u011bt <\/strong>ve v\u0161ech v\u00fdstupech autora ve form\u00e1tu: kategorie a n\u00e1zev projektu \/ jm\u00e9no a p\u0159\u00edjmen\u00ed autora \/ text \/ fotodokumentace nebo vizualizace \/ technick\u00fd nebo stavebn\u00ed v\u00fdkres <\/li>\n<\/ol>\n<\/li>\n\n\n\n<li>V\u00edt\u011bzov\u00e9 budou ocen\u011bni v ka\u017ed\u00e9 kategorii finan\u010dn\u011b\/hodnotnou cenou a to:\n<ol class=\"wp-block-list\">\n<li><em>ceny budou zve\u0159ejn\u011bny<\/em>&#8230;<\/li>\n<\/ol>\n<\/li>\n\n\n\n<li><strong><strong>Uz\u00e1v\u011brka <\/strong>p\u0159ihl\u00e1\u0161ek je 30<strong>. 6. 2025<\/strong> &#8211; 23:59<\/strong>, p\u0159ihl\u00e1\u0161ky zaslan\u00e9 po uz\u00e1v\u011brce nebudou akceptov\u00e1ny.<\/li>\n\n\n\n<li><strong>Vyhl\u00e1\u0161en\u00ed prob\u011bhne dvoukolov\u011b. Prvn\u00ed kolo do u\u017e\u0161\u00edho v\u00fdb\u011bru prob\u011bhne do 12. 9. 2025. Fin\u00e1ln\u00ed vyhl\u00e1\u0161en\u00ed sout\u011b\u017ee pak prob\u011bhne prezen\u010dn\u011b dne 25. 9. 2025 na akci studentdesignaward.cz, <a href=\"https:\/\/www.google.com\/search?client=opera&amp;hs=azo&amp;sxsrf=AOaemvKrOa87ivdkTGq-cvGOpByYNtB2Aw:1637494786623&amp;q=soukrom%C3%A1+st%C5%99edn%C3%AD+%C5%A1kola+reklamn%C3%AD+tvorby+michael+adresa&amp;ludocid=17320392470392520717&amp;sa=X&amp;ved=2ahUKEwjgwM-4r6n0AhVyg_0HHY4eAtEQ6BN6BAhWEAI\">Adresa<\/a>: Machkova 1643\/4, 149 00 Praha 4-Chodov. Semifinalist\u00e9 budou kontaktov\u00e1ni p\u0159edem.<\/strong><\/li>\n\n\n\n<li><strong>P\u0159ihl\u00e1\u0161en\u00e9 n\u00e1vrhy <\/strong>budou na str\u00e1nk\u00e1ch po\u0159adatele umis\u0165ov\u00e1ny <strong>v pr\u016fb\u011bhu sout\u011b\u017ee <\/strong>a to a\u017e <strong>do 30. 8. 2025<\/strong>. Medi\u00e1ln\u00ed partne\u0159i je mohou publikovat, a to s jasn\u00fdm odkazem, \u017ee dan\u00fd sout\u011b\u017en\u00ed n\u00e1vrh se \u00fa\u010dastn\u00ed sout\u011b\u017ee <strong>design-award.cz<\/strong>, a s uveden\u00edm autora. N\u011bkter\u00e9 p\u0159ihl\u00e1\u0161en\u00e9 n\u00e1vrhy budou publikov\u00e1ny na soci\u00e1ln\u00edch s\u00edt\u00edch, m\u016f\u017ee se st\u00e1t, \u017ee n\u011bkter\u00e9 podklady budou o\u0159\u00edznuty podle vzoru soci\u00e1ln\u00ed s\u00edt\u011b (nap\u0159. Instagram &#8211; 1:1, \/ 1,9,:1 \/ 4:5 ), tak\u00e9 m\u016f\u017ee b\u00fdt upravena d\u00e9lka textu dle soci\u00e1ln\u00ed s\u00edt\u011b (nap\u0159. Instagram max 2200 znak\u016f).<\/li>\n\n\n\n<li><strong>Odborn\u00e1 porota <\/strong>slo\u017een\u00e1 z <strong>5-7 \u010dlen\u016f viz str\u00e1nka &#8222;POROTA&#8220; <\/strong>rozhodne o 5-10 finalistech v ka\u017ed\u00e9 ze t\u0159\u00ed kategori\u00ed uveden\u00fdch v bod\u011b 2 do <strong>12. 9. 2025. Vyhl\u00e1\u0161en\u00ed v\u00edt\u011bz\u016f prob\u011bhne 25. 9. 2025<\/strong>.<\/li>\n\n\n\n<li><strong>Interi\u00e9r \/ produktov\u00fd design je do sout\u011b\u017ee p\u0159ihl\u00e1\u0161en<\/strong>, pokud je po\u0159adateli doru\u010dena kompletn\u00ed dokumentace v souladu <strong>s &#8222;Po\u017eadovanou sout\u011b\u017en\u00ed dokumentac\u00ed&#8220;, kter\u00e1 je sou\u010d\u00e1st\u00ed pravidel (n\u00ed\u017ee).<\/strong><\/li>\n\n\n\n<li>Po\u0159adatelem sout\u011b\u017ee je: <strong><strong>Michael \u2013 St\u0159edn\u00ed \u0161kola a Vy\u0161\u0161\u00ed odborn\u00e1 \u0161kola reklamn\u00ed a um\u011bleck\u00e9 tvorby, s.r.o., Machkova 1646, Praha 4, 149 00 , I\u010c: 256 07 375 , https:\/\/www.skolamichael.cz\/<\/strong><\/strong><\/li>\n\n\n\n<li>Po\u0159adatel si vyhrazuje pr\u00e1vo kdykoli zm\u011bnit pravidla b\u011bhem sout\u011b\u017ee \u010di rozhodnout o p\u0159eru\u0161en\u00ed \u010di \u00fapln\u00e9m zru\u0161en\u00ed sout\u011b\u017ee.<\/li>\n\n\n\n<li>P\u0159ihla\u0161ovatel souhlas\u00ed se zpracov\u00e1n\u00edm osobn\u00edch \u00fadaj\u016f v souladu se z\u00e1konem 101\/2000 Sb. a s na\u0159\u00edzen\u00edm Evropsk\u00e9ho parlamentu<\/li>\n<\/ol>\n\n\n\n<p><\/p>\n\n\n\n<p><strong><u>PO\u017dADOVAN\u00c1 SOUT\u011a\u017dN\u00cd DOKUMENTACE:<\/u><\/strong><\/p>\n\n\n\n<ol class=\"wp-block-list\">\n<li>Sou\u010d\u00e1st\u00ed p\u0159ihl\u00e1\u0161ky <strong>mus\u00ed b\u00fdt<\/strong>:\n<ol class=\"wp-block-list\">\n<li> <strong>Nejm\u00e9n\u011b 3 <\/strong>(slovy t\u0159i) <strong>fotografie, kresby nebo vizualizace <\/strong>interi\u00e9r\u016f \/ produktov\u00e9ho designu v tiskov\u00e9 kvalit\u011b ve form\u00e1tu JPG, a to minim\u00e1ln\u011b velikosti 297 x 210 mm (A4) v rozli\u0161en\u00ed 300 DPI &#8211; maxim\u00e1ln\u00ed velikost jednoho souboru je 5 MB. V\u011bt\u0161\u00ed form\u00e1t a v\u011bt\u0161\u00ed mno\u017estv\u00ed fotografi\u00ed <strong>d\u00e1v\u00e1 vy\u0161\u0161\u00ed \u0161anci <\/strong>na publikov\u00e1n\u00ed a lep\u0161\u00ed p\u0159edstavitelnost pro hodnot\u00edc\u00ed a publikum. <\/li>\n\n\n\n<li><strong>V kategorii <u><strong>A\/ Soukrom\u00fd interi\u00e9r<\/strong><\/u> a <u><strong>B\/ Ve\u0159ejn\u00fd interi\u00e9r<\/strong><\/u> p\u016fdorys interi\u00e9ru <\/strong>v elektronick\u00e9 podob\u011b (m\u016f\u017ee b\u00fdt i velmi schematick\u00fd, ale m\u011bl by obsahovat v\u0161echny pot\u0159ebn\u00e9 informace), nejl\u00e9pe ve form\u00e1tu JPG a PNG . <strong>V kategorii <u>C\/<strong>Produktov\u00fd design<\/strong><\/u> technick\u00fd v\u00fdkres produktu <\/strong>v elektronick\u00e9 podob\u011b (m\u016f\u017ee b\u00fdt i velmi schematick\u00fd ale m\u011bl by obsahovat v\u0161echny pot\u0159ebn\u00e9 informace), nejl\u00e9pe ve form\u00e1tu JPG a PNG. <\/li>\n\n\n\n<li><strong>Autorsk\u00fd text <\/strong> k dan\u00e9mu <strong>interi\u00e9ru \/ produktov\u00e9mu designu<\/strong>, a to v rozsahu  100 &#8211; 200 slov<strong>.<\/strong> Po <strong>stylistick\u00e9 str\u00e1nce <\/strong>m\u016f\u017ee b\u00fdt <strong>text <\/strong>i velmi jednoduch\u00fd, ale m\u011bl by obsahovat v\u0161echny d\u016fle\u017eit\u00e9 informace.<strong> D\u016fle\u017eit\u00e9 sou\u010d\u00e1sti textu <\/strong>jsou zejm\u00e9na informace o (v\u0161echny tyto body samoz\u0159ejm\u011b nemusej\u00ed b\u00fdt napln\u011bny):\n<ol class=\"wp-block-list\">\n<li>zad\u00e1n\u00ed ze strany vyu\u010duj\u00edc\u00edho \/ investora nebo jin\u00e9ho zadavatele<\/li>\n\n\n\n<li>velikosti interi\u00e9r\u016f a produktu<\/li>\n\n\n\n<li>neobvykl\u00e9 po\u017eadavky a jejich \u0159e\u0161en\u00edch<\/li>\n\n\n\n<li>pou\u017eit\u00e9 materi\u00e1ly a technologie<\/li>\n\n\n\n<li>inova\u010dn\u00ed \u0159e\u0161en\u00ed postup\u016f<\/li>\n\n\n\n<li>zvl\u00e1\u0161tnosti a odli\u0161nosti na kter\u00e9 se m\u00e1 porota zam\u011b\u0159it<\/li>\n\n\n\n<li>odli\u0161nost projektu od jin\u00fdch<\/li>\n<\/ol>\n<\/li>\n<\/ol>\n<\/li>\n<\/ol>\n\n\n\n<h2 class=\"wp-block-heading\"><\/h2>\n","protected":false},"excerpt":{"rendered":"<p>PRAVIDLA SOUT\u011a\u017dE PO\u017dADOVAN\u00c1 SOUT\u011a\u017dN\u00cd DOKUMENTACE:<\/p>\n","protected":false},"author":1,"featured_media":0,"parent":0,"menu_order":0,"comment_status":"closed","ping_status":"closed","template":"","meta":{"ngg_post_thumbnail":0,"ocean_post_layout":"","ocean_both_sidebars_style":"","ocean_both_sidebars_content_width":0,"ocean_both_sidebars_sidebars_width":0,"ocean_sidebar":"0","ocean_second_sidebar":"0","ocean_disable_margins":"enable","ocean_add_body_class":"","ocean_shortcode_before_top_bar":"","ocean_shortcode_after_top_bar":"","ocean_shortcode_before_header":"","ocean_shortcode_after_header":"","ocean_has_shortcode":"","ocean_shortcode_after_title":"","ocean_shortcode_before_footer_widgets":"","ocean_shortcode_after_footer_widgets":"","ocean_shortcode_before_footer_bottom":"","ocean_shortcode_after_footer_bottom":"","ocean_display_top_bar":"default","ocean_display_header":"default","ocean_header_style":"","ocean_center_header_left_menu":"0","ocean_custom_header_template":"0","ocean_custom_logo":0,"ocean_custom_retina_logo":0,"ocean_custom_logo_max_width":0,"ocean_custom_logo_tablet_max_width":0,"ocean_custom_logo_mobile_max_width":0,"ocean_custom_logo_max_height":0,"ocean_custom_logo_tablet_max_height":0,"ocean_custom_logo_mobile_max_height":0,"ocean_header_custom_menu":"0","ocean_menu_typo_font_family":"0","ocean_menu_typo_font_subset":"","ocean_menu_typo_font_size":0,"ocean_menu_typo_font_size_tablet":0,"ocean_menu_typo_font_size_mobile":0,"ocean_menu_typo_font_size_unit":"px","ocean_menu_typo_font_weight":"","ocean_menu_typo_font_weight_tablet":"","ocean_menu_typo_font_weight_mobile":"","ocean_menu_typo_transform":"","ocean_menu_typo_transform_tablet":"","ocean_menu_typo_transform_mobile":"","ocean_menu_typo_line_height":0,"ocean_menu_typo_line_height_tablet":0,"ocean_menu_typo_line_height_mobile":0,"ocean_menu_typo_line_height_unit":"","ocean_menu_typo_spacing":0,"ocean_menu_typo_spacing_tablet":0,"ocean_menu_typo_spacing_mobile":0,"ocean_menu_typo_spacing_unit":"","ocean_menu_link_color":"","ocean_menu_link_color_hover":"","ocean_menu_link_color_active":"","ocean_menu_link_background":"","ocean_menu_link_hover_background":"","ocean_menu_link_active_background":"","ocean_menu_social_links_bg":"","ocean_menu_social_hover_links_bg":"","ocean_menu_social_links_color":"","ocean_menu_social_hover_links_color":"","ocean_disable_title":"default","ocean_disable_heading":"default","ocean_post_title":"","ocean_post_subheading":"","ocean_post_title_style":"","ocean_post_title_background_color":"","ocean_post_title_background":0,"ocean_post_title_bg_image_position":"","ocean_post_title_bg_image_attachment":"","ocean_post_title_bg_image_repeat":"","ocean_post_title_bg_image_size":"","ocean_post_title_height":0,"ocean_post_title_bg_overlay":0.5,"ocean_post_title_bg_overlay_color":"","ocean_disable_breadcrumbs":"default","ocean_breadcrumbs_color":"","ocean_breadcrumbs_separator_color":"","ocean_breadcrumbs_links_color":"","ocean_breadcrumbs_links_hover_color":"","ocean_display_footer_widgets":"default","ocean_display_footer_bottom":"default","ocean_custom_footer_template":"0","_vp_format_video_url":"","_vp_image_focal_point":[],"footnotes":""},"class_list":["post-59","page","type-page","status-publish","hentry","entry"],"yoast_head":"<!-- This site is optimized with the Yoast SEO plugin v25.2 - https:\/\/yoast.com\/wordpress\/plugins\/seo\/ -->\n<title>PODM\u00cdNKY SOUT\u011a\u017dE DESIGN-AWARD - design-award.cz<\/title>\n<meta name=\"robots\" content=\"index, follow, max-snippet:-1, max-image-preview:large, max-video-preview:-1\" \/>\n<link rel=\"canonical\" href=\"https:\/\/www.design-award.cz\/?page_id=59\" \/>\n<meta property=\"og:locale\" content=\"cs_CZ\" \/>\n<meta property=\"og:type\" content=\"article\" \/>\n<meta property=\"og:title\" content=\"PODM\u00cdNKY SOUT\u011a\u017dE DESIGN-AWARD - design-award.cz\" \/>\n<meta property=\"og:description\" content=\"PRAVIDLA SOUT\u011a\u017dE PO\u017dADOVAN\u00c1 SOUT\u011a\u017dN\u00cd DOKUMENTACE:\" \/>\n<meta property=\"og:url\" content=\"https:\/\/www.design-award.cz\/?page_id=59\" \/>\n<meta property=\"og:site_name\" content=\"design-award.cz\" \/>\n<meta property=\"article:modified_time\" content=\"2025-06-30T21:42:14+00:00\" \/>\n<meta name=\"twitter:card\" content=\"summary_large_image\" \/>\n<meta name=\"twitter:label1\" content=\"Odhadovan\u00e1 doba \u010dten\u00ed\" \/>\n\t<meta name=\"twitter:data1\" content=\"5 minut\" \/>\n<script type=\"application\/ld+json\" class=\"yoast-schema-graph\">{\"@context\":\"https:\/\/schema.org\",\"@graph\":[{\"@type\":\"TechArticle\",\"@id\":\"https:\/\/www.design-award.cz\/?page_id=59#article\",\"isPartOf\":{\"@id\":\"https:\/\/www.design-award.cz\/?page_id=59\"},\"author\":{\"name\":\"designawar\",\"@id\":\"https:\/\/www.design-award.cz\/#\/schema\/person\/18cad331b7e614570f1d1509f94bd425\"},\"headline\":\"PODM\u00cdNKY SOUT\u011a\u017dE DESIGN-AWARD\",\"datePublished\":\"2021-12-25T10:37:48+00:00\",\"dateModified\":\"2025-06-30T21:42:14+00:00\",\"mainEntityOfPage\":{\"@id\":\"https:\/\/www.design-award.cz\/?page_id=59\"},\"wordCount\":1251,\"publisher\":{\"@id\":\"https:\/\/www.design-award.cz\/#organization\"},\"inLanguage\":\"cs\"},{\"@type\":[\"WebPage\",\"FAQPage\"],\"@id\":\"https:\/\/www.design-award.cz\/?page_id=59\",\"url\":\"https:\/\/www.design-award.cz\/?page_id=59\",\"name\":\"PODM\u00cdNKY SOUT\u011a\u017dE DESIGN-AWARD - design-award.cz\",\"isPartOf\":{\"@id\":\"https:\/\/www.design-award.cz\/#website\"},\"datePublished\":\"2021-12-25T10:37:48+00:00\",\"dateModified\":\"2025-06-30T21:42:14+00:00\",\"breadcrumb\":{\"@id\":\"https:\/\/www.design-award.cz\/?page_id=59#breadcrumb\"},\"inLanguage\":\"cs\",\"potentialAction\":[{\"@type\":\"ReadAction\",\"target\":[\"https:\/\/www.design-award.cz\/?page_id=59\"]}]},{\"@type\":\"BreadcrumbList\",\"@id\":\"https:\/\/www.design-award.cz\/?page_id=59#breadcrumb\",\"itemListElement\":[{\"@type\":\"ListItem\",\"position\":1,\"name\":\"Dom\u016f\",\"item\":\"https:\/\/www.design-award.cz\/\"},{\"@type\":\"ListItem\",\"position\":2,\"name\":\"PODM\u00cdNKY SOUT\u011a\u017dE DESIGN-AWARD\"}]},{\"@type\":\"WebSite\",\"@id\":\"https:\/\/www.design-award.cz\/#website\",\"url\":\"https:\/\/www.design-award.cz\/\",\"name\":\"design-award.cz\",\"description\":\"WARD vznikla v roce 2022. Je ur\u010dena p\u0159edev\u0161\u00edm student\u016fm st\u0159edn\u00edch um\u011bleck\u00fdch \u0161kol (S\u0160 a VO\u0160), kte\u0159\u00ed mohou bezplatn\u011b zaslat sv\u00e9 n\u00e1vrhy v uveden\u00fdch kategori\u00ed a tak pom\u011b\u0159it sv\u00e9 n\u00e1pady s konkurenc\u00ed sv\u00fdch vrstevn\u00edk\u016f. N\u00e1vrhy jsou n\u00e1sledn\u011b posouzeny nez\u00e1vislou porotou z \u0159ad v\u00fdtvarn\u00edk\u016f, pedagog\u016f a profesion\u00e1l\u016f z oboru.\",\"publisher\":{\"@id\":\"https:\/\/www.design-award.cz\/#organization\"},\"potentialAction\":[{\"@type\":\"SearchAction\",\"target\":{\"@type\":\"EntryPoint\",\"urlTemplate\":\"https:\/\/www.design-award.cz\/?s={search_term_string}\"},\"query-input\":{\"@type\":\"PropertyValueSpecification\",\"valueRequired\":true,\"valueName\":\"search_term_string\"}}],\"inLanguage\":\"cs\"},{\"@type\":\"Organization\",\"@id\":\"https:\/\/www.design-award.cz\/#organization\",\"name\":\"Design Award\",\"url\":\"https:\/\/www.design-award.cz\/\",\"logo\":{\"@type\":\"ImageObject\",\"inLanguage\":\"cs\",\"@id\":\"https:\/\/www.design-award.cz\/#\/schema\/logo\/image\/\",\"url\":\"http:\/\/www.design-award.cz\/wp-content\/uploads\/2021\/12\/hornilogo_design-award.png\",\"contentUrl\":\"http:\/\/www.design-award.cz\/wp-content\/uploads\/2021\/12\/hornilogo_design-award.png\",\"width\":800,\"height\":600,\"caption\":\"Design Award\"},\"image\":{\"@id\":\"https:\/\/www.design-award.cz\/#\/schema\/logo\/image\/\"},\"sameAs\":[\"https:\/\/www.instagram.com\/design_award\/\"]},{\"@type\":\"Person\",\"@id\":\"https:\/\/www.design-award.cz\/#\/schema\/person\/18cad331b7e614570f1d1509f94bd425\",\"name\":\"designawar\",\"image\":{\"@type\":\"ImageObject\",\"inLanguage\":\"cs\",\"@id\":\"https:\/\/www.design-award.cz\/#\/schema\/person\/image\/\",\"url\":\"https:\/\/secure.gravatar.com\/avatar\/592d2a6bb72b8a77c92b24c8b0747c868649da86602b75aa74013ff66b8ba1ec?s=96&d=mm&r=g\",\"contentUrl\":\"https:\/\/secure.gravatar.com\/avatar\/592d2a6bb72b8a77c92b24c8b0747c868649da86602b75aa74013ff66b8ba1ec?s=96&d=mm&r=g\",\"caption\":\"designawar\"},\"sameAs\":[\"http:\/\/localhost\/wp\"],\"url\":\"https:\/\/www.design-award.cz\/?author=1\"}]}<\/script>\n<!-- \/ Yoast SEO plugin. -->","yoast_head_json":{"title":"PODM\u00cdNKY SOUT\u011a\u017dE DESIGN-AWARD - design-award.cz","robots":{"index":"index","follow":"follow","max-snippet":"max-snippet:-1","max-image-preview":"max-image-preview:large","max-video-preview":"max-video-preview:-1"},"canonical":"https:\/\/www.design-award.cz\/?page_id=59","og_locale":"cs_CZ","og_type":"article","og_title":"PODM\u00cdNKY SOUT\u011a\u017dE DESIGN-AWARD - design-award.cz","og_description":"PRAVIDLA SOUT\u011a\u017dE PO\u017dADOVAN\u00c1 SOUT\u011a\u017dN\u00cd DOKUMENTACE:","og_url":"https:\/\/www.design-award.cz\/?page_id=59","og_site_name":"design-award.cz","article_modified_time":"2025-06-30T21:42:14+00:00","twitter_card":"summary_large_image","twitter_misc":{"Odhadovan\u00e1 doba \u010dten\u00ed":"5 minut"},"schema":{"@context":"https:\/\/schema.org","@graph":[{"@type":"TechArticle","@id":"https:\/\/www.design-award.cz\/?page_id=59#article","isPartOf":{"@id":"https:\/\/www.design-award.cz\/?page_id=59"},"author":{"name":"designawar","@id":"https:\/\/www.design-award.cz\/#\/schema\/person\/18cad331b7e614570f1d1509f94bd425"},"headline":"PODM\u00cdNKY SOUT\u011a\u017dE DESIGN-AWARD","datePublished":"2021-12-25T10:37:48+00:00","dateModified":"2025-06-30T21:42:14+00:00","mainEntityOfPage":{"@id":"https:\/\/www.design-award.cz\/?page_id=59"},"wordCount":1251,"publisher":{"@id":"https:\/\/www.design-award.cz\/#organization"},"inLanguage":"cs"},{"@type":["WebPage","FAQPage"],"@id":"https:\/\/www.design-award.cz\/?page_id=59","url":"https:\/\/www.design-award.cz\/?page_id=59","name":"PODM\u00cdNKY SOUT\u011a\u017dE DESIGN-AWARD - design-award.cz","isPartOf":{"@id":"https:\/\/www.design-award.cz\/#website"},"datePublished":"2021-12-25T10:37:48+00:00","dateModified":"2025-06-30T21:42:14+00:00","breadcrumb":{"@id":"https:\/\/www.design-award.cz\/?page_id=59#breadcrumb"},"inLanguage":"cs","potentialAction":[{"@type":"ReadAction","target":["https:\/\/www.design-award.cz\/?page_id=59"]}]},{"@type":"BreadcrumbList","@id":"https:\/\/www.design-award.cz\/?page_id=59#breadcrumb","itemListElement":[{"@type":"ListItem","position":1,"name":"Dom\u016f","item":"https:\/\/www.design-award.cz\/"},{"@type":"ListItem","position":2,"name":"PODM\u00cdNKY SOUT\u011a\u017dE DESIGN-AWARD"}]},{"@type":"WebSite","@id":"https:\/\/www.design-award.cz\/#website","url":"https:\/\/www.design-award.cz\/","name":"design-award.cz","description":"WARD vznikla v roce 2022. Je ur\u010dena p\u0159edev\u0161\u00edm student\u016fm st\u0159edn\u00edch um\u011bleck\u00fdch \u0161kol (S\u0160 a VO\u0160), kte\u0159\u00ed mohou bezplatn\u011b zaslat sv\u00e9 n\u00e1vrhy v uveden\u00fdch kategori\u00ed a tak pom\u011b\u0159it sv\u00e9 n\u00e1pady s konkurenc\u00ed sv\u00fdch vrstevn\u00edk\u016f. N\u00e1vrhy jsou n\u00e1sledn\u011b posouzeny nez\u00e1vislou porotou z \u0159ad v\u00fdtvarn\u00edk\u016f, pedagog\u016f a profesion\u00e1l\u016f z oboru.","publisher":{"@id":"https:\/\/www.design-award.cz\/#organization"},"potentialAction":[{"@type":"SearchAction","target":{"@type":"EntryPoint","urlTemplate":"https:\/\/www.design-award.cz\/?s={search_term_string}"},"query-input":{"@type":"PropertyValueSpecification","valueRequired":true,"valueName":"search_term_string"}}],"inLanguage":"cs"},{"@type":"Organization","@id":"https:\/\/www.design-award.cz\/#organization","name":"Design Award","url":"https:\/\/www.design-award.cz\/","logo":{"@type":"ImageObject","inLanguage":"cs","@id":"https:\/\/www.design-award.cz\/#\/schema\/logo\/image\/","url":"http:\/\/www.design-award.cz\/wp-content\/uploads\/2021\/12\/hornilogo_design-award.png","contentUrl":"http:\/\/www.design-award.cz\/wp-content\/uploads\/2021\/12\/hornilogo_design-award.png","width":800,"height":600,"caption":"Design Award"},"image":{"@id":"https:\/\/www.design-award.cz\/#\/schema\/logo\/image\/"},"sameAs":["https:\/\/www.instagram.com\/design_award\/"]},{"@type":"Person","@id":"https:\/\/www.design-award.cz\/#\/schema\/person\/18cad331b7e614570f1d1509f94bd425","name":"designawar","image":{"@type":"ImageObject","inLanguage":"cs","@id":"https:\/\/www.design-award.cz\/#\/schema\/person\/image\/","url":"https:\/\/secure.gravatar.com\/avatar\/592d2a6bb72b8a77c92b24c8b0747c868649da86602b75aa74013ff66b8ba1ec?s=96&d=mm&r=g","contentUrl":"https:\/\/secure.gravatar.com\/avatar\/592d2a6bb72b8a77c92b24c8b0747c868649da86602b75aa74013ff66b8ba1ec?s=96&d=mm&r=g","caption":"designawar"},"sameAs":["http:\/\/localhost\/wp"],"url":"https:\/\/www.design-award.cz\/?author=1"}]}},"_links":{"self":[{"href":"https:\/\/www.design-award.cz\/index.php?rest_route=\/wp\/v2\/pages\/59","targetHints":{"allow":["GET"]}}],"collection":[{"href":"https:\/\/www.design-award.cz\/index.php?rest_route=\/wp\/v2\/pages"}],"about":[{"href":"https:\/\/www.design-award.cz\/index.php?rest_route=\/wp\/v2\/types\/page"}],"author":[{"embeddable":true,"href":"https:\/\/www.design-award.cz\/index.php?rest_route=\/wp\/v2\/users\/1"}],"replies":[{"embeddable":true,"href":"https:\/\/www.design-award.cz\/index.php?rest_route=%2Fwp%2Fv2%2Fcomments&post=59"}],"version-history":[{"count":31,"href":"https:\/\/www.design-award.cz\/index.php?rest_route=\/wp\/v2\/pages\/59\/revisions"}],"predecessor-version":[{"id":5576,"href":"https:\/\/www.design-award.cz\/index.php?rest_route=\/wp\/v2\/pages\/59\/revisions\/5576"}],"wp:attachment":[{"href":"https:\/\/www.design-award.cz\/index.php?rest_route=%2Fwp%2Fv2%2Fmedia&parent=59"}],"curies":[{"name":"wp","href":"https:\/\/api.w.org\/{rel}","templated":true}]}}