{"id":60,"date":"2021-12-25T10:37:48","date_gmt":"2021-12-25T10:37:48","guid":{"rendered":"https:\/\/www.design-award.cz\/?page_id=60"},"modified":"2025-03-19T09:57:06","modified_gmt":"2025-03-19T09:57:06","slug":"porota","status":"publish","type":"page","link":"https:\/\/www.design-award.cz\/?page_id=60","title":{"rendered":"POROTA 2025"},"content":{"rendered":"\n<div class=\"wp-block-columns is-layout-flex wp-container-core-columns-is-layout-9d6595d7 wp-block-columns-is-layout-flex\">\n<div class=\"wp-block-column is-layout-flow wp-block-column-is-layout-flow\">\n<div class=\"wp-block-columns is-layout-flex wp-container-core-columns-is-layout-9d6595d7 wp-block-columns-is-layout-flex\">\n<div class=\"wp-block-column is-layout-flow wp-block-column-is-layout-flow\" style=\"flex-basis:33.33%\">\n<figure class=\"wp-block-image size-large\"><img decoding=\"async\" width=\"682\" height=\"1024\" data-src=\"https:\/\/www.design-award.cz\/wp-content\/uploads\/2024\/07\/Di-portrety-0108-web-682x1024.jpg\" alt=\"\" class=\"wp-image-4168 lazyload\" data-srcset=\"https:\/\/www.design-award.cz\/wp-content\/uploads\/2024\/07\/Di-portrety-0108-web-682x1024.jpg 682w, https:\/\/www.design-award.cz\/wp-content\/uploads\/2024\/07\/Di-portrety-0108-web-200x300.jpg 200w, https:\/\/www.design-award.cz\/wp-content\/uploads\/2024\/07\/Di-portrety-0108-web-768x1152.jpg 768w, https:\/\/www.design-award.cz\/wp-content\/uploads\/2024\/07\/Di-portrety-0108-web-1024x1536.jpg 1024w, https:\/\/www.design-award.cz\/wp-content\/uploads\/2024\/07\/Di-portrety-0108-web-500x750.jpg 500w, https:\/\/www.design-award.cz\/wp-content\/uploads\/2024\/07\/Di-portrety-0108-web-800x1200.jpg 800w, https:\/\/www.design-award.cz\/wp-content\/uploads\/2024\/07\/Di-portrety-0108-web-1280x1920.jpg 1280w, https:\/\/www.design-award.cz\/wp-content\/uploads\/2024\/07\/Di-portrety-0108-web.jpg 1333w\" data-sizes=\"(max-width: 682px) 100vw, 682px\" src=\"data:image\/svg+xml;base64,PHN2ZyB3aWR0aD0iMSIgaGVpZ2h0PSIxIiB4bWxucz0iaHR0cDovL3d3dy53My5vcmcvMjAwMC9zdmciPjwvc3ZnPg==\" style=\"--smush-placeholder-width: 682px; --smush-placeholder-aspect-ratio: 682\/1024;\" \/><\/figure>\n<\/div>\n\n\n\n<div class=\"wp-block-column is-layout-flow wp-block-column-is-layout-flow\" style=\"flex-basis:66.66%\">\n<p><strong>MgA. Andrea Vok\u0159\u00e1lov\u00e1<\/strong><\/p>\n\n\n\n<p>interi\u00e9rov\u00e1 design\u00e9rka a skl\u00e1\u0159ka, vedouc\u00ed oboru Design interi\u00e9ru na S\u0160 a VO\u0160 Michael a na Akademii Sv\u011btl\u00e1 nad S\u00e1zavou <\/p>\n\n\n\n<p><a href=\"http:\/\/www.andysdesign.cz\" target=\"_blank\" rel=\"noreferrer noopener\">www.andysdesign.cz<\/a><\/p>\n<\/div>\n<\/div>\n<\/div>\n\n\n\n<div class=\"wp-block-column is-layout-flow wp-block-column-is-layout-flow\">\n<div class=\"wp-block-columns is-layout-flex wp-container-core-columns-is-layout-9d6595d7 wp-block-columns-is-layout-flex\">\n<div class=\"wp-block-column is-layout-flow wp-block-column-is-layout-flow\" style=\"flex-basis:33.33%\">\n<figure class=\"wp-block-image size-large is-resized\"><img decoding=\"async\" width=\"1333\" height=\"1778\" data-src=\"https:\/\/www.design-award.cz\/wp-content\/uploads\/2022\/03\/Di-portrety-0446-web-1-edited.jpg\" alt=\"\" class=\"wp-image-476 lazyload\" style=\"--smush-placeholder-width: 1333px; --smush-placeholder-aspect-ratio: 1333\/1778;width:144px;height:auto\" data-srcset=\"https:\/\/www.design-award.cz\/wp-content\/uploads\/2022\/03\/Di-portrety-0446-web-1-edited.jpg 1333w, https:\/\/www.design-award.cz\/wp-content\/uploads\/2022\/03\/Di-portrety-0446-web-1-edited-225x300.jpg 225w, https:\/\/www.design-award.cz\/wp-content\/uploads\/2022\/03\/Di-portrety-0446-web-1-edited-768x1024.jpg 768w, https:\/\/www.design-award.cz\/wp-content\/uploads\/2022\/03\/Di-portrety-0446-web-1-edited-1152x1536.jpg 1152w, https:\/\/www.design-award.cz\/wp-content\/uploads\/2022\/03\/Di-portrety-0446-web-1-edited-500x667.jpg 500w, https:\/\/www.design-award.cz\/wp-content\/uploads\/2022\/03\/Di-portrety-0446-web-1-edited-800x1067.jpg 800w, https:\/\/www.design-award.cz\/wp-content\/uploads\/2022\/03\/Di-portrety-0446-web-1-edited-1280x1707.jpg 1280w\" data-sizes=\"(max-width: 1333px) 100vw, 1333px\" src=\"data:image\/svg+xml;base64,PHN2ZyB3aWR0aD0iMSIgaGVpZ2h0PSIxIiB4bWxucz0iaHR0cDovL3d3dy53My5vcmcvMjAwMC9zdmciPjwvc3ZnPg==\" \/><\/figure>\n<\/div>\n\n\n\n<div class=\"wp-block-column is-layout-flow wp-block-column-is-layout-flow\" style=\"flex-basis:66.66%\">\n<p><strong><strong>Mgr. Art. Michaela O\u0161\u0165\u00e1dalov\u00e1<\/strong><\/strong><\/p>\n\n\n\n<p>interi\u00e9rov\u00e1 design\u00e9rka a grafi\u010dka, pedago\u017eka na S\u0160 a VO\u0160 Michael<\/p>\n\n\n\n<p><\/p>\n<\/div>\n<\/div>\n<\/div>\n<\/div>\n\n\n\n<div class=\"wp-block-columns is-layout-flex wp-container-core-columns-is-layout-9d6595d7 wp-block-columns-is-layout-flex\">\n<div class=\"wp-block-column is-layout-flow wp-block-column-is-layout-flow\">\n<div class=\"wp-block-columns is-layout-flex wp-container-core-columns-is-layout-9d6595d7 wp-block-columns-is-layout-flex\">\n<div class=\"wp-block-column is-layout-flow wp-block-column-is-layout-flow\" style=\"flex-basis:33.33%\">\n<figure class=\"wp-block-image size-large\"><img decoding=\"async\" width=\"1333\" height=\"1778\" data-src=\"https:\/\/www.design-award.cz\/wp-content\/uploads\/2022\/03\/Di-portrety-0524-web-1-edited.jpg\" alt=\"\" class=\"wp-image-474 lazyload\" data-srcset=\"https:\/\/www.design-award.cz\/wp-content\/uploads\/2022\/03\/Di-portrety-0524-web-1-edited.jpg 1333w, https:\/\/www.design-award.cz\/wp-content\/uploads\/2022\/03\/Di-portrety-0524-web-1-edited-225x300.jpg 225w, https:\/\/www.design-award.cz\/wp-content\/uploads\/2022\/03\/Di-portrety-0524-web-1-edited-768x1024.jpg 768w, https:\/\/www.design-award.cz\/wp-content\/uploads\/2022\/03\/Di-portrety-0524-web-1-edited-1152x1536.jpg 1152w, https:\/\/www.design-award.cz\/wp-content\/uploads\/2022\/03\/Di-portrety-0524-web-1-edited-500x667.jpg 500w, https:\/\/www.design-award.cz\/wp-content\/uploads\/2022\/03\/Di-portrety-0524-web-1-edited-800x1067.jpg 800w, https:\/\/www.design-award.cz\/wp-content\/uploads\/2022\/03\/Di-portrety-0524-web-1-edited-1280x1707.jpg 1280w\" data-sizes=\"(max-width: 1333px) 100vw, 1333px\" src=\"data:image\/svg+xml;base64,PHN2ZyB3aWR0aD0iMSIgaGVpZ2h0PSIxIiB4bWxucz0iaHR0cDovL3d3dy53My5vcmcvMjAwMC9zdmciPjwvc3ZnPg==\" style=\"--smush-placeholder-width: 1333px; --smush-placeholder-aspect-ratio: 1333\/1778;\" \/><\/figure>\n<\/div>\n\n\n\n<div class=\"wp-block-column is-layout-flow wp-block-column-is-layout-flow\" style=\"flex-basis:66.66%\">\n<p><strong>MgA. Michael Fran\u010de<\/strong><\/p>\n\n\n\n<p>design\u00e9r a keramik, vedouc\u00ed ateli\u00e9ru V\u00fdtvarn\u00e9 zpracov\u00e1n\u00ed keramiky a porcel\u00e1nu na Akademii ve Sv\u011btl\u00e9 nad S\u00e1zavou<\/p>\n\n\n\n<p><a href=\"http:\/\/www.fra-gile.com\" target=\"_blank\" rel=\"noreferrer noopener\">www.fra-gile.com<\/a><\/p>\n<\/div>\n<\/div>\n<\/div>\n\n\n\n<div class=\"wp-block-column is-layout-flow wp-block-column-is-layout-flow\">\n<div class=\"wp-block-columns is-layout-flex wp-container-core-columns-is-layout-9d6595d7 wp-block-columns-is-layout-flex\">\n<div class=\"wp-block-column is-layout-flow wp-block-column-is-layout-flow\" style=\"flex-basis:33.33%\">\n<figure class=\"wp-block-image size-large\"><img decoding=\"async\" width=\"1333\" height=\"1778\" data-src=\"https:\/\/www.design-award.cz\/wp-content\/uploads\/2022\/03\/Di-portrety-0491-a-web-edited.jpg\" alt=\"\" class=\"wp-image-527 lazyload\" data-srcset=\"https:\/\/www.design-award.cz\/wp-content\/uploads\/2022\/03\/Di-portrety-0491-a-web-edited.jpg 1333w, https:\/\/www.design-award.cz\/wp-content\/uploads\/2022\/03\/Di-portrety-0491-a-web-edited-225x300.jpg 225w, https:\/\/www.design-award.cz\/wp-content\/uploads\/2022\/03\/Di-portrety-0491-a-web-edited-768x1024.jpg 768w, https:\/\/www.design-award.cz\/wp-content\/uploads\/2022\/03\/Di-portrety-0491-a-web-edited-1152x1536.jpg 1152w, https:\/\/www.design-award.cz\/wp-content\/uploads\/2022\/03\/Di-portrety-0491-a-web-edited-500x667.jpg 500w, https:\/\/www.design-award.cz\/wp-content\/uploads\/2022\/03\/Di-portrety-0491-a-web-edited-800x1067.jpg 800w, https:\/\/www.design-award.cz\/wp-content\/uploads\/2022\/03\/Di-portrety-0491-a-web-edited-1280x1707.jpg 1280w\" data-sizes=\"(max-width: 1333px) 100vw, 1333px\" src=\"data:image\/svg+xml;base64,PHN2ZyB3aWR0aD0iMSIgaGVpZ2h0PSIxIiB4bWxucz0iaHR0cDovL3d3dy53My5vcmcvMjAwMC9zdmciPjwvc3ZnPg==\" style=\"--smush-placeholder-width: 1333px; --smush-placeholder-aspect-ratio: 1333\/1778;\" \/><\/figure>\n<\/div>\n\n\n\n<div class=\"wp-block-column is-layout-flow wp-block-column-is-layout-flow\" style=\"flex-basis:66.66%\">\n<p><strong>MgA. Petr Vykoukal<\/strong><\/p>\n\n\n\n<p>design\u00e9r, pedagog na S\u0160 a VO\u0160 Michael<\/p>\n\n\n\n<p><a href=\"https:\/\/www.instagram.com\/petr_vykoukal\/\">www.vykoukalpetr.com<\/a><\/p>\n<\/div>\n<\/div>\n<\/div>\n<\/div>\n\n\n\n<div class=\"wp-block-columns is-layout-flex wp-container-core-columns-is-layout-9d6595d7 wp-block-columns-is-layout-flex\">\n<div class=\"wp-block-column is-layout-flow wp-block-column-is-layout-flow\">\n<div class=\"wp-block-columns is-layout-flex wp-container-core-columns-is-layout-9d6595d7 wp-block-columns-is-layout-flex\">\n<div class=\"wp-block-column is-layout-flow wp-block-column-is-layout-flow\" style=\"flex-basis:33.33%\"><\/div>\n\n\n\n<div class=\"wp-block-column is-layout-flow wp-block-column-is-layout-flow\" style=\"flex-basis:66.66%\">\n<p><\/p>\n<\/div>\n<\/div>\n<\/div>\n\n\n\n<div class=\"wp-block-column is-layout-flow wp-block-column-is-layout-flow\">\n<div class=\"wp-block-columns is-layout-flex wp-container-core-columns-is-layout-9d6595d7 wp-block-columns-is-layout-flex\">\n<div class=\"wp-block-column is-layout-flow wp-block-column-is-layout-flow\" style=\"flex-basis:33.33%\"><\/div>\n\n\n\n<div class=\"wp-block-column is-layout-flow wp-block-column-is-layout-flow\" style=\"flex-basis:66.66%\">\n<p>IKEA \u010cESKO &#8211; Zli\u010d\u00edn<\/p>\n\n\n\n<p>Design\u00e9r spole\u010dnosti IKEA \u010cesko<\/p>\n\n\n\n<p>www.ikea.cz<\/p>\n<\/div>\n<\/div>\n<\/div>\n<\/div>\n\n\n\n<div class=\"wp-block-columns is-layout-flex wp-container-core-columns-is-layout-9d6595d7 wp-block-columns-is-layout-flex\">\n<div class=\"wp-block-column is-layout-flow wp-block-column-is-layout-flow\">\n<div class=\"wp-block-columns is-layout-flex wp-container-core-columns-is-layout-9d6595d7 wp-block-columns-is-layout-flex\">\n<div class=\"wp-block-column is-layout-flow wp-block-column-is-layout-flow\" style=\"flex-basis:33.33%\"><\/div>\n\n\n\n<div class=\"wp-block-column is-layout-flow wp-block-column-is-layout-flow\" style=\"flex-basis:66.66%\">\n<p><\/p>\n\n\n\n<p><\/p>\n<\/div>\n<\/div>\n<\/div>\n\n\n\n<div class=\"wp-block-column is-layout-flow wp-block-column-is-layout-flow\"><\/div>\n<\/div>\n","protected":false},"excerpt":{"rendered":"<p>MgA. Andrea Vok\u0159\u00e1lov\u00e1 interi\u00e9rov\u00e1 design\u00e9rka a skl\u00e1\u0159ka, vedouc\u00ed oboru Design interi\u00e9ru na S\u0160 a VO\u0160 Michael a na Akademii Sv\u011btl\u00e1 nad S\u00e1zavou www.andysdesign.cz Mgr. Art. Michaela O\u0161\u0165\u00e1dalov\u00e1 interi\u00e9rov\u00e1 design\u00e9rka a grafi\u010dka, pedago\u017eka na S\u0160 a VO\u0160 Michael MgA. Michael Fran\u010de design\u00e9r a keramik, vedouc\u00ed ateli\u00e9ru V\u00fdtvarn\u00e9 zpracov\u00e1n\u00ed keramiky a porcel\u00e1nu na Akademii ve Sv\u011btl\u00e9 nad [&hellip;]<\/p>\n","protected":false},"author":1,"featured_media":0,"parent":0,"menu_order":0,"comment_status":"closed","ping_status":"closed","template":"","meta":{"ngg_post_thumbnail":0,"ocean_post_layout":"","ocean_both_sidebars_style":"","ocean_both_sidebars_content_width":0,"ocean_both_sidebars_sidebars_width":0,"ocean_sidebar":"0","ocean_second_sidebar":"0","ocean_disable_margins":"enable","ocean_add_body_class":"","ocean_shortcode_before_top_bar":"","ocean_shortcode_after_top_bar":"","ocean_shortcode_before_header":"","ocean_shortcode_after_header":"","ocean_has_shortcode":"","ocean_shortcode_after_title":"","ocean_shortcode_before_footer_widgets":"","ocean_shortcode_after_footer_widgets":"","ocean_shortcode_before_footer_bottom":"","ocean_shortcode_after_footer_bottom":"","ocean_display_top_bar":"default","ocean_display_header":"default","ocean_header_style":"","ocean_center_header_left_menu":"0","ocean_custom_header_template":"0","ocean_custom_logo":0,"ocean_custom_retina_logo":0,"ocean_custom_logo_max_width":0,"ocean_custom_logo_tablet_max_width":0,"ocean_custom_logo_mobile_max_width":0,"ocean_custom_logo_max_height":0,"ocean_custom_logo_tablet_max_height":0,"ocean_custom_logo_mobile_max_height":0,"ocean_header_custom_menu":"0","ocean_menu_typo_font_family":"0","ocean_menu_typo_font_subset":"","ocean_menu_typo_font_size":0,"ocean_menu_typo_font_size_tablet":0,"ocean_menu_typo_font_size_mobile":0,"ocean_menu_typo_font_size_unit":"px","ocean_menu_typo_font_weight":"","ocean_menu_typo_font_weight_tablet":"","ocean_menu_typo_font_weight_mobile":"","ocean_menu_typo_transform":"","ocean_menu_typo_transform_tablet":"","ocean_menu_typo_transform_mobile":"","ocean_menu_typo_line_height":0,"ocean_menu_typo_line_height_tablet":0,"ocean_menu_typo_line_height_mobile":0,"ocean_menu_typo_line_height_unit":"","ocean_menu_typo_spacing":0,"ocean_menu_typo_spacing_tablet":0,"ocean_menu_typo_spacing_mobile":0,"ocean_menu_typo_spacing_unit":"","ocean_menu_link_color":"","ocean_menu_link_color_hover":"","ocean_menu_link_color_active":"","ocean_menu_link_background":"","ocean_menu_link_hover_background":"","ocean_menu_link_active_background":"","ocean_menu_social_links_bg":"","ocean_menu_social_hover_links_bg":"","ocean_menu_social_links_color":"","ocean_menu_social_hover_links_color":"","ocean_disable_title":"default","ocean_disable_heading":"default","ocean_post_title":"","ocean_post_subheading":"","ocean_post_title_style":"","ocean_post_title_background_color":"","ocean_post_title_background":0,"ocean_post_title_bg_image_position":"","ocean_post_title_bg_image_attachment":"","ocean_post_title_bg_image_repeat":"","ocean_post_title_bg_image_size":"","ocean_post_title_height":0,"ocean_post_title_bg_overlay":0.5,"ocean_post_title_bg_overlay_color":"","ocean_disable_breadcrumbs":"default","ocean_breadcrumbs_color":"","ocean_breadcrumbs_separator_color":"","ocean_breadcrumbs_links_color":"","ocean_breadcrumbs_links_hover_color":"","ocean_display_footer_widgets":"default","ocean_display_footer_bottom":"default","ocean_custom_footer_template":"0","_vp_format_video_url":"","_vp_image_focal_point":[],"footnotes":""},"class_list":["post-60","page","type-page","status-publish","hentry","entry"],"yoast_head":"<!-- This site is optimized with the Yoast SEO plugin v25.2 - https:\/\/yoast.com\/wordpress\/plugins\/seo\/ -->\n<title>POROTA 2025 - design-award.cz<\/title>\n<meta name=\"robots\" content=\"index, follow, max-snippet:-1, max-image-preview:large, max-video-preview:-1\" \/>\n<link rel=\"canonical\" href=\"https:\/\/www.design-award.cz\/?page_id=60\" \/>\n<meta property=\"og:locale\" content=\"cs_CZ\" \/>\n<meta property=\"og:type\" content=\"article\" \/>\n<meta property=\"og:title\" content=\"POROTA 2025 - design-award.cz\" \/>\n<meta property=\"og:description\" content=\"MgA. Andrea Vok\u0159\u00e1lov\u00e1 interi\u00e9rov\u00e1 design\u00e9rka a skl\u00e1\u0159ka, vedouc\u00ed oboru Design interi\u00e9ru na S\u0160 a VO\u0160 Michael a na Akademii Sv\u011btl\u00e1 nad S\u00e1zavou www.andysdesign.cz Mgr. Art. Michaela O\u0161\u0165\u00e1dalov\u00e1 interi\u00e9rov\u00e1 design\u00e9rka a grafi\u010dka, pedago\u017eka na S\u0160 a VO\u0160 Michael MgA. Michael Fran\u010de design\u00e9r a keramik, vedouc\u00ed ateli\u00e9ru V\u00fdtvarn\u00e9 zpracov\u00e1n\u00ed keramiky a porcel\u00e1nu na Akademii ve Sv\u011btl\u00e9 nad [&hellip;]\" \/>\n<meta property=\"og:url\" content=\"https:\/\/www.design-award.cz\/?page_id=60\" \/>\n<meta property=\"og:site_name\" content=\"design-award.cz\" \/>\n<meta property=\"article:modified_time\" content=\"2025-03-19T09:57:06+00:00\" \/>\n<meta property=\"og:image\" content=\"https:\/\/www.design-award.cz\/wp-content\/uploads\/2024\/07\/Di-portrety-0108-web-682x1024.jpg\" \/>\n<meta name=\"twitter:card\" content=\"summary_large_image\" \/>\n<meta name=\"twitter:label1\" content=\"Odhadovan\u00e1 doba \u010dten\u00ed\" \/>\n\t<meta name=\"twitter:data1\" content=\"2 minuty\" \/>\n<script type=\"application\/ld+json\" class=\"yoast-schema-graph\">{\"@context\":\"https:\/\/schema.org\",\"@graph\":[{\"@type\":\"WebPage\",\"@id\":\"https:\/\/www.design-award.cz\/?page_id=60\",\"url\":\"https:\/\/www.design-award.cz\/?page_id=60\",\"name\":\"POROTA 2025 - design-award.cz\",\"isPartOf\":{\"@id\":\"https:\/\/www.design-award.cz\/#website\"},\"primaryImageOfPage\":{\"@id\":\"https:\/\/www.design-award.cz\/?page_id=60#primaryimage\"},\"image\":{\"@id\":\"https:\/\/www.design-award.cz\/?page_id=60#primaryimage\"},\"thumbnailUrl\":\"https:\/\/www.design-award.cz\/wp-content\/uploads\/2024\/07\/Di-portrety-0108-web-682x1024.jpg\",\"datePublished\":\"2021-12-25T10:37:48+00:00\",\"dateModified\":\"2025-03-19T09:57:06+00:00\",\"breadcrumb\":{\"@id\":\"https:\/\/www.design-award.cz\/?page_id=60#breadcrumb\"},\"inLanguage\":\"cs\",\"potentialAction\":[{\"@type\":\"ReadAction\",\"target\":[\"https:\/\/www.design-award.cz\/?page_id=60\"]}]},{\"@type\":\"ImageObject\",\"inLanguage\":\"cs\",\"@id\":\"https:\/\/www.design-award.cz\/?page_id=60#primaryimage\",\"url\":\"https:\/\/www.design-award.cz\/wp-content\/uploads\/2024\/07\/Di-portrety-0108-web.jpg\",\"contentUrl\":\"https:\/\/www.design-award.cz\/wp-content\/uploads\/2024\/07\/Di-portrety-0108-web.jpg\",\"width\":1333,\"height\":2000},{\"@type\":\"BreadcrumbList\",\"@id\":\"https:\/\/www.design-award.cz\/?page_id=60#breadcrumb\",\"itemListElement\":[{\"@type\":\"ListItem\",\"position\":1,\"name\":\"Dom\u016f\",\"item\":\"https:\/\/www.design-award.cz\/\"},{\"@type\":\"ListItem\",\"position\":2,\"name\":\"POROTA 2025\"}]},{\"@type\":\"WebSite\",\"@id\":\"https:\/\/www.design-award.cz\/#website\",\"url\":\"https:\/\/www.design-award.cz\/\",\"name\":\"design-award.cz\",\"description\":\"WARD vznikla v roce 2022. Je ur\u010dena p\u0159edev\u0161\u00edm student\u016fm st\u0159edn\u00edch um\u011bleck\u00fdch \u0161kol (S\u0160 a VO\u0160), kte\u0159\u00ed mohou bezplatn\u011b zaslat sv\u00e9 n\u00e1vrhy v uveden\u00fdch kategori\u00ed a tak pom\u011b\u0159it sv\u00e9 n\u00e1pady s konkurenc\u00ed sv\u00fdch vrstevn\u00edk\u016f. N\u00e1vrhy jsou n\u00e1sledn\u011b posouzeny nez\u00e1vislou porotou z \u0159ad v\u00fdtvarn\u00edk\u016f, pedagog\u016f a profesion\u00e1l\u016f z oboru.\",\"publisher\":{\"@id\":\"https:\/\/www.design-award.cz\/#organization\"},\"potentialAction\":[{\"@type\":\"SearchAction\",\"target\":{\"@type\":\"EntryPoint\",\"urlTemplate\":\"https:\/\/www.design-award.cz\/?s={search_term_string}\"},\"query-input\":{\"@type\":\"PropertyValueSpecification\",\"valueRequired\":true,\"valueName\":\"search_term_string\"}}],\"inLanguage\":\"cs\"},{\"@type\":\"Organization\",\"@id\":\"https:\/\/www.design-award.cz\/#organization\",\"name\":\"Design Award\",\"url\":\"https:\/\/www.design-award.cz\/\",\"logo\":{\"@type\":\"ImageObject\",\"inLanguage\":\"cs\",\"@id\":\"https:\/\/www.design-award.cz\/#\/schema\/logo\/image\/\",\"url\":\"http:\/\/www.design-award.cz\/wp-content\/uploads\/2021\/12\/hornilogo_design-award.png\",\"contentUrl\":\"http:\/\/www.design-award.cz\/wp-content\/uploads\/2021\/12\/hornilogo_design-award.png\",\"width\":800,\"height\":600,\"caption\":\"Design Award\"},\"image\":{\"@id\":\"https:\/\/www.design-award.cz\/#\/schema\/logo\/image\/\"},\"sameAs\":[\"https:\/\/www.instagram.com\/design_award\/\"]}]}<\/script>\n<!-- \/ Yoast SEO plugin. -->","yoast_head_json":{"title":"POROTA 2025 - design-award.cz","robots":{"index":"index","follow":"follow","max-snippet":"max-snippet:-1","max-image-preview":"max-image-preview:large","max-video-preview":"max-video-preview:-1"},"canonical":"https:\/\/www.design-award.cz\/?page_id=60","og_locale":"cs_CZ","og_type":"article","og_title":"POROTA 2025 - design-award.cz","og_description":"MgA. Andrea Vok\u0159\u00e1lov\u00e1 interi\u00e9rov\u00e1 design\u00e9rka a skl\u00e1\u0159ka, vedouc\u00ed oboru Design interi\u00e9ru na S\u0160 a VO\u0160 Michael a na Akademii Sv\u011btl\u00e1 nad S\u00e1zavou www.andysdesign.cz Mgr. Art. Michaela O\u0161\u0165\u00e1dalov\u00e1 interi\u00e9rov\u00e1 design\u00e9rka a grafi\u010dka, pedago\u017eka na S\u0160 a VO\u0160 Michael MgA. Michael Fran\u010de design\u00e9r a keramik, vedouc\u00ed ateli\u00e9ru V\u00fdtvarn\u00e9 zpracov\u00e1n\u00ed keramiky a porcel\u00e1nu na Akademii ve Sv\u011btl\u00e9 nad [&hellip;]","og_url":"https:\/\/www.design-award.cz\/?page_id=60","og_site_name":"design-award.cz","article_modified_time":"2025-03-19T09:57:06+00:00","og_image":[{"url":"https:\/\/www.design-award.cz\/wp-content\/uploads\/2024\/07\/Di-portrety-0108-web-682x1024.jpg","type":"","width":"","height":""}],"twitter_card":"summary_large_image","twitter_misc":{"Odhadovan\u00e1 doba \u010dten\u00ed":"2 minuty"},"schema":{"@context":"https:\/\/schema.org","@graph":[{"@type":"WebPage","@id":"https:\/\/www.design-award.cz\/?page_id=60","url":"https:\/\/www.design-award.cz\/?page_id=60","name":"POROTA 2025 - design-award.cz","isPartOf":{"@id":"https:\/\/www.design-award.cz\/#website"},"primaryImageOfPage":{"@id":"https:\/\/www.design-award.cz\/?page_id=60#primaryimage"},"image":{"@id":"https:\/\/www.design-award.cz\/?page_id=60#primaryimage"},"thumbnailUrl":"https:\/\/www.design-award.cz\/wp-content\/uploads\/2024\/07\/Di-portrety-0108-web-682x1024.jpg","datePublished":"2021-12-25T10:37:48+00:00","dateModified":"2025-03-19T09:57:06+00:00","breadcrumb":{"@id":"https:\/\/www.design-award.cz\/?page_id=60#breadcrumb"},"inLanguage":"cs","potentialAction":[{"@type":"ReadAction","target":["https:\/\/www.design-award.cz\/?page_id=60"]}]},{"@type":"ImageObject","inLanguage":"cs","@id":"https:\/\/www.design-award.cz\/?page_id=60#primaryimage","url":"https:\/\/www.design-award.cz\/wp-content\/uploads\/2024\/07\/Di-portrety-0108-web.jpg","contentUrl":"https:\/\/www.design-award.cz\/wp-content\/uploads\/2024\/07\/Di-portrety-0108-web.jpg","width":1333,"height":2000},{"@type":"BreadcrumbList","@id":"https:\/\/www.design-award.cz\/?page_id=60#breadcrumb","itemListElement":[{"@type":"ListItem","position":1,"name":"Dom\u016f","item":"https:\/\/www.design-award.cz\/"},{"@type":"ListItem","position":2,"name":"POROTA 2025"}]},{"@type":"WebSite","@id":"https:\/\/www.design-award.cz\/#website","url":"https:\/\/www.design-award.cz\/","name":"design-award.cz","description":"WARD vznikla v roce 2022. Je ur\u010dena p\u0159edev\u0161\u00edm student\u016fm st\u0159edn\u00edch um\u011bleck\u00fdch \u0161kol (S\u0160 a VO\u0160), kte\u0159\u00ed mohou bezplatn\u011b zaslat sv\u00e9 n\u00e1vrhy v uveden\u00fdch kategori\u00ed a tak pom\u011b\u0159it sv\u00e9 n\u00e1pady s konkurenc\u00ed sv\u00fdch vrstevn\u00edk\u016f. N\u00e1vrhy jsou n\u00e1sledn\u011b posouzeny nez\u00e1vislou porotou z \u0159ad v\u00fdtvarn\u00edk\u016f, pedagog\u016f a profesion\u00e1l\u016f z oboru.","publisher":{"@id":"https:\/\/www.design-award.cz\/#organization"},"potentialAction":[{"@type":"SearchAction","target":{"@type":"EntryPoint","urlTemplate":"https:\/\/www.design-award.cz\/?s={search_term_string}"},"query-input":{"@type":"PropertyValueSpecification","valueRequired":true,"valueName":"search_term_string"}}],"inLanguage":"cs"},{"@type":"Organization","@id":"https:\/\/www.design-award.cz\/#organization","name":"Design Award","url":"https:\/\/www.design-award.cz\/","logo":{"@type":"ImageObject","inLanguage":"cs","@id":"https:\/\/www.design-award.cz\/#\/schema\/logo\/image\/","url":"http:\/\/www.design-award.cz\/wp-content\/uploads\/2021\/12\/hornilogo_design-award.png","contentUrl":"http:\/\/www.design-award.cz\/wp-content\/uploads\/2021\/12\/hornilogo_design-award.png","width":800,"height":600,"caption":"Design Award"},"image":{"@id":"https:\/\/www.design-award.cz\/#\/schema\/logo\/image\/"},"sameAs":["https:\/\/www.instagram.com\/design_award\/"]}]}},"_links":{"self":[{"href":"https:\/\/www.design-award.cz\/index.php?rest_route=\/wp\/v2\/pages\/60","targetHints":{"allow":["GET"]}}],"collection":[{"href":"https:\/\/www.design-award.cz\/index.php?rest_route=\/wp\/v2\/pages"}],"about":[{"href":"https:\/\/www.design-award.cz\/index.php?rest_route=\/wp\/v2\/types\/page"}],"author":[{"embeddable":true,"href":"https:\/\/www.design-award.cz\/index.php?rest_route=\/wp\/v2\/users\/1"}],"replies":[{"embeddable":true,"href":"https:\/\/www.design-award.cz\/index.php?rest_route=%2Fwp%2Fv2%2Fcomments&post=60"}],"version-history":[{"count":29,"href":"https:\/\/www.design-award.cz\/index.php?rest_route=\/wp\/v2\/pages\/60\/revisions"}],"predecessor-version":[{"id":4438,"href":"https:\/\/www.design-award.cz\/index.php?rest_route=\/wp\/v2\/pages\/60\/revisions\/4438"}],"wp:attachment":[{"href":"https:\/\/www.design-award.cz\/index.php?rest_route=%2Fwp%2Fv2%2Fmedia&parent=60"}],"curies":[{"name":"wp","href":"https:\/\/api.w.org\/{rel}","templated":true}]}}