{"id":1051,"date":"2022-04-29T09:51:06","date_gmt":"2022-04-29T09:51:06","guid":{"rendered":"https:\/\/www.design-award.cz\/?post_type=portfolio&#038;p=1051"},"modified":"2022-04-29T09:51:07","modified_gmt":"2022-04-29T09:51:07","slug":"produktovy-design-porcelanova-mydlenka-kapka","status":"publish","type":"portfolio","link":"https:\/\/www.design-award.cz\/?portfolio=produktovy-design-porcelanova-mydlenka-kapka","title":{"rendered":"Produktov\u00fd design &#8211; Porcel\u00e1nov\u00e1 m\u00fddlenka-Kapka"},"content":{"rendered":"\n<h2 class=\"wp-block-heading\">Monika \u0158\u00edmalov\u00e1<\/h2>\n\n\n\n<p><strong>Akademie-vy\u0161\u0161\u00ed Odborn\u00e1 \u0160kola, Gymn\u00e1zium A St\u0159edn\u00ed Odborn\u00e1 \u0160kola Um\u011bleckopr\u016fmyslov\u00e1 Sv\u011btl\u00e1 Nad S\u00e1zavou<\/strong><\/p>\n\n\n\n<p>PORCEL\u00c1NOV\u00c1 M\u00ddDLENKA &#8211; Kapka<\/p>\n\n\n\n<p>Tato m\u00fddlenka je inspirov\u00e1na kapkami vody, kter\u00e9 pomalu st\u00e9kaj\u00ed po listech strom\u016f, rostlin, a i jin\u00fdch p\u0159edm\u011bt\u016f. Pro svou m\u00fddlenku jsem proto pou\u017eila tvar podobaj\u00edc\u00ed se kapce. M\u00e1 zakulacen\u00fd tvar s prot\u00e1hl\u00fdm zob\u00e1\u010dkem, kter\u00fd funguje jako odtok zbytku vody z m\u00fddla p\u0159\u00edmo do umyvadla.\u00a0 Pou\u017eit\u00ed jednoduch\u00e9ho tvaru, jsem zvolila proto, \u017ee je dob\u0159e omyvateln\u00fd a p\u0159\u00edjemn\u00fd do ruky. Jedn\u00edm ze z\u00e1kladn\u00edch krit\u00e9ri\u00ed pro tuto m\u00fddlenku byla jej\u00ed lehk\u00e1 omyvatelnost a zp\u016fsob odtoku vody, kter\u00fd b\u00fdv\u00e1 problematick\u00fd u spousty ji\u017e existuj\u00edc\u00edch m\u00fddlenek.<\/p>\n\n\n\n<figure class=\"wp-block-image size-full\"><img decoding=\"async\" width=\"644\" height=\"935\" data-src=\"http:\/\/www.design-award.cz\/wp-content\/uploads\/2022\/04\/Screenshot_20220429-1036102.png\" alt=\"\" class=\"wp-image-1054 lazyload\" data-srcset=\"https:\/\/www.design-award.cz\/wp-content\/uploads\/2022\/04\/Screenshot_20220429-1036102.png 644w, https:\/\/www.design-award.cz\/wp-content\/uploads\/2022\/04\/Screenshot_20220429-1036102-207x300.png 207w, https:\/\/www.design-award.cz\/wp-content\/uploads\/2022\/04\/Screenshot_20220429-1036102-500x726.png 500w\" data-sizes=\"(max-width: 644px) 100vw, 644px\" src=\"data:image\/svg+xml;base64,PHN2ZyB3aWR0aD0iMSIgaGVpZ2h0PSIxIiB4bWxucz0iaHR0cDovL3d3dy53My5vcmcvMjAwMC9zdmciPjwvc3ZnPg==\" style=\"--smush-placeholder-width: 644px; --smush-placeholder-aspect-ratio: 644\/935;\" \/><\/figure>\n\n\n\n<figure class=\"wp-block-image size-full\"><img decoding=\"async\" width=\"720\" height=\"475\" data-src=\"http:\/\/www.design-award.cz\/wp-content\/uploads\/2022\/04\/Screenshot_20220429-1027232.png\" alt=\"\" class=\"wp-image-1050 lazyload\" data-srcset=\"https:\/\/www.design-award.cz\/wp-content\/uploads\/2022\/04\/Screenshot_20220429-1027232.png 720w, https:\/\/www.design-award.cz\/wp-content\/uploads\/2022\/04\/Screenshot_20220429-1027232-300x198.png 300w, https:\/\/www.design-award.cz\/wp-content\/uploads\/2022\/04\/Screenshot_20220429-1027232-500x330.png 500w\" data-sizes=\"(max-width: 720px) 100vw, 720px\" src=\"data:image\/svg+xml;base64,PHN2ZyB3aWR0aD0iMSIgaGVpZ2h0PSIxIiB4bWxucz0iaHR0cDovL3d3dy53My5vcmcvMjAwMC9zdmciPjwvc3ZnPg==\" style=\"--smush-placeholder-width: 720px; --smush-placeholder-aspect-ratio: 720\/475;\" \/><\/figure>\n\n\n\n<figure class=\"wp-block-image size-full\"><img decoding=\"async\" width=\"720\" height=\"476\" data-src=\"http:\/\/www.design-award.cz\/wp-content\/uploads\/2022\/04\/Screenshot_20220429-1027182.png\" alt=\"\" class=\"wp-image-1049 lazyload\" data-srcset=\"https:\/\/www.design-award.cz\/wp-content\/uploads\/2022\/04\/Screenshot_20220429-1027182.png 720w, https:\/\/www.design-award.cz\/wp-content\/uploads\/2022\/04\/Screenshot_20220429-1027182-300x198.png 300w, https:\/\/www.design-award.cz\/wp-content\/uploads\/2022\/04\/Screenshot_20220429-1027182-500x331.png 500w\" data-sizes=\"(max-width: 720px) 100vw, 720px\" src=\"data:image\/svg+xml;base64,PHN2ZyB3aWR0aD0iMSIgaGVpZ2h0PSIxIiB4bWxucz0iaHR0cDovL3d3dy53My5vcmcvMjAwMC9zdmciPjwvc3ZnPg==\" style=\"--smush-placeholder-width: 720px; --smush-placeholder-aspect-ratio: 720\/476;\" \/><\/figure>\n\n\n\n<figure class=\"wp-block-image size-full\"><img decoding=\"async\" width=\"720\" height=\"506\" data-src=\"http:\/\/www.design-award.cz\/wp-content\/uploads\/2022\/04\/Screenshot_20220429-1033442.png\" alt=\"\" class=\"wp-image-1053 lazyload\" data-srcset=\"https:\/\/www.design-award.cz\/wp-content\/uploads\/2022\/04\/Screenshot_20220429-1033442.png 720w, https:\/\/www.design-award.cz\/wp-content\/uploads\/2022\/04\/Screenshot_20220429-1033442-300x211.png 300w, https:\/\/www.design-award.cz\/wp-content\/uploads\/2022\/04\/Screenshot_20220429-1033442-500x351.png 500w\" data-sizes=\"(max-width: 720px) 100vw, 720px\" src=\"data:image\/svg+xml;base64,PHN2ZyB3aWR0aD0iMSIgaGVpZ2h0PSIxIiB4bWxucz0iaHR0cDovL3d3dy53My5vcmcvMjAwMC9zdmciPjwvc3ZnPg==\" style=\"--smush-placeholder-width: 720px; --smush-placeholder-aspect-ratio: 720\/506;\" \/><\/figure>\n\n\n<div class=\"wp-block-visual-portfolio\">\n<div class=\"vp-portfolio vp-uid-2ece4a06 vp-id-607\"\n\tdata-vp-layout=\"slider\" data-vp-content-source=\"post-based\" data-vp-items-style=\"fade\" data-vp-items-click-action=\"url\" data-vp-items-gap=\"12\" data-vp-items-gap-vertical=\"\" data-vp-pagination=\"load-more\" data-vp-next-page-url=\"https:\/\/www.design-award.cz\/index.php?rest_route=%2Fwp%2Fv2%2Fportfolio%2F1051&#038;vp_page=2\" data-vp-random-seed=\"3382952132\" data-vp-slider-effect=\"slide\" data-vp-slider-items-height=\"80%\" data-vp-slider-items-min-height=\"\" data-vp-slider-slides-per-view=\"3\" data-vp-slider-speed=\"0.3\" data-vp-slider-autoplay=\"4.8\" data-vp-slider-autoplay-hover-pause=\"false\" data-vp-slider-centered-slides=\"true\" data-vp-slider-loop=\"true\" data-vp-slider-free-mode=\"false\" data-vp-slider-free-mode-sticky=\"false\" data-vp-slider-arrows=\"true\" data-vp-slider-bullets=\"false\" data-vp-slider-bullets-dynamic=\"false\" data-vp-slider-mousewheel=\"false\" data-vp-slider-thumbnails=\"false\" >\n\t<div class=\"vp-portfolio__preloader-wrap\">\n\t\t<div class=\"vp-portfolio__preloader\">\n\t\t\t<img decoding=\"async\" loading=\"eager\" src=\"https:\/\/www.design-award.cz\/wp-content\/plugins\/visual-portfolio\/assets\/images\/logo-dark.svg\" alt=\"Visual Portfolio, Posts &amp; Image Gallery for WordPress\" width=\"20\" height=\"20\" data-skip-lazy>\n\t\t<\/div>\n\t<\/div>\n\t\t<div class=\"vp-portfolio__items-wrap\">\n\t\t\t\n<div class=\"vp-portfolio__items vp-portfolio__items-style-fade vp-portfolio__items-show-overlay-hover\">\n\n\t\t<article\t\tclass=\"vp-portfolio__item-wrap post-5606 portfolio type-portfolio status-publish format-standard has-post-thumbnail hentry entry has-media vp-portfolio__item-uid-9cec3963\" data-vp-filter=\"\" \t\t>\n\t\t\t\t\t\t\t\t\t<figure class=\"vp-portfolio__item\">\n\t\t\t\t\n<div class=\"vp-portfolio__item-img-wrap\">\n\t<div class=\"vp-portfolio__item-img\">\n\t\t\t<a\n\t\thref=\"https:\/\/www.design-award.cz\/?portfolio=interierovy-design-spolecensky-prostor-do-skolni-zahrady\"\n\t\t\t>\n\t\n\t\t<noscript><img decoding=\"async\" width=\"1496\" height=\"957\" data-skip-lazy src=\"https:\/\/www.design-award.cz\/wp-content\/uploads\/2025\/07\/havel1.png\" class=\"wp-image-5643\" alt=\"\" srcset=\"https:\/\/www.design-award.cz\/wp-content\/uploads\/2025\/07\/havel1.png 1496w, https:\/\/www.design-award.cz\/wp-content\/uploads\/2025\/07\/havel1-300x192.png 300w, https:\/\/www.design-award.cz\/wp-content\/uploads\/2025\/07\/havel1-1024x655.png 1024w, https:\/\/www.design-award.cz\/wp-content\/uploads\/2025\/07\/havel1-768x491.png 768w, https:\/\/www.design-award.cz\/wp-content\/uploads\/2025\/07\/havel1-500x320.png 500w, https:\/\/www.design-award.cz\/wp-content\/uploads\/2025\/07\/havel1-800x512.png 800w, https:\/\/www.design-award.cz\/wp-content\/uploads\/2025\/07\/havel1-1280x819.png 1280w\" sizes=\"(max-width: 1496px) 100vw, 1496px\" \/><\/noscript><img fetchpriority=\"high\" decoding=\"async\" width=\"1496\" height=\"957\" src=\"https:\/\/www.design-award.cz\/wp-content\/uploads\/2025\/07\/havel1.png\" class=\"wp-image-5643 vp-lazyload\" alt srcset=\"data:image\/svg+xml;base64,PHN2ZyB3aWR0aD0iMTQ5NiIgaGVpZ2h0PSI5NTciIHZpZXdCb3g9IjAgMCAxNDk2IDk1NyIgZmlsbD0ibm9uZSIgeG1sbnM9Imh0dHA6Ly93d3cudzMub3JnLzIwMDAvc3ZnIj48L3N2Zz4=\" data-src=\"https:\/\/www.design-award.cz\/wp-content\/uploads\/2025\/07\/havel1.png\" data-srcset=\"https:\/\/www.design-award.cz\/wp-content\/uploads\/2025\/07\/havel1.png 1496w, https:\/\/www.design-award.cz\/wp-content\/uploads\/2025\/07\/havel1-300x192.png 300w, https:\/\/www.design-award.cz\/wp-content\/uploads\/2025\/07\/havel1-1024x655.png 1024w, https:\/\/www.design-award.cz\/wp-content\/uploads\/2025\/07\/havel1-768x491.png 768w, https:\/\/www.design-award.cz\/wp-content\/uploads\/2025\/07\/havel1-500x320.png 500w, https:\/\/www.design-award.cz\/wp-content\/uploads\/2025\/07\/havel1-800x512.png 800w, https:\/\/www.design-award.cz\/wp-content\/uploads\/2025\/07\/havel1-1280x819.png 1280w\" data-sizes=\"auto\" loading=\"eager\">\n\t\t<\/a>\t<\/div>\n<\/div>\n\t<figcaption class=\"vp-portfolio__item-overlay vp-portfolio__item-overlay-text-align-center\">\n\t\t<div class=\"vp-portfolio__item-meta-wrap vp-portfolio__custom-scrollbar\">\n\t\t\t\t<a\n\t\thref=\"https:\/\/www.design-award.cz\/?portfolio=interierovy-design-spolecensky-prostor-do-skolni-zahrady\"\n\t\ttabindex=\"-1\" class=\"vp-portfolio__item-meta\" \t>\n\t\n<h2 class=\"vp-portfolio__item-meta-title\">\n\tInteri\u00e9rov\u00fd design &#8211; SPOLE\u010cENSK\u00dd PROSTOR DO \u0160KOLN\u00cd ZAHRADY<\/h2>\n<\/a>\t\t<\/div>\n\t<\/figcaption>\n\t\t\t<\/figure>\n\t\t\t\t\t<\/article>\n\t\t\n\t\t<article\t\tclass=\"vp-portfolio__item-wrap post-4995 portfolio type-portfolio status-publish format-standard has-post-thumbnail hentry entry has-media vp-portfolio__item-uid-67c7f3c8\" data-vp-filter=\"\" style=\"--vp-images__object-position: 50% 75%;\" \t\t>\n\t\t\t\t\t\t\t\t\t<figure class=\"vp-portfolio__item\">\n\t\t\t\t\n<div class=\"vp-portfolio__item-img-wrap\">\n\t<div class=\"vp-portfolio__item-img\">\n\t\t\t<a\n\t\thref=\"https:\/\/www.design-award.cz\/?portfolio=interierovy-design-life-in-music\"\n\t\t\t>\n\t\n\t\t<noscript><img decoding=\"async\" width=\"1632\" height=\"1913\" data-skip-lazy src=\"https:\/\/www.design-award.cz\/wp-content\/uploads\/2025\/06\/3.png\" class=\"wp-image-5003\" alt=\"\" srcset=\"https:\/\/www.design-award.cz\/wp-content\/uploads\/2025\/06\/3.png 1632w, https:\/\/www.design-award.cz\/wp-content\/uploads\/2025\/06\/3-256x300.png 256w, https:\/\/www.design-award.cz\/wp-content\/uploads\/2025\/06\/3-874x1024.png 874w, https:\/\/www.design-award.cz\/wp-content\/uploads\/2025\/06\/3-768x900.png 768w, https:\/\/www.design-award.cz\/wp-content\/uploads\/2025\/06\/3-1310x1536.png 1310w, https:\/\/www.design-award.cz\/wp-content\/uploads\/2025\/06\/3-500x586.png 500w, https:\/\/www.design-award.cz\/wp-content\/uploads\/2025\/06\/3-800x938.png 800w, https:\/\/www.design-award.cz\/wp-content\/uploads\/2025\/06\/3-1280x1500.png 1280w\" sizes=\"(max-width: 1632px) 100vw, 1632px\" \/><\/noscript><img decoding=\"async\" width=\"1632\" height=\"1913\" src=\"https:\/\/www.design-award.cz\/wp-content\/uploads\/2025\/06\/3.png\" class=\"wp-image-5003 vp-lazyload\" alt srcset=\"data:image\/svg+xml;base64,PHN2ZyB3aWR0aD0iMTYzMiIgaGVpZ2h0PSIxOTEzIiB2aWV3Qm94PSIwIDAgMTYzMiAxOTEzIiBmaWxsPSJub25lIiB4bWxucz0iaHR0cDovL3d3dy53My5vcmcvMjAwMC9zdmciPjwvc3ZnPg==\" data-src=\"https:\/\/www.design-award.cz\/wp-content\/uploads\/2025\/06\/3.png\" data-srcset=\"https:\/\/www.design-award.cz\/wp-content\/uploads\/2025\/06\/3.png 1632w, https:\/\/www.design-award.cz\/wp-content\/uploads\/2025\/06\/3-256x300.png 256w, https:\/\/www.design-award.cz\/wp-content\/uploads\/2025\/06\/3-874x1024.png 874w, https:\/\/www.design-award.cz\/wp-content\/uploads\/2025\/06\/3-768x900.png 768w, https:\/\/www.design-award.cz\/wp-content\/uploads\/2025\/06\/3-1310x1536.png 1310w, https:\/\/www.design-award.cz\/wp-content\/uploads\/2025\/06\/3-500x586.png 500w, https:\/\/www.design-award.cz\/wp-content\/uploads\/2025\/06\/3-800x938.png 800w, https:\/\/www.design-award.cz\/wp-content\/uploads\/2025\/06\/3-1280x1500.png 1280w\" data-sizes=\"auto\" loading=\"eager\">\n\t\t<\/a>\t<\/div>\n<\/div>\n\t<figcaption class=\"vp-portfolio__item-overlay vp-portfolio__item-overlay-text-align-center\">\n\t\t<div class=\"vp-portfolio__item-meta-wrap vp-portfolio__custom-scrollbar\">\n\t\t\t\t<a\n\t\thref=\"https:\/\/www.design-award.cz\/?portfolio=interierovy-design-life-in-music\"\n\t\ttabindex=\"-1\" class=\"vp-portfolio__item-meta\" \t>\n\t\n<h2 class=\"vp-portfolio__item-meta-title\">\n\tInteri\u00e9rov\u00fd design &#8211; Life in music<\/h2>\n<\/a>\t\t<\/div>\n\t<\/figcaption>\n\t\t\t<\/figure>\n\t\t\t\t\t<\/article>\n\t\t\n\t\t<article\t\tclass=\"vp-portfolio__item-wrap post-717 portfolio type-portfolio status-publish format-standard has-post-thumbnail hentry entry has-media vp-portfolio__item-uid-38f46dde\" data-vp-filter=\"\" \t\t>\n\t\t\t\t\t\t\t\t\t<figure class=\"vp-portfolio__item\">\n\t\t\t\t\n<div class=\"vp-portfolio__item-img-wrap\">\n\t<div class=\"vp-portfolio__item-img\">\n\t\t\t<a\n\t\thref=\"https:\/\/www.design-award.cz\/?portfolio=soukromy-interier-spolecne-prostory-rd-v-liberci\"\n\t\t\t>\n\t\n\t\t<noscript><img decoding=\"async\" width=\"1920\" height=\"1080\" data-skip-lazy src=\"https:\/\/www.design-award.cz\/wp-content\/uploads\/2022\/05\/Rudolf-Hable.jpg\" class=\"wp-image-1520\" alt=\"\" srcset=\"https:\/\/www.design-award.cz\/wp-content\/uploads\/2022\/05\/Rudolf-Hable.jpg 1920w, https:\/\/www.design-award.cz\/wp-content\/uploads\/2022\/05\/Rudolf-Hable-300x169.jpg 300w, https:\/\/www.design-award.cz\/wp-content\/uploads\/2022\/05\/Rudolf-Hable-1024x576.jpg 1024w, https:\/\/www.design-award.cz\/wp-content\/uploads\/2022\/05\/Rudolf-Hable-768x432.jpg 768w, https:\/\/www.design-award.cz\/wp-content\/uploads\/2022\/05\/Rudolf-Hable-1536x864.jpg 1536w, https:\/\/www.design-award.cz\/wp-content\/uploads\/2022\/05\/Rudolf-Hable-500x281.jpg 500w, https:\/\/www.design-award.cz\/wp-content\/uploads\/2022\/05\/Rudolf-Hable-800x450.jpg 800w, https:\/\/www.design-award.cz\/wp-content\/uploads\/2022\/05\/Rudolf-Hable-1280x720.jpg 1280w\" sizes=\"(max-width: 1920px) 100vw, 1920px\" \/><\/noscript><img decoding=\"async\" width=\"1920\" height=\"1080\" src=\"https:\/\/www.design-award.cz\/wp-content\/uploads\/2022\/05\/Rudolf-Hable.jpg\" class=\"wp-image-1520 vp-lazyload\" alt srcset=\"data:image\/svg+xml;base64,PHN2ZyB3aWR0aD0iMTkyMCIgaGVpZ2h0PSIxMDgwIiB2aWV3Qm94PSIwIDAgMTkyMCAxMDgwIiBmaWxsPSJub25lIiB4bWxucz0iaHR0cDovL3d3dy53My5vcmcvMjAwMC9zdmciPjwvc3ZnPg==\" data-src=\"https:\/\/www.design-award.cz\/wp-content\/uploads\/2022\/05\/Rudolf-Hable.jpg\" data-srcset=\"https:\/\/www.design-award.cz\/wp-content\/uploads\/2022\/05\/Rudolf-Hable.jpg 1920w, https:\/\/www.design-award.cz\/wp-content\/uploads\/2022\/05\/Rudolf-Hable-300x169.jpg 300w, https:\/\/www.design-award.cz\/wp-content\/uploads\/2022\/05\/Rudolf-Hable-1024x576.jpg 1024w, https:\/\/www.design-award.cz\/wp-content\/uploads\/2022\/05\/Rudolf-Hable-768x432.jpg 768w, https:\/\/www.design-award.cz\/wp-content\/uploads\/2022\/05\/Rudolf-Hable-1536x864.jpg 1536w, https:\/\/www.design-award.cz\/wp-content\/uploads\/2022\/05\/Rudolf-Hable-500x281.jpg 500w, https:\/\/www.design-award.cz\/wp-content\/uploads\/2022\/05\/Rudolf-Hable-800x450.jpg 800w, https:\/\/www.design-award.cz\/wp-content\/uploads\/2022\/05\/Rudolf-Hable-1280x720.jpg 1280w\" data-sizes=\"auto\" loading=\"eager\">\n\t\t<\/a>\t<\/div>\n<\/div>\n\t<figcaption class=\"vp-portfolio__item-overlay vp-portfolio__item-overlay-text-align-center\">\n\t\t<div class=\"vp-portfolio__item-meta-wrap vp-portfolio__custom-scrollbar\">\n\t\t\t\t<a\n\t\thref=\"https:\/\/www.design-award.cz\/?portfolio=soukromy-interier-spolecne-prostory-rd-v-liberci\"\n\t\ttabindex=\"-1\" class=\"vp-portfolio__item-meta\" \t>\n\t\n<h2 class=\"vp-portfolio__item-meta-title\">\n\tSoukrom\u00fd interi\u00e9r &#8211; Spole\u010dn\u00e9 prostory RD v Liberci<\/h2>\n<\/a>\t\t<\/div>\n\t<\/figcaption>\n\t\t\t<\/figure>\n\t\t\t\t\t<\/article>\n\t\t\n\t\t<article\t\tclass=\"vp-portfolio__item-wrap post-5352 portfolio type-portfolio status-publish format-standard has-post-thumbnail hentry entry has-media vp-portfolio__item-uid-e03dcbd4\" data-vp-filter=\"\" \t\t>\n\t\t\t\t\t\t\t\t\t<figure class=\"vp-portfolio__item\">\n\t\t\t\t\n<div class=\"vp-portfolio__item-img-wrap\">\n\t<div class=\"vp-portfolio__item-img\">\n\t\t\t<a\n\t\thref=\"https:\/\/www.design-award.cz\/?portfolio=produktovy-design-middle-point\"\n\t\t\t>\n\t\n\t\t<noscript><img decoding=\"async\" width=\"1920\" height=\"1080\" data-skip-lazy src=\"https:\/\/www.design-award.cz\/wp-content\/uploads\/2025\/06\/vizualizace2.png\" class=\"wp-image-5410\" alt=\"\" srcset=\"https:\/\/www.design-award.cz\/wp-content\/uploads\/2025\/06\/vizualizace2.png 2200w, https:\/\/www.design-award.cz\/wp-content\/uploads\/2025\/06\/vizualizace2-300x169.png 300w, https:\/\/www.design-award.cz\/wp-content\/uploads\/2025\/06\/vizualizace2-1024x576.png 1024w\" sizes=\"(max-width: 1920px) 100vw, 1920px\" \/><\/noscript><img decoding=\"async\" width=\"1920\" height=\"1080\" src=\"https:\/\/www.design-award.cz\/wp-content\/uploads\/2025\/06\/vizualizace2.png\" class=\"wp-image-5410 vp-lazyload\" alt srcset=\"data:image\/svg+xml;base64,PHN2ZyB3aWR0aD0iMTkyMCIgaGVpZ2h0PSIxMDgwIiB2aWV3Qm94PSIwIDAgMTkyMCAxMDgwIiBmaWxsPSJub25lIiB4bWxucz0iaHR0cDovL3d3dy53My5vcmcvMjAwMC9zdmciPjwvc3ZnPg==\" data-src=\"https:\/\/www.design-award.cz\/wp-content\/uploads\/2025\/06\/vizualizace2.png\" data-srcset=\"https:\/\/www.design-award.cz\/wp-content\/uploads\/2025\/06\/vizualizace2.png 2200w, https:\/\/www.design-award.cz\/wp-content\/uploads\/2025\/06\/vizualizace2-300x169.png 300w, https:\/\/www.design-award.cz\/wp-content\/uploads\/2025\/06\/vizualizace2-1024x576.png 1024w\" data-sizes=\"auto\" loading=\"eager\">\n\t\t<\/a>\t<\/div>\n<\/div>\n\t<figcaption class=\"vp-portfolio__item-overlay vp-portfolio__item-overlay-text-align-center\">\n\t\t<div class=\"vp-portfolio__item-meta-wrap vp-portfolio__custom-scrollbar\">\n\t\t\t\t<a\n\t\thref=\"https:\/\/www.design-award.cz\/?portfolio=produktovy-design-middle-point\"\n\t\ttabindex=\"-1\" class=\"vp-portfolio__item-meta\" \t>\n\t\n<h2 class=\"vp-portfolio__item-meta-title\">\n\tProduktov\u00fd design &#8211; Middle Point<\/h2>\n<\/a>\t\t<\/div>\n\t<\/figcaption>\n\t\t\t<\/figure>\n\t\t\t\t\t<\/article>\n\t\t\n\t\t<article\t\tclass=\"vp-portfolio__item-wrap post-800 portfolio type-portfolio status-publish format-standard has-post-thumbnail hentry entry has-media vp-portfolio__item-uid-b4d78e01\" data-vp-filter=\"\" \t\t>\n\t\t\t\t\t\t\t\t\t<figure class=\"vp-portfolio__item\">\n\t\t\t\t\n<div class=\"vp-portfolio__item-img-wrap\">\n\t<div class=\"vp-portfolio__item-img\">\n\t\t\t<a\n\t\thref=\"https:\/\/www.design-award.cz\/?portfolio=verejny-interier-rekonstrukce-panskych-toalet-na-ss\"\n\t\t\t>\n\t\n\t\t<noscript><img decoding=\"async\" width=\"1920\" height=\"1080\" data-skip-lazy src=\"https:\/\/www.design-award.cz\/wp-content\/uploads\/2022\/04\/3.png\" class=\"wp-image-803\" alt=\"\" srcset=\"https:\/\/www.design-award.cz\/wp-content\/uploads\/2022\/04\/3.png 1920w, https:\/\/www.design-award.cz\/wp-content\/uploads\/2022\/04\/3-300x169.png 300w, https:\/\/www.design-award.cz\/wp-content\/uploads\/2022\/04\/3-1024x576.png 1024w, https:\/\/www.design-award.cz\/wp-content\/uploads\/2022\/04\/3-768x432.png 768w, https:\/\/www.design-award.cz\/wp-content\/uploads\/2022\/04\/3-1536x864.png 1536w, https:\/\/www.design-award.cz\/wp-content\/uploads\/2022\/04\/3-500x281.png 500w, https:\/\/www.design-award.cz\/wp-content\/uploads\/2022\/04\/3-800x450.png 800w, https:\/\/www.design-award.cz\/wp-content\/uploads\/2022\/04\/3-1280x720.png 1280w\" sizes=\"(max-width: 1920px) 100vw, 1920px\" \/><\/noscript><img decoding=\"async\" width=\"1920\" height=\"1080\" src=\"https:\/\/www.design-award.cz\/wp-content\/uploads\/2022\/04\/3.png\" class=\"wp-image-803 vp-lazyload\" alt srcset=\"data:image\/svg+xml;base64,PHN2ZyB3aWR0aD0iMTkyMCIgaGVpZ2h0PSIxMDgwIiB2aWV3Qm94PSIwIDAgMTkyMCAxMDgwIiBmaWxsPSJub25lIiB4bWxucz0iaHR0cDovL3d3dy53My5vcmcvMjAwMC9zdmciPjwvc3ZnPg==\" data-src=\"https:\/\/www.design-award.cz\/wp-content\/uploads\/2022\/04\/3.png\" data-srcset=\"https:\/\/www.design-award.cz\/wp-content\/uploads\/2022\/04\/3.png 1920w, https:\/\/www.design-award.cz\/wp-content\/uploads\/2022\/04\/3-300x169.png 300w, https:\/\/www.design-award.cz\/wp-content\/uploads\/2022\/04\/3-1024x576.png 1024w, https:\/\/www.design-award.cz\/wp-content\/uploads\/2022\/04\/3-768x432.png 768w, https:\/\/www.design-award.cz\/wp-content\/uploads\/2022\/04\/3-1536x864.png 1536w, https:\/\/www.design-award.cz\/wp-content\/uploads\/2022\/04\/3-500x281.png 500w, https:\/\/www.design-award.cz\/wp-content\/uploads\/2022\/04\/3-800x450.png 800w, https:\/\/www.design-award.cz\/wp-content\/uploads\/2022\/04\/3-1280x720.png 1280w\" data-sizes=\"auto\" loading=\"eager\">\n\t\t<\/a>\t<\/div>\n<\/div>\n\t<figcaption class=\"vp-portfolio__item-overlay vp-portfolio__item-overlay-text-align-center\">\n\t\t<div class=\"vp-portfolio__item-meta-wrap vp-portfolio__custom-scrollbar\">\n\t\t\t\t<a\n\t\thref=\"https:\/\/www.design-award.cz\/?portfolio=verejny-interier-rekonstrukce-panskych-toalet-na-ss\"\n\t\ttabindex=\"-1\" class=\"vp-portfolio__item-meta\" \t>\n\t\n<h2 class=\"vp-portfolio__item-meta-title\">\n\tVe\u0159ejn\u00fd interi\u00e9r &#8211; Rekonstrukce p\u00e1nsk\u00fdch toalet na S\u0160<\/h2>\n<\/a>\t\t<\/div>\n\t<\/figcaption>\n\t\t\t<\/figure>\n\t\t\t\t\t<\/article>\n\t\t\n\t\t<article\t\tclass=\"vp-portfolio__item-wrap post-897 portfolio type-portfolio status-publish format-standard has-post-thumbnail hentry entry has-media vp-portfolio__item-uid-fb71a0eb\" data-vp-filter=\"\" \t\t>\n\t\t\t\t\t\t\t\t\t<figure class=\"vp-portfolio__item\">\n\t\t\t\t\n<div class=\"vp-portfolio__item-img-wrap\">\n\t<div class=\"vp-portfolio__item-img\">\n\t\t\t<a\n\t\thref=\"https:\/\/www.design-award.cz\/?portfolio=soukromy-interier-kuchyne\"\n\t\t\t>\n\t\n\t\t<noscript><img decoding=\"async\" width=\"1920\" height=\"1080\" data-skip-lazy src=\"https:\/\/www.design-award.cz\/wp-content\/uploads\/2022\/04\/ruzickova_adela_kuchyne-3_optimized-1920x1080.jpg\" class=\"wp-image-896\" alt=\"\" srcset=\"https:\/\/www.design-award.cz\/wp-content\/uploads\/2022\/04\/ruzickova_adela_kuchyne-3_optimized-1920x1080.jpg 1920w, https:\/\/www.design-award.cz\/wp-content\/uploads\/2022\/04\/ruzickova_adela_kuchyne-3_optimized-300x169.jpg 300w, https:\/\/www.design-award.cz\/wp-content\/uploads\/2022\/04\/ruzickova_adela_kuchyne-3_optimized-1024x576.jpg 1024w, https:\/\/www.design-award.cz\/wp-content\/uploads\/2022\/04\/ruzickova_adela_kuchyne-3_optimized-768x432.jpg 768w, https:\/\/www.design-award.cz\/wp-content\/uploads\/2022\/04\/ruzickova_adela_kuchyne-3_optimized-1536x864.jpg 1536w, https:\/\/www.design-award.cz\/wp-content\/uploads\/2022\/04\/ruzickova_adela_kuchyne-3_optimized-2048x1152.jpg 2048w, https:\/\/www.design-award.cz\/wp-content\/uploads\/2022\/04\/ruzickova_adela_kuchyne-3_optimized-500x281.jpg 500w, https:\/\/www.design-award.cz\/wp-content\/uploads\/2022\/04\/ruzickova_adela_kuchyne-3_optimized-800x450.jpg 800w, https:\/\/www.design-award.cz\/wp-content\/uploads\/2022\/04\/ruzickova_adela_kuchyne-3_optimized-1280x720.jpg 1280w\" sizes=\"(max-width: 1920px) 100vw, 1920px\" \/><\/noscript><img decoding=\"async\" width=\"1920\" height=\"1080\" src=\"https:\/\/www.design-award.cz\/wp-content\/uploads\/2022\/04\/ruzickova_adela_kuchyne-3_optimized-1920x1080.jpg\" class=\"wp-image-896 vp-lazyload\" alt srcset=\"data:image\/svg+xml;base64,PHN2ZyB3aWR0aD0iMTkyMCIgaGVpZ2h0PSIxMDgwIiB2aWV3Qm94PSIwIDAgMTkyMCAxMDgwIiBmaWxsPSJub25lIiB4bWxucz0iaHR0cDovL3d3dy53My5vcmcvMjAwMC9zdmciPjwvc3ZnPg==\" data-src=\"https:\/\/www.design-award.cz\/wp-content\/uploads\/2022\/04\/ruzickova_adela_kuchyne-3_optimized-1920x1080.jpg\" data-srcset=\"https:\/\/www.design-award.cz\/wp-content\/uploads\/2022\/04\/ruzickova_adela_kuchyne-3_optimized-1920x1080.jpg 1920w, https:\/\/www.design-award.cz\/wp-content\/uploads\/2022\/04\/ruzickova_adela_kuchyne-3_optimized-300x169.jpg 300w, https:\/\/www.design-award.cz\/wp-content\/uploads\/2022\/04\/ruzickova_adela_kuchyne-3_optimized-1024x576.jpg 1024w, https:\/\/www.design-award.cz\/wp-content\/uploads\/2022\/04\/ruzickova_adela_kuchyne-3_optimized-768x432.jpg 768w, https:\/\/www.design-award.cz\/wp-content\/uploads\/2022\/04\/ruzickova_adela_kuchyne-3_optimized-1536x864.jpg 1536w, https:\/\/www.design-award.cz\/wp-content\/uploads\/2022\/04\/ruzickova_adela_kuchyne-3_optimized-2048x1152.jpg 2048w, https:\/\/www.design-award.cz\/wp-content\/uploads\/2022\/04\/ruzickova_adela_kuchyne-3_optimized-500x281.jpg 500w, https:\/\/www.design-award.cz\/wp-content\/uploads\/2022\/04\/ruzickova_adela_kuchyne-3_optimized-800x450.jpg 800w, https:\/\/www.design-award.cz\/wp-content\/uploads\/2022\/04\/ruzickova_adela_kuchyne-3_optimized-1280x720.jpg 1280w\" data-sizes=\"auto\" loading=\"eager\">\n\t\t<\/a>\t<\/div>\n<\/div>\n\t<figcaption class=\"vp-portfolio__item-overlay vp-portfolio__item-overlay-text-align-center\">\n\t\t<div class=\"vp-portfolio__item-meta-wrap vp-portfolio__custom-scrollbar\">\n\t\t\t\t<a\n\t\thref=\"https:\/\/www.design-award.cz\/?portfolio=soukromy-interier-kuchyne\"\n\t\ttabindex=\"-1\" class=\"vp-portfolio__item-meta\" \t>\n\t\n<h2 class=\"vp-portfolio__item-meta-title\">\n\tSoukrom\u00fd interi\u00e9r &#8211; Kuchyn\u011b<\/h2>\n<\/a>\t\t<\/div>\n\t<\/figcaption>\n\t\t\t<\/figure>\n\t\t\t\t\t<\/article>\n\t\t\n\t\t<article\t\tclass=\"vp-portfolio__item-wrap post-4792 portfolio type-portfolio status-publish format-standard has-post-thumbnail hentry entry has-media vp-portfolio__item-uid-f33d4b61\" data-vp-filter=\"\" \t\t>\n\t\t\t\t\t\t\t\t\t<figure class=\"vp-portfolio__item\">\n\t\t\t\t\n<div class=\"vp-portfolio__item-img-wrap\">\n\t<div class=\"vp-portfolio__item-img\">\n\t\t\t<a\n\t\thref=\"https:\/\/www.design-award.cz\/?portfolio=produktovy-design-elegance\"\n\t\t\t>\n\t\n\t\t<noscript><img decoding=\"async\" width=\"1920\" height=\"1080\" data-skip-lazy src=\"https:\/\/www.design-award.cz\/wp-content\/uploads\/2025\/06\/viz1-1920x1080.jpg\" class=\"wp-image-4796\" alt=\"\" srcset=\"https:\/\/www.design-award.cz\/wp-content\/uploads\/2025\/06\/viz1-1920x1080.jpg 1920w, https:\/\/www.design-award.cz\/wp-content\/uploads\/2025\/06\/viz1-300x169.jpg 300w, https:\/\/www.design-award.cz\/wp-content\/uploads\/2025\/06\/viz1-1024x576.jpg 1024w, https:\/\/www.design-award.cz\/wp-content\/uploads\/2025\/06\/viz1-768x432.jpg 768w, https:\/\/www.design-award.cz\/wp-content\/uploads\/2025\/06\/viz1-1536x864.jpg 1536w, https:\/\/www.design-award.cz\/wp-content\/uploads\/2025\/06\/viz1-2048x1152.jpg 2048w, https:\/\/www.design-award.cz\/wp-content\/uploads\/2025\/06\/viz1-800x450.jpg 800w, https:\/\/www.design-award.cz\/wp-content\/uploads\/2025\/06\/viz1-500x281.jpg 500w, https:\/\/www.design-award.cz\/wp-content\/uploads\/2025\/06\/viz1-1280x720.jpg 1280w\" sizes=\"(max-width: 1920px) 100vw, 1920px\" \/><\/noscript><img decoding=\"async\" width=\"1920\" height=\"1080\" src=\"https:\/\/www.design-award.cz\/wp-content\/uploads\/2025\/06\/viz1-1920x1080.jpg\" class=\"wp-image-4796 vp-lazyload\" alt srcset=\"data:image\/svg+xml;base64,PHN2ZyB3aWR0aD0iMTkyMCIgaGVpZ2h0PSIxMDgwIiB2aWV3Qm94PSIwIDAgMTkyMCAxMDgwIiBmaWxsPSJub25lIiB4bWxucz0iaHR0cDovL3d3dy53My5vcmcvMjAwMC9zdmciPjwvc3ZnPg==\" data-src=\"https:\/\/www.design-award.cz\/wp-content\/uploads\/2025\/06\/viz1-1920x1080.jpg\" data-srcset=\"https:\/\/www.design-award.cz\/wp-content\/uploads\/2025\/06\/viz1-1920x1080.jpg 1920w, https:\/\/www.design-award.cz\/wp-content\/uploads\/2025\/06\/viz1-300x169.jpg 300w, https:\/\/www.design-award.cz\/wp-content\/uploads\/2025\/06\/viz1-1024x576.jpg 1024w, https:\/\/www.design-award.cz\/wp-content\/uploads\/2025\/06\/viz1-768x432.jpg 768w, https:\/\/www.design-award.cz\/wp-content\/uploads\/2025\/06\/viz1-1536x864.jpg 1536w, https:\/\/www.design-award.cz\/wp-content\/uploads\/2025\/06\/viz1-2048x1152.jpg 2048w, https:\/\/www.design-award.cz\/wp-content\/uploads\/2025\/06\/viz1-800x450.jpg 800w, https:\/\/www.design-award.cz\/wp-content\/uploads\/2025\/06\/viz1-500x281.jpg 500w, https:\/\/www.design-award.cz\/wp-content\/uploads\/2025\/06\/viz1-1280x720.jpg 1280w\" data-sizes=\"auto\" loading=\"eager\">\n\t\t<\/a>\t<\/div>\n<\/div>\n\t<figcaption class=\"vp-portfolio__item-overlay vp-portfolio__item-overlay-text-align-center\">\n\t\t<div class=\"vp-portfolio__item-meta-wrap vp-portfolio__custom-scrollbar\">\n\t\t\t\t<a\n\t\thref=\"https:\/\/www.design-award.cz\/?portfolio=produktovy-design-elegance\"\n\t\ttabindex=\"-1\" class=\"vp-portfolio__item-meta\" \t>\n\t\n<h2 class=\"vp-portfolio__item-meta-title\">\n\tProduktov\u00fd design &#8211; Elegance<\/h2>\n<\/a>\t\t<\/div>\n\t<\/figcaption>\n\t\t\t<\/figure>\n\t\t\t\t\t<\/article>\n\t\t\n\t\t<article\t\tclass=\"vp-portfolio__item-wrap post-4539 portfolio type-portfolio status-publish format-standard has-post-thumbnail hentry entry has-media vp-portfolio__item-uid-9d84ae0d\" data-vp-filter=\"\" \t\t>\n\t\t\t\t\t\t\t\t\t<figure class=\"vp-portfolio__item\">\n\t\t\t\t\n<div class=\"vp-portfolio__item-img-wrap\">\n\t<div class=\"vp-portfolio__item-img\">\n\t\t\t<a\n\t\thref=\"https:\/\/www.design-award.cz\/?portfolio=interierovy-design-navrh-kuchynskeho-prostoru-when-less-is-more\"\n\t\t\t>\n\t\n\t\t<noscript><img decoding=\"async\" width=\"1134\" height=\"850\" data-skip-lazy src=\"https:\/\/www.design-award.cz\/wp-content\/uploads\/2025\/05\/MelisaPalochova_kuchyn_linka.jpg\" class=\"wp-image-4543\" alt=\"\" srcset=\"https:\/\/www.design-award.cz\/wp-content\/uploads\/2025\/05\/MelisaPalochova_kuchyn_linka.jpg 1134w, https:\/\/www.design-award.cz\/wp-content\/uploads\/2025\/05\/MelisaPalochova_kuchyn_linka-300x225.jpg 300w, https:\/\/www.design-award.cz\/wp-content\/uploads\/2025\/05\/MelisaPalochova_kuchyn_linka-1024x768.jpg 1024w, https:\/\/www.design-award.cz\/wp-content\/uploads\/2025\/05\/MelisaPalochova_kuchyn_linka-768x576.jpg 768w, https:\/\/www.design-award.cz\/wp-content\/uploads\/2025\/05\/MelisaPalochova_kuchyn_linka-500x375.jpg 500w, https:\/\/www.design-award.cz\/wp-content\/uploads\/2025\/05\/MelisaPalochova_kuchyn_linka-800x600.jpg 800w\" sizes=\"(max-width: 1134px) 100vw, 1134px\" \/><\/noscript><img decoding=\"async\" width=\"1134\" height=\"850\" src=\"https:\/\/www.design-award.cz\/wp-content\/uploads\/2025\/05\/MelisaPalochova_kuchyn_linka.jpg\" class=\"wp-image-4543 vp-lazyload\" alt srcset=\"data:image\/svg+xml;base64,PHN2ZyB3aWR0aD0iMTEzNCIgaGVpZ2h0PSI4NTAiIHZpZXdCb3g9IjAgMCAxMTM0IDg1MCIgZmlsbD0ibm9uZSIgeG1sbnM9Imh0dHA6Ly93d3cudzMub3JnLzIwMDAvc3ZnIj48L3N2Zz4=\" data-src=\"https:\/\/www.design-award.cz\/wp-content\/uploads\/2025\/05\/MelisaPalochova_kuchyn_linka.jpg\" data-srcset=\"https:\/\/www.design-award.cz\/wp-content\/uploads\/2025\/05\/MelisaPalochova_kuchyn_linka.jpg 1134w, https:\/\/www.design-award.cz\/wp-content\/uploads\/2025\/05\/MelisaPalochova_kuchyn_linka-300x225.jpg 300w, https:\/\/www.design-award.cz\/wp-content\/uploads\/2025\/05\/MelisaPalochova_kuchyn_linka-1024x768.jpg 1024w, https:\/\/www.design-award.cz\/wp-content\/uploads\/2025\/05\/MelisaPalochova_kuchyn_linka-768x576.jpg 768w, https:\/\/www.design-award.cz\/wp-content\/uploads\/2025\/05\/MelisaPalochova_kuchyn_linka-500x375.jpg 500w, https:\/\/www.design-award.cz\/wp-content\/uploads\/2025\/05\/MelisaPalochova_kuchyn_linka-800x600.jpg 800w\" data-sizes=\"auto\" loading=\"eager\">\n\t\t<\/a>\t<\/div>\n<\/div>\n\t<figcaption class=\"vp-portfolio__item-overlay vp-portfolio__item-overlay-text-align-center\">\n\t\t<div class=\"vp-portfolio__item-meta-wrap vp-portfolio__custom-scrollbar\">\n\t\t\t\t<a\n\t\thref=\"https:\/\/www.design-award.cz\/?portfolio=interierovy-design-navrh-kuchynskeho-prostoru-when-less-is-more\"\n\t\ttabindex=\"-1\" class=\"vp-portfolio__item-meta\" \t>\n\t\n<h2 class=\"vp-portfolio__item-meta-title\">\n\tInteri\u00e9rov\u00fd design &#8211; N\u00c1VRH KUCHY\u0147SK\u00c9HO PROSTORU WHEN LESS IS MORE<\/h2>\n<\/a>\t\t<\/div>\n\t<\/figcaption>\n\t\t\t<\/figure>\n\t\t\t\t\t<\/article>\n\t\t\n<\/div>\n\n<div class=\"vp-portfolio__items-arrow vp-portfolio__items-arrow-prev\" tabindex=\"0\" role=\"button\" aria-label=\"Previous Slide\">\n\t\n<svg class=\"vp-svg-icon\" width=\"20\" height=\"20\" viewBox=\"0 0 20 20\" fill=\"none\" xmlns=\"http:\/\/www.w3.org\/2000\/svg\">\n\t<path d=\"M12 4L6 10L12 16\" stroke=\"currentColor\" stroke-width=\"1.5\" stroke-linecap=\"round\" stroke-linejoin=\"round\" fill=\"transparent\" \/>\n<\/svg>\n<\/div>\n<div class=\"vp-portfolio__items-arrow vp-portfolio__items-arrow-next\" tabindex=\"0\" role=\"button\" aria-label=\"Next Slide\">\n\t\n<svg class=\"vp-svg-icon\" width=\"20\" height=\"20\" viewBox=\"0 0 20 20\" fill=\"none\" xmlns=\"http:\/\/www.w3.org\/2000\/svg\">\n\t<path d=\"M8 4L14 10L8 16\" stroke=\"currentColor\" stroke-width=\"1.5\" stroke-linecap=\"round\" stroke-linejoin=\"round\" fill=\"transparent\" \/>\n<\/svg>\n<\/div>\n\t\t<\/div>\n\t\t\t\t<div class=\"vp-portfolio__layout-elements vp-portfolio__layout-elements-bottom vp-portfolio__layout-elements-align-center\">\n\t\t\t\t<div class=\"vp-portfolio__pagination-wrap\">\n\t\t\n<div class=\"vp-pagination vp-pagination__style-minimal\" data-vp-pagination-type=\"load-more\">\n\t<div class=\"vp-pagination__item\">\n\t\t<a class=\"vp-pagination__load-more\" href=\"https:\/\/www.design-award.cz\/index.php?rest_route=%2Fwp%2Fv2%2Fportfolio%2F1051&#038;vp_page=2\">\n\t\t\t<span>Load More<\/span>\n\t\t\t<span class=\"vp-pagination__load-more-loading\"><span class=\"vp-spinner\"><\/span><span class=\"vp-screen-reader-text\"> Loading More&#8230;<\/span><\/span>\n\t\t\t<span class=\"vp-pagination__load-more-no-more\">You\u2019ve reached the end of the list<\/span>\n\t\t<\/a>\n\t<\/div>\n<\/div>\n\t\t<\/div>\n\t\t\t\t<\/div>\n\t\t\n<\/div>\n<\/div>","protected":false},"excerpt":{"rendered":"<p>Monika \u0158\u00edmalov\u00e1 Akademie-vy\u0161\u0161\u00ed Odborn\u00e1 \u0160kola, Gymn\u00e1zium A St\u0159edn\u00ed Odborn\u00e1 \u0160kola Um\u011bleckopr\u016fmyslov\u00e1 Sv\u011btl\u00e1 Nad S\u00e1zavou PORCEL\u00c1NOV\u00c1 M\u00ddDLENKA &#8211; Kapka Tato m\u00fddlenka je inspirov\u00e1na kapkami vody, kter\u00e9 pomalu st\u00e9kaj\u00ed po listech strom\u016f, rostlin, a i jin\u00fdch p\u0159edm\u011bt\u016f. Pro svou m\u00fddlenku jsem proto pou\u017eila tvar podobaj\u00edc\u00ed se kapce. M\u00e1 zakulacen\u00fd tvar s prot\u00e1hl\u00fdm zob\u00e1\u010dkem, kter\u00fd funguje jako odtok [&hellip;]<\/p>\n","protected":false},"author":1,"featured_media":1052,"menu_order":0,"comment_status":"closed","ping_status":"closed","template":"","format":"standard","meta":{"ngg_post_thumbnail":0,"ocean_post_layout":"","ocean_both_sidebars_style":"","ocean_both_sidebars_content_width":0,"ocean_both_sidebars_sidebars_width":0,"ocean_sidebar":"","ocean_second_sidebar":"","ocean_disable_margins":"enable","ocean_add_body_class":"","ocean_shortcode_before_top_bar":"","ocean_shortcode_after_top_bar":"","ocean_shortcode_before_header":"","ocean_shortcode_after_header":"","ocean_has_shortcode":"","ocean_shortcode_after_title":"","ocean_shortcode_before_footer_widgets":"","ocean_shortcode_after_footer_widgets":"","ocean_shortcode_before_footer_bottom":"","ocean_shortcode_after_footer_bottom":"","ocean_display_top_bar":"default","ocean_display_header":"default","ocean_header_style":"","ocean_center_header_left_menu":"","ocean_custom_header_template":"","ocean_custom_logo":0,"ocean_custom_retina_logo":0,"ocean_custom_logo_max_width":0,"ocean_custom_logo_tablet_max_width":0,"ocean_custom_logo_mobile_max_width":0,"ocean_custom_logo_max_height":0,"ocean_custom_logo_tablet_max_height":0,"ocean_custom_logo_mobile_max_height":0,"ocean_header_custom_menu":"","ocean_menu_typo_font_family":"","ocean_menu_typo_font_subset":"","ocean_menu_typo_font_size":0,"ocean_menu_typo_font_size_tablet":0,"ocean_menu_typo_font_size_mobile":0,"ocean_menu_typo_font_size_unit":"px","ocean_menu_typo_font_weight":"","ocean_menu_typo_font_weight_tablet":"","ocean_menu_typo_font_weight_mobile":"","ocean_menu_typo_transform":"","ocean_menu_typo_transform_tablet":"","ocean_menu_typo_transform_mobile":"","ocean_menu_typo_line_height":0,"ocean_menu_typo_line_height_tablet":0,"ocean_menu_typo_line_height_mobile":0,"ocean_menu_typo_line_height_unit":"","ocean_menu_typo_spacing":0,"ocean_menu_typo_spacing_tablet":0,"ocean_menu_typo_spacing_mobile":0,"ocean_menu_typo_spacing_unit":"","ocean_menu_link_color":"","ocean_menu_link_color_hover":"","ocean_menu_link_color_active":"","ocean_menu_link_background":"","ocean_menu_link_hover_background":"","ocean_menu_link_active_background":"","ocean_menu_social_links_bg":"","ocean_menu_social_hover_links_bg":"","ocean_menu_social_links_color":"","ocean_menu_social_hover_links_color":"","ocean_disable_title":"default","ocean_disable_heading":"default","ocean_post_title":"","ocean_post_subheading":"","ocean_post_title_style":"","ocean_post_title_background_color":"","ocean_post_title_background":0,"ocean_post_title_bg_image_position":"","ocean_post_title_bg_image_attachment":"","ocean_post_title_bg_image_repeat":"","ocean_post_title_bg_image_size":"","ocean_post_title_height":0,"ocean_post_title_bg_overlay":0.5,"ocean_post_title_bg_overlay_color":"","ocean_disable_breadcrumbs":"default","ocean_breadcrumbs_color":"","ocean_breadcrumbs_separator_color":"","ocean_breadcrumbs_links_color":"","ocean_breadcrumbs_links_hover_color":"","ocean_display_footer_widgets":"default","ocean_display_footer_bottom":"default","ocean_custom_footer_template":"","_vp_format_video_url":"","_vp_image_focal_point":[],"footnotes":""},"portfolio_category":[],"portfolio_tag":[],"class_list":["post-1051","portfolio","type-portfolio","status-publish","format-standard","has-post-thumbnail","hentry","entry","has-media"],"yoast_head":"<!-- This site is optimized with the Yoast SEO plugin v25.2 - https:\/\/yoast.com\/wordpress\/plugins\/seo\/ -->\n<title>Produktov\u00fd design - Porcel\u00e1nov\u00e1 m\u00fddlenka-Kapka - design-award.cz<\/title>\n<meta name=\"robots\" content=\"index, follow, max-snippet:-1, max-image-preview:large, max-video-preview:-1\" \/>\n<link rel=\"canonical\" href=\"https:\/\/www.design-award.cz\/?portfolio=produktovy-design-porcelanova-mydlenka-kapka\" \/>\n<meta property=\"og:locale\" content=\"cs_CZ\" \/>\n<meta property=\"og:type\" content=\"article\" \/>\n<meta property=\"og:title\" content=\"Produktov\u00fd design - Porcel\u00e1nov\u00e1 m\u00fddlenka-Kapka - design-award.cz\" \/>\n<meta property=\"og:description\" content=\"Monika \u0158\u00edmalov\u00e1 Akademie-vy\u0161\u0161\u00ed Odborn\u00e1 \u0160kola, Gymn\u00e1zium A St\u0159edn\u00ed Odborn\u00e1 \u0160kola Um\u011bleckopr\u016fmyslov\u00e1 Sv\u011btl\u00e1 Nad S\u00e1zavou PORCEL\u00c1NOV\u00c1 M\u00ddDLENKA &#8211; Kapka Tato m\u00fddlenka je inspirov\u00e1na kapkami vody, kter\u00e9 pomalu st\u00e9kaj\u00ed po listech strom\u016f, rostlin, a i jin\u00fdch p\u0159edm\u011bt\u016f. Pro svou m\u00fddlenku jsem proto pou\u017eila tvar podobaj\u00edc\u00ed se kapce. M\u00e1 zakulacen\u00fd tvar s prot\u00e1hl\u00fdm zob\u00e1\u010dkem, kter\u00fd funguje jako odtok [&hellip;]\" \/>\n<meta property=\"og:url\" content=\"https:\/\/www.design-award.cz\/?portfolio=produktovy-design-porcelanova-mydlenka-kapka\" \/>\n<meta property=\"og:site_name\" content=\"design-award.cz\" \/>\n<meta property=\"article:modified_time\" content=\"2022-04-29T09:51:07+00:00\" \/>\n<meta property=\"og:image\" content=\"http:\/\/www.design-award.cz\/wp-content\/uploads\/2022\/04\/Screenshot_20220429-1027272.png\" \/>\n\t<meta property=\"og:image:width\" content=\"720\" \/>\n\t<meta property=\"og:image:height\" content=\"475\" \/>\n\t<meta property=\"og:image:type\" content=\"image\/png\" \/>\n<meta name=\"twitter:card\" content=\"summary_large_image\" \/>\n<meta name=\"twitter:label1\" content=\"Odhadovan\u00e1 doba \u010dten\u00ed\" \/>\n\t<meta name=\"twitter:data1\" content=\"2 minuty\" \/>\n<script type=\"application\/ld+json\" class=\"yoast-schema-graph\">{\"@context\":\"https:\/\/schema.org\",\"@graph\":[{\"@type\":\"WebPage\",\"@id\":\"https:\/\/www.design-award.cz\/?portfolio=produktovy-design-porcelanova-mydlenka-kapka\",\"url\":\"https:\/\/www.design-award.cz\/?portfolio=produktovy-design-porcelanova-mydlenka-kapka\",\"name\":\"Produktov\u00fd design - Porcel\u00e1nov\u00e1 m\u00fddlenka-Kapka - design-award.cz\",\"isPartOf\":{\"@id\":\"https:\/\/www.design-award.cz\/#website\"},\"primaryImageOfPage\":{\"@id\":\"https:\/\/www.design-award.cz\/?portfolio=produktovy-design-porcelanova-mydlenka-kapka#primaryimage\"},\"image\":{\"@id\":\"https:\/\/www.design-award.cz\/?portfolio=produktovy-design-porcelanova-mydlenka-kapka#primaryimage\"},\"thumbnailUrl\":\"https:\/\/www.design-award.cz\/wp-content\/uploads\/2022\/04\/Screenshot_20220429-1027272.png\",\"datePublished\":\"2022-04-29T09:51:06+00:00\",\"dateModified\":\"2022-04-29T09:51:07+00:00\",\"breadcrumb\":{\"@id\":\"https:\/\/www.design-award.cz\/?portfolio=produktovy-design-porcelanova-mydlenka-kapka#breadcrumb\"},\"inLanguage\":\"cs\",\"potentialAction\":[{\"@type\":\"ReadAction\",\"target\":[\"https:\/\/www.design-award.cz\/?portfolio=produktovy-design-porcelanova-mydlenka-kapka\"]}]},{\"@type\":\"ImageObject\",\"inLanguage\":\"cs\",\"@id\":\"https:\/\/www.design-award.cz\/?portfolio=produktovy-design-porcelanova-mydlenka-kapka#primaryimage\",\"url\":\"https:\/\/www.design-award.cz\/wp-content\/uploads\/2022\/04\/Screenshot_20220429-1027272.png\",\"contentUrl\":\"https:\/\/www.design-award.cz\/wp-content\/uploads\/2022\/04\/Screenshot_20220429-1027272.png\",\"width\":720,\"height\":475},{\"@type\":\"BreadcrumbList\",\"@id\":\"https:\/\/www.design-award.cz\/?portfolio=produktovy-design-porcelanova-mydlenka-kapka#breadcrumb\",\"itemListElement\":[{\"@type\":\"ListItem\",\"position\":1,\"name\":\"Dom\u016f\",\"item\":\"https:\/\/www.design-award.cz\/\"},{\"@type\":\"ListItem\",\"position\":2,\"name\":\"Portfolio Items\",\"item\":\"https:\/\/www.design-award.cz\/?post_type=portfolio\"},{\"@type\":\"ListItem\",\"position\":3,\"name\":\"Produktov\u00fd design &#8211; Porcel\u00e1nov\u00e1 m\u00fddlenka-Kapka\"}]},{\"@type\":\"WebSite\",\"@id\":\"https:\/\/www.design-award.cz\/#website\",\"url\":\"https:\/\/www.design-award.cz\/\",\"name\":\"design-award.cz\",\"description\":\"WARD vznikla v roce 2022. Je ur\u010dena p\u0159edev\u0161\u00edm student\u016fm st\u0159edn\u00edch um\u011bleck\u00fdch \u0161kol (S\u0160 a VO\u0160), kte\u0159\u00ed mohou bezplatn\u011b zaslat sv\u00e9 n\u00e1vrhy v uveden\u00fdch kategori\u00ed a tak pom\u011b\u0159it sv\u00e9 n\u00e1pady s konkurenc\u00ed sv\u00fdch vrstevn\u00edk\u016f. N\u00e1vrhy jsou n\u00e1sledn\u011b posouzeny nez\u00e1vislou porotou z \u0159ad v\u00fdtvarn\u00edk\u016f, pedagog\u016f a profesion\u00e1l\u016f z oboru.\",\"publisher\":{\"@id\":\"https:\/\/www.design-award.cz\/#organization\"},\"potentialAction\":[{\"@type\":\"SearchAction\",\"target\":{\"@type\":\"EntryPoint\",\"urlTemplate\":\"https:\/\/www.design-award.cz\/?s={search_term_string}\"},\"query-input\":{\"@type\":\"PropertyValueSpecification\",\"valueRequired\":true,\"valueName\":\"search_term_string\"}}],\"inLanguage\":\"cs\"},{\"@type\":\"Organization\",\"@id\":\"https:\/\/www.design-award.cz\/#organization\",\"name\":\"Design Award\",\"url\":\"https:\/\/www.design-award.cz\/\",\"logo\":{\"@type\":\"ImageObject\",\"inLanguage\":\"cs\",\"@id\":\"https:\/\/www.design-award.cz\/#\/schema\/logo\/image\/\",\"url\":\"http:\/\/www.design-award.cz\/wp-content\/uploads\/2021\/12\/hornilogo_design-award.png\",\"contentUrl\":\"http:\/\/www.design-award.cz\/wp-content\/uploads\/2021\/12\/hornilogo_design-award.png\",\"width\":800,\"height\":600,\"caption\":\"Design Award\"},\"image\":{\"@id\":\"https:\/\/www.design-award.cz\/#\/schema\/logo\/image\/\"},\"sameAs\":[\"https:\/\/www.instagram.com\/design_award\/\"]}]}<\/script>\n<!-- \/ Yoast SEO plugin. -->","yoast_head_json":{"title":"Produktov\u00fd design - Porcel\u00e1nov\u00e1 m\u00fddlenka-Kapka - design-award.cz","robots":{"index":"index","follow":"follow","max-snippet":"max-snippet:-1","max-image-preview":"max-image-preview:large","max-video-preview":"max-video-preview:-1"},"canonical":"https:\/\/www.design-award.cz\/?portfolio=produktovy-design-porcelanova-mydlenka-kapka","og_locale":"cs_CZ","og_type":"article","og_title":"Produktov\u00fd design - Porcel\u00e1nov\u00e1 m\u00fddlenka-Kapka - design-award.cz","og_description":"Monika \u0158\u00edmalov\u00e1 Akademie-vy\u0161\u0161\u00ed Odborn\u00e1 \u0160kola, Gymn\u00e1zium A St\u0159edn\u00ed Odborn\u00e1 \u0160kola Um\u011bleckopr\u016fmyslov\u00e1 Sv\u011btl\u00e1 Nad S\u00e1zavou PORCEL\u00c1NOV\u00c1 M\u00ddDLENKA &#8211; Kapka Tato m\u00fddlenka je inspirov\u00e1na kapkami vody, kter\u00e9 pomalu st\u00e9kaj\u00ed po listech strom\u016f, rostlin, a i jin\u00fdch p\u0159edm\u011bt\u016f. Pro svou m\u00fddlenku jsem proto pou\u017eila tvar podobaj\u00edc\u00ed se kapce. M\u00e1 zakulacen\u00fd tvar s prot\u00e1hl\u00fdm zob\u00e1\u010dkem, kter\u00fd funguje jako odtok [&hellip;]","og_url":"https:\/\/www.design-award.cz\/?portfolio=produktovy-design-porcelanova-mydlenka-kapka","og_site_name":"design-award.cz","article_modified_time":"2022-04-29T09:51:07+00:00","og_image":[{"width":720,"height":475,"url":"http:\/\/www.design-award.cz\/wp-content\/uploads\/2022\/04\/Screenshot_20220429-1027272.png","type":"image\/png"}],"twitter_card":"summary_large_image","twitter_misc":{"Odhadovan\u00e1 doba \u010dten\u00ed":"2 minuty"},"schema":{"@context":"https:\/\/schema.org","@graph":[{"@type":"WebPage","@id":"https:\/\/www.design-award.cz\/?portfolio=produktovy-design-porcelanova-mydlenka-kapka","url":"https:\/\/www.design-award.cz\/?portfolio=produktovy-design-porcelanova-mydlenka-kapka","name":"Produktov\u00fd design - Porcel\u00e1nov\u00e1 m\u00fddlenka-Kapka - design-award.cz","isPartOf":{"@id":"https:\/\/www.design-award.cz\/#website"},"primaryImageOfPage":{"@id":"https:\/\/www.design-award.cz\/?portfolio=produktovy-design-porcelanova-mydlenka-kapka#primaryimage"},"image":{"@id":"https:\/\/www.design-award.cz\/?portfolio=produktovy-design-porcelanova-mydlenka-kapka#primaryimage"},"thumbnailUrl":"https:\/\/www.design-award.cz\/wp-content\/uploads\/2022\/04\/Screenshot_20220429-1027272.png","datePublished":"2022-04-29T09:51:06+00:00","dateModified":"2022-04-29T09:51:07+00:00","breadcrumb":{"@id":"https:\/\/www.design-award.cz\/?portfolio=produktovy-design-porcelanova-mydlenka-kapka#breadcrumb"},"inLanguage":"cs","potentialAction":[{"@type":"ReadAction","target":["https:\/\/www.design-award.cz\/?portfolio=produktovy-design-porcelanova-mydlenka-kapka"]}]},{"@type":"ImageObject","inLanguage":"cs","@id":"https:\/\/www.design-award.cz\/?portfolio=produktovy-design-porcelanova-mydlenka-kapka#primaryimage","url":"https:\/\/www.design-award.cz\/wp-content\/uploads\/2022\/04\/Screenshot_20220429-1027272.png","contentUrl":"https:\/\/www.design-award.cz\/wp-content\/uploads\/2022\/04\/Screenshot_20220429-1027272.png","width":720,"height":475},{"@type":"BreadcrumbList","@id":"https:\/\/www.design-award.cz\/?portfolio=produktovy-design-porcelanova-mydlenka-kapka#breadcrumb","itemListElement":[{"@type":"ListItem","position":1,"name":"Dom\u016f","item":"https:\/\/www.design-award.cz\/"},{"@type":"ListItem","position":2,"name":"Portfolio Items","item":"https:\/\/www.design-award.cz\/?post_type=portfolio"},{"@type":"ListItem","position":3,"name":"Produktov\u00fd design &#8211; Porcel\u00e1nov\u00e1 m\u00fddlenka-Kapka"}]},{"@type":"WebSite","@id":"https:\/\/www.design-award.cz\/#website","url":"https:\/\/www.design-award.cz\/","name":"design-award.cz","description":"WARD vznikla v roce 2022. Je ur\u010dena p\u0159edev\u0161\u00edm student\u016fm st\u0159edn\u00edch um\u011bleck\u00fdch \u0161kol (S\u0160 a VO\u0160), kte\u0159\u00ed mohou bezplatn\u011b zaslat sv\u00e9 n\u00e1vrhy v uveden\u00fdch kategori\u00ed a tak pom\u011b\u0159it sv\u00e9 n\u00e1pady s konkurenc\u00ed sv\u00fdch vrstevn\u00edk\u016f. N\u00e1vrhy jsou n\u00e1sledn\u011b posouzeny nez\u00e1vislou porotou z \u0159ad v\u00fdtvarn\u00edk\u016f, pedagog\u016f a profesion\u00e1l\u016f z oboru.","publisher":{"@id":"https:\/\/www.design-award.cz\/#organization"},"potentialAction":[{"@type":"SearchAction","target":{"@type":"EntryPoint","urlTemplate":"https:\/\/www.design-award.cz\/?s={search_term_string}"},"query-input":{"@type":"PropertyValueSpecification","valueRequired":true,"valueName":"search_term_string"}}],"inLanguage":"cs"},{"@type":"Organization","@id":"https:\/\/www.design-award.cz\/#organization","name":"Design Award","url":"https:\/\/www.design-award.cz\/","logo":{"@type":"ImageObject","inLanguage":"cs","@id":"https:\/\/www.design-award.cz\/#\/schema\/logo\/image\/","url":"http:\/\/www.design-award.cz\/wp-content\/uploads\/2021\/12\/hornilogo_design-award.png","contentUrl":"http:\/\/www.design-award.cz\/wp-content\/uploads\/2021\/12\/hornilogo_design-award.png","width":800,"height":600,"caption":"Design Award"},"image":{"@id":"https:\/\/www.design-award.cz\/#\/schema\/logo\/image\/"},"sameAs":["https:\/\/www.instagram.com\/design_award\/"]}]}},"_links":{"self":[{"href":"https:\/\/www.design-award.cz\/index.php?rest_route=\/wp\/v2\/portfolio\/1051","targetHints":{"allow":["GET"]}}],"collection":[{"href":"https:\/\/www.design-award.cz\/index.php?rest_route=\/wp\/v2\/portfolio"}],"about":[{"href":"https:\/\/www.design-award.cz\/index.php?rest_route=\/wp\/v2\/types\/portfolio"}],"author":[{"embeddable":true,"href":"https:\/\/www.design-award.cz\/index.php?rest_route=\/wp\/v2\/users\/1"}],"replies":[{"embeddable":true,"href":"https:\/\/www.design-award.cz\/index.php?rest_route=%2Fwp%2Fv2%2Fcomments&post=1051"}],"version-history":[{"count":1,"href":"https:\/\/www.design-award.cz\/index.php?rest_route=\/wp\/v2\/portfolio\/1051\/revisions"}],"predecessor-version":[{"id":1055,"href":"https:\/\/www.design-award.cz\/index.php?rest_route=\/wp\/v2\/portfolio\/1051\/revisions\/1055"}],"wp:featuredmedia":[{"embeddable":true,"href":"https:\/\/www.design-award.cz\/index.php?rest_route=\/wp\/v2\/media\/1052"}],"wp:attachment":[{"href":"https:\/\/www.design-award.cz\/index.php?rest_route=%2Fwp%2Fv2%2Fmedia&parent=1051"}],"wp:term":[{"taxonomy":"portfolio_category","embeddable":true,"href":"https:\/\/www.design-award.cz\/index.php?rest_route=%2Fwp%2Fv2%2Fportfolio_category&post=1051"},{"taxonomy":"portfolio_tag","embeddable":true,"href":"https:\/\/www.design-award.cz\/index.php?rest_route=%2Fwp%2Fv2%2Fportfolio_tag&post=1051"}],"curies":[{"name":"wp","href":"https:\/\/api.w.org\/{rel}","templated":true}]}}