{"id":1079,"date":"2022-04-29T18:13:29","date_gmt":"2022-04-29T18:13:29","guid":{"rendered":"https:\/\/www.design-award.cz\/?post_type=portfolio&#038;p=1079"},"modified":"2022-04-29T18:13:30","modified_gmt":"2022-04-29T18:13:30","slug":"soukromy-interier-garsoniera-pro-studentsky-par-3","status":"publish","type":"portfolio","link":"https:\/\/www.design-award.cz\/?portfolio=soukromy-interier-garsoniera-pro-studentsky-par-3","title":{"rendered":"Soukrom\u00fd interi\u00e9r &#8211; Garsoniera pro studentsk\u00fd p\u00e1r"},"content":{"rendered":"\n<h2 class=\"wp-block-heading\">S\u00e1ra Fedurcov\u00e1<\/h2>\n\n\n\n<p><strong>St\u0159edn\u00ed odborn\u00e1 \u0161kola obchodu, u\u017eit\u00e9ho um\u011bn\u00ed a designu, Nerudova 33, Plze\u0148<\/strong><\/p>\n\n\n\n<p>N\u00e1vrh interi\u00e9ru garsoni\u00e9ry<br>Zad\u00e1n\u00edm bylo vytvo\u0159it design interi\u00e9ru garsoni\u00e9ry pro mlad\u00fd p\u00e1r a v tomto prostoru navrhnout vlastn\u00ed kuchy\u0148skou linku.\u00a0<br>Z\u00e1kladem byl koncept kvalitn\u00ed dispozice vzhledem k omezen\u00e9mu prostoru garsonky. Jedin\u00e1\u00a0 m\u00edstnost nahrazuje kuchy\u0148, pracovnu, ob\u00fdvac\u00ed pokoj a lo\u017enici. Celkovou plochu bylo pot\u0159eba\u00a0 vizu\u00e1ln\u011b rozd\u011blit, aby m\u011bli potenci\u00e1ln\u00ed u\u017eivatel\u00e9 mo\u017enost v\u011bnovat se odli\u0161n\u00fdm aktivit\u00e1m\u00a0 v jednom \u010dase a na jednom m\u00edst\u011b.\u00a0<br>Co se t\u00fd\u010de designu, inspirovala jsem se minimalistick\u00fdmi seversk\u00fdmi interi\u00e9ry. Vzhledem k\u00a0 jaksi divok\u00e9 kombinaci n\u00e1bytku zvolen\u00e9 kv\u016fli rozmanit\u00e9 funkci interi\u00e9ru jsem volila pouze\u00a0 neutr\u00e1ln\u00ed barvy, jako je b\u00edl\u00e1, sv\u011btle \u0161ed\u00e1 a b\u00e9\u017eov\u00e1. Tyto odst\u00edny jsem kombinovala p\u0159edev\u0161\u00edm s\u00a0 d\u0159ev\u011bn\u00fdmi materi\u00e1ly. Prostor by tak m\u011bl p\u016fsobit uklid\u0148uj\u00edc\u00edm p\u0159\u00edrodn\u00edm dojmem.\u00a0<br>Zad\u00e1n\u00ed t\u00e9\u017e obsahovalo pokyn vybavit m\u00edstnost ur\u010dit\u00fdmi z\u00e1jmov\u00fdmi p\u0159edm\u011bty. Ve vizualizac\u00edch\u00a0 proto naleznete r\u016fzn\u00e9 hudebn\u00ed n\u00e1stroje a elektronick\u00e9 p\u0159ehr\u00e1va\u010de. I na tak mal\u00e9 plo\u0161e lze\u00a0 takov\u00e9mu vybaven\u00ed vyhradit m\u00edsto, co\u017e p\u0159\u00edhodn\u011b odpov\u00edd\u00e1 pot\u0159eb\u00e1m b\u011b\u017en\u00fdch z\u00e1kazn\u00edk\u016f.<\/p>\n\n\n\n<figure class=\"wp-block-image size-large\"><img decoding=\"async\" width=\"1024\" height=\"494\" data-src=\"http:\/\/www.design-award.cz\/wp-content\/uploads\/2022\/04\/Fedurcova-garsoniera-3-1024x494.jpg\" alt=\"\" class=\"wp-image-1083 lazyload\" data-srcset=\"https:\/\/www.design-award.cz\/wp-content\/uploads\/2022\/04\/Fedurcova-garsoniera-3-1024x494.jpg 1024w, https:\/\/www.design-award.cz\/wp-content\/uploads\/2022\/04\/Fedurcova-garsoniera-3-300x145.jpg 300w, https:\/\/www.design-award.cz\/wp-content\/uploads\/2022\/04\/Fedurcova-garsoniera-3-768x371.jpg 768w, https:\/\/www.design-award.cz\/wp-content\/uploads\/2022\/04\/Fedurcova-garsoniera-3-1536x741.jpg 1536w, https:\/\/www.design-award.cz\/wp-content\/uploads\/2022\/04\/Fedurcova-garsoniera-3-500x241.jpg 500w, https:\/\/www.design-award.cz\/wp-content\/uploads\/2022\/04\/Fedurcova-garsoniera-3-800x386.jpg 800w, https:\/\/www.design-award.cz\/wp-content\/uploads\/2022\/04\/Fedurcova-garsoniera-3-1280x618.jpg 1280w, https:\/\/www.design-award.cz\/wp-content\/uploads\/2022\/04\/Fedurcova-garsoniera-3.jpg 1552w\" data-sizes=\"(max-width: 1024px) 100vw, 1024px\" src=\"data:image\/svg+xml;base64,PHN2ZyB3aWR0aD0iMSIgaGVpZ2h0PSIxIiB4bWxucz0iaHR0cDovL3d3dy53My5vcmcvMjAwMC9zdmciPjwvc3ZnPg==\" style=\"--smush-placeholder-width: 1024px; --smush-placeholder-aspect-ratio: 1024\/494;\" \/><\/figure>\n\n\n\n<figure class=\"wp-block-image size-large\"><img decoding=\"async\" width=\"1024\" height=\"485\" data-src=\"http:\/\/www.design-award.cz\/wp-content\/uploads\/2022\/04\/Fedurcova-garsoniera-2-1024x485.jpg\" alt=\"\" class=\"wp-image-1082 lazyload\" data-srcset=\"https:\/\/www.design-award.cz\/wp-content\/uploads\/2022\/04\/Fedurcova-garsoniera-2-1024x485.jpg 1024w, https:\/\/www.design-award.cz\/wp-content\/uploads\/2022\/04\/Fedurcova-garsoniera-2-300x142.jpg 300w, https:\/\/www.design-award.cz\/wp-content\/uploads\/2022\/04\/Fedurcova-garsoniera-2-768x364.jpg 768w, https:\/\/www.design-award.cz\/wp-content\/uploads\/2022\/04\/Fedurcova-garsoniera-2-1536x728.jpg 1536w, https:\/\/www.design-award.cz\/wp-content\/uploads\/2022\/04\/Fedurcova-garsoniera-2-500x237.jpg 500w, https:\/\/www.design-award.cz\/wp-content\/uploads\/2022\/04\/Fedurcova-garsoniera-2-800x379.jpg 800w, https:\/\/www.design-award.cz\/wp-content\/uploads\/2022\/04\/Fedurcova-garsoniera-2-1280x607.jpg 1280w, https:\/\/www.design-award.cz\/wp-content\/uploads\/2022\/04\/Fedurcova-garsoniera-2.jpg 1580w\" data-sizes=\"(max-width: 1024px) 100vw, 1024px\" src=\"data:image\/svg+xml;base64,PHN2ZyB3aWR0aD0iMSIgaGVpZ2h0PSIxIiB4bWxucz0iaHR0cDovL3d3dy53My5vcmcvMjAwMC9zdmciPjwvc3ZnPg==\" style=\"--smush-placeholder-width: 1024px; --smush-placeholder-aspect-ratio: 1024\/485;\" \/><\/figure>\n\n\n\n<figure class=\"wp-block-image size-large\"><img decoding=\"async\" width=\"724\" height=\"1024\" data-src=\"http:\/\/www.design-award.cz\/wp-content\/uploads\/2022\/04\/Fedurcova-dispozice-724x1024.jpg\" alt=\"\" class=\"wp-image-1080 lazyload\" data-srcset=\"https:\/\/www.design-award.cz\/wp-content\/uploads\/2022\/04\/Fedurcova-dispozice-724x1024.jpg 724w, https:\/\/www.design-award.cz\/wp-content\/uploads\/2022\/04\/Fedurcova-dispozice-212x300.jpg 212w, https:\/\/www.design-award.cz\/wp-content\/uploads\/2022\/04\/Fedurcova-dispozice-768x1087.jpg 768w, https:\/\/www.design-award.cz\/wp-content\/uploads\/2022\/04\/Fedurcova-dispozice-1085x1536.jpg 1085w, https:\/\/www.design-award.cz\/wp-content\/uploads\/2022\/04\/Fedurcova-dispozice-500x708.jpg 500w, https:\/\/www.design-award.cz\/wp-content\/uploads\/2022\/04\/Fedurcova-dispozice-800x1132.jpg 800w, https:\/\/www.design-award.cz\/wp-content\/uploads\/2022\/04\/Fedurcova-dispozice.jpg 1190w\" data-sizes=\"(max-width: 724px) 100vw, 724px\" src=\"data:image\/svg+xml;base64,PHN2ZyB3aWR0aD0iMSIgaGVpZ2h0PSIxIiB4bWxucz0iaHR0cDovL3d3dy53My5vcmcvMjAwMC9zdmciPjwvc3ZnPg==\" style=\"--smush-placeholder-width: 724px; --smush-placeholder-aspect-ratio: 724\/1024;\" \/><\/figure>\n\n\n<div class=\"wp-block-visual-portfolio\">\n<div class=\"vp-portfolio vp-uid-2ece4a06 vp-id-607\"\n\tdata-vp-layout=\"slider\" data-vp-content-source=\"post-based\" data-vp-items-style=\"fade\" data-vp-items-click-action=\"url\" data-vp-items-gap=\"12\" data-vp-items-gap-vertical=\"\" data-vp-pagination=\"load-more\" data-vp-next-page-url=\"https:\/\/www.design-award.cz\/index.php?rest_route=%2Fwp%2Fv2%2Fportfolio%2F1079&#038;vp_page=2\" data-vp-random-seed=\"1265400915\" data-vp-slider-effect=\"slide\" data-vp-slider-items-height=\"80%\" data-vp-slider-items-min-height=\"\" data-vp-slider-slides-per-view=\"3\" data-vp-slider-speed=\"0.3\" data-vp-slider-autoplay=\"4.8\" data-vp-slider-autoplay-hover-pause=\"false\" data-vp-slider-centered-slides=\"true\" data-vp-slider-loop=\"true\" data-vp-slider-free-mode=\"false\" data-vp-slider-free-mode-sticky=\"false\" data-vp-slider-arrows=\"true\" data-vp-slider-bullets=\"false\" data-vp-slider-bullets-dynamic=\"false\" data-vp-slider-mousewheel=\"false\" data-vp-slider-thumbnails=\"false\" >\n\t<div class=\"vp-portfolio__preloader-wrap\">\n\t\t<div class=\"vp-portfolio__preloader\">\n\t\t\t<img decoding=\"async\" loading=\"eager\" src=\"https:\/\/www.design-award.cz\/wp-content\/plugins\/visual-portfolio\/assets\/images\/logo-dark.svg\" alt=\"Visual Portfolio, Posts &amp; Image Gallery for WordPress\" width=\"20\" height=\"20\" data-skip-lazy>\n\t\t<\/div>\n\t<\/div>\n\t\t<div class=\"vp-portfolio__items-wrap\">\n\t\t\t\n<div class=\"vp-portfolio__items vp-portfolio__items-style-fade vp-portfolio__items-show-overlay-hover\">\n\n\t\t<article\t\tclass=\"vp-portfolio__item-wrap post-2540 portfolio type-portfolio status-publish format-standard has-post-thumbnail hentry portfolio_category-soutezici-2023 entry has-media vp-portfolio__item-uid-8e72dfb2\" data-vp-filter=\"soutezici-2023\" \t\t>\n\t\t\t\t\t\t\t\t\t<figure class=\"vp-portfolio__item\">\n\t\t\t\t\n<div class=\"vp-portfolio__item-img-wrap\">\n\t<div class=\"vp-portfolio__item-img\">\n\t\t\t<a\n\t\thref=\"https:\/\/www.design-award.cz\/?portfolio=produktovy-design-minutebrew-vacuum-pot-na-kavu\"\n\t\t\t>\n\t\n\t\t<noscript><img decoding=\"async\" width=\"1920\" height=\"2400\" data-skip-lazy src=\"https:\/\/www.design-award.cz\/wp-content\/uploads\/2023\/04\/rendervp2-1920x2400.png\" class=\"wp-image-2541\" alt=\"\" srcset=\"https:\/\/www.design-award.cz\/wp-content\/uploads\/2023\/04\/rendervp2-1920x2400.png 1920w, https:\/\/www.design-award.cz\/wp-content\/uploads\/2023\/04\/rendervp2-240x300.png 240w, https:\/\/www.design-award.cz\/wp-content\/uploads\/2023\/04\/rendervp2-819x1024.png 819w, https:\/\/www.design-award.cz\/wp-content\/uploads\/2023\/04\/rendervp2-768x960.png 768w, https:\/\/www.design-award.cz\/wp-content\/uploads\/2023\/04\/rendervp2-1229x1536.png 1229w, https:\/\/www.design-award.cz\/wp-content\/uploads\/2023\/04\/rendervp2-1638x2048.png 1638w, https:\/\/www.design-award.cz\/wp-content\/uploads\/2023\/04\/rendervp2-500x625.png 500w, https:\/\/www.design-award.cz\/wp-content\/uploads\/2023\/04\/rendervp2-800x1000.png 800w, https:\/\/www.design-award.cz\/wp-content\/uploads\/2023\/04\/rendervp2-1280x1600.png 1280w, https:\/\/www.design-award.cz\/wp-content\/uploads\/2023\/04\/rendervp2.png 2000w\" sizes=\"(max-width: 1920px) 100vw, 1920px\" \/><\/noscript><img fetchpriority=\"high\" decoding=\"async\" width=\"1920\" height=\"2400\" src=\"https:\/\/www.design-award.cz\/wp-content\/uploads\/2023\/04\/rendervp2-1920x2400.png\" class=\"wp-image-2541 vp-lazyload\" alt srcset=\"data:image\/svg+xml;base64,PHN2ZyB3aWR0aD0iMTkyMCIgaGVpZ2h0PSIyNDAwIiB2aWV3Qm94PSIwIDAgMTkyMCAyNDAwIiBmaWxsPSJub25lIiB4bWxucz0iaHR0cDovL3d3dy53My5vcmcvMjAwMC9zdmciPjwvc3ZnPg==\" data-src=\"https:\/\/www.design-award.cz\/wp-content\/uploads\/2023\/04\/rendervp2-1920x2400.png\" data-srcset=\"https:\/\/www.design-award.cz\/wp-content\/uploads\/2023\/04\/rendervp2-1920x2400.png 1920w, https:\/\/www.design-award.cz\/wp-content\/uploads\/2023\/04\/rendervp2-240x300.png 240w, https:\/\/www.design-award.cz\/wp-content\/uploads\/2023\/04\/rendervp2-819x1024.png 819w, https:\/\/www.design-award.cz\/wp-content\/uploads\/2023\/04\/rendervp2-768x960.png 768w, https:\/\/www.design-award.cz\/wp-content\/uploads\/2023\/04\/rendervp2-1229x1536.png 1229w, https:\/\/www.design-award.cz\/wp-content\/uploads\/2023\/04\/rendervp2-1638x2048.png 1638w, https:\/\/www.design-award.cz\/wp-content\/uploads\/2023\/04\/rendervp2-500x625.png 500w, https:\/\/www.design-award.cz\/wp-content\/uploads\/2023\/04\/rendervp2-800x1000.png 800w, https:\/\/www.design-award.cz\/wp-content\/uploads\/2023\/04\/rendervp2-1280x1600.png 1280w, https:\/\/www.design-award.cz\/wp-content\/uploads\/2023\/04\/rendervp2.png 2000w\" data-sizes=\"auto\" loading=\"eager\">\n\t\t<\/a>\t<\/div>\n<\/div>\n\t<figcaption class=\"vp-portfolio__item-overlay vp-portfolio__item-overlay-text-align-center\">\n\t\t<div class=\"vp-portfolio__item-meta-wrap vp-portfolio__custom-scrollbar\">\n\t\t\t\t<a\n\t\thref=\"https:\/\/www.design-award.cz\/?portfolio=produktovy-design-minutebrew-vacuum-pot-na-kavu\"\n\t\ttabindex=\"-1\" class=\"vp-portfolio__item-meta\" \t>\n\t\n<div class=\"vp-portfolio__item-meta-categories\">\n\t\t\t<div class=\"vp-portfolio__item-meta-category\">\n\t\t\t\t<span\t\t\t>\n\tSOUT\u011a\u017d\u00cdC\u00cd 2023<\/span>\t\t<\/div>\n\t\t<\/div>\n\n<h2 class=\"vp-portfolio__item-meta-title\">\n\tProduktov\u00fd design &#8211; Minutebrew &#8211; vacuum pot na k\u00e1vu<\/h2>\n<\/a>\t\t<\/div>\n\t<\/figcaption>\n\t\t\t<\/figure>\n\t\t\t\t\t<\/article>\n\t\t\n\t\t<article\t\tclass=\"vp-portfolio__item-wrap post-3443 portfolio type-portfolio status-publish format-standard has-post-thumbnail hentry entry has-media vp-portfolio__item-uid-ae05835a\" data-vp-filter=\"\" \t\t>\n\t\t\t\t\t\t\t\t\t<figure class=\"vp-portfolio__item\">\n\t\t\t\t\n<div class=\"vp-portfolio__item-img-wrap\">\n\t<div class=\"vp-portfolio__item-img\">\n\t\t\t<a\n\t\thref=\"https:\/\/www.design-award.cz\/?portfolio=soukromy-interier-redream\"\n\t\t\t>\n\t\n\t\t<noscript><img decoding=\"async\" width=\"1920\" height=\"1440\" data-skip-lazy src=\"https:\/\/www.design-award.cz\/wp-content\/uploads\/2024\/06\/viz2-reDream-1920x1440.jpg\" class=\"wp-image-3454\" alt=\"\" srcset=\"https:\/\/www.design-award.cz\/wp-content\/uploads\/2024\/06\/viz2-reDream-1920x1440.jpg 1920w, https:\/\/www.design-award.cz\/wp-content\/uploads\/2024\/06\/viz2-reDream-300x225.jpg 300w, https:\/\/www.design-award.cz\/wp-content\/uploads\/2024\/06\/viz2-reDream-1024x768.jpg 1024w, https:\/\/www.design-award.cz\/wp-content\/uploads\/2024\/06\/viz2-reDream-768x576.jpg 768w, https:\/\/www.design-award.cz\/wp-content\/uploads\/2024\/06\/viz2-reDream-1536x1152.jpg 1536w, https:\/\/www.design-award.cz\/wp-content\/uploads\/2024\/06\/viz2-reDream-2048x1536.jpg 2048w, https:\/\/www.design-award.cz\/wp-content\/uploads\/2024\/06\/viz2-reDream-500x375.jpg 500w, https:\/\/www.design-award.cz\/wp-content\/uploads\/2024\/06\/viz2-reDream-800x600.jpg 800w, https:\/\/www.design-award.cz\/wp-content\/uploads\/2024\/06\/viz2-reDream-1280x960.jpg 1280w\" sizes=\"(max-width: 1920px) 100vw, 1920px\" \/><\/noscript><img decoding=\"async\" width=\"1920\" height=\"1440\" src=\"https:\/\/www.design-award.cz\/wp-content\/uploads\/2024\/06\/viz2-reDream-1920x1440.jpg\" class=\"wp-image-3454 vp-lazyload\" alt srcset=\"data:image\/svg+xml;base64,PHN2ZyB3aWR0aD0iMTkyMCIgaGVpZ2h0PSIxNDQwIiB2aWV3Qm94PSIwIDAgMTkyMCAxNDQwIiBmaWxsPSJub25lIiB4bWxucz0iaHR0cDovL3d3dy53My5vcmcvMjAwMC9zdmciPjwvc3ZnPg==\" data-src=\"https:\/\/www.design-award.cz\/wp-content\/uploads\/2024\/06\/viz2-reDream-1920x1440.jpg\" data-srcset=\"https:\/\/www.design-award.cz\/wp-content\/uploads\/2024\/06\/viz2-reDream-1920x1440.jpg 1920w, https:\/\/www.design-award.cz\/wp-content\/uploads\/2024\/06\/viz2-reDream-300x225.jpg 300w, https:\/\/www.design-award.cz\/wp-content\/uploads\/2024\/06\/viz2-reDream-1024x768.jpg 1024w, https:\/\/www.design-award.cz\/wp-content\/uploads\/2024\/06\/viz2-reDream-768x576.jpg 768w, https:\/\/www.design-award.cz\/wp-content\/uploads\/2024\/06\/viz2-reDream-1536x1152.jpg 1536w, https:\/\/www.design-award.cz\/wp-content\/uploads\/2024\/06\/viz2-reDream-2048x1536.jpg 2048w, https:\/\/www.design-award.cz\/wp-content\/uploads\/2024\/06\/viz2-reDream-500x375.jpg 500w, https:\/\/www.design-award.cz\/wp-content\/uploads\/2024\/06\/viz2-reDream-800x600.jpg 800w, https:\/\/www.design-award.cz\/wp-content\/uploads\/2024\/06\/viz2-reDream-1280x960.jpg 1280w\" data-sizes=\"auto\" loading=\"eager\">\n\t\t<\/a>\t<\/div>\n<\/div>\n\t<figcaption class=\"vp-portfolio__item-overlay vp-portfolio__item-overlay-text-align-center\">\n\t\t<div class=\"vp-portfolio__item-meta-wrap vp-portfolio__custom-scrollbar\">\n\t\t\t\t<a\n\t\thref=\"https:\/\/www.design-award.cz\/?portfolio=soukromy-interier-redream\"\n\t\ttabindex=\"-1\" class=\"vp-portfolio__item-meta\" \t>\n\t\n<h2 class=\"vp-portfolio__item-meta-title\">\n\tSoukrom\u00fd interi\u00e9r &#8211; reDream<\/h2>\n<\/a>\t\t<\/div>\n\t<\/figcaption>\n\t\t\t<\/figure>\n\t\t\t\t\t<\/article>\n\t\t\n\t\t<article\t\tclass=\"vp-portfolio__item-wrap post-763 portfolio type-portfolio status-publish format-standard has-post-thumbnail hentry entry has-media vp-portfolio__item-uid-70d83f00\" data-vp-filter=\"\" \t\t>\n\t\t\t\t\t\t\t\t\t<figure class=\"vp-portfolio__item\">\n\t\t\t\t\n<div class=\"vp-portfolio__item-img-wrap\">\n\t<div class=\"vp-portfolio__item-img\">\n\t\t\t<a\n\t\thref=\"https:\/\/www.design-award.cz\/?portfolio=soukromy-interier-spolecenska-cast-rodinneho-domu-2\"\n\t\t\t>\n\t\n\t\t<noscript><img decoding=\"async\" width=\"1920\" height=\"1080\" data-skip-lazy src=\"https:\/\/www.design-award.cz\/wp-content\/uploads\/2022\/04\/Image17.png\" class=\"wp-image-766\" alt=\"\" srcset=\"https:\/\/www.design-award.cz\/wp-content\/uploads\/2022\/04\/Image17.png 1920w, https:\/\/www.design-award.cz\/wp-content\/uploads\/2022\/04\/Image17-300x169.png 300w, https:\/\/www.design-award.cz\/wp-content\/uploads\/2022\/04\/Image17-1024x576.png 1024w, https:\/\/www.design-award.cz\/wp-content\/uploads\/2022\/04\/Image17-768x432.png 768w, https:\/\/www.design-award.cz\/wp-content\/uploads\/2022\/04\/Image17-1536x864.png 1536w, https:\/\/www.design-award.cz\/wp-content\/uploads\/2022\/04\/Image17-500x281.png 500w, https:\/\/www.design-award.cz\/wp-content\/uploads\/2022\/04\/Image17-800x450.png 800w, https:\/\/www.design-award.cz\/wp-content\/uploads\/2022\/04\/Image17-1280x720.png 1280w\" sizes=\"(max-width: 1920px) 100vw, 1920px\" \/><\/noscript><img decoding=\"async\" width=\"1920\" height=\"1080\" src=\"https:\/\/www.design-award.cz\/wp-content\/uploads\/2022\/04\/Image17.png\" class=\"wp-image-766 vp-lazyload\" alt srcset=\"data:image\/svg+xml;base64,PHN2ZyB3aWR0aD0iMTkyMCIgaGVpZ2h0PSIxMDgwIiB2aWV3Qm94PSIwIDAgMTkyMCAxMDgwIiBmaWxsPSJub25lIiB4bWxucz0iaHR0cDovL3d3dy53My5vcmcvMjAwMC9zdmciPjwvc3ZnPg==\" data-src=\"https:\/\/www.design-award.cz\/wp-content\/uploads\/2022\/04\/Image17.png\" data-srcset=\"https:\/\/www.design-award.cz\/wp-content\/uploads\/2022\/04\/Image17.png 1920w, https:\/\/www.design-award.cz\/wp-content\/uploads\/2022\/04\/Image17-300x169.png 300w, https:\/\/www.design-award.cz\/wp-content\/uploads\/2022\/04\/Image17-1024x576.png 1024w, https:\/\/www.design-award.cz\/wp-content\/uploads\/2022\/04\/Image17-768x432.png 768w, https:\/\/www.design-award.cz\/wp-content\/uploads\/2022\/04\/Image17-1536x864.png 1536w, https:\/\/www.design-award.cz\/wp-content\/uploads\/2022\/04\/Image17-500x281.png 500w, https:\/\/www.design-award.cz\/wp-content\/uploads\/2022\/04\/Image17-800x450.png 800w, https:\/\/www.design-award.cz\/wp-content\/uploads\/2022\/04\/Image17-1280x720.png 1280w\" data-sizes=\"auto\" loading=\"eager\">\n\t\t<\/a>\t<\/div>\n<\/div>\n\t<figcaption class=\"vp-portfolio__item-overlay vp-portfolio__item-overlay-text-align-center\">\n\t\t<div class=\"vp-portfolio__item-meta-wrap vp-portfolio__custom-scrollbar\">\n\t\t\t\t<a\n\t\thref=\"https:\/\/www.design-award.cz\/?portfolio=soukromy-interier-spolecenska-cast-rodinneho-domu-2\"\n\t\ttabindex=\"-1\" class=\"vp-portfolio__item-meta\" \t>\n\t\n<h2 class=\"vp-portfolio__item-meta-title\">\n\tSoukrom\u00fd interi\u00e9r &#8211; Spole\u010densk\u00e1 \u010d\u00e1st rodinn\u00e9ho domu<\/h2>\n<\/a>\t\t<\/div>\n\t<\/figcaption>\n\t\t\t<\/figure>\n\t\t\t\t\t<\/article>\n\t\t\n\t\t<article\t\tclass=\"vp-portfolio__item-wrap post-4324 portfolio type-portfolio status-publish format-standard has-post-thumbnail hentry entry has-media vp-portfolio__item-uid-fea39f43\" data-vp-filter=\"\" \t\t>\n\t\t\t\t\t\t\t\t\t<figure class=\"vp-portfolio__item\">\n\t\t\t\t\n<div class=\"vp-portfolio__item-img-wrap\">\n\t<div class=\"vp-portfolio__item-img\">\n\t\t\t<a\n\t\thref=\"https:\/\/www.design-award.cz\/?portfolio=produktovy-design-navrh-hodin-pro-budovu-skoly\"\n\t\t\t>\n\t\n\t\t<noscript><img decoding=\"async\" width=\"1920\" height=\"1280\" data-skip-lazy src=\"https:\/\/www.design-award.cz\/wp-content\/uploads\/2024\/07\/IMG_0035-1920x1280.jpg\" class=\"wp-image-4342\" alt=\"\" srcset=\"https:\/\/www.design-award.cz\/wp-content\/uploads\/2024\/07\/IMG_0035-1920x1280.jpg 1920w, https:\/\/www.design-award.cz\/wp-content\/uploads\/2024\/07\/IMG_0035-300x200.jpg 300w, https:\/\/www.design-award.cz\/wp-content\/uploads\/2024\/07\/IMG_0035-1024x683.jpg 1024w, https:\/\/www.design-award.cz\/wp-content\/uploads\/2024\/07\/IMG_0035-768x512.jpg 768w, https:\/\/www.design-award.cz\/wp-content\/uploads\/2024\/07\/IMG_0035-1536x1024.jpg 1536w, https:\/\/www.design-award.cz\/wp-content\/uploads\/2024\/07\/IMG_0035-2048x1365.jpg 2048w, https:\/\/www.design-award.cz\/wp-content\/uploads\/2024\/07\/IMG_0035-500x333.jpg 500w, https:\/\/www.design-award.cz\/wp-content\/uploads\/2024\/07\/IMG_0035-800x533.jpg 800w, https:\/\/www.design-award.cz\/wp-content\/uploads\/2024\/07\/IMG_0035-1280x853.jpg 1280w\" sizes=\"(max-width: 1920px) 100vw, 1920px\" \/><\/noscript><img decoding=\"async\" width=\"1920\" height=\"1280\" src=\"https:\/\/www.design-award.cz\/wp-content\/uploads\/2024\/07\/IMG_0035-1920x1280.jpg\" class=\"wp-image-4342 vp-lazyload\" alt srcset=\"data:image\/svg+xml;base64,PHN2ZyB3aWR0aD0iMTkyMCIgaGVpZ2h0PSIxMjgwIiB2aWV3Qm94PSIwIDAgMTkyMCAxMjgwIiBmaWxsPSJub25lIiB4bWxucz0iaHR0cDovL3d3dy53My5vcmcvMjAwMC9zdmciPjwvc3ZnPg==\" data-src=\"https:\/\/www.design-award.cz\/wp-content\/uploads\/2024\/07\/IMG_0035-1920x1280.jpg\" data-srcset=\"https:\/\/www.design-award.cz\/wp-content\/uploads\/2024\/07\/IMG_0035-1920x1280.jpg 1920w, https:\/\/www.design-award.cz\/wp-content\/uploads\/2024\/07\/IMG_0035-300x200.jpg 300w, https:\/\/www.design-award.cz\/wp-content\/uploads\/2024\/07\/IMG_0035-1024x683.jpg 1024w, https:\/\/www.design-award.cz\/wp-content\/uploads\/2024\/07\/IMG_0035-768x512.jpg 768w, https:\/\/www.design-award.cz\/wp-content\/uploads\/2024\/07\/IMG_0035-1536x1024.jpg 1536w, https:\/\/www.design-award.cz\/wp-content\/uploads\/2024\/07\/IMG_0035-2048x1365.jpg 2048w, https:\/\/www.design-award.cz\/wp-content\/uploads\/2024\/07\/IMG_0035-500x333.jpg 500w, https:\/\/www.design-award.cz\/wp-content\/uploads\/2024\/07\/IMG_0035-800x533.jpg 800w, https:\/\/www.design-award.cz\/wp-content\/uploads\/2024\/07\/IMG_0035-1280x853.jpg 1280w\" data-sizes=\"auto\" loading=\"eager\">\n\t\t<\/a>\t<\/div>\n<\/div>\n\t<figcaption class=\"vp-portfolio__item-overlay vp-portfolio__item-overlay-text-align-center\">\n\t\t<div class=\"vp-portfolio__item-meta-wrap vp-portfolio__custom-scrollbar\">\n\t\t\t\t<a\n\t\thref=\"https:\/\/www.design-award.cz\/?portfolio=produktovy-design-navrh-hodin-pro-budovu-skoly\"\n\t\ttabindex=\"-1\" class=\"vp-portfolio__item-meta\" \t>\n\t\n<h2 class=\"vp-portfolio__item-meta-title\">\n\tProduktov\u00fd design &#8211; N\u00e1vrh hodin pro budovu \u0161koly<\/h2>\n<\/a>\t\t<\/div>\n\t<\/figcaption>\n\t\t\t<\/figure>\n\t\t\t\t\t<\/article>\n\t\t\n\t\t<article\t\tclass=\"vp-portfolio__item-wrap post-3305 portfolio type-portfolio status-publish format-standard has-post-thumbnail hentry entry has-media vp-portfolio__item-uid-2645f5ee\" data-vp-filter=\"\" \t\t>\n\t\t\t\t\t\t\t\t\t<figure class=\"vp-portfolio__item\">\n\t\t\t\t\n<div class=\"vp-portfolio__item-img-wrap\">\n\t<div class=\"vp-portfolio__item-img\">\n\t\t\t<a\n\t\thref=\"https:\/\/www.design-award.cz\/?portfolio=verejny-interier-ucitelska-sborovna\"\n\t\t\t>\n\t\n\t\t<noscript><img decoding=\"async\" width=\"1920\" height=\"996\" data-skip-lazy src=\"https:\/\/www.design-award.cz\/wp-content\/uploads\/2024\/05\/render-1.jpg\" class=\"wp-image-3306\" alt=\"\" srcset=\"https:\/\/www.design-award.cz\/wp-content\/uploads\/2024\/05\/render-1.jpg 1920w, https:\/\/www.design-award.cz\/wp-content\/uploads\/2024\/05\/render-1-300x156.jpg 300w, https:\/\/www.design-award.cz\/wp-content\/uploads\/2024\/05\/render-1-1024x531.jpg 1024w, https:\/\/www.design-award.cz\/wp-content\/uploads\/2024\/05\/render-1-768x398.jpg 768w, https:\/\/www.design-award.cz\/wp-content\/uploads\/2024\/05\/render-1-1536x797.jpg 1536w, https:\/\/www.design-award.cz\/wp-content\/uploads\/2024\/05\/render-1-500x259.jpg 500w, https:\/\/www.design-award.cz\/wp-content\/uploads\/2024\/05\/render-1-800x415.jpg 800w, https:\/\/www.design-award.cz\/wp-content\/uploads\/2024\/05\/render-1-1280x664.jpg 1280w\" sizes=\"(max-width: 1920px) 100vw, 1920px\" \/><\/noscript><img decoding=\"async\" width=\"1920\" height=\"996\" src=\"https:\/\/www.design-award.cz\/wp-content\/uploads\/2024\/05\/render-1.jpg\" class=\"wp-image-3306 vp-lazyload\" alt srcset=\"data:image\/svg+xml;base64,PHN2ZyB3aWR0aD0iMTkyMCIgaGVpZ2h0PSI5OTYiIHZpZXdCb3g9IjAgMCAxOTIwIDk5NiIgZmlsbD0ibm9uZSIgeG1sbnM9Imh0dHA6Ly93d3cudzMub3JnLzIwMDAvc3ZnIj48L3N2Zz4=\" data-src=\"https:\/\/www.design-award.cz\/wp-content\/uploads\/2024\/05\/render-1.jpg\" data-srcset=\"https:\/\/www.design-award.cz\/wp-content\/uploads\/2024\/05\/render-1.jpg 1920w, https:\/\/www.design-award.cz\/wp-content\/uploads\/2024\/05\/render-1-300x156.jpg 300w, https:\/\/www.design-award.cz\/wp-content\/uploads\/2024\/05\/render-1-1024x531.jpg 1024w, https:\/\/www.design-award.cz\/wp-content\/uploads\/2024\/05\/render-1-768x398.jpg 768w, https:\/\/www.design-award.cz\/wp-content\/uploads\/2024\/05\/render-1-1536x797.jpg 1536w, https:\/\/www.design-award.cz\/wp-content\/uploads\/2024\/05\/render-1-500x259.jpg 500w, https:\/\/www.design-award.cz\/wp-content\/uploads\/2024\/05\/render-1-800x415.jpg 800w, https:\/\/www.design-award.cz\/wp-content\/uploads\/2024\/05\/render-1-1280x664.jpg 1280w\" data-sizes=\"auto\" loading=\"eager\">\n\t\t<\/a>\t<\/div>\n<\/div>\n\t<figcaption class=\"vp-portfolio__item-overlay vp-portfolio__item-overlay-text-align-center\">\n\t\t<div class=\"vp-portfolio__item-meta-wrap vp-portfolio__custom-scrollbar\">\n\t\t\t\t<a\n\t\thref=\"https:\/\/www.design-award.cz\/?portfolio=verejny-interier-ucitelska-sborovna\"\n\t\ttabindex=\"-1\" class=\"vp-portfolio__item-meta\" \t>\n\t\n<h2 class=\"vp-portfolio__item-meta-title\">\n\tVe\u0159ejn\u00fd interi\u00e9r &#8211; U\u010ditelsk\u00e1 sborovna<\/h2>\n<\/a>\t\t<\/div>\n\t<\/figcaption>\n\t\t\t<\/figure>\n\t\t\t\t\t<\/article>\n\t\t\n\t\t<article\t\tclass=\"vp-portfolio__item-wrap post-4244 portfolio type-portfolio status-publish format-standard has-post-thumbnail hentry entry has-media vp-portfolio__item-uid-a93b52f2\" data-vp-filter=\"\" \t\t>\n\t\t\t\t\t\t\t\t\t<figure class=\"vp-portfolio__item\">\n\t\t\t\t\n<div class=\"vp-portfolio__item-img-wrap\">\n\t<div class=\"vp-portfolio__item-img\">\n\t\t\t<a\n\t\thref=\"https:\/\/www.design-award.cz\/?portfolio=verejny-interier-espresso-bar\"\n\t\t\t>\n\t\n\t\t<noscript><img decoding=\"async\" width=\"1920\" height=\"2699\" data-skip-lazy src=\"https:\/\/www.design-award.cz\/wp-content\/uploads\/2024\/07\/JIrkova_kavarna_plakat.jpg\" class=\"wp-image-4254\" alt=\"\" srcset=\"https:\/\/www.design-award.cz\/wp-content\/uploads\/2024\/07\/JIrkova_kavarna_plakat.jpg 5866w, https:\/\/www.design-award.cz\/wp-content\/uploads\/2024\/07\/JIrkova_kavarna_plakat-213x300.jpg 213w, https:\/\/www.design-award.cz\/wp-content\/uploads\/2024\/07\/JIrkova_kavarna_plakat-728x1024.jpg 728w, https:\/\/www.design-award.cz\/wp-content\/uploads\/2024\/07\/JIrkova_kavarna_plakat-768x1080.jpg 768w, https:\/\/www.design-award.cz\/wp-content\/uploads\/2024\/07\/JIrkova_kavarna_plakat-500x703.jpg 500w, https:\/\/www.design-award.cz\/wp-content\/uploads\/2024\/07\/JIrkova_kavarna_plakat-800x1125.jpg 800w\" sizes=\"(max-width: 1920px) 100vw, 1920px\" \/><\/noscript><img decoding=\"async\" width=\"1920\" height=\"2699\" src=\"https:\/\/www.design-award.cz\/wp-content\/uploads\/2024\/07\/JIrkova_kavarna_plakat.jpg\" class=\"wp-image-4254 vp-lazyload\" alt srcset=\"data:image\/svg+xml;base64,PHN2ZyB3aWR0aD0iMTkyMCIgaGVpZ2h0PSIyNjk5IiB2aWV3Qm94PSIwIDAgMTkyMCAyNjk5IiBmaWxsPSJub25lIiB4bWxucz0iaHR0cDovL3d3dy53My5vcmcvMjAwMC9zdmciPjwvc3ZnPg==\" data-src=\"https:\/\/www.design-award.cz\/wp-content\/uploads\/2024\/07\/JIrkova_kavarna_plakat.jpg\" data-srcset=\"https:\/\/www.design-award.cz\/wp-content\/uploads\/2024\/07\/JIrkova_kavarna_plakat.jpg 5866w, https:\/\/www.design-award.cz\/wp-content\/uploads\/2024\/07\/JIrkova_kavarna_plakat-213x300.jpg 213w, https:\/\/www.design-award.cz\/wp-content\/uploads\/2024\/07\/JIrkova_kavarna_plakat-728x1024.jpg 728w, https:\/\/www.design-award.cz\/wp-content\/uploads\/2024\/07\/JIrkova_kavarna_plakat-768x1080.jpg 768w, https:\/\/www.design-award.cz\/wp-content\/uploads\/2024\/07\/JIrkova_kavarna_plakat-500x703.jpg 500w, https:\/\/www.design-award.cz\/wp-content\/uploads\/2024\/07\/JIrkova_kavarna_plakat-800x1125.jpg 800w\" data-sizes=\"auto\" loading=\"eager\">\n\t\t<\/a>\t<\/div>\n<\/div>\n\t<figcaption class=\"vp-portfolio__item-overlay vp-portfolio__item-overlay-text-align-center\">\n\t\t<div class=\"vp-portfolio__item-meta-wrap vp-portfolio__custom-scrollbar\">\n\t\t\t\t<a\n\t\thref=\"https:\/\/www.design-award.cz\/?portfolio=verejny-interier-espresso-bar\"\n\t\ttabindex=\"-1\" class=\"vp-portfolio__item-meta\" \t>\n\t\n<h2 class=\"vp-portfolio__item-meta-title\">\n\tVe\u0159ejn\u00fd interi\u00e9r &#8211; Espresso bar<\/h2>\n<\/a>\t\t<\/div>\n\t<\/figcaption>\n\t\t\t<\/figure>\n\t\t\t\t\t<\/article>\n\t\t\n\t\t<article\t\tclass=\"vp-portfolio__item-wrap post-1226 portfolio type-portfolio status-publish format-standard has-post-thumbnail hentry entry has-media vp-portfolio__item-uid-26b1646a\" data-vp-filter=\"\" \t\t>\n\t\t\t\t\t\t\t\t\t<figure class=\"vp-portfolio__item\">\n\t\t\t\t\n<div class=\"vp-portfolio__item-img-wrap\">\n\t<div class=\"vp-portfolio__item-img\">\n\t\t\t<a\n\t\thref=\"https:\/\/www.design-award.cz\/?portfolio=produktovy-design-click\"\n\t\t\t>\n\t\n\t\t<noscript><img decoding=\"async\" width=\"1920\" height=\"2400\" data-skip-lazy src=\"https:\/\/www.design-award.cz\/wp-content\/uploads\/2022\/04\/09_01-1920x2400.jpg\" class=\"wp-image-1227\" alt=\"\" srcset=\"https:\/\/www.design-award.cz\/wp-content\/uploads\/2022\/04\/09_01-1920x2400.jpg 1920w, https:\/\/www.design-award.cz\/wp-content\/uploads\/2022\/04\/09_01-240x300.jpg 240w, https:\/\/www.design-award.cz\/wp-content\/uploads\/2022\/04\/09_01-819x1024.jpg 819w, https:\/\/www.design-award.cz\/wp-content\/uploads\/2022\/04\/09_01-768x960.jpg 768w, https:\/\/www.design-award.cz\/wp-content\/uploads\/2022\/04\/09_01-1229x1536.jpg 1229w, https:\/\/www.design-award.cz\/wp-content\/uploads\/2022\/04\/09_01-1638x2048.jpg 1638w, https:\/\/www.design-award.cz\/wp-content\/uploads\/2022\/04\/09_01-500x625.jpg 500w, https:\/\/www.design-award.cz\/wp-content\/uploads\/2022\/04\/09_01-800x1000.jpg 800w, https:\/\/www.design-award.cz\/wp-content\/uploads\/2022\/04\/09_01-1280x1600.jpg 1280w, https:\/\/www.design-award.cz\/wp-content\/uploads\/2022\/04\/09_01.jpg 2000w\" sizes=\"(max-width: 1920px) 100vw, 1920px\" \/><\/noscript><img decoding=\"async\" width=\"1920\" height=\"2400\" src=\"https:\/\/www.design-award.cz\/wp-content\/uploads\/2022\/04\/09_01-1920x2400.jpg\" class=\"wp-image-1227 vp-lazyload\" alt srcset=\"data:image\/svg+xml;base64,PHN2ZyB3aWR0aD0iMTkyMCIgaGVpZ2h0PSIyNDAwIiB2aWV3Qm94PSIwIDAgMTkyMCAyNDAwIiBmaWxsPSJub25lIiB4bWxucz0iaHR0cDovL3d3dy53My5vcmcvMjAwMC9zdmciPjwvc3ZnPg==\" data-src=\"https:\/\/www.design-award.cz\/wp-content\/uploads\/2022\/04\/09_01-1920x2400.jpg\" data-srcset=\"https:\/\/www.design-award.cz\/wp-content\/uploads\/2022\/04\/09_01-1920x2400.jpg 1920w, https:\/\/www.design-award.cz\/wp-content\/uploads\/2022\/04\/09_01-240x300.jpg 240w, https:\/\/www.design-award.cz\/wp-content\/uploads\/2022\/04\/09_01-819x1024.jpg 819w, https:\/\/www.design-award.cz\/wp-content\/uploads\/2022\/04\/09_01-768x960.jpg 768w, https:\/\/www.design-award.cz\/wp-content\/uploads\/2022\/04\/09_01-1229x1536.jpg 1229w, https:\/\/www.design-award.cz\/wp-content\/uploads\/2022\/04\/09_01-1638x2048.jpg 1638w, https:\/\/www.design-award.cz\/wp-content\/uploads\/2022\/04\/09_01-500x625.jpg 500w, https:\/\/www.design-award.cz\/wp-content\/uploads\/2022\/04\/09_01-800x1000.jpg 800w, https:\/\/www.design-award.cz\/wp-content\/uploads\/2022\/04\/09_01-1280x1600.jpg 1280w, https:\/\/www.design-award.cz\/wp-content\/uploads\/2022\/04\/09_01.jpg 2000w\" data-sizes=\"auto\" loading=\"eager\">\n\t\t<\/a>\t<\/div>\n<\/div>\n\t<figcaption class=\"vp-portfolio__item-overlay vp-portfolio__item-overlay-text-align-center\">\n\t\t<div class=\"vp-portfolio__item-meta-wrap vp-portfolio__custom-scrollbar\">\n\t\t\t\t<a\n\t\thref=\"https:\/\/www.design-award.cz\/?portfolio=produktovy-design-click\"\n\t\ttabindex=\"-1\" class=\"vp-portfolio__item-meta\" \t>\n\t\n<h2 class=\"vp-portfolio__item-meta-title\">\n\tProduktov\u00fd design &#8211; Click<\/h2>\n<\/a>\t\t<\/div>\n\t<\/figcaption>\n\t\t\t<\/figure>\n\t\t\t\t\t<\/article>\n\t\t\n\t\t<article\t\tclass=\"vp-portfolio__item-wrap post-945 portfolio type-portfolio status-publish format-standard has-post-thumbnail hentry entry has-media vp-portfolio__item-uid-a113d5bd\" data-vp-filter=\"\" \t\t>\n\t\t\t\t\t\t\t\t\t<figure class=\"vp-portfolio__item\">\n\t\t\t\t\n<div class=\"vp-portfolio__item-img-wrap\">\n\t<div class=\"vp-portfolio__item-img\">\n\t\t\t<a\n\t\thref=\"https:\/\/www.design-award.cz\/?portfolio=soukromy-interier-navrh-rodinneho-domu-3\"\n\t\t\t>\n\t\n\t\t<noscript><img decoding=\"async\" width=\"1920\" height=\"1080\" data-skip-lazy src=\"https:\/\/www.design-award.cz\/wp-content\/uploads\/2022\/04\/Praskova_detsky-pokoj.png\" class=\"wp-image-948\" alt=\"\" srcset=\"https:\/\/www.design-award.cz\/wp-content\/uploads\/2022\/04\/Praskova_detsky-pokoj.png 1920w, https:\/\/www.design-award.cz\/wp-content\/uploads\/2022\/04\/Praskova_detsky-pokoj-300x169.png 300w, https:\/\/www.design-award.cz\/wp-content\/uploads\/2022\/04\/Praskova_detsky-pokoj-1024x576.png 1024w, https:\/\/www.design-award.cz\/wp-content\/uploads\/2022\/04\/Praskova_detsky-pokoj-768x432.png 768w, https:\/\/www.design-award.cz\/wp-content\/uploads\/2022\/04\/Praskova_detsky-pokoj-1536x864.png 1536w, https:\/\/www.design-award.cz\/wp-content\/uploads\/2022\/04\/Praskova_detsky-pokoj-500x281.png 500w, https:\/\/www.design-award.cz\/wp-content\/uploads\/2022\/04\/Praskova_detsky-pokoj-800x450.png 800w, https:\/\/www.design-award.cz\/wp-content\/uploads\/2022\/04\/Praskova_detsky-pokoj-1280x720.png 1280w\" sizes=\"(max-width: 1920px) 100vw, 1920px\" \/><\/noscript><img decoding=\"async\" width=\"1920\" height=\"1080\" src=\"https:\/\/www.design-award.cz\/wp-content\/uploads\/2022\/04\/Praskova_detsky-pokoj.png\" class=\"wp-image-948 vp-lazyload\" alt srcset=\"data:image\/svg+xml;base64,PHN2ZyB3aWR0aD0iMTkyMCIgaGVpZ2h0PSIxMDgwIiB2aWV3Qm94PSIwIDAgMTkyMCAxMDgwIiBmaWxsPSJub25lIiB4bWxucz0iaHR0cDovL3d3dy53My5vcmcvMjAwMC9zdmciPjwvc3ZnPg==\" data-src=\"https:\/\/www.design-award.cz\/wp-content\/uploads\/2022\/04\/Praskova_detsky-pokoj.png\" data-srcset=\"https:\/\/www.design-award.cz\/wp-content\/uploads\/2022\/04\/Praskova_detsky-pokoj.png 1920w, https:\/\/www.design-award.cz\/wp-content\/uploads\/2022\/04\/Praskova_detsky-pokoj-300x169.png 300w, https:\/\/www.design-award.cz\/wp-content\/uploads\/2022\/04\/Praskova_detsky-pokoj-1024x576.png 1024w, https:\/\/www.design-award.cz\/wp-content\/uploads\/2022\/04\/Praskova_detsky-pokoj-768x432.png 768w, https:\/\/www.design-award.cz\/wp-content\/uploads\/2022\/04\/Praskova_detsky-pokoj-1536x864.png 1536w, https:\/\/www.design-award.cz\/wp-content\/uploads\/2022\/04\/Praskova_detsky-pokoj-500x281.png 500w, https:\/\/www.design-award.cz\/wp-content\/uploads\/2022\/04\/Praskova_detsky-pokoj-800x450.png 800w, https:\/\/www.design-award.cz\/wp-content\/uploads\/2022\/04\/Praskova_detsky-pokoj-1280x720.png 1280w\" data-sizes=\"auto\" loading=\"eager\">\n\t\t<\/a>\t<\/div>\n<\/div>\n\t<figcaption class=\"vp-portfolio__item-overlay vp-portfolio__item-overlay-text-align-center\">\n\t\t<div class=\"vp-portfolio__item-meta-wrap vp-portfolio__custom-scrollbar\">\n\t\t\t\t<a\n\t\thref=\"https:\/\/www.design-award.cz\/?portfolio=soukromy-interier-navrh-rodinneho-domu-3\"\n\t\ttabindex=\"-1\" class=\"vp-portfolio__item-meta\" \t>\n\t\n<h2 class=\"vp-portfolio__item-meta-title\">\n\tSoukrom\u00fd interi\u00e9r &#8211; N\u00e1vrh rodinn\u00e9ho domu<\/h2>\n<\/a>\t\t<\/div>\n\t<\/figcaption>\n\t\t\t<\/figure>\n\t\t\t\t\t<\/article>\n\t\t\n<\/div>\n\n<div class=\"vp-portfolio__items-arrow vp-portfolio__items-arrow-prev\" tabindex=\"0\" role=\"button\" aria-label=\"Previous Slide\">\n\t\n<svg class=\"vp-svg-icon\" width=\"20\" height=\"20\" viewBox=\"0 0 20 20\" fill=\"none\" xmlns=\"http:\/\/www.w3.org\/2000\/svg\">\n\t<path d=\"M12 4L6 10L12 16\" stroke=\"currentColor\" stroke-width=\"1.5\" stroke-linecap=\"round\" stroke-linejoin=\"round\" fill=\"transparent\" \/>\n<\/svg>\n<\/div>\n<div class=\"vp-portfolio__items-arrow vp-portfolio__items-arrow-next\" tabindex=\"0\" role=\"button\" aria-label=\"Next Slide\">\n\t\n<svg class=\"vp-svg-icon\" width=\"20\" height=\"20\" viewBox=\"0 0 20 20\" fill=\"none\" xmlns=\"http:\/\/www.w3.org\/2000\/svg\">\n\t<path d=\"M8 4L14 10L8 16\" stroke=\"currentColor\" stroke-width=\"1.5\" stroke-linecap=\"round\" stroke-linejoin=\"round\" fill=\"transparent\" \/>\n<\/svg>\n<\/div>\n\t\t<\/div>\n\t\t\t\t<div class=\"vp-portfolio__layout-elements vp-portfolio__layout-elements-bottom vp-portfolio__layout-elements-align-center\">\n\t\t\t\t<div class=\"vp-portfolio__pagination-wrap\">\n\t\t\n<div class=\"vp-pagination vp-pagination__style-minimal\" data-vp-pagination-type=\"load-more\">\n\t<div class=\"vp-pagination__item\">\n\t\t<a class=\"vp-pagination__load-more\" href=\"https:\/\/www.design-award.cz\/index.php?rest_route=%2Fwp%2Fv2%2Fportfolio%2F1079&#038;vp_page=2\">\n\t\t\t<span>Load More<\/span>\n\t\t\t<span class=\"vp-pagination__load-more-loading\"><span class=\"vp-spinner\"><\/span><span class=\"vp-screen-reader-text\"> Loading More&#8230;<\/span><\/span>\n\t\t\t<span class=\"vp-pagination__load-more-no-more\">You\u2019ve reached the end of the list<\/span>\n\t\t<\/a>\n\t<\/div>\n<\/div>\n\t\t<\/div>\n\t\t\t\t<\/div>\n\t\t\n<\/div>\n<\/div>","protected":false},"excerpt":{"rendered":"<p>S\u00e1ra Fedurcov\u00e1 St\u0159edn\u00ed odborn\u00e1 \u0161kola obchodu, u\u017eit\u00e9ho um\u011bn\u00ed a designu, Nerudova 33, Plze\u0148 N\u00e1vrh interi\u00e9ru garsoni\u00e9ryZad\u00e1n\u00edm bylo vytvo\u0159it design interi\u00e9ru garsoni\u00e9ry pro mlad\u00fd p\u00e1r a v tomto prostoru navrhnout vlastn\u00ed kuchy\u0148skou linku.\u00a0Z\u00e1kladem byl koncept kvalitn\u00ed dispozice vzhledem k omezen\u00e9mu prostoru garsonky. Jedin\u00e1\u00a0 m\u00edstnost nahrazuje kuchy\u0148, pracovnu, ob\u00fdvac\u00ed pokoj a lo\u017enici. Celkovou plochu bylo pot\u0159eba\u00a0 vizu\u00e1ln\u011b [&hellip;]<\/p>\n","protected":false},"author":1,"featured_media":1081,"menu_order":0,"comment_status":"closed","ping_status":"closed","template":"","format":"standard","meta":{"ngg_post_thumbnail":0,"ocean_post_layout":"","ocean_both_sidebars_style":"","ocean_both_sidebars_content_width":0,"ocean_both_sidebars_sidebars_width":0,"ocean_sidebar":"","ocean_second_sidebar":"","ocean_disable_margins":"enable","ocean_add_body_class":"","ocean_shortcode_before_top_bar":"","ocean_shortcode_after_top_bar":"","ocean_shortcode_before_header":"","ocean_shortcode_after_header":"","ocean_has_shortcode":"","ocean_shortcode_after_title":"","ocean_shortcode_before_footer_widgets":"","ocean_shortcode_after_footer_widgets":"","ocean_shortcode_before_footer_bottom":"","ocean_shortcode_after_footer_bottom":"","ocean_display_top_bar":"default","ocean_display_header":"default","ocean_header_style":"","ocean_center_header_left_menu":"","ocean_custom_header_template":"","ocean_custom_logo":0,"ocean_custom_retina_logo":0,"ocean_custom_logo_max_width":0,"ocean_custom_logo_tablet_max_width":0,"ocean_custom_logo_mobile_max_width":0,"ocean_custom_logo_max_height":0,"ocean_custom_logo_tablet_max_height":0,"ocean_custom_logo_mobile_max_height":0,"ocean_header_custom_menu":"","ocean_menu_typo_font_family":"","ocean_menu_typo_font_subset":"","ocean_menu_typo_font_size":0,"ocean_menu_typo_font_size_tablet":0,"ocean_menu_typo_font_size_mobile":0,"ocean_menu_typo_font_size_unit":"px","ocean_menu_typo_font_weight":"","ocean_menu_typo_font_weight_tablet":"","ocean_menu_typo_font_weight_mobile":"","ocean_menu_typo_transform":"","ocean_menu_typo_transform_tablet":"","ocean_menu_typo_transform_mobile":"","ocean_menu_typo_line_height":0,"ocean_menu_typo_line_height_tablet":0,"ocean_menu_typo_line_height_mobile":0,"ocean_menu_typo_line_height_unit":"","ocean_menu_typo_spacing":0,"ocean_menu_typo_spacing_tablet":0,"ocean_menu_typo_spacing_mobile":0,"ocean_menu_typo_spacing_unit":"","ocean_menu_link_color":"","ocean_menu_link_color_hover":"","ocean_menu_link_color_active":"","ocean_menu_link_background":"","ocean_menu_link_hover_background":"","ocean_menu_link_active_background":"","ocean_menu_social_links_bg":"","ocean_menu_social_hover_links_bg":"","ocean_menu_social_links_color":"","ocean_menu_social_hover_links_color":"","ocean_disable_title":"default","ocean_disable_heading":"default","ocean_post_title":"","ocean_post_subheading":"","ocean_post_title_style":"","ocean_post_title_background_color":"","ocean_post_title_background":0,"ocean_post_title_bg_image_position":"","ocean_post_title_bg_image_attachment":"","ocean_post_title_bg_image_repeat":"","ocean_post_title_bg_image_size":"","ocean_post_title_height":0,"ocean_post_title_bg_overlay":0.5,"ocean_post_title_bg_overlay_color":"","ocean_disable_breadcrumbs":"default","ocean_breadcrumbs_color":"","ocean_breadcrumbs_separator_color":"","ocean_breadcrumbs_links_color":"","ocean_breadcrumbs_links_hover_color":"","ocean_display_footer_widgets":"default","ocean_display_footer_bottom":"default","ocean_custom_footer_template":"","_vp_format_video_url":"","_vp_image_focal_point":[],"footnotes":""},"portfolio_category":[],"portfolio_tag":[],"class_list":["post-1079","portfolio","type-portfolio","status-publish","format-standard","has-post-thumbnail","hentry","entry","has-media"],"yoast_head":"<!-- This site is optimized with the Yoast SEO plugin v25.2 - https:\/\/yoast.com\/wordpress\/plugins\/seo\/ -->\n<title>Soukrom\u00fd interi\u00e9r - Garsoniera pro studentsk\u00fd p\u00e1r - design-award.cz<\/title>\n<meta name=\"robots\" content=\"index, follow, max-snippet:-1, max-image-preview:large, max-video-preview:-1\" \/>\n<link rel=\"canonical\" href=\"https:\/\/www.design-award.cz\/?portfolio=soukromy-interier-garsoniera-pro-studentsky-par-3\" \/>\n<meta property=\"og:locale\" content=\"cs_CZ\" \/>\n<meta property=\"og:type\" content=\"article\" \/>\n<meta property=\"og:title\" content=\"Soukrom\u00fd interi\u00e9r - Garsoniera pro studentsk\u00fd p\u00e1r - design-award.cz\" \/>\n<meta property=\"og:description\" content=\"S\u00e1ra Fedurcov\u00e1 St\u0159edn\u00ed odborn\u00e1 \u0161kola obchodu, u\u017eit\u00e9ho um\u011bn\u00ed a designu, Nerudova 33, Plze\u0148 N\u00e1vrh interi\u00e9ru garsoni\u00e9ryZad\u00e1n\u00edm bylo vytvo\u0159it design interi\u00e9ru garsoni\u00e9ry pro mlad\u00fd p\u00e1r a v tomto prostoru navrhnout vlastn\u00ed kuchy\u0148skou linku.\u00a0Z\u00e1kladem byl koncept kvalitn\u00ed dispozice vzhledem k omezen\u00e9mu prostoru garsonky. Jedin\u00e1\u00a0 m\u00edstnost nahrazuje kuchy\u0148, pracovnu, ob\u00fdvac\u00ed pokoj a lo\u017enici. Celkovou plochu bylo pot\u0159eba\u00a0 vizu\u00e1ln\u011b [&hellip;]\" \/>\n<meta property=\"og:url\" content=\"https:\/\/www.design-award.cz\/?portfolio=soukromy-interier-garsoniera-pro-studentsky-par-3\" \/>\n<meta property=\"og:site_name\" content=\"design-award.cz\" \/>\n<meta property=\"article:modified_time\" content=\"2022-04-29T18:13:30+00:00\" \/>\n<meta property=\"og:image\" content=\"http:\/\/www.design-award.cz\/wp-content\/uploads\/2022\/04\/Fedurcova-garsoniera-1.jpg\" \/>\n\t<meta property=\"og:image:width\" content=\"1541\" \/>\n\t<meta property=\"og:image:height\" content=\"756\" \/>\n\t<meta property=\"og:image:type\" content=\"image\/jpeg\" \/>\n<meta name=\"twitter:card\" content=\"summary_large_image\" \/>\n<meta name=\"twitter:label1\" content=\"Odhadovan\u00e1 doba \u010dten\u00ed\" \/>\n\t<meta name=\"twitter:data1\" content=\"2 minuty\" \/>\n<script type=\"application\/ld+json\" class=\"yoast-schema-graph\">{\"@context\":\"https:\/\/schema.org\",\"@graph\":[{\"@type\":\"WebPage\",\"@id\":\"https:\/\/www.design-award.cz\/?portfolio=soukromy-interier-garsoniera-pro-studentsky-par-3\",\"url\":\"https:\/\/www.design-award.cz\/?portfolio=soukromy-interier-garsoniera-pro-studentsky-par-3\",\"name\":\"Soukrom\u00fd interi\u00e9r - Garsoniera pro studentsk\u00fd p\u00e1r - design-award.cz\",\"isPartOf\":{\"@id\":\"https:\/\/www.design-award.cz\/#website\"},\"primaryImageOfPage\":{\"@id\":\"https:\/\/www.design-award.cz\/?portfolio=soukromy-interier-garsoniera-pro-studentsky-par-3#primaryimage\"},\"image\":{\"@id\":\"https:\/\/www.design-award.cz\/?portfolio=soukromy-interier-garsoniera-pro-studentsky-par-3#primaryimage\"},\"thumbnailUrl\":\"https:\/\/www.design-award.cz\/wp-content\/uploads\/2022\/04\/Fedurcova-garsoniera-1.jpg\",\"datePublished\":\"2022-04-29T18:13:29+00:00\",\"dateModified\":\"2022-04-29T18:13:30+00:00\",\"breadcrumb\":{\"@id\":\"https:\/\/www.design-award.cz\/?portfolio=soukromy-interier-garsoniera-pro-studentsky-par-3#breadcrumb\"},\"inLanguage\":\"cs\",\"potentialAction\":[{\"@type\":\"ReadAction\",\"target\":[\"https:\/\/www.design-award.cz\/?portfolio=soukromy-interier-garsoniera-pro-studentsky-par-3\"]}]},{\"@type\":\"ImageObject\",\"inLanguage\":\"cs\",\"@id\":\"https:\/\/www.design-award.cz\/?portfolio=soukromy-interier-garsoniera-pro-studentsky-par-3#primaryimage\",\"url\":\"https:\/\/www.design-award.cz\/wp-content\/uploads\/2022\/04\/Fedurcova-garsoniera-1.jpg\",\"contentUrl\":\"https:\/\/www.design-award.cz\/wp-content\/uploads\/2022\/04\/Fedurcova-garsoniera-1.jpg\",\"width\":1541,\"height\":756},{\"@type\":\"BreadcrumbList\",\"@id\":\"https:\/\/www.design-award.cz\/?portfolio=soukromy-interier-garsoniera-pro-studentsky-par-3#breadcrumb\",\"itemListElement\":[{\"@type\":\"ListItem\",\"position\":1,\"name\":\"Dom\u016f\",\"item\":\"https:\/\/www.design-award.cz\/\"},{\"@type\":\"ListItem\",\"position\":2,\"name\":\"Portfolio Items\",\"item\":\"https:\/\/www.design-award.cz\/?post_type=portfolio\"},{\"@type\":\"ListItem\",\"position\":3,\"name\":\"Soukrom\u00fd interi\u00e9r &#8211; Garsoniera pro studentsk\u00fd p\u00e1r\"}]},{\"@type\":\"WebSite\",\"@id\":\"https:\/\/www.design-award.cz\/#website\",\"url\":\"https:\/\/www.design-award.cz\/\",\"name\":\"design-award.cz\",\"description\":\"WARD vznikla v roce 2022. Je ur\u010dena p\u0159edev\u0161\u00edm student\u016fm st\u0159edn\u00edch um\u011bleck\u00fdch \u0161kol (S\u0160 a VO\u0160), kte\u0159\u00ed mohou bezplatn\u011b zaslat sv\u00e9 n\u00e1vrhy v uveden\u00fdch kategori\u00ed a tak pom\u011b\u0159it sv\u00e9 n\u00e1pady s konkurenc\u00ed sv\u00fdch vrstevn\u00edk\u016f. N\u00e1vrhy jsou n\u00e1sledn\u011b posouzeny nez\u00e1vislou porotou z \u0159ad v\u00fdtvarn\u00edk\u016f, pedagog\u016f a profesion\u00e1l\u016f z oboru.\",\"publisher\":{\"@id\":\"https:\/\/www.design-award.cz\/#organization\"},\"potentialAction\":[{\"@type\":\"SearchAction\",\"target\":{\"@type\":\"EntryPoint\",\"urlTemplate\":\"https:\/\/www.design-award.cz\/?s={search_term_string}\"},\"query-input\":{\"@type\":\"PropertyValueSpecification\",\"valueRequired\":true,\"valueName\":\"search_term_string\"}}],\"inLanguage\":\"cs\"},{\"@type\":\"Organization\",\"@id\":\"https:\/\/www.design-award.cz\/#organization\",\"name\":\"Design Award\",\"url\":\"https:\/\/www.design-award.cz\/\",\"logo\":{\"@type\":\"ImageObject\",\"inLanguage\":\"cs\",\"@id\":\"https:\/\/www.design-award.cz\/#\/schema\/logo\/image\/\",\"url\":\"http:\/\/www.design-award.cz\/wp-content\/uploads\/2021\/12\/hornilogo_design-award.png\",\"contentUrl\":\"http:\/\/www.design-award.cz\/wp-content\/uploads\/2021\/12\/hornilogo_design-award.png\",\"width\":800,\"height\":600,\"caption\":\"Design Award\"},\"image\":{\"@id\":\"https:\/\/www.design-award.cz\/#\/schema\/logo\/image\/\"},\"sameAs\":[\"https:\/\/www.instagram.com\/design_award\/\"]}]}<\/script>\n<!-- \/ Yoast SEO plugin. -->","yoast_head_json":{"title":"Soukrom\u00fd interi\u00e9r - Garsoniera pro studentsk\u00fd p\u00e1r - design-award.cz","robots":{"index":"index","follow":"follow","max-snippet":"max-snippet:-1","max-image-preview":"max-image-preview:large","max-video-preview":"max-video-preview:-1"},"canonical":"https:\/\/www.design-award.cz\/?portfolio=soukromy-interier-garsoniera-pro-studentsky-par-3","og_locale":"cs_CZ","og_type":"article","og_title":"Soukrom\u00fd interi\u00e9r - Garsoniera pro studentsk\u00fd p\u00e1r - design-award.cz","og_description":"S\u00e1ra Fedurcov\u00e1 St\u0159edn\u00ed odborn\u00e1 \u0161kola obchodu, u\u017eit\u00e9ho um\u011bn\u00ed a designu, Nerudova 33, Plze\u0148 N\u00e1vrh interi\u00e9ru garsoni\u00e9ryZad\u00e1n\u00edm bylo vytvo\u0159it design interi\u00e9ru garsoni\u00e9ry pro mlad\u00fd p\u00e1r a v tomto prostoru navrhnout vlastn\u00ed kuchy\u0148skou linku.\u00a0Z\u00e1kladem byl koncept kvalitn\u00ed dispozice vzhledem k omezen\u00e9mu prostoru garsonky. Jedin\u00e1\u00a0 m\u00edstnost nahrazuje kuchy\u0148, pracovnu, ob\u00fdvac\u00ed pokoj a lo\u017enici. Celkovou plochu bylo pot\u0159eba\u00a0 vizu\u00e1ln\u011b [&hellip;]","og_url":"https:\/\/www.design-award.cz\/?portfolio=soukromy-interier-garsoniera-pro-studentsky-par-3","og_site_name":"design-award.cz","article_modified_time":"2022-04-29T18:13:30+00:00","og_image":[{"width":1541,"height":756,"url":"http:\/\/www.design-award.cz\/wp-content\/uploads\/2022\/04\/Fedurcova-garsoniera-1.jpg","type":"image\/jpeg"}],"twitter_card":"summary_large_image","twitter_misc":{"Odhadovan\u00e1 doba \u010dten\u00ed":"2 minuty"},"schema":{"@context":"https:\/\/schema.org","@graph":[{"@type":"WebPage","@id":"https:\/\/www.design-award.cz\/?portfolio=soukromy-interier-garsoniera-pro-studentsky-par-3","url":"https:\/\/www.design-award.cz\/?portfolio=soukromy-interier-garsoniera-pro-studentsky-par-3","name":"Soukrom\u00fd interi\u00e9r - Garsoniera pro studentsk\u00fd p\u00e1r - design-award.cz","isPartOf":{"@id":"https:\/\/www.design-award.cz\/#website"},"primaryImageOfPage":{"@id":"https:\/\/www.design-award.cz\/?portfolio=soukromy-interier-garsoniera-pro-studentsky-par-3#primaryimage"},"image":{"@id":"https:\/\/www.design-award.cz\/?portfolio=soukromy-interier-garsoniera-pro-studentsky-par-3#primaryimage"},"thumbnailUrl":"https:\/\/www.design-award.cz\/wp-content\/uploads\/2022\/04\/Fedurcova-garsoniera-1.jpg","datePublished":"2022-04-29T18:13:29+00:00","dateModified":"2022-04-29T18:13:30+00:00","breadcrumb":{"@id":"https:\/\/www.design-award.cz\/?portfolio=soukromy-interier-garsoniera-pro-studentsky-par-3#breadcrumb"},"inLanguage":"cs","potentialAction":[{"@type":"ReadAction","target":["https:\/\/www.design-award.cz\/?portfolio=soukromy-interier-garsoniera-pro-studentsky-par-3"]}]},{"@type":"ImageObject","inLanguage":"cs","@id":"https:\/\/www.design-award.cz\/?portfolio=soukromy-interier-garsoniera-pro-studentsky-par-3#primaryimage","url":"https:\/\/www.design-award.cz\/wp-content\/uploads\/2022\/04\/Fedurcova-garsoniera-1.jpg","contentUrl":"https:\/\/www.design-award.cz\/wp-content\/uploads\/2022\/04\/Fedurcova-garsoniera-1.jpg","width":1541,"height":756},{"@type":"BreadcrumbList","@id":"https:\/\/www.design-award.cz\/?portfolio=soukromy-interier-garsoniera-pro-studentsky-par-3#breadcrumb","itemListElement":[{"@type":"ListItem","position":1,"name":"Dom\u016f","item":"https:\/\/www.design-award.cz\/"},{"@type":"ListItem","position":2,"name":"Portfolio Items","item":"https:\/\/www.design-award.cz\/?post_type=portfolio"},{"@type":"ListItem","position":3,"name":"Soukrom\u00fd interi\u00e9r &#8211; Garsoniera pro studentsk\u00fd p\u00e1r"}]},{"@type":"WebSite","@id":"https:\/\/www.design-award.cz\/#website","url":"https:\/\/www.design-award.cz\/","name":"design-award.cz","description":"WARD vznikla v roce 2022. Je ur\u010dena p\u0159edev\u0161\u00edm student\u016fm st\u0159edn\u00edch um\u011bleck\u00fdch \u0161kol (S\u0160 a VO\u0160), kte\u0159\u00ed mohou bezplatn\u011b zaslat sv\u00e9 n\u00e1vrhy v uveden\u00fdch kategori\u00ed a tak pom\u011b\u0159it sv\u00e9 n\u00e1pady s konkurenc\u00ed sv\u00fdch vrstevn\u00edk\u016f. N\u00e1vrhy jsou n\u00e1sledn\u011b posouzeny nez\u00e1vislou porotou z \u0159ad v\u00fdtvarn\u00edk\u016f, pedagog\u016f a profesion\u00e1l\u016f z oboru.","publisher":{"@id":"https:\/\/www.design-award.cz\/#organization"},"potentialAction":[{"@type":"SearchAction","target":{"@type":"EntryPoint","urlTemplate":"https:\/\/www.design-award.cz\/?s={search_term_string}"},"query-input":{"@type":"PropertyValueSpecification","valueRequired":true,"valueName":"search_term_string"}}],"inLanguage":"cs"},{"@type":"Organization","@id":"https:\/\/www.design-award.cz\/#organization","name":"Design Award","url":"https:\/\/www.design-award.cz\/","logo":{"@type":"ImageObject","inLanguage":"cs","@id":"https:\/\/www.design-award.cz\/#\/schema\/logo\/image\/","url":"http:\/\/www.design-award.cz\/wp-content\/uploads\/2021\/12\/hornilogo_design-award.png","contentUrl":"http:\/\/www.design-award.cz\/wp-content\/uploads\/2021\/12\/hornilogo_design-award.png","width":800,"height":600,"caption":"Design Award"},"image":{"@id":"https:\/\/www.design-award.cz\/#\/schema\/logo\/image\/"},"sameAs":["https:\/\/www.instagram.com\/design_award\/"]}]}},"_links":{"self":[{"href":"https:\/\/www.design-award.cz\/index.php?rest_route=\/wp\/v2\/portfolio\/1079","targetHints":{"allow":["GET"]}}],"collection":[{"href":"https:\/\/www.design-award.cz\/index.php?rest_route=\/wp\/v2\/portfolio"}],"about":[{"href":"https:\/\/www.design-award.cz\/index.php?rest_route=\/wp\/v2\/types\/portfolio"}],"author":[{"embeddable":true,"href":"https:\/\/www.design-award.cz\/index.php?rest_route=\/wp\/v2\/users\/1"}],"replies":[{"embeddable":true,"href":"https:\/\/www.design-award.cz\/index.php?rest_route=%2Fwp%2Fv2%2Fcomments&post=1079"}],"version-history":[{"count":1,"href":"https:\/\/www.design-award.cz\/index.php?rest_route=\/wp\/v2\/portfolio\/1079\/revisions"}],"predecessor-version":[{"id":1084,"href":"https:\/\/www.design-award.cz\/index.php?rest_route=\/wp\/v2\/portfolio\/1079\/revisions\/1084"}],"wp:featuredmedia":[{"embeddable":true,"href":"https:\/\/www.design-award.cz\/index.php?rest_route=\/wp\/v2\/media\/1081"}],"wp:attachment":[{"href":"https:\/\/www.design-award.cz\/index.php?rest_route=%2Fwp%2Fv2%2Fmedia&parent=1079"}],"wp:term":[{"taxonomy":"portfolio_category","embeddable":true,"href":"https:\/\/www.design-award.cz\/index.php?rest_route=%2Fwp%2Fv2%2Fportfolio_category&post=1079"},{"taxonomy":"portfolio_tag","embeddable":true,"href":"https:\/\/www.design-award.cz\/index.php?rest_route=%2Fwp%2Fv2%2Fportfolio_tag&post=1079"}],"curies":[{"name":"wp","href":"https:\/\/api.w.org\/{rel}","templated":true}]}}