{"id":1085,"date":"2022-04-29T18:18:36","date_gmt":"2022-04-29T18:18:36","guid":{"rendered":"https:\/\/www.design-award.cz\/?post_type=portfolio&#038;p=1085"},"modified":"2022-04-29T18:18:37","modified_gmt":"2022-04-29T18:18:37","slug":"soukromy-interier-interier-rodinneho-domu","status":"publish","type":"portfolio","link":"https:\/\/www.design-award.cz\/?portfolio=soukromy-interier-interier-rodinneho-domu","title":{"rendered":"Soukrom\u00fd interi\u00e9r &#8211; Interi\u00e9r rodinn\u00e9ho domu"},"content":{"rendered":"\n<h2 class=\"wp-block-heading\">Petra Nov\u00e1kov\u00e1<\/h2>\n\n\n\n<p><strong>VO\u0160 a SP\u0160 Volyn\u011b<\/strong><\/p>\n\n\n\n<p>Pro design interi\u00e9ru jsem si zvolila spole\u010denskou m\u00edstnost rodinn\u00e9ho domu. N\u00e1vrh byl z\u00e1rove\u0148 i mou maturitn\u00ed prac\u00ed, kdy nebylo zadan\u00e9 \u017e\u00e1dn\u00e9 t\u00e9ma \u010di po\u017eadavky. Spole\u010densk\u00e1 m\u00edstnost m\u00e1 velikost plochy 60,18 m\u00b2. Jako\u017eto milovn\u00edk p\u0159\u00edrody, jsem m\u011bla jasno p\u0159i v\u00fdb\u011bru a\u0165 u\u017e materi\u00e1l\u016f, nebo r\u016fzn\u00fdch prvk\u016f, kter\u00e9 by cel\u00fd interi\u00e9r alespo\u0148 p\u0159ibl\u00ed\u017eily pr\u00e1v\u011b tomuto stylu. Podlahu, polo\u017eenou pod\u00e9ln\u011b v prostoru, jsem zvolila masivn\u00ed &#8211; Dub. V interi\u00e9ru se objevuj\u00ed i n\u011bkter\u00e9 atypy, nap\u0159.: spole\u010densk\u00fd (konferen\u010dn\u00ed) stolek, jeho\u017e nohy jsem cht\u011bla ztv\u00e1rnit podobn\u011b, jako u komody a j\u00eddeln\u00edho stolu, tud\u00ed\u017e vyu\u017eit\u00edm kovu. a reg\u00e1l, kter\u00fd odd\u011bluje m\u00edstnost. D\u00e1le jsem zahrnula jako dal\u0161\u00ed p\u0159\u00edrodn\u00ed prvek Zelenou st\u011bnu (neboli tak\u00e9 Mechovou st\u011bnu). \u010c\u00e1st ji\u017en\u00ed st\u011bny, konkr\u00e9tn\u011b za rohovou sedac\u00ed soupravou, je oblo\u017eena d\u0159ev\u011bn\u00fdm dubov\u00fdm obkladem. Stejn\u011b tak i men\u0161\u00ed \u010d\u00e1st prot\u011bj\u0161\u00ed st\u011bny. Barvy jednotliv\u00fdch za\u0159\u00edzen\u00ed jsem ponechala sp\u00ed\u0161e neutr\u00e1ln\u00ed, a to \u0161ed\u00e9. K\u0159eslo, um\u00edst\u011bno v rohu u francouzsk\u00fdch oken, je ko\u017een\u00e9 (dal\u0161\u00ed p\u0159\u00edrodn\u00ed prvek).<br>Jeliko\u017e v ji\u017e zmi\u0148ovan\u00e9 maturitn\u00ed pr\u00e1ci jsem \u0159e\u0161ila cel\u00fd rodinn\u00fd d\u016fm, zas\u00edl\u00e1m tedy v\u00fdkresy p\u016fdorysu cel\u00e9ho objektu s vyzna\u010den\u00edm dan\u00e9 m\u00edstnosti.<\/p>\n\n\n\n<figure class=\"wp-block-image size-large\"><img decoding=\"async\" width=\"1024\" height=\"683\" data-src=\"http:\/\/www.design-award.cz\/wp-content\/uploads\/2022\/04\/foto4-pohovka-1024x683.jpg\" alt=\"\" class=\"wp-image-1087 lazyload\" data-srcset=\"https:\/\/www.design-award.cz\/wp-content\/uploads\/2022\/04\/foto4-pohovka-1024x683.jpg 1024w, https:\/\/www.design-award.cz\/wp-content\/uploads\/2022\/04\/foto4-pohovka-300x200.jpg 300w, https:\/\/www.design-award.cz\/wp-content\/uploads\/2022\/04\/foto4-pohovka-768x512.jpg 768w, https:\/\/www.design-award.cz\/wp-content\/uploads\/2022\/04\/foto4-pohovka-500x333.jpg 500w, https:\/\/www.design-award.cz\/wp-content\/uploads\/2022\/04\/foto4-pohovka-800x533.jpg 800w, https:\/\/www.design-award.cz\/wp-content\/uploads\/2022\/04\/foto4-pohovka.jpg 1200w\" data-sizes=\"(max-width: 1024px) 100vw, 1024px\" src=\"data:image\/svg+xml;base64,PHN2ZyB3aWR0aD0iMSIgaGVpZ2h0PSIxIiB4bWxucz0iaHR0cDovL3d3dy53My5vcmcvMjAwMC9zdmciPjwvc3ZnPg==\" style=\"--smush-placeholder-width: 1024px; --smush-placeholder-aspect-ratio: 1024\/683;\" \/><\/figure>\n\n\n\n<figure class=\"wp-block-image size-large\"><img decoding=\"async\" width=\"1024\" height=\"683\" data-src=\"http:\/\/www.design-award.cz\/wp-content\/uploads\/2022\/04\/foto5-1024x683.jpg\" alt=\"\" class=\"wp-image-1088 lazyload\" data-srcset=\"https:\/\/www.design-award.cz\/wp-content\/uploads\/2022\/04\/foto5-1024x683.jpg 1024w, https:\/\/www.design-award.cz\/wp-content\/uploads\/2022\/04\/foto5-300x200.jpg 300w, https:\/\/www.design-award.cz\/wp-content\/uploads\/2022\/04\/foto5-768x512.jpg 768w, https:\/\/www.design-award.cz\/wp-content\/uploads\/2022\/04\/foto5-500x333.jpg 500w, https:\/\/www.design-award.cz\/wp-content\/uploads\/2022\/04\/foto5-800x533.jpg 800w, https:\/\/www.design-award.cz\/wp-content\/uploads\/2022\/04\/foto5.jpg 1200w\" data-sizes=\"(max-width: 1024px) 100vw, 1024px\" src=\"data:image\/svg+xml;base64,PHN2ZyB3aWR0aD0iMSIgaGVpZ2h0PSIxIiB4bWxucz0iaHR0cDovL3d3dy53My5vcmcvMjAwMC9zdmciPjwvc3ZnPg==\" style=\"--smush-placeholder-width: 1024px; --smush-placeholder-aspect-ratio: 1024\/683;\" \/><\/figure>\n\n\n\n<figure class=\"wp-block-image size-large\"><img decoding=\"async\" width=\"1024\" height=\"683\" data-src=\"http:\/\/www.design-award.cz\/wp-content\/uploads\/2022\/04\/foto6-1024x683.jpg\" alt=\"\" class=\"wp-image-1089 lazyload\" data-srcset=\"https:\/\/www.design-award.cz\/wp-content\/uploads\/2022\/04\/foto6-1024x683.jpg 1024w, https:\/\/www.design-award.cz\/wp-content\/uploads\/2022\/04\/foto6-300x200.jpg 300w, https:\/\/www.design-award.cz\/wp-content\/uploads\/2022\/04\/foto6-768x512.jpg 768w, https:\/\/www.design-award.cz\/wp-content\/uploads\/2022\/04\/foto6-500x333.jpg 500w, https:\/\/www.design-award.cz\/wp-content\/uploads\/2022\/04\/foto6-800x533.jpg 800w, https:\/\/www.design-award.cz\/wp-content\/uploads\/2022\/04\/foto6.jpg 1200w\" data-sizes=\"(max-width: 1024px) 100vw, 1024px\" src=\"data:image\/svg+xml;base64,PHN2ZyB3aWR0aD0iMSIgaGVpZ2h0PSIxIiB4bWxucz0iaHR0cDovL3d3dy53My5vcmcvMjAwMC9zdmciPjwvc3ZnPg==\" style=\"--smush-placeholder-width: 1024px; --smush-placeholder-aspect-ratio: 1024\/683;\" \/><\/figure>\n\n\n\n<figure class=\"wp-block-image size-large\"><img decoding=\"async\" width=\"1024\" height=\"739\" data-src=\"http:\/\/www.design-award.cz\/wp-content\/uploads\/2022\/04\/Pohledy-na-steny-1024x739.png\" alt=\"\" class=\"wp-image-1090 lazyload\" data-srcset=\"https:\/\/www.design-award.cz\/wp-content\/uploads\/2022\/04\/Pohledy-na-steny-1024x739.png 1024w, https:\/\/www.design-award.cz\/wp-content\/uploads\/2022\/04\/Pohledy-na-steny-300x216.png 300w, https:\/\/www.design-award.cz\/wp-content\/uploads\/2022\/04\/Pohledy-na-steny-768x554.png 768w, https:\/\/www.design-award.cz\/wp-content\/uploads\/2022\/04\/Pohledy-na-steny-500x361.png 500w, https:\/\/www.design-award.cz\/wp-content\/uploads\/2022\/04\/Pohledy-na-steny-800x577.png 800w, https:\/\/www.design-award.cz\/wp-content\/uploads\/2022\/04\/Pohledy-na-steny-1280x923.png 1280w, https:\/\/www.design-award.cz\/wp-content\/uploads\/2022\/04\/Pohledy-na-steny.png 1471w\" data-sizes=\"(max-width: 1024px) 100vw, 1024px\" src=\"data:image\/svg+xml;base64,PHN2ZyB3aWR0aD0iMSIgaGVpZ2h0PSIxIiB4bWxucz0iaHR0cDovL3d3dy53My5vcmcvMjAwMC9zdmciPjwvc3ZnPg==\" style=\"--smush-placeholder-width: 1024px; --smush-placeholder-aspect-ratio: 1024\/739;\" \/><\/figure>\n\n\n\n<figure class=\"wp-block-image size-large\"><img decoding=\"async\" width=\"1024\" height=\"738\" data-src=\"http:\/\/www.design-award.cz\/wp-content\/uploads\/2022\/04\/Pudorys-1-1024x738.png\" alt=\"\" class=\"wp-image-1091 lazyload\" data-srcset=\"https:\/\/www.design-award.cz\/wp-content\/uploads\/2022\/04\/Pudorys-1-1024x738.png 1024w, https:\/\/www.design-award.cz\/wp-content\/uploads\/2022\/04\/Pudorys-1-300x216.png 300w, https:\/\/www.design-award.cz\/wp-content\/uploads\/2022\/04\/Pudorys-1-768x553.png 768w, https:\/\/www.design-award.cz\/wp-content\/uploads\/2022\/04\/Pudorys-1-500x360.png 500w, https:\/\/www.design-award.cz\/wp-content\/uploads\/2022\/04\/Pudorys-1-800x576.png 800w, https:\/\/www.design-award.cz\/wp-content\/uploads\/2022\/04\/Pudorys-1-1280x922.png 1280w, https:\/\/www.design-award.cz\/wp-content\/uploads\/2022\/04\/Pudorys-1.png 1473w\" data-sizes=\"(max-width: 1024px) 100vw, 1024px\" src=\"data:image\/svg+xml;base64,PHN2ZyB3aWR0aD0iMSIgaGVpZ2h0PSIxIiB4bWxucz0iaHR0cDovL3d3dy53My5vcmcvMjAwMC9zdmciPjwvc3ZnPg==\" style=\"--smush-placeholder-width: 1024px; --smush-placeholder-aspect-ratio: 1024\/738;\" \/><\/figure>\n\n\n<div class=\"wp-block-visual-portfolio\">\n<div class=\"vp-portfolio vp-uid-2ece4a06 vp-id-607\"\n\tdata-vp-layout=\"slider\" data-vp-content-source=\"post-based\" data-vp-items-style=\"fade\" data-vp-items-click-action=\"url\" data-vp-items-gap=\"12\" data-vp-items-gap-vertical=\"\" data-vp-pagination=\"load-more\" data-vp-next-page-url=\"https:\/\/www.design-award.cz\/index.php?rest_route=%2Fwp%2Fv2%2Fportfolio%2F1085&#038;vp_page=2\" data-vp-random-seed=\"895793481\" data-vp-slider-effect=\"slide\" data-vp-slider-items-height=\"80%\" data-vp-slider-items-min-height=\"\" data-vp-slider-slides-per-view=\"3\" data-vp-slider-speed=\"0.3\" data-vp-slider-autoplay=\"4.8\" data-vp-slider-autoplay-hover-pause=\"false\" data-vp-slider-centered-slides=\"true\" data-vp-slider-loop=\"true\" data-vp-slider-free-mode=\"false\" data-vp-slider-free-mode-sticky=\"false\" data-vp-slider-arrows=\"true\" data-vp-slider-bullets=\"false\" data-vp-slider-bullets-dynamic=\"false\" data-vp-slider-mousewheel=\"false\" data-vp-slider-thumbnails=\"false\" >\n\t<div class=\"vp-portfolio__preloader-wrap\">\n\t\t<div class=\"vp-portfolio__preloader\">\n\t\t\t<img decoding=\"async\" loading=\"eager\" src=\"https:\/\/www.design-award.cz\/wp-content\/plugins\/visual-portfolio\/assets\/images\/logo-dark.svg\" alt=\"Visual Portfolio, Posts &amp; Image Gallery for WordPress\" width=\"20\" height=\"20\" data-skip-lazy>\n\t\t<\/div>\n\t<\/div>\n\t\t<div class=\"vp-portfolio__items-wrap\">\n\t\t\t\n<div class=\"vp-portfolio__items vp-portfolio__items-style-fade vp-portfolio__items-show-overlay-hover\">\n\n\t\t<article\t\tclass=\"vp-portfolio__item-wrap post-1842 portfolio type-portfolio status-publish format-standard has-post-thumbnail hentry portfolio_category-soutezici-2023 entry has-media vp-portfolio__item-uid-7a118223\" data-vp-filter=\"soutezici-2023\" \t\t>\n\t\t\t\t\t\t\t\t\t<figure class=\"vp-portfolio__item\">\n\t\t\t\t\n<div class=\"vp-portfolio__item-img-wrap\">\n\t<div class=\"vp-portfolio__item-img\">\n\t\t\t<a\n\t\thref=\"https:\/\/www.design-award.cz\/?portfolio=soukromy-interier-r9\"\n\t\t\t>\n\t\n\t\t<noscript><img decoding=\"async\" width=\"1920\" height=\"1358\" data-skip-lazy src=\"https:\/\/www.design-award.cz\/wp-content\/uploads\/2023\/04\/0vizualizace_R9-05-1920x1358.jpg\" class=\"wp-image-2402\" alt=\"\" srcset=\"https:\/\/www.design-award.cz\/wp-content\/uploads\/2023\/04\/0vizualizace_R9-05-1920x1358.jpg 1920w, https:\/\/www.design-award.cz\/wp-content\/uploads\/2023\/04\/0vizualizace_R9-05-300x212.jpg 300w, https:\/\/www.design-award.cz\/wp-content\/uploads\/2023\/04\/0vizualizace_R9-05-1024x724.jpg 1024w, https:\/\/www.design-award.cz\/wp-content\/uploads\/2023\/04\/0vizualizace_R9-05-768x543.jpg 768w, https:\/\/www.design-award.cz\/wp-content\/uploads\/2023\/04\/0vizualizace_R9-05-1536x1086.jpg 1536w, https:\/\/www.design-award.cz\/wp-content\/uploads\/2023\/04\/0vizualizace_R9-05-2048x1448.jpg 2048w, https:\/\/www.design-award.cz\/wp-content\/uploads\/2023\/04\/0vizualizace_R9-05-500x354.jpg 500w, https:\/\/www.design-award.cz\/wp-content\/uploads\/2023\/04\/0vizualizace_R9-05-800x566.jpg 800w, https:\/\/www.design-award.cz\/wp-content\/uploads\/2023\/04\/0vizualizace_R9-05-1280x905.jpg 1280w\" sizes=\"(max-width: 1920px) 100vw, 1920px\" \/><\/noscript><img fetchpriority=\"high\" decoding=\"async\" width=\"1920\" height=\"1358\" src=\"https:\/\/www.design-award.cz\/wp-content\/uploads\/2023\/04\/0vizualizace_R9-05-1920x1358.jpg\" class=\"wp-image-2402 vp-lazyload\" alt srcset=\"data:image\/svg+xml;base64,PHN2ZyB3aWR0aD0iMTkyMCIgaGVpZ2h0PSIxMzU4IiB2aWV3Qm94PSIwIDAgMTkyMCAxMzU4IiBmaWxsPSJub25lIiB4bWxucz0iaHR0cDovL3d3dy53My5vcmcvMjAwMC9zdmciPjwvc3ZnPg==\" data-src=\"https:\/\/www.design-award.cz\/wp-content\/uploads\/2023\/04\/0vizualizace_R9-05-1920x1358.jpg\" data-srcset=\"https:\/\/www.design-award.cz\/wp-content\/uploads\/2023\/04\/0vizualizace_R9-05-1920x1358.jpg 1920w, https:\/\/www.design-award.cz\/wp-content\/uploads\/2023\/04\/0vizualizace_R9-05-300x212.jpg 300w, https:\/\/www.design-award.cz\/wp-content\/uploads\/2023\/04\/0vizualizace_R9-05-1024x724.jpg 1024w, https:\/\/www.design-award.cz\/wp-content\/uploads\/2023\/04\/0vizualizace_R9-05-768x543.jpg 768w, https:\/\/www.design-award.cz\/wp-content\/uploads\/2023\/04\/0vizualizace_R9-05-1536x1086.jpg 1536w, https:\/\/www.design-award.cz\/wp-content\/uploads\/2023\/04\/0vizualizace_R9-05-2048x1448.jpg 2048w, https:\/\/www.design-award.cz\/wp-content\/uploads\/2023\/04\/0vizualizace_R9-05-500x354.jpg 500w, https:\/\/www.design-award.cz\/wp-content\/uploads\/2023\/04\/0vizualizace_R9-05-800x566.jpg 800w, https:\/\/www.design-award.cz\/wp-content\/uploads\/2023\/04\/0vizualizace_R9-05-1280x905.jpg 1280w\" data-sizes=\"auto\" loading=\"eager\">\n\t\t<\/a>\t<\/div>\n<\/div>\n\t<figcaption class=\"vp-portfolio__item-overlay vp-portfolio__item-overlay-text-align-center\">\n\t\t<div class=\"vp-portfolio__item-meta-wrap vp-portfolio__custom-scrollbar\">\n\t\t\t\t<a\n\t\thref=\"https:\/\/www.design-award.cz\/?portfolio=soukromy-interier-r9\"\n\t\ttabindex=\"-1\" class=\"vp-portfolio__item-meta\" \t>\n\t\n<div class=\"vp-portfolio__item-meta-categories\">\n\t\t\t<div class=\"vp-portfolio__item-meta-category\">\n\t\t\t\t<span\t\t\t>\n\tSOUT\u011a\u017d\u00cdC\u00cd 2023<\/span>\t\t<\/div>\n\t\t<\/div>\n\n<h2 class=\"vp-portfolio__item-meta-title\">\n\tSoukrom\u00fd interi\u00e9r &#8211; R9<\/h2>\n<\/a>\t\t<\/div>\n\t<\/figcaption>\n\t\t\t<\/figure>\n\t\t\t\t\t<\/article>\n\t\t\n\t\t<article\t\tclass=\"vp-portfolio__item-wrap post-3212 portfolio type-portfolio status-publish format-standard has-post-thumbnail hentry entry has-media vp-portfolio__item-uid-a0f83b3b\" data-vp-filter=\"\" \t\t>\n\t\t\t\t\t\t\t\t\t<figure class=\"vp-portfolio__item\">\n\t\t\t\t\n<div class=\"vp-portfolio__item-img-wrap\">\n\t<div class=\"vp-portfolio__item-img\">\n\t\t\t<a\n\t\thref=\"https:\/\/www.design-award.cz\/?portfolio=verejny-interier-bistro-5\"\n\t\t\t>\n\t\n\t\t<noscript><img decoding=\"async\" width=\"1181\" height=\"945\" data-skip-lazy src=\"https:\/\/www.design-award.cz\/wp-content\/uploads\/2024\/04\/render-10000-3.png\" class=\"wp-image-3223\" alt=\"\" srcset=\"https:\/\/www.design-award.cz\/wp-content\/uploads\/2024\/04\/render-10000-3.png 1181w, https:\/\/www.design-award.cz\/wp-content\/uploads\/2024\/04\/render-10000-3-300x240.png 300w, https:\/\/www.design-award.cz\/wp-content\/uploads\/2024\/04\/render-10000-3-1024x819.png 1024w, https:\/\/www.design-award.cz\/wp-content\/uploads\/2024\/04\/render-10000-3-768x615.png 768w, https:\/\/www.design-award.cz\/wp-content\/uploads\/2024\/04\/render-10000-3-500x400.png 500w, https:\/\/www.design-award.cz\/wp-content\/uploads\/2024\/04\/render-10000-3-800x640.png 800w\" sizes=\"(max-width: 1181px) 100vw, 1181px\" \/><\/noscript><img decoding=\"async\" width=\"1181\" height=\"945\" src=\"https:\/\/www.design-award.cz\/wp-content\/uploads\/2024\/04\/render-10000-3.png\" class=\"wp-image-3223 vp-lazyload\" alt srcset=\"data:image\/svg+xml;base64,PHN2ZyB3aWR0aD0iMTE4MSIgaGVpZ2h0PSI5NDUiIHZpZXdCb3g9IjAgMCAxMTgxIDk0NSIgZmlsbD0ibm9uZSIgeG1sbnM9Imh0dHA6Ly93d3cudzMub3JnLzIwMDAvc3ZnIj48L3N2Zz4=\" data-src=\"https:\/\/www.design-award.cz\/wp-content\/uploads\/2024\/04\/render-10000-3.png\" data-srcset=\"https:\/\/www.design-award.cz\/wp-content\/uploads\/2024\/04\/render-10000-3.png 1181w, https:\/\/www.design-award.cz\/wp-content\/uploads\/2024\/04\/render-10000-3-300x240.png 300w, https:\/\/www.design-award.cz\/wp-content\/uploads\/2024\/04\/render-10000-3-1024x819.png 1024w, https:\/\/www.design-award.cz\/wp-content\/uploads\/2024\/04\/render-10000-3-768x615.png 768w, https:\/\/www.design-award.cz\/wp-content\/uploads\/2024\/04\/render-10000-3-500x400.png 500w, https:\/\/www.design-award.cz\/wp-content\/uploads\/2024\/04\/render-10000-3-800x640.png 800w\" data-sizes=\"auto\" loading=\"eager\">\n\t\t<\/a>\t<\/div>\n<\/div>\n\t<figcaption class=\"vp-portfolio__item-overlay vp-portfolio__item-overlay-text-align-center\">\n\t\t<div class=\"vp-portfolio__item-meta-wrap vp-portfolio__custom-scrollbar\">\n\t\t\t\t<a\n\t\thref=\"https:\/\/www.design-award.cz\/?portfolio=verejny-interier-bistro-5\"\n\t\ttabindex=\"-1\" class=\"vp-portfolio__item-meta\" \t>\n\t\n<h2 class=\"vp-portfolio__item-meta-title\">\n\tVe\u0159ejn\u00fd interi\u00e9r &#8211; Bistro<\/h2>\n<\/a>\t\t<\/div>\n\t<\/figcaption>\n\t\t\t<\/figure>\n\t\t\t\t\t<\/article>\n\t\t\n\t\t<article\t\tclass=\"vp-portfolio__item-wrap post-2581 portfolio type-portfolio status-publish format-standard has-post-thumbnail hentry portfolio_category-soutezici-2023 entry has-media vp-portfolio__item-uid-55c0a028\" data-vp-filter=\"soutezici-2023\" \t\t>\n\t\t\t\t\t\t\t\t\t<figure class=\"vp-portfolio__item\">\n\t\t\t\t\n<div class=\"vp-portfolio__item-img-wrap\">\n\t<div class=\"vp-portfolio__item-img\">\n\t\t\t<a\n\t\thref=\"https:\/\/www.design-award.cz\/?portfolio=produktovy-design-dverni-kovani\"\n\t\t\t>\n\t\n\t\t<noscript><img decoding=\"async\" width=\"1329\" height=\"1999\" data-skip-lazy src=\"https:\/\/www.design-award.cz\/wp-content\/uploads\/2023\/04\/MODEL-DVERNIHO-KOVANI-Patrik-Simek-plast-16-x-24-x-9-cm-pod-vedenim-MgA.-Martiny-Klimosove-a-Ing.-Doubravky-Lesakove.jpg\" class=\"wp-image-2583\" alt=\"\" srcset=\"https:\/\/www.design-award.cz\/wp-content\/uploads\/2023\/04\/MODEL-DVERNIHO-KOVANI-Patrik-Simek-plast-16-x-24-x-9-cm-pod-vedenim-MgA.-Martiny-Klimosove-a-Ing.-Doubravky-Lesakove.jpg 1329w, https:\/\/www.design-award.cz\/wp-content\/uploads\/2023\/04\/MODEL-DVERNIHO-KOVANI-Patrik-Simek-plast-16-x-24-x-9-cm-pod-vedenim-MgA.-Martiny-Klimosove-a-Ing.-Doubravky-Lesakove-199x300.jpg 199w, https:\/\/www.design-award.cz\/wp-content\/uploads\/2023\/04\/MODEL-DVERNIHO-KOVANI-Patrik-Simek-plast-16-x-24-x-9-cm-pod-vedenim-MgA.-Martiny-Klimosove-a-Ing.-Doubravky-Lesakove-681x1024.jpg 681w, https:\/\/www.design-award.cz\/wp-content\/uploads\/2023\/04\/MODEL-DVERNIHO-KOVANI-Patrik-Simek-plast-16-x-24-x-9-cm-pod-vedenim-MgA.-Martiny-Klimosove-a-Ing.-Doubravky-Lesakove-768x1155.jpg 768w, https:\/\/www.design-award.cz\/wp-content\/uploads\/2023\/04\/MODEL-DVERNIHO-KOVANI-Patrik-Simek-plast-16-x-24-x-9-cm-pod-vedenim-MgA.-Martiny-Klimosove-a-Ing.-Doubravky-Lesakove-1021x1536.jpg 1021w, https:\/\/www.design-award.cz\/wp-content\/uploads\/2023\/04\/MODEL-DVERNIHO-KOVANI-Patrik-Simek-plast-16-x-24-x-9-cm-pod-vedenim-MgA.-Martiny-Klimosove-a-Ing.-Doubravky-Lesakove-500x752.jpg 500w, https:\/\/www.design-award.cz\/wp-content\/uploads\/2023\/04\/MODEL-DVERNIHO-KOVANI-Patrik-Simek-plast-16-x-24-x-9-cm-pod-vedenim-MgA.-Martiny-Klimosove-a-Ing.-Doubravky-Lesakove-800x1203.jpg 800w, https:\/\/www.design-award.cz\/wp-content\/uploads\/2023\/04\/MODEL-DVERNIHO-KOVANI-Patrik-Simek-plast-16-x-24-x-9-cm-pod-vedenim-MgA.-Martiny-Klimosove-a-Ing.-Doubravky-Lesakove-1280x1925.jpg 1280w\" sizes=\"(max-width: 1329px) 100vw, 1329px\" \/><\/noscript><img decoding=\"async\" width=\"1329\" height=\"1999\" src=\"https:\/\/www.design-award.cz\/wp-content\/uploads\/2023\/04\/MODEL-DVERNIHO-KOVANI-Patrik-Simek-plast-16-x-24-x-9-cm-pod-vedenim-MgA.-Martiny-Klimosove-a-Ing.-Doubravky-Lesakove.jpg\" class=\"wp-image-2583 vp-lazyload\" alt srcset=\"data:image\/svg+xml;base64,PHN2ZyB3aWR0aD0iMTMyOSIgaGVpZ2h0PSIxOTk5IiB2aWV3Qm94PSIwIDAgMTMyOSAxOTk5IiBmaWxsPSJub25lIiB4bWxucz0iaHR0cDovL3d3dy53My5vcmcvMjAwMC9zdmciPjwvc3ZnPg==\" data-src=\"https:\/\/www.design-award.cz\/wp-content\/uploads\/2023\/04\/MODEL-DVERNIHO-KOVANI-Patrik-Simek-plast-16-x-24-x-9-cm-pod-vedenim-MgA.-Martiny-Klimosove-a-Ing.-Doubravky-Lesakove.jpg\" data-srcset=\"https:\/\/www.design-award.cz\/wp-content\/uploads\/2023\/04\/MODEL-DVERNIHO-KOVANI-Patrik-Simek-plast-16-x-24-x-9-cm-pod-vedenim-MgA.-Martiny-Klimosove-a-Ing.-Doubravky-Lesakove.jpg 1329w, https:\/\/www.design-award.cz\/wp-content\/uploads\/2023\/04\/MODEL-DVERNIHO-KOVANI-Patrik-Simek-plast-16-x-24-x-9-cm-pod-vedenim-MgA.-Martiny-Klimosove-a-Ing.-Doubravky-Lesakove-199x300.jpg 199w, https:\/\/www.design-award.cz\/wp-content\/uploads\/2023\/04\/MODEL-DVERNIHO-KOVANI-Patrik-Simek-plast-16-x-24-x-9-cm-pod-vedenim-MgA.-Martiny-Klimosove-a-Ing.-Doubravky-Lesakove-681x1024.jpg 681w, https:\/\/www.design-award.cz\/wp-content\/uploads\/2023\/04\/MODEL-DVERNIHO-KOVANI-Patrik-Simek-plast-16-x-24-x-9-cm-pod-vedenim-MgA.-Martiny-Klimosove-a-Ing.-Doubravky-Lesakove-768x1155.jpg 768w, https:\/\/www.design-award.cz\/wp-content\/uploads\/2023\/04\/MODEL-DVERNIHO-KOVANI-Patrik-Simek-plast-16-x-24-x-9-cm-pod-vedenim-MgA.-Martiny-Klimosove-a-Ing.-Doubravky-Lesakove-1021x1536.jpg 1021w, https:\/\/www.design-award.cz\/wp-content\/uploads\/2023\/04\/MODEL-DVERNIHO-KOVANI-Patrik-Simek-plast-16-x-24-x-9-cm-pod-vedenim-MgA.-Martiny-Klimosove-a-Ing.-Doubravky-Lesakove-500x752.jpg 500w, https:\/\/www.design-award.cz\/wp-content\/uploads\/2023\/04\/MODEL-DVERNIHO-KOVANI-Patrik-Simek-plast-16-x-24-x-9-cm-pod-vedenim-MgA.-Martiny-Klimosove-a-Ing.-Doubravky-Lesakove-800x1203.jpg 800w, https:\/\/www.design-award.cz\/wp-content\/uploads\/2023\/04\/MODEL-DVERNIHO-KOVANI-Patrik-Simek-plast-16-x-24-x-9-cm-pod-vedenim-MgA.-Martiny-Klimosove-a-Ing.-Doubravky-Lesakove-1280x1925.jpg 1280w\" data-sizes=\"auto\" loading=\"eager\">\n\t\t<\/a>\t<\/div>\n<\/div>\n\t<figcaption class=\"vp-portfolio__item-overlay vp-portfolio__item-overlay-text-align-center\">\n\t\t<div class=\"vp-portfolio__item-meta-wrap vp-portfolio__custom-scrollbar\">\n\t\t\t\t<a\n\t\thref=\"https:\/\/www.design-award.cz\/?portfolio=produktovy-design-dverni-kovani\"\n\t\ttabindex=\"-1\" class=\"vp-portfolio__item-meta\" \t>\n\t\n<div class=\"vp-portfolio__item-meta-categories\">\n\t\t\t<div class=\"vp-portfolio__item-meta-category\">\n\t\t\t\t<span\t\t\t>\n\tSOUT\u011a\u017d\u00cdC\u00cd 2023<\/span>\t\t<\/div>\n\t\t<\/div>\n\n<h2 class=\"vp-portfolio__item-meta-title\">\n\tProduktov\u00fd design \u2013 Dve\u0159n\u00ed kov\u00e1n\u00ed<\/h2>\n<\/a>\t\t<\/div>\n\t<\/figcaption>\n\t\t\t<\/figure>\n\t\t\t\t\t<\/article>\n\t\t\n\t\t<article\t\tclass=\"vp-portfolio__item-wrap post-3202 portfolio type-portfolio status-publish format-standard has-post-thumbnail hentry entry has-media vp-portfolio__item-uid-b9e30a7a\" data-vp-filter=\"\" \t\t>\n\t\t\t\t\t\t\t\t\t<figure class=\"vp-portfolio__item\">\n\t\t\t\t\n<div class=\"vp-portfolio__item-img-wrap\">\n\t<div class=\"vp-portfolio__item-img\">\n\t\t\t<a\n\t\thref=\"https:\/\/www.design-award.cz\/?portfolio=verejny-interier-bistro-4\"\n\t\t\t>\n\t\n\t\t<noscript><img decoding=\"async\" width=\"1134\" height=\"638\" data-skip-lazy src=\"https:\/\/www.design-award.cz\/wp-content\/uploads\/2024\/04\/render-okno-PLAKAAAAAT.png\" class=\"wp-image-3209\" alt=\"\" srcset=\"https:\/\/www.design-award.cz\/wp-content\/uploads\/2024\/04\/render-okno-PLAKAAAAAT.png 1134w, https:\/\/www.design-award.cz\/wp-content\/uploads\/2024\/04\/render-okno-PLAKAAAAAT-300x169.png 300w, https:\/\/www.design-award.cz\/wp-content\/uploads\/2024\/04\/render-okno-PLAKAAAAAT-1024x576.png 1024w, https:\/\/www.design-award.cz\/wp-content\/uploads\/2024\/04\/render-okno-PLAKAAAAAT-768x432.png 768w, https:\/\/www.design-award.cz\/wp-content\/uploads\/2024\/04\/render-okno-PLAKAAAAAT-500x281.png 500w, https:\/\/www.design-award.cz\/wp-content\/uploads\/2024\/04\/render-okno-PLAKAAAAAT-800x450.png 800w\" sizes=\"(max-width: 1134px) 100vw, 1134px\" \/><\/noscript><img decoding=\"async\" width=\"1134\" height=\"638\" src=\"https:\/\/www.design-award.cz\/wp-content\/uploads\/2024\/04\/render-okno-PLAKAAAAAT.png\" class=\"wp-image-3209 vp-lazyload\" alt srcset=\"data:image\/svg+xml;base64,PHN2ZyB3aWR0aD0iMTEzNCIgaGVpZ2h0PSI2MzgiIHZpZXdCb3g9IjAgMCAxMTM0IDYzOCIgZmlsbD0ibm9uZSIgeG1sbnM9Imh0dHA6Ly93d3cudzMub3JnLzIwMDAvc3ZnIj48L3N2Zz4=\" data-src=\"https:\/\/www.design-award.cz\/wp-content\/uploads\/2024\/04\/render-okno-PLAKAAAAAT.png\" data-srcset=\"https:\/\/www.design-award.cz\/wp-content\/uploads\/2024\/04\/render-okno-PLAKAAAAAT.png 1134w, https:\/\/www.design-award.cz\/wp-content\/uploads\/2024\/04\/render-okno-PLAKAAAAAT-300x169.png 300w, https:\/\/www.design-award.cz\/wp-content\/uploads\/2024\/04\/render-okno-PLAKAAAAAT-1024x576.png 1024w, https:\/\/www.design-award.cz\/wp-content\/uploads\/2024\/04\/render-okno-PLAKAAAAAT-768x432.png 768w, https:\/\/www.design-award.cz\/wp-content\/uploads\/2024\/04\/render-okno-PLAKAAAAAT-500x281.png 500w, https:\/\/www.design-award.cz\/wp-content\/uploads\/2024\/04\/render-okno-PLAKAAAAAT-800x450.png 800w\" data-sizes=\"auto\" loading=\"eager\">\n\t\t<\/a>\t<\/div>\n<\/div>\n\t<figcaption class=\"vp-portfolio__item-overlay vp-portfolio__item-overlay-text-align-center\">\n\t\t<div class=\"vp-portfolio__item-meta-wrap vp-portfolio__custom-scrollbar\">\n\t\t\t\t<a\n\t\thref=\"https:\/\/www.design-award.cz\/?portfolio=verejny-interier-bistro-4\"\n\t\ttabindex=\"-1\" class=\"vp-portfolio__item-meta\" \t>\n\t\n<h2 class=\"vp-portfolio__item-meta-title\">\n\tVe\u0159ejn\u00fd interi\u00e9r &#8211; Bistro<\/h2>\n<\/a>\t\t<\/div>\n\t<\/figcaption>\n\t\t\t<\/figure>\n\t\t\t\t\t<\/article>\n\t\t\n\t\t<article\t\tclass=\"vp-portfolio__item-wrap post-1213 portfolio type-portfolio status-publish format-standard has-post-thumbnail hentry entry has-media vp-portfolio__item-uid-7df6c326\" data-vp-filter=\"\" \t\t>\n\t\t\t\t\t\t\t\t\t<figure class=\"vp-portfolio__item\">\n\t\t\t\t\n<div class=\"vp-portfolio__item-img-wrap\">\n\t<div class=\"vp-portfolio__item-img\">\n\t\t\t<a\n\t\thref=\"https:\/\/www.design-award.cz\/?portfolio=produktovy-design-zavesny-kocici-pelisek\"\n\t\t\t>\n\t\n\t\t<noscript><img decoding=\"async\" width=\"999\" height=\"1475\" data-skip-lazy src=\"https:\/\/www.design-award.cz\/wp-content\/uploads\/2022\/04\/pelisek.jpg\" class=\"wp-image-1214\" alt=\"\" srcset=\"https:\/\/www.design-award.cz\/wp-content\/uploads\/2022\/04\/pelisek.jpg 999w, https:\/\/www.design-award.cz\/wp-content\/uploads\/2022\/04\/pelisek-203x300.jpg 203w, https:\/\/www.design-award.cz\/wp-content\/uploads\/2022\/04\/pelisek-694x1024.jpg 694w, https:\/\/www.design-award.cz\/wp-content\/uploads\/2022\/04\/pelisek-768x1134.jpg 768w, https:\/\/www.design-award.cz\/wp-content\/uploads\/2022\/04\/pelisek-500x738.jpg 500w, https:\/\/www.design-award.cz\/wp-content\/uploads\/2022\/04\/pelisek-800x1181.jpg 800w\" sizes=\"(max-width: 999px) 100vw, 999px\" \/><\/noscript><img decoding=\"async\" width=\"999\" height=\"1475\" src=\"https:\/\/www.design-award.cz\/wp-content\/uploads\/2022\/04\/pelisek.jpg\" class=\"wp-image-1214 vp-lazyload\" alt srcset=\"data:image\/svg+xml;base64,PHN2ZyB3aWR0aD0iOTk5IiBoZWlnaHQ9IjE0NzUiIHZpZXdCb3g9IjAgMCA5OTkgMTQ3NSIgZmlsbD0ibm9uZSIgeG1sbnM9Imh0dHA6Ly93d3cudzMub3JnLzIwMDAvc3ZnIj48L3N2Zz4=\" data-src=\"https:\/\/www.design-award.cz\/wp-content\/uploads\/2022\/04\/pelisek.jpg\" data-srcset=\"https:\/\/www.design-award.cz\/wp-content\/uploads\/2022\/04\/pelisek.jpg 999w, https:\/\/www.design-award.cz\/wp-content\/uploads\/2022\/04\/pelisek-203x300.jpg 203w, https:\/\/www.design-award.cz\/wp-content\/uploads\/2022\/04\/pelisek-694x1024.jpg 694w, https:\/\/www.design-award.cz\/wp-content\/uploads\/2022\/04\/pelisek-768x1134.jpg 768w, https:\/\/www.design-award.cz\/wp-content\/uploads\/2022\/04\/pelisek-500x738.jpg 500w, https:\/\/www.design-award.cz\/wp-content\/uploads\/2022\/04\/pelisek-800x1181.jpg 800w\" data-sizes=\"auto\" loading=\"eager\">\n\t\t<\/a>\t<\/div>\n<\/div>\n\t<figcaption class=\"vp-portfolio__item-overlay vp-portfolio__item-overlay-text-align-center\">\n\t\t<div class=\"vp-portfolio__item-meta-wrap vp-portfolio__custom-scrollbar\">\n\t\t\t\t<a\n\t\thref=\"https:\/\/www.design-award.cz\/?portfolio=produktovy-design-zavesny-kocici-pelisek\"\n\t\ttabindex=\"-1\" class=\"vp-portfolio__item-meta\" \t>\n\t\n<h2 class=\"vp-portfolio__item-meta-title\">\n\tProduktov\u00fd design &#8211; Z\u00e1v\u011bsn\u00fd ko\u010di\u010d\u00ed pel\u00ed\u0161ek<\/h2>\n<\/a>\t\t<\/div>\n\t<\/figcaption>\n\t\t\t<\/figure>\n\t\t\t\t\t<\/article>\n\t\t\n\t\t<article\t\tclass=\"vp-portfolio__item-wrap post-4160 portfolio type-portfolio status-publish format-standard has-post-thumbnail hentry entry has-media vp-portfolio__item-uid-9e264a30\" data-vp-filter=\"\" \t\t>\n\t\t\t\t\t\t\t\t\t<figure class=\"vp-portfolio__item\">\n\t\t\t\t\n<div class=\"vp-portfolio__item-img-wrap\">\n\t<div class=\"vp-portfolio__item-img\">\n\t\t\t<a\n\t\thref=\"https:\/\/www.design-award.cz\/?portfolio=verejny-interier-vystava-nabozenstvi-zoroastrismus\"\n\t\t\t>\n\t\n\t\t<noscript><img decoding=\"async\" width=\"1920\" height=\"1315\" data-skip-lazy src=\"https:\/\/www.design-award.cz\/wp-content\/uploads\/2024\/07\/07-Koty-3-dispozice-1920x1315.jpg\" class=\"wp-image-4178\" alt=\"\" srcset=\"https:\/\/www.design-award.cz\/wp-content\/uploads\/2024\/07\/07-Koty-3-dispozice-1920x1315.jpg 1920w, https:\/\/www.design-award.cz\/wp-content\/uploads\/2024\/07\/07-Koty-3-dispozice-300x206.jpg 300w, https:\/\/www.design-award.cz\/wp-content\/uploads\/2024\/07\/07-Koty-3-dispozice-1024x701.jpg 1024w, https:\/\/www.design-award.cz\/wp-content\/uploads\/2024\/07\/07-Koty-3-dispozice-768x526.jpg 768w, https:\/\/www.design-award.cz\/wp-content\/uploads\/2024\/07\/07-Koty-3-dispozice-1536x1052.jpg 1536w, https:\/\/www.design-award.cz\/wp-content\/uploads\/2024\/07\/07-Koty-3-dispozice-2048x1403.jpg 2048w, https:\/\/www.design-award.cz\/wp-content\/uploads\/2024\/07\/07-Koty-3-dispozice-500x343.jpg 500w, https:\/\/www.design-award.cz\/wp-content\/uploads\/2024\/07\/07-Koty-3-dispozice-800x548.jpg 800w, https:\/\/www.design-award.cz\/wp-content\/uploads\/2024\/07\/07-Koty-3-dispozice-1280x877.jpg 1280w\" sizes=\"(max-width: 1920px) 100vw, 1920px\" \/><\/noscript><img decoding=\"async\" width=\"1920\" height=\"1315\" src=\"https:\/\/www.design-award.cz\/wp-content\/uploads\/2024\/07\/07-Koty-3-dispozice-1920x1315.jpg\" class=\"wp-image-4178 vp-lazyload\" alt srcset=\"data:image\/svg+xml;base64,PHN2ZyB3aWR0aD0iMTkyMCIgaGVpZ2h0PSIxMzE1IiB2aWV3Qm94PSIwIDAgMTkyMCAxMzE1IiBmaWxsPSJub25lIiB4bWxucz0iaHR0cDovL3d3dy53My5vcmcvMjAwMC9zdmciPjwvc3ZnPg==\" data-src=\"https:\/\/www.design-award.cz\/wp-content\/uploads\/2024\/07\/07-Koty-3-dispozice-1920x1315.jpg\" data-srcset=\"https:\/\/www.design-award.cz\/wp-content\/uploads\/2024\/07\/07-Koty-3-dispozice-1920x1315.jpg 1920w, https:\/\/www.design-award.cz\/wp-content\/uploads\/2024\/07\/07-Koty-3-dispozice-300x206.jpg 300w, https:\/\/www.design-award.cz\/wp-content\/uploads\/2024\/07\/07-Koty-3-dispozice-1024x701.jpg 1024w, https:\/\/www.design-award.cz\/wp-content\/uploads\/2024\/07\/07-Koty-3-dispozice-768x526.jpg 768w, https:\/\/www.design-award.cz\/wp-content\/uploads\/2024\/07\/07-Koty-3-dispozice-1536x1052.jpg 1536w, https:\/\/www.design-award.cz\/wp-content\/uploads\/2024\/07\/07-Koty-3-dispozice-2048x1403.jpg 2048w, https:\/\/www.design-award.cz\/wp-content\/uploads\/2024\/07\/07-Koty-3-dispozice-500x343.jpg 500w, https:\/\/www.design-award.cz\/wp-content\/uploads\/2024\/07\/07-Koty-3-dispozice-800x548.jpg 800w, https:\/\/www.design-award.cz\/wp-content\/uploads\/2024\/07\/07-Koty-3-dispozice-1280x877.jpg 1280w\" data-sizes=\"auto\" loading=\"eager\">\n\t\t<\/a>\t<\/div>\n<\/div>\n\t<figcaption class=\"vp-portfolio__item-overlay vp-portfolio__item-overlay-text-align-center\">\n\t\t<div class=\"vp-portfolio__item-meta-wrap vp-portfolio__custom-scrollbar\">\n\t\t\t\t<a\n\t\thref=\"https:\/\/www.design-award.cz\/?portfolio=verejny-interier-vystava-nabozenstvi-zoroastrismus\"\n\t\ttabindex=\"-1\" class=\"vp-portfolio__item-meta\" \t>\n\t\n<h2 class=\"vp-portfolio__item-meta-title\">\n\tVe\u0159ejn\u00fd interi\u00e9r  &#8211; v\u00fdstava n\u00e1bo\u017eenstv\u00ed &#8211; Zoroastrismus<\/h2>\n<\/a>\t\t<\/div>\n\t<\/figcaption>\n\t\t\t<\/figure>\n\t\t\t\t\t<\/article>\n\t\t\n\t\t<article\t\tclass=\"vp-portfolio__item-wrap post-1316 portfolio type-portfolio status-publish format-standard has-post-thumbnail hentry entry has-media vp-portfolio__item-uid-0c5e5d9e\" data-vp-filter=\"\" \t\t>\n\t\t\t\t\t\t\t\t\t<figure class=\"vp-portfolio__item\">\n\t\t\t\t\n<div class=\"vp-portfolio__item-img-wrap\">\n\t<div class=\"vp-portfolio__item-img\">\n\t\t\t<a\n\t\thref=\"https:\/\/www.design-award.cz\/?portfolio=produktovy-design-nemy-sluha-noedge\"\n\t\t\t>\n\t\n\t\t<noscript><img decoding=\"async\" width=\"1920\" height=\"2560\" data-skip-lazy src=\"https:\/\/www.design-award.cz\/wp-content\/uploads\/2022\/04\/Vizualizace-1-1-1920x2560.jpg\" class=\"wp-image-1317\" alt=\"\" srcset=\"https:\/\/www.design-award.cz\/wp-content\/uploads\/2022\/04\/Vizualizace-1-1-scaled.jpg 1920w, https:\/\/www.design-award.cz\/wp-content\/uploads\/2022\/04\/Vizualizace-1-1-225x300.jpg 225w, https:\/\/www.design-award.cz\/wp-content\/uploads\/2022\/04\/Vizualizace-1-1-768x1024.jpg 768w, https:\/\/www.design-award.cz\/wp-content\/uploads\/2022\/04\/Vizualizace-1-1-1152x1536.jpg 1152w, https:\/\/www.design-award.cz\/wp-content\/uploads\/2022\/04\/Vizualizace-1-1-1536x2048.jpg 1536w, https:\/\/www.design-award.cz\/wp-content\/uploads\/2022\/04\/Vizualizace-1-1-500x667.jpg 500w, https:\/\/www.design-award.cz\/wp-content\/uploads\/2022\/04\/Vizualizace-1-1-800x1067.jpg 800w, https:\/\/www.design-award.cz\/wp-content\/uploads\/2022\/04\/Vizualizace-1-1-1280x1707.jpg 1280w\" sizes=\"(max-width: 1920px) 100vw, 1920px\" \/><\/noscript><img decoding=\"async\" width=\"1920\" height=\"2560\" src=\"https:\/\/www.design-award.cz\/wp-content\/uploads\/2022\/04\/Vizualizace-1-1-1920x2560.jpg\" class=\"wp-image-1317 vp-lazyload\" alt srcset=\"data:image\/svg+xml;base64,PHN2ZyB3aWR0aD0iMTkyMCIgaGVpZ2h0PSIyNTYwIiB2aWV3Qm94PSIwIDAgMTkyMCAyNTYwIiBmaWxsPSJub25lIiB4bWxucz0iaHR0cDovL3d3dy53My5vcmcvMjAwMC9zdmciPjwvc3ZnPg==\" data-src=\"https:\/\/www.design-award.cz\/wp-content\/uploads\/2022\/04\/Vizualizace-1-1-1920x2560.jpg\" data-srcset=\"https:\/\/www.design-award.cz\/wp-content\/uploads\/2022\/04\/Vizualizace-1-1-scaled.jpg 1920w, https:\/\/www.design-award.cz\/wp-content\/uploads\/2022\/04\/Vizualizace-1-1-225x300.jpg 225w, https:\/\/www.design-award.cz\/wp-content\/uploads\/2022\/04\/Vizualizace-1-1-768x1024.jpg 768w, https:\/\/www.design-award.cz\/wp-content\/uploads\/2022\/04\/Vizualizace-1-1-1152x1536.jpg 1152w, https:\/\/www.design-award.cz\/wp-content\/uploads\/2022\/04\/Vizualizace-1-1-1536x2048.jpg 1536w, https:\/\/www.design-award.cz\/wp-content\/uploads\/2022\/04\/Vizualizace-1-1-500x667.jpg 500w, https:\/\/www.design-award.cz\/wp-content\/uploads\/2022\/04\/Vizualizace-1-1-800x1067.jpg 800w, https:\/\/www.design-award.cz\/wp-content\/uploads\/2022\/04\/Vizualizace-1-1-1280x1707.jpg 1280w\" data-sizes=\"auto\" loading=\"eager\">\n\t\t<\/a>\t<\/div>\n<\/div>\n\t<figcaption class=\"vp-portfolio__item-overlay vp-portfolio__item-overlay-text-align-center\">\n\t\t<div class=\"vp-portfolio__item-meta-wrap vp-portfolio__custom-scrollbar\">\n\t\t\t\t<a\n\t\thref=\"https:\/\/www.design-award.cz\/?portfolio=produktovy-design-nemy-sluha-noedge\"\n\t\ttabindex=\"-1\" class=\"vp-portfolio__item-meta\" \t>\n\t\n<h2 class=\"vp-portfolio__item-meta-title\">\n\tProduktov\u00fd design &#8211; N\u011bm\u00fd sluha &#8222;NOEDGE&#8220;<\/h2>\n<\/a>\t\t<\/div>\n\t<\/figcaption>\n\t\t\t<\/figure>\n\t\t\t\t\t<\/article>\n\t\t\n\t\t<article\t\tclass=\"vp-portfolio__item-wrap post-4967 portfolio type-portfolio status-publish format-standard has-post-thumbnail hentry entry has-media vp-portfolio__item-uid-0e518e2b\" data-vp-filter=\"\" \t\t>\n\t\t\t\t\t\t\t\t\t<figure class=\"vp-portfolio__item\">\n\t\t\t\t\n<div class=\"vp-portfolio__item-img-wrap\">\n\t<div class=\"vp-portfolio__item-img\">\n\t\t\t<a\n\t\thref=\"https:\/\/www.design-award.cz\/?portfolio=produktovy-design-chaturang\"\n\t\t\t>\n\t\n\t\t<noscript><img decoding=\"async\" width=\"931\" height=\"483\" data-skip-lazy src=\"https:\/\/www.design-award.cz\/wp-content\/uploads\/2025\/06\/Figurky.jpg\" class=\"wp-image-4969\" alt=\"\" srcset=\"https:\/\/www.design-award.cz\/wp-content\/uploads\/2025\/06\/Figurky.jpg 931w, https:\/\/www.design-award.cz\/wp-content\/uploads\/2025\/06\/Figurky-300x156.jpg 300w, https:\/\/www.design-award.cz\/wp-content\/uploads\/2025\/06\/Figurky-768x398.jpg 768w, https:\/\/www.design-award.cz\/wp-content\/uploads\/2025\/06\/Figurky-500x259.jpg 500w, https:\/\/www.design-award.cz\/wp-content\/uploads\/2025\/06\/Figurky-800x415.jpg 800w\" sizes=\"(max-width: 931px) 100vw, 931px\" \/><\/noscript><img decoding=\"async\" width=\"931\" height=\"483\" src=\"https:\/\/www.design-award.cz\/wp-content\/uploads\/2025\/06\/Figurky.jpg\" class=\"wp-image-4969 vp-lazyload\" alt srcset=\"data:image\/svg+xml;base64,PHN2ZyB3aWR0aD0iOTMxIiBoZWlnaHQ9IjQ4MyIgdmlld0JveD0iMCAwIDkzMSA0ODMiIGZpbGw9Im5vbmUiIHhtbG5zPSJodHRwOi8vd3d3LnczLm9yZy8yMDAwL3N2ZyI+PC9zdmc+\" data-src=\"https:\/\/www.design-award.cz\/wp-content\/uploads\/2025\/06\/Figurky.jpg\" data-srcset=\"https:\/\/www.design-award.cz\/wp-content\/uploads\/2025\/06\/Figurky.jpg 931w, https:\/\/www.design-award.cz\/wp-content\/uploads\/2025\/06\/Figurky-300x156.jpg 300w, https:\/\/www.design-award.cz\/wp-content\/uploads\/2025\/06\/Figurky-768x398.jpg 768w, https:\/\/www.design-award.cz\/wp-content\/uploads\/2025\/06\/Figurky-500x259.jpg 500w, https:\/\/www.design-award.cz\/wp-content\/uploads\/2025\/06\/Figurky-800x415.jpg 800w\" data-sizes=\"auto\" loading=\"eager\">\n\t\t<\/a>\t<\/div>\n<\/div>\n\t<figcaption class=\"vp-portfolio__item-overlay vp-portfolio__item-overlay-text-align-center\">\n\t\t<div class=\"vp-portfolio__item-meta-wrap vp-portfolio__custom-scrollbar\">\n\t\t\t\t<a\n\t\thref=\"https:\/\/www.design-award.cz\/?portfolio=produktovy-design-chaturang\"\n\t\ttabindex=\"-1\" class=\"vp-portfolio__item-meta\" \t>\n\t\n<h2 class=\"vp-portfolio__item-meta-title\">\n\tProduktov\u00fd design &#8211; Chaturang<\/h2>\n<\/a>\t\t<\/div>\n\t<\/figcaption>\n\t\t\t<\/figure>\n\t\t\t\t\t<\/article>\n\t\t\n<\/div>\n\n<div class=\"vp-portfolio__items-arrow vp-portfolio__items-arrow-prev\" tabindex=\"0\" role=\"button\" aria-label=\"Previous Slide\">\n\t\n<svg class=\"vp-svg-icon\" width=\"20\" height=\"20\" viewBox=\"0 0 20 20\" fill=\"none\" xmlns=\"http:\/\/www.w3.org\/2000\/svg\">\n\t<path d=\"M12 4L6 10L12 16\" stroke=\"currentColor\" stroke-width=\"1.5\" stroke-linecap=\"round\" stroke-linejoin=\"round\" fill=\"transparent\" \/>\n<\/svg>\n<\/div>\n<div class=\"vp-portfolio__items-arrow vp-portfolio__items-arrow-next\" tabindex=\"0\" role=\"button\" aria-label=\"Next Slide\">\n\t\n<svg class=\"vp-svg-icon\" width=\"20\" height=\"20\" viewBox=\"0 0 20 20\" fill=\"none\" xmlns=\"http:\/\/www.w3.org\/2000\/svg\">\n\t<path d=\"M8 4L14 10L8 16\" stroke=\"currentColor\" stroke-width=\"1.5\" stroke-linecap=\"round\" stroke-linejoin=\"round\" fill=\"transparent\" \/>\n<\/svg>\n<\/div>\n\t\t<\/div>\n\t\t\t\t<div class=\"vp-portfolio__layout-elements vp-portfolio__layout-elements-bottom vp-portfolio__layout-elements-align-center\">\n\t\t\t\t<div class=\"vp-portfolio__pagination-wrap\">\n\t\t\n<div class=\"vp-pagination vp-pagination__style-minimal\" data-vp-pagination-type=\"load-more\">\n\t<div class=\"vp-pagination__item\">\n\t\t<a class=\"vp-pagination__load-more\" href=\"https:\/\/www.design-award.cz\/index.php?rest_route=%2Fwp%2Fv2%2Fportfolio%2F1085&#038;vp_page=2\">\n\t\t\t<span>Load More<\/span>\n\t\t\t<span class=\"vp-pagination__load-more-loading\"><span class=\"vp-spinner\"><\/span><span class=\"vp-screen-reader-text\"> Loading More&#8230;<\/span><\/span>\n\t\t\t<span class=\"vp-pagination__load-more-no-more\">You\u2019ve reached the end of the list<\/span>\n\t\t<\/a>\n\t<\/div>\n<\/div>\n\t\t<\/div>\n\t\t\t\t<\/div>\n\t\t\n<\/div>\n<\/div>","protected":false},"excerpt":{"rendered":"<p>Petra Nov\u00e1kov\u00e1 VO\u0160 a SP\u0160 Volyn\u011b Pro design interi\u00e9ru jsem si zvolila spole\u010denskou m\u00edstnost rodinn\u00e9ho domu. N\u00e1vrh byl z\u00e1rove\u0148 i mou maturitn\u00ed prac\u00ed, kdy nebylo zadan\u00e9 \u017e\u00e1dn\u00e9 t\u00e9ma \u010di po\u017eadavky. Spole\u010densk\u00e1 m\u00edstnost m\u00e1 velikost plochy 60,18 m\u00b2. Jako\u017eto milovn\u00edk p\u0159\u00edrody, jsem m\u011bla jasno p\u0159i v\u00fdb\u011bru a\u0165 u\u017e materi\u00e1l\u016f, nebo r\u016fzn\u00fdch prvk\u016f, kter\u00e9 by cel\u00fd interi\u00e9r [&hellip;]<\/p>\n","protected":false},"author":1,"featured_media":1086,"menu_order":0,"comment_status":"closed","ping_status":"closed","template":"","format":"standard","meta":{"ngg_post_thumbnail":0,"ocean_post_layout":"","ocean_both_sidebars_style":"","ocean_both_sidebars_content_width":0,"ocean_both_sidebars_sidebars_width":0,"ocean_sidebar":"","ocean_second_sidebar":"","ocean_disable_margins":"enable","ocean_add_body_class":"","ocean_shortcode_before_top_bar":"","ocean_shortcode_after_top_bar":"","ocean_shortcode_before_header":"","ocean_shortcode_after_header":"","ocean_has_shortcode":"","ocean_shortcode_after_title":"","ocean_shortcode_before_footer_widgets":"","ocean_shortcode_after_footer_widgets":"","ocean_shortcode_before_footer_bottom":"","ocean_shortcode_after_footer_bottom":"","ocean_display_top_bar":"default","ocean_display_header":"default","ocean_header_style":"","ocean_center_header_left_menu":"","ocean_custom_header_template":"","ocean_custom_logo":0,"ocean_custom_retina_logo":0,"ocean_custom_logo_max_width":0,"ocean_custom_logo_tablet_max_width":0,"ocean_custom_logo_mobile_max_width":0,"ocean_custom_logo_max_height":0,"ocean_custom_logo_tablet_max_height":0,"ocean_custom_logo_mobile_max_height":0,"ocean_header_custom_menu":"","ocean_menu_typo_font_family":"","ocean_menu_typo_font_subset":"","ocean_menu_typo_font_size":0,"ocean_menu_typo_font_size_tablet":0,"ocean_menu_typo_font_size_mobile":0,"ocean_menu_typo_font_size_unit":"px","ocean_menu_typo_font_weight":"","ocean_menu_typo_font_weight_tablet":"","ocean_menu_typo_font_weight_mobile":"","ocean_menu_typo_transform":"","ocean_menu_typo_transform_tablet":"","ocean_menu_typo_transform_mobile":"","ocean_menu_typo_line_height":0,"ocean_menu_typo_line_height_tablet":0,"ocean_menu_typo_line_height_mobile":0,"ocean_menu_typo_line_height_unit":"","ocean_menu_typo_spacing":0,"ocean_menu_typo_spacing_tablet":0,"ocean_menu_typo_spacing_mobile":0,"ocean_menu_typo_spacing_unit":"","ocean_menu_link_color":"","ocean_menu_link_color_hover":"","ocean_menu_link_color_active":"","ocean_menu_link_background":"","ocean_menu_link_hover_background":"","ocean_menu_link_active_background":"","ocean_menu_social_links_bg":"","ocean_menu_social_hover_links_bg":"","ocean_menu_social_links_color":"","ocean_menu_social_hover_links_color":"","ocean_disable_title":"default","ocean_disable_heading":"default","ocean_post_title":"","ocean_post_subheading":"","ocean_post_title_style":"","ocean_post_title_background_color":"","ocean_post_title_background":0,"ocean_post_title_bg_image_position":"","ocean_post_title_bg_image_attachment":"","ocean_post_title_bg_image_repeat":"","ocean_post_title_bg_image_size":"","ocean_post_title_height":0,"ocean_post_title_bg_overlay":0.5,"ocean_post_title_bg_overlay_color":"","ocean_disable_breadcrumbs":"default","ocean_breadcrumbs_color":"","ocean_breadcrumbs_separator_color":"","ocean_breadcrumbs_links_color":"","ocean_breadcrumbs_links_hover_color":"","ocean_display_footer_widgets":"default","ocean_display_footer_bottom":"default","ocean_custom_footer_template":"","_vp_format_video_url":"","_vp_image_focal_point":[],"footnotes":""},"portfolio_category":[],"portfolio_tag":[],"class_list":["post-1085","portfolio","type-portfolio","status-publish","format-standard","has-post-thumbnail","hentry","entry","has-media"],"yoast_head":"<!-- This site is optimized with the Yoast SEO plugin v25.2 - https:\/\/yoast.com\/wordpress\/plugins\/seo\/ -->\n<title>Soukrom\u00fd interi\u00e9r - Interi\u00e9r rodinn\u00e9ho domu - design-award.cz<\/title>\n<meta name=\"robots\" content=\"index, follow, max-snippet:-1, max-image-preview:large, max-video-preview:-1\" \/>\n<link rel=\"canonical\" href=\"https:\/\/www.design-award.cz\/?portfolio=soukromy-interier-interier-rodinneho-domu\" \/>\n<meta property=\"og:locale\" content=\"cs_CZ\" \/>\n<meta property=\"og:type\" content=\"article\" \/>\n<meta property=\"og:title\" content=\"Soukrom\u00fd interi\u00e9r - Interi\u00e9r rodinn\u00e9ho domu - design-award.cz\" \/>\n<meta property=\"og:description\" content=\"Petra Nov\u00e1kov\u00e1 VO\u0160 a SP\u0160 Volyn\u011b Pro design interi\u00e9ru jsem si zvolila spole\u010denskou m\u00edstnost rodinn\u00e9ho domu. N\u00e1vrh byl z\u00e1rove\u0148 i mou maturitn\u00ed prac\u00ed, kdy nebylo zadan\u00e9 \u017e\u00e1dn\u00e9 t\u00e9ma \u010di po\u017eadavky. Spole\u010densk\u00e1 m\u00edstnost m\u00e1 velikost plochy 60,18 m\u00b2. Jako\u017eto milovn\u00edk p\u0159\u00edrody, jsem m\u011bla jasno p\u0159i v\u00fdb\u011bru a\u0165 u\u017e materi\u00e1l\u016f, nebo r\u016fzn\u00fdch prvk\u016f, kter\u00e9 by cel\u00fd interi\u00e9r [&hellip;]\" \/>\n<meta property=\"og:url\" content=\"https:\/\/www.design-award.cz\/?portfolio=soukromy-interier-interier-rodinneho-domu\" \/>\n<meta property=\"og:site_name\" content=\"design-award.cz\" \/>\n<meta property=\"article:modified_time\" content=\"2022-04-29T18:18:37+00:00\" \/>\n<meta property=\"og:image\" content=\"http:\/\/www.design-award.cz\/wp-content\/uploads\/2022\/04\/foto1.jpg\" \/>\n\t<meta property=\"og:image:width\" content=\"1200\" \/>\n\t<meta property=\"og:image:height\" content=\"800\" \/>\n\t<meta property=\"og:image:type\" content=\"image\/jpeg\" \/>\n<meta name=\"twitter:card\" content=\"summary_large_image\" \/>\n<meta name=\"twitter:label1\" content=\"Odhadovan\u00e1 doba \u010dten\u00ed\" \/>\n\t<meta name=\"twitter:data1\" content=\"2 minuty\" \/>\n<script type=\"application\/ld+json\" class=\"yoast-schema-graph\">{\"@context\":\"https:\/\/schema.org\",\"@graph\":[{\"@type\":\"WebPage\",\"@id\":\"https:\/\/www.design-award.cz\/?portfolio=soukromy-interier-interier-rodinneho-domu\",\"url\":\"https:\/\/www.design-award.cz\/?portfolio=soukromy-interier-interier-rodinneho-domu\",\"name\":\"Soukrom\u00fd interi\u00e9r - Interi\u00e9r rodinn\u00e9ho domu - design-award.cz\",\"isPartOf\":{\"@id\":\"https:\/\/www.design-award.cz\/#website\"},\"primaryImageOfPage\":{\"@id\":\"https:\/\/www.design-award.cz\/?portfolio=soukromy-interier-interier-rodinneho-domu#primaryimage\"},\"image\":{\"@id\":\"https:\/\/www.design-award.cz\/?portfolio=soukromy-interier-interier-rodinneho-domu#primaryimage\"},\"thumbnailUrl\":\"https:\/\/www.design-award.cz\/wp-content\/uploads\/2022\/04\/foto1.jpg\",\"datePublished\":\"2022-04-29T18:18:36+00:00\",\"dateModified\":\"2022-04-29T18:18:37+00:00\",\"breadcrumb\":{\"@id\":\"https:\/\/www.design-award.cz\/?portfolio=soukromy-interier-interier-rodinneho-domu#breadcrumb\"},\"inLanguage\":\"cs\",\"potentialAction\":[{\"@type\":\"ReadAction\",\"target\":[\"https:\/\/www.design-award.cz\/?portfolio=soukromy-interier-interier-rodinneho-domu\"]}]},{\"@type\":\"ImageObject\",\"inLanguage\":\"cs\",\"@id\":\"https:\/\/www.design-award.cz\/?portfolio=soukromy-interier-interier-rodinneho-domu#primaryimage\",\"url\":\"https:\/\/www.design-award.cz\/wp-content\/uploads\/2022\/04\/foto1.jpg\",\"contentUrl\":\"https:\/\/www.design-award.cz\/wp-content\/uploads\/2022\/04\/foto1.jpg\",\"width\":1200,\"height\":800},{\"@type\":\"BreadcrumbList\",\"@id\":\"https:\/\/www.design-award.cz\/?portfolio=soukromy-interier-interier-rodinneho-domu#breadcrumb\",\"itemListElement\":[{\"@type\":\"ListItem\",\"position\":1,\"name\":\"Dom\u016f\",\"item\":\"https:\/\/www.design-award.cz\/\"},{\"@type\":\"ListItem\",\"position\":2,\"name\":\"Portfolio Items\",\"item\":\"https:\/\/www.design-award.cz\/?post_type=portfolio\"},{\"@type\":\"ListItem\",\"position\":3,\"name\":\"Soukrom\u00fd interi\u00e9r &#8211; Interi\u00e9r rodinn\u00e9ho domu\"}]},{\"@type\":\"WebSite\",\"@id\":\"https:\/\/www.design-award.cz\/#website\",\"url\":\"https:\/\/www.design-award.cz\/\",\"name\":\"design-award.cz\",\"description\":\"WARD vznikla v roce 2022. Je ur\u010dena p\u0159edev\u0161\u00edm student\u016fm st\u0159edn\u00edch um\u011bleck\u00fdch \u0161kol (S\u0160 a VO\u0160), kte\u0159\u00ed mohou bezplatn\u011b zaslat sv\u00e9 n\u00e1vrhy v uveden\u00fdch kategori\u00ed a tak pom\u011b\u0159it sv\u00e9 n\u00e1pady s konkurenc\u00ed sv\u00fdch vrstevn\u00edk\u016f. N\u00e1vrhy jsou n\u00e1sledn\u011b posouzeny nez\u00e1vislou porotou z \u0159ad v\u00fdtvarn\u00edk\u016f, pedagog\u016f a profesion\u00e1l\u016f z oboru.\",\"publisher\":{\"@id\":\"https:\/\/www.design-award.cz\/#organization\"},\"potentialAction\":[{\"@type\":\"SearchAction\",\"target\":{\"@type\":\"EntryPoint\",\"urlTemplate\":\"https:\/\/www.design-award.cz\/?s={search_term_string}\"},\"query-input\":{\"@type\":\"PropertyValueSpecification\",\"valueRequired\":true,\"valueName\":\"search_term_string\"}}],\"inLanguage\":\"cs\"},{\"@type\":\"Organization\",\"@id\":\"https:\/\/www.design-award.cz\/#organization\",\"name\":\"Design Award\",\"url\":\"https:\/\/www.design-award.cz\/\",\"logo\":{\"@type\":\"ImageObject\",\"inLanguage\":\"cs\",\"@id\":\"https:\/\/www.design-award.cz\/#\/schema\/logo\/image\/\",\"url\":\"http:\/\/www.design-award.cz\/wp-content\/uploads\/2021\/12\/hornilogo_design-award.png\",\"contentUrl\":\"http:\/\/www.design-award.cz\/wp-content\/uploads\/2021\/12\/hornilogo_design-award.png\",\"width\":800,\"height\":600,\"caption\":\"Design Award\"},\"image\":{\"@id\":\"https:\/\/www.design-award.cz\/#\/schema\/logo\/image\/\"},\"sameAs\":[\"https:\/\/www.instagram.com\/design_award\/\"]}]}<\/script>\n<!-- \/ Yoast SEO plugin. -->","yoast_head_json":{"title":"Soukrom\u00fd interi\u00e9r - Interi\u00e9r rodinn\u00e9ho domu - design-award.cz","robots":{"index":"index","follow":"follow","max-snippet":"max-snippet:-1","max-image-preview":"max-image-preview:large","max-video-preview":"max-video-preview:-1"},"canonical":"https:\/\/www.design-award.cz\/?portfolio=soukromy-interier-interier-rodinneho-domu","og_locale":"cs_CZ","og_type":"article","og_title":"Soukrom\u00fd interi\u00e9r - Interi\u00e9r rodinn\u00e9ho domu - design-award.cz","og_description":"Petra Nov\u00e1kov\u00e1 VO\u0160 a SP\u0160 Volyn\u011b Pro design interi\u00e9ru jsem si zvolila spole\u010denskou m\u00edstnost rodinn\u00e9ho domu. N\u00e1vrh byl z\u00e1rove\u0148 i mou maturitn\u00ed prac\u00ed, kdy nebylo zadan\u00e9 \u017e\u00e1dn\u00e9 t\u00e9ma \u010di po\u017eadavky. Spole\u010densk\u00e1 m\u00edstnost m\u00e1 velikost plochy 60,18 m\u00b2. Jako\u017eto milovn\u00edk p\u0159\u00edrody, jsem m\u011bla jasno p\u0159i v\u00fdb\u011bru a\u0165 u\u017e materi\u00e1l\u016f, nebo r\u016fzn\u00fdch prvk\u016f, kter\u00e9 by cel\u00fd interi\u00e9r [&hellip;]","og_url":"https:\/\/www.design-award.cz\/?portfolio=soukromy-interier-interier-rodinneho-domu","og_site_name":"design-award.cz","article_modified_time":"2022-04-29T18:18:37+00:00","og_image":[{"width":1200,"height":800,"url":"http:\/\/www.design-award.cz\/wp-content\/uploads\/2022\/04\/foto1.jpg","type":"image\/jpeg"}],"twitter_card":"summary_large_image","twitter_misc":{"Odhadovan\u00e1 doba \u010dten\u00ed":"2 minuty"},"schema":{"@context":"https:\/\/schema.org","@graph":[{"@type":"WebPage","@id":"https:\/\/www.design-award.cz\/?portfolio=soukromy-interier-interier-rodinneho-domu","url":"https:\/\/www.design-award.cz\/?portfolio=soukromy-interier-interier-rodinneho-domu","name":"Soukrom\u00fd interi\u00e9r - Interi\u00e9r rodinn\u00e9ho domu - design-award.cz","isPartOf":{"@id":"https:\/\/www.design-award.cz\/#website"},"primaryImageOfPage":{"@id":"https:\/\/www.design-award.cz\/?portfolio=soukromy-interier-interier-rodinneho-domu#primaryimage"},"image":{"@id":"https:\/\/www.design-award.cz\/?portfolio=soukromy-interier-interier-rodinneho-domu#primaryimage"},"thumbnailUrl":"https:\/\/www.design-award.cz\/wp-content\/uploads\/2022\/04\/foto1.jpg","datePublished":"2022-04-29T18:18:36+00:00","dateModified":"2022-04-29T18:18:37+00:00","breadcrumb":{"@id":"https:\/\/www.design-award.cz\/?portfolio=soukromy-interier-interier-rodinneho-domu#breadcrumb"},"inLanguage":"cs","potentialAction":[{"@type":"ReadAction","target":["https:\/\/www.design-award.cz\/?portfolio=soukromy-interier-interier-rodinneho-domu"]}]},{"@type":"ImageObject","inLanguage":"cs","@id":"https:\/\/www.design-award.cz\/?portfolio=soukromy-interier-interier-rodinneho-domu#primaryimage","url":"https:\/\/www.design-award.cz\/wp-content\/uploads\/2022\/04\/foto1.jpg","contentUrl":"https:\/\/www.design-award.cz\/wp-content\/uploads\/2022\/04\/foto1.jpg","width":1200,"height":800},{"@type":"BreadcrumbList","@id":"https:\/\/www.design-award.cz\/?portfolio=soukromy-interier-interier-rodinneho-domu#breadcrumb","itemListElement":[{"@type":"ListItem","position":1,"name":"Dom\u016f","item":"https:\/\/www.design-award.cz\/"},{"@type":"ListItem","position":2,"name":"Portfolio Items","item":"https:\/\/www.design-award.cz\/?post_type=portfolio"},{"@type":"ListItem","position":3,"name":"Soukrom\u00fd interi\u00e9r &#8211; Interi\u00e9r rodinn\u00e9ho domu"}]},{"@type":"WebSite","@id":"https:\/\/www.design-award.cz\/#website","url":"https:\/\/www.design-award.cz\/","name":"design-award.cz","description":"WARD vznikla v roce 2022. Je ur\u010dena p\u0159edev\u0161\u00edm student\u016fm st\u0159edn\u00edch um\u011bleck\u00fdch \u0161kol (S\u0160 a VO\u0160), kte\u0159\u00ed mohou bezplatn\u011b zaslat sv\u00e9 n\u00e1vrhy v uveden\u00fdch kategori\u00ed a tak pom\u011b\u0159it sv\u00e9 n\u00e1pady s konkurenc\u00ed sv\u00fdch vrstevn\u00edk\u016f. N\u00e1vrhy jsou n\u00e1sledn\u011b posouzeny nez\u00e1vislou porotou z \u0159ad v\u00fdtvarn\u00edk\u016f, pedagog\u016f a profesion\u00e1l\u016f z oboru.","publisher":{"@id":"https:\/\/www.design-award.cz\/#organization"},"potentialAction":[{"@type":"SearchAction","target":{"@type":"EntryPoint","urlTemplate":"https:\/\/www.design-award.cz\/?s={search_term_string}"},"query-input":{"@type":"PropertyValueSpecification","valueRequired":true,"valueName":"search_term_string"}}],"inLanguage":"cs"},{"@type":"Organization","@id":"https:\/\/www.design-award.cz\/#organization","name":"Design Award","url":"https:\/\/www.design-award.cz\/","logo":{"@type":"ImageObject","inLanguage":"cs","@id":"https:\/\/www.design-award.cz\/#\/schema\/logo\/image\/","url":"http:\/\/www.design-award.cz\/wp-content\/uploads\/2021\/12\/hornilogo_design-award.png","contentUrl":"http:\/\/www.design-award.cz\/wp-content\/uploads\/2021\/12\/hornilogo_design-award.png","width":800,"height":600,"caption":"Design Award"},"image":{"@id":"https:\/\/www.design-award.cz\/#\/schema\/logo\/image\/"},"sameAs":["https:\/\/www.instagram.com\/design_award\/"]}]}},"_links":{"self":[{"href":"https:\/\/www.design-award.cz\/index.php?rest_route=\/wp\/v2\/portfolio\/1085","targetHints":{"allow":["GET"]}}],"collection":[{"href":"https:\/\/www.design-award.cz\/index.php?rest_route=\/wp\/v2\/portfolio"}],"about":[{"href":"https:\/\/www.design-award.cz\/index.php?rest_route=\/wp\/v2\/types\/portfolio"}],"author":[{"embeddable":true,"href":"https:\/\/www.design-award.cz\/index.php?rest_route=\/wp\/v2\/users\/1"}],"replies":[{"embeddable":true,"href":"https:\/\/www.design-award.cz\/index.php?rest_route=%2Fwp%2Fv2%2Fcomments&post=1085"}],"version-history":[{"count":1,"href":"https:\/\/www.design-award.cz\/index.php?rest_route=\/wp\/v2\/portfolio\/1085\/revisions"}],"predecessor-version":[{"id":1092,"href":"https:\/\/www.design-award.cz\/index.php?rest_route=\/wp\/v2\/portfolio\/1085\/revisions\/1092"}],"wp:featuredmedia":[{"embeddable":true,"href":"https:\/\/www.design-award.cz\/index.php?rest_route=\/wp\/v2\/media\/1086"}],"wp:attachment":[{"href":"https:\/\/www.design-award.cz\/index.php?rest_route=%2Fwp%2Fv2%2Fmedia&parent=1085"}],"wp:term":[{"taxonomy":"portfolio_category","embeddable":true,"href":"https:\/\/www.design-award.cz\/index.php?rest_route=%2Fwp%2Fv2%2Fportfolio_category&post=1085"},{"taxonomy":"portfolio_tag","embeddable":true,"href":"https:\/\/www.design-award.cz\/index.php?rest_route=%2Fwp%2Fv2%2Fportfolio_tag&post=1085"}],"curies":[{"name":"wp","href":"https:\/\/api.w.org\/{rel}","templated":true}]}}