{"id":1093,"date":"2022-04-29T19:09:39","date_gmt":"2022-04-29T19:09:39","guid":{"rendered":"https:\/\/www.design-award.cz\/?post_type=portfolio&#038;p=1093"},"modified":"2022-05-04T20:28:33","modified_gmt":"2022-05-04T20:28:33","slug":"soukromy-interier-rodinny-dum-klidova-cast","status":"publish","type":"portfolio","link":"https:\/\/www.design-award.cz\/?portfolio=soukromy-interier-rodinny-dum-klidova-cast","title":{"rendered":"Soukrom\u00fd interi\u00e9r &#8211; Rodinn\u00fd d\u016fm, klidov\u00e1 \u010d\u00e1st"},"content":{"rendered":"\n<h2 class=\"wp-block-heading\">Aneta Novick\u00e1<\/h2>\n\n\n\n<p><strong>St\u0159edn\u00ed \u0161kola designu interi\u00e9ru Kate\u0159inky &#8211; Liberec, s.r.o.<\/strong><\/p>\n\n\n\n<p>N\u00e1vrh interi\u00e9ru rodinn\u00e9ho domu se nach\u00e1z\u00ed v 2. nadzemn\u00edm podla\u017e\u00ed a byl zad\u00e1n jako klauzurn\u00ed pr\u00e1ce ve \u0161koln\u00edm roce 2020\/2021. Zad\u00e1n\u00edm bylo vytvo\u0159it klidovou z\u00f3nu pro rodinu. N\u00e1vrh jsem koncipovala pro mlad\u00fd p\u00e1r, se dv\u011bma mal\u00fdmi d\u011btmi.&nbsp; Lo\u017enice je navr\u017eena v horsk\u00e9m stylu. Dubov\u00e1 podlaha a prvky z masivu dod\u00e1vaj\u00ed prostoru h\u0159ejiv\u00fd t\u00f3n. Dominantou lo\u017enice je vestav\u011bn\u00e1 \u0161atn\u00ed sk\u0159\u00ed\u0148, kter\u00e1 je podsv\u00edcena sv\u011btly LED a d\u00edky posuvn\u00fdm dve\u0159\u00edm z li\u0161t toto sv\u011btlo pronik\u00e1 ven a vytv\u00e1\u0159\u00ed v noci p\u0159\u00edjemnou atmosf\u00e9ru. V d\u011btsk\u00e9m prostoru je hodn\u011b mo\u017enost\u00ed, jak m\u016f\u017eou d\u011bti rozv\u00edjet svou kreativitu a hravost. Panoramatick\u00e9 okno dod\u00e1v\u00e1 pokoji mnoho sv\u011btla a poka\u017ed\u00e9 jin\u00fd \u201c\u017eiv\u00fd\u201c obraz. Cht\u011bla jsem do koupelen vlo\u017eit jakousi eleganci. Proto jsem volila \u010dern\u00e9 obklady st\u011bn a podlahu. Ani v jedn\u00e9 koupeln\u011b ale nechyb\u00ed masivn\u00ed d\u0159evo, kter\u00e9 doprov\u00e1z\u00ed cel\u00fd interi\u00e9r. Jedinou stavebn\u00ed \u00fapravu, co jsem musela zhotovit, je posunut\u00ed dve\u0159\u00ed v koupeln\u011b o 70cm z d\u016fvodu um\u00edst\u011bn\u00ed umyvadel naproti van\u011b.<\/p>\n\n\n\n<p>Video, kde je cel\u00fd interi\u00e9r nato\u010den je ke shl\u00e9dnut\u00ed na tomto odkazu:&nbsp;<a href=\"https:\/\/youtu.be\/oGFl6Wl1LN0\" target=\"_blank\" rel=\"noreferrer noopener\">https:\/\/youtu.be\/oGFl6Wl1LN0<\/a><br>Instagram: @n.anet.a<\/p>\n\n\n\n<figure class=\"wp-block-image size-large\"><img decoding=\"async\" width=\"1024\" height=\"676\" data-src=\"http:\/\/www.design-award.cz\/wp-content\/uploads\/2022\/04\/detsky-5-1024x676.png\" alt=\"\" class=\"wp-image-1098 lazyload\" data-srcset=\"https:\/\/www.design-award.cz\/wp-content\/uploads\/2022\/04\/detsky-5-1024x676.png 1024w, https:\/\/www.design-award.cz\/wp-content\/uploads\/2022\/04\/detsky-5-300x198.png 300w, https:\/\/www.design-award.cz\/wp-content\/uploads\/2022\/04\/detsky-5-768x507.png 768w, https:\/\/www.design-award.cz\/wp-content\/uploads\/2022\/04\/detsky-5-500x330.png 500w, https:\/\/www.design-award.cz\/wp-content\/uploads\/2022\/04\/detsky-5-800x528.png 800w, https:\/\/www.design-award.cz\/wp-content\/uploads\/2022\/04\/detsky-5-1280x845.png 1280w, https:\/\/www.design-award.cz\/wp-content\/uploads\/2022\/04\/detsky-5.png 1288w\" data-sizes=\"(max-width: 1024px) 100vw, 1024px\" src=\"data:image\/svg+xml;base64,PHN2ZyB3aWR0aD0iMSIgaGVpZ2h0PSIxIiB4bWxucz0iaHR0cDovL3d3dy53My5vcmcvMjAwMC9zdmciPjwvc3ZnPg==\" style=\"--smush-placeholder-width: 1024px; --smush-placeholder-aspect-ratio: 1024\/676;\" \/><\/figure>\n\n\n\n<figure class=\"wp-block-image size-large\"><img decoding=\"async\" width=\"1024\" height=\"724\" data-src=\"http:\/\/www.design-award.cz\/wp-content\/uploads\/2022\/04\/Interier--1024x724.png\" alt=\"\" class=\"wp-image-1099 lazyload\" data-srcset=\"https:\/\/www.design-award.cz\/wp-content\/uploads\/2022\/04\/Interier--1024x724.png 1024w, https:\/\/www.design-award.cz\/wp-content\/uploads\/2022\/04\/Interier--300x212.png 300w, https:\/\/www.design-award.cz\/wp-content\/uploads\/2022\/04\/Interier--768x543.png 768w, https:\/\/www.design-award.cz\/wp-content\/uploads\/2022\/04\/Interier--1536x1086.png 1536w, https:\/\/www.design-award.cz\/wp-content\/uploads\/2022\/04\/Interier--2048x1448.png 2048w, https:\/\/www.design-award.cz\/wp-content\/uploads\/2022\/04\/Interier--500x353.png 500w, https:\/\/www.design-award.cz\/wp-content\/uploads\/2022\/04\/Interier--800x566.png 800w, https:\/\/www.design-award.cz\/wp-content\/uploads\/2022\/04\/Interier--1280x905.png 1280w, https:\/\/www.design-award.cz\/wp-content\/uploads\/2022\/04\/Interier--1920x1357.png 1920w\" data-sizes=\"(max-width: 1024px) 100vw, 1024px\" src=\"data:image\/svg+xml;base64,PHN2ZyB3aWR0aD0iMSIgaGVpZ2h0PSIxIiB4bWxucz0iaHR0cDovL3d3dy53My5vcmcvMjAwMC9zdmciPjwvc3ZnPg==\" style=\"--smush-placeholder-width: 1024px; --smush-placeholder-aspect-ratio: 1024\/724;\" \/><\/figure>\n\n\n\n<figure class=\"wp-block-image size-large\"><img decoding=\"async\" width=\"1024\" height=\"732\" data-src=\"http:\/\/www.design-award.cz\/wp-content\/uploads\/2022\/04\/koupelna-1.-1-1024x732.png\" alt=\"\" class=\"wp-image-1100 lazyload\" data-srcset=\"https:\/\/www.design-award.cz\/wp-content\/uploads\/2022\/04\/koupelna-1.-1-1024x732.png 1024w, https:\/\/www.design-award.cz\/wp-content\/uploads\/2022\/04\/koupelna-1.-1-300x214.png 300w, https:\/\/www.design-award.cz\/wp-content\/uploads\/2022\/04\/koupelna-1.-1-768x549.png 768w, https:\/\/www.design-award.cz\/wp-content\/uploads\/2022\/04\/koupelna-1.-1-500x357.png 500w, https:\/\/www.design-award.cz\/wp-content\/uploads\/2022\/04\/koupelna-1.-1-800x572.png 800w, https:\/\/www.design-award.cz\/wp-content\/uploads\/2022\/04\/koupelna-1.-1.png 1142w\" data-sizes=\"(max-width: 1024px) 100vw, 1024px\" src=\"data:image\/svg+xml;base64,PHN2ZyB3aWR0aD0iMSIgaGVpZ2h0PSIxIiB4bWxucz0iaHR0cDovL3d3dy53My5vcmcvMjAwMC9zdmciPjwvc3ZnPg==\" style=\"--smush-placeholder-width: 1024px; --smush-placeholder-aspect-ratio: 1024\/732;\" \/><\/figure>\n\n\n\n<figure class=\"wp-block-image size-large\"><img decoding=\"async\" width=\"1024\" height=\"731\" data-src=\"http:\/\/www.design-award.cz\/wp-content\/uploads\/2022\/04\/koupelna-2.-2-1024x731.png\" alt=\"\" class=\"wp-image-1101 lazyload\" data-srcset=\"https:\/\/www.design-award.cz\/wp-content\/uploads\/2022\/04\/koupelna-2.-2-1024x731.png 1024w, https:\/\/www.design-award.cz\/wp-content\/uploads\/2022\/04\/koupelna-2.-2-300x214.png 300w, https:\/\/www.design-award.cz\/wp-content\/uploads\/2022\/04\/koupelna-2.-2-768x548.png 768w, https:\/\/www.design-award.cz\/wp-content\/uploads\/2022\/04\/koupelna-2.-2-500x357.png 500w, https:\/\/www.design-award.cz\/wp-content\/uploads\/2022\/04\/koupelna-2.-2-800x571.png 800w, https:\/\/www.design-award.cz\/wp-content\/uploads\/2022\/04\/koupelna-2.-2.png 1204w\" data-sizes=\"(max-width: 1024px) 100vw, 1024px\" src=\"data:image\/svg+xml;base64,PHN2ZyB3aWR0aD0iMSIgaGVpZ2h0PSIxIiB4bWxucz0iaHR0cDovL3d3dy53My5vcmcvMjAwMC9zdmciPjwvc3ZnPg==\" style=\"--smush-placeholder-width: 1024px; --smush-placeholder-aspect-ratio: 1024\/731;\" \/><\/figure>\n\n\n\n<figure class=\"wp-block-image size-large\"><img decoding=\"async\" width=\"1024\" height=\"682\" data-src=\"http:\/\/www.design-award.cz\/wp-content\/uploads\/2022\/04\/loznice-1-1024x682.png\" alt=\"\" class=\"wp-image-1102 lazyload\" data-srcset=\"https:\/\/www.design-award.cz\/wp-content\/uploads\/2022\/04\/loznice-1-1024x682.png 1024w, https:\/\/www.design-award.cz\/wp-content\/uploads\/2022\/04\/loznice-1-300x200.png 300w, https:\/\/www.design-award.cz\/wp-content\/uploads\/2022\/04\/loznice-1-768x512.png 768w, https:\/\/www.design-award.cz\/wp-content\/uploads\/2022\/04\/loznice-1-500x333.png 500w, https:\/\/www.design-award.cz\/wp-content\/uploads\/2022\/04\/loznice-1-800x533.png 800w, https:\/\/www.design-award.cz\/wp-content\/uploads\/2022\/04\/loznice-1-1280x853.png 1280w, https:\/\/www.design-award.cz\/wp-content\/uploads\/2022\/04\/loznice-1.png 1282w\" data-sizes=\"(max-width: 1024px) 100vw, 1024px\" src=\"data:image\/svg+xml;base64,PHN2ZyB3aWR0aD0iMSIgaGVpZ2h0PSIxIiB4bWxucz0iaHR0cDovL3d3dy53My5vcmcvMjAwMC9zdmciPjwvc3ZnPg==\" style=\"--smush-placeholder-width: 1024px; --smush-placeholder-aspect-ratio: 1024\/682;\" \/><\/figure>\n\n\n<div class=\"wp-block-visual-portfolio\">\n<div class=\"vp-portfolio vp-uid-2ece4a06 vp-id-607\"\n\tdata-vp-layout=\"slider\" data-vp-content-source=\"post-based\" data-vp-items-style=\"fade\" data-vp-items-click-action=\"url\" data-vp-items-gap=\"12\" data-vp-items-gap-vertical=\"\" data-vp-pagination=\"load-more\" data-vp-next-page-url=\"https:\/\/www.design-award.cz\/index.php?rest_route=%2Fwp%2Fv2%2Fportfolio%2F1093&#038;vp_page=2\" data-vp-random-seed=\"477290995\" data-vp-slider-effect=\"slide\" data-vp-slider-items-height=\"80%\" data-vp-slider-items-min-height=\"\" data-vp-slider-slides-per-view=\"3\" data-vp-slider-speed=\"0.3\" data-vp-slider-autoplay=\"4.8\" data-vp-slider-autoplay-hover-pause=\"false\" data-vp-slider-centered-slides=\"true\" data-vp-slider-loop=\"true\" data-vp-slider-free-mode=\"false\" data-vp-slider-free-mode-sticky=\"false\" data-vp-slider-arrows=\"true\" data-vp-slider-bullets=\"false\" data-vp-slider-bullets-dynamic=\"false\" data-vp-slider-mousewheel=\"false\" data-vp-slider-thumbnails=\"false\" >\n\t<div class=\"vp-portfolio__preloader-wrap\">\n\t\t<div class=\"vp-portfolio__preloader\">\n\t\t\t<img decoding=\"async\" loading=\"eager\" src=\"https:\/\/www.design-award.cz\/wp-content\/plugins\/visual-portfolio\/assets\/images\/logo-dark.svg\" alt=\"Visual Portfolio, Posts &amp; Image Gallery for WordPress\" width=\"20\" height=\"20\" data-skip-lazy>\n\t\t<\/div>\n\t<\/div>\n\t\t<div class=\"vp-portfolio__items-wrap\">\n\t\t\t\n<div class=\"vp-portfolio__items vp-portfolio__items-style-fade vp-portfolio__items-show-overlay-hover\">\n\n\t\t<article\t\tclass=\"vp-portfolio__item-wrap post-1012 portfolio type-portfolio status-publish format-standard has-post-thumbnail hentry entry has-media vp-portfolio__item-uid-097527de\" data-vp-filter=\"\" \t\t>\n\t\t\t\t\t\t\t\t\t<figure class=\"vp-portfolio__item\">\n\t\t\t\t\n<div class=\"vp-portfolio__item-img-wrap\">\n\t<div class=\"vp-portfolio__item-img\">\n\t\t\t<a\n\t\thref=\"https:\/\/www.design-award.cz\/?portfolio=soukromy-interier-obyvaci-pokoj\"\n\t\t\t>\n\t\n\t\t<noscript><img decoding=\"async\" width=\"1587\" height=\"893\" data-skip-lazy src=\"https:\/\/www.design-award.cz\/wp-content\/uploads\/2022\/04\/vizualizace-01.png\" class=\"wp-image-1013\" alt=\"\" srcset=\"https:\/\/www.design-award.cz\/wp-content\/uploads\/2022\/04\/vizualizace-01.png 1587w, https:\/\/www.design-award.cz\/wp-content\/uploads\/2022\/04\/vizualizace-01-300x169.png 300w, https:\/\/www.design-award.cz\/wp-content\/uploads\/2022\/04\/vizualizace-01-1024x576.png 1024w, https:\/\/www.design-award.cz\/wp-content\/uploads\/2022\/04\/vizualizace-01-768x432.png 768w, https:\/\/www.design-award.cz\/wp-content\/uploads\/2022\/04\/vizualizace-01-1536x864.png 1536w, https:\/\/www.design-award.cz\/wp-content\/uploads\/2022\/04\/vizualizace-01-500x281.png 500w, https:\/\/www.design-award.cz\/wp-content\/uploads\/2022\/04\/vizualizace-01-800x450.png 800w, https:\/\/www.design-award.cz\/wp-content\/uploads\/2022\/04\/vizualizace-01-1280x720.png 1280w\" sizes=\"(max-width: 1587px) 100vw, 1587px\" \/><\/noscript><img fetchpriority=\"high\" decoding=\"async\" width=\"1587\" height=\"893\" src=\"https:\/\/www.design-award.cz\/wp-content\/uploads\/2022\/04\/vizualizace-01.png\" class=\"wp-image-1013 vp-lazyload\" alt srcset=\"data:image\/svg+xml;base64,PHN2ZyB3aWR0aD0iMTU4NyIgaGVpZ2h0PSI4OTMiIHZpZXdCb3g9IjAgMCAxNTg3IDg5MyIgZmlsbD0ibm9uZSIgeG1sbnM9Imh0dHA6Ly93d3cudzMub3JnLzIwMDAvc3ZnIj48L3N2Zz4=\" data-src=\"https:\/\/www.design-award.cz\/wp-content\/uploads\/2022\/04\/vizualizace-01.png\" data-srcset=\"https:\/\/www.design-award.cz\/wp-content\/uploads\/2022\/04\/vizualizace-01.png 1587w, https:\/\/www.design-award.cz\/wp-content\/uploads\/2022\/04\/vizualizace-01-300x169.png 300w, https:\/\/www.design-award.cz\/wp-content\/uploads\/2022\/04\/vizualizace-01-1024x576.png 1024w, https:\/\/www.design-award.cz\/wp-content\/uploads\/2022\/04\/vizualizace-01-768x432.png 768w, https:\/\/www.design-award.cz\/wp-content\/uploads\/2022\/04\/vizualizace-01-1536x864.png 1536w, https:\/\/www.design-award.cz\/wp-content\/uploads\/2022\/04\/vizualizace-01-500x281.png 500w, https:\/\/www.design-award.cz\/wp-content\/uploads\/2022\/04\/vizualizace-01-800x450.png 800w, https:\/\/www.design-award.cz\/wp-content\/uploads\/2022\/04\/vizualizace-01-1280x720.png 1280w\" data-sizes=\"auto\" loading=\"eager\">\n\t\t<\/a>\t<\/div>\n<\/div>\n\t<figcaption class=\"vp-portfolio__item-overlay vp-portfolio__item-overlay-text-align-center\">\n\t\t<div class=\"vp-portfolio__item-meta-wrap vp-portfolio__custom-scrollbar\">\n\t\t\t\t<a\n\t\thref=\"https:\/\/www.design-award.cz\/?portfolio=soukromy-interier-obyvaci-pokoj\"\n\t\ttabindex=\"-1\" class=\"vp-portfolio__item-meta\" \t>\n\t\n<h2 class=\"vp-portfolio__item-meta-title\">\n\tSoukrom\u00fd interi\u00e9r &#8211; Ob\u00fdvac\u00ed pokoj<\/h2>\n<\/a>\t\t<\/div>\n\t<\/figcaption>\n\t\t\t<\/figure>\n\t\t\t\t\t<\/article>\n\t\t\n\t\t<article\t\tclass=\"vp-portfolio__item-wrap post-3191 portfolio type-portfolio status-publish format-standard has-post-thumbnail hentry entry has-media vp-portfolio__item-uid-f36e5ed0\" data-vp-filter=\"\" \t\t>\n\t\t\t\t\t\t\t\t\t<figure class=\"vp-portfolio__item\">\n\t\t\t\t\n<div class=\"vp-portfolio__item-img-wrap\">\n\t<div class=\"vp-portfolio__item-img\">\n\t\t\t<a\n\t\thref=\"https:\/\/www.design-award.cz\/?portfolio=verejny-interier-bistro-2\"\n\t\t\t>\n\t\n\t\t<noscript><img decoding=\"async\" width=\"1134\" height=\"850\" data-skip-lazy src=\"https:\/\/www.design-award.cz\/wp-content\/uploads\/2024\/04\/render-10k-exterier.png\" class=\"wp-image-3194\" alt=\"\" srcset=\"https:\/\/www.design-award.cz\/wp-content\/uploads\/2024\/04\/render-10k-exterier.png 1134w, https:\/\/www.design-award.cz\/wp-content\/uploads\/2024\/04\/render-10k-exterier-300x225.png 300w, https:\/\/www.design-award.cz\/wp-content\/uploads\/2024\/04\/render-10k-exterier-1024x768.png 1024w, https:\/\/www.design-award.cz\/wp-content\/uploads\/2024\/04\/render-10k-exterier-768x576.png 768w, https:\/\/www.design-award.cz\/wp-content\/uploads\/2024\/04\/render-10k-exterier-500x375.png 500w, https:\/\/www.design-award.cz\/wp-content\/uploads\/2024\/04\/render-10k-exterier-800x600.png 800w\" sizes=\"(max-width: 1134px) 100vw, 1134px\" \/><\/noscript><img decoding=\"async\" width=\"1134\" height=\"850\" src=\"https:\/\/www.design-award.cz\/wp-content\/uploads\/2024\/04\/render-10k-exterier.png\" class=\"wp-image-3194 vp-lazyload\" alt srcset=\"data:image\/svg+xml;base64,PHN2ZyB3aWR0aD0iMTEzNCIgaGVpZ2h0PSI4NTAiIHZpZXdCb3g9IjAgMCAxMTM0IDg1MCIgZmlsbD0ibm9uZSIgeG1sbnM9Imh0dHA6Ly93d3cudzMub3JnLzIwMDAvc3ZnIj48L3N2Zz4=\" data-src=\"https:\/\/www.design-award.cz\/wp-content\/uploads\/2024\/04\/render-10k-exterier.png\" data-srcset=\"https:\/\/www.design-award.cz\/wp-content\/uploads\/2024\/04\/render-10k-exterier.png 1134w, https:\/\/www.design-award.cz\/wp-content\/uploads\/2024\/04\/render-10k-exterier-300x225.png 300w, https:\/\/www.design-award.cz\/wp-content\/uploads\/2024\/04\/render-10k-exterier-1024x768.png 1024w, https:\/\/www.design-award.cz\/wp-content\/uploads\/2024\/04\/render-10k-exterier-768x576.png 768w, https:\/\/www.design-award.cz\/wp-content\/uploads\/2024\/04\/render-10k-exterier-500x375.png 500w, https:\/\/www.design-award.cz\/wp-content\/uploads\/2024\/04\/render-10k-exterier-800x600.png 800w\" data-sizes=\"auto\" loading=\"eager\">\n\t\t<\/a>\t<\/div>\n<\/div>\n\t<figcaption class=\"vp-portfolio__item-overlay vp-portfolio__item-overlay-text-align-center\">\n\t\t<div class=\"vp-portfolio__item-meta-wrap vp-portfolio__custom-scrollbar\">\n\t\t\t\t<a\n\t\thref=\"https:\/\/www.design-award.cz\/?portfolio=verejny-interier-bistro-2\"\n\t\ttabindex=\"-1\" class=\"vp-portfolio__item-meta\" \t>\n\t\n<h2 class=\"vp-portfolio__item-meta-title\">\n\tVe\u0159ejn\u00fd interi\u00e9r &#8211; Bistro<\/h2>\n<\/a>\t\t<\/div>\n\t<\/figcaption>\n\t\t\t<\/figure>\n\t\t\t\t\t<\/article>\n\t\t\n\t\t<article\t\tclass=\"vp-portfolio__item-wrap post-2123 portfolio type-portfolio status-publish format-standard has-post-thumbnail hentry portfolio_category-soutezici-2023 entry has-media vp-portfolio__item-uid-46288152\" data-vp-filter=\"soutezici-2023\" \t\t>\n\t\t\t\t\t\t\t\t\t<figure class=\"vp-portfolio__item\">\n\t\t\t\t\n<div class=\"vp-portfolio__item-img-wrap\">\n\t<div class=\"vp-portfolio__item-img\">\n\t\t\t<a\n\t\thref=\"https:\/\/www.design-award.cz\/?portfolio=produktovy-design-kyv\"\n\t\t\t>\n\t\n\t\t<noscript><img decoding=\"async\" width=\"1920\" height=\"1899\" data-skip-lazy src=\"https:\/\/www.design-award.cz\/wp-content\/uploads\/2023\/04\/Kyv-1-1920x1899.jpg\" class=\"wp-image-2126\" alt=\"\" srcset=\"https:\/\/www.design-award.cz\/wp-content\/uploads\/2023\/04\/Kyv-1-1920x1899.jpg 1920w, https:\/\/www.design-award.cz\/wp-content\/uploads\/2023\/04\/Kyv-1-300x297.jpg 300w, https:\/\/www.design-award.cz\/wp-content\/uploads\/2023\/04\/Kyv-1-1024x1013.jpg 1024w, https:\/\/www.design-award.cz\/wp-content\/uploads\/2023\/04\/Kyv-1-768x760.jpg 768w, https:\/\/www.design-award.cz\/wp-content\/uploads\/2023\/04\/Kyv-1-1536x1519.jpg 1536w, https:\/\/www.design-award.cz\/wp-content\/uploads\/2023\/04\/Kyv-1-500x495.jpg 500w, https:\/\/www.design-award.cz\/wp-content\/uploads\/2023\/04\/Kyv-1-800x791.jpg 800w, https:\/\/www.design-award.cz\/wp-content\/uploads\/2023\/04\/Kyv-1-1280x1266.jpg 1280w, https:\/\/www.design-award.cz\/wp-content\/uploads\/2023\/04\/Kyv-1.jpg 2000w\" sizes=\"(max-width: 1920px) 100vw, 1920px\" \/><\/noscript><img decoding=\"async\" width=\"1920\" height=\"1899\" src=\"https:\/\/www.design-award.cz\/wp-content\/uploads\/2023\/04\/Kyv-1-1920x1899.jpg\" class=\"wp-image-2126 vp-lazyload\" alt srcset=\"data:image\/svg+xml;base64,PHN2ZyB3aWR0aD0iMTkyMCIgaGVpZ2h0PSIxODk5IiB2aWV3Qm94PSIwIDAgMTkyMCAxODk5IiBmaWxsPSJub25lIiB4bWxucz0iaHR0cDovL3d3dy53My5vcmcvMjAwMC9zdmciPjwvc3ZnPg==\" data-src=\"https:\/\/www.design-award.cz\/wp-content\/uploads\/2023\/04\/Kyv-1-1920x1899.jpg\" data-srcset=\"https:\/\/www.design-award.cz\/wp-content\/uploads\/2023\/04\/Kyv-1-1920x1899.jpg 1920w, https:\/\/www.design-award.cz\/wp-content\/uploads\/2023\/04\/Kyv-1-300x297.jpg 300w, https:\/\/www.design-award.cz\/wp-content\/uploads\/2023\/04\/Kyv-1-1024x1013.jpg 1024w, https:\/\/www.design-award.cz\/wp-content\/uploads\/2023\/04\/Kyv-1-768x760.jpg 768w, https:\/\/www.design-award.cz\/wp-content\/uploads\/2023\/04\/Kyv-1-1536x1519.jpg 1536w, https:\/\/www.design-award.cz\/wp-content\/uploads\/2023\/04\/Kyv-1-500x495.jpg 500w, https:\/\/www.design-award.cz\/wp-content\/uploads\/2023\/04\/Kyv-1-800x791.jpg 800w, https:\/\/www.design-award.cz\/wp-content\/uploads\/2023\/04\/Kyv-1-1280x1266.jpg 1280w, https:\/\/www.design-award.cz\/wp-content\/uploads\/2023\/04\/Kyv-1.jpg 2000w\" data-sizes=\"auto\" loading=\"eager\">\n\t\t<\/a>\t<\/div>\n<\/div>\n\t<figcaption class=\"vp-portfolio__item-overlay vp-portfolio__item-overlay-text-align-center\">\n\t\t<div class=\"vp-portfolio__item-meta-wrap vp-portfolio__custom-scrollbar\">\n\t\t\t\t<a\n\t\thref=\"https:\/\/www.design-award.cz\/?portfolio=produktovy-design-kyv\"\n\t\ttabindex=\"-1\" class=\"vp-portfolio__item-meta\" \t>\n\t\n<div class=\"vp-portfolio__item-meta-categories\">\n\t\t\t<div class=\"vp-portfolio__item-meta-category\">\n\t\t\t\t<span\t\t\t>\n\tSOUT\u011a\u017d\u00cdC\u00cd 2023<\/span>\t\t<\/div>\n\t\t<\/div>\n\n<h2 class=\"vp-portfolio__item-meta-title\">\n\tProduktov\u00fd design &#8211; Kyv<\/h2>\n<\/a>\t\t<\/div>\n\t<\/figcaption>\n\t\t\t<\/figure>\n\t\t\t\t\t<\/article>\n\t\t\n\t\t<article\t\tclass=\"vp-portfolio__item-wrap post-920 portfolio type-portfolio status-publish format-standard has-post-thumbnail hentry entry has-media vp-portfolio__item-uid-872386b4\" data-vp-filter=\"\" \t\t>\n\t\t\t\t\t\t\t\t\t<figure class=\"vp-portfolio__item\">\n\t\t\t\t\n<div class=\"vp-portfolio__item-img-wrap\">\n\t<div class=\"vp-portfolio__item-img\">\n\t\t\t<a\n\t\thref=\"https:\/\/www.design-award.cz\/?portfolio=soukromy-interier-moderni-kuchyne-pro-ctyrclennou-rodinu\"\n\t\t\t>\n\t\n\t\t<noscript><img decoding=\"async\" width=\"1920\" height=\"1080\" data-skip-lazy src=\"https:\/\/www.design-award.cz\/wp-content\/uploads\/2022\/04\/Samostatna-kuchyne-v-RD-Pinkasova-pohled-01-1920x1080.jpg\" class=\"wp-image-921\" alt=\"\" srcset=\"https:\/\/www.design-award.cz\/wp-content\/uploads\/2022\/04\/Samostatna-kuchyne-v-RD-Pinkasova-pohled-01-1920x1080.jpg 1920w, https:\/\/www.design-award.cz\/wp-content\/uploads\/2022\/04\/Samostatna-kuchyne-v-RD-Pinkasova-pohled-01-300x169.jpg 300w, https:\/\/www.design-award.cz\/wp-content\/uploads\/2022\/04\/Samostatna-kuchyne-v-RD-Pinkasova-pohled-01-1024x576.jpg 1024w, https:\/\/www.design-award.cz\/wp-content\/uploads\/2022\/04\/Samostatna-kuchyne-v-RD-Pinkasova-pohled-01-768x432.jpg 768w, https:\/\/www.design-award.cz\/wp-content\/uploads\/2022\/04\/Samostatna-kuchyne-v-RD-Pinkasova-pohled-01-1536x864.jpg 1536w, https:\/\/www.design-award.cz\/wp-content\/uploads\/2022\/04\/Samostatna-kuchyne-v-RD-Pinkasova-pohled-01-2048x1152.jpg 2048w, https:\/\/www.design-award.cz\/wp-content\/uploads\/2022\/04\/Samostatna-kuchyne-v-RD-Pinkasova-pohled-01-500x281.jpg 500w, https:\/\/www.design-award.cz\/wp-content\/uploads\/2022\/04\/Samostatna-kuchyne-v-RD-Pinkasova-pohled-01-800x450.jpg 800w, https:\/\/www.design-award.cz\/wp-content\/uploads\/2022\/04\/Samostatna-kuchyne-v-RD-Pinkasova-pohled-01-1280x720.jpg 1280w\" sizes=\"(max-width: 1920px) 100vw, 1920px\" \/><\/noscript><img decoding=\"async\" width=\"1920\" height=\"1080\" src=\"https:\/\/www.design-award.cz\/wp-content\/uploads\/2022\/04\/Samostatna-kuchyne-v-RD-Pinkasova-pohled-01-1920x1080.jpg\" class=\"wp-image-921 vp-lazyload\" alt srcset=\"data:image\/svg+xml;base64,PHN2ZyB3aWR0aD0iMTkyMCIgaGVpZ2h0PSIxMDgwIiB2aWV3Qm94PSIwIDAgMTkyMCAxMDgwIiBmaWxsPSJub25lIiB4bWxucz0iaHR0cDovL3d3dy53My5vcmcvMjAwMC9zdmciPjwvc3ZnPg==\" data-src=\"https:\/\/www.design-award.cz\/wp-content\/uploads\/2022\/04\/Samostatna-kuchyne-v-RD-Pinkasova-pohled-01-1920x1080.jpg\" data-srcset=\"https:\/\/www.design-award.cz\/wp-content\/uploads\/2022\/04\/Samostatna-kuchyne-v-RD-Pinkasova-pohled-01-1920x1080.jpg 1920w, https:\/\/www.design-award.cz\/wp-content\/uploads\/2022\/04\/Samostatna-kuchyne-v-RD-Pinkasova-pohled-01-300x169.jpg 300w, https:\/\/www.design-award.cz\/wp-content\/uploads\/2022\/04\/Samostatna-kuchyne-v-RD-Pinkasova-pohled-01-1024x576.jpg 1024w, https:\/\/www.design-award.cz\/wp-content\/uploads\/2022\/04\/Samostatna-kuchyne-v-RD-Pinkasova-pohled-01-768x432.jpg 768w, https:\/\/www.design-award.cz\/wp-content\/uploads\/2022\/04\/Samostatna-kuchyne-v-RD-Pinkasova-pohled-01-1536x864.jpg 1536w, https:\/\/www.design-award.cz\/wp-content\/uploads\/2022\/04\/Samostatna-kuchyne-v-RD-Pinkasova-pohled-01-2048x1152.jpg 2048w, https:\/\/www.design-award.cz\/wp-content\/uploads\/2022\/04\/Samostatna-kuchyne-v-RD-Pinkasova-pohled-01-500x281.jpg 500w, https:\/\/www.design-award.cz\/wp-content\/uploads\/2022\/04\/Samostatna-kuchyne-v-RD-Pinkasova-pohled-01-800x450.jpg 800w, https:\/\/www.design-award.cz\/wp-content\/uploads\/2022\/04\/Samostatna-kuchyne-v-RD-Pinkasova-pohled-01-1280x720.jpg 1280w\" data-sizes=\"auto\" loading=\"eager\">\n\t\t<\/a>\t<\/div>\n<\/div>\n\t<figcaption class=\"vp-portfolio__item-overlay vp-portfolio__item-overlay-text-align-center\">\n\t\t<div class=\"vp-portfolio__item-meta-wrap vp-portfolio__custom-scrollbar\">\n\t\t\t\t<a\n\t\thref=\"https:\/\/www.design-award.cz\/?portfolio=soukromy-interier-moderni-kuchyne-pro-ctyrclennou-rodinu\"\n\t\ttabindex=\"-1\" class=\"vp-portfolio__item-meta\" \t>\n\t\n<h2 class=\"vp-portfolio__item-meta-title\">\n\tSoukrom\u00fd interi\u00e9r &#8211; Modern\u00ed kuchyn\u011b pro \u010dty\u0159\u010dlennou rodinu<\/h2>\n<\/a>\t\t<\/div>\n\t<\/figcaption>\n\t\t\t<\/figure>\n\t\t\t\t\t<\/article>\n\t\t\n\t\t<article\t\tclass=\"vp-portfolio__item-wrap post-1413 portfolio type-portfolio status-publish format-standard has-post-thumbnail hentry portfolio_category-https-www-design-award-cz-page_id1603 portfolio_tag-9 entry has-media vp-portfolio__item-uid-797bbf94\" data-vp-filter=\"https-www-design-award-cz-page_id1603\" \t\t>\n\t\t\t\t\t\t\t\t\t<figure class=\"vp-portfolio__item\">\n\t\t\t\t\n<div class=\"vp-portfolio__item-img-wrap\">\n\t<div class=\"vp-portfolio__item-img\">\n\t\t\t<a\n\t\thref=\"https:\/\/www.design-award.cz\/?portfolio=produktovy-design-rosa-na-kapradi-set-konferencni-stolek-se-svitidlem\"\n\t\t\t>\n\t\n\t\t<noscript><img decoding=\"async\" width=\"1416\" height=\"1416\" data-skip-lazy src=\"https:\/\/www.design-award.cz\/wp-content\/uploads\/2022\/04\/smejcova_rosa_na_kapradi_2.jpg\" class=\"wp-image-1415\" alt=\"\" srcset=\"https:\/\/www.design-award.cz\/wp-content\/uploads\/2022\/04\/smejcova_rosa_na_kapradi_2.jpg 1416w, https:\/\/www.design-award.cz\/wp-content\/uploads\/2022\/04\/smejcova_rosa_na_kapradi_2-300x300.jpg 300w, https:\/\/www.design-award.cz\/wp-content\/uploads\/2022\/04\/smejcova_rosa_na_kapradi_2-1024x1024.jpg 1024w, https:\/\/www.design-award.cz\/wp-content\/uploads\/2022\/04\/smejcova_rosa_na_kapradi_2-150x150.jpg 150w, https:\/\/www.design-award.cz\/wp-content\/uploads\/2022\/04\/smejcova_rosa_na_kapradi_2-768x768.jpg 768w, https:\/\/www.design-award.cz\/wp-content\/uploads\/2022\/04\/smejcova_rosa_na_kapradi_2-500x500.jpg 500w, https:\/\/www.design-award.cz\/wp-content\/uploads\/2022\/04\/smejcova_rosa_na_kapradi_2-800x800.jpg 800w, https:\/\/www.design-award.cz\/wp-content\/uploads\/2022\/04\/smejcova_rosa_na_kapradi_2-1280x1280.jpg 1280w\" sizes=\"(max-width: 1416px) 100vw, 1416px\" \/><\/noscript><img decoding=\"async\" width=\"1416\" height=\"1416\" src=\"https:\/\/www.design-award.cz\/wp-content\/uploads\/2022\/04\/smejcova_rosa_na_kapradi_2.jpg\" class=\"wp-image-1415 vp-lazyload\" alt srcset=\"data:image\/svg+xml;base64,PHN2ZyB3aWR0aD0iMTQxNiIgaGVpZ2h0PSIxNDE2IiB2aWV3Qm94PSIwIDAgMTQxNiAxNDE2IiBmaWxsPSJub25lIiB4bWxucz0iaHR0cDovL3d3dy53My5vcmcvMjAwMC9zdmciPjwvc3ZnPg==\" data-src=\"https:\/\/www.design-award.cz\/wp-content\/uploads\/2022\/04\/smejcova_rosa_na_kapradi_2.jpg\" data-srcset=\"https:\/\/www.design-award.cz\/wp-content\/uploads\/2022\/04\/smejcova_rosa_na_kapradi_2.jpg 1416w, https:\/\/www.design-award.cz\/wp-content\/uploads\/2022\/04\/smejcova_rosa_na_kapradi_2-300x300.jpg 300w, https:\/\/www.design-award.cz\/wp-content\/uploads\/2022\/04\/smejcova_rosa_na_kapradi_2-1024x1024.jpg 1024w, https:\/\/www.design-award.cz\/wp-content\/uploads\/2022\/04\/smejcova_rosa_na_kapradi_2-150x150.jpg 150w, https:\/\/www.design-award.cz\/wp-content\/uploads\/2022\/04\/smejcova_rosa_na_kapradi_2-768x768.jpg 768w, https:\/\/www.design-award.cz\/wp-content\/uploads\/2022\/04\/smejcova_rosa_na_kapradi_2-500x500.jpg 500w, https:\/\/www.design-award.cz\/wp-content\/uploads\/2022\/04\/smejcova_rosa_na_kapradi_2-800x800.jpg 800w, https:\/\/www.design-award.cz\/wp-content\/uploads\/2022\/04\/smejcova_rosa_na_kapradi_2-1280x1280.jpg 1280w\" data-sizes=\"auto\" loading=\"eager\">\n\t\t<\/a>\t<\/div>\n<\/div>\n\t<figcaption class=\"vp-portfolio__item-overlay vp-portfolio__item-overlay-text-align-center\">\n\t\t<div class=\"vp-portfolio__item-meta-wrap vp-portfolio__custom-scrollbar\">\n\t\t\t\t<a\n\t\thref=\"https:\/\/www.design-award.cz\/?portfolio=produktovy-design-rosa-na-kapradi-set-konferencni-stolek-se-svitidlem\"\n\t\ttabindex=\"-1\" class=\"vp-portfolio__item-meta\" \t>\n\t\n<div class=\"vp-portfolio__item-meta-categories\">\n\t\t\t<div class=\"vp-portfolio__item-meta-category\">\n\t\t\t\t<span\t\t\t>\n\tArchiv 2022<\/span>\t\t<\/div>\n\t\t<\/div>\n\n<h2 class=\"vp-portfolio__item-meta-title\">\n\tProduktov\u00fd design &#8211; Rosa na kapradi &#8211; set konferen\u010dn\u00ed stolek se sv\u00edtidlem<\/h2>\n<\/a>\t\t<\/div>\n\t<\/figcaption>\n\t\t\t<\/figure>\n\t\t\t\t\t<\/article>\n\t\t\n\t\t<article\t\tclass=\"vp-portfolio__item-wrap post-4056 portfolio type-portfolio status-publish format-standard has-post-thumbnail hentry entry has-media vp-portfolio__item-uid-5daad6f1\" data-vp-filter=\"\" \t\t>\n\t\t\t\t\t\t\t\t\t<figure class=\"vp-portfolio__item\">\n\t\t\t\t\n<div class=\"vp-portfolio__item-img-wrap\">\n\t<div class=\"vp-portfolio__item-img\">\n\t\t\t<a\n\t\thref=\"https:\/\/www.design-award.cz\/?portfolio=produktovy-design-hey-g-chair\"\n\t\t\t>\n\t\n\t\t<noscript><img decoding=\"async\" width=\"850\" height=\"478\" data-skip-lazy src=\"https:\/\/www.design-award.cz\/wp-content\/uploads\/2024\/06\/render-juchu-jupi-6-12.png\" class=\"wp-image-4069\" alt=\"\" srcset=\"https:\/\/www.design-award.cz\/wp-content\/uploads\/2024\/06\/render-juchu-jupi-6-12.png 850w, https:\/\/www.design-award.cz\/wp-content\/uploads\/2024\/06\/render-juchu-jupi-6-12-300x169.png 300w, https:\/\/www.design-award.cz\/wp-content\/uploads\/2024\/06\/render-juchu-jupi-6-12-768x432.png 768w, https:\/\/www.design-award.cz\/wp-content\/uploads\/2024\/06\/render-juchu-jupi-6-12-500x281.png 500w, https:\/\/www.design-award.cz\/wp-content\/uploads\/2024\/06\/render-juchu-jupi-6-12-800x450.png 800w\" sizes=\"(max-width: 850px) 100vw, 850px\" \/><\/noscript><img decoding=\"async\" width=\"850\" height=\"478\" src=\"https:\/\/www.design-award.cz\/wp-content\/uploads\/2024\/06\/render-juchu-jupi-6-12.png\" class=\"wp-image-4069 vp-lazyload\" alt srcset=\"data:image\/svg+xml;base64,PHN2ZyB3aWR0aD0iODUwIiBoZWlnaHQ9IjQ3OCIgdmlld0JveD0iMCAwIDg1MCA0NzgiIGZpbGw9Im5vbmUiIHhtbG5zPSJodHRwOi8vd3d3LnczLm9yZy8yMDAwL3N2ZyI+PC9zdmc+\" data-src=\"https:\/\/www.design-award.cz\/wp-content\/uploads\/2024\/06\/render-juchu-jupi-6-12.png\" data-srcset=\"https:\/\/www.design-award.cz\/wp-content\/uploads\/2024\/06\/render-juchu-jupi-6-12.png 850w, https:\/\/www.design-award.cz\/wp-content\/uploads\/2024\/06\/render-juchu-jupi-6-12-300x169.png 300w, https:\/\/www.design-award.cz\/wp-content\/uploads\/2024\/06\/render-juchu-jupi-6-12-768x432.png 768w, https:\/\/www.design-award.cz\/wp-content\/uploads\/2024\/06\/render-juchu-jupi-6-12-500x281.png 500w, https:\/\/www.design-award.cz\/wp-content\/uploads\/2024\/06\/render-juchu-jupi-6-12-800x450.png 800w\" data-sizes=\"auto\" loading=\"eager\">\n\t\t<\/a>\t<\/div>\n<\/div>\n\t<figcaption class=\"vp-portfolio__item-overlay vp-portfolio__item-overlay-text-align-center\">\n\t\t<div class=\"vp-portfolio__item-meta-wrap vp-portfolio__custom-scrollbar\">\n\t\t\t\t<a\n\t\thref=\"https:\/\/www.design-award.cz\/?portfolio=produktovy-design-hey-g-chair\"\n\t\ttabindex=\"-1\" class=\"vp-portfolio__item-meta\" \t>\n\t\n<h2 class=\"vp-portfolio__item-meta-title\">\n\tProduktov\u00fd design &#8211; Hey G Chair<\/h2>\n<\/a>\t\t<\/div>\n\t<\/figcaption>\n\t\t\t<\/figure>\n\t\t\t\t\t<\/article>\n\t\t\n\t\t<article\t\tclass=\"vp-portfolio__item-wrap post-3557 portfolio type-portfolio status-publish format-standard has-post-thumbnail hentry entry has-media vp-portfolio__item-uid-b1b11c35\" data-vp-filter=\"\" \t\t>\n\t\t\t\t\t\t\t\t\t<figure class=\"vp-portfolio__item\">\n\t\t\t\t\n<div class=\"vp-portfolio__item-img-wrap\">\n\t<div class=\"vp-portfolio__item-img\">\n\t\t\t<a\n\t\thref=\"https:\/\/www.design-award.cz\/?portfolio=produktovy-design-skioros\"\n\t\t\t>\n\t\n\t\t<noscript><img decoding=\"async\" width=\"500\" height=\"750\" data-skip-lazy src=\"https:\/\/www.design-award.cz\/wp-content\/uploads\/2024\/06\/konecne_viz.1.jpg\" class=\"wp-image-3577\" alt=\"\" srcset=\"https:\/\/www.design-award.cz\/wp-content\/uploads\/2024\/06\/konecne_viz.1.jpg 500w, https:\/\/www.design-award.cz\/wp-content\/uploads\/2024\/06\/konecne_viz.1-200x300.jpg 200w\" sizes=\"(max-width: 500px) 100vw, 500px\" \/><\/noscript><img decoding=\"async\" width=\"500\" height=\"750\" src=\"https:\/\/www.design-award.cz\/wp-content\/uploads\/2024\/06\/konecne_viz.1.jpg\" class=\"wp-image-3577 vp-lazyload\" alt srcset=\"data:image\/svg+xml;base64,PHN2ZyB3aWR0aD0iNTAwIiBoZWlnaHQ9Ijc1MCIgdmlld0JveD0iMCAwIDUwMCA3NTAiIGZpbGw9Im5vbmUiIHhtbG5zPSJodHRwOi8vd3d3LnczLm9yZy8yMDAwL3N2ZyI+PC9zdmc+\" data-src=\"https:\/\/www.design-award.cz\/wp-content\/uploads\/2024\/06\/konecne_viz.1.jpg\" data-srcset=\"https:\/\/www.design-award.cz\/wp-content\/uploads\/2024\/06\/konecne_viz.1.jpg 500w, https:\/\/www.design-award.cz\/wp-content\/uploads\/2024\/06\/konecne_viz.1-200x300.jpg 200w\" data-sizes=\"auto\" loading=\"eager\">\n\t\t<\/a>\t<\/div>\n<\/div>\n\t<figcaption class=\"vp-portfolio__item-overlay vp-portfolio__item-overlay-text-align-center\">\n\t\t<div class=\"vp-portfolio__item-meta-wrap vp-portfolio__custom-scrollbar\">\n\t\t\t\t<a\n\t\thref=\"https:\/\/www.design-award.cz\/?portfolio=produktovy-design-skioros\"\n\t\ttabindex=\"-1\" class=\"vp-portfolio__item-meta\" \t>\n\t\n<h2 class=\"vp-portfolio__item-meta-title\">\n\tProduktov\u00fd design &#8211; Skioros<\/h2>\n<\/a>\t\t<\/div>\n\t<\/figcaption>\n\t\t\t<\/figure>\n\t\t\t\t\t<\/article>\n\t\t\n\t\t<article\t\tclass=\"vp-portfolio__item-wrap post-5436 portfolio type-portfolio status-publish format-standard has-post-thumbnail hentry entry has-media vp-portfolio__item-uid-b445bece\" data-vp-filter=\"\" \t\t>\n\t\t\t\t\t\t\t\t\t<figure class=\"vp-portfolio__item\">\n\t\t\t\t\n<div class=\"vp-portfolio__item-img-wrap\">\n\t<div class=\"vp-portfolio__item-img\">\n\t\t\t<a\n\t\thref=\"https:\/\/www.design-award.cz\/?portfolio=interierovy-design-internatni-pokoj\"\n\t\t\t>\n\t\n\t\t<noscript><img decoding=\"async\" width=\"1920\" height=\"814\" data-skip-lazy src=\"https:\/\/www.design-award.cz\/wp-content\/uploads\/2025\/06\/2-2.jpg\" class=\"wp-image-5458\" alt=\"\" srcset=\"https:\/\/www.design-award.cz\/wp-content\/uploads\/2025\/06\/2-2.jpg 1920w, https:\/\/www.design-award.cz\/wp-content\/uploads\/2025\/06\/2-2-300x127.jpg 300w, https:\/\/www.design-award.cz\/wp-content\/uploads\/2025\/06\/2-2-1024x434.jpg 1024w, https:\/\/www.design-award.cz\/wp-content\/uploads\/2025\/06\/2-2-768x326.jpg 768w, https:\/\/www.design-award.cz\/wp-content\/uploads\/2025\/06\/2-2-1536x651.jpg 1536w, https:\/\/www.design-award.cz\/wp-content\/uploads\/2025\/06\/2-2-500x212.jpg 500w, https:\/\/www.design-award.cz\/wp-content\/uploads\/2025\/06\/2-2-800x339.jpg 800w, https:\/\/www.design-award.cz\/wp-content\/uploads\/2025\/06\/2-2-1280x543.jpg 1280w\" sizes=\"(max-width: 1920px) 100vw, 1920px\" \/><\/noscript><img decoding=\"async\" width=\"1920\" height=\"814\" src=\"https:\/\/www.design-award.cz\/wp-content\/uploads\/2025\/06\/2-2.jpg\" class=\"wp-image-5458 vp-lazyload\" alt srcset=\"data:image\/svg+xml;base64,PHN2ZyB3aWR0aD0iMTkyMCIgaGVpZ2h0PSI4MTQiIHZpZXdCb3g9IjAgMCAxOTIwIDgxNCIgZmlsbD0ibm9uZSIgeG1sbnM9Imh0dHA6Ly93d3cudzMub3JnLzIwMDAvc3ZnIj48L3N2Zz4=\" data-src=\"https:\/\/www.design-award.cz\/wp-content\/uploads\/2025\/06\/2-2.jpg\" data-srcset=\"https:\/\/www.design-award.cz\/wp-content\/uploads\/2025\/06\/2-2.jpg 1920w, https:\/\/www.design-award.cz\/wp-content\/uploads\/2025\/06\/2-2-300x127.jpg 300w, https:\/\/www.design-award.cz\/wp-content\/uploads\/2025\/06\/2-2-1024x434.jpg 1024w, https:\/\/www.design-award.cz\/wp-content\/uploads\/2025\/06\/2-2-768x326.jpg 768w, https:\/\/www.design-award.cz\/wp-content\/uploads\/2025\/06\/2-2-1536x651.jpg 1536w, https:\/\/www.design-award.cz\/wp-content\/uploads\/2025\/06\/2-2-500x212.jpg 500w, https:\/\/www.design-award.cz\/wp-content\/uploads\/2025\/06\/2-2-800x339.jpg 800w, https:\/\/www.design-award.cz\/wp-content\/uploads\/2025\/06\/2-2-1280x543.jpg 1280w\" data-sizes=\"auto\" loading=\"eager\">\n\t\t<\/a>\t<\/div>\n<\/div>\n\t<figcaption class=\"vp-portfolio__item-overlay vp-portfolio__item-overlay-text-align-center\">\n\t\t<div class=\"vp-portfolio__item-meta-wrap vp-portfolio__custom-scrollbar\">\n\t\t\t\t<a\n\t\thref=\"https:\/\/www.design-award.cz\/?portfolio=interierovy-design-internatni-pokoj\"\n\t\ttabindex=\"-1\" class=\"vp-portfolio__item-meta\" \t>\n\t\n<h2 class=\"vp-portfolio__item-meta-title\">\n\tInteri\u00e9rov\u00fd design &#8211; Intern\u00e1tn\u00ed pokoj<\/h2>\n<\/a>\t\t<\/div>\n\t<\/figcaption>\n\t\t\t<\/figure>\n\t\t\t\t\t<\/article>\n\t\t\n<\/div>\n\n<div class=\"vp-portfolio__items-arrow vp-portfolio__items-arrow-prev\" tabindex=\"0\" role=\"button\" aria-label=\"Previous Slide\">\n\t\n<svg class=\"vp-svg-icon\" width=\"20\" height=\"20\" viewBox=\"0 0 20 20\" fill=\"none\" xmlns=\"http:\/\/www.w3.org\/2000\/svg\">\n\t<path d=\"M12 4L6 10L12 16\" stroke=\"currentColor\" stroke-width=\"1.5\" stroke-linecap=\"round\" stroke-linejoin=\"round\" fill=\"transparent\" \/>\n<\/svg>\n<\/div>\n<div class=\"vp-portfolio__items-arrow vp-portfolio__items-arrow-next\" tabindex=\"0\" role=\"button\" aria-label=\"Next Slide\">\n\t\n<svg class=\"vp-svg-icon\" width=\"20\" height=\"20\" viewBox=\"0 0 20 20\" fill=\"none\" xmlns=\"http:\/\/www.w3.org\/2000\/svg\">\n\t<path d=\"M8 4L14 10L8 16\" stroke=\"currentColor\" stroke-width=\"1.5\" stroke-linecap=\"round\" stroke-linejoin=\"round\" fill=\"transparent\" \/>\n<\/svg>\n<\/div>\n\t\t<\/div>\n\t\t\t\t<div class=\"vp-portfolio__layout-elements vp-portfolio__layout-elements-bottom vp-portfolio__layout-elements-align-center\">\n\t\t\t\t<div class=\"vp-portfolio__pagination-wrap\">\n\t\t\n<div class=\"vp-pagination vp-pagination__style-minimal\" data-vp-pagination-type=\"load-more\">\n\t<div class=\"vp-pagination__item\">\n\t\t<a class=\"vp-pagination__load-more\" href=\"https:\/\/www.design-award.cz\/index.php?rest_route=%2Fwp%2Fv2%2Fportfolio%2F1093&#038;vp_page=2\">\n\t\t\t<span>Load More<\/span>\n\t\t\t<span class=\"vp-pagination__load-more-loading\"><span class=\"vp-spinner\"><\/span><span class=\"vp-screen-reader-text\"> Loading More&#8230;<\/span><\/span>\n\t\t\t<span class=\"vp-pagination__load-more-no-more\">You\u2019ve reached the end of the list<\/span>\n\t\t<\/a>\n\t<\/div>\n<\/div>\n\t\t<\/div>\n\t\t\t\t<\/div>\n\t\t\n<\/div>\n<\/div>","protected":false},"excerpt":{"rendered":"<p>Aneta Novick\u00e1 St\u0159edn\u00ed \u0161kola designu interi\u00e9ru Kate\u0159inky &#8211; Liberec, s.r.o. N\u00e1vrh interi\u00e9ru rodinn\u00e9ho domu se nach\u00e1z\u00ed v 2. nadzemn\u00edm podla\u017e\u00ed a byl zad\u00e1n jako klauzurn\u00ed pr\u00e1ce ve \u0161koln\u00edm roce 2020\/2021. Zad\u00e1n\u00edm bylo vytvo\u0159it klidovou z\u00f3nu pro rodinu. N\u00e1vrh jsem koncipovala pro mlad\u00fd p\u00e1r, se dv\u011bma mal\u00fdmi d\u011btmi.&nbsp; Lo\u017enice je navr\u017eena v horsk\u00e9m stylu. Dubov\u00e1 podlaha [&hellip;]<\/p>\n","protected":false},"author":1,"featured_media":1514,"menu_order":0,"comment_status":"closed","ping_status":"closed","template":"","format":"standard","meta":{"ngg_post_thumbnail":0,"ocean_post_layout":"","ocean_both_sidebars_style":"","ocean_both_sidebars_content_width":0,"ocean_both_sidebars_sidebars_width":0,"ocean_sidebar":"","ocean_second_sidebar":"","ocean_disable_margins":"enable","ocean_add_body_class":"","ocean_shortcode_before_top_bar":"","ocean_shortcode_after_top_bar":"","ocean_shortcode_before_header":"","ocean_shortcode_after_header":"","ocean_has_shortcode":"","ocean_shortcode_after_title":"","ocean_shortcode_before_footer_widgets":"","ocean_shortcode_after_footer_widgets":"","ocean_shortcode_before_footer_bottom":"","ocean_shortcode_after_footer_bottom":"","ocean_display_top_bar":"default","ocean_display_header":"default","ocean_header_style":"","ocean_center_header_left_menu":"","ocean_custom_header_template":"","ocean_custom_logo":0,"ocean_custom_retina_logo":0,"ocean_custom_logo_max_width":0,"ocean_custom_logo_tablet_max_width":0,"ocean_custom_logo_mobile_max_width":0,"ocean_custom_logo_max_height":0,"ocean_custom_logo_tablet_max_height":0,"ocean_custom_logo_mobile_max_height":0,"ocean_header_custom_menu":"","ocean_menu_typo_font_family":"","ocean_menu_typo_font_subset":"","ocean_menu_typo_font_size":0,"ocean_menu_typo_font_size_tablet":0,"ocean_menu_typo_font_size_mobile":0,"ocean_menu_typo_font_size_unit":"px","ocean_menu_typo_font_weight":"","ocean_menu_typo_font_weight_tablet":"","ocean_menu_typo_font_weight_mobile":"","ocean_menu_typo_transform":"","ocean_menu_typo_transform_tablet":"","ocean_menu_typo_transform_mobile":"","ocean_menu_typo_line_height":0,"ocean_menu_typo_line_height_tablet":0,"ocean_menu_typo_line_height_mobile":0,"ocean_menu_typo_line_height_unit":"","ocean_menu_typo_spacing":0,"ocean_menu_typo_spacing_tablet":0,"ocean_menu_typo_spacing_mobile":0,"ocean_menu_typo_spacing_unit":"","ocean_menu_link_color":"","ocean_menu_link_color_hover":"","ocean_menu_link_color_active":"","ocean_menu_link_background":"","ocean_menu_link_hover_background":"","ocean_menu_link_active_background":"","ocean_menu_social_links_bg":"","ocean_menu_social_hover_links_bg":"","ocean_menu_social_links_color":"","ocean_menu_social_hover_links_color":"","ocean_disable_title":"default","ocean_disable_heading":"default","ocean_post_title":"","ocean_post_subheading":"","ocean_post_title_style":"","ocean_post_title_background_color":"","ocean_post_title_background":0,"ocean_post_title_bg_image_position":"","ocean_post_title_bg_image_attachment":"","ocean_post_title_bg_image_repeat":"","ocean_post_title_bg_image_size":"","ocean_post_title_height":0,"ocean_post_title_bg_overlay":0.5,"ocean_post_title_bg_overlay_color":"","ocean_disable_breadcrumbs":"default","ocean_breadcrumbs_color":"","ocean_breadcrumbs_separator_color":"","ocean_breadcrumbs_links_color":"","ocean_breadcrumbs_links_hover_color":"","ocean_display_footer_widgets":"default","ocean_display_footer_bottom":"default","ocean_custom_footer_template":"","_vp_format_video_url":"","_vp_image_focal_point":[],"footnotes":""},"portfolio_category":[],"portfolio_tag":[],"class_list":["post-1093","portfolio","type-portfolio","status-publish","format-standard","has-post-thumbnail","hentry","entry","has-media"],"yoast_head":"<!-- This site is optimized with the Yoast SEO plugin v25.2 - https:\/\/yoast.com\/wordpress\/plugins\/seo\/ -->\n<title>Soukrom\u00fd interi\u00e9r - Rodinn\u00fd d\u016fm, klidov\u00e1 \u010d\u00e1st - design-award.cz<\/title>\n<meta name=\"robots\" content=\"index, follow, max-snippet:-1, max-image-preview:large, max-video-preview:-1\" \/>\n<link rel=\"canonical\" href=\"https:\/\/www.design-award.cz\/?portfolio=soukromy-interier-rodinny-dum-klidova-cast\" \/>\n<meta property=\"og:locale\" content=\"cs_CZ\" \/>\n<meta property=\"og:type\" content=\"article\" \/>\n<meta property=\"og:title\" content=\"Soukrom\u00fd interi\u00e9r - Rodinn\u00fd d\u016fm, klidov\u00e1 \u010d\u00e1st - design-award.cz\" \/>\n<meta property=\"og:description\" content=\"Aneta Novick\u00e1 St\u0159edn\u00ed \u0161kola designu interi\u00e9ru Kate\u0159inky &#8211; Liberec, s.r.o. N\u00e1vrh interi\u00e9ru rodinn\u00e9ho domu se nach\u00e1z\u00ed v 2. nadzemn\u00edm podla\u017e\u00ed a byl zad\u00e1n jako klauzurn\u00ed pr\u00e1ce ve \u0161koln\u00edm roce 2020\/2021. Zad\u00e1n\u00edm bylo vytvo\u0159it klidovou z\u00f3nu pro rodinu. N\u00e1vrh jsem koncipovala pro mlad\u00fd p\u00e1r, se dv\u011bma mal\u00fdmi d\u011btmi.&nbsp; Lo\u017enice je navr\u017eena v horsk\u00e9m stylu. Dubov\u00e1 podlaha [&hellip;]\" \/>\n<meta property=\"og:url\" content=\"https:\/\/www.design-award.cz\/?portfolio=soukromy-interier-rodinny-dum-klidova-cast\" \/>\n<meta property=\"og:site_name\" content=\"design-award.cz\" \/>\n<meta property=\"article:modified_time\" content=\"2022-05-04T20:28:33+00:00\" \/>\n<meta property=\"og:image\" content=\"http:\/\/www.design-award.cz\/wp-content\/uploads\/2022\/05\/Aneta-Novicka.jpg\" \/>\n\t<meta property=\"og:image:width\" content=\"1294\" \/>\n\t<meta property=\"og:image:height\" content=\"862\" \/>\n\t<meta property=\"og:image:type\" content=\"image\/jpeg\" \/>\n<meta name=\"twitter:card\" content=\"summary_large_image\" \/>\n<meta name=\"twitter:label1\" content=\"Odhadovan\u00e1 doba \u010dten\u00ed\" \/>\n\t<meta name=\"twitter:data1\" content=\"2 minuty\" \/>\n<script type=\"application\/ld+json\" class=\"yoast-schema-graph\">{\"@context\":\"https:\/\/schema.org\",\"@graph\":[{\"@type\":\"WebPage\",\"@id\":\"https:\/\/www.design-award.cz\/?portfolio=soukromy-interier-rodinny-dum-klidova-cast\",\"url\":\"https:\/\/www.design-award.cz\/?portfolio=soukromy-interier-rodinny-dum-klidova-cast\",\"name\":\"Soukrom\u00fd interi\u00e9r - Rodinn\u00fd d\u016fm, klidov\u00e1 \u010d\u00e1st - design-award.cz\",\"isPartOf\":{\"@id\":\"https:\/\/www.design-award.cz\/#website\"},\"primaryImageOfPage\":{\"@id\":\"https:\/\/www.design-award.cz\/?portfolio=soukromy-interier-rodinny-dum-klidova-cast#primaryimage\"},\"image\":{\"@id\":\"https:\/\/www.design-award.cz\/?portfolio=soukromy-interier-rodinny-dum-klidova-cast#primaryimage\"},\"thumbnailUrl\":\"https:\/\/www.design-award.cz\/wp-content\/uploads\/2022\/05\/Aneta-Novicka.jpg\",\"datePublished\":\"2022-04-29T19:09:39+00:00\",\"dateModified\":\"2022-05-04T20:28:33+00:00\",\"breadcrumb\":{\"@id\":\"https:\/\/www.design-award.cz\/?portfolio=soukromy-interier-rodinny-dum-klidova-cast#breadcrumb\"},\"inLanguage\":\"cs\",\"potentialAction\":[{\"@type\":\"ReadAction\",\"target\":[\"https:\/\/www.design-award.cz\/?portfolio=soukromy-interier-rodinny-dum-klidova-cast\"]}]},{\"@type\":\"ImageObject\",\"inLanguage\":\"cs\",\"@id\":\"https:\/\/www.design-award.cz\/?portfolio=soukromy-interier-rodinny-dum-klidova-cast#primaryimage\",\"url\":\"https:\/\/www.design-award.cz\/wp-content\/uploads\/2022\/05\/Aneta-Novicka.jpg\",\"contentUrl\":\"https:\/\/www.design-award.cz\/wp-content\/uploads\/2022\/05\/Aneta-Novicka.jpg\",\"width\":1294,\"height\":862},{\"@type\":\"BreadcrumbList\",\"@id\":\"https:\/\/www.design-award.cz\/?portfolio=soukromy-interier-rodinny-dum-klidova-cast#breadcrumb\",\"itemListElement\":[{\"@type\":\"ListItem\",\"position\":1,\"name\":\"Dom\u016f\",\"item\":\"https:\/\/www.design-award.cz\/\"},{\"@type\":\"ListItem\",\"position\":2,\"name\":\"Portfolio Items\",\"item\":\"https:\/\/www.design-award.cz\/?post_type=portfolio\"},{\"@type\":\"ListItem\",\"position\":3,\"name\":\"Soukrom\u00fd interi\u00e9r &#8211; Rodinn\u00fd d\u016fm, klidov\u00e1 \u010d\u00e1st\"}]},{\"@type\":\"WebSite\",\"@id\":\"https:\/\/www.design-award.cz\/#website\",\"url\":\"https:\/\/www.design-award.cz\/\",\"name\":\"design-award.cz\",\"description\":\"WARD vznikla v roce 2022. Je ur\u010dena p\u0159edev\u0161\u00edm student\u016fm st\u0159edn\u00edch um\u011bleck\u00fdch \u0161kol (S\u0160 a VO\u0160), kte\u0159\u00ed mohou bezplatn\u011b zaslat sv\u00e9 n\u00e1vrhy v uveden\u00fdch kategori\u00ed a tak pom\u011b\u0159it sv\u00e9 n\u00e1pady s konkurenc\u00ed sv\u00fdch vrstevn\u00edk\u016f. N\u00e1vrhy jsou n\u00e1sledn\u011b posouzeny nez\u00e1vislou porotou z \u0159ad v\u00fdtvarn\u00edk\u016f, pedagog\u016f a profesion\u00e1l\u016f z oboru.\",\"publisher\":{\"@id\":\"https:\/\/www.design-award.cz\/#organization\"},\"potentialAction\":[{\"@type\":\"SearchAction\",\"target\":{\"@type\":\"EntryPoint\",\"urlTemplate\":\"https:\/\/www.design-award.cz\/?s={search_term_string}\"},\"query-input\":{\"@type\":\"PropertyValueSpecification\",\"valueRequired\":true,\"valueName\":\"search_term_string\"}}],\"inLanguage\":\"cs\"},{\"@type\":\"Organization\",\"@id\":\"https:\/\/www.design-award.cz\/#organization\",\"name\":\"Design Award\",\"url\":\"https:\/\/www.design-award.cz\/\",\"logo\":{\"@type\":\"ImageObject\",\"inLanguage\":\"cs\",\"@id\":\"https:\/\/www.design-award.cz\/#\/schema\/logo\/image\/\",\"url\":\"http:\/\/www.design-award.cz\/wp-content\/uploads\/2021\/12\/hornilogo_design-award.png\",\"contentUrl\":\"http:\/\/www.design-award.cz\/wp-content\/uploads\/2021\/12\/hornilogo_design-award.png\",\"width\":800,\"height\":600,\"caption\":\"Design Award\"},\"image\":{\"@id\":\"https:\/\/www.design-award.cz\/#\/schema\/logo\/image\/\"},\"sameAs\":[\"https:\/\/www.instagram.com\/design_award\/\"]}]}<\/script>\n<!-- \/ Yoast SEO plugin. -->","yoast_head_json":{"title":"Soukrom\u00fd interi\u00e9r - Rodinn\u00fd d\u016fm, klidov\u00e1 \u010d\u00e1st - design-award.cz","robots":{"index":"index","follow":"follow","max-snippet":"max-snippet:-1","max-image-preview":"max-image-preview:large","max-video-preview":"max-video-preview:-1"},"canonical":"https:\/\/www.design-award.cz\/?portfolio=soukromy-interier-rodinny-dum-klidova-cast","og_locale":"cs_CZ","og_type":"article","og_title":"Soukrom\u00fd interi\u00e9r - Rodinn\u00fd d\u016fm, klidov\u00e1 \u010d\u00e1st - design-award.cz","og_description":"Aneta Novick\u00e1 St\u0159edn\u00ed \u0161kola designu interi\u00e9ru Kate\u0159inky &#8211; Liberec, s.r.o. N\u00e1vrh interi\u00e9ru rodinn\u00e9ho domu se nach\u00e1z\u00ed v 2. nadzemn\u00edm podla\u017e\u00ed a byl zad\u00e1n jako klauzurn\u00ed pr\u00e1ce ve \u0161koln\u00edm roce 2020\/2021. Zad\u00e1n\u00edm bylo vytvo\u0159it klidovou z\u00f3nu pro rodinu. N\u00e1vrh jsem koncipovala pro mlad\u00fd p\u00e1r, se dv\u011bma mal\u00fdmi d\u011btmi.&nbsp; Lo\u017enice je navr\u017eena v horsk\u00e9m stylu. Dubov\u00e1 podlaha [&hellip;]","og_url":"https:\/\/www.design-award.cz\/?portfolio=soukromy-interier-rodinny-dum-klidova-cast","og_site_name":"design-award.cz","article_modified_time":"2022-05-04T20:28:33+00:00","og_image":[{"width":1294,"height":862,"url":"http:\/\/www.design-award.cz\/wp-content\/uploads\/2022\/05\/Aneta-Novicka.jpg","type":"image\/jpeg"}],"twitter_card":"summary_large_image","twitter_misc":{"Odhadovan\u00e1 doba \u010dten\u00ed":"2 minuty"},"schema":{"@context":"https:\/\/schema.org","@graph":[{"@type":"WebPage","@id":"https:\/\/www.design-award.cz\/?portfolio=soukromy-interier-rodinny-dum-klidova-cast","url":"https:\/\/www.design-award.cz\/?portfolio=soukromy-interier-rodinny-dum-klidova-cast","name":"Soukrom\u00fd interi\u00e9r - Rodinn\u00fd d\u016fm, klidov\u00e1 \u010d\u00e1st - design-award.cz","isPartOf":{"@id":"https:\/\/www.design-award.cz\/#website"},"primaryImageOfPage":{"@id":"https:\/\/www.design-award.cz\/?portfolio=soukromy-interier-rodinny-dum-klidova-cast#primaryimage"},"image":{"@id":"https:\/\/www.design-award.cz\/?portfolio=soukromy-interier-rodinny-dum-klidova-cast#primaryimage"},"thumbnailUrl":"https:\/\/www.design-award.cz\/wp-content\/uploads\/2022\/05\/Aneta-Novicka.jpg","datePublished":"2022-04-29T19:09:39+00:00","dateModified":"2022-05-04T20:28:33+00:00","breadcrumb":{"@id":"https:\/\/www.design-award.cz\/?portfolio=soukromy-interier-rodinny-dum-klidova-cast#breadcrumb"},"inLanguage":"cs","potentialAction":[{"@type":"ReadAction","target":["https:\/\/www.design-award.cz\/?portfolio=soukromy-interier-rodinny-dum-klidova-cast"]}]},{"@type":"ImageObject","inLanguage":"cs","@id":"https:\/\/www.design-award.cz\/?portfolio=soukromy-interier-rodinny-dum-klidova-cast#primaryimage","url":"https:\/\/www.design-award.cz\/wp-content\/uploads\/2022\/05\/Aneta-Novicka.jpg","contentUrl":"https:\/\/www.design-award.cz\/wp-content\/uploads\/2022\/05\/Aneta-Novicka.jpg","width":1294,"height":862},{"@type":"BreadcrumbList","@id":"https:\/\/www.design-award.cz\/?portfolio=soukromy-interier-rodinny-dum-klidova-cast#breadcrumb","itemListElement":[{"@type":"ListItem","position":1,"name":"Dom\u016f","item":"https:\/\/www.design-award.cz\/"},{"@type":"ListItem","position":2,"name":"Portfolio Items","item":"https:\/\/www.design-award.cz\/?post_type=portfolio"},{"@type":"ListItem","position":3,"name":"Soukrom\u00fd interi\u00e9r &#8211; Rodinn\u00fd d\u016fm, klidov\u00e1 \u010d\u00e1st"}]},{"@type":"WebSite","@id":"https:\/\/www.design-award.cz\/#website","url":"https:\/\/www.design-award.cz\/","name":"design-award.cz","description":"WARD vznikla v roce 2022. Je ur\u010dena p\u0159edev\u0161\u00edm student\u016fm st\u0159edn\u00edch um\u011bleck\u00fdch \u0161kol (S\u0160 a VO\u0160), kte\u0159\u00ed mohou bezplatn\u011b zaslat sv\u00e9 n\u00e1vrhy v uveden\u00fdch kategori\u00ed a tak pom\u011b\u0159it sv\u00e9 n\u00e1pady s konkurenc\u00ed sv\u00fdch vrstevn\u00edk\u016f. N\u00e1vrhy jsou n\u00e1sledn\u011b posouzeny nez\u00e1vislou porotou z \u0159ad v\u00fdtvarn\u00edk\u016f, pedagog\u016f a profesion\u00e1l\u016f z oboru.","publisher":{"@id":"https:\/\/www.design-award.cz\/#organization"},"potentialAction":[{"@type":"SearchAction","target":{"@type":"EntryPoint","urlTemplate":"https:\/\/www.design-award.cz\/?s={search_term_string}"},"query-input":{"@type":"PropertyValueSpecification","valueRequired":true,"valueName":"search_term_string"}}],"inLanguage":"cs"},{"@type":"Organization","@id":"https:\/\/www.design-award.cz\/#organization","name":"Design Award","url":"https:\/\/www.design-award.cz\/","logo":{"@type":"ImageObject","inLanguage":"cs","@id":"https:\/\/www.design-award.cz\/#\/schema\/logo\/image\/","url":"http:\/\/www.design-award.cz\/wp-content\/uploads\/2021\/12\/hornilogo_design-award.png","contentUrl":"http:\/\/www.design-award.cz\/wp-content\/uploads\/2021\/12\/hornilogo_design-award.png","width":800,"height":600,"caption":"Design Award"},"image":{"@id":"https:\/\/www.design-award.cz\/#\/schema\/logo\/image\/"},"sameAs":["https:\/\/www.instagram.com\/design_award\/"]}]}},"_links":{"self":[{"href":"https:\/\/www.design-award.cz\/index.php?rest_route=\/wp\/v2\/portfolio\/1093","targetHints":{"allow":["GET"]}}],"collection":[{"href":"https:\/\/www.design-award.cz\/index.php?rest_route=\/wp\/v2\/portfolio"}],"about":[{"href":"https:\/\/www.design-award.cz\/index.php?rest_route=\/wp\/v2\/types\/portfolio"}],"author":[{"embeddable":true,"href":"https:\/\/www.design-award.cz\/index.php?rest_route=\/wp\/v2\/users\/1"}],"replies":[{"embeddable":true,"href":"https:\/\/www.design-award.cz\/index.php?rest_route=%2Fwp%2Fv2%2Fcomments&post=1093"}],"version-history":[{"count":2,"href":"https:\/\/www.design-award.cz\/index.php?rest_route=\/wp\/v2\/portfolio\/1093\/revisions"}],"predecessor-version":[{"id":1527,"href":"https:\/\/www.design-award.cz\/index.php?rest_route=\/wp\/v2\/portfolio\/1093\/revisions\/1527"}],"wp:featuredmedia":[{"embeddable":true,"href":"https:\/\/www.design-award.cz\/index.php?rest_route=\/wp\/v2\/media\/1514"}],"wp:attachment":[{"href":"https:\/\/www.design-award.cz\/index.php?rest_route=%2Fwp%2Fv2%2Fmedia&parent=1093"}],"wp:term":[{"taxonomy":"portfolio_category","embeddable":true,"href":"https:\/\/www.design-award.cz\/index.php?rest_route=%2Fwp%2Fv2%2Fportfolio_category&post=1093"},{"taxonomy":"portfolio_tag","embeddable":true,"href":"https:\/\/www.design-award.cz\/index.php?rest_route=%2Fwp%2Fv2%2Fportfolio_tag&post=1093"}],"curies":[{"name":"wp","href":"https:\/\/api.w.org\/{rel}","templated":true}]}}