{"id":1104,"date":"2022-04-29T19:13:06","date_gmt":"2022-04-29T19:13:06","guid":{"rendered":"https:\/\/www.design-award.cz\/?post_type=portfolio&#038;p=1104"},"modified":"2022-04-29T19:13:07","modified_gmt":"2022-04-29T19:13:07","slug":"produktovy-design-skyscraper","status":"publish","type":"portfolio","link":"https:\/\/www.design-award.cz\/?portfolio=produktovy-design-skyscraper","title":{"rendered":"Produktov\u00fd design &#8211; Skyscraper"},"content":{"rendered":"\n<h2 class=\"wp-block-heading\">Yekaterina Grekova<\/h2>\n\n\n\n<p><strong>AKADEMIE &#8211; VY\u0160\u0160\u00cd ODBORN\u00c1 \u0160KOLA, GYMN\u00c1ZIUM A ST\u0158EDN\u00cd ODBORN\u00c1 \u0160KOLA UM\u011aLECKOPR\u016eMYSLOV\u00c1 SV\u011aTL\u00c1 NAD S\u00c1ZAVOU<\/strong><\/p>\n\n\n\n<p>Porcel\u00e1nov\u00e1 m\u00fddlenka \u201eSkyscraper \u201e<br>K vytvo\u0159en\u00ed t\u00e9to m\u00fddlenky m\u011b inspirovaly mrakodrapy a nov\u00e9 technologie, kter\u00e9 umo\u017enuj\u00ed<br>stav\u011bt m\u011bsta v\u00fd\u0161 a bl\u00ed\u017e k oblak\u016f. Proto m\u00e9 m\u00fddlenky by m\u011bly p\u0159ipom\u00ednat obraz m\u011bsta.<br>Tato porcel\u00e1nov\u00e1 m\u00fddlenka byla navr\u017eena tak, aby p\u0159edev\u0161\u00edm spl\u0148ovala<br>ekonomick\u00e9\/ekologick\u00e9 aspekty m\u00fddlenky, t\u00edm \u017ee p\u0159i jej\u00edm pou\u017eit\u00ed se \u017eivotnost m\u00fddla zdel\u0161\u00ed.<br>D\u00edky jej\u00ed konstrukci m\u016f\u017ee toti\u017e m\u00fddlo dob\u0159e vysychat a zbytky vody ste\u010dou po jednotliv\u00fdch<br>pil\u00ed\u0159\u00edch dol\u016f, t\u00edm p\u00e1dem se m\u00fddlo nekoupe zbyte\u010dn\u011b ve vod\u011b a neub\u00fdv\u00e1.<\/p>\n\n\n\n<figure class=\"wp-block-image size-large\"><img decoding=\"async\" width=\"1024\" height=\"673\" data-src=\"http:\/\/www.design-award.cz\/wp-content\/uploads\/2022\/04\/4008-1024x673.jpg\" alt=\"\" class=\"wp-image-1107 lazyload\" data-srcset=\"https:\/\/www.design-award.cz\/wp-content\/uploads\/2022\/04\/4008-1024x673.jpg 1024w, https:\/\/www.design-award.cz\/wp-content\/uploads\/2022\/04\/4008-300x197.jpg 300w, https:\/\/www.design-award.cz\/wp-content\/uploads\/2022\/04\/4008-768x505.jpg 768w, https:\/\/www.design-award.cz\/wp-content\/uploads\/2022\/04\/4008-500x329.jpg 500w, https:\/\/www.design-award.cz\/wp-content\/uploads\/2022\/04\/4008-800x526.jpg 800w, https:\/\/www.design-award.cz\/wp-content\/uploads\/2022\/04\/4008.jpg 1280w\" data-sizes=\"(max-width: 1024px) 100vw, 1024px\" src=\"data:image\/svg+xml;base64,PHN2ZyB3aWR0aD0iMSIgaGVpZ2h0PSIxIiB4bWxucz0iaHR0cDovL3d3dy53My5vcmcvMjAwMC9zdmciPjwvc3ZnPg==\" style=\"--smush-placeholder-width: 1024px; --smush-placeholder-aspect-ratio: 1024\/673;\" \/><\/figure>\n\n\n\n<figure class=\"wp-block-image size-large\"><img decoding=\"async\" width=\"1024\" height=\"673\" data-src=\"http:\/\/www.design-award.cz\/wp-content\/uploads\/2022\/04\/4007-1024x673.jpg\" alt=\"\" class=\"wp-image-1106 lazyload\" data-srcset=\"https:\/\/www.design-award.cz\/wp-content\/uploads\/2022\/04\/4007-1024x673.jpg 1024w, https:\/\/www.design-award.cz\/wp-content\/uploads\/2022\/04\/4007-300x197.jpg 300w, https:\/\/www.design-award.cz\/wp-content\/uploads\/2022\/04\/4007-768x505.jpg 768w, https:\/\/www.design-award.cz\/wp-content\/uploads\/2022\/04\/4007-500x329.jpg 500w, https:\/\/www.design-award.cz\/wp-content\/uploads\/2022\/04\/4007-800x526.jpg 800w, https:\/\/www.design-award.cz\/wp-content\/uploads\/2022\/04\/4007.jpg 1280w\" data-sizes=\"(max-width: 1024px) 100vw, 1024px\" src=\"data:image\/svg+xml;base64,PHN2ZyB3aWR0aD0iMSIgaGVpZ2h0PSIxIiB4bWxucz0iaHR0cDovL3d3dy53My5vcmcvMjAwMC9zdmciPjwvc3ZnPg==\" style=\"--smush-placeholder-width: 1024px; --smush-placeholder-aspect-ratio: 1024\/673;\" \/><\/figure>\n\n\n\n<figure class=\"wp-block-image size-large\"><img decoding=\"async\" width=\"1024\" height=\"673\" data-src=\"http:\/\/www.design-award.cz\/wp-content\/uploads\/2022\/04\/4006-1024x673.jpg\" alt=\"\" class=\"wp-image-1105 lazyload\" data-srcset=\"https:\/\/www.design-award.cz\/wp-content\/uploads\/2022\/04\/4006-1024x673.jpg 1024w, https:\/\/www.design-award.cz\/wp-content\/uploads\/2022\/04\/4006-300x197.jpg 300w, https:\/\/www.design-award.cz\/wp-content\/uploads\/2022\/04\/4006-768x505.jpg 768w, https:\/\/www.design-award.cz\/wp-content\/uploads\/2022\/04\/4006-500x329.jpg 500w, https:\/\/www.design-award.cz\/wp-content\/uploads\/2022\/04\/4006-800x526.jpg 800w, https:\/\/www.design-award.cz\/wp-content\/uploads\/2022\/04\/4006.jpg 1280w\" data-sizes=\"(max-width: 1024px) 100vw, 1024px\" src=\"data:image\/svg+xml;base64,PHN2ZyB3aWR0aD0iMSIgaGVpZ2h0PSIxIiB4bWxucz0iaHR0cDovL3d3dy53My5vcmcvMjAwMC9zdmciPjwvc3ZnPg==\" style=\"--smush-placeholder-width: 1024px; --smush-placeholder-aspect-ratio: 1024\/673;\" \/><\/figure>\n\n\n\n<figure class=\"wp-block-image size-large\"><img decoding=\"async\" width=\"1024\" height=\"768\" data-src=\"http:\/\/www.design-award.cz\/wp-content\/uploads\/2022\/04\/4009-1024x768.jpg\" alt=\"\" class=\"wp-image-1108 lazyload\" data-srcset=\"https:\/\/www.design-award.cz\/wp-content\/uploads\/2022\/04\/4009-1024x768.jpg 1024w, https:\/\/www.design-award.cz\/wp-content\/uploads\/2022\/04\/4009-300x225.jpg 300w, https:\/\/www.design-award.cz\/wp-content\/uploads\/2022\/04\/4009-768x576.jpg 768w, https:\/\/www.design-award.cz\/wp-content\/uploads\/2022\/04\/4009-500x375.jpg 500w, https:\/\/www.design-award.cz\/wp-content\/uploads\/2022\/04\/4009-800x600.jpg 800w, https:\/\/www.design-award.cz\/wp-content\/uploads\/2022\/04\/4009.jpg 1280w\" data-sizes=\"(max-width: 1024px) 100vw, 1024px\" src=\"data:image\/svg+xml;base64,PHN2ZyB3aWR0aD0iMSIgaGVpZ2h0PSIxIiB4bWxucz0iaHR0cDovL3d3dy53My5vcmcvMjAwMC9zdmciPjwvc3ZnPg==\" style=\"--smush-placeholder-width: 1024px; --smush-placeholder-aspect-ratio: 1024\/768;\" \/><\/figure>\n\n\n<div class=\"wp-block-visual-portfolio\">\n<div class=\"vp-portfolio vp-uid-2ece4a06 vp-id-607\"\n\tdata-vp-layout=\"slider\" data-vp-content-source=\"post-based\" data-vp-items-style=\"fade\" data-vp-items-click-action=\"url\" data-vp-items-gap=\"12\" data-vp-items-gap-vertical=\"\" data-vp-pagination=\"load-more\" data-vp-next-page-url=\"https:\/\/www.design-award.cz\/index.php?rest_route=%2Fwp%2Fv2%2Fportfolio%2F1104&#038;vp_page=2\" data-vp-random-seed=\"2869855750\" data-vp-slider-effect=\"slide\" data-vp-slider-items-height=\"80%\" data-vp-slider-items-min-height=\"\" data-vp-slider-slides-per-view=\"3\" data-vp-slider-speed=\"0.3\" data-vp-slider-autoplay=\"4.8\" data-vp-slider-autoplay-hover-pause=\"false\" data-vp-slider-centered-slides=\"true\" data-vp-slider-loop=\"true\" data-vp-slider-free-mode=\"false\" data-vp-slider-free-mode-sticky=\"false\" data-vp-slider-arrows=\"true\" data-vp-slider-bullets=\"false\" data-vp-slider-bullets-dynamic=\"false\" data-vp-slider-mousewheel=\"false\" data-vp-slider-thumbnails=\"false\" >\n\t<div class=\"vp-portfolio__preloader-wrap\">\n\t\t<div class=\"vp-portfolio__preloader\">\n\t\t\t<img decoding=\"async\" loading=\"eager\" src=\"https:\/\/www.design-award.cz\/wp-content\/plugins\/visual-portfolio\/assets\/images\/logo-dark.svg\" alt=\"Visual Portfolio, Posts &amp; Image Gallery for WordPress\" width=\"20\" height=\"20\" data-skip-lazy>\n\t\t<\/div>\n\t<\/div>\n\t\t<div class=\"vp-portfolio__items-wrap\">\n\t\t\t\n<div class=\"vp-portfolio__items vp-portfolio__items-style-fade vp-portfolio__items-show-overlay-hover\">\n\n\t\t<article\t\tclass=\"vp-portfolio__item-wrap post-5351 portfolio type-portfolio status-publish format-standard has-post-thumbnail hentry entry has-media vp-portfolio__item-uid-79349a6e\" data-vp-filter=\"\" \t\t>\n\t\t\t\t\t\t\t\t\t<figure class=\"vp-portfolio__item\">\n\t\t\t\t\n<div class=\"vp-portfolio__item-img-wrap\">\n\t<div class=\"vp-portfolio__item-img\">\n\t\t\t<a\n\t\thref=\"https:\/\/www.design-award.cz\/?portfolio=5351\"\n\t\t\t>\n\t\n\t\t<noscript><img decoding=\"async\" width=\"1920\" height=\"1358\" data-skip-lazy src=\"https:\/\/www.design-award.cz\/wp-content\/uploads\/2025\/06\/Prochazka_Petr_4DV_mat_2025_viz4-1920x1358.jpg\" class=\"wp-image-5412\" alt=\"\" srcset=\"https:\/\/www.design-award.cz\/wp-content\/uploads\/2025\/06\/Prochazka_Petr_4DV_mat_2025_viz4-1920x1358.jpg 1920w, https:\/\/www.design-award.cz\/wp-content\/uploads\/2025\/06\/Prochazka_Petr_4DV_mat_2025_viz4-300x212.jpg 300w, https:\/\/www.design-award.cz\/wp-content\/uploads\/2025\/06\/Prochazka_Petr_4DV_mat_2025_viz4-1024x724.jpg 1024w, https:\/\/www.design-award.cz\/wp-content\/uploads\/2025\/06\/Prochazka_Petr_4DV_mat_2025_viz4-768x543.jpg 768w, https:\/\/www.design-award.cz\/wp-content\/uploads\/2025\/06\/Prochazka_Petr_4DV_mat_2025_viz4-1536x1086.jpg 1536w, https:\/\/www.design-award.cz\/wp-content\/uploads\/2025\/06\/Prochazka_Petr_4DV_mat_2025_viz4-2048x1448.jpg 2048w, https:\/\/www.design-award.cz\/wp-content\/uploads\/2025\/06\/Prochazka_Petr_4DV_mat_2025_viz4-500x354.jpg 500w, https:\/\/www.design-award.cz\/wp-content\/uploads\/2025\/06\/Prochazka_Petr_4DV_mat_2025_viz4-800x566.jpg 800w, https:\/\/www.design-award.cz\/wp-content\/uploads\/2025\/06\/Prochazka_Petr_4DV_mat_2025_viz4-1280x905.jpg 1280w\" sizes=\"(max-width: 1920px) 100vw, 1920px\" \/><\/noscript><img fetchpriority=\"high\" decoding=\"async\" width=\"1920\" height=\"1358\" src=\"https:\/\/www.design-award.cz\/wp-content\/uploads\/2025\/06\/Prochazka_Petr_4DV_mat_2025_viz4-1920x1358.jpg\" class=\"wp-image-5412 vp-lazyload\" alt srcset=\"data:image\/svg+xml;base64,PHN2ZyB3aWR0aD0iMTkyMCIgaGVpZ2h0PSIxMzU4IiB2aWV3Qm94PSIwIDAgMTkyMCAxMzU4IiBmaWxsPSJub25lIiB4bWxucz0iaHR0cDovL3d3dy53My5vcmcvMjAwMC9zdmciPjwvc3ZnPg==\" data-src=\"https:\/\/www.design-award.cz\/wp-content\/uploads\/2025\/06\/Prochazka_Petr_4DV_mat_2025_viz4-1920x1358.jpg\" data-srcset=\"https:\/\/www.design-award.cz\/wp-content\/uploads\/2025\/06\/Prochazka_Petr_4DV_mat_2025_viz4-1920x1358.jpg 1920w, https:\/\/www.design-award.cz\/wp-content\/uploads\/2025\/06\/Prochazka_Petr_4DV_mat_2025_viz4-300x212.jpg 300w, https:\/\/www.design-award.cz\/wp-content\/uploads\/2025\/06\/Prochazka_Petr_4DV_mat_2025_viz4-1024x724.jpg 1024w, https:\/\/www.design-award.cz\/wp-content\/uploads\/2025\/06\/Prochazka_Petr_4DV_mat_2025_viz4-768x543.jpg 768w, https:\/\/www.design-award.cz\/wp-content\/uploads\/2025\/06\/Prochazka_Petr_4DV_mat_2025_viz4-1536x1086.jpg 1536w, https:\/\/www.design-award.cz\/wp-content\/uploads\/2025\/06\/Prochazka_Petr_4DV_mat_2025_viz4-2048x1448.jpg 2048w, https:\/\/www.design-award.cz\/wp-content\/uploads\/2025\/06\/Prochazka_Petr_4DV_mat_2025_viz4-500x354.jpg 500w, https:\/\/www.design-award.cz\/wp-content\/uploads\/2025\/06\/Prochazka_Petr_4DV_mat_2025_viz4-800x566.jpg 800w, https:\/\/www.design-award.cz\/wp-content\/uploads\/2025\/06\/Prochazka_Petr_4DV_mat_2025_viz4-1280x905.jpg 1280w\" data-sizes=\"auto\" loading=\"eager\">\n\t\t<\/a>\t<\/div>\n<\/div>\n\t<figcaption class=\"vp-portfolio__item-overlay vp-portfolio__item-overlay-text-align-center\">\n\t\t<div class=\"vp-portfolio__item-meta-wrap vp-portfolio__custom-scrollbar\">\n\t\t\t\t<a\n\t\thref=\"https:\/\/www.design-award.cz\/?portfolio=5351\"\n\t\ttabindex=\"-1\" class=\"vp-portfolio__item-meta\" \t>\n\t\n<h2 class=\"vp-portfolio__item-meta-title\">\n\tProduktov\u00fd design &#8211; Voltpeak<\/h2>\n<\/a>\t\t<\/div>\n\t<\/figcaption>\n\t\t\t<\/figure>\n\t\t\t\t\t<\/article>\n\t\t\n\t\t<article\t\tclass=\"vp-portfolio__item-wrap post-756 portfolio type-portfolio status-publish format-standard has-post-thumbnail hentry entry has-media vp-portfolio__item-uid-2b9f984c\" data-vp-filter=\"\" \t\t>\n\t\t\t\t\t\t\t\t\t<figure class=\"vp-portfolio__item\">\n\t\t\t\t\n<div class=\"vp-portfolio__item-img-wrap\">\n\t<div class=\"vp-portfolio__item-img\">\n\t\t\t<a\n\t\thref=\"https:\/\/www.design-award.cz\/?portfolio=verejny-interier-kavarna-s-japonskou-tematikou\"\n\t\t\t>\n\t\n\t\t<noscript><img decoding=\"async\" width=\"1740\" height=\"1047\" data-skip-lazy src=\"https:\/\/www.design-award.cz\/wp-content\/uploads\/2022\/05\/Lukas-Kucera.jpg\" class=\"wp-image-1519\" alt=\"\" srcset=\"https:\/\/www.design-award.cz\/wp-content\/uploads\/2022\/05\/Lukas-Kucera.jpg 1740w, https:\/\/www.design-award.cz\/wp-content\/uploads\/2022\/05\/Lukas-Kucera-300x181.jpg 300w, https:\/\/www.design-award.cz\/wp-content\/uploads\/2022\/05\/Lukas-Kucera-1024x616.jpg 1024w, https:\/\/www.design-award.cz\/wp-content\/uploads\/2022\/05\/Lukas-Kucera-768x462.jpg 768w, https:\/\/www.design-award.cz\/wp-content\/uploads\/2022\/05\/Lukas-Kucera-1536x924.jpg 1536w, https:\/\/www.design-award.cz\/wp-content\/uploads\/2022\/05\/Lukas-Kucera-500x301.jpg 500w, https:\/\/www.design-award.cz\/wp-content\/uploads\/2022\/05\/Lukas-Kucera-800x481.jpg 800w, https:\/\/www.design-award.cz\/wp-content\/uploads\/2022\/05\/Lukas-Kucera-1280x770.jpg 1280w\" sizes=\"(max-width: 1740px) 100vw, 1740px\" \/><\/noscript><img decoding=\"async\" width=\"1740\" height=\"1047\" src=\"https:\/\/www.design-award.cz\/wp-content\/uploads\/2022\/05\/Lukas-Kucera.jpg\" class=\"wp-image-1519 vp-lazyload\" alt srcset=\"data:image\/svg+xml;base64,PHN2ZyB3aWR0aD0iMTc0MCIgaGVpZ2h0PSIxMDQ3IiB2aWV3Qm94PSIwIDAgMTc0MCAxMDQ3IiBmaWxsPSJub25lIiB4bWxucz0iaHR0cDovL3d3dy53My5vcmcvMjAwMC9zdmciPjwvc3ZnPg==\" data-src=\"https:\/\/www.design-award.cz\/wp-content\/uploads\/2022\/05\/Lukas-Kucera.jpg\" data-srcset=\"https:\/\/www.design-award.cz\/wp-content\/uploads\/2022\/05\/Lukas-Kucera.jpg 1740w, https:\/\/www.design-award.cz\/wp-content\/uploads\/2022\/05\/Lukas-Kucera-300x181.jpg 300w, https:\/\/www.design-award.cz\/wp-content\/uploads\/2022\/05\/Lukas-Kucera-1024x616.jpg 1024w, https:\/\/www.design-award.cz\/wp-content\/uploads\/2022\/05\/Lukas-Kucera-768x462.jpg 768w, https:\/\/www.design-award.cz\/wp-content\/uploads\/2022\/05\/Lukas-Kucera-1536x924.jpg 1536w, https:\/\/www.design-award.cz\/wp-content\/uploads\/2022\/05\/Lukas-Kucera-500x301.jpg 500w, https:\/\/www.design-award.cz\/wp-content\/uploads\/2022\/05\/Lukas-Kucera-800x481.jpg 800w, https:\/\/www.design-award.cz\/wp-content\/uploads\/2022\/05\/Lukas-Kucera-1280x770.jpg 1280w\" data-sizes=\"auto\" loading=\"eager\">\n\t\t<\/a>\t<\/div>\n<\/div>\n\t<figcaption class=\"vp-portfolio__item-overlay vp-portfolio__item-overlay-text-align-center\">\n\t\t<div class=\"vp-portfolio__item-meta-wrap vp-portfolio__custom-scrollbar\">\n\t\t\t\t<a\n\t\thref=\"https:\/\/www.design-award.cz\/?portfolio=verejny-interier-kavarna-s-japonskou-tematikou\"\n\t\ttabindex=\"-1\" class=\"vp-portfolio__item-meta\" \t>\n\t\n<h2 class=\"vp-portfolio__item-meta-title\">\n\tVe\u0159ejn\u00fd interi\u00e9r &#8211; Kav\u00e1rna s Japonskou t\u00e9matikou<\/h2>\n<\/a>\t\t<\/div>\n\t<\/figcaption>\n\t\t\t<\/figure>\n\t\t\t\t\t<\/article>\n\t\t\n\t\t<article\t\tclass=\"vp-portfolio__item-wrap post-413 portfolio type-portfolio status-publish format-standard has-post-thumbnail hentry portfolio_category-https-www-design-award-cz-page_id1603 portfolio_tag-9 entry has-media vp-portfolio__item-uid-3ddf179e\" data-vp-filter=\"https-www-design-award-cz-page_id1603\" \t\t>\n\t\t\t\t\t\t\t\t\t<figure class=\"vp-portfolio__item\">\n\t\t\t\t\n<div class=\"vp-portfolio__item-img-wrap\">\n\t<div class=\"vp-portfolio__item-img\">\n\t\t\t<a\n\t\thref=\"https:\/\/www.design-award.cz\/?portfolio=soukromy-interier-kuchyne-s-obyvaci-casti-2\"\n\t\t\t>\n\t\n\t\t<noscript><img decoding=\"async\" width=\"1920\" height=\"1080\" data-skip-lazy src=\"https:\/\/www.design-award.cz\/wp-content\/uploads\/2022\/02\/DI_render_13-1-1920x1080.jpg\" class=\"wp-image-416\" alt=\"\" srcset=\"https:\/\/www.design-award.cz\/wp-content\/uploads\/2022\/02\/DI_render_13-1-1920x1080.jpg 1920w, https:\/\/www.design-award.cz\/wp-content\/uploads\/2022\/02\/DI_render_13-1-300x169.jpg 300w, https:\/\/www.design-award.cz\/wp-content\/uploads\/2022\/02\/DI_render_13-1-1024x576.jpg 1024w, https:\/\/www.design-award.cz\/wp-content\/uploads\/2022\/02\/DI_render_13-1-768x432.jpg 768w, https:\/\/www.design-award.cz\/wp-content\/uploads\/2022\/02\/DI_render_13-1-1536x864.jpg 1536w, https:\/\/www.design-award.cz\/wp-content\/uploads\/2022\/02\/DI_render_13-1-2048x1152.jpg 2048w, https:\/\/www.design-award.cz\/wp-content\/uploads\/2022\/02\/DI_render_13-1-500x281.jpg 500w, https:\/\/www.design-award.cz\/wp-content\/uploads\/2022\/02\/DI_render_13-1-800x450.jpg 800w, https:\/\/www.design-award.cz\/wp-content\/uploads\/2022\/02\/DI_render_13-1-1280x720.jpg 1280w\" sizes=\"(max-width: 1920px) 100vw, 1920px\" \/><\/noscript><img decoding=\"async\" width=\"1920\" height=\"1080\" src=\"https:\/\/www.design-award.cz\/wp-content\/uploads\/2022\/02\/DI_render_13-1-1920x1080.jpg\" class=\"wp-image-416 vp-lazyload\" alt srcset=\"data:image\/svg+xml;base64,PHN2ZyB3aWR0aD0iMTkyMCIgaGVpZ2h0PSIxMDgwIiB2aWV3Qm94PSIwIDAgMTkyMCAxMDgwIiBmaWxsPSJub25lIiB4bWxucz0iaHR0cDovL3d3dy53My5vcmcvMjAwMC9zdmciPjwvc3ZnPg==\" data-src=\"https:\/\/www.design-award.cz\/wp-content\/uploads\/2022\/02\/DI_render_13-1-1920x1080.jpg\" data-srcset=\"https:\/\/www.design-award.cz\/wp-content\/uploads\/2022\/02\/DI_render_13-1-1920x1080.jpg 1920w, https:\/\/www.design-award.cz\/wp-content\/uploads\/2022\/02\/DI_render_13-1-300x169.jpg 300w, https:\/\/www.design-award.cz\/wp-content\/uploads\/2022\/02\/DI_render_13-1-1024x576.jpg 1024w, https:\/\/www.design-award.cz\/wp-content\/uploads\/2022\/02\/DI_render_13-1-768x432.jpg 768w, https:\/\/www.design-award.cz\/wp-content\/uploads\/2022\/02\/DI_render_13-1-1536x864.jpg 1536w, https:\/\/www.design-award.cz\/wp-content\/uploads\/2022\/02\/DI_render_13-1-2048x1152.jpg 2048w, https:\/\/www.design-award.cz\/wp-content\/uploads\/2022\/02\/DI_render_13-1-500x281.jpg 500w, https:\/\/www.design-award.cz\/wp-content\/uploads\/2022\/02\/DI_render_13-1-800x450.jpg 800w, https:\/\/www.design-award.cz\/wp-content\/uploads\/2022\/02\/DI_render_13-1-1280x720.jpg 1280w\" data-sizes=\"auto\" loading=\"eager\">\n\t\t<\/a>\t<\/div>\n<\/div>\n\t<figcaption class=\"vp-portfolio__item-overlay vp-portfolio__item-overlay-text-align-center\">\n\t\t<div class=\"vp-portfolio__item-meta-wrap vp-portfolio__custom-scrollbar\">\n\t\t\t\t<a\n\t\thref=\"https:\/\/www.design-award.cz\/?portfolio=soukromy-interier-kuchyne-s-obyvaci-casti-2\"\n\t\ttabindex=\"-1\" class=\"vp-portfolio__item-meta\" \t>\n\t\n<div class=\"vp-portfolio__item-meta-categories\">\n\t\t\t<div class=\"vp-portfolio__item-meta-category\">\n\t\t\t\t<span\t\t\t>\n\tArchiv 2022<\/span>\t\t<\/div>\n\t\t<\/div>\n\n<h2 class=\"vp-portfolio__item-meta-title\">\n\tSoukrom\u00fd interi\u00e9r \u2013 Kuchyn\u011b s ob\u00fdvac\u00ed \u010d\u00e1st\u00ed<\/h2>\n<\/a>\t\t<\/div>\n\t<\/figcaption>\n\t\t\t<\/figure>\n\t\t\t\t\t<\/article>\n\t\t\n\t\t<article\t\tclass=\"vp-portfolio__item-wrap post-4856 portfolio type-portfolio status-publish format-standard has-post-thumbnail hentry entry has-media vp-portfolio__item-uid-53b98749\" data-vp-filter=\"\" style=\"--vp-images__object-position: 50% 20%;\" \t\t>\n\t\t\t\t\t\t\t\t\t<figure class=\"vp-portfolio__item\">\n\t\t\t\t\n<div class=\"vp-portfolio__item-img-wrap\">\n\t<div class=\"vp-portfolio__item-img\">\n\t\t\t<a\n\t\thref=\"https:\/\/www.design-award.cz\/?portfolio=produktovy-design-kreslo-concorde\"\n\t\t\t>\n\t\n\t\t<noscript><img decoding=\"async\" width=\"1100\" height=\"1600\" data-skip-lazy src=\"https:\/\/www.design-award.cz\/wp-content\/uploads\/2025\/06\/R-SAMA-ZEZADU.png\" class=\"wp-image-4859\" alt=\"\" srcset=\"https:\/\/www.design-award.cz\/wp-content\/uploads\/2025\/06\/R-SAMA-ZEZADU.png 1100w, https:\/\/www.design-award.cz\/wp-content\/uploads\/2025\/06\/R-SAMA-ZEZADU-206x300.png 206w, https:\/\/www.design-award.cz\/wp-content\/uploads\/2025\/06\/R-SAMA-ZEZADU-704x1024.png 704w, https:\/\/www.design-award.cz\/wp-content\/uploads\/2025\/06\/R-SAMA-ZEZADU-768x1117.png 768w, https:\/\/www.design-award.cz\/wp-content\/uploads\/2025\/06\/R-SAMA-ZEZADU-1056x1536.png 1056w, https:\/\/www.design-award.cz\/wp-content\/uploads\/2025\/06\/R-SAMA-ZEZADU-500x727.png 500w, https:\/\/www.design-award.cz\/wp-content\/uploads\/2025\/06\/R-SAMA-ZEZADU-800x1164.png 800w\" sizes=\"(max-width: 1100px) 100vw, 1100px\" \/><\/noscript><img decoding=\"async\" width=\"1100\" height=\"1600\" src=\"https:\/\/www.design-award.cz\/wp-content\/uploads\/2025\/06\/R-SAMA-ZEZADU.png\" class=\"wp-image-4859 vp-lazyload\" alt srcset=\"data:image\/svg+xml;base64,PHN2ZyB3aWR0aD0iMTEwMCIgaGVpZ2h0PSIxNjAwIiB2aWV3Qm94PSIwIDAgMTEwMCAxNjAwIiBmaWxsPSJub25lIiB4bWxucz0iaHR0cDovL3d3dy53My5vcmcvMjAwMC9zdmciPjwvc3ZnPg==\" data-src=\"https:\/\/www.design-award.cz\/wp-content\/uploads\/2025\/06\/R-SAMA-ZEZADU.png\" data-srcset=\"https:\/\/www.design-award.cz\/wp-content\/uploads\/2025\/06\/R-SAMA-ZEZADU.png 1100w, https:\/\/www.design-award.cz\/wp-content\/uploads\/2025\/06\/R-SAMA-ZEZADU-206x300.png 206w, https:\/\/www.design-award.cz\/wp-content\/uploads\/2025\/06\/R-SAMA-ZEZADU-704x1024.png 704w, https:\/\/www.design-award.cz\/wp-content\/uploads\/2025\/06\/R-SAMA-ZEZADU-768x1117.png 768w, https:\/\/www.design-award.cz\/wp-content\/uploads\/2025\/06\/R-SAMA-ZEZADU-1056x1536.png 1056w, https:\/\/www.design-award.cz\/wp-content\/uploads\/2025\/06\/R-SAMA-ZEZADU-500x727.png 500w, https:\/\/www.design-award.cz\/wp-content\/uploads\/2025\/06\/R-SAMA-ZEZADU-800x1164.png 800w\" data-sizes=\"auto\" loading=\"eager\">\n\t\t<\/a>\t<\/div>\n<\/div>\n\t<figcaption class=\"vp-portfolio__item-overlay vp-portfolio__item-overlay-text-align-center\">\n\t\t<div class=\"vp-portfolio__item-meta-wrap vp-portfolio__custom-scrollbar\">\n\t\t\t\t<a\n\t\thref=\"https:\/\/www.design-award.cz\/?portfolio=produktovy-design-kreslo-concorde\"\n\t\ttabindex=\"-1\" class=\"vp-portfolio__item-meta\" \t>\n\t\n<h2 class=\"vp-portfolio__item-meta-title\">\n\tProduktov\u00fd design &#8211; K\u0159eslo Concorde<\/h2>\n<\/a>\t\t<\/div>\n\t<\/figcaption>\n\t\t\t<\/figure>\n\t\t\t\t\t<\/article>\n\t\t\n\t\t<article\t\tclass=\"vp-portfolio__item-wrap post-4064 portfolio type-portfolio status-publish format-standard has-post-thumbnail hentry entry has-media vp-portfolio__item-uid-9889e41e\" data-vp-filter=\"\" \t\t>\n\t\t\t\t\t\t\t\t\t<figure class=\"vp-portfolio__item\">\n\t\t\t\t\n<div class=\"vp-portfolio__item-img-wrap\">\n\t<div class=\"vp-portfolio__item-img\">\n\t\t\t<a\n\t\thref=\"https:\/\/www.design-award.cz\/?portfolio=produktovy-design-imagine-stojan-na-kolo\"\n\t\t\t>\n\t\n\t\t<noscript><img decoding=\"async\" width=\"1300\" height=\"900\" data-skip-lazy src=\"https:\/\/www.design-award.cz\/wp-content\/uploads\/2024\/06\/Simkovy-sady-imagine.png\" class=\"wp-image-4125\" alt=\"\" srcset=\"https:\/\/www.design-award.cz\/wp-content\/uploads\/2024\/06\/Simkovy-sady-imagine.png 1300w, https:\/\/www.design-award.cz\/wp-content\/uploads\/2024\/06\/Simkovy-sady-imagine-300x208.png 300w, https:\/\/www.design-award.cz\/wp-content\/uploads\/2024\/06\/Simkovy-sady-imagine-1024x709.png 1024w, https:\/\/www.design-award.cz\/wp-content\/uploads\/2024\/06\/Simkovy-sady-imagine-768x532.png 768w, https:\/\/www.design-award.cz\/wp-content\/uploads\/2024\/06\/Simkovy-sady-imagine-500x346.png 500w, https:\/\/www.design-award.cz\/wp-content\/uploads\/2024\/06\/Simkovy-sady-imagine-800x554.png 800w, https:\/\/www.design-award.cz\/wp-content\/uploads\/2024\/06\/Simkovy-sady-imagine-1280x886.png 1280w\" sizes=\"(max-width: 1300px) 100vw, 1300px\" \/><\/noscript><img decoding=\"async\" width=\"1300\" height=\"900\" src=\"https:\/\/www.design-award.cz\/wp-content\/uploads\/2024\/06\/Simkovy-sady-imagine.png\" class=\"wp-image-4125 vp-lazyload\" alt srcset=\"data:image\/svg+xml;base64,PHN2ZyB3aWR0aD0iMTMwMCIgaGVpZ2h0PSI5MDAiIHZpZXdCb3g9IjAgMCAxMzAwIDkwMCIgZmlsbD0ibm9uZSIgeG1sbnM9Imh0dHA6Ly93d3cudzMub3JnLzIwMDAvc3ZnIj48L3N2Zz4=\" data-src=\"https:\/\/www.design-award.cz\/wp-content\/uploads\/2024\/06\/Simkovy-sady-imagine.png\" data-srcset=\"https:\/\/www.design-award.cz\/wp-content\/uploads\/2024\/06\/Simkovy-sady-imagine.png 1300w, https:\/\/www.design-award.cz\/wp-content\/uploads\/2024\/06\/Simkovy-sady-imagine-300x208.png 300w, https:\/\/www.design-award.cz\/wp-content\/uploads\/2024\/06\/Simkovy-sady-imagine-1024x709.png 1024w, https:\/\/www.design-award.cz\/wp-content\/uploads\/2024\/06\/Simkovy-sady-imagine-768x532.png 768w, https:\/\/www.design-award.cz\/wp-content\/uploads\/2024\/06\/Simkovy-sady-imagine-500x346.png 500w, https:\/\/www.design-award.cz\/wp-content\/uploads\/2024\/06\/Simkovy-sady-imagine-800x554.png 800w, https:\/\/www.design-award.cz\/wp-content\/uploads\/2024\/06\/Simkovy-sady-imagine-1280x886.png 1280w\" data-sizes=\"auto\" loading=\"eager\">\n\t\t<\/a>\t<\/div>\n<\/div>\n\t<figcaption class=\"vp-portfolio__item-overlay vp-portfolio__item-overlay-text-align-center\">\n\t\t<div class=\"vp-portfolio__item-meta-wrap vp-portfolio__custom-scrollbar\">\n\t\t\t\t<a\n\t\thref=\"https:\/\/www.design-award.cz\/?portfolio=produktovy-design-imagine-stojan-na-kolo\"\n\t\ttabindex=\"-1\" class=\"vp-portfolio__item-meta\" \t>\n\t\n<h2 class=\"vp-portfolio__item-meta-title\">\n\tProduktov\u00fd design &#8211; Imagine &#8211; stojan na kolo<\/h2>\n<\/a>\t\t<\/div>\n\t<\/figcaption>\n\t\t\t<\/figure>\n\t\t\t\t\t<\/article>\n\t\t\n\t\t<article\t\tclass=\"vp-portfolio__item-wrap post-4244 portfolio type-portfolio status-publish format-standard has-post-thumbnail hentry entry has-media vp-portfolio__item-uid-a93b52f2\" data-vp-filter=\"\" \t\t>\n\t\t\t\t\t\t\t\t\t<figure class=\"vp-portfolio__item\">\n\t\t\t\t\n<div class=\"vp-portfolio__item-img-wrap\">\n\t<div class=\"vp-portfolio__item-img\">\n\t\t\t<a\n\t\thref=\"https:\/\/www.design-award.cz\/?portfolio=verejny-interier-espresso-bar\"\n\t\t\t>\n\t\n\t\t<noscript><img decoding=\"async\" width=\"1920\" height=\"2699\" data-skip-lazy src=\"https:\/\/www.design-award.cz\/wp-content\/uploads\/2024\/07\/JIrkova_kavarna_plakat.jpg\" class=\"wp-image-4254\" alt=\"\" srcset=\"https:\/\/www.design-award.cz\/wp-content\/uploads\/2024\/07\/JIrkova_kavarna_plakat.jpg 5866w, https:\/\/www.design-award.cz\/wp-content\/uploads\/2024\/07\/JIrkova_kavarna_plakat-213x300.jpg 213w, https:\/\/www.design-award.cz\/wp-content\/uploads\/2024\/07\/JIrkova_kavarna_plakat-728x1024.jpg 728w, https:\/\/www.design-award.cz\/wp-content\/uploads\/2024\/07\/JIrkova_kavarna_plakat-768x1080.jpg 768w, https:\/\/www.design-award.cz\/wp-content\/uploads\/2024\/07\/JIrkova_kavarna_plakat-500x703.jpg 500w, https:\/\/www.design-award.cz\/wp-content\/uploads\/2024\/07\/JIrkova_kavarna_plakat-800x1125.jpg 800w\" sizes=\"(max-width: 1920px) 100vw, 1920px\" \/><\/noscript><img decoding=\"async\" width=\"1920\" height=\"2699\" src=\"https:\/\/www.design-award.cz\/wp-content\/uploads\/2024\/07\/JIrkova_kavarna_plakat.jpg\" class=\"wp-image-4254 vp-lazyload\" alt srcset=\"data:image\/svg+xml;base64,PHN2ZyB3aWR0aD0iMTkyMCIgaGVpZ2h0PSIyNjk5IiB2aWV3Qm94PSIwIDAgMTkyMCAyNjk5IiBmaWxsPSJub25lIiB4bWxucz0iaHR0cDovL3d3dy53My5vcmcvMjAwMC9zdmciPjwvc3ZnPg==\" data-src=\"https:\/\/www.design-award.cz\/wp-content\/uploads\/2024\/07\/JIrkova_kavarna_plakat.jpg\" data-srcset=\"https:\/\/www.design-award.cz\/wp-content\/uploads\/2024\/07\/JIrkova_kavarna_plakat.jpg 5866w, https:\/\/www.design-award.cz\/wp-content\/uploads\/2024\/07\/JIrkova_kavarna_plakat-213x300.jpg 213w, https:\/\/www.design-award.cz\/wp-content\/uploads\/2024\/07\/JIrkova_kavarna_plakat-728x1024.jpg 728w, https:\/\/www.design-award.cz\/wp-content\/uploads\/2024\/07\/JIrkova_kavarna_plakat-768x1080.jpg 768w, https:\/\/www.design-award.cz\/wp-content\/uploads\/2024\/07\/JIrkova_kavarna_plakat-500x703.jpg 500w, https:\/\/www.design-award.cz\/wp-content\/uploads\/2024\/07\/JIrkova_kavarna_plakat-800x1125.jpg 800w\" data-sizes=\"auto\" loading=\"eager\">\n\t\t<\/a>\t<\/div>\n<\/div>\n\t<figcaption class=\"vp-portfolio__item-overlay vp-portfolio__item-overlay-text-align-center\">\n\t\t<div class=\"vp-portfolio__item-meta-wrap vp-portfolio__custom-scrollbar\">\n\t\t\t\t<a\n\t\thref=\"https:\/\/www.design-award.cz\/?portfolio=verejny-interier-espresso-bar\"\n\t\ttabindex=\"-1\" class=\"vp-portfolio__item-meta\" \t>\n\t\n<h2 class=\"vp-portfolio__item-meta-title\">\n\tVe\u0159ejn\u00fd interi\u00e9r &#8211; Espresso bar<\/h2>\n<\/a>\t\t<\/div>\n\t<\/figcaption>\n\t\t\t<\/figure>\n\t\t\t\t\t<\/article>\n\t\t\n\t\t<article\t\tclass=\"vp-portfolio__item-wrap post-2540 portfolio type-portfolio status-publish format-standard has-post-thumbnail hentry portfolio_category-soutezici-2023 entry has-media vp-portfolio__item-uid-8e72dfb2\" data-vp-filter=\"soutezici-2023\" \t\t>\n\t\t\t\t\t\t\t\t\t<figure class=\"vp-portfolio__item\">\n\t\t\t\t\n<div class=\"vp-portfolio__item-img-wrap\">\n\t<div class=\"vp-portfolio__item-img\">\n\t\t\t<a\n\t\thref=\"https:\/\/www.design-award.cz\/?portfolio=produktovy-design-minutebrew-vacuum-pot-na-kavu\"\n\t\t\t>\n\t\n\t\t<noscript><img decoding=\"async\" width=\"1920\" height=\"2400\" data-skip-lazy src=\"https:\/\/www.design-award.cz\/wp-content\/uploads\/2023\/04\/rendervp2-1920x2400.png\" class=\"wp-image-2541\" alt=\"\" srcset=\"https:\/\/www.design-award.cz\/wp-content\/uploads\/2023\/04\/rendervp2-1920x2400.png 1920w, https:\/\/www.design-award.cz\/wp-content\/uploads\/2023\/04\/rendervp2-240x300.png 240w, https:\/\/www.design-award.cz\/wp-content\/uploads\/2023\/04\/rendervp2-819x1024.png 819w, https:\/\/www.design-award.cz\/wp-content\/uploads\/2023\/04\/rendervp2-768x960.png 768w, https:\/\/www.design-award.cz\/wp-content\/uploads\/2023\/04\/rendervp2-1229x1536.png 1229w, https:\/\/www.design-award.cz\/wp-content\/uploads\/2023\/04\/rendervp2-1638x2048.png 1638w, https:\/\/www.design-award.cz\/wp-content\/uploads\/2023\/04\/rendervp2-500x625.png 500w, https:\/\/www.design-award.cz\/wp-content\/uploads\/2023\/04\/rendervp2-800x1000.png 800w, https:\/\/www.design-award.cz\/wp-content\/uploads\/2023\/04\/rendervp2-1280x1600.png 1280w, https:\/\/www.design-award.cz\/wp-content\/uploads\/2023\/04\/rendervp2.png 2000w\" sizes=\"(max-width: 1920px) 100vw, 1920px\" \/><\/noscript><img decoding=\"async\" width=\"1920\" height=\"2400\" src=\"https:\/\/www.design-award.cz\/wp-content\/uploads\/2023\/04\/rendervp2-1920x2400.png\" class=\"wp-image-2541 vp-lazyload\" alt srcset=\"data:image\/svg+xml;base64,PHN2ZyB3aWR0aD0iMTkyMCIgaGVpZ2h0PSIyNDAwIiB2aWV3Qm94PSIwIDAgMTkyMCAyNDAwIiBmaWxsPSJub25lIiB4bWxucz0iaHR0cDovL3d3dy53My5vcmcvMjAwMC9zdmciPjwvc3ZnPg==\" data-src=\"https:\/\/www.design-award.cz\/wp-content\/uploads\/2023\/04\/rendervp2-1920x2400.png\" data-srcset=\"https:\/\/www.design-award.cz\/wp-content\/uploads\/2023\/04\/rendervp2-1920x2400.png 1920w, https:\/\/www.design-award.cz\/wp-content\/uploads\/2023\/04\/rendervp2-240x300.png 240w, https:\/\/www.design-award.cz\/wp-content\/uploads\/2023\/04\/rendervp2-819x1024.png 819w, https:\/\/www.design-award.cz\/wp-content\/uploads\/2023\/04\/rendervp2-768x960.png 768w, https:\/\/www.design-award.cz\/wp-content\/uploads\/2023\/04\/rendervp2-1229x1536.png 1229w, https:\/\/www.design-award.cz\/wp-content\/uploads\/2023\/04\/rendervp2-1638x2048.png 1638w, https:\/\/www.design-award.cz\/wp-content\/uploads\/2023\/04\/rendervp2-500x625.png 500w, https:\/\/www.design-award.cz\/wp-content\/uploads\/2023\/04\/rendervp2-800x1000.png 800w, https:\/\/www.design-award.cz\/wp-content\/uploads\/2023\/04\/rendervp2-1280x1600.png 1280w, https:\/\/www.design-award.cz\/wp-content\/uploads\/2023\/04\/rendervp2.png 2000w\" data-sizes=\"auto\" loading=\"eager\">\n\t\t<\/a>\t<\/div>\n<\/div>\n\t<figcaption class=\"vp-portfolio__item-overlay vp-portfolio__item-overlay-text-align-center\">\n\t\t<div class=\"vp-portfolio__item-meta-wrap vp-portfolio__custom-scrollbar\">\n\t\t\t\t<a\n\t\thref=\"https:\/\/www.design-award.cz\/?portfolio=produktovy-design-minutebrew-vacuum-pot-na-kavu\"\n\t\ttabindex=\"-1\" class=\"vp-portfolio__item-meta\" \t>\n\t\n<div class=\"vp-portfolio__item-meta-categories\">\n\t\t\t<div class=\"vp-portfolio__item-meta-category\">\n\t\t\t\t<span\t\t\t>\n\tSOUT\u011a\u017d\u00cdC\u00cd 2023<\/span>\t\t<\/div>\n\t\t<\/div>\n\n<h2 class=\"vp-portfolio__item-meta-title\">\n\tProduktov\u00fd design &#8211; Minutebrew &#8211; vacuum pot na k\u00e1vu<\/h2>\n<\/a>\t\t<\/div>\n\t<\/figcaption>\n\t\t\t<\/figure>\n\t\t\t\t\t<\/article>\n\t\t\n\t\t<article\t\tclass=\"vp-portfolio__item-wrap post-4769 portfolio type-portfolio status-publish format-standard has-post-thumbnail hentry entry has-media vp-portfolio__item-uid-e3778e26\" data-vp-filter=\"\" \t\t>\n\t\t\t\t\t\t\t\t\t<figure class=\"vp-portfolio__item\">\n\t\t\t\t\n<div class=\"vp-portfolio__item-img-wrap\">\n\t<div class=\"vp-portfolio__item-img\">\n\t\t\t<a\n\t\thref=\"https:\/\/www.design-award.cz\/?portfolio=produktovy-design-reggen\"\n\t\t\t>\n\t\n\t\t<noscript><img decoding=\"async\" width=\"1920\" height=\"2560\" data-skip-lazy src=\"https:\/\/www.design-award.cz\/wp-content\/uploads\/2025\/06\/IMG_3899-1920x2560.jpg\" class=\"wp-image-4770\" alt=\"\" srcset=\"https:\/\/www.design-award.cz\/wp-content\/uploads\/2025\/06\/IMG_3899-scaled.jpg 1920w, https:\/\/www.design-award.cz\/wp-content\/uploads\/2025\/06\/IMG_3899-225x300.jpg 225w, https:\/\/www.design-award.cz\/wp-content\/uploads\/2025\/06\/IMG_3899-768x1024.jpg 768w, https:\/\/www.design-award.cz\/wp-content\/uploads\/2025\/06\/IMG_3899-1152x1536.jpg 1152w, https:\/\/www.design-award.cz\/wp-content\/uploads\/2025\/06\/IMG_3899-1536x2048.jpg 1536w, https:\/\/www.design-award.cz\/wp-content\/uploads\/2025\/06\/IMG_3899-500x667.jpg 500w, https:\/\/www.design-award.cz\/wp-content\/uploads\/2025\/06\/IMG_3899-800x1067.jpg 800w, https:\/\/www.design-award.cz\/wp-content\/uploads\/2025\/06\/IMG_3899-1280x1707.jpg 1280w\" sizes=\"(max-width: 1920px) 100vw, 1920px\" \/><\/noscript><img decoding=\"async\" width=\"1920\" height=\"2560\" src=\"https:\/\/www.design-award.cz\/wp-content\/uploads\/2025\/06\/IMG_3899-1920x2560.jpg\" class=\"wp-image-4770 vp-lazyload\" alt srcset=\"data:image\/svg+xml;base64,PHN2ZyB3aWR0aD0iMTkyMCIgaGVpZ2h0PSIyNTYwIiB2aWV3Qm94PSIwIDAgMTkyMCAyNTYwIiBmaWxsPSJub25lIiB4bWxucz0iaHR0cDovL3d3dy53My5vcmcvMjAwMC9zdmciPjwvc3ZnPg==\" data-src=\"https:\/\/www.design-award.cz\/wp-content\/uploads\/2025\/06\/IMG_3899-1920x2560.jpg\" data-srcset=\"https:\/\/www.design-award.cz\/wp-content\/uploads\/2025\/06\/IMG_3899-scaled.jpg 1920w, https:\/\/www.design-award.cz\/wp-content\/uploads\/2025\/06\/IMG_3899-225x300.jpg 225w, https:\/\/www.design-award.cz\/wp-content\/uploads\/2025\/06\/IMG_3899-768x1024.jpg 768w, https:\/\/www.design-award.cz\/wp-content\/uploads\/2025\/06\/IMG_3899-1152x1536.jpg 1152w, https:\/\/www.design-award.cz\/wp-content\/uploads\/2025\/06\/IMG_3899-1536x2048.jpg 1536w, https:\/\/www.design-award.cz\/wp-content\/uploads\/2025\/06\/IMG_3899-500x667.jpg 500w, https:\/\/www.design-award.cz\/wp-content\/uploads\/2025\/06\/IMG_3899-800x1067.jpg 800w, https:\/\/www.design-award.cz\/wp-content\/uploads\/2025\/06\/IMG_3899-1280x1707.jpg 1280w\" data-sizes=\"auto\" loading=\"eager\">\n\t\t<\/a>\t<\/div>\n<\/div>\n\t<figcaption class=\"vp-portfolio__item-overlay vp-portfolio__item-overlay-text-align-center\">\n\t\t<div class=\"vp-portfolio__item-meta-wrap vp-portfolio__custom-scrollbar\">\n\t\t\t\t<a\n\t\thref=\"https:\/\/www.design-award.cz\/?portfolio=produktovy-design-reggen\"\n\t\ttabindex=\"-1\" class=\"vp-portfolio__item-meta\" \t>\n\t\n<h2 class=\"vp-portfolio__item-meta-title\">\n\tProduktov\u00fd design &#8211; Reggen<\/h2>\n<\/a>\t\t<\/div>\n\t<\/figcaption>\n\t\t\t<\/figure>\n\t\t\t\t\t<\/article>\n\t\t\n<\/div>\n\n<div class=\"vp-portfolio__items-arrow vp-portfolio__items-arrow-prev\" tabindex=\"0\" role=\"button\" aria-label=\"Previous Slide\">\n\t\n<svg class=\"vp-svg-icon\" width=\"20\" height=\"20\" viewBox=\"0 0 20 20\" fill=\"none\" xmlns=\"http:\/\/www.w3.org\/2000\/svg\">\n\t<path d=\"M12 4L6 10L12 16\" stroke=\"currentColor\" stroke-width=\"1.5\" stroke-linecap=\"round\" stroke-linejoin=\"round\" fill=\"transparent\" \/>\n<\/svg>\n<\/div>\n<div class=\"vp-portfolio__items-arrow vp-portfolio__items-arrow-next\" tabindex=\"0\" role=\"button\" aria-label=\"Next Slide\">\n\t\n<svg class=\"vp-svg-icon\" width=\"20\" height=\"20\" viewBox=\"0 0 20 20\" fill=\"none\" xmlns=\"http:\/\/www.w3.org\/2000\/svg\">\n\t<path d=\"M8 4L14 10L8 16\" stroke=\"currentColor\" stroke-width=\"1.5\" stroke-linecap=\"round\" stroke-linejoin=\"round\" fill=\"transparent\" \/>\n<\/svg>\n<\/div>\n\t\t<\/div>\n\t\t\t\t<div class=\"vp-portfolio__layout-elements vp-portfolio__layout-elements-bottom vp-portfolio__layout-elements-align-center\">\n\t\t\t\t<div class=\"vp-portfolio__pagination-wrap\">\n\t\t\n<div class=\"vp-pagination vp-pagination__style-minimal\" data-vp-pagination-type=\"load-more\">\n\t<div class=\"vp-pagination__item\">\n\t\t<a class=\"vp-pagination__load-more\" href=\"https:\/\/www.design-award.cz\/index.php?rest_route=%2Fwp%2Fv2%2Fportfolio%2F1104&#038;vp_page=2\">\n\t\t\t<span>Load More<\/span>\n\t\t\t<span class=\"vp-pagination__load-more-loading\"><span class=\"vp-spinner\"><\/span><span class=\"vp-screen-reader-text\"> Loading More&#8230;<\/span><\/span>\n\t\t\t<span class=\"vp-pagination__load-more-no-more\">You\u2019ve reached the end of the list<\/span>\n\t\t<\/a>\n\t<\/div>\n<\/div>\n\t\t<\/div>\n\t\t\t\t<\/div>\n\t\t\n<\/div>\n<\/div>","protected":false},"excerpt":{"rendered":"<p>Yekaterina Grekova AKADEMIE &#8211; VY\u0160\u0160\u00cd ODBORN\u00c1 \u0160KOLA, GYMN\u00c1ZIUM A ST\u0158EDN\u00cd ODBORN\u00c1 \u0160KOLA UM\u011aLECKOPR\u016eMYSLOV\u00c1 SV\u011aTL\u00c1 NAD S\u00c1ZAVOU Porcel\u00e1nov\u00e1 m\u00fddlenka \u201eSkyscraper \u201eK vytvo\u0159en\u00ed t\u00e9to m\u00fddlenky m\u011b inspirovaly mrakodrapy a nov\u00e9 technologie, kter\u00e9 umo\u017enuj\u00edstav\u011bt m\u011bsta v\u00fd\u0161 a bl\u00ed\u017e k oblak\u016f. Proto m\u00e9 m\u00fddlenky by m\u011bly p\u0159ipom\u00ednat obraz m\u011bsta.Tato porcel\u00e1nov\u00e1 m\u00fddlenka byla navr\u017eena tak, aby p\u0159edev\u0161\u00edm spl\u0148ovalaekonomick\u00e9\/ekologick\u00e9 aspekty m\u00fddlenky, [&hellip;]<\/p>\n","protected":false},"author":1,"featured_media":1109,"menu_order":0,"comment_status":"closed","ping_status":"closed","template":"","format":"standard","meta":{"ngg_post_thumbnail":0,"ocean_post_layout":"","ocean_both_sidebars_style":"","ocean_both_sidebars_content_width":0,"ocean_both_sidebars_sidebars_width":0,"ocean_sidebar":"","ocean_second_sidebar":"","ocean_disable_margins":"enable","ocean_add_body_class":"","ocean_shortcode_before_top_bar":"","ocean_shortcode_after_top_bar":"","ocean_shortcode_before_header":"","ocean_shortcode_after_header":"","ocean_has_shortcode":"","ocean_shortcode_after_title":"","ocean_shortcode_before_footer_widgets":"","ocean_shortcode_after_footer_widgets":"","ocean_shortcode_before_footer_bottom":"","ocean_shortcode_after_footer_bottom":"","ocean_display_top_bar":"default","ocean_display_header":"default","ocean_header_style":"","ocean_center_header_left_menu":"","ocean_custom_header_template":"","ocean_custom_logo":0,"ocean_custom_retina_logo":0,"ocean_custom_logo_max_width":0,"ocean_custom_logo_tablet_max_width":0,"ocean_custom_logo_mobile_max_width":0,"ocean_custom_logo_max_height":0,"ocean_custom_logo_tablet_max_height":0,"ocean_custom_logo_mobile_max_height":0,"ocean_header_custom_menu":"","ocean_menu_typo_font_family":"","ocean_menu_typo_font_subset":"","ocean_menu_typo_font_size":0,"ocean_menu_typo_font_size_tablet":0,"ocean_menu_typo_font_size_mobile":0,"ocean_menu_typo_font_size_unit":"px","ocean_menu_typo_font_weight":"","ocean_menu_typo_font_weight_tablet":"","ocean_menu_typo_font_weight_mobile":"","ocean_menu_typo_transform":"","ocean_menu_typo_transform_tablet":"","ocean_menu_typo_transform_mobile":"","ocean_menu_typo_line_height":0,"ocean_menu_typo_line_height_tablet":0,"ocean_menu_typo_line_height_mobile":0,"ocean_menu_typo_line_height_unit":"","ocean_menu_typo_spacing":0,"ocean_menu_typo_spacing_tablet":0,"ocean_menu_typo_spacing_mobile":0,"ocean_menu_typo_spacing_unit":"","ocean_menu_link_color":"","ocean_menu_link_color_hover":"","ocean_menu_link_color_active":"","ocean_menu_link_background":"","ocean_menu_link_hover_background":"","ocean_menu_link_active_background":"","ocean_menu_social_links_bg":"","ocean_menu_social_hover_links_bg":"","ocean_menu_social_links_color":"","ocean_menu_social_hover_links_color":"","ocean_disable_title":"default","ocean_disable_heading":"default","ocean_post_title":"","ocean_post_subheading":"","ocean_post_title_style":"","ocean_post_title_background_color":"","ocean_post_title_background":0,"ocean_post_title_bg_image_position":"","ocean_post_title_bg_image_attachment":"","ocean_post_title_bg_image_repeat":"","ocean_post_title_bg_image_size":"","ocean_post_title_height":0,"ocean_post_title_bg_overlay":0.5,"ocean_post_title_bg_overlay_color":"","ocean_disable_breadcrumbs":"default","ocean_breadcrumbs_color":"","ocean_breadcrumbs_separator_color":"","ocean_breadcrumbs_links_color":"","ocean_breadcrumbs_links_hover_color":"","ocean_display_footer_widgets":"default","ocean_display_footer_bottom":"default","ocean_custom_footer_template":"","_vp_format_video_url":"","_vp_image_focal_point":[],"footnotes":""},"portfolio_category":[],"portfolio_tag":[],"class_list":["post-1104","portfolio","type-portfolio","status-publish","format-standard","has-post-thumbnail","hentry","entry","has-media"],"yoast_head":"<!-- This site is optimized with the Yoast SEO plugin v25.2 - https:\/\/yoast.com\/wordpress\/plugins\/seo\/ -->\n<title>Produktov\u00fd design - Skyscraper - design-award.cz<\/title>\n<meta name=\"robots\" content=\"index, follow, max-snippet:-1, max-image-preview:large, max-video-preview:-1\" \/>\n<link rel=\"canonical\" href=\"https:\/\/www.design-award.cz\/?portfolio=produktovy-design-skyscraper\" \/>\n<meta property=\"og:locale\" content=\"cs_CZ\" \/>\n<meta property=\"og:type\" content=\"article\" \/>\n<meta property=\"og:title\" content=\"Produktov\u00fd design - Skyscraper - design-award.cz\" \/>\n<meta property=\"og:description\" content=\"Yekaterina Grekova AKADEMIE &#8211; VY\u0160\u0160\u00cd ODBORN\u00c1 \u0160KOLA, GYMN\u00c1ZIUM A ST\u0158EDN\u00cd ODBORN\u00c1 \u0160KOLA UM\u011aLECKOPR\u016eMYSLOV\u00c1 SV\u011aTL\u00c1 NAD S\u00c1ZAVOU Porcel\u00e1nov\u00e1 m\u00fddlenka \u201eSkyscraper \u201eK vytvo\u0159en\u00ed t\u00e9to m\u00fddlenky m\u011b inspirovaly mrakodrapy a nov\u00e9 technologie, kter\u00e9 umo\u017enuj\u00edstav\u011bt m\u011bsta v\u00fd\u0161 a bl\u00ed\u017e k oblak\u016f. Proto m\u00e9 m\u00fddlenky by m\u011bly p\u0159ipom\u00ednat obraz m\u011bsta.Tato porcel\u00e1nov\u00e1 m\u00fddlenka byla navr\u017eena tak, aby p\u0159edev\u0161\u00edm spl\u0148ovalaekonomick\u00e9\/ekologick\u00e9 aspekty m\u00fddlenky, [&hellip;]\" \/>\n<meta property=\"og:url\" content=\"https:\/\/www.design-award.cz\/?portfolio=produktovy-design-skyscraper\" \/>\n<meta property=\"og:site_name\" content=\"design-award.cz\" \/>\n<meta property=\"article:modified_time\" content=\"2022-04-29T19:13:07+00:00\" \/>\n<meta property=\"og:image\" content=\"http:\/\/www.design-award.cz\/wp-content\/uploads\/2022\/04\/IMG4005-scaled.jpg\" \/>\n\t<meta property=\"og:image:width\" content=\"2560\" \/>\n\t<meta property=\"og:image:height\" content=\"1670\" \/>\n\t<meta property=\"og:image:type\" content=\"image\/jpeg\" \/>\n<meta name=\"twitter:card\" content=\"summary_large_image\" \/>\n<meta name=\"twitter:label1\" content=\"Odhadovan\u00e1 doba \u010dten\u00ed\" \/>\n\t<meta name=\"twitter:data1\" content=\"2 minuty\" \/>\n<script type=\"application\/ld+json\" class=\"yoast-schema-graph\">{\"@context\":\"https:\/\/schema.org\",\"@graph\":[{\"@type\":\"WebPage\",\"@id\":\"https:\/\/www.design-award.cz\/?portfolio=produktovy-design-skyscraper\",\"url\":\"https:\/\/www.design-award.cz\/?portfolio=produktovy-design-skyscraper\",\"name\":\"Produktov\u00fd design - Skyscraper - design-award.cz\",\"isPartOf\":{\"@id\":\"https:\/\/www.design-award.cz\/#website\"},\"primaryImageOfPage\":{\"@id\":\"https:\/\/www.design-award.cz\/?portfolio=produktovy-design-skyscraper#primaryimage\"},\"image\":{\"@id\":\"https:\/\/www.design-award.cz\/?portfolio=produktovy-design-skyscraper#primaryimage\"},\"thumbnailUrl\":\"https:\/\/www.design-award.cz\/wp-content\/uploads\/2022\/04\/IMG4005-scaled.jpg\",\"datePublished\":\"2022-04-29T19:13:06+00:00\",\"dateModified\":\"2022-04-29T19:13:07+00:00\",\"breadcrumb\":{\"@id\":\"https:\/\/www.design-award.cz\/?portfolio=produktovy-design-skyscraper#breadcrumb\"},\"inLanguage\":\"cs\",\"potentialAction\":[{\"@type\":\"ReadAction\",\"target\":[\"https:\/\/www.design-award.cz\/?portfolio=produktovy-design-skyscraper\"]}]},{\"@type\":\"ImageObject\",\"inLanguage\":\"cs\",\"@id\":\"https:\/\/www.design-award.cz\/?portfolio=produktovy-design-skyscraper#primaryimage\",\"url\":\"https:\/\/www.design-award.cz\/wp-content\/uploads\/2022\/04\/IMG4005-scaled.jpg\",\"contentUrl\":\"https:\/\/www.design-award.cz\/wp-content\/uploads\/2022\/04\/IMG4005-scaled.jpg\",\"width\":2560,\"height\":1670},{\"@type\":\"BreadcrumbList\",\"@id\":\"https:\/\/www.design-award.cz\/?portfolio=produktovy-design-skyscraper#breadcrumb\",\"itemListElement\":[{\"@type\":\"ListItem\",\"position\":1,\"name\":\"Dom\u016f\",\"item\":\"https:\/\/www.design-award.cz\/\"},{\"@type\":\"ListItem\",\"position\":2,\"name\":\"Portfolio Items\",\"item\":\"https:\/\/www.design-award.cz\/?post_type=portfolio\"},{\"@type\":\"ListItem\",\"position\":3,\"name\":\"Produktov\u00fd design &#8211; Skyscraper\"}]},{\"@type\":\"WebSite\",\"@id\":\"https:\/\/www.design-award.cz\/#website\",\"url\":\"https:\/\/www.design-award.cz\/\",\"name\":\"design-award.cz\",\"description\":\"WARD vznikla v roce 2022. Je ur\u010dena p\u0159edev\u0161\u00edm student\u016fm st\u0159edn\u00edch um\u011bleck\u00fdch \u0161kol (S\u0160 a VO\u0160), kte\u0159\u00ed mohou bezplatn\u011b zaslat sv\u00e9 n\u00e1vrhy v uveden\u00fdch kategori\u00ed a tak pom\u011b\u0159it sv\u00e9 n\u00e1pady s konkurenc\u00ed sv\u00fdch vrstevn\u00edk\u016f. N\u00e1vrhy jsou n\u00e1sledn\u011b posouzeny nez\u00e1vislou porotou z \u0159ad v\u00fdtvarn\u00edk\u016f, pedagog\u016f a profesion\u00e1l\u016f z oboru.\",\"publisher\":{\"@id\":\"https:\/\/www.design-award.cz\/#organization\"},\"potentialAction\":[{\"@type\":\"SearchAction\",\"target\":{\"@type\":\"EntryPoint\",\"urlTemplate\":\"https:\/\/www.design-award.cz\/?s={search_term_string}\"},\"query-input\":{\"@type\":\"PropertyValueSpecification\",\"valueRequired\":true,\"valueName\":\"search_term_string\"}}],\"inLanguage\":\"cs\"},{\"@type\":\"Organization\",\"@id\":\"https:\/\/www.design-award.cz\/#organization\",\"name\":\"Design Award\",\"url\":\"https:\/\/www.design-award.cz\/\",\"logo\":{\"@type\":\"ImageObject\",\"inLanguage\":\"cs\",\"@id\":\"https:\/\/www.design-award.cz\/#\/schema\/logo\/image\/\",\"url\":\"http:\/\/www.design-award.cz\/wp-content\/uploads\/2021\/12\/hornilogo_design-award.png\",\"contentUrl\":\"http:\/\/www.design-award.cz\/wp-content\/uploads\/2021\/12\/hornilogo_design-award.png\",\"width\":800,\"height\":600,\"caption\":\"Design Award\"},\"image\":{\"@id\":\"https:\/\/www.design-award.cz\/#\/schema\/logo\/image\/\"},\"sameAs\":[\"https:\/\/www.instagram.com\/design_award\/\"]}]}<\/script>\n<!-- \/ Yoast SEO plugin. -->","yoast_head_json":{"title":"Produktov\u00fd design - Skyscraper - design-award.cz","robots":{"index":"index","follow":"follow","max-snippet":"max-snippet:-1","max-image-preview":"max-image-preview:large","max-video-preview":"max-video-preview:-1"},"canonical":"https:\/\/www.design-award.cz\/?portfolio=produktovy-design-skyscraper","og_locale":"cs_CZ","og_type":"article","og_title":"Produktov\u00fd design - Skyscraper - design-award.cz","og_description":"Yekaterina Grekova AKADEMIE &#8211; VY\u0160\u0160\u00cd ODBORN\u00c1 \u0160KOLA, GYMN\u00c1ZIUM A ST\u0158EDN\u00cd ODBORN\u00c1 \u0160KOLA UM\u011aLECKOPR\u016eMYSLOV\u00c1 SV\u011aTL\u00c1 NAD S\u00c1ZAVOU Porcel\u00e1nov\u00e1 m\u00fddlenka \u201eSkyscraper \u201eK vytvo\u0159en\u00ed t\u00e9to m\u00fddlenky m\u011b inspirovaly mrakodrapy a nov\u00e9 technologie, kter\u00e9 umo\u017enuj\u00edstav\u011bt m\u011bsta v\u00fd\u0161 a bl\u00ed\u017e k oblak\u016f. Proto m\u00e9 m\u00fddlenky by m\u011bly p\u0159ipom\u00ednat obraz m\u011bsta.Tato porcel\u00e1nov\u00e1 m\u00fddlenka byla navr\u017eena tak, aby p\u0159edev\u0161\u00edm spl\u0148ovalaekonomick\u00e9\/ekologick\u00e9 aspekty m\u00fddlenky, [&hellip;]","og_url":"https:\/\/www.design-award.cz\/?portfolio=produktovy-design-skyscraper","og_site_name":"design-award.cz","article_modified_time":"2022-04-29T19:13:07+00:00","og_image":[{"width":2560,"height":1670,"url":"http:\/\/www.design-award.cz\/wp-content\/uploads\/2022\/04\/IMG4005-scaled.jpg","type":"image\/jpeg"}],"twitter_card":"summary_large_image","twitter_misc":{"Odhadovan\u00e1 doba \u010dten\u00ed":"2 minuty"},"schema":{"@context":"https:\/\/schema.org","@graph":[{"@type":"WebPage","@id":"https:\/\/www.design-award.cz\/?portfolio=produktovy-design-skyscraper","url":"https:\/\/www.design-award.cz\/?portfolio=produktovy-design-skyscraper","name":"Produktov\u00fd design - Skyscraper - design-award.cz","isPartOf":{"@id":"https:\/\/www.design-award.cz\/#website"},"primaryImageOfPage":{"@id":"https:\/\/www.design-award.cz\/?portfolio=produktovy-design-skyscraper#primaryimage"},"image":{"@id":"https:\/\/www.design-award.cz\/?portfolio=produktovy-design-skyscraper#primaryimage"},"thumbnailUrl":"https:\/\/www.design-award.cz\/wp-content\/uploads\/2022\/04\/IMG4005-scaled.jpg","datePublished":"2022-04-29T19:13:06+00:00","dateModified":"2022-04-29T19:13:07+00:00","breadcrumb":{"@id":"https:\/\/www.design-award.cz\/?portfolio=produktovy-design-skyscraper#breadcrumb"},"inLanguage":"cs","potentialAction":[{"@type":"ReadAction","target":["https:\/\/www.design-award.cz\/?portfolio=produktovy-design-skyscraper"]}]},{"@type":"ImageObject","inLanguage":"cs","@id":"https:\/\/www.design-award.cz\/?portfolio=produktovy-design-skyscraper#primaryimage","url":"https:\/\/www.design-award.cz\/wp-content\/uploads\/2022\/04\/IMG4005-scaled.jpg","contentUrl":"https:\/\/www.design-award.cz\/wp-content\/uploads\/2022\/04\/IMG4005-scaled.jpg","width":2560,"height":1670},{"@type":"BreadcrumbList","@id":"https:\/\/www.design-award.cz\/?portfolio=produktovy-design-skyscraper#breadcrumb","itemListElement":[{"@type":"ListItem","position":1,"name":"Dom\u016f","item":"https:\/\/www.design-award.cz\/"},{"@type":"ListItem","position":2,"name":"Portfolio Items","item":"https:\/\/www.design-award.cz\/?post_type=portfolio"},{"@type":"ListItem","position":3,"name":"Produktov\u00fd design &#8211; Skyscraper"}]},{"@type":"WebSite","@id":"https:\/\/www.design-award.cz\/#website","url":"https:\/\/www.design-award.cz\/","name":"design-award.cz","description":"WARD vznikla v roce 2022. Je ur\u010dena p\u0159edev\u0161\u00edm student\u016fm st\u0159edn\u00edch um\u011bleck\u00fdch \u0161kol (S\u0160 a VO\u0160), kte\u0159\u00ed mohou bezplatn\u011b zaslat sv\u00e9 n\u00e1vrhy v uveden\u00fdch kategori\u00ed a tak pom\u011b\u0159it sv\u00e9 n\u00e1pady s konkurenc\u00ed sv\u00fdch vrstevn\u00edk\u016f. N\u00e1vrhy jsou n\u00e1sledn\u011b posouzeny nez\u00e1vislou porotou z \u0159ad v\u00fdtvarn\u00edk\u016f, pedagog\u016f a profesion\u00e1l\u016f z oboru.","publisher":{"@id":"https:\/\/www.design-award.cz\/#organization"},"potentialAction":[{"@type":"SearchAction","target":{"@type":"EntryPoint","urlTemplate":"https:\/\/www.design-award.cz\/?s={search_term_string}"},"query-input":{"@type":"PropertyValueSpecification","valueRequired":true,"valueName":"search_term_string"}}],"inLanguage":"cs"},{"@type":"Organization","@id":"https:\/\/www.design-award.cz\/#organization","name":"Design Award","url":"https:\/\/www.design-award.cz\/","logo":{"@type":"ImageObject","inLanguage":"cs","@id":"https:\/\/www.design-award.cz\/#\/schema\/logo\/image\/","url":"http:\/\/www.design-award.cz\/wp-content\/uploads\/2021\/12\/hornilogo_design-award.png","contentUrl":"http:\/\/www.design-award.cz\/wp-content\/uploads\/2021\/12\/hornilogo_design-award.png","width":800,"height":600,"caption":"Design Award"},"image":{"@id":"https:\/\/www.design-award.cz\/#\/schema\/logo\/image\/"},"sameAs":["https:\/\/www.instagram.com\/design_award\/"]}]}},"_links":{"self":[{"href":"https:\/\/www.design-award.cz\/index.php?rest_route=\/wp\/v2\/portfolio\/1104","targetHints":{"allow":["GET"]}}],"collection":[{"href":"https:\/\/www.design-award.cz\/index.php?rest_route=\/wp\/v2\/portfolio"}],"about":[{"href":"https:\/\/www.design-award.cz\/index.php?rest_route=\/wp\/v2\/types\/portfolio"}],"author":[{"embeddable":true,"href":"https:\/\/www.design-award.cz\/index.php?rest_route=\/wp\/v2\/users\/1"}],"replies":[{"embeddable":true,"href":"https:\/\/www.design-award.cz\/index.php?rest_route=%2Fwp%2Fv2%2Fcomments&post=1104"}],"version-history":[{"count":1,"href":"https:\/\/www.design-award.cz\/index.php?rest_route=\/wp\/v2\/portfolio\/1104\/revisions"}],"predecessor-version":[{"id":1110,"href":"https:\/\/www.design-award.cz\/index.php?rest_route=\/wp\/v2\/portfolio\/1104\/revisions\/1110"}],"wp:featuredmedia":[{"embeddable":true,"href":"https:\/\/www.design-award.cz\/index.php?rest_route=\/wp\/v2\/media\/1109"}],"wp:attachment":[{"href":"https:\/\/www.design-award.cz\/index.php?rest_route=%2Fwp%2Fv2%2Fmedia&parent=1104"}],"wp:term":[{"taxonomy":"portfolio_category","embeddable":true,"href":"https:\/\/www.design-award.cz\/index.php?rest_route=%2Fwp%2Fv2%2Fportfolio_category&post=1104"},{"taxonomy":"portfolio_tag","embeddable":true,"href":"https:\/\/www.design-award.cz\/index.php?rest_route=%2Fwp%2Fv2%2Fportfolio_tag&post=1104"}],"curies":[{"name":"wp","href":"https:\/\/api.w.org\/{rel}","templated":true}]}}