{"id":111,"date":"2022-04-30T16:36:39","date_gmt":"2022-04-30T16:36:39","guid":{"rendered":"https:\/\/www.design-award.cz\/?post_type=portfolio&#038;p=111"},"modified":"2022-05-04T20:21:13","modified_gmt":"2022-05-04T20:21:13","slug":"cenda-kavarna","status":"publish","type":"portfolio","link":"https:\/\/www.design-award.cz\/?portfolio=cenda-kavarna","title":{"rendered":"Ve\u0159ejn\u00fd interi\u00e9r &#8211; Kav\u00e1rna"},"content":{"rendered":"\n<h2 class=\"wp-block-heading\" id=\"jmeno-a-prijmeni-cenda\">\u010cen\u011bk Tr\u00e1vn\u00ed\u010dek<\/h2>\n\n\n\n<p><strong>Michael \u2013 St\u0159edn\u00ed \u0161kola a Vy\u0161\u0161\u00ed odborn\u00e1 \u0161kola reklamn\u00ed a um\u011bleck\u00e9 tvorby<\/strong><\/p>\n\n\n\n<p>V zadan\u00e9m prostoru, bylo \u00fakolem vytvo\u0159it kav\u00e1rnu&nbsp;s libovoln\u00fdm zam\u011b\u0159en\u00edm dle na\u0161eho v\u00fdb\u011bru.&nbsp;<\/p>\n\n\n\n<p>Prostor se nach\u00e1z\u00ed v pra\u017esk\u00fdch Dejvic\u00edch, v nov\u011b&nbsp;zrekonstruovan\u00e9m funkcionalistick\u00e9m dom\u011b. D\u016fm je prim\u00e1rn\u011b vyu\u017e\u00edv\u00e1n jako kancel\u00e1\u0159e, pod kter\u00fdmi&nbsp;se nach\u00e1z\u00ed r\u016fzn\u00e1 ob\u010derstven\u00ed a obchody. Prostor je situov\u00e1n na prav\u00e9m doln\u00edm rohu budovy.&nbsp; Anal\u00fdza klienta Klientovou p\u0159edstavou je vybudovat zde kav\u00e1rnu a komunitn\u00ed centrum. Prim\u00e1rn\u011b bude vyd\u011bl\u00e1vat na zam\u011bstanc\u00edch z kancel\u00e1\u0159\u00ed a n\u00e1sledn\u011b na m\u00edstn\u00edch&nbsp; obyvatel\u00edch, kte\u0159\u00ed zde spolu s majitelem kav\u00e1rny cht\u011bj\u00ed vybudovat m\u00edsto, kde by mohli \u0159e\u0161it&nbsp; lok\u00e1ln\u00ed projekty \u010di problematiku m\u011bstsk\u00e9 \u010d\u00e1sti. Klient nem\u00e1&nbsp;vyhran\u011bn\u00fd vkus, R\u00e1d by v\u0161ak nav\u00e1zal na funkcionalistickou podobu domu a z\u00e1rove\u0148 ji o\u017eivil modern\u00edmi prvky kter\u00e9 by kav\u00e1rnu p\u0159ibl\u00ed\u017eily&nbsp;sou\u010dasn\u00e9mu vkusu. Nebr\u00e1n\u00ed se v\u0161ak ani jin\u00e9mu p\u0159\u00edpadn\u00e9mu&nbsp; \u0159e\u0161en\u00ed&nbsp;kter\u00e9 by jej zaujalo.<\/p>\n\n\n\n<p>My\u0161lenka<\/p>\n\n\n\n<p>Sna\u017eil jsem se vyhov\u011bt klientovu p\u0159\u00e1n\u00ed, p\u0159izp\u016fsobit interi\u00e9r&nbsp;funkcionalistick\u00e9mu stylu budovy. Rozhodl jsem se proto vyu\u017e\u00edt&nbsp;charakteristick\u00fdch prvk\u016f a materi\u00e1l\u016f.&nbsp;Interi\u00e9r vyu\u017e\u00edv\u00e1 velk\u00e9 nep\u0159eru\u0161ovan\u00e9 plochy s vyu\u017eit\u00edm&nbsp; z\u00e1kladn\u00edch geometrick\u00fdch tvar\u016f. Nap\u0159\u00edklad obl\u00e9 rohy, barov\u00fd pult oblo\u017een\u00fd&nbsp;typick\u00fdmi dla\u017edicemi \u010di chromov\u00e9 dopl\u0148ky. Funkcionalistick\u00e9 pojet\u00ed interi\u00e9ru jsem doplnil o organick\u00e9 tvary kter\u00e9 maj\u00ed o\u017eivit strohost&nbsp;interi\u00e9ru a sou\u010dasn\u011b s n\u00edm splynout.<\/p>\n\n\n\n<p>Vyu\u017eil jsem k tomu d\u0159ev\u011bn\u00e9 lamely, kter\u00e9 slou\u017e\u00ed jako dekorace,&nbsp;tak i st\u00ednidlo pro \u010d\u00e1st osv\u011btlen\u00ed. Kv\u016fli dal\u0161\u00edmu propojen\u00ed s interi\u00e9rem jsem pou\u017eil lamely tak\u00e9 na barov\u00fd pult a na konstrukce stol\u016f. Tyto stoly pak dopl\u0148uj\u00ed klasick\u00e9 \u017eidle z h\u00fdban\u00e9ho d\u0159eva navr\u017een\u00e9 v dob\u011b, kdy byl stav\u011bn tento d\u016fm.&nbsp;Kav\u00e1rna z\u00e1rove\u0148 slou\u017e\u00ed jako komunitn\u00ed centrum, kde se cht\u011bj\u00ed&nbsp;sch\u00e1zet m\u00edstn\u00ed lid\u00e9. Je zde mo\u017eno p\u0159edstavovat r\u016fzn\u00e9 projekty, \u010di zde \u0159e\u0161it lok\u00e1ln\u00ed probl\u00e9my. Z toho d\u016fvodu je kav\u00e1rna vybavena&nbsp; audiovizu\u00e1ln\u00ed technikou a lehk\u00fdm n\u00e1bytkem kter\u00fd je mo\u017en\u00e9 snadno p\u0159esunout. Kav\u00e1rnu jsem roz\u010dlenil v\u010detn\u011b z\u00e1zem\u00ed. Prostor umo\u017enuje vyu\u017e\u00edt dva vchody. Prvn\u00ed sm\u011b\u0159uje na hlavn\u00ed ulici, kde chod\u00ed v\u011bt\u0161ina lid\u00ed a&nbsp; je s n\u00edm po\u010d\u00edt\u00e1no jako s hlavn\u00edm vchodem pro z\u00e1kazn\u00edky. Z obou stran&nbsp;hlavn\u00edho vchodu jsou dv\u011b velkoplo\u0161n\u00e9 v\u00fdlohy. Ponechal jsem&nbsp;<\/p>\n\n\n\n<p>je hol\u00e9 aby bylo mo\u017eno sledovat z venku d\u011bn\u00ed v kav\u00e1rn\u011b. Druh\u00fd vchod&nbsp;je um\u00edst\u011bn za rohem, z vedlej\u0161\u00ed ulice. Je s n\u00edm po\u010d\u00edt\u00e1no pro&nbsp;z\u00e1sobov\u00e1n\u00ed, p\u0159\u00edpadn\u011b pro samostatn\u00fd vstup do sal\u00f3nku.&nbsp; Vzhedem k&nbsp; st\u00e1vaj\u00edc\u00edm omezen\u00edm jsou dve\u0159e usp\u016fsobeny pro z\u0159\u00edzen\u00ed v\u00fddejn\u00edho ok\u00e9nka. Vstoup\u00ed-li z\u00e1kazn\u00edk hlavn\u00edm vchodem, ocitne se v prostoru kav\u00e1rny, kde m\u00e1 p\u0159ehled o cel\u00e9m prostoru. Stoly jsou rozm\u00edst\u011bny tak, aby bylo mo\u017eno<\/p>\n\n\n\n<figure class=\"wp-block-image size-large\"><img decoding=\"async\" width=\"1024\" height=\"576\" data-src=\"http:\/\/www.design-award.cz\/wp-content\/uploads\/2021\/12\/Enscape_2021-06-13-04-25-05-1024x576.jpg\" alt=\"\" class=\"wp-image-112 lazyload\" data-srcset=\"https:\/\/www.design-award.cz\/wp-content\/uploads\/2021\/12\/Enscape_2021-06-13-04-25-05-1024x576.jpg 1024w, https:\/\/www.design-award.cz\/wp-content\/uploads\/2021\/12\/Enscape_2021-06-13-04-25-05-300x169.jpg 300w, https:\/\/www.design-award.cz\/wp-content\/uploads\/2021\/12\/Enscape_2021-06-13-04-25-05-768x432.jpg 768w, https:\/\/www.design-award.cz\/wp-content\/uploads\/2021\/12\/Enscape_2021-06-13-04-25-05-1536x864.jpg 1536w, https:\/\/www.design-award.cz\/wp-content\/uploads\/2021\/12\/Enscape_2021-06-13-04-25-05-2048x1152.jpg 2048w, https:\/\/www.design-award.cz\/wp-content\/uploads\/2021\/12\/Enscape_2021-06-13-04-25-05-500x281.jpg 500w, https:\/\/www.design-award.cz\/wp-content\/uploads\/2021\/12\/Enscape_2021-06-13-04-25-05-800x450.jpg 800w, https:\/\/www.design-award.cz\/wp-content\/uploads\/2021\/12\/Enscape_2021-06-13-04-25-05-1280x720.jpg 1280w, https:\/\/www.design-award.cz\/wp-content\/uploads\/2021\/12\/Enscape_2021-06-13-04-25-05-1920x1080.jpg 1920w\" data-sizes=\"(max-width: 1024px) 100vw, 1024px\" src=\"data:image\/svg+xml;base64,PHN2ZyB3aWR0aD0iMSIgaGVpZ2h0PSIxIiB4bWxucz0iaHR0cDovL3d3dy53My5vcmcvMjAwMC9zdmciPjwvc3ZnPg==\" style=\"--smush-placeholder-width: 1024px; --smush-placeholder-aspect-ratio: 1024\/576;\" \/><\/figure>\n\n\n\n<figure class=\"wp-block-image size-large\"><img decoding=\"async\" width=\"1024\" height=\"576\" data-src=\"http:\/\/www.design-award.cz\/wp-content\/uploads\/2022\/04\/Enscape_2021-06-13-04-19-12-1024x576.jpg\" alt=\"\" class=\"wp-image-1287 lazyload\" data-srcset=\"https:\/\/www.design-award.cz\/wp-content\/uploads\/2022\/04\/Enscape_2021-06-13-04-19-12-1024x576.jpg 1024w, https:\/\/www.design-award.cz\/wp-content\/uploads\/2022\/04\/Enscape_2021-06-13-04-19-12-300x169.jpg 300w, https:\/\/www.design-award.cz\/wp-content\/uploads\/2022\/04\/Enscape_2021-06-13-04-19-12-768x432.jpg 768w, https:\/\/www.design-award.cz\/wp-content\/uploads\/2022\/04\/Enscape_2021-06-13-04-19-12-1536x864.jpg 1536w, https:\/\/www.design-award.cz\/wp-content\/uploads\/2022\/04\/Enscape_2021-06-13-04-19-12-2048x1152.jpg 2048w, https:\/\/www.design-award.cz\/wp-content\/uploads\/2022\/04\/Enscape_2021-06-13-04-19-12-500x281.jpg 500w, https:\/\/www.design-award.cz\/wp-content\/uploads\/2022\/04\/Enscape_2021-06-13-04-19-12-800x450.jpg 800w, https:\/\/www.design-award.cz\/wp-content\/uploads\/2022\/04\/Enscape_2021-06-13-04-19-12-1280x720.jpg 1280w, https:\/\/www.design-award.cz\/wp-content\/uploads\/2022\/04\/Enscape_2021-06-13-04-19-12-1920x1080.jpg 1920w\" data-sizes=\"(max-width: 1024px) 100vw, 1024px\" src=\"data:image\/svg+xml;base64,PHN2ZyB3aWR0aD0iMSIgaGVpZ2h0PSIxIiB4bWxucz0iaHR0cDovL3d3dy53My5vcmcvMjAwMC9zdmciPjwvc3ZnPg==\" style=\"--smush-placeholder-width: 1024px; --smush-placeholder-aspect-ratio: 1024\/576;\" \/><\/figure>\n\n\n\n<figure class=\"wp-block-image size-large\"><img decoding=\"async\" width=\"1024\" height=\"576\" data-src=\"http:\/\/www.design-award.cz\/wp-content\/uploads\/2021\/12\/Enscape_2021-06-13-04-58-12-1024x576.jpg\" alt=\"\" class=\"wp-image-114 lazyload\" data-srcset=\"https:\/\/www.design-award.cz\/wp-content\/uploads\/2021\/12\/Enscape_2021-06-13-04-58-12-1024x576.jpg 1024w, https:\/\/www.design-award.cz\/wp-content\/uploads\/2021\/12\/Enscape_2021-06-13-04-58-12-300x169.jpg 300w, https:\/\/www.design-award.cz\/wp-content\/uploads\/2021\/12\/Enscape_2021-06-13-04-58-12-768x432.jpg 768w, https:\/\/www.design-award.cz\/wp-content\/uploads\/2021\/12\/Enscape_2021-06-13-04-58-12-1536x864.jpg 1536w, https:\/\/www.design-award.cz\/wp-content\/uploads\/2021\/12\/Enscape_2021-06-13-04-58-12-2048x1152.jpg 2048w, https:\/\/www.design-award.cz\/wp-content\/uploads\/2021\/12\/Enscape_2021-06-13-04-58-12-500x281.jpg 500w, https:\/\/www.design-award.cz\/wp-content\/uploads\/2021\/12\/Enscape_2021-06-13-04-58-12-800x450.jpg 800w, https:\/\/www.design-award.cz\/wp-content\/uploads\/2021\/12\/Enscape_2021-06-13-04-58-12-1280x720.jpg 1280w, https:\/\/www.design-award.cz\/wp-content\/uploads\/2021\/12\/Enscape_2021-06-13-04-58-12-1920x1080.jpg 1920w\" data-sizes=\"(max-width: 1024px) 100vw, 1024px\" src=\"data:image\/svg+xml;base64,PHN2ZyB3aWR0aD0iMSIgaGVpZ2h0PSIxIiB4bWxucz0iaHR0cDovL3d3dy53My5vcmcvMjAwMC9zdmciPjwvc3ZnPg==\" style=\"--smush-placeholder-width: 1024px; --smush-placeholder-aspect-ratio: 1024\/576;\" \/><\/figure>\n\n\n\n<figure class=\"wp-block-image size-large\"><img decoding=\"async\" width=\"1024\" height=\"576\" data-src=\"http:\/\/www.design-award.cz\/wp-content\/uploads\/2022\/04\/Enscape_2021-06-13-05-07-44-1024x576.jpg\" alt=\"\" class=\"wp-image-1288 lazyload\" data-srcset=\"https:\/\/www.design-award.cz\/wp-content\/uploads\/2022\/04\/Enscape_2021-06-13-05-07-44-1024x576.jpg 1024w, https:\/\/www.design-award.cz\/wp-content\/uploads\/2022\/04\/Enscape_2021-06-13-05-07-44-300x169.jpg 300w, https:\/\/www.design-award.cz\/wp-content\/uploads\/2022\/04\/Enscape_2021-06-13-05-07-44-768x432.jpg 768w, https:\/\/www.design-award.cz\/wp-content\/uploads\/2022\/04\/Enscape_2021-06-13-05-07-44-1536x864.jpg 1536w, https:\/\/www.design-award.cz\/wp-content\/uploads\/2022\/04\/Enscape_2021-06-13-05-07-44-2048x1152.jpg 2048w, https:\/\/www.design-award.cz\/wp-content\/uploads\/2022\/04\/Enscape_2021-06-13-05-07-44-500x281.jpg 500w, https:\/\/www.design-award.cz\/wp-content\/uploads\/2022\/04\/Enscape_2021-06-13-05-07-44-800x450.jpg 800w, https:\/\/www.design-award.cz\/wp-content\/uploads\/2022\/04\/Enscape_2021-06-13-05-07-44-1280x720.jpg 1280w, https:\/\/www.design-award.cz\/wp-content\/uploads\/2022\/04\/Enscape_2021-06-13-05-07-44-1920x1080.jpg 1920w\" data-sizes=\"(max-width: 1024px) 100vw, 1024px\" src=\"data:image\/svg+xml;base64,PHN2ZyB3aWR0aD0iMSIgaGVpZ2h0PSIxIiB4bWxucz0iaHR0cDovL3d3dy53My5vcmcvMjAwMC9zdmciPjwvc3ZnPg==\" style=\"--smush-placeholder-width: 1024px; --smush-placeholder-aspect-ratio: 1024\/576;\" \/><\/figure>\n\n\n<div class=\"wp-block-visual-portfolio\">\n<div class=\"vp-portfolio vp-uid-2ece4a06 vp-id-607\"\n\tdata-vp-layout=\"slider\" data-vp-content-source=\"post-based\" data-vp-items-style=\"fade\" data-vp-items-click-action=\"url\" data-vp-items-gap=\"12\" data-vp-items-gap-vertical=\"\" data-vp-pagination=\"load-more\" data-vp-next-page-url=\"https:\/\/www.design-award.cz\/index.php?rest_route=%2Fwp%2Fv2%2Fportfolio%2F111&#038;vp_page=2\" data-vp-random-seed=\"2807175574\" data-vp-slider-effect=\"slide\" data-vp-slider-items-height=\"80%\" data-vp-slider-items-min-height=\"\" data-vp-slider-slides-per-view=\"3\" data-vp-slider-speed=\"0.3\" data-vp-slider-autoplay=\"4.8\" data-vp-slider-autoplay-hover-pause=\"false\" data-vp-slider-centered-slides=\"true\" data-vp-slider-loop=\"true\" data-vp-slider-free-mode=\"false\" data-vp-slider-free-mode-sticky=\"false\" data-vp-slider-arrows=\"true\" data-vp-slider-bullets=\"false\" data-vp-slider-bullets-dynamic=\"false\" data-vp-slider-mousewheel=\"false\" data-vp-slider-thumbnails=\"false\" >\n\t<div class=\"vp-portfolio__preloader-wrap\">\n\t\t<div class=\"vp-portfolio__preloader\">\n\t\t\t<img decoding=\"async\" loading=\"eager\" src=\"https:\/\/www.design-award.cz\/wp-content\/plugins\/visual-portfolio\/assets\/images\/logo-dark.svg\" alt=\"Visual Portfolio, Posts &amp; Image Gallery for WordPress\" width=\"20\" height=\"20\" data-skip-lazy>\n\t\t<\/div>\n\t<\/div>\n\t\t<div class=\"vp-portfolio__items-wrap\">\n\t\t\t\n<div class=\"vp-portfolio__items vp-portfolio__items-style-fade vp-portfolio__items-show-overlay-hover\">\n\n\t\t<article\t\tclass=\"vp-portfolio__item-wrap post-3556 portfolio type-portfolio status-publish format-standard has-post-thumbnail hentry entry has-media vp-portfolio__item-uid-c6b62ca3\" data-vp-filter=\"\" \t\t>\n\t\t\t\t\t\t\t\t\t<figure class=\"vp-portfolio__item\">\n\t\t\t\t\n<div class=\"vp-portfolio__item-img-wrap\">\n\t<div class=\"vp-portfolio__item-img\">\n\t\t\t<a\n\t\thref=\"https:\/\/www.design-award.cz\/?portfolio=produktovy-design-zvireci-calounena-mozaika-do-materske-skoly\"\n\t\t\t>\n\t\n\t\t<noscript><img decoding=\"async\" width=\"1920\" height=\"1080\" data-skip-lazy src=\"https:\/\/www.design-award.cz\/wp-content\/uploads\/2024\/06\/1.4444.effectsResult-min1-1920x1080.png\" class=\"wp-image-3585\" alt=\"\" srcset=\"https:\/\/www.design-award.cz\/wp-content\/uploads\/2024\/06\/1.4444.effectsResult-min1-1920x1080.png 1920w, https:\/\/www.design-award.cz\/wp-content\/uploads\/2024\/06\/1.4444.effectsResult-min1-300x169.png 300w, https:\/\/www.design-award.cz\/wp-content\/uploads\/2024\/06\/1.4444.effectsResult-min1-1024x576.png 1024w, https:\/\/www.design-award.cz\/wp-content\/uploads\/2024\/06\/1.4444.effectsResult-min1-768x432.png 768w, https:\/\/www.design-award.cz\/wp-content\/uploads\/2024\/06\/1.4444.effectsResult-min1-1536x864.png 1536w, https:\/\/www.design-award.cz\/wp-content\/uploads\/2024\/06\/1.4444.effectsResult-min1-2048x1152.png 2048w, https:\/\/www.design-award.cz\/wp-content\/uploads\/2024\/06\/1.4444.effectsResult-min1-500x281.png 500w, https:\/\/www.design-award.cz\/wp-content\/uploads\/2024\/06\/1.4444.effectsResult-min1-800x450.png 800w, https:\/\/www.design-award.cz\/wp-content\/uploads\/2024\/06\/1.4444.effectsResult-min1-1280x720.png 1280w\" sizes=\"(max-width: 1920px) 100vw, 1920px\" \/><\/noscript><img fetchpriority=\"high\" decoding=\"async\" width=\"1920\" height=\"1080\" src=\"https:\/\/www.design-award.cz\/wp-content\/uploads\/2024\/06\/1.4444.effectsResult-min1-1920x1080.png\" class=\"wp-image-3585 vp-lazyload\" alt srcset=\"data:image\/svg+xml;base64,PHN2ZyB3aWR0aD0iMTkyMCIgaGVpZ2h0PSIxMDgwIiB2aWV3Qm94PSIwIDAgMTkyMCAxMDgwIiBmaWxsPSJub25lIiB4bWxucz0iaHR0cDovL3d3dy53My5vcmcvMjAwMC9zdmciPjwvc3ZnPg==\" data-src=\"https:\/\/www.design-award.cz\/wp-content\/uploads\/2024\/06\/1.4444.effectsResult-min1-1920x1080.png\" data-srcset=\"https:\/\/www.design-award.cz\/wp-content\/uploads\/2024\/06\/1.4444.effectsResult-min1-1920x1080.png 1920w, https:\/\/www.design-award.cz\/wp-content\/uploads\/2024\/06\/1.4444.effectsResult-min1-300x169.png 300w, https:\/\/www.design-award.cz\/wp-content\/uploads\/2024\/06\/1.4444.effectsResult-min1-1024x576.png 1024w, https:\/\/www.design-award.cz\/wp-content\/uploads\/2024\/06\/1.4444.effectsResult-min1-768x432.png 768w, https:\/\/www.design-award.cz\/wp-content\/uploads\/2024\/06\/1.4444.effectsResult-min1-1536x864.png 1536w, https:\/\/www.design-award.cz\/wp-content\/uploads\/2024\/06\/1.4444.effectsResult-min1-2048x1152.png 2048w, https:\/\/www.design-award.cz\/wp-content\/uploads\/2024\/06\/1.4444.effectsResult-min1-500x281.png 500w, https:\/\/www.design-award.cz\/wp-content\/uploads\/2024\/06\/1.4444.effectsResult-min1-800x450.png 800w, https:\/\/www.design-award.cz\/wp-content\/uploads\/2024\/06\/1.4444.effectsResult-min1-1280x720.png 1280w\" data-sizes=\"auto\" loading=\"eager\">\n\t\t<\/a>\t<\/div>\n<\/div>\n\t<figcaption class=\"vp-portfolio__item-overlay vp-portfolio__item-overlay-text-align-center\">\n\t\t<div class=\"vp-portfolio__item-meta-wrap vp-portfolio__custom-scrollbar\">\n\t\t\t\t<a\n\t\thref=\"https:\/\/www.design-award.cz\/?portfolio=produktovy-design-zvireci-calounena-mozaika-do-materske-skoly\"\n\t\ttabindex=\"-1\" class=\"vp-portfolio__item-meta\" \t>\n\t\n<h2 class=\"vp-portfolio__item-meta-title\">\n\tProduktov\u00fd design &#8211; Zv\u00ed\u0159ec\u00ed \u010daloun\u011bn\u00e1 mozaika do Mate\u0159sk\u00e9 \u0161koly<\/h2>\n<\/a>\t\t<\/div>\n\t<\/figcaption>\n\t\t\t<\/figure>\n\t\t\t\t\t<\/article>\n\t\t\n\t\t<article\t\tclass=\"vp-portfolio__item-wrap post-3730 portfolio type-portfolio status-publish format-standard has-post-thumbnail hentry entry has-media vp-portfolio__item-uid-7a0bfa7e\" data-vp-filter=\"\" \t\t>\n\t\t\t\t\t\t\t\t\t<figure class=\"vp-portfolio__item\">\n\t\t\t\t\n<div class=\"vp-portfolio__item-img-wrap\">\n\t<div class=\"vp-portfolio__item-img\">\n\t\t\t<a\n\t\thref=\"https:\/\/www.design-award.cz\/?portfolio=verejny-interier-klauzurni-prace-vestibul-skoly\"\n\t\t\t>\n\t\n\t\t<noscript><img decoding=\"async\" width=\"1417\" height=\"1984\" data-skip-lazy src=\"https:\/\/www.design-award.cz\/wp-content\/uploads\/2024\/06\/plakat-klauzura.jpg\" class=\"wp-image-3749\" alt=\"\" srcset=\"https:\/\/www.design-award.cz\/wp-content\/uploads\/2024\/06\/plakat-klauzura.jpg 1417w, https:\/\/www.design-award.cz\/wp-content\/uploads\/2024\/06\/plakat-klauzura-214x300.jpg 214w, https:\/\/www.design-award.cz\/wp-content\/uploads\/2024\/06\/plakat-klauzura-731x1024.jpg 731w, https:\/\/www.design-award.cz\/wp-content\/uploads\/2024\/06\/plakat-klauzura-768x1075.jpg 768w, https:\/\/www.design-award.cz\/wp-content\/uploads\/2024\/06\/plakat-klauzura-1097x1536.jpg 1097w, https:\/\/www.design-award.cz\/wp-content\/uploads\/2024\/06\/plakat-klauzura-500x700.jpg 500w, https:\/\/www.design-award.cz\/wp-content\/uploads\/2024\/06\/plakat-klauzura-800x1120.jpg 800w, https:\/\/www.design-award.cz\/wp-content\/uploads\/2024\/06\/plakat-klauzura-1280x1792.jpg 1280w\" sizes=\"(max-width: 1417px) 100vw, 1417px\" \/><\/noscript><img decoding=\"async\" width=\"1417\" height=\"1984\" src=\"https:\/\/www.design-award.cz\/wp-content\/uploads\/2024\/06\/plakat-klauzura.jpg\" class=\"wp-image-3749 vp-lazyload\" alt srcset=\"data:image\/svg+xml;base64,PHN2ZyB3aWR0aD0iMTQxNyIgaGVpZ2h0PSIxOTg0IiB2aWV3Qm94PSIwIDAgMTQxNyAxOTg0IiBmaWxsPSJub25lIiB4bWxucz0iaHR0cDovL3d3dy53My5vcmcvMjAwMC9zdmciPjwvc3ZnPg==\" data-src=\"https:\/\/www.design-award.cz\/wp-content\/uploads\/2024\/06\/plakat-klauzura.jpg\" data-srcset=\"https:\/\/www.design-award.cz\/wp-content\/uploads\/2024\/06\/plakat-klauzura.jpg 1417w, https:\/\/www.design-award.cz\/wp-content\/uploads\/2024\/06\/plakat-klauzura-214x300.jpg 214w, https:\/\/www.design-award.cz\/wp-content\/uploads\/2024\/06\/plakat-klauzura-731x1024.jpg 731w, https:\/\/www.design-award.cz\/wp-content\/uploads\/2024\/06\/plakat-klauzura-768x1075.jpg 768w, https:\/\/www.design-award.cz\/wp-content\/uploads\/2024\/06\/plakat-klauzura-1097x1536.jpg 1097w, https:\/\/www.design-award.cz\/wp-content\/uploads\/2024\/06\/plakat-klauzura-500x700.jpg 500w, https:\/\/www.design-award.cz\/wp-content\/uploads\/2024\/06\/plakat-klauzura-800x1120.jpg 800w, https:\/\/www.design-award.cz\/wp-content\/uploads\/2024\/06\/plakat-klauzura-1280x1792.jpg 1280w\" data-sizes=\"auto\" loading=\"eager\">\n\t\t<\/a>\t<\/div>\n<\/div>\n\t<figcaption class=\"vp-portfolio__item-overlay vp-portfolio__item-overlay-text-align-center\">\n\t\t<div class=\"vp-portfolio__item-meta-wrap vp-portfolio__custom-scrollbar\">\n\t\t\t\t<a\n\t\thref=\"https:\/\/www.design-award.cz\/?portfolio=verejny-interier-klauzurni-prace-vestibul-skoly\"\n\t\ttabindex=\"-1\" class=\"vp-portfolio__item-meta\" \t>\n\t\n<h2 class=\"vp-portfolio__item-meta-title\">\n\tVe\u0159ejn\u00fd interi\u00e9r &#8211; Klauzurn\u00ed pr\u00e1ce- vestibul \u0161koly<\/h2>\n<\/a>\t\t<\/div>\n\t<\/figcaption>\n\t\t\t<\/figure>\n\t\t\t\t\t<\/article>\n\t\t\n\t\t<article\t\tclass=\"vp-portfolio__item-wrap post-4327 portfolio type-portfolio status-publish format-standard has-post-thumbnail hentry entry has-media vp-portfolio__item-uid-67aacef9\" data-vp-filter=\"\" \t\t>\n\t\t\t\t\t\t\t\t\t<figure class=\"vp-portfolio__item\">\n\t\t\t\t\n<div class=\"vp-portfolio__item-img-wrap\">\n\t<div class=\"vp-portfolio__item-img\">\n\t\t\t<a\n\t\thref=\"https:\/\/www.design-award.cz\/?portfolio=produktovy-design-favonius-fen-do-verejneho-prostoru\"\n\t\t\t>\n\t\n\t\t<noscript><img decoding=\"async\" width=\"1387\" height=\"2176\" data-skip-lazy src=\"https:\/\/www.design-award.cz\/wp-content\/uploads\/2024\/07\/render.jpg\" class=\"wp-image-4359\" alt=\"\" srcset=\"https:\/\/www.design-award.cz\/wp-content\/uploads\/2024\/07\/render.jpg 1387w, https:\/\/www.design-award.cz\/wp-content\/uploads\/2024\/07\/render-191x300.jpg 191w, https:\/\/www.design-award.cz\/wp-content\/uploads\/2024\/07\/render-653x1024.jpg 653w, https:\/\/www.design-award.cz\/wp-content\/uploads\/2024\/07\/render-768x1205.jpg 768w, https:\/\/www.design-award.cz\/wp-content\/uploads\/2024\/07\/render-979x1536.jpg 979w, https:\/\/www.design-award.cz\/wp-content\/uploads\/2024\/07\/render-1305x2048.jpg 1305w, https:\/\/www.design-award.cz\/wp-content\/uploads\/2024\/07\/render-500x784.jpg 500w, https:\/\/www.design-award.cz\/wp-content\/uploads\/2024\/07\/render-800x1255.jpg 800w, https:\/\/www.design-award.cz\/wp-content\/uploads\/2024\/07\/render-1280x2008.jpg 1280w\" sizes=\"(max-width: 1387px) 100vw, 1387px\" \/><\/noscript><img decoding=\"async\" width=\"1387\" height=\"2176\" src=\"https:\/\/www.design-award.cz\/wp-content\/uploads\/2024\/07\/render.jpg\" class=\"wp-image-4359 vp-lazyload\" alt srcset=\"data:image\/svg+xml;base64,PHN2ZyB3aWR0aD0iMTM4NyIgaGVpZ2h0PSIyMTc2IiB2aWV3Qm94PSIwIDAgMTM4NyAyMTc2IiBmaWxsPSJub25lIiB4bWxucz0iaHR0cDovL3d3dy53My5vcmcvMjAwMC9zdmciPjwvc3ZnPg==\" data-src=\"https:\/\/www.design-award.cz\/wp-content\/uploads\/2024\/07\/render.jpg\" data-srcset=\"https:\/\/www.design-award.cz\/wp-content\/uploads\/2024\/07\/render.jpg 1387w, https:\/\/www.design-award.cz\/wp-content\/uploads\/2024\/07\/render-191x300.jpg 191w, https:\/\/www.design-award.cz\/wp-content\/uploads\/2024\/07\/render-653x1024.jpg 653w, https:\/\/www.design-award.cz\/wp-content\/uploads\/2024\/07\/render-768x1205.jpg 768w, https:\/\/www.design-award.cz\/wp-content\/uploads\/2024\/07\/render-979x1536.jpg 979w, https:\/\/www.design-award.cz\/wp-content\/uploads\/2024\/07\/render-1305x2048.jpg 1305w, https:\/\/www.design-award.cz\/wp-content\/uploads\/2024\/07\/render-500x784.jpg 500w, https:\/\/www.design-award.cz\/wp-content\/uploads\/2024\/07\/render-800x1255.jpg 800w, https:\/\/www.design-award.cz\/wp-content\/uploads\/2024\/07\/render-1280x2008.jpg 1280w\" data-sizes=\"auto\" loading=\"eager\">\n\t\t<\/a>\t<\/div>\n<\/div>\n\t<figcaption class=\"vp-portfolio__item-overlay vp-portfolio__item-overlay-text-align-center\">\n\t\t<div class=\"vp-portfolio__item-meta-wrap vp-portfolio__custom-scrollbar\">\n\t\t\t\t<a\n\t\thref=\"https:\/\/www.design-award.cz\/?portfolio=produktovy-design-favonius-fen-do-verejneho-prostoru\"\n\t\ttabindex=\"-1\" class=\"vp-portfolio__item-meta\" \t>\n\t\n<h2 class=\"vp-portfolio__item-meta-title\">\n\tProduktov\u00fd design &#8211; Favonius &#8211; f\u00e9n do ve\u0159ejn\u00e9ho prostoru<\/h2>\n<\/a>\t\t<\/div>\n\t<\/figcaption>\n\t\t\t<\/figure>\n\t\t\t\t\t<\/article>\n\t\t\n\t\t<article\t\tclass=\"vp-portfolio__item-wrap post-3045 portfolio type-portfolio status-publish format-standard has-post-thumbnail hentry portfolio_category-soutezici-2024 entry has-media vp-portfolio__item-uid-406f8eb3\" data-vp-filter=\"soutezici-2024\" \t\t>\n\t\t\t\t\t\t\t\t\t<figure class=\"vp-portfolio__item\">\n\t\t\t\t\n<div class=\"vp-portfolio__item-img-wrap\">\n\t<div class=\"vp-portfolio__item-img\">\n\t\t\t<a\n\t\thref=\"https:\/\/www.design-award.cz\/?portfolio=produktovy-design-esche\"\n\t\t\t>\n\t\n\t\t<noscript><img decoding=\"async\" width=\"1920\" height=\"1920\" data-skip-lazy src=\"https:\/\/www.design-award.cz\/wp-content\/uploads\/2024\/02\/Esche-1920x1920.jpg\" class=\"wp-image-3046\" alt=\"\" srcset=\"https:\/\/www.design-award.cz\/wp-content\/uploads\/2024\/02\/Esche-1920x1920.jpg 1920w, https:\/\/www.design-award.cz\/wp-content\/uploads\/2024\/02\/Esche-300x300.jpg 300w, https:\/\/www.design-award.cz\/wp-content\/uploads\/2024\/02\/Esche-1024x1024.jpg 1024w, https:\/\/www.design-award.cz\/wp-content\/uploads\/2024\/02\/Esche-150x150.jpg 150w, https:\/\/www.design-award.cz\/wp-content\/uploads\/2024\/02\/Esche-768x768.jpg 768w, https:\/\/www.design-award.cz\/wp-content\/uploads\/2024\/02\/Esche-1536x1536.jpg 1536w, https:\/\/www.design-award.cz\/wp-content\/uploads\/2024\/02\/Esche-2048x2048.jpg 2048w, https:\/\/www.design-award.cz\/wp-content\/uploads\/2024\/02\/Esche-500x500.jpg 500w, https:\/\/www.design-award.cz\/wp-content\/uploads\/2024\/02\/Esche-800x800.jpg 800w, https:\/\/www.design-award.cz\/wp-content\/uploads\/2024\/02\/Esche-1280x1280.jpg 1280w\" sizes=\"(max-width: 1920px) 100vw, 1920px\" \/><\/noscript><img decoding=\"async\" width=\"1920\" height=\"1920\" src=\"https:\/\/www.design-award.cz\/wp-content\/uploads\/2024\/02\/Esche-1920x1920.jpg\" class=\"wp-image-3046 vp-lazyload\" alt srcset=\"data:image\/svg+xml;base64,PHN2ZyB3aWR0aD0iMTkyMCIgaGVpZ2h0PSIxOTIwIiB2aWV3Qm94PSIwIDAgMTkyMCAxOTIwIiBmaWxsPSJub25lIiB4bWxucz0iaHR0cDovL3d3dy53My5vcmcvMjAwMC9zdmciPjwvc3ZnPg==\" data-src=\"https:\/\/www.design-award.cz\/wp-content\/uploads\/2024\/02\/Esche-1920x1920.jpg\" data-srcset=\"https:\/\/www.design-award.cz\/wp-content\/uploads\/2024\/02\/Esche-1920x1920.jpg 1920w, https:\/\/www.design-award.cz\/wp-content\/uploads\/2024\/02\/Esche-300x300.jpg 300w, https:\/\/www.design-award.cz\/wp-content\/uploads\/2024\/02\/Esche-1024x1024.jpg 1024w, https:\/\/www.design-award.cz\/wp-content\/uploads\/2024\/02\/Esche-150x150.jpg 150w, https:\/\/www.design-award.cz\/wp-content\/uploads\/2024\/02\/Esche-768x768.jpg 768w, https:\/\/www.design-award.cz\/wp-content\/uploads\/2024\/02\/Esche-1536x1536.jpg 1536w, https:\/\/www.design-award.cz\/wp-content\/uploads\/2024\/02\/Esche-2048x2048.jpg 2048w, https:\/\/www.design-award.cz\/wp-content\/uploads\/2024\/02\/Esche-500x500.jpg 500w, https:\/\/www.design-award.cz\/wp-content\/uploads\/2024\/02\/Esche-800x800.jpg 800w, https:\/\/www.design-award.cz\/wp-content\/uploads\/2024\/02\/Esche-1280x1280.jpg 1280w\" data-sizes=\"auto\" loading=\"eager\">\n\t\t<\/a>\t<\/div>\n<\/div>\n\t<figcaption class=\"vp-portfolio__item-overlay vp-portfolio__item-overlay-text-align-center\">\n\t\t<div class=\"vp-portfolio__item-meta-wrap vp-portfolio__custom-scrollbar\">\n\t\t\t\t<a\n\t\thref=\"https:\/\/www.design-award.cz\/?portfolio=produktovy-design-esche\"\n\t\ttabindex=\"-1\" class=\"vp-portfolio__item-meta\" \t>\n\t\n<div class=\"vp-portfolio__item-meta-categories\">\n\t\t\t<div class=\"vp-portfolio__item-meta-category\">\n\t\t\t\t<span\t\t\t>\n\tSOUT\u011a\u017d\u00cdC\u00cd 2024<\/span>\t\t<\/div>\n\t\t<\/div>\n\n<h2 class=\"vp-portfolio__item-meta-title\">\n\tProduktov\u00fd design &#8211; Esche<\/h2>\n<\/a>\t\t<\/div>\n\t<\/figcaption>\n\t\t\t<\/figure>\n\t\t\t\t\t<\/article>\n\t\t\n\t\t<article\t\tclass=\"vp-portfolio__item-wrap post-1927 portfolio type-portfolio status-publish format-standard has-post-thumbnail hentry portfolio_category-soutezici-2023 entry has-media vp-portfolio__item-uid-5de3bb1d\" data-vp-filter=\"soutezici-2023\" \t\t>\n\t\t\t\t\t\t\t\t\t<figure class=\"vp-portfolio__item\">\n\t\t\t\t\n<div class=\"vp-portfolio__item-img-wrap\">\n\t<div class=\"vp-portfolio__item-img\">\n\t\t\t<a\n\t\thref=\"https:\/\/www.design-award.cz\/?portfolio=produktovy-design-hydroponie-2\"\n\t\t\t>\n\t\n\t\t<noscript><img decoding=\"async\" width=\"1000\" height=\"665\" data-skip-lazy src=\"https:\/\/www.design-award.cz\/wp-content\/uploads\/2023\/04\/IMG1417-1.jpg\" class=\"wp-image-1929\" alt=\"\" srcset=\"https:\/\/www.design-award.cz\/wp-content\/uploads\/2023\/04\/IMG1417-1.jpg 1000w, https:\/\/www.design-award.cz\/wp-content\/uploads\/2023\/04\/IMG1417-1-300x200.jpg 300w, https:\/\/www.design-award.cz\/wp-content\/uploads\/2023\/04\/IMG1417-1-768x511.jpg 768w, https:\/\/www.design-award.cz\/wp-content\/uploads\/2023\/04\/IMG1417-1-500x333.jpg 500w, https:\/\/www.design-award.cz\/wp-content\/uploads\/2023\/04\/IMG1417-1-800x532.jpg 800w\" sizes=\"(max-width: 1000px) 100vw, 1000px\" \/><\/noscript><img decoding=\"async\" width=\"1000\" height=\"665\" src=\"https:\/\/www.design-award.cz\/wp-content\/uploads\/2023\/04\/IMG1417-1.jpg\" class=\"wp-image-1929 vp-lazyload\" alt srcset=\"data:image\/svg+xml;base64,PHN2ZyB3aWR0aD0iMTAwMCIgaGVpZ2h0PSI2NjUiIHZpZXdCb3g9IjAgMCAxMDAwIDY2NSIgZmlsbD0ibm9uZSIgeG1sbnM9Imh0dHA6Ly93d3cudzMub3JnLzIwMDAvc3ZnIj48L3N2Zz4=\" data-src=\"https:\/\/www.design-award.cz\/wp-content\/uploads\/2023\/04\/IMG1417-1.jpg\" data-srcset=\"https:\/\/www.design-award.cz\/wp-content\/uploads\/2023\/04\/IMG1417-1.jpg 1000w, https:\/\/www.design-award.cz\/wp-content\/uploads\/2023\/04\/IMG1417-1-300x200.jpg 300w, https:\/\/www.design-award.cz\/wp-content\/uploads\/2023\/04\/IMG1417-1-768x511.jpg 768w, https:\/\/www.design-award.cz\/wp-content\/uploads\/2023\/04\/IMG1417-1-500x333.jpg 500w, https:\/\/www.design-award.cz\/wp-content\/uploads\/2023\/04\/IMG1417-1-800x532.jpg 800w\" data-sizes=\"auto\" loading=\"eager\">\n\t\t<\/a>\t<\/div>\n<\/div>\n\t<figcaption class=\"vp-portfolio__item-overlay vp-portfolio__item-overlay-text-align-center\">\n\t\t<div class=\"vp-portfolio__item-meta-wrap vp-portfolio__custom-scrollbar\">\n\t\t\t\t<a\n\t\thref=\"https:\/\/www.design-award.cz\/?portfolio=produktovy-design-hydroponie-2\"\n\t\ttabindex=\"-1\" class=\"vp-portfolio__item-meta\" \t>\n\t\n<div class=\"vp-portfolio__item-meta-categories\">\n\t\t\t<div class=\"vp-portfolio__item-meta-category\">\n\t\t\t\t<span\t\t\t>\n\tSOUT\u011a\u017d\u00cdC\u00cd 2023<\/span>\t\t<\/div>\n\t\t<\/div>\n\n<h2 class=\"vp-portfolio__item-meta-title\">\n\tProduktov\u00fd design &#8211; Hydroponie<\/h2>\n<\/a>\t\t<\/div>\n\t<\/figcaption>\n\t\t\t<\/figure>\n\t\t\t\t\t<\/article>\n\t\t\n\t\t<article\t\tclass=\"vp-portfolio__item-wrap post-5279 portfolio type-portfolio status-publish format-standard has-post-thumbnail hentry entry has-media vp-portfolio__item-uid-441b1ae9\" data-vp-filter=\"\" \t\t>\n\t\t\t\t\t\t\t\t\t<figure class=\"vp-portfolio__item\">\n\t\t\t\t\n<div class=\"vp-portfolio__item-img-wrap\">\n\t<div class=\"vp-portfolio__item-img\">\n\t\t\t<a\n\t\thref=\"https:\/\/www.design-award.cz\/?portfolio=produktovy-design-targtrap\"\n\t\t\t>\n\t\n\t\t<noscript><img decoding=\"async\" width=\"999\" height=\"707\" data-skip-lazy src=\"https:\/\/www.design-award.cz\/wp-content\/uploads\/2025\/06\/prokop_barton_render_2.png\" class=\"wp-image-5312\" alt=\"\" srcset=\"https:\/\/www.design-award.cz\/wp-content\/uploads\/2025\/06\/prokop_barton_render_2.png 999w, https:\/\/www.design-award.cz\/wp-content\/uploads\/2025\/06\/prokop_barton_render_2-300x212.png 300w, https:\/\/www.design-award.cz\/wp-content\/uploads\/2025\/06\/prokop_barton_render_2-768x544.png 768w, https:\/\/www.design-award.cz\/wp-content\/uploads\/2025\/06\/prokop_barton_render_2-500x354.png 500w, https:\/\/www.design-award.cz\/wp-content\/uploads\/2025\/06\/prokop_barton_render_2-800x566.png 800w\" sizes=\"(max-width: 999px) 100vw, 999px\" \/><\/noscript><img decoding=\"async\" width=\"999\" height=\"707\" src=\"https:\/\/www.design-award.cz\/wp-content\/uploads\/2025\/06\/prokop_barton_render_2.png\" class=\"wp-image-5312 vp-lazyload\" alt srcset=\"data:image\/svg+xml;base64,PHN2ZyB3aWR0aD0iOTk5IiBoZWlnaHQ9IjcwNyIgdmlld0JveD0iMCAwIDk5OSA3MDciIGZpbGw9Im5vbmUiIHhtbG5zPSJodHRwOi8vd3d3LnczLm9yZy8yMDAwL3N2ZyI+PC9zdmc+\" data-src=\"https:\/\/www.design-award.cz\/wp-content\/uploads\/2025\/06\/prokop_barton_render_2.png\" data-srcset=\"https:\/\/www.design-award.cz\/wp-content\/uploads\/2025\/06\/prokop_barton_render_2.png 999w, https:\/\/www.design-award.cz\/wp-content\/uploads\/2025\/06\/prokop_barton_render_2-300x212.png 300w, https:\/\/www.design-award.cz\/wp-content\/uploads\/2025\/06\/prokop_barton_render_2-768x544.png 768w, https:\/\/www.design-award.cz\/wp-content\/uploads\/2025\/06\/prokop_barton_render_2-500x354.png 500w, https:\/\/www.design-award.cz\/wp-content\/uploads\/2025\/06\/prokop_barton_render_2-800x566.png 800w\" data-sizes=\"auto\" loading=\"eager\">\n\t\t<\/a>\t<\/div>\n<\/div>\n\t<figcaption class=\"vp-portfolio__item-overlay vp-portfolio__item-overlay-text-align-center\">\n\t\t<div class=\"vp-portfolio__item-meta-wrap vp-portfolio__custom-scrollbar\">\n\t\t\t\t<a\n\t\thref=\"https:\/\/www.design-award.cz\/?portfolio=produktovy-design-targtrap\"\n\t\ttabindex=\"-1\" class=\"vp-portfolio__item-meta\" \t>\n\t\n<h2 class=\"vp-portfolio__item-meta-title\">\n\tProduktov\u00fd design &#8211; Targtrap<\/h2>\n<\/a>\t\t<\/div>\n\t<\/figcaption>\n\t\t\t<\/figure>\n\t\t\t\t\t<\/article>\n\t\t\n\t\t<article\t\tclass=\"vp-portfolio__item-wrap post-897 portfolio type-portfolio status-publish format-standard has-post-thumbnail hentry entry has-media vp-portfolio__item-uid-fb71a0eb\" data-vp-filter=\"\" \t\t>\n\t\t\t\t\t\t\t\t\t<figure class=\"vp-portfolio__item\">\n\t\t\t\t\n<div class=\"vp-portfolio__item-img-wrap\">\n\t<div class=\"vp-portfolio__item-img\">\n\t\t\t<a\n\t\thref=\"https:\/\/www.design-award.cz\/?portfolio=soukromy-interier-kuchyne\"\n\t\t\t>\n\t\n\t\t<noscript><img decoding=\"async\" width=\"1920\" height=\"1080\" data-skip-lazy src=\"https:\/\/www.design-award.cz\/wp-content\/uploads\/2022\/04\/ruzickova_adela_kuchyne-3_optimized-1920x1080.jpg\" class=\"wp-image-896\" alt=\"\" srcset=\"https:\/\/www.design-award.cz\/wp-content\/uploads\/2022\/04\/ruzickova_adela_kuchyne-3_optimized-1920x1080.jpg 1920w, https:\/\/www.design-award.cz\/wp-content\/uploads\/2022\/04\/ruzickova_adela_kuchyne-3_optimized-300x169.jpg 300w, https:\/\/www.design-award.cz\/wp-content\/uploads\/2022\/04\/ruzickova_adela_kuchyne-3_optimized-1024x576.jpg 1024w, https:\/\/www.design-award.cz\/wp-content\/uploads\/2022\/04\/ruzickova_adela_kuchyne-3_optimized-768x432.jpg 768w, https:\/\/www.design-award.cz\/wp-content\/uploads\/2022\/04\/ruzickova_adela_kuchyne-3_optimized-1536x864.jpg 1536w, https:\/\/www.design-award.cz\/wp-content\/uploads\/2022\/04\/ruzickova_adela_kuchyne-3_optimized-2048x1152.jpg 2048w, https:\/\/www.design-award.cz\/wp-content\/uploads\/2022\/04\/ruzickova_adela_kuchyne-3_optimized-500x281.jpg 500w, https:\/\/www.design-award.cz\/wp-content\/uploads\/2022\/04\/ruzickova_adela_kuchyne-3_optimized-800x450.jpg 800w, https:\/\/www.design-award.cz\/wp-content\/uploads\/2022\/04\/ruzickova_adela_kuchyne-3_optimized-1280x720.jpg 1280w\" sizes=\"(max-width: 1920px) 100vw, 1920px\" \/><\/noscript><img decoding=\"async\" width=\"1920\" height=\"1080\" src=\"https:\/\/www.design-award.cz\/wp-content\/uploads\/2022\/04\/ruzickova_adela_kuchyne-3_optimized-1920x1080.jpg\" class=\"wp-image-896 vp-lazyload\" alt srcset=\"data:image\/svg+xml;base64,PHN2ZyB3aWR0aD0iMTkyMCIgaGVpZ2h0PSIxMDgwIiB2aWV3Qm94PSIwIDAgMTkyMCAxMDgwIiBmaWxsPSJub25lIiB4bWxucz0iaHR0cDovL3d3dy53My5vcmcvMjAwMC9zdmciPjwvc3ZnPg==\" data-src=\"https:\/\/www.design-award.cz\/wp-content\/uploads\/2022\/04\/ruzickova_adela_kuchyne-3_optimized-1920x1080.jpg\" data-srcset=\"https:\/\/www.design-award.cz\/wp-content\/uploads\/2022\/04\/ruzickova_adela_kuchyne-3_optimized-1920x1080.jpg 1920w, https:\/\/www.design-award.cz\/wp-content\/uploads\/2022\/04\/ruzickova_adela_kuchyne-3_optimized-300x169.jpg 300w, https:\/\/www.design-award.cz\/wp-content\/uploads\/2022\/04\/ruzickova_adela_kuchyne-3_optimized-1024x576.jpg 1024w, https:\/\/www.design-award.cz\/wp-content\/uploads\/2022\/04\/ruzickova_adela_kuchyne-3_optimized-768x432.jpg 768w, https:\/\/www.design-award.cz\/wp-content\/uploads\/2022\/04\/ruzickova_adela_kuchyne-3_optimized-1536x864.jpg 1536w, https:\/\/www.design-award.cz\/wp-content\/uploads\/2022\/04\/ruzickova_adela_kuchyne-3_optimized-2048x1152.jpg 2048w, https:\/\/www.design-award.cz\/wp-content\/uploads\/2022\/04\/ruzickova_adela_kuchyne-3_optimized-500x281.jpg 500w, https:\/\/www.design-award.cz\/wp-content\/uploads\/2022\/04\/ruzickova_adela_kuchyne-3_optimized-800x450.jpg 800w, https:\/\/www.design-award.cz\/wp-content\/uploads\/2022\/04\/ruzickova_adela_kuchyne-3_optimized-1280x720.jpg 1280w\" data-sizes=\"auto\" loading=\"eager\">\n\t\t<\/a>\t<\/div>\n<\/div>\n\t<figcaption class=\"vp-portfolio__item-overlay vp-portfolio__item-overlay-text-align-center\">\n\t\t<div class=\"vp-portfolio__item-meta-wrap vp-portfolio__custom-scrollbar\">\n\t\t\t\t<a\n\t\thref=\"https:\/\/www.design-award.cz\/?portfolio=soukromy-interier-kuchyne\"\n\t\ttabindex=\"-1\" class=\"vp-portfolio__item-meta\" \t>\n\t\n<h2 class=\"vp-portfolio__item-meta-title\">\n\tSoukrom\u00fd interi\u00e9r &#8211; Kuchyn\u011b<\/h2>\n<\/a>\t\t<\/div>\n\t<\/figcaption>\n\t\t\t<\/figure>\n\t\t\t\t\t<\/article>\n\t\t\n\t\t<article\t\tclass=\"vp-portfolio__item-wrap post-4942 portfolio type-portfolio status-publish format-standard has-post-thumbnail hentry entry has-media vp-portfolio__item-uid-4c0d1826\" data-vp-filter=\"\" \t\t>\n\t\t\t\t\t\t\t\t\t<figure class=\"vp-portfolio__item\">\n\t\t\t\t\n<div class=\"vp-portfolio__item-img-wrap\">\n\t<div class=\"vp-portfolio__item-img\">\n\t\t\t<a\n\t\thref=\"https:\/\/www.design-award.cz\/?portfolio=produktovy-design-rawline\"\n\t\t\t>\n\t\n\t\t<noscript><img decoding=\"async\" width=\"1920\" height=\"1080\" data-skip-lazy src=\"https:\/\/www.design-award.cz\/wp-content\/uploads\/2025\/06\/4_1-Photo.jpg\" class=\"wp-image-4945\" alt=\"\" srcset=\"https:\/\/www.design-award.cz\/wp-content\/uploads\/2025\/06\/4_1-Photo.jpg 1920w, https:\/\/www.design-award.cz\/wp-content\/uploads\/2025\/06\/4_1-Photo-300x169.jpg 300w, https:\/\/www.design-award.cz\/wp-content\/uploads\/2025\/06\/4_1-Photo-1024x576.jpg 1024w, https:\/\/www.design-award.cz\/wp-content\/uploads\/2025\/06\/4_1-Photo-768x432.jpg 768w, https:\/\/www.design-award.cz\/wp-content\/uploads\/2025\/06\/4_1-Photo-1536x864.jpg 1536w, https:\/\/www.design-award.cz\/wp-content\/uploads\/2025\/06\/4_1-Photo-800x450.jpg 800w, https:\/\/www.design-award.cz\/wp-content\/uploads\/2025\/06\/4_1-Photo-500x281.jpg 500w, https:\/\/www.design-award.cz\/wp-content\/uploads\/2025\/06\/4_1-Photo-1280x720.jpg 1280w\" sizes=\"(max-width: 1920px) 100vw, 1920px\" \/><\/noscript><img decoding=\"async\" width=\"1920\" height=\"1080\" src=\"https:\/\/www.design-award.cz\/wp-content\/uploads\/2025\/06\/4_1-Photo.jpg\" class=\"wp-image-4945 vp-lazyload\" alt srcset=\"data:image\/svg+xml;base64,PHN2ZyB3aWR0aD0iMTkyMCIgaGVpZ2h0PSIxMDgwIiB2aWV3Qm94PSIwIDAgMTkyMCAxMDgwIiBmaWxsPSJub25lIiB4bWxucz0iaHR0cDovL3d3dy53My5vcmcvMjAwMC9zdmciPjwvc3ZnPg==\" data-src=\"https:\/\/www.design-award.cz\/wp-content\/uploads\/2025\/06\/4_1-Photo.jpg\" data-srcset=\"https:\/\/www.design-award.cz\/wp-content\/uploads\/2025\/06\/4_1-Photo.jpg 1920w, https:\/\/www.design-award.cz\/wp-content\/uploads\/2025\/06\/4_1-Photo-300x169.jpg 300w, https:\/\/www.design-award.cz\/wp-content\/uploads\/2025\/06\/4_1-Photo-1024x576.jpg 1024w, https:\/\/www.design-award.cz\/wp-content\/uploads\/2025\/06\/4_1-Photo-768x432.jpg 768w, https:\/\/www.design-award.cz\/wp-content\/uploads\/2025\/06\/4_1-Photo-1536x864.jpg 1536w, https:\/\/www.design-award.cz\/wp-content\/uploads\/2025\/06\/4_1-Photo-800x450.jpg 800w, https:\/\/www.design-award.cz\/wp-content\/uploads\/2025\/06\/4_1-Photo-500x281.jpg 500w, https:\/\/www.design-award.cz\/wp-content\/uploads\/2025\/06\/4_1-Photo-1280x720.jpg 1280w\" data-sizes=\"auto\" loading=\"eager\">\n\t\t<\/a>\t<\/div>\n<\/div>\n\t<figcaption class=\"vp-portfolio__item-overlay vp-portfolio__item-overlay-text-align-center\">\n\t\t<div class=\"vp-portfolio__item-meta-wrap vp-portfolio__custom-scrollbar\">\n\t\t\t\t<a\n\t\thref=\"https:\/\/www.design-award.cz\/?portfolio=produktovy-design-rawline\"\n\t\ttabindex=\"-1\" class=\"vp-portfolio__item-meta\" \t>\n\t\n<h2 class=\"vp-portfolio__item-meta-title\">\n\tProduktov\u00fd design &#8211; RAWline<\/h2>\n<\/a>\t\t<\/div>\n\t<\/figcaption>\n\t\t\t<\/figure>\n\t\t\t\t\t<\/article>\n\t\t\n<\/div>\n\n<div class=\"vp-portfolio__items-arrow vp-portfolio__items-arrow-prev\" tabindex=\"0\" role=\"button\" aria-label=\"Previous Slide\">\n\t\n<svg class=\"vp-svg-icon\" width=\"20\" height=\"20\" viewBox=\"0 0 20 20\" fill=\"none\" xmlns=\"http:\/\/www.w3.org\/2000\/svg\">\n\t<path d=\"M12 4L6 10L12 16\" stroke=\"currentColor\" stroke-width=\"1.5\" stroke-linecap=\"round\" stroke-linejoin=\"round\" fill=\"transparent\" \/>\n<\/svg>\n<\/div>\n<div class=\"vp-portfolio__items-arrow vp-portfolio__items-arrow-next\" tabindex=\"0\" role=\"button\" aria-label=\"Next Slide\">\n\t\n<svg class=\"vp-svg-icon\" width=\"20\" height=\"20\" viewBox=\"0 0 20 20\" fill=\"none\" xmlns=\"http:\/\/www.w3.org\/2000\/svg\">\n\t<path d=\"M8 4L14 10L8 16\" stroke=\"currentColor\" stroke-width=\"1.5\" stroke-linecap=\"round\" stroke-linejoin=\"round\" fill=\"transparent\" \/>\n<\/svg>\n<\/div>\n\t\t<\/div>\n\t\t\t\t<div class=\"vp-portfolio__layout-elements vp-portfolio__layout-elements-bottom vp-portfolio__layout-elements-align-center\">\n\t\t\t\t<div class=\"vp-portfolio__pagination-wrap\">\n\t\t\n<div class=\"vp-pagination vp-pagination__style-minimal\" data-vp-pagination-type=\"load-more\">\n\t<div class=\"vp-pagination__item\">\n\t\t<a class=\"vp-pagination__load-more\" href=\"https:\/\/www.design-award.cz\/index.php?rest_route=%2Fwp%2Fv2%2Fportfolio%2F111&#038;vp_page=2\">\n\t\t\t<span>Load More<\/span>\n\t\t\t<span class=\"vp-pagination__load-more-loading\"><span class=\"vp-spinner\"><\/span><span class=\"vp-screen-reader-text\"> Loading More&#8230;<\/span><\/span>\n\t\t\t<span class=\"vp-pagination__load-more-no-more\">You\u2019ve reached the end of the list<\/span>\n\t\t<\/a>\n\t<\/div>\n<\/div>\n\t\t<\/div>\n\t\t\t\t<\/div>\n\t\t\n<\/div>\n<\/div>","protected":false},"excerpt":{"rendered":"<p>\u010cen\u011bk Tr\u00e1vn\u00ed\u010dek Michael \u2013 St\u0159edn\u00ed \u0161kola a Vy\u0161\u0161\u00ed odborn\u00e1 \u0161kola reklamn\u00ed a um\u011bleck\u00e9 tvorby V zadan\u00e9m prostoru, bylo \u00fakolem vytvo\u0159it kav\u00e1rnu&nbsp;s libovoln\u00fdm zam\u011b\u0159en\u00edm dle na\u0161eho v\u00fdb\u011bru.&nbsp; Prostor se nach\u00e1z\u00ed v pra\u017esk\u00fdch Dejvic\u00edch, v nov\u011b&nbsp;zrekonstruovan\u00e9m funkcionalistick\u00e9m dom\u011b. D\u016fm je prim\u00e1rn\u011b vyu\u017e\u00edv\u00e1n jako kancel\u00e1\u0159e, pod kter\u00fdmi&nbsp;se nach\u00e1z\u00ed r\u016fzn\u00e1 ob\u010derstven\u00ed a obchody. Prostor je situov\u00e1n na prav\u00e9m doln\u00edm [&hellip;]<\/p>\n","protected":false},"author":1,"featured_media":1515,"menu_order":0,"comment_status":"closed","ping_status":"closed","template":"","format":"standard","meta":{"ngg_post_thumbnail":0,"ocean_post_layout":"","ocean_both_sidebars_style":"","ocean_both_sidebars_content_width":0,"ocean_both_sidebars_sidebars_width":0,"ocean_sidebar":"","ocean_second_sidebar":"","ocean_disable_margins":"enable","ocean_add_body_class":"","ocean_shortcode_before_top_bar":"","ocean_shortcode_after_top_bar":"","ocean_shortcode_before_header":"","ocean_shortcode_after_header":"","ocean_has_shortcode":"","ocean_shortcode_after_title":"","ocean_shortcode_before_footer_widgets":"","ocean_shortcode_after_footer_widgets":"","ocean_shortcode_before_footer_bottom":"","ocean_shortcode_after_footer_bottom":"","ocean_display_top_bar":"default","ocean_display_header":"default","ocean_header_style":"","ocean_center_header_left_menu":"","ocean_custom_header_template":"","ocean_custom_logo":0,"ocean_custom_retina_logo":0,"ocean_custom_logo_max_width":0,"ocean_custom_logo_tablet_max_width":0,"ocean_custom_logo_mobile_max_width":0,"ocean_custom_logo_max_height":0,"ocean_custom_logo_tablet_max_height":0,"ocean_custom_logo_mobile_max_height":0,"ocean_header_custom_menu":"","ocean_menu_typo_font_family":"","ocean_menu_typo_font_subset":"","ocean_menu_typo_font_size":0,"ocean_menu_typo_font_size_tablet":0,"ocean_menu_typo_font_size_mobile":0,"ocean_menu_typo_font_size_unit":"px","ocean_menu_typo_font_weight":"","ocean_menu_typo_font_weight_tablet":"","ocean_menu_typo_font_weight_mobile":"","ocean_menu_typo_transform":"","ocean_menu_typo_transform_tablet":"","ocean_menu_typo_transform_mobile":"","ocean_menu_typo_line_height":0,"ocean_menu_typo_line_height_tablet":0,"ocean_menu_typo_line_height_mobile":0,"ocean_menu_typo_line_height_unit":"","ocean_menu_typo_spacing":0,"ocean_menu_typo_spacing_tablet":0,"ocean_menu_typo_spacing_mobile":0,"ocean_menu_typo_spacing_unit":"","ocean_menu_link_color":"","ocean_menu_link_color_hover":"","ocean_menu_link_color_active":"","ocean_menu_link_background":"","ocean_menu_link_hover_background":"","ocean_menu_link_active_background":"","ocean_menu_social_links_bg":"","ocean_menu_social_hover_links_bg":"","ocean_menu_social_links_color":"","ocean_menu_social_hover_links_color":"","ocean_disable_title":"default","ocean_disable_heading":"default","ocean_post_title":"","ocean_post_subheading":"","ocean_post_title_style":"","ocean_post_title_background_color":"","ocean_post_title_background":0,"ocean_post_title_bg_image_position":"","ocean_post_title_bg_image_attachment":"","ocean_post_title_bg_image_repeat":"","ocean_post_title_bg_image_size":"","ocean_post_title_height":0,"ocean_post_title_bg_overlay":0.5,"ocean_post_title_bg_overlay_color":"","ocean_disable_breadcrumbs":"default","ocean_breadcrumbs_color":"","ocean_breadcrumbs_separator_color":"","ocean_breadcrumbs_links_color":"","ocean_breadcrumbs_links_hover_color":"","ocean_display_footer_widgets":"default","ocean_display_footer_bottom":"default","ocean_custom_footer_template":"","_vp_format_video_url":"","_vp_image_focal_point":[],"footnotes":""},"portfolio_category":[],"portfolio_tag":[],"class_list":["post-111","portfolio","type-portfolio","status-publish","format-standard","has-post-thumbnail","hentry","entry","has-media"],"yoast_head":"<!-- This site is optimized with the Yoast SEO plugin v25.2 - https:\/\/yoast.com\/wordpress\/plugins\/seo\/ -->\n<title>Ve\u0159ejn\u00fd interi\u00e9r - Kav\u00e1rna - design-award.cz<\/title>\n<meta name=\"robots\" content=\"index, follow, max-snippet:-1, max-image-preview:large, max-video-preview:-1\" \/>\n<link rel=\"canonical\" href=\"https:\/\/www.design-award.cz\/?portfolio=cenda-kavarna\" \/>\n<meta property=\"og:locale\" content=\"cs_CZ\" \/>\n<meta property=\"og:type\" content=\"article\" \/>\n<meta property=\"og:title\" content=\"Ve\u0159ejn\u00fd interi\u00e9r - Kav\u00e1rna - design-award.cz\" \/>\n<meta property=\"og:description\" content=\"\u010cen\u011bk Tr\u00e1vn\u00ed\u010dek Michael \u2013 St\u0159edn\u00ed \u0161kola a Vy\u0161\u0161\u00ed odborn\u00e1 \u0161kola reklamn\u00ed a um\u011bleck\u00e9 tvorby V zadan\u00e9m prostoru, bylo \u00fakolem vytvo\u0159it kav\u00e1rnu&nbsp;s libovoln\u00fdm zam\u011b\u0159en\u00edm dle na\u0161eho v\u00fdb\u011bru.&nbsp; Prostor se nach\u00e1z\u00ed v pra\u017esk\u00fdch Dejvic\u00edch, v nov\u011b&nbsp;zrekonstruovan\u00e9m funkcionalistick\u00e9m dom\u011b. D\u016fm je prim\u00e1rn\u011b vyu\u017e\u00edv\u00e1n jako kancel\u00e1\u0159e, pod kter\u00fdmi&nbsp;se nach\u00e1z\u00ed r\u016fzn\u00e1 ob\u010derstven\u00ed a obchody. Prostor je situov\u00e1n na prav\u00e9m doln\u00edm [&hellip;]\" \/>\n<meta property=\"og:url\" content=\"https:\/\/www.design-award.cz\/?portfolio=cenda-kavarna\" \/>\n<meta property=\"og:site_name\" content=\"design-award.cz\" \/>\n<meta property=\"article:modified_time\" content=\"2022-05-04T20:21:13+00:00\" \/>\n<meta property=\"og:image\" content=\"http:\/\/www.design-award.cz\/wp-content\/uploads\/2022\/05\/cenek-travnicek.jpg\" \/>\n\t<meta property=\"og:image:width\" content=\"1920\" \/>\n\t<meta property=\"og:image:height\" content=\"1080\" \/>\n\t<meta property=\"og:image:type\" content=\"image\/jpeg\" \/>\n<meta name=\"twitter:card\" content=\"summary_large_image\" \/>\n<meta name=\"twitter:label1\" content=\"Odhadovan\u00e1 doba \u010dten\u00ed\" \/>\n\t<meta name=\"twitter:data1\" content=\"3 minuty\" \/>\n<script type=\"application\/ld+json\" class=\"yoast-schema-graph\">{\"@context\":\"https:\/\/schema.org\",\"@graph\":[{\"@type\":\"WebPage\",\"@id\":\"https:\/\/www.design-award.cz\/?portfolio=cenda-kavarna\",\"url\":\"https:\/\/www.design-award.cz\/?portfolio=cenda-kavarna\",\"name\":\"Ve\u0159ejn\u00fd interi\u00e9r - Kav\u00e1rna - design-award.cz\",\"isPartOf\":{\"@id\":\"https:\/\/www.design-award.cz\/#website\"},\"primaryImageOfPage\":{\"@id\":\"https:\/\/www.design-award.cz\/?portfolio=cenda-kavarna#primaryimage\"},\"image\":{\"@id\":\"https:\/\/www.design-award.cz\/?portfolio=cenda-kavarna#primaryimage\"},\"thumbnailUrl\":\"https:\/\/www.design-award.cz\/wp-content\/uploads\/2022\/05\/cenek-travnicek.jpg\",\"datePublished\":\"2022-04-30T16:36:39+00:00\",\"dateModified\":\"2022-05-04T20:21:13+00:00\",\"breadcrumb\":{\"@id\":\"https:\/\/www.design-award.cz\/?portfolio=cenda-kavarna#breadcrumb\"},\"inLanguage\":\"cs\",\"potentialAction\":[{\"@type\":\"ReadAction\",\"target\":[\"https:\/\/www.design-award.cz\/?portfolio=cenda-kavarna\"]}]},{\"@type\":\"ImageObject\",\"inLanguage\":\"cs\",\"@id\":\"https:\/\/www.design-award.cz\/?portfolio=cenda-kavarna#primaryimage\",\"url\":\"https:\/\/www.design-award.cz\/wp-content\/uploads\/2022\/05\/cenek-travnicek.jpg\",\"contentUrl\":\"https:\/\/www.design-award.cz\/wp-content\/uploads\/2022\/05\/cenek-travnicek.jpg\",\"width\":1920,\"height\":1080},{\"@type\":\"BreadcrumbList\",\"@id\":\"https:\/\/www.design-award.cz\/?portfolio=cenda-kavarna#breadcrumb\",\"itemListElement\":[{\"@type\":\"ListItem\",\"position\":1,\"name\":\"Dom\u016f\",\"item\":\"https:\/\/www.design-award.cz\/\"},{\"@type\":\"ListItem\",\"position\":2,\"name\":\"Portfolio Items\",\"item\":\"https:\/\/www.design-award.cz\/?post_type=portfolio\"},{\"@type\":\"ListItem\",\"position\":3,\"name\":\"Ve\u0159ejn\u00fd interi\u00e9r &#8211; Kav\u00e1rna\"}]},{\"@type\":\"WebSite\",\"@id\":\"https:\/\/www.design-award.cz\/#website\",\"url\":\"https:\/\/www.design-award.cz\/\",\"name\":\"design-award.cz\",\"description\":\"WARD vznikla v roce 2022. Je ur\u010dena p\u0159edev\u0161\u00edm student\u016fm st\u0159edn\u00edch um\u011bleck\u00fdch \u0161kol (S\u0160 a VO\u0160), kte\u0159\u00ed mohou bezplatn\u011b zaslat sv\u00e9 n\u00e1vrhy v uveden\u00fdch kategori\u00ed a tak pom\u011b\u0159it sv\u00e9 n\u00e1pady s konkurenc\u00ed sv\u00fdch vrstevn\u00edk\u016f. N\u00e1vrhy jsou n\u00e1sledn\u011b posouzeny nez\u00e1vislou porotou z \u0159ad v\u00fdtvarn\u00edk\u016f, pedagog\u016f a profesion\u00e1l\u016f z oboru.\",\"publisher\":{\"@id\":\"https:\/\/www.design-award.cz\/#organization\"},\"potentialAction\":[{\"@type\":\"SearchAction\",\"target\":{\"@type\":\"EntryPoint\",\"urlTemplate\":\"https:\/\/www.design-award.cz\/?s={search_term_string}\"},\"query-input\":{\"@type\":\"PropertyValueSpecification\",\"valueRequired\":true,\"valueName\":\"search_term_string\"}}],\"inLanguage\":\"cs\"},{\"@type\":\"Organization\",\"@id\":\"https:\/\/www.design-award.cz\/#organization\",\"name\":\"Design Award\",\"url\":\"https:\/\/www.design-award.cz\/\",\"logo\":{\"@type\":\"ImageObject\",\"inLanguage\":\"cs\",\"@id\":\"https:\/\/www.design-award.cz\/#\/schema\/logo\/image\/\",\"url\":\"http:\/\/www.design-award.cz\/wp-content\/uploads\/2021\/12\/hornilogo_design-award.png\",\"contentUrl\":\"http:\/\/www.design-award.cz\/wp-content\/uploads\/2021\/12\/hornilogo_design-award.png\",\"width\":800,\"height\":600,\"caption\":\"Design Award\"},\"image\":{\"@id\":\"https:\/\/www.design-award.cz\/#\/schema\/logo\/image\/\"},\"sameAs\":[\"https:\/\/www.instagram.com\/design_award\/\"]}]}<\/script>\n<!-- \/ Yoast SEO plugin. -->","yoast_head_json":{"title":"Ve\u0159ejn\u00fd interi\u00e9r - Kav\u00e1rna - design-award.cz","robots":{"index":"index","follow":"follow","max-snippet":"max-snippet:-1","max-image-preview":"max-image-preview:large","max-video-preview":"max-video-preview:-1"},"canonical":"https:\/\/www.design-award.cz\/?portfolio=cenda-kavarna","og_locale":"cs_CZ","og_type":"article","og_title":"Ve\u0159ejn\u00fd interi\u00e9r - Kav\u00e1rna - design-award.cz","og_description":"\u010cen\u011bk Tr\u00e1vn\u00ed\u010dek Michael \u2013 St\u0159edn\u00ed \u0161kola a Vy\u0161\u0161\u00ed odborn\u00e1 \u0161kola reklamn\u00ed a um\u011bleck\u00e9 tvorby V zadan\u00e9m prostoru, bylo \u00fakolem vytvo\u0159it kav\u00e1rnu&nbsp;s libovoln\u00fdm zam\u011b\u0159en\u00edm dle na\u0161eho v\u00fdb\u011bru.&nbsp; Prostor se nach\u00e1z\u00ed v pra\u017esk\u00fdch Dejvic\u00edch, v nov\u011b&nbsp;zrekonstruovan\u00e9m funkcionalistick\u00e9m dom\u011b. D\u016fm je prim\u00e1rn\u011b vyu\u017e\u00edv\u00e1n jako kancel\u00e1\u0159e, pod kter\u00fdmi&nbsp;se nach\u00e1z\u00ed r\u016fzn\u00e1 ob\u010derstven\u00ed a obchody. Prostor je situov\u00e1n na prav\u00e9m doln\u00edm [&hellip;]","og_url":"https:\/\/www.design-award.cz\/?portfolio=cenda-kavarna","og_site_name":"design-award.cz","article_modified_time":"2022-05-04T20:21:13+00:00","og_image":[{"width":1920,"height":1080,"url":"http:\/\/www.design-award.cz\/wp-content\/uploads\/2022\/05\/cenek-travnicek.jpg","type":"image\/jpeg"}],"twitter_card":"summary_large_image","twitter_misc":{"Odhadovan\u00e1 doba \u010dten\u00ed":"3 minuty"},"schema":{"@context":"https:\/\/schema.org","@graph":[{"@type":"WebPage","@id":"https:\/\/www.design-award.cz\/?portfolio=cenda-kavarna","url":"https:\/\/www.design-award.cz\/?portfolio=cenda-kavarna","name":"Ve\u0159ejn\u00fd interi\u00e9r - Kav\u00e1rna - design-award.cz","isPartOf":{"@id":"https:\/\/www.design-award.cz\/#website"},"primaryImageOfPage":{"@id":"https:\/\/www.design-award.cz\/?portfolio=cenda-kavarna#primaryimage"},"image":{"@id":"https:\/\/www.design-award.cz\/?portfolio=cenda-kavarna#primaryimage"},"thumbnailUrl":"https:\/\/www.design-award.cz\/wp-content\/uploads\/2022\/05\/cenek-travnicek.jpg","datePublished":"2022-04-30T16:36:39+00:00","dateModified":"2022-05-04T20:21:13+00:00","breadcrumb":{"@id":"https:\/\/www.design-award.cz\/?portfolio=cenda-kavarna#breadcrumb"},"inLanguage":"cs","potentialAction":[{"@type":"ReadAction","target":["https:\/\/www.design-award.cz\/?portfolio=cenda-kavarna"]}]},{"@type":"ImageObject","inLanguage":"cs","@id":"https:\/\/www.design-award.cz\/?portfolio=cenda-kavarna#primaryimage","url":"https:\/\/www.design-award.cz\/wp-content\/uploads\/2022\/05\/cenek-travnicek.jpg","contentUrl":"https:\/\/www.design-award.cz\/wp-content\/uploads\/2022\/05\/cenek-travnicek.jpg","width":1920,"height":1080},{"@type":"BreadcrumbList","@id":"https:\/\/www.design-award.cz\/?portfolio=cenda-kavarna#breadcrumb","itemListElement":[{"@type":"ListItem","position":1,"name":"Dom\u016f","item":"https:\/\/www.design-award.cz\/"},{"@type":"ListItem","position":2,"name":"Portfolio Items","item":"https:\/\/www.design-award.cz\/?post_type=portfolio"},{"@type":"ListItem","position":3,"name":"Ve\u0159ejn\u00fd interi\u00e9r &#8211; Kav\u00e1rna"}]},{"@type":"WebSite","@id":"https:\/\/www.design-award.cz\/#website","url":"https:\/\/www.design-award.cz\/","name":"design-award.cz","description":"WARD vznikla v roce 2022. Je ur\u010dena p\u0159edev\u0161\u00edm student\u016fm st\u0159edn\u00edch um\u011bleck\u00fdch \u0161kol (S\u0160 a VO\u0160), kte\u0159\u00ed mohou bezplatn\u011b zaslat sv\u00e9 n\u00e1vrhy v uveden\u00fdch kategori\u00ed a tak pom\u011b\u0159it sv\u00e9 n\u00e1pady s konkurenc\u00ed sv\u00fdch vrstevn\u00edk\u016f. N\u00e1vrhy jsou n\u00e1sledn\u011b posouzeny nez\u00e1vislou porotou z \u0159ad v\u00fdtvarn\u00edk\u016f, pedagog\u016f a profesion\u00e1l\u016f z oboru.","publisher":{"@id":"https:\/\/www.design-award.cz\/#organization"},"potentialAction":[{"@type":"SearchAction","target":{"@type":"EntryPoint","urlTemplate":"https:\/\/www.design-award.cz\/?s={search_term_string}"},"query-input":{"@type":"PropertyValueSpecification","valueRequired":true,"valueName":"search_term_string"}}],"inLanguage":"cs"},{"@type":"Organization","@id":"https:\/\/www.design-award.cz\/#organization","name":"Design Award","url":"https:\/\/www.design-award.cz\/","logo":{"@type":"ImageObject","inLanguage":"cs","@id":"https:\/\/www.design-award.cz\/#\/schema\/logo\/image\/","url":"http:\/\/www.design-award.cz\/wp-content\/uploads\/2021\/12\/hornilogo_design-award.png","contentUrl":"http:\/\/www.design-award.cz\/wp-content\/uploads\/2021\/12\/hornilogo_design-award.png","width":800,"height":600,"caption":"Design Award"},"image":{"@id":"https:\/\/www.design-award.cz\/#\/schema\/logo\/image\/"},"sameAs":["https:\/\/www.instagram.com\/design_award\/"]}]}},"_links":{"self":[{"href":"https:\/\/www.design-award.cz\/index.php?rest_route=\/wp\/v2\/portfolio\/111","targetHints":{"allow":["GET"]}}],"collection":[{"href":"https:\/\/www.design-award.cz\/index.php?rest_route=\/wp\/v2\/portfolio"}],"about":[{"href":"https:\/\/www.design-award.cz\/index.php?rest_route=\/wp\/v2\/types\/portfolio"}],"author":[{"embeddable":true,"href":"https:\/\/www.design-award.cz\/index.php?rest_route=\/wp\/v2\/users\/1"}],"replies":[{"embeddable":true,"href":"https:\/\/www.design-award.cz\/index.php?rest_route=%2Fwp%2Fv2%2Fcomments&post=111"}],"version-history":[{"count":4,"href":"https:\/\/www.design-award.cz\/index.php?rest_route=\/wp\/v2\/portfolio\/111\/revisions"}],"predecessor-version":[{"id":1525,"href":"https:\/\/www.design-award.cz\/index.php?rest_route=\/wp\/v2\/portfolio\/111\/revisions\/1525"}],"wp:featuredmedia":[{"embeddable":true,"href":"https:\/\/www.design-award.cz\/index.php?rest_route=\/wp\/v2\/media\/1515"}],"wp:attachment":[{"href":"https:\/\/www.design-award.cz\/index.php?rest_route=%2Fwp%2Fv2%2Fmedia&parent=111"}],"wp:term":[{"taxonomy":"portfolio_category","embeddable":true,"href":"https:\/\/www.design-award.cz\/index.php?rest_route=%2Fwp%2Fv2%2Fportfolio_category&post=111"},{"taxonomy":"portfolio_tag","embeddable":true,"href":"https:\/\/www.design-award.cz\/index.php?rest_route=%2Fwp%2Fv2%2Fportfolio_tag&post=111"}],"curies":[{"name":"wp","href":"https:\/\/api.w.org\/{rel}","templated":true}]}}