{"id":1117,"date":"2022-04-29T19:24:49","date_gmt":"2022-04-29T19:24:49","guid":{"rendered":"https:\/\/www.design-award.cz\/?post_type=portfolio&#038;p=1117"},"modified":"2022-04-29T19:24:50","modified_gmt":"2022-04-29T19:24:50","slug":"soukromy-interier-detsky-pokoj-3","status":"publish","type":"portfolio","link":"https:\/\/www.design-award.cz\/?portfolio=soukromy-interier-detsky-pokoj-3","title":{"rendered":"Soukrom\u00fd interi\u00e9r &#8211; D\u011btsk\u00fd pokoj"},"content":{"rendered":"\n<p><strong>Lucie R\u016f\u017ei\u010dkov\u00e1<\/strong><\/p>\n\n\n\n<p>MICHAEL &#8211; S\u0160 a VO\u0160 reklamn\u00ed a um\u011bleck\u00e9 tvorby, s.r.o.<\/p>\n\n\n\n<p>Na za\u010d\u00e1tku \u0161koln\u00edho roku jsme dostali za \u00fakol vytvo\u0159it n\u00e1vrh pokoje pro d\u00edt\u011b ve v\u011bku 5-6 let. Obdr\u017eeli jsme p\u016fdorys s rozm\u011bry a jako dopl\u0148uj\u00edc\u00ed zad\u00e1n\u00ed jsme si losov\u00e1n\u00ed pohlav\u00ed d\u00edt\u011bte, pro kter\u00e9 bude pokoj ur\u010den. J\u00e1 si vylosovala d\u00edvku, kter\u00e1 p\u00ed\u0161e pravou rukou a jej\u00ed z\u00e1jmy jsou pir\u00e1ti.<\/p>\n\n\n\n<p>Pokoj je navr\u017een p\u0159ev\u00e1\u017en\u011b v neutr\u00e1ln\u00edch barv\u00e1ch s n\u00e1dechem zelen\u00e9 a r\u016f\u017eov\u00e9 pro o\u017eiven\u00ed prostoru. Pou\u017eit\u00fdmi materi\u00e1ly jsou dubov\u00fd masiv, matn\u011b lakovan\u00e1 MDF deska ve sv\u011btle b\u00e9\u017eov\u00e9 a zelen\u00e9 barv\u011b, ratanov\u00fd v\u00fdplet a bavln\u011bn\u00e9 lano pro dekorativn\u00ed \u010d\u00e1st u postele. Inspirovala jsem se pir\u00e1tsk\u00fdmi znaky- provazem, mapou a mo\u0159skou \u0161kebl\u00ed.<\/p>\n\n\n\n<p>Vytvo\u0159ila jsem vlastn\u00ed n\u00e1vrh stolu se zvedac\u00edm mechanismem a k n\u011bmu jsem vybrala spr\u00e1vnou ergonomickou kancel\u00e1\u0159skou \u017eidli s nastavitelnou v\u00fd\u0161kou sed\u00e1ku a op\u011bradla. Ratanov\u00fd v\u00fdplet jsem pou\u017eila jako v\u00fdpl\u0148 dve\u0159\u00ed \u0161atn\u00ed sk\u0159\u00edn\u011b a jako sou\u010d\u00e1st organiz\u00e9r\u016f do poli\u010dek. Pro bezpe\u010dnost a lep\u0161\u00ed um\u00edst\u011bn\u00ed pracovn\u00edho stolu jsem do pokoje p\u0159idala kryt na topen\u00ed. Interi\u00e9r je funk\u010dn\u00ed, praktick\u00fd a barevn\u011b vyv\u00e1\u017een\u00fd se stm\u00edvateln\u00fdm stropn\u00edm sv\u00edtidlem.<\/p>\n\n\n\n<figure class=\"wp-block-image size-large\"><img decoding=\"async\" width=\"1024\" height=\"731\" data-src=\"http:\/\/www.design-award.cz\/wp-content\/uploads\/2022\/04\/IMG_0695-1024x731.jpg\" alt=\"\" class=\"wp-image-1122 lazyload\" data-srcset=\"https:\/\/www.design-award.cz\/wp-content\/uploads\/2022\/04\/IMG_0695-1024x731.jpg 1024w, https:\/\/www.design-award.cz\/wp-content\/uploads\/2022\/04\/IMG_0695-300x214.jpg 300w, https:\/\/www.design-award.cz\/wp-content\/uploads\/2022\/04\/IMG_0695-768x548.jpg 768w, https:\/\/www.design-award.cz\/wp-content\/uploads\/2022\/04\/IMG_0695-1536x1097.jpg 1536w, https:\/\/www.design-award.cz\/wp-content\/uploads\/2022\/04\/IMG_0695-500x357.jpg 500w, https:\/\/www.design-award.cz\/wp-content\/uploads\/2022\/04\/IMG_0695-800x571.jpg 800w, https:\/\/www.design-award.cz\/wp-content\/uploads\/2022\/04\/IMG_0695-1280x914.jpg 1280w, https:\/\/www.design-award.cz\/wp-content\/uploads\/2022\/04\/IMG_0695.jpg 1759w\" data-sizes=\"(max-width: 1024px) 100vw, 1024px\" src=\"data:image\/svg+xml;base64,PHN2ZyB3aWR0aD0iMSIgaGVpZ2h0PSIxIiB4bWxucz0iaHR0cDovL3d3dy53My5vcmcvMjAwMC9zdmciPjwvc3ZnPg==\" style=\"--smush-placeholder-width: 1024px; --smush-placeholder-aspect-ratio: 1024\/731;\" \/><\/figure>\n\n\n\n<figure class=\"wp-block-image size-large\"><img decoding=\"async\" width=\"1024\" height=\"714\" data-src=\"http:\/\/www.design-award.cz\/wp-content\/uploads\/2022\/04\/IMG_0694-1024x714.jpg\" alt=\"\" class=\"wp-image-1121 lazyload\" data-srcset=\"https:\/\/www.design-award.cz\/wp-content\/uploads\/2022\/04\/IMG_0694-1024x714.jpg 1024w, https:\/\/www.design-award.cz\/wp-content\/uploads\/2022\/04\/IMG_0694-300x209.jpg 300w, https:\/\/www.design-award.cz\/wp-content\/uploads\/2022\/04\/IMG_0694-768x536.jpg 768w, https:\/\/www.design-award.cz\/wp-content\/uploads\/2022\/04\/IMG_0694-1536x1072.jpg 1536w, https:\/\/www.design-award.cz\/wp-content\/uploads\/2022\/04\/IMG_0694-2048x1429.jpg 2048w, https:\/\/www.design-award.cz\/wp-content\/uploads\/2022\/04\/IMG_0694-500x349.jpg 500w, https:\/\/www.design-award.cz\/wp-content\/uploads\/2022\/04\/IMG_0694-800x558.jpg 800w, https:\/\/www.design-award.cz\/wp-content\/uploads\/2022\/04\/IMG_0694-1280x893.jpg 1280w, https:\/\/www.design-award.cz\/wp-content\/uploads\/2022\/04\/IMG_0694-1920x1339.jpg 1920w\" data-sizes=\"(max-width: 1024px) 100vw, 1024px\" src=\"data:image\/svg+xml;base64,PHN2ZyB3aWR0aD0iMSIgaGVpZ2h0PSIxIiB4bWxucz0iaHR0cDovL3d3dy53My5vcmcvMjAwMC9zdmciPjwvc3ZnPg==\" style=\"--smush-placeholder-width: 1024px; --smush-placeholder-aspect-ratio: 1024\/714;\" \/><\/figure>\n\n\n\n<figure class=\"wp-block-image size-large\"><img decoding=\"async\" width=\"1024\" height=\"736\" data-src=\"http:\/\/www.design-award.cz\/wp-content\/uploads\/2022\/04\/IMG_0693-1024x736.jpg\" alt=\"\" class=\"wp-image-1120 lazyload\" data-srcset=\"https:\/\/www.design-award.cz\/wp-content\/uploads\/2022\/04\/IMG_0693-1024x736.jpg 1024w, https:\/\/www.design-award.cz\/wp-content\/uploads\/2022\/04\/IMG_0693-300x216.jpg 300w, https:\/\/www.design-award.cz\/wp-content\/uploads\/2022\/04\/IMG_0693-768x552.jpg 768w, https:\/\/www.design-award.cz\/wp-content\/uploads\/2022\/04\/IMG_0693-1536x1104.jpg 1536w, https:\/\/www.design-award.cz\/wp-content\/uploads\/2022\/04\/IMG_0693-2048x1472.jpg 2048w, https:\/\/www.design-award.cz\/wp-content\/uploads\/2022\/04\/IMG_0693-500x359.jpg 500w, https:\/\/www.design-award.cz\/wp-content\/uploads\/2022\/04\/IMG_0693-800x575.jpg 800w, https:\/\/www.design-award.cz\/wp-content\/uploads\/2022\/04\/IMG_0693-1280x920.jpg 1280w, https:\/\/www.design-award.cz\/wp-content\/uploads\/2022\/04\/IMG_0693-1920x1380.jpg 1920w\" data-sizes=\"(max-width: 1024px) 100vw, 1024px\" src=\"data:image\/svg+xml;base64,PHN2ZyB3aWR0aD0iMSIgaGVpZ2h0PSIxIiB4bWxucz0iaHR0cDovL3d3dy53My5vcmcvMjAwMC9zdmciPjwvc3ZnPg==\" style=\"--smush-placeholder-width: 1024px; --smush-placeholder-aspect-ratio: 1024\/736;\" \/><\/figure>\n\n\n\n<figure class=\"wp-block-image size-large\"><img decoding=\"async\" width=\"1024\" height=\"719\" data-src=\"http:\/\/www.design-award.cz\/wp-content\/uploads\/2022\/04\/IMG_0696-1024x719.jpg\" alt=\"\" class=\"wp-image-1123 lazyload\" data-srcset=\"https:\/\/www.design-award.cz\/wp-content\/uploads\/2022\/04\/IMG_0696-1024x719.jpg 1024w, https:\/\/www.design-award.cz\/wp-content\/uploads\/2022\/04\/IMG_0696-300x211.jpg 300w, https:\/\/www.design-award.cz\/wp-content\/uploads\/2022\/04\/IMG_0696-768x540.jpg 768w, https:\/\/www.design-award.cz\/wp-content\/uploads\/2022\/04\/IMG_0696-1536x1079.jpg 1536w, https:\/\/www.design-award.cz\/wp-content\/uploads\/2022\/04\/IMG_0696-2048x1439.jpg 2048w, https:\/\/www.design-award.cz\/wp-content\/uploads\/2022\/04\/IMG_0696-500x351.jpg 500w, https:\/\/www.design-award.cz\/wp-content\/uploads\/2022\/04\/IMG_0696-800x562.jpg 800w, https:\/\/www.design-award.cz\/wp-content\/uploads\/2022\/04\/IMG_0696-1280x899.jpg 1280w, https:\/\/www.design-award.cz\/wp-content\/uploads\/2022\/04\/IMG_0696-1920x1349.jpg 1920w\" data-sizes=\"(max-width: 1024px) 100vw, 1024px\" src=\"data:image\/svg+xml;base64,PHN2ZyB3aWR0aD0iMSIgaGVpZ2h0PSIxIiB4bWxucz0iaHR0cDovL3d3dy53My5vcmcvMjAwMC9zdmciPjwvc3ZnPg==\" style=\"--smush-placeholder-width: 1024px; --smush-placeholder-aspect-ratio: 1024\/719;\" \/><\/figure>\n\n\n<div class=\"wp-block-visual-portfolio\">\n<div class=\"vp-portfolio vp-uid-2ece4a06 vp-id-607\"\n\tdata-vp-layout=\"slider\" data-vp-content-source=\"post-based\" data-vp-items-style=\"fade\" data-vp-items-click-action=\"url\" data-vp-items-gap=\"12\" data-vp-items-gap-vertical=\"\" data-vp-pagination=\"load-more\" data-vp-next-page-url=\"https:\/\/www.design-award.cz\/index.php?rest_route=%2Fwp%2Fv2%2Fportfolio%2F1117&#038;vp_page=2\" data-vp-random-seed=\"1546627945\" data-vp-slider-effect=\"slide\" data-vp-slider-items-height=\"80%\" data-vp-slider-items-min-height=\"\" data-vp-slider-slides-per-view=\"3\" data-vp-slider-speed=\"0.3\" data-vp-slider-autoplay=\"4.8\" data-vp-slider-autoplay-hover-pause=\"false\" data-vp-slider-centered-slides=\"true\" data-vp-slider-loop=\"true\" data-vp-slider-free-mode=\"false\" data-vp-slider-free-mode-sticky=\"false\" data-vp-slider-arrows=\"true\" data-vp-slider-bullets=\"false\" data-vp-slider-bullets-dynamic=\"false\" data-vp-slider-mousewheel=\"false\" data-vp-slider-thumbnails=\"false\" >\n\t<div class=\"vp-portfolio__preloader-wrap\">\n\t\t<div class=\"vp-portfolio__preloader\">\n\t\t\t<img decoding=\"async\" loading=\"eager\" src=\"https:\/\/www.design-award.cz\/wp-content\/plugins\/visual-portfolio\/assets\/images\/logo-dark.svg\" alt=\"Visual Portfolio, Posts &amp; Image Gallery for WordPress\" width=\"20\" height=\"20\" data-skip-lazy>\n\t\t<\/div>\n\t<\/div>\n\t\t<div class=\"vp-portfolio__items-wrap\">\n\t\t\t\n<div class=\"vp-portfolio__items vp-portfolio__items-style-fade vp-portfolio__items-show-overlay-hover\">\n\n\t\t<article\t\tclass=\"vp-portfolio__item-wrap post-5353 portfolio type-portfolio status-publish format-standard has-post-thumbnail hentry entry has-media vp-portfolio__item-uid-973afb42\" data-vp-filter=\"\" \t\t>\n\t\t\t\t\t\t\t\t\t<figure class=\"vp-portfolio__item\">\n\t\t\t\t\n<div class=\"vp-portfolio__item-img-wrap\">\n\t<div class=\"vp-portfolio__item-img\">\n\t\t\t<a\n\t\thref=\"https:\/\/www.design-award.cz\/?portfolio=interierovy-design-byt-ul-trojicka\"\n\t\t\t>\n\t\n\t\t<noscript><img decoding=\"async\" width=\"1920\" height=\"1080\" data-skip-lazy src=\"https:\/\/www.design-award.cz\/wp-content\/uploads\/2025\/06\/IMG_2452-1920x1080.jpg\" class=\"wp-image-5402\" alt=\"\" srcset=\"https:\/\/www.design-award.cz\/wp-content\/uploads\/2025\/06\/IMG_2452-1920x1080.jpg 1920w, https:\/\/www.design-award.cz\/wp-content\/uploads\/2025\/06\/IMG_2452-300x169.jpg 300w, https:\/\/www.design-award.cz\/wp-content\/uploads\/2025\/06\/IMG_2452-1024x576.jpg 1024w, https:\/\/www.design-award.cz\/wp-content\/uploads\/2025\/06\/IMG_2452-768x432.jpg 768w, https:\/\/www.design-award.cz\/wp-content\/uploads\/2025\/06\/IMG_2452-1536x864.jpg 1536w, https:\/\/www.design-award.cz\/wp-content\/uploads\/2025\/06\/IMG_2452-800x450.jpg 800w, https:\/\/www.design-award.cz\/wp-content\/uploads\/2025\/06\/IMG_2452-500x281.jpg 500w, https:\/\/www.design-award.cz\/wp-content\/uploads\/2025\/06\/IMG_2452-1280x720.jpg 1280w, https:\/\/www.design-award.cz\/wp-content\/uploads\/2025\/06\/IMG_2452.jpg 2048w\" sizes=\"(max-width: 1920px) 100vw, 1920px\" \/><\/noscript><img fetchpriority=\"high\" decoding=\"async\" width=\"1920\" height=\"1080\" src=\"https:\/\/www.design-award.cz\/wp-content\/uploads\/2025\/06\/IMG_2452-1920x1080.jpg\" class=\"wp-image-5402 vp-lazyload\" alt srcset=\"data:image\/svg+xml;base64,PHN2ZyB3aWR0aD0iMTkyMCIgaGVpZ2h0PSIxMDgwIiB2aWV3Qm94PSIwIDAgMTkyMCAxMDgwIiBmaWxsPSJub25lIiB4bWxucz0iaHR0cDovL3d3dy53My5vcmcvMjAwMC9zdmciPjwvc3ZnPg==\" data-src=\"https:\/\/www.design-award.cz\/wp-content\/uploads\/2025\/06\/IMG_2452-1920x1080.jpg\" data-srcset=\"https:\/\/www.design-award.cz\/wp-content\/uploads\/2025\/06\/IMG_2452-1920x1080.jpg 1920w, https:\/\/www.design-award.cz\/wp-content\/uploads\/2025\/06\/IMG_2452-300x169.jpg 300w, https:\/\/www.design-award.cz\/wp-content\/uploads\/2025\/06\/IMG_2452-1024x576.jpg 1024w, https:\/\/www.design-award.cz\/wp-content\/uploads\/2025\/06\/IMG_2452-768x432.jpg 768w, https:\/\/www.design-award.cz\/wp-content\/uploads\/2025\/06\/IMG_2452-1536x864.jpg 1536w, https:\/\/www.design-award.cz\/wp-content\/uploads\/2025\/06\/IMG_2452-800x450.jpg 800w, https:\/\/www.design-award.cz\/wp-content\/uploads\/2025\/06\/IMG_2452-500x281.jpg 500w, https:\/\/www.design-award.cz\/wp-content\/uploads\/2025\/06\/IMG_2452-1280x720.jpg 1280w, https:\/\/www.design-award.cz\/wp-content\/uploads\/2025\/06\/IMG_2452.jpg 2048w\" data-sizes=\"auto\" loading=\"eager\">\n\t\t<\/a>\t<\/div>\n<\/div>\n\t<figcaption class=\"vp-portfolio__item-overlay vp-portfolio__item-overlay-text-align-center\">\n\t\t<div class=\"vp-portfolio__item-meta-wrap vp-portfolio__custom-scrollbar\">\n\t\t\t\t<a\n\t\thref=\"https:\/\/www.design-award.cz\/?portfolio=interierovy-design-byt-ul-trojicka\"\n\t\ttabindex=\"-1\" class=\"vp-portfolio__item-meta\" \t>\n\t\n<h2 class=\"vp-portfolio__item-meta-title\">\n\tInteri\u00e9rov\u00fd design &#8211; Byt ul. Trojick\u00e1<\/h2>\n<\/a>\t\t<\/div>\n\t<\/figcaption>\n\t\t\t<\/figure>\n\t\t\t\t\t<\/article>\n\t\t\n\t\t<article\t\tclass=\"vp-portfolio__item-wrap post-2019 portfolio type-portfolio status-publish format-standard has-post-thumbnail hentry portfolio_category-soutezici-2023 entry has-media vp-portfolio__item-uid-8c1251b8\" data-vp-filter=\"soutezici-2023\" \t\t>\n\t\t\t\t\t\t\t\t\t<figure class=\"vp-portfolio__item\">\n\t\t\t\t\n<div class=\"vp-portfolio__item-img-wrap\">\n\t<div class=\"vp-portfolio__item-img\">\n\t\t\t<a\n\t\thref=\"https:\/\/www.design-award.cz\/?portfolio=verejny-interier-kancelar-pro-poradenstvi-s-otehotnenim\"\n\t\t\t>\n\t\n\t\t<noscript><img decoding=\"async\" width=\"1920\" height=\"1080\" data-skip-lazy src=\"https:\/\/www.design-award.cz\/wp-content\/uploads\/2023\/04\/predni-pohled-1920x1080.jpg\" class=\"wp-image-2025\" alt=\"\" srcset=\"https:\/\/www.design-award.cz\/wp-content\/uploads\/2023\/04\/predni-pohled-1920x1080.jpg 1920w, https:\/\/www.design-award.cz\/wp-content\/uploads\/2023\/04\/predni-pohled-300x169.jpg 300w, https:\/\/www.design-award.cz\/wp-content\/uploads\/2023\/04\/predni-pohled-1024x576.jpg 1024w, https:\/\/www.design-award.cz\/wp-content\/uploads\/2023\/04\/predni-pohled-768x432.jpg 768w, https:\/\/www.design-award.cz\/wp-content\/uploads\/2023\/04\/predni-pohled-1536x864.jpg 1536w, https:\/\/www.design-award.cz\/wp-content\/uploads\/2023\/04\/predni-pohled-2048x1152.jpg 2048w, https:\/\/www.design-award.cz\/wp-content\/uploads\/2023\/04\/predni-pohled-500x281.jpg 500w, https:\/\/www.design-award.cz\/wp-content\/uploads\/2023\/04\/predni-pohled-800x450.jpg 800w, https:\/\/www.design-award.cz\/wp-content\/uploads\/2023\/04\/predni-pohled-1280x720.jpg 1280w\" sizes=\"(max-width: 1920px) 100vw, 1920px\" \/><\/noscript><img decoding=\"async\" width=\"1920\" height=\"1080\" src=\"https:\/\/www.design-award.cz\/wp-content\/uploads\/2023\/04\/predni-pohled-1920x1080.jpg\" class=\"wp-image-2025 vp-lazyload\" alt srcset=\"data:image\/svg+xml;base64,PHN2ZyB3aWR0aD0iMTkyMCIgaGVpZ2h0PSIxMDgwIiB2aWV3Qm94PSIwIDAgMTkyMCAxMDgwIiBmaWxsPSJub25lIiB4bWxucz0iaHR0cDovL3d3dy53My5vcmcvMjAwMC9zdmciPjwvc3ZnPg==\" data-src=\"https:\/\/www.design-award.cz\/wp-content\/uploads\/2023\/04\/predni-pohled-1920x1080.jpg\" data-srcset=\"https:\/\/www.design-award.cz\/wp-content\/uploads\/2023\/04\/predni-pohled-1920x1080.jpg 1920w, https:\/\/www.design-award.cz\/wp-content\/uploads\/2023\/04\/predni-pohled-300x169.jpg 300w, https:\/\/www.design-award.cz\/wp-content\/uploads\/2023\/04\/predni-pohled-1024x576.jpg 1024w, https:\/\/www.design-award.cz\/wp-content\/uploads\/2023\/04\/predni-pohled-768x432.jpg 768w, https:\/\/www.design-award.cz\/wp-content\/uploads\/2023\/04\/predni-pohled-1536x864.jpg 1536w, https:\/\/www.design-award.cz\/wp-content\/uploads\/2023\/04\/predni-pohled-2048x1152.jpg 2048w, https:\/\/www.design-award.cz\/wp-content\/uploads\/2023\/04\/predni-pohled-500x281.jpg 500w, https:\/\/www.design-award.cz\/wp-content\/uploads\/2023\/04\/predni-pohled-800x450.jpg 800w, https:\/\/www.design-award.cz\/wp-content\/uploads\/2023\/04\/predni-pohled-1280x720.jpg 1280w\" data-sizes=\"auto\" loading=\"eager\">\n\t\t<\/a>\t<\/div>\n<\/div>\n\t<figcaption class=\"vp-portfolio__item-overlay vp-portfolio__item-overlay-text-align-center\">\n\t\t<div class=\"vp-portfolio__item-meta-wrap vp-portfolio__custom-scrollbar\">\n\t\t\t\t<a\n\t\thref=\"https:\/\/www.design-award.cz\/?portfolio=verejny-interier-kancelar-pro-poradenstvi-s-otehotnenim\"\n\t\ttabindex=\"-1\" class=\"vp-portfolio__item-meta\" \t>\n\t\n<div class=\"vp-portfolio__item-meta-categories\">\n\t\t\t<div class=\"vp-portfolio__item-meta-category\">\n\t\t\t\t<span\t\t\t>\n\tSOUT\u011a\u017d\u00cdC\u00cd 2023<\/span>\t\t<\/div>\n\t\t<\/div>\n\n<h2 class=\"vp-portfolio__item-meta-title\">\n\tVe\u0159ejn\u00fd interi\u00e9r &#8211; Kancel\u00e1\u0159 pro poradenstv\u00ed s ot\u011bhotn\u011bn\u00edm<\/h2>\n<\/a>\t\t<\/div>\n\t<\/figcaption>\n\t\t\t<\/figure>\n\t\t\t\t\t<\/article>\n\t\t\n\t\t<article\t\tclass=\"vp-portfolio__item-wrap post-4467 portfolio type-portfolio status-publish format-standard has-post-thumbnail hentry entry has-media vp-portfolio__item-uid-06891d78\" data-vp-filter=\"\" \t\t>\n\t\t\t\t\t\t\t\t\t<figure class=\"vp-portfolio__item\">\n\t\t\t\t\n<div class=\"vp-portfolio__item-img-wrap\">\n\t<div class=\"vp-portfolio__item-img\">\n\t\t\t<a\n\t\thref=\"https:\/\/www.design-award.cz\/?portfolio=interierovy-design-loft\"\n\t\t\t>\n\t\n\t\t<noscript><img decoding=\"async\" width=\"1920\" height=\"1440\" data-skip-lazy src=\"https:\/\/www.design-award.cz\/wp-content\/uploads\/2025\/05\/HiPaint_17435202110051-1920x1440.jpg\" class=\"wp-image-4468\" alt=\"\" srcset=\"https:\/\/www.design-award.cz\/wp-content\/uploads\/2025\/05\/HiPaint_17435202110051-1920x1440.jpg 1920w, https:\/\/www.design-award.cz\/wp-content\/uploads\/2025\/05\/HiPaint_17435202110051-300x225.jpg 300w, https:\/\/www.design-award.cz\/wp-content\/uploads\/2025\/05\/HiPaint_17435202110051-1024x768.jpg 1024w, https:\/\/www.design-award.cz\/wp-content\/uploads\/2025\/05\/HiPaint_17435202110051-768x576.jpg 768w, https:\/\/www.design-award.cz\/wp-content\/uploads\/2025\/05\/HiPaint_17435202110051-1536x1152.jpg 1536w, https:\/\/www.design-award.cz\/wp-content\/uploads\/2025\/05\/HiPaint_17435202110051-2048x1536.jpg 2048w, https:\/\/www.design-award.cz\/wp-content\/uploads\/2025\/05\/HiPaint_17435202110051-500x375.jpg 500w, https:\/\/www.design-award.cz\/wp-content\/uploads\/2025\/05\/HiPaint_17435202110051-800x600.jpg 800w, https:\/\/www.design-award.cz\/wp-content\/uploads\/2025\/05\/HiPaint_17435202110051-1280x960.jpg 1280w\" sizes=\"(max-width: 1920px) 100vw, 1920px\" \/><\/noscript><img decoding=\"async\" width=\"1920\" height=\"1440\" src=\"https:\/\/www.design-award.cz\/wp-content\/uploads\/2025\/05\/HiPaint_17435202110051-1920x1440.jpg\" class=\"wp-image-4468 vp-lazyload\" alt srcset=\"data:image\/svg+xml;base64,PHN2ZyB3aWR0aD0iMTkyMCIgaGVpZ2h0PSIxNDQwIiB2aWV3Qm94PSIwIDAgMTkyMCAxNDQwIiBmaWxsPSJub25lIiB4bWxucz0iaHR0cDovL3d3dy53My5vcmcvMjAwMC9zdmciPjwvc3ZnPg==\" data-src=\"https:\/\/www.design-award.cz\/wp-content\/uploads\/2025\/05\/HiPaint_17435202110051-1920x1440.jpg\" data-srcset=\"https:\/\/www.design-award.cz\/wp-content\/uploads\/2025\/05\/HiPaint_17435202110051-1920x1440.jpg 1920w, https:\/\/www.design-award.cz\/wp-content\/uploads\/2025\/05\/HiPaint_17435202110051-300x225.jpg 300w, https:\/\/www.design-award.cz\/wp-content\/uploads\/2025\/05\/HiPaint_17435202110051-1024x768.jpg 1024w, https:\/\/www.design-award.cz\/wp-content\/uploads\/2025\/05\/HiPaint_17435202110051-768x576.jpg 768w, https:\/\/www.design-award.cz\/wp-content\/uploads\/2025\/05\/HiPaint_17435202110051-1536x1152.jpg 1536w, https:\/\/www.design-award.cz\/wp-content\/uploads\/2025\/05\/HiPaint_17435202110051-2048x1536.jpg 2048w, https:\/\/www.design-award.cz\/wp-content\/uploads\/2025\/05\/HiPaint_17435202110051-500x375.jpg 500w, https:\/\/www.design-award.cz\/wp-content\/uploads\/2025\/05\/HiPaint_17435202110051-800x600.jpg 800w, https:\/\/www.design-award.cz\/wp-content\/uploads\/2025\/05\/HiPaint_17435202110051-1280x960.jpg 1280w\" data-sizes=\"auto\" loading=\"eager\">\n\t\t<\/a>\t<\/div>\n<\/div>\n\t<figcaption class=\"vp-portfolio__item-overlay vp-portfolio__item-overlay-text-align-center\">\n\t\t<div class=\"vp-portfolio__item-meta-wrap vp-portfolio__custom-scrollbar\">\n\t\t\t\t<a\n\t\thref=\"https:\/\/www.design-award.cz\/?portfolio=interierovy-design-loft\"\n\t\ttabindex=\"-1\" class=\"vp-portfolio__item-meta\" \t>\n\t\n<h2 class=\"vp-portfolio__item-meta-title\">\n\tInteri\u00e9rov\u00fd design &#8211; Loft<\/h2>\n<\/a>\t\t<\/div>\n\t<\/figcaption>\n\t\t\t<\/figure>\n\t\t\t\t\t<\/article>\n\t\t\n\t\t<article\t\tclass=\"vp-portfolio__item-wrap post-4708 portfolio type-portfolio status-publish format-standard has-post-thumbnail hentry entry has-media vp-portfolio__item-uid-c22a1936\" data-vp-filter=\"\" \t\t>\n\t\t\t\t\t\t\t\t\t<figure class=\"vp-portfolio__item\">\n\t\t\t\t\n<div class=\"vp-portfolio__item-img-wrap\">\n\t<div class=\"vp-portfolio__item-img\">\n\t\t\t<a\n\t\thref=\"https:\/\/www.design-award.cz\/?portfolio=produktovy-design-fold-eco-chair\"\n\t\t\t>\n\t\n\t\t<noscript><img decoding=\"async\" width=\"1600\" height=\"1200\" data-skip-lazy src=\"https:\/\/www.design-award.cz\/wp-content\/uploads\/2025\/06\/render_1_havelkova.jpg\" class=\"wp-image-4715\" alt=\"\" srcset=\"https:\/\/www.design-award.cz\/wp-content\/uploads\/2025\/06\/render_1_havelkova.jpg 1600w, https:\/\/www.design-award.cz\/wp-content\/uploads\/2025\/06\/render_1_havelkova-300x225.jpg 300w, https:\/\/www.design-award.cz\/wp-content\/uploads\/2025\/06\/render_1_havelkova-1024x768.jpg 1024w, https:\/\/www.design-award.cz\/wp-content\/uploads\/2025\/06\/render_1_havelkova-768x576.jpg 768w, https:\/\/www.design-award.cz\/wp-content\/uploads\/2025\/06\/render_1_havelkova-1536x1152.jpg 1536w, https:\/\/www.design-award.cz\/wp-content\/uploads\/2025\/06\/render_1_havelkova-500x375.jpg 500w, https:\/\/www.design-award.cz\/wp-content\/uploads\/2025\/06\/render_1_havelkova-800x600.jpg 800w, https:\/\/www.design-award.cz\/wp-content\/uploads\/2025\/06\/render_1_havelkova-1280x960.jpg 1280w\" sizes=\"(max-width: 1600px) 100vw, 1600px\" \/><\/noscript><img decoding=\"async\" width=\"1600\" height=\"1200\" src=\"https:\/\/www.design-award.cz\/wp-content\/uploads\/2025\/06\/render_1_havelkova.jpg\" class=\"wp-image-4715 vp-lazyload\" alt srcset=\"data:image\/svg+xml;base64,PHN2ZyB3aWR0aD0iMTYwMCIgaGVpZ2h0PSIxMjAwIiB2aWV3Qm94PSIwIDAgMTYwMCAxMjAwIiBmaWxsPSJub25lIiB4bWxucz0iaHR0cDovL3d3dy53My5vcmcvMjAwMC9zdmciPjwvc3ZnPg==\" data-src=\"https:\/\/www.design-award.cz\/wp-content\/uploads\/2025\/06\/render_1_havelkova.jpg\" data-srcset=\"https:\/\/www.design-award.cz\/wp-content\/uploads\/2025\/06\/render_1_havelkova.jpg 1600w, https:\/\/www.design-award.cz\/wp-content\/uploads\/2025\/06\/render_1_havelkova-300x225.jpg 300w, https:\/\/www.design-award.cz\/wp-content\/uploads\/2025\/06\/render_1_havelkova-1024x768.jpg 1024w, https:\/\/www.design-award.cz\/wp-content\/uploads\/2025\/06\/render_1_havelkova-768x576.jpg 768w, https:\/\/www.design-award.cz\/wp-content\/uploads\/2025\/06\/render_1_havelkova-1536x1152.jpg 1536w, https:\/\/www.design-award.cz\/wp-content\/uploads\/2025\/06\/render_1_havelkova-500x375.jpg 500w, https:\/\/www.design-award.cz\/wp-content\/uploads\/2025\/06\/render_1_havelkova-800x600.jpg 800w, https:\/\/www.design-award.cz\/wp-content\/uploads\/2025\/06\/render_1_havelkova-1280x960.jpg 1280w\" data-sizes=\"auto\" loading=\"eager\">\n\t\t<\/a>\t<\/div>\n<\/div>\n\t<figcaption class=\"vp-portfolio__item-overlay vp-portfolio__item-overlay-text-align-center\">\n\t\t<div class=\"vp-portfolio__item-meta-wrap vp-portfolio__custom-scrollbar\">\n\t\t\t\t<a\n\t\thref=\"https:\/\/www.design-award.cz\/?portfolio=produktovy-design-fold-eco-chair\"\n\t\ttabindex=\"-1\" class=\"vp-portfolio__item-meta\" \t>\n\t\n<h2 class=\"vp-portfolio__item-meta-title\">\n\tProduktov\u00fd design &#8211; FOLD-ECO Chair<\/h2>\n<\/a>\t\t<\/div>\n\t<\/figcaption>\n\t\t\t<\/figure>\n\t\t\t\t\t<\/article>\n\t\t\n\t\t<article\t\tclass=\"vp-portfolio__item-wrap post-1988 portfolio type-portfolio status-publish format-standard has-post-thumbnail hentry portfolio_category-soutezici-2023 entry has-media vp-portfolio__item-uid-37b34e06\" data-vp-filter=\"soutezici-2023\" \t\t>\n\t\t\t\t\t\t\t\t\t<figure class=\"vp-portfolio__item\">\n\t\t\t\t\n<div class=\"vp-portfolio__item-img-wrap\">\n\t<div class=\"vp-portfolio__item-img\">\n\t\t\t<a\n\t\thref=\"https:\/\/www.design-award.cz\/?portfolio=soukromy-interier-studentsky-pokoj-two-faces\"\n\t\t\t>\n\t\n\t\t<noscript><img decoding=\"async\" width=\"900\" height=\"576\" data-skip-lazy src=\"https:\/\/www.design-award.cz\/wp-content\/uploads\/2023\/04\/vizualizace-poster1.png\" class=\"wp-image-1991\" alt=\"\" srcset=\"https:\/\/www.design-award.cz\/wp-content\/uploads\/2023\/04\/vizualizace-poster1.png 900w, https:\/\/www.design-award.cz\/wp-content\/uploads\/2023\/04\/vizualizace-poster1-300x192.png 300w, https:\/\/www.design-award.cz\/wp-content\/uploads\/2023\/04\/vizualizace-poster1-768x492.png 768w, https:\/\/www.design-award.cz\/wp-content\/uploads\/2023\/04\/vizualizace-poster1-500x320.png 500w, https:\/\/www.design-award.cz\/wp-content\/uploads\/2023\/04\/vizualizace-poster1-800x512.png 800w\" sizes=\"(max-width: 900px) 100vw, 900px\" \/><\/noscript><img decoding=\"async\" width=\"900\" height=\"576\" src=\"https:\/\/www.design-award.cz\/wp-content\/uploads\/2023\/04\/vizualizace-poster1.png\" class=\"wp-image-1991 vp-lazyload\" alt srcset=\"data:image\/svg+xml;base64,PHN2ZyB3aWR0aD0iOTAwIiBoZWlnaHQ9IjU3NiIgdmlld0JveD0iMCAwIDkwMCA1NzYiIGZpbGw9Im5vbmUiIHhtbG5zPSJodHRwOi8vd3d3LnczLm9yZy8yMDAwL3N2ZyI+PC9zdmc+\" data-src=\"https:\/\/www.design-award.cz\/wp-content\/uploads\/2023\/04\/vizualizace-poster1.png\" data-srcset=\"https:\/\/www.design-award.cz\/wp-content\/uploads\/2023\/04\/vizualizace-poster1.png 900w, https:\/\/www.design-award.cz\/wp-content\/uploads\/2023\/04\/vizualizace-poster1-300x192.png 300w, https:\/\/www.design-award.cz\/wp-content\/uploads\/2023\/04\/vizualizace-poster1-768x492.png 768w, https:\/\/www.design-award.cz\/wp-content\/uploads\/2023\/04\/vizualizace-poster1-500x320.png 500w, https:\/\/www.design-award.cz\/wp-content\/uploads\/2023\/04\/vizualizace-poster1-800x512.png 800w\" data-sizes=\"auto\" loading=\"eager\">\n\t\t<\/a>\t<\/div>\n<\/div>\n\t<figcaption class=\"vp-portfolio__item-overlay vp-portfolio__item-overlay-text-align-center\">\n\t\t<div class=\"vp-portfolio__item-meta-wrap vp-portfolio__custom-scrollbar\">\n\t\t\t\t<a\n\t\thref=\"https:\/\/www.design-award.cz\/?portfolio=soukromy-interier-studentsky-pokoj-two-faces\"\n\t\ttabindex=\"-1\" class=\"vp-portfolio__item-meta\" \t>\n\t\n<div class=\"vp-portfolio__item-meta-categories\">\n\t\t\t<div class=\"vp-portfolio__item-meta-category\">\n\t\t\t\t<span\t\t\t>\n\tSOUT\u011a\u017d\u00cdC\u00cd 2023<\/span>\t\t<\/div>\n\t\t<\/div>\n\n<h2 class=\"vp-portfolio__item-meta-title\">\n\tSoukrom\u00fd interi\u00e9r &#8211; Studentsk\u00fd pokoj &#8211; Two faces<\/h2>\n<\/a>\t\t<\/div>\n\t<\/figcaption>\n\t\t\t<\/figure>\n\t\t\t\t\t<\/article>\n\t\t\n\t\t<article\t\tclass=\"vp-portfolio__item-wrap post-4460 portfolio type-portfolio status-publish format-standard has-post-thumbnail hentry entry has-media vp-portfolio__item-uid-98ed88db\" data-vp-filter=\"\" \t\t>\n\t\t\t\t\t\t\t\t\t<figure class=\"vp-portfolio__item\">\n\t\t\t\t\n<div class=\"vp-portfolio__item-img-wrap\">\n\t<div class=\"vp-portfolio__item-img\">\n\t\t\t<a\n\t\thref=\"https:\/\/www.design-award.cz\/?portfolio=interierovy-design-prazsky-byt\"\n\t\t\t>\n\t\n\t\t<noscript><img decoding=\"async\" width=\"1920\" height=\"1358\" data-skip-lazy src=\"https:\/\/www.design-award.cz\/wp-content\/uploads\/2025\/05\/Portfolio-Martin-Zaruba_Stranka_14-1920x1358.jpg\" class=\"wp-image-4463\" alt=\"\" srcset=\"https:\/\/www.design-award.cz\/wp-content\/uploads\/2025\/05\/Portfolio-Martin-Zaruba_Stranka_14-1920x1358.jpg 1920w, https:\/\/www.design-award.cz\/wp-content\/uploads\/2025\/05\/Portfolio-Martin-Zaruba_Stranka_14-300x212.jpg 300w, https:\/\/www.design-award.cz\/wp-content\/uploads\/2025\/05\/Portfolio-Martin-Zaruba_Stranka_14-1024x724.jpg 1024w, https:\/\/www.design-award.cz\/wp-content\/uploads\/2025\/05\/Portfolio-Martin-Zaruba_Stranka_14-768x543.jpg 768w, https:\/\/www.design-award.cz\/wp-content\/uploads\/2025\/05\/Portfolio-Martin-Zaruba_Stranka_14-1536x1086.jpg 1536w, https:\/\/www.design-award.cz\/wp-content\/uploads\/2025\/05\/Portfolio-Martin-Zaruba_Stranka_14-2048x1448.jpg 2048w, https:\/\/www.design-award.cz\/wp-content\/uploads\/2025\/05\/Portfolio-Martin-Zaruba_Stranka_14-500x354.jpg 500w, https:\/\/www.design-award.cz\/wp-content\/uploads\/2025\/05\/Portfolio-Martin-Zaruba_Stranka_14-800x566.jpg 800w, https:\/\/www.design-award.cz\/wp-content\/uploads\/2025\/05\/Portfolio-Martin-Zaruba_Stranka_14-1280x905.jpg 1280w\" sizes=\"(max-width: 1920px) 100vw, 1920px\" \/><\/noscript><img decoding=\"async\" width=\"1920\" height=\"1358\" src=\"https:\/\/www.design-award.cz\/wp-content\/uploads\/2025\/05\/Portfolio-Martin-Zaruba_Stranka_14-1920x1358.jpg\" class=\"wp-image-4463 vp-lazyload\" alt srcset=\"data:image\/svg+xml;base64,PHN2ZyB3aWR0aD0iMTkyMCIgaGVpZ2h0PSIxMzU4IiB2aWV3Qm94PSIwIDAgMTkyMCAxMzU4IiBmaWxsPSJub25lIiB4bWxucz0iaHR0cDovL3d3dy53My5vcmcvMjAwMC9zdmciPjwvc3ZnPg==\" data-src=\"https:\/\/www.design-award.cz\/wp-content\/uploads\/2025\/05\/Portfolio-Martin-Zaruba_Stranka_14-1920x1358.jpg\" data-srcset=\"https:\/\/www.design-award.cz\/wp-content\/uploads\/2025\/05\/Portfolio-Martin-Zaruba_Stranka_14-1920x1358.jpg 1920w, https:\/\/www.design-award.cz\/wp-content\/uploads\/2025\/05\/Portfolio-Martin-Zaruba_Stranka_14-300x212.jpg 300w, https:\/\/www.design-award.cz\/wp-content\/uploads\/2025\/05\/Portfolio-Martin-Zaruba_Stranka_14-1024x724.jpg 1024w, https:\/\/www.design-award.cz\/wp-content\/uploads\/2025\/05\/Portfolio-Martin-Zaruba_Stranka_14-768x543.jpg 768w, https:\/\/www.design-award.cz\/wp-content\/uploads\/2025\/05\/Portfolio-Martin-Zaruba_Stranka_14-1536x1086.jpg 1536w, https:\/\/www.design-award.cz\/wp-content\/uploads\/2025\/05\/Portfolio-Martin-Zaruba_Stranka_14-2048x1448.jpg 2048w, https:\/\/www.design-award.cz\/wp-content\/uploads\/2025\/05\/Portfolio-Martin-Zaruba_Stranka_14-500x354.jpg 500w, https:\/\/www.design-award.cz\/wp-content\/uploads\/2025\/05\/Portfolio-Martin-Zaruba_Stranka_14-800x566.jpg 800w, https:\/\/www.design-award.cz\/wp-content\/uploads\/2025\/05\/Portfolio-Martin-Zaruba_Stranka_14-1280x905.jpg 1280w\" data-sizes=\"auto\" loading=\"eager\">\n\t\t<\/a>\t<\/div>\n<\/div>\n\t<figcaption class=\"vp-portfolio__item-overlay vp-portfolio__item-overlay-text-align-center\">\n\t\t<div class=\"vp-portfolio__item-meta-wrap vp-portfolio__custom-scrollbar\">\n\t\t\t\t<a\n\t\thref=\"https:\/\/www.design-award.cz\/?portfolio=interierovy-design-prazsky-byt\"\n\t\ttabindex=\"-1\" class=\"vp-portfolio__item-meta\" \t>\n\t\n<h2 class=\"vp-portfolio__item-meta-title\">\n\tInteri\u00e9rov\u00fd design &#8211; Pra\u017esk\u00fd byt<\/h2>\n<\/a>\t\t<\/div>\n\t<\/figcaption>\n\t\t\t<\/figure>\n\t\t\t\t\t<\/article>\n\t\t\n\t\t<article\t\tclass=\"vp-portfolio__item-wrap post-4521 portfolio type-portfolio status-publish format-standard has-post-thumbnail hentry entry has-media vp-portfolio__item-uid-8a44177e\" data-vp-filter=\"\" \t\t>\n\t\t\t\t\t\t\t\t\t<figure class=\"vp-portfolio__item\">\n\t\t\t\t\n<div class=\"vp-portfolio__item-img-wrap\">\n\t<div class=\"vp-portfolio__item-img\">\n\t\t\t<a\n\t\thref=\"https:\/\/www.design-award.cz\/?portfolio=produktovy-design-kreslo-mycer\"\n\t\t\t>\n\t\n\t\t<noscript><img decoding=\"async\" width=\"1727\" height=\"844\" data-skip-lazy src=\"https:\/\/www.design-award.cz\/wp-content\/uploads\/2025\/05\/render-maly-.jpg\" class=\"wp-image-4524\" alt=\"\" srcset=\"https:\/\/www.design-award.cz\/wp-content\/uploads\/2025\/05\/render-maly-.jpg 1727w, https:\/\/www.design-award.cz\/wp-content\/uploads\/2025\/05\/render-maly--300x147.jpg 300w, https:\/\/www.design-award.cz\/wp-content\/uploads\/2025\/05\/render-maly--1024x500.jpg 1024w, https:\/\/www.design-award.cz\/wp-content\/uploads\/2025\/05\/render-maly--768x375.jpg 768w, https:\/\/www.design-award.cz\/wp-content\/uploads\/2025\/05\/render-maly--1536x751.jpg 1536w, https:\/\/www.design-award.cz\/wp-content\/uploads\/2025\/05\/render-maly--500x244.jpg 500w, https:\/\/www.design-award.cz\/wp-content\/uploads\/2025\/05\/render-maly--800x391.jpg 800w, https:\/\/www.design-award.cz\/wp-content\/uploads\/2025\/05\/render-maly--1280x626.jpg 1280w\" sizes=\"(max-width: 1727px) 100vw, 1727px\" \/><\/noscript><img decoding=\"async\" width=\"1727\" height=\"844\" src=\"https:\/\/www.design-award.cz\/wp-content\/uploads\/2025\/05\/render-maly-.jpg\" class=\"wp-image-4524 vp-lazyload\" alt srcset=\"data:image\/svg+xml;base64,PHN2ZyB3aWR0aD0iMTcyNyIgaGVpZ2h0PSI4NDQiIHZpZXdCb3g9IjAgMCAxNzI3IDg0NCIgZmlsbD0ibm9uZSIgeG1sbnM9Imh0dHA6Ly93d3cudzMub3JnLzIwMDAvc3ZnIj48L3N2Zz4=\" data-src=\"https:\/\/www.design-award.cz\/wp-content\/uploads\/2025\/05\/render-maly-.jpg\" data-srcset=\"https:\/\/www.design-award.cz\/wp-content\/uploads\/2025\/05\/render-maly-.jpg 1727w, https:\/\/www.design-award.cz\/wp-content\/uploads\/2025\/05\/render-maly--300x147.jpg 300w, https:\/\/www.design-award.cz\/wp-content\/uploads\/2025\/05\/render-maly--1024x500.jpg 1024w, https:\/\/www.design-award.cz\/wp-content\/uploads\/2025\/05\/render-maly--768x375.jpg 768w, https:\/\/www.design-award.cz\/wp-content\/uploads\/2025\/05\/render-maly--1536x751.jpg 1536w, https:\/\/www.design-award.cz\/wp-content\/uploads\/2025\/05\/render-maly--500x244.jpg 500w, https:\/\/www.design-award.cz\/wp-content\/uploads\/2025\/05\/render-maly--800x391.jpg 800w, https:\/\/www.design-award.cz\/wp-content\/uploads\/2025\/05\/render-maly--1280x626.jpg 1280w\" data-sizes=\"auto\" loading=\"eager\">\n\t\t<\/a>\t<\/div>\n<\/div>\n\t<figcaption class=\"vp-portfolio__item-overlay vp-portfolio__item-overlay-text-align-center\">\n\t\t<div class=\"vp-portfolio__item-meta-wrap vp-portfolio__custom-scrollbar\">\n\t\t\t\t<a\n\t\thref=\"https:\/\/www.design-award.cz\/?portfolio=produktovy-design-kreslo-mycer\"\n\t\ttabindex=\"-1\" class=\"vp-portfolio__item-meta\" \t>\n\t\n<h2 class=\"vp-portfolio__item-meta-title\">\n\tProduktov\u00fd design &#8211; K\u0159eslo MYCER<\/h2>\n<\/a>\t\t<\/div>\n\t<\/figcaption>\n\t\t\t<\/figure>\n\t\t\t\t\t<\/article>\n\t\t\n\t\t<article\t\tclass=\"vp-portfolio__item-wrap post-2349 portfolio type-portfolio status-publish format-standard has-post-thumbnail hentry portfolio_category-soutezici-2023 entry has-media vp-portfolio__item-uid-f3231ba4\" data-vp-filter=\"soutezici-2023\" \t\t>\n\t\t\t\t\t\t\t\t\t<figure class=\"vp-portfolio__item\">\n\t\t\t\t\n<div class=\"vp-portfolio__item-img-wrap\">\n\t<div class=\"vp-portfolio__item-img\">\n\t\t\t<a\n\t\thref=\"https:\/\/www.design-award.cz\/?portfolio=soukromy-interier-byt-ve-stylu-art-deco\"\n\t\t\t>\n\t\n\t\t<noscript><img decoding=\"async\" width=\"1920\" height=\"2716\" data-skip-lazy src=\"https:\/\/www.design-award.cz\/wp-content\/uploads\/2023\/04\/Katerina-Mateju-kolaz-vizualizace2-1920x2716.jpg\" class=\"wp-image-2353\" alt=\"\" srcset=\"https:\/\/www.design-award.cz\/wp-content\/uploads\/2023\/04\/Katerina-Mateju-kolaz-vizualizace2-1920x2716.jpg 1920w, https:\/\/www.design-award.cz\/wp-content\/uploads\/2023\/04\/Katerina-Mateju-kolaz-vizualizace2-212x300.jpg 212w, https:\/\/www.design-award.cz\/wp-content\/uploads\/2023\/04\/Katerina-Mateju-kolaz-vizualizace2-724x1024.jpg 724w, https:\/\/www.design-award.cz\/wp-content\/uploads\/2023\/04\/Katerina-Mateju-kolaz-vizualizace2-768x1086.jpg 768w, https:\/\/www.design-award.cz\/wp-content\/uploads\/2023\/04\/Katerina-Mateju-kolaz-vizualizace2-1086x1536.jpg 1086w, https:\/\/www.design-award.cz\/wp-content\/uploads\/2023\/04\/Katerina-Mateju-kolaz-vizualizace2-1448x2048.jpg 1448w, https:\/\/www.design-award.cz\/wp-content\/uploads\/2023\/04\/Katerina-Mateju-kolaz-vizualizace2-500x707.jpg 500w, https:\/\/www.design-award.cz\/wp-content\/uploads\/2023\/04\/Katerina-Mateju-kolaz-vizualizace2-800x1132.jpg 800w, https:\/\/www.design-award.cz\/wp-content\/uploads\/2023\/04\/Katerina-Mateju-kolaz-vizualizace2-1280x1811.jpg 1280w, https:\/\/www.design-award.cz\/wp-content\/uploads\/2023\/04\/Katerina-Mateju-kolaz-vizualizace2-scaled.jpg 1810w\" sizes=\"(max-width: 1920px) 100vw, 1920px\" \/><\/noscript><img decoding=\"async\" width=\"1920\" height=\"2716\" src=\"https:\/\/www.design-award.cz\/wp-content\/uploads\/2023\/04\/Katerina-Mateju-kolaz-vizualizace2-1920x2716.jpg\" class=\"wp-image-2353 vp-lazyload\" alt srcset=\"data:image\/svg+xml;base64,PHN2ZyB3aWR0aD0iMTkyMCIgaGVpZ2h0PSIyNzE2IiB2aWV3Qm94PSIwIDAgMTkyMCAyNzE2IiBmaWxsPSJub25lIiB4bWxucz0iaHR0cDovL3d3dy53My5vcmcvMjAwMC9zdmciPjwvc3ZnPg==\" data-src=\"https:\/\/www.design-award.cz\/wp-content\/uploads\/2023\/04\/Katerina-Mateju-kolaz-vizualizace2-1920x2716.jpg\" data-srcset=\"https:\/\/www.design-award.cz\/wp-content\/uploads\/2023\/04\/Katerina-Mateju-kolaz-vizualizace2-1920x2716.jpg 1920w, https:\/\/www.design-award.cz\/wp-content\/uploads\/2023\/04\/Katerina-Mateju-kolaz-vizualizace2-212x300.jpg 212w, https:\/\/www.design-award.cz\/wp-content\/uploads\/2023\/04\/Katerina-Mateju-kolaz-vizualizace2-724x1024.jpg 724w, https:\/\/www.design-award.cz\/wp-content\/uploads\/2023\/04\/Katerina-Mateju-kolaz-vizualizace2-768x1086.jpg 768w, https:\/\/www.design-award.cz\/wp-content\/uploads\/2023\/04\/Katerina-Mateju-kolaz-vizualizace2-1086x1536.jpg 1086w, https:\/\/www.design-award.cz\/wp-content\/uploads\/2023\/04\/Katerina-Mateju-kolaz-vizualizace2-1448x2048.jpg 1448w, https:\/\/www.design-award.cz\/wp-content\/uploads\/2023\/04\/Katerina-Mateju-kolaz-vizualizace2-500x707.jpg 500w, https:\/\/www.design-award.cz\/wp-content\/uploads\/2023\/04\/Katerina-Mateju-kolaz-vizualizace2-800x1132.jpg 800w, https:\/\/www.design-award.cz\/wp-content\/uploads\/2023\/04\/Katerina-Mateju-kolaz-vizualizace2-1280x1811.jpg 1280w, https:\/\/www.design-award.cz\/wp-content\/uploads\/2023\/04\/Katerina-Mateju-kolaz-vizualizace2-scaled.jpg 1810w\" data-sizes=\"auto\" loading=\"eager\">\n\t\t<\/a>\t<\/div>\n<\/div>\n\t<figcaption class=\"vp-portfolio__item-overlay vp-portfolio__item-overlay-text-align-center\">\n\t\t<div class=\"vp-portfolio__item-meta-wrap vp-portfolio__custom-scrollbar\">\n\t\t\t\t<a\n\t\thref=\"https:\/\/www.design-award.cz\/?portfolio=soukromy-interier-byt-ve-stylu-art-deco\"\n\t\ttabindex=\"-1\" class=\"vp-portfolio__item-meta\" \t>\n\t\n<div class=\"vp-portfolio__item-meta-categories\">\n\t\t\t<div class=\"vp-portfolio__item-meta-category\">\n\t\t\t\t<span\t\t\t>\n\tSOUT\u011a\u017d\u00cdC\u00cd 2023<\/span>\t\t<\/div>\n\t\t<\/div>\n\n<h2 class=\"vp-portfolio__item-meta-title\">\n\tSoukrom\u00fd interi\u00e9r &#8211; Byt ve stylu Art Deco<\/h2>\n<\/a>\t\t<\/div>\n\t<\/figcaption>\n\t\t\t<\/figure>\n\t\t\t\t\t<\/article>\n\t\t\n<\/div>\n\n<div class=\"vp-portfolio__items-arrow vp-portfolio__items-arrow-prev\" tabindex=\"0\" role=\"button\" aria-label=\"Previous Slide\">\n\t\n<svg class=\"vp-svg-icon\" width=\"20\" height=\"20\" viewBox=\"0 0 20 20\" fill=\"none\" xmlns=\"http:\/\/www.w3.org\/2000\/svg\">\n\t<path d=\"M12 4L6 10L12 16\" stroke=\"currentColor\" stroke-width=\"1.5\" stroke-linecap=\"round\" stroke-linejoin=\"round\" fill=\"transparent\" \/>\n<\/svg>\n<\/div>\n<div class=\"vp-portfolio__items-arrow vp-portfolio__items-arrow-next\" tabindex=\"0\" role=\"button\" aria-label=\"Next Slide\">\n\t\n<svg class=\"vp-svg-icon\" width=\"20\" height=\"20\" viewBox=\"0 0 20 20\" fill=\"none\" xmlns=\"http:\/\/www.w3.org\/2000\/svg\">\n\t<path d=\"M8 4L14 10L8 16\" stroke=\"currentColor\" stroke-width=\"1.5\" stroke-linecap=\"round\" stroke-linejoin=\"round\" fill=\"transparent\" \/>\n<\/svg>\n<\/div>\n\t\t<\/div>\n\t\t\t\t<div class=\"vp-portfolio__layout-elements vp-portfolio__layout-elements-bottom vp-portfolio__layout-elements-align-center\">\n\t\t\t\t<div class=\"vp-portfolio__pagination-wrap\">\n\t\t\n<div class=\"vp-pagination vp-pagination__style-minimal\" data-vp-pagination-type=\"load-more\">\n\t<div class=\"vp-pagination__item\">\n\t\t<a class=\"vp-pagination__load-more\" href=\"https:\/\/www.design-award.cz\/index.php?rest_route=%2Fwp%2Fv2%2Fportfolio%2F1117&#038;vp_page=2\">\n\t\t\t<span>Load More<\/span>\n\t\t\t<span class=\"vp-pagination__load-more-loading\"><span class=\"vp-spinner\"><\/span><span class=\"vp-screen-reader-text\"> Loading More&#8230;<\/span><\/span>\n\t\t\t<span class=\"vp-pagination__load-more-no-more\">You\u2019ve reached the end of the list<\/span>\n\t\t<\/a>\n\t<\/div>\n<\/div>\n\t\t<\/div>\n\t\t\t\t<\/div>\n\t\t\n<\/div>\n<\/div>","protected":false},"excerpt":{"rendered":"<p>Lucie R\u016f\u017ei\u010dkov\u00e1 MICHAEL &#8211; S\u0160 a VO\u0160 reklamn\u00ed a um\u011bleck\u00e9 tvorby, s.r.o. Na za\u010d\u00e1tku \u0161koln\u00edho roku jsme dostali za \u00fakol vytvo\u0159it n\u00e1vrh pokoje pro d\u00edt\u011b ve v\u011bku 5-6 let. Obdr\u017eeli jsme p\u016fdorys s rozm\u011bry a jako dopl\u0148uj\u00edc\u00ed zad\u00e1n\u00ed jsme si losov\u00e1n\u00ed pohlav\u00ed d\u00edt\u011bte, pro kter\u00e9 bude pokoj ur\u010den. J\u00e1 si vylosovala d\u00edvku, kter\u00e1 p\u00ed\u0161e pravou [&hellip;]<\/p>\n","protected":false},"author":1,"featured_media":1118,"menu_order":0,"comment_status":"closed","ping_status":"closed","template":"","format":"standard","meta":{"ngg_post_thumbnail":0,"ocean_post_layout":"","ocean_both_sidebars_style":"","ocean_both_sidebars_content_width":0,"ocean_both_sidebars_sidebars_width":0,"ocean_sidebar":"","ocean_second_sidebar":"","ocean_disable_margins":"enable","ocean_add_body_class":"","ocean_shortcode_before_top_bar":"","ocean_shortcode_after_top_bar":"","ocean_shortcode_before_header":"","ocean_shortcode_after_header":"","ocean_has_shortcode":"","ocean_shortcode_after_title":"","ocean_shortcode_before_footer_widgets":"","ocean_shortcode_after_footer_widgets":"","ocean_shortcode_before_footer_bottom":"","ocean_shortcode_after_footer_bottom":"","ocean_display_top_bar":"default","ocean_display_header":"default","ocean_header_style":"","ocean_center_header_left_menu":"","ocean_custom_header_template":"","ocean_custom_logo":0,"ocean_custom_retina_logo":0,"ocean_custom_logo_max_width":0,"ocean_custom_logo_tablet_max_width":0,"ocean_custom_logo_mobile_max_width":0,"ocean_custom_logo_max_height":0,"ocean_custom_logo_tablet_max_height":0,"ocean_custom_logo_mobile_max_height":0,"ocean_header_custom_menu":"","ocean_menu_typo_font_family":"","ocean_menu_typo_font_subset":"","ocean_menu_typo_font_size":0,"ocean_menu_typo_font_size_tablet":0,"ocean_menu_typo_font_size_mobile":0,"ocean_menu_typo_font_size_unit":"px","ocean_menu_typo_font_weight":"","ocean_menu_typo_font_weight_tablet":"","ocean_menu_typo_font_weight_mobile":"","ocean_menu_typo_transform":"","ocean_menu_typo_transform_tablet":"","ocean_menu_typo_transform_mobile":"","ocean_menu_typo_line_height":0,"ocean_menu_typo_line_height_tablet":0,"ocean_menu_typo_line_height_mobile":0,"ocean_menu_typo_line_height_unit":"","ocean_menu_typo_spacing":0,"ocean_menu_typo_spacing_tablet":0,"ocean_menu_typo_spacing_mobile":0,"ocean_menu_typo_spacing_unit":"","ocean_menu_link_color":"","ocean_menu_link_color_hover":"","ocean_menu_link_color_active":"","ocean_menu_link_background":"","ocean_menu_link_hover_background":"","ocean_menu_link_active_background":"","ocean_menu_social_links_bg":"","ocean_menu_social_hover_links_bg":"","ocean_menu_social_links_color":"","ocean_menu_social_hover_links_color":"","ocean_disable_title":"default","ocean_disable_heading":"default","ocean_post_title":"","ocean_post_subheading":"","ocean_post_title_style":"","ocean_post_title_background_color":"","ocean_post_title_background":0,"ocean_post_title_bg_image_position":"","ocean_post_title_bg_image_attachment":"","ocean_post_title_bg_image_repeat":"","ocean_post_title_bg_image_size":"","ocean_post_title_height":0,"ocean_post_title_bg_overlay":0.5,"ocean_post_title_bg_overlay_color":"","ocean_disable_breadcrumbs":"default","ocean_breadcrumbs_color":"","ocean_breadcrumbs_separator_color":"","ocean_breadcrumbs_links_color":"","ocean_breadcrumbs_links_hover_color":"","ocean_display_footer_widgets":"default","ocean_display_footer_bottom":"default","ocean_custom_footer_template":"","_vp_format_video_url":"","_vp_image_focal_point":[],"footnotes":""},"portfolio_category":[],"portfolio_tag":[],"class_list":["post-1117","portfolio","type-portfolio","status-publish","format-standard","has-post-thumbnail","hentry","entry","has-media"],"yoast_head":"<!-- This site is optimized with the Yoast SEO plugin v25.2 - https:\/\/yoast.com\/wordpress\/plugins\/seo\/ -->\n<title>Soukrom\u00fd interi\u00e9r - D\u011btsk\u00fd pokoj - design-award.cz<\/title>\n<meta name=\"robots\" content=\"index, follow, max-snippet:-1, max-image-preview:large, max-video-preview:-1\" \/>\n<link rel=\"canonical\" href=\"https:\/\/www.design-award.cz\/?portfolio=soukromy-interier-detsky-pokoj-3\" \/>\n<meta property=\"og:locale\" content=\"cs_CZ\" \/>\n<meta property=\"og:type\" content=\"article\" \/>\n<meta property=\"og:title\" content=\"Soukrom\u00fd interi\u00e9r - D\u011btsk\u00fd pokoj - design-award.cz\" \/>\n<meta property=\"og:description\" content=\"Lucie R\u016f\u017ei\u010dkov\u00e1 MICHAEL &#8211; S\u0160 a VO\u0160 reklamn\u00ed a um\u011bleck\u00e9 tvorby, s.r.o. Na za\u010d\u00e1tku \u0161koln\u00edho roku jsme dostali za \u00fakol vytvo\u0159it n\u00e1vrh pokoje pro d\u00edt\u011b ve v\u011bku 5-6 let. Obdr\u017eeli jsme p\u016fdorys s rozm\u011bry a jako dopl\u0148uj\u00edc\u00ed zad\u00e1n\u00ed jsme si losov\u00e1n\u00ed pohlav\u00ed d\u00edt\u011bte, pro kter\u00e9 bude pokoj ur\u010den. J\u00e1 si vylosovala d\u00edvku, kter\u00e1 p\u00ed\u0161e pravou [&hellip;]\" \/>\n<meta property=\"og:url\" content=\"https:\/\/www.design-award.cz\/?portfolio=soukromy-interier-detsky-pokoj-3\" \/>\n<meta property=\"og:site_name\" content=\"design-award.cz\" \/>\n<meta property=\"article:modified_time\" content=\"2022-04-29T19:24:50+00:00\" \/>\n<meta property=\"og:image\" content=\"http:\/\/www.design-award.cz\/wp-content\/uploads\/2022\/04\/IMG_0691.jpg\" \/>\n\t<meta property=\"og:image:width\" content=\"2151\" \/>\n\t<meta property=\"og:image:height\" content=\"1530\" \/>\n\t<meta property=\"og:image:type\" content=\"image\/jpeg\" \/>\n<meta name=\"twitter:card\" content=\"summary_large_image\" \/>\n<meta name=\"twitter:label1\" content=\"Odhadovan\u00e1 doba \u010dten\u00ed\" \/>\n\t<meta name=\"twitter:data1\" content=\"2 minuty\" \/>\n<script type=\"application\/ld+json\" class=\"yoast-schema-graph\">{\"@context\":\"https:\/\/schema.org\",\"@graph\":[{\"@type\":\"WebPage\",\"@id\":\"https:\/\/www.design-award.cz\/?portfolio=soukromy-interier-detsky-pokoj-3\",\"url\":\"https:\/\/www.design-award.cz\/?portfolio=soukromy-interier-detsky-pokoj-3\",\"name\":\"Soukrom\u00fd interi\u00e9r - D\u011btsk\u00fd pokoj - design-award.cz\",\"isPartOf\":{\"@id\":\"https:\/\/www.design-award.cz\/#website\"},\"primaryImageOfPage\":{\"@id\":\"https:\/\/www.design-award.cz\/?portfolio=soukromy-interier-detsky-pokoj-3#primaryimage\"},\"image\":{\"@id\":\"https:\/\/www.design-award.cz\/?portfolio=soukromy-interier-detsky-pokoj-3#primaryimage\"},\"thumbnailUrl\":\"https:\/\/www.design-award.cz\/wp-content\/uploads\/2022\/04\/IMG_0691.jpg\",\"datePublished\":\"2022-04-29T19:24:49+00:00\",\"dateModified\":\"2022-04-29T19:24:50+00:00\",\"breadcrumb\":{\"@id\":\"https:\/\/www.design-award.cz\/?portfolio=soukromy-interier-detsky-pokoj-3#breadcrumb\"},\"inLanguage\":\"cs\",\"potentialAction\":[{\"@type\":\"ReadAction\",\"target\":[\"https:\/\/www.design-award.cz\/?portfolio=soukromy-interier-detsky-pokoj-3\"]}]},{\"@type\":\"ImageObject\",\"inLanguage\":\"cs\",\"@id\":\"https:\/\/www.design-award.cz\/?portfolio=soukromy-interier-detsky-pokoj-3#primaryimage\",\"url\":\"https:\/\/www.design-award.cz\/wp-content\/uploads\/2022\/04\/IMG_0691.jpg\",\"contentUrl\":\"https:\/\/www.design-award.cz\/wp-content\/uploads\/2022\/04\/IMG_0691.jpg\",\"width\":2151,\"height\":1530},{\"@type\":\"BreadcrumbList\",\"@id\":\"https:\/\/www.design-award.cz\/?portfolio=soukromy-interier-detsky-pokoj-3#breadcrumb\",\"itemListElement\":[{\"@type\":\"ListItem\",\"position\":1,\"name\":\"Dom\u016f\",\"item\":\"https:\/\/www.design-award.cz\/\"},{\"@type\":\"ListItem\",\"position\":2,\"name\":\"Portfolio Items\",\"item\":\"https:\/\/www.design-award.cz\/?post_type=portfolio\"},{\"@type\":\"ListItem\",\"position\":3,\"name\":\"Soukrom\u00fd interi\u00e9r &#8211; D\u011btsk\u00fd pokoj\"}]},{\"@type\":\"WebSite\",\"@id\":\"https:\/\/www.design-award.cz\/#website\",\"url\":\"https:\/\/www.design-award.cz\/\",\"name\":\"design-award.cz\",\"description\":\"WARD vznikla v roce 2022. Je ur\u010dena p\u0159edev\u0161\u00edm student\u016fm st\u0159edn\u00edch um\u011bleck\u00fdch \u0161kol (S\u0160 a VO\u0160), kte\u0159\u00ed mohou bezplatn\u011b zaslat sv\u00e9 n\u00e1vrhy v uveden\u00fdch kategori\u00ed a tak pom\u011b\u0159it sv\u00e9 n\u00e1pady s konkurenc\u00ed sv\u00fdch vrstevn\u00edk\u016f. N\u00e1vrhy jsou n\u00e1sledn\u011b posouzeny nez\u00e1vislou porotou z \u0159ad v\u00fdtvarn\u00edk\u016f, pedagog\u016f a profesion\u00e1l\u016f z oboru.\",\"publisher\":{\"@id\":\"https:\/\/www.design-award.cz\/#organization\"},\"potentialAction\":[{\"@type\":\"SearchAction\",\"target\":{\"@type\":\"EntryPoint\",\"urlTemplate\":\"https:\/\/www.design-award.cz\/?s={search_term_string}\"},\"query-input\":{\"@type\":\"PropertyValueSpecification\",\"valueRequired\":true,\"valueName\":\"search_term_string\"}}],\"inLanguage\":\"cs\"},{\"@type\":\"Organization\",\"@id\":\"https:\/\/www.design-award.cz\/#organization\",\"name\":\"Design Award\",\"url\":\"https:\/\/www.design-award.cz\/\",\"logo\":{\"@type\":\"ImageObject\",\"inLanguage\":\"cs\",\"@id\":\"https:\/\/www.design-award.cz\/#\/schema\/logo\/image\/\",\"url\":\"http:\/\/www.design-award.cz\/wp-content\/uploads\/2021\/12\/hornilogo_design-award.png\",\"contentUrl\":\"http:\/\/www.design-award.cz\/wp-content\/uploads\/2021\/12\/hornilogo_design-award.png\",\"width\":800,\"height\":600,\"caption\":\"Design Award\"},\"image\":{\"@id\":\"https:\/\/www.design-award.cz\/#\/schema\/logo\/image\/\"},\"sameAs\":[\"https:\/\/www.instagram.com\/design_award\/\"]}]}<\/script>\n<!-- \/ Yoast SEO plugin. -->","yoast_head_json":{"title":"Soukrom\u00fd interi\u00e9r - D\u011btsk\u00fd pokoj - design-award.cz","robots":{"index":"index","follow":"follow","max-snippet":"max-snippet:-1","max-image-preview":"max-image-preview:large","max-video-preview":"max-video-preview:-1"},"canonical":"https:\/\/www.design-award.cz\/?portfolio=soukromy-interier-detsky-pokoj-3","og_locale":"cs_CZ","og_type":"article","og_title":"Soukrom\u00fd interi\u00e9r - D\u011btsk\u00fd pokoj - design-award.cz","og_description":"Lucie R\u016f\u017ei\u010dkov\u00e1 MICHAEL &#8211; S\u0160 a VO\u0160 reklamn\u00ed a um\u011bleck\u00e9 tvorby, s.r.o. Na za\u010d\u00e1tku \u0161koln\u00edho roku jsme dostali za \u00fakol vytvo\u0159it n\u00e1vrh pokoje pro d\u00edt\u011b ve v\u011bku 5-6 let. Obdr\u017eeli jsme p\u016fdorys s rozm\u011bry a jako dopl\u0148uj\u00edc\u00ed zad\u00e1n\u00ed jsme si losov\u00e1n\u00ed pohlav\u00ed d\u00edt\u011bte, pro kter\u00e9 bude pokoj ur\u010den. J\u00e1 si vylosovala d\u00edvku, kter\u00e1 p\u00ed\u0161e pravou [&hellip;]","og_url":"https:\/\/www.design-award.cz\/?portfolio=soukromy-interier-detsky-pokoj-3","og_site_name":"design-award.cz","article_modified_time":"2022-04-29T19:24:50+00:00","og_image":[{"width":2151,"height":1530,"url":"http:\/\/www.design-award.cz\/wp-content\/uploads\/2022\/04\/IMG_0691.jpg","type":"image\/jpeg"}],"twitter_card":"summary_large_image","twitter_misc":{"Odhadovan\u00e1 doba \u010dten\u00ed":"2 minuty"},"schema":{"@context":"https:\/\/schema.org","@graph":[{"@type":"WebPage","@id":"https:\/\/www.design-award.cz\/?portfolio=soukromy-interier-detsky-pokoj-3","url":"https:\/\/www.design-award.cz\/?portfolio=soukromy-interier-detsky-pokoj-3","name":"Soukrom\u00fd interi\u00e9r - D\u011btsk\u00fd pokoj - design-award.cz","isPartOf":{"@id":"https:\/\/www.design-award.cz\/#website"},"primaryImageOfPage":{"@id":"https:\/\/www.design-award.cz\/?portfolio=soukromy-interier-detsky-pokoj-3#primaryimage"},"image":{"@id":"https:\/\/www.design-award.cz\/?portfolio=soukromy-interier-detsky-pokoj-3#primaryimage"},"thumbnailUrl":"https:\/\/www.design-award.cz\/wp-content\/uploads\/2022\/04\/IMG_0691.jpg","datePublished":"2022-04-29T19:24:49+00:00","dateModified":"2022-04-29T19:24:50+00:00","breadcrumb":{"@id":"https:\/\/www.design-award.cz\/?portfolio=soukromy-interier-detsky-pokoj-3#breadcrumb"},"inLanguage":"cs","potentialAction":[{"@type":"ReadAction","target":["https:\/\/www.design-award.cz\/?portfolio=soukromy-interier-detsky-pokoj-3"]}]},{"@type":"ImageObject","inLanguage":"cs","@id":"https:\/\/www.design-award.cz\/?portfolio=soukromy-interier-detsky-pokoj-3#primaryimage","url":"https:\/\/www.design-award.cz\/wp-content\/uploads\/2022\/04\/IMG_0691.jpg","contentUrl":"https:\/\/www.design-award.cz\/wp-content\/uploads\/2022\/04\/IMG_0691.jpg","width":2151,"height":1530},{"@type":"BreadcrumbList","@id":"https:\/\/www.design-award.cz\/?portfolio=soukromy-interier-detsky-pokoj-3#breadcrumb","itemListElement":[{"@type":"ListItem","position":1,"name":"Dom\u016f","item":"https:\/\/www.design-award.cz\/"},{"@type":"ListItem","position":2,"name":"Portfolio Items","item":"https:\/\/www.design-award.cz\/?post_type=portfolio"},{"@type":"ListItem","position":3,"name":"Soukrom\u00fd interi\u00e9r &#8211; D\u011btsk\u00fd pokoj"}]},{"@type":"WebSite","@id":"https:\/\/www.design-award.cz\/#website","url":"https:\/\/www.design-award.cz\/","name":"design-award.cz","description":"WARD vznikla v roce 2022. Je ur\u010dena p\u0159edev\u0161\u00edm student\u016fm st\u0159edn\u00edch um\u011bleck\u00fdch \u0161kol (S\u0160 a VO\u0160), kte\u0159\u00ed mohou bezplatn\u011b zaslat sv\u00e9 n\u00e1vrhy v uveden\u00fdch kategori\u00ed a tak pom\u011b\u0159it sv\u00e9 n\u00e1pady s konkurenc\u00ed sv\u00fdch vrstevn\u00edk\u016f. N\u00e1vrhy jsou n\u00e1sledn\u011b posouzeny nez\u00e1vislou porotou z \u0159ad v\u00fdtvarn\u00edk\u016f, pedagog\u016f a profesion\u00e1l\u016f z oboru.","publisher":{"@id":"https:\/\/www.design-award.cz\/#organization"},"potentialAction":[{"@type":"SearchAction","target":{"@type":"EntryPoint","urlTemplate":"https:\/\/www.design-award.cz\/?s={search_term_string}"},"query-input":{"@type":"PropertyValueSpecification","valueRequired":true,"valueName":"search_term_string"}}],"inLanguage":"cs"},{"@type":"Organization","@id":"https:\/\/www.design-award.cz\/#organization","name":"Design Award","url":"https:\/\/www.design-award.cz\/","logo":{"@type":"ImageObject","inLanguage":"cs","@id":"https:\/\/www.design-award.cz\/#\/schema\/logo\/image\/","url":"http:\/\/www.design-award.cz\/wp-content\/uploads\/2021\/12\/hornilogo_design-award.png","contentUrl":"http:\/\/www.design-award.cz\/wp-content\/uploads\/2021\/12\/hornilogo_design-award.png","width":800,"height":600,"caption":"Design Award"},"image":{"@id":"https:\/\/www.design-award.cz\/#\/schema\/logo\/image\/"},"sameAs":["https:\/\/www.instagram.com\/design_award\/"]}]}},"_links":{"self":[{"href":"https:\/\/www.design-award.cz\/index.php?rest_route=\/wp\/v2\/portfolio\/1117","targetHints":{"allow":["GET"]}}],"collection":[{"href":"https:\/\/www.design-award.cz\/index.php?rest_route=\/wp\/v2\/portfolio"}],"about":[{"href":"https:\/\/www.design-award.cz\/index.php?rest_route=\/wp\/v2\/types\/portfolio"}],"author":[{"embeddable":true,"href":"https:\/\/www.design-award.cz\/index.php?rest_route=\/wp\/v2\/users\/1"}],"replies":[{"embeddable":true,"href":"https:\/\/www.design-award.cz\/index.php?rest_route=%2Fwp%2Fv2%2Fcomments&post=1117"}],"version-history":[{"count":1,"href":"https:\/\/www.design-award.cz\/index.php?rest_route=\/wp\/v2\/portfolio\/1117\/revisions"}],"predecessor-version":[{"id":1124,"href":"https:\/\/www.design-award.cz\/index.php?rest_route=\/wp\/v2\/portfolio\/1117\/revisions\/1124"}],"wp:featuredmedia":[{"embeddable":true,"href":"https:\/\/www.design-award.cz\/index.php?rest_route=\/wp\/v2\/media\/1118"}],"wp:attachment":[{"href":"https:\/\/www.design-award.cz\/index.php?rest_route=%2Fwp%2Fv2%2Fmedia&parent=1117"}],"wp:term":[{"taxonomy":"portfolio_category","embeddable":true,"href":"https:\/\/www.design-award.cz\/index.php?rest_route=%2Fwp%2Fv2%2Fportfolio_category&post=1117"},{"taxonomy":"portfolio_tag","embeddable":true,"href":"https:\/\/www.design-award.cz\/index.php?rest_route=%2Fwp%2Fv2%2Fportfolio_tag&post=1117"}],"curies":[{"name":"wp","href":"https:\/\/api.w.org\/{rel}","templated":true}]}}