{"id":1132,"date":"2022-04-29T19:36:53","date_gmt":"2022-04-29T19:36:53","guid":{"rendered":"https:\/\/www.design-award.cz\/?post_type=portfolio&#038;p=1132"},"modified":"2022-04-29T19:36:54","modified_gmt":"2022-04-29T19:36:54","slug":"verejny-interier-muzeum-kvantove-fyziky","status":"publish","type":"portfolio","link":"https:\/\/www.design-award.cz\/?portfolio=verejny-interier-muzeum-kvantove-fyziky","title":{"rendered":"Ve\u0159ejn\u00fd interi\u00e9r &#8211; Muzeum kvantov\u00e9 fyziky"},"content":{"rendered":"\n<h2 class=\"wp-block-heading\">Veronika Hl\u00edzov\u00e1<\/h2>\n\n\n\n<p><strong>St\u0159edn\u00ed \u0161kola designu a \u0159emesel Kladno<\/strong><\/p>\n\n\n\n<p>Muzeum kvantov\u00e9 fyziky je konceptu\u00e1ln\u011b vytvo\u0159eno tak, aby se design snoubil s \u00fa\u010delnost\u00ed. Z\u00e1rove\u0148 nemaj\u00ed designov\u00e9 prvky odv\u00e1d\u011bt pozornost od vystavovan\u00fdch expozic. Cel\u00e9 muzeum je tedy navr\u017eeno ve stroh\u00e9m designu, kter\u00fd m\u00e1 ale p\u016fsobit i atraktivn\u00edm dojmem. V n\u00e1vrhu jsou proto pou\u017eity materi\u00e1ly jak tradi\u010dn\u00ed, tak i modern\u00ed (d\u0159ev\u011bn\u00e1 podlaha zalit\u00e1 podlahov\u00fdm akryl\u00e1tem, vysokopevnostn\u00ed\u00a0 beton UHPC, um\u011bl\u00fd k\u00e1men Corian a vyu\u017eit\u00ed 3D tisku). Design je dopln\u011bn o RGB sv\u011bteln\u00e9 prvky.<br>Muzeum vyu\u017e\u00edv\u00e1 k p\u0159ed\u00e1n\u00ed informac\u00ed i takov\u00e9 prvky, kter\u00e9 nejsou b\u011b\u017en\u011b vyu\u017e\u00edv\u00e1ny jako informa\u010dn\u00ed zdroje, jedn\u00e1 se zejm\u00e9na o schody. Zde je nutno zm\u00ednit, \u017ee po\u010d\u00e1te\u010dn\u00edm \u00famyslem bylo zaujmout i osoby s poruchou autistick\u00e9ho spektra, kter\u00e9 vn\u00edmaj\u00ed p\u0159ev\u00e1\u017en\u011b obrazov\u011b. Proto jsou v\u00fd\u0161e zm\u00edn\u011bn\u00e9 schody navr\u017een\u00e9 tak, aby zobrazovaly z\u00e1kladn\u00ed rozklad hmoty, tzn. \u017ee v ka\u017ed\u00e9 schodnici je um\u00edst\u011bna jedna \u010d\u00e1stice hmoty \u2013 \u010d\u00edm v\u00fd\u0161e po nich stoup\u00e1te, t\u00edm men\u0161\u00ed a men\u0161\u00ed \u010d\u00e1stice hmoty vid\u00edte.<br>Spodn\u00ed patro muzea je zam\u011b\u0159eno na jevy kvantov\u00e9 fyziky, jejich\u017e projevy lze pozorovat v makroskopick\u00e9m sv\u011bt\u011b. Jedn\u00e1 se zejm\u00e9na o z\u00e1kladn\u00ed \u010dty\u0159i interakce (slab\u00e1 jadern\u00e1 s\u00edla, siln\u00e1 jadern\u00e1 s\u00edla, elektromagnetismus a gravitace). D\u00e1le je zde prezentov\u00e1n experiment, kter\u00fd demonstruje \u201ezvl\u00e1\u0161tn\u00ed povahu sv\u011btla\u201c tzv. Possions spot. Je to jasn\u00fd bod sv\u011btla, kter\u00fd se zobraz\u00ed ve st\u0159edu st\u00ednu kruhov\u00e9ho objektu v d\u016fsledku Fresnelovy difrakce.<br>Horn\u00ed patro je navr\u017eeno pro takov\u00e9 jevy, kter\u00e9 b\u011b\u017en\u011b pozorovat v makroskopick\u00e9m sv\u011bt\u011b nelze. Hlavn\u00ed expozic\u00ed zde je model urychlova\u010de \u010d\u00e1stic s LHC magnetem. Schody, kter\u00e9 do modelu urychlova\u010de vedou, jsou pojaty jako 3D vizu\u00e1ln\u00ed zn\u00e1zorn\u011bn\u00ed v\u00fdznamn\u00fdch \u010d\u00e1stic (od kvarku po struny), se kter\u00fdmi se n\u00e1v\u0161t\u011bvn\u00edk sezn\u00e1m\u00ed pomoc\u00ed animac\u00ed na projek\u010dn\u00edm pl\u00e1tn\u011b um\u00edst\u011bn\u00e9m bezprost\u0159edn\u011b p\u0159ed schodi\u0161t\u011bm. \u00da\u010delem je, aby schody k urychlova\u010di zobrazovaly takov\u00e9 \u010d\u00e1stice, o kter\u00fdch si roz\u0161i\u0159ujeme pov\u011bdom\u00ed pr\u00e1v\u011b d\u00edky urychlova\u010di \u010d\u00e1stic. Z\u00e1rove\u0148 je v horn\u00edm pat\u0159e um\u00edst\u011bn jeden tzv. Easter egg v podob\u011b Schr\u00f6dingerovy ko\u010dky.<\/p>\n\n\n\n<figure class=\"wp-block-image size-large\"><img decoding=\"async\" width=\"768\" height=\"1024\" data-src=\"http:\/\/www.design-award.cz\/wp-content\/uploads\/2022\/04\/model-horni-schody-768x1024.jpg\" alt=\"\" class=\"wp-image-1136 lazyload\" data-srcset=\"https:\/\/www.design-award.cz\/wp-content\/uploads\/2022\/04\/model-horni-schody-768x1024.jpg 768w, https:\/\/www.design-award.cz\/wp-content\/uploads\/2022\/04\/model-horni-schody-225x300.jpg 225w, https:\/\/www.design-award.cz\/wp-content\/uploads\/2022\/04\/model-horni-schody-1152x1536.jpg 1152w, https:\/\/www.design-award.cz\/wp-content\/uploads\/2022\/04\/model-horni-schody-500x667.jpg 500w, https:\/\/www.design-award.cz\/wp-content\/uploads\/2022\/04\/model-horni-schody-800x1067.jpg 800w, https:\/\/www.design-award.cz\/wp-content\/uploads\/2022\/04\/model-horni-schody.jpg 1200w\" data-sizes=\"(max-width: 768px) 100vw, 768px\" src=\"data:image\/svg+xml;base64,PHN2ZyB3aWR0aD0iMSIgaGVpZ2h0PSIxIiB4bWxucz0iaHR0cDovL3d3dy53My5vcmcvMjAwMC9zdmciPjwvc3ZnPg==\" style=\"--smush-placeholder-width: 768px; --smush-placeholder-aspect-ratio: 768\/1024;\" \/><\/figure>\n\n\n\n<figure class=\"wp-block-image size-large\"><img decoding=\"async\" width=\"768\" height=\"1024\" data-src=\"http:\/\/www.design-award.cz\/wp-content\/uploads\/2022\/04\/model-horni-patro-768x1024.jpg\" alt=\"\" class=\"wp-image-1135 lazyload\" data-srcset=\"https:\/\/www.design-award.cz\/wp-content\/uploads\/2022\/04\/model-horni-patro-768x1024.jpg 768w, https:\/\/www.design-award.cz\/wp-content\/uploads\/2022\/04\/model-horni-patro-225x300.jpg 225w, https:\/\/www.design-award.cz\/wp-content\/uploads\/2022\/04\/model-horni-patro-1152x1536.jpg 1152w, https:\/\/www.design-award.cz\/wp-content\/uploads\/2022\/04\/model-horni-patro-500x667.jpg 500w, https:\/\/www.design-award.cz\/wp-content\/uploads\/2022\/04\/model-horni-patro-800x1067.jpg 800w, https:\/\/www.design-award.cz\/wp-content\/uploads\/2022\/04\/model-horni-patro.jpg 1200w\" data-sizes=\"(max-width: 768px) 100vw, 768px\" src=\"data:image\/svg+xml;base64,PHN2ZyB3aWR0aD0iMSIgaGVpZ2h0PSIxIiB4bWxucz0iaHR0cDovL3d3dy53My5vcmcvMjAwMC9zdmciPjwvc3ZnPg==\" style=\"--smush-placeholder-width: 768px; --smush-placeholder-aspect-ratio: 768\/1024;\" \/><\/figure>\n\n\n\n<figure class=\"wp-block-image size-large\"><img decoding=\"async\" width=\"1024\" height=\"559\" data-src=\"http:\/\/www.design-award.cz\/wp-content\/uploads\/2022\/04\/interakce-1024x559.jpg\" alt=\"\" class=\"wp-image-1134 lazyload\" data-srcset=\"https:\/\/www.design-award.cz\/wp-content\/uploads\/2022\/04\/interakce-1024x559.jpg 1024w, https:\/\/www.design-award.cz\/wp-content\/uploads\/2022\/04\/interakce-300x164.jpg 300w, https:\/\/www.design-award.cz\/wp-content\/uploads\/2022\/04\/interakce-768x420.jpg 768w, https:\/\/www.design-award.cz\/wp-content\/uploads\/2022\/04\/interakce-1536x839.jpg 1536w, https:\/\/www.design-award.cz\/wp-content\/uploads\/2022\/04\/interakce-500x273.jpg 500w, https:\/\/www.design-award.cz\/wp-content\/uploads\/2022\/04\/interakce-800x437.jpg 800w, https:\/\/www.design-award.cz\/wp-content\/uploads\/2022\/04\/interakce-1280x699.jpg 1280w, https:\/\/www.design-award.cz\/wp-content\/uploads\/2022\/04\/interakce.jpg 1600w\" data-sizes=\"(max-width: 1024px) 100vw, 1024px\" src=\"data:image\/svg+xml;base64,PHN2ZyB3aWR0aD0iMSIgaGVpZ2h0PSIxIiB4bWxucz0iaHR0cDovL3d3dy53My5vcmcvMjAwMC9zdmciPjwvc3ZnPg==\" style=\"--smush-placeholder-width: 1024px; --smush-placeholder-aspect-ratio: 1024\/559;\" \/><\/figure>\n\n\n\n<figure class=\"wp-block-image size-large\"><img decoding=\"async\" width=\"1024\" height=\"768\" data-src=\"http:\/\/www.design-award.cz\/wp-content\/uploads\/2022\/04\/model-spodni-schody-1024x768.jpg\" alt=\"\" class=\"wp-image-1138 lazyload\" data-srcset=\"https:\/\/www.design-award.cz\/wp-content\/uploads\/2022\/04\/model-spodni-schody-1024x768.jpg 1024w, https:\/\/www.design-award.cz\/wp-content\/uploads\/2022\/04\/model-spodni-schody-300x225.jpg 300w, https:\/\/www.design-award.cz\/wp-content\/uploads\/2022\/04\/model-spodni-schody-768x576.jpg 768w, https:\/\/www.design-award.cz\/wp-content\/uploads\/2022\/04\/model-spodni-schody-1536x1152.jpg 1536w, https:\/\/www.design-award.cz\/wp-content\/uploads\/2022\/04\/model-spodni-schody-500x375.jpg 500w, https:\/\/www.design-award.cz\/wp-content\/uploads\/2022\/04\/model-spodni-schody-800x600.jpg 800w, https:\/\/www.design-award.cz\/wp-content\/uploads\/2022\/04\/model-spodni-schody-1280x960.jpg 1280w, https:\/\/www.design-award.cz\/wp-content\/uploads\/2022\/04\/model-spodni-schody.jpg 1600w\" data-sizes=\"(max-width: 1024px) 100vw, 1024px\" src=\"data:image\/svg+xml;base64,PHN2ZyB3aWR0aD0iMSIgaGVpZ2h0PSIxIiB4bWxucz0iaHR0cDovL3d3dy53My5vcmcvMjAwMC9zdmciPjwvc3ZnPg==\" style=\"--smush-placeholder-width: 1024px; --smush-placeholder-aspect-ratio: 1024\/768;\" \/><\/figure>\n\n\n\n<figure class=\"wp-block-image size-large\"><img decoding=\"async\" width=\"1024\" height=\"768\" data-src=\"http:\/\/www.design-award.cz\/wp-content\/uploads\/2022\/04\/model-technicky-plan-1024x768.jpg\" alt=\"\" class=\"wp-image-1139 lazyload\" data-srcset=\"https:\/\/www.design-award.cz\/wp-content\/uploads\/2022\/04\/model-technicky-plan-1024x768.jpg 1024w, https:\/\/www.design-award.cz\/wp-content\/uploads\/2022\/04\/model-technicky-plan-300x225.jpg 300w, https:\/\/www.design-award.cz\/wp-content\/uploads\/2022\/04\/model-technicky-plan-768x576.jpg 768w, https:\/\/www.design-award.cz\/wp-content\/uploads\/2022\/04\/model-technicky-plan-1536x1152.jpg 1536w, https:\/\/www.design-award.cz\/wp-content\/uploads\/2022\/04\/model-technicky-plan-500x375.jpg 500w, https:\/\/www.design-award.cz\/wp-content\/uploads\/2022\/04\/model-technicky-plan-800x600.jpg 800w, https:\/\/www.design-award.cz\/wp-content\/uploads\/2022\/04\/model-technicky-plan-1280x960.jpg 1280w, https:\/\/www.design-award.cz\/wp-content\/uploads\/2022\/04\/model-technicky-plan.jpg 1600w\" data-sizes=\"(max-width: 1024px) 100vw, 1024px\" src=\"data:image\/svg+xml;base64,PHN2ZyB3aWR0aD0iMSIgaGVpZ2h0PSIxIiB4bWxucz0iaHR0cDovL3d3dy53My5vcmcvMjAwMC9zdmciPjwvc3ZnPg==\" style=\"--smush-placeholder-width: 1024px; --smush-placeholder-aspect-ratio: 1024\/768;\" \/><\/figure>\n","protected":false},"excerpt":{"rendered":"<p>Veronika Hl\u00edzov\u00e1 St\u0159edn\u00ed \u0161kola designu a \u0159emesel Kladno Muzeum kvantov\u00e9 fyziky je konceptu\u00e1ln\u011b vytvo\u0159eno tak, aby se design snoubil s \u00fa\u010delnost\u00ed. Z\u00e1rove\u0148 nemaj\u00ed designov\u00e9 prvky odv\u00e1d\u011bt pozornost od vystavovan\u00fdch expozic. Cel\u00e9 muzeum je tedy navr\u017eeno ve stroh\u00e9m designu, kter\u00fd m\u00e1 ale p\u016fsobit i atraktivn\u00edm dojmem. V n\u00e1vrhu jsou proto pou\u017eity materi\u00e1ly jak tradi\u010dn\u00ed, tak i [&hellip;]<\/p>\n","protected":false},"author":1,"featured_media":1137,"menu_order":0,"comment_status":"closed","ping_status":"closed","template":"","format":"standard","meta":{"ngg_post_thumbnail":0,"ocean_post_layout":"","ocean_both_sidebars_style":"","ocean_both_sidebars_content_width":0,"ocean_both_sidebars_sidebars_width":0,"ocean_sidebar":"","ocean_second_sidebar":"","ocean_disable_margins":"enable","ocean_add_body_class":"","ocean_shortcode_before_top_bar":"","ocean_shortcode_after_top_bar":"","ocean_shortcode_before_header":"","ocean_shortcode_after_header":"","ocean_has_shortcode":"","ocean_shortcode_after_title":"","ocean_shortcode_before_footer_widgets":"","ocean_shortcode_after_footer_widgets":"","ocean_shortcode_before_footer_bottom":"","ocean_shortcode_after_footer_bottom":"","ocean_display_top_bar":"default","ocean_display_header":"default","ocean_header_style":"","ocean_center_header_left_menu":"","ocean_custom_header_template":"","ocean_custom_logo":0,"ocean_custom_retina_logo":0,"ocean_custom_logo_max_width":0,"ocean_custom_logo_tablet_max_width":0,"ocean_custom_logo_mobile_max_width":0,"ocean_custom_logo_max_height":0,"ocean_custom_logo_tablet_max_height":0,"ocean_custom_logo_mobile_max_height":0,"ocean_header_custom_menu":"","ocean_menu_typo_font_family":"","ocean_menu_typo_font_subset":"","ocean_menu_typo_font_size":0,"ocean_menu_typo_font_size_tablet":0,"ocean_menu_typo_font_size_mobile":0,"ocean_menu_typo_font_size_unit":"px","ocean_menu_typo_font_weight":"","ocean_menu_typo_font_weight_tablet":"","ocean_menu_typo_font_weight_mobile":"","ocean_menu_typo_transform":"","ocean_menu_typo_transform_tablet":"","ocean_menu_typo_transform_mobile":"","ocean_menu_typo_line_height":0,"ocean_menu_typo_line_height_tablet":0,"ocean_menu_typo_line_height_mobile":0,"ocean_menu_typo_line_height_unit":"","ocean_menu_typo_spacing":0,"ocean_menu_typo_spacing_tablet":0,"ocean_menu_typo_spacing_mobile":0,"ocean_menu_typo_spacing_unit":"","ocean_menu_link_color":"","ocean_menu_link_color_hover":"","ocean_menu_link_color_active":"","ocean_menu_link_background":"","ocean_menu_link_hover_background":"","ocean_menu_link_active_background":"","ocean_menu_social_links_bg":"","ocean_menu_social_hover_links_bg":"","ocean_menu_social_links_color":"","ocean_menu_social_hover_links_color":"","ocean_disable_title":"default","ocean_disable_heading":"default","ocean_post_title":"","ocean_post_subheading":"","ocean_post_title_style":"","ocean_post_title_background_color":"","ocean_post_title_background":0,"ocean_post_title_bg_image_position":"","ocean_post_title_bg_image_attachment":"","ocean_post_title_bg_image_repeat":"","ocean_post_title_bg_image_size":"","ocean_post_title_height":0,"ocean_post_title_bg_overlay":0.5,"ocean_post_title_bg_overlay_color":"","ocean_disable_breadcrumbs":"default","ocean_breadcrumbs_color":"","ocean_breadcrumbs_separator_color":"","ocean_breadcrumbs_links_color":"","ocean_breadcrumbs_links_hover_color":"","ocean_display_footer_widgets":"default","ocean_display_footer_bottom":"default","ocean_custom_footer_template":"","_vp_format_video_url":"","_vp_image_focal_point":[],"footnotes":""},"portfolio_category":[],"portfolio_tag":[],"class_list":["post-1132","portfolio","type-portfolio","status-publish","format-standard","has-post-thumbnail","hentry","entry","has-media"],"yoast_head":"<!-- This site is optimized with the Yoast SEO plugin v25.2 - https:\/\/yoast.com\/wordpress\/plugins\/seo\/ -->\n<title>Ve\u0159ejn\u00fd interi\u00e9r - Muzeum kvantov\u00e9 fyziky - design-award.cz<\/title>\n<meta name=\"robots\" content=\"index, follow, max-snippet:-1, max-image-preview:large, max-video-preview:-1\" \/>\n<link rel=\"canonical\" href=\"https:\/\/www.design-award.cz\/?portfolio=verejny-interier-muzeum-kvantove-fyziky\" \/>\n<meta property=\"og:locale\" content=\"cs_CZ\" \/>\n<meta property=\"og:type\" content=\"article\" \/>\n<meta property=\"og:title\" content=\"Ve\u0159ejn\u00fd interi\u00e9r - Muzeum kvantov\u00e9 fyziky - design-award.cz\" \/>\n<meta property=\"og:description\" content=\"Veronika Hl\u00edzov\u00e1 St\u0159edn\u00ed \u0161kola designu a \u0159emesel Kladno Muzeum kvantov\u00e9 fyziky je konceptu\u00e1ln\u011b vytvo\u0159eno tak, aby se design snoubil s \u00fa\u010delnost\u00ed. Z\u00e1rove\u0148 nemaj\u00ed designov\u00e9 prvky odv\u00e1d\u011bt pozornost od vystavovan\u00fdch expozic. Cel\u00e9 muzeum je tedy navr\u017eeno ve stroh\u00e9m designu, kter\u00fd m\u00e1 ale p\u016fsobit i atraktivn\u00edm dojmem. V n\u00e1vrhu jsou proto pou\u017eity materi\u00e1ly jak tradi\u010dn\u00ed, tak i [&hellip;]\" \/>\n<meta property=\"og:url\" content=\"https:\/\/www.design-award.cz\/?portfolio=verejny-interier-muzeum-kvantove-fyziky\" \/>\n<meta property=\"og:site_name\" content=\"design-award.cz\" \/>\n<meta property=\"article:modified_time\" content=\"2022-04-29T19:36:54+00:00\" \/>\n<meta property=\"og:image\" content=\"http:\/\/www.design-award.cz\/wp-content\/uploads\/2022\/04\/model-shora.jpg\" \/>\n\t<meta property=\"og:image:width\" content=\"1600\" \/>\n\t<meta property=\"og:image:height\" content=\"1200\" \/>\n\t<meta property=\"og:image:type\" content=\"image\/jpeg\" \/>\n<meta name=\"twitter:card\" content=\"summary_large_image\" \/>\n<meta name=\"twitter:label1\" content=\"Odhadovan\u00e1 doba \u010dten\u00ed\" \/>\n\t<meta name=\"twitter:data1\" content=\"3 minuty\" \/>\n<script type=\"application\/ld+json\" class=\"yoast-schema-graph\">{\"@context\":\"https:\/\/schema.org\",\"@graph\":[{\"@type\":\"WebPage\",\"@id\":\"https:\/\/www.design-award.cz\/?portfolio=verejny-interier-muzeum-kvantove-fyziky\",\"url\":\"https:\/\/www.design-award.cz\/?portfolio=verejny-interier-muzeum-kvantove-fyziky\",\"name\":\"Ve\u0159ejn\u00fd interi\u00e9r - Muzeum kvantov\u00e9 fyziky - design-award.cz\",\"isPartOf\":{\"@id\":\"https:\/\/www.design-award.cz\/#website\"},\"primaryImageOfPage\":{\"@id\":\"https:\/\/www.design-award.cz\/?portfolio=verejny-interier-muzeum-kvantove-fyziky#primaryimage\"},\"image\":{\"@id\":\"https:\/\/www.design-award.cz\/?portfolio=verejny-interier-muzeum-kvantove-fyziky#primaryimage\"},\"thumbnailUrl\":\"https:\/\/www.design-award.cz\/wp-content\/uploads\/2022\/04\/model-shora.jpg\",\"datePublished\":\"2022-04-29T19:36:53+00:00\",\"dateModified\":\"2022-04-29T19:36:54+00:00\",\"breadcrumb\":{\"@id\":\"https:\/\/www.design-award.cz\/?portfolio=verejny-interier-muzeum-kvantove-fyziky#breadcrumb\"},\"inLanguage\":\"cs\",\"potentialAction\":[{\"@type\":\"ReadAction\",\"target\":[\"https:\/\/www.design-award.cz\/?portfolio=verejny-interier-muzeum-kvantove-fyziky\"]}]},{\"@type\":\"ImageObject\",\"inLanguage\":\"cs\",\"@id\":\"https:\/\/www.design-award.cz\/?portfolio=verejny-interier-muzeum-kvantove-fyziky#primaryimage\",\"url\":\"https:\/\/www.design-award.cz\/wp-content\/uploads\/2022\/04\/model-shora.jpg\",\"contentUrl\":\"https:\/\/www.design-award.cz\/wp-content\/uploads\/2022\/04\/model-shora.jpg\",\"width\":1600,\"height\":1200},{\"@type\":\"BreadcrumbList\",\"@id\":\"https:\/\/www.design-award.cz\/?portfolio=verejny-interier-muzeum-kvantove-fyziky#breadcrumb\",\"itemListElement\":[{\"@type\":\"ListItem\",\"position\":1,\"name\":\"Dom\u016f\",\"item\":\"https:\/\/www.design-award.cz\/\"},{\"@type\":\"ListItem\",\"position\":2,\"name\":\"Portfolio Items\",\"item\":\"https:\/\/www.design-award.cz\/?post_type=portfolio\"},{\"@type\":\"ListItem\",\"position\":3,\"name\":\"Ve\u0159ejn\u00fd interi\u00e9r &#8211; Muzeum kvantov\u00e9 fyziky\"}]},{\"@type\":\"WebSite\",\"@id\":\"https:\/\/www.design-award.cz\/#website\",\"url\":\"https:\/\/www.design-award.cz\/\",\"name\":\"design-award.cz\",\"description\":\"WARD vznikla v roce 2022. Je ur\u010dena p\u0159edev\u0161\u00edm student\u016fm st\u0159edn\u00edch um\u011bleck\u00fdch \u0161kol (S\u0160 a VO\u0160), kte\u0159\u00ed mohou bezplatn\u011b zaslat sv\u00e9 n\u00e1vrhy v uveden\u00fdch kategori\u00ed a tak pom\u011b\u0159it sv\u00e9 n\u00e1pady s konkurenc\u00ed sv\u00fdch vrstevn\u00edk\u016f. N\u00e1vrhy jsou n\u00e1sledn\u011b posouzeny nez\u00e1vislou porotou z \u0159ad v\u00fdtvarn\u00edk\u016f, pedagog\u016f a profesion\u00e1l\u016f z oboru.\",\"publisher\":{\"@id\":\"https:\/\/www.design-award.cz\/#organization\"},\"potentialAction\":[{\"@type\":\"SearchAction\",\"target\":{\"@type\":\"EntryPoint\",\"urlTemplate\":\"https:\/\/www.design-award.cz\/?s={search_term_string}\"},\"query-input\":{\"@type\":\"PropertyValueSpecification\",\"valueRequired\":true,\"valueName\":\"search_term_string\"}}],\"inLanguage\":\"cs\"},{\"@type\":\"Organization\",\"@id\":\"https:\/\/www.design-award.cz\/#organization\",\"name\":\"Design Award\",\"url\":\"https:\/\/www.design-award.cz\/\",\"logo\":{\"@type\":\"ImageObject\",\"inLanguage\":\"cs\",\"@id\":\"https:\/\/www.design-award.cz\/#\/schema\/logo\/image\/\",\"url\":\"http:\/\/www.design-award.cz\/wp-content\/uploads\/2021\/12\/hornilogo_design-award.png\",\"contentUrl\":\"http:\/\/www.design-award.cz\/wp-content\/uploads\/2021\/12\/hornilogo_design-award.png\",\"width\":800,\"height\":600,\"caption\":\"Design Award\"},\"image\":{\"@id\":\"https:\/\/www.design-award.cz\/#\/schema\/logo\/image\/\"},\"sameAs\":[\"https:\/\/www.instagram.com\/design_award\/\"]}]}<\/script>\n<!-- \/ Yoast SEO plugin. -->","yoast_head_json":{"title":"Ve\u0159ejn\u00fd interi\u00e9r - Muzeum kvantov\u00e9 fyziky - design-award.cz","robots":{"index":"index","follow":"follow","max-snippet":"max-snippet:-1","max-image-preview":"max-image-preview:large","max-video-preview":"max-video-preview:-1"},"canonical":"https:\/\/www.design-award.cz\/?portfolio=verejny-interier-muzeum-kvantove-fyziky","og_locale":"cs_CZ","og_type":"article","og_title":"Ve\u0159ejn\u00fd interi\u00e9r - Muzeum kvantov\u00e9 fyziky - design-award.cz","og_description":"Veronika Hl\u00edzov\u00e1 St\u0159edn\u00ed \u0161kola designu a \u0159emesel Kladno Muzeum kvantov\u00e9 fyziky je konceptu\u00e1ln\u011b vytvo\u0159eno tak, aby se design snoubil s \u00fa\u010delnost\u00ed. Z\u00e1rove\u0148 nemaj\u00ed designov\u00e9 prvky odv\u00e1d\u011bt pozornost od vystavovan\u00fdch expozic. Cel\u00e9 muzeum je tedy navr\u017eeno ve stroh\u00e9m designu, kter\u00fd m\u00e1 ale p\u016fsobit i atraktivn\u00edm dojmem. V n\u00e1vrhu jsou proto pou\u017eity materi\u00e1ly jak tradi\u010dn\u00ed, tak i [&hellip;]","og_url":"https:\/\/www.design-award.cz\/?portfolio=verejny-interier-muzeum-kvantove-fyziky","og_site_name":"design-award.cz","article_modified_time":"2022-04-29T19:36:54+00:00","og_image":[{"width":1600,"height":1200,"url":"http:\/\/www.design-award.cz\/wp-content\/uploads\/2022\/04\/model-shora.jpg","type":"image\/jpeg"}],"twitter_card":"summary_large_image","twitter_misc":{"Odhadovan\u00e1 doba \u010dten\u00ed":"3 minuty"},"schema":{"@context":"https:\/\/schema.org","@graph":[{"@type":"WebPage","@id":"https:\/\/www.design-award.cz\/?portfolio=verejny-interier-muzeum-kvantove-fyziky","url":"https:\/\/www.design-award.cz\/?portfolio=verejny-interier-muzeum-kvantove-fyziky","name":"Ve\u0159ejn\u00fd interi\u00e9r - Muzeum kvantov\u00e9 fyziky - design-award.cz","isPartOf":{"@id":"https:\/\/www.design-award.cz\/#website"},"primaryImageOfPage":{"@id":"https:\/\/www.design-award.cz\/?portfolio=verejny-interier-muzeum-kvantove-fyziky#primaryimage"},"image":{"@id":"https:\/\/www.design-award.cz\/?portfolio=verejny-interier-muzeum-kvantove-fyziky#primaryimage"},"thumbnailUrl":"https:\/\/www.design-award.cz\/wp-content\/uploads\/2022\/04\/model-shora.jpg","datePublished":"2022-04-29T19:36:53+00:00","dateModified":"2022-04-29T19:36:54+00:00","breadcrumb":{"@id":"https:\/\/www.design-award.cz\/?portfolio=verejny-interier-muzeum-kvantove-fyziky#breadcrumb"},"inLanguage":"cs","potentialAction":[{"@type":"ReadAction","target":["https:\/\/www.design-award.cz\/?portfolio=verejny-interier-muzeum-kvantove-fyziky"]}]},{"@type":"ImageObject","inLanguage":"cs","@id":"https:\/\/www.design-award.cz\/?portfolio=verejny-interier-muzeum-kvantove-fyziky#primaryimage","url":"https:\/\/www.design-award.cz\/wp-content\/uploads\/2022\/04\/model-shora.jpg","contentUrl":"https:\/\/www.design-award.cz\/wp-content\/uploads\/2022\/04\/model-shora.jpg","width":1600,"height":1200},{"@type":"BreadcrumbList","@id":"https:\/\/www.design-award.cz\/?portfolio=verejny-interier-muzeum-kvantove-fyziky#breadcrumb","itemListElement":[{"@type":"ListItem","position":1,"name":"Dom\u016f","item":"https:\/\/www.design-award.cz\/"},{"@type":"ListItem","position":2,"name":"Portfolio Items","item":"https:\/\/www.design-award.cz\/?post_type=portfolio"},{"@type":"ListItem","position":3,"name":"Ve\u0159ejn\u00fd interi\u00e9r &#8211; Muzeum kvantov\u00e9 fyziky"}]},{"@type":"WebSite","@id":"https:\/\/www.design-award.cz\/#website","url":"https:\/\/www.design-award.cz\/","name":"design-award.cz","description":"WARD vznikla v roce 2022. Je ur\u010dena p\u0159edev\u0161\u00edm student\u016fm st\u0159edn\u00edch um\u011bleck\u00fdch \u0161kol (S\u0160 a VO\u0160), kte\u0159\u00ed mohou bezplatn\u011b zaslat sv\u00e9 n\u00e1vrhy v uveden\u00fdch kategori\u00ed a tak pom\u011b\u0159it sv\u00e9 n\u00e1pady s konkurenc\u00ed sv\u00fdch vrstevn\u00edk\u016f. N\u00e1vrhy jsou n\u00e1sledn\u011b posouzeny nez\u00e1vislou porotou z \u0159ad v\u00fdtvarn\u00edk\u016f, pedagog\u016f a profesion\u00e1l\u016f z oboru.","publisher":{"@id":"https:\/\/www.design-award.cz\/#organization"},"potentialAction":[{"@type":"SearchAction","target":{"@type":"EntryPoint","urlTemplate":"https:\/\/www.design-award.cz\/?s={search_term_string}"},"query-input":{"@type":"PropertyValueSpecification","valueRequired":true,"valueName":"search_term_string"}}],"inLanguage":"cs"},{"@type":"Organization","@id":"https:\/\/www.design-award.cz\/#organization","name":"Design Award","url":"https:\/\/www.design-award.cz\/","logo":{"@type":"ImageObject","inLanguage":"cs","@id":"https:\/\/www.design-award.cz\/#\/schema\/logo\/image\/","url":"http:\/\/www.design-award.cz\/wp-content\/uploads\/2021\/12\/hornilogo_design-award.png","contentUrl":"http:\/\/www.design-award.cz\/wp-content\/uploads\/2021\/12\/hornilogo_design-award.png","width":800,"height":600,"caption":"Design Award"},"image":{"@id":"https:\/\/www.design-award.cz\/#\/schema\/logo\/image\/"},"sameAs":["https:\/\/www.instagram.com\/design_award\/"]}]}},"_links":{"self":[{"href":"https:\/\/www.design-award.cz\/index.php?rest_route=\/wp\/v2\/portfolio\/1132","targetHints":{"allow":["GET"]}}],"collection":[{"href":"https:\/\/www.design-award.cz\/index.php?rest_route=\/wp\/v2\/portfolio"}],"about":[{"href":"https:\/\/www.design-award.cz\/index.php?rest_route=\/wp\/v2\/types\/portfolio"}],"author":[{"embeddable":true,"href":"https:\/\/www.design-award.cz\/index.php?rest_route=\/wp\/v2\/users\/1"}],"replies":[{"embeddable":true,"href":"https:\/\/www.design-award.cz\/index.php?rest_route=%2Fwp%2Fv2%2Fcomments&post=1132"}],"version-history":[{"count":1,"href":"https:\/\/www.design-award.cz\/index.php?rest_route=\/wp\/v2\/portfolio\/1132\/revisions"}],"predecessor-version":[{"id":1140,"href":"https:\/\/www.design-award.cz\/index.php?rest_route=\/wp\/v2\/portfolio\/1132\/revisions\/1140"}],"wp:featuredmedia":[{"embeddable":true,"href":"https:\/\/www.design-award.cz\/index.php?rest_route=\/wp\/v2\/media\/1137"}],"wp:attachment":[{"href":"https:\/\/www.design-award.cz\/index.php?rest_route=%2Fwp%2Fv2%2Fmedia&parent=1132"}],"wp:term":[{"taxonomy":"portfolio_category","embeddable":true,"href":"https:\/\/www.design-award.cz\/index.php?rest_route=%2Fwp%2Fv2%2Fportfolio_category&post=1132"},{"taxonomy":"portfolio_tag","embeddable":true,"href":"https:\/\/www.design-award.cz\/index.php?rest_route=%2Fwp%2Fv2%2Fportfolio_tag&post=1132"}],"curies":[{"name":"wp","href":"https:\/\/api.w.org\/{rel}","templated":true}]}}