{"id":1148,"date":"2022-04-29T19:57:56","date_gmt":"2022-04-29T19:57:56","guid":{"rendered":"https:\/\/www.design-award.cz\/?post_type=portfolio&#038;p=1148"},"modified":"2022-04-29T19:57:58","modified_gmt":"2022-04-29T19:57:58","slug":"verejny-interier-kavarna-witas","status":"publish","type":"portfolio","link":"https:\/\/www.design-award.cz\/?portfolio=verejny-interier-kavarna-witas","title":{"rendered":"Ve\u0159ejn\u00fd interi\u00e9r &#8211; KAV\u00c1RNA WITAS"},"content":{"rendered":"\n<h2 class=\"wp-block-heading\">Veronika Halouzkov\u00e1 (vedouc\u00ed skupiny &#8211; pr\u00e1ce v t\u00fdmu), Tom\u00e1\u0161 G\u00e1la, Sabina Bindrov\u00e1, Valerie Husenko, Andrea Jaro\u0161ov\u00e1, Iva Jirgalov\u00e1<\/h2>\n\n\n\n<p>St\u0159<strong>edn\u00ed odborn\u00e9 u\u010dili\u0161t\u011b tradi\u010dn\u00edch \u0159emesel a Vy\u0161\u0161\u00ed odborn\u00e1 \u0161kola, spol. s r.o. s\u00eddlo: Brno, St\u0159edn\u00ed 59<\/strong><\/p>\n\n\n\n<p>Na\u0161\u00edm zad\u00e1n\u00edm od vyu\u010duj\u00edc\u00edho bylo navrhnout kav\u00e1rnu v historizuj\u00edc\u00edm stylu a za\u0159adit do interi\u00e9ru schody, bar s barov\u00fdmi \u017eidlemi a jeden soustru\u017een\u00fd prvek, kter\u00fd jsme museli vysoustru\u017eit. D\u00e1le bylo na n\u00e1s, jak si s na\u0161\u00edm projektem porad\u00edme a jak na\u0161i kav\u00e1rnu dispozi\u010dn\u011b navrhneme a pop\u0159\u00edpad\u011b jak\u00fd materi\u00e1l pou\u017eijeme.<br>Na\u0161e kav\u00e1rna je navr\u017eena v rustik\u00e1ln\u00ed styl, tud\u00ed\u017e jsme pou\u017e\u00edvali p\u0159\u00edrodn\u00ed prvky jako je k\u00e1men, cihly, beton, masivn\u00ed d\u0159evo, kov, mech a dal\u0161\u00ed p\u0159\u00edrodn\u00ed materi\u00e1ly. Rustik\u00e1ln\u00ed styl jsme vybrali z toho d\u016fvodu, proto\u017ee jsme cht\u011bli pou\u017e\u00edt p\u0159\u00edrodn\u00ed prvky a propojit tak interi\u00e9r na\u0161\u00ed kav\u00e1rny s prost\u0159ed\u00edm, ve kter\u00e9m se na\u0161e kav\u00e1rna nach\u00e1z\u00ed. M\u00edstem pro kav\u00e1rnu se staly rakousk\u00e9 alpy, kde p\u0159evl\u00e1d\u00e1 st\u0159edoevropsk\u00e1 fauna a fl\u00f3ra. Interi\u00e9r kav\u00e1rny p\u0159ipom\u00edn\u00e1 prost\u0159ed\u00edm sk\u00e1lu a z\u00e1kazn\u00edk by se m\u011bl v interi\u00e9ru c\u00edtit bezpe\u010dn\u011b a komfortn\u011b. Cht\u011bli jsme, aby se kav\u00e1rna stala p\u0159\u00edjemn\u00fdm m\u00edstem, kam si lid\u00e9 p\u0159ijdou vychutnat svoje kafe a a\u017e se usad\u00ed v pohodln\u00fdch \u017eidl\u00edch, tak jim vyraz\u00ed dech kr\u00e1sn\u00fd v\u00fdhled na temn\u011b zelen\u00e9 lesy, kter\u00e9 postupn\u011b p\u0159ech\u00e1z\u00ed do zasn\u011b\u017een\u00fdch vrchol\u016f.<\/p>\n\n\n\n<figure class=\"wp-block-image size-large\"><img decoding=\"async\" width=\"1024\" height=\"768\" data-src=\"http:\/\/www.design-award.cz\/wp-content\/uploads\/2022\/04\/MAKETA1-1024x768.jpg\" alt=\"\" class=\"wp-image-1152 lazyload\" data-srcset=\"https:\/\/www.design-award.cz\/wp-content\/uploads\/2022\/04\/MAKETA1-1024x768.jpg 1024w, https:\/\/www.design-award.cz\/wp-content\/uploads\/2022\/04\/MAKETA1-300x225.jpg 300w, https:\/\/www.design-award.cz\/wp-content\/uploads\/2022\/04\/MAKETA1-768x576.jpg 768w, https:\/\/www.design-award.cz\/wp-content\/uploads\/2022\/04\/MAKETA1-1536x1152.jpg 1536w, https:\/\/www.design-award.cz\/wp-content\/uploads\/2022\/04\/MAKETA1-2048x1536.jpg 2048w, https:\/\/www.design-award.cz\/wp-content\/uploads\/2022\/04\/MAKETA1-500x375.jpg 500w, https:\/\/www.design-award.cz\/wp-content\/uploads\/2022\/04\/MAKETA1-800x600.jpg 800w, https:\/\/www.design-award.cz\/wp-content\/uploads\/2022\/04\/MAKETA1-1280x960.jpg 1280w, https:\/\/www.design-award.cz\/wp-content\/uploads\/2022\/04\/MAKETA1-1920x1440.jpg 1920w\" data-sizes=\"(max-width: 1024px) 100vw, 1024px\" src=\"data:image\/svg+xml;base64,PHN2ZyB3aWR0aD0iMSIgaGVpZ2h0PSIxIiB4bWxucz0iaHR0cDovL3d3dy53My5vcmcvMjAwMC9zdmciPjwvc3ZnPg==\" style=\"--smush-placeholder-width: 1024px; --smush-placeholder-aspect-ratio: 1024\/768;\" \/><\/figure>\n\n\n\n<figure class=\"wp-block-image size-large\"><img decoding=\"async\" width=\"1024\" height=\"637\" data-src=\"http:\/\/www.design-award.cz\/wp-content\/uploads\/2022\/04\/KAVARN2-1024x637.jpg\" alt=\"\" class=\"wp-image-1151 lazyload\" data-srcset=\"https:\/\/www.design-award.cz\/wp-content\/uploads\/2022\/04\/KAVARN2-1024x637.jpg 1024w, https:\/\/www.design-award.cz\/wp-content\/uploads\/2022\/04\/KAVARN2-300x187.jpg 300w, https:\/\/www.design-award.cz\/wp-content\/uploads\/2022\/04\/KAVARN2-768x478.jpg 768w, https:\/\/www.design-award.cz\/wp-content\/uploads\/2022\/04\/KAVARN2-1536x956.jpg 1536w, https:\/\/www.design-award.cz\/wp-content\/uploads\/2022\/04\/KAVARN2-2048x1274.jpg 2048w, https:\/\/www.design-award.cz\/wp-content\/uploads\/2022\/04\/KAVARN2-500x311.jpg 500w, https:\/\/www.design-award.cz\/wp-content\/uploads\/2022\/04\/KAVARN2-800x498.jpg 800w, https:\/\/www.design-award.cz\/wp-content\/uploads\/2022\/04\/KAVARN2-1280x796.jpg 1280w, https:\/\/www.design-award.cz\/wp-content\/uploads\/2022\/04\/KAVARN2-1920x1195.jpg 1920w\" data-sizes=\"(max-width: 1024px) 100vw, 1024px\" src=\"data:image\/svg+xml;base64,PHN2ZyB3aWR0aD0iMSIgaGVpZ2h0PSIxIiB4bWxucz0iaHR0cDovL3d3dy53My5vcmcvMjAwMC9zdmciPjwvc3ZnPg==\" style=\"--smush-placeholder-width: 1024px; --smush-placeholder-aspect-ratio: 1024\/637;\" \/><\/figure>\n\n\n\n<figure class=\"wp-block-image size-large\"><img decoding=\"async\" width=\"1024\" height=\"725\" data-src=\"http:\/\/www.design-award.cz\/wp-content\/uploads\/2022\/04\/WC-zeny-1024x725.jpg\" alt=\"\" class=\"wp-image-1155 lazyload\" data-srcset=\"https:\/\/www.design-award.cz\/wp-content\/uploads\/2022\/04\/WC-zeny-1024x725.jpg 1024w, https:\/\/www.design-award.cz\/wp-content\/uploads\/2022\/04\/WC-zeny-300x212.jpg 300w, https:\/\/www.design-award.cz\/wp-content\/uploads\/2022\/04\/WC-zeny-768x544.jpg 768w, https:\/\/www.design-award.cz\/wp-content\/uploads\/2022\/04\/WC-zeny-1536x1087.jpg 1536w, https:\/\/www.design-award.cz\/wp-content\/uploads\/2022\/04\/WC-zeny-2048x1450.jpg 2048w, https:\/\/www.design-award.cz\/wp-content\/uploads\/2022\/04\/WC-zeny-500x354.jpg 500w, https:\/\/www.design-award.cz\/wp-content\/uploads\/2022\/04\/WC-zeny-800x566.jpg 800w, https:\/\/www.design-award.cz\/wp-content\/uploads\/2022\/04\/WC-zeny-1280x906.jpg 1280w, https:\/\/www.design-award.cz\/wp-content\/uploads\/2022\/04\/WC-zeny-1920x1359.jpg 1920w\" data-sizes=\"(max-width: 1024px) 100vw, 1024px\" src=\"data:image\/svg+xml;base64,PHN2ZyB3aWR0aD0iMSIgaGVpZ2h0PSIxIiB4bWxucz0iaHR0cDovL3d3dy53My5vcmcvMjAwMC9zdmciPjwvc3ZnPg==\" style=\"--smush-placeholder-width: 1024px; --smush-placeholder-aspect-ratio: 1024\/725;\" \/><\/figure>\n\n\n<div class=\"wp-block-visual-portfolio\">\n<div class=\"vp-portfolio vp-uid-2ece4a06 vp-id-607\"\n\tdata-vp-layout=\"slider\" data-vp-content-source=\"post-based\" data-vp-items-style=\"fade\" data-vp-items-click-action=\"url\" data-vp-items-gap=\"12\" data-vp-items-gap-vertical=\"\" data-vp-pagination=\"load-more\" data-vp-next-page-url=\"https:\/\/www.design-award.cz\/index.php?rest_route=%2Fwp%2Fv2%2Fportfolio%2F1148&#038;vp_page=2\" data-vp-random-seed=\"3740364634\" data-vp-slider-effect=\"slide\" data-vp-slider-items-height=\"80%\" data-vp-slider-items-min-height=\"\" data-vp-slider-slides-per-view=\"3\" data-vp-slider-speed=\"0.3\" data-vp-slider-autoplay=\"4.8\" data-vp-slider-autoplay-hover-pause=\"false\" data-vp-slider-centered-slides=\"true\" data-vp-slider-loop=\"true\" data-vp-slider-free-mode=\"false\" data-vp-slider-free-mode-sticky=\"false\" data-vp-slider-arrows=\"true\" data-vp-slider-bullets=\"false\" data-vp-slider-bullets-dynamic=\"false\" data-vp-slider-mousewheel=\"false\" data-vp-slider-thumbnails=\"false\" >\n\t<div class=\"vp-portfolio__preloader-wrap\">\n\t\t<div class=\"vp-portfolio__preloader\">\n\t\t\t<img decoding=\"async\" loading=\"eager\" src=\"https:\/\/www.design-award.cz\/wp-content\/plugins\/visual-portfolio\/assets\/images\/logo-dark.svg\" alt=\"Visual Portfolio, Posts &amp; Image Gallery for WordPress\" width=\"20\" height=\"20\" data-skip-lazy>\n\t\t<\/div>\n\t<\/div>\n\t\t<div class=\"vp-portfolio__items-wrap\">\n\t\t\t\n<div class=\"vp-portfolio__items vp-portfolio__items-style-fade vp-portfolio__items-show-overlay-hover\">\n\n\t\t<article\t\tclass=\"vp-portfolio__item-wrap post-717 portfolio type-portfolio status-publish format-standard has-post-thumbnail hentry entry has-media vp-portfolio__item-uid-38f46dde\" data-vp-filter=\"\" \t\t>\n\t\t\t\t\t\t\t\t\t<figure class=\"vp-portfolio__item\">\n\t\t\t\t\n<div class=\"vp-portfolio__item-img-wrap\">\n\t<div class=\"vp-portfolio__item-img\">\n\t\t\t<a\n\t\thref=\"https:\/\/www.design-award.cz\/?portfolio=soukromy-interier-spolecne-prostory-rd-v-liberci\"\n\t\t\t>\n\t\n\t\t<noscript><img decoding=\"async\" width=\"1920\" height=\"1080\" data-skip-lazy src=\"https:\/\/www.design-award.cz\/wp-content\/uploads\/2022\/05\/Rudolf-Hable.jpg\" class=\"wp-image-1520\" alt=\"\" srcset=\"https:\/\/www.design-award.cz\/wp-content\/uploads\/2022\/05\/Rudolf-Hable.jpg 1920w, https:\/\/www.design-award.cz\/wp-content\/uploads\/2022\/05\/Rudolf-Hable-300x169.jpg 300w, https:\/\/www.design-award.cz\/wp-content\/uploads\/2022\/05\/Rudolf-Hable-1024x576.jpg 1024w, https:\/\/www.design-award.cz\/wp-content\/uploads\/2022\/05\/Rudolf-Hable-768x432.jpg 768w, https:\/\/www.design-award.cz\/wp-content\/uploads\/2022\/05\/Rudolf-Hable-1536x864.jpg 1536w, https:\/\/www.design-award.cz\/wp-content\/uploads\/2022\/05\/Rudolf-Hable-500x281.jpg 500w, https:\/\/www.design-award.cz\/wp-content\/uploads\/2022\/05\/Rudolf-Hable-800x450.jpg 800w, https:\/\/www.design-award.cz\/wp-content\/uploads\/2022\/05\/Rudolf-Hable-1280x720.jpg 1280w\" sizes=\"(max-width: 1920px) 100vw, 1920px\" \/><\/noscript><img fetchpriority=\"high\" decoding=\"async\" width=\"1920\" height=\"1080\" src=\"https:\/\/www.design-award.cz\/wp-content\/uploads\/2022\/05\/Rudolf-Hable.jpg\" class=\"wp-image-1520 vp-lazyload\" alt srcset=\"data:image\/svg+xml;base64,PHN2ZyB3aWR0aD0iMTkyMCIgaGVpZ2h0PSIxMDgwIiB2aWV3Qm94PSIwIDAgMTkyMCAxMDgwIiBmaWxsPSJub25lIiB4bWxucz0iaHR0cDovL3d3dy53My5vcmcvMjAwMC9zdmciPjwvc3ZnPg==\" data-src=\"https:\/\/www.design-award.cz\/wp-content\/uploads\/2022\/05\/Rudolf-Hable.jpg\" data-srcset=\"https:\/\/www.design-award.cz\/wp-content\/uploads\/2022\/05\/Rudolf-Hable.jpg 1920w, https:\/\/www.design-award.cz\/wp-content\/uploads\/2022\/05\/Rudolf-Hable-300x169.jpg 300w, https:\/\/www.design-award.cz\/wp-content\/uploads\/2022\/05\/Rudolf-Hable-1024x576.jpg 1024w, https:\/\/www.design-award.cz\/wp-content\/uploads\/2022\/05\/Rudolf-Hable-768x432.jpg 768w, https:\/\/www.design-award.cz\/wp-content\/uploads\/2022\/05\/Rudolf-Hable-1536x864.jpg 1536w, https:\/\/www.design-award.cz\/wp-content\/uploads\/2022\/05\/Rudolf-Hable-500x281.jpg 500w, https:\/\/www.design-award.cz\/wp-content\/uploads\/2022\/05\/Rudolf-Hable-800x450.jpg 800w, https:\/\/www.design-award.cz\/wp-content\/uploads\/2022\/05\/Rudolf-Hable-1280x720.jpg 1280w\" data-sizes=\"auto\" loading=\"eager\">\n\t\t<\/a>\t<\/div>\n<\/div>\n\t<figcaption class=\"vp-portfolio__item-overlay vp-portfolio__item-overlay-text-align-center\">\n\t\t<div class=\"vp-portfolio__item-meta-wrap vp-portfolio__custom-scrollbar\">\n\t\t\t\t<a\n\t\thref=\"https:\/\/www.design-award.cz\/?portfolio=soukromy-interier-spolecne-prostory-rd-v-liberci\"\n\t\ttabindex=\"-1\" class=\"vp-portfolio__item-meta\" \t>\n\t\n<h2 class=\"vp-portfolio__item-meta-title\">\n\tSoukrom\u00fd interi\u00e9r &#8211; Spole\u010dn\u00e9 prostory RD v Liberci<\/h2>\n<\/a>\t\t<\/div>\n\t<\/figcaption>\n\t\t\t<\/figure>\n\t\t\t\t\t<\/article>\n\t\t\n\t\t<article\t\tclass=\"vp-portfolio__item-wrap post-1248 portfolio type-portfolio status-publish format-standard has-post-thumbnail hentry entry has-media vp-portfolio__item-uid-9753eeeb\" data-vp-filter=\"\" style=\"--vp-images__object-position: 59% 35%;\" \t\t>\n\t\t\t\t\t\t\t\t\t<figure class=\"vp-portfolio__item\">\n\t\t\t\t\n<div class=\"vp-portfolio__item-img-wrap\">\n\t<div class=\"vp-portfolio__item-img\">\n\t\t\t<a\n\t\thref=\"https:\/\/www.design-award.cz\/?portfolio=produktovy-design-sedadlo-collapse\"\n\t\t\t>\n\t\n\t\t<noscript><img decoding=\"async\" width=\"1624\" height=\"1080\" data-skip-lazy src=\"https:\/\/www.design-award.cz\/wp-content\/uploads\/2022\/04\/collapse-viz3.jpg\" class=\"wp-image-1251\" alt=\"\" srcset=\"https:\/\/www.design-award.cz\/wp-content\/uploads\/2022\/04\/collapse-viz3.jpg 1624w, https:\/\/www.design-award.cz\/wp-content\/uploads\/2022\/04\/collapse-viz3-300x200.jpg 300w, https:\/\/www.design-award.cz\/wp-content\/uploads\/2022\/04\/collapse-viz3-1024x681.jpg 1024w, https:\/\/www.design-award.cz\/wp-content\/uploads\/2022\/04\/collapse-viz3-768x511.jpg 768w, https:\/\/www.design-award.cz\/wp-content\/uploads\/2022\/04\/collapse-viz3-1536x1021.jpg 1536w, https:\/\/www.design-award.cz\/wp-content\/uploads\/2022\/04\/collapse-viz3-500x333.jpg 500w, https:\/\/www.design-award.cz\/wp-content\/uploads\/2022\/04\/collapse-viz3-800x532.jpg 800w, https:\/\/www.design-award.cz\/wp-content\/uploads\/2022\/04\/collapse-viz3-1280x851.jpg 1280w\" sizes=\"(max-width: 1624px) 100vw, 1624px\" \/><\/noscript><img decoding=\"async\" width=\"1624\" height=\"1080\" src=\"https:\/\/www.design-award.cz\/wp-content\/uploads\/2022\/04\/collapse-viz3.jpg\" class=\"wp-image-1251 vp-lazyload\" alt srcset=\"data:image\/svg+xml;base64,PHN2ZyB3aWR0aD0iMTYyNCIgaGVpZ2h0PSIxMDgwIiB2aWV3Qm94PSIwIDAgMTYyNCAxMDgwIiBmaWxsPSJub25lIiB4bWxucz0iaHR0cDovL3d3dy53My5vcmcvMjAwMC9zdmciPjwvc3ZnPg==\" data-src=\"https:\/\/www.design-award.cz\/wp-content\/uploads\/2022\/04\/collapse-viz3.jpg\" data-srcset=\"https:\/\/www.design-award.cz\/wp-content\/uploads\/2022\/04\/collapse-viz3.jpg 1624w, https:\/\/www.design-award.cz\/wp-content\/uploads\/2022\/04\/collapse-viz3-300x200.jpg 300w, https:\/\/www.design-award.cz\/wp-content\/uploads\/2022\/04\/collapse-viz3-1024x681.jpg 1024w, https:\/\/www.design-award.cz\/wp-content\/uploads\/2022\/04\/collapse-viz3-768x511.jpg 768w, https:\/\/www.design-award.cz\/wp-content\/uploads\/2022\/04\/collapse-viz3-1536x1021.jpg 1536w, https:\/\/www.design-award.cz\/wp-content\/uploads\/2022\/04\/collapse-viz3-500x333.jpg 500w, https:\/\/www.design-award.cz\/wp-content\/uploads\/2022\/04\/collapse-viz3-800x532.jpg 800w, https:\/\/www.design-award.cz\/wp-content\/uploads\/2022\/04\/collapse-viz3-1280x851.jpg 1280w\" data-sizes=\"auto\" loading=\"eager\">\n\t\t<\/a>\t<\/div>\n<\/div>\n\t<figcaption class=\"vp-portfolio__item-overlay vp-portfolio__item-overlay-text-align-center\">\n\t\t<div class=\"vp-portfolio__item-meta-wrap vp-portfolio__custom-scrollbar\">\n\t\t\t\t<a\n\t\thref=\"https:\/\/www.design-award.cz\/?portfolio=produktovy-design-sedadlo-collapse\"\n\t\ttabindex=\"-1\" class=\"vp-portfolio__item-meta\" \t>\n\t\n<h2 class=\"vp-portfolio__item-meta-title\">\n\tProduktov\u00fd design &#8211; Sedadlo Collapse<\/h2>\n<\/a>\t\t<\/div>\n\t<\/figcaption>\n\t\t\t<\/figure>\n\t\t\t\t\t<\/article>\n\t\t\n\t\t<article\t\tclass=\"vp-portfolio__item-wrap post-4252 portfolio type-portfolio status-publish format-standard has-post-thumbnail hentry entry has-media vp-portfolio__item-uid-5943c686\" data-vp-filter=\"\" \t\t>\n\t\t\t\t\t\t\t\t\t<figure class=\"vp-portfolio__item\">\n\t\t\t\t\n<div class=\"vp-portfolio__item-img-wrap\">\n\t<div class=\"vp-portfolio__item-img\">\n\t\t\t<a\n\t\thref=\"https:\/\/www.design-award.cz\/?portfolio=soukromy-interier-kubisticky-interier\"\n\t\t\t>\n\t\n\t\t<noscript><img decoding=\"async\" width=\"1182\" height=\"665\" data-skip-lazy src=\"https:\/\/www.design-award.cz\/wp-content\/uploads\/2024\/07\/B4BBAECA-9450-48EA-8E4D-1C7D1F01EFCE_1_105_c1.png\" class=\"wp-image-4307\" alt=\"\" srcset=\"https:\/\/www.design-award.cz\/wp-content\/uploads\/2024\/07\/B4BBAECA-9450-48EA-8E4D-1C7D1F01EFCE_1_105_c1.png 1182w, https:\/\/www.design-award.cz\/wp-content\/uploads\/2024\/07\/B4BBAECA-9450-48EA-8E4D-1C7D1F01EFCE_1_105_c1-300x169.png 300w, https:\/\/www.design-award.cz\/wp-content\/uploads\/2024\/07\/B4BBAECA-9450-48EA-8E4D-1C7D1F01EFCE_1_105_c1-1024x576.png 1024w, https:\/\/www.design-award.cz\/wp-content\/uploads\/2024\/07\/B4BBAECA-9450-48EA-8E4D-1C7D1F01EFCE_1_105_c1-768x432.png 768w, https:\/\/www.design-award.cz\/wp-content\/uploads\/2024\/07\/B4BBAECA-9450-48EA-8E4D-1C7D1F01EFCE_1_105_c1-500x281.png 500w, https:\/\/www.design-award.cz\/wp-content\/uploads\/2024\/07\/B4BBAECA-9450-48EA-8E4D-1C7D1F01EFCE_1_105_c1-800x450.png 800w\" sizes=\"(max-width: 1182px) 100vw, 1182px\" \/><\/noscript><img decoding=\"async\" width=\"1182\" height=\"665\" src=\"https:\/\/www.design-award.cz\/wp-content\/uploads\/2024\/07\/B4BBAECA-9450-48EA-8E4D-1C7D1F01EFCE_1_105_c1.png\" class=\"wp-image-4307 vp-lazyload\" alt srcset=\"data:image\/svg+xml;base64,PHN2ZyB3aWR0aD0iMTE4MiIgaGVpZ2h0PSI2NjUiIHZpZXdCb3g9IjAgMCAxMTgyIDY2NSIgZmlsbD0ibm9uZSIgeG1sbnM9Imh0dHA6Ly93d3cudzMub3JnLzIwMDAvc3ZnIj48L3N2Zz4=\" data-src=\"https:\/\/www.design-award.cz\/wp-content\/uploads\/2024\/07\/B4BBAECA-9450-48EA-8E4D-1C7D1F01EFCE_1_105_c1.png\" data-srcset=\"https:\/\/www.design-award.cz\/wp-content\/uploads\/2024\/07\/B4BBAECA-9450-48EA-8E4D-1C7D1F01EFCE_1_105_c1.png 1182w, https:\/\/www.design-award.cz\/wp-content\/uploads\/2024\/07\/B4BBAECA-9450-48EA-8E4D-1C7D1F01EFCE_1_105_c1-300x169.png 300w, https:\/\/www.design-award.cz\/wp-content\/uploads\/2024\/07\/B4BBAECA-9450-48EA-8E4D-1C7D1F01EFCE_1_105_c1-1024x576.png 1024w, https:\/\/www.design-award.cz\/wp-content\/uploads\/2024\/07\/B4BBAECA-9450-48EA-8E4D-1C7D1F01EFCE_1_105_c1-768x432.png 768w, https:\/\/www.design-award.cz\/wp-content\/uploads\/2024\/07\/B4BBAECA-9450-48EA-8E4D-1C7D1F01EFCE_1_105_c1-500x281.png 500w, https:\/\/www.design-award.cz\/wp-content\/uploads\/2024\/07\/B4BBAECA-9450-48EA-8E4D-1C7D1F01EFCE_1_105_c1-800x450.png 800w\" data-sizes=\"auto\" loading=\"eager\">\n\t\t<\/a>\t<\/div>\n<\/div>\n\t<figcaption class=\"vp-portfolio__item-overlay vp-portfolio__item-overlay-text-align-center\">\n\t\t<div class=\"vp-portfolio__item-meta-wrap vp-portfolio__custom-scrollbar\">\n\t\t\t\t<a\n\t\thref=\"https:\/\/www.design-award.cz\/?portfolio=soukromy-interier-kubisticky-interier\"\n\t\ttabindex=\"-1\" class=\"vp-portfolio__item-meta\" \t>\n\t\n<h2 class=\"vp-portfolio__item-meta-title\">\n\tSoukrom\u00fd interi\u00e9r &#8211; KUBISTICK\u00dd INTERI\u00c9R<\/h2>\n<\/a>\t\t<\/div>\n\t<\/figcaption>\n\t\t\t<\/figure>\n\t\t\t\t\t<\/article>\n\t\t\n\t\t<article\t\tclass=\"vp-portfolio__item-wrap post-5283 portfolio type-portfolio status-publish format-standard has-post-thumbnail hentry entry has-media vp-portfolio__item-uid-2356ef38\" data-vp-filter=\"\" \t\t>\n\t\t\t\t\t\t\t\t\t<figure class=\"vp-portfolio__item\">\n\t\t\t\t\n<div class=\"vp-portfolio__item-img-wrap\">\n\t<div class=\"vp-portfolio__item-img\">\n\t\t\t<a\n\t\thref=\"https:\/\/www.design-award.cz\/?portfolio=produktovy-design-record\"\n\t\t\t>\n\t\n\t\t<noscript><img decoding=\"async\" width=\"1920\" height=\"1280\" data-skip-lazy src=\"https:\/\/www.design-award.cz\/wp-content\/uploads\/2025\/06\/Pokorna-Record-pohled2-1920x1280.jpg\" class=\"wp-image-5286\" alt=\"\" srcset=\"https:\/\/www.design-award.cz\/wp-content\/uploads\/2025\/06\/Pokorna-Record-pohled2-1920x1280.jpg 1920w, https:\/\/www.design-award.cz\/wp-content\/uploads\/2025\/06\/Pokorna-Record-pohled2-300x200.jpg 300w, https:\/\/www.design-award.cz\/wp-content\/uploads\/2025\/06\/Pokorna-Record-pohled2-1024x683.jpg 1024w, https:\/\/www.design-award.cz\/wp-content\/uploads\/2025\/06\/Pokorna-Record-pohled2-768x512.jpg 768w, https:\/\/www.design-award.cz\/wp-content\/uploads\/2025\/06\/Pokorna-Record-pohled2-1536x1024.jpg 1536w, https:\/\/www.design-award.cz\/wp-content\/uploads\/2025\/06\/Pokorna-Record-pohled2-2048x1365.jpg 2048w, https:\/\/www.design-award.cz\/wp-content\/uploads\/2025\/06\/Pokorna-Record-pohled2-500x333.jpg 500w, https:\/\/www.design-award.cz\/wp-content\/uploads\/2025\/06\/Pokorna-Record-pohled2-800x533.jpg 800w, https:\/\/www.design-award.cz\/wp-content\/uploads\/2025\/06\/Pokorna-Record-pohled2-1280x853.jpg 1280w\" sizes=\"(max-width: 1920px) 100vw, 1920px\" \/><\/noscript><img decoding=\"async\" width=\"1920\" height=\"1280\" src=\"https:\/\/www.design-award.cz\/wp-content\/uploads\/2025\/06\/Pokorna-Record-pohled2-1920x1280.jpg\" class=\"wp-image-5286 vp-lazyload\" alt srcset=\"data:image\/svg+xml;base64,PHN2ZyB3aWR0aD0iMTkyMCIgaGVpZ2h0PSIxMjgwIiB2aWV3Qm94PSIwIDAgMTkyMCAxMjgwIiBmaWxsPSJub25lIiB4bWxucz0iaHR0cDovL3d3dy53My5vcmcvMjAwMC9zdmciPjwvc3ZnPg==\" data-src=\"https:\/\/www.design-award.cz\/wp-content\/uploads\/2025\/06\/Pokorna-Record-pohled2-1920x1280.jpg\" data-srcset=\"https:\/\/www.design-award.cz\/wp-content\/uploads\/2025\/06\/Pokorna-Record-pohled2-1920x1280.jpg 1920w, https:\/\/www.design-award.cz\/wp-content\/uploads\/2025\/06\/Pokorna-Record-pohled2-300x200.jpg 300w, https:\/\/www.design-award.cz\/wp-content\/uploads\/2025\/06\/Pokorna-Record-pohled2-1024x683.jpg 1024w, https:\/\/www.design-award.cz\/wp-content\/uploads\/2025\/06\/Pokorna-Record-pohled2-768x512.jpg 768w, https:\/\/www.design-award.cz\/wp-content\/uploads\/2025\/06\/Pokorna-Record-pohled2-1536x1024.jpg 1536w, https:\/\/www.design-award.cz\/wp-content\/uploads\/2025\/06\/Pokorna-Record-pohled2-2048x1365.jpg 2048w, https:\/\/www.design-award.cz\/wp-content\/uploads\/2025\/06\/Pokorna-Record-pohled2-500x333.jpg 500w, https:\/\/www.design-award.cz\/wp-content\/uploads\/2025\/06\/Pokorna-Record-pohled2-800x533.jpg 800w, https:\/\/www.design-award.cz\/wp-content\/uploads\/2025\/06\/Pokorna-Record-pohled2-1280x853.jpg 1280w\" data-sizes=\"auto\" loading=\"eager\">\n\t\t<\/a>\t<\/div>\n<\/div>\n\t<figcaption class=\"vp-portfolio__item-overlay vp-portfolio__item-overlay-text-align-center\">\n\t\t<div class=\"vp-portfolio__item-meta-wrap vp-portfolio__custom-scrollbar\">\n\t\t\t\t<a\n\t\thref=\"https:\/\/www.design-award.cz\/?portfolio=produktovy-design-record\"\n\t\ttabindex=\"-1\" class=\"vp-portfolio__item-meta\" \t>\n\t\n<h2 class=\"vp-portfolio__item-meta-title\">\n\tProduktov\u00fd design &#8211; Record<\/h2>\n<\/a>\t\t<\/div>\n\t<\/figcaption>\n\t\t\t<\/figure>\n\t\t\t\t\t<\/article>\n\t\t\n\t\t<article\t\tclass=\"vp-portfolio__item-wrap post-3517 portfolio type-portfolio status-publish format-standard has-post-thumbnail hentry entry has-media vp-portfolio__item-uid-d5ddd931\" data-vp-filter=\"\" \t\t>\n\t\t\t\t\t\t\t\t\t<figure class=\"vp-portfolio__item\">\n\t\t\t\t\n<div class=\"vp-portfolio__item-img-wrap\">\n\t<div class=\"vp-portfolio__item-img\">\n\t\t\t<a\n\t\thref=\"https:\/\/www.design-award.cz\/?portfolio=produktovy-design-dna-chair\"\n\t\t\t>\n\t\n\t\t<noscript><img decoding=\"async\" width=\"1920\" height=\"1080\" data-skip-lazy src=\"https:\/\/www.design-award.cz\/wp-content\/uploads\/2024\/06\/render-v-nemocnicnim-prostredi.png\" class=\"wp-image-3524\" alt=\"\" srcset=\"https:\/\/www.design-award.cz\/wp-content\/uploads\/2024\/06\/render-v-nemocnicnim-prostredi.png 1920w, https:\/\/www.design-award.cz\/wp-content\/uploads\/2024\/06\/render-v-nemocnicnim-prostredi-300x169.png 300w, https:\/\/www.design-award.cz\/wp-content\/uploads\/2024\/06\/render-v-nemocnicnim-prostredi-1024x576.png 1024w, https:\/\/www.design-award.cz\/wp-content\/uploads\/2024\/06\/render-v-nemocnicnim-prostredi-768x432.png 768w, https:\/\/www.design-award.cz\/wp-content\/uploads\/2024\/06\/render-v-nemocnicnim-prostredi-1536x864.png 1536w, https:\/\/www.design-award.cz\/wp-content\/uploads\/2024\/06\/render-v-nemocnicnim-prostredi-500x281.png 500w, https:\/\/www.design-award.cz\/wp-content\/uploads\/2024\/06\/render-v-nemocnicnim-prostredi-800x450.png 800w, https:\/\/www.design-award.cz\/wp-content\/uploads\/2024\/06\/render-v-nemocnicnim-prostredi-1280x720.png 1280w\" sizes=\"(max-width: 1920px) 100vw, 1920px\" \/><\/noscript><img decoding=\"async\" width=\"1920\" height=\"1080\" src=\"https:\/\/www.design-award.cz\/wp-content\/uploads\/2024\/06\/render-v-nemocnicnim-prostredi.png\" class=\"wp-image-3524 vp-lazyload\" alt srcset=\"data:image\/svg+xml;base64,PHN2ZyB3aWR0aD0iMTkyMCIgaGVpZ2h0PSIxMDgwIiB2aWV3Qm94PSIwIDAgMTkyMCAxMDgwIiBmaWxsPSJub25lIiB4bWxucz0iaHR0cDovL3d3dy53My5vcmcvMjAwMC9zdmciPjwvc3ZnPg==\" data-src=\"https:\/\/www.design-award.cz\/wp-content\/uploads\/2024\/06\/render-v-nemocnicnim-prostredi.png\" data-srcset=\"https:\/\/www.design-award.cz\/wp-content\/uploads\/2024\/06\/render-v-nemocnicnim-prostredi.png 1920w, https:\/\/www.design-award.cz\/wp-content\/uploads\/2024\/06\/render-v-nemocnicnim-prostredi-300x169.png 300w, https:\/\/www.design-award.cz\/wp-content\/uploads\/2024\/06\/render-v-nemocnicnim-prostredi-1024x576.png 1024w, https:\/\/www.design-award.cz\/wp-content\/uploads\/2024\/06\/render-v-nemocnicnim-prostredi-768x432.png 768w, https:\/\/www.design-award.cz\/wp-content\/uploads\/2024\/06\/render-v-nemocnicnim-prostredi-1536x864.png 1536w, https:\/\/www.design-award.cz\/wp-content\/uploads\/2024\/06\/render-v-nemocnicnim-prostredi-500x281.png 500w, https:\/\/www.design-award.cz\/wp-content\/uploads\/2024\/06\/render-v-nemocnicnim-prostredi-800x450.png 800w, https:\/\/www.design-award.cz\/wp-content\/uploads\/2024\/06\/render-v-nemocnicnim-prostredi-1280x720.png 1280w\" data-sizes=\"auto\" loading=\"eager\">\n\t\t<\/a>\t<\/div>\n<\/div>\n\t<figcaption class=\"vp-portfolio__item-overlay vp-portfolio__item-overlay-text-align-center\">\n\t\t<div class=\"vp-portfolio__item-meta-wrap vp-portfolio__custom-scrollbar\">\n\t\t\t\t<a\n\t\thref=\"https:\/\/www.design-award.cz\/?portfolio=produktovy-design-dna-chair\"\n\t\ttabindex=\"-1\" class=\"vp-portfolio__item-meta\" \t>\n\t\n<h2 class=\"vp-portfolio__item-meta-title\">\n\tProduktov\u00fd design &#8211; DNA Chair<\/h2>\n<\/a>\t\t<\/div>\n\t<\/figcaption>\n\t\t\t<\/figure>\n\t\t\t\t\t<\/article>\n\t\t\n\t\t<article\t\tclass=\"vp-portfolio__item-wrap post-1323 portfolio type-portfolio status-publish format-standard has-post-thumbnail hentry entry has-media vp-portfolio__item-uid-5719fad2\" data-vp-filter=\"\" \t\t>\n\t\t\t\t\t\t\t\t\t<figure class=\"vp-portfolio__item\">\n\t\t\t\t\n<div class=\"vp-portfolio__item-img-wrap\">\n\t<div class=\"vp-portfolio__item-img\">\n\t\t\t<a\n\t\thref=\"https:\/\/www.design-award.cz\/?portfolio=produktovy-design-venkovni-posezeni-mirai\"\n\t\t\t>\n\t\n\t\t<noscript><img decoding=\"async\" width=\"1442\" height=\"810\" data-skip-lazy src=\"https:\/\/www.design-award.cz\/wp-content\/uploads\/2022\/04\/model-se-stinem-cl_.png\" class=\"wp-image-1325\" alt=\"\" srcset=\"https:\/\/www.design-award.cz\/wp-content\/uploads\/2022\/04\/model-se-stinem-cl_.png 1442w, https:\/\/www.design-award.cz\/wp-content\/uploads\/2022\/04\/model-se-stinem-cl_-300x169.png 300w, https:\/\/www.design-award.cz\/wp-content\/uploads\/2022\/04\/model-se-stinem-cl_-1024x575.png 1024w, https:\/\/www.design-award.cz\/wp-content\/uploads\/2022\/04\/model-se-stinem-cl_-768x431.png 768w, https:\/\/www.design-award.cz\/wp-content\/uploads\/2022\/04\/model-se-stinem-cl_-500x281.png 500w, https:\/\/www.design-award.cz\/wp-content\/uploads\/2022\/04\/model-se-stinem-cl_-800x449.png 800w, https:\/\/www.design-award.cz\/wp-content\/uploads\/2022\/04\/model-se-stinem-cl_-1280x719.png 1280w\" sizes=\"(max-width: 1442px) 100vw, 1442px\" \/><\/noscript><img decoding=\"async\" width=\"1442\" height=\"810\" src=\"https:\/\/www.design-award.cz\/wp-content\/uploads\/2022\/04\/model-se-stinem-cl_.png\" class=\"wp-image-1325 vp-lazyload\" alt srcset=\"data:image\/svg+xml;base64,PHN2ZyB3aWR0aD0iMTQ0MiIgaGVpZ2h0PSI4MTAiIHZpZXdCb3g9IjAgMCAxNDQyIDgxMCIgZmlsbD0ibm9uZSIgeG1sbnM9Imh0dHA6Ly93d3cudzMub3JnLzIwMDAvc3ZnIj48L3N2Zz4=\" data-src=\"https:\/\/www.design-award.cz\/wp-content\/uploads\/2022\/04\/model-se-stinem-cl_.png\" data-srcset=\"https:\/\/www.design-award.cz\/wp-content\/uploads\/2022\/04\/model-se-stinem-cl_.png 1442w, https:\/\/www.design-award.cz\/wp-content\/uploads\/2022\/04\/model-se-stinem-cl_-300x169.png 300w, https:\/\/www.design-award.cz\/wp-content\/uploads\/2022\/04\/model-se-stinem-cl_-1024x575.png 1024w, https:\/\/www.design-award.cz\/wp-content\/uploads\/2022\/04\/model-se-stinem-cl_-768x431.png 768w, https:\/\/www.design-award.cz\/wp-content\/uploads\/2022\/04\/model-se-stinem-cl_-500x281.png 500w, https:\/\/www.design-award.cz\/wp-content\/uploads\/2022\/04\/model-se-stinem-cl_-800x449.png 800w, https:\/\/www.design-award.cz\/wp-content\/uploads\/2022\/04\/model-se-stinem-cl_-1280x719.png 1280w\" data-sizes=\"auto\" loading=\"eager\">\n\t\t<\/a>\t<\/div>\n<\/div>\n\t<figcaption class=\"vp-portfolio__item-overlay vp-portfolio__item-overlay-text-align-center\">\n\t\t<div class=\"vp-portfolio__item-meta-wrap vp-portfolio__custom-scrollbar\">\n\t\t\t\t<a\n\t\thref=\"https:\/\/www.design-award.cz\/?portfolio=produktovy-design-venkovni-posezeni-mirai\"\n\t\ttabindex=\"-1\" class=\"vp-portfolio__item-meta\" \t>\n\t\n<h2 class=\"vp-portfolio__item-meta-title\">\n\tProduktov\u00fd design &#8211; Venkovn\u00ed posezen\u00ed&nbsp; MIRAI<\/h2>\n<\/a>\t\t<\/div>\n\t<\/figcaption>\n\t\t\t<\/figure>\n\t\t\t\t\t<\/article>\n\t\t\n\t\t<article\t\tclass=\"vp-portfolio__item-wrap post-1085 portfolio type-portfolio status-publish format-standard has-post-thumbnail hentry entry has-media vp-portfolio__item-uid-46d30934\" data-vp-filter=\"\" \t\t>\n\t\t\t\t\t\t\t\t\t<figure class=\"vp-portfolio__item\">\n\t\t\t\t\n<div class=\"vp-portfolio__item-img-wrap\">\n\t<div class=\"vp-portfolio__item-img\">\n\t\t\t<a\n\t\thref=\"https:\/\/www.design-award.cz\/?portfolio=soukromy-interier-interier-rodinneho-domu\"\n\t\t\t>\n\t\n\t\t<noscript><img decoding=\"async\" width=\"1200\" height=\"800\" data-skip-lazy src=\"https:\/\/www.design-award.cz\/wp-content\/uploads\/2022\/04\/foto1.jpg\" class=\"wp-image-1086\" alt=\"\" srcset=\"https:\/\/www.design-award.cz\/wp-content\/uploads\/2022\/04\/foto1.jpg 1200w, https:\/\/www.design-award.cz\/wp-content\/uploads\/2022\/04\/foto1-300x200.jpg 300w, https:\/\/www.design-award.cz\/wp-content\/uploads\/2022\/04\/foto1-1024x683.jpg 1024w, https:\/\/www.design-award.cz\/wp-content\/uploads\/2022\/04\/foto1-768x512.jpg 768w, https:\/\/www.design-award.cz\/wp-content\/uploads\/2022\/04\/foto1-500x333.jpg 500w, https:\/\/www.design-award.cz\/wp-content\/uploads\/2022\/04\/foto1-800x533.jpg 800w\" sizes=\"(max-width: 1200px) 100vw, 1200px\" \/><\/noscript><img decoding=\"async\" width=\"1200\" height=\"800\" src=\"https:\/\/www.design-award.cz\/wp-content\/uploads\/2022\/04\/foto1.jpg\" class=\"wp-image-1086 vp-lazyload\" alt srcset=\"data:image\/svg+xml;base64,PHN2ZyB3aWR0aD0iMTIwMCIgaGVpZ2h0PSI4MDAiIHZpZXdCb3g9IjAgMCAxMjAwIDgwMCIgZmlsbD0ibm9uZSIgeG1sbnM9Imh0dHA6Ly93d3cudzMub3JnLzIwMDAvc3ZnIj48L3N2Zz4=\" data-src=\"https:\/\/www.design-award.cz\/wp-content\/uploads\/2022\/04\/foto1.jpg\" data-srcset=\"https:\/\/www.design-award.cz\/wp-content\/uploads\/2022\/04\/foto1.jpg 1200w, https:\/\/www.design-award.cz\/wp-content\/uploads\/2022\/04\/foto1-300x200.jpg 300w, https:\/\/www.design-award.cz\/wp-content\/uploads\/2022\/04\/foto1-1024x683.jpg 1024w, https:\/\/www.design-award.cz\/wp-content\/uploads\/2022\/04\/foto1-768x512.jpg 768w, https:\/\/www.design-award.cz\/wp-content\/uploads\/2022\/04\/foto1-500x333.jpg 500w, https:\/\/www.design-award.cz\/wp-content\/uploads\/2022\/04\/foto1-800x533.jpg 800w\" data-sizes=\"auto\" loading=\"eager\">\n\t\t<\/a>\t<\/div>\n<\/div>\n\t<figcaption class=\"vp-portfolio__item-overlay vp-portfolio__item-overlay-text-align-center\">\n\t\t<div class=\"vp-portfolio__item-meta-wrap vp-portfolio__custom-scrollbar\">\n\t\t\t\t<a\n\t\thref=\"https:\/\/www.design-award.cz\/?portfolio=soukromy-interier-interier-rodinneho-domu\"\n\t\ttabindex=\"-1\" class=\"vp-portfolio__item-meta\" \t>\n\t\n<h2 class=\"vp-portfolio__item-meta-title\">\n\tSoukrom\u00fd interi\u00e9r &#8211; Interi\u00e9r rodinn\u00e9ho domu<\/h2>\n<\/a>\t\t<\/div>\n\t<\/figcaption>\n\t\t\t<\/figure>\n\t\t\t\t\t<\/article>\n\t\t\n\t\t<article\t\tclass=\"vp-portfolio__item-wrap post-1856 portfolio type-portfolio status-publish format-standard has-post-thumbnail hentry portfolio_category-soutezici-2023 entry has-media vp-portfolio__item-uid-6467777b\" data-vp-filter=\"soutezici-2023\" \t\t>\n\t\t\t\t\t\t\t\t\t<figure class=\"vp-portfolio__item\">\n\t\t\t\t\n<div class=\"vp-portfolio__item-img-wrap\">\n\t<div class=\"vp-portfolio__item-img\">\n\t\t\t<a\n\t\thref=\"https:\/\/www.design-award.cz\/?portfolio=soukromy-interier-slim-house\"\n\t\t\t>\n\t\n\t\t<noscript><img decoding=\"async\" width=\"1414\" height=\"1060\" data-skip-lazy src=\"https:\/\/www.design-award.cz\/wp-content\/uploads\/2023\/04\/Zasazeni-do-exterieru_Hruban.png\" class=\"wp-image-1860\" alt=\"\" srcset=\"https:\/\/www.design-award.cz\/wp-content\/uploads\/2023\/04\/Zasazeni-do-exterieru_Hruban.png 1414w, https:\/\/www.design-award.cz\/wp-content\/uploads\/2023\/04\/Zasazeni-do-exterieru_Hruban-300x225.png 300w, https:\/\/www.design-award.cz\/wp-content\/uploads\/2023\/04\/Zasazeni-do-exterieru_Hruban-1024x768.png 1024w, https:\/\/www.design-award.cz\/wp-content\/uploads\/2023\/04\/Zasazeni-do-exterieru_Hruban-768x576.png 768w, https:\/\/www.design-award.cz\/wp-content\/uploads\/2023\/04\/Zasazeni-do-exterieru_Hruban-500x375.png 500w, https:\/\/www.design-award.cz\/wp-content\/uploads\/2023\/04\/Zasazeni-do-exterieru_Hruban-800x600.png 800w, https:\/\/www.design-award.cz\/wp-content\/uploads\/2023\/04\/Zasazeni-do-exterieru_Hruban-1280x960.png 1280w\" sizes=\"(max-width: 1414px) 100vw, 1414px\" \/><\/noscript><img decoding=\"async\" width=\"1414\" height=\"1060\" src=\"https:\/\/www.design-award.cz\/wp-content\/uploads\/2023\/04\/Zasazeni-do-exterieru_Hruban.png\" class=\"wp-image-1860 vp-lazyload\" alt srcset=\"data:image\/svg+xml;base64,PHN2ZyB3aWR0aD0iMTQxNCIgaGVpZ2h0PSIxMDYwIiB2aWV3Qm94PSIwIDAgMTQxNCAxMDYwIiBmaWxsPSJub25lIiB4bWxucz0iaHR0cDovL3d3dy53My5vcmcvMjAwMC9zdmciPjwvc3ZnPg==\" data-src=\"https:\/\/www.design-award.cz\/wp-content\/uploads\/2023\/04\/Zasazeni-do-exterieru_Hruban.png\" data-srcset=\"https:\/\/www.design-award.cz\/wp-content\/uploads\/2023\/04\/Zasazeni-do-exterieru_Hruban.png 1414w, https:\/\/www.design-award.cz\/wp-content\/uploads\/2023\/04\/Zasazeni-do-exterieru_Hruban-300x225.png 300w, https:\/\/www.design-award.cz\/wp-content\/uploads\/2023\/04\/Zasazeni-do-exterieru_Hruban-1024x768.png 1024w, https:\/\/www.design-award.cz\/wp-content\/uploads\/2023\/04\/Zasazeni-do-exterieru_Hruban-768x576.png 768w, https:\/\/www.design-award.cz\/wp-content\/uploads\/2023\/04\/Zasazeni-do-exterieru_Hruban-500x375.png 500w, https:\/\/www.design-award.cz\/wp-content\/uploads\/2023\/04\/Zasazeni-do-exterieru_Hruban-800x600.png 800w, https:\/\/www.design-award.cz\/wp-content\/uploads\/2023\/04\/Zasazeni-do-exterieru_Hruban-1280x960.png 1280w\" data-sizes=\"auto\" loading=\"eager\">\n\t\t<\/a>\t<\/div>\n<\/div>\n\t<figcaption class=\"vp-portfolio__item-overlay vp-portfolio__item-overlay-text-align-center\">\n\t\t<div class=\"vp-portfolio__item-meta-wrap vp-portfolio__custom-scrollbar\">\n\t\t\t\t<a\n\t\thref=\"https:\/\/www.design-award.cz\/?portfolio=soukromy-interier-slim-house\"\n\t\ttabindex=\"-1\" class=\"vp-portfolio__item-meta\" \t>\n\t\n<div class=\"vp-portfolio__item-meta-categories\">\n\t\t\t<div class=\"vp-portfolio__item-meta-category\">\n\t\t\t\t<span\t\t\t>\n\tSOUT\u011a\u017d\u00cdC\u00cd 2023<\/span>\t\t<\/div>\n\t\t<\/div>\n\n<h2 class=\"vp-portfolio__item-meta-title\">\n\tSoukrom\u00fd interi\u00e9r &#8211; Slim house<\/h2>\n<\/a>\t\t<\/div>\n\t<\/figcaption>\n\t\t\t<\/figure>\n\t\t\t\t\t<\/article>\n\t\t\n<\/div>\n\n<div class=\"vp-portfolio__items-arrow vp-portfolio__items-arrow-prev\" tabindex=\"0\" role=\"button\" aria-label=\"Previous Slide\">\n\t\n<svg class=\"vp-svg-icon\" width=\"20\" height=\"20\" viewBox=\"0 0 20 20\" fill=\"none\" xmlns=\"http:\/\/www.w3.org\/2000\/svg\">\n\t<path d=\"M12 4L6 10L12 16\" stroke=\"currentColor\" stroke-width=\"1.5\" stroke-linecap=\"round\" stroke-linejoin=\"round\" fill=\"transparent\" \/>\n<\/svg>\n<\/div>\n<div class=\"vp-portfolio__items-arrow vp-portfolio__items-arrow-next\" tabindex=\"0\" role=\"button\" aria-label=\"Next Slide\">\n\t\n<svg class=\"vp-svg-icon\" width=\"20\" height=\"20\" viewBox=\"0 0 20 20\" fill=\"none\" xmlns=\"http:\/\/www.w3.org\/2000\/svg\">\n\t<path d=\"M8 4L14 10L8 16\" stroke=\"currentColor\" stroke-width=\"1.5\" stroke-linecap=\"round\" stroke-linejoin=\"round\" fill=\"transparent\" \/>\n<\/svg>\n<\/div>\n\t\t<\/div>\n\t\t\t\t<div class=\"vp-portfolio__layout-elements vp-portfolio__layout-elements-bottom vp-portfolio__layout-elements-align-center\">\n\t\t\t\t<div class=\"vp-portfolio__pagination-wrap\">\n\t\t\n<div class=\"vp-pagination vp-pagination__style-minimal\" data-vp-pagination-type=\"load-more\">\n\t<div class=\"vp-pagination__item\">\n\t\t<a class=\"vp-pagination__load-more\" href=\"https:\/\/www.design-award.cz\/index.php?rest_route=%2Fwp%2Fv2%2Fportfolio%2F1148&#038;vp_page=2\">\n\t\t\t<span>Load More<\/span>\n\t\t\t<span class=\"vp-pagination__load-more-loading\"><span class=\"vp-spinner\"><\/span><span class=\"vp-screen-reader-text\"> Loading More&#8230;<\/span><\/span>\n\t\t\t<span class=\"vp-pagination__load-more-no-more\">You\u2019ve reached the end of the list<\/span>\n\t\t<\/a>\n\t<\/div>\n<\/div>\n\t\t<\/div>\n\t\t\t\t<\/div>\n\t\t\n<\/div>\n<\/div>","protected":false},"excerpt":{"rendered":"<p>Veronika Halouzkov\u00e1 (vedouc\u00ed skupiny &#8211; pr\u00e1ce v t\u00fdmu), Tom\u00e1\u0161 G\u00e1la, Sabina Bindrov\u00e1, Valerie Husenko, Andrea Jaro\u0161ov\u00e1, Iva Jirgalov\u00e1 St\u0159edn\u00ed odborn\u00e9 u\u010dili\u0161t\u011b tradi\u010dn\u00edch \u0159emesel a Vy\u0161\u0161\u00ed odborn\u00e1 \u0161kola, spol. s r.o. s\u00eddlo: Brno, St\u0159edn\u00ed 59 Na\u0161\u00edm zad\u00e1n\u00edm od vyu\u010duj\u00edc\u00edho bylo navrhnout kav\u00e1rnu v historizuj\u00edc\u00edm stylu a za\u0159adit do interi\u00e9ru schody, bar s barov\u00fdmi \u017eidlemi a jeden [&hellip;]<\/p>\n","protected":false},"author":1,"featured_media":1150,"menu_order":0,"comment_status":"closed","ping_status":"closed","template":"","format":"standard","meta":{"ngg_post_thumbnail":0,"ocean_post_layout":"","ocean_both_sidebars_style":"","ocean_both_sidebars_content_width":0,"ocean_both_sidebars_sidebars_width":0,"ocean_sidebar":"","ocean_second_sidebar":"","ocean_disable_margins":"enable","ocean_add_body_class":"","ocean_shortcode_before_top_bar":"","ocean_shortcode_after_top_bar":"","ocean_shortcode_before_header":"","ocean_shortcode_after_header":"","ocean_has_shortcode":"","ocean_shortcode_after_title":"","ocean_shortcode_before_footer_widgets":"","ocean_shortcode_after_footer_widgets":"","ocean_shortcode_before_footer_bottom":"","ocean_shortcode_after_footer_bottom":"","ocean_display_top_bar":"default","ocean_display_header":"default","ocean_header_style":"","ocean_center_header_left_menu":"","ocean_custom_header_template":"","ocean_custom_logo":0,"ocean_custom_retina_logo":0,"ocean_custom_logo_max_width":0,"ocean_custom_logo_tablet_max_width":0,"ocean_custom_logo_mobile_max_width":0,"ocean_custom_logo_max_height":0,"ocean_custom_logo_tablet_max_height":0,"ocean_custom_logo_mobile_max_height":0,"ocean_header_custom_menu":"","ocean_menu_typo_font_family":"","ocean_menu_typo_font_subset":"","ocean_menu_typo_font_size":0,"ocean_menu_typo_font_size_tablet":0,"ocean_menu_typo_font_size_mobile":0,"ocean_menu_typo_font_size_unit":"px","ocean_menu_typo_font_weight":"","ocean_menu_typo_font_weight_tablet":"","ocean_menu_typo_font_weight_mobile":"","ocean_menu_typo_transform":"","ocean_menu_typo_transform_tablet":"","ocean_menu_typo_transform_mobile":"","ocean_menu_typo_line_height":0,"ocean_menu_typo_line_height_tablet":0,"ocean_menu_typo_line_height_mobile":0,"ocean_menu_typo_line_height_unit":"","ocean_menu_typo_spacing":0,"ocean_menu_typo_spacing_tablet":0,"ocean_menu_typo_spacing_mobile":0,"ocean_menu_typo_spacing_unit":"","ocean_menu_link_color":"","ocean_menu_link_color_hover":"","ocean_menu_link_color_active":"","ocean_menu_link_background":"","ocean_menu_link_hover_background":"","ocean_menu_link_active_background":"","ocean_menu_social_links_bg":"","ocean_menu_social_hover_links_bg":"","ocean_menu_social_links_color":"","ocean_menu_social_hover_links_color":"","ocean_disable_title":"default","ocean_disable_heading":"default","ocean_post_title":"","ocean_post_subheading":"","ocean_post_title_style":"","ocean_post_title_background_color":"","ocean_post_title_background":0,"ocean_post_title_bg_image_position":"","ocean_post_title_bg_image_attachment":"","ocean_post_title_bg_image_repeat":"","ocean_post_title_bg_image_size":"","ocean_post_title_height":0,"ocean_post_title_bg_overlay":0.5,"ocean_post_title_bg_overlay_color":"","ocean_disable_breadcrumbs":"default","ocean_breadcrumbs_color":"","ocean_breadcrumbs_separator_color":"","ocean_breadcrumbs_links_color":"","ocean_breadcrumbs_links_hover_color":"","ocean_display_footer_widgets":"default","ocean_display_footer_bottom":"default","ocean_custom_footer_template":"","_vp_format_video_url":"","_vp_image_focal_point":[],"footnotes":""},"portfolio_category":[],"portfolio_tag":[],"class_list":["post-1148","portfolio","type-portfolio","status-publish","format-standard","has-post-thumbnail","hentry","entry","has-media"],"yoast_head":"<!-- This site is optimized with the Yoast SEO plugin v25.2 - https:\/\/yoast.com\/wordpress\/plugins\/seo\/ -->\n<title>Ve\u0159ejn\u00fd interi\u00e9r - KAV\u00c1RNA WITAS - design-award.cz<\/title>\n<meta name=\"robots\" content=\"index, follow, max-snippet:-1, max-image-preview:large, max-video-preview:-1\" \/>\n<link rel=\"canonical\" href=\"https:\/\/www.design-award.cz\/?portfolio=verejny-interier-kavarna-witas\" \/>\n<meta property=\"og:locale\" content=\"cs_CZ\" \/>\n<meta property=\"og:type\" content=\"article\" \/>\n<meta property=\"og:title\" content=\"Ve\u0159ejn\u00fd interi\u00e9r - KAV\u00c1RNA WITAS - design-award.cz\" \/>\n<meta property=\"og:description\" content=\"Veronika Halouzkov\u00e1 (vedouc\u00ed skupiny &#8211; pr\u00e1ce v t\u00fdmu), Tom\u00e1\u0161 G\u00e1la, Sabina Bindrov\u00e1, Valerie Husenko, Andrea Jaro\u0161ov\u00e1, Iva Jirgalov\u00e1 St\u0159edn\u00ed odborn\u00e9 u\u010dili\u0161t\u011b tradi\u010dn\u00edch \u0159emesel a Vy\u0161\u0161\u00ed odborn\u00e1 \u0161kola, spol. s r.o. s\u00eddlo: Brno, St\u0159edn\u00ed 59 Na\u0161\u00edm zad\u00e1n\u00edm od vyu\u010duj\u00edc\u00edho bylo navrhnout kav\u00e1rnu v historizuj\u00edc\u00edm stylu a za\u0159adit do interi\u00e9ru schody, bar s barov\u00fdmi \u017eidlemi a jeden [&hellip;]\" \/>\n<meta property=\"og:url\" content=\"https:\/\/www.design-award.cz\/?portfolio=verejny-interier-kavarna-witas\" \/>\n<meta property=\"og:site_name\" content=\"design-award.cz\" \/>\n<meta property=\"article:modified_time\" content=\"2022-04-29T19:57:58+00:00\" \/>\n<meta property=\"og:image\" content=\"http:\/\/www.design-award.cz\/wp-content\/uploads\/2022\/04\/KAVARN1-scaled.jpg\" \/>\n\t<meta property=\"og:image:width\" content=\"2560\" \/>\n\t<meta property=\"og:image:height\" content=\"894\" \/>\n\t<meta property=\"og:image:type\" content=\"image\/jpeg\" \/>\n<meta name=\"twitter:card\" content=\"summary_large_image\" \/>\n<meta name=\"twitter:label1\" content=\"Odhadovan\u00e1 doba \u010dten\u00ed\" \/>\n\t<meta name=\"twitter:data1\" content=\"2 minuty\" \/>\n<script type=\"application\/ld+json\" class=\"yoast-schema-graph\">{\"@context\":\"https:\/\/schema.org\",\"@graph\":[{\"@type\":\"WebPage\",\"@id\":\"https:\/\/www.design-award.cz\/?portfolio=verejny-interier-kavarna-witas\",\"url\":\"https:\/\/www.design-award.cz\/?portfolio=verejny-interier-kavarna-witas\",\"name\":\"Ve\u0159ejn\u00fd interi\u00e9r - KAV\u00c1RNA WITAS - design-award.cz\",\"isPartOf\":{\"@id\":\"https:\/\/www.design-award.cz\/#website\"},\"primaryImageOfPage\":{\"@id\":\"https:\/\/www.design-award.cz\/?portfolio=verejny-interier-kavarna-witas#primaryimage\"},\"image\":{\"@id\":\"https:\/\/www.design-award.cz\/?portfolio=verejny-interier-kavarna-witas#primaryimage\"},\"thumbnailUrl\":\"https:\/\/www.design-award.cz\/wp-content\/uploads\/2022\/04\/KAVARN1-scaled.jpg\",\"datePublished\":\"2022-04-29T19:57:56+00:00\",\"dateModified\":\"2022-04-29T19:57:58+00:00\",\"breadcrumb\":{\"@id\":\"https:\/\/www.design-award.cz\/?portfolio=verejny-interier-kavarna-witas#breadcrumb\"},\"inLanguage\":\"cs\",\"potentialAction\":[{\"@type\":\"ReadAction\",\"target\":[\"https:\/\/www.design-award.cz\/?portfolio=verejny-interier-kavarna-witas\"]}]},{\"@type\":\"ImageObject\",\"inLanguage\":\"cs\",\"@id\":\"https:\/\/www.design-award.cz\/?portfolio=verejny-interier-kavarna-witas#primaryimage\",\"url\":\"https:\/\/www.design-award.cz\/wp-content\/uploads\/2022\/04\/KAVARN1-scaled.jpg\",\"contentUrl\":\"https:\/\/www.design-award.cz\/wp-content\/uploads\/2022\/04\/KAVARN1-scaled.jpg\",\"width\":2560,\"height\":894},{\"@type\":\"BreadcrumbList\",\"@id\":\"https:\/\/www.design-award.cz\/?portfolio=verejny-interier-kavarna-witas#breadcrumb\",\"itemListElement\":[{\"@type\":\"ListItem\",\"position\":1,\"name\":\"Dom\u016f\",\"item\":\"https:\/\/www.design-award.cz\/\"},{\"@type\":\"ListItem\",\"position\":2,\"name\":\"Portfolio Items\",\"item\":\"https:\/\/www.design-award.cz\/?post_type=portfolio\"},{\"@type\":\"ListItem\",\"position\":3,\"name\":\"Ve\u0159ejn\u00fd interi\u00e9r &#8211; KAV\u00c1RNA WITAS\"}]},{\"@type\":\"WebSite\",\"@id\":\"https:\/\/www.design-award.cz\/#website\",\"url\":\"https:\/\/www.design-award.cz\/\",\"name\":\"design-award.cz\",\"description\":\"WARD vznikla v roce 2022. Je ur\u010dena p\u0159edev\u0161\u00edm student\u016fm st\u0159edn\u00edch um\u011bleck\u00fdch \u0161kol (S\u0160 a VO\u0160), kte\u0159\u00ed mohou bezplatn\u011b zaslat sv\u00e9 n\u00e1vrhy v uveden\u00fdch kategori\u00ed a tak pom\u011b\u0159it sv\u00e9 n\u00e1pady s konkurenc\u00ed sv\u00fdch vrstevn\u00edk\u016f. N\u00e1vrhy jsou n\u00e1sledn\u011b posouzeny nez\u00e1vislou porotou z \u0159ad v\u00fdtvarn\u00edk\u016f, pedagog\u016f a profesion\u00e1l\u016f z oboru.\",\"publisher\":{\"@id\":\"https:\/\/www.design-award.cz\/#organization\"},\"potentialAction\":[{\"@type\":\"SearchAction\",\"target\":{\"@type\":\"EntryPoint\",\"urlTemplate\":\"https:\/\/www.design-award.cz\/?s={search_term_string}\"},\"query-input\":{\"@type\":\"PropertyValueSpecification\",\"valueRequired\":true,\"valueName\":\"search_term_string\"}}],\"inLanguage\":\"cs\"},{\"@type\":\"Organization\",\"@id\":\"https:\/\/www.design-award.cz\/#organization\",\"name\":\"Design Award\",\"url\":\"https:\/\/www.design-award.cz\/\",\"logo\":{\"@type\":\"ImageObject\",\"inLanguage\":\"cs\",\"@id\":\"https:\/\/www.design-award.cz\/#\/schema\/logo\/image\/\",\"url\":\"http:\/\/www.design-award.cz\/wp-content\/uploads\/2021\/12\/hornilogo_design-award.png\",\"contentUrl\":\"http:\/\/www.design-award.cz\/wp-content\/uploads\/2021\/12\/hornilogo_design-award.png\",\"width\":800,\"height\":600,\"caption\":\"Design Award\"},\"image\":{\"@id\":\"https:\/\/www.design-award.cz\/#\/schema\/logo\/image\/\"},\"sameAs\":[\"https:\/\/www.instagram.com\/design_award\/\"]}]}<\/script>\n<!-- \/ Yoast SEO plugin. -->","yoast_head_json":{"title":"Ve\u0159ejn\u00fd interi\u00e9r - KAV\u00c1RNA WITAS - design-award.cz","robots":{"index":"index","follow":"follow","max-snippet":"max-snippet:-1","max-image-preview":"max-image-preview:large","max-video-preview":"max-video-preview:-1"},"canonical":"https:\/\/www.design-award.cz\/?portfolio=verejny-interier-kavarna-witas","og_locale":"cs_CZ","og_type":"article","og_title":"Ve\u0159ejn\u00fd interi\u00e9r - KAV\u00c1RNA WITAS - design-award.cz","og_description":"Veronika Halouzkov\u00e1 (vedouc\u00ed skupiny &#8211; pr\u00e1ce v t\u00fdmu), Tom\u00e1\u0161 G\u00e1la, Sabina Bindrov\u00e1, Valerie Husenko, Andrea Jaro\u0161ov\u00e1, Iva Jirgalov\u00e1 St\u0159edn\u00ed odborn\u00e9 u\u010dili\u0161t\u011b tradi\u010dn\u00edch \u0159emesel a Vy\u0161\u0161\u00ed odborn\u00e1 \u0161kola, spol. s r.o. s\u00eddlo: Brno, St\u0159edn\u00ed 59 Na\u0161\u00edm zad\u00e1n\u00edm od vyu\u010duj\u00edc\u00edho bylo navrhnout kav\u00e1rnu v historizuj\u00edc\u00edm stylu a za\u0159adit do interi\u00e9ru schody, bar s barov\u00fdmi \u017eidlemi a jeden [&hellip;]","og_url":"https:\/\/www.design-award.cz\/?portfolio=verejny-interier-kavarna-witas","og_site_name":"design-award.cz","article_modified_time":"2022-04-29T19:57:58+00:00","og_image":[{"width":2560,"height":894,"url":"http:\/\/www.design-award.cz\/wp-content\/uploads\/2022\/04\/KAVARN1-scaled.jpg","type":"image\/jpeg"}],"twitter_card":"summary_large_image","twitter_misc":{"Odhadovan\u00e1 doba \u010dten\u00ed":"2 minuty"},"schema":{"@context":"https:\/\/schema.org","@graph":[{"@type":"WebPage","@id":"https:\/\/www.design-award.cz\/?portfolio=verejny-interier-kavarna-witas","url":"https:\/\/www.design-award.cz\/?portfolio=verejny-interier-kavarna-witas","name":"Ve\u0159ejn\u00fd interi\u00e9r - KAV\u00c1RNA WITAS - design-award.cz","isPartOf":{"@id":"https:\/\/www.design-award.cz\/#website"},"primaryImageOfPage":{"@id":"https:\/\/www.design-award.cz\/?portfolio=verejny-interier-kavarna-witas#primaryimage"},"image":{"@id":"https:\/\/www.design-award.cz\/?portfolio=verejny-interier-kavarna-witas#primaryimage"},"thumbnailUrl":"https:\/\/www.design-award.cz\/wp-content\/uploads\/2022\/04\/KAVARN1-scaled.jpg","datePublished":"2022-04-29T19:57:56+00:00","dateModified":"2022-04-29T19:57:58+00:00","breadcrumb":{"@id":"https:\/\/www.design-award.cz\/?portfolio=verejny-interier-kavarna-witas#breadcrumb"},"inLanguage":"cs","potentialAction":[{"@type":"ReadAction","target":["https:\/\/www.design-award.cz\/?portfolio=verejny-interier-kavarna-witas"]}]},{"@type":"ImageObject","inLanguage":"cs","@id":"https:\/\/www.design-award.cz\/?portfolio=verejny-interier-kavarna-witas#primaryimage","url":"https:\/\/www.design-award.cz\/wp-content\/uploads\/2022\/04\/KAVARN1-scaled.jpg","contentUrl":"https:\/\/www.design-award.cz\/wp-content\/uploads\/2022\/04\/KAVARN1-scaled.jpg","width":2560,"height":894},{"@type":"BreadcrumbList","@id":"https:\/\/www.design-award.cz\/?portfolio=verejny-interier-kavarna-witas#breadcrumb","itemListElement":[{"@type":"ListItem","position":1,"name":"Dom\u016f","item":"https:\/\/www.design-award.cz\/"},{"@type":"ListItem","position":2,"name":"Portfolio Items","item":"https:\/\/www.design-award.cz\/?post_type=portfolio"},{"@type":"ListItem","position":3,"name":"Ve\u0159ejn\u00fd interi\u00e9r &#8211; KAV\u00c1RNA WITAS"}]},{"@type":"WebSite","@id":"https:\/\/www.design-award.cz\/#website","url":"https:\/\/www.design-award.cz\/","name":"design-award.cz","description":"WARD vznikla v roce 2022. Je ur\u010dena p\u0159edev\u0161\u00edm student\u016fm st\u0159edn\u00edch um\u011bleck\u00fdch \u0161kol (S\u0160 a VO\u0160), kte\u0159\u00ed mohou bezplatn\u011b zaslat sv\u00e9 n\u00e1vrhy v uveden\u00fdch kategori\u00ed a tak pom\u011b\u0159it sv\u00e9 n\u00e1pady s konkurenc\u00ed sv\u00fdch vrstevn\u00edk\u016f. N\u00e1vrhy jsou n\u00e1sledn\u011b posouzeny nez\u00e1vislou porotou z \u0159ad v\u00fdtvarn\u00edk\u016f, pedagog\u016f a profesion\u00e1l\u016f z oboru.","publisher":{"@id":"https:\/\/www.design-award.cz\/#organization"},"potentialAction":[{"@type":"SearchAction","target":{"@type":"EntryPoint","urlTemplate":"https:\/\/www.design-award.cz\/?s={search_term_string}"},"query-input":{"@type":"PropertyValueSpecification","valueRequired":true,"valueName":"search_term_string"}}],"inLanguage":"cs"},{"@type":"Organization","@id":"https:\/\/www.design-award.cz\/#organization","name":"Design Award","url":"https:\/\/www.design-award.cz\/","logo":{"@type":"ImageObject","inLanguage":"cs","@id":"https:\/\/www.design-award.cz\/#\/schema\/logo\/image\/","url":"http:\/\/www.design-award.cz\/wp-content\/uploads\/2021\/12\/hornilogo_design-award.png","contentUrl":"http:\/\/www.design-award.cz\/wp-content\/uploads\/2021\/12\/hornilogo_design-award.png","width":800,"height":600,"caption":"Design Award"},"image":{"@id":"https:\/\/www.design-award.cz\/#\/schema\/logo\/image\/"},"sameAs":["https:\/\/www.instagram.com\/design_award\/"]}]}},"_links":{"self":[{"href":"https:\/\/www.design-award.cz\/index.php?rest_route=\/wp\/v2\/portfolio\/1148","targetHints":{"allow":["GET"]}}],"collection":[{"href":"https:\/\/www.design-award.cz\/index.php?rest_route=\/wp\/v2\/portfolio"}],"about":[{"href":"https:\/\/www.design-award.cz\/index.php?rest_route=\/wp\/v2\/types\/portfolio"}],"author":[{"embeddable":true,"href":"https:\/\/www.design-award.cz\/index.php?rest_route=\/wp\/v2\/users\/1"}],"replies":[{"embeddable":true,"href":"https:\/\/www.design-award.cz\/index.php?rest_route=%2Fwp%2Fv2%2Fcomments&post=1148"}],"version-history":[{"count":1,"href":"https:\/\/www.design-award.cz\/index.php?rest_route=\/wp\/v2\/portfolio\/1148\/revisions"}],"predecessor-version":[{"id":1156,"href":"https:\/\/www.design-award.cz\/index.php?rest_route=\/wp\/v2\/portfolio\/1148\/revisions\/1156"}],"wp:featuredmedia":[{"embeddable":true,"href":"https:\/\/www.design-award.cz\/index.php?rest_route=\/wp\/v2\/media\/1150"}],"wp:attachment":[{"href":"https:\/\/www.design-award.cz\/index.php?rest_route=%2Fwp%2Fv2%2Fmedia&parent=1148"}],"wp:term":[{"taxonomy":"portfolio_category","embeddable":true,"href":"https:\/\/www.design-award.cz\/index.php?rest_route=%2Fwp%2Fv2%2Fportfolio_category&post=1148"},{"taxonomy":"portfolio_tag","embeddable":true,"href":"https:\/\/www.design-award.cz\/index.php?rest_route=%2Fwp%2Fv2%2Fportfolio_tag&post=1148"}],"curies":[{"name":"wp","href":"https:\/\/api.w.org\/{rel}","templated":true}]}}