{"id":1205,"date":"2022-04-30T14:59:40","date_gmt":"2022-04-30T14:59:40","guid":{"rendered":"https:\/\/www.design-award.cz\/?post_type=portfolio&#038;p=1205"},"modified":"2022-04-30T14:59:51","modified_gmt":"2022-04-30T14:59:51","slug":"verejny-interier-vystavni-prostor","status":"publish","type":"portfolio","link":"https:\/\/www.design-award.cz\/?portfolio=verejny-interier-vystavni-prostor","title":{"rendered":"Ve\u0159ejn\u00fd interi\u00e9r &#8211; V\u00fdstavn\u00ed prostor"},"content":{"rendered":"\n<h2 class=\"wp-block-heading\">Nat\u00e1lie Vagenknechtov\u00e1<\/h2>\n\n\n\n<p><strong>Integrovan\u00e1 st\u0159edn\u00ed \u0161kola \u017eivnostensk\u00e1, Plze\u0148, \u0160kroupova 13<\/strong><\/p>\n\n\n\n<p>Jedn\u00e1 se o v\u00fdstavn\u00ed prostor zam\u011b\u0159en\u00fd\u00a0 na prezentaci\u00a0 automobil\u016f. Automobily lze vystavovat v t\u0159\u00edpodla\u017en\u00edm projektu i na st\u0159e\u0161e. Do ka\u017ed\u00e9ho podla\u017e\u00ed vede v\u00fdtah, kter\u00fdm se automobily p\u0159eprav\u00ed do ur\u010dit\u00e9ho podla\u017e\u00ed a pak lze s nimi\u00a0 manipulovat podle pot\u0159eby. P\u0159i vstupu do budovy je recepce a okolo jsou v\u00fdstavn\u00ed vitr\u00edny s prototypy nov\u00fdch aut, p\u0159ipravovan\u00fdch model\u016f i vlastn\u00ed fyzick\u00e9 makety voz\u016f .<br>Samotn\u00e1 stavba pak pro n\u00e1v\u0161t\u011bvn\u00edky obsahuje v ka\u017ed\u00e9m pat\u0159e WC, \u0161atnu pro odlo\u017een\u00ed od\u011bv\u016f a pot\u0159ebn\u00e1 technick\u00e9 z\u00e1zem\u00ed .V objektu se nach\u00e1z\u00ed i p\u0159edn\u00e1\u0161kov\u00e1 m\u00edstnost, kterou najdeme v prvn\u00edm nadzemn\u00edm podla\u017e\u00ed a prostor k odpo\u010dinku a ob\u010derstven\u00ed, kter\u00fd se nach\u00e1z\u00ed ve druh\u00e9m nadzemn\u00edm podla\u017e\u00ed. Na t\u0159et\u00edm nadzemn\u00edm podla\u017e\u00ed, co\u017e u\u017e je otev\u0159en\u00e1 st\u0159echa , se mohou odehr\u00e1vat r\u016fzn\u00e9 akce, jako nap\u0159\u00edklad n\u011bjak\u00e1 zaj\u00edmav\u00e1 p\u0159ehl\u00eddka. N\u00e1v\u0161t\u011bvn\u00edci si nemus\u00ed automobily jen prohl\u00ed\u017eet, ale mohou se do nich i posadit a vyzkou\u0161et tak ergonomii vozu. N\u00e1v\u0161t\u011bvn\u00edci expozice se do pater budou dost\u00e1vat po schodi\u0161ti s prosklen\u00fdmi st\u011bnami , tak\u017ee mohou vyu\u017e\u00edt i v\u00fdhledu. V p\u0159\u00edpad\u011b nutnosti je mo\u017en\u00e9 vyu\u017e\u00edt v\u00fdtah slou\u017e\u00edc\u00ed na p\u0159epravu automobil\u016f, objekt je samoz\u0159ejm\u011b bezbari\u00e9rov\u00fd. Materi\u00e1lov\u00e9 \u0159e\u0161en\u00ed vych\u00e1z\u00ed z konstrukce objektu, je mo\u017en\u00e9 p\u0159iznat pohledov\u00fd beton konstrukce, na podlaze pak bude uplatn\u011bna lit\u00e1 pr\u016fmyslov\u00e1 st\u011brka tak, aby odolala\u00a0 pohybu a z\u00e1t\u011b\u017ei vozidel&#8230;..<\/p>\n\n\n\n<figure class=\"wp-block-image size-large\"><img decoding=\"async\" width=\"768\" height=\"1024\" data-src=\"http:\/\/www.design-award.cz\/wp-content\/uploads\/2022\/04\/image5-768x1024.jpg\" alt=\"\" class=\"wp-image-1208 lazyload\" data-srcset=\"https:\/\/www.design-award.cz\/wp-content\/uploads\/2022\/04\/image5-768x1024.jpg 768w, https:\/\/www.design-award.cz\/wp-content\/uploads\/2022\/04\/image5-225x300.jpg 225w, https:\/\/www.design-award.cz\/wp-content\/uploads\/2022\/04\/image5-1152x1536.jpg 1152w, https:\/\/www.design-award.cz\/wp-content\/uploads\/2022\/04\/image5-1536x2048.jpg 1536w, https:\/\/www.design-award.cz\/wp-content\/uploads\/2022\/04\/image5-500x667.jpg 500w, https:\/\/www.design-award.cz\/wp-content\/uploads\/2022\/04\/image5-800x1067.jpg 800w, https:\/\/www.design-award.cz\/wp-content\/uploads\/2022\/04\/image5-1280x1707.jpg 1280w, https:\/\/www.design-award.cz\/wp-content\/uploads\/2022\/04\/image5-scaled.jpg 1920w\" data-sizes=\"(max-width: 768px) 100vw, 768px\" src=\"data:image\/svg+xml;base64,PHN2ZyB3aWR0aD0iMSIgaGVpZ2h0PSIxIiB4bWxucz0iaHR0cDovL3d3dy53My5vcmcvMjAwMC9zdmciPjwvc3ZnPg==\" style=\"--smush-placeholder-width: 768px; --smush-placeholder-aspect-ratio: 768\/1024;\" \/><\/figure>\n\n\n\n<figure class=\"wp-block-image size-large\"><img decoding=\"async\" width=\"768\" height=\"1024\" data-src=\"http:\/\/www.design-award.cz\/wp-content\/uploads\/2022\/04\/image4-768x1024.jpg\" alt=\"\" class=\"wp-image-1207 lazyload\" data-srcset=\"https:\/\/www.design-award.cz\/wp-content\/uploads\/2022\/04\/image4-768x1024.jpg 768w, https:\/\/www.design-award.cz\/wp-content\/uploads\/2022\/04\/image4-225x300.jpg 225w, https:\/\/www.design-award.cz\/wp-content\/uploads\/2022\/04\/image4-1152x1536.jpg 1152w, https:\/\/www.design-award.cz\/wp-content\/uploads\/2022\/04\/image4-1536x2048.jpg 1536w, https:\/\/www.design-award.cz\/wp-content\/uploads\/2022\/04\/image4-500x667.jpg 500w, https:\/\/www.design-award.cz\/wp-content\/uploads\/2022\/04\/image4-800x1067.jpg 800w, https:\/\/www.design-award.cz\/wp-content\/uploads\/2022\/04\/image4-1280x1707.jpg 1280w, https:\/\/www.design-award.cz\/wp-content\/uploads\/2022\/04\/image4-scaled.jpg 1920w\" data-sizes=\"(max-width: 768px) 100vw, 768px\" src=\"data:image\/svg+xml;base64,PHN2ZyB3aWR0aD0iMSIgaGVpZ2h0PSIxIiB4bWxucz0iaHR0cDovL3d3dy53My5vcmcvMjAwMC9zdmciPjwvc3ZnPg==\" style=\"--smush-placeholder-width: 768px; --smush-placeholder-aspect-ratio: 768\/1024;\" \/><\/figure>\n\n\n\n<figure class=\"wp-block-image size-large\"><img decoding=\"async\" width=\"768\" height=\"1024\" data-src=\"http:\/\/www.design-award.cz\/wp-content\/uploads\/2022\/04\/image3-768x1024.jpg\" alt=\"\" class=\"wp-image-1206 lazyload\" data-srcset=\"https:\/\/www.design-award.cz\/wp-content\/uploads\/2022\/04\/image3-768x1024.jpg 768w, https:\/\/www.design-award.cz\/wp-content\/uploads\/2022\/04\/image3-225x300.jpg 225w, https:\/\/www.design-award.cz\/wp-content\/uploads\/2022\/04\/image3-1152x1536.jpg 1152w, https:\/\/www.design-award.cz\/wp-content\/uploads\/2022\/04\/image3-1536x2048.jpg 1536w, https:\/\/www.design-award.cz\/wp-content\/uploads\/2022\/04\/image3-500x667.jpg 500w, https:\/\/www.design-award.cz\/wp-content\/uploads\/2022\/04\/image3-800x1067.jpg 800w, https:\/\/www.design-award.cz\/wp-content\/uploads\/2022\/04\/image3-1280x1707.jpg 1280w, https:\/\/www.design-award.cz\/wp-content\/uploads\/2022\/04\/image3-scaled.jpg 1920w\" data-sizes=\"(max-width: 768px) 100vw, 768px\" src=\"data:image\/svg+xml;base64,PHN2ZyB3aWR0aD0iMSIgaGVpZ2h0PSIxIiB4bWxucz0iaHR0cDovL3d3dy53My5vcmcvMjAwMC9zdmciPjwvc3ZnPg==\" style=\"--smush-placeholder-width: 768px; --smush-placeholder-aspect-ratio: 768\/1024;\" \/><\/figure>\n\n\n\n<figure class=\"wp-block-image size-large\"><img decoding=\"async\" width=\"768\" height=\"1024\" data-src=\"http:\/\/www.design-award.cz\/wp-content\/uploads\/2022\/04\/image1-768x1024.jpg\" alt=\"\" class=\"wp-image-1210 lazyload\" data-srcset=\"https:\/\/www.design-award.cz\/wp-content\/uploads\/2022\/04\/image1-768x1024.jpg 768w, https:\/\/www.design-award.cz\/wp-content\/uploads\/2022\/04\/image1-225x300.jpg 225w, https:\/\/www.design-award.cz\/wp-content\/uploads\/2022\/04\/image1-1152x1536.jpg 1152w, https:\/\/www.design-award.cz\/wp-content\/uploads\/2022\/04\/image1-1536x2048.jpg 1536w, https:\/\/www.design-award.cz\/wp-content\/uploads\/2022\/04\/image1-500x667.jpg 500w, https:\/\/www.design-award.cz\/wp-content\/uploads\/2022\/04\/image1-800x1067.jpg 800w, https:\/\/www.design-award.cz\/wp-content\/uploads\/2022\/04\/image1-1280x1707.jpg 1280w, https:\/\/www.design-award.cz\/wp-content\/uploads\/2022\/04\/image1-scaled.jpg 1920w\" data-sizes=\"(max-width: 768px) 100vw, 768px\" src=\"data:image\/svg+xml;base64,PHN2ZyB3aWR0aD0iMSIgaGVpZ2h0PSIxIiB4bWxucz0iaHR0cDovL3d3dy53My5vcmcvMjAwMC9zdmciPjwvc3ZnPg==\" style=\"--smush-placeholder-width: 768px; --smush-placeholder-aspect-ratio: 768\/1024;\" \/><\/figure>\n\n\n\n<figure class=\"wp-block-image size-large\"><img decoding=\"async\" width=\"768\" height=\"1024\" data-src=\"http:\/\/www.design-award.cz\/wp-content\/uploads\/2022\/04\/image2-768x1024.jpg\" alt=\"\" class=\"wp-image-1211 lazyload\" data-srcset=\"https:\/\/www.design-award.cz\/wp-content\/uploads\/2022\/04\/image2-768x1024.jpg 768w, https:\/\/www.design-award.cz\/wp-content\/uploads\/2022\/04\/image2-225x300.jpg 225w, https:\/\/www.design-award.cz\/wp-content\/uploads\/2022\/04\/image2-1152x1536.jpg 1152w, https:\/\/www.design-award.cz\/wp-content\/uploads\/2022\/04\/image2-1536x2048.jpg 1536w, https:\/\/www.design-award.cz\/wp-content\/uploads\/2022\/04\/image2-500x667.jpg 500w, https:\/\/www.design-award.cz\/wp-content\/uploads\/2022\/04\/image2-800x1067.jpg 800w, https:\/\/www.design-award.cz\/wp-content\/uploads\/2022\/04\/image2-1280x1707.jpg 1280w, https:\/\/www.design-award.cz\/wp-content\/uploads\/2022\/04\/image2-scaled.jpg 1920w\" data-sizes=\"(max-width: 768px) 100vw, 768px\" src=\"data:image\/svg+xml;base64,PHN2ZyB3aWR0aD0iMSIgaGVpZ2h0PSIxIiB4bWxucz0iaHR0cDovL3d3dy53My5vcmcvMjAwMC9zdmciPjwvc3ZnPg==\" style=\"--smush-placeholder-width: 768px; --smush-placeholder-aspect-ratio: 768\/1024;\" \/><\/figure>\n\n\n<div class=\"wp-block-visual-portfolio\">\n<div class=\"vp-portfolio vp-uid-2ece4a06 vp-id-607\"\n\tdata-vp-layout=\"slider\" data-vp-content-source=\"post-based\" data-vp-items-style=\"fade\" data-vp-items-click-action=\"url\" data-vp-items-gap=\"12\" data-vp-items-gap-vertical=\"\" data-vp-pagination=\"load-more\" data-vp-next-page-url=\"https:\/\/www.design-award.cz\/index.php?rest_route=%2Fwp%2Fv2%2Fportfolio%2F1205&#038;vp_page=2\" data-vp-random-seed=\"1818896315\" data-vp-slider-effect=\"slide\" data-vp-slider-items-height=\"80%\" data-vp-slider-items-min-height=\"\" data-vp-slider-slides-per-view=\"3\" data-vp-slider-speed=\"0.3\" data-vp-slider-autoplay=\"4.8\" data-vp-slider-autoplay-hover-pause=\"false\" data-vp-slider-centered-slides=\"true\" data-vp-slider-loop=\"true\" data-vp-slider-free-mode=\"false\" data-vp-slider-free-mode-sticky=\"false\" data-vp-slider-arrows=\"true\" data-vp-slider-bullets=\"false\" data-vp-slider-bullets-dynamic=\"false\" data-vp-slider-mousewheel=\"false\" data-vp-slider-thumbnails=\"false\" >\n\t<div class=\"vp-portfolio__preloader-wrap\">\n\t\t<div class=\"vp-portfolio__preloader\">\n\t\t\t<img decoding=\"async\" loading=\"eager\" src=\"https:\/\/www.design-award.cz\/wp-content\/plugins\/visual-portfolio\/assets\/images\/logo-dark.svg\" alt=\"Visual Portfolio, Posts &amp; Image Gallery for WordPress\" width=\"20\" height=\"20\" data-skip-lazy>\n\t\t<\/div>\n\t<\/div>\n\t\t<div class=\"vp-portfolio__items-wrap\">\n\t\t\t\n<div class=\"vp-portfolio__items vp-portfolio__items-style-fade vp-portfolio__items-show-overlay-hover\">\n\n\t\t<article\t\tclass=\"vp-portfolio__item-wrap post-3674 portfolio type-portfolio status-publish format-standard has-post-thumbnail hentry entry has-media vp-portfolio__item-uid-18c89154\" data-vp-filter=\"\" \t\t>\n\t\t\t\t\t\t\t\t\t<figure class=\"vp-portfolio__item\">\n\t\t\t\t\n<div class=\"vp-portfolio__item-img-wrap\">\n\t<div class=\"vp-portfolio__item-img\">\n\t\t\t<a\n\t\thref=\"https:\/\/www.design-award.cz\/?portfolio=verejny-interier-express-the-luxury-tram-bar\"\n\t\t\t>\n\t\n\t\t<noscript><img decoding=\"async\" width=\"1920\" height=\"1353\" data-skip-lazy src=\"https:\/\/www.design-award.cz\/wp-content\/uploads\/2024\/06\/5-1-1920x1353.png\" class=\"wp-image-3694\" alt=\"\" srcset=\"https:\/\/www.design-award.cz\/wp-content\/uploads\/2024\/06\/5-1-1920x1353.png 1920w, https:\/\/www.design-award.cz\/wp-content\/uploads\/2024\/06\/5-1-300x211.png 300w, https:\/\/www.design-award.cz\/wp-content\/uploads\/2024\/06\/5-1-1024x721.png 1024w, https:\/\/www.design-award.cz\/wp-content\/uploads\/2024\/06\/5-1-768x541.png 768w, https:\/\/www.design-award.cz\/wp-content\/uploads\/2024\/06\/5-1-1536x1082.png 1536w, https:\/\/www.design-award.cz\/wp-content\/uploads\/2024\/06\/5-1-2048x1443.png 2048w, https:\/\/www.design-award.cz\/wp-content\/uploads\/2024\/06\/5-1-500x352.png 500w, https:\/\/www.design-award.cz\/wp-content\/uploads\/2024\/06\/5-1-800x564.png 800w, https:\/\/www.design-award.cz\/wp-content\/uploads\/2024\/06\/5-1-1280x902.png 1280w\" sizes=\"(max-width: 1920px) 100vw, 1920px\" \/><\/noscript><img fetchpriority=\"high\" decoding=\"async\" width=\"1920\" height=\"1353\" src=\"https:\/\/www.design-award.cz\/wp-content\/uploads\/2024\/06\/5-1-1920x1353.png\" class=\"wp-image-3694 vp-lazyload\" alt srcset=\"data:image\/svg+xml;base64,PHN2ZyB3aWR0aD0iMTkyMCIgaGVpZ2h0PSIxMzUzIiB2aWV3Qm94PSIwIDAgMTkyMCAxMzUzIiBmaWxsPSJub25lIiB4bWxucz0iaHR0cDovL3d3dy53My5vcmcvMjAwMC9zdmciPjwvc3ZnPg==\" data-src=\"https:\/\/www.design-award.cz\/wp-content\/uploads\/2024\/06\/5-1-1920x1353.png\" data-srcset=\"https:\/\/www.design-award.cz\/wp-content\/uploads\/2024\/06\/5-1-1920x1353.png 1920w, https:\/\/www.design-award.cz\/wp-content\/uploads\/2024\/06\/5-1-300x211.png 300w, https:\/\/www.design-award.cz\/wp-content\/uploads\/2024\/06\/5-1-1024x721.png 1024w, https:\/\/www.design-award.cz\/wp-content\/uploads\/2024\/06\/5-1-768x541.png 768w, https:\/\/www.design-award.cz\/wp-content\/uploads\/2024\/06\/5-1-1536x1082.png 1536w, https:\/\/www.design-award.cz\/wp-content\/uploads\/2024\/06\/5-1-2048x1443.png 2048w, https:\/\/www.design-award.cz\/wp-content\/uploads\/2024\/06\/5-1-500x352.png 500w, https:\/\/www.design-award.cz\/wp-content\/uploads\/2024\/06\/5-1-800x564.png 800w, https:\/\/www.design-award.cz\/wp-content\/uploads\/2024\/06\/5-1-1280x902.png 1280w\" data-sizes=\"auto\" loading=\"eager\">\n\t\t<\/a>\t<\/div>\n<\/div>\n\t<figcaption class=\"vp-portfolio__item-overlay vp-portfolio__item-overlay-text-align-center\">\n\t\t<div class=\"vp-portfolio__item-meta-wrap vp-portfolio__custom-scrollbar\">\n\t\t\t\t<a\n\t\thref=\"https:\/\/www.design-award.cz\/?portfolio=verejny-interier-express-the-luxury-tram-bar\"\n\t\ttabindex=\"-1\" class=\"vp-portfolio__item-meta\" \t>\n\t\n<h2 class=\"vp-portfolio__item-meta-title\">\n\tVe\u0159ejn\u00fd interi\u00e9r &#8211; EXPRESS &#8211; the luxury tram bar<\/h2>\n<\/a>\t\t<\/div>\n\t<\/figcaption>\n\t\t\t<\/figure>\n\t\t\t\t\t<\/article>\n\t\t\n\t\t<article\t\tclass=\"vp-portfolio__item-wrap post-5081 portfolio type-portfolio status-publish format-standard has-post-thumbnail hentry entry has-media vp-portfolio__item-uid-cedc5a7a\" data-vp-filter=\"\" \t\t>\n\t\t\t\t\t\t\t\t\t<figure class=\"vp-portfolio__item\">\n\t\t\t\t\n<div class=\"vp-portfolio__item-img-wrap\">\n\t<div class=\"vp-portfolio__item-img\">\n\t\t\t<a\n\t\thref=\"https:\/\/www.design-award.cz\/?portfolio=interierovy-design-navrh-interieru-bytu-high-tech\"\n\t\t\t>\n\t\n\t\t<noscript><img decoding=\"async\" width=\"1920\" height=\"1080\" data-skip-lazy src=\"https:\/\/www.design-award.cz\/wp-content\/uploads\/2025\/06\/obyvak-1-psp-1920x1080.jpg\" class=\"wp-image-5083\" alt=\"\" srcset=\"https:\/\/www.design-award.cz\/wp-content\/uploads\/2025\/06\/obyvak-1-psp-1920x1080.jpg 1920w, https:\/\/www.design-award.cz\/wp-content\/uploads\/2025\/06\/obyvak-1-psp-300x169.jpg 300w, https:\/\/www.design-award.cz\/wp-content\/uploads\/2025\/06\/obyvak-1-psp-1024x576.jpg 1024w, https:\/\/www.design-award.cz\/wp-content\/uploads\/2025\/06\/obyvak-1-psp-768x432.jpg 768w, https:\/\/www.design-award.cz\/wp-content\/uploads\/2025\/06\/obyvak-1-psp-1536x864.jpg 1536w, https:\/\/www.design-award.cz\/wp-content\/uploads\/2025\/06\/obyvak-1-psp-2048x1152.jpg 2048w, https:\/\/www.design-award.cz\/wp-content\/uploads\/2025\/06\/obyvak-1-psp-800x450.jpg 800w, https:\/\/www.design-award.cz\/wp-content\/uploads\/2025\/06\/obyvak-1-psp-500x281.jpg 500w, https:\/\/www.design-award.cz\/wp-content\/uploads\/2025\/06\/obyvak-1-psp-1280x720.jpg 1280w\" sizes=\"(max-width: 1920px) 100vw, 1920px\" \/><\/noscript><img decoding=\"async\" width=\"1920\" height=\"1080\" src=\"https:\/\/www.design-award.cz\/wp-content\/uploads\/2025\/06\/obyvak-1-psp-1920x1080.jpg\" class=\"wp-image-5083 vp-lazyload\" alt srcset=\"data:image\/svg+xml;base64,PHN2ZyB3aWR0aD0iMTkyMCIgaGVpZ2h0PSIxMDgwIiB2aWV3Qm94PSIwIDAgMTkyMCAxMDgwIiBmaWxsPSJub25lIiB4bWxucz0iaHR0cDovL3d3dy53My5vcmcvMjAwMC9zdmciPjwvc3ZnPg==\" data-src=\"https:\/\/www.design-award.cz\/wp-content\/uploads\/2025\/06\/obyvak-1-psp-1920x1080.jpg\" data-srcset=\"https:\/\/www.design-award.cz\/wp-content\/uploads\/2025\/06\/obyvak-1-psp-1920x1080.jpg 1920w, https:\/\/www.design-award.cz\/wp-content\/uploads\/2025\/06\/obyvak-1-psp-300x169.jpg 300w, https:\/\/www.design-award.cz\/wp-content\/uploads\/2025\/06\/obyvak-1-psp-1024x576.jpg 1024w, https:\/\/www.design-award.cz\/wp-content\/uploads\/2025\/06\/obyvak-1-psp-768x432.jpg 768w, https:\/\/www.design-award.cz\/wp-content\/uploads\/2025\/06\/obyvak-1-psp-1536x864.jpg 1536w, https:\/\/www.design-award.cz\/wp-content\/uploads\/2025\/06\/obyvak-1-psp-2048x1152.jpg 2048w, https:\/\/www.design-award.cz\/wp-content\/uploads\/2025\/06\/obyvak-1-psp-800x450.jpg 800w, https:\/\/www.design-award.cz\/wp-content\/uploads\/2025\/06\/obyvak-1-psp-500x281.jpg 500w, https:\/\/www.design-award.cz\/wp-content\/uploads\/2025\/06\/obyvak-1-psp-1280x720.jpg 1280w\" data-sizes=\"auto\" loading=\"eager\">\n\t\t<\/a>\t<\/div>\n<\/div>\n\t<figcaption class=\"vp-portfolio__item-overlay vp-portfolio__item-overlay-text-align-center\">\n\t\t<div class=\"vp-portfolio__item-meta-wrap vp-portfolio__custom-scrollbar\">\n\t\t\t\t<a\n\t\thref=\"https:\/\/www.design-award.cz\/?portfolio=interierovy-design-navrh-interieru-bytu-high-tech\"\n\t\ttabindex=\"-1\" class=\"vp-portfolio__item-meta\" \t>\n\t\n<h2 class=\"vp-portfolio__item-meta-title\">\n\tInteri\u00e9rov\u00fd design &#8211; N\u00e1vrh interi\u00e9ru bytu High-Tech<\/h2>\n<\/a>\t\t<\/div>\n\t<\/figcaption>\n\t\t\t<\/figure>\n\t\t\t\t\t<\/article>\n\t\t\n\t\t<article\t\tclass=\"vp-portfolio__item-wrap post-2104 portfolio type-portfolio status-publish format-standard has-post-thumbnail hentry portfolio_category-soutezici-2023 entry has-media vp-portfolio__item-uid-ea7a7673\" data-vp-filter=\"soutezici-2023\" \t\t>\n\t\t\t\t\t\t\t\t\t<figure class=\"vp-portfolio__item\">\n\t\t\t\t\n<div class=\"vp-portfolio__item-img-wrap\">\n\t<div class=\"vp-portfolio__item-img\">\n\t\t\t<a\n\t\thref=\"https:\/\/www.design-award.cz\/?portfolio=produktovy-design-leaf\"\n\t\t\t>\n\t\n\t\t<noscript><img decoding=\"async\" width=\"1920\" height=\"1357\" data-skip-lazy src=\"https:\/\/www.design-award.cz\/wp-content\/uploads\/2023\/04\/02-1920x1357.jpg\" class=\"wp-image-2105\" alt=\"\" srcset=\"https:\/\/www.design-award.cz\/wp-content\/uploads\/2023\/04\/02-1920x1357.jpg 1920w, https:\/\/www.design-award.cz\/wp-content\/uploads\/2023\/04\/02-300x212.jpg 300w, https:\/\/www.design-award.cz\/wp-content\/uploads\/2023\/04\/02-1024x724.jpg 1024w, https:\/\/www.design-award.cz\/wp-content\/uploads\/2023\/04\/02-768x543.jpg 768w, https:\/\/www.design-award.cz\/wp-content\/uploads\/2023\/04\/02-1536x1086.jpg 1536w, https:\/\/www.design-award.cz\/wp-content\/uploads\/2023\/04\/02-2048x1448.jpg 2048w, https:\/\/www.design-award.cz\/wp-content\/uploads\/2023\/04\/02-500x353.jpg 500w, https:\/\/www.design-award.cz\/wp-content\/uploads\/2023\/04\/02-800x566.jpg 800w, https:\/\/www.design-award.cz\/wp-content\/uploads\/2023\/04\/02-1280x905.jpg 1280w\" sizes=\"(max-width: 1920px) 100vw, 1920px\" \/><\/noscript><img decoding=\"async\" width=\"1920\" height=\"1357\" src=\"https:\/\/www.design-award.cz\/wp-content\/uploads\/2023\/04\/02-1920x1357.jpg\" class=\"wp-image-2105 vp-lazyload\" alt srcset=\"data:image\/svg+xml;base64,PHN2ZyB3aWR0aD0iMTkyMCIgaGVpZ2h0PSIxMzU3IiB2aWV3Qm94PSIwIDAgMTkyMCAxMzU3IiBmaWxsPSJub25lIiB4bWxucz0iaHR0cDovL3d3dy53My5vcmcvMjAwMC9zdmciPjwvc3ZnPg==\" data-src=\"https:\/\/www.design-award.cz\/wp-content\/uploads\/2023\/04\/02-1920x1357.jpg\" data-srcset=\"https:\/\/www.design-award.cz\/wp-content\/uploads\/2023\/04\/02-1920x1357.jpg 1920w, https:\/\/www.design-award.cz\/wp-content\/uploads\/2023\/04\/02-300x212.jpg 300w, https:\/\/www.design-award.cz\/wp-content\/uploads\/2023\/04\/02-1024x724.jpg 1024w, https:\/\/www.design-award.cz\/wp-content\/uploads\/2023\/04\/02-768x543.jpg 768w, https:\/\/www.design-award.cz\/wp-content\/uploads\/2023\/04\/02-1536x1086.jpg 1536w, https:\/\/www.design-award.cz\/wp-content\/uploads\/2023\/04\/02-2048x1448.jpg 2048w, https:\/\/www.design-award.cz\/wp-content\/uploads\/2023\/04\/02-500x353.jpg 500w, https:\/\/www.design-award.cz\/wp-content\/uploads\/2023\/04\/02-800x566.jpg 800w, https:\/\/www.design-award.cz\/wp-content\/uploads\/2023\/04\/02-1280x905.jpg 1280w\" data-sizes=\"auto\" loading=\"eager\">\n\t\t<\/a>\t<\/div>\n<\/div>\n\t<figcaption class=\"vp-portfolio__item-overlay vp-portfolio__item-overlay-text-align-center\">\n\t\t<div class=\"vp-portfolio__item-meta-wrap vp-portfolio__custom-scrollbar\">\n\t\t\t\t<a\n\t\thref=\"https:\/\/www.design-award.cz\/?portfolio=produktovy-design-leaf\"\n\t\ttabindex=\"-1\" class=\"vp-portfolio__item-meta\" \t>\n\t\n<div class=\"vp-portfolio__item-meta-categories\">\n\t\t\t<div class=\"vp-portfolio__item-meta-category\">\n\t\t\t\t<span\t\t\t>\n\tSOUT\u011a\u017d\u00cdC\u00cd 2023<\/span>\t\t<\/div>\n\t\t<\/div>\n\n<h2 class=\"vp-portfolio__item-meta-title\">\n\tProduktov\u00fd design &#8211; Leaf<\/h2>\n<\/a>\t\t<\/div>\n\t<\/figcaption>\n\t\t\t<\/figure>\n\t\t\t\t\t<\/article>\n\t\t\n\t\t<article\t\tclass=\"vp-portfolio__item-wrap post-2441 portfolio type-portfolio status-publish format-standard has-post-thumbnail hentry portfolio_category-soutezici-2023 entry has-media vp-portfolio__item-uid-f8b78513\" data-vp-filter=\"soutezici-2023\" \t\t>\n\t\t\t\t\t\t\t\t\t<figure class=\"vp-portfolio__item\">\n\t\t\t\t\n<div class=\"vp-portfolio__item-img-wrap\">\n\t<div class=\"vp-portfolio__item-img\">\n\t\t\t<a\n\t\thref=\"https:\/\/www.design-award.cz\/?portfolio=verejny-interier-rozhledna-v-trencine\"\n\t\t\t>\n\t\n\t\t<noscript><img decoding=\"async\" width=\"614\" height=\"859\" data-skip-lazy src=\"https:\/\/www.design-award.cz\/wp-content\/uploads\/2023\/04\/KRESBA-VYHLIADKY.png\" class=\"wp-image-2442\" alt=\"\" srcset=\"https:\/\/www.design-award.cz\/wp-content\/uploads\/2023\/04\/KRESBA-VYHLIADKY.png 614w, https:\/\/www.design-award.cz\/wp-content\/uploads\/2023\/04\/KRESBA-VYHLIADKY-214x300.png 214w, https:\/\/www.design-award.cz\/wp-content\/uploads\/2023\/04\/KRESBA-VYHLIADKY-500x700.png 500w\" sizes=\"(max-width: 614px) 100vw, 614px\" \/><\/noscript><img decoding=\"async\" width=\"614\" height=\"859\" src=\"https:\/\/www.design-award.cz\/wp-content\/uploads\/2023\/04\/KRESBA-VYHLIADKY.png\" class=\"wp-image-2442 vp-lazyload\" alt srcset=\"data:image\/svg+xml;base64,PHN2ZyB3aWR0aD0iNjE0IiBoZWlnaHQ9Ijg1OSIgdmlld0JveD0iMCAwIDYxNCA4NTkiIGZpbGw9Im5vbmUiIHhtbG5zPSJodHRwOi8vd3d3LnczLm9yZy8yMDAwL3N2ZyI+PC9zdmc+\" data-src=\"https:\/\/www.design-award.cz\/wp-content\/uploads\/2023\/04\/KRESBA-VYHLIADKY.png\" data-srcset=\"https:\/\/www.design-award.cz\/wp-content\/uploads\/2023\/04\/KRESBA-VYHLIADKY.png 614w, https:\/\/www.design-award.cz\/wp-content\/uploads\/2023\/04\/KRESBA-VYHLIADKY-214x300.png 214w, https:\/\/www.design-award.cz\/wp-content\/uploads\/2023\/04\/KRESBA-VYHLIADKY-500x700.png 500w\" data-sizes=\"auto\" loading=\"eager\">\n\t\t<\/a>\t<\/div>\n<\/div>\n\t<figcaption class=\"vp-portfolio__item-overlay vp-portfolio__item-overlay-text-align-center\">\n\t\t<div class=\"vp-portfolio__item-meta-wrap vp-portfolio__custom-scrollbar\">\n\t\t\t\t<a\n\t\thref=\"https:\/\/www.design-award.cz\/?portfolio=verejny-interier-rozhledna-v-trencine\"\n\t\ttabindex=\"-1\" class=\"vp-portfolio__item-meta\" \t>\n\t\n<div class=\"vp-portfolio__item-meta-categories\">\n\t\t\t<div class=\"vp-portfolio__item-meta-category\">\n\t\t\t\t<span\t\t\t>\n\tSOUT\u011a\u017d\u00cdC\u00cd 2023<\/span>\t\t<\/div>\n\t\t<\/div>\n\n<h2 class=\"vp-portfolio__item-meta-title\">\n\tVe\u0159ejn\u00fd interi\u00e9r &#8211; rozhledna v Tren\u010d\u00edne<\/h2>\n<\/a>\t\t<\/div>\n\t<\/figcaption>\n\t\t\t<\/figure>\n\t\t\t\t\t<\/article>\n\t\t\n\t\t<article\t\tclass=\"vp-portfolio__item-wrap post-4564 portfolio type-portfolio status-publish format-standard has-post-thumbnail hentry entry has-media vp-portfolio__item-uid-9e4226f5\" data-vp-filter=\"\" \t\t>\n\t\t\t\t\t\t\t\t\t<figure class=\"vp-portfolio__item\">\n\t\t\t\t\n<div class=\"vp-portfolio__item-img-wrap\">\n\t<div class=\"vp-portfolio__item-img\">\n\t\t\t<a\n\t\thref=\"https:\/\/www.design-award.cz\/?portfolio=interierovy-design-2-navrh-interieru-malometrazniho-bytu-inspirovaneho-janem-werichem\"\n\t\t\t>\n\t\n\t\t<noscript><img decoding=\"async\" width=\"850\" height=\"850\" data-skip-lazy src=\"https:\/\/www.design-award.cz\/wp-content\/uploads\/2025\/05\/Bara_Kmonickova_obyt.jpg\" class=\"wp-image-4567\" alt=\"\" srcset=\"https:\/\/www.design-award.cz\/wp-content\/uploads\/2025\/05\/Bara_Kmonickova_obyt.jpg 850w, https:\/\/www.design-award.cz\/wp-content\/uploads\/2025\/05\/Bara_Kmonickova_obyt-300x300.jpg 300w, https:\/\/www.design-award.cz\/wp-content\/uploads\/2025\/05\/Bara_Kmonickova_obyt-150x150.jpg 150w, https:\/\/www.design-award.cz\/wp-content\/uploads\/2025\/05\/Bara_Kmonickova_obyt-768x768.jpg 768w, https:\/\/www.design-award.cz\/wp-content\/uploads\/2025\/05\/Bara_Kmonickova_obyt-600x600.jpg 600w, https:\/\/www.design-award.cz\/wp-content\/uploads\/2025\/05\/Bara_Kmonickova_obyt-500x500.jpg 500w, https:\/\/www.design-award.cz\/wp-content\/uploads\/2025\/05\/Bara_Kmonickova_obyt-800x800.jpg 800w\" sizes=\"(max-width: 850px) 100vw, 850px\" \/><\/noscript><img decoding=\"async\" width=\"850\" height=\"850\" src=\"https:\/\/www.design-award.cz\/wp-content\/uploads\/2025\/05\/Bara_Kmonickova_obyt.jpg\" class=\"wp-image-4567 vp-lazyload\" alt srcset=\"data:image\/svg+xml;base64,PHN2ZyB3aWR0aD0iODUwIiBoZWlnaHQ9Ijg1MCIgdmlld0JveD0iMCAwIDg1MCA4NTAiIGZpbGw9Im5vbmUiIHhtbG5zPSJodHRwOi8vd3d3LnczLm9yZy8yMDAwL3N2ZyI+PC9zdmc+\" data-src=\"https:\/\/www.design-award.cz\/wp-content\/uploads\/2025\/05\/Bara_Kmonickova_obyt.jpg\" data-srcset=\"https:\/\/www.design-award.cz\/wp-content\/uploads\/2025\/05\/Bara_Kmonickova_obyt.jpg 850w, https:\/\/www.design-award.cz\/wp-content\/uploads\/2025\/05\/Bara_Kmonickova_obyt-300x300.jpg 300w, https:\/\/www.design-award.cz\/wp-content\/uploads\/2025\/05\/Bara_Kmonickova_obyt-150x150.jpg 150w, https:\/\/www.design-award.cz\/wp-content\/uploads\/2025\/05\/Bara_Kmonickova_obyt-768x768.jpg 768w, https:\/\/www.design-award.cz\/wp-content\/uploads\/2025\/05\/Bara_Kmonickova_obyt-600x600.jpg 600w, https:\/\/www.design-award.cz\/wp-content\/uploads\/2025\/05\/Bara_Kmonickova_obyt-500x500.jpg 500w, https:\/\/www.design-award.cz\/wp-content\/uploads\/2025\/05\/Bara_Kmonickova_obyt-800x800.jpg 800w\" data-sizes=\"auto\" loading=\"eager\">\n\t\t<\/a>\t<\/div>\n<\/div>\n\t<figcaption class=\"vp-portfolio__item-overlay vp-portfolio__item-overlay-text-align-center\">\n\t\t<div class=\"vp-portfolio__item-meta-wrap vp-portfolio__custom-scrollbar\">\n\t\t\t\t<a\n\t\thref=\"https:\/\/www.design-award.cz\/?portfolio=interierovy-design-2-navrh-interieru-malometrazniho-bytu-inspirovaneho-janem-werichem\"\n\t\ttabindex=\"-1\" class=\"vp-portfolio__item-meta\" \t>\n\t\n<h2 class=\"vp-portfolio__item-meta-title\">\n\tInteri\u00e9rov\u00fd design &#8211; 2. N\u00c1VRH INTERI\u00c9RU MALOMETR\u00c1\u017dN\u00cdHO BYTU INSPIROVAN\u00c9HO JANEM WERICHEM<\/h2>\n<\/a>\t\t<\/div>\n\t<\/figcaption>\n\t\t\t<\/figure>\n\t\t\t\t\t<\/article>\n\t\t\n\t\t<article\t\tclass=\"vp-portfolio__item-wrap post-1927 portfolio type-portfolio status-publish format-standard has-post-thumbnail hentry portfolio_category-soutezici-2023 entry has-media vp-portfolio__item-uid-5de3bb1d\" data-vp-filter=\"soutezici-2023\" \t\t>\n\t\t\t\t\t\t\t\t\t<figure class=\"vp-portfolio__item\">\n\t\t\t\t\n<div class=\"vp-portfolio__item-img-wrap\">\n\t<div class=\"vp-portfolio__item-img\">\n\t\t\t<a\n\t\thref=\"https:\/\/www.design-award.cz\/?portfolio=produktovy-design-hydroponie-2\"\n\t\t\t>\n\t\n\t\t<noscript><img decoding=\"async\" width=\"1000\" height=\"665\" data-skip-lazy src=\"https:\/\/www.design-award.cz\/wp-content\/uploads\/2023\/04\/IMG1417-1.jpg\" class=\"wp-image-1929\" alt=\"\" srcset=\"https:\/\/www.design-award.cz\/wp-content\/uploads\/2023\/04\/IMG1417-1.jpg 1000w, https:\/\/www.design-award.cz\/wp-content\/uploads\/2023\/04\/IMG1417-1-300x200.jpg 300w, https:\/\/www.design-award.cz\/wp-content\/uploads\/2023\/04\/IMG1417-1-768x511.jpg 768w, https:\/\/www.design-award.cz\/wp-content\/uploads\/2023\/04\/IMG1417-1-500x333.jpg 500w, https:\/\/www.design-award.cz\/wp-content\/uploads\/2023\/04\/IMG1417-1-800x532.jpg 800w\" sizes=\"(max-width: 1000px) 100vw, 1000px\" \/><\/noscript><img decoding=\"async\" width=\"1000\" height=\"665\" src=\"https:\/\/www.design-award.cz\/wp-content\/uploads\/2023\/04\/IMG1417-1.jpg\" class=\"wp-image-1929 vp-lazyload\" alt srcset=\"data:image\/svg+xml;base64,PHN2ZyB3aWR0aD0iMTAwMCIgaGVpZ2h0PSI2NjUiIHZpZXdCb3g9IjAgMCAxMDAwIDY2NSIgZmlsbD0ibm9uZSIgeG1sbnM9Imh0dHA6Ly93d3cudzMub3JnLzIwMDAvc3ZnIj48L3N2Zz4=\" data-src=\"https:\/\/www.design-award.cz\/wp-content\/uploads\/2023\/04\/IMG1417-1.jpg\" data-srcset=\"https:\/\/www.design-award.cz\/wp-content\/uploads\/2023\/04\/IMG1417-1.jpg 1000w, https:\/\/www.design-award.cz\/wp-content\/uploads\/2023\/04\/IMG1417-1-300x200.jpg 300w, https:\/\/www.design-award.cz\/wp-content\/uploads\/2023\/04\/IMG1417-1-768x511.jpg 768w, https:\/\/www.design-award.cz\/wp-content\/uploads\/2023\/04\/IMG1417-1-500x333.jpg 500w, https:\/\/www.design-award.cz\/wp-content\/uploads\/2023\/04\/IMG1417-1-800x532.jpg 800w\" data-sizes=\"auto\" loading=\"eager\">\n\t\t<\/a>\t<\/div>\n<\/div>\n\t<figcaption class=\"vp-portfolio__item-overlay vp-portfolio__item-overlay-text-align-center\">\n\t\t<div class=\"vp-portfolio__item-meta-wrap vp-portfolio__custom-scrollbar\">\n\t\t\t\t<a\n\t\thref=\"https:\/\/www.design-award.cz\/?portfolio=produktovy-design-hydroponie-2\"\n\t\ttabindex=\"-1\" class=\"vp-portfolio__item-meta\" \t>\n\t\n<div class=\"vp-portfolio__item-meta-categories\">\n\t\t\t<div class=\"vp-portfolio__item-meta-category\">\n\t\t\t\t<span\t\t\t>\n\tSOUT\u011a\u017d\u00cdC\u00cd 2023<\/span>\t\t<\/div>\n\t\t<\/div>\n\n<h2 class=\"vp-portfolio__item-meta-title\">\n\tProduktov\u00fd design &#8211; Hydroponie<\/h2>\n<\/a>\t\t<\/div>\n\t<\/figcaption>\n\t\t\t<\/figure>\n\t\t\t\t\t<\/article>\n\t\t\n\t\t<article\t\tclass=\"vp-portfolio__item-wrap post-747 portfolio type-portfolio status-publish format-standard has-post-thumbnail hentry entry has-media vp-portfolio__item-uid-4583999b\" data-vp-filter=\"\" style=\"--vp-images__object-position: 52% 64%;\" \t\t>\n\t\t\t\t\t\t\t\t\t<figure class=\"vp-portfolio__item\">\n\t\t\t\t\n<div class=\"vp-portfolio__item-img-wrap\">\n\t<div class=\"vp-portfolio__item-img\">\n\t\t\t<a\n\t\thref=\"https:\/\/www.design-award.cz\/?portfolio=produktovy-design-sedadlo-split\"\n\t\t\t>\n\t\n\t\t<noscript><img decoding=\"async\" width=\"1920\" height=\"1110\" data-skip-lazy src=\"https:\/\/www.design-award.cz\/wp-content\/uploads\/2022\/04\/split-hlavni-obrazek-vizozka2-1920x1110.jpg\" class=\"wp-image-753\" alt=\"\" srcset=\"https:\/\/www.design-award.cz\/wp-content\/uploads\/2022\/04\/split-hlavni-obrazek-vizozka2-1920x1110.jpg 1920w, https:\/\/www.design-award.cz\/wp-content\/uploads\/2022\/04\/split-hlavni-obrazek-vizozka2-300x174.jpg 300w, https:\/\/www.design-award.cz\/wp-content\/uploads\/2022\/04\/split-hlavni-obrazek-vizozka2-1024x592.jpg 1024w, https:\/\/www.design-award.cz\/wp-content\/uploads\/2022\/04\/split-hlavni-obrazek-vizozka2-768x444.jpg 768w, https:\/\/www.design-award.cz\/wp-content\/uploads\/2022\/04\/split-hlavni-obrazek-vizozka2-1536x888.jpg 1536w, https:\/\/www.design-award.cz\/wp-content\/uploads\/2022\/04\/split-hlavni-obrazek-vizozka2-2048x1185.jpg 2048w, https:\/\/www.design-award.cz\/wp-content\/uploads\/2022\/04\/split-hlavni-obrazek-vizozka2-500x289.jpg 500w, https:\/\/www.design-award.cz\/wp-content\/uploads\/2022\/04\/split-hlavni-obrazek-vizozka2-800x463.jpg 800w, https:\/\/www.design-award.cz\/wp-content\/uploads\/2022\/04\/split-hlavni-obrazek-vizozka2-1280x740.jpg 1280w\" sizes=\"(max-width: 1920px) 100vw, 1920px\" \/><\/noscript><img decoding=\"async\" width=\"1920\" height=\"1110\" src=\"https:\/\/www.design-award.cz\/wp-content\/uploads\/2022\/04\/split-hlavni-obrazek-vizozka2-1920x1110.jpg\" class=\"wp-image-753 vp-lazyload\" alt srcset=\"data:image\/svg+xml;base64,PHN2ZyB3aWR0aD0iMTkyMCIgaGVpZ2h0PSIxMTEwIiB2aWV3Qm94PSIwIDAgMTkyMCAxMTEwIiBmaWxsPSJub25lIiB4bWxucz0iaHR0cDovL3d3dy53My5vcmcvMjAwMC9zdmciPjwvc3ZnPg==\" data-src=\"https:\/\/www.design-award.cz\/wp-content\/uploads\/2022\/04\/split-hlavni-obrazek-vizozka2-1920x1110.jpg\" data-srcset=\"https:\/\/www.design-award.cz\/wp-content\/uploads\/2022\/04\/split-hlavni-obrazek-vizozka2-1920x1110.jpg 1920w, https:\/\/www.design-award.cz\/wp-content\/uploads\/2022\/04\/split-hlavni-obrazek-vizozka2-300x174.jpg 300w, https:\/\/www.design-award.cz\/wp-content\/uploads\/2022\/04\/split-hlavni-obrazek-vizozka2-1024x592.jpg 1024w, https:\/\/www.design-award.cz\/wp-content\/uploads\/2022\/04\/split-hlavni-obrazek-vizozka2-768x444.jpg 768w, https:\/\/www.design-award.cz\/wp-content\/uploads\/2022\/04\/split-hlavni-obrazek-vizozka2-1536x888.jpg 1536w, https:\/\/www.design-award.cz\/wp-content\/uploads\/2022\/04\/split-hlavni-obrazek-vizozka2-2048x1185.jpg 2048w, https:\/\/www.design-award.cz\/wp-content\/uploads\/2022\/04\/split-hlavni-obrazek-vizozka2-500x289.jpg 500w, https:\/\/www.design-award.cz\/wp-content\/uploads\/2022\/04\/split-hlavni-obrazek-vizozka2-800x463.jpg 800w, https:\/\/www.design-award.cz\/wp-content\/uploads\/2022\/04\/split-hlavni-obrazek-vizozka2-1280x740.jpg 1280w\" data-sizes=\"auto\" loading=\"eager\">\n\t\t<\/a>\t<\/div>\n<\/div>\n\t<figcaption class=\"vp-portfolio__item-overlay vp-portfolio__item-overlay-text-align-center\">\n\t\t<div class=\"vp-portfolio__item-meta-wrap vp-portfolio__custom-scrollbar\">\n\t\t\t\t<a\n\t\thref=\"https:\/\/www.design-award.cz\/?portfolio=produktovy-design-sedadlo-split\"\n\t\ttabindex=\"-1\" class=\"vp-portfolio__item-meta\" \t>\n\t\n<h2 class=\"vp-portfolio__item-meta-title\">\n\tProduktov\u00fd design &#8211; Sedadlo Split<\/h2>\n<\/a>\t\t<\/div>\n\t<\/figcaption>\n\t\t\t<\/figure>\n\t\t\t\t\t<\/article>\n\t\t\n\t\t<article\t\tclass=\"vp-portfolio__item-wrap post-5011 portfolio type-portfolio status-publish format-standard has-post-thumbnail hentry entry has-media vp-portfolio__item-uid-1f1ee133\" data-vp-filter=\"\" \t\t>\n\t\t\t\t\t\t\t\t\t<figure class=\"vp-portfolio__item\">\n\t\t\t\t\n<div class=\"vp-portfolio__item-img-wrap\">\n\t<div class=\"vp-portfolio__item-img\">\n\t\t\t<a\n\t\thref=\"https:\/\/www.design-award.cz\/?portfolio=produktovy-design-cirsium\"\n\t\t\t>\n\t\n\t\t<noscript><img decoding=\"async\" width=\"1920\" height=\"2376\" data-skip-lazy src=\"https:\/\/www.design-award.cz\/wp-content\/uploads\/2025\/06\/vizualizace-3-1-1920x2376.jpg\" class=\"wp-image-5016\" alt=\"\" srcset=\"https:\/\/www.design-award.cz\/wp-content\/uploads\/2025\/06\/vizualizace-3-1-1920x2376.jpg 1920w, https:\/\/www.design-award.cz\/wp-content\/uploads\/2025\/06\/vizualizace-3-1-242x300.jpg 242w, https:\/\/www.design-award.cz\/wp-content\/uploads\/2025\/06\/vizualizace-3-1-828x1024.jpg 828w, https:\/\/www.design-award.cz\/wp-content\/uploads\/2025\/06\/vizualizace-3-1-768x950.jpg 768w, https:\/\/www.design-award.cz\/wp-content\/uploads\/2025\/06\/vizualizace-3-1-1241x1536.jpg 1241w, https:\/\/www.design-award.cz\/wp-content\/uploads\/2025\/06\/vizualizace-3-1-1655x2048.jpg 1655w, https:\/\/www.design-award.cz\/wp-content\/uploads\/2025\/06\/vizualizace-3-1-500x619.jpg 500w, https:\/\/www.design-award.cz\/wp-content\/uploads\/2025\/06\/vizualizace-3-1-800x990.jpg 800w, https:\/\/www.design-award.cz\/wp-content\/uploads\/2025\/06\/vizualizace-3-1-1280x1584.jpg 1280w\" sizes=\"(max-width: 1920px) 100vw, 1920px\" \/><\/noscript><img decoding=\"async\" width=\"1920\" height=\"2376\" src=\"https:\/\/www.design-award.cz\/wp-content\/uploads\/2025\/06\/vizualizace-3-1-1920x2376.jpg\" class=\"wp-image-5016 vp-lazyload\" alt srcset=\"data:image\/svg+xml;base64,PHN2ZyB3aWR0aD0iMTkyMCIgaGVpZ2h0PSIyMzc2IiB2aWV3Qm94PSIwIDAgMTkyMCAyMzc2IiBmaWxsPSJub25lIiB4bWxucz0iaHR0cDovL3d3dy53My5vcmcvMjAwMC9zdmciPjwvc3ZnPg==\" data-src=\"https:\/\/www.design-award.cz\/wp-content\/uploads\/2025\/06\/vizualizace-3-1-1920x2376.jpg\" data-srcset=\"https:\/\/www.design-award.cz\/wp-content\/uploads\/2025\/06\/vizualizace-3-1-1920x2376.jpg 1920w, https:\/\/www.design-award.cz\/wp-content\/uploads\/2025\/06\/vizualizace-3-1-242x300.jpg 242w, https:\/\/www.design-award.cz\/wp-content\/uploads\/2025\/06\/vizualizace-3-1-828x1024.jpg 828w, https:\/\/www.design-award.cz\/wp-content\/uploads\/2025\/06\/vizualizace-3-1-768x950.jpg 768w, https:\/\/www.design-award.cz\/wp-content\/uploads\/2025\/06\/vizualizace-3-1-1241x1536.jpg 1241w, https:\/\/www.design-award.cz\/wp-content\/uploads\/2025\/06\/vizualizace-3-1-1655x2048.jpg 1655w, https:\/\/www.design-award.cz\/wp-content\/uploads\/2025\/06\/vizualizace-3-1-500x619.jpg 500w, https:\/\/www.design-award.cz\/wp-content\/uploads\/2025\/06\/vizualizace-3-1-800x990.jpg 800w, https:\/\/www.design-award.cz\/wp-content\/uploads\/2025\/06\/vizualizace-3-1-1280x1584.jpg 1280w\" data-sizes=\"auto\" loading=\"eager\">\n\t\t<\/a>\t<\/div>\n<\/div>\n\t<figcaption class=\"vp-portfolio__item-overlay vp-portfolio__item-overlay-text-align-center\">\n\t\t<div class=\"vp-portfolio__item-meta-wrap vp-portfolio__custom-scrollbar\">\n\t\t\t\t<a\n\t\thref=\"https:\/\/www.design-award.cz\/?portfolio=produktovy-design-cirsium\"\n\t\ttabindex=\"-1\" class=\"vp-portfolio__item-meta\" \t>\n\t\n<h2 class=\"vp-portfolio__item-meta-title\">\n\tProduktov\u00fd design &#8211; Cirsium<\/h2>\n<\/a>\t\t<\/div>\n\t<\/figcaption>\n\t\t\t<\/figure>\n\t\t\t\t\t<\/article>\n\t\t\n<\/div>\n\n<div class=\"vp-portfolio__items-arrow vp-portfolio__items-arrow-prev\" tabindex=\"0\" role=\"button\" aria-label=\"Previous Slide\">\n\t\n<svg class=\"vp-svg-icon\" width=\"20\" height=\"20\" viewBox=\"0 0 20 20\" fill=\"none\" xmlns=\"http:\/\/www.w3.org\/2000\/svg\">\n\t<path d=\"M12 4L6 10L12 16\" stroke=\"currentColor\" stroke-width=\"1.5\" stroke-linecap=\"round\" stroke-linejoin=\"round\" fill=\"transparent\" \/>\n<\/svg>\n<\/div>\n<div class=\"vp-portfolio__items-arrow vp-portfolio__items-arrow-next\" tabindex=\"0\" role=\"button\" aria-label=\"Next Slide\">\n\t\n<svg class=\"vp-svg-icon\" width=\"20\" height=\"20\" viewBox=\"0 0 20 20\" fill=\"none\" xmlns=\"http:\/\/www.w3.org\/2000\/svg\">\n\t<path d=\"M8 4L14 10L8 16\" stroke=\"currentColor\" stroke-width=\"1.5\" stroke-linecap=\"round\" stroke-linejoin=\"round\" fill=\"transparent\" \/>\n<\/svg>\n<\/div>\n\t\t<\/div>\n\t\t\t\t<div class=\"vp-portfolio__layout-elements vp-portfolio__layout-elements-bottom vp-portfolio__layout-elements-align-center\">\n\t\t\t\t<div class=\"vp-portfolio__pagination-wrap\">\n\t\t\n<div class=\"vp-pagination vp-pagination__style-minimal\" data-vp-pagination-type=\"load-more\">\n\t<div class=\"vp-pagination__item\">\n\t\t<a class=\"vp-pagination__load-more\" href=\"https:\/\/www.design-award.cz\/index.php?rest_route=%2Fwp%2Fv2%2Fportfolio%2F1205&#038;vp_page=2\">\n\t\t\t<span>Load More<\/span>\n\t\t\t<span class=\"vp-pagination__load-more-loading\"><span class=\"vp-spinner\"><\/span><span class=\"vp-screen-reader-text\"> Loading More&#8230;<\/span><\/span>\n\t\t\t<span class=\"vp-pagination__load-more-no-more\">You\u2019ve reached the end of the list<\/span>\n\t\t<\/a>\n\t<\/div>\n<\/div>\n\t\t<\/div>\n\t\t\t\t<\/div>\n\t\t\n<\/div>\n<\/div>","protected":false},"excerpt":{"rendered":"<p>Nat\u00e1lie Vagenknechtov\u00e1 Integrovan\u00e1 st\u0159edn\u00ed \u0161kola \u017eivnostensk\u00e1, Plze\u0148, \u0160kroupova 13 Jedn\u00e1 se o v\u00fdstavn\u00ed prostor zam\u011b\u0159en\u00fd\u00a0 na prezentaci\u00a0 automobil\u016f. Automobily lze vystavovat v t\u0159\u00edpodla\u017en\u00edm projektu i na st\u0159e\u0161e. Do ka\u017ed\u00e9ho podla\u017e\u00ed vede v\u00fdtah, kter\u00fdm se automobily p\u0159eprav\u00ed do ur\u010dit\u00e9ho podla\u017e\u00ed a pak lze s nimi\u00a0 manipulovat podle pot\u0159eby. P\u0159i vstupu do budovy je recepce a okolo [&hellip;]<\/p>\n","protected":false},"author":1,"featured_media":1209,"menu_order":0,"comment_status":"closed","ping_status":"closed","template":"","format":"standard","meta":{"ngg_post_thumbnail":0,"ocean_post_layout":"","ocean_both_sidebars_style":"","ocean_both_sidebars_content_width":0,"ocean_both_sidebars_sidebars_width":0,"ocean_sidebar":"","ocean_second_sidebar":"","ocean_disable_margins":"enable","ocean_add_body_class":"","ocean_shortcode_before_top_bar":"","ocean_shortcode_after_top_bar":"","ocean_shortcode_before_header":"","ocean_shortcode_after_header":"","ocean_has_shortcode":"","ocean_shortcode_after_title":"","ocean_shortcode_before_footer_widgets":"","ocean_shortcode_after_footer_widgets":"","ocean_shortcode_before_footer_bottom":"","ocean_shortcode_after_footer_bottom":"","ocean_display_top_bar":"default","ocean_display_header":"default","ocean_header_style":"","ocean_center_header_left_menu":"","ocean_custom_header_template":"","ocean_custom_logo":0,"ocean_custom_retina_logo":0,"ocean_custom_logo_max_width":0,"ocean_custom_logo_tablet_max_width":0,"ocean_custom_logo_mobile_max_width":0,"ocean_custom_logo_max_height":0,"ocean_custom_logo_tablet_max_height":0,"ocean_custom_logo_mobile_max_height":0,"ocean_header_custom_menu":"","ocean_menu_typo_font_family":"","ocean_menu_typo_font_subset":"","ocean_menu_typo_font_size":0,"ocean_menu_typo_font_size_tablet":0,"ocean_menu_typo_font_size_mobile":0,"ocean_menu_typo_font_size_unit":"px","ocean_menu_typo_font_weight":"","ocean_menu_typo_font_weight_tablet":"","ocean_menu_typo_font_weight_mobile":"","ocean_menu_typo_transform":"","ocean_menu_typo_transform_tablet":"","ocean_menu_typo_transform_mobile":"","ocean_menu_typo_line_height":0,"ocean_menu_typo_line_height_tablet":0,"ocean_menu_typo_line_height_mobile":0,"ocean_menu_typo_line_height_unit":"","ocean_menu_typo_spacing":0,"ocean_menu_typo_spacing_tablet":0,"ocean_menu_typo_spacing_mobile":0,"ocean_menu_typo_spacing_unit":"","ocean_menu_link_color":"","ocean_menu_link_color_hover":"","ocean_menu_link_color_active":"","ocean_menu_link_background":"","ocean_menu_link_hover_background":"","ocean_menu_link_active_background":"","ocean_menu_social_links_bg":"","ocean_menu_social_hover_links_bg":"","ocean_menu_social_links_color":"","ocean_menu_social_hover_links_color":"","ocean_disable_title":"default","ocean_disable_heading":"default","ocean_post_title":"","ocean_post_subheading":"","ocean_post_title_style":"","ocean_post_title_background_color":"","ocean_post_title_background":0,"ocean_post_title_bg_image_position":"","ocean_post_title_bg_image_attachment":"","ocean_post_title_bg_image_repeat":"","ocean_post_title_bg_image_size":"","ocean_post_title_height":0,"ocean_post_title_bg_overlay":0.5,"ocean_post_title_bg_overlay_color":"","ocean_disable_breadcrumbs":"default","ocean_breadcrumbs_color":"","ocean_breadcrumbs_separator_color":"","ocean_breadcrumbs_links_color":"","ocean_breadcrumbs_links_hover_color":"","ocean_display_footer_widgets":"default","ocean_display_footer_bottom":"default","ocean_custom_footer_template":"","_vp_format_video_url":"","_vp_image_focal_point":[],"footnotes":""},"portfolio_category":[],"portfolio_tag":[],"class_list":["post-1205","portfolio","type-portfolio","status-publish","format-standard","has-post-thumbnail","hentry","entry","has-media"],"yoast_head":"<!-- This site is optimized with the Yoast SEO plugin v25.2 - https:\/\/yoast.com\/wordpress\/plugins\/seo\/ -->\n<title>Ve\u0159ejn\u00fd interi\u00e9r - V\u00fdstavn\u00ed prostor - design-award.cz<\/title>\n<meta name=\"robots\" content=\"index, follow, max-snippet:-1, max-image-preview:large, max-video-preview:-1\" \/>\n<link rel=\"canonical\" href=\"https:\/\/www.design-award.cz\/?portfolio=verejny-interier-vystavni-prostor\" \/>\n<meta property=\"og:locale\" content=\"cs_CZ\" \/>\n<meta property=\"og:type\" content=\"article\" \/>\n<meta property=\"og:title\" content=\"Ve\u0159ejn\u00fd interi\u00e9r - V\u00fdstavn\u00ed prostor - design-award.cz\" \/>\n<meta property=\"og:description\" content=\"Nat\u00e1lie Vagenknechtov\u00e1 Integrovan\u00e1 st\u0159edn\u00ed \u0161kola \u017eivnostensk\u00e1, Plze\u0148, \u0160kroupova 13 Jedn\u00e1 se o v\u00fdstavn\u00ed prostor zam\u011b\u0159en\u00fd\u00a0 na prezentaci\u00a0 automobil\u016f. Automobily lze vystavovat v t\u0159\u00edpodla\u017en\u00edm projektu i na st\u0159e\u0161e. Do ka\u017ed\u00e9ho podla\u017e\u00ed vede v\u00fdtah, kter\u00fdm se automobily p\u0159eprav\u00ed do ur\u010dit\u00e9ho podla\u017e\u00ed a pak lze s nimi\u00a0 manipulovat podle pot\u0159eby. P\u0159i vstupu do budovy je recepce a okolo [&hellip;]\" \/>\n<meta property=\"og:url\" content=\"https:\/\/www.design-award.cz\/?portfolio=verejny-interier-vystavni-prostor\" \/>\n<meta property=\"og:site_name\" content=\"design-award.cz\" \/>\n<meta property=\"article:modified_time\" content=\"2022-04-30T14:59:51+00:00\" \/>\n<meta property=\"og:image\" content=\"http:\/\/www.design-award.cz\/wp-content\/uploads\/2022\/04\/image-scaled-e1651330704501.jpg\" \/>\n\t<meta property=\"og:image:width\" content=\"2560\" \/>\n\t<meta property=\"og:image:height\" content=\"1920\" \/>\n\t<meta property=\"og:image:type\" content=\"image\/jpeg\" \/>\n<meta name=\"twitter:card\" content=\"summary_large_image\" \/>\n<meta name=\"twitter:label1\" content=\"Odhadovan\u00e1 doba \u010dten\u00ed\" \/>\n\t<meta name=\"twitter:data1\" content=\"3 minuty\" \/>\n<script type=\"application\/ld+json\" class=\"yoast-schema-graph\">{\"@context\":\"https:\/\/schema.org\",\"@graph\":[{\"@type\":\"WebPage\",\"@id\":\"https:\/\/www.design-award.cz\/?portfolio=verejny-interier-vystavni-prostor\",\"url\":\"https:\/\/www.design-award.cz\/?portfolio=verejny-interier-vystavni-prostor\",\"name\":\"Ve\u0159ejn\u00fd interi\u00e9r - V\u00fdstavn\u00ed prostor - design-award.cz\",\"isPartOf\":{\"@id\":\"https:\/\/www.design-award.cz\/#website\"},\"primaryImageOfPage\":{\"@id\":\"https:\/\/www.design-award.cz\/?portfolio=verejny-interier-vystavni-prostor#primaryimage\"},\"image\":{\"@id\":\"https:\/\/www.design-award.cz\/?portfolio=verejny-interier-vystavni-prostor#primaryimage\"},\"thumbnailUrl\":\"https:\/\/www.design-award.cz\/wp-content\/uploads\/2022\/04\/image-scaled-e1651330704501.jpg\",\"datePublished\":\"2022-04-30T14:59:40+00:00\",\"dateModified\":\"2022-04-30T14:59:51+00:00\",\"breadcrumb\":{\"@id\":\"https:\/\/www.design-award.cz\/?portfolio=verejny-interier-vystavni-prostor#breadcrumb\"},\"inLanguage\":\"cs\",\"potentialAction\":[{\"@type\":\"ReadAction\",\"target\":[\"https:\/\/www.design-award.cz\/?portfolio=verejny-interier-vystavni-prostor\"]}]},{\"@type\":\"ImageObject\",\"inLanguage\":\"cs\",\"@id\":\"https:\/\/www.design-award.cz\/?portfolio=verejny-interier-vystavni-prostor#primaryimage\",\"url\":\"https:\/\/www.design-award.cz\/wp-content\/uploads\/2022\/04\/image-scaled-e1651330704501.jpg\",\"contentUrl\":\"https:\/\/www.design-award.cz\/wp-content\/uploads\/2022\/04\/image-scaled-e1651330704501.jpg\",\"width\":2560,\"height\":1920},{\"@type\":\"BreadcrumbList\",\"@id\":\"https:\/\/www.design-award.cz\/?portfolio=verejny-interier-vystavni-prostor#breadcrumb\",\"itemListElement\":[{\"@type\":\"ListItem\",\"position\":1,\"name\":\"Dom\u016f\",\"item\":\"https:\/\/www.design-award.cz\/\"},{\"@type\":\"ListItem\",\"position\":2,\"name\":\"Portfolio Items\",\"item\":\"https:\/\/www.design-award.cz\/?post_type=portfolio\"},{\"@type\":\"ListItem\",\"position\":3,\"name\":\"Ve\u0159ejn\u00fd interi\u00e9r &#8211; V\u00fdstavn\u00ed prostor\"}]},{\"@type\":\"WebSite\",\"@id\":\"https:\/\/www.design-award.cz\/#website\",\"url\":\"https:\/\/www.design-award.cz\/\",\"name\":\"design-award.cz\",\"description\":\"WARD vznikla v roce 2022. Je ur\u010dena p\u0159edev\u0161\u00edm student\u016fm st\u0159edn\u00edch um\u011bleck\u00fdch \u0161kol (S\u0160 a VO\u0160), kte\u0159\u00ed mohou bezplatn\u011b zaslat sv\u00e9 n\u00e1vrhy v uveden\u00fdch kategori\u00ed a tak pom\u011b\u0159it sv\u00e9 n\u00e1pady s konkurenc\u00ed sv\u00fdch vrstevn\u00edk\u016f. N\u00e1vrhy jsou n\u00e1sledn\u011b posouzeny nez\u00e1vislou porotou z \u0159ad v\u00fdtvarn\u00edk\u016f, pedagog\u016f a profesion\u00e1l\u016f z oboru.\",\"publisher\":{\"@id\":\"https:\/\/www.design-award.cz\/#organization\"},\"potentialAction\":[{\"@type\":\"SearchAction\",\"target\":{\"@type\":\"EntryPoint\",\"urlTemplate\":\"https:\/\/www.design-award.cz\/?s={search_term_string}\"},\"query-input\":{\"@type\":\"PropertyValueSpecification\",\"valueRequired\":true,\"valueName\":\"search_term_string\"}}],\"inLanguage\":\"cs\"},{\"@type\":\"Organization\",\"@id\":\"https:\/\/www.design-award.cz\/#organization\",\"name\":\"Design Award\",\"url\":\"https:\/\/www.design-award.cz\/\",\"logo\":{\"@type\":\"ImageObject\",\"inLanguage\":\"cs\",\"@id\":\"https:\/\/www.design-award.cz\/#\/schema\/logo\/image\/\",\"url\":\"http:\/\/www.design-award.cz\/wp-content\/uploads\/2021\/12\/hornilogo_design-award.png\",\"contentUrl\":\"http:\/\/www.design-award.cz\/wp-content\/uploads\/2021\/12\/hornilogo_design-award.png\",\"width\":800,\"height\":600,\"caption\":\"Design Award\"},\"image\":{\"@id\":\"https:\/\/www.design-award.cz\/#\/schema\/logo\/image\/\"},\"sameAs\":[\"https:\/\/www.instagram.com\/design_award\/\"]}]}<\/script>\n<!-- \/ Yoast SEO plugin. -->","yoast_head_json":{"title":"Ve\u0159ejn\u00fd interi\u00e9r - V\u00fdstavn\u00ed prostor - design-award.cz","robots":{"index":"index","follow":"follow","max-snippet":"max-snippet:-1","max-image-preview":"max-image-preview:large","max-video-preview":"max-video-preview:-1"},"canonical":"https:\/\/www.design-award.cz\/?portfolio=verejny-interier-vystavni-prostor","og_locale":"cs_CZ","og_type":"article","og_title":"Ve\u0159ejn\u00fd interi\u00e9r - V\u00fdstavn\u00ed prostor - design-award.cz","og_description":"Nat\u00e1lie Vagenknechtov\u00e1 Integrovan\u00e1 st\u0159edn\u00ed \u0161kola \u017eivnostensk\u00e1, Plze\u0148, \u0160kroupova 13 Jedn\u00e1 se o v\u00fdstavn\u00ed prostor zam\u011b\u0159en\u00fd\u00a0 na prezentaci\u00a0 automobil\u016f. Automobily lze vystavovat v t\u0159\u00edpodla\u017en\u00edm projektu i na st\u0159e\u0161e. Do ka\u017ed\u00e9ho podla\u017e\u00ed vede v\u00fdtah, kter\u00fdm se automobily p\u0159eprav\u00ed do ur\u010dit\u00e9ho podla\u017e\u00ed a pak lze s nimi\u00a0 manipulovat podle pot\u0159eby. P\u0159i vstupu do budovy je recepce a okolo [&hellip;]","og_url":"https:\/\/www.design-award.cz\/?portfolio=verejny-interier-vystavni-prostor","og_site_name":"design-award.cz","article_modified_time":"2022-04-30T14:59:51+00:00","og_image":[{"width":2560,"height":1920,"url":"http:\/\/www.design-award.cz\/wp-content\/uploads\/2022\/04\/image-scaled-e1651330704501.jpg","type":"image\/jpeg"}],"twitter_card":"summary_large_image","twitter_misc":{"Odhadovan\u00e1 doba \u010dten\u00ed":"3 minuty"},"schema":{"@context":"https:\/\/schema.org","@graph":[{"@type":"WebPage","@id":"https:\/\/www.design-award.cz\/?portfolio=verejny-interier-vystavni-prostor","url":"https:\/\/www.design-award.cz\/?portfolio=verejny-interier-vystavni-prostor","name":"Ve\u0159ejn\u00fd interi\u00e9r - V\u00fdstavn\u00ed prostor - design-award.cz","isPartOf":{"@id":"https:\/\/www.design-award.cz\/#website"},"primaryImageOfPage":{"@id":"https:\/\/www.design-award.cz\/?portfolio=verejny-interier-vystavni-prostor#primaryimage"},"image":{"@id":"https:\/\/www.design-award.cz\/?portfolio=verejny-interier-vystavni-prostor#primaryimage"},"thumbnailUrl":"https:\/\/www.design-award.cz\/wp-content\/uploads\/2022\/04\/image-scaled-e1651330704501.jpg","datePublished":"2022-04-30T14:59:40+00:00","dateModified":"2022-04-30T14:59:51+00:00","breadcrumb":{"@id":"https:\/\/www.design-award.cz\/?portfolio=verejny-interier-vystavni-prostor#breadcrumb"},"inLanguage":"cs","potentialAction":[{"@type":"ReadAction","target":["https:\/\/www.design-award.cz\/?portfolio=verejny-interier-vystavni-prostor"]}]},{"@type":"ImageObject","inLanguage":"cs","@id":"https:\/\/www.design-award.cz\/?portfolio=verejny-interier-vystavni-prostor#primaryimage","url":"https:\/\/www.design-award.cz\/wp-content\/uploads\/2022\/04\/image-scaled-e1651330704501.jpg","contentUrl":"https:\/\/www.design-award.cz\/wp-content\/uploads\/2022\/04\/image-scaled-e1651330704501.jpg","width":2560,"height":1920},{"@type":"BreadcrumbList","@id":"https:\/\/www.design-award.cz\/?portfolio=verejny-interier-vystavni-prostor#breadcrumb","itemListElement":[{"@type":"ListItem","position":1,"name":"Dom\u016f","item":"https:\/\/www.design-award.cz\/"},{"@type":"ListItem","position":2,"name":"Portfolio Items","item":"https:\/\/www.design-award.cz\/?post_type=portfolio"},{"@type":"ListItem","position":3,"name":"Ve\u0159ejn\u00fd interi\u00e9r &#8211; V\u00fdstavn\u00ed prostor"}]},{"@type":"WebSite","@id":"https:\/\/www.design-award.cz\/#website","url":"https:\/\/www.design-award.cz\/","name":"design-award.cz","description":"WARD vznikla v roce 2022. Je ur\u010dena p\u0159edev\u0161\u00edm student\u016fm st\u0159edn\u00edch um\u011bleck\u00fdch \u0161kol (S\u0160 a VO\u0160), kte\u0159\u00ed mohou bezplatn\u011b zaslat sv\u00e9 n\u00e1vrhy v uveden\u00fdch kategori\u00ed a tak pom\u011b\u0159it sv\u00e9 n\u00e1pady s konkurenc\u00ed sv\u00fdch vrstevn\u00edk\u016f. N\u00e1vrhy jsou n\u00e1sledn\u011b posouzeny nez\u00e1vislou porotou z \u0159ad v\u00fdtvarn\u00edk\u016f, pedagog\u016f a profesion\u00e1l\u016f z oboru.","publisher":{"@id":"https:\/\/www.design-award.cz\/#organization"},"potentialAction":[{"@type":"SearchAction","target":{"@type":"EntryPoint","urlTemplate":"https:\/\/www.design-award.cz\/?s={search_term_string}"},"query-input":{"@type":"PropertyValueSpecification","valueRequired":true,"valueName":"search_term_string"}}],"inLanguage":"cs"},{"@type":"Organization","@id":"https:\/\/www.design-award.cz\/#organization","name":"Design Award","url":"https:\/\/www.design-award.cz\/","logo":{"@type":"ImageObject","inLanguage":"cs","@id":"https:\/\/www.design-award.cz\/#\/schema\/logo\/image\/","url":"http:\/\/www.design-award.cz\/wp-content\/uploads\/2021\/12\/hornilogo_design-award.png","contentUrl":"http:\/\/www.design-award.cz\/wp-content\/uploads\/2021\/12\/hornilogo_design-award.png","width":800,"height":600,"caption":"Design Award"},"image":{"@id":"https:\/\/www.design-award.cz\/#\/schema\/logo\/image\/"},"sameAs":["https:\/\/www.instagram.com\/design_award\/"]}]}},"_links":{"self":[{"href":"https:\/\/www.design-award.cz\/index.php?rest_route=\/wp\/v2\/portfolio\/1205","targetHints":{"allow":["GET"]}}],"collection":[{"href":"https:\/\/www.design-award.cz\/index.php?rest_route=\/wp\/v2\/portfolio"}],"about":[{"href":"https:\/\/www.design-award.cz\/index.php?rest_route=\/wp\/v2\/types\/portfolio"}],"author":[{"embeddable":true,"href":"https:\/\/www.design-award.cz\/index.php?rest_route=\/wp\/v2\/users\/1"}],"replies":[{"embeddable":true,"href":"https:\/\/www.design-award.cz\/index.php?rest_route=%2Fwp%2Fv2%2Fcomments&post=1205"}],"version-history":[{"count":1,"href":"https:\/\/www.design-award.cz\/index.php?rest_route=\/wp\/v2\/portfolio\/1205\/revisions"}],"predecessor-version":[{"id":1212,"href":"https:\/\/www.design-award.cz\/index.php?rest_route=\/wp\/v2\/portfolio\/1205\/revisions\/1212"}],"wp:featuredmedia":[{"embeddable":true,"href":"https:\/\/www.design-award.cz\/index.php?rest_route=\/wp\/v2\/media\/1209"}],"wp:attachment":[{"href":"https:\/\/www.design-award.cz\/index.php?rest_route=%2Fwp%2Fv2%2Fmedia&parent=1205"}],"wp:term":[{"taxonomy":"portfolio_category","embeddable":true,"href":"https:\/\/www.design-award.cz\/index.php?rest_route=%2Fwp%2Fv2%2Fportfolio_category&post=1205"},{"taxonomy":"portfolio_tag","embeddable":true,"href":"https:\/\/www.design-award.cz\/index.php?rest_route=%2Fwp%2Fv2%2Fportfolio_tag&post=1205"}],"curies":[{"name":"wp","href":"https:\/\/api.w.org\/{rel}","templated":true}]}}