{"id":1213,"date":"2022-04-30T15:03:44","date_gmt":"2022-04-30T15:03:44","guid":{"rendered":"https:\/\/www.design-award.cz\/?post_type=portfolio&#038;p=1213"},"modified":"2022-04-30T15:04:31","modified_gmt":"2022-04-30T15:04:31","slug":"produktovy-design-zavesny-kocici-pelisek","status":"publish","type":"portfolio","link":"https:\/\/www.design-award.cz\/?portfolio=produktovy-design-zavesny-kocici-pelisek","title":{"rendered":"Produktov\u00fd design &#8211; Z\u00e1v\u011bsn\u00fd ko\u010di\u010d\u00ed pel\u00ed\u0161ek"},"content":{"rendered":"\n<h2 class=\"wp-block-heading\">Viviana Ne\u010dasov\u00e1<\/h2>\n\n\n\n<p><strong>Integrovan\u00e1 st\u0159edn\u00ed \u0161kola \u017eivnostensk\u00e1<\/strong><\/p>\n\n\n\n<p>Na \u0159\u00edzen\u00fdch prax\u00edch v r\u00e1mci na\u0161\u00ed \u0161koly jsem si mohla vybrat jak\u00fdkoli prvek do interi\u00e9ru, kter\u00fd ru\u010dn\u011b vyrob\u00edm. J\u00e1 osobn\u011b jsem milovn\u00edkem ko\u010dek, a proto jsem si zvolila v\u00fdrobu z\u00e1v\u011bsn\u00e9ho ko\u010di\u010d\u00edho pel\u00ed\u0161ku. V r\u00e1mci n\u00e1vrhu jsem cht\u011bla, vyu\u017e\u00edt my\u0161lenku upcyclingu v podob\u011b v\u00fdroby nov\u00e9ho produktu ze star\u00e9ho p\u0159edm\u011btu, a tak\u00e9 vyu\u017e\u00edt b\u011b\u017en\u011b dostupn\u00e9 materi\u00e1ly.<br>Pel\u00ed\u0161ek je \u0159e\u0161en jako v\u00fdplet z macram\u00e9 zav\u011b\u0161en\u00e9 na d\u0159ev\u011bn\u00e9 konstrukci a lehac\u00ed plochu tvo\u0159\u00ed na stroji \u0161it\u00fd pol\u0161t\u00e1\u0159ek.<br>Na v\u00fdrobu jsem pou\u017eila d\u0159evo, star\u00fd\u00a0 pol\u0161t\u00e1\u0159, knofl\u00edky a mnou vyroben\u00e9 macram\u00e9. Za\u010dala jsem d\u0159evem, kter\u00e9 jsem na\u0161la p\u0159i proch\u00e1zce lesem a doma jsem ho upravila tak, aby bylo vhodn\u00e9 k zav\u011b\u0161en\u00ed konstrukce. Pol\u0161t\u00e1\u0159ek, kter\u00fd slou\u017e\u00ed jako lehac\u00ed plocha pro ko\u010dku, jsem vyrobila tak, \u017ee ze star\u00e9ho \u010dtvercov\u00e9ho nepou\u017eiteln\u00e9ho pol\u0161t\u00e1\u0159ku jsem na stroji u\u0161ila nov\u00fd kulat\u00fd a zpest\u0159ila ho knofl\u00edky na obou stran\u00e1ch. V Dal\u0161\u00edm kroku jsem z prov\u00e1zku upletla macram\u00e9-s\u00ed\u0165 s obdobn\u00fdmi uzly, kter\u00e1 je zav\u011b\u0161ena na d\u0159ev\u011bn\u00e9 konstrukci. Na z\u00e1v\u011br jsem vlo\u017eila pol\u0161t\u00e1\u0159ek do umotan\u00e9ho macram\u00e9 a houpac\u00ed pel\u00ed\u0161ek, byl na sv\u011bt\u011b.<\/p>\n\n\n\n<figure class=\"wp-block-image size-large\"><img decoding=\"async\" width=\"775\" height=\"1024\" data-src=\"http:\/\/www.design-award.cz\/wp-content\/uploads\/2022\/04\/pelisek-2-775x1024.jpg\" alt=\"\" class=\"wp-image-1215 lazyload\" data-srcset=\"https:\/\/www.design-award.cz\/wp-content\/uploads\/2022\/04\/pelisek-2-775x1024.jpg 775w, https:\/\/www.design-award.cz\/wp-content\/uploads\/2022\/04\/pelisek-2-227x300.jpg 227w, https:\/\/www.design-award.cz\/wp-content\/uploads\/2022\/04\/pelisek-2-768x1015.jpg 768w, https:\/\/www.design-award.cz\/wp-content\/uploads\/2022\/04\/pelisek-2-500x661.jpg 500w, https:\/\/www.design-award.cz\/wp-content\/uploads\/2022\/04\/pelisek-2-800x1057.jpg 800w, https:\/\/www.design-award.cz\/wp-content\/uploads\/2022\/04\/pelisek-2.jpg 1090w\" data-sizes=\"(max-width: 775px) 100vw, 775px\" src=\"data:image\/svg+xml;base64,PHN2ZyB3aWR0aD0iMSIgaGVpZ2h0PSIxIiB4bWxucz0iaHR0cDovL3d3dy53My5vcmcvMjAwMC9zdmciPjwvc3ZnPg==\" style=\"--smush-placeholder-width: 775px; --smush-placeholder-aspect-ratio: 775\/1024;\" \/><\/figure>\n\n\n\n<figure class=\"wp-block-image size-large\"><img decoding=\"async\" width=\"705\" height=\"1024\" data-src=\"http:\/\/www.design-award.cz\/wp-content\/uploads\/2022\/04\/pelisek-3-705x1024.jpg\" alt=\"\" class=\"wp-image-1216 lazyload\" data-srcset=\"https:\/\/www.design-award.cz\/wp-content\/uploads\/2022\/04\/pelisek-3-705x1024.jpg 705w, https:\/\/www.design-award.cz\/wp-content\/uploads\/2022\/04\/pelisek-3-206x300.jpg 206w, https:\/\/www.design-award.cz\/wp-content\/uploads\/2022\/04\/pelisek-3-768x1116.jpg 768w, https:\/\/www.design-award.cz\/wp-content\/uploads\/2022\/04\/pelisek-3-500x727.jpg 500w, https:\/\/www.design-award.cz\/wp-content\/uploads\/2022\/04\/pelisek-3-800x1163.jpg 800w, https:\/\/www.design-award.cz\/wp-content\/uploads\/2022\/04\/pelisek-3.jpg 1019w\" data-sizes=\"(max-width: 705px) 100vw, 705px\" src=\"data:image\/svg+xml;base64,PHN2ZyB3aWR0aD0iMSIgaGVpZ2h0PSIxIiB4bWxucz0iaHR0cDovL3d3dy53My5vcmcvMjAwMC9zdmciPjwvc3ZnPg==\" style=\"--smush-placeholder-width: 705px; --smush-placeholder-aspect-ratio: 705\/1024;\" \/><\/figure>\n\n\n\n<figure class=\"wp-block-image size-large\"><img decoding=\"async\" width=\"563\" height=\"1024\" data-src=\"http:\/\/www.design-award.cz\/wp-content\/uploads\/2022\/04\/pelisek-vykres-563x1024.jpg\" alt=\"\" class=\"wp-image-1217 lazyload\" data-srcset=\"https:\/\/www.design-award.cz\/wp-content\/uploads\/2022\/04\/pelisek-vykres-563x1024.jpg 563w, https:\/\/www.design-award.cz\/wp-content\/uploads\/2022\/04\/pelisek-vykres-165x300.jpg 165w, https:\/\/www.design-award.cz\/wp-content\/uploads\/2022\/04\/pelisek-vykres-768x1398.jpg 768w, https:\/\/www.design-award.cz\/wp-content\/uploads\/2022\/04\/pelisek-vykres-844x1536.jpg 844w, https:\/\/www.design-award.cz\/wp-content\/uploads\/2022\/04\/pelisek-vykres-500x910.jpg 500w, https:\/\/www.design-award.cz\/wp-content\/uploads\/2022\/04\/pelisek-vykres-800x1456.jpg 800w, https:\/\/www.design-award.cz\/wp-content\/uploads\/2022\/04\/pelisek-vykres.jpg 1008w\" data-sizes=\"(max-width: 563px) 100vw, 563px\" src=\"data:image\/svg+xml;base64,PHN2ZyB3aWR0aD0iMSIgaGVpZ2h0PSIxIiB4bWxucz0iaHR0cDovL3d3dy53My5vcmcvMjAwMC9zdmciPjwvc3ZnPg==\" style=\"--smush-placeholder-width: 563px; --smush-placeholder-aspect-ratio: 563\/1024;\" \/><\/figure>\n\n\n<div class=\"wp-block-visual-portfolio\">\n<div class=\"vp-portfolio vp-uid-2ece4a06 vp-id-607\"\n\tdata-vp-layout=\"slider\" data-vp-content-source=\"post-based\" data-vp-items-style=\"fade\" data-vp-items-click-action=\"url\" data-vp-items-gap=\"12\" data-vp-items-gap-vertical=\"\" data-vp-pagination=\"load-more\" data-vp-next-page-url=\"https:\/\/www.design-award.cz\/index.php?rest_route=%2Fwp%2Fv2%2Fportfolio%2F1213&#038;vp_page=2\" data-vp-random-seed=\"3534708538\" data-vp-slider-effect=\"slide\" data-vp-slider-items-height=\"80%\" data-vp-slider-items-min-height=\"\" data-vp-slider-slides-per-view=\"3\" data-vp-slider-speed=\"0.3\" data-vp-slider-autoplay=\"4.8\" data-vp-slider-autoplay-hover-pause=\"false\" data-vp-slider-centered-slides=\"true\" data-vp-slider-loop=\"true\" data-vp-slider-free-mode=\"false\" data-vp-slider-free-mode-sticky=\"false\" data-vp-slider-arrows=\"true\" data-vp-slider-bullets=\"false\" data-vp-slider-bullets-dynamic=\"false\" data-vp-slider-mousewheel=\"false\" data-vp-slider-thumbnails=\"false\" >\n\t<div class=\"vp-portfolio__preloader-wrap\">\n\t\t<div class=\"vp-portfolio__preloader\">\n\t\t\t<img decoding=\"async\" loading=\"eager\" src=\"https:\/\/www.design-award.cz\/wp-content\/plugins\/visual-portfolio\/assets\/images\/logo-dark.svg\" alt=\"Visual Portfolio, Posts &amp; Image Gallery for WordPress\" width=\"20\" height=\"20\" data-skip-lazy>\n\t\t<\/div>\n\t<\/div>\n\t\t<div class=\"vp-portfolio__items-wrap\">\n\t\t\t\n<div class=\"vp-portfolio__items vp-portfolio__items-style-fade vp-portfolio__items-show-overlay-hover\">\n\n\t\t<article\t\tclass=\"vp-portfolio__item-wrap post-4329 portfolio type-portfolio status-publish format-standard has-post-thumbnail hentry entry has-media vp-portfolio__item-uid-8012e3fe\" data-vp-filter=\"\" \t\t>\n\t\t\t\t\t\t\t\t\t<figure class=\"vp-portfolio__item\">\n\t\t\t\t\n<div class=\"vp-portfolio__item-img-wrap\">\n\t<div class=\"vp-portfolio__item-img\">\n\t\t\t<a\n\t\thref=\"https:\/\/www.design-award.cz\/?portfolio=soukromy-interier-kancelare-interieroveho-designerskeho-studia\"\n\t\t\t>\n\t\n\t\t<noscript><img decoding=\"async\" width=\"1920\" height=\"2742\" data-skip-lazy src=\"https:\/\/www.design-award.cz\/wp-content\/uploads\/2024\/07\/kreis_michal_stolicka_soutez_bold-1-1920x2742.jpg\" class=\"wp-image-4375\" alt=\"\" srcset=\"https:\/\/www.design-award.cz\/wp-content\/uploads\/2024\/07\/kreis_michal_stolicka_soutez_bold-1-1920x2742.jpg 1920w, https:\/\/www.design-award.cz\/wp-content\/uploads\/2024\/07\/kreis_michal_stolicka_soutez_bold-1-210x300.jpg 210w, https:\/\/www.design-award.cz\/wp-content\/uploads\/2024\/07\/kreis_michal_stolicka_soutez_bold-1-717x1024.jpg 717w, https:\/\/www.design-award.cz\/wp-content\/uploads\/2024\/07\/kreis_michal_stolicka_soutez_bold-1-768x1097.jpg 768w, https:\/\/www.design-award.cz\/wp-content\/uploads\/2024\/07\/kreis_michal_stolicka_soutez_bold-1-1075x1536.jpg 1075w, https:\/\/www.design-award.cz\/wp-content\/uploads\/2024\/07\/kreis_michal_stolicka_soutez_bold-1-1434x2048.jpg 1434w, https:\/\/www.design-award.cz\/wp-content\/uploads\/2024\/07\/kreis_michal_stolicka_soutez_bold-1-500x714.jpg 500w, https:\/\/www.design-award.cz\/wp-content\/uploads\/2024\/07\/kreis_michal_stolicka_soutez_bold-1-800x1143.jpg 800w, https:\/\/www.design-award.cz\/wp-content\/uploads\/2024\/07\/kreis_michal_stolicka_soutez_bold-1-1280x1828.jpg 1280w, https:\/\/www.design-award.cz\/wp-content\/uploads\/2024\/07\/kreis_michal_stolicka_soutez_bold-1-scaled.jpg 1792w\" sizes=\"(max-width: 1920px) 100vw, 1920px\" \/><\/noscript><img fetchpriority=\"high\" decoding=\"async\" width=\"1920\" height=\"2742\" src=\"https:\/\/www.design-award.cz\/wp-content\/uploads\/2024\/07\/kreis_michal_stolicka_soutez_bold-1-1920x2742.jpg\" class=\"wp-image-4375 vp-lazyload\" alt srcset=\"data:image\/svg+xml;base64,PHN2ZyB3aWR0aD0iMTkyMCIgaGVpZ2h0PSIyNzQyIiB2aWV3Qm94PSIwIDAgMTkyMCAyNzQyIiBmaWxsPSJub25lIiB4bWxucz0iaHR0cDovL3d3dy53My5vcmcvMjAwMC9zdmciPjwvc3ZnPg==\" data-src=\"https:\/\/www.design-award.cz\/wp-content\/uploads\/2024\/07\/kreis_michal_stolicka_soutez_bold-1-1920x2742.jpg\" data-srcset=\"https:\/\/www.design-award.cz\/wp-content\/uploads\/2024\/07\/kreis_michal_stolicka_soutez_bold-1-1920x2742.jpg 1920w, https:\/\/www.design-award.cz\/wp-content\/uploads\/2024\/07\/kreis_michal_stolicka_soutez_bold-1-210x300.jpg 210w, https:\/\/www.design-award.cz\/wp-content\/uploads\/2024\/07\/kreis_michal_stolicka_soutez_bold-1-717x1024.jpg 717w, https:\/\/www.design-award.cz\/wp-content\/uploads\/2024\/07\/kreis_michal_stolicka_soutez_bold-1-768x1097.jpg 768w, https:\/\/www.design-award.cz\/wp-content\/uploads\/2024\/07\/kreis_michal_stolicka_soutez_bold-1-1075x1536.jpg 1075w, https:\/\/www.design-award.cz\/wp-content\/uploads\/2024\/07\/kreis_michal_stolicka_soutez_bold-1-1434x2048.jpg 1434w, https:\/\/www.design-award.cz\/wp-content\/uploads\/2024\/07\/kreis_michal_stolicka_soutez_bold-1-500x714.jpg 500w, https:\/\/www.design-award.cz\/wp-content\/uploads\/2024\/07\/kreis_michal_stolicka_soutez_bold-1-800x1143.jpg 800w, https:\/\/www.design-award.cz\/wp-content\/uploads\/2024\/07\/kreis_michal_stolicka_soutez_bold-1-1280x1828.jpg 1280w, https:\/\/www.design-award.cz\/wp-content\/uploads\/2024\/07\/kreis_michal_stolicka_soutez_bold-1-scaled.jpg 1792w\" data-sizes=\"auto\" loading=\"eager\">\n\t\t<\/a>\t<\/div>\n<\/div>\n\t<figcaption class=\"vp-portfolio__item-overlay vp-portfolio__item-overlay-text-align-center\">\n\t\t<div class=\"vp-portfolio__item-meta-wrap vp-portfolio__custom-scrollbar\">\n\t\t\t\t<a\n\t\thref=\"https:\/\/www.design-award.cz\/?portfolio=soukromy-interier-kancelare-interieroveho-designerskeho-studia\"\n\t\ttabindex=\"-1\" class=\"vp-portfolio__item-meta\" \t>\n\t\n<h2 class=\"vp-portfolio__item-meta-title\">\n\tSoukrom\u00fd interi\u00e9r &#8211; Kancel\u00e1\u0159e interi\u00e9rov\u00e9ho design\u00e9rsk\u00e9ho studia<\/h2>\n<\/a>\t\t<\/div>\n\t<\/figcaption>\n\t\t\t<\/figure>\n\t\t\t\t\t<\/article>\n\t\t\n\t\t<article\t\tclass=\"vp-portfolio__item-wrap post-4942 portfolio type-portfolio status-publish format-standard has-post-thumbnail hentry entry has-media vp-portfolio__item-uid-4c0d1826\" data-vp-filter=\"\" \t\t>\n\t\t\t\t\t\t\t\t\t<figure class=\"vp-portfolio__item\">\n\t\t\t\t\n<div class=\"vp-portfolio__item-img-wrap\">\n\t<div class=\"vp-portfolio__item-img\">\n\t\t\t<a\n\t\thref=\"https:\/\/www.design-award.cz\/?portfolio=produktovy-design-rawline\"\n\t\t\t>\n\t\n\t\t<noscript><img decoding=\"async\" width=\"1920\" height=\"1080\" data-skip-lazy src=\"https:\/\/www.design-award.cz\/wp-content\/uploads\/2025\/06\/4_1-Photo.jpg\" class=\"wp-image-4945\" alt=\"\" srcset=\"https:\/\/www.design-award.cz\/wp-content\/uploads\/2025\/06\/4_1-Photo.jpg 1920w, https:\/\/www.design-award.cz\/wp-content\/uploads\/2025\/06\/4_1-Photo-300x169.jpg 300w, https:\/\/www.design-award.cz\/wp-content\/uploads\/2025\/06\/4_1-Photo-1024x576.jpg 1024w, https:\/\/www.design-award.cz\/wp-content\/uploads\/2025\/06\/4_1-Photo-768x432.jpg 768w, https:\/\/www.design-award.cz\/wp-content\/uploads\/2025\/06\/4_1-Photo-1536x864.jpg 1536w, https:\/\/www.design-award.cz\/wp-content\/uploads\/2025\/06\/4_1-Photo-800x450.jpg 800w, https:\/\/www.design-award.cz\/wp-content\/uploads\/2025\/06\/4_1-Photo-500x281.jpg 500w, https:\/\/www.design-award.cz\/wp-content\/uploads\/2025\/06\/4_1-Photo-1280x720.jpg 1280w\" sizes=\"(max-width: 1920px) 100vw, 1920px\" \/><\/noscript><img decoding=\"async\" width=\"1920\" height=\"1080\" src=\"https:\/\/www.design-award.cz\/wp-content\/uploads\/2025\/06\/4_1-Photo.jpg\" class=\"wp-image-4945 vp-lazyload\" alt srcset=\"data:image\/svg+xml;base64,PHN2ZyB3aWR0aD0iMTkyMCIgaGVpZ2h0PSIxMDgwIiB2aWV3Qm94PSIwIDAgMTkyMCAxMDgwIiBmaWxsPSJub25lIiB4bWxucz0iaHR0cDovL3d3dy53My5vcmcvMjAwMC9zdmciPjwvc3ZnPg==\" data-src=\"https:\/\/www.design-award.cz\/wp-content\/uploads\/2025\/06\/4_1-Photo.jpg\" data-srcset=\"https:\/\/www.design-award.cz\/wp-content\/uploads\/2025\/06\/4_1-Photo.jpg 1920w, https:\/\/www.design-award.cz\/wp-content\/uploads\/2025\/06\/4_1-Photo-300x169.jpg 300w, https:\/\/www.design-award.cz\/wp-content\/uploads\/2025\/06\/4_1-Photo-1024x576.jpg 1024w, https:\/\/www.design-award.cz\/wp-content\/uploads\/2025\/06\/4_1-Photo-768x432.jpg 768w, https:\/\/www.design-award.cz\/wp-content\/uploads\/2025\/06\/4_1-Photo-1536x864.jpg 1536w, https:\/\/www.design-award.cz\/wp-content\/uploads\/2025\/06\/4_1-Photo-800x450.jpg 800w, https:\/\/www.design-award.cz\/wp-content\/uploads\/2025\/06\/4_1-Photo-500x281.jpg 500w, https:\/\/www.design-award.cz\/wp-content\/uploads\/2025\/06\/4_1-Photo-1280x720.jpg 1280w\" data-sizes=\"auto\" loading=\"eager\">\n\t\t<\/a>\t<\/div>\n<\/div>\n\t<figcaption class=\"vp-portfolio__item-overlay vp-portfolio__item-overlay-text-align-center\">\n\t\t<div class=\"vp-portfolio__item-meta-wrap vp-portfolio__custom-scrollbar\">\n\t\t\t\t<a\n\t\thref=\"https:\/\/www.design-award.cz\/?portfolio=produktovy-design-rawline\"\n\t\ttabindex=\"-1\" class=\"vp-portfolio__item-meta\" \t>\n\t\n<h2 class=\"vp-portfolio__item-meta-title\">\n\tProduktov\u00fd design &#8211; RAWline<\/h2>\n<\/a>\t\t<\/div>\n\t<\/figcaption>\n\t\t\t<\/figure>\n\t\t\t\t\t<\/article>\n\t\t\n\t\t<article\t\tclass=\"vp-portfolio__item-wrap post-2533 portfolio type-portfolio status-publish format-standard has-post-thumbnail hentry portfolio_category-soutezici-2023 entry has-media vp-portfolio__item-uid-583a18cf\" data-vp-filter=\"soutezici-2023\" \t\t>\n\t\t\t\t\t\t\t\t\t<figure class=\"vp-portfolio__item\">\n\t\t\t\t\n<div class=\"vp-portfolio__item-img-wrap\">\n\t<div class=\"vp-portfolio__item-img\">\n\t\t\t<a\n\t\thref=\"https:\/\/www.design-award.cz\/?portfolio=produktovy-design-aalto\"\n\t\t\t>\n\t\n\t\t<noscript><img decoding=\"async\" width=\"1440\" height=\"1080\" data-skip-lazy src=\"https:\/\/www.design-award.cz\/wp-content\/uploads\/2023\/04\/veronika-soltova_originalni-sedadlo-aalto_foto-2.jpg\" class=\"wp-image-2537\" alt=\"\" srcset=\"https:\/\/www.design-award.cz\/wp-content\/uploads\/2023\/04\/veronika-soltova_originalni-sedadlo-aalto_foto-2.jpg 1440w, https:\/\/www.design-award.cz\/wp-content\/uploads\/2023\/04\/veronika-soltova_originalni-sedadlo-aalto_foto-2-300x225.jpg 300w, https:\/\/www.design-award.cz\/wp-content\/uploads\/2023\/04\/veronika-soltova_originalni-sedadlo-aalto_foto-2-1024x768.jpg 1024w, https:\/\/www.design-award.cz\/wp-content\/uploads\/2023\/04\/veronika-soltova_originalni-sedadlo-aalto_foto-2-768x576.jpg 768w, https:\/\/www.design-award.cz\/wp-content\/uploads\/2023\/04\/veronika-soltova_originalni-sedadlo-aalto_foto-2-500x375.jpg 500w, https:\/\/www.design-award.cz\/wp-content\/uploads\/2023\/04\/veronika-soltova_originalni-sedadlo-aalto_foto-2-800x600.jpg 800w, https:\/\/www.design-award.cz\/wp-content\/uploads\/2023\/04\/veronika-soltova_originalni-sedadlo-aalto_foto-2-1280x960.jpg 1280w\" sizes=\"(max-width: 1440px) 100vw, 1440px\" \/><\/noscript><img decoding=\"async\" width=\"1440\" height=\"1080\" src=\"https:\/\/www.design-award.cz\/wp-content\/uploads\/2023\/04\/veronika-soltova_originalni-sedadlo-aalto_foto-2.jpg\" class=\"wp-image-2537 vp-lazyload\" alt srcset=\"data:image\/svg+xml;base64,PHN2ZyB3aWR0aD0iMTQ0MCIgaGVpZ2h0PSIxMDgwIiB2aWV3Qm94PSIwIDAgMTQ0MCAxMDgwIiBmaWxsPSJub25lIiB4bWxucz0iaHR0cDovL3d3dy53My5vcmcvMjAwMC9zdmciPjwvc3ZnPg==\" data-src=\"https:\/\/www.design-award.cz\/wp-content\/uploads\/2023\/04\/veronika-soltova_originalni-sedadlo-aalto_foto-2.jpg\" data-srcset=\"https:\/\/www.design-award.cz\/wp-content\/uploads\/2023\/04\/veronika-soltova_originalni-sedadlo-aalto_foto-2.jpg 1440w, https:\/\/www.design-award.cz\/wp-content\/uploads\/2023\/04\/veronika-soltova_originalni-sedadlo-aalto_foto-2-300x225.jpg 300w, https:\/\/www.design-award.cz\/wp-content\/uploads\/2023\/04\/veronika-soltova_originalni-sedadlo-aalto_foto-2-1024x768.jpg 1024w, https:\/\/www.design-award.cz\/wp-content\/uploads\/2023\/04\/veronika-soltova_originalni-sedadlo-aalto_foto-2-768x576.jpg 768w, https:\/\/www.design-award.cz\/wp-content\/uploads\/2023\/04\/veronika-soltova_originalni-sedadlo-aalto_foto-2-500x375.jpg 500w, https:\/\/www.design-award.cz\/wp-content\/uploads\/2023\/04\/veronika-soltova_originalni-sedadlo-aalto_foto-2-800x600.jpg 800w, https:\/\/www.design-award.cz\/wp-content\/uploads\/2023\/04\/veronika-soltova_originalni-sedadlo-aalto_foto-2-1280x960.jpg 1280w\" data-sizes=\"auto\" loading=\"eager\">\n\t\t<\/a>\t<\/div>\n<\/div>\n\t<figcaption class=\"vp-portfolio__item-overlay vp-portfolio__item-overlay-text-align-center\">\n\t\t<div class=\"vp-portfolio__item-meta-wrap vp-portfolio__custom-scrollbar\">\n\t\t\t\t<a\n\t\thref=\"https:\/\/www.design-award.cz\/?portfolio=produktovy-design-aalto\"\n\t\ttabindex=\"-1\" class=\"vp-portfolio__item-meta\" \t>\n\t\n<div class=\"vp-portfolio__item-meta-categories\">\n\t\t\t<div class=\"vp-portfolio__item-meta-category\">\n\t\t\t\t<span\t\t\t>\n\tSOUT\u011a\u017d\u00cdC\u00cd 2023<\/span>\t\t<\/div>\n\t\t<\/div>\n\n<h2 class=\"vp-portfolio__item-meta-title\">\n\tProduktov\u00fd design &#8211; Aalto<\/h2>\n<\/a>\t\t<\/div>\n\t<\/figcaption>\n\t\t\t<\/figure>\n\t\t\t\t\t<\/article>\n\t\t\n\t\t<article\t\tclass=\"vp-portfolio__item-wrap post-5197 portfolio type-portfolio status-publish format-standard has-post-thumbnail hentry entry has-media vp-portfolio__item-uid-3f66a439\" data-vp-filter=\"\" \t\t>\n\t\t\t\t\t\t\t\t\t<figure class=\"vp-portfolio__item\">\n\t\t\t\t\n<div class=\"vp-portfolio__item-img-wrap\">\n\t<div class=\"vp-portfolio__item-img\">\n\t\t\t<a\n\t\thref=\"https:\/\/www.design-award.cz\/?portfolio=interierovy-design-y-o-g-y\"\n\t\t\t>\n\t\n\t\t<noscript><img decoding=\"async\" width=\"1320\" height=\"743\" data-skip-lazy src=\"https:\/\/www.design-award.cz\/wp-content\/uploads\/2025\/06\/3-1.png\" class=\"wp-image-5198\" alt=\"\" srcset=\"https:\/\/www.design-award.cz\/wp-content\/uploads\/2025\/06\/3-1.png 1320w, https:\/\/www.design-award.cz\/wp-content\/uploads\/2025\/06\/3-1-300x169.png 300w, https:\/\/www.design-award.cz\/wp-content\/uploads\/2025\/06\/3-1-1024x576.png 1024w, https:\/\/www.design-award.cz\/wp-content\/uploads\/2025\/06\/3-1-768x432.png 768w, https:\/\/www.design-award.cz\/wp-content\/uploads\/2025\/06\/3-1-800x450.png 800w, https:\/\/www.design-award.cz\/wp-content\/uploads\/2025\/06\/3-1-500x281.png 500w, https:\/\/www.design-award.cz\/wp-content\/uploads\/2025\/06\/3-1-1280x720.png 1280w\" sizes=\"(max-width: 1320px) 100vw, 1320px\" \/><\/noscript><img decoding=\"async\" width=\"1320\" height=\"743\" src=\"https:\/\/www.design-award.cz\/wp-content\/uploads\/2025\/06\/3-1.png\" class=\"wp-image-5198 vp-lazyload\" alt srcset=\"data:image\/svg+xml;base64,PHN2ZyB3aWR0aD0iMTMyMCIgaGVpZ2h0PSI3NDMiIHZpZXdCb3g9IjAgMCAxMzIwIDc0MyIgZmlsbD0ibm9uZSIgeG1sbnM9Imh0dHA6Ly93d3cudzMub3JnLzIwMDAvc3ZnIj48L3N2Zz4=\" data-src=\"https:\/\/www.design-award.cz\/wp-content\/uploads\/2025\/06\/3-1.png\" data-srcset=\"https:\/\/www.design-award.cz\/wp-content\/uploads\/2025\/06\/3-1.png 1320w, https:\/\/www.design-award.cz\/wp-content\/uploads\/2025\/06\/3-1-300x169.png 300w, https:\/\/www.design-award.cz\/wp-content\/uploads\/2025\/06\/3-1-1024x576.png 1024w, https:\/\/www.design-award.cz\/wp-content\/uploads\/2025\/06\/3-1-768x432.png 768w, https:\/\/www.design-award.cz\/wp-content\/uploads\/2025\/06\/3-1-800x450.png 800w, https:\/\/www.design-award.cz\/wp-content\/uploads\/2025\/06\/3-1-500x281.png 500w, https:\/\/www.design-award.cz\/wp-content\/uploads\/2025\/06\/3-1-1280x720.png 1280w\" data-sizes=\"auto\" loading=\"eager\">\n\t\t<\/a>\t<\/div>\n<\/div>\n\t<figcaption class=\"vp-portfolio__item-overlay vp-portfolio__item-overlay-text-align-center\">\n\t\t<div class=\"vp-portfolio__item-meta-wrap vp-portfolio__custom-scrollbar\">\n\t\t\t\t<a\n\t\thref=\"https:\/\/www.design-award.cz\/?portfolio=interierovy-design-y-o-g-y\"\n\t\ttabindex=\"-1\" class=\"vp-portfolio__item-meta\" \t>\n\t\n<h2 class=\"vp-portfolio__item-meta-title\">\n\tInteri\u00e9rov\u00fd design &#8211; Y O G Y<\/h2>\n<\/a>\t\t<\/div>\n\t<\/figcaption>\n\t\t\t<\/figure>\n\t\t\t\t\t<\/article>\n\t\t\n\t\t<article\t\tclass=\"vp-portfolio__item-wrap post-5430 portfolio type-portfolio status-publish format-standard has-post-thumbnail hentry entry has-media vp-portfolio__item-uid-5d261bfb\" data-vp-filter=\"\" \t\t>\n\t\t\t\t\t\t\t\t\t<figure class=\"vp-portfolio__item\">\n\t\t\t\t\n<div class=\"vp-portfolio__item-img-wrap\">\n\t<div class=\"vp-portfolio__item-img\">\n\t\t\t<a\n\t\thref=\"https:\/\/www.design-award.cz\/?portfolio=interierovy-design-nidus\"\n\t\t\t>\n\t\n\t\t<noscript><img decoding=\"async\" width=\"1920\" height=\"1080\" data-skip-lazy src=\"https:\/\/www.design-award.cz\/wp-content\/uploads\/2025\/06\/terka_8-1920x1080.jpg\" class=\"wp-image-5578\" alt=\"\" srcset=\"https:\/\/www.design-award.cz\/wp-content\/uploads\/2025\/06\/terka_8-1920x1080.jpg 1920w, https:\/\/www.design-award.cz\/wp-content\/uploads\/2025\/06\/terka_8-300x169.jpg 300w, https:\/\/www.design-award.cz\/wp-content\/uploads\/2025\/06\/terka_8-1024x576.jpg 1024w, https:\/\/www.design-award.cz\/wp-content\/uploads\/2025\/06\/terka_8-768x432.jpg 768w, https:\/\/www.design-award.cz\/wp-content\/uploads\/2025\/06\/terka_8-1536x864.jpg 1536w, https:\/\/www.design-award.cz\/wp-content\/uploads\/2025\/06\/terka_8-2048x1152.jpg 2048w, https:\/\/www.design-award.cz\/wp-content\/uploads\/2025\/06\/terka_8-800x450.jpg 800w, https:\/\/www.design-award.cz\/wp-content\/uploads\/2025\/06\/terka_8-500x281.jpg 500w, https:\/\/www.design-award.cz\/wp-content\/uploads\/2025\/06\/terka_8-1280x720.jpg 1280w\" sizes=\"(max-width: 1920px) 100vw, 1920px\" \/><\/noscript><img decoding=\"async\" width=\"1920\" height=\"1080\" src=\"https:\/\/www.design-award.cz\/wp-content\/uploads\/2025\/06\/terka_8-1920x1080.jpg\" class=\"wp-image-5578 vp-lazyload\" alt srcset=\"data:image\/svg+xml;base64,PHN2ZyB3aWR0aD0iMTkyMCIgaGVpZ2h0PSIxMDgwIiB2aWV3Qm94PSIwIDAgMTkyMCAxMDgwIiBmaWxsPSJub25lIiB4bWxucz0iaHR0cDovL3d3dy53My5vcmcvMjAwMC9zdmciPjwvc3ZnPg==\" data-src=\"https:\/\/www.design-award.cz\/wp-content\/uploads\/2025\/06\/terka_8-1920x1080.jpg\" data-srcset=\"https:\/\/www.design-award.cz\/wp-content\/uploads\/2025\/06\/terka_8-1920x1080.jpg 1920w, https:\/\/www.design-award.cz\/wp-content\/uploads\/2025\/06\/terka_8-300x169.jpg 300w, https:\/\/www.design-award.cz\/wp-content\/uploads\/2025\/06\/terka_8-1024x576.jpg 1024w, https:\/\/www.design-award.cz\/wp-content\/uploads\/2025\/06\/terka_8-768x432.jpg 768w, https:\/\/www.design-award.cz\/wp-content\/uploads\/2025\/06\/terka_8-1536x864.jpg 1536w, https:\/\/www.design-award.cz\/wp-content\/uploads\/2025\/06\/terka_8-2048x1152.jpg 2048w, https:\/\/www.design-award.cz\/wp-content\/uploads\/2025\/06\/terka_8-800x450.jpg 800w, https:\/\/www.design-award.cz\/wp-content\/uploads\/2025\/06\/terka_8-500x281.jpg 500w, https:\/\/www.design-award.cz\/wp-content\/uploads\/2025\/06\/terka_8-1280x720.jpg 1280w\" data-sizes=\"auto\" loading=\"eager\">\n\t\t<\/a>\t<\/div>\n<\/div>\n\t<figcaption class=\"vp-portfolio__item-overlay vp-portfolio__item-overlay-text-align-center\">\n\t\t<div class=\"vp-portfolio__item-meta-wrap vp-portfolio__custom-scrollbar\">\n\t\t\t\t<a\n\t\thref=\"https:\/\/www.design-award.cz\/?portfolio=interierovy-design-nidus\"\n\t\ttabindex=\"-1\" class=\"vp-portfolio__item-meta\" \t>\n\t\n<h2 class=\"vp-portfolio__item-meta-title\">\n\tInteri\u00e9rov\u00fd design &#8211; Nidus<\/h2>\n<\/a>\t\t<\/div>\n\t<\/figcaption>\n\t\t\t<\/figure>\n\t\t\t\t\t<\/article>\n\t\t\n\t\t<article\t\tclass=\"vp-portfolio__item-wrap post-5277 portfolio type-portfolio status-publish format-standard has-post-thumbnail hentry entry has-media vp-portfolio__item-uid-a3a337ee\" data-vp-filter=\"\" \t\t>\n\t\t\t\t\t\t\t\t\t<figure class=\"vp-portfolio__item\">\n\t\t\t\t\n<div class=\"vp-portfolio__item-img-wrap\">\n\t<div class=\"vp-portfolio__item-img\">\n\t\t\t<a\n\t\thref=\"https:\/\/www.design-award.cz\/?portfolio=interierovy-design-navrh-interieru-bytu-2\"\n\t\t\t>\n\t\n\t\t<noscript><img decoding=\"async\" width=\"1366\" height=\"768\" data-skip-lazy src=\"https:\/\/www.design-award.cz\/wp-content\/uploads\/2025\/06\/vizualizace-1-2.jpg\" class=\"wp-image-5323\" alt=\"\" srcset=\"https:\/\/www.design-award.cz\/wp-content\/uploads\/2025\/06\/vizualizace-1-2.jpg 1366w, https:\/\/www.design-award.cz\/wp-content\/uploads\/2025\/06\/vizualizace-1-2-300x169.jpg 300w, https:\/\/www.design-award.cz\/wp-content\/uploads\/2025\/06\/vizualizace-1-2-1024x576.jpg 1024w, https:\/\/www.design-award.cz\/wp-content\/uploads\/2025\/06\/vizualizace-1-2-768x432.jpg 768w, https:\/\/www.design-award.cz\/wp-content\/uploads\/2025\/06\/vizualizace-1-2-800x450.jpg 800w, https:\/\/www.design-award.cz\/wp-content\/uploads\/2025\/06\/vizualizace-1-2-500x281.jpg 500w, https:\/\/www.design-award.cz\/wp-content\/uploads\/2025\/06\/vizualizace-1-2-1280x720.jpg 1280w\" sizes=\"(max-width: 1366px) 100vw, 1366px\" \/><\/noscript><img decoding=\"async\" width=\"1366\" height=\"768\" src=\"https:\/\/www.design-award.cz\/wp-content\/uploads\/2025\/06\/vizualizace-1-2.jpg\" class=\"wp-image-5323 vp-lazyload\" alt srcset=\"data:image\/svg+xml;base64,PHN2ZyB3aWR0aD0iMTM2NiIgaGVpZ2h0PSI3NjgiIHZpZXdCb3g9IjAgMCAxMzY2IDc2OCIgZmlsbD0ibm9uZSIgeG1sbnM9Imh0dHA6Ly93d3cudzMub3JnLzIwMDAvc3ZnIj48L3N2Zz4=\" data-src=\"https:\/\/www.design-award.cz\/wp-content\/uploads\/2025\/06\/vizualizace-1-2.jpg\" data-srcset=\"https:\/\/www.design-award.cz\/wp-content\/uploads\/2025\/06\/vizualizace-1-2.jpg 1366w, https:\/\/www.design-award.cz\/wp-content\/uploads\/2025\/06\/vizualizace-1-2-300x169.jpg 300w, https:\/\/www.design-award.cz\/wp-content\/uploads\/2025\/06\/vizualizace-1-2-1024x576.jpg 1024w, https:\/\/www.design-award.cz\/wp-content\/uploads\/2025\/06\/vizualizace-1-2-768x432.jpg 768w, https:\/\/www.design-award.cz\/wp-content\/uploads\/2025\/06\/vizualizace-1-2-800x450.jpg 800w, https:\/\/www.design-award.cz\/wp-content\/uploads\/2025\/06\/vizualizace-1-2-500x281.jpg 500w, https:\/\/www.design-award.cz\/wp-content\/uploads\/2025\/06\/vizualizace-1-2-1280x720.jpg 1280w\" data-sizes=\"auto\" loading=\"eager\">\n\t\t<\/a>\t<\/div>\n<\/div>\n\t<figcaption class=\"vp-portfolio__item-overlay vp-portfolio__item-overlay-text-align-center\">\n\t\t<div class=\"vp-portfolio__item-meta-wrap vp-portfolio__custom-scrollbar\">\n\t\t\t\t<a\n\t\thref=\"https:\/\/www.design-award.cz\/?portfolio=interierovy-design-navrh-interieru-bytu-2\"\n\t\ttabindex=\"-1\" class=\"vp-portfolio__item-meta\" \t>\n\t\n<h2 class=\"vp-portfolio__item-meta-title\">\n\tInteri\u00e9rov\u00fd design &#8211; N\u00e1vrh interi\u00e9ru bytu<\/h2>\n<\/a>\t\t<\/div>\n\t<\/figcaption>\n\t\t\t<\/figure>\n\t\t\t\t\t<\/article>\n\t\t\n\t\t<article\t\tclass=\"vp-portfolio__item-wrap post-3558 portfolio type-portfolio status-publish format-standard has-post-thumbnail hentry entry has-media vp-portfolio__item-uid-210e01a4\" data-vp-filter=\"\" \t\t>\n\t\t\t\t\t\t\t\t\t<figure class=\"vp-portfolio__item\">\n\t\t\t\t\n<div class=\"vp-portfolio__item-img-wrap\">\n\t<div class=\"vp-portfolio__item-img\">\n\t\t\t<a\n\t\thref=\"https:\/\/www.design-award.cz\/?portfolio=produktovy-design-flip\"\n\t\t\t>\n\t\n\t\t<noscript><img decoding=\"async\" width=\"1920\" height=\"1080\" data-skip-lazy src=\"https:\/\/www.design-award.cz\/wp-content\/uploads\/2024\/06\/2-1920x1080.jpg\" class=\"wp-image-3572\" alt=\"\" srcset=\"https:\/\/www.design-award.cz\/wp-content\/uploads\/2024\/06\/2-1920x1080.jpg 1920w, https:\/\/www.design-award.cz\/wp-content\/uploads\/2024\/06\/2-300x169.jpg 300w, https:\/\/www.design-award.cz\/wp-content\/uploads\/2024\/06\/2-1024x576.jpg 1024w, https:\/\/www.design-award.cz\/wp-content\/uploads\/2024\/06\/2-768x432.jpg 768w, https:\/\/www.design-award.cz\/wp-content\/uploads\/2024\/06\/2-1536x864.jpg 1536w, https:\/\/www.design-award.cz\/wp-content\/uploads\/2024\/06\/2-2048x1152.jpg 2048w, https:\/\/www.design-award.cz\/wp-content\/uploads\/2024\/06\/2-500x281.jpg 500w, https:\/\/www.design-award.cz\/wp-content\/uploads\/2024\/06\/2-800x450.jpg 800w, https:\/\/www.design-award.cz\/wp-content\/uploads\/2024\/06\/2-1280x720.jpg 1280w\" sizes=\"(max-width: 1920px) 100vw, 1920px\" \/><\/noscript><img decoding=\"async\" width=\"1920\" height=\"1080\" src=\"https:\/\/www.design-award.cz\/wp-content\/uploads\/2024\/06\/2-1920x1080.jpg\" class=\"wp-image-3572 vp-lazyload\" alt srcset=\"data:image\/svg+xml;base64,PHN2ZyB3aWR0aD0iMTkyMCIgaGVpZ2h0PSIxMDgwIiB2aWV3Qm94PSIwIDAgMTkyMCAxMDgwIiBmaWxsPSJub25lIiB4bWxucz0iaHR0cDovL3d3dy53My5vcmcvMjAwMC9zdmciPjwvc3ZnPg==\" data-src=\"https:\/\/www.design-award.cz\/wp-content\/uploads\/2024\/06\/2-1920x1080.jpg\" data-srcset=\"https:\/\/www.design-award.cz\/wp-content\/uploads\/2024\/06\/2-1920x1080.jpg 1920w, https:\/\/www.design-award.cz\/wp-content\/uploads\/2024\/06\/2-300x169.jpg 300w, https:\/\/www.design-award.cz\/wp-content\/uploads\/2024\/06\/2-1024x576.jpg 1024w, https:\/\/www.design-award.cz\/wp-content\/uploads\/2024\/06\/2-768x432.jpg 768w, https:\/\/www.design-award.cz\/wp-content\/uploads\/2024\/06\/2-1536x864.jpg 1536w, https:\/\/www.design-award.cz\/wp-content\/uploads\/2024\/06\/2-2048x1152.jpg 2048w, https:\/\/www.design-award.cz\/wp-content\/uploads\/2024\/06\/2-500x281.jpg 500w, https:\/\/www.design-award.cz\/wp-content\/uploads\/2024\/06\/2-800x450.jpg 800w, https:\/\/www.design-award.cz\/wp-content\/uploads\/2024\/06\/2-1280x720.jpg 1280w\" data-sizes=\"auto\" loading=\"eager\">\n\t\t<\/a>\t<\/div>\n<\/div>\n\t<figcaption class=\"vp-portfolio__item-overlay vp-portfolio__item-overlay-text-align-center\">\n\t\t<div class=\"vp-portfolio__item-meta-wrap vp-portfolio__custom-scrollbar\">\n\t\t\t\t<a\n\t\thref=\"https:\/\/www.design-award.cz\/?portfolio=produktovy-design-flip\"\n\t\ttabindex=\"-1\" class=\"vp-portfolio__item-meta\" \t>\n\t\n<h2 class=\"vp-portfolio__item-meta-title\">\n\tProduktov\u00fd design &#8211; Flip<\/h2>\n<\/a>\t\t<\/div>\n\t<\/figcaption>\n\t\t\t<\/figure>\n\t\t\t\t\t<\/article>\n\t\t\n\t\t<article\t\tclass=\"vp-portfolio__item-wrap post-4849 portfolio type-portfolio status-publish format-standard has-post-thumbnail hentry entry has-media vp-portfolio__item-uid-da1dab99\" data-vp-filter=\"\" \t\t>\n\t\t\t\t\t\t\t\t\t<figure class=\"vp-portfolio__item\">\n\t\t\t\t\n<div class=\"vp-portfolio__item-img-wrap\">\n\t<div class=\"vp-portfolio__item-img\">\n\t\t\t<a\n\t\thref=\"https:\/\/www.design-award.cz\/?portfolio=produktovy-design-treering\"\n\t\t\t>\n\t\n\t\t<noscript><img decoding=\"async\" width=\"1920\" height=\"1080\" data-skip-lazy src=\"https:\/\/www.design-award.cz\/wp-content\/uploads\/2025\/06\/vizualizace-se-siluetama.png\" class=\"wp-image-4852\" alt=\"\" srcset=\"https:\/\/www.design-award.cz\/wp-content\/uploads\/2025\/06\/vizualizace-se-siluetama.png 1920w, https:\/\/www.design-award.cz\/wp-content\/uploads\/2025\/06\/vizualizace-se-siluetama-300x169.png 300w, https:\/\/www.design-award.cz\/wp-content\/uploads\/2025\/06\/vizualizace-se-siluetama-1024x576.png 1024w, https:\/\/www.design-award.cz\/wp-content\/uploads\/2025\/06\/vizualizace-se-siluetama-768x432.png 768w, https:\/\/www.design-award.cz\/wp-content\/uploads\/2025\/06\/vizualizace-se-siluetama-1536x864.png 1536w, https:\/\/www.design-award.cz\/wp-content\/uploads\/2025\/06\/vizualizace-se-siluetama-800x450.png 800w, https:\/\/www.design-award.cz\/wp-content\/uploads\/2025\/06\/vizualizace-se-siluetama-500x281.png 500w, https:\/\/www.design-award.cz\/wp-content\/uploads\/2025\/06\/vizualizace-se-siluetama-1280x720.png 1280w\" sizes=\"(max-width: 1920px) 100vw, 1920px\" \/><\/noscript><img decoding=\"async\" width=\"1920\" height=\"1080\" src=\"https:\/\/www.design-award.cz\/wp-content\/uploads\/2025\/06\/vizualizace-se-siluetama.png\" class=\"wp-image-4852 vp-lazyload\" alt srcset=\"data:image\/svg+xml;base64,PHN2ZyB3aWR0aD0iMTkyMCIgaGVpZ2h0PSIxMDgwIiB2aWV3Qm94PSIwIDAgMTkyMCAxMDgwIiBmaWxsPSJub25lIiB4bWxucz0iaHR0cDovL3d3dy53My5vcmcvMjAwMC9zdmciPjwvc3ZnPg==\" data-src=\"https:\/\/www.design-award.cz\/wp-content\/uploads\/2025\/06\/vizualizace-se-siluetama.png\" data-srcset=\"https:\/\/www.design-award.cz\/wp-content\/uploads\/2025\/06\/vizualizace-se-siluetama.png 1920w, https:\/\/www.design-award.cz\/wp-content\/uploads\/2025\/06\/vizualizace-se-siluetama-300x169.png 300w, https:\/\/www.design-award.cz\/wp-content\/uploads\/2025\/06\/vizualizace-se-siluetama-1024x576.png 1024w, https:\/\/www.design-award.cz\/wp-content\/uploads\/2025\/06\/vizualizace-se-siluetama-768x432.png 768w, https:\/\/www.design-award.cz\/wp-content\/uploads\/2025\/06\/vizualizace-se-siluetama-1536x864.png 1536w, https:\/\/www.design-award.cz\/wp-content\/uploads\/2025\/06\/vizualizace-se-siluetama-800x450.png 800w, https:\/\/www.design-award.cz\/wp-content\/uploads\/2025\/06\/vizualizace-se-siluetama-500x281.png 500w, https:\/\/www.design-award.cz\/wp-content\/uploads\/2025\/06\/vizualizace-se-siluetama-1280x720.png 1280w\" data-sizes=\"auto\" loading=\"eager\">\n\t\t<\/a>\t<\/div>\n<\/div>\n\t<figcaption class=\"vp-portfolio__item-overlay vp-portfolio__item-overlay-text-align-center\">\n\t\t<div class=\"vp-portfolio__item-meta-wrap vp-portfolio__custom-scrollbar\">\n\t\t\t\t<a\n\t\thref=\"https:\/\/www.design-award.cz\/?portfolio=produktovy-design-treering\"\n\t\ttabindex=\"-1\" class=\"vp-portfolio__item-meta\" \t>\n\t\n<h2 class=\"vp-portfolio__item-meta-title\">\n\tProduktov\u00fd design &#8211; TREERING<\/h2>\n<\/a>\t\t<\/div>\n\t<\/figcaption>\n\t\t\t<\/figure>\n\t\t\t\t\t<\/article>\n\t\t\n<\/div>\n\n<div class=\"vp-portfolio__items-arrow vp-portfolio__items-arrow-prev\" tabindex=\"0\" role=\"button\" aria-label=\"Previous Slide\">\n\t\n<svg class=\"vp-svg-icon\" width=\"20\" height=\"20\" viewBox=\"0 0 20 20\" fill=\"none\" xmlns=\"http:\/\/www.w3.org\/2000\/svg\">\n\t<path d=\"M12 4L6 10L12 16\" stroke=\"currentColor\" stroke-width=\"1.5\" stroke-linecap=\"round\" stroke-linejoin=\"round\" fill=\"transparent\" \/>\n<\/svg>\n<\/div>\n<div class=\"vp-portfolio__items-arrow vp-portfolio__items-arrow-next\" tabindex=\"0\" role=\"button\" aria-label=\"Next Slide\">\n\t\n<svg class=\"vp-svg-icon\" width=\"20\" height=\"20\" viewBox=\"0 0 20 20\" fill=\"none\" xmlns=\"http:\/\/www.w3.org\/2000\/svg\">\n\t<path d=\"M8 4L14 10L8 16\" stroke=\"currentColor\" stroke-width=\"1.5\" stroke-linecap=\"round\" stroke-linejoin=\"round\" fill=\"transparent\" \/>\n<\/svg>\n<\/div>\n\t\t<\/div>\n\t\t\t\t<div class=\"vp-portfolio__layout-elements vp-portfolio__layout-elements-bottom vp-portfolio__layout-elements-align-center\">\n\t\t\t\t<div class=\"vp-portfolio__pagination-wrap\">\n\t\t\n<div class=\"vp-pagination vp-pagination__style-minimal\" data-vp-pagination-type=\"load-more\">\n\t<div class=\"vp-pagination__item\">\n\t\t<a class=\"vp-pagination__load-more\" href=\"https:\/\/www.design-award.cz\/index.php?rest_route=%2Fwp%2Fv2%2Fportfolio%2F1213&#038;vp_page=2\">\n\t\t\t<span>Load More<\/span>\n\t\t\t<span class=\"vp-pagination__load-more-loading\"><span class=\"vp-spinner\"><\/span><span class=\"vp-screen-reader-text\"> Loading More&#8230;<\/span><\/span>\n\t\t\t<span class=\"vp-pagination__load-more-no-more\">You\u2019ve reached the end of the list<\/span>\n\t\t<\/a>\n\t<\/div>\n<\/div>\n\t\t<\/div>\n\t\t\t\t<\/div>\n\t\t\n<\/div>\n<\/div>","protected":false},"excerpt":{"rendered":"<p>Viviana Ne\u010dasov\u00e1 Integrovan\u00e1 st\u0159edn\u00ed \u0161kola \u017eivnostensk\u00e1 Na \u0159\u00edzen\u00fdch prax\u00edch v r\u00e1mci na\u0161\u00ed \u0161koly jsem si mohla vybrat jak\u00fdkoli prvek do interi\u00e9ru, kter\u00fd ru\u010dn\u011b vyrob\u00edm. J\u00e1 osobn\u011b jsem milovn\u00edkem ko\u010dek, a proto jsem si zvolila v\u00fdrobu z\u00e1v\u011bsn\u00e9ho ko\u010di\u010d\u00edho pel\u00ed\u0161ku. V r\u00e1mci n\u00e1vrhu jsem cht\u011bla, vyu\u017e\u00edt my\u0161lenku upcyclingu v podob\u011b v\u00fdroby nov\u00e9ho produktu ze star\u00e9ho p\u0159edm\u011btu, a [&hellip;]<\/p>\n","protected":false},"author":1,"featured_media":1214,"menu_order":0,"comment_status":"closed","ping_status":"closed","template":"","format":"standard","meta":{"ngg_post_thumbnail":0,"ocean_post_layout":"","ocean_both_sidebars_style":"","ocean_both_sidebars_content_width":0,"ocean_both_sidebars_sidebars_width":0,"ocean_sidebar":"","ocean_second_sidebar":"","ocean_disable_margins":"enable","ocean_add_body_class":"","ocean_shortcode_before_top_bar":"","ocean_shortcode_after_top_bar":"","ocean_shortcode_before_header":"","ocean_shortcode_after_header":"","ocean_has_shortcode":"","ocean_shortcode_after_title":"","ocean_shortcode_before_footer_widgets":"","ocean_shortcode_after_footer_widgets":"","ocean_shortcode_before_footer_bottom":"","ocean_shortcode_after_footer_bottom":"","ocean_display_top_bar":"default","ocean_display_header":"default","ocean_header_style":"","ocean_center_header_left_menu":"","ocean_custom_header_template":"","ocean_custom_logo":0,"ocean_custom_retina_logo":0,"ocean_custom_logo_max_width":0,"ocean_custom_logo_tablet_max_width":0,"ocean_custom_logo_mobile_max_width":0,"ocean_custom_logo_max_height":0,"ocean_custom_logo_tablet_max_height":0,"ocean_custom_logo_mobile_max_height":0,"ocean_header_custom_menu":"","ocean_menu_typo_font_family":"","ocean_menu_typo_font_subset":"","ocean_menu_typo_font_size":0,"ocean_menu_typo_font_size_tablet":0,"ocean_menu_typo_font_size_mobile":0,"ocean_menu_typo_font_size_unit":"px","ocean_menu_typo_font_weight":"","ocean_menu_typo_font_weight_tablet":"","ocean_menu_typo_font_weight_mobile":"","ocean_menu_typo_transform":"","ocean_menu_typo_transform_tablet":"","ocean_menu_typo_transform_mobile":"","ocean_menu_typo_line_height":0,"ocean_menu_typo_line_height_tablet":0,"ocean_menu_typo_line_height_mobile":0,"ocean_menu_typo_line_height_unit":"","ocean_menu_typo_spacing":0,"ocean_menu_typo_spacing_tablet":0,"ocean_menu_typo_spacing_mobile":0,"ocean_menu_typo_spacing_unit":"","ocean_menu_link_color":"","ocean_menu_link_color_hover":"","ocean_menu_link_color_active":"","ocean_menu_link_background":"","ocean_menu_link_hover_background":"","ocean_menu_link_active_background":"","ocean_menu_social_links_bg":"","ocean_menu_social_hover_links_bg":"","ocean_menu_social_links_color":"","ocean_menu_social_hover_links_color":"","ocean_disable_title":"default","ocean_disable_heading":"default","ocean_post_title":"","ocean_post_subheading":"","ocean_post_title_style":"","ocean_post_title_background_color":"","ocean_post_title_background":0,"ocean_post_title_bg_image_position":"","ocean_post_title_bg_image_attachment":"","ocean_post_title_bg_image_repeat":"","ocean_post_title_bg_image_size":"","ocean_post_title_height":0,"ocean_post_title_bg_overlay":0.5,"ocean_post_title_bg_overlay_color":"","ocean_disable_breadcrumbs":"default","ocean_breadcrumbs_color":"","ocean_breadcrumbs_separator_color":"","ocean_breadcrumbs_links_color":"","ocean_breadcrumbs_links_hover_color":"","ocean_display_footer_widgets":"default","ocean_display_footer_bottom":"default","ocean_custom_footer_template":"","_vp_format_video_url":"","_vp_image_focal_point":[],"footnotes":""},"portfolio_category":[],"portfolio_tag":[],"class_list":["post-1213","portfolio","type-portfolio","status-publish","format-standard","has-post-thumbnail","hentry","entry","has-media"],"yoast_head":"<!-- This site is optimized with the Yoast SEO plugin v25.2 - https:\/\/yoast.com\/wordpress\/plugins\/seo\/ -->\n<title>Produktov\u00fd design - Z\u00e1v\u011bsn\u00fd ko\u010di\u010d\u00ed pel\u00ed\u0161ek - design-award.cz<\/title>\n<meta name=\"robots\" content=\"index, follow, max-snippet:-1, max-image-preview:large, max-video-preview:-1\" \/>\n<link rel=\"canonical\" href=\"https:\/\/www.design-award.cz\/?portfolio=produktovy-design-zavesny-kocici-pelisek\" \/>\n<meta property=\"og:locale\" content=\"cs_CZ\" \/>\n<meta property=\"og:type\" content=\"article\" \/>\n<meta property=\"og:title\" content=\"Produktov\u00fd design - Z\u00e1v\u011bsn\u00fd ko\u010di\u010d\u00ed pel\u00ed\u0161ek - design-award.cz\" \/>\n<meta property=\"og:description\" content=\"Viviana Ne\u010dasov\u00e1 Integrovan\u00e1 st\u0159edn\u00ed \u0161kola \u017eivnostensk\u00e1 Na \u0159\u00edzen\u00fdch prax\u00edch v r\u00e1mci na\u0161\u00ed \u0161koly jsem si mohla vybrat jak\u00fdkoli prvek do interi\u00e9ru, kter\u00fd ru\u010dn\u011b vyrob\u00edm. J\u00e1 osobn\u011b jsem milovn\u00edkem ko\u010dek, a proto jsem si zvolila v\u00fdrobu z\u00e1v\u011bsn\u00e9ho ko\u010di\u010d\u00edho pel\u00ed\u0161ku. V r\u00e1mci n\u00e1vrhu jsem cht\u011bla, vyu\u017e\u00edt my\u0161lenku upcyclingu v podob\u011b v\u00fdroby nov\u00e9ho produktu ze star\u00e9ho p\u0159edm\u011btu, a [&hellip;]\" \/>\n<meta property=\"og:url\" content=\"https:\/\/www.design-award.cz\/?portfolio=produktovy-design-zavesny-kocici-pelisek\" \/>\n<meta property=\"og:site_name\" content=\"design-award.cz\" \/>\n<meta property=\"article:modified_time\" content=\"2022-04-30T15:04:31+00:00\" \/>\n<meta property=\"og:image\" content=\"http:\/\/www.design-award.cz\/wp-content\/uploads\/2022\/04\/pelisek.jpg\" \/>\n\t<meta property=\"og:image:width\" content=\"999\" \/>\n\t<meta property=\"og:image:height\" content=\"1475\" \/>\n\t<meta property=\"og:image:type\" content=\"image\/jpeg\" \/>\n<meta name=\"twitter:card\" content=\"summary_large_image\" \/>\n<meta name=\"twitter:label1\" content=\"Odhadovan\u00e1 doba \u010dten\u00ed\" \/>\n\t<meta name=\"twitter:data1\" content=\"2 minuty\" \/>\n<script type=\"application\/ld+json\" class=\"yoast-schema-graph\">{\"@context\":\"https:\/\/schema.org\",\"@graph\":[{\"@type\":\"WebPage\",\"@id\":\"https:\/\/www.design-award.cz\/?portfolio=produktovy-design-zavesny-kocici-pelisek\",\"url\":\"https:\/\/www.design-award.cz\/?portfolio=produktovy-design-zavesny-kocici-pelisek\",\"name\":\"Produktov\u00fd design - Z\u00e1v\u011bsn\u00fd ko\u010di\u010d\u00ed pel\u00ed\u0161ek - design-award.cz\",\"isPartOf\":{\"@id\":\"https:\/\/www.design-award.cz\/#website\"},\"primaryImageOfPage\":{\"@id\":\"https:\/\/www.design-award.cz\/?portfolio=produktovy-design-zavesny-kocici-pelisek#primaryimage\"},\"image\":{\"@id\":\"https:\/\/www.design-award.cz\/?portfolio=produktovy-design-zavesny-kocici-pelisek#primaryimage\"},\"thumbnailUrl\":\"https:\/\/www.design-award.cz\/wp-content\/uploads\/2022\/04\/pelisek.jpg\",\"datePublished\":\"2022-04-30T15:03:44+00:00\",\"dateModified\":\"2022-04-30T15:04:31+00:00\",\"breadcrumb\":{\"@id\":\"https:\/\/www.design-award.cz\/?portfolio=produktovy-design-zavesny-kocici-pelisek#breadcrumb\"},\"inLanguage\":\"cs\",\"potentialAction\":[{\"@type\":\"ReadAction\",\"target\":[\"https:\/\/www.design-award.cz\/?portfolio=produktovy-design-zavesny-kocici-pelisek\"]}]},{\"@type\":\"ImageObject\",\"inLanguage\":\"cs\",\"@id\":\"https:\/\/www.design-award.cz\/?portfolio=produktovy-design-zavesny-kocici-pelisek#primaryimage\",\"url\":\"https:\/\/www.design-award.cz\/wp-content\/uploads\/2022\/04\/pelisek.jpg\",\"contentUrl\":\"https:\/\/www.design-award.cz\/wp-content\/uploads\/2022\/04\/pelisek.jpg\",\"width\":999,\"height\":1475},{\"@type\":\"BreadcrumbList\",\"@id\":\"https:\/\/www.design-award.cz\/?portfolio=produktovy-design-zavesny-kocici-pelisek#breadcrumb\",\"itemListElement\":[{\"@type\":\"ListItem\",\"position\":1,\"name\":\"Dom\u016f\",\"item\":\"https:\/\/www.design-award.cz\/\"},{\"@type\":\"ListItem\",\"position\":2,\"name\":\"Portfolio Items\",\"item\":\"https:\/\/www.design-award.cz\/?post_type=portfolio\"},{\"@type\":\"ListItem\",\"position\":3,\"name\":\"Produktov\u00fd design &#8211; Z\u00e1v\u011bsn\u00fd ko\u010di\u010d\u00ed pel\u00ed\u0161ek\"}]},{\"@type\":\"WebSite\",\"@id\":\"https:\/\/www.design-award.cz\/#website\",\"url\":\"https:\/\/www.design-award.cz\/\",\"name\":\"design-award.cz\",\"description\":\"WARD vznikla v roce 2022. Je ur\u010dena p\u0159edev\u0161\u00edm student\u016fm st\u0159edn\u00edch um\u011bleck\u00fdch \u0161kol (S\u0160 a VO\u0160), kte\u0159\u00ed mohou bezplatn\u011b zaslat sv\u00e9 n\u00e1vrhy v uveden\u00fdch kategori\u00ed a tak pom\u011b\u0159it sv\u00e9 n\u00e1pady s konkurenc\u00ed sv\u00fdch vrstevn\u00edk\u016f. N\u00e1vrhy jsou n\u00e1sledn\u011b posouzeny nez\u00e1vislou porotou z \u0159ad v\u00fdtvarn\u00edk\u016f, pedagog\u016f a profesion\u00e1l\u016f z oboru.\",\"publisher\":{\"@id\":\"https:\/\/www.design-award.cz\/#organization\"},\"potentialAction\":[{\"@type\":\"SearchAction\",\"target\":{\"@type\":\"EntryPoint\",\"urlTemplate\":\"https:\/\/www.design-award.cz\/?s={search_term_string}\"},\"query-input\":{\"@type\":\"PropertyValueSpecification\",\"valueRequired\":true,\"valueName\":\"search_term_string\"}}],\"inLanguage\":\"cs\"},{\"@type\":\"Organization\",\"@id\":\"https:\/\/www.design-award.cz\/#organization\",\"name\":\"Design Award\",\"url\":\"https:\/\/www.design-award.cz\/\",\"logo\":{\"@type\":\"ImageObject\",\"inLanguage\":\"cs\",\"@id\":\"https:\/\/www.design-award.cz\/#\/schema\/logo\/image\/\",\"url\":\"http:\/\/www.design-award.cz\/wp-content\/uploads\/2021\/12\/hornilogo_design-award.png\",\"contentUrl\":\"http:\/\/www.design-award.cz\/wp-content\/uploads\/2021\/12\/hornilogo_design-award.png\",\"width\":800,\"height\":600,\"caption\":\"Design Award\"},\"image\":{\"@id\":\"https:\/\/www.design-award.cz\/#\/schema\/logo\/image\/\"},\"sameAs\":[\"https:\/\/www.instagram.com\/design_award\/\"]}]}<\/script>\n<!-- \/ Yoast SEO plugin. -->","yoast_head_json":{"title":"Produktov\u00fd design - Z\u00e1v\u011bsn\u00fd ko\u010di\u010d\u00ed pel\u00ed\u0161ek - design-award.cz","robots":{"index":"index","follow":"follow","max-snippet":"max-snippet:-1","max-image-preview":"max-image-preview:large","max-video-preview":"max-video-preview:-1"},"canonical":"https:\/\/www.design-award.cz\/?portfolio=produktovy-design-zavesny-kocici-pelisek","og_locale":"cs_CZ","og_type":"article","og_title":"Produktov\u00fd design - Z\u00e1v\u011bsn\u00fd ko\u010di\u010d\u00ed pel\u00ed\u0161ek - design-award.cz","og_description":"Viviana Ne\u010dasov\u00e1 Integrovan\u00e1 st\u0159edn\u00ed \u0161kola \u017eivnostensk\u00e1 Na \u0159\u00edzen\u00fdch prax\u00edch v r\u00e1mci na\u0161\u00ed \u0161koly jsem si mohla vybrat jak\u00fdkoli prvek do interi\u00e9ru, kter\u00fd ru\u010dn\u011b vyrob\u00edm. J\u00e1 osobn\u011b jsem milovn\u00edkem ko\u010dek, a proto jsem si zvolila v\u00fdrobu z\u00e1v\u011bsn\u00e9ho ko\u010di\u010d\u00edho pel\u00ed\u0161ku. V r\u00e1mci n\u00e1vrhu jsem cht\u011bla, vyu\u017e\u00edt my\u0161lenku upcyclingu v podob\u011b v\u00fdroby nov\u00e9ho produktu ze star\u00e9ho p\u0159edm\u011btu, a [&hellip;]","og_url":"https:\/\/www.design-award.cz\/?portfolio=produktovy-design-zavesny-kocici-pelisek","og_site_name":"design-award.cz","article_modified_time":"2022-04-30T15:04:31+00:00","og_image":[{"width":999,"height":1475,"url":"http:\/\/www.design-award.cz\/wp-content\/uploads\/2022\/04\/pelisek.jpg","type":"image\/jpeg"}],"twitter_card":"summary_large_image","twitter_misc":{"Odhadovan\u00e1 doba \u010dten\u00ed":"2 minuty"},"schema":{"@context":"https:\/\/schema.org","@graph":[{"@type":"WebPage","@id":"https:\/\/www.design-award.cz\/?portfolio=produktovy-design-zavesny-kocici-pelisek","url":"https:\/\/www.design-award.cz\/?portfolio=produktovy-design-zavesny-kocici-pelisek","name":"Produktov\u00fd design - Z\u00e1v\u011bsn\u00fd ko\u010di\u010d\u00ed pel\u00ed\u0161ek - design-award.cz","isPartOf":{"@id":"https:\/\/www.design-award.cz\/#website"},"primaryImageOfPage":{"@id":"https:\/\/www.design-award.cz\/?portfolio=produktovy-design-zavesny-kocici-pelisek#primaryimage"},"image":{"@id":"https:\/\/www.design-award.cz\/?portfolio=produktovy-design-zavesny-kocici-pelisek#primaryimage"},"thumbnailUrl":"https:\/\/www.design-award.cz\/wp-content\/uploads\/2022\/04\/pelisek.jpg","datePublished":"2022-04-30T15:03:44+00:00","dateModified":"2022-04-30T15:04:31+00:00","breadcrumb":{"@id":"https:\/\/www.design-award.cz\/?portfolio=produktovy-design-zavesny-kocici-pelisek#breadcrumb"},"inLanguage":"cs","potentialAction":[{"@type":"ReadAction","target":["https:\/\/www.design-award.cz\/?portfolio=produktovy-design-zavesny-kocici-pelisek"]}]},{"@type":"ImageObject","inLanguage":"cs","@id":"https:\/\/www.design-award.cz\/?portfolio=produktovy-design-zavesny-kocici-pelisek#primaryimage","url":"https:\/\/www.design-award.cz\/wp-content\/uploads\/2022\/04\/pelisek.jpg","contentUrl":"https:\/\/www.design-award.cz\/wp-content\/uploads\/2022\/04\/pelisek.jpg","width":999,"height":1475},{"@type":"BreadcrumbList","@id":"https:\/\/www.design-award.cz\/?portfolio=produktovy-design-zavesny-kocici-pelisek#breadcrumb","itemListElement":[{"@type":"ListItem","position":1,"name":"Dom\u016f","item":"https:\/\/www.design-award.cz\/"},{"@type":"ListItem","position":2,"name":"Portfolio Items","item":"https:\/\/www.design-award.cz\/?post_type=portfolio"},{"@type":"ListItem","position":3,"name":"Produktov\u00fd design &#8211; Z\u00e1v\u011bsn\u00fd ko\u010di\u010d\u00ed pel\u00ed\u0161ek"}]},{"@type":"WebSite","@id":"https:\/\/www.design-award.cz\/#website","url":"https:\/\/www.design-award.cz\/","name":"design-award.cz","description":"WARD vznikla v roce 2022. Je ur\u010dena p\u0159edev\u0161\u00edm student\u016fm st\u0159edn\u00edch um\u011bleck\u00fdch \u0161kol (S\u0160 a VO\u0160), kte\u0159\u00ed mohou bezplatn\u011b zaslat sv\u00e9 n\u00e1vrhy v uveden\u00fdch kategori\u00ed a tak pom\u011b\u0159it sv\u00e9 n\u00e1pady s konkurenc\u00ed sv\u00fdch vrstevn\u00edk\u016f. N\u00e1vrhy jsou n\u00e1sledn\u011b posouzeny nez\u00e1vislou porotou z \u0159ad v\u00fdtvarn\u00edk\u016f, pedagog\u016f a profesion\u00e1l\u016f z oboru.","publisher":{"@id":"https:\/\/www.design-award.cz\/#organization"},"potentialAction":[{"@type":"SearchAction","target":{"@type":"EntryPoint","urlTemplate":"https:\/\/www.design-award.cz\/?s={search_term_string}"},"query-input":{"@type":"PropertyValueSpecification","valueRequired":true,"valueName":"search_term_string"}}],"inLanguage":"cs"},{"@type":"Organization","@id":"https:\/\/www.design-award.cz\/#organization","name":"Design Award","url":"https:\/\/www.design-award.cz\/","logo":{"@type":"ImageObject","inLanguage":"cs","@id":"https:\/\/www.design-award.cz\/#\/schema\/logo\/image\/","url":"http:\/\/www.design-award.cz\/wp-content\/uploads\/2021\/12\/hornilogo_design-award.png","contentUrl":"http:\/\/www.design-award.cz\/wp-content\/uploads\/2021\/12\/hornilogo_design-award.png","width":800,"height":600,"caption":"Design Award"},"image":{"@id":"https:\/\/www.design-award.cz\/#\/schema\/logo\/image\/"},"sameAs":["https:\/\/www.instagram.com\/design_award\/"]}]}},"_links":{"self":[{"href":"https:\/\/www.design-award.cz\/index.php?rest_route=\/wp\/v2\/portfolio\/1213","targetHints":{"allow":["GET"]}}],"collection":[{"href":"https:\/\/www.design-award.cz\/index.php?rest_route=\/wp\/v2\/portfolio"}],"about":[{"href":"https:\/\/www.design-award.cz\/index.php?rest_route=\/wp\/v2\/types\/portfolio"}],"author":[{"embeddable":true,"href":"https:\/\/www.design-award.cz\/index.php?rest_route=\/wp\/v2\/users\/1"}],"replies":[{"embeddable":true,"href":"https:\/\/www.design-award.cz\/index.php?rest_route=%2Fwp%2Fv2%2Fcomments&post=1213"}],"version-history":[{"count":1,"href":"https:\/\/www.design-award.cz\/index.php?rest_route=\/wp\/v2\/portfolio\/1213\/revisions"}],"predecessor-version":[{"id":1218,"href":"https:\/\/www.design-award.cz\/index.php?rest_route=\/wp\/v2\/portfolio\/1213\/revisions\/1218"}],"wp:featuredmedia":[{"embeddable":true,"href":"https:\/\/www.design-award.cz\/index.php?rest_route=\/wp\/v2\/media\/1214"}],"wp:attachment":[{"href":"https:\/\/www.design-award.cz\/index.php?rest_route=%2Fwp%2Fv2%2Fmedia&parent=1213"}],"wp:term":[{"taxonomy":"portfolio_category","embeddable":true,"href":"https:\/\/www.design-award.cz\/index.php?rest_route=%2Fwp%2Fv2%2Fportfolio_category&post=1213"},{"taxonomy":"portfolio_tag","embeddable":true,"href":"https:\/\/www.design-award.cz\/index.php?rest_route=%2Fwp%2Fv2%2Fportfolio_tag&post=1213"}],"curies":[{"name":"wp","href":"https:\/\/api.w.org\/{rel}","templated":true}]}}