{"id":1219,"date":"2022-04-30T15:07:41","date_gmt":"2022-04-30T15:07:41","guid":{"rendered":"https:\/\/www.design-award.cz\/?post_type=portfolio&#038;p=1219"},"modified":"2022-04-30T15:09:34","modified_gmt":"2022-04-30T15:09:34","slug":"produktovy-design-sedadlo-cube%c2%b2","status":"publish","type":"portfolio","link":"https:\/\/www.design-award.cz\/?portfolio=produktovy-design-sedadlo-cube%c2%b2","title":{"rendered":"Produktov\u00fd design &#8211; Sedadlo Cube\u00b2"},"content":{"rendered":"\n<h2 class=\"wp-block-heading\">Jana Krchovov\u00e1<\/h2>\n\n\n\n<p><strong>St\u0159edn\u00ed \u0161kola designu interi\u00e9ru Kate\u0159inky<\/strong><\/p>\n\n\n\n<p>Cube\u00b2 &#8211; origin\u00e1ln\u00ed sedadlo, kter\u00e9 je sv\u00fdm sympatick\u00fdm a p\u0159\u00edrodn\u00edm vzhledem vhodn\u00e9 pro vnesen\u00ed jednoduchosti i \u017eivosti do vnit\u0159n\u00edch \u010di venkovn\u00edch ve\u0159ejn\u00fdch prostor.<\/p>\n\n\n\n<p>Sedac\u00ed prvky ve tvaru krychle tvo\u0159\u00ed truhl\u00e1\u0159sk\u00e9 p\u0159ekli\u017eky, opat\u0159en\u00e9 sv\u011btl\u00fdm \u010daloun\u011bn\u00edm.<br>Do st\u0159edov\u00e9ho prvku, kter\u00fd je t\u00e9\u017e z p\u0159ekli\u017eek, je upevn\u011bn kv\u011btin\u00e1\u010d dopln\u011bn\u00fd kv\u011btinou, kter\u00e1 je zde pro zp\u0159\u00edjemn\u011bn\u00ed viz\u00e1\u017ee cel\u00e9ho sedadla.<br>Hlavn\u00ed spojovac\u00ed sou\u010d\u00e1stkou jsou \u0161rouby.<\/p>\n\n\n\n<p>Sedadlo jsem navrhla podle po\u017eadavk\u016f zad\u00e1n\u00ed v\u00fdrobku, kter\u00e9 n\u00e1m bylo d\u00e1no \u2013 tedy netradi\u010dnost, mladistvost a \u00faspora materi\u00e1lu.<\/p>\n\n\n\n<p>Spolu s dal\u0161\u00edmi t\u0159emi bylo vybr\u00e1no k realizaci. Tu provedla firma SILVEKO. Minul\u00fd rok ho bylo mo\u017en\u00e9 k vid\u011bn\u00ed na pra\u017esk\u00e9m Designbloku.<\/p>\n\n\n\n<figure class=\"wp-block-image size-large\"><img decoding=\"async\" width=\"725\" height=\"1024\" data-src=\"http:\/\/www.design-award.cz\/wp-content\/uploads\/2022\/04\/Snimek1-1-725x1024.jpg\" alt=\"\" class=\"wp-image-1224 lazyload\" data-srcset=\"https:\/\/www.design-award.cz\/wp-content\/uploads\/2022\/04\/Snimek1-1-725x1024.jpg 725w, https:\/\/www.design-award.cz\/wp-content\/uploads\/2022\/04\/Snimek1-1-212x300.jpg 212w, https:\/\/www.design-award.cz\/wp-content\/uploads\/2022\/04\/Snimek1-1-768x1085.jpg 768w, https:\/\/www.design-award.cz\/wp-content\/uploads\/2022\/04\/Snimek1-1-1087x1536.jpg 1087w, https:\/\/www.design-award.cz\/wp-content\/uploads\/2022\/04\/Snimek1-1-500x707.jpg 500w, https:\/\/www.design-award.cz\/wp-content\/uploads\/2022\/04\/Snimek1-1-800x1131.jpg 800w, https:\/\/www.design-award.cz\/wp-content\/uploads\/2022\/04\/Snimek1-1.jpg 1123w\" data-sizes=\"(max-width: 725px) 100vw, 725px\" src=\"data:image\/svg+xml;base64,PHN2ZyB3aWR0aD0iMSIgaGVpZ2h0PSIxIiB4bWxucz0iaHR0cDovL3d3dy53My5vcmcvMjAwMC9zdmciPjwvc3ZnPg==\" style=\"--smush-placeholder-width: 725px; --smush-placeholder-aspect-ratio: 725\/1024;\" \/><\/figure>\n\n\n\n<figure class=\"wp-block-image size-full\"><img decoding=\"async\" width=\"750\" height=\"1000\" data-src=\"http:\/\/www.design-award.cz\/wp-content\/uploads\/2022\/04\/MicrosoftTeams-image-4.jpg\" alt=\"\" class=\"wp-image-1223 lazyload\" data-srcset=\"https:\/\/www.design-award.cz\/wp-content\/uploads\/2022\/04\/MicrosoftTeams-image-4.jpg 750w, https:\/\/www.design-award.cz\/wp-content\/uploads\/2022\/04\/MicrosoftTeams-image-4-225x300.jpg 225w, https:\/\/www.design-award.cz\/wp-content\/uploads\/2022\/04\/MicrosoftTeams-image-4-500x667.jpg 500w\" data-sizes=\"(max-width: 750px) 100vw, 750px\" src=\"data:image\/svg+xml;base64,PHN2ZyB3aWR0aD0iMSIgaGVpZ2h0PSIxIiB4bWxucz0iaHR0cDovL3d3dy53My5vcmcvMjAwMC9zdmciPjwvc3ZnPg==\" style=\"--smush-placeholder-width: 750px; --smush-placeholder-aspect-ratio: 750\/1000;\" \/><\/figure>\n\n\n\n<figure class=\"wp-block-image size-full\"><img decoding=\"async\" width=\"1000\" height=\"667\" data-src=\"http:\/\/www.design-award.cz\/wp-content\/uploads\/2022\/04\/MicrosoftTeams-image-3.jpg\" alt=\"\" class=\"wp-image-1222 lazyload\" data-srcset=\"https:\/\/www.design-award.cz\/wp-content\/uploads\/2022\/04\/MicrosoftTeams-image-3.jpg 1000w, https:\/\/www.design-award.cz\/wp-content\/uploads\/2022\/04\/MicrosoftTeams-image-3-300x200.jpg 300w, https:\/\/www.design-award.cz\/wp-content\/uploads\/2022\/04\/MicrosoftTeams-image-3-768x512.jpg 768w, https:\/\/www.design-award.cz\/wp-content\/uploads\/2022\/04\/MicrosoftTeams-image-3-500x334.jpg 500w, https:\/\/www.design-award.cz\/wp-content\/uploads\/2022\/04\/MicrosoftTeams-image-3-800x534.jpg 800w\" data-sizes=\"(max-width: 1000px) 100vw, 1000px\" src=\"data:image\/svg+xml;base64,PHN2ZyB3aWR0aD0iMSIgaGVpZ2h0PSIxIiB4bWxucz0iaHR0cDovL3d3dy53My5vcmcvMjAwMC9zdmciPjwvc3ZnPg==\" style=\"--smush-placeholder-width: 1000px; --smush-placeholder-aspect-ratio: 1000\/667;\" \/><\/figure>\n\n\n\n<figure class=\"wp-block-image size-full\"><img decoding=\"async\" width=\"720\" height=\"960\" data-src=\"http:\/\/www.design-award.cz\/wp-content\/uploads\/2022\/04\/MicrosoftTeams-image-1.jpg\" alt=\"\" class=\"wp-image-1221 lazyload\" data-srcset=\"https:\/\/www.design-award.cz\/wp-content\/uploads\/2022\/04\/MicrosoftTeams-image-1.jpg 720w, https:\/\/www.design-award.cz\/wp-content\/uploads\/2022\/04\/MicrosoftTeams-image-1-225x300.jpg 225w, https:\/\/www.design-award.cz\/wp-content\/uploads\/2022\/04\/MicrosoftTeams-image-1-500x667.jpg 500w\" data-sizes=\"(max-width: 720px) 100vw, 720px\" src=\"data:image\/svg+xml;base64,PHN2ZyB3aWR0aD0iMSIgaGVpZ2h0PSIxIiB4bWxucz0iaHR0cDovL3d3dy53My5vcmcvMjAwMC9zdmciPjwvc3ZnPg==\" style=\"--smush-placeholder-width: 720px; --smush-placeholder-aspect-ratio: 720\/960;\" \/><\/figure>\n\n\n<div class=\"wp-block-visual-portfolio\">\n<div class=\"vp-portfolio vp-uid-2ece4a06 vp-id-607\"\n\tdata-vp-layout=\"slider\" data-vp-content-source=\"post-based\" data-vp-items-style=\"fade\" data-vp-items-click-action=\"url\" data-vp-items-gap=\"12\" data-vp-items-gap-vertical=\"\" data-vp-pagination=\"load-more\" data-vp-next-page-url=\"https:\/\/www.design-award.cz\/index.php?rest_route=%2Fwp%2Fv2%2Fportfolio%2F1219&#038;vp_page=2\" data-vp-random-seed=\"3292756818\" data-vp-slider-effect=\"slide\" data-vp-slider-items-height=\"80%\" data-vp-slider-items-min-height=\"\" data-vp-slider-slides-per-view=\"3\" data-vp-slider-speed=\"0.3\" data-vp-slider-autoplay=\"4.8\" data-vp-slider-autoplay-hover-pause=\"false\" data-vp-slider-centered-slides=\"true\" data-vp-slider-loop=\"true\" data-vp-slider-free-mode=\"false\" data-vp-slider-free-mode-sticky=\"false\" data-vp-slider-arrows=\"true\" data-vp-slider-bullets=\"false\" data-vp-slider-bullets-dynamic=\"false\" data-vp-slider-mousewheel=\"false\" data-vp-slider-thumbnails=\"false\" >\n\t<div class=\"vp-portfolio__preloader-wrap\">\n\t\t<div class=\"vp-portfolio__preloader\">\n\t\t\t<img decoding=\"async\" loading=\"eager\" src=\"https:\/\/www.design-award.cz\/wp-content\/plugins\/visual-portfolio\/assets\/images\/logo-dark.svg\" alt=\"Visual Portfolio, Posts &amp; Image Gallery for WordPress\" width=\"20\" height=\"20\" data-skip-lazy>\n\t\t<\/div>\n\t<\/div>\n\t\t<div class=\"vp-portfolio__items-wrap\">\n\t\t\t\n<div class=\"vp-portfolio__items vp-portfolio__items-style-fade vp-portfolio__items-show-overlay-hover\">\n\n\t\t<article\t\tclass=\"vp-portfolio__item-wrap post-1442 portfolio type-portfolio status-publish format-standard has-post-thumbnail hentry portfolio_category-https-www-design-award-cz-page_id1603 portfolio_tag-9 entry has-media vp-portfolio__item-uid-730b7b47\" data-vp-filter=\"https-www-design-award-cz-page_id1603\" \t\t>\n\t\t\t\t\t\t\t\t\t<figure class=\"vp-portfolio__item\">\n\t\t\t\t\n<div class=\"vp-portfolio__item-img-wrap\">\n\t<div class=\"vp-portfolio__item-img\">\n\t\t\t<a\n\t\thref=\"https:\/\/www.design-award.cz\/?portfolio=produktovy-design-waveiron\"\n\t\t\t>\n\t\n\t\t<noscript><img decoding=\"async\" width=\"1800\" height=\"1012\" data-skip-lazy src=\"https:\/\/www.design-award.cz\/wp-content\/uploads\/2022\/05\/Hana-Heinrichova.jpg\" class=\"wp-image-1516\" alt=\"\" srcset=\"https:\/\/www.design-award.cz\/wp-content\/uploads\/2022\/05\/Hana-Heinrichova.jpg 1800w, https:\/\/www.design-award.cz\/wp-content\/uploads\/2022\/05\/Hana-Heinrichova-300x169.jpg 300w, https:\/\/www.design-award.cz\/wp-content\/uploads\/2022\/05\/Hana-Heinrichova-1024x576.jpg 1024w, https:\/\/www.design-award.cz\/wp-content\/uploads\/2022\/05\/Hana-Heinrichova-768x432.jpg 768w, https:\/\/www.design-award.cz\/wp-content\/uploads\/2022\/05\/Hana-Heinrichova-1536x864.jpg 1536w, https:\/\/www.design-award.cz\/wp-content\/uploads\/2022\/05\/Hana-Heinrichova-500x281.jpg 500w, https:\/\/www.design-award.cz\/wp-content\/uploads\/2022\/05\/Hana-Heinrichova-800x450.jpg 800w, https:\/\/www.design-award.cz\/wp-content\/uploads\/2022\/05\/Hana-Heinrichova-1280x720.jpg 1280w\" sizes=\"(max-width: 1800px) 100vw, 1800px\" \/><\/noscript><img fetchpriority=\"high\" decoding=\"async\" width=\"1800\" height=\"1012\" src=\"https:\/\/www.design-award.cz\/wp-content\/uploads\/2022\/05\/Hana-Heinrichova.jpg\" class=\"wp-image-1516 vp-lazyload\" alt srcset=\"data:image\/svg+xml;base64,PHN2ZyB3aWR0aD0iMTgwMCIgaGVpZ2h0PSIxMDEyIiB2aWV3Qm94PSIwIDAgMTgwMCAxMDEyIiBmaWxsPSJub25lIiB4bWxucz0iaHR0cDovL3d3dy53My5vcmcvMjAwMC9zdmciPjwvc3ZnPg==\" data-src=\"https:\/\/www.design-award.cz\/wp-content\/uploads\/2022\/05\/Hana-Heinrichova.jpg\" data-srcset=\"https:\/\/www.design-award.cz\/wp-content\/uploads\/2022\/05\/Hana-Heinrichova.jpg 1800w, https:\/\/www.design-award.cz\/wp-content\/uploads\/2022\/05\/Hana-Heinrichova-300x169.jpg 300w, https:\/\/www.design-award.cz\/wp-content\/uploads\/2022\/05\/Hana-Heinrichova-1024x576.jpg 1024w, https:\/\/www.design-award.cz\/wp-content\/uploads\/2022\/05\/Hana-Heinrichova-768x432.jpg 768w, https:\/\/www.design-award.cz\/wp-content\/uploads\/2022\/05\/Hana-Heinrichova-1536x864.jpg 1536w, https:\/\/www.design-award.cz\/wp-content\/uploads\/2022\/05\/Hana-Heinrichova-500x281.jpg 500w, https:\/\/www.design-award.cz\/wp-content\/uploads\/2022\/05\/Hana-Heinrichova-800x450.jpg 800w, https:\/\/www.design-award.cz\/wp-content\/uploads\/2022\/05\/Hana-Heinrichova-1280x720.jpg 1280w\" data-sizes=\"auto\" loading=\"eager\">\n\t\t<\/a>\t<\/div>\n<\/div>\n\t<figcaption class=\"vp-portfolio__item-overlay vp-portfolio__item-overlay-text-align-center\">\n\t\t<div class=\"vp-portfolio__item-meta-wrap vp-portfolio__custom-scrollbar\">\n\t\t\t\t<a\n\t\thref=\"https:\/\/www.design-award.cz\/?portfolio=produktovy-design-waveiron\"\n\t\ttabindex=\"-1\" class=\"vp-portfolio__item-meta\" \t>\n\t\n<div class=\"vp-portfolio__item-meta-categories\">\n\t\t\t<div class=\"vp-portfolio__item-meta-category\">\n\t\t\t\t<span\t\t\t>\n\tArchiv 2022<\/span>\t\t<\/div>\n\t\t<\/div>\n\n<h2 class=\"vp-portfolio__item-meta-title\">\n\tProduktov\u00fd design &#8211; Waveiron<\/h2>\n<\/a>\t\t<\/div>\n\t<\/figcaption>\n\t\t\t<\/figure>\n\t\t\t\t\t<\/article>\n\t\t\n\t\t<article\t\tclass=\"vp-portfolio__item-wrap post-3985 portfolio type-portfolio status-publish format-standard has-post-thumbnail hentry entry has-media vp-portfolio__item-uid-e30bfa30\" data-vp-filter=\"\" \t\t>\n\t\t\t\t\t\t\t\t\t<figure class=\"vp-portfolio__item\">\n\t\t\t\t\n<div class=\"vp-portfolio__item-img-wrap\">\n\t<div class=\"vp-portfolio__item-img\">\n\t\t\t<a\n\t\thref=\"https:\/\/www.design-award.cz\/?portfolio=produktovy-design-ceska-tradice-trochu-jinak\"\n\t\t\t>\n\t\n\t\t<noscript><img decoding=\"async\" width=\"1920\" height=\"2285\" data-skip-lazy src=\"https:\/\/www.design-award.cz\/wp-content\/uploads\/2024\/06\/Pavel-Cepl_trojice-1920x2285.jpg\" class=\"wp-image-4036\" alt=\"\" srcset=\"https:\/\/www.design-award.cz\/wp-content\/uploads\/2024\/06\/Pavel-Cepl_trojice-1920x2285.jpg 1920w, https:\/\/www.design-award.cz\/wp-content\/uploads\/2024\/06\/Pavel-Cepl_trojice-252x300.jpg 252w, https:\/\/www.design-award.cz\/wp-content\/uploads\/2024\/06\/Pavel-Cepl_trojice-860x1024.jpg 860w, https:\/\/www.design-award.cz\/wp-content\/uploads\/2024\/06\/Pavel-Cepl_trojice-768x914.jpg 768w, https:\/\/www.design-award.cz\/wp-content\/uploads\/2024\/06\/Pavel-Cepl_trojice-1291x1536.jpg 1291w, https:\/\/www.design-award.cz\/wp-content\/uploads\/2024\/06\/Pavel-Cepl_trojice-1721x2048.jpg 1721w, https:\/\/www.design-award.cz\/wp-content\/uploads\/2024\/06\/Pavel-Cepl_trojice-500x595.jpg 500w, https:\/\/www.design-award.cz\/wp-content\/uploads\/2024\/06\/Pavel-Cepl_trojice-800x952.jpg 800w, https:\/\/www.design-award.cz\/wp-content\/uploads\/2024\/06\/Pavel-Cepl_trojice-1280x1523.jpg 1280w\" sizes=\"(max-width: 1920px) 100vw, 1920px\" \/><\/noscript><img decoding=\"async\" width=\"1920\" height=\"2285\" src=\"https:\/\/www.design-award.cz\/wp-content\/uploads\/2024\/06\/Pavel-Cepl_trojice-1920x2285.jpg\" class=\"wp-image-4036 vp-lazyload\" alt srcset=\"data:image\/svg+xml;base64,PHN2ZyB3aWR0aD0iMTkyMCIgaGVpZ2h0PSIyMjg1IiB2aWV3Qm94PSIwIDAgMTkyMCAyMjg1IiBmaWxsPSJub25lIiB4bWxucz0iaHR0cDovL3d3dy53My5vcmcvMjAwMC9zdmciPjwvc3ZnPg==\" data-src=\"https:\/\/www.design-award.cz\/wp-content\/uploads\/2024\/06\/Pavel-Cepl_trojice-1920x2285.jpg\" data-srcset=\"https:\/\/www.design-award.cz\/wp-content\/uploads\/2024\/06\/Pavel-Cepl_trojice-1920x2285.jpg 1920w, https:\/\/www.design-award.cz\/wp-content\/uploads\/2024\/06\/Pavel-Cepl_trojice-252x300.jpg 252w, https:\/\/www.design-award.cz\/wp-content\/uploads\/2024\/06\/Pavel-Cepl_trojice-860x1024.jpg 860w, https:\/\/www.design-award.cz\/wp-content\/uploads\/2024\/06\/Pavel-Cepl_trojice-768x914.jpg 768w, https:\/\/www.design-award.cz\/wp-content\/uploads\/2024\/06\/Pavel-Cepl_trojice-1291x1536.jpg 1291w, https:\/\/www.design-award.cz\/wp-content\/uploads\/2024\/06\/Pavel-Cepl_trojice-1721x2048.jpg 1721w, https:\/\/www.design-award.cz\/wp-content\/uploads\/2024\/06\/Pavel-Cepl_trojice-500x595.jpg 500w, https:\/\/www.design-award.cz\/wp-content\/uploads\/2024\/06\/Pavel-Cepl_trojice-800x952.jpg 800w, https:\/\/www.design-award.cz\/wp-content\/uploads\/2024\/06\/Pavel-Cepl_trojice-1280x1523.jpg 1280w\" data-sizes=\"auto\" loading=\"eager\">\n\t\t<\/a>\t<\/div>\n<\/div>\n\t<figcaption class=\"vp-portfolio__item-overlay vp-portfolio__item-overlay-text-align-center\">\n\t\t<div class=\"vp-portfolio__item-meta-wrap vp-portfolio__custom-scrollbar\">\n\t\t\t\t<a\n\t\thref=\"https:\/\/www.design-award.cz\/?portfolio=produktovy-design-ceska-tradice-trochu-jinak\"\n\t\ttabindex=\"-1\" class=\"vp-portfolio__item-meta\" \t>\n\t\n<h2 class=\"vp-portfolio__item-meta-title\">\n\tProduktov\u00fd design &#8211; \u010cesk\u00e1 tradice trochu jinak<\/h2>\n<\/a>\t\t<\/div>\n\t<\/figcaption>\n\t\t\t<\/figure>\n\t\t\t\t\t<\/article>\n\t\t\n\t\t<article\t\tclass=\"vp-portfolio__item-wrap post-2639 portfolio type-portfolio status-publish format-standard has-post-thumbnail hentry portfolio_category-soutezici-2023 entry has-media vp-portfolio__item-uid-baa94f88\" data-vp-filter=\"soutezici-2023\" \t\t>\n\t\t\t\t\t\t\t\t\t<figure class=\"vp-portfolio__item\">\n\t\t\t\t\n<div class=\"vp-portfolio__item-img-wrap\">\n\t<div class=\"vp-portfolio__item-img\">\n\t\t\t<a\n\t\thref=\"https:\/\/www.design-award.cz\/?portfolio=soukromy-interier-tiny-house-0198-revnice\"\n\t\t\t>\n\t\n\t\t<noscript><img decoding=\"async\" width=\"1920\" height=\"2400\" data-skip-lazy src=\"https:\/\/www.design-award.cz\/wp-content\/uploads\/2023\/04\/2-exterior-render-1920x2400.png\" class=\"wp-image-2643\" alt=\"\" srcset=\"https:\/\/www.design-award.cz\/wp-content\/uploads\/2023\/04\/2-exterior-render-1920x2400.png 1920w, https:\/\/www.design-award.cz\/wp-content\/uploads\/2023\/04\/2-exterior-render-240x300.png 240w, https:\/\/www.design-award.cz\/wp-content\/uploads\/2023\/04\/2-exterior-render-819x1024.png 819w, https:\/\/www.design-award.cz\/wp-content\/uploads\/2023\/04\/2-exterior-render-768x960.png 768w, https:\/\/www.design-award.cz\/wp-content\/uploads\/2023\/04\/2-exterior-render-1229x1536.png 1229w, https:\/\/www.design-award.cz\/wp-content\/uploads\/2023\/04\/2-exterior-render-1638x2048.png 1638w, https:\/\/www.design-award.cz\/wp-content\/uploads\/2023\/04\/2-exterior-render-500x625.png 500w, https:\/\/www.design-award.cz\/wp-content\/uploads\/2023\/04\/2-exterior-render-800x1000.png 800w, https:\/\/www.design-award.cz\/wp-content\/uploads\/2023\/04\/2-exterior-render-1280x1600.png 1280w\" sizes=\"(max-width: 1920px) 100vw, 1920px\" \/><\/noscript><img decoding=\"async\" width=\"1920\" height=\"2400\" src=\"https:\/\/www.design-award.cz\/wp-content\/uploads\/2023\/04\/2-exterior-render-1920x2400.png\" class=\"wp-image-2643 vp-lazyload\" alt srcset=\"data:image\/svg+xml;base64,PHN2ZyB3aWR0aD0iMTkyMCIgaGVpZ2h0PSIyNDAwIiB2aWV3Qm94PSIwIDAgMTkyMCAyNDAwIiBmaWxsPSJub25lIiB4bWxucz0iaHR0cDovL3d3dy53My5vcmcvMjAwMC9zdmciPjwvc3ZnPg==\" data-src=\"https:\/\/www.design-award.cz\/wp-content\/uploads\/2023\/04\/2-exterior-render-1920x2400.png\" data-srcset=\"https:\/\/www.design-award.cz\/wp-content\/uploads\/2023\/04\/2-exterior-render-1920x2400.png 1920w, https:\/\/www.design-award.cz\/wp-content\/uploads\/2023\/04\/2-exterior-render-240x300.png 240w, https:\/\/www.design-award.cz\/wp-content\/uploads\/2023\/04\/2-exterior-render-819x1024.png 819w, https:\/\/www.design-award.cz\/wp-content\/uploads\/2023\/04\/2-exterior-render-768x960.png 768w, https:\/\/www.design-award.cz\/wp-content\/uploads\/2023\/04\/2-exterior-render-1229x1536.png 1229w, https:\/\/www.design-award.cz\/wp-content\/uploads\/2023\/04\/2-exterior-render-1638x2048.png 1638w, https:\/\/www.design-award.cz\/wp-content\/uploads\/2023\/04\/2-exterior-render-500x625.png 500w, https:\/\/www.design-award.cz\/wp-content\/uploads\/2023\/04\/2-exterior-render-800x1000.png 800w, https:\/\/www.design-award.cz\/wp-content\/uploads\/2023\/04\/2-exterior-render-1280x1600.png 1280w\" data-sizes=\"auto\" loading=\"eager\">\n\t\t<\/a>\t<\/div>\n<\/div>\n\t<figcaption class=\"vp-portfolio__item-overlay vp-portfolio__item-overlay-text-align-center\">\n\t\t<div class=\"vp-portfolio__item-meta-wrap vp-portfolio__custom-scrollbar\">\n\t\t\t\t<a\n\t\thref=\"https:\/\/www.design-award.cz\/?portfolio=soukromy-interier-tiny-house-0198-revnice\"\n\t\ttabindex=\"-1\" class=\"vp-portfolio__item-meta\" \t>\n\t\n<div class=\"vp-portfolio__item-meta-categories\">\n\t\t\t<div class=\"vp-portfolio__item-meta-category\">\n\t\t\t\t<span\t\t\t>\n\tSOUT\u011a\u017d\u00cdC\u00cd 2023<\/span>\t\t<\/div>\n\t\t<\/div>\n\n<h2 class=\"vp-portfolio__item-meta-title\">\n\tSoukrom\u00fd interi\u00e9r \u2013 Tiny House 0198 \u0158EVNICE<\/h2>\n<\/a>\t\t<\/div>\n\t<\/figcaption>\n\t\t\t<\/figure>\n\t\t\t\t\t<\/article>\n\t\t\n\t\t<article\t\tclass=\"vp-portfolio__item-wrap post-4752 portfolio type-portfolio status-publish format-standard has-post-thumbnail hentry entry has-media vp-portfolio__item-uid-5f88046d\" data-vp-filter=\"\" style=\"--vp-images__object-position: 50% 20%;\" \t\t>\n\t\t\t\t\t\t\t\t\t<figure class=\"vp-portfolio__item\">\n\t\t\t\t\n<div class=\"vp-portfolio__item-img-wrap\">\n\t<div class=\"vp-portfolio__item-img\">\n\t\t\t<a\n\t\thref=\"https:\/\/www.design-award.cz\/?portfolio=produktovy-design-flow-chair\"\n\t\t\t>\n\t\n\t\t<noscript><img decoding=\"async\" width=\"1920\" height=\"2880\" data-skip-lazy src=\"https:\/\/www.design-award.cz\/wp-content\/uploads\/2025\/06\/zidle-render-v-prostoru-1-1920x2880.jpg\" class=\"wp-image-4758\" alt=\"\" srcset=\"https:\/\/www.design-award.cz\/wp-content\/uploads\/2025\/06\/zidle-render-v-prostoru-1-1920x2880.jpg 1920w, https:\/\/www.design-award.cz\/wp-content\/uploads\/2025\/06\/zidle-render-v-prostoru-1-200x300.jpg 200w, https:\/\/www.design-award.cz\/wp-content\/uploads\/2025\/06\/zidle-render-v-prostoru-1-683x1024.jpg 683w, https:\/\/www.design-award.cz\/wp-content\/uploads\/2025\/06\/zidle-render-v-prostoru-1-768x1152.jpg 768w, https:\/\/www.design-award.cz\/wp-content\/uploads\/2025\/06\/zidle-render-v-prostoru-1-1024x1536.jpg 1024w, https:\/\/www.design-award.cz\/wp-content\/uploads\/2025\/06\/zidle-render-v-prostoru-1-1365x2048.jpg 1365w, https:\/\/www.design-award.cz\/wp-content\/uploads\/2025\/06\/zidle-render-v-prostoru-1-500x750.jpg 500w, https:\/\/www.design-award.cz\/wp-content\/uploads\/2025\/06\/zidle-render-v-prostoru-1-800x1200.jpg 800w, https:\/\/www.design-award.cz\/wp-content\/uploads\/2025\/06\/zidle-render-v-prostoru-1-1280x1920.jpg 1280w, https:\/\/www.design-award.cz\/wp-content\/uploads\/2025\/06\/zidle-render-v-prostoru-1-scaled.jpg 1707w\" sizes=\"(max-width: 1920px) 100vw, 1920px\" \/><\/noscript><img decoding=\"async\" width=\"1920\" height=\"2880\" src=\"https:\/\/www.design-award.cz\/wp-content\/uploads\/2025\/06\/zidle-render-v-prostoru-1-1920x2880.jpg\" class=\"wp-image-4758 vp-lazyload\" alt srcset=\"data:image\/svg+xml;base64,PHN2ZyB3aWR0aD0iMTkyMCIgaGVpZ2h0PSIyODgwIiB2aWV3Qm94PSIwIDAgMTkyMCAyODgwIiBmaWxsPSJub25lIiB4bWxucz0iaHR0cDovL3d3dy53My5vcmcvMjAwMC9zdmciPjwvc3ZnPg==\" data-src=\"https:\/\/www.design-award.cz\/wp-content\/uploads\/2025\/06\/zidle-render-v-prostoru-1-1920x2880.jpg\" data-srcset=\"https:\/\/www.design-award.cz\/wp-content\/uploads\/2025\/06\/zidle-render-v-prostoru-1-1920x2880.jpg 1920w, https:\/\/www.design-award.cz\/wp-content\/uploads\/2025\/06\/zidle-render-v-prostoru-1-200x300.jpg 200w, https:\/\/www.design-award.cz\/wp-content\/uploads\/2025\/06\/zidle-render-v-prostoru-1-683x1024.jpg 683w, https:\/\/www.design-award.cz\/wp-content\/uploads\/2025\/06\/zidle-render-v-prostoru-1-768x1152.jpg 768w, https:\/\/www.design-award.cz\/wp-content\/uploads\/2025\/06\/zidle-render-v-prostoru-1-1024x1536.jpg 1024w, https:\/\/www.design-award.cz\/wp-content\/uploads\/2025\/06\/zidle-render-v-prostoru-1-1365x2048.jpg 1365w, https:\/\/www.design-award.cz\/wp-content\/uploads\/2025\/06\/zidle-render-v-prostoru-1-500x750.jpg 500w, https:\/\/www.design-award.cz\/wp-content\/uploads\/2025\/06\/zidle-render-v-prostoru-1-800x1200.jpg 800w, https:\/\/www.design-award.cz\/wp-content\/uploads\/2025\/06\/zidle-render-v-prostoru-1-1280x1920.jpg 1280w, https:\/\/www.design-award.cz\/wp-content\/uploads\/2025\/06\/zidle-render-v-prostoru-1-scaled.jpg 1707w\" data-sizes=\"auto\" loading=\"eager\">\n\t\t<\/a>\t<\/div>\n<\/div>\n\t<figcaption class=\"vp-portfolio__item-overlay vp-portfolio__item-overlay-text-align-center\">\n\t\t<div class=\"vp-portfolio__item-meta-wrap vp-portfolio__custom-scrollbar\">\n\t\t\t\t<a\n\t\thref=\"https:\/\/www.design-award.cz\/?portfolio=produktovy-design-flow-chair\"\n\t\ttabindex=\"-1\" class=\"vp-portfolio__item-meta\" \t>\n\t\n<h2 class=\"vp-portfolio__item-meta-title\">\n\tProduktov\u00fd design &#8211; Flow Chair<\/h2>\n<\/a>\t\t<\/div>\n\t<\/figcaption>\n\t\t\t<\/figure>\n\t\t\t\t\t<\/article>\n\t\t\n\t\t<article\t\tclass=\"vp-portfolio__item-wrap post-1752 portfolio type-portfolio status-publish format-standard has-post-thumbnail hentry portfolio_category-soutezici-2023 entry has-media vp-portfolio__item-uid-6856f45f\" data-vp-filter=\"soutezici-2023\" \t\t>\n\t\t\t\t\t\t\t\t\t<figure class=\"vp-portfolio__item\">\n\t\t\t\t\n<div class=\"vp-portfolio__item-img-wrap\">\n\t<div class=\"vp-portfolio__item-img\">\n\t\t\t<a\n\t\thref=\"https:\/\/www.design-award.cz\/?portfolio=verejny-interier-folklorni-expo-valassko\"\n\t\t\t>\n\t\n\t\t<noscript><img decoding=\"async\" width=\"800\" height=\"600\" data-skip-lazy src=\"https:\/\/www.design-award.cz\/wp-content\/uploads\/2023\/03\/vizualiazce.jpg\" class=\"wp-image-1756\" alt=\"\" srcset=\"https:\/\/www.design-award.cz\/wp-content\/uploads\/2023\/03\/vizualiazce.jpg 800w, https:\/\/www.design-award.cz\/wp-content\/uploads\/2023\/03\/vizualiazce-300x225.jpg 300w, https:\/\/www.design-award.cz\/wp-content\/uploads\/2023\/03\/vizualiazce-768x576.jpg 768w, https:\/\/www.design-award.cz\/wp-content\/uploads\/2023\/03\/vizualiazce-500x375.jpg 500w\" sizes=\"(max-width: 800px) 100vw, 800px\" \/><\/noscript><img decoding=\"async\" width=\"800\" height=\"600\" src=\"https:\/\/www.design-award.cz\/wp-content\/uploads\/2023\/03\/vizualiazce.jpg\" class=\"wp-image-1756 vp-lazyload\" alt srcset=\"data:image\/svg+xml;base64,PHN2ZyB3aWR0aD0iODAwIiBoZWlnaHQ9IjYwMCIgdmlld0JveD0iMCAwIDgwMCA2MDAiIGZpbGw9Im5vbmUiIHhtbG5zPSJodHRwOi8vd3d3LnczLm9yZy8yMDAwL3N2ZyI+PC9zdmc+\" data-src=\"https:\/\/www.design-award.cz\/wp-content\/uploads\/2023\/03\/vizualiazce.jpg\" data-srcset=\"https:\/\/www.design-award.cz\/wp-content\/uploads\/2023\/03\/vizualiazce.jpg 800w, https:\/\/www.design-award.cz\/wp-content\/uploads\/2023\/03\/vizualiazce-300x225.jpg 300w, https:\/\/www.design-award.cz\/wp-content\/uploads\/2023\/03\/vizualiazce-768x576.jpg 768w, https:\/\/www.design-award.cz\/wp-content\/uploads\/2023\/03\/vizualiazce-500x375.jpg 500w\" data-sizes=\"auto\" loading=\"eager\">\n\t\t<\/a>\t<\/div>\n<\/div>\n\t<figcaption class=\"vp-portfolio__item-overlay vp-portfolio__item-overlay-text-align-center\">\n\t\t<div class=\"vp-portfolio__item-meta-wrap vp-portfolio__custom-scrollbar\">\n\t\t\t\t<a\n\t\thref=\"https:\/\/www.design-award.cz\/?portfolio=verejny-interier-folklorni-expo-valassko\"\n\t\ttabindex=\"-1\" class=\"vp-portfolio__item-meta\" \t>\n\t\n<div class=\"vp-portfolio__item-meta-categories\">\n\t\t\t<div class=\"vp-portfolio__item-meta-category\">\n\t\t\t\t<span\t\t\t>\n\tSOUT\u011a\u017d\u00cdC\u00cd 2023<\/span>\t\t<\/div>\n\t\t<\/div>\n\n<h2 class=\"vp-portfolio__item-meta-title\">\n\tVe\u0159ejn\u00fd interi\u00e9r &#8211; Folkl\u00f3rn\u00ed expo, Vala\u0161sko<\/h2>\n<\/a>\t\t<\/div>\n\t<\/figcaption>\n\t\t\t<\/figure>\n\t\t\t\t\t<\/article>\n\t\t\n\t\t<article\t\tclass=\"vp-portfolio__item-wrap post-931 portfolio type-portfolio status-publish format-standard has-post-thumbnail hentry entry has-media vp-portfolio__item-uid-e93f8763\" data-vp-filter=\"\" \t\t>\n\t\t\t\t\t\t\t\t\t<figure class=\"vp-portfolio__item\">\n\t\t\t\t\n<div class=\"vp-portfolio__item-img-wrap\">\n\t<div class=\"vp-portfolio__item-img\">\n\t\t\t<a\n\t\thref=\"https:\/\/www.design-award.cz\/?portfolio=soukromy-interier-navrh-rodinneho-domu-2\"\n\t\t\t>\n\t\n\t\t<noscript><img decoding=\"async\" width=\"1386\" height=\"1079\" data-skip-lazy src=\"https:\/\/www.design-award.cz\/wp-content\/uploads\/2022\/04\/Leova_detskypokoj.png\" class=\"wp-image-932\" alt=\"\" srcset=\"https:\/\/www.design-award.cz\/wp-content\/uploads\/2022\/04\/Leova_detskypokoj.png 1386w, https:\/\/www.design-award.cz\/wp-content\/uploads\/2022\/04\/Leova_detskypokoj-300x234.png 300w, https:\/\/www.design-award.cz\/wp-content\/uploads\/2022\/04\/Leova_detskypokoj-1024x797.png 1024w, https:\/\/www.design-award.cz\/wp-content\/uploads\/2022\/04\/Leova_detskypokoj-768x598.png 768w, https:\/\/www.design-award.cz\/wp-content\/uploads\/2022\/04\/Leova_detskypokoj-500x389.png 500w, https:\/\/www.design-award.cz\/wp-content\/uploads\/2022\/04\/Leova_detskypokoj-800x623.png 800w, https:\/\/www.design-award.cz\/wp-content\/uploads\/2022\/04\/Leova_detskypokoj-1280x996.png 1280w\" sizes=\"(max-width: 1386px) 100vw, 1386px\" \/><\/noscript><img decoding=\"async\" width=\"1386\" height=\"1079\" src=\"https:\/\/www.design-award.cz\/wp-content\/uploads\/2022\/04\/Leova_detskypokoj.png\" class=\"wp-image-932 vp-lazyload\" alt srcset=\"data:image\/svg+xml;base64,PHN2ZyB3aWR0aD0iMTM4NiIgaGVpZ2h0PSIxMDc5IiB2aWV3Qm94PSIwIDAgMTM4NiAxMDc5IiBmaWxsPSJub25lIiB4bWxucz0iaHR0cDovL3d3dy53My5vcmcvMjAwMC9zdmciPjwvc3ZnPg==\" data-src=\"https:\/\/www.design-award.cz\/wp-content\/uploads\/2022\/04\/Leova_detskypokoj.png\" data-srcset=\"https:\/\/www.design-award.cz\/wp-content\/uploads\/2022\/04\/Leova_detskypokoj.png 1386w, https:\/\/www.design-award.cz\/wp-content\/uploads\/2022\/04\/Leova_detskypokoj-300x234.png 300w, https:\/\/www.design-award.cz\/wp-content\/uploads\/2022\/04\/Leova_detskypokoj-1024x797.png 1024w, https:\/\/www.design-award.cz\/wp-content\/uploads\/2022\/04\/Leova_detskypokoj-768x598.png 768w, https:\/\/www.design-award.cz\/wp-content\/uploads\/2022\/04\/Leova_detskypokoj-500x389.png 500w, https:\/\/www.design-award.cz\/wp-content\/uploads\/2022\/04\/Leova_detskypokoj-800x623.png 800w, https:\/\/www.design-award.cz\/wp-content\/uploads\/2022\/04\/Leova_detskypokoj-1280x996.png 1280w\" data-sizes=\"auto\" loading=\"eager\">\n\t\t<\/a>\t<\/div>\n<\/div>\n\t<figcaption class=\"vp-portfolio__item-overlay vp-portfolio__item-overlay-text-align-center\">\n\t\t<div class=\"vp-portfolio__item-meta-wrap vp-portfolio__custom-scrollbar\">\n\t\t\t\t<a\n\t\thref=\"https:\/\/www.design-award.cz\/?portfolio=soukromy-interier-navrh-rodinneho-domu-2\"\n\t\ttabindex=\"-1\" class=\"vp-portfolio__item-meta\" \t>\n\t\n<h2 class=\"vp-portfolio__item-meta-title\">\n\tSoukrom\u00fd interi\u00e9r &#8211; N\u00e1vrh rodinn\u00e9ho domu<\/h2>\n<\/a>\t\t<\/div>\n\t<\/figcaption>\n\t\t\t<\/figure>\n\t\t\t\t\t<\/article>\n\t\t\n\t\t<article\t\tclass=\"vp-portfolio__item-wrap post-1917 portfolio type-portfolio status-publish format-standard has-post-thumbnail hentry portfolio_category-soutezici-2023 entry has-media vp-portfolio__item-uid-76cee8de\" data-vp-filter=\"soutezici-2023\" \t\t>\n\t\t\t\t\t\t\t\t\t<figure class=\"vp-portfolio__item\">\n\t\t\t\t\n<div class=\"vp-portfolio__item-img-wrap\">\n\t<div class=\"vp-portfolio__item-img\">\n\t\t\t<a\n\t\thref=\"https:\/\/www.design-award.cz\/?portfolio=produktovy-design-hydroponie\"\n\t\t\t>\n\t\n\t\t<noscript><img decoding=\"async\" width=\"1000\" height=\"665\" data-skip-lazy src=\"https:\/\/www.design-award.cz\/wp-content\/uploads\/2023\/04\/IMG1403.jpg\" class=\"wp-image-1918\" alt=\"\" srcset=\"https:\/\/www.design-award.cz\/wp-content\/uploads\/2023\/04\/IMG1403.jpg 1000w, https:\/\/www.design-award.cz\/wp-content\/uploads\/2023\/04\/IMG1403-300x200.jpg 300w, https:\/\/www.design-award.cz\/wp-content\/uploads\/2023\/04\/IMG1403-768x511.jpg 768w, https:\/\/www.design-award.cz\/wp-content\/uploads\/2023\/04\/IMG1403-500x333.jpg 500w, https:\/\/www.design-award.cz\/wp-content\/uploads\/2023\/04\/IMG1403-800x532.jpg 800w\" sizes=\"(max-width: 1000px) 100vw, 1000px\" \/><\/noscript><img decoding=\"async\" width=\"1000\" height=\"665\" src=\"https:\/\/www.design-award.cz\/wp-content\/uploads\/2023\/04\/IMG1403.jpg\" class=\"wp-image-1918 vp-lazyload\" alt srcset=\"data:image\/svg+xml;base64,PHN2ZyB3aWR0aD0iMTAwMCIgaGVpZ2h0PSI2NjUiIHZpZXdCb3g9IjAgMCAxMDAwIDY2NSIgZmlsbD0ibm9uZSIgeG1sbnM9Imh0dHA6Ly93d3cudzMub3JnLzIwMDAvc3ZnIj48L3N2Zz4=\" data-src=\"https:\/\/www.design-award.cz\/wp-content\/uploads\/2023\/04\/IMG1403.jpg\" data-srcset=\"https:\/\/www.design-award.cz\/wp-content\/uploads\/2023\/04\/IMG1403.jpg 1000w, https:\/\/www.design-award.cz\/wp-content\/uploads\/2023\/04\/IMG1403-300x200.jpg 300w, https:\/\/www.design-award.cz\/wp-content\/uploads\/2023\/04\/IMG1403-768x511.jpg 768w, https:\/\/www.design-award.cz\/wp-content\/uploads\/2023\/04\/IMG1403-500x333.jpg 500w, https:\/\/www.design-award.cz\/wp-content\/uploads\/2023\/04\/IMG1403-800x532.jpg 800w\" data-sizes=\"auto\" loading=\"eager\">\n\t\t<\/a>\t<\/div>\n<\/div>\n\t<figcaption class=\"vp-portfolio__item-overlay vp-portfolio__item-overlay-text-align-center\">\n\t\t<div class=\"vp-portfolio__item-meta-wrap vp-portfolio__custom-scrollbar\">\n\t\t\t\t<a\n\t\thref=\"https:\/\/www.design-award.cz\/?portfolio=produktovy-design-hydroponie\"\n\t\ttabindex=\"-1\" class=\"vp-portfolio__item-meta\" \t>\n\t\n<div class=\"vp-portfolio__item-meta-categories\">\n\t\t\t<div class=\"vp-portfolio__item-meta-category\">\n\t\t\t\t<span\t\t\t>\n\tSOUT\u011a\u017d\u00cdC\u00cd 2023<\/span>\t\t<\/div>\n\t\t<\/div>\n\n<h2 class=\"vp-portfolio__item-meta-title\">\n\tProduktov\u00fd design &#8211; Hydroponie<\/h2>\n<\/a>\t\t<\/div>\n\t<\/figcaption>\n\t\t\t<\/figure>\n\t\t\t\t\t<\/article>\n\t\t\n\t\t<article\t\tclass=\"vp-portfolio__item-wrap post-5676 portfolio type-portfolio status-publish format-standard has-post-thumbnail hentry entry has-media vp-portfolio__item-uid-d3adafa4\" data-vp-filter=\"\" \t\t>\n\t\t\t\t\t\t\t\t\t<figure class=\"vp-portfolio__item\">\n\t\t\t\t\n<div class=\"vp-portfolio__item-img-wrap\">\n\t<div class=\"vp-portfolio__item-img\">\n\t\t\t<a\n\t\thref=\"https:\/\/www.design-award.cz\/?portfolio=interierovy-design-rodinny-dum-z-lodnich-kontejneru\"\n\t\t\t>\n\t\n\t\t<noscript><img decoding=\"async\" width=\"850\" height=\"661\" data-skip-lazy src=\"https:\/\/www.design-award.cz\/wp-content\/uploads\/2025\/07\/obyvak.png\" class=\"wp-image-5679\" alt=\"\" srcset=\"https:\/\/www.design-award.cz\/wp-content\/uploads\/2025\/07\/obyvak.png 850w, https:\/\/www.design-award.cz\/wp-content\/uploads\/2025\/07\/obyvak-300x233.png 300w, https:\/\/www.design-award.cz\/wp-content\/uploads\/2025\/07\/obyvak-768x597.png 768w, https:\/\/www.design-award.cz\/wp-content\/uploads\/2025\/07\/obyvak-500x389.png 500w, https:\/\/www.design-award.cz\/wp-content\/uploads\/2025\/07\/obyvak-800x622.png 800w\" sizes=\"(max-width: 850px) 100vw, 850px\" \/><\/noscript><img decoding=\"async\" width=\"850\" height=\"661\" src=\"https:\/\/www.design-award.cz\/wp-content\/uploads\/2025\/07\/obyvak.png\" class=\"wp-image-5679 vp-lazyload\" alt srcset=\"data:image\/svg+xml;base64,PHN2ZyB3aWR0aD0iODUwIiBoZWlnaHQ9IjY2MSIgdmlld0JveD0iMCAwIDg1MCA2NjEiIGZpbGw9Im5vbmUiIHhtbG5zPSJodHRwOi8vd3d3LnczLm9yZy8yMDAwL3N2ZyI+PC9zdmc+\" data-src=\"https:\/\/www.design-award.cz\/wp-content\/uploads\/2025\/07\/obyvak.png\" data-srcset=\"https:\/\/www.design-award.cz\/wp-content\/uploads\/2025\/07\/obyvak.png 850w, https:\/\/www.design-award.cz\/wp-content\/uploads\/2025\/07\/obyvak-300x233.png 300w, https:\/\/www.design-award.cz\/wp-content\/uploads\/2025\/07\/obyvak-768x597.png 768w, https:\/\/www.design-award.cz\/wp-content\/uploads\/2025\/07\/obyvak-500x389.png 500w, https:\/\/www.design-award.cz\/wp-content\/uploads\/2025\/07\/obyvak-800x622.png 800w\" data-sizes=\"auto\" loading=\"eager\">\n\t\t<\/a>\t<\/div>\n<\/div>\n\t<figcaption class=\"vp-portfolio__item-overlay vp-portfolio__item-overlay-text-align-center\">\n\t\t<div class=\"vp-portfolio__item-meta-wrap vp-portfolio__custom-scrollbar\">\n\t\t\t\t<a\n\t\thref=\"https:\/\/www.design-award.cz\/?portfolio=interierovy-design-rodinny-dum-z-lodnich-kontejneru\"\n\t\ttabindex=\"-1\" class=\"vp-portfolio__item-meta\" \t>\n\t\n<h2 class=\"vp-portfolio__item-meta-title\">\n\tInteri\u00e9rov\u00fd design &#8211; RODINN\u00dd D\u016eM Z LODN\u00cdCH KONTEJNER\u016e<\/h2>\n<\/a>\t\t<\/div>\n\t<\/figcaption>\n\t\t\t<\/figure>\n\t\t\t\t\t<\/article>\n\t\t\n<\/div>\n\n<div class=\"vp-portfolio__items-arrow vp-portfolio__items-arrow-prev\" tabindex=\"0\" role=\"button\" aria-label=\"Previous Slide\">\n\t\n<svg class=\"vp-svg-icon\" width=\"20\" height=\"20\" viewBox=\"0 0 20 20\" fill=\"none\" xmlns=\"http:\/\/www.w3.org\/2000\/svg\">\n\t<path d=\"M12 4L6 10L12 16\" stroke=\"currentColor\" stroke-width=\"1.5\" stroke-linecap=\"round\" stroke-linejoin=\"round\" fill=\"transparent\" \/>\n<\/svg>\n<\/div>\n<div class=\"vp-portfolio__items-arrow vp-portfolio__items-arrow-next\" tabindex=\"0\" role=\"button\" aria-label=\"Next Slide\">\n\t\n<svg class=\"vp-svg-icon\" width=\"20\" height=\"20\" viewBox=\"0 0 20 20\" fill=\"none\" xmlns=\"http:\/\/www.w3.org\/2000\/svg\">\n\t<path d=\"M8 4L14 10L8 16\" stroke=\"currentColor\" stroke-width=\"1.5\" stroke-linecap=\"round\" stroke-linejoin=\"round\" fill=\"transparent\" \/>\n<\/svg>\n<\/div>\n\t\t<\/div>\n\t\t\t\t<div class=\"vp-portfolio__layout-elements vp-portfolio__layout-elements-bottom vp-portfolio__layout-elements-align-center\">\n\t\t\t\t<div class=\"vp-portfolio__pagination-wrap\">\n\t\t\n<div class=\"vp-pagination vp-pagination__style-minimal\" data-vp-pagination-type=\"load-more\">\n\t<div class=\"vp-pagination__item\">\n\t\t<a class=\"vp-pagination__load-more\" href=\"https:\/\/www.design-award.cz\/index.php?rest_route=%2Fwp%2Fv2%2Fportfolio%2F1219&#038;vp_page=2\">\n\t\t\t<span>Load More<\/span>\n\t\t\t<span class=\"vp-pagination__load-more-loading\"><span class=\"vp-spinner\"><\/span><span class=\"vp-screen-reader-text\"> Loading More&#8230;<\/span><\/span>\n\t\t\t<span class=\"vp-pagination__load-more-no-more\">You\u2019ve reached the end of the list<\/span>\n\t\t<\/a>\n\t<\/div>\n<\/div>\n\t\t<\/div>\n\t\t\t\t<\/div>\n\t\t\n<\/div>\n<\/div>","protected":false},"excerpt":{"rendered":"<p>Jana Krchovov\u00e1 St\u0159edn\u00ed \u0161kola designu interi\u00e9ru Kate\u0159inky Cube\u00b2 &#8211; origin\u00e1ln\u00ed sedadlo, kter\u00e9 je sv\u00fdm sympatick\u00fdm a p\u0159\u00edrodn\u00edm vzhledem vhodn\u00e9 pro vnesen\u00ed jednoduchosti i \u017eivosti do vnit\u0159n\u00edch \u010di venkovn\u00edch ve\u0159ejn\u00fdch prostor. Sedac\u00ed prvky ve tvaru krychle tvo\u0159\u00ed truhl\u00e1\u0159sk\u00e9 p\u0159ekli\u017eky, opat\u0159en\u00e9 sv\u011btl\u00fdm \u010daloun\u011bn\u00edm.Do st\u0159edov\u00e9ho prvku, kter\u00fd je t\u00e9\u017e z p\u0159ekli\u017eek, je upevn\u011bn kv\u011btin\u00e1\u010d dopln\u011bn\u00fd kv\u011btinou, kter\u00e1 je [&hellip;]<\/p>\n","protected":false},"author":1,"featured_media":1220,"menu_order":0,"comment_status":"closed","ping_status":"closed","template":"","format":"standard","meta":{"ngg_post_thumbnail":0,"ocean_post_layout":"","ocean_both_sidebars_style":"","ocean_both_sidebars_content_width":0,"ocean_both_sidebars_sidebars_width":0,"ocean_sidebar":"","ocean_second_sidebar":"","ocean_disable_margins":"enable","ocean_add_body_class":"","ocean_shortcode_before_top_bar":"","ocean_shortcode_after_top_bar":"","ocean_shortcode_before_header":"","ocean_shortcode_after_header":"","ocean_has_shortcode":"","ocean_shortcode_after_title":"","ocean_shortcode_before_footer_widgets":"","ocean_shortcode_after_footer_widgets":"","ocean_shortcode_before_footer_bottom":"","ocean_shortcode_after_footer_bottom":"","ocean_display_top_bar":"default","ocean_display_header":"default","ocean_header_style":"","ocean_center_header_left_menu":"","ocean_custom_header_template":"","ocean_custom_logo":0,"ocean_custom_retina_logo":0,"ocean_custom_logo_max_width":0,"ocean_custom_logo_tablet_max_width":0,"ocean_custom_logo_mobile_max_width":0,"ocean_custom_logo_max_height":0,"ocean_custom_logo_tablet_max_height":0,"ocean_custom_logo_mobile_max_height":0,"ocean_header_custom_menu":"","ocean_menu_typo_font_family":"","ocean_menu_typo_font_subset":"","ocean_menu_typo_font_size":0,"ocean_menu_typo_font_size_tablet":0,"ocean_menu_typo_font_size_mobile":0,"ocean_menu_typo_font_size_unit":"px","ocean_menu_typo_font_weight":"","ocean_menu_typo_font_weight_tablet":"","ocean_menu_typo_font_weight_mobile":"","ocean_menu_typo_transform":"","ocean_menu_typo_transform_tablet":"","ocean_menu_typo_transform_mobile":"","ocean_menu_typo_line_height":0,"ocean_menu_typo_line_height_tablet":0,"ocean_menu_typo_line_height_mobile":0,"ocean_menu_typo_line_height_unit":"","ocean_menu_typo_spacing":0,"ocean_menu_typo_spacing_tablet":0,"ocean_menu_typo_spacing_mobile":0,"ocean_menu_typo_spacing_unit":"","ocean_menu_link_color":"","ocean_menu_link_color_hover":"","ocean_menu_link_color_active":"","ocean_menu_link_background":"","ocean_menu_link_hover_background":"","ocean_menu_link_active_background":"","ocean_menu_social_links_bg":"","ocean_menu_social_hover_links_bg":"","ocean_menu_social_links_color":"","ocean_menu_social_hover_links_color":"","ocean_disable_title":"default","ocean_disable_heading":"default","ocean_post_title":"","ocean_post_subheading":"","ocean_post_title_style":"","ocean_post_title_background_color":"","ocean_post_title_background":0,"ocean_post_title_bg_image_position":"","ocean_post_title_bg_image_attachment":"","ocean_post_title_bg_image_repeat":"","ocean_post_title_bg_image_size":"","ocean_post_title_height":0,"ocean_post_title_bg_overlay":0.5,"ocean_post_title_bg_overlay_color":"","ocean_disable_breadcrumbs":"default","ocean_breadcrumbs_color":"","ocean_breadcrumbs_separator_color":"","ocean_breadcrumbs_links_color":"","ocean_breadcrumbs_links_hover_color":"","ocean_display_footer_widgets":"default","ocean_display_footer_bottom":"default","ocean_custom_footer_template":"","_vp_format_video_url":"","_vp_image_focal_point":[],"footnotes":""},"portfolio_category":[],"portfolio_tag":[],"class_list":["post-1219","portfolio","type-portfolio","status-publish","format-standard","has-post-thumbnail","hentry","entry","has-media"],"yoast_head":"<!-- This site is optimized with the Yoast SEO plugin v25.2 - https:\/\/yoast.com\/wordpress\/plugins\/seo\/ -->\n<title>Produktov\u00fd design - Sedadlo Cube\u00b2 - design-award.cz<\/title>\n<meta name=\"robots\" content=\"index, follow, max-snippet:-1, max-image-preview:large, max-video-preview:-1\" \/>\n<link rel=\"canonical\" href=\"https:\/\/www.design-award.cz\/?portfolio=produktovy-design-sedadlo-cube\u00b2\" \/>\n<meta property=\"og:locale\" content=\"cs_CZ\" \/>\n<meta property=\"og:type\" content=\"article\" \/>\n<meta property=\"og:title\" content=\"Produktov\u00fd design - Sedadlo Cube\u00b2 - design-award.cz\" \/>\n<meta property=\"og:description\" content=\"Jana Krchovov\u00e1 St\u0159edn\u00ed \u0161kola designu interi\u00e9ru Kate\u0159inky Cube\u00b2 &#8211; origin\u00e1ln\u00ed sedadlo, kter\u00e9 je sv\u00fdm sympatick\u00fdm a p\u0159\u00edrodn\u00edm vzhledem vhodn\u00e9 pro vnesen\u00ed jednoduchosti i \u017eivosti do vnit\u0159n\u00edch \u010di venkovn\u00edch ve\u0159ejn\u00fdch prostor. Sedac\u00ed prvky ve tvaru krychle tvo\u0159\u00ed truhl\u00e1\u0159sk\u00e9 p\u0159ekli\u017eky, opat\u0159en\u00e9 sv\u011btl\u00fdm \u010daloun\u011bn\u00edm.Do st\u0159edov\u00e9ho prvku, kter\u00fd je t\u00e9\u017e z p\u0159ekli\u017eek, je upevn\u011bn kv\u011btin\u00e1\u010d dopln\u011bn\u00fd kv\u011btinou, kter\u00e1 je [&hellip;]\" \/>\n<meta property=\"og:url\" content=\"https:\/\/www.design-award.cz\/?portfolio=produktovy-design-sedadlo-cube\u00b2\" \/>\n<meta property=\"og:site_name\" content=\"design-award.cz\" \/>\n<meta property=\"article:modified_time\" content=\"2022-04-30T15:09:34+00:00\" \/>\n<meta property=\"og:image\" content=\"http:\/\/www.design-award.cz\/wp-content\/uploads\/2022\/04\/MicrosoftTeams-image.jpg\" \/>\n\t<meta property=\"og:image:width\" content=\"1920\" \/>\n\t<meta property=\"og:image:height\" content=\"1344\" \/>\n\t<meta property=\"og:image:type\" content=\"image\/jpeg\" \/>\n<meta name=\"twitter:card\" content=\"summary_large_image\" \/>\n<meta name=\"twitter:label1\" content=\"Odhadovan\u00e1 doba \u010dten\u00ed\" \/>\n\t<meta name=\"twitter:data1\" content=\"2 minuty\" \/>\n<script type=\"application\/ld+json\" class=\"yoast-schema-graph\">{\"@context\":\"https:\/\/schema.org\",\"@graph\":[{\"@type\":\"WebPage\",\"@id\":\"https:\/\/www.design-award.cz\/?portfolio=produktovy-design-sedadlo-cube%c2%b2\",\"url\":\"https:\/\/www.design-award.cz\/?portfolio=produktovy-design-sedadlo-cube%c2%b2\",\"name\":\"Produktov\u00fd design - Sedadlo Cube\u00b2 - design-award.cz\",\"isPartOf\":{\"@id\":\"https:\/\/www.design-award.cz\/#website\"},\"primaryImageOfPage\":{\"@id\":\"https:\/\/www.design-award.cz\/?portfolio=produktovy-design-sedadlo-cube%c2%b2#primaryimage\"},\"image\":{\"@id\":\"https:\/\/www.design-award.cz\/?portfolio=produktovy-design-sedadlo-cube%c2%b2#primaryimage\"},\"thumbnailUrl\":\"https:\/\/www.design-award.cz\/wp-content\/uploads\/2022\/04\/MicrosoftTeams-image.jpg\",\"datePublished\":\"2022-04-30T15:07:41+00:00\",\"dateModified\":\"2022-04-30T15:09:34+00:00\",\"breadcrumb\":{\"@id\":\"https:\/\/www.design-award.cz\/?portfolio=produktovy-design-sedadlo-cube%c2%b2#breadcrumb\"},\"inLanguage\":\"cs\",\"potentialAction\":[{\"@type\":\"ReadAction\",\"target\":[\"https:\/\/www.design-award.cz\/?portfolio=produktovy-design-sedadlo-cube%c2%b2\"]}]},{\"@type\":\"ImageObject\",\"inLanguage\":\"cs\",\"@id\":\"https:\/\/www.design-award.cz\/?portfolio=produktovy-design-sedadlo-cube%c2%b2#primaryimage\",\"url\":\"https:\/\/www.design-award.cz\/wp-content\/uploads\/2022\/04\/MicrosoftTeams-image.jpg\",\"contentUrl\":\"https:\/\/www.design-award.cz\/wp-content\/uploads\/2022\/04\/MicrosoftTeams-image.jpg\",\"width\":1920,\"height\":1344},{\"@type\":\"BreadcrumbList\",\"@id\":\"https:\/\/www.design-award.cz\/?portfolio=produktovy-design-sedadlo-cube%c2%b2#breadcrumb\",\"itemListElement\":[{\"@type\":\"ListItem\",\"position\":1,\"name\":\"Dom\u016f\",\"item\":\"https:\/\/www.design-award.cz\/\"},{\"@type\":\"ListItem\",\"position\":2,\"name\":\"Portfolio Items\",\"item\":\"https:\/\/www.design-award.cz\/?post_type=portfolio\"},{\"@type\":\"ListItem\",\"position\":3,\"name\":\"Produktov\u00fd design &#8211; Sedadlo Cube\u00b2\"}]},{\"@type\":\"WebSite\",\"@id\":\"https:\/\/www.design-award.cz\/#website\",\"url\":\"https:\/\/www.design-award.cz\/\",\"name\":\"design-award.cz\",\"description\":\"WARD vznikla v roce 2022. Je ur\u010dena p\u0159edev\u0161\u00edm student\u016fm st\u0159edn\u00edch um\u011bleck\u00fdch \u0161kol (S\u0160 a VO\u0160), kte\u0159\u00ed mohou bezplatn\u011b zaslat sv\u00e9 n\u00e1vrhy v uveden\u00fdch kategori\u00ed a tak pom\u011b\u0159it sv\u00e9 n\u00e1pady s konkurenc\u00ed sv\u00fdch vrstevn\u00edk\u016f. N\u00e1vrhy jsou n\u00e1sledn\u011b posouzeny nez\u00e1vislou porotou z \u0159ad v\u00fdtvarn\u00edk\u016f, pedagog\u016f a profesion\u00e1l\u016f z oboru.\",\"publisher\":{\"@id\":\"https:\/\/www.design-award.cz\/#organization\"},\"potentialAction\":[{\"@type\":\"SearchAction\",\"target\":{\"@type\":\"EntryPoint\",\"urlTemplate\":\"https:\/\/www.design-award.cz\/?s={search_term_string}\"},\"query-input\":{\"@type\":\"PropertyValueSpecification\",\"valueRequired\":true,\"valueName\":\"search_term_string\"}}],\"inLanguage\":\"cs\"},{\"@type\":\"Organization\",\"@id\":\"https:\/\/www.design-award.cz\/#organization\",\"name\":\"Design Award\",\"url\":\"https:\/\/www.design-award.cz\/\",\"logo\":{\"@type\":\"ImageObject\",\"inLanguage\":\"cs\",\"@id\":\"https:\/\/www.design-award.cz\/#\/schema\/logo\/image\/\",\"url\":\"http:\/\/www.design-award.cz\/wp-content\/uploads\/2021\/12\/hornilogo_design-award.png\",\"contentUrl\":\"http:\/\/www.design-award.cz\/wp-content\/uploads\/2021\/12\/hornilogo_design-award.png\",\"width\":800,\"height\":600,\"caption\":\"Design Award\"},\"image\":{\"@id\":\"https:\/\/www.design-award.cz\/#\/schema\/logo\/image\/\"},\"sameAs\":[\"https:\/\/www.instagram.com\/design_award\/\"]}]}<\/script>\n<!-- \/ Yoast SEO plugin. -->","yoast_head_json":{"title":"Produktov\u00fd design - Sedadlo Cube\u00b2 - design-award.cz","robots":{"index":"index","follow":"follow","max-snippet":"max-snippet:-1","max-image-preview":"max-image-preview:large","max-video-preview":"max-video-preview:-1"},"canonical":"https:\/\/www.design-award.cz\/?portfolio=produktovy-design-sedadlo-cube\u00b2","og_locale":"cs_CZ","og_type":"article","og_title":"Produktov\u00fd design - Sedadlo Cube\u00b2 - design-award.cz","og_description":"Jana Krchovov\u00e1 St\u0159edn\u00ed \u0161kola designu interi\u00e9ru Kate\u0159inky Cube\u00b2 &#8211; origin\u00e1ln\u00ed sedadlo, kter\u00e9 je sv\u00fdm sympatick\u00fdm a p\u0159\u00edrodn\u00edm vzhledem vhodn\u00e9 pro vnesen\u00ed jednoduchosti i \u017eivosti do vnit\u0159n\u00edch \u010di venkovn\u00edch ve\u0159ejn\u00fdch prostor. Sedac\u00ed prvky ve tvaru krychle tvo\u0159\u00ed truhl\u00e1\u0159sk\u00e9 p\u0159ekli\u017eky, opat\u0159en\u00e9 sv\u011btl\u00fdm \u010daloun\u011bn\u00edm.Do st\u0159edov\u00e9ho prvku, kter\u00fd je t\u00e9\u017e z p\u0159ekli\u017eek, je upevn\u011bn kv\u011btin\u00e1\u010d dopln\u011bn\u00fd kv\u011btinou, kter\u00e1 je [&hellip;]","og_url":"https:\/\/www.design-award.cz\/?portfolio=produktovy-design-sedadlo-cube\u00b2","og_site_name":"design-award.cz","article_modified_time":"2022-04-30T15:09:34+00:00","og_image":[{"width":1920,"height":1344,"url":"http:\/\/www.design-award.cz\/wp-content\/uploads\/2022\/04\/MicrosoftTeams-image.jpg","type":"image\/jpeg"}],"twitter_card":"summary_large_image","twitter_misc":{"Odhadovan\u00e1 doba \u010dten\u00ed":"2 minuty"},"schema":{"@context":"https:\/\/schema.org","@graph":[{"@type":"WebPage","@id":"https:\/\/www.design-award.cz\/?portfolio=produktovy-design-sedadlo-cube%c2%b2","url":"https:\/\/www.design-award.cz\/?portfolio=produktovy-design-sedadlo-cube%c2%b2","name":"Produktov\u00fd design - Sedadlo Cube\u00b2 - design-award.cz","isPartOf":{"@id":"https:\/\/www.design-award.cz\/#website"},"primaryImageOfPage":{"@id":"https:\/\/www.design-award.cz\/?portfolio=produktovy-design-sedadlo-cube%c2%b2#primaryimage"},"image":{"@id":"https:\/\/www.design-award.cz\/?portfolio=produktovy-design-sedadlo-cube%c2%b2#primaryimage"},"thumbnailUrl":"https:\/\/www.design-award.cz\/wp-content\/uploads\/2022\/04\/MicrosoftTeams-image.jpg","datePublished":"2022-04-30T15:07:41+00:00","dateModified":"2022-04-30T15:09:34+00:00","breadcrumb":{"@id":"https:\/\/www.design-award.cz\/?portfolio=produktovy-design-sedadlo-cube%c2%b2#breadcrumb"},"inLanguage":"cs","potentialAction":[{"@type":"ReadAction","target":["https:\/\/www.design-award.cz\/?portfolio=produktovy-design-sedadlo-cube%c2%b2"]}]},{"@type":"ImageObject","inLanguage":"cs","@id":"https:\/\/www.design-award.cz\/?portfolio=produktovy-design-sedadlo-cube%c2%b2#primaryimage","url":"https:\/\/www.design-award.cz\/wp-content\/uploads\/2022\/04\/MicrosoftTeams-image.jpg","contentUrl":"https:\/\/www.design-award.cz\/wp-content\/uploads\/2022\/04\/MicrosoftTeams-image.jpg","width":1920,"height":1344},{"@type":"BreadcrumbList","@id":"https:\/\/www.design-award.cz\/?portfolio=produktovy-design-sedadlo-cube%c2%b2#breadcrumb","itemListElement":[{"@type":"ListItem","position":1,"name":"Dom\u016f","item":"https:\/\/www.design-award.cz\/"},{"@type":"ListItem","position":2,"name":"Portfolio Items","item":"https:\/\/www.design-award.cz\/?post_type=portfolio"},{"@type":"ListItem","position":3,"name":"Produktov\u00fd design &#8211; Sedadlo Cube\u00b2"}]},{"@type":"WebSite","@id":"https:\/\/www.design-award.cz\/#website","url":"https:\/\/www.design-award.cz\/","name":"design-award.cz","description":"WARD vznikla v roce 2022. Je ur\u010dena p\u0159edev\u0161\u00edm student\u016fm st\u0159edn\u00edch um\u011bleck\u00fdch \u0161kol (S\u0160 a VO\u0160), kte\u0159\u00ed mohou bezplatn\u011b zaslat sv\u00e9 n\u00e1vrhy v uveden\u00fdch kategori\u00ed a tak pom\u011b\u0159it sv\u00e9 n\u00e1pady s konkurenc\u00ed sv\u00fdch vrstevn\u00edk\u016f. N\u00e1vrhy jsou n\u00e1sledn\u011b posouzeny nez\u00e1vislou porotou z \u0159ad v\u00fdtvarn\u00edk\u016f, pedagog\u016f a profesion\u00e1l\u016f z oboru.","publisher":{"@id":"https:\/\/www.design-award.cz\/#organization"},"potentialAction":[{"@type":"SearchAction","target":{"@type":"EntryPoint","urlTemplate":"https:\/\/www.design-award.cz\/?s={search_term_string}"},"query-input":{"@type":"PropertyValueSpecification","valueRequired":true,"valueName":"search_term_string"}}],"inLanguage":"cs"},{"@type":"Organization","@id":"https:\/\/www.design-award.cz\/#organization","name":"Design Award","url":"https:\/\/www.design-award.cz\/","logo":{"@type":"ImageObject","inLanguage":"cs","@id":"https:\/\/www.design-award.cz\/#\/schema\/logo\/image\/","url":"http:\/\/www.design-award.cz\/wp-content\/uploads\/2021\/12\/hornilogo_design-award.png","contentUrl":"http:\/\/www.design-award.cz\/wp-content\/uploads\/2021\/12\/hornilogo_design-award.png","width":800,"height":600,"caption":"Design Award"},"image":{"@id":"https:\/\/www.design-award.cz\/#\/schema\/logo\/image\/"},"sameAs":["https:\/\/www.instagram.com\/design_award\/"]}]}},"_links":{"self":[{"href":"https:\/\/www.design-award.cz\/index.php?rest_route=\/wp\/v2\/portfolio\/1219","targetHints":{"allow":["GET"]}}],"collection":[{"href":"https:\/\/www.design-award.cz\/index.php?rest_route=\/wp\/v2\/portfolio"}],"about":[{"href":"https:\/\/www.design-award.cz\/index.php?rest_route=\/wp\/v2\/types\/portfolio"}],"author":[{"embeddable":true,"href":"https:\/\/www.design-award.cz\/index.php?rest_route=\/wp\/v2\/users\/1"}],"replies":[{"embeddable":true,"href":"https:\/\/www.design-award.cz\/index.php?rest_route=%2Fwp%2Fv2%2Fcomments&post=1219"}],"version-history":[{"count":1,"href":"https:\/\/www.design-award.cz\/index.php?rest_route=\/wp\/v2\/portfolio\/1219\/revisions"}],"predecessor-version":[{"id":1225,"href":"https:\/\/www.design-award.cz\/index.php?rest_route=\/wp\/v2\/portfolio\/1219\/revisions\/1225"}],"wp:featuredmedia":[{"embeddable":true,"href":"https:\/\/www.design-award.cz\/index.php?rest_route=\/wp\/v2\/media\/1220"}],"wp:attachment":[{"href":"https:\/\/www.design-award.cz\/index.php?rest_route=%2Fwp%2Fv2%2Fmedia&parent=1219"}],"wp:term":[{"taxonomy":"portfolio_category","embeddable":true,"href":"https:\/\/www.design-award.cz\/index.php?rest_route=%2Fwp%2Fv2%2Fportfolio_category&post=1219"},{"taxonomy":"portfolio_tag","embeddable":true,"href":"https:\/\/www.design-award.cz\/index.php?rest_route=%2Fwp%2Fv2%2Fportfolio_tag&post=1219"}],"curies":[{"name":"wp","href":"https:\/\/api.w.org\/{rel}","templated":true}]}}