{"id":1248,"date":"2022-04-30T15:42:29","date_gmt":"2022-04-30T15:42:29","guid":{"rendered":"https:\/\/www.design-award.cz\/?post_type=portfolio&#038;p=1248"},"modified":"2022-04-30T15:42:30","modified_gmt":"2022-04-30T15:42:30","slug":"produktovy-design-sedadlo-collapse","status":"publish","type":"portfolio","link":"https:\/\/www.design-award.cz\/?portfolio=produktovy-design-sedadlo-collapse","title":{"rendered":"Produktov\u00fd design &#8211; Sedadlo Collapse"},"content":{"rendered":"\n<h2 class=\"wp-block-heading\">Kate\u0159ina \u010ce\u0161kov\u00e1<\/h2>\n\n\n\n<p>St\u0159edn\u00ed \u0161kola designu interi\u00e9ru Kate\u0159inky &#8211; Liberec, s.r.o.<\/p>\n\n\n\n<p>P\u0159i sv\u00e9m n\u00e1vrhu jsem se zam\u011b\u0159ila na originalitu, ale z\u00e1rove\u0148 jednoduchou konstrukci &#8211; p\u0159epl\u00e1tov\u00e1n\u00edm. Sedadlu jsem prop\u016fj\u010dila dynamick\u00fd efekt &#8220;p\u00e1du&#8220; \u010d\u00e1sti desek, d\u00edky \u010demu\u017e \u010dlov\u011bka zaujme.<br>Jedn\u00e1 se o jednosed, kter\u00fd m\u00e1 vytvarovanou sedac\u00ed plochu. D\u00edky tomu je velice pohodln\u00e9, i p\u0159esto, \u017ee jsem desky skl\u00e1dala vertik\u00e1ln\u011b vedle sebe.<br>Pou\u017eila jsem b\u0159ezovou p\u0159ekli\u017eku o dvou r\u016fzn\u00fdch tlou\u0161\u0165k\u00e1ch a vytvo\u0159ila vlastn\u011b takovou skl\u00e1da\u010dku. Sv\u011btl\u00e9 pl\u00e1ty jsou vytvo\u0159en\u00e9 z desek tlou\u0161\u0165ky 20 mm. Jsou v nich v\u00fd\u0159ezy pro zasazen\u00ed do spodn\u00edch d\u00edl\u016f. Ty maj\u00ed tlou\u0161\u0165ku 60 mm a t\u00e9\u017e maj\u00ed v\u00fd\u0159ezy, a tak do sebe v\u0161echny \u010d\u00e1sti zapadaj\u00ed jako puzzle. Konstrukce je d\u00edky tomu velice stabiln\u00ed.<br>Spodn\u00ed d\u00edly jsou namo\u0159eny do tmav\u011b hn\u011bd\u00e9 barvy, co\u017e tvo\u0159\u00ed p\u0159\u00edjemn\u00fd kontrast. Maj\u00ed lehce podbrou\u0161enou spodn\u00ed hranu, tud\u00ed\u017e m\u00e1 sedadlo vlastn\u011b \u010dty\u0159i stojny, a tak l\u00e9pe sn\u00e1\u0161\u00ed nerovnosti na zemi. Je ur\u010den\u00e9 do interi\u00e9ru.<br>Ka\u017ed\u00fd rok se vyberou ur\u010dit\u00e9 n\u00e1vrhy a zrealizuj\u00ed se. Potom jsou na r\u016fzn\u00fdch m\u00edstech vystavov\u00e1ny, nap\u0159\u00edklad i na pra\u017esk\u00e9m Designbloku. M\u016fj n\u00e1vrh se do tohoto v\u00fdb\u011bru dostal, a tak moment\u00e1ln\u011b pracujeme na jeho v\u00fdrob\u011b.<\/p>\n\n\n\n<figure class=\"wp-block-image size-large\"><img decoding=\"async\" width=\"1024\" height=\"590\" data-src=\"http:\/\/www.design-award.cz\/wp-content\/uploads\/2022\/04\/collapse-viz2-1024x590.jpg\" alt=\"\" class=\"wp-image-1250 lazyload\" data-srcset=\"https:\/\/www.design-award.cz\/wp-content\/uploads\/2022\/04\/collapse-viz2-1024x590.jpg 1024w, https:\/\/www.design-award.cz\/wp-content\/uploads\/2022\/04\/collapse-viz2-300x173.jpg 300w, https:\/\/www.design-award.cz\/wp-content\/uploads\/2022\/04\/collapse-viz2-768x443.jpg 768w, https:\/\/www.design-award.cz\/wp-content\/uploads\/2022\/04\/collapse-viz2-1536x885.jpg 1536w, https:\/\/www.design-award.cz\/wp-content\/uploads\/2022\/04\/collapse-viz2-500x288.jpg 500w, https:\/\/www.design-award.cz\/wp-content\/uploads\/2022\/04\/collapse-viz2-800x461.jpg 800w, https:\/\/www.design-award.cz\/wp-content\/uploads\/2022\/04\/collapse-viz2-1280x738.jpg 1280w, https:\/\/www.design-award.cz\/wp-content\/uploads\/2022\/04\/collapse-viz2.jpg 1874w\" data-sizes=\"(max-width: 1024px) 100vw, 1024px\" src=\"data:image\/svg+xml;base64,PHN2ZyB3aWR0aD0iMSIgaGVpZ2h0PSIxIiB4bWxucz0iaHR0cDovL3d3dy53My5vcmcvMjAwMC9zdmciPjwvc3ZnPg==\" style=\"--smush-placeholder-width: 1024px; --smush-placeholder-aspect-ratio: 1024\/590;\" \/><\/figure>\n\n\n\n<figure class=\"wp-block-image size-large\"><img decoding=\"async\" width=\"1024\" height=\"575\" data-src=\"http:\/\/www.design-award.cz\/wp-content\/uploads\/2022\/04\/collapse-viz1-1024x575.jpg\" alt=\"\" class=\"wp-image-1249 lazyload\" data-srcset=\"https:\/\/www.design-award.cz\/wp-content\/uploads\/2022\/04\/collapse-viz1-1024x575.jpg 1024w, https:\/\/www.design-award.cz\/wp-content\/uploads\/2022\/04\/collapse-viz1-300x169.jpg 300w, https:\/\/www.design-award.cz\/wp-content\/uploads\/2022\/04\/collapse-viz1-768x432.jpg 768w, https:\/\/www.design-award.cz\/wp-content\/uploads\/2022\/04\/collapse-viz1-1536x863.jpg 1536w, https:\/\/www.design-award.cz\/wp-content\/uploads\/2022\/04\/collapse-viz1-500x281.jpg 500w, https:\/\/www.design-award.cz\/wp-content\/uploads\/2022\/04\/collapse-viz1-800x450.jpg 800w, https:\/\/www.design-award.cz\/wp-content\/uploads\/2022\/04\/collapse-viz1-1280x719.jpg 1280w, https:\/\/www.design-award.cz\/wp-content\/uploads\/2022\/04\/collapse-viz1.jpg 1863w\" data-sizes=\"(max-width: 1024px) 100vw, 1024px\" src=\"data:image\/svg+xml;base64,PHN2ZyB3aWR0aD0iMSIgaGVpZ2h0PSIxIiB4bWxucz0iaHR0cDovL3d3dy53My5vcmcvMjAwMC9zdmciPjwvc3ZnPg==\" style=\"--smush-placeholder-width: 1024px; --smush-placeholder-aspect-ratio: 1024\/575;\" \/><\/figure>\n\n\n\n<figure class=\"wp-block-image size-large\"><img decoding=\"async\" width=\"717\" height=\"1024\" data-src=\"http:\/\/www.design-award.cz\/wp-content\/uploads\/2022\/04\/plakat-collapse-717x1024.jpg\" alt=\"\" class=\"wp-image-1253 lazyload\" data-srcset=\"https:\/\/www.design-award.cz\/wp-content\/uploads\/2022\/04\/plakat-collapse-717x1024.jpg 717w, https:\/\/www.design-award.cz\/wp-content\/uploads\/2022\/04\/plakat-collapse-210x300.jpg 210w, https:\/\/www.design-award.cz\/wp-content\/uploads\/2022\/04\/plakat-collapse-768x1097.jpg 768w, https:\/\/www.design-award.cz\/wp-content\/uploads\/2022\/04\/plakat-collapse-500x714.jpg 500w, https:\/\/www.design-award.cz\/wp-content\/uploads\/2022\/04\/plakat-collapse-800x1143.jpg 800w, https:\/\/www.design-award.cz\/wp-content\/uploads\/2022\/04\/plakat-collapse.jpg 1050w\" data-sizes=\"(max-width: 717px) 100vw, 717px\" src=\"data:image\/svg+xml;base64,PHN2ZyB3aWR0aD0iMSIgaGVpZ2h0PSIxIiB4bWxucz0iaHR0cDovL3d3dy53My5vcmcvMjAwMC9zdmciPjwvc3ZnPg==\" style=\"--smush-placeholder-width: 717px; --smush-placeholder-aspect-ratio: 717\/1024;\" \/><\/figure>\n\n\n\n<figure class=\"wp-block-image size-large\"><img decoding=\"async\" width=\"1024\" height=\"368\" data-src=\"http:\/\/www.design-award.cz\/wp-content\/uploads\/2022\/04\/koty-collapse-1024x368.jpg\" alt=\"\" class=\"wp-image-1252 lazyload\" data-srcset=\"https:\/\/www.design-award.cz\/wp-content\/uploads\/2022\/04\/koty-collapse-1024x368.jpg 1024w, https:\/\/www.design-award.cz\/wp-content\/uploads\/2022\/04\/koty-collapse-300x108.jpg 300w, https:\/\/www.design-award.cz\/wp-content\/uploads\/2022\/04\/koty-collapse-768x276.jpg 768w, https:\/\/www.design-award.cz\/wp-content\/uploads\/2022\/04\/koty-collapse-1536x551.jpg 1536w, https:\/\/www.design-award.cz\/wp-content\/uploads\/2022\/04\/koty-collapse-500x179.jpg 500w, https:\/\/www.design-award.cz\/wp-content\/uploads\/2022\/04\/koty-collapse-800x287.jpg 800w, https:\/\/www.design-award.cz\/wp-content\/uploads\/2022\/04\/koty-collapse-1280x459.jpg 1280w, https:\/\/www.design-award.cz\/wp-content\/uploads\/2022\/04\/koty-collapse-1920x689.jpg 1920w, https:\/\/www.design-award.cz\/wp-content\/uploads\/2022\/04\/koty-collapse.jpg 2048w\" data-sizes=\"(max-width: 1024px) 100vw, 1024px\" src=\"data:image\/svg+xml;base64,PHN2ZyB3aWR0aD0iMSIgaGVpZ2h0PSIxIiB4bWxucz0iaHR0cDovL3d3dy53My5vcmcvMjAwMC9zdmciPjwvc3ZnPg==\" style=\"--smush-placeholder-width: 1024px; --smush-placeholder-aspect-ratio: 1024\/368;\" \/><\/figure>\n\n\n<div class=\"wp-block-visual-portfolio\">\n<div class=\"vp-portfolio vp-uid-2ece4a06 vp-id-607\"\n\tdata-vp-layout=\"slider\" data-vp-content-source=\"post-based\" data-vp-items-style=\"fade\" data-vp-items-click-action=\"url\" data-vp-items-gap=\"12\" data-vp-items-gap-vertical=\"\" data-vp-pagination=\"load-more\" data-vp-next-page-url=\"https:\/\/www.design-award.cz\/index.php?rest_route=%2Fwp%2Fv2%2Fportfolio%2F1248&#038;vp_page=2\" data-vp-random-seed=\"809976371\" data-vp-slider-effect=\"slide\" data-vp-slider-items-height=\"80%\" data-vp-slider-items-min-height=\"\" data-vp-slider-slides-per-view=\"3\" data-vp-slider-speed=\"0.3\" data-vp-slider-autoplay=\"4.8\" data-vp-slider-autoplay-hover-pause=\"false\" data-vp-slider-centered-slides=\"true\" data-vp-slider-loop=\"true\" data-vp-slider-free-mode=\"false\" data-vp-slider-free-mode-sticky=\"false\" data-vp-slider-arrows=\"true\" data-vp-slider-bullets=\"false\" data-vp-slider-bullets-dynamic=\"false\" data-vp-slider-mousewheel=\"false\" data-vp-slider-thumbnails=\"false\" >\n\t<div class=\"vp-portfolio__preloader-wrap\">\n\t\t<div class=\"vp-portfolio__preloader\">\n\t\t\t<img decoding=\"async\" loading=\"eager\" src=\"https:\/\/www.design-award.cz\/wp-content\/plugins\/visual-portfolio\/assets\/images\/logo-dark.svg\" alt=\"Visual Portfolio, Posts &amp; Image Gallery for WordPress\" width=\"20\" height=\"20\" data-skip-lazy>\n\t\t<\/div>\n\t<\/div>\n\t\t<div class=\"vp-portfolio__items-wrap\">\n\t\t\t\n<div class=\"vp-portfolio__items vp-portfolio__items-style-fade vp-portfolio__items-show-overlay-hover\">\n\n\t\t<article\t\tclass=\"vp-portfolio__item-wrap post-5675 portfolio type-portfolio status-publish format-standard has-post-thumbnail hentry entry has-media vp-portfolio__item-uid-4aa4fe1e\" data-vp-filter=\"\" \t\t>\n\t\t\t\t\t\t\t\t\t<figure class=\"vp-portfolio__item\">\n\t\t\t\t\n<div class=\"vp-portfolio__item-img-wrap\">\n\t<div class=\"vp-portfolio__item-img\">\n\t\t\t<a\n\t\thref=\"https:\/\/www.design-award.cz\/?portfolio=interierovy-design-navrh-horskeho-rodinneho-apartmanu\"\n\t\t\t>\n\t\n\t\t<noscript><img decoding=\"async\" width=\"1181\" height=\"664\" data-skip-lazy src=\"https:\/\/www.design-award.cz\/wp-content\/uploads\/2025\/07\/render-1-plakt-kopie.jpg\" class=\"wp-image-5685\" alt=\"\" srcset=\"https:\/\/www.design-award.cz\/wp-content\/uploads\/2025\/07\/render-1-plakt-kopie.jpg 1181w, https:\/\/www.design-award.cz\/wp-content\/uploads\/2025\/07\/render-1-plakt-kopie-300x169.jpg 300w, https:\/\/www.design-award.cz\/wp-content\/uploads\/2025\/07\/render-1-plakt-kopie-1024x576.jpg 1024w, https:\/\/www.design-award.cz\/wp-content\/uploads\/2025\/07\/render-1-plakt-kopie-768x432.jpg 768w, https:\/\/www.design-award.cz\/wp-content\/uploads\/2025\/07\/render-1-plakt-kopie-800x450.jpg 800w, https:\/\/www.design-award.cz\/wp-content\/uploads\/2025\/07\/render-1-plakt-kopie-500x281.jpg 500w\" sizes=\"(max-width: 1181px) 100vw, 1181px\" \/><\/noscript><img fetchpriority=\"high\" decoding=\"async\" width=\"1181\" height=\"664\" src=\"https:\/\/www.design-award.cz\/wp-content\/uploads\/2025\/07\/render-1-plakt-kopie.jpg\" class=\"wp-image-5685 vp-lazyload\" alt srcset=\"data:image\/svg+xml;base64,PHN2ZyB3aWR0aD0iMTE4MSIgaGVpZ2h0PSI2NjQiIHZpZXdCb3g9IjAgMCAxMTgxIDY2NCIgZmlsbD0ibm9uZSIgeG1sbnM9Imh0dHA6Ly93d3cudzMub3JnLzIwMDAvc3ZnIj48L3N2Zz4=\" data-src=\"https:\/\/www.design-award.cz\/wp-content\/uploads\/2025\/07\/render-1-plakt-kopie.jpg\" data-srcset=\"https:\/\/www.design-award.cz\/wp-content\/uploads\/2025\/07\/render-1-plakt-kopie.jpg 1181w, https:\/\/www.design-award.cz\/wp-content\/uploads\/2025\/07\/render-1-plakt-kopie-300x169.jpg 300w, https:\/\/www.design-award.cz\/wp-content\/uploads\/2025\/07\/render-1-plakt-kopie-1024x576.jpg 1024w, https:\/\/www.design-award.cz\/wp-content\/uploads\/2025\/07\/render-1-plakt-kopie-768x432.jpg 768w, https:\/\/www.design-award.cz\/wp-content\/uploads\/2025\/07\/render-1-plakt-kopie-800x450.jpg 800w, https:\/\/www.design-award.cz\/wp-content\/uploads\/2025\/07\/render-1-plakt-kopie-500x281.jpg 500w\" data-sizes=\"auto\" loading=\"eager\">\n\t\t<\/a>\t<\/div>\n<\/div>\n\t<figcaption class=\"vp-portfolio__item-overlay vp-portfolio__item-overlay-text-align-center\">\n\t\t<div class=\"vp-portfolio__item-meta-wrap vp-portfolio__custom-scrollbar\">\n\t\t\t\t<a\n\t\thref=\"https:\/\/www.design-award.cz\/?portfolio=interierovy-design-navrh-horskeho-rodinneho-apartmanu\"\n\t\ttabindex=\"-1\" class=\"vp-portfolio__item-meta\" \t>\n\t\n<h2 class=\"vp-portfolio__item-meta-title\">\n\tInteri\u00e9rov\u00fd design &#8211; N\u00c1VRH HORSK\u00c9HO RODINN\u00c9HO APARTM\u00c1NU<\/h2>\n<\/a>\t\t<\/div>\n\t<\/figcaption>\n\t\t\t<\/figure>\n\t\t\t\t\t<\/article>\n\t\t\n\t\t<article\t\tclass=\"vp-portfolio__item-wrap post-1969 portfolio type-portfolio status-publish format-standard has-post-thumbnail hentry portfolio_category-soutezici-2023 entry has-media vp-portfolio__item-uid-de37531e\" data-vp-filter=\"soutezici-2023\" \t\t>\n\t\t\t\t\t\t\t\t\t<figure class=\"vp-portfolio__item\">\n\t\t\t\t\n<div class=\"vp-portfolio__item-img-wrap\">\n\t<div class=\"vp-portfolio__item-img\">\n\t\t\t<a\n\t\thref=\"https:\/\/www.design-award.cz\/?portfolio=produktovy-design-recyklace-druha-sance\"\n\t\t\t>\n\t\n\t\t<noscript><img decoding=\"async\" width=\"1598\" height=\"1080\" data-skip-lazy src=\"https:\/\/www.design-award.cz\/wp-content\/uploads\/2023\/04\/akusticky-obraz_detail.png\" class=\"wp-image-1970\" alt=\"\" srcset=\"https:\/\/www.design-award.cz\/wp-content\/uploads\/2023\/04\/akusticky-obraz_detail.png 1598w, https:\/\/www.design-award.cz\/wp-content\/uploads\/2023\/04\/akusticky-obraz_detail-300x203.png 300w, https:\/\/www.design-award.cz\/wp-content\/uploads\/2023\/04\/akusticky-obraz_detail-1024x692.png 1024w, https:\/\/www.design-award.cz\/wp-content\/uploads\/2023\/04\/akusticky-obraz_detail-768x519.png 768w, https:\/\/www.design-award.cz\/wp-content\/uploads\/2023\/04\/akusticky-obraz_detail-1536x1038.png 1536w, https:\/\/www.design-award.cz\/wp-content\/uploads\/2023\/04\/akusticky-obraz_detail-500x338.png 500w, https:\/\/www.design-award.cz\/wp-content\/uploads\/2023\/04\/akusticky-obraz_detail-800x541.png 800w, https:\/\/www.design-award.cz\/wp-content\/uploads\/2023\/04\/akusticky-obraz_detail-1280x865.png 1280w\" sizes=\"(max-width: 1598px) 100vw, 1598px\" \/><\/noscript><img decoding=\"async\" width=\"1598\" height=\"1080\" src=\"https:\/\/www.design-award.cz\/wp-content\/uploads\/2023\/04\/akusticky-obraz_detail.png\" class=\"wp-image-1970 vp-lazyload\" alt srcset=\"data:image\/svg+xml;base64,PHN2ZyB3aWR0aD0iMTU5OCIgaGVpZ2h0PSIxMDgwIiB2aWV3Qm94PSIwIDAgMTU5OCAxMDgwIiBmaWxsPSJub25lIiB4bWxucz0iaHR0cDovL3d3dy53My5vcmcvMjAwMC9zdmciPjwvc3ZnPg==\" data-src=\"https:\/\/www.design-award.cz\/wp-content\/uploads\/2023\/04\/akusticky-obraz_detail.png\" data-srcset=\"https:\/\/www.design-award.cz\/wp-content\/uploads\/2023\/04\/akusticky-obraz_detail.png 1598w, https:\/\/www.design-award.cz\/wp-content\/uploads\/2023\/04\/akusticky-obraz_detail-300x203.png 300w, https:\/\/www.design-award.cz\/wp-content\/uploads\/2023\/04\/akusticky-obraz_detail-1024x692.png 1024w, https:\/\/www.design-award.cz\/wp-content\/uploads\/2023\/04\/akusticky-obraz_detail-768x519.png 768w, https:\/\/www.design-award.cz\/wp-content\/uploads\/2023\/04\/akusticky-obraz_detail-1536x1038.png 1536w, https:\/\/www.design-award.cz\/wp-content\/uploads\/2023\/04\/akusticky-obraz_detail-500x338.png 500w, https:\/\/www.design-award.cz\/wp-content\/uploads\/2023\/04\/akusticky-obraz_detail-800x541.png 800w, https:\/\/www.design-award.cz\/wp-content\/uploads\/2023\/04\/akusticky-obraz_detail-1280x865.png 1280w\" data-sizes=\"auto\" loading=\"eager\">\n\t\t<\/a>\t<\/div>\n<\/div>\n\t<figcaption class=\"vp-portfolio__item-overlay vp-portfolio__item-overlay-text-align-center\">\n\t\t<div class=\"vp-portfolio__item-meta-wrap vp-portfolio__custom-scrollbar\">\n\t\t\t\t<a\n\t\thref=\"https:\/\/www.design-award.cz\/?portfolio=produktovy-design-recyklace-druha-sance\"\n\t\ttabindex=\"-1\" class=\"vp-portfolio__item-meta\" \t>\n\t\n<div class=\"vp-portfolio__item-meta-categories\">\n\t\t\t<div class=\"vp-portfolio__item-meta-category\">\n\t\t\t\t<span\t\t\t>\n\tSOUT\u011a\u017d\u00cdC\u00cd 2023<\/span>\t\t<\/div>\n\t\t<\/div>\n\n<h2 class=\"vp-portfolio__item-meta-title\">\n\tProduktov\u00fd design &#8211; Recyklace druh\u00e1 \u0161ance<\/h2>\n<\/a>\t\t<\/div>\n\t<\/figcaption>\n\t\t\t<\/figure>\n\t\t\t\t\t<\/article>\n\t\t\n\t\t<article\t\tclass=\"vp-portfolio__item-wrap post-1396 portfolio type-portfolio status-publish format-standard has-post-thumbnail hentry portfolio_category-https-www-design-award-cz-page_id1603 portfolio_tag-9 entry has-media vp-portfolio__item-uid-c487d796\" data-vp-filter=\"https-www-design-award-cz-page_id1603\" \t\t>\n\t\t\t\t\t\t\t\t\t<figure class=\"vp-portfolio__item\">\n\t\t\t\t\n<div class=\"vp-portfolio__item-img-wrap\">\n\t<div class=\"vp-portfolio__item-img\">\n\t\t\t<a\n\t\thref=\"https:\/\/www.design-award.cz\/?portfolio=produktovy-design-lines\"\n\t\t\t>\n\t\n\t\t<noscript><img decoding=\"async\" width=\"1920\" height=\"1080\" data-skip-lazy src=\"https:\/\/www.design-award.cz\/wp-content\/uploads\/2022\/04\/Blender-2.jpg\" class=\"wp-image-1399\" alt=\"\" srcset=\"https:\/\/www.design-award.cz\/wp-content\/uploads\/2022\/04\/Blender-2.jpg 1920w, https:\/\/www.design-award.cz\/wp-content\/uploads\/2022\/04\/Blender-2-300x169.jpg 300w, https:\/\/www.design-award.cz\/wp-content\/uploads\/2022\/04\/Blender-2-1024x576.jpg 1024w, https:\/\/www.design-award.cz\/wp-content\/uploads\/2022\/04\/Blender-2-768x432.jpg 768w, https:\/\/www.design-award.cz\/wp-content\/uploads\/2022\/04\/Blender-2-1536x864.jpg 1536w, https:\/\/www.design-award.cz\/wp-content\/uploads\/2022\/04\/Blender-2-500x281.jpg 500w, https:\/\/www.design-award.cz\/wp-content\/uploads\/2022\/04\/Blender-2-800x450.jpg 800w, https:\/\/www.design-award.cz\/wp-content\/uploads\/2022\/04\/Blender-2-1280x720.jpg 1280w\" sizes=\"(max-width: 1920px) 100vw, 1920px\" \/><\/noscript><img decoding=\"async\" width=\"1920\" height=\"1080\" src=\"https:\/\/www.design-award.cz\/wp-content\/uploads\/2022\/04\/Blender-2.jpg\" class=\"wp-image-1399 vp-lazyload\" alt srcset=\"data:image\/svg+xml;base64,PHN2ZyB3aWR0aD0iMTkyMCIgaGVpZ2h0PSIxMDgwIiB2aWV3Qm94PSIwIDAgMTkyMCAxMDgwIiBmaWxsPSJub25lIiB4bWxucz0iaHR0cDovL3d3dy53My5vcmcvMjAwMC9zdmciPjwvc3ZnPg==\" data-src=\"https:\/\/www.design-award.cz\/wp-content\/uploads\/2022\/04\/Blender-2.jpg\" data-srcset=\"https:\/\/www.design-award.cz\/wp-content\/uploads\/2022\/04\/Blender-2.jpg 1920w, https:\/\/www.design-award.cz\/wp-content\/uploads\/2022\/04\/Blender-2-300x169.jpg 300w, https:\/\/www.design-award.cz\/wp-content\/uploads\/2022\/04\/Blender-2-1024x576.jpg 1024w, https:\/\/www.design-award.cz\/wp-content\/uploads\/2022\/04\/Blender-2-768x432.jpg 768w, https:\/\/www.design-award.cz\/wp-content\/uploads\/2022\/04\/Blender-2-1536x864.jpg 1536w, https:\/\/www.design-award.cz\/wp-content\/uploads\/2022\/04\/Blender-2-500x281.jpg 500w, https:\/\/www.design-award.cz\/wp-content\/uploads\/2022\/04\/Blender-2-800x450.jpg 800w, https:\/\/www.design-award.cz\/wp-content\/uploads\/2022\/04\/Blender-2-1280x720.jpg 1280w\" data-sizes=\"auto\" loading=\"eager\">\n\t\t<\/a>\t<\/div>\n<\/div>\n\t<figcaption class=\"vp-portfolio__item-overlay vp-portfolio__item-overlay-text-align-center\">\n\t\t<div class=\"vp-portfolio__item-meta-wrap vp-portfolio__custom-scrollbar\">\n\t\t\t\t<a\n\t\thref=\"https:\/\/www.design-award.cz\/?portfolio=produktovy-design-lines\"\n\t\ttabindex=\"-1\" class=\"vp-portfolio__item-meta\" \t>\n\t\n<div class=\"vp-portfolio__item-meta-categories\">\n\t\t\t<div class=\"vp-portfolio__item-meta-category\">\n\t\t\t\t<span\t\t\t>\n\tArchiv 2022<\/span>\t\t<\/div>\n\t\t<\/div>\n\n<h2 class=\"vp-portfolio__item-meta-title\">\n\tProduktov\u00fd design &#8211; LINES<\/h2>\n<\/a>\t\t<\/div>\n\t<\/figcaption>\n\t\t\t<\/figure>\n\t\t\t\t\t<\/article>\n\t\t\n\t\t<article\t\tclass=\"vp-portfolio__item-wrap post-2512 portfolio type-portfolio status-publish format-standard has-post-thumbnail hentry portfolio_category-soutezici-2023 entry has-media vp-portfolio__item-uid-1d0b4adb\" data-vp-filter=\"soutezici-2023\" \t\t>\n\t\t\t\t\t\t\t\t\t<figure class=\"vp-portfolio__item\">\n\t\t\t\t\n<div class=\"vp-portfolio__item-img-wrap\">\n\t<div class=\"vp-portfolio__item-img\">\n\t\t\t<a\n\t\thref=\"https:\/\/www.design-award.cz\/?portfolio=produktovy-design-kos-na-papir-cabinet\"\n\t\t\t>\n\t\n\t\t<noscript><img decoding=\"async\" width=\"1920\" height=\"2566\" data-skip-lazy src=\"https:\/\/www.design-award.cz\/wp-content\/uploads\/2023\/04\/Foto4-Kos-1920x2566.jpg\" class=\"wp-image-2513\" alt=\"\" srcset=\"https:\/\/www.design-award.cz\/wp-content\/uploads\/2023\/04\/Foto4-Kos-1920x2566.jpg 1920w, https:\/\/www.design-award.cz\/wp-content\/uploads\/2023\/04\/Foto4-Kos-224x300.jpg 224w, https:\/\/www.design-award.cz\/wp-content\/uploads\/2023\/04\/Foto4-Kos-766x1024.jpg 766w, https:\/\/www.design-award.cz\/wp-content\/uploads\/2023\/04\/Foto4-Kos-768x1026.jpg 768w, https:\/\/www.design-award.cz\/wp-content\/uploads\/2023\/04\/Foto4-Kos-1149x1536.jpg 1149w, https:\/\/www.design-award.cz\/wp-content\/uploads\/2023\/04\/Foto4-Kos-1532x2048.jpg 1532w, https:\/\/www.design-award.cz\/wp-content\/uploads\/2023\/04\/Foto4-Kos-500x668.jpg 500w, https:\/\/www.design-award.cz\/wp-content\/uploads\/2023\/04\/Foto4-Kos-800x1069.jpg 800w, https:\/\/www.design-award.cz\/wp-content\/uploads\/2023\/04\/Foto4-Kos-1280x1711.jpg 1280w, https:\/\/www.design-award.cz\/wp-content\/uploads\/2023\/04\/Foto4-Kos-scaled.jpg 1915w\" sizes=\"(max-width: 1920px) 100vw, 1920px\" \/><\/noscript><img decoding=\"async\" width=\"1920\" height=\"2566\" src=\"https:\/\/www.design-award.cz\/wp-content\/uploads\/2023\/04\/Foto4-Kos-1920x2566.jpg\" class=\"wp-image-2513 vp-lazyload\" alt srcset=\"data:image\/svg+xml;base64,PHN2ZyB3aWR0aD0iMTkyMCIgaGVpZ2h0PSIyNTY2IiB2aWV3Qm94PSIwIDAgMTkyMCAyNTY2IiBmaWxsPSJub25lIiB4bWxucz0iaHR0cDovL3d3dy53My5vcmcvMjAwMC9zdmciPjwvc3ZnPg==\" data-src=\"https:\/\/www.design-award.cz\/wp-content\/uploads\/2023\/04\/Foto4-Kos-1920x2566.jpg\" data-srcset=\"https:\/\/www.design-award.cz\/wp-content\/uploads\/2023\/04\/Foto4-Kos-1920x2566.jpg 1920w, https:\/\/www.design-award.cz\/wp-content\/uploads\/2023\/04\/Foto4-Kos-224x300.jpg 224w, https:\/\/www.design-award.cz\/wp-content\/uploads\/2023\/04\/Foto4-Kos-766x1024.jpg 766w, https:\/\/www.design-award.cz\/wp-content\/uploads\/2023\/04\/Foto4-Kos-768x1026.jpg 768w, https:\/\/www.design-award.cz\/wp-content\/uploads\/2023\/04\/Foto4-Kos-1149x1536.jpg 1149w, https:\/\/www.design-award.cz\/wp-content\/uploads\/2023\/04\/Foto4-Kos-1532x2048.jpg 1532w, https:\/\/www.design-award.cz\/wp-content\/uploads\/2023\/04\/Foto4-Kos-500x668.jpg 500w, https:\/\/www.design-award.cz\/wp-content\/uploads\/2023\/04\/Foto4-Kos-800x1069.jpg 800w, https:\/\/www.design-award.cz\/wp-content\/uploads\/2023\/04\/Foto4-Kos-1280x1711.jpg 1280w, https:\/\/www.design-award.cz\/wp-content\/uploads\/2023\/04\/Foto4-Kos-scaled.jpg 1915w\" data-sizes=\"auto\" loading=\"eager\">\n\t\t<\/a>\t<\/div>\n<\/div>\n\t<figcaption class=\"vp-portfolio__item-overlay vp-portfolio__item-overlay-text-align-center\">\n\t\t<div class=\"vp-portfolio__item-meta-wrap vp-portfolio__custom-scrollbar\">\n\t\t\t\t<a\n\t\thref=\"https:\/\/www.design-award.cz\/?portfolio=produktovy-design-kos-na-papir-cabinet\"\n\t\ttabindex=\"-1\" class=\"vp-portfolio__item-meta\" \t>\n\t\n<div class=\"vp-portfolio__item-meta-categories\">\n\t\t\t<div class=\"vp-portfolio__item-meta-category\">\n\t\t\t\t<span\t\t\t>\n\tSOUT\u011a\u017d\u00cdC\u00cd 2023<\/span>\t\t<\/div>\n\t\t<\/div>\n\n<h2 class=\"vp-portfolio__item-meta-title\">\n\tProduktov\u00fd design &#8211; Ko\u0161 na pap\u00edr &#8211; CABINET<\/h2>\n<\/a>\t\t<\/div>\n\t<\/figcaption>\n\t\t\t<\/figure>\n\t\t\t\t\t<\/article>\n\t\t\n\t\t<article\t\tclass=\"vp-portfolio__item-wrap post-1738 portfolio type-portfolio status-publish format-standard has-post-thumbnail hentry portfolio_category-soutezici-2023 entry has-media vp-portfolio__item-uid-ded9bac7\" data-vp-filter=\"soutezici-2023\" \t\t>\n\t\t\t\t\t\t\t\t\t<figure class=\"vp-portfolio__item\">\n\t\t\t\t\n<div class=\"vp-portfolio__item-img-wrap\">\n\t<div class=\"vp-portfolio__item-img\">\n\t\t\t<a\n\t\thref=\"https:\/\/www.design-award.cz\/?portfolio=produktovy-design-hydroponicka-zahrada-fiore\"\n\t\t\t>\n\t\n\t\t<noscript><img decoding=\"async\" width=\"1920\" height=\"2715\" data-skip-lazy src=\"https:\/\/www.design-award.cz\/wp-content\/uploads\/2023\/03\/fiore_zahrada.jpg\" class=\"wp-image-1739\" alt=\"\" \/><\/noscript><img decoding=\"async\" width=\"1920\" height=\"2715\" src=\"data:image\/svg+xml;base64,PHN2ZyB3aWR0aD0iMTkyMCIgaGVpZ2h0PSIyNzE1IiB2aWV3Qm94PSIwIDAgMTkyMCAyNzE1IiBmaWxsPSJub25lIiB4bWxucz0iaHR0cDovL3d3dy53My5vcmcvMjAwMC9zdmciPjwvc3ZnPg==\" class=\"wp-image-1739 vp-lazyload\" alt data-src=\"https:\/\/www.design-award.cz\/wp-content\/uploads\/2023\/03\/fiore_zahrada.jpg\" data-sizes=\"auto\" loading=\"eager\">\n\t\t<\/a>\t<\/div>\n<\/div>\n\t<figcaption class=\"vp-portfolio__item-overlay vp-portfolio__item-overlay-text-align-center\">\n\t\t<div class=\"vp-portfolio__item-meta-wrap vp-portfolio__custom-scrollbar\">\n\t\t\t\t<a\n\t\thref=\"https:\/\/www.design-award.cz\/?portfolio=produktovy-design-hydroponicka-zahrada-fiore\"\n\t\ttabindex=\"-1\" class=\"vp-portfolio__item-meta\" \t>\n\t\n<div class=\"vp-portfolio__item-meta-categories\">\n\t\t\t<div class=\"vp-portfolio__item-meta-category\">\n\t\t\t\t<span\t\t\t>\n\tSOUT\u011a\u017d\u00cdC\u00cd 2023<\/span>\t\t<\/div>\n\t\t<\/div>\n\n<h2 class=\"vp-portfolio__item-meta-title\">\n\tProduktov\u00fd design &#8211; Hydroponick\u00e1 zahrada \u2013 Fiore<\/h2>\n<\/a>\t\t<\/div>\n\t<\/figcaption>\n\t\t\t<\/figure>\n\t\t\t\t\t<\/article>\n\t\t\n\t\t<article\t\tclass=\"vp-portfolio__item-wrap post-851 portfolio type-portfolio status-publish format-standard has-post-thumbnail hentry entry has-media vp-portfolio__item-uid-bea74ad2\" data-vp-filter=\"\" \t\t>\n\t\t\t\t\t\t\t\t\t<figure class=\"vp-portfolio__item\">\n\t\t\t\t\n<div class=\"vp-portfolio__item-img-wrap\">\n\t<div class=\"vp-portfolio__item-img\">\n\t\t\t<a\n\t\thref=\"https:\/\/www.design-award.cz\/?portfolio=soukromy-interier-navrh-rodinneho-domu\"\n\t\t\t>\n\t\n\t\t<noscript><img decoding=\"async\" width=\"1134\" height=\"638\" data-skip-lazy src=\"https:\/\/www.design-award.cz\/wp-content\/uploads\/2022\/05\/Loznice_Ngyen-Hieu_low.jpg\" class=\"wp-image-1518\" alt=\"\" srcset=\"https:\/\/www.design-award.cz\/wp-content\/uploads\/2022\/05\/Loznice_Ngyen-Hieu_low.jpg 1134w, https:\/\/www.design-award.cz\/wp-content\/uploads\/2022\/05\/Loznice_Ngyen-Hieu_low-300x169.jpg 300w, https:\/\/www.design-award.cz\/wp-content\/uploads\/2022\/05\/Loznice_Ngyen-Hieu_low-1024x576.jpg 1024w, https:\/\/www.design-award.cz\/wp-content\/uploads\/2022\/05\/Loznice_Ngyen-Hieu_low-768x432.jpg 768w, https:\/\/www.design-award.cz\/wp-content\/uploads\/2022\/05\/Loznice_Ngyen-Hieu_low-500x281.jpg 500w, https:\/\/www.design-award.cz\/wp-content\/uploads\/2022\/05\/Loznice_Ngyen-Hieu_low-800x450.jpg 800w\" sizes=\"(max-width: 1134px) 100vw, 1134px\" \/><\/noscript><img decoding=\"async\" width=\"1134\" height=\"638\" src=\"https:\/\/www.design-award.cz\/wp-content\/uploads\/2022\/05\/Loznice_Ngyen-Hieu_low.jpg\" class=\"wp-image-1518 vp-lazyload\" alt srcset=\"data:image\/svg+xml;base64,PHN2ZyB3aWR0aD0iMTEzNCIgaGVpZ2h0PSI2MzgiIHZpZXdCb3g9IjAgMCAxMTM0IDYzOCIgZmlsbD0ibm9uZSIgeG1sbnM9Imh0dHA6Ly93d3cudzMub3JnLzIwMDAvc3ZnIj48L3N2Zz4=\" data-src=\"https:\/\/www.design-award.cz\/wp-content\/uploads\/2022\/05\/Loznice_Ngyen-Hieu_low.jpg\" data-srcset=\"https:\/\/www.design-award.cz\/wp-content\/uploads\/2022\/05\/Loznice_Ngyen-Hieu_low.jpg 1134w, https:\/\/www.design-award.cz\/wp-content\/uploads\/2022\/05\/Loznice_Ngyen-Hieu_low-300x169.jpg 300w, https:\/\/www.design-award.cz\/wp-content\/uploads\/2022\/05\/Loznice_Ngyen-Hieu_low-1024x576.jpg 1024w, https:\/\/www.design-award.cz\/wp-content\/uploads\/2022\/05\/Loznice_Ngyen-Hieu_low-768x432.jpg 768w, https:\/\/www.design-award.cz\/wp-content\/uploads\/2022\/05\/Loznice_Ngyen-Hieu_low-500x281.jpg 500w, https:\/\/www.design-award.cz\/wp-content\/uploads\/2022\/05\/Loznice_Ngyen-Hieu_low-800x450.jpg 800w\" data-sizes=\"auto\" loading=\"eager\">\n\t\t<\/a>\t<\/div>\n<\/div>\n\t<figcaption class=\"vp-portfolio__item-overlay vp-portfolio__item-overlay-text-align-center\">\n\t\t<div class=\"vp-portfolio__item-meta-wrap vp-portfolio__custom-scrollbar\">\n\t\t\t\t<a\n\t\thref=\"https:\/\/www.design-award.cz\/?portfolio=soukromy-interier-navrh-rodinneho-domu\"\n\t\ttabindex=\"-1\" class=\"vp-portfolio__item-meta\" \t>\n\t\n<h2 class=\"vp-portfolio__item-meta-title\">\n\tSoukrom\u00fd interi\u00e9r &#8211; N\u00e1vrh rodinn\u00e9ho domu<\/h2>\n<\/a>\t\t<\/div>\n\t<\/figcaption>\n\t\t\t<\/figure>\n\t\t\t\t\t<\/article>\n\t\t\n\t\t<article\t\tclass=\"vp-portfolio__item-wrap post-3191 portfolio type-portfolio status-publish format-standard has-post-thumbnail hentry entry has-media vp-portfolio__item-uid-f36e5ed0\" data-vp-filter=\"\" \t\t>\n\t\t\t\t\t\t\t\t\t<figure class=\"vp-portfolio__item\">\n\t\t\t\t\n<div class=\"vp-portfolio__item-img-wrap\">\n\t<div class=\"vp-portfolio__item-img\">\n\t\t\t<a\n\t\thref=\"https:\/\/www.design-award.cz\/?portfolio=verejny-interier-bistro-2\"\n\t\t\t>\n\t\n\t\t<noscript><img decoding=\"async\" width=\"1134\" height=\"850\" data-skip-lazy src=\"https:\/\/www.design-award.cz\/wp-content\/uploads\/2024\/04\/render-10k-exterier.png\" class=\"wp-image-3194\" alt=\"\" srcset=\"https:\/\/www.design-award.cz\/wp-content\/uploads\/2024\/04\/render-10k-exterier.png 1134w, https:\/\/www.design-award.cz\/wp-content\/uploads\/2024\/04\/render-10k-exterier-300x225.png 300w, https:\/\/www.design-award.cz\/wp-content\/uploads\/2024\/04\/render-10k-exterier-1024x768.png 1024w, https:\/\/www.design-award.cz\/wp-content\/uploads\/2024\/04\/render-10k-exterier-768x576.png 768w, https:\/\/www.design-award.cz\/wp-content\/uploads\/2024\/04\/render-10k-exterier-500x375.png 500w, https:\/\/www.design-award.cz\/wp-content\/uploads\/2024\/04\/render-10k-exterier-800x600.png 800w\" sizes=\"(max-width: 1134px) 100vw, 1134px\" \/><\/noscript><img decoding=\"async\" width=\"1134\" height=\"850\" src=\"https:\/\/www.design-award.cz\/wp-content\/uploads\/2024\/04\/render-10k-exterier.png\" class=\"wp-image-3194 vp-lazyload\" alt srcset=\"data:image\/svg+xml;base64,PHN2ZyB3aWR0aD0iMTEzNCIgaGVpZ2h0PSI4NTAiIHZpZXdCb3g9IjAgMCAxMTM0IDg1MCIgZmlsbD0ibm9uZSIgeG1sbnM9Imh0dHA6Ly93d3cudzMub3JnLzIwMDAvc3ZnIj48L3N2Zz4=\" data-src=\"https:\/\/www.design-award.cz\/wp-content\/uploads\/2024\/04\/render-10k-exterier.png\" data-srcset=\"https:\/\/www.design-award.cz\/wp-content\/uploads\/2024\/04\/render-10k-exterier.png 1134w, https:\/\/www.design-award.cz\/wp-content\/uploads\/2024\/04\/render-10k-exterier-300x225.png 300w, https:\/\/www.design-award.cz\/wp-content\/uploads\/2024\/04\/render-10k-exterier-1024x768.png 1024w, https:\/\/www.design-award.cz\/wp-content\/uploads\/2024\/04\/render-10k-exterier-768x576.png 768w, https:\/\/www.design-award.cz\/wp-content\/uploads\/2024\/04\/render-10k-exterier-500x375.png 500w, https:\/\/www.design-award.cz\/wp-content\/uploads\/2024\/04\/render-10k-exterier-800x600.png 800w\" data-sizes=\"auto\" loading=\"eager\">\n\t\t<\/a>\t<\/div>\n<\/div>\n\t<figcaption class=\"vp-portfolio__item-overlay vp-portfolio__item-overlay-text-align-center\">\n\t\t<div class=\"vp-portfolio__item-meta-wrap vp-portfolio__custom-scrollbar\">\n\t\t\t\t<a\n\t\thref=\"https:\/\/www.design-award.cz\/?portfolio=verejny-interier-bistro-2\"\n\t\ttabindex=\"-1\" class=\"vp-portfolio__item-meta\" \t>\n\t\n<h2 class=\"vp-portfolio__item-meta-title\">\n\tVe\u0159ejn\u00fd interi\u00e9r &#8211; Bistro<\/h2>\n<\/a>\t\t<\/div>\n\t<\/figcaption>\n\t\t\t<\/figure>\n\t\t\t\t\t<\/article>\n\t\t\n\t\t<article\t\tclass=\"vp-portfolio__item-wrap post-920 portfolio type-portfolio status-publish format-standard has-post-thumbnail hentry entry has-media vp-portfolio__item-uid-872386b4\" data-vp-filter=\"\" \t\t>\n\t\t\t\t\t\t\t\t\t<figure class=\"vp-portfolio__item\">\n\t\t\t\t\n<div class=\"vp-portfolio__item-img-wrap\">\n\t<div class=\"vp-portfolio__item-img\">\n\t\t\t<a\n\t\thref=\"https:\/\/www.design-award.cz\/?portfolio=soukromy-interier-moderni-kuchyne-pro-ctyrclennou-rodinu\"\n\t\t\t>\n\t\n\t\t<noscript><img decoding=\"async\" width=\"1920\" height=\"1080\" data-skip-lazy src=\"https:\/\/www.design-award.cz\/wp-content\/uploads\/2022\/04\/Samostatna-kuchyne-v-RD-Pinkasova-pohled-01-1920x1080.jpg\" class=\"wp-image-921\" alt=\"\" srcset=\"https:\/\/www.design-award.cz\/wp-content\/uploads\/2022\/04\/Samostatna-kuchyne-v-RD-Pinkasova-pohled-01-1920x1080.jpg 1920w, https:\/\/www.design-award.cz\/wp-content\/uploads\/2022\/04\/Samostatna-kuchyne-v-RD-Pinkasova-pohled-01-300x169.jpg 300w, https:\/\/www.design-award.cz\/wp-content\/uploads\/2022\/04\/Samostatna-kuchyne-v-RD-Pinkasova-pohled-01-1024x576.jpg 1024w, https:\/\/www.design-award.cz\/wp-content\/uploads\/2022\/04\/Samostatna-kuchyne-v-RD-Pinkasova-pohled-01-768x432.jpg 768w, https:\/\/www.design-award.cz\/wp-content\/uploads\/2022\/04\/Samostatna-kuchyne-v-RD-Pinkasova-pohled-01-1536x864.jpg 1536w, https:\/\/www.design-award.cz\/wp-content\/uploads\/2022\/04\/Samostatna-kuchyne-v-RD-Pinkasova-pohled-01-2048x1152.jpg 2048w, https:\/\/www.design-award.cz\/wp-content\/uploads\/2022\/04\/Samostatna-kuchyne-v-RD-Pinkasova-pohled-01-500x281.jpg 500w, https:\/\/www.design-award.cz\/wp-content\/uploads\/2022\/04\/Samostatna-kuchyne-v-RD-Pinkasova-pohled-01-800x450.jpg 800w, https:\/\/www.design-award.cz\/wp-content\/uploads\/2022\/04\/Samostatna-kuchyne-v-RD-Pinkasova-pohled-01-1280x720.jpg 1280w\" sizes=\"(max-width: 1920px) 100vw, 1920px\" \/><\/noscript><img decoding=\"async\" width=\"1920\" height=\"1080\" src=\"https:\/\/www.design-award.cz\/wp-content\/uploads\/2022\/04\/Samostatna-kuchyne-v-RD-Pinkasova-pohled-01-1920x1080.jpg\" class=\"wp-image-921 vp-lazyload\" alt srcset=\"data:image\/svg+xml;base64,PHN2ZyB3aWR0aD0iMTkyMCIgaGVpZ2h0PSIxMDgwIiB2aWV3Qm94PSIwIDAgMTkyMCAxMDgwIiBmaWxsPSJub25lIiB4bWxucz0iaHR0cDovL3d3dy53My5vcmcvMjAwMC9zdmciPjwvc3ZnPg==\" data-src=\"https:\/\/www.design-award.cz\/wp-content\/uploads\/2022\/04\/Samostatna-kuchyne-v-RD-Pinkasova-pohled-01-1920x1080.jpg\" data-srcset=\"https:\/\/www.design-award.cz\/wp-content\/uploads\/2022\/04\/Samostatna-kuchyne-v-RD-Pinkasova-pohled-01-1920x1080.jpg 1920w, https:\/\/www.design-award.cz\/wp-content\/uploads\/2022\/04\/Samostatna-kuchyne-v-RD-Pinkasova-pohled-01-300x169.jpg 300w, https:\/\/www.design-award.cz\/wp-content\/uploads\/2022\/04\/Samostatna-kuchyne-v-RD-Pinkasova-pohled-01-1024x576.jpg 1024w, https:\/\/www.design-award.cz\/wp-content\/uploads\/2022\/04\/Samostatna-kuchyne-v-RD-Pinkasova-pohled-01-768x432.jpg 768w, https:\/\/www.design-award.cz\/wp-content\/uploads\/2022\/04\/Samostatna-kuchyne-v-RD-Pinkasova-pohled-01-1536x864.jpg 1536w, https:\/\/www.design-award.cz\/wp-content\/uploads\/2022\/04\/Samostatna-kuchyne-v-RD-Pinkasova-pohled-01-2048x1152.jpg 2048w, https:\/\/www.design-award.cz\/wp-content\/uploads\/2022\/04\/Samostatna-kuchyne-v-RD-Pinkasova-pohled-01-500x281.jpg 500w, https:\/\/www.design-award.cz\/wp-content\/uploads\/2022\/04\/Samostatna-kuchyne-v-RD-Pinkasova-pohled-01-800x450.jpg 800w, https:\/\/www.design-award.cz\/wp-content\/uploads\/2022\/04\/Samostatna-kuchyne-v-RD-Pinkasova-pohled-01-1280x720.jpg 1280w\" data-sizes=\"auto\" loading=\"eager\">\n\t\t<\/a>\t<\/div>\n<\/div>\n\t<figcaption class=\"vp-portfolio__item-overlay vp-portfolio__item-overlay-text-align-center\">\n\t\t<div class=\"vp-portfolio__item-meta-wrap vp-portfolio__custom-scrollbar\">\n\t\t\t\t<a\n\t\thref=\"https:\/\/www.design-award.cz\/?portfolio=soukromy-interier-moderni-kuchyne-pro-ctyrclennou-rodinu\"\n\t\ttabindex=\"-1\" class=\"vp-portfolio__item-meta\" \t>\n\t\n<h2 class=\"vp-portfolio__item-meta-title\">\n\tSoukrom\u00fd interi\u00e9r &#8211; Modern\u00ed kuchyn\u011b pro \u010dty\u0159\u010dlennou rodinu<\/h2>\n<\/a>\t\t<\/div>\n\t<\/figcaption>\n\t\t\t<\/figure>\n\t\t\t\t\t<\/article>\n\t\t\n<\/div>\n\n<div class=\"vp-portfolio__items-arrow vp-portfolio__items-arrow-prev\" tabindex=\"0\" role=\"button\" aria-label=\"Previous Slide\">\n\t\n<svg class=\"vp-svg-icon\" width=\"20\" height=\"20\" viewBox=\"0 0 20 20\" fill=\"none\" xmlns=\"http:\/\/www.w3.org\/2000\/svg\">\n\t<path d=\"M12 4L6 10L12 16\" stroke=\"currentColor\" stroke-width=\"1.5\" stroke-linecap=\"round\" stroke-linejoin=\"round\" fill=\"transparent\" \/>\n<\/svg>\n<\/div>\n<div class=\"vp-portfolio__items-arrow vp-portfolio__items-arrow-next\" tabindex=\"0\" role=\"button\" aria-label=\"Next Slide\">\n\t\n<svg class=\"vp-svg-icon\" width=\"20\" height=\"20\" viewBox=\"0 0 20 20\" fill=\"none\" xmlns=\"http:\/\/www.w3.org\/2000\/svg\">\n\t<path d=\"M8 4L14 10L8 16\" stroke=\"currentColor\" stroke-width=\"1.5\" stroke-linecap=\"round\" stroke-linejoin=\"round\" fill=\"transparent\" \/>\n<\/svg>\n<\/div>\n\t\t<\/div>\n\t\t\t\t<div class=\"vp-portfolio__layout-elements vp-portfolio__layout-elements-bottom vp-portfolio__layout-elements-align-center\">\n\t\t\t\t<div class=\"vp-portfolio__pagination-wrap\">\n\t\t\n<div class=\"vp-pagination vp-pagination__style-minimal\" data-vp-pagination-type=\"load-more\">\n\t<div class=\"vp-pagination__item\">\n\t\t<a class=\"vp-pagination__load-more\" href=\"https:\/\/www.design-award.cz\/index.php?rest_route=%2Fwp%2Fv2%2Fportfolio%2F1248&#038;vp_page=2\">\n\t\t\t<span>Load More<\/span>\n\t\t\t<span class=\"vp-pagination__load-more-loading\"><span class=\"vp-spinner\"><\/span><span class=\"vp-screen-reader-text\"> Loading More&#8230;<\/span><\/span>\n\t\t\t<span class=\"vp-pagination__load-more-no-more\">You\u2019ve reached the end of the list<\/span>\n\t\t<\/a>\n\t<\/div>\n<\/div>\n\t\t<\/div>\n\t\t\t\t<\/div>\n\t\t\n<\/div>\n<\/div>","protected":false},"excerpt":{"rendered":"<p>Kate\u0159ina \u010ce\u0161kov\u00e1 St\u0159edn\u00ed \u0161kola designu interi\u00e9ru Kate\u0159inky &#8211; Liberec, s.r.o. P\u0159i sv\u00e9m n\u00e1vrhu jsem se zam\u011b\u0159ila na originalitu, ale z\u00e1rove\u0148 jednoduchou konstrukci &#8211; p\u0159epl\u00e1tov\u00e1n\u00edm. Sedadlu jsem prop\u016fj\u010dila dynamick\u00fd efekt &#8220;p\u00e1du&#8220; \u010d\u00e1sti desek, d\u00edky \u010demu\u017e \u010dlov\u011bka zaujme.Jedn\u00e1 se o jednosed, kter\u00fd m\u00e1 vytvarovanou sedac\u00ed plochu. D\u00edky tomu je velice pohodln\u00e9, i p\u0159esto, \u017ee jsem desky skl\u00e1dala [&hellip;]<\/p>\n","protected":false},"author":1,"featured_media":1251,"menu_order":0,"comment_status":"closed","ping_status":"closed","template":"","format":"standard","meta":{"ngg_post_thumbnail":0,"ocean_post_layout":"","ocean_both_sidebars_style":"","ocean_both_sidebars_content_width":0,"ocean_both_sidebars_sidebars_width":0,"ocean_sidebar":"","ocean_second_sidebar":"","ocean_disable_margins":"enable","ocean_add_body_class":"","ocean_shortcode_before_top_bar":"","ocean_shortcode_after_top_bar":"","ocean_shortcode_before_header":"","ocean_shortcode_after_header":"","ocean_has_shortcode":"","ocean_shortcode_after_title":"","ocean_shortcode_before_footer_widgets":"","ocean_shortcode_after_footer_widgets":"","ocean_shortcode_before_footer_bottom":"","ocean_shortcode_after_footer_bottom":"","ocean_display_top_bar":"default","ocean_display_header":"default","ocean_header_style":"","ocean_center_header_left_menu":"","ocean_custom_header_template":"","ocean_custom_logo":0,"ocean_custom_retina_logo":0,"ocean_custom_logo_max_width":0,"ocean_custom_logo_tablet_max_width":0,"ocean_custom_logo_mobile_max_width":0,"ocean_custom_logo_max_height":0,"ocean_custom_logo_tablet_max_height":0,"ocean_custom_logo_mobile_max_height":0,"ocean_header_custom_menu":"","ocean_menu_typo_font_family":"","ocean_menu_typo_font_subset":"","ocean_menu_typo_font_size":0,"ocean_menu_typo_font_size_tablet":0,"ocean_menu_typo_font_size_mobile":0,"ocean_menu_typo_font_size_unit":"px","ocean_menu_typo_font_weight":"","ocean_menu_typo_font_weight_tablet":"","ocean_menu_typo_font_weight_mobile":"","ocean_menu_typo_transform":"","ocean_menu_typo_transform_tablet":"","ocean_menu_typo_transform_mobile":"","ocean_menu_typo_line_height":0,"ocean_menu_typo_line_height_tablet":0,"ocean_menu_typo_line_height_mobile":0,"ocean_menu_typo_line_height_unit":"","ocean_menu_typo_spacing":0,"ocean_menu_typo_spacing_tablet":0,"ocean_menu_typo_spacing_mobile":0,"ocean_menu_typo_spacing_unit":"","ocean_menu_link_color":"","ocean_menu_link_color_hover":"","ocean_menu_link_color_active":"","ocean_menu_link_background":"","ocean_menu_link_hover_background":"","ocean_menu_link_active_background":"","ocean_menu_social_links_bg":"","ocean_menu_social_hover_links_bg":"","ocean_menu_social_links_color":"","ocean_menu_social_hover_links_color":"","ocean_disable_title":"default","ocean_disable_heading":"default","ocean_post_title":"","ocean_post_subheading":"","ocean_post_title_style":"","ocean_post_title_background_color":"","ocean_post_title_background":0,"ocean_post_title_bg_image_position":"","ocean_post_title_bg_image_attachment":"","ocean_post_title_bg_image_repeat":"","ocean_post_title_bg_image_size":"","ocean_post_title_height":0,"ocean_post_title_bg_overlay":0.5,"ocean_post_title_bg_overlay_color":"","ocean_disable_breadcrumbs":"default","ocean_breadcrumbs_color":"","ocean_breadcrumbs_separator_color":"","ocean_breadcrumbs_links_color":"","ocean_breadcrumbs_links_hover_color":"","ocean_display_footer_widgets":"default","ocean_display_footer_bottom":"default","ocean_custom_footer_template":"","_vp_format_video_url":"","_vp_image_focal_point":{"x":0.59,"y":0.35},"footnotes":""},"portfolio_category":[],"portfolio_tag":[],"class_list":["post-1248","portfolio","type-portfolio","status-publish","format-standard","has-post-thumbnail","hentry","entry","has-media"],"yoast_head":"<!-- This site is optimized with the Yoast SEO plugin v25.2 - https:\/\/yoast.com\/wordpress\/plugins\/seo\/ -->\n<title>Produktov\u00fd design - Sedadlo Collapse - design-award.cz<\/title>\n<meta name=\"robots\" content=\"index, follow, max-snippet:-1, max-image-preview:large, max-video-preview:-1\" \/>\n<link rel=\"canonical\" href=\"https:\/\/www.design-award.cz\/?portfolio=produktovy-design-sedadlo-collapse\" \/>\n<meta property=\"og:locale\" content=\"cs_CZ\" \/>\n<meta property=\"og:type\" content=\"article\" \/>\n<meta property=\"og:title\" content=\"Produktov\u00fd design - Sedadlo Collapse - design-award.cz\" \/>\n<meta property=\"og:description\" content=\"Kate\u0159ina \u010ce\u0161kov\u00e1 St\u0159edn\u00ed \u0161kola designu interi\u00e9ru Kate\u0159inky &#8211; Liberec, s.r.o. P\u0159i sv\u00e9m n\u00e1vrhu jsem se zam\u011b\u0159ila na originalitu, ale z\u00e1rove\u0148 jednoduchou konstrukci &#8211; p\u0159epl\u00e1tov\u00e1n\u00edm. Sedadlu jsem prop\u016fj\u010dila dynamick\u00fd efekt &#8220;p\u00e1du&#8220; \u010d\u00e1sti desek, d\u00edky \u010demu\u017e \u010dlov\u011bka zaujme.Jedn\u00e1 se o jednosed, kter\u00fd m\u00e1 vytvarovanou sedac\u00ed plochu. D\u00edky tomu je velice pohodln\u00e9, i p\u0159esto, \u017ee jsem desky skl\u00e1dala [&hellip;]\" \/>\n<meta property=\"og:url\" content=\"https:\/\/www.design-award.cz\/?portfolio=produktovy-design-sedadlo-collapse\" \/>\n<meta property=\"og:site_name\" content=\"design-award.cz\" \/>\n<meta property=\"article:modified_time\" content=\"2022-04-30T15:42:30+00:00\" \/>\n<meta property=\"og:image\" content=\"http:\/\/www.design-award.cz\/wp-content\/uploads\/2022\/04\/collapse-viz3.jpg\" \/>\n\t<meta property=\"og:image:width\" content=\"1624\" \/>\n\t<meta property=\"og:image:height\" content=\"1080\" \/>\n\t<meta property=\"og:image:type\" content=\"image\/jpeg\" \/>\n<meta name=\"twitter:card\" content=\"summary_large_image\" \/>\n<meta name=\"twitter:label1\" content=\"Odhadovan\u00e1 doba \u010dten\u00ed\" \/>\n\t<meta name=\"twitter:data1\" content=\"2 minuty\" \/>\n<script type=\"application\/ld+json\" class=\"yoast-schema-graph\">{\"@context\":\"https:\/\/schema.org\",\"@graph\":[{\"@type\":\"WebPage\",\"@id\":\"https:\/\/www.design-award.cz\/?portfolio=produktovy-design-sedadlo-collapse\",\"url\":\"https:\/\/www.design-award.cz\/?portfolio=produktovy-design-sedadlo-collapse\",\"name\":\"Produktov\u00fd design - Sedadlo Collapse - design-award.cz\",\"isPartOf\":{\"@id\":\"https:\/\/www.design-award.cz\/#website\"},\"primaryImageOfPage\":{\"@id\":\"https:\/\/www.design-award.cz\/?portfolio=produktovy-design-sedadlo-collapse#primaryimage\"},\"image\":{\"@id\":\"https:\/\/www.design-award.cz\/?portfolio=produktovy-design-sedadlo-collapse#primaryimage\"},\"thumbnailUrl\":\"https:\/\/www.design-award.cz\/wp-content\/uploads\/2022\/04\/collapse-viz3.jpg\",\"datePublished\":\"2022-04-30T15:42:29+00:00\",\"dateModified\":\"2022-04-30T15:42:30+00:00\",\"breadcrumb\":{\"@id\":\"https:\/\/www.design-award.cz\/?portfolio=produktovy-design-sedadlo-collapse#breadcrumb\"},\"inLanguage\":\"cs\",\"potentialAction\":[{\"@type\":\"ReadAction\",\"target\":[\"https:\/\/www.design-award.cz\/?portfolio=produktovy-design-sedadlo-collapse\"]}]},{\"@type\":\"ImageObject\",\"inLanguage\":\"cs\",\"@id\":\"https:\/\/www.design-award.cz\/?portfolio=produktovy-design-sedadlo-collapse#primaryimage\",\"url\":\"https:\/\/www.design-award.cz\/wp-content\/uploads\/2022\/04\/collapse-viz3.jpg\",\"contentUrl\":\"https:\/\/www.design-award.cz\/wp-content\/uploads\/2022\/04\/collapse-viz3.jpg\",\"width\":1624,\"height\":1080},{\"@type\":\"BreadcrumbList\",\"@id\":\"https:\/\/www.design-award.cz\/?portfolio=produktovy-design-sedadlo-collapse#breadcrumb\",\"itemListElement\":[{\"@type\":\"ListItem\",\"position\":1,\"name\":\"Dom\u016f\",\"item\":\"https:\/\/www.design-award.cz\/\"},{\"@type\":\"ListItem\",\"position\":2,\"name\":\"Portfolio Items\",\"item\":\"https:\/\/www.design-award.cz\/?post_type=portfolio\"},{\"@type\":\"ListItem\",\"position\":3,\"name\":\"Produktov\u00fd design &#8211; Sedadlo Collapse\"}]},{\"@type\":\"WebSite\",\"@id\":\"https:\/\/www.design-award.cz\/#website\",\"url\":\"https:\/\/www.design-award.cz\/\",\"name\":\"design-award.cz\",\"description\":\"WARD vznikla v roce 2022. Je ur\u010dena p\u0159edev\u0161\u00edm student\u016fm st\u0159edn\u00edch um\u011bleck\u00fdch \u0161kol (S\u0160 a VO\u0160), kte\u0159\u00ed mohou bezplatn\u011b zaslat sv\u00e9 n\u00e1vrhy v uveden\u00fdch kategori\u00ed a tak pom\u011b\u0159it sv\u00e9 n\u00e1pady s konkurenc\u00ed sv\u00fdch vrstevn\u00edk\u016f. N\u00e1vrhy jsou n\u00e1sledn\u011b posouzeny nez\u00e1vislou porotou z \u0159ad v\u00fdtvarn\u00edk\u016f, pedagog\u016f a profesion\u00e1l\u016f z oboru.\",\"publisher\":{\"@id\":\"https:\/\/www.design-award.cz\/#organization\"},\"potentialAction\":[{\"@type\":\"SearchAction\",\"target\":{\"@type\":\"EntryPoint\",\"urlTemplate\":\"https:\/\/www.design-award.cz\/?s={search_term_string}\"},\"query-input\":{\"@type\":\"PropertyValueSpecification\",\"valueRequired\":true,\"valueName\":\"search_term_string\"}}],\"inLanguage\":\"cs\"},{\"@type\":\"Organization\",\"@id\":\"https:\/\/www.design-award.cz\/#organization\",\"name\":\"Design Award\",\"url\":\"https:\/\/www.design-award.cz\/\",\"logo\":{\"@type\":\"ImageObject\",\"inLanguage\":\"cs\",\"@id\":\"https:\/\/www.design-award.cz\/#\/schema\/logo\/image\/\",\"url\":\"http:\/\/www.design-award.cz\/wp-content\/uploads\/2021\/12\/hornilogo_design-award.png\",\"contentUrl\":\"http:\/\/www.design-award.cz\/wp-content\/uploads\/2021\/12\/hornilogo_design-award.png\",\"width\":800,\"height\":600,\"caption\":\"Design Award\"},\"image\":{\"@id\":\"https:\/\/www.design-award.cz\/#\/schema\/logo\/image\/\"},\"sameAs\":[\"https:\/\/www.instagram.com\/design_award\/\"]}]}<\/script>\n<!-- \/ Yoast SEO plugin. -->","yoast_head_json":{"title":"Produktov\u00fd design - Sedadlo Collapse - design-award.cz","robots":{"index":"index","follow":"follow","max-snippet":"max-snippet:-1","max-image-preview":"max-image-preview:large","max-video-preview":"max-video-preview:-1"},"canonical":"https:\/\/www.design-award.cz\/?portfolio=produktovy-design-sedadlo-collapse","og_locale":"cs_CZ","og_type":"article","og_title":"Produktov\u00fd design - Sedadlo Collapse - design-award.cz","og_description":"Kate\u0159ina \u010ce\u0161kov\u00e1 St\u0159edn\u00ed \u0161kola designu interi\u00e9ru Kate\u0159inky &#8211; Liberec, s.r.o. P\u0159i sv\u00e9m n\u00e1vrhu jsem se zam\u011b\u0159ila na originalitu, ale z\u00e1rove\u0148 jednoduchou konstrukci &#8211; p\u0159epl\u00e1tov\u00e1n\u00edm. Sedadlu jsem prop\u016fj\u010dila dynamick\u00fd efekt &#8220;p\u00e1du&#8220; \u010d\u00e1sti desek, d\u00edky \u010demu\u017e \u010dlov\u011bka zaujme.Jedn\u00e1 se o jednosed, kter\u00fd m\u00e1 vytvarovanou sedac\u00ed plochu. D\u00edky tomu je velice pohodln\u00e9, i p\u0159esto, \u017ee jsem desky skl\u00e1dala [&hellip;]","og_url":"https:\/\/www.design-award.cz\/?portfolio=produktovy-design-sedadlo-collapse","og_site_name":"design-award.cz","article_modified_time":"2022-04-30T15:42:30+00:00","og_image":[{"width":1624,"height":1080,"url":"http:\/\/www.design-award.cz\/wp-content\/uploads\/2022\/04\/collapse-viz3.jpg","type":"image\/jpeg"}],"twitter_card":"summary_large_image","twitter_misc":{"Odhadovan\u00e1 doba \u010dten\u00ed":"2 minuty"},"schema":{"@context":"https:\/\/schema.org","@graph":[{"@type":"WebPage","@id":"https:\/\/www.design-award.cz\/?portfolio=produktovy-design-sedadlo-collapse","url":"https:\/\/www.design-award.cz\/?portfolio=produktovy-design-sedadlo-collapse","name":"Produktov\u00fd design - Sedadlo Collapse - design-award.cz","isPartOf":{"@id":"https:\/\/www.design-award.cz\/#website"},"primaryImageOfPage":{"@id":"https:\/\/www.design-award.cz\/?portfolio=produktovy-design-sedadlo-collapse#primaryimage"},"image":{"@id":"https:\/\/www.design-award.cz\/?portfolio=produktovy-design-sedadlo-collapse#primaryimage"},"thumbnailUrl":"https:\/\/www.design-award.cz\/wp-content\/uploads\/2022\/04\/collapse-viz3.jpg","datePublished":"2022-04-30T15:42:29+00:00","dateModified":"2022-04-30T15:42:30+00:00","breadcrumb":{"@id":"https:\/\/www.design-award.cz\/?portfolio=produktovy-design-sedadlo-collapse#breadcrumb"},"inLanguage":"cs","potentialAction":[{"@type":"ReadAction","target":["https:\/\/www.design-award.cz\/?portfolio=produktovy-design-sedadlo-collapse"]}]},{"@type":"ImageObject","inLanguage":"cs","@id":"https:\/\/www.design-award.cz\/?portfolio=produktovy-design-sedadlo-collapse#primaryimage","url":"https:\/\/www.design-award.cz\/wp-content\/uploads\/2022\/04\/collapse-viz3.jpg","contentUrl":"https:\/\/www.design-award.cz\/wp-content\/uploads\/2022\/04\/collapse-viz3.jpg","width":1624,"height":1080},{"@type":"BreadcrumbList","@id":"https:\/\/www.design-award.cz\/?portfolio=produktovy-design-sedadlo-collapse#breadcrumb","itemListElement":[{"@type":"ListItem","position":1,"name":"Dom\u016f","item":"https:\/\/www.design-award.cz\/"},{"@type":"ListItem","position":2,"name":"Portfolio Items","item":"https:\/\/www.design-award.cz\/?post_type=portfolio"},{"@type":"ListItem","position":3,"name":"Produktov\u00fd design &#8211; Sedadlo Collapse"}]},{"@type":"WebSite","@id":"https:\/\/www.design-award.cz\/#website","url":"https:\/\/www.design-award.cz\/","name":"design-award.cz","description":"WARD vznikla v roce 2022. Je ur\u010dena p\u0159edev\u0161\u00edm student\u016fm st\u0159edn\u00edch um\u011bleck\u00fdch \u0161kol (S\u0160 a VO\u0160), kte\u0159\u00ed mohou bezplatn\u011b zaslat sv\u00e9 n\u00e1vrhy v uveden\u00fdch kategori\u00ed a tak pom\u011b\u0159it sv\u00e9 n\u00e1pady s konkurenc\u00ed sv\u00fdch vrstevn\u00edk\u016f. N\u00e1vrhy jsou n\u00e1sledn\u011b posouzeny nez\u00e1vislou porotou z \u0159ad v\u00fdtvarn\u00edk\u016f, pedagog\u016f a profesion\u00e1l\u016f z oboru.","publisher":{"@id":"https:\/\/www.design-award.cz\/#organization"},"potentialAction":[{"@type":"SearchAction","target":{"@type":"EntryPoint","urlTemplate":"https:\/\/www.design-award.cz\/?s={search_term_string}"},"query-input":{"@type":"PropertyValueSpecification","valueRequired":true,"valueName":"search_term_string"}}],"inLanguage":"cs"},{"@type":"Organization","@id":"https:\/\/www.design-award.cz\/#organization","name":"Design Award","url":"https:\/\/www.design-award.cz\/","logo":{"@type":"ImageObject","inLanguage":"cs","@id":"https:\/\/www.design-award.cz\/#\/schema\/logo\/image\/","url":"http:\/\/www.design-award.cz\/wp-content\/uploads\/2021\/12\/hornilogo_design-award.png","contentUrl":"http:\/\/www.design-award.cz\/wp-content\/uploads\/2021\/12\/hornilogo_design-award.png","width":800,"height":600,"caption":"Design Award"},"image":{"@id":"https:\/\/www.design-award.cz\/#\/schema\/logo\/image\/"},"sameAs":["https:\/\/www.instagram.com\/design_award\/"]}]}},"_links":{"self":[{"href":"https:\/\/www.design-award.cz\/index.php?rest_route=\/wp\/v2\/portfolio\/1248","targetHints":{"allow":["GET"]}}],"collection":[{"href":"https:\/\/www.design-award.cz\/index.php?rest_route=\/wp\/v2\/portfolio"}],"about":[{"href":"https:\/\/www.design-award.cz\/index.php?rest_route=\/wp\/v2\/types\/portfolio"}],"author":[{"embeddable":true,"href":"https:\/\/www.design-award.cz\/index.php?rest_route=\/wp\/v2\/users\/1"}],"replies":[{"embeddable":true,"href":"https:\/\/www.design-award.cz\/index.php?rest_route=%2Fwp%2Fv2%2Fcomments&post=1248"}],"version-history":[{"count":1,"href":"https:\/\/www.design-award.cz\/index.php?rest_route=\/wp\/v2\/portfolio\/1248\/revisions"}],"predecessor-version":[{"id":1254,"href":"https:\/\/www.design-award.cz\/index.php?rest_route=\/wp\/v2\/portfolio\/1248\/revisions\/1254"}],"wp:featuredmedia":[{"embeddable":true,"href":"https:\/\/www.design-award.cz\/index.php?rest_route=\/wp\/v2\/media\/1251"}],"wp:attachment":[{"href":"https:\/\/www.design-award.cz\/index.php?rest_route=%2Fwp%2Fv2%2Fmedia&parent=1248"}],"wp:term":[{"taxonomy":"portfolio_category","embeddable":true,"href":"https:\/\/www.design-award.cz\/index.php?rest_route=%2Fwp%2Fv2%2Fportfolio_category&post=1248"},{"taxonomy":"portfolio_tag","embeddable":true,"href":"https:\/\/www.design-award.cz\/index.php?rest_route=%2Fwp%2Fv2%2Fportfolio_tag&post=1248"}],"curies":[{"name":"wp","href":"https:\/\/api.w.org\/{rel}","templated":true}]}}