{"id":1255,"date":"2022-04-30T15:47:40","date_gmt":"2022-04-30T15:47:40","guid":{"rendered":"https:\/\/www.design-award.cz\/?post_type=portfolio&#038;p=1255"},"modified":"2022-04-30T15:55:52","modified_gmt":"2022-04-30T15:55:52","slug":"soukromy-interier-maringotka-2","status":"publish","type":"portfolio","link":"https:\/\/www.design-award.cz\/?portfolio=soukromy-interier-maringotka-2","title":{"rendered":"Soukrom\u00fd interi\u00e9r &#8211; Maringotka"},"content":{"rendered":"\n<h2 class=\"wp-block-heading\">Denis Ferenc<\/h2>\n\n\n\n<p><strong>Michael \u2013 St\u0159edn\u00ed \u0161kola a Vy\u0161\u0161\u00ed odborn\u00e1 \u0161kola reklamn\u00ed a um\u011bleck\u00e9 tvorby<\/strong><\/p>\n\n\n\n<p>N\u00e1vrh maringotky pro Drobny Dom.<\/p>\n\n\n\n<figure class=\"wp-block-image size-full\"><img decoding=\"async\" width=\"838\" height=\"813\" data-src=\"http:\/\/www.design-award.cz\/wp-content\/uploads\/2022\/04\/kuchyn-1.jpg\" alt=\"\" class=\"wp-image-1256 lazyload\" data-srcset=\"https:\/\/www.design-award.cz\/wp-content\/uploads\/2022\/04\/kuchyn-1.jpg 838w, https:\/\/www.design-award.cz\/wp-content\/uploads\/2022\/04\/kuchyn-1-300x291.jpg 300w, https:\/\/www.design-award.cz\/wp-content\/uploads\/2022\/04\/kuchyn-1-768x745.jpg 768w, https:\/\/www.design-award.cz\/wp-content\/uploads\/2022\/04\/kuchyn-1-500x485.jpg 500w, https:\/\/www.design-award.cz\/wp-content\/uploads\/2022\/04\/kuchyn-1-800x776.jpg 800w\" data-sizes=\"(max-width: 838px) 100vw, 838px\" src=\"data:image\/svg+xml;base64,PHN2ZyB3aWR0aD0iMSIgaGVpZ2h0PSIxIiB4bWxucz0iaHR0cDovL3d3dy53My5vcmcvMjAwMC9zdmciPjwvc3ZnPg==\" style=\"--smush-placeholder-width: 838px; --smush-placeholder-aspect-ratio: 838\/813;\" \/><\/figure>\n\n\n\n<figure class=\"wp-block-image size-full\"><img decoding=\"async\" width=\"965\" height=\"1022\" data-src=\"http:\/\/www.design-award.cz\/wp-content\/uploads\/2022\/04\/obyvak.jpg\" alt=\"\" class=\"wp-image-1258 lazyload\" data-srcset=\"https:\/\/www.design-award.cz\/wp-content\/uploads\/2022\/04\/obyvak.jpg 965w, https:\/\/www.design-award.cz\/wp-content\/uploads\/2022\/04\/obyvak-283x300.jpg 283w, https:\/\/www.design-award.cz\/wp-content\/uploads\/2022\/04\/obyvak-768x813.jpg 768w, https:\/\/www.design-award.cz\/wp-content\/uploads\/2022\/04\/obyvak-500x530.jpg 500w, https:\/\/www.design-award.cz\/wp-content\/uploads\/2022\/04\/obyvak-800x847.jpg 800w\" data-sizes=\"(max-width: 965px) 100vw, 965px\" src=\"data:image\/svg+xml;base64,PHN2ZyB3aWR0aD0iMSIgaGVpZ2h0PSIxIiB4bWxucz0iaHR0cDovL3d3dy53My5vcmcvMjAwMC9zdmciPjwvc3ZnPg==\" style=\"--smush-placeholder-width: 965px; --smush-placeholder-aspect-ratio: 965\/1022;\" \/><\/figure>\n\n\n\n<figure class=\"wp-block-image size-large\"><img decoding=\"async\" width=\"1024\" height=\"546\" data-src=\"http:\/\/www.design-award.cz\/wp-content\/uploads\/2022\/04\/celek-1024x546.jpg\" alt=\"\" class=\"wp-image-1260 lazyload\" data-srcset=\"https:\/\/www.design-award.cz\/wp-content\/uploads\/2022\/04\/celek-1024x546.jpg 1024w, https:\/\/www.design-award.cz\/wp-content\/uploads\/2022\/04\/celek-300x160.jpg 300w, https:\/\/www.design-award.cz\/wp-content\/uploads\/2022\/04\/celek-768x410.jpg 768w, https:\/\/www.design-award.cz\/wp-content\/uploads\/2022\/04\/celek-1536x820.jpg 1536w, https:\/\/www.design-award.cz\/wp-content\/uploads\/2022\/04\/celek-500x267.jpg 500w, https:\/\/www.design-award.cz\/wp-content\/uploads\/2022\/04\/celek-800x427.jpg 800w, https:\/\/www.design-award.cz\/wp-content\/uploads\/2022\/04\/celek-1280x683.jpg 1280w, https:\/\/www.design-award.cz\/wp-content\/uploads\/2022\/04\/celek.jpg 1900w\" data-sizes=\"(max-width: 1024px) 100vw, 1024px\" src=\"data:image\/svg+xml;base64,PHN2ZyB3aWR0aD0iMSIgaGVpZ2h0PSIxIiB4bWxucz0iaHR0cDovL3d3dy53My5vcmcvMjAwMC9zdmciPjwvc3ZnPg==\" style=\"--smush-placeholder-width: 1024px; --smush-placeholder-aspect-ratio: 1024\/546;\" \/><\/figure>\n\n\n\n<figure class=\"wp-block-image size-full\"><img decoding=\"async\" width=\"614\" height=\"1003\" data-src=\"http:\/\/www.design-award.cz\/wp-content\/uploads\/2022\/04\/koupelna-1.jpg\" alt=\"\" class=\"wp-image-1261 lazyload\" data-srcset=\"https:\/\/www.design-award.cz\/wp-content\/uploads\/2022\/04\/koupelna-1.jpg 614w, https:\/\/www.design-award.cz\/wp-content\/uploads\/2022\/04\/koupelna-1-184x300.jpg 184w, https:\/\/www.design-award.cz\/wp-content\/uploads\/2022\/04\/koupelna-1-500x817.jpg 500w\" data-sizes=\"(max-width: 614px) 100vw, 614px\" src=\"data:image\/svg+xml;base64,PHN2ZyB3aWR0aD0iMSIgaGVpZ2h0PSIxIiB4bWxucz0iaHR0cDovL3d3dy53My5vcmcvMjAwMC9zdmciPjwvc3ZnPg==\" style=\"--smush-placeholder-width: 614px; --smush-placeholder-aspect-ratio: 614\/1003;\" \/><\/figure>\n\n\n<div class=\"wp-block-visual-portfolio\">\n<div class=\"vp-portfolio vp-uid-2ece4a06 vp-id-607\"\n\tdata-vp-layout=\"slider\" data-vp-content-source=\"post-based\" data-vp-items-style=\"fade\" data-vp-items-click-action=\"url\" data-vp-items-gap=\"12\" data-vp-items-gap-vertical=\"\" data-vp-pagination=\"load-more\" data-vp-next-page-url=\"https:\/\/www.design-award.cz\/index.php?rest_route=%2Fwp%2Fv2%2Fportfolio%2F1255&#038;vp_page=2\" data-vp-random-seed=\"2572327465\" data-vp-slider-effect=\"slide\" data-vp-slider-items-height=\"80%\" data-vp-slider-items-min-height=\"\" data-vp-slider-slides-per-view=\"3\" data-vp-slider-speed=\"0.3\" data-vp-slider-autoplay=\"4.8\" data-vp-slider-autoplay-hover-pause=\"false\" data-vp-slider-centered-slides=\"true\" data-vp-slider-loop=\"true\" data-vp-slider-free-mode=\"false\" data-vp-slider-free-mode-sticky=\"false\" data-vp-slider-arrows=\"true\" data-vp-slider-bullets=\"false\" data-vp-slider-bullets-dynamic=\"false\" data-vp-slider-mousewheel=\"false\" data-vp-slider-thumbnails=\"false\" >\n\t<div class=\"vp-portfolio__preloader-wrap\">\n\t\t<div class=\"vp-portfolio__preloader\">\n\t\t\t<img decoding=\"async\" loading=\"eager\" src=\"https:\/\/www.design-award.cz\/wp-content\/plugins\/visual-portfolio\/assets\/images\/logo-dark.svg\" alt=\"Visual Portfolio, Posts &amp; Image Gallery for WordPress\" width=\"20\" height=\"20\" data-skip-lazy>\n\t\t<\/div>\n\t<\/div>\n\t\t<div class=\"vp-portfolio__items-wrap\">\n\t\t\t\n<div class=\"vp-portfolio__items vp-portfolio__items-style-fade vp-portfolio__items-show-overlay-hover\">\n\n\t\t<article\t\tclass=\"vp-portfolio__item-wrap post-4251 portfolio type-portfolio status-publish format-standard has-post-thumbnail hentry entry has-media vp-portfolio__item-uid-c04a973c\" data-vp-filter=\"\" \t\t>\n\t\t\t\t\t\t\t\t\t<figure class=\"vp-portfolio__item\">\n\t\t\t\t\n<div class=\"vp-portfolio__item-img-wrap\">\n\t<div class=\"vp-portfolio__item-img\">\n\t\t\t<a\n\t\thref=\"https:\/\/www.design-award.cz\/?portfolio=produktovy-design-rozlozitelny-prezentacni-mobiliar-eco\"\n\t\t\t>\n\t\n\t\t<noscript><img decoding=\"async\" width=\"1500\" height=\"1125\" data-skip-lazy src=\"https:\/\/www.design-award.cz\/wp-content\/uploads\/2024\/07\/08.png\" class=\"wp-image-4300\" alt=\"\" srcset=\"https:\/\/www.design-award.cz\/wp-content\/uploads\/2024\/07\/08.png 1500w, https:\/\/www.design-award.cz\/wp-content\/uploads\/2024\/07\/08-300x225.png 300w, https:\/\/www.design-award.cz\/wp-content\/uploads\/2024\/07\/08-1024x768.png 1024w, https:\/\/www.design-award.cz\/wp-content\/uploads\/2024\/07\/08-768x576.png 768w, https:\/\/www.design-award.cz\/wp-content\/uploads\/2024\/07\/08-500x375.png 500w, https:\/\/www.design-award.cz\/wp-content\/uploads\/2024\/07\/08-800x600.png 800w, https:\/\/www.design-award.cz\/wp-content\/uploads\/2024\/07\/08-1280x960.png 1280w\" sizes=\"(max-width: 1500px) 100vw, 1500px\" \/><\/noscript><img fetchpriority=\"high\" decoding=\"async\" width=\"1500\" height=\"1125\" src=\"https:\/\/www.design-award.cz\/wp-content\/uploads\/2024\/07\/08.png\" class=\"wp-image-4300 vp-lazyload\" alt srcset=\"data:image\/svg+xml;base64,PHN2ZyB3aWR0aD0iMTUwMCIgaGVpZ2h0PSIxMTI1IiB2aWV3Qm94PSIwIDAgMTUwMCAxMTI1IiBmaWxsPSJub25lIiB4bWxucz0iaHR0cDovL3d3dy53My5vcmcvMjAwMC9zdmciPjwvc3ZnPg==\" data-src=\"https:\/\/www.design-award.cz\/wp-content\/uploads\/2024\/07\/08.png\" data-srcset=\"https:\/\/www.design-award.cz\/wp-content\/uploads\/2024\/07\/08.png 1500w, https:\/\/www.design-award.cz\/wp-content\/uploads\/2024\/07\/08-300x225.png 300w, https:\/\/www.design-award.cz\/wp-content\/uploads\/2024\/07\/08-1024x768.png 1024w, https:\/\/www.design-award.cz\/wp-content\/uploads\/2024\/07\/08-768x576.png 768w, https:\/\/www.design-award.cz\/wp-content\/uploads\/2024\/07\/08-500x375.png 500w, https:\/\/www.design-award.cz\/wp-content\/uploads\/2024\/07\/08-800x600.png 800w, https:\/\/www.design-award.cz\/wp-content\/uploads\/2024\/07\/08-1280x960.png 1280w\" data-sizes=\"auto\" loading=\"eager\">\n\t\t<\/a>\t<\/div>\n<\/div>\n\t<figcaption class=\"vp-portfolio__item-overlay vp-portfolio__item-overlay-text-align-center\">\n\t\t<div class=\"vp-portfolio__item-meta-wrap vp-portfolio__custom-scrollbar\">\n\t\t\t\t<a\n\t\thref=\"https:\/\/www.design-award.cz\/?portfolio=produktovy-design-rozlozitelny-prezentacni-mobiliar-eco\"\n\t\ttabindex=\"-1\" class=\"vp-portfolio__item-meta\" \t>\n\t\n<h2 class=\"vp-portfolio__item-meta-title\">\n\tProduktov\u00fd design &#8211; Rozlo\u017eiteln\u00fd prezenta\u010dn\u00ed mobili\u00e1\u0159 \u2014 Eco<\/h2>\n<\/a>\t\t<\/div>\n\t<\/figcaption>\n\t\t\t<\/figure>\n\t\t\t\t\t<\/article>\n\t\t\n\t\t<article\t\tclass=\"vp-portfolio__item-wrap post-4555 portfolio type-portfolio status-publish format-standard has-post-thumbnail hentry entry has-media vp-portfolio__item-uid-c26845a0\" data-vp-filter=\"\" \t\t>\n\t\t\t\t\t\t\t\t\t<figure class=\"vp-portfolio__item\">\n\t\t\t\t\n<div class=\"vp-portfolio__item-img-wrap\">\n\t<div class=\"vp-portfolio__item-img\">\n\t\t\t<a\n\t\thref=\"https:\/\/www.design-award.cz\/?portfolio=interierovy-design-navrh-interieru-bytu-inspirovaneho-josefem-ludvikem-gocarem\"\n\t\t\t>\n\t\n\t\t<noscript><img decoding=\"async\" width=\"850\" height=\"850\" data-skip-lazy src=\"https:\/\/www.design-award.cz\/wp-content\/uploads\/2025\/05\/Dryakova_Lucie_kuchyn.jpg\" class=\"wp-image-4559\" alt=\"\" srcset=\"https:\/\/www.design-award.cz\/wp-content\/uploads\/2025\/05\/Dryakova_Lucie_kuchyn.jpg 850w, https:\/\/www.design-award.cz\/wp-content\/uploads\/2025\/05\/Dryakova_Lucie_kuchyn-300x300.jpg 300w, https:\/\/www.design-award.cz\/wp-content\/uploads\/2025\/05\/Dryakova_Lucie_kuchyn-150x150.jpg 150w, https:\/\/www.design-award.cz\/wp-content\/uploads\/2025\/05\/Dryakova_Lucie_kuchyn-768x768.jpg 768w, https:\/\/www.design-award.cz\/wp-content\/uploads\/2025\/05\/Dryakova_Lucie_kuchyn-600x600.jpg 600w, https:\/\/www.design-award.cz\/wp-content\/uploads\/2025\/05\/Dryakova_Lucie_kuchyn-500x500.jpg 500w, https:\/\/www.design-award.cz\/wp-content\/uploads\/2025\/05\/Dryakova_Lucie_kuchyn-800x800.jpg 800w\" sizes=\"(max-width: 850px) 100vw, 850px\" \/><\/noscript><img decoding=\"async\" width=\"850\" height=\"850\" src=\"https:\/\/www.design-award.cz\/wp-content\/uploads\/2025\/05\/Dryakova_Lucie_kuchyn.jpg\" class=\"wp-image-4559 vp-lazyload\" alt srcset=\"data:image\/svg+xml;base64,PHN2ZyB3aWR0aD0iODUwIiBoZWlnaHQ9Ijg1MCIgdmlld0JveD0iMCAwIDg1MCA4NTAiIGZpbGw9Im5vbmUiIHhtbG5zPSJodHRwOi8vd3d3LnczLm9yZy8yMDAwL3N2ZyI+PC9zdmc+\" data-src=\"https:\/\/www.design-award.cz\/wp-content\/uploads\/2025\/05\/Dryakova_Lucie_kuchyn.jpg\" data-srcset=\"https:\/\/www.design-award.cz\/wp-content\/uploads\/2025\/05\/Dryakova_Lucie_kuchyn.jpg 850w, https:\/\/www.design-award.cz\/wp-content\/uploads\/2025\/05\/Dryakova_Lucie_kuchyn-300x300.jpg 300w, https:\/\/www.design-award.cz\/wp-content\/uploads\/2025\/05\/Dryakova_Lucie_kuchyn-150x150.jpg 150w, https:\/\/www.design-award.cz\/wp-content\/uploads\/2025\/05\/Dryakova_Lucie_kuchyn-768x768.jpg 768w, https:\/\/www.design-award.cz\/wp-content\/uploads\/2025\/05\/Dryakova_Lucie_kuchyn-600x600.jpg 600w, https:\/\/www.design-award.cz\/wp-content\/uploads\/2025\/05\/Dryakova_Lucie_kuchyn-500x500.jpg 500w, https:\/\/www.design-award.cz\/wp-content\/uploads\/2025\/05\/Dryakova_Lucie_kuchyn-800x800.jpg 800w\" data-sizes=\"auto\" loading=\"eager\">\n\t\t<\/a>\t<\/div>\n<\/div>\n\t<figcaption class=\"vp-portfolio__item-overlay vp-portfolio__item-overlay-text-align-center\">\n\t\t<div class=\"vp-portfolio__item-meta-wrap vp-portfolio__custom-scrollbar\">\n\t\t\t\t<a\n\t\thref=\"https:\/\/www.design-award.cz\/?portfolio=interierovy-design-navrh-interieru-bytu-inspirovaneho-josefem-ludvikem-gocarem\"\n\t\ttabindex=\"-1\" class=\"vp-portfolio__item-meta\" \t>\n\t\n<h2 class=\"vp-portfolio__item-meta-title\">\n\tInteri\u00e9rov\u00fd design &#8211; N\u00c1VRH INTERI\u00c9RU BYTU inspirovan\u00e9ho Josefem Ludv\u00edkem Go\u010d\u00e1rem<\/h2>\n<\/a>\t\t<\/div>\n\t<\/figcaption>\n\t\t\t<\/figure>\n\t\t\t\t\t<\/article>\n\t\t\n\t\t<article\t\tclass=\"vp-portfolio__item-wrap post-2461 portfolio type-portfolio status-publish format-standard has-post-thumbnail hentry portfolio_category-soutezici-2023 entry has-media vp-portfolio__item-uid-ca81e791\" data-vp-filter=\"soutezici-2023\" \t\t>\n\t\t\t\t\t\t\t\t\t<figure class=\"vp-portfolio__item\">\n\t\t\t\t\n<div class=\"vp-portfolio__item-img-wrap\">\n\t<div class=\"vp-portfolio__item-img\">\n\t\t\t<a\n\t\thref=\"https:\/\/www.design-award.cz\/?portfolio=soukromy-interier-tiny-house-2\"\n\t\t\t>\n\t\n\t\t<noscript><img decoding=\"async\" width=\"1438\" height=\"1800\" data-skip-lazy src=\"https:\/\/www.design-award.cz\/wp-content\/uploads\/2023\/04\/OBYVAKK.jpg\" class=\"wp-image-2463\" alt=\"\" srcset=\"https:\/\/www.design-award.cz\/wp-content\/uploads\/2023\/04\/OBYVAKK.jpg 1438w, https:\/\/www.design-award.cz\/wp-content\/uploads\/2023\/04\/OBYVAKK-240x300.jpg 240w, https:\/\/www.design-award.cz\/wp-content\/uploads\/2023\/04\/OBYVAKK-818x1024.jpg 818w, https:\/\/www.design-award.cz\/wp-content\/uploads\/2023\/04\/OBYVAKK-768x961.jpg 768w, https:\/\/www.design-award.cz\/wp-content\/uploads\/2023\/04\/OBYVAKK-1227x1536.jpg 1227w, https:\/\/www.design-award.cz\/wp-content\/uploads\/2023\/04\/OBYVAKK-500x626.jpg 500w, https:\/\/www.design-award.cz\/wp-content\/uploads\/2023\/04\/OBYVAKK-800x1001.jpg 800w, https:\/\/www.design-award.cz\/wp-content\/uploads\/2023\/04\/OBYVAKK-1280x1602.jpg 1280w\" sizes=\"(max-width: 1438px) 100vw, 1438px\" \/><\/noscript><img decoding=\"async\" width=\"1438\" height=\"1800\" src=\"https:\/\/www.design-award.cz\/wp-content\/uploads\/2023\/04\/OBYVAKK.jpg\" class=\"wp-image-2463 vp-lazyload\" alt srcset=\"data:image\/svg+xml;base64,PHN2ZyB3aWR0aD0iMTQzOCIgaGVpZ2h0PSIxODAwIiB2aWV3Qm94PSIwIDAgMTQzOCAxODAwIiBmaWxsPSJub25lIiB4bWxucz0iaHR0cDovL3d3dy53My5vcmcvMjAwMC9zdmciPjwvc3ZnPg==\" data-src=\"https:\/\/www.design-award.cz\/wp-content\/uploads\/2023\/04\/OBYVAKK.jpg\" data-srcset=\"https:\/\/www.design-award.cz\/wp-content\/uploads\/2023\/04\/OBYVAKK.jpg 1438w, https:\/\/www.design-award.cz\/wp-content\/uploads\/2023\/04\/OBYVAKK-240x300.jpg 240w, https:\/\/www.design-award.cz\/wp-content\/uploads\/2023\/04\/OBYVAKK-818x1024.jpg 818w, https:\/\/www.design-award.cz\/wp-content\/uploads\/2023\/04\/OBYVAKK-768x961.jpg 768w, https:\/\/www.design-award.cz\/wp-content\/uploads\/2023\/04\/OBYVAKK-1227x1536.jpg 1227w, https:\/\/www.design-award.cz\/wp-content\/uploads\/2023\/04\/OBYVAKK-500x626.jpg 500w, https:\/\/www.design-award.cz\/wp-content\/uploads\/2023\/04\/OBYVAKK-800x1001.jpg 800w, https:\/\/www.design-award.cz\/wp-content\/uploads\/2023\/04\/OBYVAKK-1280x1602.jpg 1280w\" data-sizes=\"auto\" loading=\"eager\">\n\t\t<\/a>\t<\/div>\n<\/div>\n\t<figcaption class=\"vp-portfolio__item-overlay vp-portfolio__item-overlay-text-align-center\">\n\t\t<div class=\"vp-portfolio__item-meta-wrap vp-portfolio__custom-scrollbar\">\n\t\t\t\t<a\n\t\thref=\"https:\/\/www.design-award.cz\/?portfolio=soukromy-interier-tiny-house-2\"\n\t\ttabindex=\"-1\" class=\"vp-portfolio__item-meta\" \t>\n\t\n<div class=\"vp-portfolio__item-meta-categories\">\n\t\t\t<div class=\"vp-portfolio__item-meta-category\">\n\t\t\t\t<span\t\t\t>\n\tSOUT\u011a\u017d\u00cdC\u00cd 2023<\/span>\t\t<\/div>\n\t\t<\/div>\n\n<h2 class=\"vp-portfolio__item-meta-title\">\n\tSoukrom\u00fd interi\u00e9r &#8211; Tiny House<\/h2>\n<\/a>\t\t<\/div>\n\t<\/figcaption>\n\t\t\t<\/figure>\n\t\t\t\t\t<\/article>\n\t\t\n\t\t<article\t\tclass=\"vp-portfolio__item-wrap post-3632 portfolio type-portfolio status-publish format-standard has-post-thumbnail hentry entry has-media vp-portfolio__item-uid-95c7f165\" data-vp-filter=\"\" \t\t>\n\t\t\t\t\t\t\t\t\t<figure class=\"vp-portfolio__item\">\n\t\t\t\t\n<div class=\"vp-portfolio__item-img-wrap\">\n\t<div class=\"vp-portfolio__item-img\">\n\t\t\t<a\n\t\thref=\"https:\/\/www.design-award.cz\/?portfolio=verejny-interier-kafe\"\n\t\t\t>\n\t\n\t\t<noscript><img decoding=\"async\" width=\"1920\" height=\"1080\" data-skip-lazy src=\"https:\/\/www.design-award.cz\/wp-content\/uploads\/2024\/06\/render-venku-kafe_Photo-2-copy-1920x1080.jpg\" class=\"wp-image-3639\" alt=\"\" srcset=\"https:\/\/www.design-award.cz\/wp-content\/uploads\/2024\/06\/render-venku-kafe_Photo-2-copy-1920x1080.jpg 1920w, https:\/\/www.design-award.cz\/wp-content\/uploads\/2024\/06\/render-venku-kafe_Photo-2-copy-300x169.jpg 300w, https:\/\/www.design-award.cz\/wp-content\/uploads\/2024\/06\/render-venku-kafe_Photo-2-copy-1024x576.jpg 1024w, https:\/\/www.design-award.cz\/wp-content\/uploads\/2024\/06\/render-venku-kafe_Photo-2-copy-768x432.jpg 768w, https:\/\/www.design-award.cz\/wp-content\/uploads\/2024\/06\/render-venku-kafe_Photo-2-copy-1536x864.jpg 1536w, https:\/\/www.design-award.cz\/wp-content\/uploads\/2024\/06\/render-venku-kafe_Photo-2-copy-2048x1152.jpg 2048w, https:\/\/www.design-award.cz\/wp-content\/uploads\/2024\/06\/render-venku-kafe_Photo-2-copy-500x281.jpg 500w, https:\/\/www.design-award.cz\/wp-content\/uploads\/2024\/06\/render-venku-kafe_Photo-2-copy-800x450.jpg 800w, https:\/\/www.design-award.cz\/wp-content\/uploads\/2024\/06\/render-venku-kafe_Photo-2-copy-1280x720.jpg 1280w\" sizes=\"(max-width: 1920px) 100vw, 1920px\" \/><\/noscript><img decoding=\"async\" width=\"1920\" height=\"1080\" src=\"https:\/\/www.design-award.cz\/wp-content\/uploads\/2024\/06\/render-venku-kafe_Photo-2-copy-1920x1080.jpg\" class=\"wp-image-3639 vp-lazyload\" alt srcset=\"data:image\/svg+xml;base64,PHN2ZyB3aWR0aD0iMTkyMCIgaGVpZ2h0PSIxMDgwIiB2aWV3Qm94PSIwIDAgMTkyMCAxMDgwIiBmaWxsPSJub25lIiB4bWxucz0iaHR0cDovL3d3dy53My5vcmcvMjAwMC9zdmciPjwvc3ZnPg==\" data-src=\"https:\/\/www.design-award.cz\/wp-content\/uploads\/2024\/06\/render-venku-kafe_Photo-2-copy-1920x1080.jpg\" data-srcset=\"https:\/\/www.design-award.cz\/wp-content\/uploads\/2024\/06\/render-venku-kafe_Photo-2-copy-1920x1080.jpg 1920w, https:\/\/www.design-award.cz\/wp-content\/uploads\/2024\/06\/render-venku-kafe_Photo-2-copy-300x169.jpg 300w, https:\/\/www.design-award.cz\/wp-content\/uploads\/2024\/06\/render-venku-kafe_Photo-2-copy-1024x576.jpg 1024w, https:\/\/www.design-award.cz\/wp-content\/uploads\/2024\/06\/render-venku-kafe_Photo-2-copy-768x432.jpg 768w, https:\/\/www.design-award.cz\/wp-content\/uploads\/2024\/06\/render-venku-kafe_Photo-2-copy-1536x864.jpg 1536w, https:\/\/www.design-award.cz\/wp-content\/uploads\/2024\/06\/render-venku-kafe_Photo-2-copy-2048x1152.jpg 2048w, https:\/\/www.design-award.cz\/wp-content\/uploads\/2024\/06\/render-venku-kafe_Photo-2-copy-500x281.jpg 500w, https:\/\/www.design-award.cz\/wp-content\/uploads\/2024\/06\/render-venku-kafe_Photo-2-copy-800x450.jpg 800w, https:\/\/www.design-award.cz\/wp-content\/uploads\/2024\/06\/render-venku-kafe_Photo-2-copy-1280x720.jpg 1280w\" data-sizes=\"auto\" loading=\"eager\">\n\t\t<\/a>\t<\/div>\n<\/div>\n\t<figcaption class=\"vp-portfolio__item-overlay vp-portfolio__item-overlay-text-align-center\">\n\t\t<div class=\"vp-portfolio__item-meta-wrap vp-portfolio__custom-scrollbar\">\n\t\t\t\t<a\n\t\thref=\"https:\/\/www.design-award.cz\/?portfolio=verejny-interier-kafe\"\n\t\ttabindex=\"-1\" class=\"vp-portfolio__item-meta\" \t>\n\t\n<h2 class=\"vp-portfolio__item-meta-title\">\n\tVe\u0159ejn\u00fd interi\u00e9r &#8211; KAFE?<\/h2>\n<\/a>\t\t<\/div>\n\t<\/figcaption>\n\t\t\t<\/figure>\n\t\t\t\t\t<\/article>\n\t\t\n\t\t<article\t\tclass=\"vp-portfolio__item-wrap post-1726 portfolio type-portfolio status-publish format-standard has-post-thumbnail hentry portfolio_category-soutezici-2023 entry has-media vp-portfolio__item-uid-207aa681\" data-vp-filter=\"soutezici-2023\" \t\t>\n\t\t\t\t\t\t\t\t\t<figure class=\"vp-portfolio__item\">\n\t\t\t\t\n<div class=\"vp-portfolio__item-img-wrap\">\n\t<div class=\"vp-portfolio__item-img\">\n\t\t\t<a\n\t\thref=\"https:\/\/www.design-award.cz\/?portfolio=soukromy-interier-thallasa-plazovy-domek\"\n\t\t\t>\n\t\n\t\t<noscript><img decoding=\"async\" width=\"1920\" height=\"1358\" data-skip-lazy src=\"https:\/\/www.design-award.cz\/wp-content\/uploads\/2023\/02\/1-chatka-1920x1358.jpg\" class=\"wp-image-1731\" alt=\"\" srcset=\"https:\/\/www.design-award.cz\/wp-content\/uploads\/2023\/02\/1-chatka-1920x1358.jpg 1920w, https:\/\/www.design-award.cz\/wp-content\/uploads\/2023\/02\/1-chatka-300x212.jpg 300w, https:\/\/www.design-award.cz\/wp-content\/uploads\/2023\/02\/1-chatka-1024x724.jpg 1024w, https:\/\/www.design-award.cz\/wp-content\/uploads\/2023\/02\/1-chatka-768x543.jpg 768w, https:\/\/www.design-award.cz\/wp-content\/uploads\/2023\/02\/1-chatka-1536x1086.jpg 1536w, https:\/\/www.design-award.cz\/wp-content\/uploads\/2023\/02\/1-chatka-2048x1448.jpg 2048w, https:\/\/www.design-award.cz\/wp-content\/uploads\/2023\/02\/1-chatka-500x354.jpg 500w, https:\/\/www.design-award.cz\/wp-content\/uploads\/2023\/02\/1-chatka-800x566.jpg 800w, https:\/\/www.design-award.cz\/wp-content\/uploads\/2023\/02\/1-chatka-1280x905.jpg 1280w\" sizes=\"(max-width: 1920px) 100vw, 1920px\" \/><\/noscript><img decoding=\"async\" width=\"1920\" height=\"1358\" src=\"https:\/\/www.design-award.cz\/wp-content\/uploads\/2023\/02\/1-chatka-1920x1358.jpg\" class=\"wp-image-1731 vp-lazyload\" alt srcset=\"data:image\/svg+xml;base64,PHN2ZyB3aWR0aD0iMTkyMCIgaGVpZ2h0PSIxMzU4IiB2aWV3Qm94PSIwIDAgMTkyMCAxMzU4IiBmaWxsPSJub25lIiB4bWxucz0iaHR0cDovL3d3dy53My5vcmcvMjAwMC9zdmciPjwvc3ZnPg==\" data-src=\"https:\/\/www.design-award.cz\/wp-content\/uploads\/2023\/02\/1-chatka-1920x1358.jpg\" data-srcset=\"https:\/\/www.design-award.cz\/wp-content\/uploads\/2023\/02\/1-chatka-1920x1358.jpg 1920w, https:\/\/www.design-award.cz\/wp-content\/uploads\/2023\/02\/1-chatka-300x212.jpg 300w, https:\/\/www.design-award.cz\/wp-content\/uploads\/2023\/02\/1-chatka-1024x724.jpg 1024w, https:\/\/www.design-award.cz\/wp-content\/uploads\/2023\/02\/1-chatka-768x543.jpg 768w, https:\/\/www.design-award.cz\/wp-content\/uploads\/2023\/02\/1-chatka-1536x1086.jpg 1536w, https:\/\/www.design-award.cz\/wp-content\/uploads\/2023\/02\/1-chatka-2048x1448.jpg 2048w, https:\/\/www.design-award.cz\/wp-content\/uploads\/2023\/02\/1-chatka-500x354.jpg 500w, https:\/\/www.design-award.cz\/wp-content\/uploads\/2023\/02\/1-chatka-800x566.jpg 800w, https:\/\/www.design-award.cz\/wp-content\/uploads\/2023\/02\/1-chatka-1280x905.jpg 1280w\" data-sizes=\"auto\" loading=\"eager\">\n\t\t<\/a>\t<\/div>\n<\/div>\n\t<figcaption class=\"vp-portfolio__item-overlay vp-portfolio__item-overlay-text-align-center\">\n\t\t<div class=\"vp-portfolio__item-meta-wrap vp-portfolio__custom-scrollbar\">\n\t\t\t\t<a\n\t\thref=\"https:\/\/www.design-award.cz\/?portfolio=soukromy-interier-thallasa-plazovy-domek\"\n\t\ttabindex=\"-1\" class=\"vp-portfolio__item-meta\" \t>\n\t\n<div class=\"vp-portfolio__item-meta-categories\">\n\t\t\t<div class=\"vp-portfolio__item-meta-category\">\n\t\t\t\t<span\t\t\t>\n\tSOUT\u011a\u017d\u00cdC\u00cd 2023<\/span>\t\t<\/div>\n\t\t<\/div>\n\n<h2 class=\"vp-portfolio__item-meta-title\">\n\tVe\u0159ejn\u00fd interi\u00e9r &#8211; Thallasa \u2013 pl\u00e1\u017eov\u00fd domek<\/h2>\n<\/a>\t\t<\/div>\n\t<\/figcaption>\n\t\t\t<\/figure>\n\t\t\t\t\t<\/article>\n\t\t\n\t\t<article\t\tclass=\"vp-portfolio__item-wrap post-1346 portfolio type-portfolio status-publish format-standard has-post-thumbnail hentry entry has-media vp-portfolio__item-uid-7129a9db\" data-vp-filter=\"\" \t\t>\n\t\t\t\t\t\t\t\t\t<figure class=\"vp-portfolio__item\">\n\t\t\t\t\n<div class=\"vp-portfolio__item-img-wrap\">\n\t<div class=\"vp-portfolio__item-img\">\n\t\t\t<a\n\t\thref=\"https:\/\/www.design-award.cz\/?portfolio=produktovy-design-expozicni-stanek-pro-veletrh-2\"\n\t\t\t>\n\t\n\t\t<noscript><img decoding=\"async\" width=\"1920\" height=\"1357\" data-skip-lazy src=\"https:\/\/www.design-award.cz\/wp-content\/uploads\/2022\/05\/sara_Fedurcova.jpg\" class=\"wp-image-1513\" alt=\"\" srcset=\"https:\/\/www.design-award.cz\/wp-content\/uploads\/2022\/05\/sara_Fedurcova.jpg 1920w, https:\/\/www.design-award.cz\/wp-content\/uploads\/2022\/05\/sara_Fedurcova-300x212.jpg 300w, https:\/\/www.design-award.cz\/wp-content\/uploads\/2022\/05\/sara_Fedurcova-1024x724.jpg 1024w, https:\/\/www.design-award.cz\/wp-content\/uploads\/2022\/05\/sara_Fedurcova-768x543.jpg 768w, https:\/\/www.design-award.cz\/wp-content\/uploads\/2022\/05\/sara_Fedurcova-1536x1086.jpg 1536w, https:\/\/www.design-award.cz\/wp-content\/uploads\/2022\/05\/sara_Fedurcova-500x353.jpg 500w, https:\/\/www.design-award.cz\/wp-content\/uploads\/2022\/05\/sara_Fedurcova-800x565.jpg 800w, https:\/\/www.design-award.cz\/wp-content\/uploads\/2022\/05\/sara_Fedurcova-1280x905.jpg 1280w\" sizes=\"(max-width: 1920px) 100vw, 1920px\" \/><\/noscript><img decoding=\"async\" width=\"1920\" height=\"1357\" src=\"https:\/\/www.design-award.cz\/wp-content\/uploads\/2022\/05\/sara_Fedurcova.jpg\" class=\"wp-image-1513 vp-lazyload\" alt srcset=\"data:image\/svg+xml;base64,PHN2ZyB3aWR0aD0iMTkyMCIgaGVpZ2h0PSIxMzU3IiB2aWV3Qm94PSIwIDAgMTkyMCAxMzU3IiBmaWxsPSJub25lIiB4bWxucz0iaHR0cDovL3d3dy53My5vcmcvMjAwMC9zdmciPjwvc3ZnPg==\" data-src=\"https:\/\/www.design-award.cz\/wp-content\/uploads\/2022\/05\/sara_Fedurcova.jpg\" data-srcset=\"https:\/\/www.design-award.cz\/wp-content\/uploads\/2022\/05\/sara_Fedurcova.jpg 1920w, https:\/\/www.design-award.cz\/wp-content\/uploads\/2022\/05\/sara_Fedurcova-300x212.jpg 300w, https:\/\/www.design-award.cz\/wp-content\/uploads\/2022\/05\/sara_Fedurcova-1024x724.jpg 1024w, https:\/\/www.design-award.cz\/wp-content\/uploads\/2022\/05\/sara_Fedurcova-768x543.jpg 768w, https:\/\/www.design-award.cz\/wp-content\/uploads\/2022\/05\/sara_Fedurcova-1536x1086.jpg 1536w, https:\/\/www.design-award.cz\/wp-content\/uploads\/2022\/05\/sara_Fedurcova-500x353.jpg 500w, https:\/\/www.design-award.cz\/wp-content\/uploads\/2022\/05\/sara_Fedurcova-800x565.jpg 800w, https:\/\/www.design-award.cz\/wp-content\/uploads\/2022\/05\/sara_Fedurcova-1280x905.jpg 1280w\" data-sizes=\"auto\" loading=\"eager\">\n\t\t<\/a>\t<\/div>\n<\/div>\n\t<figcaption class=\"vp-portfolio__item-overlay vp-portfolio__item-overlay-text-align-center\">\n\t\t<div class=\"vp-portfolio__item-meta-wrap vp-portfolio__custom-scrollbar\">\n\t\t\t\t<a\n\t\thref=\"https:\/\/www.design-award.cz\/?portfolio=produktovy-design-expozicni-stanek-pro-veletrh-2\"\n\t\ttabindex=\"-1\" class=\"vp-portfolio__item-meta\" \t>\n\t\n<h2 class=\"vp-portfolio__item-meta-title\">\n\tProduktov\u00fd design &#8211; Expozi\u010dn\u00ed st\u00e1nek pro veletrh<\/h2>\n<\/a>\t\t<\/div>\n\t<\/figcaption>\n\t\t\t<\/figure>\n\t\t\t\t\t<\/article>\n\t\t\n\t\t<article\t\tclass=\"vp-portfolio__item-wrap post-5676 portfolio type-portfolio status-publish format-standard has-post-thumbnail hentry entry has-media vp-portfolio__item-uid-d3adafa4\" data-vp-filter=\"\" \t\t>\n\t\t\t\t\t\t\t\t\t<figure class=\"vp-portfolio__item\">\n\t\t\t\t\n<div class=\"vp-portfolio__item-img-wrap\">\n\t<div class=\"vp-portfolio__item-img\">\n\t\t\t<a\n\t\thref=\"https:\/\/www.design-award.cz\/?portfolio=interierovy-design-rodinny-dum-z-lodnich-kontejneru\"\n\t\t\t>\n\t\n\t\t<noscript><img decoding=\"async\" width=\"850\" height=\"661\" data-skip-lazy src=\"https:\/\/www.design-award.cz\/wp-content\/uploads\/2025\/07\/obyvak.png\" class=\"wp-image-5679\" alt=\"\" srcset=\"https:\/\/www.design-award.cz\/wp-content\/uploads\/2025\/07\/obyvak.png 850w, https:\/\/www.design-award.cz\/wp-content\/uploads\/2025\/07\/obyvak-300x233.png 300w, https:\/\/www.design-award.cz\/wp-content\/uploads\/2025\/07\/obyvak-768x597.png 768w, https:\/\/www.design-award.cz\/wp-content\/uploads\/2025\/07\/obyvak-500x389.png 500w, https:\/\/www.design-award.cz\/wp-content\/uploads\/2025\/07\/obyvak-800x622.png 800w\" sizes=\"(max-width: 850px) 100vw, 850px\" \/><\/noscript><img decoding=\"async\" width=\"850\" height=\"661\" src=\"https:\/\/www.design-award.cz\/wp-content\/uploads\/2025\/07\/obyvak.png\" class=\"wp-image-5679 vp-lazyload\" alt srcset=\"data:image\/svg+xml;base64,PHN2ZyB3aWR0aD0iODUwIiBoZWlnaHQ9IjY2MSIgdmlld0JveD0iMCAwIDg1MCA2NjEiIGZpbGw9Im5vbmUiIHhtbG5zPSJodHRwOi8vd3d3LnczLm9yZy8yMDAwL3N2ZyI+PC9zdmc+\" data-src=\"https:\/\/www.design-award.cz\/wp-content\/uploads\/2025\/07\/obyvak.png\" data-srcset=\"https:\/\/www.design-award.cz\/wp-content\/uploads\/2025\/07\/obyvak.png 850w, https:\/\/www.design-award.cz\/wp-content\/uploads\/2025\/07\/obyvak-300x233.png 300w, https:\/\/www.design-award.cz\/wp-content\/uploads\/2025\/07\/obyvak-768x597.png 768w, https:\/\/www.design-award.cz\/wp-content\/uploads\/2025\/07\/obyvak-500x389.png 500w, https:\/\/www.design-award.cz\/wp-content\/uploads\/2025\/07\/obyvak-800x622.png 800w\" data-sizes=\"auto\" loading=\"eager\">\n\t\t<\/a>\t<\/div>\n<\/div>\n\t<figcaption class=\"vp-portfolio__item-overlay vp-portfolio__item-overlay-text-align-center\">\n\t\t<div class=\"vp-portfolio__item-meta-wrap vp-portfolio__custom-scrollbar\">\n\t\t\t\t<a\n\t\thref=\"https:\/\/www.design-award.cz\/?portfolio=interierovy-design-rodinny-dum-z-lodnich-kontejneru\"\n\t\ttabindex=\"-1\" class=\"vp-portfolio__item-meta\" \t>\n\t\n<h2 class=\"vp-portfolio__item-meta-title\">\n\tInteri\u00e9rov\u00fd design &#8211; RODINN\u00dd D\u016eM Z LODN\u00cdCH KONTEJNER\u016e<\/h2>\n<\/a>\t\t<\/div>\n\t<\/figcaption>\n\t\t\t<\/figure>\n\t\t\t\t\t<\/article>\n\t\t\n\t\t<article\t\tclass=\"vp-portfolio__item-wrap post-1338 portfolio type-portfolio status-publish format-standard has-post-thumbnail hentry entry has-media vp-portfolio__item-uid-d9d0121b\" data-vp-filter=\"\" \t\t>\n\t\t\t\t\t\t\t\t\t<figure class=\"vp-portfolio__item\">\n\t\t\t\t\n<div class=\"vp-portfolio__item-img-wrap\">\n\t<div class=\"vp-portfolio__item-img\">\n\t\t\t<a\n\t\thref=\"https:\/\/www.design-award.cz\/?portfolio=produktovy-design-expozicni-stanek-pro-veletrh\"\n\t\t\t>\n\t\n\t\t<noscript><img decoding=\"async\" width=\"1920\" height=\"1358\" data-skip-lazy src=\"https:\/\/www.design-award.cz\/wp-content\/uploads\/2022\/04\/Tachova_dvirka-1920x1358.jpg\" class=\"wp-image-1339\" alt=\"\" srcset=\"https:\/\/www.design-award.cz\/wp-content\/uploads\/2022\/04\/Tachova_dvirka-1920x1358.jpg 1920w, https:\/\/www.design-award.cz\/wp-content\/uploads\/2022\/04\/Tachova_dvirka-300x212.jpg 300w, https:\/\/www.design-award.cz\/wp-content\/uploads\/2022\/04\/Tachova_dvirka-1024x724.jpg 1024w, https:\/\/www.design-award.cz\/wp-content\/uploads\/2022\/04\/Tachova_dvirka-768x543.jpg 768w, https:\/\/www.design-award.cz\/wp-content\/uploads\/2022\/04\/Tachova_dvirka-1536x1087.jpg 1536w, https:\/\/www.design-award.cz\/wp-content\/uploads\/2022\/04\/Tachova_dvirka-2048x1449.jpg 2048w, https:\/\/www.design-award.cz\/wp-content\/uploads\/2022\/04\/Tachova_dvirka-500x354.jpg 500w, https:\/\/www.design-award.cz\/wp-content\/uploads\/2022\/04\/Tachova_dvirka-800x566.jpg 800w, https:\/\/www.design-award.cz\/wp-content\/uploads\/2022\/04\/Tachova_dvirka-1280x906.jpg 1280w\" sizes=\"(max-width: 1920px) 100vw, 1920px\" \/><\/noscript><img decoding=\"async\" width=\"1920\" height=\"1358\" src=\"https:\/\/www.design-award.cz\/wp-content\/uploads\/2022\/04\/Tachova_dvirka-1920x1358.jpg\" class=\"wp-image-1339 vp-lazyload\" alt srcset=\"data:image\/svg+xml;base64,PHN2ZyB3aWR0aD0iMTkyMCIgaGVpZ2h0PSIxMzU4IiB2aWV3Qm94PSIwIDAgMTkyMCAxMzU4IiBmaWxsPSJub25lIiB4bWxucz0iaHR0cDovL3d3dy53My5vcmcvMjAwMC9zdmciPjwvc3ZnPg==\" data-src=\"https:\/\/www.design-award.cz\/wp-content\/uploads\/2022\/04\/Tachova_dvirka-1920x1358.jpg\" data-srcset=\"https:\/\/www.design-award.cz\/wp-content\/uploads\/2022\/04\/Tachova_dvirka-1920x1358.jpg 1920w, https:\/\/www.design-award.cz\/wp-content\/uploads\/2022\/04\/Tachova_dvirka-300x212.jpg 300w, https:\/\/www.design-award.cz\/wp-content\/uploads\/2022\/04\/Tachova_dvirka-1024x724.jpg 1024w, https:\/\/www.design-award.cz\/wp-content\/uploads\/2022\/04\/Tachova_dvirka-768x543.jpg 768w, https:\/\/www.design-award.cz\/wp-content\/uploads\/2022\/04\/Tachova_dvirka-1536x1087.jpg 1536w, https:\/\/www.design-award.cz\/wp-content\/uploads\/2022\/04\/Tachova_dvirka-2048x1449.jpg 2048w, https:\/\/www.design-award.cz\/wp-content\/uploads\/2022\/04\/Tachova_dvirka-500x354.jpg 500w, https:\/\/www.design-award.cz\/wp-content\/uploads\/2022\/04\/Tachova_dvirka-800x566.jpg 800w, https:\/\/www.design-award.cz\/wp-content\/uploads\/2022\/04\/Tachova_dvirka-1280x906.jpg 1280w\" data-sizes=\"auto\" loading=\"eager\">\n\t\t<\/a>\t<\/div>\n<\/div>\n\t<figcaption class=\"vp-portfolio__item-overlay vp-portfolio__item-overlay-text-align-center\">\n\t\t<div class=\"vp-portfolio__item-meta-wrap vp-portfolio__custom-scrollbar\">\n\t\t\t\t<a\n\t\thref=\"https:\/\/www.design-award.cz\/?portfolio=produktovy-design-expozicni-stanek-pro-veletrh\"\n\t\ttabindex=\"-1\" class=\"vp-portfolio__item-meta\" \t>\n\t\n<h2 class=\"vp-portfolio__item-meta-title\">\n\tProduktov\u00fd design &#8211; Expozi\u010dn\u00ed st\u00e1nek pro veletrh<\/h2>\n<\/a>\t\t<\/div>\n\t<\/figcaption>\n\t\t\t<\/figure>\n\t\t\t\t\t<\/article>\n\t\t\n<\/div>\n\n<div class=\"vp-portfolio__items-arrow vp-portfolio__items-arrow-prev\" tabindex=\"0\" role=\"button\" aria-label=\"Previous Slide\">\n\t\n<svg class=\"vp-svg-icon\" width=\"20\" height=\"20\" viewBox=\"0 0 20 20\" fill=\"none\" xmlns=\"http:\/\/www.w3.org\/2000\/svg\">\n\t<path d=\"M12 4L6 10L12 16\" stroke=\"currentColor\" stroke-width=\"1.5\" stroke-linecap=\"round\" stroke-linejoin=\"round\" fill=\"transparent\" \/>\n<\/svg>\n<\/div>\n<div class=\"vp-portfolio__items-arrow vp-portfolio__items-arrow-next\" tabindex=\"0\" role=\"button\" aria-label=\"Next Slide\">\n\t\n<svg class=\"vp-svg-icon\" width=\"20\" height=\"20\" viewBox=\"0 0 20 20\" fill=\"none\" xmlns=\"http:\/\/www.w3.org\/2000\/svg\">\n\t<path d=\"M8 4L14 10L8 16\" stroke=\"currentColor\" stroke-width=\"1.5\" stroke-linecap=\"round\" stroke-linejoin=\"round\" fill=\"transparent\" \/>\n<\/svg>\n<\/div>\n\t\t<\/div>\n\t\t\t\t<div class=\"vp-portfolio__layout-elements vp-portfolio__layout-elements-bottom vp-portfolio__layout-elements-align-center\">\n\t\t\t\t<div class=\"vp-portfolio__pagination-wrap\">\n\t\t\n<div class=\"vp-pagination vp-pagination__style-minimal\" data-vp-pagination-type=\"load-more\">\n\t<div class=\"vp-pagination__item\">\n\t\t<a class=\"vp-pagination__load-more\" href=\"https:\/\/www.design-award.cz\/index.php?rest_route=%2Fwp%2Fv2%2Fportfolio%2F1255&#038;vp_page=2\">\n\t\t\t<span>Load More<\/span>\n\t\t\t<span class=\"vp-pagination__load-more-loading\"><span class=\"vp-spinner\"><\/span><span class=\"vp-screen-reader-text\"> Loading More&#8230;<\/span><\/span>\n\t\t\t<span class=\"vp-pagination__load-more-no-more\">You\u2019ve reached the end of the list<\/span>\n\t\t<\/a>\n\t<\/div>\n<\/div>\n\t\t<\/div>\n\t\t\t\t<\/div>\n\t\t\n<\/div>\n<\/div>","protected":false},"excerpt":{"rendered":"<p>Denis Ferenc Michael \u2013 St\u0159edn\u00ed \u0161kola a Vy\u0161\u0161\u00ed odborn\u00e1 \u0161kola reklamn\u00ed a um\u011bleck\u00e9 tvorby N\u00e1vrh maringotky pro Drobny Dom.<\/p>\n","protected":false},"author":1,"featured_media":1259,"menu_order":0,"comment_status":"closed","ping_status":"closed","template":"","format":"standard","meta":{"ngg_post_thumbnail":0,"ocean_post_layout":"","ocean_both_sidebars_style":"","ocean_both_sidebars_content_width":0,"ocean_both_sidebars_sidebars_width":0,"ocean_sidebar":"","ocean_second_sidebar":"","ocean_disable_margins":"enable","ocean_add_body_class":"","ocean_shortcode_before_top_bar":"","ocean_shortcode_after_top_bar":"","ocean_shortcode_before_header":"","ocean_shortcode_after_header":"","ocean_has_shortcode":"","ocean_shortcode_after_title":"","ocean_shortcode_before_footer_widgets":"","ocean_shortcode_after_footer_widgets":"","ocean_shortcode_before_footer_bottom":"","ocean_shortcode_after_footer_bottom":"","ocean_display_top_bar":"default","ocean_display_header":"default","ocean_header_style":"","ocean_center_header_left_menu":"","ocean_custom_header_template":"","ocean_custom_logo":0,"ocean_custom_retina_logo":0,"ocean_custom_logo_max_width":0,"ocean_custom_logo_tablet_max_width":0,"ocean_custom_logo_mobile_max_width":0,"ocean_custom_logo_max_height":0,"ocean_custom_logo_tablet_max_height":0,"ocean_custom_logo_mobile_max_height":0,"ocean_header_custom_menu":"","ocean_menu_typo_font_family":"","ocean_menu_typo_font_subset":"","ocean_menu_typo_font_size":0,"ocean_menu_typo_font_size_tablet":0,"ocean_menu_typo_font_size_mobile":0,"ocean_menu_typo_font_size_unit":"px","ocean_menu_typo_font_weight":"","ocean_menu_typo_font_weight_tablet":"","ocean_menu_typo_font_weight_mobile":"","ocean_menu_typo_transform":"","ocean_menu_typo_transform_tablet":"","ocean_menu_typo_transform_mobile":"","ocean_menu_typo_line_height":0,"ocean_menu_typo_line_height_tablet":0,"ocean_menu_typo_line_height_mobile":0,"ocean_menu_typo_line_height_unit":"","ocean_menu_typo_spacing":0,"ocean_menu_typo_spacing_tablet":0,"ocean_menu_typo_spacing_mobile":0,"ocean_menu_typo_spacing_unit":"","ocean_menu_link_color":"","ocean_menu_link_color_hover":"","ocean_menu_link_color_active":"","ocean_menu_link_background":"","ocean_menu_link_hover_background":"","ocean_menu_link_active_background":"","ocean_menu_social_links_bg":"","ocean_menu_social_hover_links_bg":"","ocean_menu_social_links_color":"","ocean_menu_social_hover_links_color":"","ocean_disable_title":"default","ocean_disable_heading":"default","ocean_post_title":"","ocean_post_subheading":"","ocean_post_title_style":"","ocean_post_title_background_color":"","ocean_post_title_background":0,"ocean_post_title_bg_image_position":"","ocean_post_title_bg_image_attachment":"","ocean_post_title_bg_image_repeat":"","ocean_post_title_bg_image_size":"","ocean_post_title_height":0,"ocean_post_title_bg_overlay":0.5,"ocean_post_title_bg_overlay_color":"","ocean_disable_breadcrumbs":"default","ocean_breadcrumbs_color":"","ocean_breadcrumbs_separator_color":"","ocean_breadcrumbs_links_color":"","ocean_breadcrumbs_links_hover_color":"","ocean_display_footer_widgets":"default","ocean_display_footer_bottom":"default","ocean_custom_footer_template":"","_vp_format_video_url":"","_vp_image_focal_point":[],"footnotes":""},"portfolio_category":[],"portfolio_tag":[],"class_list":["post-1255","portfolio","type-portfolio","status-publish","format-standard","has-post-thumbnail","hentry","entry","has-media"],"yoast_head":"<!-- This site is optimized with the Yoast SEO plugin v25.2 - https:\/\/yoast.com\/wordpress\/plugins\/seo\/ -->\n<title>Soukrom\u00fd interi\u00e9r - Maringotka - design-award.cz<\/title>\n<meta name=\"robots\" content=\"index, follow, max-snippet:-1, max-image-preview:large, max-video-preview:-1\" \/>\n<link rel=\"canonical\" href=\"https:\/\/www.design-award.cz\/?portfolio=soukromy-interier-maringotka-2\" \/>\n<meta property=\"og:locale\" content=\"cs_CZ\" \/>\n<meta property=\"og:type\" content=\"article\" \/>\n<meta property=\"og:title\" content=\"Soukrom\u00fd interi\u00e9r - Maringotka - design-award.cz\" \/>\n<meta property=\"og:description\" content=\"Denis Ferenc Michael \u2013 St\u0159edn\u00ed \u0161kola a Vy\u0161\u0161\u00ed odborn\u00e1 \u0161kola reklamn\u00ed a um\u011bleck\u00e9 tvorby N\u00e1vrh maringotky pro Drobny Dom.\" \/>\n<meta property=\"og:url\" content=\"https:\/\/www.design-award.cz\/?portfolio=soukromy-interier-maringotka-2\" \/>\n<meta property=\"og:site_name\" content=\"design-award.cz\" \/>\n<meta property=\"article:modified_time\" content=\"2022-04-30T15:55:52+00:00\" \/>\n<meta property=\"og:image\" content=\"http:\/\/www.design-award.cz\/wp-content\/uploads\/2022\/04\/venek.jpg\" \/>\n\t<meta property=\"og:image:width\" content=\"1920\" \/>\n\t<meta property=\"og:image:height\" content=\"1080\" \/>\n\t<meta property=\"og:image:type\" content=\"image\/jpeg\" \/>\n<meta name=\"twitter:card\" content=\"summary_large_image\" \/>\n<meta name=\"twitter:label1\" content=\"Odhadovan\u00e1 doba \u010dten\u00ed\" \/>\n\t<meta name=\"twitter:data1\" content=\"1 minuta\" \/>\n<script type=\"application\/ld+json\" class=\"yoast-schema-graph\">{\"@context\":\"https:\/\/schema.org\",\"@graph\":[{\"@type\":\"WebPage\",\"@id\":\"https:\/\/www.design-award.cz\/?portfolio=soukromy-interier-maringotka-2\",\"url\":\"https:\/\/www.design-award.cz\/?portfolio=soukromy-interier-maringotka-2\",\"name\":\"Soukrom\u00fd interi\u00e9r - Maringotka - design-award.cz\",\"isPartOf\":{\"@id\":\"https:\/\/www.design-award.cz\/#website\"},\"primaryImageOfPage\":{\"@id\":\"https:\/\/www.design-award.cz\/?portfolio=soukromy-interier-maringotka-2#primaryimage\"},\"image\":{\"@id\":\"https:\/\/www.design-award.cz\/?portfolio=soukromy-interier-maringotka-2#primaryimage\"},\"thumbnailUrl\":\"https:\/\/www.design-award.cz\/wp-content\/uploads\/2022\/04\/venek.jpg\",\"datePublished\":\"2022-04-30T15:47:40+00:00\",\"dateModified\":\"2022-04-30T15:55:52+00:00\",\"breadcrumb\":{\"@id\":\"https:\/\/www.design-award.cz\/?portfolio=soukromy-interier-maringotka-2#breadcrumb\"},\"inLanguage\":\"cs\",\"potentialAction\":[{\"@type\":\"ReadAction\",\"target\":[\"https:\/\/www.design-award.cz\/?portfolio=soukromy-interier-maringotka-2\"]}]},{\"@type\":\"ImageObject\",\"inLanguage\":\"cs\",\"@id\":\"https:\/\/www.design-award.cz\/?portfolio=soukromy-interier-maringotka-2#primaryimage\",\"url\":\"https:\/\/www.design-award.cz\/wp-content\/uploads\/2022\/04\/venek.jpg\",\"contentUrl\":\"https:\/\/www.design-award.cz\/wp-content\/uploads\/2022\/04\/venek.jpg\",\"width\":1920,\"height\":1080},{\"@type\":\"BreadcrumbList\",\"@id\":\"https:\/\/www.design-award.cz\/?portfolio=soukromy-interier-maringotka-2#breadcrumb\",\"itemListElement\":[{\"@type\":\"ListItem\",\"position\":1,\"name\":\"Dom\u016f\",\"item\":\"https:\/\/www.design-award.cz\/\"},{\"@type\":\"ListItem\",\"position\":2,\"name\":\"Portfolio Items\",\"item\":\"https:\/\/www.design-award.cz\/?post_type=portfolio\"},{\"@type\":\"ListItem\",\"position\":3,\"name\":\"Soukrom\u00fd interi\u00e9r &#8211; Maringotka\"}]},{\"@type\":\"WebSite\",\"@id\":\"https:\/\/www.design-award.cz\/#website\",\"url\":\"https:\/\/www.design-award.cz\/\",\"name\":\"design-award.cz\",\"description\":\"WARD vznikla v roce 2022. Je ur\u010dena p\u0159edev\u0161\u00edm student\u016fm st\u0159edn\u00edch um\u011bleck\u00fdch \u0161kol (S\u0160 a VO\u0160), kte\u0159\u00ed mohou bezplatn\u011b zaslat sv\u00e9 n\u00e1vrhy v uveden\u00fdch kategori\u00ed a tak pom\u011b\u0159it sv\u00e9 n\u00e1pady s konkurenc\u00ed sv\u00fdch vrstevn\u00edk\u016f. N\u00e1vrhy jsou n\u00e1sledn\u011b posouzeny nez\u00e1vislou porotou z \u0159ad v\u00fdtvarn\u00edk\u016f, pedagog\u016f a profesion\u00e1l\u016f z oboru.\",\"publisher\":{\"@id\":\"https:\/\/www.design-award.cz\/#organization\"},\"potentialAction\":[{\"@type\":\"SearchAction\",\"target\":{\"@type\":\"EntryPoint\",\"urlTemplate\":\"https:\/\/www.design-award.cz\/?s={search_term_string}\"},\"query-input\":{\"@type\":\"PropertyValueSpecification\",\"valueRequired\":true,\"valueName\":\"search_term_string\"}}],\"inLanguage\":\"cs\"},{\"@type\":\"Organization\",\"@id\":\"https:\/\/www.design-award.cz\/#organization\",\"name\":\"Design Award\",\"url\":\"https:\/\/www.design-award.cz\/\",\"logo\":{\"@type\":\"ImageObject\",\"inLanguage\":\"cs\",\"@id\":\"https:\/\/www.design-award.cz\/#\/schema\/logo\/image\/\",\"url\":\"http:\/\/www.design-award.cz\/wp-content\/uploads\/2021\/12\/hornilogo_design-award.png\",\"contentUrl\":\"http:\/\/www.design-award.cz\/wp-content\/uploads\/2021\/12\/hornilogo_design-award.png\",\"width\":800,\"height\":600,\"caption\":\"Design Award\"},\"image\":{\"@id\":\"https:\/\/www.design-award.cz\/#\/schema\/logo\/image\/\"},\"sameAs\":[\"https:\/\/www.instagram.com\/design_award\/\"]}]}<\/script>\n<!-- \/ Yoast SEO plugin. -->","yoast_head_json":{"title":"Soukrom\u00fd interi\u00e9r - Maringotka - design-award.cz","robots":{"index":"index","follow":"follow","max-snippet":"max-snippet:-1","max-image-preview":"max-image-preview:large","max-video-preview":"max-video-preview:-1"},"canonical":"https:\/\/www.design-award.cz\/?portfolio=soukromy-interier-maringotka-2","og_locale":"cs_CZ","og_type":"article","og_title":"Soukrom\u00fd interi\u00e9r - Maringotka - design-award.cz","og_description":"Denis Ferenc Michael \u2013 St\u0159edn\u00ed \u0161kola a Vy\u0161\u0161\u00ed odborn\u00e1 \u0161kola reklamn\u00ed a um\u011bleck\u00e9 tvorby N\u00e1vrh maringotky pro Drobny Dom.","og_url":"https:\/\/www.design-award.cz\/?portfolio=soukromy-interier-maringotka-2","og_site_name":"design-award.cz","article_modified_time":"2022-04-30T15:55:52+00:00","og_image":[{"width":1920,"height":1080,"url":"http:\/\/www.design-award.cz\/wp-content\/uploads\/2022\/04\/venek.jpg","type":"image\/jpeg"}],"twitter_card":"summary_large_image","twitter_misc":{"Odhadovan\u00e1 doba \u010dten\u00ed":"1 minuta"},"schema":{"@context":"https:\/\/schema.org","@graph":[{"@type":"WebPage","@id":"https:\/\/www.design-award.cz\/?portfolio=soukromy-interier-maringotka-2","url":"https:\/\/www.design-award.cz\/?portfolio=soukromy-interier-maringotka-2","name":"Soukrom\u00fd interi\u00e9r - Maringotka - design-award.cz","isPartOf":{"@id":"https:\/\/www.design-award.cz\/#website"},"primaryImageOfPage":{"@id":"https:\/\/www.design-award.cz\/?portfolio=soukromy-interier-maringotka-2#primaryimage"},"image":{"@id":"https:\/\/www.design-award.cz\/?portfolio=soukromy-interier-maringotka-2#primaryimage"},"thumbnailUrl":"https:\/\/www.design-award.cz\/wp-content\/uploads\/2022\/04\/venek.jpg","datePublished":"2022-04-30T15:47:40+00:00","dateModified":"2022-04-30T15:55:52+00:00","breadcrumb":{"@id":"https:\/\/www.design-award.cz\/?portfolio=soukromy-interier-maringotka-2#breadcrumb"},"inLanguage":"cs","potentialAction":[{"@type":"ReadAction","target":["https:\/\/www.design-award.cz\/?portfolio=soukromy-interier-maringotka-2"]}]},{"@type":"ImageObject","inLanguage":"cs","@id":"https:\/\/www.design-award.cz\/?portfolio=soukromy-interier-maringotka-2#primaryimage","url":"https:\/\/www.design-award.cz\/wp-content\/uploads\/2022\/04\/venek.jpg","contentUrl":"https:\/\/www.design-award.cz\/wp-content\/uploads\/2022\/04\/venek.jpg","width":1920,"height":1080},{"@type":"BreadcrumbList","@id":"https:\/\/www.design-award.cz\/?portfolio=soukromy-interier-maringotka-2#breadcrumb","itemListElement":[{"@type":"ListItem","position":1,"name":"Dom\u016f","item":"https:\/\/www.design-award.cz\/"},{"@type":"ListItem","position":2,"name":"Portfolio Items","item":"https:\/\/www.design-award.cz\/?post_type=portfolio"},{"@type":"ListItem","position":3,"name":"Soukrom\u00fd interi\u00e9r &#8211; Maringotka"}]},{"@type":"WebSite","@id":"https:\/\/www.design-award.cz\/#website","url":"https:\/\/www.design-award.cz\/","name":"design-award.cz","description":"WARD vznikla v roce 2022. Je ur\u010dena p\u0159edev\u0161\u00edm student\u016fm st\u0159edn\u00edch um\u011bleck\u00fdch \u0161kol (S\u0160 a VO\u0160), kte\u0159\u00ed mohou bezplatn\u011b zaslat sv\u00e9 n\u00e1vrhy v uveden\u00fdch kategori\u00ed a tak pom\u011b\u0159it sv\u00e9 n\u00e1pady s konkurenc\u00ed sv\u00fdch vrstevn\u00edk\u016f. N\u00e1vrhy jsou n\u00e1sledn\u011b posouzeny nez\u00e1vislou porotou z \u0159ad v\u00fdtvarn\u00edk\u016f, pedagog\u016f a profesion\u00e1l\u016f z oboru.","publisher":{"@id":"https:\/\/www.design-award.cz\/#organization"},"potentialAction":[{"@type":"SearchAction","target":{"@type":"EntryPoint","urlTemplate":"https:\/\/www.design-award.cz\/?s={search_term_string}"},"query-input":{"@type":"PropertyValueSpecification","valueRequired":true,"valueName":"search_term_string"}}],"inLanguage":"cs"},{"@type":"Organization","@id":"https:\/\/www.design-award.cz\/#organization","name":"Design Award","url":"https:\/\/www.design-award.cz\/","logo":{"@type":"ImageObject","inLanguage":"cs","@id":"https:\/\/www.design-award.cz\/#\/schema\/logo\/image\/","url":"http:\/\/www.design-award.cz\/wp-content\/uploads\/2021\/12\/hornilogo_design-award.png","contentUrl":"http:\/\/www.design-award.cz\/wp-content\/uploads\/2021\/12\/hornilogo_design-award.png","width":800,"height":600,"caption":"Design Award"},"image":{"@id":"https:\/\/www.design-award.cz\/#\/schema\/logo\/image\/"},"sameAs":["https:\/\/www.instagram.com\/design_award\/"]}]}},"_links":{"self":[{"href":"https:\/\/www.design-award.cz\/index.php?rest_route=\/wp\/v2\/portfolio\/1255","targetHints":{"allow":["GET"]}}],"collection":[{"href":"https:\/\/www.design-award.cz\/index.php?rest_route=\/wp\/v2\/portfolio"}],"about":[{"href":"https:\/\/www.design-award.cz\/index.php?rest_route=\/wp\/v2\/types\/portfolio"}],"author":[{"embeddable":true,"href":"https:\/\/www.design-award.cz\/index.php?rest_route=\/wp\/v2\/users\/1"}],"replies":[{"embeddable":true,"href":"https:\/\/www.design-award.cz\/index.php?rest_route=%2Fwp%2Fv2%2Fcomments&post=1255"}],"version-history":[{"count":1,"href":"https:\/\/www.design-award.cz\/index.php?rest_route=\/wp\/v2\/portfolio\/1255\/revisions"}],"predecessor-version":[{"id":1262,"href":"https:\/\/www.design-award.cz\/index.php?rest_route=\/wp\/v2\/portfolio\/1255\/revisions\/1262"}],"wp:featuredmedia":[{"embeddable":true,"href":"https:\/\/www.design-award.cz\/index.php?rest_route=\/wp\/v2\/media\/1259"}],"wp:attachment":[{"href":"https:\/\/www.design-award.cz\/index.php?rest_route=%2Fwp%2Fv2%2Fmedia&parent=1255"}],"wp:term":[{"taxonomy":"portfolio_category","embeddable":true,"href":"https:\/\/www.design-award.cz\/index.php?rest_route=%2Fwp%2Fv2%2Fportfolio_category&post=1255"},{"taxonomy":"portfolio_tag","embeddable":true,"href":"https:\/\/www.design-award.cz\/index.php?rest_route=%2Fwp%2Fv2%2Fportfolio_tag&post=1255"}],"curies":[{"name":"wp","href":"https:\/\/api.w.org\/{rel}","templated":true}]}}