{"id":1263,"date":"2022-04-30T16:00:05","date_gmt":"2022-04-30T16:00:05","guid":{"rendered":"https:\/\/www.design-award.cz\/?post_type=portfolio&#038;p=1263"},"modified":"2022-04-30T16:00:06","modified_gmt":"2022-04-30T16:00:06","slug":"soukromy-interier-navrh-koupelny","status":"publish","type":"portfolio","link":"https:\/\/www.design-award.cz\/?portfolio=soukromy-interier-navrh-koupelny","title":{"rendered":"Soukrom\u00fd interi\u00e9r &#8211; N\u00e1vrh koupelny"},"content":{"rendered":"\n<h2 class=\"wp-block-heading\">Alena Kleibelov\u00e1<\/h2>\n\n\n\n<p>Akademie Michael &#8211; S\u0160 a VO\u0160 reklamn\u00ed a um\u011bleck\u00e9 tvorby<\/p>\n\n\n\n<p>N\u00e1vrh koupelny<\/p>\n\n\n\n<p>Zad\u00e1n\u00edm bylo navrhnout koupelnu pro mlad\u00fd p\u00e1r z Prahy ve v\u011bkov\u00e9m rozmez\u00ed 25-30 let. Do koupelny se m\u011bla um\u00edstit vana i sprchov\u00fd kout, z\u00e1chod, umyvadlo a tak\u00e9 pra\u010dka se su\u0161i\u010dkou.<br>V dispozici, stylu i materi\u00e1lech jsem m\u011bla volnou ruku.&nbsp;<\/p>\n\n\n\n<p>Do koupelny jsem pou\u017eila dla\u017ebu v dekoru sv\u011btl\u00e9ho i tmav\u00e9ho mramoru s kombinac\u00ed tmav\u00e9ho d\u0159eva a zlat\u00fdmi dopl\u0148ky.<br>Koupelnu jsem se sna\u017eila navrhnou tak, aby v n\u00ed p\u00e1r mohl m\u00edt pocit luxusu, z\u00e1rove\u0148, aby se c\u00edtili p\u0159\u00edjemn\u011b a aby v koupeln\u011b byl dostatek \u00falo\u017en\u00e9ho prostoru.<\/p>\n\n\n\n<figure class=\"wp-block-image size-large\"><img decoding=\"async\" width=\"1024\" height=\"576\" data-src=\"http:\/\/www.design-award.cz\/wp-content\/uploads\/2022\/04\/pohled-na-pracku-a-susicku_optimized-1024x576.jpg\" alt=\"\" class=\"wp-image-1264 lazyload\" data-srcset=\"https:\/\/www.design-award.cz\/wp-content\/uploads\/2022\/04\/pohled-na-pracku-a-susicku_optimized-1024x576.jpg 1024w, https:\/\/www.design-award.cz\/wp-content\/uploads\/2022\/04\/pohled-na-pracku-a-susicku_optimized-300x169.jpg 300w, https:\/\/www.design-award.cz\/wp-content\/uploads\/2022\/04\/pohled-na-pracku-a-susicku_optimized-768x432.jpg 768w, https:\/\/www.design-award.cz\/wp-content\/uploads\/2022\/04\/pohled-na-pracku-a-susicku_optimized-1536x864.jpg 1536w, https:\/\/www.design-award.cz\/wp-content\/uploads\/2022\/04\/pohled-na-pracku-a-susicku_optimized-2048x1152.jpg 2048w, https:\/\/www.design-award.cz\/wp-content\/uploads\/2022\/04\/pohled-na-pracku-a-susicku_optimized-500x281.jpg 500w, https:\/\/www.design-award.cz\/wp-content\/uploads\/2022\/04\/pohled-na-pracku-a-susicku_optimized-800x450.jpg 800w, https:\/\/www.design-award.cz\/wp-content\/uploads\/2022\/04\/pohled-na-pracku-a-susicku_optimized-1280x720.jpg 1280w, https:\/\/www.design-award.cz\/wp-content\/uploads\/2022\/04\/pohled-na-pracku-a-susicku_optimized-1920x1080.jpg 1920w\" data-sizes=\"(max-width: 1024px) 100vw, 1024px\" src=\"data:image\/svg+xml;base64,PHN2ZyB3aWR0aD0iMSIgaGVpZ2h0PSIxIiB4bWxucz0iaHR0cDovL3d3dy53My5vcmcvMjAwMC9zdmciPjwvc3ZnPg==\" style=\"--smush-placeholder-width: 1024px; --smush-placeholder-aspect-ratio: 1024\/576;\" \/><\/figure>\n\n\n\n<figure class=\"wp-block-image size-large\"><img decoding=\"async\" width=\"1024\" height=\"576\" data-src=\"http:\/\/www.design-award.cz\/wp-content\/uploads\/2022\/04\/rendr2_optimized-1024x576.jpg\" alt=\"\" class=\"wp-image-1266 lazyload\" data-srcset=\"https:\/\/www.design-award.cz\/wp-content\/uploads\/2022\/04\/rendr2_optimized-1024x576.jpg 1024w, https:\/\/www.design-award.cz\/wp-content\/uploads\/2022\/04\/rendr2_optimized-300x169.jpg 300w, https:\/\/www.design-award.cz\/wp-content\/uploads\/2022\/04\/rendr2_optimized-768x432.jpg 768w, https:\/\/www.design-award.cz\/wp-content\/uploads\/2022\/04\/rendr2_optimized-1536x864.jpg 1536w, https:\/\/www.design-award.cz\/wp-content\/uploads\/2022\/04\/rendr2_optimized-2048x1152.jpg 2048w, https:\/\/www.design-award.cz\/wp-content\/uploads\/2022\/04\/rendr2_optimized-500x281.jpg 500w, https:\/\/www.design-award.cz\/wp-content\/uploads\/2022\/04\/rendr2_optimized-800x450.jpg 800w, https:\/\/www.design-award.cz\/wp-content\/uploads\/2022\/04\/rendr2_optimized-1280x720.jpg 1280w, https:\/\/www.design-award.cz\/wp-content\/uploads\/2022\/04\/rendr2_optimized-1920x1080.jpg 1920w\" data-sizes=\"(max-width: 1024px) 100vw, 1024px\" src=\"data:image\/svg+xml;base64,PHN2ZyB3aWR0aD0iMSIgaGVpZ2h0PSIxIiB4bWxucz0iaHR0cDovL3d3dy53My5vcmcvMjAwMC9zdmciPjwvc3ZnPg==\" style=\"--smush-placeholder-width: 1024px; --smush-placeholder-aspect-ratio: 1024\/576;\" \/><\/figure>\n\n\n\n<figure class=\"wp-block-image size-large\"><img decoding=\"async\" width=\"1024\" height=\"576\" data-src=\"http:\/\/www.design-award.cz\/wp-content\/uploads\/2022\/04\/rendr3_optimized-1024x576.jpg\" alt=\"\" class=\"wp-image-1267 lazyload\" data-srcset=\"https:\/\/www.design-award.cz\/wp-content\/uploads\/2022\/04\/rendr3_optimized-1024x576.jpg 1024w, https:\/\/www.design-award.cz\/wp-content\/uploads\/2022\/04\/rendr3_optimized-300x169.jpg 300w, https:\/\/www.design-award.cz\/wp-content\/uploads\/2022\/04\/rendr3_optimized-768x432.jpg 768w, https:\/\/www.design-award.cz\/wp-content\/uploads\/2022\/04\/rendr3_optimized-1536x864.jpg 1536w, https:\/\/www.design-award.cz\/wp-content\/uploads\/2022\/04\/rendr3_optimized-2048x1152.jpg 2048w, https:\/\/www.design-award.cz\/wp-content\/uploads\/2022\/04\/rendr3_optimized-500x281.jpg 500w, https:\/\/www.design-award.cz\/wp-content\/uploads\/2022\/04\/rendr3_optimized-800x450.jpg 800w, https:\/\/www.design-award.cz\/wp-content\/uploads\/2022\/04\/rendr3_optimized-1280x720.jpg 1280w, https:\/\/www.design-award.cz\/wp-content\/uploads\/2022\/04\/rendr3_optimized-1920x1080.jpg 1920w\" data-sizes=\"(max-width: 1024px) 100vw, 1024px\" src=\"data:image\/svg+xml;base64,PHN2ZyB3aWR0aD0iMSIgaGVpZ2h0PSIxIiB4bWxucz0iaHR0cDovL3d3dy53My5vcmcvMjAwMC9zdmciPjwvc3ZnPg==\" style=\"--smush-placeholder-width: 1024px; --smush-placeholder-aspect-ratio: 1024\/576;\" \/><\/figure>\n\n\n\n<figure class=\"wp-block-image size-large\"><img decoding=\"async\" width=\"1024\" height=\"692\" data-src=\"http:\/\/www.design-award.cz\/wp-content\/uploads\/2022\/04\/3D-PUDORYS-1024x692.jpg\" alt=\"\" class=\"wp-image-1268 lazyload\" data-srcset=\"https:\/\/www.design-award.cz\/wp-content\/uploads\/2022\/04\/3D-PUDORYS-1024x692.jpg 1024w, https:\/\/www.design-award.cz\/wp-content\/uploads\/2022\/04\/3D-PUDORYS-300x203.jpg 300w, https:\/\/www.design-award.cz\/wp-content\/uploads\/2022\/04\/3D-PUDORYS-768x519.jpg 768w, https:\/\/www.design-award.cz\/wp-content\/uploads\/2022\/04\/3D-PUDORYS-1536x1038.jpg 1536w, https:\/\/www.design-award.cz\/wp-content\/uploads\/2022\/04\/3D-PUDORYS-2048x1384.jpg 2048w, https:\/\/www.design-award.cz\/wp-content\/uploads\/2022\/04\/3D-PUDORYS-500x338.jpg 500w, https:\/\/www.design-award.cz\/wp-content\/uploads\/2022\/04\/3D-PUDORYS-800x541.jpg 800w, https:\/\/www.design-award.cz\/wp-content\/uploads\/2022\/04\/3D-PUDORYS-1280x865.jpg 1280w, https:\/\/www.design-award.cz\/wp-content\/uploads\/2022\/04\/3D-PUDORYS-1920x1298.jpg 1920w\" data-sizes=\"(max-width: 1024px) 100vw, 1024px\" src=\"data:image\/svg+xml;base64,PHN2ZyB3aWR0aD0iMSIgaGVpZ2h0PSIxIiB4bWxucz0iaHR0cDovL3d3dy53My5vcmcvMjAwMC9zdmciPjwvc3ZnPg==\" style=\"--smush-placeholder-width: 1024px; --smush-placeholder-aspect-ratio: 1024\/692;\" \/><\/figure>\n\n\n\n<figure class=\"wp-block-image size-full\"><img decoding=\"async\" width=\"827\" height=\"568\" data-src=\"http:\/\/www.design-award.cz\/wp-content\/uploads\/2022\/04\/koupelnaPUDOR.jpg\" alt=\"\" class=\"wp-image-1269 lazyload\" data-srcset=\"https:\/\/www.design-award.cz\/wp-content\/uploads\/2022\/04\/koupelnaPUDOR.jpg 827w, https:\/\/www.design-award.cz\/wp-content\/uploads\/2022\/04\/koupelnaPUDOR-300x206.jpg 300w, https:\/\/www.design-award.cz\/wp-content\/uploads\/2022\/04\/koupelnaPUDOR-768x527.jpg 768w, https:\/\/www.design-award.cz\/wp-content\/uploads\/2022\/04\/koupelnaPUDOR-500x343.jpg 500w, https:\/\/www.design-award.cz\/wp-content\/uploads\/2022\/04\/koupelnaPUDOR-800x549.jpg 800w\" data-sizes=\"(max-width: 827px) 100vw, 827px\" src=\"data:image\/svg+xml;base64,PHN2ZyB3aWR0aD0iMSIgaGVpZ2h0PSIxIiB4bWxucz0iaHR0cDovL3d3dy53My5vcmcvMjAwMC9zdmciPjwvc3ZnPg==\" style=\"--smush-placeholder-width: 827px; --smush-placeholder-aspect-ratio: 827\/568;\" \/><\/figure>\n\n\n<div class=\"wp-block-visual-portfolio\">\n<div class=\"vp-portfolio vp-uid-2ece4a06 vp-id-607\"\n\tdata-vp-layout=\"slider\" data-vp-content-source=\"post-based\" data-vp-items-style=\"fade\" data-vp-items-click-action=\"url\" data-vp-items-gap=\"12\" data-vp-items-gap-vertical=\"\" data-vp-pagination=\"load-more\" data-vp-next-page-url=\"https:\/\/www.design-award.cz\/index.php?rest_route=%2Fwp%2Fv2%2Fportfolio%2F1263&#038;vp_page=2\" data-vp-random-seed=\"2915644819\" data-vp-slider-effect=\"slide\" data-vp-slider-items-height=\"80%\" data-vp-slider-items-min-height=\"\" data-vp-slider-slides-per-view=\"3\" data-vp-slider-speed=\"0.3\" data-vp-slider-autoplay=\"4.8\" data-vp-slider-autoplay-hover-pause=\"false\" data-vp-slider-centered-slides=\"true\" data-vp-slider-loop=\"true\" data-vp-slider-free-mode=\"false\" data-vp-slider-free-mode-sticky=\"false\" data-vp-slider-arrows=\"true\" data-vp-slider-bullets=\"false\" data-vp-slider-bullets-dynamic=\"false\" data-vp-slider-mousewheel=\"false\" data-vp-slider-thumbnails=\"false\" >\n\t<div class=\"vp-portfolio__preloader-wrap\">\n\t\t<div class=\"vp-portfolio__preloader\">\n\t\t\t<img decoding=\"async\" loading=\"eager\" src=\"https:\/\/www.design-award.cz\/wp-content\/plugins\/visual-portfolio\/assets\/images\/logo-dark.svg\" alt=\"Visual Portfolio, Posts &amp; Image Gallery for WordPress\" width=\"20\" height=\"20\" data-skip-lazy>\n\t\t<\/div>\n\t<\/div>\n\t\t<div class=\"vp-portfolio__items-wrap\">\n\t\t\t\n<div class=\"vp-portfolio__items vp-portfolio__items-style-fade vp-portfolio__items-show-overlay-hover\">\n\n\t\t<article\t\tclass=\"vp-portfolio__item-wrap post-3515 portfolio type-portfolio status-publish format-standard has-post-thumbnail hentry entry has-media vp-portfolio__item-uid-3bd3b81d\" data-vp-filter=\"\" \t\t>\n\t\t\t\t\t\t\t\t\t<figure class=\"vp-portfolio__item\">\n\t\t\t\t\n<div class=\"vp-portfolio__item-img-wrap\">\n\t<div class=\"vp-portfolio__item-img\">\n\t\t\t<a\n\t\thref=\"https:\/\/www.design-award.cz\/?portfolio=produktovy-design-double-table\"\n\t\t\t>\n\t\n\t\t<noscript><img decoding=\"async\" width=\"1753\" height=\"1081\" data-skip-lazy src=\"https:\/\/www.design-award.cz\/wp-content\/uploads\/2024\/06\/4441.png\" class=\"wp-image-3539\" alt=\"\" srcset=\"https:\/\/www.design-award.cz\/wp-content\/uploads\/2024\/06\/4441.png 1753w, https:\/\/www.design-award.cz\/wp-content\/uploads\/2024\/06\/4441-300x185.png 300w, https:\/\/www.design-award.cz\/wp-content\/uploads\/2024\/06\/4441-1024x631.png 1024w, https:\/\/www.design-award.cz\/wp-content\/uploads\/2024\/06\/4441-768x474.png 768w, https:\/\/www.design-award.cz\/wp-content\/uploads\/2024\/06\/4441-1536x947.png 1536w, https:\/\/www.design-award.cz\/wp-content\/uploads\/2024\/06\/4441-500x308.png 500w, https:\/\/www.design-award.cz\/wp-content\/uploads\/2024\/06\/4441-800x493.png 800w, https:\/\/www.design-award.cz\/wp-content\/uploads\/2024\/06\/4441-1280x789.png 1280w\" sizes=\"(max-width: 1753px) 100vw, 1753px\" \/><\/noscript><img fetchpriority=\"high\" decoding=\"async\" width=\"1753\" height=\"1081\" src=\"https:\/\/www.design-award.cz\/wp-content\/uploads\/2024\/06\/4441.png\" class=\"wp-image-3539 vp-lazyload\" alt srcset=\"data:image\/svg+xml;base64,PHN2ZyB3aWR0aD0iMTc1MyIgaGVpZ2h0PSIxMDgxIiB2aWV3Qm94PSIwIDAgMTc1MyAxMDgxIiBmaWxsPSJub25lIiB4bWxucz0iaHR0cDovL3d3dy53My5vcmcvMjAwMC9zdmciPjwvc3ZnPg==\" data-src=\"https:\/\/www.design-award.cz\/wp-content\/uploads\/2024\/06\/4441.png\" data-srcset=\"https:\/\/www.design-award.cz\/wp-content\/uploads\/2024\/06\/4441.png 1753w, https:\/\/www.design-award.cz\/wp-content\/uploads\/2024\/06\/4441-300x185.png 300w, https:\/\/www.design-award.cz\/wp-content\/uploads\/2024\/06\/4441-1024x631.png 1024w, https:\/\/www.design-award.cz\/wp-content\/uploads\/2024\/06\/4441-768x474.png 768w, https:\/\/www.design-award.cz\/wp-content\/uploads\/2024\/06\/4441-1536x947.png 1536w, https:\/\/www.design-award.cz\/wp-content\/uploads\/2024\/06\/4441-500x308.png 500w, https:\/\/www.design-award.cz\/wp-content\/uploads\/2024\/06\/4441-800x493.png 800w, https:\/\/www.design-award.cz\/wp-content\/uploads\/2024\/06\/4441-1280x789.png 1280w\" data-sizes=\"auto\" loading=\"eager\">\n\t\t<\/a>\t<\/div>\n<\/div>\n\t<figcaption class=\"vp-portfolio__item-overlay vp-portfolio__item-overlay-text-align-center\">\n\t\t<div class=\"vp-portfolio__item-meta-wrap vp-portfolio__custom-scrollbar\">\n\t\t\t\t<a\n\t\thref=\"https:\/\/www.design-award.cz\/?portfolio=produktovy-design-double-table\"\n\t\ttabindex=\"-1\" class=\"vp-portfolio__item-meta\" \t>\n\t\n<h2 class=\"vp-portfolio__item-meta-title\">\n\tProduktov\u00fd design &#8211; Double Table<\/h2>\n<\/a>\t\t<\/div>\n\t<\/figcaption>\n\t\t\t<\/figure>\n\t\t\t\t\t<\/article>\n\t\t\n\t\t<article\t\tclass=\"vp-portfolio__item-wrap post-4158 portfolio type-portfolio status-publish format-standard has-post-thumbnail hentry entry has-media vp-portfolio__item-uid-bbd091c1\" data-vp-filter=\"\" \t\t>\n\t\t\t\t\t\t\t\t\t<figure class=\"vp-portfolio__item\">\n\t\t\t\t\n<div class=\"vp-portfolio__item-img-wrap\">\n\t<div class=\"vp-portfolio__item-img\">\n\t\t\t<a\n\t\thref=\"https:\/\/www.design-award.cz\/?portfolio=verejny-interier-021\"\n\t\t\t>\n\t\n\t\t<noscript><img decoding=\"async\" width=\"1920\" height=\"1080\" data-skip-lazy src=\"https:\/\/www.design-award.cz\/wp-content\/uploads\/2024\/07\/01-1.png\" class=\"wp-image-4236\" alt=\"\" srcset=\"https:\/\/www.design-award.cz\/wp-content\/uploads\/2024\/07\/01-1.png 1920w, https:\/\/www.design-award.cz\/wp-content\/uploads\/2024\/07\/01-1-300x169.png 300w, https:\/\/www.design-award.cz\/wp-content\/uploads\/2024\/07\/01-1-1024x576.png 1024w, https:\/\/www.design-award.cz\/wp-content\/uploads\/2024\/07\/01-1-768x432.png 768w, https:\/\/www.design-award.cz\/wp-content\/uploads\/2024\/07\/01-1-1536x864.png 1536w, https:\/\/www.design-award.cz\/wp-content\/uploads\/2024\/07\/01-1-500x281.png 500w, https:\/\/www.design-award.cz\/wp-content\/uploads\/2024\/07\/01-1-800x450.png 800w, https:\/\/www.design-award.cz\/wp-content\/uploads\/2024\/07\/01-1-1280x720.png 1280w\" sizes=\"(max-width: 1920px) 100vw, 1920px\" \/><\/noscript><img decoding=\"async\" width=\"1920\" height=\"1080\" src=\"https:\/\/www.design-award.cz\/wp-content\/uploads\/2024\/07\/01-1.png\" class=\"wp-image-4236 vp-lazyload\" alt srcset=\"data:image\/svg+xml;base64,PHN2ZyB3aWR0aD0iMTkyMCIgaGVpZ2h0PSIxMDgwIiB2aWV3Qm94PSIwIDAgMTkyMCAxMDgwIiBmaWxsPSJub25lIiB4bWxucz0iaHR0cDovL3d3dy53My5vcmcvMjAwMC9zdmciPjwvc3ZnPg==\" data-src=\"https:\/\/www.design-award.cz\/wp-content\/uploads\/2024\/07\/01-1.png\" data-srcset=\"https:\/\/www.design-award.cz\/wp-content\/uploads\/2024\/07\/01-1.png 1920w, https:\/\/www.design-award.cz\/wp-content\/uploads\/2024\/07\/01-1-300x169.png 300w, https:\/\/www.design-award.cz\/wp-content\/uploads\/2024\/07\/01-1-1024x576.png 1024w, https:\/\/www.design-award.cz\/wp-content\/uploads\/2024\/07\/01-1-768x432.png 768w, https:\/\/www.design-award.cz\/wp-content\/uploads\/2024\/07\/01-1-1536x864.png 1536w, https:\/\/www.design-award.cz\/wp-content\/uploads\/2024\/07\/01-1-500x281.png 500w, https:\/\/www.design-award.cz\/wp-content\/uploads\/2024\/07\/01-1-800x450.png 800w, https:\/\/www.design-award.cz\/wp-content\/uploads\/2024\/07\/01-1-1280x720.png 1280w\" data-sizes=\"auto\" loading=\"eager\">\n\t\t<\/a>\t<\/div>\n<\/div>\n\t<figcaption class=\"vp-portfolio__item-overlay vp-portfolio__item-overlay-text-align-center\">\n\t\t<div class=\"vp-portfolio__item-meta-wrap vp-portfolio__custom-scrollbar\">\n\t\t\t\t<a\n\t\thref=\"https:\/\/www.design-award.cz\/?portfolio=verejny-interier-021\"\n\t\ttabindex=\"-1\" class=\"vp-portfolio__item-meta\" \t>\n\t\n<h2 class=\"vp-portfolio__item-meta-title\">\n\tVe\u0159ejn\u00fd interi\u00e9r &#8211; 021<\/h2>\n<\/a>\t\t<\/div>\n\t<\/figcaption>\n\t\t\t<\/figure>\n\t\t\t\t\t<\/article>\n\t\t\n\t\t<article\t\tclass=\"vp-portfolio__item-wrap post-3158 portfolio type-portfolio status-publish format-standard has-post-thumbnail hentry entry has-media vp-portfolio__item-uid-2607a978\" data-vp-filter=\"\" \t\t>\n\t\t\t\t\t\t\t\t\t<figure class=\"vp-portfolio__item\">\n\t\t\t\t\n<div class=\"vp-portfolio__item-img-wrap\">\n\t<div class=\"vp-portfolio__item-img\">\n\t\t\t<a\n\t\thref=\"https:\/\/www.design-award.cz\/?portfolio=verejny-interier-bistro\"\n\t\t\t>\n\t\n\t\t<noscript><img decoding=\"async\" width=\"984\" height=\"672\" data-skip-lazy src=\"https:\/\/www.design-award.cz\/wp-content\/uploads\/2024\/06\/hl.render.png\" class=\"wp-image-4072\" alt=\"\" srcset=\"https:\/\/www.design-award.cz\/wp-content\/uploads\/2024\/06\/hl.render.png 984w, https:\/\/www.design-award.cz\/wp-content\/uploads\/2024\/06\/hl.render-300x205.png 300w, https:\/\/www.design-award.cz\/wp-content\/uploads\/2024\/06\/hl.render-768x524.png 768w, https:\/\/www.design-award.cz\/wp-content\/uploads\/2024\/06\/hl.render-500x341.png 500w, https:\/\/www.design-award.cz\/wp-content\/uploads\/2024\/06\/hl.render-800x546.png 800w\" sizes=\"(max-width: 984px) 100vw, 984px\" \/><\/noscript><img decoding=\"async\" width=\"984\" height=\"672\" src=\"https:\/\/www.design-award.cz\/wp-content\/uploads\/2024\/06\/hl.render.png\" class=\"wp-image-4072 vp-lazyload\" alt srcset=\"data:image\/svg+xml;base64,PHN2ZyB3aWR0aD0iOTg0IiBoZWlnaHQ9IjY3MiIgdmlld0JveD0iMCAwIDk4NCA2NzIiIGZpbGw9Im5vbmUiIHhtbG5zPSJodHRwOi8vd3d3LnczLm9yZy8yMDAwL3N2ZyI+PC9zdmc+\" data-src=\"https:\/\/www.design-award.cz\/wp-content\/uploads\/2024\/06\/hl.render.png\" data-srcset=\"https:\/\/www.design-award.cz\/wp-content\/uploads\/2024\/06\/hl.render.png 984w, https:\/\/www.design-award.cz\/wp-content\/uploads\/2024\/06\/hl.render-300x205.png 300w, https:\/\/www.design-award.cz\/wp-content\/uploads\/2024\/06\/hl.render-768x524.png 768w, https:\/\/www.design-award.cz\/wp-content\/uploads\/2024\/06\/hl.render-500x341.png 500w, https:\/\/www.design-award.cz\/wp-content\/uploads\/2024\/06\/hl.render-800x546.png 800w\" data-sizes=\"auto\" loading=\"eager\">\n\t\t<\/a>\t<\/div>\n<\/div>\n\t<figcaption class=\"vp-portfolio__item-overlay vp-portfolio__item-overlay-text-align-center\">\n\t\t<div class=\"vp-portfolio__item-meta-wrap vp-portfolio__custom-scrollbar\">\n\t\t\t\t<a\n\t\thref=\"https:\/\/www.design-award.cz\/?portfolio=verejny-interier-bistro\"\n\t\ttabindex=\"-1\" class=\"vp-portfolio__item-meta\" \t>\n\t\n<h2 class=\"vp-portfolio__item-meta-title\">\n\tVe\u0159ejn\u00fd interi\u00e9r &#8211; Bistro<\/h2>\n<\/a>\t\t<\/div>\n\t<\/figcaption>\n\t\t\t<\/figure>\n\t\t\t\t\t<\/article>\n\t\t\n\t\t<article\t\tclass=\"vp-portfolio__item-wrap post-5277 portfolio type-portfolio status-publish format-standard has-post-thumbnail hentry entry has-media vp-portfolio__item-uid-a3a337ee\" data-vp-filter=\"\" \t\t>\n\t\t\t\t\t\t\t\t\t<figure class=\"vp-portfolio__item\">\n\t\t\t\t\n<div class=\"vp-portfolio__item-img-wrap\">\n\t<div class=\"vp-portfolio__item-img\">\n\t\t\t<a\n\t\thref=\"https:\/\/www.design-award.cz\/?portfolio=interierovy-design-navrh-interieru-bytu-2\"\n\t\t\t>\n\t\n\t\t<noscript><img decoding=\"async\" width=\"1366\" height=\"768\" data-skip-lazy src=\"https:\/\/www.design-award.cz\/wp-content\/uploads\/2025\/06\/vizualizace-1-2.jpg\" class=\"wp-image-5323\" alt=\"\" srcset=\"https:\/\/www.design-award.cz\/wp-content\/uploads\/2025\/06\/vizualizace-1-2.jpg 1366w, https:\/\/www.design-award.cz\/wp-content\/uploads\/2025\/06\/vizualizace-1-2-300x169.jpg 300w, https:\/\/www.design-award.cz\/wp-content\/uploads\/2025\/06\/vizualizace-1-2-1024x576.jpg 1024w, https:\/\/www.design-award.cz\/wp-content\/uploads\/2025\/06\/vizualizace-1-2-768x432.jpg 768w, https:\/\/www.design-award.cz\/wp-content\/uploads\/2025\/06\/vizualizace-1-2-800x450.jpg 800w, https:\/\/www.design-award.cz\/wp-content\/uploads\/2025\/06\/vizualizace-1-2-500x281.jpg 500w, https:\/\/www.design-award.cz\/wp-content\/uploads\/2025\/06\/vizualizace-1-2-1280x720.jpg 1280w\" sizes=\"(max-width: 1366px) 100vw, 1366px\" \/><\/noscript><img decoding=\"async\" width=\"1366\" height=\"768\" src=\"https:\/\/www.design-award.cz\/wp-content\/uploads\/2025\/06\/vizualizace-1-2.jpg\" class=\"wp-image-5323 vp-lazyload\" alt srcset=\"data:image\/svg+xml;base64,PHN2ZyB3aWR0aD0iMTM2NiIgaGVpZ2h0PSI3NjgiIHZpZXdCb3g9IjAgMCAxMzY2IDc2OCIgZmlsbD0ibm9uZSIgeG1sbnM9Imh0dHA6Ly93d3cudzMub3JnLzIwMDAvc3ZnIj48L3N2Zz4=\" data-src=\"https:\/\/www.design-award.cz\/wp-content\/uploads\/2025\/06\/vizualizace-1-2.jpg\" data-srcset=\"https:\/\/www.design-award.cz\/wp-content\/uploads\/2025\/06\/vizualizace-1-2.jpg 1366w, https:\/\/www.design-award.cz\/wp-content\/uploads\/2025\/06\/vizualizace-1-2-300x169.jpg 300w, https:\/\/www.design-award.cz\/wp-content\/uploads\/2025\/06\/vizualizace-1-2-1024x576.jpg 1024w, https:\/\/www.design-award.cz\/wp-content\/uploads\/2025\/06\/vizualizace-1-2-768x432.jpg 768w, https:\/\/www.design-award.cz\/wp-content\/uploads\/2025\/06\/vizualizace-1-2-800x450.jpg 800w, https:\/\/www.design-award.cz\/wp-content\/uploads\/2025\/06\/vizualizace-1-2-500x281.jpg 500w, https:\/\/www.design-award.cz\/wp-content\/uploads\/2025\/06\/vizualizace-1-2-1280x720.jpg 1280w\" data-sizes=\"auto\" loading=\"eager\">\n\t\t<\/a>\t<\/div>\n<\/div>\n\t<figcaption class=\"vp-portfolio__item-overlay vp-portfolio__item-overlay-text-align-center\">\n\t\t<div class=\"vp-portfolio__item-meta-wrap vp-portfolio__custom-scrollbar\">\n\t\t\t\t<a\n\t\thref=\"https:\/\/www.design-award.cz\/?portfolio=interierovy-design-navrh-interieru-bytu-2\"\n\t\ttabindex=\"-1\" class=\"vp-portfolio__item-meta\" \t>\n\t\n<h2 class=\"vp-portfolio__item-meta-title\">\n\tInteri\u00e9rov\u00fd design &#8211; N\u00e1vrh interi\u00e9ru bytu<\/h2>\n<\/a>\t\t<\/div>\n\t<\/figcaption>\n\t\t\t<\/figure>\n\t\t\t\t\t<\/article>\n\t\t\n\t\t<article\t\tclass=\"vp-portfolio__item-wrap post-2427 portfolio type-portfolio status-publish format-standard has-post-thumbnail hentry portfolio_category-soutezici-2023 entry has-media vp-portfolio__item-uid-478e87a0\" data-vp-filter=\"soutezici-2023\" \t\t>\n\t\t\t\t\t\t\t\t\t<figure class=\"vp-portfolio__item\">\n\t\t\t\t\n<div class=\"vp-portfolio__item-img-wrap\">\n\t<div class=\"vp-portfolio__item-img\">\n\t\t\t<a\n\t\thref=\"https:\/\/www.design-award.cz\/?portfolio=soukromy-interier-morpho-studentsky-pokoj\"\n\t\t\t>\n\t\n\t\t<noscript><img decoding=\"async\" width=\"1920\" height=\"1231\" data-skip-lazy src=\"https:\/\/www.design-award.cz\/wp-content\/uploads\/2023\/04\/vizualizace-1-1920x1231.png\" class=\"wp-image-2429\" alt=\"\" srcset=\"https:\/\/www.design-award.cz\/wp-content\/uploads\/2023\/04\/vizualizace-1-1920x1231.png 1920w, https:\/\/www.design-award.cz\/wp-content\/uploads\/2023\/04\/vizualizace-1-300x192.png 300w, https:\/\/www.design-award.cz\/wp-content\/uploads\/2023\/04\/vizualizace-1-1024x656.png 1024w, https:\/\/www.design-award.cz\/wp-content\/uploads\/2023\/04\/vizualizace-1-768x492.png 768w, https:\/\/www.design-award.cz\/wp-content\/uploads\/2023\/04\/vizualizace-1-1536x985.png 1536w, https:\/\/www.design-award.cz\/wp-content\/uploads\/2023\/04\/vizualizace-1-2048x1313.png 2048w, https:\/\/www.design-award.cz\/wp-content\/uploads\/2023\/04\/vizualizace-1-500x321.png 500w, https:\/\/www.design-award.cz\/wp-content\/uploads\/2023\/04\/vizualizace-1-800x513.png 800w, https:\/\/www.design-award.cz\/wp-content\/uploads\/2023\/04\/vizualizace-1-1280x820.png 1280w\" sizes=\"(max-width: 1920px) 100vw, 1920px\" \/><\/noscript><img decoding=\"async\" width=\"1920\" height=\"1231\" src=\"https:\/\/www.design-award.cz\/wp-content\/uploads\/2023\/04\/vizualizace-1-1920x1231.png\" class=\"wp-image-2429 vp-lazyload\" alt srcset=\"data:image\/svg+xml;base64,PHN2ZyB3aWR0aD0iMTkyMCIgaGVpZ2h0PSIxMjMxIiB2aWV3Qm94PSIwIDAgMTkyMCAxMjMxIiBmaWxsPSJub25lIiB4bWxucz0iaHR0cDovL3d3dy53My5vcmcvMjAwMC9zdmciPjwvc3ZnPg==\" data-src=\"https:\/\/www.design-award.cz\/wp-content\/uploads\/2023\/04\/vizualizace-1-1920x1231.png\" data-srcset=\"https:\/\/www.design-award.cz\/wp-content\/uploads\/2023\/04\/vizualizace-1-1920x1231.png 1920w, https:\/\/www.design-award.cz\/wp-content\/uploads\/2023\/04\/vizualizace-1-300x192.png 300w, https:\/\/www.design-award.cz\/wp-content\/uploads\/2023\/04\/vizualizace-1-1024x656.png 1024w, https:\/\/www.design-award.cz\/wp-content\/uploads\/2023\/04\/vizualizace-1-768x492.png 768w, https:\/\/www.design-award.cz\/wp-content\/uploads\/2023\/04\/vizualizace-1-1536x985.png 1536w, https:\/\/www.design-award.cz\/wp-content\/uploads\/2023\/04\/vizualizace-1-2048x1313.png 2048w, https:\/\/www.design-award.cz\/wp-content\/uploads\/2023\/04\/vizualizace-1-500x321.png 500w, https:\/\/www.design-award.cz\/wp-content\/uploads\/2023\/04\/vizualizace-1-800x513.png 800w, https:\/\/www.design-award.cz\/wp-content\/uploads\/2023\/04\/vizualizace-1-1280x820.png 1280w\" data-sizes=\"auto\" loading=\"eager\">\n\t\t<\/a>\t<\/div>\n<\/div>\n\t<figcaption class=\"vp-portfolio__item-overlay vp-portfolio__item-overlay-text-align-center\">\n\t\t<div class=\"vp-portfolio__item-meta-wrap vp-portfolio__custom-scrollbar\">\n\t\t\t\t<a\n\t\thref=\"https:\/\/www.design-award.cz\/?portfolio=soukromy-interier-morpho-studentsky-pokoj\"\n\t\ttabindex=\"-1\" class=\"vp-portfolio__item-meta\" \t>\n\t\n<div class=\"vp-portfolio__item-meta-categories\">\n\t\t\t<div class=\"vp-portfolio__item-meta-category\">\n\t\t\t\t<span\t\t\t>\n\tSOUT\u011a\u017d\u00cdC\u00cd 2023<\/span>\t\t<\/div>\n\t\t<\/div>\n\n<h2 class=\"vp-portfolio__item-meta-title\">\n\tSoukrom\u00fd interi\u00e9r &#8211; Morpho &#8211; studentsk\u00fd pokoj<\/h2>\n<\/a>\t\t<\/div>\n\t<\/figcaption>\n\t\t\t<\/figure>\n\t\t\t\t\t<\/article>\n\t\t\n\t\t<article\t\tclass=\"vp-portfolio__item-wrap post-5045 portfolio type-portfolio status-publish format-standard has-post-thumbnail hentry entry has-media vp-portfolio__item-uid-6504d16f\" data-vp-filter=\"\" \t\t>\n\t\t\t\t\t\t\t\t\t<figure class=\"vp-portfolio__item\">\n\t\t\t\t\n<div class=\"vp-portfolio__item-img-wrap\">\n\t<div class=\"vp-portfolio__item-img\">\n\t\t\t<a\n\t\thref=\"https:\/\/www.design-award.cz\/?portfolio=produktovy-design-dotyk\"\n\t\t\t>\n\t\n\t\t<noscript><img decoding=\"async\" width=\"1920\" height=\"2400\" data-skip-lazy src=\"https:\/\/www.design-award.cz\/wp-content\/uploads\/2025\/06\/Penickova_Pavlina_4DV_mat_2025_viz1-1920x2400.jpg\" class=\"wp-image-5051\" alt=\"\" srcset=\"https:\/\/www.design-award.cz\/wp-content\/uploads\/2025\/06\/Penickova_Pavlina_4DV_mat_2025_viz1-1920x2400.jpg 1920w, https:\/\/www.design-award.cz\/wp-content\/uploads\/2025\/06\/Penickova_Pavlina_4DV_mat_2025_viz1-240x300.jpg 240w, https:\/\/www.design-award.cz\/wp-content\/uploads\/2025\/06\/Penickova_Pavlina_4DV_mat_2025_viz1-819x1024.jpg 819w, https:\/\/www.design-award.cz\/wp-content\/uploads\/2025\/06\/Penickova_Pavlina_4DV_mat_2025_viz1-768x960.jpg 768w, https:\/\/www.design-award.cz\/wp-content\/uploads\/2025\/06\/Penickova_Pavlina_4DV_mat_2025_viz1-1229x1536.jpg 1229w, https:\/\/www.design-award.cz\/wp-content\/uploads\/2025\/06\/Penickova_Pavlina_4DV_mat_2025_viz1-1638x2048.jpg 1638w, https:\/\/www.design-award.cz\/wp-content\/uploads\/2025\/06\/Penickova_Pavlina_4DV_mat_2025_viz1-500x625.jpg 500w, https:\/\/www.design-award.cz\/wp-content\/uploads\/2025\/06\/Penickova_Pavlina_4DV_mat_2025_viz1-800x1000.jpg 800w, https:\/\/www.design-award.cz\/wp-content\/uploads\/2025\/06\/Penickova_Pavlina_4DV_mat_2025_viz1-1280x1600.jpg 1280w, https:\/\/www.design-award.cz\/wp-content\/uploads\/2025\/06\/Penickova_Pavlina_4DV_mat_2025_viz1-scaled.jpg 2048w\" sizes=\"(max-width: 1920px) 100vw, 1920px\" \/><\/noscript><img decoding=\"async\" width=\"1920\" height=\"2400\" src=\"https:\/\/www.design-award.cz\/wp-content\/uploads\/2025\/06\/Penickova_Pavlina_4DV_mat_2025_viz1-1920x2400.jpg\" class=\"wp-image-5051 vp-lazyload\" alt srcset=\"data:image\/svg+xml;base64,PHN2ZyB3aWR0aD0iMTkyMCIgaGVpZ2h0PSIyNDAwIiB2aWV3Qm94PSIwIDAgMTkyMCAyNDAwIiBmaWxsPSJub25lIiB4bWxucz0iaHR0cDovL3d3dy53My5vcmcvMjAwMC9zdmciPjwvc3ZnPg==\" data-src=\"https:\/\/www.design-award.cz\/wp-content\/uploads\/2025\/06\/Penickova_Pavlina_4DV_mat_2025_viz1-1920x2400.jpg\" data-srcset=\"https:\/\/www.design-award.cz\/wp-content\/uploads\/2025\/06\/Penickova_Pavlina_4DV_mat_2025_viz1-1920x2400.jpg 1920w, https:\/\/www.design-award.cz\/wp-content\/uploads\/2025\/06\/Penickova_Pavlina_4DV_mat_2025_viz1-240x300.jpg 240w, https:\/\/www.design-award.cz\/wp-content\/uploads\/2025\/06\/Penickova_Pavlina_4DV_mat_2025_viz1-819x1024.jpg 819w, https:\/\/www.design-award.cz\/wp-content\/uploads\/2025\/06\/Penickova_Pavlina_4DV_mat_2025_viz1-768x960.jpg 768w, https:\/\/www.design-award.cz\/wp-content\/uploads\/2025\/06\/Penickova_Pavlina_4DV_mat_2025_viz1-1229x1536.jpg 1229w, https:\/\/www.design-award.cz\/wp-content\/uploads\/2025\/06\/Penickova_Pavlina_4DV_mat_2025_viz1-1638x2048.jpg 1638w, https:\/\/www.design-award.cz\/wp-content\/uploads\/2025\/06\/Penickova_Pavlina_4DV_mat_2025_viz1-500x625.jpg 500w, https:\/\/www.design-award.cz\/wp-content\/uploads\/2025\/06\/Penickova_Pavlina_4DV_mat_2025_viz1-800x1000.jpg 800w, https:\/\/www.design-award.cz\/wp-content\/uploads\/2025\/06\/Penickova_Pavlina_4DV_mat_2025_viz1-1280x1600.jpg 1280w, https:\/\/www.design-award.cz\/wp-content\/uploads\/2025\/06\/Penickova_Pavlina_4DV_mat_2025_viz1-scaled.jpg 2048w\" data-sizes=\"auto\" loading=\"eager\">\n\t\t<\/a>\t<\/div>\n<\/div>\n\t<figcaption class=\"vp-portfolio__item-overlay vp-portfolio__item-overlay-text-align-center\">\n\t\t<div class=\"vp-portfolio__item-meta-wrap vp-portfolio__custom-scrollbar\">\n\t\t\t\t<a\n\t\thref=\"https:\/\/www.design-award.cz\/?portfolio=produktovy-design-dotyk\"\n\t\ttabindex=\"-1\" class=\"vp-portfolio__item-meta\" \t>\n\t\n<h2 class=\"vp-portfolio__item-meta-title\">\n\tProduktov\u00fd design &#8211; DOTYK<\/h2>\n<\/a>\t\t<\/div>\n\t<\/figcaption>\n\t\t\t<\/figure>\n\t\t\t\t\t<\/article>\n\t\t\n\t\t<article\t\tclass=\"vp-portfolio__item-wrap post-1079 portfolio type-portfolio status-publish format-standard has-post-thumbnail hentry entry has-media vp-portfolio__item-uid-c8fd59d0\" data-vp-filter=\"\" \t\t>\n\t\t\t\t\t\t\t\t\t<figure class=\"vp-portfolio__item\">\n\t\t\t\t\n<div class=\"vp-portfolio__item-img-wrap\">\n\t<div class=\"vp-portfolio__item-img\">\n\t\t\t<a\n\t\thref=\"https:\/\/www.design-award.cz\/?portfolio=soukromy-interier-garsoniera-pro-studentsky-par-3\"\n\t\t\t>\n\t\n\t\t<noscript><img decoding=\"async\" width=\"1541\" height=\"756\" data-skip-lazy src=\"https:\/\/www.design-award.cz\/wp-content\/uploads\/2022\/04\/Fedurcova-garsoniera-1.jpg\" class=\"wp-image-1081\" alt=\"\" srcset=\"https:\/\/www.design-award.cz\/wp-content\/uploads\/2022\/04\/Fedurcova-garsoniera-1.jpg 1541w, https:\/\/www.design-award.cz\/wp-content\/uploads\/2022\/04\/Fedurcova-garsoniera-1-300x147.jpg 300w, https:\/\/www.design-award.cz\/wp-content\/uploads\/2022\/04\/Fedurcova-garsoniera-1-1024x502.jpg 1024w, https:\/\/www.design-award.cz\/wp-content\/uploads\/2022\/04\/Fedurcova-garsoniera-1-768x377.jpg 768w, https:\/\/www.design-award.cz\/wp-content\/uploads\/2022\/04\/Fedurcova-garsoniera-1-1536x754.jpg 1536w, https:\/\/www.design-award.cz\/wp-content\/uploads\/2022\/04\/Fedurcova-garsoniera-1-500x245.jpg 500w, https:\/\/www.design-award.cz\/wp-content\/uploads\/2022\/04\/Fedurcova-garsoniera-1-800x392.jpg 800w, https:\/\/www.design-award.cz\/wp-content\/uploads\/2022\/04\/Fedurcova-garsoniera-1-1280x628.jpg 1280w\" sizes=\"(max-width: 1541px) 100vw, 1541px\" \/><\/noscript><img decoding=\"async\" width=\"1541\" height=\"756\" src=\"https:\/\/www.design-award.cz\/wp-content\/uploads\/2022\/04\/Fedurcova-garsoniera-1.jpg\" class=\"wp-image-1081 vp-lazyload\" alt srcset=\"data:image\/svg+xml;base64,PHN2ZyB3aWR0aD0iMTU0MSIgaGVpZ2h0PSI3NTYiIHZpZXdCb3g9IjAgMCAxNTQxIDc1NiIgZmlsbD0ibm9uZSIgeG1sbnM9Imh0dHA6Ly93d3cudzMub3JnLzIwMDAvc3ZnIj48L3N2Zz4=\" data-src=\"https:\/\/www.design-award.cz\/wp-content\/uploads\/2022\/04\/Fedurcova-garsoniera-1.jpg\" data-srcset=\"https:\/\/www.design-award.cz\/wp-content\/uploads\/2022\/04\/Fedurcova-garsoniera-1.jpg 1541w, https:\/\/www.design-award.cz\/wp-content\/uploads\/2022\/04\/Fedurcova-garsoniera-1-300x147.jpg 300w, https:\/\/www.design-award.cz\/wp-content\/uploads\/2022\/04\/Fedurcova-garsoniera-1-1024x502.jpg 1024w, https:\/\/www.design-award.cz\/wp-content\/uploads\/2022\/04\/Fedurcova-garsoniera-1-768x377.jpg 768w, https:\/\/www.design-award.cz\/wp-content\/uploads\/2022\/04\/Fedurcova-garsoniera-1-1536x754.jpg 1536w, https:\/\/www.design-award.cz\/wp-content\/uploads\/2022\/04\/Fedurcova-garsoniera-1-500x245.jpg 500w, https:\/\/www.design-award.cz\/wp-content\/uploads\/2022\/04\/Fedurcova-garsoniera-1-800x392.jpg 800w, https:\/\/www.design-award.cz\/wp-content\/uploads\/2022\/04\/Fedurcova-garsoniera-1-1280x628.jpg 1280w\" data-sizes=\"auto\" loading=\"eager\">\n\t\t<\/a>\t<\/div>\n<\/div>\n\t<figcaption class=\"vp-portfolio__item-overlay vp-portfolio__item-overlay-text-align-center\">\n\t\t<div class=\"vp-portfolio__item-meta-wrap vp-portfolio__custom-scrollbar\">\n\t\t\t\t<a\n\t\thref=\"https:\/\/www.design-award.cz\/?portfolio=soukromy-interier-garsoniera-pro-studentsky-par-3\"\n\t\ttabindex=\"-1\" class=\"vp-portfolio__item-meta\" \t>\n\t\n<h2 class=\"vp-portfolio__item-meta-title\">\n\tSoukrom\u00fd interi\u00e9r &#8211; Garsoniera pro studentsk\u00fd p\u00e1r<\/h2>\n<\/a>\t\t<\/div>\n\t<\/figcaption>\n\t\t\t<\/figure>\n\t\t\t\t\t<\/article>\n\t\t\n\t\t<article\t\tclass=\"vp-portfolio__item-wrap post-5569 portfolio type-portfolio status-publish format-standard has-post-thumbnail hentry entry has-media vp-portfolio__item-uid-584f3d2d\" data-vp-filter=\"\" \t\t>\n\t\t\t\t\t\t\t\t\t<figure class=\"vp-portfolio__item\">\n\t\t\t\t\n<div class=\"vp-portfolio__item-img-wrap\">\n\t<div class=\"vp-portfolio__item-img\">\n\t\t\t<a\n\t\thref=\"https:\/\/www.design-award.cz\/?portfolio=interierovy-design-studio-interieroveho-designera\"\n\t\t\t>\n\t\n\t\t<noscript><img decoding=\"async\" width=\"1920\" height=\"1280\" data-skip-lazy src=\"https:\/\/www.design-award.cz\/wp-content\/uploads\/2025\/06\/HAJSMANOVA_Ruzena_KANCELAR_INTERIEROVEHO_DESIGNERA_showroom-1920x1280.jpg\" class=\"wp-image-5585\" alt=\"\" srcset=\"https:\/\/www.design-award.cz\/wp-content\/uploads\/2025\/06\/HAJSMANOVA_Ruzena_KANCELAR_INTERIEROVEHO_DESIGNERA_showroom-1920x1280.jpg 1920w, https:\/\/www.design-award.cz\/wp-content\/uploads\/2025\/06\/HAJSMANOVA_Ruzena_KANCELAR_INTERIEROVEHO_DESIGNERA_showroom-300x200.jpg 300w, https:\/\/www.design-award.cz\/wp-content\/uploads\/2025\/06\/HAJSMANOVA_Ruzena_KANCELAR_INTERIEROVEHO_DESIGNERA_showroom-1024x683.jpg 1024w, https:\/\/www.design-award.cz\/wp-content\/uploads\/2025\/06\/HAJSMANOVA_Ruzena_KANCELAR_INTERIEROVEHO_DESIGNERA_showroom-768x512.jpg 768w, https:\/\/www.design-award.cz\/wp-content\/uploads\/2025\/06\/HAJSMANOVA_Ruzena_KANCELAR_INTERIEROVEHO_DESIGNERA_showroom-1536x1024.jpg 1536w, https:\/\/www.design-award.cz\/wp-content\/uploads\/2025\/06\/HAJSMANOVA_Ruzena_KANCELAR_INTERIEROVEHO_DESIGNERA_showroom-2048x1365.jpg 2048w, https:\/\/www.design-award.cz\/wp-content\/uploads\/2025\/06\/HAJSMANOVA_Ruzena_KANCELAR_INTERIEROVEHO_DESIGNERA_showroom-500x333.jpg 500w, https:\/\/www.design-award.cz\/wp-content\/uploads\/2025\/06\/HAJSMANOVA_Ruzena_KANCELAR_INTERIEROVEHO_DESIGNERA_showroom-800x533.jpg 800w, https:\/\/www.design-award.cz\/wp-content\/uploads\/2025\/06\/HAJSMANOVA_Ruzena_KANCELAR_INTERIEROVEHO_DESIGNERA_showroom-1280x853.jpg 1280w\" sizes=\"(max-width: 1920px) 100vw, 1920px\" \/><\/noscript><img decoding=\"async\" width=\"1920\" height=\"1280\" src=\"https:\/\/www.design-award.cz\/wp-content\/uploads\/2025\/06\/HAJSMANOVA_Ruzena_KANCELAR_INTERIEROVEHO_DESIGNERA_showroom-1920x1280.jpg\" class=\"wp-image-5585 vp-lazyload\" alt srcset=\"data:image\/svg+xml;base64,PHN2ZyB3aWR0aD0iMTkyMCIgaGVpZ2h0PSIxMjgwIiB2aWV3Qm94PSIwIDAgMTkyMCAxMjgwIiBmaWxsPSJub25lIiB4bWxucz0iaHR0cDovL3d3dy53My5vcmcvMjAwMC9zdmciPjwvc3ZnPg==\" data-src=\"https:\/\/www.design-award.cz\/wp-content\/uploads\/2025\/06\/HAJSMANOVA_Ruzena_KANCELAR_INTERIEROVEHO_DESIGNERA_showroom-1920x1280.jpg\" data-srcset=\"https:\/\/www.design-award.cz\/wp-content\/uploads\/2025\/06\/HAJSMANOVA_Ruzena_KANCELAR_INTERIEROVEHO_DESIGNERA_showroom-1920x1280.jpg 1920w, https:\/\/www.design-award.cz\/wp-content\/uploads\/2025\/06\/HAJSMANOVA_Ruzena_KANCELAR_INTERIEROVEHO_DESIGNERA_showroom-300x200.jpg 300w, https:\/\/www.design-award.cz\/wp-content\/uploads\/2025\/06\/HAJSMANOVA_Ruzena_KANCELAR_INTERIEROVEHO_DESIGNERA_showroom-1024x683.jpg 1024w, https:\/\/www.design-award.cz\/wp-content\/uploads\/2025\/06\/HAJSMANOVA_Ruzena_KANCELAR_INTERIEROVEHO_DESIGNERA_showroom-768x512.jpg 768w, https:\/\/www.design-award.cz\/wp-content\/uploads\/2025\/06\/HAJSMANOVA_Ruzena_KANCELAR_INTERIEROVEHO_DESIGNERA_showroom-1536x1024.jpg 1536w, https:\/\/www.design-award.cz\/wp-content\/uploads\/2025\/06\/HAJSMANOVA_Ruzena_KANCELAR_INTERIEROVEHO_DESIGNERA_showroom-2048x1365.jpg 2048w, https:\/\/www.design-award.cz\/wp-content\/uploads\/2025\/06\/HAJSMANOVA_Ruzena_KANCELAR_INTERIEROVEHO_DESIGNERA_showroom-500x333.jpg 500w, https:\/\/www.design-award.cz\/wp-content\/uploads\/2025\/06\/HAJSMANOVA_Ruzena_KANCELAR_INTERIEROVEHO_DESIGNERA_showroom-800x533.jpg 800w, https:\/\/www.design-award.cz\/wp-content\/uploads\/2025\/06\/HAJSMANOVA_Ruzena_KANCELAR_INTERIEROVEHO_DESIGNERA_showroom-1280x853.jpg 1280w\" data-sizes=\"auto\" loading=\"eager\">\n\t\t<\/a>\t<\/div>\n<\/div>\n\t<figcaption class=\"vp-portfolio__item-overlay vp-portfolio__item-overlay-text-align-center\">\n\t\t<div class=\"vp-portfolio__item-meta-wrap vp-portfolio__custom-scrollbar\">\n\t\t\t\t<a\n\t\thref=\"https:\/\/www.design-award.cz\/?portfolio=interierovy-design-studio-interieroveho-designera\"\n\t\ttabindex=\"-1\" class=\"vp-portfolio__item-meta\" \t>\n\t\n<h2 class=\"vp-portfolio__item-meta-title\">\n\tInteri\u00e9rov\u00fd design &#8211; Studio interi\u00e9rov\u00e9ho design\u00e9ra<\/h2>\n<\/a>\t\t<\/div>\n\t<\/figcaption>\n\t\t\t<\/figure>\n\t\t\t\t\t<\/article>\n\t\t\n<\/div>\n\n<div class=\"vp-portfolio__items-arrow vp-portfolio__items-arrow-prev\" tabindex=\"0\" role=\"button\" aria-label=\"Previous Slide\">\n\t\n<svg class=\"vp-svg-icon\" width=\"20\" height=\"20\" viewBox=\"0 0 20 20\" fill=\"none\" xmlns=\"http:\/\/www.w3.org\/2000\/svg\">\n\t<path d=\"M12 4L6 10L12 16\" stroke=\"currentColor\" stroke-width=\"1.5\" stroke-linecap=\"round\" stroke-linejoin=\"round\" fill=\"transparent\" \/>\n<\/svg>\n<\/div>\n<div class=\"vp-portfolio__items-arrow vp-portfolio__items-arrow-next\" tabindex=\"0\" role=\"button\" aria-label=\"Next Slide\">\n\t\n<svg class=\"vp-svg-icon\" width=\"20\" height=\"20\" viewBox=\"0 0 20 20\" fill=\"none\" xmlns=\"http:\/\/www.w3.org\/2000\/svg\">\n\t<path d=\"M8 4L14 10L8 16\" stroke=\"currentColor\" stroke-width=\"1.5\" stroke-linecap=\"round\" stroke-linejoin=\"round\" fill=\"transparent\" \/>\n<\/svg>\n<\/div>\n\t\t<\/div>\n\t\t\t\t<div class=\"vp-portfolio__layout-elements vp-portfolio__layout-elements-bottom vp-portfolio__layout-elements-align-center\">\n\t\t\t\t<div class=\"vp-portfolio__pagination-wrap\">\n\t\t\n<div class=\"vp-pagination vp-pagination__style-minimal\" data-vp-pagination-type=\"load-more\">\n\t<div class=\"vp-pagination__item\">\n\t\t<a class=\"vp-pagination__load-more\" href=\"https:\/\/www.design-award.cz\/index.php?rest_route=%2Fwp%2Fv2%2Fportfolio%2F1263&#038;vp_page=2\">\n\t\t\t<span>Load More<\/span>\n\t\t\t<span class=\"vp-pagination__load-more-loading\"><span class=\"vp-spinner\"><\/span><span class=\"vp-screen-reader-text\"> Loading More&#8230;<\/span><\/span>\n\t\t\t<span class=\"vp-pagination__load-more-no-more\">You\u2019ve reached the end of the list<\/span>\n\t\t<\/a>\n\t<\/div>\n<\/div>\n\t\t<\/div>\n\t\t\t\t<\/div>\n\t\t\n<\/div>\n<\/div>","protected":false},"excerpt":{"rendered":"<p>Alena Kleibelov\u00e1 Akademie Michael &#8211; S\u0160 a VO\u0160 reklamn\u00ed a um\u011bleck\u00e9 tvorby N\u00e1vrh koupelny Zad\u00e1n\u00edm bylo navrhnout koupelnu pro mlad\u00fd p\u00e1r z Prahy ve v\u011bkov\u00e9m rozmez\u00ed 25-30 let. Do koupelny se m\u011bla um\u00edstit vana i sprchov\u00fd kout, z\u00e1chod, umyvadlo a tak\u00e9 pra\u010dka se su\u0161i\u010dkou.V dispozici, stylu i materi\u00e1lech jsem m\u011bla volnou ruku.&nbsp; Do koupelny jsem [&hellip;]<\/p>\n","protected":false},"author":1,"featured_media":1265,"menu_order":0,"comment_status":"closed","ping_status":"closed","template":"","format":"standard","meta":{"ngg_post_thumbnail":0,"ocean_post_layout":"","ocean_both_sidebars_style":"","ocean_both_sidebars_content_width":0,"ocean_both_sidebars_sidebars_width":0,"ocean_sidebar":"","ocean_second_sidebar":"","ocean_disable_margins":"enable","ocean_add_body_class":"","ocean_shortcode_before_top_bar":"","ocean_shortcode_after_top_bar":"","ocean_shortcode_before_header":"","ocean_shortcode_after_header":"","ocean_has_shortcode":"","ocean_shortcode_after_title":"","ocean_shortcode_before_footer_widgets":"","ocean_shortcode_after_footer_widgets":"","ocean_shortcode_before_footer_bottom":"","ocean_shortcode_after_footer_bottom":"","ocean_display_top_bar":"default","ocean_display_header":"default","ocean_header_style":"","ocean_center_header_left_menu":"","ocean_custom_header_template":"","ocean_custom_logo":0,"ocean_custom_retina_logo":0,"ocean_custom_logo_max_width":0,"ocean_custom_logo_tablet_max_width":0,"ocean_custom_logo_mobile_max_width":0,"ocean_custom_logo_max_height":0,"ocean_custom_logo_tablet_max_height":0,"ocean_custom_logo_mobile_max_height":0,"ocean_header_custom_menu":"","ocean_menu_typo_font_family":"","ocean_menu_typo_font_subset":"","ocean_menu_typo_font_size":0,"ocean_menu_typo_font_size_tablet":0,"ocean_menu_typo_font_size_mobile":0,"ocean_menu_typo_font_size_unit":"px","ocean_menu_typo_font_weight":"","ocean_menu_typo_font_weight_tablet":"","ocean_menu_typo_font_weight_mobile":"","ocean_menu_typo_transform":"","ocean_menu_typo_transform_tablet":"","ocean_menu_typo_transform_mobile":"","ocean_menu_typo_line_height":0,"ocean_menu_typo_line_height_tablet":0,"ocean_menu_typo_line_height_mobile":0,"ocean_menu_typo_line_height_unit":"","ocean_menu_typo_spacing":0,"ocean_menu_typo_spacing_tablet":0,"ocean_menu_typo_spacing_mobile":0,"ocean_menu_typo_spacing_unit":"","ocean_menu_link_color":"","ocean_menu_link_color_hover":"","ocean_menu_link_color_active":"","ocean_menu_link_background":"","ocean_menu_link_hover_background":"","ocean_menu_link_active_background":"","ocean_menu_social_links_bg":"","ocean_menu_social_hover_links_bg":"","ocean_menu_social_links_color":"","ocean_menu_social_hover_links_color":"","ocean_disable_title":"default","ocean_disable_heading":"default","ocean_post_title":"","ocean_post_subheading":"","ocean_post_title_style":"","ocean_post_title_background_color":"","ocean_post_title_background":0,"ocean_post_title_bg_image_position":"","ocean_post_title_bg_image_attachment":"","ocean_post_title_bg_image_repeat":"","ocean_post_title_bg_image_size":"","ocean_post_title_height":0,"ocean_post_title_bg_overlay":0.5,"ocean_post_title_bg_overlay_color":"","ocean_disable_breadcrumbs":"default","ocean_breadcrumbs_color":"","ocean_breadcrumbs_separator_color":"","ocean_breadcrumbs_links_color":"","ocean_breadcrumbs_links_hover_color":"","ocean_display_footer_widgets":"default","ocean_display_footer_bottom":"default","ocean_custom_footer_template":"","_vp_format_video_url":"","_vp_image_focal_point":[],"footnotes":""},"portfolio_category":[],"portfolio_tag":[],"class_list":["post-1263","portfolio","type-portfolio","status-publish","format-standard","has-post-thumbnail","hentry","entry","has-media"],"yoast_head":"<!-- This site is optimized with the Yoast SEO plugin v25.2 - https:\/\/yoast.com\/wordpress\/plugins\/seo\/ -->\n<title>Soukrom\u00fd interi\u00e9r - N\u00e1vrh koupelny - design-award.cz<\/title>\n<meta name=\"robots\" content=\"index, follow, max-snippet:-1, max-image-preview:large, max-video-preview:-1\" \/>\n<link rel=\"canonical\" href=\"https:\/\/www.design-award.cz\/?portfolio=soukromy-interier-navrh-koupelny\" \/>\n<meta property=\"og:locale\" content=\"cs_CZ\" \/>\n<meta property=\"og:type\" content=\"article\" \/>\n<meta property=\"og:title\" content=\"Soukrom\u00fd interi\u00e9r - N\u00e1vrh koupelny - design-award.cz\" \/>\n<meta property=\"og:description\" content=\"Alena Kleibelov\u00e1 Akademie Michael &#8211; S\u0160 a VO\u0160 reklamn\u00ed a um\u011bleck\u00e9 tvorby N\u00e1vrh koupelny Zad\u00e1n\u00edm bylo navrhnout koupelnu pro mlad\u00fd p\u00e1r z Prahy ve v\u011bkov\u00e9m rozmez\u00ed 25-30 let. Do koupelny se m\u011bla um\u00edstit vana i sprchov\u00fd kout, z\u00e1chod, umyvadlo a tak\u00e9 pra\u010dka se su\u0161i\u010dkou.V dispozici, stylu i materi\u00e1lech jsem m\u011bla volnou ruku.&nbsp; Do koupelny jsem [&hellip;]\" \/>\n<meta property=\"og:url\" content=\"https:\/\/www.design-award.cz\/?portfolio=soukromy-interier-navrh-koupelny\" \/>\n<meta property=\"og:site_name\" content=\"design-award.cz\" \/>\n<meta property=\"article:modified_time\" content=\"2022-04-30T16:00:06+00:00\" \/>\n<meta property=\"og:image\" content=\"http:\/\/www.design-award.cz\/wp-content\/uploads\/2022\/04\/rendr_3-photo_optimized-scaled.jpg\" \/>\n\t<meta property=\"og:image:width\" content=\"2560\" \/>\n\t<meta property=\"og:image:height\" content=\"1440\" \/>\n\t<meta property=\"og:image:type\" content=\"image\/jpeg\" \/>\n<meta name=\"twitter:card\" content=\"summary_large_image\" \/>\n<meta name=\"twitter:label1\" content=\"Odhadovan\u00e1 doba \u010dten\u00ed\" \/>\n\t<meta name=\"twitter:data1\" content=\"2 minuty\" \/>\n<script type=\"application\/ld+json\" class=\"yoast-schema-graph\">{\"@context\":\"https:\/\/schema.org\",\"@graph\":[{\"@type\":\"WebPage\",\"@id\":\"https:\/\/www.design-award.cz\/?portfolio=soukromy-interier-navrh-koupelny\",\"url\":\"https:\/\/www.design-award.cz\/?portfolio=soukromy-interier-navrh-koupelny\",\"name\":\"Soukrom\u00fd interi\u00e9r - N\u00e1vrh koupelny - design-award.cz\",\"isPartOf\":{\"@id\":\"https:\/\/www.design-award.cz\/#website\"},\"primaryImageOfPage\":{\"@id\":\"https:\/\/www.design-award.cz\/?portfolio=soukromy-interier-navrh-koupelny#primaryimage\"},\"image\":{\"@id\":\"https:\/\/www.design-award.cz\/?portfolio=soukromy-interier-navrh-koupelny#primaryimage\"},\"thumbnailUrl\":\"https:\/\/www.design-award.cz\/wp-content\/uploads\/2022\/04\/rendr_3-photo_optimized-scaled.jpg\",\"datePublished\":\"2022-04-30T16:00:05+00:00\",\"dateModified\":\"2022-04-30T16:00:06+00:00\",\"breadcrumb\":{\"@id\":\"https:\/\/www.design-award.cz\/?portfolio=soukromy-interier-navrh-koupelny#breadcrumb\"},\"inLanguage\":\"cs\",\"potentialAction\":[{\"@type\":\"ReadAction\",\"target\":[\"https:\/\/www.design-award.cz\/?portfolio=soukromy-interier-navrh-koupelny\"]}]},{\"@type\":\"ImageObject\",\"inLanguage\":\"cs\",\"@id\":\"https:\/\/www.design-award.cz\/?portfolio=soukromy-interier-navrh-koupelny#primaryimage\",\"url\":\"https:\/\/www.design-award.cz\/wp-content\/uploads\/2022\/04\/rendr_3-photo_optimized-scaled.jpg\",\"contentUrl\":\"https:\/\/www.design-award.cz\/wp-content\/uploads\/2022\/04\/rendr_3-photo_optimized-scaled.jpg\",\"width\":2560,\"height\":1440},{\"@type\":\"BreadcrumbList\",\"@id\":\"https:\/\/www.design-award.cz\/?portfolio=soukromy-interier-navrh-koupelny#breadcrumb\",\"itemListElement\":[{\"@type\":\"ListItem\",\"position\":1,\"name\":\"Dom\u016f\",\"item\":\"https:\/\/www.design-award.cz\/\"},{\"@type\":\"ListItem\",\"position\":2,\"name\":\"Portfolio Items\",\"item\":\"https:\/\/www.design-award.cz\/?post_type=portfolio\"},{\"@type\":\"ListItem\",\"position\":3,\"name\":\"Soukrom\u00fd interi\u00e9r &#8211; N\u00e1vrh koupelny\"}]},{\"@type\":\"WebSite\",\"@id\":\"https:\/\/www.design-award.cz\/#website\",\"url\":\"https:\/\/www.design-award.cz\/\",\"name\":\"design-award.cz\",\"description\":\"WARD vznikla v roce 2022. Je ur\u010dena p\u0159edev\u0161\u00edm student\u016fm st\u0159edn\u00edch um\u011bleck\u00fdch \u0161kol (S\u0160 a VO\u0160), kte\u0159\u00ed mohou bezplatn\u011b zaslat sv\u00e9 n\u00e1vrhy v uveden\u00fdch kategori\u00ed a tak pom\u011b\u0159it sv\u00e9 n\u00e1pady s konkurenc\u00ed sv\u00fdch vrstevn\u00edk\u016f. N\u00e1vrhy jsou n\u00e1sledn\u011b posouzeny nez\u00e1vislou porotou z \u0159ad v\u00fdtvarn\u00edk\u016f, pedagog\u016f a profesion\u00e1l\u016f z oboru.\",\"publisher\":{\"@id\":\"https:\/\/www.design-award.cz\/#organization\"},\"potentialAction\":[{\"@type\":\"SearchAction\",\"target\":{\"@type\":\"EntryPoint\",\"urlTemplate\":\"https:\/\/www.design-award.cz\/?s={search_term_string}\"},\"query-input\":{\"@type\":\"PropertyValueSpecification\",\"valueRequired\":true,\"valueName\":\"search_term_string\"}}],\"inLanguage\":\"cs\"},{\"@type\":\"Organization\",\"@id\":\"https:\/\/www.design-award.cz\/#organization\",\"name\":\"Design Award\",\"url\":\"https:\/\/www.design-award.cz\/\",\"logo\":{\"@type\":\"ImageObject\",\"inLanguage\":\"cs\",\"@id\":\"https:\/\/www.design-award.cz\/#\/schema\/logo\/image\/\",\"url\":\"http:\/\/www.design-award.cz\/wp-content\/uploads\/2021\/12\/hornilogo_design-award.png\",\"contentUrl\":\"http:\/\/www.design-award.cz\/wp-content\/uploads\/2021\/12\/hornilogo_design-award.png\",\"width\":800,\"height\":600,\"caption\":\"Design Award\"},\"image\":{\"@id\":\"https:\/\/www.design-award.cz\/#\/schema\/logo\/image\/\"},\"sameAs\":[\"https:\/\/www.instagram.com\/design_award\/\"]}]}<\/script>\n<!-- \/ Yoast SEO plugin. -->","yoast_head_json":{"title":"Soukrom\u00fd interi\u00e9r - N\u00e1vrh koupelny - design-award.cz","robots":{"index":"index","follow":"follow","max-snippet":"max-snippet:-1","max-image-preview":"max-image-preview:large","max-video-preview":"max-video-preview:-1"},"canonical":"https:\/\/www.design-award.cz\/?portfolio=soukromy-interier-navrh-koupelny","og_locale":"cs_CZ","og_type":"article","og_title":"Soukrom\u00fd interi\u00e9r - N\u00e1vrh koupelny - design-award.cz","og_description":"Alena Kleibelov\u00e1 Akademie Michael &#8211; S\u0160 a VO\u0160 reklamn\u00ed a um\u011bleck\u00e9 tvorby N\u00e1vrh koupelny Zad\u00e1n\u00edm bylo navrhnout koupelnu pro mlad\u00fd p\u00e1r z Prahy ve v\u011bkov\u00e9m rozmez\u00ed 25-30 let. Do koupelny se m\u011bla um\u00edstit vana i sprchov\u00fd kout, z\u00e1chod, umyvadlo a tak\u00e9 pra\u010dka se su\u0161i\u010dkou.V dispozici, stylu i materi\u00e1lech jsem m\u011bla volnou ruku.&nbsp; Do koupelny jsem [&hellip;]","og_url":"https:\/\/www.design-award.cz\/?portfolio=soukromy-interier-navrh-koupelny","og_site_name":"design-award.cz","article_modified_time":"2022-04-30T16:00:06+00:00","og_image":[{"width":2560,"height":1440,"url":"http:\/\/www.design-award.cz\/wp-content\/uploads\/2022\/04\/rendr_3-photo_optimized-scaled.jpg","type":"image\/jpeg"}],"twitter_card":"summary_large_image","twitter_misc":{"Odhadovan\u00e1 doba \u010dten\u00ed":"2 minuty"},"schema":{"@context":"https:\/\/schema.org","@graph":[{"@type":"WebPage","@id":"https:\/\/www.design-award.cz\/?portfolio=soukromy-interier-navrh-koupelny","url":"https:\/\/www.design-award.cz\/?portfolio=soukromy-interier-navrh-koupelny","name":"Soukrom\u00fd interi\u00e9r - N\u00e1vrh koupelny - design-award.cz","isPartOf":{"@id":"https:\/\/www.design-award.cz\/#website"},"primaryImageOfPage":{"@id":"https:\/\/www.design-award.cz\/?portfolio=soukromy-interier-navrh-koupelny#primaryimage"},"image":{"@id":"https:\/\/www.design-award.cz\/?portfolio=soukromy-interier-navrh-koupelny#primaryimage"},"thumbnailUrl":"https:\/\/www.design-award.cz\/wp-content\/uploads\/2022\/04\/rendr_3-photo_optimized-scaled.jpg","datePublished":"2022-04-30T16:00:05+00:00","dateModified":"2022-04-30T16:00:06+00:00","breadcrumb":{"@id":"https:\/\/www.design-award.cz\/?portfolio=soukromy-interier-navrh-koupelny#breadcrumb"},"inLanguage":"cs","potentialAction":[{"@type":"ReadAction","target":["https:\/\/www.design-award.cz\/?portfolio=soukromy-interier-navrh-koupelny"]}]},{"@type":"ImageObject","inLanguage":"cs","@id":"https:\/\/www.design-award.cz\/?portfolio=soukromy-interier-navrh-koupelny#primaryimage","url":"https:\/\/www.design-award.cz\/wp-content\/uploads\/2022\/04\/rendr_3-photo_optimized-scaled.jpg","contentUrl":"https:\/\/www.design-award.cz\/wp-content\/uploads\/2022\/04\/rendr_3-photo_optimized-scaled.jpg","width":2560,"height":1440},{"@type":"BreadcrumbList","@id":"https:\/\/www.design-award.cz\/?portfolio=soukromy-interier-navrh-koupelny#breadcrumb","itemListElement":[{"@type":"ListItem","position":1,"name":"Dom\u016f","item":"https:\/\/www.design-award.cz\/"},{"@type":"ListItem","position":2,"name":"Portfolio Items","item":"https:\/\/www.design-award.cz\/?post_type=portfolio"},{"@type":"ListItem","position":3,"name":"Soukrom\u00fd interi\u00e9r &#8211; N\u00e1vrh koupelny"}]},{"@type":"WebSite","@id":"https:\/\/www.design-award.cz\/#website","url":"https:\/\/www.design-award.cz\/","name":"design-award.cz","description":"WARD vznikla v roce 2022. Je ur\u010dena p\u0159edev\u0161\u00edm student\u016fm st\u0159edn\u00edch um\u011bleck\u00fdch \u0161kol (S\u0160 a VO\u0160), kte\u0159\u00ed mohou bezplatn\u011b zaslat sv\u00e9 n\u00e1vrhy v uveden\u00fdch kategori\u00ed a tak pom\u011b\u0159it sv\u00e9 n\u00e1pady s konkurenc\u00ed sv\u00fdch vrstevn\u00edk\u016f. N\u00e1vrhy jsou n\u00e1sledn\u011b posouzeny nez\u00e1vislou porotou z \u0159ad v\u00fdtvarn\u00edk\u016f, pedagog\u016f a profesion\u00e1l\u016f z oboru.","publisher":{"@id":"https:\/\/www.design-award.cz\/#organization"},"potentialAction":[{"@type":"SearchAction","target":{"@type":"EntryPoint","urlTemplate":"https:\/\/www.design-award.cz\/?s={search_term_string}"},"query-input":{"@type":"PropertyValueSpecification","valueRequired":true,"valueName":"search_term_string"}}],"inLanguage":"cs"},{"@type":"Organization","@id":"https:\/\/www.design-award.cz\/#organization","name":"Design Award","url":"https:\/\/www.design-award.cz\/","logo":{"@type":"ImageObject","inLanguage":"cs","@id":"https:\/\/www.design-award.cz\/#\/schema\/logo\/image\/","url":"http:\/\/www.design-award.cz\/wp-content\/uploads\/2021\/12\/hornilogo_design-award.png","contentUrl":"http:\/\/www.design-award.cz\/wp-content\/uploads\/2021\/12\/hornilogo_design-award.png","width":800,"height":600,"caption":"Design Award"},"image":{"@id":"https:\/\/www.design-award.cz\/#\/schema\/logo\/image\/"},"sameAs":["https:\/\/www.instagram.com\/design_award\/"]}]}},"_links":{"self":[{"href":"https:\/\/www.design-award.cz\/index.php?rest_route=\/wp\/v2\/portfolio\/1263","targetHints":{"allow":["GET"]}}],"collection":[{"href":"https:\/\/www.design-award.cz\/index.php?rest_route=\/wp\/v2\/portfolio"}],"about":[{"href":"https:\/\/www.design-award.cz\/index.php?rest_route=\/wp\/v2\/types\/portfolio"}],"author":[{"embeddable":true,"href":"https:\/\/www.design-award.cz\/index.php?rest_route=\/wp\/v2\/users\/1"}],"replies":[{"embeddable":true,"href":"https:\/\/www.design-award.cz\/index.php?rest_route=%2Fwp%2Fv2%2Fcomments&post=1263"}],"version-history":[{"count":1,"href":"https:\/\/www.design-award.cz\/index.php?rest_route=\/wp\/v2\/portfolio\/1263\/revisions"}],"predecessor-version":[{"id":1270,"href":"https:\/\/www.design-award.cz\/index.php?rest_route=\/wp\/v2\/portfolio\/1263\/revisions\/1270"}],"wp:featuredmedia":[{"embeddable":true,"href":"https:\/\/www.design-award.cz\/index.php?rest_route=\/wp\/v2\/media\/1265"}],"wp:attachment":[{"href":"https:\/\/www.design-award.cz\/index.php?rest_route=%2Fwp%2Fv2%2Fmedia&parent=1263"}],"wp:term":[{"taxonomy":"portfolio_category","embeddable":true,"href":"https:\/\/www.design-award.cz\/index.php?rest_route=%2Fwp%2Fv2%2Fportfolio_category&post=1263"},{"taxonomy":"portfolio_tag","embeddable":true,"href":"https:\/\/www.design-award.cz\/index.php?rest_route=%2Fwp%2Fv2%2Fportfolio_tag&post=1263"}],"curies":[{"name":"wp","href":"https:\/\/api.w.org\/{rel}","templated":true}]}}