{"id":1316,"date":"2022-04-30T19:39:46","date_gmt":"2022-04-30T19:39:46","guid":{"rendered":"https:\/\/www.design-award.cz\/?post_type=portfolio&#038;p=1316"},"modified":"2022-04-30T19:39:48","modified_gmt":"2022-04-30T19:39:48","slug":"produktovy-design-nemy-sluha-noedge","status":"publish","type":"portfolio","link":"https:\/\/www.design-award.cz\/?portfolio=produktovy-design-nemy-sluha-noedge","title":{"rendered":"Produktov\u00fd design &#8211; N\u011bm\u00fd sluha &#8222;NOEDGE&#8220;"},"content":{"rendered":"\n<h2 class=\"wp-block-heading\"><strong>Tereza Tom\u0161\u00edkov\u00e1<\/strong><\/h2>\n\n\n\n<p>Vy\u0161\u0161\u00ed odborn\u00e1 a St\u0159edn\u00ed pr\u016fmyslov\u00e1 \u0161kola Volyn\u011b<\/p>\n\n\n\n<p>Zad\u00e1n\u00ed zn\u011blo: n\u011bm\u00fd sluha.<br>\u00a0\u00a0\u00a0\u00a0\u00a0\u00a0\u00a0 N\u011bm\u00fd sluha podle m\u00e9ho n\u00e1zoru nem\u00e1 b\u00fdt v\u00fdrazn\u00fdm prvkem v interi\u00e9ru, proto se mu \u0159\u00edk\u00e1 n\u011bm\u00fd, ale to neznamen\u00e1, \u017ee nem\u016f\u017ee b\u00fdt designov\u00fdm kusem n\u00e1bytku.<br>Moj\u00ed inspirac\u00ed se stalo madlo ve vagonech vlaku, kter\u00e9 mi p\u0159ipomn\u011blo \u0161atn\u00ed ty\u010d. Design je vymy\u0161len tak, aby byl co nejv\u00edce variabiln\u00ed a p\u0159izp\u016fsobiteln\u00fd po\u017eadavk\u016fm ka\u017ed\u00e9ho z\u00e1kazn\u00edka.<br>Jeho \u010d\u00e1sti jsou na pr\u016f\u0159ezu kruhov\u00e9 o \u220540 mm, aby se na n\u011bj daly v\u011b\u0161et ram\u00ednka. Z\u00e1rove\u0148 jsou horn\u00ed d\u00edly \u0161irok\u00e9 tak, aby se p\u0159es n\u011b dalo p\u0159ehodit oble\u010den\u00ed, nap\u0159\u00edklad kalhoty. N\u011bm\u00fd sluha m\u00e1 rozm\u011bry 1160x440x600 mm.\u00a0<br>Je vyroben\u00fd z dubu, tvrd\u00e9ho d\u0159eva, aby vyd\u0159el v\u011bt\u0161\u00ed z\u00e1t\u011b\u017e. Kv\u016fli jeho tvaru se materi\u00e1lov\u011b nab\u00edzel kov, ale cht\u011bla jsem, aby byl p\u0159\u00edjemn\u00fd na omak i napohled a navozoval pocit tepla a domova, proto jsem zvolila d\u0159evo. Sluha by mohl b\u00fdt vyroben jako oh\u00fdban\u00fd n\u00e1bytek ze dvou \u010d\u00e1st\u00ed, ale touto technikou jsem jej nem\u011bla mo\u017enost realizovat. Proto je vyroben se soustru\u017een\u00fdch kus\u016f a kol\u00ednek, kter\u00e9 jsem vyr\u00e1b\u011bla na CNC stroji. V\u0161echny \u010d\u00e1sti jsou spojeny pomoc\u00ed kol\u00edk\u016f.<\/p>\n\n\n\n<figure class=\"wp-block-image size-full\"><img decoding=\"async\" width=\"8267\" height=\"11811\" data-src=\"http:\/\/www.design-award.cz\/wp-content\/uploads\/2022\/04\/Plakat-1.jpg\" alt=\"\" class=\"wp-image-1321 lazyload\" src=\"data:image\/svg+xml;base64,PHN2ZyB3aWR0aD0iMSIgaGVpZ2h0PSIxIiB4bWxucz0iaHR0cDovL3d3dy53My5vcmcvMjAwMC9zdmciPjwvc3ZnPg==\" style=\"--smush-placeholder-width: 8267px; --smush-placeholder-aspect-ratio: 8267\/11811;\" \/><\/figure>\n\n\n\n<figure class=\"wp-block-image size-large\"><img decoding=\"async\" width=\"680\" height=\"1024\" data-src=\"http:\/\/www.design-award.cz\/wp-content\/uploads\/2022\/04\/Vizualizace-2-1-680x1024.jpg\" alt=\"\" class=\"wp-image-1318 lazyload\" data-srcset=\"https:\/\/www.design-award.cz\/wp-content\/uploads\/2022\/04\/Vizualizace-2-1-680x1024.jpg 680w, https:\/\/www.design-award.cz\/wp-content\/uploads\/2022\/04\/Vizualizace-2-1-199x300.jpg 199w, https:\/\/www.design-award.cz\/wp-content\/uploads\/2022\/04\/Vizualizace-2-1-768x1156.jpg 768w, https:\/\/www.design-award.cz\/wp-content\/uploads\/2022\/04\/Vizualizace-2-1-1020x1536.jpg 1020w, https:\/\/www.design-award.cz\/wp-content\/uploads\/2022\/04\/Vizualizace-2-1-1360x2048.jpg 1360w, https:\/\/www.design-award.cz\/wp-content\/uploads\/2022\/04\/Vizualizace-2-1-500x753.jpg 500w, https:\/\/www.design-award.cz\/wp-content\/uploads\/2022\/04\/Vizualizace-2-1-800x1204.jpg 800w, https:\/\/www.design-award.cz\/wp-content\/uploads\/2022\/04\/Vizualizace-2-1-1280x1927.jpg 1280w, https:\/\/www.design-award.cz\/wp-content\/uploads\/2022\/04\/Vizualizace-2-1-1920x2890.jpg 1920w, https:\/\/www.design-award.cz\/wp-content\/uploads\/2022\/04\/Vizualizace-2-1-scaled.jpg 1701w\" data-sizes=\"(max-width: 680px) 100vw, 680px\" src=\"data:image\/svg+xml;base64,PHN2ZyB3aWR0aD0iMSIgaGVpZ2h0PSIxIiB4bWxucz0iaHR0cDovL3d3dy53My5vcmcvMjAwMC9zdmciPjwvc3ZnPg==\" style=\"--smush-placeholder-width: 680px; --smush-placeholder-aspect-ratio: 680\/1024;\" \/><\/figure>\n\n\n\n<figure class=\"wp-block-image size-large\"><img decoding=\"async\" width=\"1024\" height=\"724\" data-src=\"http:\/\/www.design-award.cz\/wp-content\/uploads\/2022\/04\/Navrhovy-vykres-1024x724.jpg\" alt=\"\" class=\"wp-image-1320 lazyload\" data-srcset=\"https:\/\/www.design-award.cz\/wp-content\/uploads\/2022\/04\/Navrhovy-vykres-1024x724.jpg 1024w, https:\/\/www.design-award.cz\/wp-content\/uploads\/2022\/04\/Navrhovy-vykres-300x212.jpg 300w, https:\/\/www.design-award.cz\/wp-content\/uploads\/2022\/04\/Navrhovy-vykres-768x543.jpg 768w, https:\/\/www.design-award.cz\/wp-content\/uploads\/2022\/04\/Navrhovy-vykres-1536x1086.jpg 1536w, https:\/\/www.design-award.cz\/wp-content\/uploads\/2022\/04\/Navrhovy-vykres-2048x1448.jpg 2048w, https:\/\/www.design-award.cz\/wp-content\/uploads\/2022\/04\/Navrhovy-vykres-500x353.jpg 500w, https:\/\/www.design-award.cz\/wp-content\/uploads\/2022\/04\/Navrhovy-vykres-800x566.jpg 800w, https:\/\/www.design-award.cz\/wp-content\/uploads\/2022\/04\/Navrhovy-vykres-1280x905.jpg 1280w, https:\/\/www.design-award.cz\/wp-content\/uploads\/2022\/04\/Navrhovy-vykres-1920x1357.jpg 1920w\" data-sizes=\"(max-width: 1024px) 100vw, 1024px\" src=\"data:image\/svg+xml;base64,PHN2ZyB3aWR0aD0iMSIgaGVpZ2h0PSIxIiB4bWxucz0iaHR0cDovL3d3dy53My5vcmcvMjAwMC9zdmciPjwvc3ZnPg==\" style=\"--smush-placeholder-width: 1024px; --smush-placeholder-aspect-ratio: 1024\/724;\" \/><\/figure>\n\n\n\n<figure class=\"wp-block-image size-large\"><img decoding=\"async\" width=\"1024\" height=\"724\" data-src=\"http:\/\/www.design-award.cz\/wp-content\/uploads\/2022\/04\/Vyrobni-vykres-1024x724.jpg\" alt=\"\" class=\"wp-image-1319 lazyload\" data-srcset=\"https:\/\/www.design-award.cz\/wp-content\/uploads\/2022\/04\/Vyrobni-vykres-1024x724.jpg 1024w, https:\/\/www.design-award.cz\/wp-content\/uploads\/2022\/04\/Vyrobni-vykres-300x212.jpg 300w, https:\/\/www.design-award.cz\/wp-content\/uploads\/2022\/04\/Vyrobni-vykres-768x543.jpg 768w, https:\/\/www.design-award.cz\/wp-content\/uploads\/2022\/04\/Vyrobni-vykres-1536x1086.jpg 1536w, https:\/\/www.design-award.cz\/wp-content\/uploads\/2022\/04\/Vyrobni-vykres-2048x1448.jpg 2048w, https:\/\/www.design-award.cz\/wp-content\/uploads\/2022\/04\/Vyrobni-vykres-500x353.jpg 500w, https:\/\/www.design-award.cz\/wp-content\/uploads\/2022\/04\/Vyrobni-vykres-800x566.jpg 800w, https:\/\/www.design-award.cz\/wp-content\/uploads\/2022\/04\/Vyrobni-vykres-1280x905.jpg 1280w, https:\/\/www.design-award.cz\/wp-content\/uploads\/2022\/04\/Vyrobni-vykres-1920x1357.jpg 1920w\" data-sizes=\"(max-width: 1024px) 100vw, 1024px\" src=\"data:image\/svg+xml;base64,PHN2ZyB3aWR0aD0iMSIgaGVpZ2h0PSIxIiB4bWxucz0iaHR0cDovL3d3dy53My5vcmcvMjAwMC9zdmciPjwvc3ZnPg==\" style=\"--smush-placeholder-width: 1024px; --smush-placeholder-aspect-ratio: 1024\/724;\" \/><\/figure>\n\n\n<div class=\"wp-block-visual-portfolio\">\n<div class=\"vp-portfolio vp-uid-2ece4a06 vp-id-607\"\n\tdata-vp-layout=\"slider\" data-vp-content-source=\"post-based\" data-vp-items-style=\"fade\" data-vp-items-click-action=\"url\" data-vp-items-gap=\"12\" data-vp-items-gap-vertical=\"\" data-vp-pagination=\"load-more\" data-vp-next-page-url=\"https:\/\/www.design-award.cz\/index.php?rest_route=%2Fwp%2Fv2%2Fportfolio%2F1316&#038;vp_page=2\" data-vp-random-seed=\"3070902502\" data-vp-slider-effect=\"slide\" data-vp-slider-items-height=\"80%\" data-vp-slider-items-min-height=\"\" data-vp-slider-slides-per-view=\"3\" data-vp-slider-speed=\"0.3\" data-vp-slider-autoplay=\"4.8\" data-vp-slider-autoplay-hover-pause=\"false\" data-vp-slider-centered-slides=\"true\" data-vp-slider-loop=\"true\" data-vp-slider-free-mode=\"false\" data-vp-slider-free-mode-sticky=\"false\" data-vp-slider-arrows=\"true\" data-vp-slider-bullets=\"false\" data-vp-slider-bullets-dynamic=\"false\" data-vp-slider-mousewheel=\"false\" data-vp-slider-thumbnails=\"false\" >\n\t<div class=\"vp-portfolio__preloader-wrap\">\n\t\t<div class=\"vp-portfolio__preloader\">\n\t\t\t<img decoding=\"async\" loading=\"eager\" src=\"https:\/\/www.design-award.cz\/wp-content\/plugins\/visual-portfolio\/assets\/images\/logo-dark.svg\" alt=\"Visual Portfolio, Posts &amp; Image Gallery for WordPress\" width=\"20\" height=\"20\" data-skip-lazy>\n\t\t<\/div>\n\t<\/div>\n\t\t<div class=\"vp-portfolio__items-wrap\">\n\t\t\t\n<div class=\"vp-portfolio__items vp-portfolio__items-style-fade vp-portfolio__items-show-overlay-hover\">\n\n\t\t<article\t\tclass=\"vp-portfolio__item-wrap post-3563 portfolio type-portfolio status-publish format-standard has-post-thumbnail hentry entry has-media vp-portfolio__item-uid-9df18bef\" data-vp-filter=\"\" \t\t>\n\t\t\t\t\t\t\t\t\t<figure class=\"vp-portfolio__item\">\n\t\t\t\t\n<div class=\"vp-portfolio__item-img-wrap\">\n\t<div class=\"vp-portfolio__item-img\">\n\t\t\t<a\n\t\thref=\"https:\/\/www.design-award.cz\/?portfolio=verejny-interier-materska-skola-habrinka\"\n\t\t\t>\n\t\n\t\t<noscript><img decoding=\"async\" width=\"1500\" height=\"844\" data-skip-lazy src=\"https:\/\/www.design-award.cz\/wp-content\/uploads\/2024\/06\/Vejsova_Karolina_4DI_mat_2024_viz44.png\" class=\"wp-image-3607\" alt=\"\" srcset=\"https:\/\/www.design-award.cz\/wp-content\/uploads\/2024\/06\/Vejsova_Karolina_4DI_mat_2024_viz44.png 1500w, https:\/\/www.design-award.cz\/wp-content\/uploads\/2024\/06\/Vejsova_Karolina_4DI_mat_2024_viz44-300x169.png 300w, https:\/\/www.design-award.cz\/wp-content\/uploads\/2024\/06\/Vejsova_Karolina_4DI_mat_2024_viz44-1024x576.png 1024w, https:\/\/www.design-award.cz\/wp-content\/uploads\/2024\/06\/Vejsova_Karolina_4DI_mat_2024_viz44-768x432.png 768w, https:\/\/www.design-award.cz\/wp-content\/uploads\/2024\/06\/Vejsova_Karolina_4DI_mat_2024_viz44-500x281.png 500w, https:\/\/www.design-award.cz\/wp-content\/uploads\/2024\/06\/Vejsova_Karolina_4DI_mat_2024_viz44-800x450.png 800w, https:\/\/www.design-award.cz\/wp-content\/uploads\/2024\/06\/Vejsova_Karolina_4DI_mat_2024_viz44-1280x720.png 1280w\" sizes=\"(max-width: 1500px) 100vw, 1500px\" \/><\/noscript><img fetchpriority=\"high\" decoding=\"async\" width=\"1500\" height=\"844\" src=\"https:\/\/www.design-award.cz\/wp-content\/uploads\/2024\/06\/Vejsova_Karolina_4DI_mat_2024_viz44.png\" class=\"wp-image-3607 vp-lazyload\" alt srcset=\"data:image\/svg+xml;base64,PHN2ZyB3aWR0aD0iMTUwMCIgaGVpZ2h0PSI4NDQiIHZpZXdCb3g9IjAgMCAxNTAwIDg0NCIgZmlsbD0ibm9uZSIgeG1sbnM9Imh0dHA6Ly93d3cudzMub3JnLzIwMDAvc3ZnIj48L3N2Zz4=\" data-src=\"https:\/\/www.design-award.cz\/wp-content\/uploads\/2024\/06\/Vejsova_Karolina_4DI_mat_2024_viz44.png\" data-srcset=\"https:\/\/www.design-award.cz\/wp-content\/uploads\/2024\/06\/Vejsova_Karolina_4DI_mat_2024_viz44.png 1500w, https:\/\/www.design-award.cz\/wp-content\/uploads\/2024\/06\/Vejsova_Karolina_4DI_mat_2024_viz44-300x169.png 300w, https:\/\/www.design-award.cz\/wp-content\/uploads\/2024\/06\/Vejsova_Karolina_4DI_mat_2024_viz44-1024x576.png 1024w, https:\/\/www.design-award.cz\/wp-content\/uploads\/2024\/06\/Vejsova_Karolina_4DI_mat_2024_viz44-768x432.png 768w, https:\/\/www.design-award.cz\/wp-content\/uploads\/2024\/06\/Vejsova_Karolina_4DI_mat_2024_viz44-500x281.png 500w, https:\/\/www.design-award.cz\/wp-content\/uploads\/2024\/06\/Vejsova_Karolina_4DI_mat_2024_viz44-800x450.png 800w, https:\/\/www.design-award.cz\/wp-content\/uploads\/2024\/06\/Vejsova_Karolina_4DI_mat_2024_viz44-1280x720.png 1280w\" data-sizes=\"auto\" loading=\"eager\">\n\t\t<\/a>\t<\/div>\n<\/div>\n\t<figcaption class=\"vp-portfolio__item-overlay vp-portfolio__item-overlay-text-align-center\">\n\t\t<div class=\"vp-portfolio__item-meta-wrap vp-portfolio__custom-scrollbar\">\n\t\t\t\t<a\n\t\thref=\"https:\/\/www.design-award.cz\/?portfolio=verejny-interier-materska-skola-habrinka\"\n\t\ttabindex=\"-1\" class=\"vp-portfolio__item-meta\" \t>\n\t\n<h2 class=\"vp-portfolio__item-meta-title\">\n\tVe\u0159ejn\u00fd interi\u00e9r &#8211; Mate\u0159sk\u00e1 \u0161kola Hab\u0159inka<\/h2>\n<\/a>\t\t<\/div>\n\t<\/figcaption>\n\t\t\t<\/figure>\n\t\t\t\t\t<\/article>\n\t\t\n\t\t<article\t\tclass=\"vp-portfolio__item-wrap post-5353 portfolio type-portfolio status-publish format-standard has-post-thumbnail hentry entry has-media vp-portfolio__item-uid-973afb42\" data-vp-filter=\"\" \t\t>\n\t\t\t\t\t\t\t\t\t<figure class=\"vp-portfolio__item\">\n\t\t\t\t\n<div class=\"vp-portfolio__item-img-wrap\">\n\t<div class=\"vp-portfolio__item-img\">\n\t\t\t<a\n\t\thref=\"https:\/\/www.design-award.cz\/?portfolio=interierovy-design-byt-ul-trojicka\"\n\t\t\t>\n\t\n\t\t<noscript><img decoding=\"async\" width=\"1920\" height=\"1080\" data-skip-lazy src=\"https:\/\/www.design-award.cz\/wp-content\/uploads\/2025\/06\/IMG_2452-1920x1080.jpg\" class=\"wp-image-5402\" alt=\"\" srcset=\"https:\/\/www.design-award.cz\/wp-content\/uploads\/2025\/06\/IMG_2452-1920x1080.jpg 1920w, https:\/\/www.design-award.cz\/wp-content\/uploads\/2025\/06\/IMG_2452-300x169.jpg 300w, https:\/\/www.design-award.cz\/wp-content\/uploads\/2025\/06\/IMG_2452-1024x576.jpg 1024w, https:\/\/www.design-award.cz\/wp-content\/uploads\/2025\/06\/IMG_2452-768x432.jpg 768w, https:\/\/www.design-award.cz\/wp-content\/uploads\/2025\/06\/IMG_2452-1536x864.jpg 1536w, https:\/\/www.design-award.cz\/wp-content\/uploads\/2025\/06\/IMG_2452-800x450.jpg 800w, https:\/\/www.design-award.cz\/wp-content\/uploads\/2025\/06\/IMG_2452-500x281.jpg 500w, https:\/\/www.design-award.cz\/wp-content\/uploads\/2025\/06\/IMG_2452-1280x720.jpg 1280w, https:\/\/www.design-award.cz\/wp-content\/uploads\/2025\/06\/IMG_2452.jpg 2048w\" sizes=\"(max-width: 1920px) 100vw, 1920px\" \/><\/noscript><img decoding=\"async\" width=\"1920\" height=\"1080\" src=\"https:\/\/www.design-award.cz\/wp-content\/uploads\/2025\/06\/IMG_2452-1920x1080.jpg\" class=\"wp-image-5402 vp-lazyload\" alt srcset=\"data:image\/svg+xml;base64,PHN2ZyB3aWR0aD0iMTkyMCIgaGVpZ2h0PSIxMDgwIiB2aWV3Qm94PSIwIDAgMTkyMCAxMDgwIiBmaWxsPSJub25lIiB4bWxucz0iaHR0cDovL3d3dy53My5vcmcvMjAwMC9zdmciPjwvc3ZnPg==\" data-src=\"https:\/\/www.design-award.cz\/wp-content\/uploads\/2025\/06\/IMG_2452-1920x1080.jpg\" data-srcset=\"https:\/\/www.design-award.cz\/wp-content\/uploads\/2025\/06\/IMG_2452-1920x1080.jpg 1920w, https:\/\/www.design-award.cz\/wp-content\/uploads\/2025\/06\/IMG_2452-300x169.jpg 300w, https:\/\/www.design-award.cz\/wp-content\/uploads\/2025\/06\/IMG_2452-1024x576.jpg 1024w, https:\/\/www.design-award.cz\/wp-content\/uploads\/2025\/06\/IMG_2452-768x432.jpg 768w, https:\/\/www.design-award.cz\/wp-content\/uploads\/2025\/06\/IMG_2452-1536x864.jpg 1536w, https:\/\/www.design-award.cz\/wp-content\/uploads\/2025\/06\/IMG_2452-800x450.jpg 800w, https:\/\/www.design-award.cz\/wp-content\/uploads\/2025\/06\/IMG_2452-500x281.jpg 500w, https:\/\/www.design-award.cz\/wp-content\/uploads\/2025\/06\/IMG_2452-1280x720.jpg 1280w, https:\/\/www.design-award.cz\/wp-content\/uploads\/2025\/06\/IMG_2452.jpg 2048w\" data-sizes=\"auto\" loading=\"eager\">\n\t\t<\/a>\t<\/div>\n<\/div>\n\t<figcaption class=\"vp-portfolio__item-overlay vp-portfolio__item-overlay-text-align-center\">\n\t\t<div class=\"vp-portfolio__item-meta-wrap vp-portfolio__custom-scrollbar\">\n\t\t\t\t<a\n\t\thref=\"https:\/\/www.design-award.cz\/?portfolio=interierovy-design-byt-ul-trojicka\"\n\t\ttabindex=\"-1\" class=\"vp-portfolio__item-meta\" \t>\n\t\n<h2 class=\"vp-portfolio__item-meta-title\">\n\tInteri\u00e9rov\u00fd design &#8211; Byt ul. Trojick\u00e1<\/h2>\n<\/a>\t\t<\/div>\n\t<\/figcaption>\n\t\t\t<\/figure>\n\t\t\t\t\t<\/article>\n\t\t\n\t\t<article\t\tclass=\"vp-portfolio__item-wrap post-1752 portfolio type-portfolio status-publish format-standard has-post-thumbnail hentry portfolio_category-soutezici-2023 entry has-media vp-portfolio__item-uid-6856f45f\" data-vp-filter=\"soutezici-2023\" \t\t>\n\t\t\t\t\t\t\t\t\t<figure class=\"vp-portfolio__item\">\n\t\t\t\t\n<div class=\"vp-portfolio__item-img-wrap\">\n\t<div class=\"vp-portfolio__item-img\">\n\t\t\t<a\n\t\thref=\"https:\/\/www.design-award.cz\/?portfolio=verejny-interier-folklorni-expo-valassko\"\n\t\t\t>\n\t\n\t\t<noscript><img decoding=\"async\" width=\"800\" height=\"600\" data-skip-lazy src=\"https:\/\/www.design-award.cz\/wp-content\/uploads\/2023\/03\/vizualiazce.jpg\" class=\"wp-image-1756\" alt=\"\" srcset=\"https:\/\/www.design-award.cz\/wp-content\/uploads\/2023\/03\/vizualiazce.jpg 800w, https:\/\/www.design-award.cz\/wp-content\/uploads\/2023\/03\/vizualiazce-300x225.jpg 300w, https:\/\/www.design-award.cz\/wp-content\/uploads\/2023\/03\/vizualiazce-768x576.jpg 768w, https:\/\/www.design-award.cz\/wp-content\/uploads\/2023\/03\/vizualiazce-500x375.jpg 500w\" sizes=\"(max-width: 800px) 100vw, 800px\" \/><\/noscript><img decoding=\"async\" width=\"800\" height=\"600\" src=\"https:\/\/www.design-award.cz\/wp-content\/uploads\/2023\/03\/vizualiazce.jpg\" class=\"wp-image-1756 vp-lazyload\" alt srcset=\"data:image\/svg+xml;base64,PHN2ZyB3aWR0aD0iODAwIiBoZWlnaHQ9IjYwMCIgdmlld0JveD0iMCAwIDgwMCA2MDAiIGZpbGw9Im5vbmUiIHhtbG5zPSJodHRwOi8vd3d3LnczLm9yZy8yMDAwL3N2ZyI+PC9zdmc+\" data-src=\"https:\/\/www.design-award.cz\/wp-content\/uploads\/2023\/03\/vizualiazce.jpg\" data-srcset=\"https:\/\/www.design-award.cz\/wp-content\/uploads\/2023\/03\/vizualiazce.jpg 800w, https:\/\/www.design-award.cz\/wp-content\/uploads\/2023\/03\/vizualiazce-300x225.jpg 300w, https:\/\/www.design-award.cz\/wp-content\/uploads\/2023\/03\/vizualiazce-768x576.jpg 768w, https:\/\/www.design-award.cz\/wp-content\/uploads\/2023\/03\/vizualiazce-500x375.jpg 500w\" data-sizes=\"auto\" loading=\"eager\">\n\t\t<\/a>\t<\/div>\n<\/div>\n\t<figcaption class=\"vp-portfolio__item-overlay vp-portfolio__item-overlay-text-align-center\">\n\t\t<div class=\"vp-portfolio__item-meta-wrap vp-portfolio__custom-scrollbar\">\n\t\t\t\t<a\n\t\thref=\"https:\/\/www.design-award.cz\/?portfolio=verejny-interier-folklorni-expo-valassko\"\n\t\ttabindex=\"-1\" class=\"vp-portfolio__item-meta\" \t>\n\t\n<div class=\"vp-portfolio__item-meta-categories\">\n\t\t\t<div class=\"vp-portfolio__item-meta-category\">\n\t\t\t\t<span\t\t\t>\n\tSOUT\u011a\u017d\u00cdC\u00cd 2023<\/span>\t\t<\/div>\n\t\t<\/div>\n\n<h2 class=\"vp-portfolio__item-meta-title\">\n\tVe\u0159ejn\u00fd interi\u00e9r &#8211; Folkl\u00f3rn\u00ed expo, Vala\u0161sko<\/h2>\n<\/a>\t\t<\/div>\n\t<\/figcaption>\n\t\t\t<\/figure>\n\t\t\t\t\t<\/article>\n\t\t\n\t\t<article\t\tclass=\"vp-portfolio__item-wrap post-817 portfolio type-portfolio status-publish format-standard has-post-thumbnail hentry entry has-media vp-portfolio__item-uid-33a82ae3\" data-vp-filter=\"\" \t\t>\n\t\t\t\t\t\t\t\t\t<figure class=\"vp-portfolio__item\">\n\t\t\t\t\n<div class=\"vp-portfolio__item-img-wrap\">\n\t<div class=\"vp-portfolio__item-img\">\n\t\t\t<a\n\t\thref=\"https:\/\/www.design-award.cz\/?portfolio=verejny-interier-interier-kavarny-a-bistra\"\n\t\t\t>\n\t\n\t\t<noscript><img decoding=\"async\" width=\"1890\" height=\"1038\" data-skip-lazy src=\"https:\/\/www.design-award.cz\/wp-content\/uploads\/2022\/05\/Tereza-Tomsikova.jpg\" class=\"wp-image-1521\" alt=\"\" srcset=\"https:\/\/www.design-award.cz\/wp-content\/uploads\/2022\/05\/Tereza-Tomsikova.jpg 1890w, https:\/\/www.design-award.cz\/wp-content\/uploads\/2022\/05\/Tereza-Tomsikova-300x165.jpg 300w, https:\/\/www.design-award.cz\/wp-content\/uploads\/2022\/05\/Tereza-Tomsikova-1024x562.jpg 1024w, https:\/\/www.design-award.cz\/wp-content\/uploads\/2022\/05\/Tereza-Tomsikova-768x422.jpg 768w, https:\/\/www.design-award.cz\/wp-content\/uploads\/2022\/05\/Tereza-Tomsikova-1536x844.jpg 1536w, https:\/\/www.design-award.cz\/wp-content\/uploads\/2022\/05\/Tereza-Tomsikova-500x275.jpg 500w, https:\/\/www.design-award.cz\/wp-content\/uploads\/2022\/05\/Tereza-Tomsikova-800x439.jpg 800w, https:\/\/www.design-award.cz\/wp-content\/uploads\/2022\/05\/Tereza-Tomsikova-1280x703.jpg 1280w\" sizes=\"(max-width: 1890px) 100vw, 1890px\" \/><\/noscript><img decoding=\"async\" width=\"1890\" height=\"1038\" src=\"https:\/\/www.design-award.cz\/wp-content\/uploads\/2022\/05\/Tereza-Tomsikova.jpg\" class=\"wp-image-1521 vp-lazyload\" alt srcset=\"data:image\/svg+xml;base64,PHN2ZyB3aWR0aD0iMTg5MCIgaGVpZ2h0PSIxMDM4IiB2aWV3Qm94PSIwIDAgMTg5MCAxMDM4IiBmaWxsPSJub25lIiB4bWxucz0iaHR0cDovL3d3dy53My5vcmcvMjAwMC9zdmciPjwvc3ZnPg==\" data-src=\"https:\/\/www.design-award.cz\/wp-content\/uploads\/2022\/05\/Tereza-Tomsikova.jpg\" data-srcset=\"https:\/\/www.design-award.cz\/wp-content\/uploads\/2022\/05\/Tereza-Tomsikova.jpg 1890w, https:\/\/www.design-award.cz\/wp-content\/uploads\/2022\/05\/Tereza-Tomsikova-300x165.jpg 300w, https:\/\/www.design-award.cz\/wp-content\/uploads\/2022\/05\/Tereza-Tomsikova-1024x562.jpg 1024w, https:\/\/www.design-award.cz\/wp-content\/uploads\/2022\/05\/Tereza-Tomsikova-768x422.jpg 768w, https:\/\/www.design-award.cz\/wp-content\/uploads\/2022\/05\/Tereza-Tomsikova-1536x844.jpg 1536w, https:\/\/www.design-award.cz\/wp-content\/uploads\/2022\/05\/Tereza-Tomsikova-500x275.jpg 500w, https:\/\/www.design-award.cz\/wp-content\/uploads\/2022\/05\/Tereza-Tomsikova-800x439.jpg 800w, https:\/\/www.design-award.cz\/wp-content\/uploads\/2022\/05\/Tereza-Tomsikova-1280x703.jpg 1280w\" data-sizes=\"auto\" loading=\"eager\">\n\t\t<\/a>\t<\/div>\n<\/div>\n\t<figcaption class=\"vp-portfolio__item-overlay vp-portfolio__item-overlay-text-align-center\">\n\t\t<div class=\"vp-portfolio__item-meta-wrap vp-portfolio__custom-scrollbar\">\n\t\t\t\t<a\n\t\thref=\"https:\/\/www.design-award.cz\/?portfolio=verejny-interier-interier-kavarny-a-bistra\"\n\t\ttabindex=\"-1\" class=\"vp-portfolio__item-meta\" \t>\n\t\n<h2 class=\"vp-portfolio__item-meta-title\">\n\tVe\u0159ejn\u00fd interi\u00e9r &#8211; Interi\u00e9r kav\u00e1rny a bistra<\/h2>\n<\/a>\t\t<\/div>\n\t<\/figcaption>\n\t\t\t<\/figure>\n\t\t\t\t\t<\/article>\n\t\t\n\t\t<article\t\tclass=\"vp-portfolio__item-wrap post-800 portfolio type-portfolio status-publish format-standard has-post-thumbnail hentry entry has-media vp-portfolio__item-uid-b4d78e01\" data-vp-filter=\"\" \t\t>\n\t\t\t\t\t\t\t\t\t<figure class=\"vp-portfolio__item\">\n\t\t\t\t\n<div class=\"vp-portfolio__item-img-wrap\">\n\t<div class=\"vp-portfolio__item-img\">\n\t\t\t<a\n\t\thref=\"https:\/\/www.design-award.cz\/?portfolio=verejny-interier-rekonstrukce-panskych-toalet-na-ss\"\n\t\t\t>\n\t\n\t\t<noscript><img decoding=\"async\" width=\"1920\" height=\"1080\" data-skip-lazy src=\"https:\/\/www.design-award.cz\/wp-content\/uploads\/2022\/04\/3.png\" class=\"wp-image-803\" alt=\"\" srcset=\"https:\/\/www.design-award.cz\/wp-content\/uploads\/2022\/04\/3.png 1920w, https:\/\/www.design-award.cz\/wp-content\/uploads\/2022\/04\/3-300x169.png 300w, https:\/\/www.design-award.cz\/wp-content\/uploads\/2022\/04\/3-1024x576.png 1024w, https:\/\/www.design-award.cz\/wp-content\/uploads\/2022\/04\/3-768x432.png 768w, https:\/\/www.design-award.cz\/wp-content\/uploads\/2022\/04\/3-1536x864.png 1536w, https:\/\/www.design-award.cz\/wp-content\/uploads\/2022\/04\/3-500x281.png 500w, https:\/\/www.design-award.cz\/wp-content\/uploads\/2022\/04\/3-800x450.png 800w, https:\/\/www.design-award.cz\/wp-content\/uploads\/2022\/04\/3-1280x720.png 1280w\" sizes=\"(max-width: 1920px) 100vw, 1920px\" \/><\/noscript><img decoding=\"async\" width=\"1920\" height=\"1080\" src=\"https:\/\/www.design-award.cz\/wp-content\/uploads\/2022\/04\/3.png\" class=\"wp-image-803 vp-lazyload\" alt srcset=\"data:image\/svg+xml;base64,PHN2ZyB3aWR0aD0iMTkyMCIgaGVpZ2h0PSIxMDgwIiB2aWV3Qm94PSIwIDAgMTkyMCAxMDgwIiBmaWxsPSJub25lIiB4bWxucz0iaHR0cDovL3d3dy53My5vcmcvMjAwMC9zdmciPjwvc3ZnPg==\" data-src=\"https:\/\/www.design-award.cz\/wp-content\/uploads\/2022\/04\/3.png\" data-srcset=\"https:\/\/www.design-award.cz\/wp-content\/uploads\/2022\/04\/3.png 1920w, https:\/\/www.design-award.cz\/wp-content\/uploads\/2022\/04\/3-300x169.png 300w, https:\/\/www.design-award.cz\/wp-content\/uploads\/2022\/04\/3-1024x576.png 1024w, https:\/\/www.design-award.cz\/wp-content\/uploads\/2022\/04\/3-768x432.png 768w, https:\/\/www.design-award.cz\/wp-content\/uploads\/2022\/04\/3-1536x864.png 1536w, https:\/\/www.design-award.cz\/wp-content\/uploads\/2022\/04\/3-500x281.png 500w, https:\/\/www.design-award.cz\/wp-content\/uploads\/2022\/04\/3-800x450.png 800w, https:\/\/www.design-award.cz\/wp-content\/uploads\/2022\/04\/3-1280x720.png 1280w\" data-sizes=\"auto\" loading=\"eager\">\n\t\t<\/a>\t<\/div>\n<\/div>\n\t<figcaption class=\"vp-portfolio__item-overlay vp-portfolio__item-overlay-text-align-center\">\n\t\t<div class=\"vp-portfolio__item-meta-wrap vp-portfolio__custom-scrollbar\">\n\t\t\t\t<a\n\t\thref=\"https:\/\/www.design-award.cz\/?portfolio=verejny-interier-rekonstrukce-panskych-toalet-na-ss\"\n\t\ttabindex=\"-1\" class=\"vp-portfolio__item-meta\" \t>\n\t\n<h2 class=\"vp-portfolio__item-meta-title\">\n\tVe\u0159ejn\u00fd interi\u00e9r &#8211; Rekonstrukce p\u00e1nsk\u00fdch toalet na S\u0160<\/h2>\n<\/a>\t\t<\/div>\n\t<\/figcaption>\n\t\t\t<\/figure>\n\t\t\t\t\t<\/article>\n\t\t\n\t\t<article\t\tclass=\"vp-portfolio__item-wrap post-3088 portfolio type-portfolio status-publish format-standard has-post-thumbnail hentry portfolio_category-soutezici-2024 entry has-media vp-portfolio__item-uid-926bbd02\" data-vp-filter=\"soutezici-2024\" \t\t>\n\t\t\t\t\t\t\t\t\t<figure class=\"vp-portfolio__item\">\n\t\t\t\t\n<div class=\"vp-portfolio__item-img-wrap\">\n\t<div class=\"vp-portfolio__item-img\">\n\t\t\t<a\n\t\thref=\"https:\/\/www.design-award.cz\/?portfolio=produktovy-design-flora-screen\"\n\t\t\t>\n\t\n\t\t<noscript><img decoding=\"async\" width=\"1920\" height=\"1080\" data-skip-lazy src=\"https:\/\/www.design-award.cz\/wp-content\/uploads\/2024\/02\/2-1920x1080.jpg\" class=\"wp-image-3090\" alt=\"\" srcset=\"https:\/\/www.design-award.cz\/wp-content\/uploads\/2024\/02\/2-1920x1080.jpg 1920w, https:\/\/www.design-award.cz\/wp-content\/uploads\/2024\/02\/2-300x169.jpg 300w, https:\/\/www.design-award.cz\/wp-content\/uploads\/2024\/02\/2-1024x576.jpg 1024w, https:\/\/www.design-award.cz\/wp-content\/uploads\/2024\/02\/2-768x432.jpg 768w, https:\/\/www.design-award.cz\/wp-content\/uploads\/2024\/02\/2-1536x864.jpg 1536w, https:\/\/www.design-award.cz\/wp-content\/uploads\/2024\/02\/2-500x281.jpg 500w, https:\/\/www.design-award.cz\/wp-content\/uploads\/2024\/02\/2-800x450.jpg 800w, https:\/\/www.design-award.cz\/wp-content\/uploads\/2024\/02\/2-1280x720.jpg 1280w, https:\/\/www.design-award.cz\/wp-content\/uploads\/2024\/02\/2.jpg 2000w\" sizes=\"(max-width: 1920px) 100vw, 1920px\" \/><\/noscript><img decoding=\"async\" width=\"1920\" height=\"1080\" src=\"https:\/\/www.design-award.cz\/wp-content\/uploads\/2024\/02\/2-1920x1080.jpg\" class=\"wp-image-3090 vp-lazyload\" alt srcset=\"data:image\/svg+xml;base64,PHN2ZyB3aWR0aD0iMTkyMCIgaGVpZ2h0PSIxMDgwIiB2aWV3Qm94PSIwIDAgMTkyMCAxMDgwIiBmaWxsPSJub25lIiB4bWxucz0iaHR0cDovL3d3dy53My5vcmcvMjAwMC9zdmciPjwvc3ZnPg==\" data-src=\"https:\/\/www.design-award.cz\/wp-content\/uploads\/2024\/02\/2-1920x1080.jpg\" data-srcset=\"https:\/\/www.design-award.cz\/wp-content\/uploads\/2024\/02\/2-1920x1080.jpg 1920w, https:\/\/www.design-award.cz\/wp-content\/uploads\/2024\/02\/2-300x169.jpg 300w, https:\/\/www.design-award.cz\/wp-content\/uploads\/2024\/02\/2-1024x576.jpg 1024w, https:\/\/www.design-award.cz\/wp-content\/uploads\/2024\/02\/2-768x432.jpg 768w, https:\/\/www.design-award.cz\/wp-content\/uploads\/2024\/02\/2-1536x864.jpg 1536w, https:\/\/www.design-award.cz\/wp-content\/uploads\/2024\/02\/2-500x281.jpg 500w, https:\/\/www.design-award.cz\/wp-content\/uploads\/2024\/02\/2-800x450.jpg 800w, https:\/\/www.design-award.cz\/wp-content\/uploads\/2024\/02\/2-1280x720.jpg 1280w, https:\/\/www.design-award.cz\/wp-content\/uploads\/2024\/02\/2.jpg 2000w\" data-sizes=\"auto\" loading=\"eager\">\n\t\t<\/a>\t<\/div>\n<\/div>\n\t<figcaption class=\"vp-portfolio__item-overlay vp-portfolio__item-overlay-text-align-center\">\n\t\t<div class=\"vp-portfolio__item-meta-wrap vp-portfolio__custom-scrollbar\">\n\t\t\t\t<a\n\t\thref=\"https:\/\/www.design-award.cz\/?portfolio=produktovy-design-flora-screen\"\n\t\ttabindex=\"-1\" class=\"vp-portfolio__item-meta\" \t>\n\t\n<div class=\"vp-portfolio__item-meta-categories\">\n\t\t\t<div class=\"vp-portfolio__item-meta-category\">\n\t\t\t\t<span\t\t\t>\n\tSOUT\u011a\u017d\u00cdC\u00cd 2024<\/span>\t\t<\/div>\n\t\t<\/div>\n\n<h2 class=\"vp-portfolio__item-meta-title\">\n\tProduktov\u00fd design &#8211; Flora screen<\/h2>\n<\/a>\t\t<\/div>\n\t<\/figcaption>\n\t\t\t<\/figure>\n\t\t\t\t\t<\/article>\n\t\t\n\t\t<article\t\tclass=\"vp-portfolio__item-wrap post-4593 portfolio type-portfolio status-publish format-standard has-post-thumbnail hentry entry has-media vp-portfolio__item-uid-87beaf99\" data-vp-filter=\"\" \t\t>\n\t\t\t\t\t\t\t\t\t<figure class=\"vp-portfolio__item\">\n\t\t\t\t\n<div class=\"vp-portfolio__item-img-wrap\">\n\t<div class=\"vp-portfolio__item-img\">\n\t\t\t<a\n\t\thref=\"https:\/\/www.design-award.cz\/?portfolio=produktovy-design-futurina\"\n\t\t\t>\n\t\n\t\t<noscript><img decoding=\"async\" width=\"1920\" height=\"1358\" data-skip-lazy src=\"https:\/\/www.design-award.cz\/wp-content\/uploads\/2025\/06\/DESIGN-AWARD-2025-FUTURINA-LINDA-KRESTANOVA-PLAGAT.jpg\" class=\"wp-image-4596\" alt=\"\" \/><\/noscript><img decoding=\"async\" width=\"1920\" height=\"1358\" src=\"data:image\/svg+xml;base64,PHN2ZyB3aWR0aD0iMTkyMCIgaGVpZ2h0PSIxMzU4IiB2aWV3Qm94PSIwIDAgMTkyMCAxMzU4IiBmaWxsPSJub25lIiB4bWxucz0iaHR0cDovL3d3dy53My5vcmcvMjAwMC9zdmciPjwvc3ZnPg==\" class=\"wp-image-4596 vp-lazyload\" alt data-src=\"https:\/\/www.design-award.cz\/wp-content\/uploads\/2025\/06\/DESIGN-AWARD-2025-FUTURINA-LINDA-KRESTANOVA-PLAGAT.jpg\" data-sizes=\"auto\" loading=\"eager\">\n\t\t<\/a>\t<\/div>\n<\/div>\n\t<figcaption class=\"vp-portfolio__item-overlay vp-portfolio__item-overlay-text-align-center\">\n\t\t<div class=\"vp-portfolio__item-meta-wrap vp-portfolio__custom-scrollbar\">\n\t\t\t\t<a\n\t\thref=\"https:\/\/www.design-award.cz\/?portfolio=produktovy-design-futurina\"\n\t\ttabindex=\"-1\" class=\"vp-portfolio__item-meta\" \t>\n\t\n<h2 class=\"vp-portfolio__item-meta-title\">\n\tProduktov\u00fd design &#8211; FUTURINA<\/h2>\n<\/a>\t\t<\/div>\n\t<\/figcaption>\n\t\t\t<\/figure>\n\t\t\t\t\t<\/article>\n\t\t\n\t\t<article\t\tclass=\"vp-portfolio__item-wrap post-2454 portfolio type-portfolio status-publish format-standard has-post-thumbnail hentry portfolio_category-soutezici-2023 entry has-media vp-portfolio__item-uid-91c640dd\" data-vp-filter=\"soutezici-2023\" \t\t>\n\t\t\t\t\t\t\t\t\t<figure class=\"vp-portfolio__item\">\n\t\t\t\t\n<div class=\"vp-portfolio__item-img-wrap\">\n\t<div class=\"vp-portfolio__item-img\">\n\t\t\t<a\n\t\thref=\"https:\/\/www.design-award.cz\/?portfolio=produktovy-design-folding-bethlehem\"\n\t\t\t>\n\t\n\t\t<noscript><img decoding=\"async\" width=\"1920\" height=\"1280\" data-skip-lazy src=\"https:\/\/www.design-award.cz\/wp-content\/uploads\/2023\/04\/IMG_4322-kopie-1920x1280.jpg\" class=\"wp-image-2457\" alt=\"\" srcset=\"https:\/\/www.design-award.cz\/wp-content\/uploads\/2023\/04\/IMG_4322-kopie-1920x1280.jpg 1920w, https:\/\/www.design-award.cz\/wp-content\/uploads\/2023\/04\/IMG_4322-kopie-300x200.jpg 300w, https:\/\/www.design-award.cz\/wp-content\/uploads\/2023\/04\/IMG_4322-kopie-1024x683.jpg 1024w, https:\/\/www.design-award.cz\/wp-content\/uploads\/2023\/04\/IMG_4322-kopie-768x512.jpg 768w, https:\/\/www.design-award.cz\/wp-content\/uploads\/2023\/04\/IMG_4322-kopie-1536x1024.jpg 1536w, https:\/\/www.design-award.cz\/wp-content\/uploads\/2023\/04\/IMG_4322-kopie-2048x1365.jpg 2048w, https:\/\/www.design-award.cz\/wp-content\/uploads\/2023\/04\/IMG_4322-kopie-500x333.jpg 500w, https:\/\/www.design-award.cz\/wp-content\/uploads\/2023\/04\/IMG_4322-kopie-800x533.jpg 800w, https:\/\/www.design-award.cz\/wp-content\/uploads\/2023\/04\/IMG_4322-kopie-1280x853.jpg 1280w\" sizes=\"(max-width: 1920px) 100vw, 1920px\" \/><\/noscript><img decoding=\"async\" width=\"1920\" height=\"1280\" src=\"https:\/\/www.design-award.cz\/wp-content\/uploads\/2023\/04\/IMG_4322-kopie-1920x1280.jpg\" class=\"wp-image-2457 vp-lazyload\" alt srcset=\"data:image\/svg+xml;base64,PHN2ZyB3aWR0aD0iMTkyMCIgaGVpZ2h0PSIxMjgwIiB2aWV3Qm94PSIwIDAgMTkyMCAxMjgwIiBmaWxsPSJub25lIiB4bWxucz0iaHR0cDovL3d3dy53My5vcmcvMjAwMC9zdmciPjwvc3ZnPg==\" data-src=\"https:\/\/www.design-award.cz\/wp-content\/uploads\/2023\/04\/IMG_4322-kopie-1920x1280.jpg\" data-srcset=\"https:\/\/www.design-award.cz\/wp-content\/uploads\/2023\/04\/IMG_4322-kopie-1920x1280.jpg 1920w, https:\/\/www.design-award.cz\/wp-content\/uploads\/2023\/04\/IMG_4322-kopie-300x200.jpg 300w, https:\/\/www.design-award.cz\/wp-content\/uploads\/2023\/04\/IMG_4322-kopie-1024x683.jpg 1024w, https:\/\/www.design-award.cz\/wp-content\/uploads\/2023\/04\/IMG_4322-kopie-768x512.jpg 768w, https:\/\/www.design-award.cz\/wp-content\/uploads\/2023\/04\/IMG_4322-kopie-1536x1024.jpg 1536w, https:\/\/www.design-award.cz\/wp-content\/uploads\/2023\/04\/IMG_4322-kopie-2048x1365.jpg 2048w, https:\/\/www.design-award.cz\/wp-content\/uploads\/2023\/04\/IMG_4322-kopie-500x333.jpg 500w, https:\/\/www.design-award.cz\/wp-content\/uploads\/2023\/04\/IMG_4322-kopie-800x533.jpg 800w, https:\/\/www.design-award.cz\/wp-content\/uploads\/2023\/04\/IMG_4322-kopie-1280x853.jpg 1280w\" data-sizes=\"auto\" loading=\"eager\">\n\t\t<\/a>\t<\/div>\n<\/div>\n\t<figcaption class=\"vp-portfolio__item-overlay vp-portfolio__item-overlay-text-align-center\">\n\t\t<div class=\"vp-portfolio__item-meta-wrap vp-portfolio__custom-scrollbar\">\n\t\t\t\t<a\n\t\thref=\"https:\/\/www.design-award.cz\/?portfolio=produktovy-design-folding-bethlehem\"\n\t\ttabindex=\"-1\" class=\"vp-portfolio__item-meta\" \t>\n\t\n<div class=\"vp-portfolio__item-meta-categories\">\n\t\t\t<div class=\"vp-portfolio__item-meta-category\">\n\t\t\t\t<span\t\t\t>\n\tSOUT\u011a\u017d\u00cdC\u00cd 2023<\/span>\t\t<\/div>\n\t\t<\/div>\n\n<h2 class=\"vp-portfolio__item-meta-title\">\n\tProduktov\u00fd design &#8211; FOLDING BETHLEHEM<\/h2>\n<\/a>\t\t<\/div>\n\t<\/figcaption>\n\t\t\t<\/figure>\n\t\t\t\t\t<\/article>\n\t\t\n<\/div>\n\n<div class=\"vp-portfolio__items-arrow vp-portfolio__items-arrow-prev\" tabindex=\"0\" role=\"button\" aria-label=\"Previous Slide\">\n\t\n<svg class=\"vp-svg-icon\" width=\"20\" height=\"20\" viewBox=\"0 0 20 20\" fill=\"none\" xmlns=\"http:\/\/www.w3.org\/2000\/svg\">\n\t<path d=\"M12 4L6 10L12 16\" stroke=\"currentColor\" stroke-width=\"1.5\" stroke-linecap=\"round\" stroke-linejoin=\"round\" fill=\"transparent\" \/>\n<\/svg>\n<\/div>\n<div class=\"vp-portfolio__items-arrow vp-portfolio__items-arrow-next\" tabindex=\"0\" role=\"button\" aria-label=\"Next Slide\">\n\t\n<svg class=\"vp-svg-icon\" width=\"20\" height=\"20\" viewBox=\"0 0 20 20\" fill=\"none\" xmlns=\"http:\/\/www.w3.org\/2000\/svg\">\n\t<path d=\"M8 4L14 10L8 16\" stroke=\"currentColor\" stroke-width=\"1.5\" stroke-linecap=\"round\" stroke-linejoin=\"round\" fill=\"transparent\" \/>\n<\/svg>\n<\/div>\n\t\t<\/div>\n\t\t\t\t<div class=\"vp-portfolio__layout-elements vp-portfolio__layout-elements-bottom vp-portfolio__layout-elements-align-center\">\n\t\t\t\t<div class=\"vp-portfolio__pagination-wrap\">\n\t\t\n<div class=\"vp-pagination vp-pagination__style-minimal\" data-vp-pagination-type=\"load-more\">\n\t<div class=\"vp-pagination__item\">\n\t\t<a class=\"vp-pagination__load-more\" href=\"https:\/\/www.design-award.cz\/index.php?rest_route=%2Fwp%2Fv2%2Fportfolio%2F1316&#038;vp_page=2\">\n\t\t\t<span>Load More<\/span>\n\t\t\t<span class=\"vp-pagination__load-more-loading\"><span class=\"vp-spinner\"><\/span><span class=\"vp-screen-reader-text\"> Loading More&#8230;<\/span><\/span>\n\t\t\t<span class=\"vp-pagination__load-more-no-more\">You\u2019ve reached the end of the list<\/span>\n\t\t<\/a>\n\t<\/div>\n<\/div>\n\t\t<\/div>\n\t\t\t\t<\/div>\n\t\t\n<\/div>\n<\/div>","protected":false},"excerpt":{"rendered":"<p>Tereza Tom\u0161\u00edkov\u00e1 Vy\u0161\u0161\u00ed odborn\u00e1 a St\u0159edn\u00ed pr\u016fmyslov\u00e1 \u0161kola Volyn\u011b Zad\u00e1n\u00ed zn\u011blo: n\u011bm\u00fd sluha.\u00a0\u00a0\u00a0\u00a0\u00a0\u00a0\u00a0 N\u011bm\u00fd sluha podle m\u00e9ho n\u00e1zoru nem\u00e1 b\u00fdt v\u00fdrazn\u00fdm prvkem v interi\u00e9ru, proto se mu \u0159\u00edk\u00e1 n\u011bm\u00fd, ale to neznamen\u00e1, \u017ee nem\u016f\u017ee b\u00fdt designov\u00fdm kusem n\u00e1bytku.Moj\u00ed inspirac\u00ed se stalo madlo ve vagonech vlaku, kter\u00e9 mi p\u0159ipomn\u011blo \u0161atn\u00ed ty\u010d. Design je vymy\u0161len tak, aby [&hellip;]<\/p>\n","protected":false},"author":1,"featured_media":1317,"menu_order":0,"comment_status":"closed","ping_status":"closed","template":"","format":"standard","meta":{"ngg_post_thumbnail":0,"ocean_post_layout":"","ocean_both_sidebars_style":"","ocean_both_sidebars_content_width":0,"ocean_both_sidebars_sidebars_width":0,"ocean_sidebar":"","ocean_second_sidebar":"","ocean_disable_margins":"enable","ocean_add_body_class":"","ocean_shortcode_before_top_bar":"","ocean_shortcode_after_top_bar":"","ocean_shortcode_before_header":"","ocean_shortcode_after_header":"","ocean_has_shortcode":"","ocean_shortcode_after_title":"","ocean_shortcode_before_footer_widgets":"","ocean_shortcode_after_footer_widgets":"","ocean_shortcode_before_footer_bottom":"","ocean_shortcode_after_footer_bottom":"","ocean_display_top_bar":"default","ocean_display_header":"default","ocean_header_style":"","ocean_center_header_left_menu":"","ocean_custom_header_template":"","ocean_custom_logo":0,"ocean_custom_retina_logo":0,"ocean_custom_logo_max_width":0,"ocean_custom_logo_tablet_max_width":0,"ocean_custom_logo_mobile_max_width":0,"ocean_custom_logo_max_height":0,"ocean_custom_logo_tablet_max_height":0,"ocean_custom_logo_mobile_max_height":0,"ocean_header_custom_menu":"","ocean_menu_typo_font_family":"","ocean_menu_typo_font_subset":"","ocean_menu_typo_font_size":0,"ocean_menu_typo_font_size_tablet":0,"ocean_menu_typo_font_size_mobile":0,"ocean_menu_typo_font_size_unit":"px","ocean_menu_typo_font_weight":"","ocean_menu_typo_font_weight_tablet":"","ocean_menu_typo_font_weight_mobile":"","ocean_menu_typo_transform":"","ocean_menu_typo_transform_tablet":"","ocean_menu_typo_transform_mobile":"","ocean_menu_typo_line_height":0,"ocean_menu_typo_line_height_tablet":0,"ocean_menu_typo_line_height_mobile":0,"ocean_menu_typo_line_height_unit":"","ocean_menu_typo_spacing":0,"ocean_menu_typo_spacing_tablet":0,"ocean_menu_typo_spacing_mobile":0,"ocean_menu_typo_spacing_unit":"","ocean_menu_link_color":"","ocean_menu_link_color_hover":"","ocean_menu_link_color_active":"","ocean_menu_link_background":"","ocean_menu_link_hover_background":"","ocean_menu_link_active_background":"","ocean_menu_social_links_bg":"","ocean_menu_social_hover_links_bg":"","ocean_menu_social_links_color":"","ocean_menu_social_hover_links_color":"","ocean_disable_title":"default","ocean_disable_heading":"default","ocean_post_title":"","ocean_post_subheading":"","ocean_post_title_style":"","ocean_post_title_background_color":"","ocean_post_title_background":0,"ocean_post_title_bg_image_position":"","ocean_post_title_bg_image_attachment":"","ocean_post_title_bg_image_repeat":"","ocean_post_title_bg_image_size":"","ocean_post_title_height":0,"ocean_post_title_bg_overlay":0.5,"ocean_post_title_bg_overlay_color":"","ocean_disable_breadcrumbs":"default","ocean_breadcrumbs_color":"","ocean_breadcrumbs_separator_color":"","ocean_breadcrumbs_links_color":"","ocean_breadcrumbs_links_hover_color":"","ocean_display_footer_widgets":"default","ocean_display_footer_bottom":"default","ocean_custom_footer_template":"","_vp_format_video_url":"","_vp_image_focal_point":[],"footnotes":""},"portfolio_category":[],"portfolio_tag":[],"class_list":["post-1316","portfolio","type-portfolio","status-publish","format-standard","has-post-thumbnail","hentry","entry","has-media"],"yoast_head":"<!-- This site is optimized with the Yoast SEO plugin v25.2 - https:\/\/yoast.com\/wordpress\/plugins\/seo\/ -->\n<title>Produktov\u00fd design - N\u011bm\u00fd sluha &quot;NOEDGE&quot; - design-award.cz<\/title>\n<meta name=\"robots\" content=\"index, follow, max-snippet:-1, max-image-preview:large, max-video-preview:-1\" \/>\n<link rel=\"canonical\" href=\"https:\/\/www.design-award.cz\/?portfolio=produktovy-design-nemy-sluha-noedge\" \/>\n<meta property=\"og:locale\" content=\"cs_CZ\" \/>\n<meta property=\"og:type\" content=\"article\" \/>\n<meta property=\"og:title\" content=\"Produktov\u00fd design - N\u011bm\u00fd sluha &quot;NOEDGE&quot; - design-award.cz\" \/>\n<meta property=\"og:description\" content=\"Tereza Tom\u0161\u00edkov\u00e1 Vy\u0161\u0161\u00ed odborn\u00e1 a St\u0159edn\u00ed pr\u016fmyslov\u00e1 \u0161kola Volyn\u011b Zad\u00e1n\u00ed zn\u011blo: n\u011bm\u00fd sluha.\u00a0\u00a0\u00a0\u00a0\u00a0\u00a0\u00a0 N\u011bm\u00fd sluha podle m\u00e9ho n\u00e1zoru nem\u00e1 b\u00fdt v\u00fdrazn\u00fdm prvkem v interi\u00e9ru, proto se mu \u0159\u00edk\u00e1 n\u011bm\u00fd, ale to neznamen\u00e1, \u017ee nem\u016f\u017ee b\u00fdt designov\u00fdm kusem n\u00e1bytku.Moj\u00ed inspirac\u00ed se stalo madlo ve vagonech vlaku, kter\u00e9 mi p\u0159ipomn\u011blo \u0161atn\u00ed ty\u010d. Design je vymy\u0161len tak, aby [&hellip;]\" \/>\n<meta property=\"og:url\" content=\"https:\/\/www.design-award.cz\/?portfolio=produktovy-design-nemy-sluha-noedge\" \/>\n<meta property=\"og:site_name\" content=\"design-award.cz\" \/>\n<meta property=\"article:modified_time\" content=\"2022-04-30T19:39:48+00:00\" \/>\n<meta property=\"og:image\" content=\"http:\/\/www.design-award.cz\/wp-content\/uploads\/2022\/04\/Vizualizace-1-1-scaled.jpg\" \/>\n\t<meta property=\"og:image:width\" content=\"1920\" \/>\n\t<meta property=\"og:image:height\" content=\"2560\" \/>\n\t<meta property=\"og:image:type\" content=\"image\/jpeg\" \/>\n<meta name=\"twitter:card\" content=\"summary_large_image\" \/>\n<meta name=\"twitter:label1\" content=\"Odhadovan\u00e1 doba \u010dten\u00ed\" \/>\n\t<meta name=\"twitter:data1\" content=\"2 minuty\" \/>\n<script type=\"application\/ld+json\" class=\"yoast-schema-graph\">{\"@context\":\"https:\/\/schema.org\",\"@graph\":[{\"@type\":\"WebPage\",\"@id\":\"https:\/\/www.design-award.cz\/?portfolio=produktovy-design-nemy-sluha-noedge\",\"url\":\"https:\/\/www.design-award.cz\/?portfolio=produktovy-design-nemy-sluha-noedge\",\"name\":\"Produktov\u00fd design - N\u011bm\u00fd sluha \\\"NOEDGE\\\" - design-award.cz\",\"isPartOf\":{\"@id\":\"https:\/\/www.design-award.cz\/#website\"},\"primaryImageOfPage\":{\"@id\":\"https:\/\/www.design-award.cz\/?portfolio=produktovy-design-nemy-sluha-noedge#primaryimage\"},\"image\":{\"@id\":\"https:\/\/www.design-award.cz\/?portfolio=produktovy-design-nemy-sluha-noedge#primaryimage\"},\"thumbnailUrl\":\"https:\/\/www.design-award.cz\/wp-content\/uploads\/2022\/04\/Vizualizace-1-1-scaled.jpg\",\"datePublished\":\"2022-04-30T19:39:46+00:00\",\"dateModified\":\"2022-04-30T19:39:48+00:00\",\"breadcrumb\":{\"@id\":\"https:\/\/www.design-award.cz\/?portfolio=produktovy-design-nemy-sluha-noedge#breadcrumb\"},\"inLanguage\":\"cs\",\"potentialAction\":[{\"@type\":\"ReadAction\",\"target\":[\"https:\/\/www.design-award.cz\/?portfolio=produktovy-design-nemy-sluha-noedge\"]}]},{\"@type\":\"ImageObject\",\"inLanguage\":\"cs\",\"@id\":\"https:\/\/www.design-award.cz\/?portfolio=produktovy-design-nemy-sluha-noedge#primaryimage\",\"url\":\"https:\/\/www.design-award.cz\/wp-content\/uploads\/2022\/04\/Vizualizace-1-1-scaled.jpg\",\"contentUrl\":\"https:\/\/www.design-award.cz\/wp-content\/uploads\/2022\/04\/Vizualizace-1-1-scaled.jpg\",\"width\":1920,\"height\":2560},{\"@type\":\"BreadcrumbList\",\"@id\":\"https:\/\/www.design-award.cz\/?portfolio=produktovy-design-nemy-sluha-noedge#breadcrumb\",\"itemListElement\":[{\"@type\":\"ListItem\",\"position\":1,\"name\":\"Dom\u016f\",\"item\":\"https:\/\/www.design-award.cz\/\"},{\"@type\":\"ListItem\",\"position\":2,\"name\":\"Portfolio Items\",\"item\":\"https:\/\/www.design-award.cz\/?post_type=portfolio\"},{\"@type\":\"ListItem\",\"position\":3,\"name\":\"Produktov\u00fd design &#8211; N\u011bm\u00fd sluha &#8222;NOEDGE&#8220;\"}]},{\"@type\":\"WebSite\",\"@id\":\"https:\/\/www.design-award.cz\/#website\",\"url\":\"https:\/\/www.design-award.cz\/\",\"name\":\"design-award.cz\",\"description\":\"WARD vznikla v roce 2022. Je ur\u010dena p\u0159edev\u0161\u00edm student\u016fm st\u0159edn\u00edch um\u011bleck\u00fdch \u0161kol (S\u0160 a VO\u0160), kte\u0159\u00ed mohou bezplatn\u011b zaslat sv\u00e9 n\u00e1vrhy v uveden\u00fdch kategori\u00ed a tak pom\u011b\u0159it sv\u00e9 n\u00e1pady s konkurenc\u00ed sv\u00fdch vrstevn\u00edk\u016f. N\u00e1vrhy jsou n\u00e1sledn\u011b posouzeny nez\u00e1vislou porotou z \u0159ad v\u00fdtvarn\u00edk\u016f, pedagog\u016f a profesion\u00e1l\u016f z oboru.\",\"publisher\":{\"@id\":\"https:\/\/www.design-award.cz\/#organization\"},\"potentialAction\":[{\"@type\":\"SearchAction\",\"target\":{\"@type\":\"EntryPoint\",\"urlTemplate\":\"https:\/\/www.design-award.cz\/?s={search_term_string}\"},\"query-input\":{\"@type\":\"PropertyValueSpecification\",\"valueRequired\":true,\"valueName\":\"search_term_string\"}}],\"inLanguage\":\"cs\"},{\"@type\":\"Organization\",\"@id\":\"https:\/\/www.design-award.cz\/#organization\",\"name\":\"Design Award\",\"url\":\"https:\/\/www.design-award.cz\/\",\"logo\":{\"@type\":\"ImageObject\",\"inLanguage\":\"cs\",\"@id\":\"https:\/\/www.design-award.cz\/#\/schema\/logo\/image\/\",\"url\":\"http:\/\/www.design-award.cz\/wp-content\/uploads\/2021\/12\/hornilogo_design-award.png\",\"contentUrl\":\"http:\/\/www.design-award.cz\/wp-content\/uploads\/2021\/12\/hornilogo_design-award.png\",\"width\":800,\"height\":600,\"caption\":\"Design Award\"},\"image\":{\"@id\":\"https:\/\/www.design-award.cz\/#\/schema\/logo\/image\/\"},\"sameAs\":[\"https:\/\/www.instagram.com\/design_award\/\"]}]}<\/script>\n<!-- \/ Yoast SEO plugin. -->","yoast_head_json":{"title":"Produktov\u00fd design - N\u011bm\u00fd sluha \"NOEDGE\" - design-award.cz","robots":{"index":"index","follow":"follow","max-snippet":"max-snippet:-1","max-image-preview":"max-image-preview:large","max-video-preview":"max-video-preview:-1"},"canonical":"https:\/\/www.design-award.cz\/?portfolio=produktovy-design-nemy-sluha-noedge","og_locale":"cs_CZ","og_type":"article","og_title":"Produktov\u00fd design - N\u011bm\u00fd sluha \"NOEDGE\" - design-award.cz","og_description":"Tereza Tom\u0161\u00edkov\u00e1 Vy\u0161\u0161\u00ed odborn\u00e1 a St\u0159edn\u00ed pr\u016fmyslov\u00e1 \u0161kola Volyn\u011b Zad\u00e1n\u00ed zn\u011blo: n\u011bm\u00fd sluha.\u00a0\u00a0\u00a0\u00a0\u00a0\u00a0\u00a0 N\u011bm\u00fd sluha podle m\u00e9ho n\u00e1zoru nem\u00e1 b\u00fdt v\u00fdrazn\u00fdm prvkem v interi\u00e9ru, proto se mu \u0159\u00edk\u00e1 n\u011bm\u00fd, ale to neznamen\u00e1, \u017ee nem\u016f\u017ee b\u00fdt designov\u00fdm kusem n\u00e1bytku.Moj\u00ed inspirac\u00ed se stalo madlo ve vagonech vlaku, kter\u00e9 mi p\u0159ipomn\u011blo \u0161atn\u00ed ty\u010d. Design je vymy\u0161len tak, aby [&hellip;]","og_url":"https:\/\/www.design-award.cz\/?portfolio=produktovy-design-nemy-sluha-noedge","og_site_name":"design-award.cz","article_modified_time":"2022-04-30T19:39:48+00:00","og_image":[{"width":1920,"height":2560,"url":"http:\/\/www.design-award.cz\/wp-content\/uploads\/2022\/04\/Vizualizace-1-1-scaled.jpg","type":"image\/jpeg"}],"twitter_card":"summary_large_image","twitter_misc":{"Odhadovan\u00e1 doba \u010dten\u00ed":"2 minuty"},"schema":{"@context":"https:\/\/schema.org","@graph":[{"@type":"WebPage","@id":"https:\/\/www.design-award.cz\/?portfolio=produktovy-design-nemy-sluha-noedge","url":"https:\/\/www.design-award.cz\/?portfolio=produktovy-design-nemy-sluha-noedge","name":"Produktov\u00fd design - N\u011bm\u00fd sluha \"NOEDGE\" - design-award.cz","isPartOf":{"@id":"https:\/\/www.design-award.cz\/#website"},"primaryImageOfPage":{"@id":"https:\/\/www.design-award.cz\/?portfolio=produktovy-design-nemy-sluha-noedge#primaryimage"},"image":{"@id":"https:\/\/www.design-award.cz\/?portfolio=produktovy-design-nemy-sluha-noedge#primaryimage"},"thumbnailUrl":"https:\/\/www.design-award.cz\/wp-content\/uploads\/2022\/04\/Vizualizace-1-1-scaled.jpg","datePublished":"2022-04-30T19:39:46+00:00","dateModified":"2022-04-30T19:39:48+00:00","breadcrumb":{"@id":"https:\/\/www.design-award.cz\/?portfolio=produktovy-design-nemy-sluha-noedge#breadcrumb"},"inLanguage":"cs","potentialAction":[{"@type":"ReadAction","target":["https:\/\/www.design-award.cz\/?portfolio=produktovy-design-nemy-sluha-noedge"]}]},{"@type":"ImageObject","inLanguage":"cs","@id":"https:\/\/www.design-award.cz\/?portfolio=produktovy-design-nemy-sluha-noedge#primaryimage","url":"https:\/\/www.design-award.cz\/wp-content\/uploads\/2022\/04\/Vizualizace-1-1-scaled.jpg","contentUrl":"https:\/\/www.design-award.cz\/wp-content\/uploads\/2022\/04\/Vizualizace-1-1-scaled.jpg","width":1920,"height":2560},{"@type":"BreadcrumbList","@id":"https:\/\/www.design-award.cz\/?portfolio=produktovy-design-nemy-sluha-noedge#breadcrumb","itemListElement":[{"@type":"ListItem","position":1,"name":"Dom\u016f","item":"https:\/\/www.design-award.cz\/"},{"@type":"ListItem","position":2,"name":"Portfolio Items","item":"https:\/\/www.design-award.cz\/?post_type=portfolio"},{"@type":"ListItem","position":3,"name":"Produktov\u00fd design &#8211; N\u011bm\u00fd sluha &#8222;NOEDGE&#8220;"}]},{"@type":"WebSite","@id":"https:\/\/www.design-award.cz\/#website","url":"https:\/\/www.design-award.cz\/","name":"design-award.cz","description":"WARD vznikla v roce 2022. Je ur\u010dena p\u0159edev\u0161\u00edm student\u016fm st\u0159edn\u00edch um\u011bleck\u00fdch \u0161kol (S\u0160 a VO\u0160), kte\u0159\u00ed mohou bezplatn\u011b zaslat sv\u00e9 n\u00e1vrhy v uveden\u00fdch kategori\u00ed a tak pom\u011b\u0159it sv\u00e9 n\u00e1pady s konkurenc\u00ed sv\u00fdch vrstevn\u00edk\u016f. N\u00e1vrhy jsou n\u00e1sledn\u011b posouzeny nez\u00e1vislou porotou z \u0159ad v\u00fdtvarn\u00edk\u016f, pedagog\u016f a profesion\u00e1l\u016f z oboru.","publisher":{"@id":"https:\/\/www.design-award.cz\/#organization"},"potentialAction":[{"@type":"SearchAction","target":{"@type":"EntryPoint","urlTemplate":"https:\/\/www.design-award.cz\/?s={search_term_string}"},"query-input":{"@type":"PropertyValueSpecification","valueRequired":true,"valueName":"search_term_string"}}],"inLanguage":"cs"},{"@type":"Organization","@id":"https:\/\/www.design-award.cz\/#organization","name":"Design Award","url":"https:\/\/www.design-award.cz\/","logo":{"@type":"ImageObject","inLanguage":"cs","@id":"https:\/\/www.design-award.cz\/#\/schema\/logo\/image\/","url":"http:\/\/www.design-award.cz\/wp-content\/uploads\/2021\/12\/hornilogo_design-award.png","contentUrl":"http:\/\/www.design-award.cz\/wp-content\/uploads\/2021\/12\/hornilogo_design-award.png","width":800,"height":600,"caption":"Design Award"},"image":{"@id":"https:\/\/www.design-award.cz\/#\/schema\/logo\/image\/"},"sameAs":["https:\/\/www.instagram.com\/design_award\/"]}]}},"_links":{"self":[{"href":"https:\/\/www.design-award.cz\/index.php?rest_route=\/wp\/v2\/portfolio\/1316","targetHints":{"allow":["GET"]}}],"collection":[{"href":"https:\/\/www.design-award.cz\/index.php?rest_route=\/wp\/v2\/portfolio"}],"about":[{"href":"https:\/\/www.design-award.cz\/index.php?rest_route=\/wp\/v2\/types\/portfolio"}],"author":[{"embeddable":true,"href":"https:\/\/www.design-award.cz\/index.php?rest_route=\/wp\/v2\/users\/1"}],"replies":[{"embeddable":true,"href":"https:\/\/www.design-award.cz\/index.php?rest_route=%2Fwp%2Fv2%2Fcomments&post=1316"}],"version-history":[{"count":1,"href":"https:\/\/www.design-award.cz\/index.php?rest_route=\/wp\/v2\/portfolio\/1316\/revisions"}],"predecessor-version":[{"id":1322,"href":"https:\/\/www.design-award.cz\/index.php?rest_route=\/wp\/v2\/portfolio\/1316\/revisions\/1322"}],"wp:featuredmedia":[{"embeddable":true,"href":"https:\/\/www.design-award.cz\/index.php?rest_route=\/wp\/v2\/media\/1317"}],"wp:attachment":[{"href":"https:\/\/www.design-award.cz\/index.php?rest_route=%2Fwp%2Fv2%2Fmedia&parent=1316"}],"wp:term":[{"taxonomy":"portfolio_category","embeddable":true,"href":"https:\/\/www.design-award.cz\/index.php?rest_route=%2Fwp%2Fv2%2Fportfolio_category&post=1316"},{"taxonomy":"portfolio_tag","embeddable":true,"href":"https:\/\/www.design-award.cz\/index.php?rest_route=%2Fwp%2Fv2%2Fportfolio_tag&post=1316"}],"curies":[{"name":"wp","href":"https:\/\/api.w.org\/{rel}","templated":true}]}}