{"id":1331,"date":"2022-04-30T20:51:27","date_gmt":"2022-04-30T20:51:27","guid":{"rendered":"https:\/\/www.design-award.cz\/?post_type=portfolio&#038;p=1331"},"modified":"2022-12-04T21:29:49","modified_gmt":"2022-12-04T21:29:49","slug":"soukromy-interier-koupelna-pro-mlady-par","status":"publish","type":"portfolio","link":"https:\/\/www.design-award.cz\/?portfolio=soukromy-interier-koupelna-pro-mlady-par","title":{"rendered":"Soukrom\u00fd interi\u00e9r &#8211; Koupelna pro mlad\u00fd p\u00e1r"},"content":{"rendered":"\n<h2 class=\"wp-block-heading\"><strong>Nat\u00e1lie Jirmannov\u00e1<\/strong><\/h2>\n\n\n\n<p><strong>Michael \u2013 St\u0159edn\u00ed \u0161kola a Vy\u0161\u0161\u00ed odborn\u00e1 \u0161kola reklamn\u00ed a um\u011bleck\u00e9 tvorby<\/strong><\/p>\n\n\n\n<p>Zad\u00e1n\u00ed bylo navrhnout koupelnu pro mlad\u00fd p\u00e1r, kter\u00fd se v\u011bkov\u011b pohybuje mezi 25-30 lety a \u017eije v Praze. Prostor je orientov\u00e1n do \u010dtverce, proto m\u00edstnost opticky rozd\u011bluji na dv\u011b poloviny.<\/p>\n\n\n\n<p>V jedn\u00e9 stran\u011b jsou umyvadla s pra\u010dkou a su\u0161i\u010dkou, zabudovan\u00e9 ve sk\u0159\u00edni. Jej\u00ed sou\u010d\u00e1st\u00ed z druh\u00e9 strany je organiz\u00e1tor na \u0161pinav\u00e9 pr\u00e1dlo (\u010dty\u0159i prout\u011bn\u00e9 vysouvac\u00ed boxy, do kter\u00fdch lze \u0161pinav\u00e9 pr\u00e1dlo d\u011blit na b\u00edl\u00e9, \u010dern\u00e9, sv\u011btle barevn\u00e9 a tmav\u011b barevn\u00e9). Za umyvadly se nach\u00e1z\u00ed p\u0159edst\u011bna pro veden\u00ed instalac\u00ed a vody.<\/p>\n\n\n\n<p>Druh\u00e1 strana disponuje sprchov\u00fdm koutem s klozetem. V r\u00e1mci sprchov\u00e9ho koutu je v p\u0159edst\u011bn\u011b um\u00edst\u011bn\u00e1 nika, kter\u00e1 m\u00e1 povrchovou \u00fapravu stejnou jako baterie (kart\u00e1\u010dovan\u00fd tmav\u011b hn\u011bd\u00fd grafit). P\u0159edst\u011bna zde slou\u017e\u00ed tak\u00e9 pro veden\u00ed instalac\u00ed a vody. Nad klozetem se nach\u00e1z\u00ed sk\u0159\u00ed\u0148ka na pot\u0159ebn\u00e9 \u010dist\u00edc\u00ed prost\u0159edky \u010di toaletn\u00ed pap\u00edr.<\/p>\n\n\n\n<p>Na za\u010d\u00e1tku nebyl zadan\u00fd \u017e\u00e1dn\u00fd styl. Vych\u00e1zela jsem p\u0159edev\u0161\u00edm z lesn\u00edch textur a barev, proto\u017ee r\u00e1da prom\u00edt\u00e1m kus p\u0159\u00edrody do interi\u00e9ru. Zejm\u00e9na zelen\u00e1 barva na st\u011bn\u011b a n\u00e1bytku, dla\u017eba jako imitace d\u0159eva a obklady, na kter\u00fdch je obtisk listu.<\/p>\n\n\n\n<p>V m\u00edstnosti se nenach\u00e1z\u00ed \u017e\u00e1dn\u00e9 okno, proto jsem pou\u017eila ve sprchov\u00e9m kout\u011b a u klozetu ventil\u00e1tory.<\/p>\n\n\n\n<figure class=\"wp-block-image size-large\"><img decoding=\"async\" width=\"1024\" height=\"724\" data-src=\"http:\/\/www.design-award.cz\/wp-content\/uploads\/2022\/04\/3D-pudorys-1-1024x724.jpg\" alt=\"\" class=\"wp-image-1332 lazyload\" data-srcset=\"https:\/\/www.design-award.cz\/wp-content\/uploads\/2022\/04\/3D-pudorys-1-1024x724.jpg 1024w, https:\/\/www.design-award.cz\/wp-content\/uploads\/2022\/04\/3D-pudorys-1-300x212.jpg 300w, https:\/\/www.design-award.cz\/wp-content\/uploads\/2022\/04\/3D-pudorys-1-768x543.jpg 768w, https:\/\/www.design-award.cz\/wp-content\/uploads\/2022\/04\/3D-pudorys-1-1536x1086.jpg 1536w, https:\/\/www.design-award.cz\/wp-content\/uploads\/2022\/04\/3D-pudorys-1-2048x1448.jpg 2048w, https:\/\/www.design-award.cz\/wp-content\/uploads\/2022\/04\/3D-pudorys-1-500x354.jpg 500w, https:\/\/www.design-award.cz\/wp-content\/uploads\/2022\/04\/3D-pudorys-1-800x566.jpg 800w, https:\/\/www.design-award.cz\/wp-content\/uploads\/2022\/04\/3D-pudorys-1-1280x905.jpg 1280w, https:\/\/www.design-award.cz\/wp-content\/uploads\/2022\/04\/3D-pudorys-1-1920x1358.jpg 1920w\" data-sizes=\"(max-width: 1024px) 100vw, 1024px\" src=\"data:image\/svg+xml;base64,PHN2ZyB3aWR0aD0iMSIgaGVpZ2h0PSIxIiB4bWxucz0iaHR0cDovL3d3dy53My5vcmcvMjAwMC9zdmciPjwvc3ZnPg==\" style=\"--smush-placeholder-width: 1024px; --smush-placeholder-aspect-ratio: 1024\/724;\" \/><\/figure>\n\n\n\n<figure class=\"wp-block-image size-large\"><img decoding=\"async\" width=\"1024\" height=\"724\" data-src=\"http:\/\/www.design-award.cz\/wp-content\/uploads\/2022\/04\/Moodboard-1024x724.jpg\" alt=\"\" class=\"wp-image-1333 lazyload\" data-srcset=\"https:\/\/www.design-award.cz\/wp-content\/uploads\/2022\/04\/Moodboard-1024x724.jpg 1024w, https:\/\/www.design-award.cz\/wp-content\/uploads\/2022\/04\/Moodboard-300x212.jpg 300w, https:\/\/www.design-award.cz\/wp-content\/uploads\/2022\/04\/Moodboard-768x543.jpg 768w, https:\/\/www.design-award.cz\/wp-content\/uploads\/2022\/04\/Moodboard-1536x1086.jpg 1536w, https:\/\/www.design-award.cz\/wp-content\/uploads\/2022\/04\/Moodboard-2048x1449.jpg 2048w, https:\/\/www.design-award.cz\/wp-content\/uploads\/2022\/04\/Moodboard-500x354.jpg 500w, https:\/\/www.design-award.cz\/wp-content\/uploads\/2022\/04\/Moodboard-800x566.jpg 800w, https:\/\/www.design-award.cz\/wp-content\/uploads\/2022\/04\/Moodboard-1280x905.jpg 1280w, https:\/\/www.design-award.cz\/wp-content\/uploads\/2022\/04\/Moodboard-1920x1358.jpg 1920w\" data-sizes=\"(max-width: 1024px) 100vw, 1024px\" src=\"data:image\/svg+xml;base64,PHN2ZyB3aWR0aD0iMSIgaGVpZ2h0PSIxIiB4bWxucz0iaHR0cDovL3d3dy53My5vcmcvMjAwMC9zdmciPjwvc3ZnPg==\" style=\"--smush-placeholder-width: 1024px; --smush-placeholder-aspect-ratio: 1024\/724;\" \/><\/figure>\n\n\n\n<figure class=\"wp-block-image size-large\"><img decoding=\"async\" width=\"1024\" height=\"640\" data-src=\"http:\/\/www.design-award.cz\/wp-content\/uploads\/2022\/04\/Natalie-Jirmannova-3-1024x640.jpg\" alt=\"\" class=\"wp-image-1336 lazyload\" data-srcset=\"https:\/\/www.design-award.cz\/wp-content\/uploads\/2022\/04\/Natalie-Jirmannova-3-1024x640.jpg 1024w, https:\/\/www.design-award.cz\/wp-content\/uploads\/2022\/04\/Natalie-Jirmannova-3-300x188.jpg 300w, https:\/\/www.design-award.cz\/wp-content\/uploads\/2022\/04\/Natalie-Jirmannova-3-768x480.jpg 768w, https:\/\/www.design-award.cz\/wp-content\/uploads\/2022\/04\/Natalie-Jirmannova-3-1536x960.jpg 1536w, https:\/\/www.design-award.cz\/wp-content\/uploads\/2022\/04\/Natalie-Jirmannova-3-2048x1281.jpg 2048w, https:\/\/www.design-award.cz\/wp-content\/uploads\/2022\/04\/Natalie-Jirmannova-3-500x313.jpg 500w, https:\/\/www.design-award.cz\/wp-content\/uploads\/2022\/04\/Natalie-Jirmannova-3-800x500.jpg 800w, https:\/\/www.design-award.cz\/wp-content\/uploads\/2022\/04\/Natalie-Jirmannova-3-1280x800.jpg 1280w, https:\/\/www.design-award.cz\/wp-content\/uploads\/2022\/04\/Natalie-Jirmannova-3-1920x1201.jpg 1920w\" data-sizes=\"(max-width: 1024px) 100vw, 1024px\" src=\"data:image\/svg+xml;base64,PHN2ZyB3aWR0aD0iMSIgaGVpZ2h0PSIxIiB4bWxucz0iaHR0cDovL3d3dy53My5vcmcvMjAwMC9zdmciPjwvc3ZnPg==\" style=\"--smush-placeholder-width: 1024px; --smush-placeholder-aspect-ratio: 1024\/640;\" \/><\/figure>\n\n\n\n<figure class=\"wp-block-image size-large\"><img decoding=\"async\" width=\"1024\" height=\"619\" data-src=\"http:\/\/www.design-award.cz\/wp-content\/uploads\/2022\/04\/Natalie-Jirmannova-1-1024x619.jpg\" alt=\"\" class=\"wp-image-1334 lazyload\" data-srcset=\"https:\/\/www.design-award.cz\/wp-content\/uploads\/2022\/04\/Natalie-Jirmannova-1-1024x619.jpg 1024w, https:\/\/www.design-award.cz\/wp-content\/uploads\/2022\/04\/Natalie-Jirmannova-1-300x181.jpg 300w, https:\/\/www.design-award.cz\/wp-content\/uploads\/2022\/04\/Natalie-Jirmannova-1-768x464.jpg 768w, https:\/\/www.design-award.cz\/wp-content\/uploads\/2022\/04\/Natalie-Jirmannova-1-1536x929.jpg 1536w, https:\/\/www.design-award.cz\/wp-content\/uploads\/2022\/04\/Natalie-Jirmannova-1-2048x1238.jpg 2048w, https:\/\/www.design-award.cz\/wp-content\/uploads\/2022\/04\/Natalie-Jirmannova-1-500x302.jpg 500w, https:\/\/www.design-award.cz\/wp-content\/uploads\/2022\/04\/Natalie-Jirmannova-1-800x484.jpg 800w, https:\/\/www.design-award.cz\/wp-content\/uploads\/2022\/04\/Natalie-Jirmannova-1-1280x774.jpg 1280w, https:\/\/www.design-award.cz\/wp-content\/uploads\/2022\/04\/Natalie-Jirmannova-1-1920x1161.jpg 1920w\" data-sizes=\"(max-width: 1024px) 100vw, 1024px\" src=\"data:image\/svg+xml;base64,PHN2ZyB3aWR0aD0iMSIgaGVpZ2h0PSIxIiB4bWxucz0iaHR0cDovL3d3dy53My5vcmcvMjAwMC9zdmciPjwvc3ZnPg==\" style=\"--smush-placeholder-width: 1024px; --smush-placeholder-aspect-ratio: 1024\/619;\" \/><\/figure>\n\n\n\n<figure class=\"wp-block-image size-large\"><img decoding=\"async\" width=\"724\" height=\"1024\" data-src=\"http:\/\/www.design-award.cz\/wp-content\/uploads\/2022\/04\/Technicky-pudorys-724x1024.jpg\" alt=\"\" class=\"wp-image-1337 lazyload\" data-srcset=\"https:\/\/www.design-award.cz\/wp-content\/uploads\/2022\/04\/Technicky-pudorys-724x1024.jpg 724w, https:\/\/www.design-award.cz\/wp-content\/uploads\/2022\/04\/Technicky-pudorys-212x300.jpg 212w, https:\/\/www.design-award.cz\/wp-content\/uploads\/2022\/04\/Technicky-pudorys-768x1086.jpg 768w, https:\/\/www.design-award.cz\/wp-content\/uploads\/2022\/04\/Technicky-pudorys-1086x1536.jpg 1086w, https:\/\/www.design-award.cz\/wp-content\/uploads\/2022\/04\/Technicky-pudorys-1448x2048.jpg 1448w, https:\/\/www.design-award.cz\/wp-content\/uploads\/2022\/04\/Technicky-pudorys-500x707.jpg 500w, https:\/\/www.design-award.cz\/wp-content\/uploads\/2022\/04\/Technicky-pudorys-800x1131.jpg 800w, https:\/\/www.design-award.cz\/wp-content\/uploads\/2022\/04\/Technicky-pudorys-1280x1810.jpg 1280w, https:\/\/www.design-award.cz\/wp-content\/uploads\/2022\/04\/Technicky-pudorys-1920x2715.jpg 1920w, https:\/\/www.design-award.cz\/wp-content\/uploads\/2022\/04\/Technicky-pudorys-scaled.jpg 1810w\" data-sizes=\"(max-width: 724px) 100vw, 724px\" src=\"data:image\/svg+xml;base64,PHN2ZyB3aWR0aD0iMSIgaGVpZ2h0PSIxIiB4bWxucz0iaHR0cDovL3d3dy53My5vcmcvMjAwMC9zdmciPjwvc3ZnPg==\" style=\"--smush-placeholder-width: 724px; --smush-placeholder-aspect-ratio: 724\/1024;\" \/><\/figure>\n\n\n<div class=\"wp-block-visual-portfolio\">\n<div class=\"vp-portfolio vp-uid-2ece4a06 vp-id-607\"\n\tdata-vp-layout=\"slider\" data-vp-content-source=\"post-based\" data-vp-items-style=\"fade\" data-vp-items-click-action=\"url\" data-vp-items-gap=\"12\" data-vp-items-gap-vertical=\"\" data-vp-pagination=\"load-more\" data-vp-next-page-url=\"https:\/\/www.design-award.cz\/index.php?rest_route=%2Fwp%2Fv2%2Fportfolio%2F1331&#038;vp_page=2\" data-vp-random-seed=\"556261524\" data-vp-slider-effect=\"slide\" data-vp-slider-items-height=\"80%\" data-vp-slider-items-min-height=\"\" data-vp-slider-slides-per-view=\"3\" data-vp-slider-speed=\"0.3\" data-vp-slider-autoplay=\"4.8\" data-vp-slider-autoplay-hover-pause=\"false\" data-vp-slider-centered-slides=\"true\" data-vp-slider-loop=\"true\" data-vp-slider-free-mode=\"false\" data-vp-slider-free-mode-sticky=\"false\" data-vp-slider-arrows=\"true\" data-vp-slider-bullets=\"false\" data-vp-slider-bullets-dynamic=\"false\" data-vp-slider-mousewheel=\"false\" data-vp-slider-thumbnails=\"false\" >\n\t<div class=\"vp-portfolio__preloader-wrap\">\n\t\t<div class=\"vp-portfolio__preloader\">\n\t\t\t<img decoding=\"async\" loading=\"eager\" src=\"https:\/\/www.design-award.cz\/wp-content\/plugins\/visual-portfolio\/assets\/images\/logo-dark.svg\" alt=\"Visual Portfolio, Posts &amp; Image Gallery for WordPress\" width=\"20\" height=\"20\" data-skip-lazy>\n\t\t<\/div>\n\t<\/div>\n\t\t<div class=\"vp-portfolio__items-wrap\">\n\t\t\t\n<div class=\"vp-portfolio__items vp-portfolio__items-style-fade vp-portfolio__items-show-overlay-hover\">\n\n\t\t<article\t\tclass=\"vp-portfolio__item-wrap post-5676 portfolio type-portfolio status-publish format-standard has-post-thumbnail hentry entry has-media vp-portfolio__item-uid-d3adafa4\" data-vp-filter=\"\" \t\t>\n\t\t\t\t\t\t\t\t\t<figure class=\"vp-portfolio__item\">\n\t\t\t\t\n<div class=\"vp-portfolio__item-img-wrap\">\n\t<div class=\"vp-portfolio__item-img\">\n\t\t\t<a\n\t\thref=\"https:\/\/www.design-award.cz\/?portfolio=interierovy-design-rodinny-dum-z-lodnich-kontejneru\"\n\t\t\t>\n\t\n\t\t<noscript><img decoding=\"async\" width=\"850\" height=\"661\" data-skip-lazy src=\"https:\/\/www.design-award.cz\/wp-content\/uploads\/2025\/07\/obyvak.png\" class=\"wp-image-5679\" alt=\"\" srcset=\"https:\/\/www.design-award.cz\/wp-content\/uploads\/2025\/07\/obyvak.png 850w, https:\/\/www.design-award.cz\/wp-content\/uploads\/2025\/07\/obyvak-300x233.png 300w, https:\/\/www.design-award.cz\/wp-content\/uploads\/2025\/07\/obyvak-768x597.png 768w, https:\/\/www.design-award.cz\/wp-content\/uploads\/2025\/07\/obyvak-500x389.png 500w, https:\/\/www.design-award.cz\/wp-content\/uploads\/2025\/07\/obyvak-800x622.png 800w\" sizes=\"(max-width: 850px) 100vw, 850px\" \/><\/noscript><img fetchpriority=\"high\" decoding=\"async\" width=\"850\" height=\"661\" src=\"https:\/\/www.design-award.cz\/wp-content\/uploads\/2025\/07\/obyvak.png\" class=\"wp-image-5679 vp-lazyload\" alt srcset=\"data:image\/svg+xml;base64,PHN2ZyB3aWR0aD0iODUwIiBoZWlnaHQ9IjY2MSIgdmlld0JveD0iMCAwIDg1MCA2NjEiIGZpbGw9Im5vbmUiIHhtbG5zPSJodHRwOi8vd3d3LnczLm9yZy8yMDAwL3N2ZyI+PC9zdmc+\" data-src=\"https:\/\/www.design-award.cz\/wp-content\/uploads\/2025\/07\/obyvak.png\" data-srcset=\"https:\/\/www.design-award.cz\/wp-content\/uploads\/2025\/07\/obyvak.png 850w, https:\/\/www.design-award.cz\/wp-content\/uploads\/2025\/07\/obyvak-300x233.png 300w, https:\/\/www.design-award.cz\/wp-content\/uploads\/2025\/07\/obyvak-768x597.png 768w, https:\/\/www.design-award.cz\/wp-content\/uploads\/2025\/07\/obyvak-500x389.png 500w, https:\/\/www.design-award.cz\/wp-content\/uploads\/2025\/07\/obyvak-800x622.png 800w\" data-sizes=\"auto\" loading=\"eager\">\n\t\t<\/a>\t<\/div>\n<\/div>\n\t<figcaption class=\"vp-portfolio__item-overlay vp-portfolio__item-overlay-text-align-center\">\n\t\t<div class=\"vp-portfolio__item-meta-wrap vp-portfolio__custom-scrollbar\">\n\t\t\t\t<a\n\t\thref=\"https:\/\/www.design-award.cz\/?portfolio=interierovy-design-rodinny-dum-z-lodnich-kontejneru\"\n\t\ttabindex=\"-1\" class=\"vp-portfolio__item-meta\" \t>\n\t\n<h2 class=\"vp-portfolio__item-meta-title\">\n\tInteri\u00e9rov\u00fd design &#8211; RODINN\u00dd D\u016eM Z LODN\u00cdCH KONTEJNER\u016e<\/h2>\n<\/a>\t\t<\/div>\n\t<\/figcaption>\n\t\t\t<\/figure>\n\t\t\t\t\t<\/article>\n\t\t\n\t\t<article\t\tclass=\"vp-portfolio__item-wrap post-3672 portfolio type-portfolio status-publish format-standard has-post-thumbnail hentry entry has-media vp-portfolio__item-uid-f1ab3461\" data-vp-filter=\"\" \t\t>\n\t\t\t\t\t\t\t\t\t<figure class=\"vp-portfolio__item\">\n\t\t\t\t\n<div class=\"vp-portfolio__item-img-wrap\">\n\t<div class=\"vp-portfolio__item-img\">\n\t\t\t<a\n\t\thref=\"https:\/\/www.design-award.cz\/?portfolio=verejny-interier-jidelna-ssdi-katerinky\"\n\t\t\t>\n\t\n\t\t<noscript><img decoding=\"async\" width=\"1920\" height=\"1440\" data-skip-lazy src=\"https:\/\/www.design-award.cz\/wp-content\/uploads\/2024\/06\/jidelna1-1920x1440.jpg\" class=\"wp-image-3681\" alt=\"\" srcset=\"https:\/\/www.design-award.cz\/wp-content\/uploads\/2024\/06\/jidelna1-1920x1440.jpg 1920w, https:\/\/www.design-award.cz\/wp-content\/uploads\/2024\/06\/jidelna1-300x225.jpg 300w, https:\/\/www.design-award.cz\/wp-content\/uploads\/2024\/06\/jidelna1-1024x768.jpg 1024w, https:\/\/www.design-award.cz\/wp-content\/uploads\/2024\/06\/jidelna1-768x576.jpg 768w, https:\/\/www.design-award.cz\/wp-content\/uploads\/2024\/06\/jidelna1-1536x1152.jpg 1536w, https:\/\/www.design-award.cz\/wp-content\/uploads\/2024\/06\/jidelna1-2048x1536.jpg 2048w, https:\/\/www.design-award.cz\/wp-content\/uploads\/2024\/06\/jidelna1-500x375.jpg 500w, https:\/\/www.design-award.cz\/wp-content\/uploads\/2024\/06\/jidelna1-800x600.jpg 800w, https:\/\/www.design-award.cz\/wp-content\/uploads\/2024\/06\/jidelna1-1280x960.jpg 1280w\" sizes=\"(max-width: 1920px) 100vw, 1920px\" \/><\/noscript><img decoding=\"async\" width=\"1920\" height=\"1440\" src=\"https:\/\/www.design-award.cz\/wp-content\/uploads\/2024\/06\/jidelna1-1920x1440.jpg\" class=\"wp-image-3681 vp-lazyload\" alt srcset=\"data:image\/svg+xml;base64,PHN2ZyB3aWR0aD0iMTkyMCIgaGVpZ2h0PSIxNDQwIiB2aWV3Qm94PSIwIDAgMTkyMCAxNDQwIiBmaWxsPSJub25lIiB4bWxucz0iaHR0cDovL3d3dy53My5vcmcvMjAwMC9zdmciPjwvc3ZnPg==\" data-src=\"https:\/\/www.design-award.cz\/wp-content\/uploads\/2024\/06\/jidelna1-1920x1440.jpg\" data-srcset=\"https:\/\/www.design-award.cz\/wp-content\/uploads\/2024\/06\/jidelna1-1920x1440.jpg 1920w, https:\/\/www.design-award.cz\/wp-content\/uploads\/2024\/06\/jidelna1-300x225.jpg 300w, https:\/\/www.design-award.cz\/wp-content\/uploads\/2024\/06\/jidelna1-1024x768.jpg 1024w, https:\/\/www.design-award.cz\/wp-content\/uploads\/2024\/06\/jidelna1-768x576.jpg 768w, https:\/\/www.design-award.cz\/wp-content\/uploads\/2024\/06\/jidelna1-1536x1152.jpg 1536w, https:\/\/www.design-award.cz\/wp-content\/uploads\/2024\/06\/jidelna1-2048x1536.jpg 2048w, https:\/\/www.design-award.cz\/wp-content\/uploads\/2024\/06\/jidelna1-500x375.jpg 500w, https:\/\/www.design-award.cz\/wp-content\/uploads\/2024\/06\/jidelna1-800x600.jpg 800w, https:\/\/www.design-award.cz\/wp-content\/uploads\/2024\/06\/jidelna1-1280x960.jpg 1280w\" data-sizes=\"auto\" loading=\"eager\">\n\t\t<\/a>\t<\/div>\n<\/div>\n\t<figcaption class=\"vp-portfolio__item-overlay vp-portfolio__item-overlay-text-align-center\">\n\t\t<div class=\"vp-portfolio__item-meta-wrap vp-portfolio__custom-scrollbar\">\n\t\t\t\t<a\n\t\thref=\"https:\/\/www.design-award.cz\/?portfolio=verejny-interier-jidelna-ssdi-katerinky\"\n\t\ttabindex=\"-1\" class=\"vp-portfolio__item-meta\" \t>\n\t\n<h2 class=\"vp-portfolio__item-meta-title\">\n\tVe\u0159ejn\u00fd interi\u00e9r &#8211; J\u00eddelna S\u0160DI Kate\u0159inky<\/h2>\n<\/a>\t\t<\/div>\n\t<\/figcaption>\n\t\t\t<\/figure>\n\t\t\t\t\t<\/article>\n\t\t\n\t\t<article\t\tclass=\"vp-portfolio__item-wrap post-4900 portfolio type-portfolio status-publish format-standard has-post-thumbnail hentry entry has-media vp-portfolio__item-uid-c66fbc0e\" data-vp-filter=\"\" \t\t>\n\t\t\t\t\t\t\t\t\t<figure class=\"vp-portfolio__item\">\n\t\t\t\t\n<div class=\"vp-portfolio__item-img-wrap\">\n\t<div class=\"vp-portfolio__item-img\">\n\t\t\t<a\n\t\thref=\"https:\/\/www.design-award.cz\/?portfolio=produktovy-design-frangere\"\n\t\t\t>\n\t\n\t\t<noscript><img decoding=\"async\" width=\"1920\" height=\"1044\" data-skip-lazy src=\"https:\/\/www.design-award.cz\/wp-content\/uploads\/2025\/06\/render_10-Photo-1920x1044.jpg\" class=\"wp-image-4904\" alt=\"\" srcset=\"https:\/\/www.design-award.cz\/wp-content\/uploads\/2025\/06\/render_10-Photo-1920x1044.jpg 1920w, https:\/\/www.design-award.cz\/wp-content\/uploads\/2025\/06\/render_10-Photo-300x163.jpg 300w, https:\/\/www.design-award.cz\/wp-content\/uploads\/2025\/06\/render_10-Photo-1024x557.jpg 1024w, https:\/\/www.design-award.cz\/wp-content\/uploads\/2025\/06\/render_10-Photo-768x418.jpg 768w, https:\/\/www.design-award.cz\/wp-content\/uploads\/2025\/06\/render_10-Photo-1536x835.jpg 1536w, https:\/\/www.design-award.cz\/wp-content\/uploads\/2025\/06\/render_10-Photo-2048x1114.jpg 2048w, https:\/\/www.design-award.cz\/wp-content\/uploads\/2025\/06\/render_10-Photo-500x272.jpg 500w, https:\/\/www.design-award.cz\/wp-content\/uploads\/2025\/06\/render_10-Photo-800x435.jpg 800w, https:\/\/www.design-award.cz\/wp-content\/uploads\/2025\/06\/render_10-Photo-1280x696.jpg 1280w\" sizes=\"(max-width: 1920px) 100vw, 1920px\" \/><\/noscript><img decoding=\"async\" width=\"1920\" height=\"1044\" src=\"https:\/\/www.design-award.cz\/wp-content\/uploads\/2025\/06\/render_10-Photo-1920x1044.jpg\" class=\"wp-image-4904 vp-lazyload\" alt srcset=\"data:image\/svg+xml;base64,PHN2ZyB3aWR0aD0iMTkyMCIgaGVpZ2h0PSIxMDQ0IiB2aWV3Qm94PSIwIDAgMTkyMCAxMDQ0IiBmaWxsPSJub25lIiB4bWxucz0iaHR0cDovL3d3dy53My5vcmcvMjAwMC9zdmciPjwvc3ZnPg==\" data-src=\"https:\/\/www.design-award.cz\/wp-content\/uploads\/2025\/06\/render_10-Photo-1920x1044.jpg\" data-srcset=\"https:\/\/www.design-award.cz\/wp-content\/uploads\/2025\/06\/render_10-Photo-1920x1044.jpg 1920w, https:\/\/www.design-award.cz\/wp-content\/uploads\/2025\/06\/render_10-Photo-300x163.jpg 300w, https:\/\/www.design-award.cz\/wp-content\/uploads\/2025\/06\/render_10-Photo-1024x557.jpg 1024w, https:\/\/www.design-award.cz\/wp-content\/uploads\/2025\/06\/render_10-Photo-768x418.jpg 768w, https:\/\/www.design-award.cz\/wp-content\/uploads\/2025\/06\/render_10-Photo-1536x835.jpg 1536w, https:\/\/www.design-award.cz\/wp-content\/uploads\/2025\/06\/render_10-Photo-2048x1114.jpg 2048w, https:\/\/www.design-award.cz\/wp-content\/uploads\/2025\/06\/render_10-Photo-500x272.jpg 500w, https:\/\/www.design-award.cz\/wp-content\/uploads\/2025\/06\/render_10-Photo-800x435.jpg 800w, https:\/\/www.design-award.cz\/wp-content\/uploads\/2025\/06\/render_10-Photo-1280x696.jpg 1280w\" data-sizes=\"auto\" loading=\"eager\">\n\t\t<\/a>\t<\/div>\n<\/div>\n\t<figcaption class=\"vp-portfolio__item-overlay vp-portfolio__item-overlay-text-align-center\">\n\t\t<div class=\"vp-portfolio__item-meta-wrap vp-portfolio__custom-scrollbar\">\n\t\t\t\t<a\n\t\thref=\"https:\/\/www.design-award.cz\/?portfolio=produktovy-design-frangere\"\n\t\ttabindex=\"-1\" class=\"vp-portfolio__item-meta\" \t>\n\t\n<h2 class=\"vp-portfolio__item-meta-title\">\n\tProduktov\u00fd design &#8211; Frangere<\/h2>\n<\/a>\t\t<\/div>\n\t<\/figcaption>\n\t\t\t<\/figure>\n\t\t\t\t\t<\/article>\n\t\t\n\t\t<article\t\tclass=\"vp-portfolio__item-wrap post-2449 portfolio type-portfolio status-publish format-standard has-post-thumbnail hentry portfolio_category-soutezici-2023 entry has-media vp-portfolio__item-uid-f66c0d21\" data-vp-filter=\"soutezici-2023\" \t\t>\n\t\t\t\t\t\t\t\t\t<figure class=\"vp-portfolio__item\">\n\t\t\t\t\n<div class=\"vp-portfolio__item-img-wrap\">\n\t<div class=\"vp-portfolio__item-img\">\n\t\t\t<a\n\t\thref=\"https:\/\/www.design-award.cz\/?portfolio=produktovy-design-3mode-zahradni-naradi\"\n\t\t\t>\n\t\n\t\t<noscript><img decoding=\"async\" width=\"1920\" height=\"2582\" data-skip-lazy src=\"https:\/\/www.design-award.cz\/wp-content\/uploads\/2023\/04\/vacha_zahradni-naradi.jpg\" class=\"wp-image-2450\" alt=\"\" srcset=\"https:\/\/www.design-award.cz\/wp-content\/uploads\/2023\/04\/vacha_zahradni-naradi.jpg 6840w, https:\/\/www.design-award.cz\/wp-content\/uploads\/2023\/04\/vacha_zahradni-naradi-223x300.jpg 223w, https:\/\/www.design-award.cz\/wp-content\/uploads\/2023\/04\/vacha_zahradni-naradi-762x1024.jpg 762w, https:\/\/www.design-award.cz\/wp-content\/uploads\/2023\/04\/vacha_zahradni-naradi-768x1033.jpg 768w, https:\/\/www.design-award.cz\/wp-content\/uploads\/2023\/04\/vacha_zahradni-naradi-500x672.jpg 500w, https:\/\/www.design-award.cz\/wp-content\/uploads\/2023\/04\/vacha_zahradni-naradi-800x1076.jpg 800w\" sizes=\"(max-width: 1920px) 100vw, 1920px\" \/><\/noscript><img decoding=\"async\" width=\"1920\" height=\"2582\" src=\"https:\/\/www.design-award.cz\/wp-content\/uploads\/2023\/04\/vacha_zahradni-naradi.jpg\" class=\"wp-image-2450 vp-lazyload\" alt srcset=\"data:image\/svg+xml;base64,PHN2ZyB3aWR0aD0iMTkyMCIgaGVpZ2h0PSIyNTgyIiB2aWV3Qm94PSIwIDAgMTkyMCAyNTgyIiBmaWxsPSJub25lIiB4bWxucz0iaHR0cDovL3d3dy53My5vcmcvMjAwMC9zdmciPjwvc3ZnPg==\" data-src=\"https:\/\/www.design-award.cz\/wp-content\/uploads\/2023\/04\/vacha_zahradni-naradi.jpg\" data-srcset=\"https:\/\/www.design-award.cz\/wp-content\/uploads\/2023\/04\/vacha_zahradni-naradi.jpg 6840w, https:\/\/www.design-award.cz\/wp-content\/uploads\/2023\/04\/vacha_zahradni-naradi-223x300.jpg 223w, https:\/\/www.design-award.cz\/wp-content\/uploads\/2023\/04\/vacha_zahradni-naradi-762x1024.jpg 762w, https:\/\/www.design-award.cz\/wp-content\/uploads\/2023\/04\/vacha_zahradni-naradi-768x1033.jpg 768w, https:\/\/www.design-award.cz\/wp-content\/uploads\/2023\/04\/vacha_zahradni-naradi-500x672.jpg 500w, https:\/\/www.design-award.cz\/wp-content\/uploads\/2023\/04\/vacha_zahradni-naradi-800x1076.jpg 800w\" data-sizes=\"auto\" loading=\"eager\">\n\t\t<\/a>\t<\/div>\n<\/div>\n\t<figcaption class=\"vp-portfolio__item-overlay vp-portfolio__item-overlay-text-align-center\">\n\t\t<div class=\"vp-portfolio__item-meta-wrap vp-portfolio__custom-scrollbar\">\n\t\t\t\t<a\n\t\thref=\"https:\/\/www.design-award.cz\/?portfolio=produktovy-design-3mode-zahradni-naradi\"\n\t\ttabindex=\"-1\" class=\"vp-portfolio__item-meta\" \t>\n\t\n<div class=\"vp-portfolio__item-meta-categories\">\n\t\t\t<div class=\"vp-portfolio__item-meta-category\">\n\t\t\t\t<span\t\t\t>\n\tSOUT\u011a\u017d\u00cdC\u00cd 2023<\/span>\t\t<\/div>\n\t\t<\/div>\n\n<h2 class=\"vp-portfolio__item-meta-title\">\n\tProduktov\u00fd design &#8211; 3MODE &#8211; zahradn\u00ed n\u00e1\u0159ad\u00ed<\/h2>\n<\/a>\t\t<\/div>\n\t<\/figcaption>\n\t\t\t<\/figure>\n\t\t\t\t\t<\/article>\n\t\t\n\t\t<article\t\tclass=\"vp-portfolio__item-wrap post-4164 portfolio type-portfolio status-publish format-standard has-post-thumbnail hentry entry has-media vp-portfolio__item-uid-994b8e29\" data-vp-filter=\"\" \t\t>\n\t\t\t\t\t\t\t\t\t<figure class=\"vp-portfolio__item\">\n\t\t\t\t\n<div class=\"vp-portfolio__item-img-wrap\">\n\t<div class=\"vp-portfolio__item-img\">\n\t\t\t<a\n\t\thref=\"https:\/\/www.design-award.cz\/?portfolio=produktovy-design-vceli-ul-vertical\"\n\t\t\t>\n\t\n\t\t<noscript><img decoding=\"async\" width=\"1920\" height=\"1081\" data-skip-lazy src=\"https:\/\/www.design-award.cz\/wp-content\/uploads\/2024\/07\/Kreis-9-1920x1081.jpg\" class=\"wp-image-4210\" alt=\"\" srcset=\"https:\/\/www.design-award.cz\/wp-content\/uploads\/2024\/07\/Kreis-9-1920x1081.jpg 1920w, https:\/\/www.design-award.cz\/wp-content\/uploads\/2024\/07\/Kreis-9-300x169.jpg 300w, https:\/\/www.design-award.cz\/wp-content\/uploads\/2024\/07\/Kreis-9-1024x576.jpg 1024w, https:\/\/www.design-award.cz\/wp-content\/uploads\/2024\/07\/Kreis-9-768x432.jpg 768w, https:\/\/www.design-award.cz\/wp-content\/uploads\/2024\/07\/Kreis-9-1536x864.jpg 1536w, https:\/\/www.design-award.cz\/wp-content\/uploads\/2024\/07\/Kreis-9-2048x1153.jpg 2048w, https:\/\/www.design-award.cz\/wp-content\/uploads\/2024\/07\/Kreis-9-500x281.jpg 500w, https:\/\/www.design-award.cz\/wp-content\/uploads\/2024\/07\/Kreis-9-800x450.jpg 800w, https:\/\/www.design-award.cz\/wp-content\/uploads\/2024\/07\/Kreis-9-1280x720.jpg 1280w\" sizes=\"(max-width: 1920px) 100vw, 1920px\" \/><\/noscript><img decoding=\"async\" width=\"1920\" height=\"1081\" src=\"https:\/\/www.design-award.cz\/wp-content\/uploads\/2024\/07\/Kreis-9-1920x1081.jpg\" class=\"wp-image-4210 vp-lazyload\" alt srcset=\"data:image\/svg+xml;base64,PHN2ZyB3aWR0aD0iMTkyMCIgaGVpZ2h0PSIxMDgxIiB2aWV3Qm94PSIwIDAgMTkyMCAxMDgxIiBmaWxsPSJub25lIiB4bWxucz0iaHR0cDovL3d3dy53My5vcmcvMjAwMC9zdmciPjwvc3ZnPg==\" data-src=\"https:\/\/www.design-award.cz\/wp-content\/uploads\/2024\/07\/Kreis-9-1920x1081.jpg\" data-srcset=\"https:\/\/www.design-award.cz\/wp-content\/uploads\/2024\/07\/Kreis-9-1920x1081.jpg 1920w, https:\/\/www.design-award.cz\/wp-content\/uploads\/2024\/07\/Kreis-9-300x169.jpg 300w, https:\/\/www.design-award.cz\/wp-content\/uploads\/2024\/07\/Kreis-9-1024x576.jpg 1024w, https:\/\/www.design-award.cz\/wp-content\/uploads\/2024\/07\/Kreis-9-768x432.jpg 768w, https:\/\/www.design-award.cz\/wp-content\/uploads\/2024\/07\/Kreis-9-1536x864.jpg 1536w, https:\/\/www.design-award.cz\/wp-content\/uploads\/2024\/07\/Kreis-9-2048x1153.jpg 2048w, https:\/\/www.design-award.cz\/wp-content\/uploads\/2024\/07\/Kreis-9-500x281.jpg 500w, https:\/\/www.design-award.cz\/wp-content\/uploads\/2024\/07\/Kreis-9-800x450.jpg 800w, https:\/\/www.design-award.cz\/wp-content\/uploads\/2024\/07\/Kreis-9-1280x720.jpg 1280w\" data-sizes=\"auto\" loading=\"eager\">\n\t\t<\/a>\t<\/div>\n<\/div>\n\t<figcaption class=\"vp-portfolio__item-overlay vp-portfolio__item-overlay-text-align-center\">\n\t\t<div class=\"vp-portfolio__item-meta-wrap vp-portfolio__custom-scrollbar\">\n\t\t\t\t<a\n\t\thref=\"https:\/\/www.design-award.cz\/?portfolio=produktovy-design-vceli-ul-vertical\"\n\t\ttabindex=\"-1\" class=\"vp-portfolio__item-meta\" \t>\n\t\n<h2 class=\"vp-portfolio__item-meta-title\">\n\tProduktov\u00fd design &#8211; V\u010del\u00ed \u00fal Vertical<\/h2>\n<\/a>\t\t<\/div>\n\t<\/figcaption>\n\t\t\t<\/figure>\n\t\t\t\t\t<\/article>\n\t\t\n\t\t<article\t\tclass=\"vp-portfolio__item-wrap post-5045 portfolio type-portfolio status-publish format-standard has-post-thumbnail hentry entry has-media vp-portfolio__item-uid-6504d16f\" data-vp-filter=\"\" \t\t>\n\t\t\t\t\t\t\t\t\t<figure class=\"vp-portfolio__item\">\n\t\t\t\t\n<div class=\"vp-portfolio__item-img-wrap\">\n\t<div class=\"vp-portfolio__item-img\">\n\t\t\t<a\n\t\thref=\"https:\/\/www.design-award.cz\/?portfolio=produktovy-design-dotyk\"\n\t\t\t>\n\t\n\t\t<noscript><img decoding=\"async\" width=\"1920\" height=\"2400\" data-skip-lazy src=\"https:\/\/www.design-award.cz\/wp-content\/uploads\/2025\/06\/Penickova_Pavlina_4DV_mat_2025_viz1-1920x2400.jpg\" class=\"wp-image-5051\" alt=\"\" srcset=\"https:\/\/www.design-award.cz\/wp-content\/uploads\/2025\/06\/Penickova_Pavlina_4DV_mat_2025_viz1-1920x2400.jpg 1920w, https:\/\/www.design-award.cz\/wp-content\/uploads\/2025\/06\/Penickova_Pavlina_4DV_mat_2025_viz1-240x300.jpg 240w, https:\/\/www.design-award.cz\/wp-content\/uploads\/2025\/06\/Penickova_Pavlina_4DV_mat_2025_viz1-819x1024.jpg 819w, https:\/\/www.design-award.cz\/wp-content\/uploads\/2025\/06\/Penickova_Pavlina_4DV_mat_2025_viz1-768x960.jpg 768w, https:\/\/www.design-award.cz\/wp-content\/uploads\/2025\/06\/Penickova_Pavlina_4DV_mat_2025_viz1-1229x1536.jpg 1229w, https:\/\/www.design-award.cz\/wp-content\/uploads\/2025\/06\/Penickova_Pavlina_4DV_mat_2025_viz1-1638x2048.jpg 1638w, https:\/\/www.design-award.cz\/wp-content\/uploads\/2025\/06\/Penickova_Pavlina_4DV_mat_2025_viz1-500x625.jpg 500w, https:\/\/www.design-award.cz\/wp-content\/uploads\/2025\/06\/Penickova_Pavlina_4DV_mat_2025_viz1-800x1000.jpg 800w, https:\/\/www.design-award.cz\/wp-content\/uploads\/2025\/06\/Penickova_Pavlina_4DV_mat_2025_viz1-1280x1600.jpg 1280w, https:\/\/www.design-award.cz\/wp-content\/uploads\/2025\/06\/Penickova_Pavlina_4DV_mat_2025_viz1-scaled.jpg 2048w\" sizes=\"(max-width: 1920px) 100vw, 1920px\" \/><\/noscript><img decoding=\"async\" width=\"1920\" height=\"2400\" src=\"https:\/\/www.design-award.cz\/wp-content\/uploads\/2025\/06\/Penickova_Pavlina_4DV_mat_2025_viz1-1920x2400.jpg\" class=\"wp-image-5051 vp-lazyload\" alt srcset=\"data:image\/svg+xml;base64,PHN2ZyB3aWR0aD0iMTkyMCIgaGVpZ2h0PSIyNDAwIiB2aWV3Qm94PSIwIDAgMTkyMCAyNDAwIiBmaWxsPSJub25lIiB4bWxucz0iaHR0cDovL3d3dy53My5vcmcvMjAwMC9zdmciPjwvc3ZnPg==\" data-src=\"https:\/\/www.design-award.cz\/wp-content\/uploads\/2025\/06\/Penickova_Pavlina_4DV_mat_2025_viz1-1920x2400.jpg\" data-srcset=\"https:\/\/www.design-award.cz\/wp-content\/uploads\/2025\/06\/Penickova_Pavlina_4DV_mat_2025_viz1-1920x2400.jpg 1920w, https:\/\/www.design-award.cz\/wp-content\/uploads\/2025\/06\/Penickova_Pavlina_4DV_mat_2025_viz1-240x300.jpg 240w, https:\/\/www.design-award.cz\/wp-content\/uploads\/2025\/06\/Penickova_Pavlina_4DV_mat_2025_viz1-819x1024.jpg 819w, https:\/\/www.design-award.cz\/wp-content\/uploads\/2025\/06\/Penickova_Pavlina_4DV_mat_2025_viz1-768x960.jpg 768w, https:\/\/www.design-award.cz\/wp-content\/uploads\/2025\/06\/Penickova_Pavlina_4DV_mat_2025_viz1-1229x1536.jpg 1229w, https:\/\/www.design-award.cz\/wp-content\/uploads\/2025\/06\/Penickova_Pavlina_4DV_mat_2025_viz1-1638x2048.jpg 1638w, https:\/\/www.design-award.cz\/wp-content\/uploads\/2025\/06\/Penickova_Pavlina_4DV_mat_2025_viz1-500x625.jpg 500w, https:\/\/www.design-award.cz\/wp-content\/uploads\/2025\/06\/Penickova_Pavlina_4DV_mat_2025_viz1-800x1000.jpg 800w, https:\/\/www.design-award.cz\/wp-content\/uploads\/2025\/06\/Penickova_Pavlina_4DV_mat_2025_viz1-1280x1600.jpg 1280w, https:\/\/www.design-award.cz\/wp-content\/uploads\/2025\/06\/Penickova_Pavlina_4DV_mat_2025_viz1-scaled.jpg 2048w\" data-sizes=\"auto\" loading=\"eager\">\n\t\t<\/a>\t<\/div>\n<\/div>\n\t<figcaption class=\"vp-portfolio__item-overlay vp-portfolio__item-overlay-text-align-center\">\n\t\t<div class=\"vp-portfolio__item-meta-wrap vp-portfolio__custom-scrollbar\">\n\t\t\t\t<a\n\t\thref=\"https:\/\/www.design-award.cz\/?portfolio=produktovy-design-dotyk\"\n\t\ttabindex=\"-1\" class=\"vp-portfolio__item-meta\" \t>\n\t\n<h2 class=\"vp-portfolio__item-meta-title\">\n\tProduktov\u00fd design &#8211; DOTYK<\/h2>\n<\/a>\t\t<\/div>\n\t<\/figcaption>\n\t\t\t<\/figure>\n\t\t\t\t\t<\/article>\n\t\t\n\t\t<article\t\tclass=\"vp-portfolio__item-wrap post-790 portfolio type-portfolio status-publish format-standard has-post-thumbnail hentry entry has-media vp-portfolio__item-uid-6e497275\" data-vp-filter=\"\" style=\"--vp-images__object-position: 70% 58%;\" \t\t>\n\t\t\t\t\t\t\t\t\t<figure class=\"vp-portfolio__item\">\n\t\t\t\t\n<div class=\"vp-portfolio__item-img-wrap\">\n\t<div class=\"vp-portfolio__item-img\">\n\t\t\t<a\n\t\thref=\"https:\/\/www.design-award.cz\/?portfolio=verejny-interier-navrh-recepce-horskeho-hotelu-s-kavarnou\"\n\t\t\t>\n\t\n\t\t<noscript><img decoding=\"async\" width=\"1738\" height=\"976\" data-skip-lazy src=\"https:\/\/www.design-award.cz\/wp-content\/uploads\/2022\/04\/recepce_.png\" class=\"wp-image-788\" alt=\"\" srcset=\"https:\/\/www.design-award.cz\/wp-content\/uploads\/2022\/04\/recepce_.png 1738w, https:\/\/www.design-award.cz\/wp-content\/uploads\/2022\/04\/recepce_-300x168.png 300w, https:\/\/www.design-award.cz\/wp-content\/uploads\/2022\/04\/recepce_-1024x575.png 1024w, https:\/\/www.design-award.cz\/wp-content\/uploads\/2022\/04\/recepce_-768x431.png 768w, https:\/\/www.design-award.cz\/wp-content\/uploads\/2022\/04\/recepce_-1536x863.png 1536w, https:\/\/www.design-award.cz\/wp-content\/uploads\/2022\/04\/recepce_-500x281.png 500w, https:\/\/www.design-award.cz\/wp-content\/uploads\/2022\/04\/recepce_-800x449.png 800w, https:\/\/www.design-award.cz\/wp-content\/uploads\/2022\/04\/recepce_-1280x719.png 1280w\" sizes=\"(max-width: 1738px) 100vw, 1738px\" \/><\/noscript><img decoding=\"async\" width=\"1738\" height=\"976\" src=\"https:\/\/www.design-award.cz\/wp-content\/uploads\/2022\/04\/recepce_.png\" class=\"wp-image-788 vp-lazyload\" alt srcset=\"data:image\/svg+xml;base64,PHN2ZyB3aWR0aD0iMTczOCIgaGVpZ2h0PSI5NzYiIHZpZXdCb3g9IjAgMCAxNzM4IDk3NiIgZmlsbD0ibm9uZSIgeG1sbnM9Imh0dHA6Ly93d3cudzMub3JnLzIwMDAvc3ZnIj48L3N2Zz4=\" data-src=\"https:\/\/www.design-award.cz\/wp-content\/uploads\/2022\/04\/recepce_.png\" data-srcset=\"https:\/\/www.design-award.cz\/wp-content\/uploads\/2022\/04\/recepce_.png 1738w, https:\/\/www.design-award.cz\/wp-content\/uploads\/2022\/04\/recepce_-300x168.png 300w, https:\/\/www.design-award.cz\/wp-content\/uploads\/2022\/04\/recepce_-1024x575.png 1024w, https:\/\/www.design-award.cz\/wp-content\/uploads\/2022\/04\/recepce_-768x431.png 768w, https:\/\/www.design-award.cz\/wp-content\/uploads\/2022\/04\/recepce_-1536x863.png 1536w, https:\/\/www.design-award.cz\/wp-content\/uploads\/2022\/04\/recepce_-500x281.png 500w, https:\/\/www.design-award.cz\/wp-content\/uploads\/2022\/04\/recepce_-800x449.png 800w, https:\/\/www.design-award.cz\/wp-content\/uploads\/2022\/04\/recepce_-1280x719.png 1280w\" data-sizes=\"auto\" loading=\"eager\">\n\t\t<\/a>\t<\/div>\n<\/div>\n\t<figcaption class=\"vp-portfolio__item-overlay vp-portfolio__item-overlay-text-align-center\">\n\t\t<div class=\"vp-portfolio__item-meta-wrap vp-portfolio__custom-scrollbar\">\n\t\t\t\t<a\n\t\thref=\"https:\/\/www.design-award.cz\/?portfolio=verejny-interier-navrh-recepce-horskeho-hotelu-s-kavarnou\"\n\t\ttabindex=\"-1\" class=\"vp-portfolio__item-meta\" \t>\n\t\n<h2 class=\"vp-portfolio__item-meta-title\">\n\tVe\u0159ejn\u00fd interi\u00e9r &#8211; N\u00e1vrh recepce horsk\u00e9ho hotelu s kav\u00e1rnou<\/h2>\n<\/a>\t\t<\/div>\n\t<\/figcaption>\n\t\t\t<\/figure>\n\t\t\t\t\t<\/article>\n\t\t\n\t\t<article\t\tclass=\"vp-portfolio__item-wrap post-5436 portfolio type-portfolio status-publish format-standard has-post-thumbnail hentry entry has-media vp-portfolio__item-uid-b445bece\" data-vp-filter=\"\" \t\t>\n\t\t\t\t\t\t\t\t\t<figure class=\"vp-portfolio__item\">\n\t\t\t\t\n<div class=\"vp-portfolio__item-img-wrap\">\n\t<div class=\"vp-portfolio__item-img\">\n\t\t\t<a\n\t\thref=\"https:\/\/www.design-award.cz\/?portfolio=interierovy-design-internatni-pokoj\"\n\t\t\t>\n\t\n\t\t<noscript><img decoding=\"async\" width=\"1920\" height=\"814\" data-skip-lazy src=\"https:\/\/www.design-award.cz\/wp-content\/uploads\/2025\/06\/2-2.jpg\" class=\"wp-image-5458\" alt=\"\" srcset=\"https:\/\/www.design-award.cz\/wp-content\/uploads\/2025\/06\/2-2.jpg 1920w, https:\/\/www.design-award.cz\/wp-content\/uploads\/2025\/06\/2-2-300x127.jpg 300w, https:\/\/www.design-award.cz\/wp-content\/uploads\/2025\/06\/2-2-1024x434.jpg 1024w, https:\/\/www.design-award.cz\/wp-content\/uploads\/2025\/06\/2-2-768x326.jpg 768w, https:\/\/www.design-award.cz\/wp-content\/uploads\/2025\/06\/2-2-1536x651.jpg 1536w, https:\/\/www.design-award.cz\/wp-content\/uploads\/2025\/06\/2-2-500x212.jpg 500w, https:\/\/www.design-award.cz\/wp-content\/uploads\/2025\/06\/2-2-800x339.jpg 800w, https:\/\/www.design-award.cz\/wp-content\/uploads\/2025\/06\/2-2-1280x543.jpg 1280w\" sizes=\"(max-width: 1920px) 100vw, 1920px\" \/><\/noscript><img decoding=\"async\" width=\"1920\" height=\"814\" src=\"https:\/\/www.design-award.cz\/wp-content\/uploads\/2025\/06\/2-2.jpg\" class=\"wp-image-5458 vp-lazyload\" alt srcset=\"data:image\/svg+xml;base64,PHN2ZyB3aWR0aD0iMTkyMCIgaGVpZ2h0PSI4MTQiIHZpZXdCb3g9IjAgMCAxOTIwIDgxNCIgZmlsbD0ibm9uZSIgeG1sbnM9Imh0dHA6Ly93d3cudzMub3JnLzIwMDAvc3ZnIj48L3N2Zz4=\" data-src=\"https:\/\/www.design-award.cz\/wp-content\/uploads\/2025\/06\/2-2.jpg\" data-srcset=\"https:\/\/www.design-award.cz\/wp-content\/uploads\/2025\/06\/2-2.jpg 1920w, https:\/\/www.design-award.cz\/wp-content\/uploads\/2025\/06\/2-2-300x127.jpg 300w, https:\/\/www.design-award.cz\/wp-content\/uploads\/2025\/06\/2-2-1024x434.jpg 1024w, https:\/\/www.design-award.cz\/wp-content\/uploads\/2025\/06\/2-2-768x326.jpg 768w, https:\/\/www.design-award.cz\/wp-content\/uploads\/2025\/06\/2-2-1536x651.jpg 1536w, https:\/\/www.design-award.cz\/wp-content\/uploads\/2025\/06\/2-2-500x212.jpg 500w, https:\/\/www.design-award.cz\/wp-content\/uploads\/2025\/06\/2-2-800x339.jpg 800w, https:\/\/www.design-award.cz\/wp-content\/uploads\/2025\/06\/2-2-1280x543.jpg 1280w\" data-sizes=\"auto\" loading=\"eager\">\n\t\t<\/a>\t<\/div>\n<\/div>\n\t<figcaption class=\"vp-portfolio__item-overlay vp-portfolio__item-overlay-text-align-center\">\n\t\t<div class=\"vp-portfolio__item-meta-wrap vp-portfolio__custom-scrollbar\">\n\t\t\t\t<a\n\t\thref=\"https:\/\/www.design-award.cz\/?portfolio=interierovy-design-internatni-pokoj\"\n\t\ttabindex=\"-1\" class=\"vp-portfolio__item-meta\" \t>\n\t\n<h2 class=\"vp-portfolio__item-meta-title\">\n\tInteri\u00e9rov\u00fd design &#8211; Intern\u00e1tn\u00ed pokoj<\/h2>\n<\/a>\t\t<\/div>\n\t<\/figcaption>\n\t\t\t<\/figure>\n\t\t\t\t\t<\/article>\n\t\t\n<\/div>\n\n<div class=\"vp-portfolio__items-arrow vp-portfolio__items-arrow-prev\" tabindex=\"0\" role=\"button\" aria-label=\"Previous Slide\">\n\t\n<svg class=\"vp-svg-icon\" width=\"20\" height=\"20\" viewBox=\"0 0 20 20\" fill=\"none\" xmlns=\"http:\/\/www.w3.org\/2000\/svg\">\n\t<path d=\"M12 4L6 10L12 16\" stroke=\"currentColor\" stroke-width=\"1.5\" stroke-linecap=\"round\" stroke-linejoin=\"round\" fill=\"transparent\" \/>\n<\/svg>\n<\/div>\n<div class=\"vp-portfolio__items-arrow vp-portfolio__items-arrow-next\" tabindex=\"0\" role=\"button\" aria-label=\"Next Slide\">\n\t\n<svg class=\"vp-svg-icon\" width=\"20\" height=\"20\" viewBox=\"0 0 20 20\" fill=\"none\" xmlns=\"http:\/\/www.w3.org\/2000\/svg\">\n\t<path d=\"M8 4L14 10L8 16\" stroke=\"currentColor\" stroke-width=\"1.5\" stroke-linecap=\"round\" stroke-linejoin=\"round\" fill=\"transparent\" \/>\n<\/svg>\n<\/div>\n\t\t<\/div>\n\t\t\t\t<div class=\"vp-portfolio__layout-elements vp-portfolio__layout-elements-bottom vp-portfolio__layout-elements-align-center\">\n\t\t\t\t<div class=\"vp-portfolio__pagination-wrap\">\n\t\t\n<div class=\"vp-pagination vp-pagination__style-minimal\" data-vp-pagination-type=\"load-more\">\n\t<div class=\"vp-pagination__item\">\n\t\t<a class=\"vp-pagination__load-more\" href=\"https:\/\/www.design-award.cz\/index.php?rest_route=%2Fwp%2Fv2%2Fportfolio%2F1331&#038;vp_page=2\">\n\t\t\t<span>Load More<\/span>\n\t\t\t<span class=\"vp-pagination__load-more-loading\"><span class=\"vp-spinner\"><\/span><span class=\"vp-screen-reader-text\"> Loading More&#8230;<\/span><\/span>\n\t\t\t<span class=\"vp-pagination__load-more-no-more\">You\u2019ve reached the end of the list<\/span>\n\t\t<\/a>\n\t<\/div>\n<\/div>\n\t\t<\/div>\n\t\t\t\t<\/div>\n\t\t\n<\/div>\n<\/div>","protected":false},"excerpt":{"rendered":"<p>Nat\u00e1lie Jirmannov\u00e1 Michael \u2013 St\u0159edn\u00ed \u0161kola a Vy\u0161\u0161\u00ed odborn\u00e1 \u0161kola reklamn\u00ed a um\u011bleck\u00e9 tvorby Zad\u00e1n\u00ed bylo navrhnout koupelnu pro mlad\u00fd p\u00e1r, kter\u00fd se v\u011bkov\u011b pohybuje mezi 25-30 lety a \u017eije v Praze. Prostor je orientov\u00e1n do \u010dtverce, proto m\u00edstnost opticky rozd\u011bluji na dv\u011b poloviny. V jedn\u00e9 stran\u011b jsou umyvadla s pra\u010dkou a su\u0161i\u010dkou, zabudovan\u00e9 ve [&hellip;]<\/p>\n","protected":false},"author":1,"featured_media":1335,"menu_order":0,"comment_status":"closed","ping_status":"closed","template":"","format":"standard","meta":{"ngg_post_thumbnail":0,"ocean_post_layout":"","ocean_both_sidebars_style":"","ocean_both_sidebars_content_width":0,"ocean_both_sidebars_sidebars_width":0,"ocean_sidebar":"","ocean_second_sidebar":"","ocean_disable_margins":"enable","ocean_add_body_class":"","ocean_shortcode_before_top_bar":"","ocean_shortcode_after_top_bar":"","ocean_shortcode_before_header":"","ocean_shortcode_after_header":"","ocean_has_shortcode":"","ocean_shortcode_after_title":"","ocean_shortcode_before_footer_widgets":"","ocean_shortcode_after_footer_widgets":"","ocean_shortcode_before_footer_bottom":"","ocean_shortcode_after_footer_bottom":"","ocean_display_top_bar":"default","ocean_display_header":"default","ocean_header_style":"","ocean_center_header_left_menu":"","ocean_custom_header_template":"","ocean_custom_logo":0,"ocean_custom_retina_logo":0,"ocean_custom_logo_max_width":0,"ocean_custom_logo_tablet_max_width":0,"ocean_custom_logo_mobile_max_width":0,"ocean_custom_logo_max_height":0,"ocean_custom_logo_tablet_max_height":0,"ocean_custom_logo_mobile_max_height":0,"ocean_header_custom_menu":"","ocean_menu_typo_font_family":"","ocean_menu_typo_font_subset":"","ocean_menu_typo_font_size":0,"ocean_menu_typo_font_size_tablet":0,"ocean_menu_typo_font_size_mobile":0,"ocean_menu_typo_font_size_unit":"px","ocean_menu_typo_font_weight":"","ocean_menu_typo_font_weight_tablet":"","ocean_menu_typo_font_weight_mobile":"","ocean_menu_typo_transform":"","ocean_menu_typo_transform_tablet":"","ocean_menu_typo_transform_mobile":"","ocean_menu_typo_line_height":0,"ocean_menu_typo_line_height_tablet":0,"ocean_menu_typo_line_height_mobile":0,"ocean_menu_typo_line_height_unit":"","ocean_menu_typo_spacing":0,"ocean_menu_typo_spacing_tablet":0,"ocean_menu_typo_spacing_mobile":0,"ocean_menu_typo_spacing_unit":"","ocean_menu_link_color":"","ocean_menu_link_color_hover":"","ocean_menu_link_color_active":"","ocean_menu_link_background":"","ocean_menu_link_hover_background":"","ocean_menu_link_active_background":"","ocean_menu_social_links_bg":"","ocean_menu_social_hover_links_bg":"","ocean_menu_social_links_color":"","ocean_menu_social_hover_links_color":"","ocean_disable_title":"default","ocean_disable_heading":"default","ocean_post_title":"","ocean_post_subheading":"","ocean_post_title_style":"","ocean_post_title_background_color":"","ocean_post_title_background":0,"ocean_post_title_bg_image_position":"","ocean_post_title_bg_image_attachment":"","ocean_post_title_bg_image_repeat":"","ocean_post_title_bg_image_size":"","ocean_post_title_height":0,"ocean_post_title_bg_overlay":0.5,"ocean_post_title_bg_overlay_color":"","ocean_disable_breadcrumbs":"default","ocean_breadcrumbs_color":"","ocean_breadcrumbs_separator_color":"","ocean_breadcrumbs_links_color":"","ocean_breadcrumbs_links_hover_color":"","ocean_display_footer_widgets":"default","ocean_display_footer_bottom":"default","ocean_custom_footer_template":"","_vp_format_video_url":"","_vp_image_focal_point":[],"footnotes":""},"portfolio_category":[8],"portfolio_tag":[9],"class_list":["post-1331","portfolio","type-portfolio","status-publish","format-standard","has-post-thumbnail","hentry","portfolio_category-https-www-design-award-cz-page_id1603","portfolio_tag-9","entry","has-media"],"yoast_head":"<!-- This site is optimized with the Yoast SEO plugin v25.2 - https:\/\/yoast.com\/wordpress\/plugins\/seo\/ -->\n<title>Soukrom\u00fd interi\u00e9r - Koupelna pro mlad\u00fd p\u00e1r - design-award.cz<\/title>\n<meta name=\"robots\" content=\"index, follow, max-snippet:-1, max-image-preview:large, max-video-preview:-1\" \/>\n<link rel=\"canonical\" href=\"https:\/\/www.design-award.cz\/?portfolio=soukromy-interier-koupelna-pro-mlady-par\" \/>\n<meta property=\"og:locale\" content=\"cs_CZ\" \/>\n<meta property=\"og:type\" content=\"article\" \/>\n<meta property=\"og:title\" content=\"Soukrom\u00fd interi\u00e9r - Koupelna pro mlad\u00fd p\u00e1r - design-award.cz\" \/>\n<meta property=\"og:description\" content=\"Nat\u00e1lie Jirmannov\u00e1 Michael \u2013 St\u0159edn\u00ed \u0161kola a Vy\u0161\u0161\u00ed odborn\u00e1 \u0161kola reklamn\u00ed a um\u011bleck\u00e9 tvorby Zad\u00e1n\u00ed bylo navrhnout koupelnu pro mlad\u00fd p\u00e1r, kter\u00fd se v\u011bkov\u011b pohybuje mezi 25-30 lety a \u017eije v Praze. Prostor je orientov\u00e1n do \u010dtverce, proto m\u00edstnost opticky rozd\u011bluji na dv\u011b poloviny. V jedn\u00e9 stran\u011b jsou umyvadla s pra\u010dkou a su\u0161i\u010dkou, zabudovan\u00e9 ve [&hellip;]\" \/>\n<meta property=\"og:url\" content=\"https:\/\/www.design-award.cz\/?portfolio=soukromy-interier-koupelna-pro-mlady-par\" \/>\n<meta property=\"og:site_name\" content=\"design-award.cz\" \/>\n<meta property=\"article:modified_time\" content=\"2022-12-04T21:29:49+00:00\" \/>\n<meta property=\"og:image\" content=\"http:\/\/www.design-award.cz\/wp-content\/uploads\/2022\/04\/Natalie-Jirmannova-2-scaled.jpg\" \/>\n\t<meta property=\"og:image:width\" content=\"2560\" \/>\n\t<meta property=\"og:image:height\" content=\"1544\" \/>\n\t<meta property=\"og:image:type\" content=\"image\/jpeg\" \/>\n<meta name=\"twitter:card\" content=\"summary_large_image\" \/>\n<meta name=\"twitter:label1\" content=\"Odhadovan\u00e1 doba \u010dten\u00ed\" \/>\n\t<meta name=\"twitter:data1\" content=\"3 minuty\" \/>\n<script type=\"application\/ld+json\" class=\"yoast-schema-graph\">{\"@context\":\"https:\/\/schema.org\",\"@graph\":[{\"@type\":\"WebPage\",\"@id\":\"https:\/\/www.design-award.cz\/?portfolio=soukromy-interier-koupelna-pro-mlady-par\",\"url\":\"https:\/\/www.design-award.cz\/?portfolio=soukromy-interier-koupelna-pro-mlady-par\",\"name\":\"Soukrom\u00fd interi\u00e9r - Koupelna pro mlad\u00fd p\u00e1r - design-award.cz\",\"isPartOf\":{\"@id\":\"https:\/\/www.design-award.cz\/#website\"},\"primaryImageOfPage\":{\"@id\":\"https:\/\/www.design-award.cz\/?portfolio=soukromy-interier-koupelna-pro-mlady-par#primaryimage\"},\"image\":{\"@id\":\"https:\/\/www.design-award.cz\/?portfolio=soukromy-interier-koupelna-pro-mlady-par#primaryimage\"},\"thumbnailUrl\":\"https:\/\/www.design-award.cz\/wp-content\/uploads\/2022\/04\/Natalie-Jirmannova-2-scaled.jpg\",\"datePublished\":\"2022-04-30T20:51:27+00:00\",\"dateModified\":\"2022-12-04T21:29:49+00:00\",\"breadcrumb\":{\"@id\":\"https:\/\/www.design-award.cz\/?portfolio=soukromy-interier-koupelna-pro-mlady-par#breadcrumb\"},\"inLanguage\":\"cs\",\"potentialAction\":[{\"@type\":\"ReadAction\",\"target\":[\"https:\/\/www.design-award.cz\/?portfolio=soukromy-interier-koupelna-pro-mlady-par\"]}]},{\"@type\":\"ImageObject\",\"inLanguage\":\"cs\",\"@id\":\"https:\/\/www.design-award.cz\/?portfolio=soukromy-interier-koupelna-pro-mlady-par#primaryimage\",\"url\":\"https:\/\/www.design-award.cz\/wp-content\/uploads\/2022\/04\/Natalie-Jirmannova-2-scaled.jpg\",\"contentUrl\":\"https:\/\/www.design-award.cz\/wp-content\/uploads\/2022\/04\/Natalie-Jirmannova-2-scaled.jpg\",\"width\":2560,\"height\":1544},{\"@type\":\"BreadcrumbList\",\"@id\":\"https:\/\/www.design-award.cz\/?portfolio=soukromy-interier-koupelna-pro-mlady-par#breadcrumb\",\"itemListElement\":[{\"@type\":\"ListItem\",\"position\":1,\"name\":\"Dom\u016f\",\"item\":\"https:\/\/www.design-award.cz\/\"},{\"@type\":\"ListItem\",\"position\":2,\"name\":\"Portfolio Items\",\"item\":\"https:\/\/www.design-award.cz\/?post_type=portfolio\"},{\"@type\":\"ListItem\",\"position\":3,\"name\":\"Soukrom\u00fd interi\u00e9r &#8211; Koupelna pro mlad\u00fd p\u00e1r\"}]},{\"@type\":\"WebSite\",\"@id\":\"https:\/\/www.design-award.cz\/#website\",\"url\":\"https:\/\/www.design-award.cz\/\",\"name\":\"design-award.cz\",\"description\":\"WARD vznikla v roce 2022. Je ur\u010dena p\u0159edev\u0161\u00edm student\u016fm st\u0159edn\u00edch um\u011bleck\u00fdch \u0161kol (S\u0160 a VO\u0160), kte\u0159\u00ed mohou bezplatn\u011b zaslat sv\u00e9 n\u00e1vrhy v uveden\u00fdch kategori\u00ed a tak pom\u011b\u0159it sv\u00e9 n\u00e1pady s konkurenc\u00ed sv\u00fdch vrstevn\u00edk\u016f. N\u00e1vrhy jsou n\u00e1sledn\u011b posouzeny nez\u00e1vislou porotou z \u0159ad v\u00fdtvarn\u00edk\u016f, pedagog\u016f a profesion\u00e1l\u016f z oboru.\",\"publisher\":{\"@id\":\"https:\/\/www.design-award.cz\/#organization\"},\"potentialAction\":[{\"@type\":\"SearchAction\",\"target\":{\"@type\":\"EntryPoint\",\"urlTemplate\":\"https:\/\/www.design-award.cz\/?s={search_term_string}\"},\"query-input\":{\"@type\":\"PropertyValueSpecification\",\"valueRequired\":true,\"valueName\":\"search_term_string\"}}],\"inLanguage\":\"cs\"},{\"@type\":\"Organization\",\"@id\":\"https:\/\/www.design-award.cz\/#organization\",\"name\":\"Design Award\",\"url\":\"https:\/\/www.design-award.cz\/\",\"logo\":{\"@type\":\"ImageObject\",\"inLanguage\":\"cs\",\"@id\":\"https:\/\/www.design-award.cz\/#\/schema\/logo\/image\/\",\"url\":\"http:\/\/www.design-award.cz\/wp-content\/uploads\/2021\/12\/hornilogo_design-award.png\",\"contentUrl\":\"http:\/\/www.design-award.cz\/wp-content\/uploads\/2021\/12\/hornilogo_design-award.png\",\"width\":800,\"height\":600,\"caption\":\"Design Award\"},\"image\":{\"@id\":\"https:\/\/www.design-award.cz\/#\/schema\/logo\/image\/\"},\"sameAs\":[\"https:\/\/www.instagram.com\/design_award\/\"]}]}<\/script>\n<!-- \/ Yoast SEO plugin. -->","yoast_head_json":{"title":"Soukrom\u00fd interi\u00e9r - Koupelna pro mlad\u00fd p\u00e1r - design-award.cz","robots":{"index":"index","follow":"follow","max-snippet":"max-snippet:-1","max-image-preview":"max-image-preview:large","max-video-preview":"max-video-preview:-1"},"canonical":"https:\/\/www.design-award.cz\/?portfolio=soukromy-interier-koupelna-pro-mlady-par","og_locale":"cs_CZ","og_type":"article","og_title":"Soukrom\u00fd interi\u00e9r - Koupelna pro mlad\u00fd p\u00e1r - design-award.cz","og_description":"Nat\u00e1lie Jirmannov\u00e1 Michael \u2013 St\u0159edn\u00ed \u0161kola a Vy\u0161\u0161\u00ed odborn\u00e1 \u0161kola reklamn\u00ed a um\u011bleck\u00e9 tvorby Zad\u00e1n\u00ed bylo navrhnout koupelnu pro mlad\u00fd p\u00e1r, kter\u00fd se v\u011bkov\u011b pohybuje mezi 25-30 lety a \u017eije v Praze. Prostor je orientov\u00e1n do \u010dtverce, proto m\u00edstnost opticky rozd\u011bluji na dv\u011b poloviny. V jedn\u00e9 stran\u011b jsou umyvadla s pra\u010dkou a su\u0161i\u010dkou, zabudovan\u00e9 ve [&hellip;]","og_url":"https:\/\/www.design-award.cz\/?portfolio=soukromy-interier-koupelna-pro-mlady-par","og_site_name":"design-award.cz","article_modified_time":"2022-12-04T21:29:49+00:00","og_image":[{"width":2560,"height":1544,"url":"http:\/\/www.design-award.cz\/wp-content\/uploads\/2022\/04\/Natalie-Jirmannova-2-scaled.jpg","type":"image\/jpeg"}],"twitter_card":"summary_large_image","twitter_misc":{"Odhadovan\u00e1 doba \u010dten\u00ed":"3 minuty"},"schema":{"@context":"https:\/\/schema.org","@graph":[{"@type":"WebPage","@id":"https:\/\/www.design-award.cz\/?portfolio=soukromy-interier-koupelna-pro-mlady-par","url":"https:\/\/www.design-award.cz\/?portfolio=soukromy-interier-koupelna-pro-mlady-par","name":"Soukrom\u00fd interi\u00e9r - Koupelna pro mlad\u00fd p\u00e1r - design-award.cz","isPartOf":{"@id":"https:\/\/www.design-award.cz\/#website"},"primaryImageOfPage":{"@id":"https:\/\/www.design-award.cz\/?portfolio=soukromy-interier-koupelna-pro-mlady-par#primaryimage"},"image":{"@id":"https:\/\/www.design-award.cz\/?portfolio=soukromy-interier-koupelna-pro-mlady-par#primaryimage"},"thumbnailUrl":"https:\/\/www.design-award.cz\/wp-content\/uploads\/2022\/04\/Natalie-Jirmannova-2-scaled.jpg","datePublished":"2022-04-30T20:51:27+00:00","dateModified":"2022-12-04T21:29:49+00:00","breadcrumb":{"@id":"https:\/\/www.design-award.cz\/?portfolio=soukromy-interier-koupelna-pro-mlady-par#breadcrumb"},"inLanguage":"cs","potentialAction":[{"@type":"ReadAction","target":["https:\/\/www.design-award.cz\/?portfolio=soukromy-interier-koupelna-pro-mlady-par"]}]},{"@type":"ImageObject","inLanguage":"cs","@id":"https:\/\/www.design-award.cz\/?portfolio=soukromy-interier-koupelna-pro-mlady-par#primaryimage","url":"https:\/\/www.design-award.cz\/wp-content\/uploads\/2022\/04\/Natalie-Jirmannova-2-scaled.jpg","contentUrl":"https:\/\/www.design-award.cz\/wp-content\/uploads\/2022\/04\/Natalie-Jirmannova-2-scaled.jpg","width":2560,"height":1544},{"@type":"BreadcrumbList","@id":"https:\/\/www.design-award.cz\/?portfolio=soukromy-interier-koupelna-pro-mlady-par#breadcrumb","itemListElement":[{"@type":"ListItem","position":1,"name":"Dom\u016f","item":"https:\/\/www.design-award.cz\/"},{"@type":"ListItem","position":2,"name":"Portfolio Items","item":"https:\/\/www.design-award.cz\/?post_type=portfolio"},{"@type":"ListItem","position":3,"name":"Soukrom\u00fd interi\u00e9r &#8211; Koupelna pro mlad\u00fd p\u00e1r"}]},{"@type":"WebSite","@id":"https:\/\/www.design-award.cz\/#website","url":"https:\/\/www.design-award.cz\/","name":"design-award.cz","description":"WARD vznikla v roce 2022. Je ur\u010dena p\u0159edev\u0161\u00edm student\u016fm st\u0159edn\u00edch um\u011bleck\u00fdch \u0161kol (S\u0160 a VO\u0160), kte\u0159\u00ed mohou bezplatn\u011b zaslat sv\u00e9 n\u00e1vrhy v uveden\u00fdch kategori\u00ed a tak pom\u011b\u0159it sv\u00e9 n\u00e1pady s konkurenc\u00ed sv\u00fdch vrstevn\u00edk\u016f. N\u00e1vrhy jsou n\u00e1sledn\u011b posouzeny nez\u00e1vislou porotou z \u0159ad v\u00fdtvarn\u00edk\u016f, pedagog\u016f a profesion\u00e1l\u016f z oboru.","publisher":{"@id":"https:\/\/www.design-award.cz\/#organization"},"potentialAction":[{"@type":"SearchAction","target":{"@type":"EntryPoint","urlTemplate":"https:\/\/www.design-award.cz\/?s={search_term_string}"},"query-input":{"@type":"PropertyValueSpecification","valueRequired":true,"valueName":"search_term_string"}}],"inLanguage":"cs"},{"@type":"Organization","@id":"https:\/\/www.design-award.cz\/#organization","name":"Design Award","url":"https:\/\/www.design-award.cz\/","logo":{"@type":"ImageObject","inLanguage":"cs","@id":"https:\/\/www.design-award.cz\/#\/schema\/logo\/image\/","url":"http:\/\/www.design-award.cz\/wp-content\/uploads\/2021\/12\/hornilogo_design-award.png","contentUrl":"http:\/\/www.design-award.cz\/wp-content\/uploads\/2021\/12\/hornilogo_design-award.png","width":800,"height":600,"caption":"Design Award"},"image":{"@id":"https:\/\/www.design-award.cz\/#\/schema\/logo\/image\/"},"sameAs":["https:\/\/www.instagram.com\/design_award\/"]}]}},"_links":{"self":[{"href":"https:\/\/www.design-award.cz\/index.php?rest_route=\/wp\/v2\/portfolio\/1331","targetHints":{"allow":["GET"]}}],"collection":[{"href":"https:\/\/www.design-award.cz\/index.php?rest_route=\/wp\/v2\/portfolio"}],"about":[{"href":"https:\/\/www.design-award.cz\/index.php?rest_route=\/wp\/v2\/types\/portfolio"}],"author":[{"embeddable":true,"href":"https:\/\/www.design-award.cz\/index.php?rest_route=\/wp\/v2\/users\/1"}],"replies":[{"embeddable":true,"href":"https:\/\/www.design-award.cz\/index.php?rest_route=%2Fwp%2Fv2%2Fcomments&post=1331"}],"version-history":[{"count":1,"href":"https:\/\/www.design-award.cz\/index.php?rest_route=\/wp\/v2\/portfolio\/1331\/revisions"}],"predecessor-version":[{"id":1424,"href":"https:\/\/www.design-award.cz\/index.php?rest_route=\/wp\/v2\/portfolio\/1331\/revisions\/1424"}],"wp:featuredmedia":[{"embeddable":true,"href":"https:\/\/www.design-award.cz\/index.php?rest_route=\/wp\/v2\/media\/1335"}],"wp:attachment":[{"href":"https:\/\/www.design-award.cz\/index.php?rest_route=%2Fwp%2Fv2%2Fmedia&parent=1331"}],"wp:term":[{"taxonomy":"portfolio_category","embeddable":true,"href":"https:\/\/www.design-award.cz\/index.php?rest_route=%2Fwp%2Fv2%2Fportfolio_category&post=1331"},{"taxonomy":"portfolio_tag","embeddable":true,"href":"https:\/\/www.design-award.cz\/index.php?rest_route=%2Fwp%2Fv2%2Fportfolio_tag&post=1331"}],"curies":[{"name":"wp","href":"https:\/\/api.w.org\/{rel}","templated":true}]}}