{"id":1359,"date":"2022-04-30T20:51:20","date_gmt":"2022-04-30T20:51:20","guid":{"rendered":"https:\/\/www.design-award.cz\/?post_type=portfolio&#038;p=1359"},"modified":"2022-12-04T21:29:49","modified_gmt":"2022-12-04T21:29:49","slug":"verejny-interier-inspirace-prirodninou","status":"publish","type":"portfolio","link":"https:\/\/www.design-award.cz\/?portfolio=verejny-interier-inspirace-prirodninou","title":{"rendered":"Ve\u0159ejn\u00fd interi\u00e9r &#8211; Inspirace p\u0159\u00edrodninou"},"content":{"rendered":"\n<h2 class=\"wp-block-heading\">Krist\u00edna Gallov\u00e1<\/h2>\n\n\n\n<p>MICHAEL &#8211; S\u0160 a VO\u0160 reklamn\u00ed a um\u011bleck\u00e9 tvorby, s.r.o.<\/p>\n\n\n\n<p>Zad\u00e1n\u00edm klauzurn\u00ed pr\u00e1ce \u0161koln\u00edho roku 2020\/2021 bylo vytvo\u0159it produkt, kter\u00fd bude inspirovan\u00fd p\u0159\u00edrodninou, kterou jsme si zvolili a n\u00e1sledn\u011b \u0159\u00e1dn\u011b prostudovali.<\/p>\n\n\n\n<p>J\u00e1 jsem si vybrala schr\u00e1nku mo\u0159sk\u00e9ho \u017eivo\u010dicha. M\u00fdm fin\u00e1ln\u00edm produktem je p\u0159\u00edst\u0159e\u0161ek vyroben\u00ed z mod\u0159\u00ednu, o\u0161et\u0159en\u00fd b\u00edl\u00fdm olejem. Sv\u00fdm vzhledem poukazuje<br>na rotaci, kter\u00e1 se v\u00fdrazn\u011b objevuje u mu\u0161le. P\u0159\u00edst\u0159e\u0161ek slou\u017e\u00ed jako do\u010dasn\u00e1 galerie k prezentaci prac\u00ed \/plak\u00e1t\u016f, v\u00fdrobk\u016f) student\u016f, nebo jin\u00e9ho design\u00e9ra\/ um\u011blce<\/p>\n\n\n\n<figure class=\"wp-block-image size-full\"><img decoding=\"async\" width=\"574\" height=\"783\" data-src=\"http:\/\/www.design-award.cz\/wp-content\/uploads\/2022\/04\/vizualizace_2-1.png\" alt=\"\" class=\"wp-image-1362 lazyload\" data-srcset=\"https:\/\/www.design-award.cz\/wp-content\/uploads\/2022\/04\/vizualizace_2-1.png 574w, https:\/\/www.design-award.cz\/wp-content\/uploads\/2022\/04\/vizualizace_2-1-220x300.png 220w, https:\/\/www.design-award.cz\/wp-content\/uploads\/2022\/04\/vizualizace_2-1-500x682.png 500w\" data-sizes=\"(max-width: 574px) 100vw, 574px\" src=\"data:image\/svg+xml;base64,PHN2ZyB3aWR0aD0iMSIgaGVpZ2h0PSIxIiB4bWxucz0iaHR0cDovL3d3dy53My5vcmcvMjAwMC9zdmciPjwvc3ZnPg==\" style=\"--smush-placeholder-width: 574px; --smush-placeholder-aspect-ratio: 574\/783;\" \/><\/figure>\n\n\n\n<figure class=\"wp-block-image size-full\"><img decoding=\"async\" width=\"234\" height=\"153\" data-src=\"http:\/\/www.design-award.cz\/wp-content\/uploads\/2022\/04\/technicky-vykres.png\" alt=\"\" class=\"wp-image-1360 lazyload\" src=\"data:image\/svg+xml;base64,PHN2ZyB3aWR0aD0iMSIgaGVpZ2h0PSIxIiB4bWxucz0iaHR0cDovL3d3dy53My5vcmcvMjAwMC9zdmciPjwvc3ZnPg==\" style=\"--smush-placeholder-width: 234px; --smush-placeholder-aspect-ratio: 234\/153;\" \/><\/figure>\n\n\n<div class=\"wp-block-visual-portfolio\">\n<div class=\"vp-portfolio vp-uid-2ece4a06 vp-id-607\"\n\tdata-vp-layout=\"slider\" data-vp-content-source=\"post-based\" data-vp-items-style=\"fade\" data-vp-items-click-action=\"url\" data-vp-items-gap=\"12\" data-vp-items-gap-vertical=\"\" data-vp-pagination=\"load-more\" data-vp-next-page-url=\"https:\/\/www.design-award.cz\/index.php?rest_route=%2Fwp%2Fv2%2Fportfolio%2F1359&#038;vp_page=2\" data-vp-random-seed=\"3885939844\" data-vp-slider-effect=\"slide\" data-vp-slider-items-height=\"80%\" data-vp-slider-items-min-height=\"\" data-vp-slider-slides-per-view=\"3\" data-vp-slider-speed=\"0.3\" data-vp-slider-autoplay=\"4.8\" data-vp-slider-autoplay-hover-pause=\"false\" data-vp-slider-centered-slides=\"true\" data-vp-slider-loop=\"true\" data-vp-slider-free-mode=\"false\" data-vp-slider-free-mode-sticky=\"false\" data-vp-slider-arrows=\"true\" data-vp-slider-bullets=\"false\" data-vp-slider-bullets-dynamic=\"false\" data-vp-slider-mousewheel=\"false\" data-vp-slider-thumbnails=\"false\" >\n\t<div class=\"vp-portfolio__preloader-wrap\">\n\t\t<div class=\"vp-portfolio__preloader\">\n\t\t\t<img decoding=\"async\" loading=\"eager\" src=\"https:\/\/www.design-award.cz\/wp-content\/plugins\/visual-portfolio\/assets\/images\/logo-dark.svg\" alt=\"Visual Portfolio, Posts &amp; Image Gallery for WordPress\" width=\"20\" height=\"20\" data-skip-lazy>\n\t\t<\/div>\n\t<\/div>\n\t\t<div class=\"vp-portfolio__items-wrap\">\n\t\t\t\n<div class=\"vp-portfolio__items vp-portfolio__items-style-fade vp-portfolio__items-show-overlay-hover\">\n\n\t\t<article\t\tclass=\"vp-portfolio__item-wrap post-1993 portfolio type-portfolio status-publish format-standard has-post-thumbnail hentry portfolio_category-soutezici-2023 entry has-media vp-portfolio__item-uid-b97aa6cf\" data-vp-filter=\"soutezici-2023\" \t\t>\n\t\t\t\t\t\t\t\t\t<figure class=\"vp-portfolio__item\">\n\t\t\t\t\n<div class=\"vp-portfolio__item-img-wrap\">\n\t<div class=\"vp-portfolio__item-img\">\n\t\t\t<a\n\t\thref=\"https:\/\/www.design-award.cz\/?portfolio=soukromy-interier-kuchyn-pro-studenty\"\n\t\t\t>\n\t\n\t\t<noscript><img decoding=\"async\" width=\"1920\" height=\"1080\" data-skip-lazy src=\"https:\/\/www.design-award.cz\/wp-content\/uploads\/2023\/04\/Kuchyn-pro-studenty-04.png\" class=\"wp-image-1997\" alt=\"\" srcset=\"https:\/\/www.design-award.cz\/wp-content\/uploads\/2023\/04\/Kuchyn-pro-studenty-04.png 1920w, https:\/\/www.design-award.cz\/wp-content\/uploads\/2023\/04\/Kuchyn-pro-studenty-04-300x169.png 300w, https:\/\/www.design-award.cz\/wp-content\/uploads\/2023\/04\/Kuchyn-pro-studenty-04-1024x576.png 1024w, https:\/\/www.design-award.cz\/wp-content\/uploads\/2023\/04\/Kuchyn-pro-studenty-04-768x432.png 768w, https:\/\/www.design-award.cz\/wp-content\/uploads\/2023\/04\/Kuchyn-pro-studenty-04-1536x864.png 1536w, https:\/\/www.design-award.cz\/wp-content\/uploads\/2023\/04\/Kuchyn-pro-studenty-04-500x281.png 500w, https:\/\/www.design-award.cz\/wp-content\/uploads\/2023\/04\/Kuchyn-pro-studenty-04-800x450.png 800w, https:\/\/www.design-award.cz\/wp-content\/uploads\/2023\/04\/Kuchyn-pro-studenty-04-1280x720.png 1280w\" sizes=\"(max-width: 1920px) 100vw, 1920px\" \/><\/noscript><img fetchpriority=\"high\" decoding=\"async\" width=\"1920\" height=\"1080\" src=\"https:\/\/www.design-award.cz\/wp-content\/uploads\/2023\/04\/Kuchyn-pro-studenty-04.png\" class=\"wp-image-1997 vp-lazyload\" alt srcset=\"data:image\/svg+xml;base64,PHN2ZyB3aWR0aD0iMTkyMCIgaGVpZ2h0PSIxMDgwIiB2aWV3Qm94PSIwIDAgMTkyMCAxMDgwIiBmaWxsPSJub25lIiB4bWxucz0iaHR0cDovL3d3dy53My5vcmcvMjAwMC9zdmciPjwvc3ZnPg==\" data-src=\"https:\/\/www.design-award.cz\/wp-content\/uploads\/2023\/04\/Kuchyn-pro-studenty-04.png\" data-srcset=\"https:\/\/www.design-award.cz\/wp-content\/uploads\/2023\/04\/Kuchyn-pro-studenty-04.png 1920w, https:\/\/www.design-award.cz\/wp-content\/uploads\/2023\/04\/Kuchyn-pro-studenty-04-300x169.png 300w, https:\/\/www.design-award.cz\/wp-content\/uploads\/2023\/04\/Kuchyn-pro-studenty-04-1024x576.png 1024w, https:\/\/www.design-award.cz\/wp-content\/uploads\/2023\/04\/Kuchyn-pro-studenty-04-768x432.png 768w, https:\/\/www.design-award.cz\/wp-content\/uploads\/2023\/04\/Kuchyn-pro-studenty-04-1536x864.png 1536w, https:\/\/www.design-award.cz\/wp-content\/uploads\/2023\/04\/Kuchyn-pro-studenty-04-500x281.png 500w, https:\/\/www.design-award.cz\/wp-content\/uploads\/2023\/04\/Kuchyn-pro-studenty-04-800x450.png 800w, https:\/\/www.design-award.cz\/wp-content\/uploads\/2023\/04\/Kuchyn-pro-studenty-04-1280x720.png 1280w\" data-sizes=\"auto\" loading=\"eager\">\n\t\t<\/a>\t<\/div>\n<\/div>\n\t<figcaption class=\"vp-portfolio__item-overlay vp-portfolio__item-overlay-text-align-center\">\n\t\t<div class=\"vp-portfolio__item-meta-wrap vp-portfolio__custom-scrollbar\">\n\t\t\t\t<a\n\t\thref=\"https:\/\/www.design-award.cz\/?portfolio=soukromy-interier-kuchyn-pro-studenty\"\n\t\ttabindex=\"-1\" class=\"vp-portfolio__item-meta\" \t>\n\t\n<div class=\"vp-portfolio__item-meta-categories\">\n\t\t\t<div class=\"vp-portfolio__item-meta-category\">\n\t\t\t\t<span\t\t\t>\n\tSOUT\u011a\u017d\u00cdC\u00cd 2023<\/span>\t\t<\/div>\n\t\t<\/div>\n\n<h2 class=\"vp-portfolio__item-meta-title\">\n\tSoukrom\u00fd interi\u00e9r &#8211; Kuchy\u0148 pro studenty<\/h2>\n<\/a>\t\t<\/div>\n\t<\/figcaption>\n\t\t\t<\/figure>\n\t\t\t\t\t<\/article>\n\t\t\n\t\t<article\t\tclass=\"vp-portfolio__item-wrap post-4247 portfolio type-portfolio status-publish format-standard has-post-thumbnail hentry entry has-media vp-portfolio__item-uid-30320348\" data-vp-filter=\"\" \t\t>\n\t\t\t\t\t\t\t\t\t<figure class=\"vp-portfolio__item\">\n\t\t\t\t\n<div class=\"vp-portfolio__item-img-wrap\">\n\t<div class=\"vp-portfolio__item-img\">\n\t\t\t<a\n\t\thref=\"https:\/\/www.design-award.cz\/?portfolio=produktovy-design-par-kresel-modular-twin\"\n\t\t\t>\n\t\n\t\t<noscript><img decoding=\"async\" width=\"1920\" height=\"1280\" data-skip-lazy src=\"https:\/\/www.design-award.cz\/wp-content\/uploads\/2024\/07\/Bradova_Zuzana_foto_3-1920x1280.jpg\" class=\"wp-image-4277\" alt=\"\" srcset=\"https:\/\/www.design-award.cz\/wp-content\/uploads\/2024\/07\/Bradova_Zuzana_foto_3-1920x1280.jpg 1920w, https:\/\/www.design-award.cz\/wp-content\/uploads\/2024\/07\/Bradova_Zuzana_foto_3-300x200.jpg 300w, https:\/\/www.design-award.cz\/wp-content\/uploads\/2024\/07\/Bradova_Zuzana_foto_3-1024x683.jpg 1024w, https:\/\/www.design-award.cz\/wp-content\/uploads\/2024\/07\/Bradova_Zuzana_foto_3-768x512.jpg 768w, https:\/\/www.design-award.cz\/wp-content\/uploads\/2024\/07\/Bradova_Zuzana_foto_3-1536x1024.jpg 1536w, https:\/\/www.design-award.cz\/wp-content\/uploads\/2024\/07\/Bradova_Zuzana_foto_3-2048x1366.jpg 2048w, https:\/\/www.design-award.cz\/wp-content\/uploads\/2024\/07\/Bradova_Zuzana_foto_3-500x333.jpg 500w, https:\/\/www.design-award.cz\/wp-content\/uploads\/2024\/07\/Bradova_Zuzana_foto_3-800x533.jpg 800w, https:\/\/www.design-award.cz\/wp-content\/uploads\/2024\/07\/Bradova_Zuzana_foto_3-1280x854.jpg 1280w\" sizes=\"(max-width: 1920px) 100vw, 1920px\" \/><\/noscript><img decoding=\"async\" width=\"1920\" height=\"1280\" src=\"https:\/\/www.design-award.cz\/wp-content\/uploads\/2024\/07\/Bradova_Zuzana_foto_3-1920x1280.jpg\" class=\"wp-image-4277 vp-lazyload\" alt srcset=\"data:image\/svg+xml;base64,PHN2ZyB3aWR0aD0iMTkyMCIgaGVpZ2h0PSIxMjgwIiB2aWV3Qm94PSIwIDAgMTkyMCAxMjgwIiBmaWxsPSJub25lIiB4bWxucz0iaHR0cDovL3d3dy53My5vcmcvMjAwMC9zdmciPjwvc3ZnPg==\" data-src=\"https:\/\/www.design-award.cz\/wp-content\/uploads\/2024\/07\/Bradova_Zuzana_foto_3-1920x1280.jpg\" data-srcset=\"https:\/\/www.design-award.cz\/wp-content\/uploads\/2024\/07\/Bradova_Zuzana_foto_3-1920x1280.jpg 1920w, https:\/\/www.design-award.cz\/wp-content\/uploads\/2024\/07\/Bradova_Zuzana_foto_3-300x200.jpg 300w, https:\/\/www.design-award.cz\/wp-content\/uploads\/2024\/07\/Bradova_Zuzana_foto_3-1024x683.jpg 1024w, https:\/\/www.design-award.cz\/wp-content\/uploads\/2024\/07\/Bradova_Zuzana_foto_3-768x512.jpg 768w, https:\/\/www.design-award.cz\/wp-content\/uploads\/2024\/07\/Bradova_Zuzana_foto_3-1536x1024.jpg 1536w, https:\/\/www.design-award.cz\/wp-content\/uploads\/2024\/07\/Bradova_Zuzana_foto_3-2048x1366.jpg 2048w, https:\/\/www.design-award.cz\/wp-content\/uploads\/2024\/07\/Bradova_Zuzana_foto_3-500x333.jpg 500w, https:\/\/www.design-award.cz\/wp-content\/uploads\/2024\/07\/Bradova_Zuzana_foto_3-800x533.jpg 800w, https:\/\/www.design-award.cz\/wp-content\/uploads\/2024\/07\/Bradova_Zuzana_foto_3-1280x854.jpg 1280w\" data-sizes=\"auto\" loading=\"eager\">\n\t\t<\/a>\t<\/div>\n<\/div>\n\t<figcaption class=\"vp-portfolio__item-overlay vp-portfolio__item-overlay-text-align-center\">\n\t\t<div class=\"vp-portfolio__item-meta-wrap vp-portfolio__custom-scrollbar\">\n\t\t\t\t<a\n\t\thref=\"https:\/\/www.design-award.cz\/?portfolio=produktovy-design-par-kresel-modular-twin\"\n\t\ttabindex=\"-1\" class=\"vp-portfolio__item-meta\" \t>\n\t\n<h2 class=\"vp-portfolio__item-meta-title\">\n\tProduktov\u00fd design &#8211; P\u00e1r k\u0159esel &#8211; Modular Twin<\/h2>\n<\/a>\t\t<\/div>\n\t<\/figcaption>\n\t\t\t<\/figure>\n\t\t\t\t\t<\/article>\n\t\t\n\t\t<article\t\tclass=\"vp-portfolio__item-wrap post-3515 portfolio type-portfolio status-publish format-standard has-post-thumbnail hentry entry has-media vp-portfolio__item-uid-3bd3b81d\" data-vp-filter=\"\" \t\t>\n\t\t\t\t\t\t\t\t\t<figure class=\"vp-portfolio__item\">\n\t\t\t\t\n<div class=\"vp-portfolio__item-img-wrap\">\n\t<div class=\"vp-portfolio__item-img\">\n\t\t\t<a\n\t\thref=\"https:\/\/www.design-award.cz\/?portfolio=produktovy-design-double-table\"\n\t\t\t>\n\t\n\t\t<noscript><img decoding=\"async\" width=\"1753\" height=\"1081\" data-skip-lazy src=\"https:\/\/www.design-award.cz\/wp-content\/uploads\/2024\/06\/4441.png\" class=\"wp-image-3539\" alt=\"\" srcset=\"https:\/\/www.design-award.cz\/wp-content\/uploads\/2024\/06\/4441.png 1753w, https:\/\/www.design-award.cz\/wp-content\/uploads\/2024\/06\/4441-300x185.png 300w, https:\/\/www.design-award.cz\/wp-content\/uploads\/2024\/06\/4441-1024x631.png 1024w, https:\/\/www.design-award.cz\/wp-content\/uploads\/2024\/06\/4441-768x474.png 768w, https:\/\/www.design-award.cz\/wp-content\/uploads\/2024\/06\/4441-1536x947.png 1536w, https:\/\/www.design-award.cz\/wp-content\/uploads\/2024\/06\/4441-500x308.png 500w, https:\/\/www.design-award.cz\/wp-content\/uploads\/2024\/06\/4441-800x493.png 800w, https:\/\/www.design-award.cz\/wp-content\/uploads\/2024\/06\/4441-1280x789.png 1280w\" sizes=\"(max-width: 1753px) 100vw, 1753px\" \/><\/noscript><img decoding=\"async\" width=\"1753\" height=\"1081\" src=\"https:\/\/www.design-award.cz\/wp-content\/uploads\/2024\/06\/4441.png\" class=\"wp-image-3539 vp-lazyload\" alt srcset=\"data:image\/svg+xml;base64,PHN2ZyB3aWR0aD0iMTc1MyIgaGVpZ2h0PSIxMDgxIiB2aWV3Qm94PSIwIDAgMTc1MyAxMDgxIiBmaWxsPSJub25lIiB4bWxucz0iaHR0cDovL3d3dy53My5vcmcvMjAwMC9zdmciPjwvc3ZnPg==\" data-src=\"https:\/\/www.design-award.cz\/wp-content\/uploads\/2024\/06\/4441.png\" data-srcset=\"https:\/\/www.design-award.cz\/wp-content\/uploads\/2024\/06\/4441.png 1753w, https:\/\/www.design-award.cz\/wp-content\/uploads\/2024\/06\/4441-300x185.png 300w, https:\/\/www.design-award.cz\/wp-content\/uploads\/2024\/06\/4441-1024x631.png 1024w, https:\/\/www.design-award.cz\/wp-content\/uploads\/2024\/06\/4441-768x474.png 768w, https:\/\/www.design-award.cz\/wp-content\/uploads\/2024\/06\/4441-1536x947.png 1536w, https:\/\/www.design-award.cz\/wp-content\/uploads\/2024\/06\/4441-500x308.png 500w, https:\/\/www.design-award.cz\/wp-content\/uploads\/2024\/06\/4441-800x493.png 800w, https:\/\/www.design-award.cz\/wp-content\/uploads\/2024\/06\/4441-1280x789.png 1280w\" data-sizes=\"auto\" loading=\"eager\">\n\t\t<\/a>\t<\/div>\n<\/div>\n\t<figcaption class=\"vp-portfolio__item-overlay vp-portfolio__item-overlay-text-align-center\">\n\t\t<div class=\"vp-portfolio__item-meta-wrap vp-portfolio__custom-scrollbar\">\n\t\t\t\t<a\n\t\thref=\"https:\/\/www.design-award.cz\/?portfolio=produktovy-design-double-table\"\n\t\ttabindex=\"-1\" class=\"vp-portfolio__item-meta\" \t>\n\t\n<h2 class=\"vp-portfolio__item-meta-title\">\n\tProduktov\u00fd design &#8211; Double Table<\/h2>\n<\/a>\t\t<\/div>\n\t<\/figcaption>\n\t\t\t<\/figure>\n\t\t\t\t\t<\/article>\n\t\t\n\t\t<article\t\tclass=\"vp-portfolio__item-wrap post-732 portfolio type-portfolio status-publish format-standard has-post-thumbnail hentry entry has-media vp-portfolio__item-uid-7aa8fbd3\" data-vp-filter=\"\" \t\t>\n\t\t\t\t\t\t\t\t\t<figure class=\"vp-portfolio__item\">\n\t\t\t\t\n<div class=\"vp-portfolio__item-img-wrap\">\n\t<div class=\"vp-portfolio__item-img\">\n\t\t\t<a\n\t\thref=\"https:\/\/www.design-award.cz\/?portfolio=soukromy-interier-spolecenska-cast-rodinneho-domu\"\n\t\t\t>\n\t\n\t\t<noscript><img decoding=\"async\" width=\"1920\" height=\"990\" data-skip-lazy src=\"https:\/\/www.design-award.cz\/wp-content\/uploads\/2022\/04\/bresky-obyvak-render-kopie2-1920x990.jpg\" class=\"wp-image-734\" alt=\"\" srcset=\"https:\/\/www.design-award.cz\/wp-content\/uploads\/2022\/04\/bresky-obyvak-render-kopie2-1920x990.jpg 1920w, https:\/\/www.design-award.cz\/wp-content\/uploads\/2022\/04\/bresky-obyvak-render-kopie2-300x155.jpg 300w, https:\/\/www.design-award.cz\/wp-content\/uploads\/2022\/04\/bresky-obyvak-render-kopie2-1024x528.jpg 1024w, https:\/\/www.design-award.cz\/wp-content\/uploads\/2022\/04\/bresky-obyvak-render-kopie2-768x396.jpg 768w, https:\/\/www.design-award.cz\/wp-content\/uploads\/2022\/04\/bresky-obyvak-render-kopie2-1536x792.jpg 1536w, https:\/\/www.design-award.cz\/wp-content\/uploads\/2022\/04\/bresky-obyvak-render-kopie2-2048x1057.jpg 2048w, https:\/\/www.design-award.cz\/wp-content\/uploads\/2022\/04\/bresky-obyvak-render-kopie2-500x258.jpg 500w, https:\/\/www.design-award.cz\/wp-content\/uploads\/2022\/04\/bresky-obyvak-render-kopie2-800x413.jpg 800w, https:\/\/www.design-award.cz\/wp-content\/uploads\/2022\/04\/bresky-obyvak-render-kopie2-1280x660.jpg 1280w\" sizes=\"(max-width: 1920px) 100vw, 1920px\" \/><\/noscript><img decoding=\"async\" width=\"1920\" height=\"990\" src=\"https:\/\/www.design-award.cz\/wp-content\/uploads\/2022\/04\/bresky-obyvak-render-kopie2-1920x990.jpg\" class=\"wp-image-734 vp-lazyload\" alt srcset=\"data:image\/svg+xml;base64,PHN2ZyB3aWR0aD0iMTkyMCIgaGVpZ2h0PSI5OTAiIHZpZXdCb3g9IjAgMCAxOTIwIDk5MCIgZmlsbD0ibm9uZSIgeG1sbnM9Imh0dHA6Ly93d3cudzMub3JnLzIwMDAvc3ZnIj48L3N2Zz4=\" data-src=\"https:\/\/www.design-award.cz\/wp-content\/uploads\/2022\/04\/bresky-obyvak-render-kopie2-1920x990.jpg\" data-srcset=\"https:\/\/www.design-award.cz\/wp-content\/uploads\/2022\/04\/bresky-obyvak-render-kopie2-1920x990.jpg 1920w, https:\/\/www.design-award.cz\/wp-content\/uploads\/2022\/04\/bresky-obyvak-render-kopie2-300x155.jpg 300w, https:\/\/www.design-award.cz\/wp-content\/uploads\/2022\/04\/bresky-obyvak-render-kopie2-1024x528.jpg 1024w, https:\/\/www.design-award.cz\/wp-content\/uploads\/2022\/04\/bresky-obyvak-render-kopie2-768x396.jpg 768w, https:\/\/www.design-award.cz\/wp-content\/uploads\/2022\/04\/bresky-obyvak-render-kopie2-1536x792.jpg 1536w, https:\/\/www.design-award.cz\/wp-content\/uploads\/2022\/04\/bresky-obyvak-render-kopie2-2048x1057.jpg 2048w, https:\/\/www.design-award.cz\/wp-content\/uploads\/2022\/04\/bresky-obyvak-render-kopie2-500x258.jpg 500w, https:\/\/www.design-award.cz\/wp-content\/uploads\/2022\/04\/bresky-obyvak-render-kopie2-800x413.jpg 800w, https:\/\/www.design-award.cz\/wp-content\/uploads\/2022\/04\/bresky-obyvak-render-kopie2-1280x660.jpg 1280w\" data-sizes=\"auto\" loading=\"eager\">\n\t\t<\/a>\t<\/div>\n<\/div>\n\t<figcaption class=\"vp-portfolio__item-overlay vp-portfolio__item-overlay-text-align-center\">\n\t\t<div class=\"vp-portfolio__item-meta-wrap vp-portfolio__custom-scrollbar\">\n\t\t\t\t<a\n\t\thref=\"https:\/\/www.design-award.cz\/?portfolio=soukromy-interier-spolecenska-cast-rodinneho-domu\"\n\t\ttabindex=\"-1\" class=\"vp-portfolio__item-meta\" \t>\n\t\n<h2 class=\"vp-portfolio__item-meta-title\">\n\tSoukrom\u00fd interi\u00e9r &#8211; Spole\u010densk\u00e1 \u010d\u00e1st rodinn\u00e9ho domu<\/h2>\n<\/a>\t\t<\/div>\n\t<\/figcaption>\n\t\t\t<\/figure>\n\t\t\t\t\t<\/article>\n\t\t\n\t\t<article\t\tclass=\"vp-portfolio__item-wrap post-5604 portfolio type-portfolio status-publish format-standard has-post-thumbnail hentry entry has-media vp-portfolio__item-uid-72e2584f\" data-vp-filter=\"\" \t\t>\n\t\t\t\t\t\t\t\t\t<figure class=\"vp-portfolio__item\">\n\t\t\t\t\n<div class=\"vp-portfolio__item-img-wrap\">\n\t<div class=\"vp-portfolio__item-img\">\n\t\t\t<a\n\t\thref=\"https:\/\/www.design-award.cz\/?portfolio=interierovy-design-navrh-interieru-bytu-3\"\n\t\t\t>\n\t\n\t\t<noscript><img decoding=\"async\" width=\"1920\" height=\"1080\" data-skip-lazy src=\"https:\/\/www.design-award.cz\/wp-content\/uploads\/2025\/07\/23-1920x1080.png\" class=\"wp-image-5653\" alt=\"\" srcset=\"https:\/\/www.design-award.cz\/wp-content\/uploads\/2025\/07\/23-1920x1080.png 1920w, https:\/\/www.design-award.cz\/wp-content\/uploads\/2025\/07\/23-300x169.png 300w, https:\/\/www.design-award.cz\/wp-content\/uploads\/2025\/07\/23-1024x576.png 1024w, https:\/\/www.design-award.cz\/wp-content\/uploads\/2025\/07\/23-768x432.png 768w, https:\/\/www.design-award.cz\/wp-content\/uploads\/2025\/07\/23-1536x864.png 1536w, https:\/\/www.design-award.cz\/wp-content\/uploads\/2025\/07\/23-2048x1152.png 2048w, https:\/\/www.design-award.cz\/wp-content\/uploads\/2025\/07\/23-800x450.png 800w, https:\/\/www.design-award.cz\/wp-content\/uploads\/2025\/07\/23-500x281.png 500w, https:\/\/www.design-award.cz\/wp-content\/uploads\/2025\/07\/23-1280x720.png 1280w\" sizes=\"(max-width: 1920px) 100vw, 1920px\" \/><\/noscript><img decoding=\"async\" width=\"1920\" height=\"1080\" src=\"https:\/\/www.design-award.cz\/wp-content\/uploads\/2025\/07\/23-1920x1080.png\" class=\"wp-image-5653 vp-lazyload\" alt srcset=\"data:image\/svg+xml;base64,PHN2ZyB3aWR0aD0iMTkyMCIgaGVpZ2h0PSIxMDgwIiB2aWV3Qm94PSIwIDAgMTkyMCAxMDgwIiBmaWxsPSJub25lIiB4bWxucz0iaHR0cDovL3d3dy53My5vcmcvMjAwMC9zdmciPjwvc3ZnPg==\" data-src=\"https:\/\/www.design-award.cz\/wp-content\/uploads\/2025\/07\/23-1920x1080.png\" data-srcset=\"https:\/\/www.design-award.cz\/wp-content\/uploads\/2025\/07\/23-1920x1080.png 1920w, https:\/\/www.design-award.cz\/wp-content\/uploads\/2025\/07\/23-300x169.png 300w, https:\/\/www.design-award.cz\/wp-content\/uploads\/2025\/07\/23-1024x576.png 1024w, https:\/\/www.design-award.cz\/wp-content\/uploads\/2025\/07\/23-768x432.png 768w, https:\/\/www.design-award.cz\/wp-content\/uploads\/2025\/07\/23-1536x864.png 1536w, https:\/\/www.design-award.cz\/wp-content\/uploads\/2025\/07\/23-2048x1152.png 2048w, https:\/\/www.design-award.cz\/wp-content\/uploads\/2025\/07\/23-800x450.png 800w, https:\/\/www.design-award.cz\/wp-content\/uploads\/2025\/07\/23-500x281.png 500w, https:\/\/www.design-award.cz\/wp-content\/uploads\/2025\/07\/23-1280x720.png 1280w\" data-sizes=\"auto\" loading=\"eager\">\n\t\t<\/a>\t<\/div>\n<\/div>\n\t<figcaption class=\"vp-portfolio__item-overlay vp-portfolio__item-overlay-text-align-center\">\n\t\t<div class=\"vp-portfolio__item-meta-wrap vp-portfolio__custom-scrollbar\">\n\t\t\t\t<a\n\t\thref=\"https:\/\/www.design-award.cz\/?portfolio=interierovy-design-navrh-interieru-bytu-3\"\n\t\ttabindex=\"-1\" class=\"vp-portfolio__item-meta\" \t>\n\t\n<h2 class=\"vp-portfolio__item-meta-title\">\n\tInteri\u00e9rov\u00fd design &#8211; N\u00e1vrh Interi\u00e9ru bytu<\/h2>\n<\/a>\t\t<\/div>\n\t<\/figcaption>\n\t\t\t<\/figure>\n\t\t\t\t\t<\/article>\n\t\t\n\t\t<article\t\tclass=\"vp-portfolio__item-wrap post-2647 portfolio type-portfolio status-publish format-standard has-post-thumbnail hentry portfolio_category-soutezici-2023 entry has-media vp-portfolio__item-uid-1250f448\" data-vp-filter=\"soutezici-2023\" \t\t>\n\t\t\t\t\t\t\t\t\t<figure class=\"vp-portfolio__item\">\n\t\t\t\t\n<div class=\"vp-portfolio__item-img-wrap\">\n\t<div class=\"vp-portfolio__item-img\">\n\t\t\t<a\n\t\thref=\"https:\/\/www.design-award.cz\/?portfolio=soukromy-interier-tiny-house-5\"\n\t\t\t>\n\t\n\t\t<noscript><img decoding=\"async\" width=\"1920\" height=\"1080\" data-skip-lazy src=\"https:\/\/www.design-award.cz\/wp-content\/uploads\/2023\/04\/render-venek-1920x1080.png\" class=\"wp-image-2651\" alt=\"\" srcset=\"https:\/\/www.design-award.cz\/wp-content\/uploads\/2023\/04\/render-venek-1920x1080.png 1920w, https:\/\/www.design-award.cz\/wp-content\/uploads\/2023\/04\/render-venek-300x169.png 300w, https:\/\/www.design-award.cz\/wp-content\/uploads\/2023\/04\/render-venek-1024x576.png 1024w, https:\/\/www.design-award.cz\/wp-content\/uploads\/2023\/04\/render-venek-768x432.png 768w, https:\/\/www.design-award.cz\/wp-content\/uploads\/2023\/04\/render-venek-1536x864.png 1536w, https:\/\/www.design-award.cz\/wp-content\/uploads\/2023\/04\/render-venek-2048x1152.png 2048w, https:\/\/www.design-award.cz\/wp-content\/uploads\/2023\/04\/render-venek-500x281.png 500w, https:\/\/www.design-award.cz\/wp-content\/uploads\/2023\/04\/render-venek-800x450.png 800w, https:\/\/www.design-award.cz\/wp-content\/uploads\/2023\/04\/render-venek-1280x720.png 1280w\" sizes=\"(max-width: 1920px) 100vw, 1920px\" \/><\/noscript><img decoding=\"async\" width=\"1920\" height=\"1080\" src=\"https:\/\/www.design-award.cz\/wp-content\/uploads\/2023\/04\/render-venek-1920x1080.png\" class=\"wp-image-2651 vp-lazyload\" alt srcset=\"data:image\/svg+xml;base64,PHN2ZyB3aWR0aD0iMTkyMCIgaGVpZ2h0PSIxMDgwIiB2aWV3Qm94PSIwIDAgMTkyMCAxMDgwIiBmaWxsPSJub25lIiB4bWxucz0iaHR0cDovL3d3dy53My5vcmcvMjAwMC9zdmciPjwvc3ZnPg==\" data-src=\"https:\/\/www.design-award.cz\/wp-content\/uploads\/2023\/04\/render-venek-1920x1080.png\" data-srcset=\"https:\/\/www.design-award.cz\/wp-content\/uploads\/2023\/04\/render-venek-1920x1080.png 1920w, https:\/\/www.design-award.cz\/wp-content\/uploads\/2023\/04\/render-venek-300x169.png 300w, https:\/\/www.design-award.cz\/wp-content\/uploads\/2023\/04\/render-venek-1024x576.png 1024w, https:\/\/www.design-award.cz\/wp-content\/uploads\/2023\/04\/render-venek-768x432.png 768w, https:\/\/www.design-award.cz\/wp-content\/uploads\/2023\/04\/render-venek-1536x864.png 1536w, https:\/\/www.design-award.cz\/wp-content\/uploads\/2023\/04\/render-venek-2048x1152.png 2048w, https:\/\/www.design-award.cz\/wp-content\/uploads\/2023\/04\/render-venek-500x281.png 500w, https:\/\/www.design-award.cz\/wp-content\/uploads\/2023\/04\/render-venek-800x450.png 800w, https:\/\/www.design-award.cz\/wp-content\/uploads\/2023\/04\/render-venek-1280x720.png 1280w\" data-sizes=\"auto\" loading=\"eager\">\n\t\t<\/a>\t<\/div>\n<\/div>\n\t<figcaption class=\"vp-portfolio__item-overlay vp-portfolio__item-overlay-text-align-center\">\n\t\t<div class=\"vp-portfolio__item-meta-wrap vp-portfolio__custom-scrollbar\">\n\t\t\t\t<a\n\t\thref=\"https:\/\/www.design-award.cz\/?portfolio=soukromy-interier-tiny-house-5\"\n\t\ttabindex=\"-1\" class=\"vp-portfolio__item-meta\" \t>\n\t\n<div class=\"vp-portfolio__item-meta-categories\">\n\t\t\t<div class=\"vp-portfolio__item-meta-category\">\n\t\t\t\t<span\t\t\t>\n\tSOUT\u011a\u017d\u00cdC\u00cd 2023<\/span>\t\t<\/div>\n\t\t<\/div>\n\n<h2 class=\"vp-portfolio__item-meta-title\">\n\tSoukrom\u00fd interi\u00e9r \u2013 Tiny House<\/h2>\n<\/a>\t\t<\/div>\n\t<\/figcaption>\n\t\t\t<\/figure>\n\t\t\t\t\t<\/article>\n\t\t\n\t\t<article\t\tclass=\"vp-portfolio__item-wrap post-2533 portfolio type-portfolio status-publish format-standard has-post-thumbnail hentry portfolio_category-soutezici-2023 entry has-media vp-portfolio__item-uid-583a18cf\" data-vp-filter=\"soutezici-2023\" \t\t>\n\t\t\t\t\t\t\t\t\t<figure class=\"vp-portfolio__item\">\n\t\t\t\t\n<div class=\"vp-portfolio__item-img-wrap\">\n\t<div class=\"vp-portfolio__item-img\">\n\t\t\t<a\n\t\thref=\"https:\/\/www.design-award.cz\/?portfolio=produktovy-design-aalto\"\n\t\t\t>\n\t\n\t\t<noscript><img decoding=\"async\" width=\"1440\" height=\"1080\" data-skip-lazy src=\"https:\/\/www.design-award.cz\/wp-content\/uploads\/2023\/04\/veronika-soltova_originalni-sedadlo-aalto_foto-2.jpg\" class=\"wp-image-2537\" alt=\"\" srcset=\"https:\/\/www.design-award.cz\/wp-content\/uploads\/2023\/04\/veronika-soltova_originalni-sedadlo-aalto_foto-2.jpg 1440w, https:\/\/www.design-award.cz\/wp-content\/uploads\/2023\/04\/veronika-soltova_originalni-sedadlo-aalto_foto-2-300x225.jpg 300w, https:\/\/www.design-award.cz\/wp-content\/uploads\/2023\/04\/veronika-soltova_originalni-sedadlo-aalto_foto-2-1024x768.jpg 1024w, https:\/\/www.design-award.cz\/wp-content\/uploads\/2023\/04\/veronika-soltova_originalni-sedadlo-aalto_foto-2-768x576.jpg 768w, https:\/\/www.design-award.cz\/wp-content\/uploads\/2023\/04\/veronika-soltova_originalni-sedadlo-aalto_foto-2-500x375.jpg 500w, https:\/\/www.design-award.cz\/wp-content\/uploads\/2023\/04\/veronika-soltova_originalni-sedadlo-aalto_foto-2-800x600.jpg 800w, https:\/\/www.design-award.cz\/wp-content\/uploads\/2023\/04\/veronika-soltova_originalni-sedadlo-aalto_foto-2-1280x960.jpg 1280w\" sizes=\"(max-width: 1440px) 100vw, 1440px\" \/><\/noscript><img decoding=\"async\" width=\"1440\" height=\"1080\" src=\"https:\/\/www.design-award.cz\/wp-content\/uploads\/2023\/04\/veronika-soltova_originalni-sedadlo-aalto_foto-2.jpg\" class=\"wp-image-2537 vp-lazyload\" alt srcset=\"data:image\/svg+xml;base64,PHN2ZyB3aWR0aD0iMTQ0MCIgaGVpZ2h0PSIxMDgwIiB2aWV3Qm94PSIwIDAgMTQ0MCAxMDgwIiBmaWxsPSJub25lIiB4bWxucz0iaHR0cDovL3d3dy53My5vcmcvMjAwMC9zdmciPjwvc3ZnPg==\" data-src=\"https:\/\/www.design-award.cz\/wp-content\/uploads\/2023\/04\/veronika-soltova_originalni-sedadlo-aalto_foto-2.jpg\" data-srcset=\"https:\/\/www.design-award.cz\/wp-content\/uploads\/2023\/04\/veronika-soltova_originalni-sedadlo-aalto_foto-2.jpg 1440w, https:\/\/www.design-award.cz\/wp-content\/uploads\/2023\/04\/veronika-soltova_originalni-sedadlo-aalto_foto-2-300x225.jpg 300w, https:\/\/www.design-award.cz\/wp-content\/uploads\/2023\/04\/veronika-soltova_originalni-sedadlo-aalto_foto-2-1024x768.jpg 1024w, https:\/\/www.design-award.cz\/wp-content\/uploads\/2023\/04\/veronika-soltova_originalni-sedadlo-aalto_foto-2-768x576.jpg 768w, https:\/\/www.design-award.cz\/wp-content\/uploads\/2023\/04\/veronika-soltova_originalni-sedadlo-aalto_foto-2-500x375.jpg 500w, https:\/\/www.design-award.cz\/wp-content\/uploads\/2023\/04\/veronika-soltova_originalni-sedadlo-aalto_foto-2-800x600.jpg 800w, https:\/\/www.design-award.cz\/wp-content\/uploads\/2023\/04\/veronika-soltova_originalni-sedadlo-aalto_foto-2-1280x960.jpg 1280w\" data-sizes=\"auto\" loading=\"eager\">\n\t\t<\/a>\t<\/div>\n<\/div>\n\t<figcaption class=\"vp-portfolio__item-overlay vp-portfolio__item-overlay-text-align-center\">\n\t\t<div class=\"vp-portfolio__item-meta-wrap vp-portfolio__custom-scrollbar\">\n\t\t\t\t<a\n\t\thref=\"https:\/\/www.design-award.cz\/?portfolio=produktovy-design-aalto\"\n\t\ttabindex=\"-1\" class=\"vp-portfolio__item-meta\" \t>\n\t\n<div class=\"vp-portfolio__item-meta-categories\">\n\t\t\t<div class=\"vp-portfolio__item-meta-category\">\n\t\t\t\t<span\t\t\t>\n\tSOUT\u011a\u017d\u00cdC\u00cd 2023<\/span>\t\t<\/div>\n\t\t<\/div>\n\n<h2 class=\"vp-portfolio__item-meta-title\">\n\tProduktov\u00fd design &#8211; Aalto<\/h2>\n<\/a>\t\t<\/div>\n\t<\/figcaption>\n\t\t\t<\/figure>\n\t\t\t\t\t<\/article>\n\t\t\n\t\t<article\t\tclass=\"vp-portfolio__item-wrap post-5112 portfolio type-portfolio status-publish format-standard has-post-thumbnail hentry entry has-media vp-portfolio__item-uid-87d5dabe\" data-vp-filter=\"\" \t\t>\n\t\t\t\t\t\t\t\t\t<figure class=\"vp-portfolio__item\">\n\t\t\t\t\n<div class=\"vp-portfolio__item-img-wrap\">\n\t<div class=\"vp-portfolio__item-img\">\n\t\t\t<a\n\t\thref=\"https:\/\/www.design-award.cz\/?portfolio=produktovy-design-mytologie-afroditiny-vazy-na-dusevni-ocisteni\"\n\t\t\t>\n\t\n\t\t<noscript><img decoding=\"async\" width=\"1400\" height=\"737\" data-skip-lazy src=\"https:\/\/www.design-award.cz\/wp-content\/uploads\/2025\/06\/XRecorder_20250624_04.jpg\" class=\"wp-image-5114\" alt=\"\" srcset=\"https:\/\/www.design-award.cz\/wp-content\/uploads\/2025\/06\/XRecorder_20250624_04.jpg 1400w, https:\/\/www.design-award.cz\/wp-content\/uploads\/2025\/06\/XRecorder_20250624_04-300x158.jpg 300w, https:\/\/www.design-award.cz\/wp-content\/uploads\/2025\/06\/XRecorder_20250624_04-1024x539.jpg 1024w, https:\/\/www.design-award.cz\/wp-content\/uploads\/2025\/06\/XRecorder_20250624_04-768x404.jpg 768w, https:\/\/www.design-award.cz\/wp-content\/uploads\/2025\/06\/XRecorder_20250624_04-500x263.jpg 500w, https:\/\/www.design-award.cz\/wp-content\/uploads\/2025\/06\/XRecorder_20250624_04-800x421.jpg 800w, https:\/\/www.design-award.cz\/wp-content\/uploads\/2025\/06\/XRecorder_20250624_04-1280x674.jpg 1280w\" sizes=\"(max-width: 1400px) 100vw, 1400px\" \/><\/noscript><img decoding=\"async\" width=\"1400\" height=\"737\" src=\"https:\/\/www.design-award.cz\/wp-content\/uploads\/2025\/06\/XRecorder_20250624_04.jpg\" class=\"wp-image-5114 vp-lazyload\" alt srcset=\"data:image\/svg+xml;base64,PHN2ZyB3aWR0aD0iMTQwMCIgaGVpZ2h0PSI3MzciIHZpZXdCb3g9IjAgMCAxNDAwIDczNyIgZmlsbD0ibm9uZSIgeG1sbnM9Imh0dHA6Ly93d3cudzMub3JnLzIwMDAvc3ZnIj48L3N2Zz4=\" data-src=\"https:\/\/www.design-award.cz\/wp-content\/uploads\/2025\/06\/XRecorder_20250624_04.jpg\" data-srcset=\"https:\/\/www.design-award.cz\/wp-content\/uploads\/2025\/06\/XRecorder_20250624_04.jpg 1400w, https:\/\/www.design-award.cz\/wp-content\/uploads\/2025\/06\/XRecorder_20250624_04-300x158.jpg 300w, https:\/\/www.design-award.cz\/wp-content\/uploads\/2025\/06\/XRecorder_20250624_04-1024x539.jpg 1024w, https:\/\/www.design-award.cz\/wp-content\/uploads\/2025\/06\/XRecorder_20250624_04-768x404.jpg 768w, https:\/\/www.design-award.cz\/wp-content\/uploads\/2025\/06\/XRecorder_20250624_04-500x263.jpg 500w, https:\/\/www.design-award.cz\/wp-content\/uploads\/2025\/06\/XRecorder_20250624_04-800x421.jpg 800w, https:\/\/www.design-award.cz\/wp-content\/uploads\/2025\/06\/XRecorder_20250624_04-1280x674.jpg 1280w\" data-sizes=\"auto\" loading=\"eager\">\n\t\t<\/a>\t<\/div>\n<\/div>\n\t<figcaption class=\"vp-portfolio__item-overlay vp-portfolio__item-overlay-text-align-center\">\n\t\t<div class=\"vp-portfolio__item-meta-wrap vp-portfolio__custom-scrollbar\">\n\t\t\t\t<a\n\t\thref=\"https:\/\/www.design-award.cz\/?portfolio=produktovy-design-mytologie-afroditiny-vazy-na-dusevni-ocisteni\"\n\t\ttabindex=\"-1\" class=\"vp-portfolio__item-meta\" \t>\n\t\n<h2 class=\"vp-portfolio__item-meta-title\">\n\tProduktov\u00fd design &#8211; Mytologie &#8211; Afroditiny v\u00e1zy na du\u0161evn\u00ed o\u010dist\u011bn\u00ed<\/h2>\n<\/a>\t\t<\/div>\n\t<\/figcaption>\n\t\t\t<\/figure>\n\t\t\t\t\t<\/article>\n\t\t\n<\/div>\n\n<div class=\"vp-portfolio__items-arrow vp-portfolio__items-arrow-prev\" tabindex=\"0\" role=\"button\" aria-label=\"Previous Slide\">\n\t\n<svg class=\"vp-svg-icon\" width=\"20\" height=\"20\" viewBox=\"0 0 20 20\" fill=\"none\" xmlns=\"http:\/\/www.w3.org\/2000\/svg\">\n\t<path d=\"M12 4L6 10L12 16\" stroke=\"currentColor\" stroke-width=\"1.5\" stroke-linecap=\"round\" stroke-linejoin=\"round\" fill=\"transparent\" \/>\n<\/svg>\n<\/div>\n<div class=\"vp-portfolio__items-arrow vp-portfolio__items-arrow-next\" tabindex=\"0\" role=\"button\" aria-label=\"Next Slide\">\n\t\n<svg class=\"vp-svg-icon\" width=\"20\" height=\"20\" viewBox=\"0 0 20 20\" fill=\"none\" xmlns=\"http:\/\/www.w3.org\/2000\/svg\">\n\t<path d=\"M8 4L14 10L8 16\" stroke=\"currentColor\" stroke-width=\"1.5\" stroke-linecap=\"round\" stroke-linejoin=\"round\" fill=\"transparent\" \/>\n<\/svg>\n<\/div>\n\t\t<\/div>\n\t\t\t\t<div class=\"vp-portfolio__layout-elements vp-portfolio__layout-elements-bottom vp-portfolio__layout-elements-align-center\">\n\t\t\t\t<div class=\"vp-portfolio__pagination-wrap\">\n\t\t\n<div class=\"vp-pagination vp-pagination__style-minimal\" data-vp-pagination-type=\"load-more\">\n\t<div class=\"vp-pagination__item\">\n\t\t<a class=\"vp-pagination__load-more\" href=\"https:\/\/www.design-award.cz\/index.php?rest_route=%2Fwp%2Fv2%2Fportfolio%2F1359&#038;vp_page=2\">\n\t\t\t<span>Load More<\/span>\n\t\t\t<span class=\"vp-pagination__load-more-loading\"><span class=\"vp-spinner\"><\/span><span class=\"vp-screen-reader-text\"> Loading More&#8230;<\/span><\/span>\n\t\t\t<span class=\"vp-pagination__load-more-no-more\">You\u2019ve reached the end of the list<\/span>\n\t\t<\/a>\n\t<\/div>\n<\/div>\n\t\t<\/div>\n\t\t\t\t<\/div>\n\t\t\n<\/div>\n<\/div>","protected":false},"excerpt":{"rendered":"<p>Krist\u00edna Gallov\u00e1 MICHAEL &#8211; S\u0160 a VO\u0160 reklamn\u00ed a um\u011bleck\u00e9 tvorby, s.r.o. Zad\u00e1n\u00edm klauzurn\u00ed pr\u00e1ce \u0161koln\u00edho roku 2020\/2021 bylo vytvo\u0159it produkt, kter\u00fd bude inspirovan\u00fd p\u0159\u00edrodninou, kterou jsme si zvolili a n\u00e1sledn\u011b \u0159\u00e1dn\u011b prostudovali. J\u00e1 jsem si vybrala schr\u00e1nku mo\u0159sk\u00e9ho \u017eivo\u010dicha. M\u00fdm fin\u00e1ln\u00edm produktem je p\u0159\u00edst\u0159e\u0161ek vyroben\u00ed z mod\u0159\u00ednu, o\u0161et\u0159en\u00fd b\u00edl\u00fdm olejem. Sv\u00fdm vzhledem poukazujena rotaci, [&hellip;]<\/p>\n","protected":false},"author":1,"featured_media":1361,"menu_order":0,"comment_status":"closed","ping_status":"closed","template":"","format":"standard","meta":{"ngg_post_thumbnail":0,"ocean_post_layout":"","ocean_both_sidebars_style":"","ocean_both_sidebars_content_width":0,"ocean_both_sidebars_sidebars_width":0,"ocean_sidebar":"","ocean_second_sidebar":"","ocean_disable_margins":"enable","ocean_add_body_class":"","ocean_shortcode_before_top_bar":"","ocean_shortcode_after_top_bar":"","ocean_shortcode_before_header":"","ocean_shortcode_after_header":"","ocean_has_shortcode":"","ocean_shortcode_after_title":"","ocean_shortcode_before_footer_widgets":"","ocean_shortcode_after_footer_widgets":"","ocean_shortcode_before_footer_bottom":"","ocean_shortcode_after_footer_bottom":"","ocean_display_top_bar":"default","ocean_display_header":"default","ocean_header_style":"","ocean_center_header_left_menu":"","ocean_custom_header_template":"","ocean_custom_logo":0,"ocean_custom_retina_logo":0,"ocean_custom_logo_max_width":0,"ocean_custom_logo_tablet_max_width":0,"ocean_custom_logo_mobile_max_width":0,"ocean_custom_logo_max_height":0,"ocean_custom_logo_tablet_max_height":0,"ocean_custom_logo_mobile_max_height":0,"ocean_header_custom_menu":"","ocean_menu_typo_font_family":"","ocean_menu_typo_font_subset":"","ocean_menu_typo_font_size":0,"ocean_menu_typo_font_size_tablet":0,"ocean_menu_typo_font_size_mobile":0,"ocean_menu_typo_font_size_unit":"px","ocean_menu_typo_font_weight":"","ocean_menu_typo_font_weight_tablet":"","ocean_menu_typo_font_weight_mobile":"","ocean_menu_typo_transform":"","ocean_menu_typo_transform_tablet":"","ocean_menu_typo_transform_mobile":"","ocean_menu_typo_line_height":0,"ocean_menu_typo_line_height_tablet":0,"ocean_menu_typo_line_height_mobile":0,"ocean_menu_typo_line_height_unit":"","ocean_menu_typo_spacing":0,"ocean_menu_typo_spacing_tablet":0,"ocean_menu_typo_spacing_mobile":0,"ocean_menu_typo_spacing_unit":"","ocean_menu_link_color":"","ocean_menu_link_color_hover":"","ocean_menu_link_color_active":"","ocean_menu_link_background":"","ocean_menu_link_hover_background":"","ocean_menu_link_active_background":"","ocean_menu_social_links_bg":"","ocean_menu_social_hover_links_bg":"","ocean_menu_social_links_color":"","ocean_menu_social_hover_links_color":"","ocean_disable_title":"default","ocean_disable_heading":"default","ocean_post_title":"","ocean_post_subheading":"","ocean_post_title_style":"","ocean_post_title_background_color":"","ocean_post_title_background":0,"ocean_post_title_bg_image_position":"","ocean_post_title_bg_image_attachment":"","ocean_post_title_bg_image_repeat":"","ocean_post_title_bg_image_size":"","ocean_post_title_height":0,"ocean_post_title_bg_overlay":0.5,"ocean_post_title_bg_overlay_color":"","ocean_disable_breadcrumbs":"default","ocean_breadcrumbs_color":"","ocean_breadcrumbs_separator_color":"","ocean_breadcrumbs_links_color":"","ocean_breadcrumbs_links_hover_color":"","ocean_display_footer_widgets":"default","ocean_display_footer_bottom":"default","ocean_custom_footer_template":"","_vp_format_video_url":"","_vp_image_focal_point":[],"footnotes":""},"portfolio_category":[8],"portfolio_tag":[9],"class_list":["post-1359","portfolio","type-portfolio","status-publish","format-standard","has-post-thumbnail","hentry","portfolio_category-https-www-design-award-cz-page_id1603","portfolio_tag-9","entry","has-media"],"yoast_head":"<!-- This site is optimized with the Yoast SEO plugin v25.2 - https:\/\/yoast.com\/wordpress\/plugins\/seo\/ -->\n<title>Ve\u0159ejn\u00fd interi\u00e9r - Inspirace p\u0159\u00edrodninou - design-award.cz<\/title>\n<meta name=\"robots\" content=\"index, follow, max-snippet:-1, max-image-preview:large, max-video-preview:-1\" \/>\n<link rel=\"canonical\" href=\"https:\/\/www.design-award.cz\/?portfolio=verejny-interier-inspirace-prirodninou\" \/>\n<meta property=\"og:locale\" content=\"cs_CZ\" \/>\n<meta property=\"og:type\" content=\"article\" \/>\n<meta property=\"og:title\" content=\"Ve\u0159ejn\u00fd interi\u00e9r - Inspirace p\u0159\u00edrodninou - design-award.cz\" \/>\n<meta property=\"og:description\" content=\"Krist\u00edna Gallov\u00e1 MICHAEL &#8211; S\u0160 a VO\u0160 reklamn\u00ed a um\u011bleck\u00e9 tvorby, s.r.o. Zad\u00e1n\u00edm klauzurn\u00ed pr\u00e1ce \u0161koln\u00edho roku 2020\/2021 bylo vytvo\u0159it produkt, kter\u00fd bude inspirovan\u00fd p\u0159\u00edrodninou, kterou jsme si zvolili a n\u00e1sledn\u011b \u0159\u00e1dn\u011b prostudovali. J\u00e1 jsem si vybrala schr\u00e1nku mo\u0159sk\u00e9ho \u017eivo\u010dicha. M\u00fdm fin\u00e1ln\u00edm produktem je p\u0159\u00edst\u0159e\u0161ek vyroben\u00ed z mod\u0159\u00ednu, o\u0161et\u0159en\u00fd b\u00edl\u00fdm olejem. Sv\u00fdm vzhledem poukazujena rotaci, [&hellip;]\" \/>\n<meta property=\"og:url\" content=\"https:\/\/www.design-award.cz\/?portfolio=verejny-interier-inspirace-prirodninou\" \/>\n<meta property=\"og:site_name\" content=\"design-award.cz\" \/>\n<meta property=\"article:modified_time\" content=\"2022-12-04T21:29:49+00:00\" \/>\n<meta property=\"og:image\" content=\"http:\/\/www.design-award.cz\/wp-content\/uploads\/2022\/04\/vizualizace_1-1.png\" \/>\n\t<meta property=\"og:image:width\" content=\"1039\" \/>\n\t<meta property=\"og:image:height\" content=\"708\" \/>\n\t<meta property=\"og:image:type\" content=\"image\/png\" \/>\n<meta name=\"twitter:card\" content=\"summary_large_image\" \/>\n<meta name=\"twitter:label1\" content=\"Odhadovan\u00e1 doba \u010dten\u00ed\" \/>\n\t<meta name=\"twitter:data1\" content=\"1 minuta\" \/>\n<script type=\"application\/ld+json\" class=\"yoast-schema-graph\">{\"@context\":\"https:\/\/schema.org\",\"@graph\":[{\"@type\":\"WebPage\",\"@id\":\"https:\/\/www.design-award.cz\/?portfolio=verejny-interier-inspirace-prirodninou\",\"url\":\"https:\/\/www.design-award.cz\/?portfolio=verejny-interier-inspirace-prirodninou\",\"name\":\"Ve\u0159ejn\u00fd interi\u00e9r - Inspirace p\u0159\u00edrodninou - design-award.cz\",\"isPartOf\":{\"@id\":\"https:\/\/www.design-award.cz\/#website\"},\"primaryImageOfPage\":{\"@id\":\"https:\/\/www.design-award.cz\/?portfolio=verejny-interier-inspirace-prirodninou#primaryimage\"},\"image\":{\"@id\":\"https:\/\/www.design-award.cz\/?portfolio=verejny-interier-inspirace-prirodninou#primaryimage\"},\"thumbnailUrl\":\"https:\/\/www.design-award.cz\/wp-content\/uploads\/2022\/04\/vizualizace_1-1.png\",\"datePublished\":\"2022-04-30T20:51:20+00:00\",\"dateModified\":\"2022-12-04T21:29:49+00:00\",\"breadcrumb\":{\"@id\":\"https:\/\/www.design-award.cz\/?portfolio=verejny-interier-inspirace-prirodninou#breadcrumb\"},\"inLanguage\":\"cs\",\"potentialAction\":[{\"@type\":\"ReadAction\",\"target\":[\"https:\/\/www.design-award.cz\/?portfolio=verejny-interier-inspirace-prirodninou\"]}]},{\"@type\":\"ImageObject\",\"inLanguage\":\"cs\",\"@id\":\"https:\/\/www.design-award.cz\/?portfolio=verejny-interier-inspirace-prirodninou#primaryimage\",\"url\":\"https:\/\/www.design-award.cz\/wp-content\/uploads\/2022\/04\/vizualizace_1-1.png\",\"contentUrl\":\"https:\/\/www.design-award.cz\/wp-content\/uploads\/2022\/04\/vizualizace_1-1.png\",\"width\":1039,\"height\":708},{\"@type\":\"BreadcrumbList\",\"@id\":\"https:\/\/www.design-award.cz\/?portfolio=verejny-interier-inspirace-prirodninou#breadcrumb\",\"itemListElement\":[{\"@type\":\"ListItem\",\"position\":1,\"name\":\"Dom\u016f\",\"item\":\"https:\/\/www.design-award.cz\/\"},{\"@type\":\"ListItem\",\"position\":2,\"name\":\"Portfolio Items\",\"item\":\"https:\/\/www.design-award.cz\/?post_type=portfolio\"},{\"@type\":\"ListItem\",\"position\":3,\"name\":\"Ve\u0159ejn\u00fd interi\u00e9r &#8211; Inspirace p\u0159\u00edrodninou\"}]},{\"@type\":\"WebSite\",\"@id\":\"https:\/\/www.design-award.cz\/#website\",\"url\":\"https:\/\/www.design-award.cz\/\",\"name\":\"design-award.cz\",\"description\":\"WARD vznikla v roce 2022. Je ur\u010dena p\u0159edev\u0161\u00edm student\u016fm st\u0159edn\u00edch um\u011bleck\u00fdch \u0161kol (S\u0160 a VO\u0160), kte\u0159\u00ed mohou bezplatn\u011b zaslat sv\u00e9 n\u00e1vrhy v uveden\u00fdch kategori\u00ed a tak pom\u011b\u0159it sv\u00e9 n\u00e1pady s konkurenc\u00ed sv\u00fdch vrstevn\u00edk\u016f. N\u00e1vrhy jsou n\u00e1sledn\u011b posouzeny nez\u00e1vislou porotou z \u0159ad v\u00fdtvarn\u00edk\u016f, pedagog\u016f a profesion\u00e1l\u016f z oboru.\",\"publisher\":{\"@id\":\"https:\/\/www.design-award.cz\/#organization\"},\"potentialAction\":[{\"@type\":\"SearchAction\",\"target\":{\"@type\":\"EntryPoint\",\"urlTemplate\":\"https:\/\/www.design-award.cz\/?s={search_term_string}\"},\"query-input\":{\"@type\":\"PropertyValueSpecification\",\"valueRequired\":true,\"valueName\":\"search_term_string\"}}],\"inLanguage\":\"cs\"},{\"@type\":\"Organization\",\"@id\":\"https:\/\/www.design-award.cz\/#organization\",\"name\":\"Design Award\",\"url\":\"https:\/\/www.design-award.cz\/\",\"logo\":{\"@type\":\"ImageObject\",\"inLanguage\":\"cs\",\"@id\":\"https:\/\/www.design-award.cz\/#\/schema\/logo\/image\/\",\"url\":\"http:\/\/www.design-award.cz\/wp-content\/uploads\/2021\/12\/hornilogo_design-award.png\",\"contentUrl\":\"http:\/\/www.design-award.cz\/wp-content\/uploads\/2021\/12\/hornilogo_design-award.png\",\"width\":800,\"height\":600,\"caption\":\"Design Award\"},\"image\":{\"@id\":\"https:\/\/www.design-award.cz\/#\/schema\/logo\/image\/\"},\"sameAs\":[\"https:\/\/www.instagram.com\/design_award\/\"]}]}<\/script>\n<!-- \/ Yoast SEO plugin. -->","yoast_head_json":{"title":"Ve\u0159ejn\u00fd interi\u00e9r - Inspirace p\u0159\u00edrodninou - design-award.cz","robots":{"index":"index","follow":"follow","max-snippet":"max-snippet:-1","max-image-preview":"max-image-preview:large","max-video-preview":"max-video-preview:-1"},"canonical":"https:\/\/www.design-award.cz\/?portfolio=verejny-interier-inspirace-prirodninou","og_locale":"cs_CZ","og_type":"article","og_title":"Ve\u0159ejn\u00fd interi\u00e9r - Inspirace p\u0159\u00edrodninou - design-award.cz","og_description":"Krist\u00edna Gallov\u00e1 MICHAEL &#8211; S\u0160 a VO\u0160 reklamn\u00ed a um\u011bleck\u00e9 tvorby, s.r.o. Zad\u00e1n\u00edm klauzurn\u00ed pr\u00e1ce \u0161koln\u00edho roku 2020\/2021 bylo vytvo\u0159it produkt, kter\u00fd bude inspirovan\u00fd p\u0159\u00edrodninou, kterou jsme si zvolili a n\u00e1sledn\u011b \u0159\u00e1dn\u011b prostudovali. J\u00e1 jsem si vybrala schr\u00e1nku mo\u0159sk\u00e9ho \u017eivo\u010dicha. M\u00fdm fin\u00e1ln\u00edm produktem je p\u0159\u00edst\u0159e\u0161ek vyroben\u00ed z mod\u0159\u00ednu, o\u0161et\u0159en\u00fd b\u00edl\u00fdm olejem. Sv\u00fdm vzhledem poukazujena rotaci, [&hellip;]","og_url":"https:\/\/www.design-award.cz\/?portfolio=verejny-interier-inspirace-prirodninou","og_site_name":"design-award.cz","article_modified_time":"2022-12-04T21:29:49+00:00","og_image":[{"width":1039,"height":708,"url":"http:\/\/www.design-award.cz\/wp-content\/uploads\/2022\/04\/vizualizace_1-1.png","type":"image\/png"}],"twitter_card":"summary_large_image","twitter_misc":{"Odhadovan\u00e1 doba \u010dten\u00ed":"1 minuta"},"schema":{"@context":"https:\/\/schema.org","@graph":[{"@type":"WebPage","@id":"https:\/\/www.design-award.cz\/?portfolio=verejny-interier-inspirace-prirodninou","url":"https:\/\/www.design-award.cz\/?portfolio=verejny-interier-inspirace-prirodninou","name":"Ve\u0159ejn\u00fd interi\u00e9r - Inspirace p\u0159\u00edrodninou - design-award.cz","isPartOf":{"@id":"https:\/\/www.design-award.cz\/#website"},"primaryImageOfPage":{"@id":"https:\/\/www.design-award.cz\/?portfolio=verejny-interier-inspirace-prirodninou#primaryimage"},"image":{"@id":"https:\/\/www.design-award.cz\/?portfolio=verejny-interier-inspirace-prirodninou#primaryimage"},"thumbnailUrl":"https:\/\/www.design-award.cz\/wp-content\/uploads\/2022\/04\/vizualizace_1-1.png","datePublished":"2022-04-30T20:51:20+00:00","dateModified":"2022-12-04T21:29:49+00:00","breadcrumb":{"@id":"https:\/\/www.design-award.cz\/?portfolio=verejny-interier-inspirace-prirodninou#breadcrumb"},"inLanguage":"cs","potentialAction":[{"@type":"ReadAction","target":["https:\/\/www.design-award.cz\/?portfolio=verejny-interier-inspirace-prirodninou"]}]},{"@type":"ImageObject","inLanguage":"cs","@id":"https:\/\/www.design-award.cz\/?portfolio=verejny-interier-inspirace-prirodninou#primaryimage","url":"https:\/\/www.design-award.cz\/wp-content\/uploads\/2022\/04\/vizualizace_1-1.png","contentUrl":"https:\/\/www.design-award.cz\/wp-content\/uploads\/2022\/04\/vizualizace_1-1.png","width":1039,"height":708},{"@type":"BreadcrumbList","@id":"https:\/\/www.design-award.cz\/?portfolio=verejny-interier-inspirace-prirodninou#breadcrumb","itemListElement":[{"@type":"ListItem","position":1,"name":"Dom\u016f","item":"https:\/\/www.design-award.cz\/"},{"@type":"ListItem","position":2,"name":"Portfolio Items","item":"https:\/\/www.design-award.cz\/?post_type=portfolio"},{"@type":"ListItem","position":3,"name":"Ve\u0159ejn\u00fd interi\u00e9r &#8211; Inspirace p\u0159\u00edrodninou"}]},{"@type":"WebSite","@id":"https:\/\/www.design-award.cz\/#website","url":"https:\/\/www.design-award.cz\/","name":"design-award.cz","description":"WARD vznikla v roce 2022. Je ur\u010dena p\u0159edev\u0161\u00edm student\u016fm st\u0159edn\u00edch um\u011bleck\u00fdch \u0161kol (S\u0160 a VO\u0160), kte\u0159\u00ed mohou bezplatn\u011b zaslat sv\u00e9 n\u00e1vrhy v uveden\u00fdch kategori\u00ed a tak pom\u011b\u0159it sv\u00e9 n\u00e1pady s konkurenc\u00ed sv\u00fdch vrstevn\u00edk\u016f. N\u00e1vrhy jsou n\u00e1sledn\u011b posouzeny nez\u00e1vislou porotou z \u0159ad v\u00fdtvarn\u00edk\u016f, pedagog\u016f a profesion\u00e1l\u016f z oboru.","publisher":{"@id":"https:\/\/www.design-award.cz\/#organization"},"potentialAction":[{"@type":"SearchAction","target":{"@type":"EntryPoint","urlTemplate":"https:\/\/www.design-award.cz\/?s={search_term_string}"},"query-input":{"@type":"PropertyValueSpecification","valueRequired":true,"valueName":"search_term_string"}}],"inLanguage":"cs"},{"@type":"Organization","@id":"https:\/\/www.design-award.cz\/#organization","name":"Design Award","url":"https:\/\/www.design-award.cz\/","logo":{"@type":"ImageObject","inLanguage":"cs","@id":"https:\/\/www.design-award.cz\/#\/schema\/logo\/image\/","url":"http:\/\/www.design-award.cz\/wp-content\/uploads\/2021\/12\/hornilogo_design-award.png","contentUrl":"http:\/\/www.design-award.cz\/wp-content\/uploads\/2021\/12\/hornilogo_design-award.png","width":800,"height":600,"caption":"Design Award"},"image":{"@id":"https:\/\/www.design-award.cz\/#\/schema\/logo\/image\/"},"sameAs":["https:\/\/www.instagram.com\/design_award\/"]}]}},"_links":{"self":[{"href":"https:\/\/www.design-award.cz\/index.php?rest_route=\/wp\/v2\/portfolio\/1359","targetHints":{"allow":["GET"]}}],"collection":[{"href":"https:\/\/www.design-award.cz\/index.php?rest_route=\/wp\/v2\/portfolio"}],"about":[{"href":"https:\/\/www.design-award.cz\/index.php?rest_route=\/wp\/v2\/types\/portfolio"}],"author":[{"embeddable":true,"href":"https:\/\/www.design-award.cz\/index.php?rest_route=\/wp\/v2\/users\/1"}],"replies":[{"embeddable":true,"href":"https:\/\/www.design-award.cz\/index.php?rest_route=%2Fwp%2Fv2%2Fcomments&post=1359"}],"version-history":[{"count":1,"href":"https:\/\/www.design-award.cz\/index.php?rest_route=\/wp\/v2\/portfolio\/1359\/revisions"}],"predecessor-version":[{"id":1423,"href":"https:\/\/www.design-award.cz\/index.php?rest_route=\/wp\/v2\/portfolio\/1359\/revisions\/1423"}],"wp:featuredmedia":[{"embeddable":true,"href":"https:\/\/www.design-award.cz\/index.php?rest_route=\/wp\/v2\/media\/1361"}],"wp:attachment":[{"href":"https:\/\/www.design-award.cz\/index.php?rest_route=%2Fwp%2Fv2%2Fmedia&parent=1359"}],"wp:term":[{"taxonomy":"portfolio_category","embeddable":true,"href":"https:\/\/www.design-award.cz\/index.php?rest_route=%2Fwp%2Fv2%2Fportfolio_category&post=1359"},{"taxonomy":"portfolio_tag","embeddable":true,"href":"https:\/\/www.design-award.cz\/index.php?rest_route=%2Fwp%2Fv2%2Fportfolio_tag&post=1359"}],"curies":[{"name":"wp","href":"https:\/\/api.w.org\/{rel}","templated":true}]}}