{"id":1432,"date":"2022-04-30T20:02:00","date_gmt":"2022-04-30T20:02:00","guid":{"rendered":"https:\/\/www.design-award.cz\/?post_type=portfolio&#038;p=1432"},"modified":"2022-04-30T21:07:49","modified_gmt":"2022-04-30T21:07:49","slug":"produktovy-design-svitidlo-duo-light","status":"publish","type":"portfolio","link":"https:\/\/www.design-award.cz\/?portfolio=produktovy-design-svitidlo-duo-light","title":{"rendered":"Produktov\u00fd design &#8211; Sv\u00edtidlo Duo-light"},"content":{"rendered":"\n<h2 class=\"wp-block-heading\">Pavl\u00edna \u0160mrhov\u00e1<\/h2>\n\n\n\n<p>St\u0159edn\u00ed odborn\u00e1 \u0161kola obchodu, u\u017eit\u00e9ho um\u011bn\u00ed a designu, Nerudova 33, Plze\u0148<\/p>\n\n\n\n<p>Sv\u00edtidlo do soukrom\u00e9ho interi\u00e9ru<\/p>\n\n\n\n<p>Zad\u00e1n\u00edm m\u00e9 pr\u00e1ce bylo navrhout funk\u010dn\u00ed model sv\u00edtidla. Moje inspirace \u010derpala z pro m\u011b nezn\u00e1m\u00e9ho materi\u00e1lu epoxidov\u00e9 prysky\u0159ice. Prysky\u0159ice je velmi r\u016fznorod\u00fd materi\u00e1l s velkou \u0161k\u00e1lou vyu\u017eit\u00ed. Tv\u00e1rnost prysky\u0159ice mi umo\u017enila vytv\u00e1\u0159et asymetrick\u00e9 tvary, kter\u00e9 slou\u017e\u00ed jako st\u00ednidlo. Celek je sestaven z kv\u00e1dru dubov\u00e9ho hranolu a vytvrdl\u00e9 prysky\u0159ice. D\u00e1le je pou\u017eita obj\u00edmka s \u017e\u00e1rovkou a elektrick\u00fd kabel, kter\u00fd je obh\u00e1\u010dkov\u00e1n\u00fd barevn\u00fdmi bavlnkami.<\/p>\n\n\n\n<p>Pou\u017eila jsem prysky\u0159ici typu Veropal Art 430, kter\u00e1 sv\u00fdmi vlastnostmi vyhovovala po\u017eadavk\u016fm. Veropal Art 430, takzvan\u00e1 um\u011bleck\u00e1 prysky\u0159ice, je hojn\u011b pou\u017e\u00edvan\u00e1 d\u00edky sv\u00e9 UV odolnosti. Tvrd\u00fd povrch s minim\u00e1ln\u00edm smr\u0161t\u011bn\u00edm a vysok\u00fdm leskem vytv\u00e1\u0159\u00ed perfektn\u00ed volbu pro st\u00ednidlo. Prysky\u0159ice byla skv\u011blou volbou, proto\u017ee vydr\u017e\u00ed elektrick\u00fd zkrat. Postup v\u00fdroby prysky\u0159ice byl takov\u00fd, \u017ee jsem si na plastovou f\u00f3lii vylila prysky\u0159ici barvenou pr\u00e1\u0161kov\u00fdmi pigmenty, kterou jsem n\u011bkolik hodin nechala vytvrdnout. Po n\u011bkolika hodin\u00e1ch, kdy prysky\u0159ice nen\u00ed \u00fapln\u011b vytvrdl\u00e1, ale u\u017e se nelep\u00ed, jsem ji ohnula do prav\u00e9ho \u00fahlu a nebo vytvo\u0159ila v\u00e1lec. Dal\u0161\u00edm krokem bylo nechat prysky\u0159ici vytvrdnout do sv\u00e9ho tvrd\u00e9ho st\u00e1dia.<\/p>\n\n\n\n<p>Duo-light se hod\u00ed do soukrom\u00fdch interi\u00e9r\u016f, ale i jako sv\u00edtidlo na no\u010dn\u00ed stolek.<\/p>\n\n\n\n<figure class=\"wp-block-image size-large\"><img decoding=\"async\" width=\"1024\" height=\"724\" data-src=\"http:\/\/www.design-award.cz\/wp-content\/uploads\/2022\/04\/Pavlina_Smrhova_fotky_svitidla_5_A4-1024x724.jpg\" alt=\"\" class=\"wp-image-1437 lazyload\" data-srcset=\"https:\/\/www.design-award.cz\/wp-content\/uploads\/2022\/04\/Pavlina_Smrhova_fotky_svitidla_5_A4-1024x724.jpg 1024w, https:\/\/www.design-award.cz\/wp-content\/uploads\/2022\/04\/Pavlina_Smrhova_fotky_svitidla_5_A4-300x212.jpg 300w, https:\/\/www.design-award.cz\/wp-content\/uploads\/2022\/04\/Pavlina_Smrhova_fotky_svitidla_5_A4-768x543.jpg 768w, https:\/\/www.design-award.cz\/wp-content\/uploads\/2022\/04\/Pavlina_Smrhova_fotky_svitidla_5_A4-1536x1086.jpg 1536w, https:\/\/www.design-award.cz\/wp-content\/uploads\/2022\/04\/Pavlina_Smrhova_fotky_svitidla_5_A4-2048x1448.jpg 2048w, https:\/\/www.design-award.cz\/wp-content\/uploads\/2022\/04\/Pavlina_Smrhova_fotky_svitidla_5_A4-500x353.jpg 500w, https:\/\/www.design-award.cz\/wp-content\/uploads\/2022\/04\/Pavlina_Smrhova_fotky_svitidla_5_A4-800x566.jpg 800w, https:\/\/www.design-award.cz\/wp-content\/uploads\/2022\/04\/Pavlina_Smrhova_fotky_svitidla_5_A4-1280x905.jpg 1280w, https:\/\/www.design-award.cz\/wp-content\/uploads\/2022\/04\/Pavlina_Smrhova_fotky_svitidla_5_A4-1920x1357.jpg 1920w\" data-sizes=\"(max-width: 1024px) 100vw, 1024px\" src=\"data:image\/svg+xml;base64,PHN2ZyB3aWR0aD0iMSIgaGVpZ2h0PSIxIiB4bWxucz0iaHR0cDovL3d3dy53My5vcmcvMjAwMC9zdmciPjwvc3ZnPg==\" style=\"--smush-placeholder-width: 1024px; --smush-placeholder-aspect-ratio: 1024\/724;\" \/><\/figure>\n\n\n\n<figure class=\"wp-block-image size-large\"><img decoding=\"async\" width=\"1024\" height=\"724\" data-src=\"http:\/\/www.design-award.cz\/wp-content\/uploads\/2022\/04\/Pavlina_Smrhova_fotky_svitidla_3_A4-1024x724.jpg\" alt=\"\" class=\"wp-image-1436 lazyload\" data-srcset=\"https:\/\/www.design-award.cz\/wp-content\/uploads\/2022\/04\/Pavlina_Smrhova_fotky_svitidla_3_A4-1024x724.jpg 1024w, https:\/\/www.design-award.cz\/wp-content\/uploads\/2022\/04\/Pavlina_Smrhova_fotky_svitidla_3_A4-300x212.jpg 300w, https:\/\/www.design-award.cz\/wp-content\/uploads\/2022\/04\/Pavlina_Smrhova_fotky_svitidla_3_A4-768x543.jpg 768w, https:\/\/www.design-award.cz\/wp-content\/uploads\/2022\/04\/Pavlina_Smrhova_fotky_svitidla_3_A4-1536x1086.jpg 1536w, https:\/\/www.design-award.cz\/wp-content\/uploads\/2022\/04\/Pavlina_Smrhova_fotky_svitidla_3_A4-2048x1448.jpg 2048w, https:\/\/www.design-award.cz\/wp-content\/uploads\/2022\/04\/Pavlina_Smrhova_fotky_svitidla_3_A4-500x353.jpg 500w, https:\/\/www.design-award.cz\/wp-content\/uploads\/2022\/04\/Pavlina_Smrhova_fotky_svitidla_3_A4-800x566.jpg 800w, https:\/\/www.design-award.cz\/wp-content\/uploads\/2022\/04\/Pavlina_Smrhova_fotky_svitidla_3_A4-1280x905.jpg 1280w, https:\/\/www.design-award.cz\/wp-content\/uploads\/2022\/04\/Pavlina_Smrhova_fotky_svitidla_3_A4-1920x1357.jpg 1920w\" data-sizes=\"(max-width: 1024px) 100vw, 1024px\" src=\"data:image\/svg+xml;base64,PHN2ZyB3aWR0aD0iMSIgaGVpZ2h0PSIxIiB4bWxucz0iaHR0cDovL3d3dy53My5vcmcvMjAwMC9zdmciPjwvc3ZnPg==\" style=\"--smush-placeholder-width: 1024px; --smush-placeholder-aspect-ratio: 1024\/724;\" \/><\/figure>\n\n\n\n<figure class=\"wp-block-image size-large\"><img decoding=\"async\" width=\"1024\" height=\"724\" data-src=\"http:\/\/www.design-award.cz\/wp-content\/uploads\/2022\/04\/Pavlina_Smrhova_fotky_svitidla_1_A4-1024x724.jpg\" alt=\"\" class=\"wp-image-1434 lazyload\" data-srcset=\"https:\/\/www.design-award.cz\/wp-content\/uploads\/2022\/04\/Pavlina_Smrhova_fotky_svitidla_1_A4-1024x724.jpg 1024w, https:\/\/www.design-award.cz\/wp-content\/uploads\/2022\/04\/Pavlina_Smrhova_fotky_svitidla_1_A4-300x212.jpg 300w, https:\/\/www.design-award.cz\/wp-content\/uploads\/2022\/04\/Pavlina_Smrhova_fotky_svitidla_1_A4-768x543.jpg 768w, https:\/\/www.design-award.cz\/wp-content\/uploads\/2022\/04\/Pavlina_Smrhova_fotky_svitidla_1_A4-1536x1086.jpg 1536w, https:\/\/www.design-award.cz\/wp-content\/uploads\/2022\/04\/Pavlina_Smrhova_fotky_svitidla_1_A4-2048x1448.jpg 2048w, https:\/\/www.design-award.cz\/wp-content\/uploads\/2022\/04\/Pavlina_Smrhova_fotky_svitidla_1_A4-500x353.jpg 500w, https:\/\/www.design-award.cz\/wp-content\/uploads\/2022\/04\/Pavlina_Smrhova_fotky_svitidla_1_A4-800x566.jpg 800w, https:\/\/www.design-award.cz\/wp-content\/uploads\/2022\/04\/Pavlina_Smrhova_fotky_svitidla_1_A4-1280x905.jpg 1280w, https:\/\/www.design-award.cz\/wp-content\/uploads\/2022\/04\/Pavlina_Smrhova_fotky_svitidla_1_A4-1920x1357.jpg 1920w\" data-sizes=\"(max-width: 1024px) 100vw, 1024px\" src=\"data:image\/svg+xml;base64,PHN2ZyB3aWR0aD0iMSIgaGVpZ2h0PSIxIiB4bWxucz0iaHR0cDovL3d3dy53My5vcmcvMjAwMC9zdmciPjwvc3ZnPg==\" style=\"--smush-placeholder-width: 1024px; --smush-placeholder-aspect-ratio: 1024\/724;\" \/><\/figure>\n\n\n\n<figure class=\"wp-block-image size-large\"><img decoding=\"async\" width=\"1024\" height=\"724\" data-src=\"http:\/\/www.design-award.cz\/wp-content\/uploads\/2022\/04\/Pavlina_Smrhova_fotky_svitidla_2_A4-1024x724.jpg\" alt=\"\" class=\"wp-image-1435 lazyload\" data-srcset=\"https:\/\/www.design-award.cz\/wp-content\/uploads\/2022\/04\/Pavlina_Smrhova_fotky_svitidla_2_A4-1024x724.jpg 1024w, https:\/\/www.design-award.cz\/wp-content\/uploads\/2022\/04\/Pavlina_Smrhova_fotky_svitidla_2_A4-300x212.jpg 300w, https:\/\/www.design-award.cz\/wp-content\/uploads\/2022\/04\/Pavlina_Smrhova_fotky_svitidla_2_A4-768x543.jpg 768w, https:\/\/www.design-award.cz\/wp-content\/uploads\/2022\/04\/Pavlina_Smrhova_fotky_svitidla_2_A4-1536x1086.jpg 1536w, https:\/\/www.design-award.cz\/wp-content\/uploads\/2022\/04\/Pavlina_Smrhova_fotky_svitidla_2_A4-2048x1448.jpg 2048w, https:\/\/www.design-award.cz\/wp-content\/uploads\/2022\/04\/Pavlina_Smrhova_fotky_svitidla_2_A4-500x353.jpg 500w, https:\/\/www.design-award.cz\/wp-content\/uploads\/2022\/04\/Pavlina_Smrhova_fotky_svitidla_2_A4-800x566.jpg 800w, https:\/\/www.design-award.cz\/wp-content\/uploads\/2022\/04\/Pavlina_Smrhova_fotky_svitidla_2_A4-1280x905.jpg 1280w, https:\/\/www.design-award.cz\/wp-content\/uploads\/2022\/04\/Pavlina_Smrhova_fotky_svitidla_2_A4-1920x1357.jpg 1920w\" data-sizes=\"(max-width: 1024px) 100vw, 1024px\" src=\"data:image\/svg+xml;base64,PHN2ZyB3aWR0aD0iMSIgaGVpZ2h0PSIxIiB4bWxucz0iaHR0cDovL3d3dy53My5vcmcvMjAwMC9zdmciPjwvc3ZnPg==\" style=\"--smush-placeholder-width: 1024px; --smush-placeholder-aspect-ratio: 1024\/724;\" \/><\/figure>\n\n\n\n<figure class=\"wp-block-image size-large\"><img decoding=\"async\" width=\"1024\" height=\"682\" data-src=\"http:\/\/www.design-award.cz\/wp-content\/uploads\/2022\/04\/Smrhova_svitidlo-1024x682.jpg\" alt=\"\" class=\"wp-image-1438 lazyload\" data-srcset=\"https:\/\/www.design-award.cz\/wp-content\/uploads\/2022\/04\/Smrhova_svitidlo-1024x682.jpg 1024w, https:\/\/www.design-award.cz\/wp-content\/uploads\/2022\/04\/Smrhova_svitidlo-300x200.jpg 300w, https:\/\/www.design-award.cz\/wp-content\/uploads\/2022\/04\/Smrhova_svitidlo-768x511.jpg 768w, https:\/\/www.design-award.cz\/wp-content\/uploads\/2022\/04\/Smrhova_svitidlo-1536x1023.jpg 1536w, https:\/\/www.design-award.cz\/wp-content\/uploads\/2022\/04\/Smrhova_svitidlo-2048x1364.jpg 2048w, https:\/\/www.design-award.cz\/wp-content\/uploads\/2022\/04\/Smrhova_svitidlo-500x333.jpg 500w, https:\/\/www.design-award.cz\/wp-content\/uploads\/2022\/04\/Smrhova_svitidlo-800x533.jpg 800w, https:\/\/www.design-award.cz\/wp-content\/uploads\/2022\/04\/Smrhova_svitidlo-1280x852.jpg 1280w, https:\/\/www.design-award.cz\/wp-content\/uploads\/2022\/04\/Smrhova_svitidlo-1920x1278.jpg 1920w\" data-sizes=\"(max-width: 1024px) 100vw, 1024px\" src=\"data:image\/svg+xml;base64,PHN2ZyB3aWR0aD0iMSIgaGVpZ2h0PSIxIiB4bWxucz0iaHR0cDovL3d3dy53My5vcmcvMjAwMC9zdmciPjwvc3ZnPg==\" style=\"--smush-placeholder-width: 1024px; --smush-placeholder-aspect-ratio: 1024\/682;\" \/><\/figure>\n\n\n<div class=\"wp-block-visual-portfolio\">\n<div class=\"vp-portfolio vp-uid-2ece4a06 vp-id-607\"\n\tdata-vp-layout=\"slider\" data-vp-content-source=\"post-based\" data-vp-items-style=\"fade\" data-vp-items-click-action=\"url\" data-vp-items-gap=\"12\" data-vp-items-gap-vertical=\"\" data-vp-pagination=\"load-more\" data-vp-next-page-url=\"https:\/\/www.design-award.cz\/index.php?rest_route=%2Fwp%2Fv2%2Fportfolio%2F1432&#038;vp_page=2\" data-vp-random-seed=\"3864654144\" data-vp-slider-effect=\"slide\" data-vp-slider-items-height=\"80%\" data-vp-slider-items-min-height=\"\" data-vp-slider-slides-per-view=\"3\" data-vp-slider-speed=\"0.3\" data-vp-slider-autoplay=\"4.8\" data-vp-slider-autoplay-hover-pause=\"false\" data-vp-slider-centered-slides=\"true\" data-vp-slider-loop=\"true\" data-vp-slider-free-mode=\"false\" data-vp-slider-free-mode-sticky=\"false\" data-vp-slider-arrows=\"true\" data-vp-slider-bullets=\"false\" data-vp-slider-bullets-dynamic=\"false\" data-vp-slider-mousewheel=\"false\" data-vp-slider-thumbnails=\"false\" >\n\t<div class=\"vp-portfolio__preloader-wrap\">\n\t\t<div class=\"vp-portfolio__preloader\">\n\t\t\t<img decoding=\"async\" loading=\"eager\" src=\"https:\/\/www.design-award.cz\/wp-content\/plugins\/visual-portfolio\/assets\/images\/logo-dark.svg\" alt=\"Visual Portfolio, Posts &amp; Image Gallery for WordPress\" width=\"20\" height=\"20\" data-skip-lazy>\n\t\t<\/div>\n\t<\/div>\n\t\t<div class=\"vp-portfolio__items-wrap\">\n\t\t\t\n<div class=\"vp-portfolio__items vp-portfolio__items-style-fade vp-portfolio__items-show-overlay-hover\">\n\n\t\t<article\t\tclass=\"vp-portfolio__item-wrap post-3202 portfolio type-portfolio status-publish format-standard has-post-thumbnail hentry entry has-media vp-portfolio__item-uid-b9e30a7a\" data-vp-filter=\"\" \t\t>\n\t\t\t\t\t\t\t\t\t<figure class=\"vp-portfolio__item\">\n\t\t\t\t\n<div class=\"vp-portfolio__item-img-wrap\">\n\t<div class=\"vp-portfolio__item-img\">\n\t\t\t<a\n\t\thref=\"https:\/\/www.design-award.cz\/?portfolio=verejny-interier-bistro-4\"\n\t\t\t>\n\t\n\t\t<noscript><img decoding=\"async\" width=\"1134\" height=\"638\" data-skip-lazy src=\"https:\/\/www.design-award.cz\/wp-content\/uploads\/2024\/04\/render-okno-PLAKAAAAAT.png\" class=\"wp-image-3209\" alt=\"\" srcset=\"https:\/\/www.design-award.cz\/wp-content\/uploads\/2024\/04\/render-okno-PLAKAAAAAT.png 1134w, https:\/\/www.design-award.cz\/wp-content\/uploads\/2024\/04\/render-okno-PLAKAAAAAT-300x169.png 300w, https:\/\/www.design-award.cz\/wp-content\/uploads\/2024\/04\/render-okno-PLAKAAAAAT-1024x576.png 1024w, https:\/\/www.design-award.cz\/wp-content\/uploads\/2024\/04\/render-okno-PLAKAAAAAT-768x432.png 768w, https:\/\/www.design-award.cz\/wp-content\/uploads\/2024\/04\/render-okno-PLAKAAAAAT-500x281.png 500w, https:\/\/www.design-award.cz\/wp-content\/uploads\/2024\/04\/render-okno-PLAKAAAAAT-800x450.png 800w\" sizes=\"(max-width: 1134px) 100vw, 1134px\" \/><\/noscript><img fetchpriority=\"high\" decoding=\"async\" width=\"1134\" height=\"638\" src=\"https:\/\/www.design-award.cz\/wp-content\/uploads\/2024\/04\/render-okno-PLAKAAAAAT.png\" class=\"wp-image-3209 vp-lazyload\" alt srcset=\"data:image\/svg+xml;base64,PHN2ZyB3aWR0aD0iMTEzNCIgaGVpZ2h0PSI2MzgiIHZpZXdCb3g9IjAgMCAxMTM0IDYzOCIgZmlsbD0ibm9uZSIgeG1sbnM9Imh0dHA6Ly93d3cudzMub3JnLzIwMDAvc3ZnIj48L3N2Zz4=\" data-src=\"https:\/\/www.design-award.cz\/wp-content\/uploads\/2024\/04\/render-okno-PLAKAAAAAT.png\" data-srcset=\"https:\/\/www.design-award.cz\/wp-content\/uploads\/2024\/04\/render-okno-PLAKAAAAAT.png 1134w, https:\/\/www.design-award.cz\/wp-content\/uploads\/2024\/04\/render-okno-PLAKAAAAAT-300x169.png 300w, https:\/\/www.design-award.cz\/wp-content\/uploads\/2024\/04\/render-okno-PLAKAAAAAT-1024x576.png 1024w, https:\/\/www.design-award.cz\/wp-content\/uploads\/2024\/04\/render-okno-PLAKAAAAAT-768x432.png 768w, https:\/\/www.design-award.cz\/wp-content\/uploads\/2024\/04\/render-okno-PLAKAAAAAT-500x281.png 500w, https:\/\/www.design-award.cz\/wp-content\/uploads\/2024\/04\/render-okno-PLAKAAAAAT-800x450.png 800w\" data-sizes=\"auto\" loading=\"eager\">\n\t\t<\/a>\t<\/div>\n<\/div>\n\t<figcaption class=\"vp-portfolio__item-overlay vp-portfolio__item-overlay-text-align-center\">\n\t\t<div class=\"vp-portfolio__item-meta-wrap vp-portfolio__custom-scrollbar\">\n\t\t\t\t<a\n\t\thref=\"https:\/\/www.design-award.cz\/?portfolio=verejny-interier-bistro-4\"\n\t\ttabindex=\"-1\" class=\"vp-portfolio__item-meta\" \t>\n\t\n<h2 class=\"vp-portfolio__item-meta-title\">\n\tVe\u0159ejn\u00fd interi\u00e9r &#8211; Bistro<\/h2>\n<\/a>\t\t<\/div>\n\t<\/figcaption>\n\t\t\t<\/figure>\n\t\t\t\t\t<\/article>\n\t\t\n\t\t<article\t\tclass=\"vp-portfolio__item-wrap post-4252 portfolio type-portfolio status-publish format-standard has-post-thumbnail hentry entry has-media vp-portfolio__item-uid-5943c686\" data-vp-filter=\"\" \t\t>\n\t\t\t\t\t\t\t\t\t<figure class=\"vp-portfolio__item\">\n\t\t\t\t\n<div class=\"vp-portfolio__item-img-wrap\">\n\t<div class=\"vp-portfolio__item-img\">\n\t\t\t<a\n\t\thref=\"https:\/\/www.design-award.cz\/?portfolio=soukromy-interier-kubisticky-interier\"\n\t\t\t>\n\t\n\t\t<noscript><img decoding=\"async\" width=\"1182\" height=\"665\" data-skip-lazy src=\"https:\/\/www.design-award.cz\/wp-content\/uploads\/2024\/07\/B4BBAECA-9450-48EA-8E4D-1C7D1F01EFCE_1_105_c1.png\" class=\"wp-image-4307\" alt=\"\" srcset=\"https:\/\/www.design-award.cz\/wp-content\/uploads\/2024\/07\/B4BBAECA-9450-48EA-8E4D-1C7D1F01EFCE_1_105_c1.png 1182w, https:\/\/www.design-award.cz\/wp-content\/uploads\/2024\/07\/B4BBAECA-9450-48EA-8E4D-1C7D1F01EFCE_1_105_c1-300x169.png 300w, https:\/\/www.design-award.cz\/wp-content\/uploads\/2024\/07\/B4BBAECA-9450-48EA-8E4D-1C7D1F01EFCE_1_105_c1-1024x576.png 1024w, https:\/\/www.design-award.cz\/wp-content\/uploads\/2024\/07\/B4BBAECA-9450-48EA-8E4D-1C7D1F01EFCE_1_105_c1-768x432.png 768w, https:\/\/www.design-award.cz\/wp-content\/uploads\/2024\/07\/B4BBAECA-9450-48EA-8E4D-1C7D1F01EFCE_1_105_c1-500x281.png 500w, https:\/\/www.design-award.cz\/wp-content\/uploads\/2024\/07\/B4BBAECA-9450-48EA-8E4D-1C7D1F01EFCE_1_105_c1-800x450.png 800w\" sizes=\"(max-width: 1182px) 100vw, 1182px\" \/><\/noscript><img decoding=\"async\" width=\"1182\" height=\"665\" src=\"https:\/\/www.design-award.cz\/wp-content\/uploads\/2024\/07\/B4BBAECA-9450-48EA-8E4D-1C7D1F01EFCE_1_105_c1.png\" class=\"wp-image-4307 vp-lazyload\" alt srcset=\"data:image\/svg+xml;base64,PHN2ZyB3aWR0aD0iMTE4MiIgaGVpZ2h0PSI2NjUiIHZpZXdCb3g9IjAgMCAxMTgyIDY2NSIgZmlsbD0ibm9uZSIgeG1sbnM9Imh0dHA6Ly93d3cudzMub3JnLzIwMDAvc3ZnIj48L3N2Zz4=\" data-src=\"https:\/\/www.design-award.cz\/wp-content\/uploads\/2024\/07\/B4BBAECA-9450-48EA-8E4D-1C7D1F01EFCE_1_105_c1.png\" data-srcset=\"https:\/\/www.design-award.cz\/wp-content\/uploads\/2024\/07\/B4BBAECA-9450-48EA-8E4D-1C7D1F01EFCE_1_105_c1.png 1182w, https:\/\/www.design-award.cz\/wp-content\/uploads\/2024\/07\/B4BBAECA-9450-48EA-8E4D-1C7D1F01EFCE_1_105_c1-300x169.png 300w, https:\/\/www.design-award.cz\/wp-content\/uploads\/2024\/07\/B4BBAECA-9450-48EA-8E4D-1C7D1F01EFCE_1_105_c1-1024x576.png 1024w, https:\/\/www.design-award.cz\/wp-content\/uploads\/2024\/07\/B4BBAECA-9450-48EA-8E4D-1C7D1F01EFCE_1_105_c1-768x432.png 768w, https:\/\/www.design-award.cz\/wp-content\/uploads\/2024\/07\/B4BBAECA-9450-48EA-8E4D-1C7D1F01EFCE_1_105_c1-500x281.png 500w, https:\/\/www.design-award.cz\/wp-content\/uploads\/2024\/07\/B4BBAECA-9450-48EA-8E4D-1C7D1F01EFCE_1_105_c1-800x450.png 800w\" data-sizes=\"auto\" loading=\"eager\">\n\t\t<\/a>\t<\/div>\n<\/div>\n\t<figcaption class=\"vp-portfolio__item-overlay vp-portfolio__item-overlay-text-align-center\">\n\t\t<div class=\"vp-portfolio__item-meta-wrap vp-portfolio__custom-scrollbar\">\n\t\t\t\t<a\n\t\thref=\"https:\/\/www.design-award.cz\/?portfolio=soukromy-interier-kubisticky-interier\"\n\t\ttabindex=\"-1\" class=\"vp-portfolio__item-meta\" \t>\n\t\n<h2 class=\"vp-portfolio__item-meta-title\">\n\tSoukrom\u00fd interi\u00e9r &#8211; KUBISTICK\u00dd INTERI\u00c9R<\/h2>\n<\/a>\t\t<\/div>\n\t<\/figcaption>\n\t\t\t<\/figure>\n\t\t\t\t\t<\/article>\n\t\t\n\t\t<article\t\tclass=\"vp-portfolio__item-wrap post-1909 portfolio type-portfolio status-publish format-standard has-post-thumbnail hentry portfolio_category-soutezici-2023 entry has-media vp-portfolio__item-uid-886df498\" data-vp-filter=\"soutezici-2023\" \t\t>\n\t\t\t\t\t\t\t\t\t<figure class=\"vp-portfolio__item\">\n\t\t\t\t\n<div class=\"vp-portfolio__item-img-wrap\">\n\t<div class=\"vp-portfolio__item-img\">\n\t\t\t<a\n\t\thref=\"https:\/\/www.design-award.cz\/?portfolio=produktovy-design-apocalypse\"\n\t\t\t>\n\t\n\t\t<noscript><img decoding=\"async\" width=\"1000\" height=\"665\" data-skip-lazy src=\"https:\/\/www.design-award.cz\/wp-content\/uploads\/2023\/04\/IMG1131.jpg\" class=\"wp-image-1912\" alt=\"\" srcset=\"https:\/\/www.design-award.cz\/wp-content\/uploads\/2023\/04\/IMG1131.jpg 1000w, https:\/\/www.design-award.cz\/wp-content\/uploads\/2023\/04\/IMG1131-300x200.jpg 300w, https:\/\/www.design-award.cz\/wp-content\/uploads\/2023\/04\/IMG1131-768x511.jpg 768w, https:\/\/www.design-award.cz\/wp-content\/uploads\/2023\/04\/IMG1131-500x333.jpg 500w, https:\/\/www.design-award.cz\/wp-content\/uploads\/2023\/04\/IMG1131-800x532.jpg 800w\" sizes=\"(max-width: 1000px) 100vw, 1000px\" \/><\/noscript><img decoding=\"async\" width=\"1000\" height=\"665\" src=\"https:\/\/www.design-award.cz\/wp-content\/uploads\/2023\/04\/IMG1131.jpg\" class=\"wp-image-1912 vp-lazyload\" alt srcset=\"data:image\/svg+xml;base64,PHN2ZyB3aWR0aD0iMTAwMCIgaGVpZ2h0PSI2NjUiIHZpZXdCb3g9IjAgMCAxMDAwIDY2NSIgZmlsbD0ibm9uZSIgeG1sbnM9Imh0dHA6Ly93d3cudzMub3JnLzIwMDAvc3ZnIj48L3N2Zz4=\" data-src=\"https:\/\/www.design-award.cz\/wp-content\/uploads\/2023\/04\/IMG1131.jpg\" data-srcset=\"https:\/\/www.design-award.cz\/wp-content\/uploads\/2023\/04\/IMG1131.jpg 1000w, https:\/\/www.design-award.cz\/wp-content\/uploads\/2023\/04\/IMG1131-300x200.jpg 300w, https:\/\/www.design-award.cz\/wp-content\/uploads\/2023\/04\/IMG1131-768x511.jpg 768w, https:\/\/www.design-award.cz\/wp-content\/uploads\/2023\/04\/IMG1131-500x333.jpg 500w, https:\/\/www.design-award.cz\/wp-content\/uploads\/2023\/04\/IMG1131-800x532.jpg 800w\" data-sizes=\"auto\" loading=\"eager\">\n\t\t<\/a>\t<\/div>\n<\/div>\n\t<figcaption class=\"vp-portfolio__item-overlay vp-portfolio__item-overlay-text-align-center\">\n\t\t<div class=\"vp-portfolio__item-meta-wrap vp-portfolio__custom-scrollbar\">\n\t\t\t\t<a\n\t\thref=\"https:\/\/www.design-award.cz\/?portfolio=produktovy-design-apocalypse\"\n\t\ttabindex=\"-1\" class=\"vp-portfolio__item-meta\" \t>\n\t\n<div class=\"vp-portfolio__item-meta-categories\">\n\t\t\t<div class=\"vp-portfolio__item-meta-category\">\n\t\t\t\t<span\t\t\t>\n\tSOUT\u011a\u017d\u00cdC\u00cd 2023<\/span>\t\t<\/div>\n\t\t<\/div>\n\n<h2 class=\"vp-portfolio__item-meta-title\">\n\tProduktov\u00fd design &#8211; Apocalypse<\/h2>\n<\/a>\t\t<\/div>\n\t<\/figcaption>\n\t\t\t<\/figure>\n\t\t\t\t\t<\/article>\n\t\t\n\t\t<article\t\tclass=\"vp-portfolio__item-wrap post-1012 portfolio type-portfolio status-publish format-standard has-post-thumbnail hentry entry has-media vp-portfolio__item-uid-097527de\" data-vp-filter=\"\" \t\t>\n\t\t\t\t\t\t\t\t\t<figure class=\"vp-portfolio__item\">\n\t\t\t\t\n<div class=\"vp-portfolio__item-img-wrap\">\n\t<div class=\"vp-portfolio__item-img\">\n\t\t\t<a\n\t\thref=\"https:\/\/www.design-award.cz\/?portfolio=soukromy-interier-obyvaci-pokoj\"\n\t\t\t>\n\t\n\t\t<noscript><img decoding=\"async\" width=\"1587\" height=\"893\" data-skip-lazy src=\"https:\/\/www.design-award.cz\/wp-content\/uploads\/2022\/04\/vizualizace-01.png\" class=\"wp-image-1013\" alt=\"\" srcset=\"https:\/\/www.design-award.cz\/wp-content\/uploads\/2022\/04\/vizualizace-01.png 1587w, https:\/\/www.design-award.cz\/wp-content\/uploads\/2022\/04\/vizualizace-01-300x169.png 300w, https:\/\/www.design-award.cz\/wp-content\/uploads\/2022\/04\/vizualizace-01-1024x576.png 1024w, https:\/\/www.design-award.cz\/wp-content\/uploads\/2022\/04\/vizualizace-01-768x432.png 768w, https:\/\/www.design-award.cz\/wp-content\/uploads\/2022\/04\/vizualizace-01-1536x864.png 1536w, https:\/\/www.design-award.cz\/wp-content\/uploads\/2022\/04\/vizualizace-01-500x281.png 500w, https:\/\/www.design-award.cz\/wp-content\/uploads\/2022\/04\/vizualizace-01-800x450.png 800w, https:\/\/www.design-award.cz\/wp-content\/uploads\/2022\/04\/vizualizace-01-1280x720.png 1280w\" sizes=\"(max-width: 1587px) 100vw, 1587px\" \/><\/noscript><img decoding=\"async\" width=\"1587\" height=\"893\" src=\"https:\/\/www.design-award.cz\/wp-content\/uploads\/2022\/04\/vizualizace-01.png\" class=\"wp-image-1013 vp-lazyload\" alt srcset=\"data:image\/svg+xml;base64,PHN2ZyB3aWR0aD0iMTU4NyIgaGVpZ2h0PSI4OTMiIHZpZXdCb3g9IjAgMCAxNTg3IDg5MyIgZmlsbD0ibm9uZSIgeG1sbnM9Imh0dHA6Ly93d3cudzMub3JnLzIwMDAvc3ZnIj48L3N2Zz4=\" data-src=\"https:\/\/www.design-award.cz\/wp-content\/uploads\/2022\/04\/vizualizace-01.png\" data-srcset=\"https:\/\/www.design-award.cz\/wp-content\/uploads\/2022\/04\/vizualizace-01.png 1587w, https:\/\/www.design-award.cz\/wp-content\/uploads\/2022\/04\/vizualizace-01-300x169.png 300w, https:\/\/www.design-award.cz\/wp-content\/uploads\/2022\/04\/vizualizace-01-1024x576.png 1024w, https:\/\/www.design-award.cz\/wp-content\/uploads\/2022\/04\/vizualizace-01-768x432.png 768w, https:\/\/www.design-award.cz\/wp-content\/uploads\/2022\/04\/vizualizace-01-1536x864.png 1536w, https:\/\/www.design-award.cz\/wp-content\/uploads\/2022\/04\/vizualizace-01-500x281.png 500w, https:\/\/www.design-award.cz\/wp-content\/uploads\/2022\/04\/vizualizace-01-800x450.png 800w, https:\/\/www.design-award.cz\/wp-content\/uploads\/2022\/04\/vizualizace-01-1280x720.png 1280w\" data-sizes=\"auto\" loading=\"eager\">\n\t\t<\/a>\t<\/div>\n<\/div>\n\t<figcaption class=\"vp-portfolio__item-overlay vp-portfolio__item-overlay-text-align-center\">\n\t\t<div class=\"vp-portfolio__item-meta-wrap vp-portfolio__custom-scrollbar\">\n\t\t\t\t<a\n\t\thref=\"https:\/\/www.design-award.cz\/?portfolio=soukromy-interier-obyvaci-pokoj\"\n\t\ttabindex=\"-1\" class=\"vp-portfolio__item-meta\" \t>\n\t\n<h2 class=\"vp-portfolio__item-meta-title\">\n\tSoukrom\u00fd interi\u00e9r &#8211; Ob\u00fdvac\u00ed pokoj<\/h2>\n<\/a>\t\t<\/div>\n\t<\/figcaption>\n\t\t\t<\/figure>\n\t\t\t\t\t<\/article>\n\t\t\n\t\t<article\t\tclass=\"vp-portfolio__item-wrap post-3730 portfolio type-portfolio status-publish format-standard has-post-thumbnail hentry entry has-media vp-portfolio__item-uid-7a0bfa7e\" data-vp-filter=\"\" \t\t>\n\t\t\t\t\t\t\t\t\t<figure class=\"vp-portfolio__item\">\n\t\t\t\t\n<div class=\"vp-portfolio__item-img-wrap\">\n\t<div class=\"vp-portfolio__item-img\">\n\t\t\t<a\n\t\thref=\"https:\/\/www.design-award.cz\/?portfolio=verejny-interier-klauzurni-prace-vestibul-skoly\"\n\t\t\t>\n\t\n\t\t<noscript><img decoding=\"async\" width=\"1417\" height=\"1984\" data-skip-lazy src=\"https:\/\/www.design-award.cz\/wp-content\/uploads\/2024\/06\/plakat-klauzura.jpg\" class=\"wp-image-3749\" alt=\"\" srcset=\"https:\/\/www.design-award.cz\/wp-content\/uploads\/2024\/06\/plakat-klauzura.jpg 1417w, https:\/\/www.design-award.cz\/wp-content\/uploads\/2024\/06\/plakat-klauzura-214x300.jpg 214w, https:\/\/www.design-award.cz\/wp-content\/uploads\/2024\/06\/plakat-klauzura-731x1024.jpg 731w, https:\/\/www.design-award.cz\/wp-content\/uploads\/2024\/06\/plakat-klauzura-768x1075.jpg 768w, https:\/\/www.design-award.cz\/wp-content\/uploads\/2024\/06\/plakat-klauzura-1097x1536.jpg 1097w, https:\/\/www.design-award.cz\/wp-content\/uploads\/2024\/06\/plakat-klauzura-500x700.jpg 500w, https:\/\/www.design-award.cz\/wp-content\/uploads\/2024\/06\/plakat-klauzura-800x1120.jpg 800w, https:\/\/www.design-award.cz\/wp-content\/uploads\/2024\/06\/plakat-klauzura-1280x1792.jpg 1280w\" sizes=\"(max-width: 1417px) 100vw, 1417px\" \/><\/noscript><img decoding=\"async\" width=\"1417\" height=\"1984\" src=\"https:\/\/www.design-award.cz\/wp-content\/uploads\/2024\/06\/plakat-klauzura.jpg\" class=\"wp-image-3749 vp-lazyload\" alt srcset=\"data:image\/svg+xml;base64,PHN2ZyB3aWR0aD0iMTQxNyIgaGVpZ2h0PSIxOTg0IiB2aWV3Qm94PSIwIDAgMTQxNyAxOTg0IiBmaWxsPSJub25lIiB4bWxucz0iaHR0cDovL3d3dy53My5vcmcvMjAwMC9zdmciPjwvc3ZnPg==\" data-src=\"https:\/\/www.design-award.cz\/wp-content\/uploads\/2024\/06\/plakat-klauzura.jpg\" data-srcset=\"https:\/\/www.design-award.cz\/wp-content\/uploads\/2024\/06\/plakat-klauzura.jpg 1417w, https:\/\/www.design-award.cz\/wp-content\/uploads\/2024\/06\/plakat-klauzura-214x300.jpg 214w, https:\/\/www.design-award.cz\/wp-content\/uploads\/2024\/06\/plakat-klauzura-731x1024.jpg 731w, https:\/\/www.design-award.cz\/wp-content\/uploads\/2024\/06\/plakat-klauzura-768x1075.jpg 768w, https:\/\/www.design-award.cz\/wp-content\/uploads\/2024\/06\/plakat-klauzura-1097x1536.jpg 1097w, https:\/\/www.design-award.cz\/wp-content\/uploads\/2024\/06\/plakat-klauzura-500x700.jpg 500w, https:\/\/www.design-award.cz\/wp-content\/uploads\/2024\/06\/plakat-klauzura-800x1120.jpg 800w, https:\/\/www.design-award.cz\/wp-content\/uploads\/2024\/06\/plakat-klauzura-1280x1792.jpg 1280w\" data-sizes=\"auto\" loading=\"eager\">\n\t\t<\/a>\t<\/div>\n<\/div>\n\t<figcaption class=\"vp-portfolio__item-overlay vp-portfolio__item-overlay-text-align-center\">\n\t\t<div class=\"vp-portfolio__item-meta-wrap vp-portfolio__custom-scrollbar\">\n\t\t\t\t<a\n\t\thref=\"https:\/\/www.design-award.cz\/?portfolio=verejny-interier-klauzurni-prace-vestibul-skoly\"\n\t\ttabindex=\"-1\" class=\"vp-portfolio__item-meta\" \t>\n\t\n<h2 class=\"vp-portfolio__item-meta-title\">\n\tVe\u0159ejn\u00fd interi\u00e9r &#8211; Klauzurn\u00ed pr\u00e1ce- vestibul \u0161koly<\/h2>\n<\/a>\t\t<\/div>\n\t<\/figcaption>\n\t\t\t<\/figure>\n\t\t\t\t\t<\/article>\n\t\t\n\t\t<article\t\tclass=\"vp-portfolio__item-wrap post-3055 portfolio type-portfolio status-publish format-standard has-post-thumbnail hentry portfolio_category-soutezici-2024 entry has-media vp-portfolio__item-uid-5974bff2\" data-vp-filter=\"soutezici-2024\" \t\t>\n\t\t\t\t\t\t\t\t\t<figure class=\"vp-portfolio__item\">\n\t\t\t\t\n<div class=\"vp-portfolio__item-img-wrap\">\n\t<div class=\"vp-portfolio__item-img\">\n\t\t\t<a\n\t\thref=\"https:\/\/www.design-award.cz\/?portfolio=produktovy-design-wooden-duet\"\n\t\t\t>\n\t\n\t\t<noscript><img decoding=\"async\" width=\"1920\" height=\"1080\" data-skip-lazy src=\"https:\/\/www.design-award.cz\/wp-content\/uploads\/2024\/02\/5-1920x1080.jpg\" class=\"wp-image-3056\" alt=\"\" srcset=\"https:\/\/www.design-award.cz\/wp-content\/uploads\/2024\/02\/5-1920x1080.jpg 1920w, https:\/\/www.design-award.cz\/wp-content\/uploads\/2024\/02\/5-300x169.jpg 300w, https:\/\/www.design-award.cz\/wp-content\/uploads\/2024\/02\/5-1024x576.jpg 1024w, https:\/\/www.design-award.cz\/wp-content\/uploads\/2024\/02\/5-768x432.jpg 768w, https:\/\/www.design-award.cz\/wp-content\/uploads\/2024\/02\/5-1536x864.jpg 1536w, https:\/\/www.design-award.cz\/wp-content\/uploads\/2024\/02\/5-2048x1152.jpg 2048w, https:\/\/www.design-award.cz\/wp-content\/uploads\/2024\/02\/5-500x281.jpg 500w, https:\/\/www.design-award.cz\/wp-content\/uploads\/2024\/02\/5-800x450.jpg 800w, https:\/\/www.design-award.cz\/wp-content\/uploads\/2024\/02\/5-1280x720.jpg 1280w\" sizes=\"(max-width: 1920px) 100vw, 1920px\" \/><\/noscript><img decoding=\"async\" width=\"1920\" height=\"1080\" src=\"https:\/\/www.design-award.cz\/wp-content\/uploads\/2024\/02\/5-1920x1080.jpg\" class=\"wp-image-3056 vp-lazyload\" alt srcset=\"data:image\/svg+xml;base64,PHN2ZyB3aWR0aD0iMTkyMCIgaGVpZ2h0PSIxMDgwIiB2aWV3Qm94PSIwIDAgMTkyMCAxMDgwIiBmaWxsPSJub25lIiB4bWxucz0iaHR0cDovL3d3dy53My5vcmcvMjAwMC9zdmciPjwvc3ZnPg==\" data-src=\"https:\/\/www.design-award.cz\/wp-content\/uploads\/2024\/02\/5-1920x1080.jpg\" data-srcset=\"https:\/\/www.design-award.cz\/wp-content\/uploads\/2024\/02\/5-1920x1080.jpg 1920w, https:\/\/www.design-award.cz\/wp-content\/uploads\/2024\/02\/5-300x169.jpg 300w, https:\/\/www.design-award.cz\/wp-content\/uploads\/2024\/02\/5-1024x576.jpg 1024w, https:\/\/www.design-award.cz\/wp-content\/uploads\/2024\/02\/5-768x432.jpg 768w, https:\/\/www.design-award.cz\/wp-content\/uploads\/2024\/02\/5-1536x864.jpg 1536w, https:\/\/www.design-award.cz\/wp-content\/uploads\/2024\/02\/5-2048x1152.jpg 2048w, https:\/\/www.design-award.cz\/wp-content\/uploads\/2024\/02\/5-500x281.jpg 500w, https:\/\/www.design-award.cz\/wp-content\/uploads\/2024\/02\/5-800x450.jpg 800w, https:\/\/www.design-award.cz\/wp-content\/uploads\/2024\/02\/5-1280x720.jpg 1280w\" data-sizes=\"auto\" loading=\"eager\">\n\t\t<\/a>\t<\/div>\n<\/div>\n\t<figcaption class=\"vp-portfolio__item-overlay vp-portfolio__item-overlay-text-align-center\">\n\t\t<div class=\"vp-portfolio__item-meta-wrap vp-portfolio__custom-scrollbar\">\n\t\t\t\t<a\n\t\thref=\"https:\/\/www.design-award.cz\/?portfolio=produktovy-design-wooden-duet\"\n\t\ttabindex=\"-1\" class=\"vp-portfolio__item-meta\" \t>\n\t\n<div class=\"vp-portfolio__item-meta-categories\">\n\t\t\t<div class=\"vp-portfolio__item-meta-category\">\n\t\t\t\t<span\t\t\t>\n\tSOUT\u011a\u017d\u00cdC\u00cd 2024<\/span>\t\t<\/div>\n\t\t<\/div>\n\n<h2 class=\"vp-portfolio__item-meta-title\">\n\tProduktov\u00fd design &#8211; Wooden Duet<\/h2>\n<\/a>\t\t<\/div>\n\t<\/figcaption>\n\t\t\t<\/figure>\n\t\t\t\t\t<\/article>\n\t\t\n\t\t<article\t\tclass=\"vp-portfolio__item-wrap post-3823 portfolio type-portfolio status-publish format-standard has-post-thumbnail hentry entry has-media vp-portfolio__item-uid-f145ddb8\" data-vp-filter=\"\" \t\t>\n\t\t\t\t\t\t\t\t\t<figure class=\"vp-portfolio__item\">\n\t\t\t\t\n<div class=\"vp-portfolio__item-img-wrap\">\n\t<div class=\"vp-portfolio__item-img\">\n\t\t\t<a\n\t\thref=\"https:\/\/www.design-award.cz\/?portfolio=verejny-interier-vyhlidka-2\"\n\t\t\t>\n\t\n\t\t<noscript><img decoding=\"async\" width=\"1920\" height=\"1080\" data-skip-lazy src=\"https:\/\/www.design-award.cz\/wp-content\/uploads\/2024\/06\/Vyhlidka_viz3-1.jpg\" class=\"wp-image-3914\" alt=\"\" srcset=\"https:\/\/www.design-award.cz\/wp-content\/uploads\/2024\/06\/Vyhlidka_viz3-1.jpg 1920w, https:\/\/www.design-award.cz\/wp-content\/uploads\/2024\/06\/Vyhlidka_viz3-1-300x169.jpg 300w, https:\/\/www.design-award.cz\/wp-content\/uploads\/2024\/06\/Vyhlidka_viz3-1-1024x576.jpg 1024w, https:\/\/www.design-award.cz\/wp-content\/uploads\/2024\/06\/Vyhlidka_viz3-1-768x432.jpg 768w, https:\/\/www.design-award.cz\/wp-content\/uploads\/2024\/06\/Vyhlidka_viz3-1-1536x864.jpg 1536w, https:\/\/www.design-award.cz\/wp-content\/uploads\/2024\/06\/Vyhlidka_viz3-1-500x281.jpg 500w, https:\/\/www.design-award.cz\/wp-content\/uploads\/2024\/06\/Vyhlidka_viz3-1-800x450.jpg 800w, https:\/\/www.design-award.cz\/wp-content\/uploads\/2024\/06\/Vyhlidka_viz3-1-1280x720.jpg 1280w\" sizes=\"(max-width: 1920px) 100vw, 1920px\" \/><\/noscript><img decoding=\"async\" width=\"1920\" height=\"1080\" src=\"https:\/\/www.design-award.cz\/wp-content\/uploads\/2024\/06\/Vyhlidka_viz3-1.jpg\" class=\"wp-image-3914 vp-lazyload\" alt srcset=\"data:image\/svg+xml;base64,PHN2ZyB3aWR0aD0iMTkyMCIgaGVpZ2h0PSIxMDgwIiB2aWV3Qm94PSIwIDAgMTkyMCAxMDgwIiBmaWxsPSJub25lIiB4bWxucz0iaHR0cDovL3d3dy53My5vcmcvMjAwMC9zdmciPjwvc3ZnPg==\" data-src=\"https:\/\/www.design-award.cz\/wp-content\/uploads\/2024\/06\/Vyhlidka_viz3-1.jpg\" data-srcset=\"https:\/\/www.design-award.cz\/wp-content\/uploads\/2024\/06\/Vyhlidka_viz3-1.jpg 1920w, https:\/\/www.design-award.cz\/wp-content\/uploads\/2024\/06\/Vyhlidka_viz3-1-300x169.jpg 300w, https:\/\/www.design-award.cz\/wp-content\/uploads\/2024\/06\/Vyhlidka_viz3-1-1024x576.jpg 1024w, https:\/\/www.design-award.cz\/wp-content\/uploads\/2024\/06\/Vyhlidka_viz3-1-768x432.jpg 768w, https:\/\/www.design-award.cz\/wp-content\/uploads\/2024\/06\/Vyhlidka_viz3-1-1536x864.jpg 1536w, https:\/\/www.design-award.cz\/wp-content\/uploads\/2024\/06\/Vyhlidka_viz3-1-500x281.jpg 500w, https:\/\/www.design-award.cz\/wp-content\/uploads\/2024\/06\/Vyhlidka_viz3-1-800x450.jpg 800w, https:\/\/www.design-award.cz\/wp-content\/uploads\/2024\/06\/Vyhlidka_viz3-1-1280x720.jpg 1280w\" data-sizes=\"auto\" loading=\"eager\">\n\t\t<\/a>\t<\/div>\n<\/div>\n\t<figcaption class=\"vp-portfolio__item-overlay vp-portfolio__item-overlay-text-align-center\">\n\t\t<div class=\"vp-portfolio__item-meta-wrap vp-portfolio__custom-scrollbar\">\n\t\t\t\t<a\n\t\thref=\"https:\/\/www.design-award.cz\/?portfolio=verejny-interier-vyhlidka-2\"\n\t\ttabindex=\"-1\" class=\"vp-portfolio__item-meta\" \t>\n\t\n<h2 class=\"vp-portfolio__item-meta-title\">\n\tVe\u0159ejn\u00fd interi\u00e9r &#8211; Vyhl\u00eddka<\/h2>\n<\/a>\t\t<\/div>\n\t<\/figcaption>\n\t\t\t<\/figure>\n\t\t\t\t\t<\/article>\n\t\t\n\t\t<article\t\tclass=\"vp-portfolio__item-wrap post-3780 portfolio type-portfolio status-publish format-standard has-post-thumbnail hentry entry has-media vp-portfolio__item-uid-99ff23b5\" data-vp-filter=\"\" \t\t>\n\t\t\t\t\t\t\t\t\t<figure class=\"vp-portfolio__item\">\n\t\t\t\t\n<div class=\"vp-portfolio__item-img-wrap\">\n\t<div class=\"vp-portfolio__item-img\">\n\t\t\t<a\n\t\thref=\"https:\/\/www.design-award.cz\/?portfolio=soukromy-interier-rodinny-dum\"\n\t\t\t>\n\t\n\t\t<noscript><img decoding=\"async\" width=\"1115\" height=\"767\" data-skip-lazy src=\"https:\/\/www.design-award.cz\/wp-content\/uploads\/2024\/06\/2-1.jpg\" class=\"wp-image-3812\" alt=\"\" srcset=\"https:\/\/www.design-award.cz\/wp-content\/uploads\/2024\/06\/2-1.jpg 1115w, https:\/\/www.design-award.cz\/wp-content\/uploads\/2024\/06\/2-1-300x206.jpg 300w, https:\/\/www.design-award.cz\/wp-content\/uploads\/2024\/06\/2-1-1024x704.jpg 1024w, https:\/\/www.design-award.cz\/wp-content\/uploads\/2024\/06\/2-1-768x528.jpg 768w, https:\/\/www.design-award.cz\/wp-content\/uploads\/2024\/06\/2-1-500x344.jpg 500w, https:\/\/www.design-award.cz\/wp-content\/uploads\/2024\/06\/2-1-800x550.jpg 800w\" sizes=\"(max-width: 1115px) 100vw, 1115px\" \/><\/noscript><img decoding=\"async\" width=\"1115\" height=\"767\" src=\"https:\/\/www.design-award.cz\/wp-content\/uploads\/2024\/06\/2-1.jpg\" class=\"wp-image-3812 vp-lazyload\" alt srcset=\"data:image\/svg+xml;base64,PHN2ZyB3aWR0aD0iMTExNSIgaGVpZ2h0PSI3NjciIHZpZXdCb3g9IjAgMCAxMTE1IDc2NyIgZmlsbD0ibm9uZSIgeG1sbnM9Imh0dHA6Ly93d3cudzMub3JnLzIwMDAvc3ZnIj48L3N2Zz4=\" data-src=\"https:\/\/www.design-award.cz\/wp-content\/uploads\/2024\/06\/2-1.jpg\" data-srcset=\"https:\/\/www.design-award.cz\/wp-content\/uploads\/2024\/06\/2-1.jpg 1115w, https:\/\/www.design-award.cz\/wp-content\/uploads\/2024\/06\/2-1-300x206.jpg 300w, https:\/\/www.design-award.cz\/wp-content\/uploads\/2024\/06\/2-1-1024x704.jpg 1024w, https:\/\/www.design-award.cz\/wp-content\/uploads\/2024\/06\/2-1-768x528.jpg 768w, https:\/\/www.design-award.cz\/wp-content\/uploads\/2024\/06\/2-1-500x344.jpg 500w, https:\/\/www.design-award.cz\/wp-content\/uploads\/2024\/06\/2-1-800x550.jpg 800w\" data-sizes=\"auto\" loading=\"eager\">\n\t\t<\/a>\t<\/div>\n<\/div>\n\t<figcaption class=\"vp-portfolio__item-overlay vp-portfolio__item-overlay-text-align-center\">\n\t\t<div class=\"vp-portfolio__item-meta-wrap vp-portfolio__custom-scrollbar\">\n\t\t\t\t<a\n\t\thref=\"https:\/\/www.design-award.cz\/?portfolio=soukromy-interier-rodinny-dum\"\n\t\ttabindex=\"-1\" class=\"vp-portfolio__item-meta\" \t>\n\t\n<h2 class=\"vp-portfolio__item-meta-title\">\n\tSoukrom\u00fd interi\u00e9r &#8211; Rodinn\u00fd d\u016fm<\/h2>\n<\/a>\t\t<\/div>\n\t<\/figcaption>\n\t\t\t<\/figure>\n\t\t\t\t\t<\/article>\n\t\t\n<\/div>\n\n<div class=\"vp-portfolio__items-arrow vp-portfolio__items-arrow-prev\" tabindex=\"0\" role=\"button\" aria-label=\"Previous Slide\">\n\t\n<svg class=\"vp-svg-icon\" width=\"20\" height=\"20\" viewBox=\"0 0 20 20\" fill=\"none\" xmlns=\"http:\/\/www.w3.org\/2000\/svg\">\n\t<path d=\"M12 4L6 10L12 16\" stroke=\"currentColor\" stroke-width=\"1.5\" stroke-linecap=\"round\" stroke-linejoin=\"round\" fill=\"transparent\" \/>\n<\/svg>\n<\/div>\n<div class=\"vp-portfolio__items-arrow vp-portfolio__items-arrow-next\" tabindex=\"0\" role=\"button\" aria-label=\"Next Slide\">\n\t\n<svg class=\"vp-svg-icon\" width=\"20\" height=\"20\" viewBox=\"0 0 20 20\" fill=\"none\" xmlns=\"http:\/\/www.w3.org\/2000\/svg\">\n\t<path d=\"M8 4L14 10L8 16\" stroke=\"currentColor\" stroke-width=\"1.5\" stroke-linecap=\"round\" stroke-linejoin=\"round\" fill=\"transparent\" \/>\n<\/svg>\n<\/div>\n\t\t<\/div>\n\t\t\t\t<div class=\"vp-portfolio__layout-elements vp-portfolio__layout-elements-bottom vp-portfolio__layout-elements-align-center\">\n\t\t\t\t<div class=\"vp-portfolio__pagination-wrap\">\n\t\t\n<div class=\"vp-pagination vp-pagination__style-minimal\" data-vp-pagination-type=\"load-more\">\n\t<div class=\"vp-pagination__item\">\n\t\t<a class=\"vp-pagination__load-more\" href=\"https:\/\/www.design-award.cz\/index.php?rest_route=%2Fwp%2Fv2%2Fportfolio%2F1432&#038;vp_page=2\">\n\t\t\t<span>Load More<\/span>\n\t\t\t<span class=\"vp-pagination__load-more-loading\"><span class=\"vp-spinner\"><\/span><span class=\"vp-screen-reader-text\"> Loading More&#8230;<\/span><\/span>\n\t\t\t<span class=\"vp-pagination__load-more-no-more\">You\u2019ve reached the end of the list<\/span>\n\t\t<\/a>\n\t<\/div>\n<\/div>\n\t\t<\/div>\n\t\t\t\t<\/div>\n\t\t\n<\/div>\n<\/div>","protected":false},"excerpt":{"rendered":"<p>Pavl\u00edna \u0160mrhov\u00e1 St\u0159edn\u00ed odborn\u00e1 \u0161kola obchodu, u\u017eit\u00e9ho um\u011bn\u00ed a designu, Nerudova 33, Plze\u0148 Sv\u00edtidlo do soukrom\u00e9ho interi\u00e9ru Zad\u00e1n\u00edm m\u00e9 pr\u00e1ce bylo navrhout funk\u010dn\u00ed model sv\u00edtidla. Moje inspirace \u010derpala z pro m\u011b nezn\u00e1m\u00e9ho materi\u00e1lu epoxidov\u00e9 prysky\u0159ice. Prysky\u0159ice je velmi r\u016fznorod\u00fd materi\u00e1l s velkou \u0161k\u00e1lou vyu\u017eit\u00ed. Tv\u00e1rnost prysky\u0159ice mi umo\u017enila vytv\u00e1\u0159et asymetrick\u00e9 tvary, kter\u00e9 slou\u017e\u00ed jako st\u00ednidlo. [&hellip;]<\/p>\n","protected":false},"author":1,"featured_media":1433,"menu_order":0,"comment_status":"closed","ping_status":"closed","template":"","format":"standard","meta":{"ngg_post_thumbnail":0,"ocean_post_layout":"","ocean_both_sidebars_style":"","ocean_both_sidebars_content_width":0,"ocean_both_sidebars_sidebars_width":0,"ocean_sidebar":"","ocean_second_sidebar":"","ocean_disable_margins":"enable","ocean_add_body_class":"","ocean_shortcode_before_top_bar":"","ocean_shortcode_after_top_bar":"","ocean_shortcode_before_header":"","ocean_shortcode_after_header":"","ocean_has_shortcode":"","ocean_shortcode_after_title":"","ocean_shortcode_before_footer_widgets":"","ocean_shortcode_after_footer_widgets":"","ocean_shortcode_before_footer_bottom":"","ocean_shortcode_after_footer_bottom":"","ocean_display_top_bar":"default","ocean_display_header":"default","ocean_header_style":"","ocean_center_header_left_menu":"","ocean_custom_header_template":"","ocean_custom_logo":0,"ocean_custom_retina_logo":0,"ocean_custom_logo_max_width":0,"ocean_custom_logo_tablet_max_width":0,"ocean_custom_logo_mobile_max_width":0,"ocean_custom_logo_max_height":0,"ocean_custom_logo_tablet_max_height":0,"ocean_custom_logo_mobile_max_height":0,"ocean_header_custom_menu":"","ocean_menu_typo_font_family":"","ocean_menu_typo_font_subset":"","ocean_menu_typo_font_size":0,"ocean_menu_typo_font_size_tablet":0,"ocean_menu_typo_font_size_mobile":0,"ocean_menu_typo_font_size_unit":"px","ocean_menu_typo_font_weight":"","ocean_menu_typo_font_weight_tablet":"","ocean_menu_typo_font_weight_mobile":"","ocean_menu_typo_transform":"","ocean_menu_typo_transform_tablet":"","ocean_menu_typo_transform_mobile":"","ocean_menu_typo_line_height":0,"ocean_menu_typo_line_height_tablet":0,"ocean_menu_typo_line_height_mobile":0,"ocean_menu_typo_line_height_unit":"","ocean_menu_typo_spacing":0,"ocean_menu_typo_spacing_tablet":0,"ocean_menu_typo_spacing_mobile":0,"ocean_menu_typo_spacing_unit":"","ocean_menu_link_color":"","ocean_menu_link_color_hover":"","ocean_menu_link_color_active":"","ocean_menu_link_background":"","ocean_menu_link_hover_background":"","ocean_menu_link_active_background":"","ocean_menu_social_links_bg":"","ocean_menu_social_hover_links_bg":"","ocean_menu_social_links_color":"","ocean_menu_social_hover_links_color":"","ocean_disable_title":"default","ocean_disable_heading":"default","ocean_post_title":"","ocean_post_subheading":"","ocean_post_title_style":"","ocean_post_title_background_color":"","ocean_post_title_background":0,"ocean_post_title_bg_image_position":"","ocean_post_title_bg_image_attachment":"","ocean_post_title_bg_image_repeat":"","ocean_post_title_bg_image_size":"","ocean_post_title_height":0,"ocean_post_title_bg_overlay":0.5,"ocean_post_title_bg_overlay_color":"","ocean_disable_breadcrumbs":"default","ocean_breadcrumbs_color":"","ocean_breadcrumbs_separator_color":"","ocean_breadcrumbs_links_color":"","ocean_breadcrumbs_links_hover_color":"","ocean_display_footer_widgets":"default","ocean_display_footer_bottom":"default","ocean_custom_footer_template":"","_vp_format_video_url":"","_vp_image_focal_point":[],"footnotes":""},"portfolio_category":[],"portfolio_tag":[],"class_list":["post-1432","portfolio","type-portfolio","status-publish","format-standard","has-post-thumbnail","hentry","entry","has-media"],"yoast_head":"<!-- This site is optimized with the Yoast SEO plugin v25.2 - https:\/\/yoast.com\/wordpress\/plugins\/seo\/ -->\n<title>Produktov\u00fd design - Sv\u00edtidlo Duo-light - design-award.cz<\/title>\n<meta name=\"robots\" content=\"index, follow, max-snippet:-1, max-image-preview:large, max-video-preview:-1\" \/>\n<link rel=\"canonical\" href=\"https:\/\/www.design-award.cz\/?portfolio=produktovy-design-svitidlo-duo-light\" \/>\n<meta property=\"og:locale\" content=\"cs_CZ\" \/>\n<meta property=\"og:type\" content=\"article\" \/>\n<meta property=\"og:title\" content=\"Produktov\u00fd design - Sv\u00edtidlo Duo-light - design-award.cz\" \/>\n<meta property=\"og:description\" content=\"Pavl\u00edna \u0160mrhov\u00e1 St\u0159edn\u00ed odborn\u00e1 \u0161kola obchodu, u\u017eit\u00e9ho um\u011bn\u00ed a designu, Nerudova 33, Plze\u0148 Sv\u00edtidlo do soukrom\u00e9ho interi\u00e9ru Zad\u00e1n\u00edm m\u00e9 pr\u00e1ce bylo navrhout funk\u010dn\u00ed model sv\u00edtidla. Moje inspirace \u010derpala z pro m\u011b nezn\u00e1m\u00e9ho materi\u00e1lu epoxidov\u00e9 prysky\u0159ice. Prysky\u0159ice je velmi r\u016fznorod\u00fd materi\u00e1l s velkou \u0161k\u00e1lou vyu\u017eit\u00ed. Tv\u00e1rnost prysky\u0159ice mi umo\u017enila vytv\u00e1\u0159et asymetrick\u00e9 tvary, kter\u00e9 slou\u017e\u00ed jako st\u00ednidlo. [&hellip;]\" \/>\n<meta property=\"og:url\" content=\"https:\/\/www.design-award.cz\/?portfolio=produktovy-design-svitidlo-duo-light\" \/>\n<meta property=\"og:site_name\" content=\"design-award.cz\" \/>\n<meta property=\"article:modified_time\" content=\"2022-04-30T21:07:49+00:00\" \/>\n<meta property=\"og:image\" content=\"http:\/\/www.design-award.cz\/wp-content\/uploads\/2022\/04\/IMG_8225.jpg\" \/>\n\t<meta property=\"og:image:width\" content=\"592\" \/>\n\t<meta property=\"og:image:height\" content=\"842\" \/>\n\t<meta property=\"og:image:type\" content=\"image\/jpeg\" \/>\n<meta name=\"twitter:card\" content=\"summary_large_image\" \/>\n<meta name=\"twitter:label1\" content=\"Odhadovan\u00e1 doba \u010dten\u00ed\" \/>\n\t<meta name=\"twitter:data1\" content=\"3 minuty\" \/>\n<script type=\"application\/ld+json\" class=\"yoast-schema-graph\">{\"@context\":\"https:\/\/schema.org\",\"@graph\":[{\"@type\":\"WebPage\",\"@id\":\"https:\/\/www.design-award.cz\/?portfolio=produktovy-design-svitidlo-duo-light\",\"url\":\"https:\/\/www.design-award.cz\/?portfolio=produktovy-design-svitidlo-duo-light\",\"name\":\"Produktov\u00fd design - Sv\u00edtidlo Duo-light - design-award.cz\",\"isPartOf\":{\"@id\":\"https:\/\/www.design-award.cz\/#website\"},\"primaryImageOfPage\":{\"@id\":\"https:\/\/www.design-award.cz\/?portfolio=produktovy-design-svitidlo-duo-light#primaryimage\"},\"image\":{\"@id\":\"https:\/\/www.design-award.cz\/?portfolio=produktovy-design-svitidlo-duo-light#primaryimage\"},\"thumbnailUrl\":\"https:\/\/www.design-award.cz\/wp-content\/uploads\/2022\/04\/IMG_8225.jpg\",\"datePublished\":\"2022-04-30T20:02:00+00:00\",\"dateModified\":\"2022-04-30T21:07:49+00:00\",\"breadcrumb\":{\"@id\":\"https:\/\/www.design-award.cz\/?portfolio=produktovy-design-svitidlo-duo-light#breadcrumb\"},\"inLanguage\":\"cs\",\"potentialAction\":[{\"@type\":\"ReadAction\",\"target\":[\"https:\/\/www.design-award.cz\/?portfolio=produktovy-design-svitidlo-duo-light\"]}]},{\"@type\":\"ImageObject\",\"inLanguage\":\"cs\",\"@id\":\"https:\/\/www.design-award.cz\/?portfolio=produktovy-design-svitidlo-duo-light#primaryimage\",\"url\":\"https:\/\/www.design-award.cz\/wp-content\/uploads\/2022\/04\/IMG_8225.jpg\",\"contentUrl\":\"https:\/\/www.design-award.cz\/wp-content\/uploads\/2022\/04\/IMG_8225.jpg\",\"width\":592,\"height\":842},{\"@type\":\"BreadcrumbList\",\"@id\":\"https:\/\/www.design-award.cz\/?portfolio=produktovy-design-svitidlo-duo-light#breadcrumb\",\"itemListElement\":[{\"@type\":\"ListItem\",\"position\":1,\"name\":\"Dom\u016f\",\"item\":\"https:\/\/www.design-award.cz\/\"},{\"@type\":\"ListItem\",\"position\":2,\"name\":\"Portfolio Items\",\"item\":\"https:\/\/www.design-award.cz\/?post_type=portfolio\"},{\"@type\":\"ListItem\",\"position\":3,\"name\":\"Produktov\u00fd design &#8211; Sv\u00edtidlo Duo-light\"}]},{\"@type\":\"WebSite\",\"@id\":\"https:\/\/www.design-award.cz\/#website\",\"url\":\"https:\/\/www.design-award.cz\/\",\"name\":\"design-award.cz\",\"description\":\"WARD vznikla v roce 2022. Je ur\u010dena p\u0159edev\u0161\u00edm student\u016fm st\u0159edn\u00edch um\u011bleck\u00fdch \u0161kol (S\u0160 a VO\u0160), kte\u0159\u00ed mohou bezplatn\u011b zaslat sv\u00e9 n\u00e1vrhy v uveden\u00fdch kategori\u00ed a tak pom\u011b\u0159it sv\u00e9 n\u00e1pady s konkurenc\u00ed sv\u00fdch vrstevn\u00edk\u016f. N\u00e1vrhy jsou n\u00e1sledn\u011b posouzeny nez\u00e1vislou porotou z \u0159ad v\u00fdtvarn\u00edk\u016f, pedagog\u016f a profesion\u00e1l\u016f z oboru.\",\"publisher\":{\"@id\":\"https:\/\/www.design-award.cz\/#organization\"},\"potentialAction\":[{\"@type\":\"SearchAction\",\"target\":{\"@type\":\"EntryPoint\",\"urlTemplate\":\"https:\/\/www.design-award.cz\/?s={search_term_string}\"},\"query-input\":{\"@type\":\"PropertyValueSpecification\",\"valueRequired\":true,\"valueName\":\"search_term_string\"}}],\"inLanguage\":\"cs\"},{\"@type\":\"Organization\",\"@id\":\"https:\/\/www.design-award.cz\/#organization\",\"name\":\"Design Award\",\"url\":\"https:\/\/www.design-award.cz\/\",\"logo\":{\"@type\":\"ImageObject\",\"inLanguage\":\"cs\",\"@id\":\"https:\/\/www.design-award.cz\/#\/schema\/logo\/image\/\",\"url\":\"http:\/\/www.design-award.cz\/wp-content\/uploads\/2021\/12\/hornilogo_design-award.png\",\"contentUrl\":\"http:\/\/www.design-award.cz\/wp-content\/uploads\/2021\/12\/hornilogo_design-award.png\",\"width\":800,\"height\":600,\"caption\":\"Design Award\"},\"image\":{\"@id\":\"https:\/\/www.design-award.cz\/#\/schema\/logo\/image\/\"},\"sameAs\":[\"https:\/\/www.instagram.com\/design_award\/\"]}]}<\/script>\n<!-- \/ Yoast SEO plugin. -->","yoast_head_json":{"title":"Produktov\u00fd design - Sv\u00edtidlo Duo-light - design-award.cz","robots":{"index":"index","follow":"follow","max-snippet":"max-snippet:-1","max-image-preview":"max-image-preview:large","max-video-preview":"max-video-preview:-1"},"canonical":"https:\/\/www.design-award.cz\/?portfolio=produktovy-design-svitidlo-duo-light","og_locale":"cs_CZ","og_type":"article","og_title":"Produktov\u00fd design - Sv\u00edtidlo Duo-light - design-award.cz","og_description":"Pavl\u00edna \u0160mrhov\u00e1 St\u0159edn\u00ed odborn\u00e1 \u0161kola obchodu, u\u017eit\u00e9ho um\u011bn\u00ed a designu, Nerudova 33, Plze\u0148 Sv\u00edtidlo do soukrom\u00e9ho interi\u00e9ru Zad\u00e1n\u00edm m\u00e9 pr\u00e1ce bylo navrhout funk\u010dn\u00ed model sv\u00edtidla. Moje inspirace \u010derpala z pro m\u011b nezn\u00e1m\u00e9ho materi\u00e1lu epoxidov\u00e9 prysky\u0159ice. Prysky\u0159ice je velmi r\u016fznorod\u00fd materi\u00e1l s velkou \u0161k\u00e1lou vyu\u017eit\u00ed. Tv\u00e1rnost prysky\u0159ice mi umo\u017enila vytv\u00e1\u0159et asymetrick\u00e9 tvary, kter\u00e9 slou\u017e\u00ed jako st\u00ednidlo. [&hellip;]","og_url":"https:\/\/www.design-award.cz\/?portfolio=produktovy-design-svitidlo-duo-light","og_site_name":"design-award.cz","article_modified_time":"2022-04-30T21:07:49+00:00","og_image":[{"width":592,"height":842,"url":"http:\/\/www.design-award.cz\/wp-content\/uploads\/2022\/04\/IMG_8225.jpg","type":"image\/jpeg"}],"twitter_card":"summary_large_image","twitter_misc":{"Odhadovan\u00e1 doba \u010dten\u00ed":"3 minuty"},"schema":{"@context":"https:\/\/schema.org","@graph":[{"@type":"WebPage","@id":"https:\/\/www.design-award.cz\/?portfolio=produktovy-design-svitidlo-duo-light","url":"https:\/\/www.design-award.cz\/?portfolio=produktovy-design-svitidlo-duo-light","name":"Produktov\u00fd design - Sv\u00edtidlo Duo-light - design-award.cz","isPartOf":{"@id":"https:\/\/www.design-award.cz\/#website"},"primaryImageOfPage":{"@id":"https:\/\/www.design-award.cz\/?portfolio=produktovy-design-svitidlo-duo-light#primaryimage"},"image":{"@id":"https:\/\/www.design-award.cz\/?portfolio=produktovy-design-svitidlo-duo-light#primaryimage"},"thumbnailUrl":"https:\/\/www.design-award.cz\/wp-content\/uploads\/2022\/04\/IMG_8225.jpg","datePublished":"2022-04-30T20:02:00+00:00","dateModified":"2022-04-30T21:07:49+00:00","breadcrumb":{"@id":"https:\/\/www.design-award.cz\/?portfolio=produktovy-design-svitidlo-duo-light#breadcrumb"},"inLanguage":"cs","potentialAction":[{"@type":"ReadAction","target":["https:\/\/www.design-award.cz\/?portfolio=produktovy-design-svitidlo-duo-light"]}]},{"@type":"ImageObject","inLanguage":"cs","@id":"https:\/\/www.design-award.cz\/?portfolio=produktovy-design-svitidlo-duo-light#primaryimage","url":"https:\/\/www.design-award.cz\/wp-content\/uploads\/2022\/04\/IMG_8225.jpg","contentUrl":"https:\/\/www.design-award.cz\/wp-content\/uploads\/2022\/04\/IMG_8225.jpg","width":592,"height":842},{"@type":"BreadcrumbList","@id":"https:\/\/www.design-award.cz\/?portfolio=produktovy-design-svitidlo-duo-light#breadcrumb","itemListElement":[{"@type":"ListItem","position":1,"name":"Dom\u016f","item":"https:\/\/www.design-award.cz\/"},{"@type":"ListItem","position":2,"name":"Portfolio Items","item":"https:\/\/www.design-award.cz\/?post_type=portfolio"},{"@type":"ListItem","position":3,"name":"Produktov\u00fd design &#8211; Sv\u00edtidlo Duo-light"}]},{"@type":"WebSite","@id":"https:\/\/www.design-award.cz\/#website","url":"https:\/\/www.design-award.cz\/","name":"design-award.cz","description":"WARD vznikla v roce 2022. Je ur\u010dena p\u0159edev\u0161\u00edm student\u016fm st\u0159edn\u00edch um\u011bleck\u00fdch \u0161kol (S\u0160 a VO\u0160), kte\u0159\u00ed mohou bezplatn\u011b zaslat sv\u00e9 n\u00e1vrhy v uveden\u00fdch kategori\u00ed a tak pom\u011b\u0159it sv\u00e9 n\u00e1pady s konkurenc\u00ed sv\u00fdch vrstevn\u00edk\u016f. N\u00e1vrhy jsou n\u00e1sledn\u011b posouzeny nez\u00e1vislou porotou z \u0159ad v\u00fdtvarn\u00edk\u016f, pedagog\u016f a profesion\u00e1l\u016f z oboru.","publisher":{"@id":"https:\/\/www.design-award.cz\/#organization"},"potentialAction":[{"@type":"SearchAction","target":{"@type":"EntryPoint","urlTemplate":"https:\/\/www.design-award.cz\/?s={search_term_string}"},"query-input":{"@type":"PropertyValueSpecification","valueRequired":true,"valueName":"search_term_string"}}],"inLanguage":"cs"},{"@type":"Organization","@id":"https:\/\/www.design-award.cz\/#organization","name":"Design Award","url":"https:\/\/www.design-award.cz\/","logo":{"@type":"ImageObject","inLanguage":"cs","@id":"https:\/\/www.design-award.cz\/#\/schema\/logo\/image\/","url":"http:\/\/www.design-award.cz\/wp-content\/uploads\/2021\/12\/hornilogo_design-award.png","contentUrl":"http:\/\/www.design-award.cz\/wp-content\/uploads\/2021\/12\/hornilogo_design-award.png","width":800,"height":600,"caption":"Design Award"},"image":{"@id":"https:\/\/www.design-award.cz\/#\/schema\/logo\/image\/"},"sameAs":["https:\/\/www.instagram.com\/design_award\/"]}]}},"_links":{"self":[{"href":"https:\/\/www.design-award.cz\/index.php?rest_route=\/wp\/v2\/portfolio\/1432","targetHints":{"allow":["GET"]}}],"collection":[{"href":"https:\/\/www.design-award.cz\/index.php?rest_route=\/wp\/v2\/portfolio"}],"about":[{"href":"https:\/\/www.design-award.cz\/index.php?rest_route=\/wp\/v2\/types\/portfolio"}],"author":[{"embeddable":true,"href":"https:\/\/www.design-award.cz\/index.php?rest_route=\/wp\/v2\/users\/1"}],"replies":[{"embeddable":true,"href":"https:\/\/www.design-award.cz\/index.php?rest_route=%2Fwp%2Fv2%2Fcomments&post=1432"}],"version-history":[{"count":1,"href":"https:\/\/www.design-award.cz\/index.php?rest_route=\/wp\/v2\/portfolio\/1432\/revisions"}],"predecessor-version":[{"id":1441,"href":"https:\/\/www.design-award.cz\/index.php?rest_route=\/wp\/v2\/portfolio\/1432\/revisions\/1441"}],"wp:featuredmedia":[{"embeddable":true,"href":"https:\/\/www.design-award.cz\/index.php?rest_route=\/wp\/v2\/media\/1433"}],"wp:attachment":[{"href":"https:\/\/www.design-award.cz\/index.php?rest_route=%2Fwp%2Fv2%2Fmedia&parent=1432"}],"wp:term":[{"taxonomy":"portfolio_category","embeddable":true,"href":"https:\/\/www.design-award.cz\/index.php?rest_route=%2Fwp%2Fv2%2Fportfolio_category&post=1432"},{"taxonomy":"portfolio_tag","embeddable":true,"href":"https:\/\/www.design-award.cz\/index.php?rest_route=%2Fwp%2Fv2%2Fportfolio_tag&post=1432"}],"curies":[{"name":"wp","href":"https:\/\/api.w.org\/{rel}","templated":true}]}}