{"id":1485,"date":"2022-05-02T10:30:58","date_gmt":"2022-05-02T10:30:58","guid":{"rendered":"https:\/\/www.design-award.cz\/?post_type=portfolio&#038;p=1485"},"modified":"2022-12-04T21:29:48","modified_gmt":"2022-12-04T21:29:48","slug":"produktovy-design-udrzitelny-produkt","status":"publish","type":"portfolio","link":"https:\/\/www.design-award.cz\/?portfolio=produktovy-design-udrzitelny-produkt","title":{"rendered":"Produktov\u00fd design &#8211; udr\u017eiteln\u00fd produkt"},"content":{"rendered":"\n<h2 class=\"wp-block-heading\">Tereza Boukalov\u00e1<\/h2>\n\n\n\n<p>MICHAEL \u2013 S\u0160 a VO\u0160 reklamn\u00ed a um\u011bleck\u00e9 tvorby, s.r.o.<\/p>\n\n\n\n<p>Ve \u0161kole jsme dostali jsme za \u00fakol vymyslet udr\u017eiteln\u00fd produkt, kter\u00fd by slou\u017eil bu\u010f v interi\u00e9ru \u010di exteri\u00e9ru a byl by udr\u017eiteln\u00fd. Na konec m\u011bl b\u00fdt produkt stru\u010dn\u011b zn\u00e1zorn\u011bn na plak\u00e1tu. Projekt jsem pojala tak, aby vydr\u017eel na del\u0161\u00ed dobu a mohl ho kdokoliv vyrobit z dom\u00e1c\u00edch materi\u00e1l\u016f. Produkt, kter\u00fd jsem navrhla je ur\u010den do exteri\u00e9ru na sezen\u00ed a k relaxaci. Jako stavbu seda\u010dky jsou pou\u017eity plechov\u00e9 sudy, kter\u00e9 byly vy\u010dist\u011bny a nov\u011b nalakov\u00e1ny. Sed\u00e1ky jsou pou\u017eity z \u010daloun\u011bn\u00e9 star\u00e9 sedac\u00ed soupravy.<\/p>\n\n\n\n<figure class=\"wp-block-image size-large\"><img decoding=\"async\" width=\"724\" height=\"1024\" data-src=\"http:\/\/www.design-award.cz\/wp-content\/uploads\/2022\/05\/udrzitelny-produkt_plakat-724x1024.jpg\" alt=\"\" class=\"wp-image-1490 lazyload\" data-srcset=\"https:\/\/www.design-award.cz\/wp-content\/uploads\/2022\/05\/udrzitelny-produkt_plakat-724x1024.jpg 724w, https:\/\/www.design-award.cz\/wp-content\/uploads\/2022\/05\/udrzitelny-produkt_plakat-212x300.jpg 212w, https:\/\/www.design-award.cz\/wp-content\/uploads\/2022\/05\/udrzitelny-produkt_plakat-768x1086.jpg 768w, https:\/\/www.design-award.cz\/wp-content\/uploads\/2022\/05\/udrzitelny-produkt_plakat-1086x1536.jpg 1086w, https:\/\/www.design-award.cz\/wp-content\/uploads\/2022\/05\/udrzitelny-produkt_plakat-1448x2048.jpg 1448w, https:\/\/www.design-award.cz\/wp-content\/uploads\/2022\/05\/udrzitelny-produkt_plakat-500x707.jpg 500w, https:\/\/www.design-award.cz\/wp-content\/uploads\/2022\/05\/udrzitelny-produkt_plakat-800x1131.jpg 800w, https:\/\/www.design-award.cz\/wp-content\/uploads\/2022\/05\/udrzitelny-produkt_plakat-1280x1810.jpg 1280w, https:\/\/www.design-award.cz\/wp-content\/uploads\/2022\/05\/udrzitelny-produkt_plakat.jpg 1786w\" data-sizes=\"(max-width: 724px) 100vw, 724px\" src=\"data:image\/svg+xml;base64,PHN2ZyB3aWR0aD0iMSIgaGVpZ2h0PSIxIiB4bWxucz0iaHR0cDovL3d3dy53My5vcmcvMjAwMC9zdmciPjwvc3ZnPg==\" style=\"--smush-placeholder-width: 724px; --smush-placeholder-aspect-ratio: 724\/1024;\" \/><\/figure>\n\n\n\n<figure class=\"wp-block-image size-large\"><img decoding=\"async\" width=\"1024\" height=\"768\" data-src=\"http:\/\/www.design-award.cz\/wp-content\/uploads\/2022\/05\/barel-barova-zidle--1024x768.jpg\" alt=\"\" class=\"wp-image-1484 lazyload\" data-srcset=\"https:\/\/www.design-award.cz\/wp-content\/uploads\/2022\/05\/barel-barova-zidle--1024x768.jpg 1024w, https:\/\/www.design-award.cz\/wp-content\/uploads\/2022\/05\/barel-barova-zidle--300x225.jpg 300w, https:\/\/www.design-award.cz\/wp-content\/uploads\/2022\/05\/barel-barova-zidle--768x576.jpg 768w, https:\/\/www.design-award.cz\/wp-content\/uploads\/2022\/05\/barel-barova-zidle--1536x1152.jpg 1536w, https:\/\/www.design-award.cz\/wp-content\/uploads\/2022\/05\/barel-barova-zidle--2048x1536.jpg 2048w, https:\/\/www.design-award.cz\/wp-content\/uploads\/2022\/05\/barel-barova-zidle--500x375.jpg 500w, https:\/\/www.design-award.cz\/wp-content\/uploads\/2022\/05\/barel-barova-zidle--800x600.jpg 800w, https:\/\/www.design-award.cz\/wp-content\/uploads\/2022\/05\/barel-barova-zidle--1280x960.jpg 1280w, https:\/\/www.design-award.cz\/wp-content\/uploads\/2022\/05\/barel-barova-zidle--1920x1440.jpg 1920w\" data-sizes=\"(max-width: 1024px) 100vw, 1024px\" src=\"data:image\/svg+xml;base64,PHN2ZyB3aWR0aD0iMSIgaGVpZ2h0PSIxIiB4bWxucz0iaHR0cDovL3d3dy53My5vcmcvMjAwMC9zdmciPjwvc3ZnPg==\" style=\"--smush-placeholder-width: 1024px; --smush-placeholder-aspect-ratio: 1024\/768;\" \/><\/figure>\n\n\n\n<figure class=\"wp-block-image size-large\"><img decoding=\"async\" width=\"1024\" height=\"724\" data-src=\"http:\/\/www.design-award.cz\/wp-content\/uploads\/2022\/05\/barel-sedacka-skicy-1024x724.jpg\" alt=\"\" class=\"wp-image-1486 lazyload\" data-srcset=\"https:\/\/www.design-award.cz\/wp-content\/uploads\/2022\/05\/barel-sedacka-skicy-1024x724.jpg 1024w, https:\/\/www.design-award.cz\/wp-content\/uploads\/2022\/05\/barel-sedacka-skicy-300x212.jpg 300w, https:\/\/www.design-award.cz\/wp-content\/uploads\/2022\/05\/barel-sedacka-skicy-768x543.jpg 768w, https:\/\/www.design-award.cz\/wp-content\/uploads\/2022\/05\/barel-sedacka-skicy-1536x1086.jpg 1536w, https:\/\/www.design-award.cz\/wp-content\/uploads\/2022\/05\/barel-sedacka-skicy-2048x1448.jpg 2048w, https:\/\/www.design-award.cz\/wp-content\/uploads\/2022\/05\/barel-sedacka-skicy-500x353.jpg 500w, https:\/\/www.design-award.cz\/wp-content\/uploads\/2022\/05\/barel-sedacka-skicy-800x566.jpg 800w, https:\/\/www.design-award.cz\/wp-content\/uploads\/2022\/05\/barel-sedacka-skicy-1280x905.jpg 1280w, https:\/\/www.design-award.cz\/wp-content\/uploads\/2022\/05\/barel-sedacka-skicy-1920x1357.jpg 1920w\" data-sizes=\"(max-width: 1024px) 100vw, 1024px\" src=\"data:image\/svg+xml;base64,PHN2ZyB3aWR0aD0iMSIgaGVpZ2h0PSIxIiB4bWxucz0iaHR0cDovL3d3dy53My5vcmcvMjAwMC9zdmciPjwvc3ZnPg==\" style=\"--smush-placeholder-width: 1024px; --smush-placeholder-aspect-ratio: 1024\/724;\" \/><\/figure>\n\n\n\n<figure class=\"wp-block-image size-large\"><img decoding=\"async\" width=\"1024\" height=\"724\" data-src=\"http:\/\/www.design-award.cz\/wp-content\/uploads\/2022\/05\/barel-zidle-skicy-1024x724.jpg\" alt=\"\" class=\"wp-image-1488 lazyload\" data-srcset=\"https:\/\/www.design-award.cz\/wp-content\/uploads\/2022\/05\/barel-zidle-skicy-1024x724.jpg 1024w, https:\/\/www.design-award.cz\/wp-content\/uploads\/2022\/05\/barel-zidle-skicy-300x212.jpg 300w, https:\/\/www.design-award.cz\/wp-content\/uploads\/2022\/05\/barel-zidle-skicy-768x543.jpg 768w, https:\/\/www.design-award.cz\/wp-content\/uploads\/2022\/05\/barel-zidle-skicy-1536x1086.jpg 1536w, https:\/\/www.design-award.cz\/wp-content\/uploads\/2022\/05\/barel-zidle-skicy-2048x1448.jpg 2048w, https:\/\/www.design-award.cz\/wp-content\/uploads\/2022\/05\/barel-zidle-skicy-500x353.jpg 500w, https:\/\/www.design-award.cz\/wp-content\/uploads\/2022\/05\/barel-zidle-skicy-800x566.jpg 800w, https:\/\/www.design-award.cz\/wp-content\/uploads\/2022\/05\/barel-zidle-skicy-1280x905.jpg 1280w, https:\/\/www.design-award.cz\/wp-content\/uploads\/2022\/05\/barel-zidle-skicy-1920x1357.jpg 1920w\" data-sizes=\"(max-width: 1024px) 100vw, 1024px\" src=\"data:image\/svg+xml;base64,PHN2ZyB3aWR0aD0iMSIgaGVpZ2h0PSIxIiB4bWxucz0iaHR0cDovL3d3dy53My5vcmcvMjAwMC9zdmciPjwvc3ZnPg==\" style=\"--smush-placeholder-width: 1024px; --smush-placeholder-aspect-ratio: 1024\/724;\" \/><\/figure>\n\n\n\n<figure class=\"wp-block-image size-large\"><img decoding=\"async\" width=\"1024\" height=\"724\" data-src=\"http:\/\/www.design-award.cz\/wp-content\/uploads\/2022\/05\/udrzitelny-produkt-technicky-vykres-1024x724.jpg\" alt=\"\" class=\"wp-image-1489 lazyload\" data-srcset=\"https:\/\/www.design-award.cz\/wp-content\/uploads\/2022\/05\/udrzitelny-produkt-technicky-vykres-1024x724.jpg 1024w, https:\/\/www.design-award.cz\/wp-content\/uploads\/2022\/05\/udrzitelny-produkt-technicky-vykres-300x212.jpg 300w, https:\/\/www.design-award.cz\/wp-content\/uploads\/2022\/05\/udrzitelny-produkt-technicky-vykres-768x543.jpg 768w, https:\/\/www.design-award.cz\/wp-content\/uploads\/2022\/05\/udrzitelny-produkt-technicky-vykres-1536x1086.jpg 1536w, https:\/\/www.design-award.cz\/wp-content\/uploads\/2022\/05\/udrzitelny-produkt-technicky-vykres-500x353.jpg 500w, https:\/\/www.design-award.cz\/wp-content\/uploads\/2022\/05\/udrzitelny-produkt-technicky-vykres-800x566.jpg 800w, https:\/\/www.design-award.cz\/wp-content\/uploads\/2022\/05\/udrzitelny-produkt-technicky-vykres-1280x905.jpg 1280w, https:\/\/www.design-award.cz\/wp-content\/uploads\/2022\/05\/udrzitelny-produkt-technicky-vykres.jpg 1754w\" data-sizes=\"(max-width: 1024px) 100vw, 1024px\" src=\"data:image\/svg+xml;base64,PHN2ZyB3aWR0aD0iMSIgaGVpZ2h0PSIxIiB4bWxucz0iaHR0cDovL3d3dy53My5vcmcvMjAwMC9zdmciPjwvc3ZnPg==\" style=\"--smush-placeholder-width: 1024px; --smush-placeholder-aspect-ratio: 1024\/724;\" \/><\/figure>\n\n\n<div class=\"wp-block-visual-portfolio\">\n<div class=\"vp-portfolio vp-uid-2ece4a06 vp-id-607\"\n\tdata-vp-layout=\"slider\" data-vp-content-source=\"post-based\" data-vp-items-style=\"fade\" data-vp-items-click-action=\"url\" data-vp-items-gap=\"12\" data-vp-items-gap-vertical=\"\" data-vp-pagination=\"load-more\" data-vp-next-page-url=\"https:\/\/www.design-award.cz\/index.php?rest_route=%2Fwp%2Fv2%2Fportfolio%2F1485&#038;vp_page=2\" data-vp-random-seed=\"121099254\" data-vp-slider-effect=\"slide\" data-vp-slider-items-height=\"80%\" data-vp-slider-items-min-height=\"\" data-vp-slider-slides-per-view=\"3\" data-vp-slider-speed=\"0.3\" data-vp-slider-autoplay=\"4.8\" data-vp-slider-autoplay-hover-pause=\"false\" data-vp-slider-centered-slides=\"true\" data-vp-slider-loop=\"true\" data-vp-slider-free-mode=\"false\" data-vp-slider-free-mode-sticky=\"false\" data-vp-slider-arrows=\"true\" data-vp-slider-bullets=\"false\" data-vp-slider-bullets-dynamic=\"false\" data-vp-slider-mousewheel=\"false\" data-vp-slider-thumbnails=\"false\" >\n\t<div class=\"vp-portfolio__preloader-wrap\">\n\t\t<div class=\"vp-portfolio__preloader\">\n\t\t\t<img decoding=\"async\" loading=\"eager\" src=\"https:\/\/www.design-award.cz\/wp-content\/plugins\/visual-portfolio\/assets\/images\/logo-dark.svg\" alt=\"Visual Portfolio, Posts &amp; Image Gallery for WordPress\" width=\"20\" height=\"20\" data-skip-lazy>\n\t\t<\/div>\n\t<\/div>\n\t\t<div class=\"vp-portfolio__items-wrap\">\n\t\t\t\n<div class=\"vp-portfolio__items vp-portfolio__items-style-fade vp-portfolio__items-show-overlay-hover\">\n\n\t\t<article\t\tclass=\"vp-portfolio__item-wrap post-5353 portfolio type-portfolio status-publish format-standard has-post-thumbnail hentry entry has-media vp-portfolio__item-uid-973afb42\" data-vp-filter=\"\" \t\t>\n\t\t\t\t\t\t\t\t\t<figure class=\"vp-portfolio__item\">\n\t\t\t\t\n<div class=\"vp-portfolio__item-img-wrap\">\n\t<div class=\"vp-portfolio__item-img\">\n\t\t\t<a\n\t\thref=\"https:\/\/www.design-award.cz\/?portfolio=interierovy-design-byt-ul-trojicka\"\n\t\t\t>\n\t\n\t\t<noscript><img decoding=\"async\" width=\"1920\" height=\"1080\" data-skip-lazy src=\"https:\/\/www.design-award.cz\/wp-content\/uploads\/2025\/06\/IMG_2452-1920x1080.jpg\" class=\"wp-image-5402\" alt=\"\" srcset=\"https:\/\/www.design-award.cz\/wp-content\/uploads\/2025\/06\/IMG_2452-1920x1080.jpg 1920w, https:\/\/www.design-award.cz\/wp-content\/uploads\/2025\/06\/IMG_2452-300x169.jpg 300w, https:\/\/www.design-award.cz\/wp-content\/uploads\/2025\/06\/IMG_2452-1024x576.jpg 1024w, https:\/\/www.design-award.cz\/wp-content\/uploads\/2025\/06\/IMG_2452-768x432.jpg 768w, https:\/\/www.design-award.cz\/wp-content\/uploads\/2025\/06\/IMG_2452-1536x864.jpg 1536w, https:\/\/www.design-award.cz\/wp-content\/uploads\/2025\/06\/IMG_2452-800x450.jpg 800w, https:\/\/www.design-award.cz\/wp-content\/uploads\/2025\/06\/IMG_2452-500x281.jpg 500w, https:\/\/www.design-award.cz\/wp-content\/uploads\/2025\/06\/IMG_2452-1280x720.jpg 1280w, https:\/\/www.design-award.cz\/wp-content\/uploads\/2025\/06\/IMG_2452.jpg 2048w\" sizes=\"(max-width: 1920px) 100vw, 1920px\" \/><\/noscript><img fetchpriority=\"high\" decoding=\"async\" width=\"1920\" height=\"1080\" src=\"https:\/\/www.design-award.cz\/wp-content\/uploads\/2025\/06\/IMG_2452-1920x1080.jpg\" class=\"wp-image-5402 vp-lazyload\" alt srcset=\"data:image\/svg+xml;base64,PHN2ZyB3aWR0aD0iMTkyMCIgaGVpZ2h0PSIxMDgwIiB2aWV3Qm94PSIwIDAgMTkyMCAxMDgwIiBmaWxsPSJub25lIiB4bWxucz0iaHR0cDovL3d3dy53My5vcmcvMjAwMC9zdmciPjwvc3ZnPg==\" data-src=\"https:\/\/www.design-award.cz\/wp-content\/uploads\/2025\/06\/IMG_2452-1920x1080.jpg\" data-srcset=\"https:\/\/www.design-award.cz\/wp-content\/uploads\/2025\/06\/IMG_2452-1920x1080.jpg 1920w, https:\/\/www.design-award.cz\/wp-content\/uploads\/2025\/06\/IMG_2452-300x169.jpg 300w, https:\/\/www.design-award.cz\/wp-content\/uploads\/2025\/06\/IMG_2452-1024x576.jpg 1024w, https:\/\/www.design-award.cz\/wp-content\/uploads\/2025\/06\/IMG_2452-768x432.jpg 768w, https:\/\/www.design-award.cz\/wp-content\/uploads\/2025\/06\/IMG_2452-1536x864.jpg 1536w, https:\/\/www.design-award.cz\/wp-content\/uploads\/2025\/06\/IMG_2452-800x450.jpg 800w, https:\/\/www.design-award.cz\/wp-content\/uploads\/2025\/06\/IMG_2452-500x281.jpg 500w, https:\/\/www.design-award.cz\/wp-content\/uploads\/2025\/06\/IMG_2452-1280x720.jpg 1280w, https:\/\/www.design-award.cz\/wp-content\/uploads\/2025\/06\/IMG_2452.jpg 2048w\" data-sizes=\"auto\" loading=\"eager\">\n\t\t<\/a>\t<\/div>\n<\/div>\n\t<figcaption class=\"vp-portfolio__item-overlay vp-portfolio__item-overlay-text-align-center\">\n\t\t<div class=\"vp-portfolio__item-meta-wrap vp-portfolio__custom-scrollbar\">\n\t\t\t\t<a\n\t\thref=\"https:\/\/www.design-award.cz\/?portfolio=interierovy-design-byt-ul-trojicka\"\n\t\ttabindex=\"-1\" class=\"vp-portfolio__item-meta\" \t>\n\t\n<h2 class=\"vp-portfolio__item-meta-title\">\n\tInteri\u00e9rov\u00fd design &#8211; Byt ul. Trojick\u00e1<\/h2>\n<\/a>\t\t<\/div>\n\t<\/figcaption>\n\t\t\t<\/figure>\n\t\t\t\t\t<\/article>\n\t\t\n\t\t<article\t\tclass=\"vp-portfolio__item-wrap post-2313 portfolio type-portfolio status-publish format-standard has-post-thumbnail hentry portfolio_category-soutezici-2023 entry has-media vp-portfolio__item-uid-6e8106ff\" data-vp-filter=\"soutezici-2023\" \t\t>\n\t\t\t\t\t\t\t\t\t<figure class=\"vp-portfolio__item\">\n\t\t\t\t\n<div class=\"vp-portfolio__item-img-wrap\">\n\t<div class=\"vp-portfolio__item-img\">\n\t\t\t<a\n\t\thref=\"https:\/\/www.design-award.cz\/?portfolio=soukromy-interier-navrh-kuchyne\"\n\t\t\t>\n\t\n\t\t<noscript><img decoding=\"async\" width=\"1080\" height=\"503\" data-skip-lazy src=\"https:\/\/www.design-award.cz\/wp-content\/uploads\/2023\/04\/IMG_20230414_072304_385.jpg\" class=\"wp-image-2317\" alt=\"\" srcset=\"https:\/\/www.design-award.cz\/wp-content\/uploads\/2023\/04\/IMG_20230414_072304_385.jpg 1080w, https:\/\/www.design-award.cz\/wp-content\/uploads\/2023\/04\/IMG_20230414_072304_385-300x140.jpg 300w, https:\/\/www.design-award.cz\/wp-content\/uploads\/2023\/04\/IMG_20230414_072304_385-1024x477.jpg 1024w, https:\/\/www.design-award.cz\/wp-content\/uploads\/2023\/04\/IMG_20230414_072304_385-768x358.jpg 768w, https:\/\/www.design-award.cz\/wp-content\/uploads\/2023\/04\/IMG_20230414_072304_385-500x233.jpg 500w, https:\/\/www.design-award.cz\/wp-content\/uploads\/2023\/04\/IMG_20230414_072304_385-800x373.jpg 800w\" sizes=\"(max-width: 1080px) 100vw, 1080px\" \/><\/noscript><img decoding=\"async\" width=\"1080\" height=\"503\" src=\"https:\/\/www.design-award.cz\/wp-content\/uploads\/2023\/04\/IMG_20230414_072304_385.jpg\" class=\"wp-image-2317 vp-lazyload\" alt srcset=\"data:image\/svg+xml;base64,PHN2ZyB3aWR0aD0iMTA4MCIgaGVpZ2h0PSI1MDMiIHZpZXdCb3g9IjAgMCAxMDgwIDUwMyIgZmlsbD0ibm9uZSIgeG1sbnM9Imh0dHA6Ly93d3cudzMub3JnLzIwMDAvc3ZnIj48L3N2Zz4=\" data-src=\"https:\/\/www.design-award.cz\/wp-content\/uploads\/2023\/04\/IMG_20230414_072304_385.jpg\" data-srcset=\"https:\/\/www.design-award.cz\/wp-content\/uploads\/2023\/04\/IMG_20230414_072304_385.jpg 1080w, https:\/\/www.design-award.cz\/wp-content\/uploads\/2023\/04\/IMG_20230414_072304_385-300x140.jpg 300w, https:\/\/www.design-award.cz\/wp-content\/uploads\/2023\/04\/IMG_20230414_072304_385-1024x477.jpg 1024w, https:\/\/www.design-award.cz\/wp-content\/uploads\/2023\/04\/IMG_20230414_072304_385-768x358.jpg 768w, https:\/\/www.design-award.cz\/wp-content\/uploads\/2023\/04\/IMG_20230414_072304_385-500x233.jpg 500w, https:\/\/www.design-award.cz\/wp-content\/uploads\/2023\/04\/IMG_20230414_072304_385-800x373.jpg 800w\" data-sizes=\"auto\" loading=\"eager\">\n\t\t<\/a>\t<\/div>\n<\/div>\n\t<figcaption class=\"vp-portfolio__item-overlay vp-portfolio__item-overlay-text-align-center\">\n\t\t<div class=\"vp-portfolio__item-meta-wrap vp-portfolio__custom-scrollbar\">\n\t\t\t\t<a\n\t\thref=\"https:\/\/www.design-award.cz\/?portfolio=soukromy-interier-navrh-kuchyne\"\n\t\ttabindex=\"-1\" class=\"vp-portfolio__item-meta\" \t>\n\t\n<div class=\"vp-portfolio__item-meta-categories\">\n\t\t\t<div class=\"vp-portfolio__item-meta-category\">\n\t\t\t\t<span\t\t\t>\n\tSOUT\u011a\u017d\u00cdC\u00cd 2023<\/span>\t\t<\/div>\n\t\t<\/div>\n\n<h2 class=\"vp-portfolio__item-meta-title\">\n\tSoukrom\u00fd interi\u00e9r &#8211; n\u00e1vrh KUCHYN\u011a<\/h2>\n<\/a>\t\t<\/div>\n\t<\/figcaption>\n\t\t\t<\/figure>\n\t\t\t\t\t<\/article>\n\t\t\n\t\t<article\t\tclass=\"vp-portfolio__item-wrap post-2461 portfolio type-portfolio status-publish format-standard has-post-thumbnail hentry portfolio_category-soutezici-2023 entry has-media vp-portfolio__item-uid-ca81e791\" data-vp-filter=\"soutezici-2023\" \t\t>\n\t\t\t\t\t\t\t\t\t<figure class=\"vp-portfolio__item\">\n\t\t\t\t\n<div class=\"vp-portfolio__item-img-wrap\">\n\t<div class=\"vp-portfolio__item-img\">\n\t\t\t<a\n\t\thref=\"https:\/\/www.design-award.cz\/?portfolio=soukromy-interier-tiny-house-2\"\n\t\t\t>\n\t\n\t\t<noscript><img decoding=\"async\" width=\"1438\" height=\"1800\" data-skip-lazy src=\"https:\/\/www.design-award.cz\/wp-content\/uploads\/2023\/04\/OBYVAKK.jpg\" class=\"wp-image-2463\" alt=\"\" srcset=\"https:\/\/www.design-award.cz\/wp-content\/uploads\/2023\/04\/OBYVAKK.jpg 1438w, https:\/\/www.design-award.cz\/wp-content\/uploads\/2023\/04\/OBYVAKK-240x300.jpg 240w, https:\/\/www.design-award.cz\/wp-content\/uploads\/2023\/04\/OBYVAKK-818x1024.jpg 818w, https:\/\/www.design-award.cz\/wp-content\/uploads\/2023\/04\/OBYVAKK-768x961.jpg 768w, https:\/\/www.design-award.cz\/wp-content\/uploads\/2023\/04\/OBYVAKK-1227x1536.jpg 1227w, https:\/\/www.design-award.cz\/wp-content\/uploads\/2023\/04\/OBYVAKK-500x626.jpg 500w, https:\/\/www.design-award.cz\/wp-content\/uploads\/2023\/04\/OBYVAKK-800x1001.jpg 800w, https:\/\/www.design-award.cz\/wp-content\/uploads\/2023\/04\/OBYVAKK-1280x1602.jpg 1280w\" sizes=\"(max-width: 1438px) 100vw, 1438px\" \/><\/noscript><img decoding=\"async\" width=\"1438\" height=\"1800\" src=\"https:\/\/www.design-award.cz\/wp-content\/uploads\/2023\/04\/OBYVAKK.jpg\" class=\"wp-image-2463 vp-lazyload\" alt srcset=\"data:image\/svg+xml;base64,PHN2ZyB3aWR0aD0iMTQzOCIgaGVpZ2h0PSIxODAwIiB2aWV3Qm94PSIwIDAgMTQzOCAxODAwIiBmaWxsPSJub25lIiB4bWxucz0iaHR0cDovL3d3dy53My5vcmcvMjAwMC9zdmciPjwvc3ZnPg==\" data-src=\"https:\/\/www.design-award.cz\/wp-content\/uploads\/2023\/04\/OBYVAKK.jpg\" data-srcset=\"https:\/\/www.design-award.cz\/wp-content\/uploads\/2023\/04\/OBYVAKK.jpg 1438w, https:\/\/www.design-award.cz\/wp-content\/uploads\/2023\/04\/OBYVAKK-240x300.jpg 240w, https:\/\/www.design-award.cz\/wp-content\/uploads\/2023\/04\/OBYVAKK-818x1024.jpg 818w, https:\/\/www.design-award.cz\/wp-content\/uploads\/2023\/04\/OBYVAKK-768x961.jpg 768w, https:\/\/www.design-award.cz\/wp-content\/uploads\/2023\/04\/OBYVAKK-1227x1536.jpg 1227w, https:\/\/www.design-award.cz\/wp-content\/uploads\/2023\/04\/OBYVAKK-500x626.jpg 500w, https:\/\/www.design-award.cz\/wp-content\/uploads\/2023\/04\/OBYVAKK-800x1001.jpg 800w, https:\/\/www.design-award.cz\/wp-content\/uploads\/2023\/04\/OBYVAKK-1280x1602.jpg 1280w\" data-sizes=\"auto\" loading=\"eager\">\n\t\t<\/a>\t<\/div>\n<\/div>\n\t<figcaption class=\"vp-portfolio__item-overlay vp-portfolio__item-overlay-text-align-center\">\n\t\t<div class=\"vp-portfolio__item-meta-wrap vp-portfolio__custom-scrollbar\">\n\t\t\t\t<a\n\t\thref=\"https:\/\/www.design-award.cz\/?portfolio=soukromy-interier-tiny-house-2\"\n\t\ttabindex=\"-1\" class=\"vp-portfolio__item-meta\" \t>\n\t\n<div class=\"vp-portfolio__item-meta-categories\">\n\t\t\t<div class=\"vp-portfolio__item-meta-category\">\n\t\t\t\t<span\t\t\t>\n\tSOUT\u011a\u017d\u00cdC\u00cd 2023<\/span>\t\t<\/div>\n\t\t<\/div>\n\n<h2 class=\"vp-portfolio__item-meta-title\">\n\tSoukrom\u00fd interi\u00e9r &#8211; Tiny House<\/h2>\n<\/a>\t\t<\/div>\n\t<\/figcaption>\n\t\t\t<\/figure>\n\t\t\t\t\t<\/article>\n\t\t\n\t\t<article\t\tclass=\"vp-portfolio__item-wrap post-1030 portfolio type-portfolio status-publish format-standard has-post-thumbnail hentry entry has-media vp-portfolio__item-uid-d54d2470\" data-vp-filter=\"\" \t\t>\n\t\t\t\t\t\t\t\t\t<figure class=\"vp-portfolio__item\">\n\t\t\t\t\n<div class=\"vp-portfolio__item-img-wrap\">\n\t<div class=\"vp-portfolio__item-img\">\n\t\t\t<a\n\t\thref=\"https:\/\/www.design-award.cz\/?portfolio=soukromy-interier-navrh-rodinneho-domu-6\"\n\t\t\t>\n\t\n\t\t<noscript><img decoding=\"async\" width=\"800\" height=\"450\" data-skip-lazy src=\"https:\/\/www.design-award.cz\/wp-content\/uploads\/2022\/04\/Render-jidelny-s-obyvakem.png\" class=\"wp-image-1032\" alt=\"\" srcset=\"https:\/\/www.design-award.cz\/wp-content\/uploads\/2022\/04\/Render-jidelny-s-obyvakem.png 800w, https:\/\/www.design-award.cz\/wp-content\/uploads\/2022\/04\/Render-jidelny-s-obyvakem-300x169.png 300w, https:\/\/www.design-award.cz\/wp-content\/uploads\/2022\/04\/Render-jidelny-s-obyvakem-768x432.png 768w, https:\/\/www.design-award.cz\/wp-content\/uploads\/2022\/04\/Render-jidelny-s-obyvakem-500x281.png 500w\" sizes=\"(max-width: 800px) 100vw, 800px\" \/><\/noscript><img decoding=\"async\" width=\"800\" height=\"450\" src=\"https:\/\/www.design-award.cz\/wp-content\/uploads\/2022\/04\/Render-jidelny-s-obyvakem.png\" class=\"wp-image-1032 vp-lazyload\" alt srcset=\"data:image\/svg+xml;base64,PHN2ZyB3aWR0aD0iODAwIiBoZWlnaHQ9IjQ1MCIgdmlld0JveD0iMCAwIDgwMCA0NTAiIGZpbGw9Im5vbmUiIHhtbG5zPSJodHRwOi8vd3d3LnczLm9yZy8yMDAwL3N2ZyI+PC9zdmc+\" data-src=\"https:\/\/www.design-award.cz\/wp-content\/uploads\/2022\/04\/Render-jidelny-s-obyvakem.png\" data-srcset=\"https:\/\/www.design-award.cz\/wp-content\/uploads\/2022\/04\/Render-jidelny-s-obyvakem.png 800w, https:\/\/www.design-award.cz\/wp-content\/uploads\/2022\/04\/Render-jidelny-s-obyvakem-300x169.png 300w, https:\/\/www.design-award.cz\/wp-content\/uploads\/2022\/04\/Render-jidelny-s-obyvakem-768x432.png 768w, https:\/\/www.design-award.cz\/wp-content\/uploads\/2022\/04\/Render-jidelny-s-obyvakem-500x281.png 500w\" data-sizes=\"auto\" loading=\"eager\">\n\t\t<\/a>\t<\/div>\n<\/div>\n\t<figcaption class=\"vp-portfolio__item-overlay vp-portfolio__item-overlay-text-align-center\">\n\t\t<div class=\"vp-portfolio__item-meta-wrap vp-portfolio__custom-scrollbar\">\n\t\t\t\t<a\n\t\thref=\"https:\/\/www.design-award.cz\/?portfolio=soukromy-interier-navrh-rodinneho-domu-6\"\n\t\ttabindex=\"-1\" class=\"vp-portfolio__item-meta\" \t>\n\t\n<h2 class=\"vp-portfolio__item-meta-title\">\n\tSoukrom\u00fd interi\u00e9r &#8211; N\u00e1vrh rodinn\u00e9ho domu<\/h2>\n<\/a>\t\t<\/div>\n\t<\/figcaption>\n\t\t\t<\/figure>\n\t\t\t\t\t<\/article>\n\t\t\n\t\t<article\t\tclass=\"vp-portfolio__item-wrap post-5279 portfolio type-portfolio status-publish format-standard has-post-thumbnail hentry entry has-media vp-portfolio__item-uid-441b1ae9\" data-vp-filter=\"\" \t\t>\n\t\t\t\t\t\t\t\t\t<figure class=\"vp-portfolio__item\">\n\t\t\t\t\n<div class=\"vp-portfolio__item-img-wrap\">\n\t<div class=\"vp-portfolio__item-img\">\n\t\t\t<a\n\t\thref=\"https:\/\/www.design-award.cz\/?portfolio=produktovy-design-targtrap\"\n\t\t\t>\n\t\n\t\t<noscript><img decoding=\"async\" width=\"999\" height=\"707\" data-skip-lazy src=\"https:\/\/www.design-award.cz\/wp-content\/uploads\/2025\/06\/prokop_barton_render_2.png\" class=\"wp-image-5312\" alt=\"\" srcset=\"https:\/\/www.design-award.cz\/wp-content\/uploads\/2025\/06\/prokop_barton_render_2.png 999w, https:\/\/www.design-award.cz\/wp-content\/uploads\/2025\/06\/prokop_barton_render_2-300x212.png 300w, https:\/\/www.design-award.cz\/wp-content\/uploads\/2025\/06\/prokop_barton_render_2-768x544.png 768w, https:\/\/www.design-award.cz\/wp-content\/uploads\/2025\/06\/prokop_barton_render_2-500x354.png 500w, https:\/\/www.design-award.cz\/wp-content\/uploads\/2025\/06\/prokop_barton_render_2-800x566.png 800w\" sizes=\"(max-width: 999px) 100vw, 999px\" \/><\/noscript><img decoding=\"async\" width=\"999\" height=\"707\" src=\"https:\/\/www.design-award.cz\/wp-content\/uploads\/2025\/06\/prokop_barton_render_2.png\" class=\"wp-image-5312 vp-lazyload\" alt srcset=\"data:image\/svg+xml;base64,PHN2ZyB3aWR0aD0iOTk5IiBoZWlnaHQ9IjcwNyIgdmlld0JveD0iMCAwIDk5OSA3MDciIGZpbGw9Im5vbmUiIHhtbG5zPSJodHRwOi8vd3d3LnczLm9yZy8yMDAwL3N2ZyI+PC9zdmc+\" data-src=\"https:\/\/www.design-award.cz\/wp-content\/uploads\/2025\/06\/prokop_barton_render_2.png\" data-srcset=\"https:\/\/www.design-award.cz\/wp-content\/uploads\/2025\/06\/prokop_barton_render_2.png 999w, https:\/\/www.design-award.cz\/wp-content\/uploads\/2025\/06\/prokop_barton_render_2-300x212.png 300w, https:\/\/www.design-award.cz\/wp-content\/uploads\/2025\/06\/prokop_barton_render_2-768x544.png 768w, https:\/\/www.design-award.cz\/wp-content\/uploads\/2025\/06\/prokop_barton_render_2-500x354.png 500w, https:\/\/www.design-award.cz\/wp-content\/uploads\/2025\/06\/prokop_barton_render_2-800x566.png 800w\" data-sizes=\"auto\" loading=\"eager\">\n\t\t<\/a>\t<\/div>\n<\/div>\n\t<figcaption class=\"vp-portfolio__item-overlay vp-portfolio__item-overlay-text-align-center\">\n\t\t<div class=\"vp-portfolio__item-meta-wrap vp-portfolio__custom-scrollbar\">\n\t\t\t\t<a\n\t\thref=\"https:\/\/www.design-award.cz\/?portfolio=produktovy-design-targtrap\"\n\t\ttabindex=\"-1\" class=\"vp-portfolio__item-meta\" \t>\n\t\n<h2 class=\"vp-portfolio__item-meta-title\">\n\tProduktov\u00fd design &#8211; Targtrap<\/h2>\n<\/a>\t\t<\/div>\n\t<\/figcaption>\n\t\t\t<\/figure>\n\t\t\t\t\t<\/article>\n\t\t\n\t\t<article\t\tclass=\"vp-portfolio__item-wrap post-5189 portfolio type-portfolio status-publish format-standard has-post-thumbnail hentry entry has-media vp-portfolio__item-uid-c1c5b87f\" data-vp-filter=\"\" \t\t>\n\t\t\t\t\t\t\t\t\t<figure class=\"vp-portfolio__item\">\n\t\t\t\t\n<div class=\"vp-portfolio__item-img-wrap\">\n\t<div class=\"vp-portfolio__item-img\">\n\t\t\t<a\n\t\thref=\"https:\/\/www.design-award.cz\/?portfolio=interierovy-design-interier-o\"\n\t\t\t>\n\t\n\t\t<noscript><img decoding=\"async\" width=\"1920\" height=\"1358\" data-skip-lazy src=\"https:\/\/www.design-award.cz\/wp-content\/uploads\/2025\/06\/vicek_obyvacipokoj-1920x1358.jpg\" class=\"wp-image-5191\" alt=\"\" srcset=\"https:\/\/www.design-award.cz\/wp-content\/uploads\/2025\/06\/vicek_obyvacipokoj-1920x1358.jpg 1920w, https:\/\/www.design-award.cz\/wp-content\/uploads\/2025\/06\/vicek_obyvacipokoj-300x212.jpg 300w, https:\/\/www.design-award.cz\/wp-content\/uploads\/2025\/06\/vicek_obyvacipokoj-1024x724.jpg 1024w, https:\/\/www.design-award.cz\/wp-content\/uploads\/2025\/06\/vicek_obyvacipokoj-768x543.jpg 768w, https:\/\/www.design-award.cz\/wp-content\/uploads\/2025\/06\/vicek_obyvacipokoj-1536x1086.jpg 1536w, https:\/\/www.design-award.cz\/wp-content\/uploads\/2025\/06\/vicek_obyvacipokoj-2048x1448.jpg 2048w, https:\/\/www.design-award.cz\/wp-content\/uploads\/2025\/06\/vicek_obyvacipokoj-500x354.jpg 500w, https:\/\/www.design-award.cz\/wp-content\/uploads\/2025\/06\/vicek_obyvacipokoj-800x566.jpg 800w, https:\/\/www.design-award.cz\/wp-content\/uploads\/2025\/06\/vicek_obyvacipokoj-1280x905.jpg 1280w\" sizes=\"(max-width: 1920px) 100vw, 1920px\" \/><\/noscript><img decoding=\"async\" width=\"1920\" height=\"1358\" src=\"https:\/\/www.design-award.cz\/wp-content\/uploads\/2025\/06\/vicek_obyvacipokoj-1920x1358.jpg\" class=\"wp-image-5191 vp-lazyload\" alt srcset=\"data:image\/svg+xml;base64,PHN2ZyB3aWR0aD0iMTkyMCIgaGVpZ2h0PSIxMzU4IiB2aWV3Qm94PSIwIDAgMTkyMCAxMzU4IiBmaWxsPSJub25lIiB4bWxucz0iaHR0cDovL3d3dy53My5vcmcvMjAwMC9zdmciPjwvc3ZnPg==\" data-src=\"https:\/\/www.design-award.cz\/wp-content\/uploads\/2025\/06\/vicek_obyvacipokoj-1920x1358.jpg\" data-srcset=\"https:\/\/www.design-award.cz\/wp-content\/uploads\/2025\/06\/vicek_obyvacipokoj-1920x1358.jpg 1920w, https:\/\/www.design-award.cz\/wp-content\/uploads\/2025\/06\/vicek_obyvacipokoj-300x212.jpg 300w, https:\/\/www.design-award.cz\/wp-content\/uploads\/2025\/06\/vicek_obyvacipokoj-1024x724.jpg 1024w, https:\/\/www.design-award.cz\/wp-content\/uploads\/2025\/06\/vicek_obyvacipokoj-768x543.jpg 768w, https:\/\/www.design-award.cz\/wp-content\/uploads\/2025\/06\/vicek_obyvacipokoj-1536x1086.jpg 1536w, https:\/\/www.design-award.cz\/wp-content\/uploads\/2025\/06\/vicek_obyvacipokoj-2048x1448.jpg 2048w, https:\/\/www.design-award.cz\/wp-content\/uploads\/2025\/06\/vicek_obyvacipokoj-500x354.jpg 500w, https:\/\/www.design-award.cz\/wp-content\/uploads\/2025\/06\/vicek_obyvacipokoj-800x566.jpg 800w, https:\/\/www.design-award.cz\/wp-content\/uploads\/2025\/06\/vicek_obyvacipokoj-1280x905.jpg 1280w\" data-sizes=\"auto\" loading=\"eager\">\n\t\t<\/a>\t<\/div>\n<\/div>\n\t<figcaption class=\"vp-portfolio__item-overlay vp-portfolio__item-overlay-text-align-center\">\n\t\t<div class=\"vp-portfolio__item-meta-wrap vp-portfolio__custom-scrollbar\">\n\t\t\t\t<a\n\t\thref=\"https:\/\/www.design-award.cz\/?portfolio=interierovy-design-interier-o\"\n\t\ttabindex=\"-1\" class=\"vp-portfolio__item-meta\" \t>\n\t\n<h2 class=\"vp-portfolio__item-meta-title\">\n\tInteri\u00e9rov\u00fd design &#8211; interi\u00e9r \u00f8<\/h2>\n<\/a>\t\t<\/div>\n\t<\/figcaption>\n\t\t\t<\/figure>\n\t\t\t\t\t<\/article>\n\t\t\n\t\t<article\t\tclass=\"vp-portfolio__item-wrap post-2540 portfolio type-portfolio status-publish format-standard has-post-thumbnail hentry portfolio_category-soutezici-2023 entry has-media vp-portfolio__item-uid-8e72dfb2\" data-vp-filter=\"soutezici-2023\" \t\t>\n\t\t\t\t\t\t\t\t\t<figure class=\"vp-portfolio__item\">\n\t\t\t\t\n<div class=\"vp-portfolio__item-img-wrap\">\n\t<div class=\"vp-portfolio__item-img\">\n\t\t\t<a\n\t\thref=\"https:\/\/www.design-award.cz\/?portfolio=produktovy-design-minutebrew-vacuum-pot-na-kavu\"\n\t\t\t>\n\t\n\t\t<noscript><img decoding=\"async\" width=\"1920\" height=\"2400\" data-skip-lazy src=\"https:\/\/www.design-award.cz\/wp-content\/uploads\/2023\/04\/rendervp2-1920x2400.png\" class=\"wp-image-2541\" alt=\"\" srcset=\"https:\/\/www.design-award.cz\/wp-content\/uploads\/2023\/04\/rendervp2-1920x2400.png 1920w, https:\/\/www.design-award.cz\/wp-content\/uploads\/2023\/04\/rendervp2-240x300.png 240w, https:\/\/www.design-award.cz\/wp-content\/uploads\/2023\/04\/rendervp2-819x1024.png 819w, https:\/\/www.design-award.cz\/wp-content\/uploads\/2023\/04\/rendervp2-768x960.png 768w, https:\/\/www.design-award.cz\/wp-content\/uploads\/2023\/04\/rendervp2-1229x1536.png 1229w, https:\/\/www.design-award.cz\/wp-content\/uploads\/2023\/04\/rendervp2-1638x2048.png 1638w, https:\/\/www.design-award.cz\/wp-content\/uploads\/2023\/04\/rendervp2-500x625.png 500w, https:\/\/www.design-award.cz\/wp-content\/uploads\/2023\/04\/rendervp2-800x1000.png 800w, https:\/\/www.design-award.cz\/wp-content\/uploads\/2023\/04\/rendervp2-1280x1600.png 1280w, https:\/\/www.design-award.cz\/wp-content\/uploads\/2023\/04\/rendervp2.png 2000w\" sizes=\"(max-width: 1920px) 100vw, 1920px\" \/><\/noscript><img decoding=\"async\" width=\"1920\" height=\"2400\" src=\"https:\/\/www.design-award.cz\/wp-content\/uploads\/2023\/04\/rendervp2-1920x2400.png\" class=\"wp-image-2541 vp-lazyload\" alt srcset=\"data:image\/svg+xml;base64,PHN2ZyB3aWR0aD0iMTkyMCIgaGVpZ2h0PSIyNDAwIiB2aWV3Qm94PSIwIDAgMTkyMCAyNDAwIiBmaWxsPSJub25lIiB4bWxucz0iaHR0cDovL3d3dy53My5vcmcvMjAwMC9zdmciPjwvc3ZnPg==\" data-src=\"https:\/\/www.design-award.cz\/wp-content\/uploads\/2023\/04\/rendervp2-1920x2400.png\" data-srcset=\"https:\/\/www.design-award.cz\/wp-content\/uploads\/2023\/04\/rendervp2-1920x2400.png 1920w, https:\/\/www.design-award.cz\/wp-content\/uploads\/2023\/04\/rendervp2-240x300.png 240w, https:\/\/www.design-award.cz\/wp-content\/uploads\/2023\/04\/rendervp2-819x1024.png 819w, https:\/\/www.design-award.cz\/wp-content\/uploads\/2023\/04\/rendervp2-768x960.png 768w, https:\/\/www.design-award.cz\/wp-content\/uploads\/2023\/04\/rendervp2-1229x1536.png 1229w, https:\/\/www.design-award.cz\/wp-content\/uploads\/2023\/04\/rendervp2-1638x2048.png 1638w, https:\/\/www.design-award.cz\/wp-content\/uploads\/2023\/04\/rendervp2-500x625.png 500w, https:\/\/www.design-award.cz\/wp-content\/uploads\/2023\/04\/rendervp2-800x1000.png 800w, https:\/\/www.design-award.cz\/wp-content\/uploads\/2023\/04\/rendervp2-1280x1600.png 1280w, https:\/\/www.design-award.cz\/wp-content\/uploads\/2023\/04\/rendervp2.png 2000w\" data-sizes=\"auto\" loading=\"eager\">\n\t\t<\/a>\t<\/div>\n<\/div>\n\t<figcaption class=\"vp-portfolio__item-overlay vp-portfolio__item-overlay-text-align-center\">\n\t\t<div class=\"vp-portfolio__item-meta-wrap vp-portfolio__custom-scrollbar\">\n\t\t\t\t<a\n\t\thref=\"https:\/\/www.design-award.cz\/?portfolio=produktovy-design-minutebrew-vacuum-pot-na-kavu\"\n\t\ttabindex=\"-1\" class=\"vp-portfolio__item-meta\" \t>\n\t\n<div class=\"vp-portfolio__item-meta-categories\">\n\t\t\t<div class=\"vp-portfolio__item-meta-category\">\n\t\t\t\t<span\t\t\t>\n\tSOUT\u011a\u017d\u00cdC\u00cd 2023<\/span>\t\t<\/div>\n\t\t<\/div>\n\n<h2 class=\"vp-portfolio__item-meta-title\">\n\tProduktov\u00fd design &#8211; Minutebrew &#8211; vacuum pot na k\u00e1vu<\/h2>\n<\/a>\t\t<\/div>\n\t<\/figcaption>\n\t\t\t<\/figure>\n\t\t\t\t\t<\/article>\n\t\t\n\t\t<article\t\tclass=\"vp-portfolio__item-wrap post-2427 portfolio type-portfolio status-publish format-standard has-post-thumbnail hentry portfolio_category-soutezici-2023 entry has-media vp-portfolio__item-uid-478e87a0\" data-vp-filter=\"soutezici-2023\" \t\t>\n\t\t\t\t\t\t\t\t\t<figure class=\"vp-portfolio__item\">\n\t\t\t\t\n<div class=\"vp-portfolio__item-img-wrap\">\n\t<div class=\"vp-portfolio__item-img\">\n\t\t\t<a\n\t\thref=\"https:\/\/www.design-award.cz\/?portfolio=soukromy-interier-morpho-studentsky-pokoj\"\n\t\t\t>\n\t\n\t\t<noscript><img decoding=\"async\" width=\"1920\" height=\"1231\" data-skip-lazy src=\"https:\/\/www.design-award.cz\/wp-content\/uploads\/2023\/04\/vizualizace-1-1920x1231.png\" class=\"wp-image-2429\" alt=\"\" srcset=\"https:\/\/www.design-award.cz\/wp-content\/uploads\/2023\/04\/vizualizace-1-1920x1231.png 1920w, https:\/\/www.design-award.cz\/wp-content\/uploads\/2023\/04\/vizualizace-1-300x192.png 300w, https:\/\/www.design-award.cz\/wp-content\/uploads\/2023\/04\/vizualizace-1-1024x656.png 1024w, https:\/\/www.design-award.cz\/wp-content\/uploads\/2023\/04\/vizualizace-1-768x492.png 768w, https:\/\/www.design-award.cz\/wp-content\/uploads\/2023\/04\/vizualizace-1-1536x985.png 1536w, https:\/\/www.design-award.cz\/wp-content\/uploads\/2023\/04\/vizualizace-1-2048x1313.png 2048w, https:\/\/www.design-award.cz\/wp-content\/uploads\/2023\/04\/vizualizace-1-500x321.png 500w, https:\/\/www.design-award.cz\/wp-content\/uploads\/2023\/04\/vizualizace-1-800x513.png 800w, https:\/\/www.design-award.cz\/wp-content\/uploads\/2023\/04\/vizualizace-1-1280x820.png 1280w\" sizes=\"(max-width: 1920px) 100vw, 1920px\" \/><\/noscript><img decoding=\"async\" width=\"1920\" height=\"1231\" src=\"https:\/\/www.design-award.cz\/wp-content\/uploads\/2023\/04\/vizualizace-1-1920x1231.png\" class=\"wp-image-2429 vp-lazyload\" alt srcset=\"data:image\/svg+xml;base64,PHN2ZyB3aWR0aD0iMTkyMCIgaGVpZ2h0PSIxMjMxIiB2aWV3Qm94PSIwIDAgMTkyMCAxMjMxIiBmaWxsPSJub25lIiB4bWxucz0iaHR0cDovL3d3dy53My5vcmcvMjAwMC9zdmciPjwvc3ZnPg==\" data-src=\"https:\/\/www.design-award.cz\/wp-content\/uploads\/2023\/04\/vizualizace-1-1920x1231.png\" data-srcset=\"https:\/\/www.design-award.cz\/wp-content\/uploads\/2023\/04\/vizualizace-1-1920x1231.png 1920w, https:\/\/www.design-award.cz\/wp-content\/uploads\/2023\/04\/vizualizace-1-300x192.png 300w, https:\/\/www.design-award.cz\/wp-content\/uploads\/2023\/04\/vizualizace-1-1024x656.png 1024w, https:\/\/www.design-award.cz\/wp-content\/uploads\/2023\/04\/vizualizace-1-768x492.png 768w, https:\/\/www.design-award.cz\/wp-content\/uploads\/2023\/04\/vizualizace-1-1536x985.png 1536w, https:\/\/www.design-award.cz\/wp-content\/uploads\/2023\/04\/vizualizace-1-2048x1313.png 2048w, https:\/\/www.design-award.cz\/wp-content\/uploads\/2023\/04\/vizualizace-1-500x321.png 500w, https:\/\/www.design-award.cz\/wp-content\/uploads\/2023\/04\/vizualizace-1-800x513.png 800w, https:\/\/www.design-award.cz\/wp-content\/uploads\/2023\/04\/vizualizace-1-1280x820.png 1280w\" data-sizes=\"auto\" loading=\"eager\">\n\t\t<\/a>\t<\/div>\n<\/div>\n\t<figcaption class=\"vp-portfolio__item-overlay vp-portfolio__item-overlay-text-align-center\">\n\t\t<div class=\"vp-portfolio__item-meta-wrap vp-portfolio__custom-scrollbar\">\n\t\t\t\t<a\n\t\thref=\"https:\/\/www.design-award.cz\/?portfolio=soukromy-interier-morpho-studentsky-pokoj\"\n\t\ttabindex=\"-1\" class=\"vp-portfolio__item-meta\" \t>\n\t\n<div class=\"vp-portfolio__item-meta-categories\">\n\t\t\t<div class=\"vp-portfolio__item-meta-category\">\n\t\t\t\t<span\t\t\t>\n\tSOUT\u011a\u017d\u00cdC\u00cd 2023<\/span>\t\t<\/div>\n\t\t<\/div>\n\n<h2 class=\"vp-portfolio__item-meta-title\">\n\tSoukrom\u00fd interi\u00e9r &#8211; Morpho &#8211; studentsk\u00fd pokoj<\/h2>\n<\/a>\t\t<\/div>\n\t<\/figcaption>\n\t\t\t<\/figure>\n\t\t\t\t\t<\/article>\n\t\t\n<\/div>\n\n<div class=\"vp-portfolio__items-arrow vp-portfolio__items-arrow-prev\" tabindex=\"0\" role=\"button\" aria-label=\"Previous Slide\">\n\t\n<svg class=\"vp-svg-icon\" width=\"20\" height=\"20\" viewBox=\"0 0 20 20\" fill=\"none\" xmlns=\"http:\/\/www.w3.org\/2000\/svg\">\n\t<path d=\"M12 4L6 10L12 16\" stroke=\"currentColor\" stroke-width=\"1.5\" stroke-linecap=\"round\" stroke-linejoin=\"round\" fill=\"transparent\" \/>\n<\/svg>\n<\/div>\n<div class=\"vp-portfolio__items-arrow vp-portfolio__items-arrow-next\" tabindex=\"0\" role=\"button\" aria-label=\"Next Slide\">\n\t\n<svg class=\"vp-svg-icon\" width=\"20\" height=\"20\" viewBox=\"0 0 20 20\" fill=\"none\" xmlns=\"http:\/\/www.w3.org\/2000\/svg\">\n\t<path d=\"M8 4L14 10L8 16\" stroke=\"currentColor\" stroke-width=\"1.5\" stroke-linecap=\"round\" stroke-linejoin=\"round\" fill=\"transparent\" \/>\n<\/svg>\n<\/div>\n\t\t<\/div>\n\t\t\t\t<div class=\"vp-portfolio__layout-elements vp-portfolio__layout-elements-bottom vp-portfolio__layout-elements-align-center\">\n\t\t\t\t<div class=\"vp-portfolio__pagination-wrap\">\n\t\t\n<div class=\"vp-pagination vp-pagination__style-minimal\" data-vp-pagination-type=\"load-more\">\n\t<div class=\"vp-pagination__item\">\n\t\t<a class=\"vp-pagination__load-more\" href=\"https:\/\/www.design-award.cz\/index.php?rest_route=%2Fwp%2Fv2%2Fportfolio%2F1485&#038;vp_page=2\">\n\t\t\t<span>Load More<\/span>\n\t\t\t<span class=\"vp-pagination__load-more-loading\"><span class=\"vp-spinner\"><\/span><span class=\"vp-screen-reader-text\"> Loading More&#8230;<\/span><\/span>\n\t\t\t<span class=\"vp-pagination__load-more-no-more\">You\u2019ve reached the end of the list<\/span>\n\t\t<\/a>\n\t<\/div>\n<\/div>\n\t\t<\/div>\n\t\t\t\t<\/div>\n\t\t\n<\/div>\n<\/div>","protected":false},"excerpt":{"rendered":"<p>Tereza Boukalov\u00e1 MICHAEL \u2013 S\u0160 a VO\u0160 reklamn\u00ed a um\u011bleck\u00e9 tvorby, s.r.o. Ve \u0161kole jsme dostali jsme za \u00fakol vymyslet udr\u017eiteln\u00fd produkt, kter\u00fd by slou\u017eil bu\u010f v interi\u00e9ru \u010di exteri\u00e9ru a byl by udr\u017eiteln\u00fd. Na konec m\u011bl b\u00fdt produkt stru\u010dn\u011b zn\u00e1zorn\u011bn na plak\u00e1tu. Projekt jsem pojala tak, aby vydr\u017eel na del\u0161\u00ed dobu a mohl ho [&hellip;]<\/p>\n","protected":false},"author":1,"featured_media":1487,"menu_order":0,"comment_status":"closed","ping_status":"closed","template":"","format":"standard","meta":{"ngg_post_thumbnail":0,"ocean_post_layout":"","ocean_both_sidebars_style":"","ocean_both_sidebars_content_width":0,"ocean_both_sidebars_sidebars_width":0,"ocean_sidebar":"","ocean_second_sidebar":"","ocean_disable_margins":"enable","ocean_add_body_class":"","ocean_shortcode_before_top_bar":"","ocean_shortcode_after_top_bar":"","ocean_shortcode_before_header":"","ocean_shortcode_after_header":"","ocean_has_shortcode":"","ocean_shortcode_after_title":"","ocean_shortcode_before_footer_widgets":"","ocean_shortcode_after_footer_widgets":"","ocean_shortcode_before_footer_bottom":"","ocean_shortcode_after_footer_bottom":"","ocean_display_top_bar":"default","ocean_display_header":"default","ocean_header_style":"","ocean_center_header_left_menu":"","ocean_custom_header_template":"","ocean_custom_logo":0,"ocean_custom_retina_logo":0,"ocean_custom_logo_max_width":0,"ocean_custom_logo_tablet_max_width":0,"ocean_custom_logo_mobile_max_width":0,"ocean_custom_logo_max_height":0,"ocean_custom_logo_tablet_max_height":0,"ocean_custom_logo_mobile_max_height":0,"ocean_header_custom_menu":"","ocean_menu_typo_font_family":"","ocean_menu_typo_font_subset":"","ocean_menu_typo_font_size":0,"ocean_menu_typo_font_size_tablet":0,"ocean_menu_typo_font_size_mobile":0,"ocean_menu_typo_font_size_unit":"px","ocean_menu_typo_font_weight":"","ocean_menu_typo_font_weight_tablet":"","ocean_menu_typo_font_weight_mobile":"","ocean_menu_typo_transform":"","ocean_menu_typo_transform_tablet":"","ocean_menu_typo_transform_mobile":"","ocean_menu_typo_line_height":0,"ocean_menu_typo_line_height_tablet":0,"ocean_menu_typo_line_height_mobile":0,"ocean_menu_typo_line_height_unit":"","ocean_menu_typo_spacing":0,"ocean_menu_typo_spacing_tablet":0,"ocean_menu_typo_spacing_mobile":0,"ocean_menu_typo_spacing_unit":"","ocean_menu_link_color":"","ocean_menu_link_color_hover":"","ocean_menu_link_color_active":"","ocean_menu_link_background":"","ocean_menu_link_hover_background":"","ocean_menu_link_active_background":"","ocean_menu_social_links_bg":"","ocean_menu_social_hover_links_bg":"","ocean_menu_social_links_color":"","ocean_menu_social_hover_links_color":"","ocean_disable_title":"default","ocean_disable_heading":"default","ocean_post_title":"","ocean_post_subheading":"","ocean_post_title_style":"","ocean_post_title_background_color":"","ocean_post_title_background":0,"ocean_post_title_bg_image_position":"","ocean_post_title_bg_image_attachment":"","ocean_post_title_bg_image_repeat":"","ocean_post_title_bg_image_size":"","ocean_post_title_height":0,"ocean_post_title_bg_overlay":0.5,"ocean_post_title_bg_overlay_color":"","ocean_disable_breadcrumbs":"default","ocean_breadcrumbs_color":"","ocean_breadcrumbs_separator_color":"","ocean_breadcrumbs_links_color":"","ocean_breadcrumbs_links_hover_color":"","ocean_display_footer_widgets":"default","ocean_display_footer_bottom":"default","ocean_custom_footer_template":"","_vp_format_video_url":"","_vp_image_focal_point":{"x":0.54,"y":0.42},"footnotes":""},"portfolio_category":[8],"portfolio_tag":[9],"class_list":["post-1485","portfolio","type-portfolio","status-publish","format-standard","has-post-thumbnail","hentry","portfolio_category-https-www-design-award-cz-page_id1603","portfolio_tag-9","entry","has-media"],"yoast_head":"<!-- This site is optimized with the Yoast SEO plugin v25.2 - https:\/\/yoast.com\/wordpress\/plugins\/seo\/ -->\n<title>Produktov\u00fd design - udr\u017eiteln\u00fd produkt - design-award.cz<\/title>\n<meta name=\"robots\" content=\"index, follow, max-snippet:-1, max-image-preview:large, max-video-preview:-1\" \/>\n<link rel=\"canonical\" href=\"https:\/\/www.design-award.cz\/?portfolio=produktovy-design-udrzitelny-produkt\" \/>\n<meta property=\"og:locale\" content=\"cs_CZ\" \/>\n<meta property=\"og:type\" content=\"article\" \/>\n<meta property=\"og:title\" content=\"Produktov\u00fd design - udr\u017eiteln\u00fd produkt - design-award.cz\" \/>\n<meta property=\"og:description\" content=\"Tereza Boukalov\u00e1 MICHAEL \u2013 S\u0160 a VO\u0160 reklamn\u00ed a um\u011bleck\u00e9 tvorby, s.r.o. Ve \u0161kole jsme dostali jsme za \u00fakol vymyslet udr\u017eiteln\u00fd produkt, kter\u00fd by slou\u017eil bu\u010f v interi\u00e9ru \u010di exteri\u00e9ru a byl by udr\u017eiteln\u00fd. Na konec m\u011bl b\u00fdt produkt stru\u010dn\u011b zn\u00e1zorn\u011bn na plak\u00e1tu. Projekt jsem pojala tak, aby vydr\u017eel na del\u0161\u00ed dobu a mohl ho [&hellip;]\" \/>\n<meta property=\"og:url\" content=\"https:\/\/www.design-award.cz\/?portfolio=produktovy-design-udrzitelny-produkt\" \/>\n<meta property=\"og:site_name\" content=\"design-award.cz\" \/>\n<meta property=\"article:modified_time\" content=\"2022-12-04T21:29:48+00:00\" \/>\n<meta property=\"og:image\" content=\"http:\/\/www.design-award.cz\/wp-content\/uploads\/2022\/05\/barel-sedacka-scaled.jpg\" \/>\n\t<meta property=\"og:image:width\" content=\"2560\" \/>\n\t<meta property=\"og:image:height\" content=\"1920\" \/>\n\t<meta property=\"og:image:type\" content=\"image\/jpeg\" \/>\n<meta name=\"twitter:card\" content=\"summary_large_image\" \/>\n<meta name=\"twitter:label1\" content=\"Odhadovan\u00e1 doba \u010dten\u00ed\" \/>\n\t<meta name=\"twitter:data1\" content=\"2 minuty\" \/>\n<script type=\"application\/ld+json\" class=\"yoast-schema-graph\">{\"@context\":\"https:\/\/schema.org\",\"@graph\":[{\"@type\":\"WebPage\",\"@id\":\"https:\/\/www.design-award.cz\/?portfolio=produktovy-design-udrzitelny-produkt\",\"url\":\"https:\/\/www.design-award.cz\/?portfolio=produktovy-design-udrzitelny-produkt\",\"name\":\"Produktov\u00fd design - udr\u017eiteln\u00fd produkt - design-award.cz\",\"isPartOf\":{\"@id\":\"https:\/\/www.design-award.cz\/#website\"},\"primaryImageOfPage\":{\"@id\":\"https:\/\/www.design-award.cz\/?portfolio=produktovy-design-udrzitelny-produkt#primaryimage\"},\"image\":{\"@id\":\"https:\/\/www.design-award.cz\/?portfolio=produktovy-design-udrzitelny-produkt#primaryimage\"},\"thumbnailUrl\":\"https:\/\/www.design-award.cz\/wp-content\/uploads\/2022\/05\/barel-sedacka-scaled.jpg\",\"datePublished\":\"2022-05-02T10:30:58+00:00\",\"dateModified\":\"2022-12-04T21:29:48+00:00\",\"breadcrumb\":{\"@id\":\"https:\/\/www.design-award.cz\/?portfolio=produktovy-design-udrzitelny-produkt#breadcrumb\"},\"inLanguage\":\"cs\",\"potentialAction\":[{\"@type\":\"ReadAction\",\"target\":[\"https:\/\/www.design-award.cz\/?portfolio=produktovy-design-udrzitelny-produkt\"]}]},{\"@type\":\"ImageObject\",\"inLanguage\":\"cs\",\"@id\":\"https:\/\/www.design-award.cz\/?portfolio=produktovy-design-udrzitelny-produkt#primaryimage\",\"url\":\"https:\/\/www.design-award.cz\/wp-content\/uploads\/2022\/05\/barel-sedacka-scaled.jpg\",\"contentUrl\":\"https:\/\/www.design-award.cz\/wp-content\/uploads\/2022\/05\/barel-sedacka-scaled.jpg\",\"width\":2560,\"height\":1920},{\"@type\":\"BreadcrumbList\",\"@id\":\"https:\/\/www.design-award.cz\/?portfolio=produktovy-design-udrzitelny-produkt#breadcrumb\",\"itemListElement\":[{\"@type\":\"ListItem\",\"position\":1,\"name\":\"Dom\u016f\",\"item\":\"https:\/\/www.design-award.cz\/\"},{\"@type\":\"ListItem\",\"position\":2,\"name\":\"Portfolio Items\",\"item\":\"https:\/\/www.design-award.cz\/?post_type=portfolio\"},{\"@type\":\"ListItem\",\"position\":3,\"name\":\"Produktov\u00fd design &#8211; udr\u017eiteln\u00fd produkt\"}]},{\"@type\":\"WebSite\",\"@id\":\"https:\/\/www.design-award.cz\/#website\",\"url\":\"https:\/\/www.design-award.cz\/\",\"name\":\"design-award.cz\",\"description\":\"WARD vznikla v roce 2022. Je ur\u010dena p\u0159edev\u0161\u00edm student\u016fm st\u0159edn\u00edch um\u011bleck\u00fdch \u0161kol (S\u0160 a VO\u0160), kte\u0159\u00ed mohou bezplatn\u011b zaslat sv\u00e9 n\u00e1vrhy v uveden\u00fdch kategori\u00ed a tak pom\u011b\u0159it sv\u00e9 n\u00e1pady s konkurenc\u00ed sv\u00fdch vrstevn\u00edk\u016f. N\u00e1vrhy jsou n\u00e1sledn\u011b posouzeny nez\u00e1vislou porotou z \u0159ad v\u00fdtvarn\u00edk\u016f, pedagog\u016f a profesion\u00e1l\u016f z oboru.\",\"publisher\":{\"@id\":\"https:\/\/www.design-award.cz\/#organization\"},\"potentialAction\":[{\"@type\":\"SearchAction\",\"target\":{\"@type\":\"EntryPoint\",\"urlTemplate\":\"https:\/\/www.design-award.cz\/?s={search_term_string}\"},\"query-input\":{\"@type\":\"PropertyValueSpecification\",\"valueRequired\":true,\"valueName\":\"search_term_string\"}}],\"inLanguage\":\"cs\"},{\"@type\":\"Organization\",\"@id\":\"https:\/\/www.design-award.cz\/#organization\",\"name\":\"Design Award\",\"url\":\"https:\/\/www.design-award.cz\/\",\"logo\":{\"@type\":\"ImageObject\",\"inLanguage\":\"cs\",\"@id\":\"https:\/\/www.design-award.cz\/#\/schema\/logo\/image\/\",\"url\":\"http:\/\/www.design-award.cz\/wp-content\/uploads\/2021\/12\/hornilogo_design-award.png\",\"contentUrl\":\"http:\/\/www.design-award.cz\/wp-content\/uploads\/2021\/12\/hornilogo_design-award.png\",\"width\":800,\"height\":600,\"caption\":\"Design Award\"},\"image\":{\"@id\":\"https:\/\/www.design-award.cz\/#\/schema\/logo\/image\/\"},\"sameAs\":[\"https:\/\/www.instagram.com\/design_award\/\"]}]}<\/script>\n<!-- \/ Yoast SEO plugin. -->","yoast_head_json":{"title":"Produktov\u00fd design - udr\u017eiteln\u00fd produkt - design-award.cz","robots":{"index":"index","follow":"follow","max-snippet":"max-snippet:-1","max-image-preview":"max-image-preview:large","max-video-preview":"max-video-preview:-1"},"canonical":"https:\/\/www.design-award.cz\/?portfolio=produktovy-design-udrzitelny-produkt","og_locale":"cs_CZ","og_type":"article","og_title":"Produktov\u00fd design - udr\u017eiteln\u00fd produkt - design-award.cz","og_description":"Tereza Boukalov\u00e1 MICHAEL \u2013 S\u0160 a VO\u0160 reklamn\u00ed a um\u011bleck\u00e9 tvorby, s.r.o. Ve \u0161kole jsme dostali jsme za \u00fakol vymyslet udr\u017eiteln\u00fd produkt, kter\u00fd by slou\u017eil bu\u010f v interi\u00e9ru \u010di exteri\u00e9ru a byl by udr\u017eiteln\u00fd. Na konec m\u011bl b\u00fdt produkt stru\u010dn\u011b zn\u00e1zorn\u011bn na plak\u00e1tu. Projekt jsem pojala tak, aby vydr\u017eel na del\u0161\u00ed dobu a mohl ho [&hellip;]","og_url":"https:\/\/www.design-award.cz\/?portfolio=produktovy-design-udrzitelny-produkt","og_site_name":"design-award.cz","article_modified_time":"2022-12-04T21:29:48+00:00","og_image":[{"width":2560,"height":1920,"url":"http:\/\/www.design-award.cz\/wp-content\/uploads\/2022\/05\/barel-sedacka-scaled.jpg","type":"image\/jpeg"}],"twitter_card":"summary_large_image","twitter_misc":{"Odhadovan\u00e1 doba \u010dten\u00ed":"2 minuty"},"schema":{"@context":"https:\/\/schema.org","@graph":[{"@type":"WebPage","@id":"https:\/\/www.design-award.cz\/?portfolio=produktovy-design-udrzitelny-produkt","url":"https:\/\/www.design-award.cz\/?portfolio=produktovy-design-udrzitelny-produkt","name":"Produktov\u00fd design - udr\u017eiteln\u00fd produkt - design-award.cz","isPartOf":{"@id":"https:\/\/www.design-award.cz\/#website"},"primaryImageOfPage":{"@id":"https:\/\/www.design-award.cz\/?portfolio=produktovy-design-udrzitelny-produkt#primaryimage"},"image":{"@id":"https:\/\/www.design-award.cz\/?portfolio=produktovy-design-udrzitelny-produkt#primaryimage"},"thumbnailUrl":"https:\/\/www.design-award.cz\/wp-content\/uploads\/2022\/05\/barel-sedacka-scaled.jpg","datePublished":"2022-05-02T10:30:58+00:00","dateModified":"2022-12-04T21:29:48+00:00","breadcrumb":{"@id":"https:\/\/www.design-award.cz\/?portfolio=produktovy-design-udrzitelny-produkt#breadcrumb"},"inLanguage":"cs","potentialAction":[{"@type":"ReadAction","target":["https:\/\/www.design-award.cz\/?portfolio=produktovy-design-udrzitelny-produkt"]}]},{"@type":"ImageObject","inLanguage":"cs","@id":"https:\/\/www.design-award.cz\/?portfolio=produktovy-design-udrzitelny-produkt#primaryimage","url":"https:\/\/www.design-award.cz\/wp-content\/uploads\/2022\/05\/barel-sedacka-scaled.jpg","contentUrl":"https:\/\/www.design-award.cz\/wp-content\/uploads\/2022\/05\/barel-sedacka-scaled.jpg","width":2560,"height":1920},{"@type":"BreadcrumbList","@id":"https:\/\/www.design-award.cz\/?portfolio=produktovy-design-udrzitelny-produkt#breadcrumb","itemListElement":[{"@type":"ListItem","position":1,"name":"Dom\u016f","item":"https:\/\/www.design-award.cz\/"},{"@type":"ListItem","position":2,"name":"Portfolio Items","item":"https:\/\/www.design-award.cz\/?post_type=portfolio"},{"@type":"ListItem","position":3,"name":"Produktov\u00fd design &#8211; udr\u017eiteln\u00fd produkt"}]},{"@type":"WebSite","@id":"https:\/\/www.design-award.cz\/#website","url":"https:\/\/www.design-award.cz\/","name":"design-award.cz","description":"WARD vznikla v roce 2022. Je ur\u010dena p\u0159edev\u0161\u00edm student\u016fm st\u0159edn\u00edch um\u011bleck\u00fdch \u0161kol (S\u0160 a VO\u0160), kte\u0159\u00ed mohou bezplatn\u011b zaslat sv\u00e9 n\u00e1vrhy v uveden\u00fdch kategori\u00ed a tak pom\u011b\u0159it sv\u00e9 n\u00e1pady s konkurenc\u00ed sv\u00fdch vrstevn\u00edk\u016f. N\u00e1vrhy jsou n\u00e1sledn\u011b posouzeny nez\u00e1vislou porotou z \u0159ad v\u00fdtvarn\u00edk\u016f, pedagog\u016f a profesion\u00e1l\u016f z oboru.","publisher":{"@id":"https:\/\/www.design-award.cz\/#organization"},"potentialAction":[{"@type":"SearchAction","target":{"@type":"EntryPoint","urlTemplate":"https:\/\/www.design-award.cz\/?s={search_term_string}"},"query-input":{"@type":"PropertyValueSpecification","valueRequired":true,"valueName":"search_term_string"}}],"inLanguage":"cs"},{"@type":"Organization","@id":"https:\/\/www.design-award.cz\/#organization","name":"Design Award","url":"https:\/\/www.design-award.cz\/","logo":{"@type":"ImageObject","inLanguage":"cs","@id":"https:\/\/www.design-award.cz\/#\/schema\/logo\/image\/","url":"http:\/\/www.design-award.cz\/wp-content\/uploads\/2021\/12\/hornilogo_design-award.png","contentUrl":"http:\/\/www.design-award.cz\/wp-content\/uploads\/2021\/12\/hornilogo_design-award.png","width":800,"height":600,"caption":"Design Award"},"image":{"@id":"https:\/\/www.design-award.cz\/#\/schema\/logo\/image\/"},"sameAs":["https:\/\/www.instagram.com\/design_award\/"]}]}},"_links":{"self":[{"href":"https:\/\/www.design-award.cz\/index.php?rest_route=\/wp\/v2\/portfolio\/1485","targetHints":{"allow":["GET"]}}],"collection":[{"href":"https:\/\/www.design-award.cz\/index.php?rest_route=\/wp\/v2\/portfolio"}],"about":[{"href":"https:\/\/www.design-award.cz\/index.php?rest_route=\/wp\/v2\/types\/portfolio"}],"author":[{"embeddable":true,"href":"https:\/\/www.design-award.cz\/index.php?rest_route=\/wp\/v2\/users\/1"}],"replies":[{"embeddable":true,"href":"https:\/\/www.design-award.cz\/index.php?rest_route=%2Fwp%2Fv2%2Fcomments&post=1485"}],"version-history":[{"count":1,"href":"https:\/\/www.design-award.cz\/index.php?rest_route=\/wp\/v2\/portfolio\/1485\/revisions"}],"predecessor-version":[{"id":1504,"href":"https:\/\/www.design-award.cz\/index.php?rest_route=\/wp\/v2\/portfolio\/1485\/revisions\/1504"}],"wp:featuredmedia":[{"embeddable":true,"href":"https:\/\/www.design-award.cz\/index.php?rest_route=\/wp\/v2\/media\/1487"}],"wp:attachment":[{"href":"https:\/\/www.design-award.cz\/index.php?rest_route=%2Fwp%2Fv2%2Fmedia&parent=1485"}],"wp:term":[{"taxonomy":"portfolio_category","embeddable":true,"href":"https:\/\/www.design-award.cz\/index.php?rest_route=%2Fwp%2Fv2%2Fportfolio_category&post=1485"},{"taxonomy":"portfolio_tag","embeddable":true,"href":"https:\/\/www.design-award.cz\/index.php?rest_route=%2Fwp%2Fv2%2Fportfolio_tag&post=1485"}],"curies":[{"name":"wp","href":"https:\/\/api.w.org\/{rel}","templated":true}]}}