{"id":1695,"date":"2023-02-22T04:18:42","date_gmt":"2023-02-22T04:18:42","guid":{"rendered":"https:\/\/www.design-award.cz\/?post_type=portfolio&#038;p=1695"},"modified":"2023-02-22T04:19:27","modified_gmt":"2023-02-22T04:19:27","slug":"produktovy-design-organic-shelf","status":"publish","type":"portfolio","link":"https:\/\/www.design-award.cz\/?portfolio=produktovy-design-organic-shelf","title":{"rendered":"Produktov\u00fd design &#8211; Organic shelf"},"content":{"rendered":"\n<p><strong>Lucie Pasty\u0159\u00edkov\u00e1<\/strong><\/p>\n\n\n\n<p>St\u0159edn\u00ed \u0161kola um\u011bn\u00ed a designu a Vy\u0161\u0161\u00ed odborn\u00e1 \u0161kola Brno, p\u0159\u00edsp\u011bvkov\u00e1 organizace<\/p>\n\n\n\n<p>Modul\u00e1rn\u00ed reg\u00e1l Organic shelf slou\u017e\u00ed k ulo\u017een\u00ed men\u0161\u00edch p\u0159edm\u011bt\u016f \u010di jako dekorace interi\u00e9ru. Jednotliv\u00e9 elipsy, moduly, lze ot\u00e1\u010det libovoln\u00fdm sm\u011brem d\u00edky zasazen\u00e9mu kol\u00edku. Kol\u00edk uvnit\u0159 konstrukce je schovan\u00fd v m\u00edst\u011b napojen\u00ed na moduly.<\/p>\n\n\n\n<p>Inspirac\u00ed pro tvar je \u010dinnost jm\u00e9nem gravity glue. Jedn\u00e1 se o skl\u00e1d\u00e1n\u00ed kamen\u016f na sebe pomoc\u00ed rovnov\u00e1hy a nal\u00e9z\u00e1n\u00ed t\u011b\u017ei\u0161t\u011b. Jeliko\u017e je hlavn\u00ed inspirace spojen\u00e1 s p\u0159\u00edrodou, tento n\u00e1bytek je navr\u017een z p\u0159\u00edrodn\u00edho materi\u00e1lu &#8211; dubov\u00e9ho d\u0159eva. V\u011b\u0161\u00e1k by se vyr\u00e1b\u011bl technikami fr\u00e9zov\u00e1n\u00ed, vrt\u00e1n\u00ed a brou\u0161en\u00ed.&nbsp;<\/p>\n\n\n\n<p>Pr\u00e1ce vznikla jako \u0161koln\u00ed projekt na t\u00e9ma Stohov\u00e1n\u00ed. Pr\u00e1v\u011b d\u00edky skl\u00e1d\u00e1n\u00ed modul\u016f na sebe, lze upravit v\u00fd\u0161ku a po\u010det polic cel\u00e9ho objektu. Pro vizualizaci jsou optim\u00e1ln\u00ed t\u0159i elipsy. Reg\u00e1l je mo\u017en\u00e9 vyu\u017e\u00edt jako no\u010dn\u00ed stolek s pou\u017eit\u00edm pouze jedn\u00e9 elipsy.<\/p>\n\n\n\n<p>Jedine\u010dnost produktu spo\u010d\u00edv\u00e1 v jeho neobvykl\u00e9m tvaroslov\u00ed a p\u0159idan\u00e9 modularit\u011b. Z\u00e1kazn\u00edk si m\u016f\u017ee s\u00e1m ur\u010dit, jak chce m\u00edt poli\u010dky vysok\u00e9. Z\u00e1rove\u0148 d\u00edky rozlo\u017eitelnosti cel\u00e9ho objektu na jednotliv\u00e9 moduly je reg\u00e1l snadn\u011bj\u0161\u00ed na p\u0159epravu.<\/p>\n\n\n\n<figure class=\"wp-block-image size-large is-resized\"><img decoding=\"async\" data-src=\"http:\/\/www.design-award.cz\/wp-content\/uploads\/2023\/02\/render_vice_pohledu-1024x701.png\" alt=\"\" class=\"wp-image-1697 lazyload\" width=\"840\" height=\"575\" data-srcset=\"https:\/\/www.design-award.cz\/wp-content\/uploads\/2023\/02\/render_vice_pohledu-1024x701.png 1024w, https:\/\/www.design-award.cz\/wp-content\/uploads\/2023\/02\/render_vice_pohledu-300x205.png 300w, https:\/\/www.design-award.cz\/wp-content\/uploads\/2023\/02\/render_vice_pohledu-768x526.png 768w, https:\/\/www.design-award.cz\/wp-content\/uploads\/2023\/02\/render_vice_pohledu-1536x1051.png 1536w, https:\/\/www.design-award.cz\/wp-content\/uploads\/2023\/02\/render_vice_pohledu-2048x1402.png 2048w, https:\/\/www.design-award.cz\/wp-content\/uploads\/2023\/02\/render_vice_pohledu-500x342.png 500w, https:\/\/www.design-award.cz\/wp-content\/uploads\/2023\/02\/render_vice_pohledu-800x547.png 800w, https:\/\/www.design-award.cz\/wp-content\/uploads\/2023\/02\/render_vice_pohledu-1280x876.png 1280w, https:\/\/www.design-award.cz\/wp-content\/uploads\/2023\/02\/render_vice_pohledu-1920x1314.png 1920w\" data-sizes=\"(max-width: 840px) 100vw, 840px\" src=\"data:image\/svg+xml;base64,PHN2ZyB3aWR0aD0iMSIgaGVpZ2h0PSIxIiB4bWxucz0iaHR0cDovL3d3dy53My5vcmcvMjAwMC9zdmciPjwvc3ZnPg==\" style=\"--smush-placeholder-width: 840px; --smush-placeholder-aspect-ratio: 840\/575;\" \/><\/figure>\n\n\n\n<figure class=\"wp-block-image size-large\"><img decoding=\"async\" width=\"1024\" height=\"523\" data-src=\"http:\/\/www.design-award.cz\/wp-content\/uploads\/2023\/02\/skici-1024x523.png\" alt=\"\" class=\"wp-image-1698 lazyload\" data-srcset=\"https:\/\/www.design-award.cz\/wp-content\/uploads\/2023\/02\/skici-1024x523.png 1024w, https:\/\/www.design-award.cz\/wp-content\/uploads\/2023\/02\/skici-300x153.png 300w, https:\/\/www.design-award.cz\/wp-content\/uploads\/2023\/02\/skici-768x392.png 768w, https:\/\/www.design-award.cz\/wp-content\/uploads\/2023\/02\/skici-1536x785.png 1536w, https:\/\/www.design-award.cz\/wp-content\/uploads\/2023\/02\/skici-2048x1046.png 2048w, https:\/\/www.design-award.cz\/wp-content\/uploads\/2023\/02\/skici-500x255.png 500w, https:\/\/www.design-award.cz\/wp-content\/uploads\/2023\/02\/skici-800x409.png 800w, https:\/\/www.design-award.cz\/wp-content\/uploads\/2023\/02\/skici-1280x654.png 1280w, https:\/\/www.design-award.cz\/wp-content\/uploads\/2023\/02\/skici-1920x981.png 1920w\" data-sizes=\"(max-width: 1024px) 100vw, 1024px\" src=\"data:image\/svg+xml;base64,PHN2ZyB3aWR0aD0iMSIgaGVpZ2h0PSIxIiB4bWxucz0iaHR0cDovL3d3dy53My5vcmcvMjAwMC9zdmciPjwvc3ZnPg==\" style=\"--smush-placeholder-width: 1024px; --smush-placeholder-aspect-ratio: 1024\/523;\" \/><\/figure>\n\n\n\n<figure class=\"wp-block-image size-large\"><img decoding=\"async\" width=\"724\" height=\"1024\" data-src=\"http:\/\/www.design-award.cz\/wp-content\/uploads\/2023\/02\/technicky_vykres-724x1024.png\" alt=\"\" class=\"wp-image-1699 lazyload\" data-srcset=\"https:\/\/www.design-award.cz\/wp-content\/uploads\/2023\/02\/technicky_vykres-724x1024.png 724w, https:\/\/www.design-award.cz\/wp-content\/uploads\/2023\/02\/technicky_vykres-212x300.png 212w, https:\/\/www.design-award.cz\/wp-content\/uploads\/2023\/02\/technicky_vykres-768x1086.png 768w, https:\/\/www.design-award.cz\/wp-content\/uploads\/2023\/02\/technicky_vykres-1086x1536.png 1086w, https:\/\/www.design-award.cz\/wp-content\/uploads\/2023\/02\/technicky_vykres-1448x2048.png 1448w, https:\/\/www.design-award.cz\/wp-content\/uploads\/2023\/02\/technicky_vykres-500x707.png 500w, https:\/\/www.design-award.cz\/wp-content\/uploads\/2023\/02\/technicky_vykres-800x1132.png 800w, https:\/\/www.design-award.cz\/wp-content\/uploads\/2023\/02\/technicky_vykres-1280x1811.png 1280w, https:\/\/www.design-award.cz\/wp-content\/uploads\/2023\/02\/technicky_vykres-1920x2716.png 1920w\" data-sizes=\"(max-width: 724px) 100vw, 724px\" src=\"data:image\/svg+xml;base64,PHN2ZyB3aWR0aD0iMSIgaGVpZ2h0PSIxIiB4bWxucz0iaHR0cDovL3d3dy53My5vcmcvMjAwMC9zdmciPjwvc3ZnPg==\" style=\"--smush-placeholder-width: 724px; --smush-placeholder-aspect-ratio: 724\/1024;\" \/><\/figure>\n","protected":false},"excerpt":{"rendered":"<p>Lucie Pasty\u0159\u00edkov\u00e1 St\u0159edn\u00ed \u0161kola um\u011bn\u00ed a designu a Vy\u0161\u0161\u00ed odborn\u00e1 \u0161kola Brno, p\u0159\u00edsp\u011bvkov\u00e1 organizace Modul\u00e1rn\u00ed reg\u00e1l Organic shelf slou\u017e\u00ed k ulo\u017een\u00ed men\u0161\u00edch p\u0159edm\u011bt\u016f \u010di jako dekorace interi\u00e9ru. Jednotliv\u00e9 elipsy, moduly, lze ot\u00e1\u010det libovoln\u00fdm sm\u011brem d\u00edky zasazen\u00e9mu kol\u00edku. Kol\u00edk uvnit\u0159 konstrukce je schovan\u00fd v m\u00edst\u011b napojen\u00ed na moduly. Inspirac\u00ed pro tvar je \u010dinnost jm\u00e9nem gravity glue. [&hellip;]<\/p>\n","protected":false},"author":5,"featured_media":1696,"menu_order":0,"comment_status":"closed","ping_status":"closed","template":"","format":"standard","meta":{"ngg_post_thumbnail":0,"ocean_post_layout":"","ocean_both_sidebars_style":"","ocean_both_sidebars_content_width":0,"ocean_both_sidebars_sidebars_width":0,"ocean_sidebar":"","ocean_second_sidebar":"","ocean_disable_margins":"enable","ocean_add_body_class":"","ocean_shortcode_before_top_bar":"","ocean_shortcode_after_top_bar":"","ocean_shortcode_before_header":"","ocean_shortcode_after_header":"","ocean_has_shortcode":"","ocean_shortcode_after_title":"","ocean_shortcode_before_footer_widgets":"","ocean_shortcode_after_footer_widgets":"","ocean_shortcode_before_footer_bottom":"","ocean_shortcode_after_footer_bottom":"","ocean_display_top_bar":"default","ocean_display_header":"default","ocean_header_style":"","ocean_center_header_left_menu":"","ocean_custom_header_template":"","ocean_custom_logo":0,"ocean_custom_retina_logo":0,"ocean_custom_logo_max_width":0,"ocean_custom_logo_tablet_max_width":0,"ocean_custom_logo_mobile_max_width":0,"ocean_custom_logo_max_height":0,"ocean_custom_logo_tablet_max_height":0,"ocean_custom_logo_mobile_max_height":0,"ocean_header_custom_menu":"","ocean_menu_typo_font_family":"","ocean_menu_typo_font_subset":"","ocean_menu_typo_font_size":0,"ocean_menu_typo_font_size_tablet":0,"ocean_menu_typo_font_size_mobile":0,"ocean_menu_typo_font_size_unit":"px","ocean_menu_typo_font_weight":"","ocean_menu_typo_font_weight_tablet":"","ocean_menu_typo_font_weight_mobile":"","ocean_menu_typo_transform":"","ocean_menu_typo_transform_tablet":"","ocean_menu_typo_transform_mobile":"","ocean_menu_typo_line_height":0,"ocean_menu_typo_line_height_tablet":0,"ocean_menu_typo_line_height_mobile":0,"ocean_menu_typo_line_height_unit":"","ocean_menu_typo_spacing":0,"ocean_menu_typo_spacing_tablet":0,"ocean_menu_typo_spacing_mobile":0,"ocean_menu_typo_spacing_unit":"","ocean_menu_link_color":"","ocean_menu_link_color_hover":"","ocean_menu_link_color_active":"","ocean_menu_link_background":"","ocean_menu_link_hover_background":"","ocean_menu_link_active_background":"","ocean_menu_social_links_bg":"","ocean_menu_social_hover_links_bg":"","ocean_menu_social_links_color":"","ocean_menu_social_hover_links_color":"","ocean_disable_title":"default","ocean_disable_heading":"default","ocean_post_title":"","ocean_post_subheading":"","ocean_post_title_style":"","ocean_post_title_background_color":"","ocean_post_title_background":0,"ocean_post_title_bg_image_position":"","ocean_post_title_bg_image_attachment":"","ocean_post_title_bg_image_repeat":"","ocean_post_title_bg_image_size":"","ocean_post_title_height":0,"ocean_post_title_bg_overlay":0.5,"ocean_post_title_bg_overlay_color":"","ocean_disable_breadcrumbs":"default","ocean_breadcrumbs_color":"","ocean_breadcrumbs_separator_color":"","ocean_breadcrumbs_links_color":"","ocean_breadcrumbs_links_hover_color":"","ocean_display_footer_widgets":"default","ocean_display_footer_bottom":"default","ocean_custom_footer_template":"","_vp_format_video_url":"","_vp_image_focal_point":[],"footnotes":""},"portfolio_category":[10],"portfolio_tag":[],"class_list":["post-1695","portfolio","type-portfolio","status-publish","format-standard","has-post-thumbnail","hentry","portfolio_category-soutezici-2023","entry","has-media"],"yoast_head":"<!-- This site is optimized with the Yoast SEO plugin v25.2 - https:\/\/yoast.com\/wordpress\/plugins\/seo\/ -->\n<title>Produktov\u00fd design - Organic shelf - design-award.cz<\/title>\n<meta name=\"robots\" content=\"index, follow, max-snippet:-1, max-image-preview:large, max-video-preview:-1\" \/>\n<link rel=\"canonical\" href=\"https:\/\/www.design-award.cz\/?portfolio=produktovy-design-organic-shelf\" \/>\n<meta property=\"og:locale\" content=\"cs_CZ\" \/>\n<meta property=\"og:type\" content=\"article\" \/>\n<meta property=\"og:title\" content=\"Produktov\u00fd design - Organic shelf - design-award.cz\" \/>\n<meta property=\"og:description\" content=\"Lucie Pasty\u0159\u00edkov\u00e1 St\u0159edn\u00ed \u0161kola um\u011bn\u00ed a designu a Vy\u0161\u0161\u00ed odborn\u00e1 \u0161kola Brno, p\u0159\u00edsp\u011bvkov\u00e1 organizace Modul\u00e1rn\u00ed reg\u00e1l Organic shelf slou\u017e\u00ed k ulo\u017een\u00ed men\u0161\u00edch p\u0159edm\u011bt\u016f \u010di jako dekorace interi\u00e9ru. Jednotliv\u00e9 elipsy, moduly, lze ot\u00e1\u010det libovoln\u00fdm sm\u011brem d\u00edky zasazen\u00e9mu kol\u00edku. Kol\u00edk uvnit\u0159 konstrukce je schovan\u00fd v m\u00edst\u011b napojen\u00ed na moduly. Inspirac\u00ed pro tvar je \u010dinnost jm\u00e9nem gravity glue. [&hellip;]\" \/>\n<meta property=\"og:url\" content=\"https:\/\/www.design-award.cz\/?portfolio=produktovy-design-organic-shelf\" \/>\n<meta property=\"og:site_name\" content=\"design-award.cz\" \/>\n<meta property=\"article:modified_time\" content=\"2023-02-22T04:19:27+00:00\" \/>\n<meta property=\"og:image\" content=\"http:\/\/www.design-award.cz\/wp-content\/uploads\/2023\/02\/render_interier-1024x838.png\" \/>\n\t<meta property=\"og:image:width\" content=\"1024\" \/>\n\t<meta property=\"og:image:height\" content=\"838\" \/>\n\t<meta property=\"og:image:type\" content=\"image\/png\" \/>\n<meta name=\"twitter:card\" content=\"summary_large_image\" \/>\n<meta name=\"twitter:label1\" content=\"Odhadovan\u00e1 doba \u010dten\u00ed\" \/>\n\t<meta name=\"twitter:data1\" content=\"2 minuty\" \/>\n<script type=\"application\/ld+json\" class=\"yoast-schema-graph\">{\"@context\":\"https:\/\/schema.org\",\"@graph\":[{\"@type\":\"WebPage\",\"@id\":\"https:\/\/www.design-award.cz\/?portfolio=produktovy-design-organic-shelf\",\"url\":\"https:\/\/www.design-award.cz\/?portfolio=produktovy-design-organic-shelf\",\"name\":\"Produktov\u00fd design - Organic shelf - design-award.cz\",\"isPartOf\":{\"@id\":\"https:\/\/www.design-award.cz\/#website\"},\"primaryImageOfPage\":{\"@id\":\"https:\/\/www.design-award.cz\/?portfolio=produktovy-design-organic-shelf#primaryimage\"},\"image\":{\"@id\":\"https:\/\/www.design-award.cz\/?portfolio=produktovy-design-organic-shelf#primaryimage\"},\"thumbnailUrl\":\"https:\/\/www.design-award.cz\/wp-content\/uploads\/2023\/02\/render_interier.png\",\"datePublished\":\"2023-02-22T04:18:42+00:00\",\"dateModified\":\"2023-02-22T04:19:27+00:00\",\"breadcrumb\":{\"@id\":\"https:\/\/www.design-award.cz\/?portfolio=produktovy-design-organic-shelf#breadcrumb\"},\"inLanguage\":\"cs\",\"potentialAction\":[{\"@type\":\"ReadAction\",\"target\":[\"https:\/\/www.design-award.cz\/?portfolio=produktovy-design-organic-shelf\"]}]},{\"@type\":\"ImageObject\",\"inLanguage\":\"cs\",\"@id\":\"https:\/\/www.design-award.cz\/?portfolio=produktovy-design-organic-shelf#primaryimage\",\"url\":\"https:\/\/www.design-award.cz\/wp-content\/uploads\/2023\/02\/render_interier.png\",\"contentUrl\":\"https:\/\/www.design-award.cz\/wp-content\/uploads\/2023\/02\/render_interier.png\",\"width\":3030,\"height\":2480},{\"@type\":\"BreadcrumbList\",\"@id\":\"https:\/\/www.design-award.cz\/?portfolio=produktovy-design-organic-shelf#breadcrumb\",\"itemListElement\":[{\"@type\":\"ListItem\",\"position\":1,\"name\":\"Dom\u016f\",\"item\":\"https:\/\/www.design-award.cz\/\"},{\"@type\":\"ListItem\",\"position\":2,\"name\":\"Portfolio Items\",\"item\":\"https:\/\/www.design-award.cz\/?post_type=portfolio\"},{\"@type\":\"ListItem\",\"position\":3,\"name\":\"Produktov\u00fd design &#8211; Organic shelf\"}]},{\"@type\":\"WebSite\",\"@id\":\"https:\/\/www.design-award.cz\/#website\",\"url\":\"https:\/\/www.design-award.cz\/\",\"name\":\"design-award.cz\",\"description\":\"WARD vznikla v roce 2022. Je ur\u010dena p\u0159edev\u0161\u00edm student\u016fm st\u0159edn\u00edch um\u011bleck\u00fdch \u0161kol (S\u0160 a VO\u0160), kte\u0159\u00ed mohou bezplatn\u011b zaslat sv\u00e9 n\u00e1vrhy v uveden\u00fdch kategori\u00ed a tak pom\u011b\u0159it sv\u00e9 n\u00e1pady s konkurenc\u00ed sv\u00fdch vrstevn\u00edk\u016f. N\u00e1vrhy jsou n\u00e1sledn\u011b posouzeny nez\u00e1vislou porotou z \u0159ad v\u00fdtvarn\u00edk\u016f, pedagog\u016f a profesion\u00e1l\u016f z oboru.\",\"publisher\":{\"@id\":\"https:\/\/www.design-award.cz\/#organization\"},\"potentialAction\":[{\"@type\":\"SearchAction\",\"target\":{\"@type\":\"EntryPoint\",\"urlTemplate\":\"https:\/\/www.design-award.cz\/?s={search_term_string}\"},\"query-input\":{\"@type\":\"PropertyValueSpecification\",\"valueRequired\":true,\"valueName\":\"search_term_string\"}}],\"inLanguage\":\"cs\"},{\"@type\":\"Organization\",\"@id\":\"https:\/\/www.design-award.cz\/#organization\",\"name\":\"Design Award\",\"url\":\"https:\/\/www.design-award.cz\/\",\"logo\":{\"@type\":\"ImageObject\",\"inLanguage\":\"cs\",\"@id\":\"https:\/\/www.design-award.cz\/#\/schema\/logo\/image\/\",\"url\":\"http:\/\/www.design-award.cz\/wp-content\/uploads\/2021\/12\/hornilogo_design-award.png\",\"contentUrl\":\"http:\/\/www.design-award.cz\/wp-content\/uploads\/2021\/12\/hornilogo_design-award.png\",\"width\":800,\"height\":600,\"caption\":\"Design Award\"},\"image\":{\"@id\":\"https:\/\/www.design-award.cz\/#\/schema\/logo\/image\/\"},\"sameAs\":[\"https:\/\/www.instagram.com\/design_award\/\"]}]}<\/script>\n<!-- \/ Yoast SEO plugin. -->","yoast_head_json":{"title":"Produktov\u00fd design - Organic shelf - design-award.cz","robots":{"index":"index","follow":"follow","max-snippet":"max-snippet:-1","max-image-preview":"max-image-preview:large","max-video-preview":"max-video-preview:-1"},"canonical":"https:\/\/www.design-award.cz\/?portfolio=produktovy-design-organic-shelf","og_locale":"cs_CZ","og_type":"article","og_title":"Produktov\u00fd design - Organic shelf - design-award.cz","og_description":"Lucie Pasty\u0159\u00edkov\u00e1 St\u0159edn\u00ed \u0161kola um\u011bn\u00ed a designu a Vy\u0161\u0161\u00ed odborn\u00e1 \u0161kola Brno, p\u0159\u00edsp\u011bvkov\u00e1 organizace Modul\u00e1rn\u00ed reg\u00e1l Organic shelf slou\u017e\u00ed k ulo\u017een\u00ed men\u0161\u00edch p\u0159edm\u011bt\u016f \u010di jako dekorace interi\u00e9ru. Jednotliv\u00e9 elipsy, moduly, lze ot\u00e1\u010det libovoln\u00fdm sm\u011brem d\u00edky zasazen\u00e9mu kol\u00edku. Kol\u00edk uvnit\u0159 konstrukce je schovan\u00fd v m\u00edst\u011b napojen\u00ed na moduly. Inspirac\u00ed pro tvar je \u010dinnost jm\u00e9nem gravity glue. [&hellip;]","og_url":"https:\/\/www.design-award.cz\/?portfolio=produktovy-design-organic-shelf","og_site_name":"design-award.cz","article_modified_time":"2023-02-22T04:19:27+00:00","og_image":[{"width":1024,"height":838,"url":"http:\/\/www.design-award.cz\/wp-content\/uploads\/2023\/02\/render_interier-1024x838.png","type":"image\/png"}],"twitter_card":"summary_large_image","twitter_misc":{"Odhadovan\u00e1 doba \u010dten\u00ed":"2 minuty"},"schema":{"@context":"https:\/\/schema.org","@graph":[{"@type":"WebPage","@id":"https:\/\/www.design-award.cz\/?portfolio=produktovy-design-organic-shelf","url":"https:\/\/www.design-award.cz\/?portfolio=produktovy-design-organic-shelf","name":"Produktov\u00fd design - Organic shelf - design-award.cz","isPartOf":{"@id":"https:\/\/www.design-award.cz\/#website"},"primaryImageOfPage":{"@id":"https:\/\/www.design-award.cz\/?portfolio=produktovy-design-organic-shelf#primaryimage"},"image":{"@id":"https:\/\/www.design-award.cz\/?portfolio=produktovy-design-organic-shelf#primaryimage"},"thumbnailUrl":"https:\/\/www.design-award.cz\/wp-content\/uploads\/2023\/02\/render_interier.png","datePublished":"2023-02-22T04:18:42+00:00","dateModified":"2023-02-22T04:19:27+00:00","breadcrumb":{"@id":"https:\/\/www.design-award.cz\/?portfolio=produktovy-design-organic-shelf#breadcrumb"},"inLanguage":"cs","potentialAction":[{"@type":"ReadAction","target":["https:\/\/www.design-award.cz\/?portfolio=produktovy-design-organic-shelf"]}]},{"@type":"ImageObject","inLanguage":"cs","@id":"https:\/\/www.design-award.cz\/?portfolio=produktovy-design-organic-shelf#primaryimage","url":"https:\/\/www.design-award.cz\/wp-content\/uploads\/2023\/02\/render_interier.png","contentUrl":"https:\/\/www.design-award.cz\/wp-content\/uploads\/2023\/02\/render_interier.png","width":3030,"height":2480},{"@type":"BreadcrumbList","@id":"https:\/\/www.design-award.cz\/?portfolio=produktovy-design-organic-shelf#breadcrumb","itemListElement":[{"@type":"ListItem","position":1,"name":"Dom\u016f","item":"https:\/\/www.design-award.cz\/"},{"@type":"ListItem","position":2,"name":"Portfolio Items","item":"https:\/\/www.design-award.cz\/?post_type=portfolio"},{"@type":"ListItem","position":3,"name":"Produktov\u00fd design &#8211; Organic shelf"}]},{"@type":"WebSite","@id":"https:\/\/www.design-award.cz\/#website","url":"https:\/\/www.design-award.cz\/","name":"design-award.cz","description":"WARD vznikla v roce 2022. Je ur\u010dena p\u0159edev\u0161\u00edm student\u016fm st\u0159edn\u00edch um\u011bleck\u00fdch \u0161kol (S\u0160 a VO\u0160), kte\u0159\u00ed mohou bezplatn\u011b zaslat sv\u00e9 n\u00e1vrhy v uveden\u00fdch kategori\u00ed a tak pom\u011b\u0159it sv\u00e9 n\u00e1pady s konkurenc\u00ed sv\u00fdch vrstevn\u00edk\u016f. N\u00e1vrhy jsou n\u00e1sledn\u011b posouzeny nez\u00e1vislou porotou z \u0159ad v\u00fdtvarn\u00edk\u016f, pedagog\u016f a profesion\u00e1l\u016f z oboru.","publisher":{"@id":"https:\/\/www.design-award.cz\/#organization"},"potentialAction":[{"@type":"SearchAction","target":{"@type":"EntryPoint","urlTemplate":"https:\/\/www.design-award.cz\/?s={search_term_string}"},"query-input":{"@type":"PropertyValueSpecification","valueRequired":true,"valueName":"search_term_string"}}],"inLanguage":"cs"},{"@type":"Organization","@id":"https:\/\/www.design-award.cz\/#organization","name":"Design Award","url":"https:\/\/www.design-award.cz\/","logo":{"@type":"ImageObject","inLanguage":"cs","@id":"https:\/\/www.design-award.cz\/#\/schema\/logo\/image\/","url":"http:\/\/www.design-award.cz\/wp-content\/uploads\/2021\/12\/hornilogo_design-award.png","contentUrl":"http:\/\/www.design-award.cz\/wp-content\/uploads\/2021\/12\/hornilogo_design-award.png","width":800,"height":600,"caption":"Design Award"},"image":{"@id":"https:\/\/www.design-award.cz\/#\/schema\/logo\/image\/"},"sameAs":["https:\/\/www.instagram.com\/design_award\/"]}]}},"_links":{"self":[{"href":"https:\/\/www.design-award.cz\/index.php?rest_route=\/wp\/v2\/portfolio\/1695","targetHints":{"allow":["GET"]}}],"collection":[{"href":"https:\/\/www.design-award.cz\/index.php?rest_route=\/wp\/v2\/portfolio"}],"about":[{"href":"https:\/\/www.design-award.cz\/index.php?rest_route=\/wp\/v2\/types\/portfolio"}],"author":[{"embeddable":true,"href":"https:\/\/www.design-award.cz\/index.php?rest_route=\/wp\/v2\/users\/5"}],"replies":[{"embeddable":true,"href":"https:\/\/www.design-award.cz\/index.php?rest_route=%2Fwp%2Fv2%2Fcomments&post=1695"}],"version-history":[{"count":1,"href":"https:\/\/www.design-award.cz\/index.php?rest_route=\/wp\/v2\/portfolio\/1695\/revisions"}],"predecessor-version":[{"id":1700,"href":"https:\/\/www.design-award.cz\/index.php?rest_route=\/wp\/v2\/portfolio\/1695\/revisions\/1700"}],"wp:featuredmedia":[{"embeddable":true,"href":"https:\/\/www.design-award.cz\/index.php?rest_route=\/wp\/v2\/media\/1696"}],"wp:attachment":[{"href":"https:\/\/www.design-award.cz\/index.php?rest_route=%2Fwp%2Fv2%2Fmedia&parent=1695"}],"wp:term":[{"taxonomy":"portfolio_category","embeddable":true,"href":"https:\/\/www.design-award.cz\/index.php?rest_route=%2Fwp%2Fv2%2Fportfolio_category&post=1695"},{"taxonomy":"portfolio_tag","embeddable":true,"href":"https:\/\/www.design-award.cz\/index.php?rest_route=%2Fwp%2Fv2%2Fportfolio_tag&post=1695"}],"curies":[{"name":"wp","href":"https:\/\/api.w.org\/{rel}","templated":true}]}}