{"id":1718,"date":"2023-02-25T22:52:32","date_gmt":"2023-02-25T22:52:32","guid":{"rendered":"https:\/\/www.design-award.cz\/?post_type=portfolio&#038;p=1718"},"modified":"2023-02-25T22:53:17","modified_gmt":"2023-02-25T22:53:17","slug":"verejny-interier-folklorni-expo","status":"publish","type":"portfolio","link":"https:\/\/www.design-award.cz\/?portfolio=verejny-interier-folklorni-expo","title":{"rendered":"Ve\u0159ejn\u00fd interi\u00e9r &#8211; Folkl\u00f3rn\u00ed expo"},"content":{"rendered":"\n<p><strong>Kamila Krej\u010d\u00ed\u0159ov\u00e1<\/strong><\/p>\n\n\n\n<p>Moravsk\u00e1 st\u0159edn\u00ed \u0161kola s.r.o.<\/p>\n\n\n\n<p>V\u00fdstava folkl\u00f3ru. Na zad\u00e1n\u00ed ud\u011blat expo pro cizince a p\u0159ibl\u00ed\u017eit jim na\u0161i \u010deskou kulturu, jsem si vybrala folkl\u00f3rn\u00ed oblast Vala\u0161sko. Cht\u011bla jsem v expu zobrazit v\u0161echny d\u016fle\u017eit\u00e9 a zaj\u00edmav\u00e9 fakta a v\u011bci, kter\u00e9 jsou pro tento folkl\u00f3r jedine\u010dn\u00e9 a v\u00fdjime\u010dn\u00e9. Hned u vstupu do expa jsem dala sala\u0161 jako prodejnu vstupenek, vyzobrazila jsem kr\u00e1su a historii vala\u0161sk\u00fdch kroj\u016f a \u010depc\u016f. Velk\u00fdmu redyku, kter\u00fd se kon\u00e1 na za\u010d\u00e1tku kv\u011btna, jsem v\u011bnovala vlastn\u00ed prostor, kde by st\u00e1la ove\u010dka z vlny a kniha p\u00edsn\u00ed, kter\u00e9 se zp\u00edvaj\u00ed p\u0159i t\u00e9hle akci. Tak\u00e9 jsem cht\u011bla pouk\u00e1zat na vala\u0161sk\u00e9 bydlen\u00ed, a jak to vypadalo uvnit\u0159 takov\u00e9ho dome\u010dku. Vala\u0161i jsou tak\u00e9 zn\u00e1m\u00ed pro svoji z\u00e1libu v masopustech a Mikul\u00e1\u0161sk\u00fdch slavnostech, s touhle my\u0161lenkou jsem pracovala i s interaktivn\u00edm koutkem v\u00fdstavy, kde si lid\u00e9 mohou prohl\u00e9dnout r\u016fzn\u00e9 kost\u00fdmy \u010dert\u016f z vesnic, kter\u00e9 spadaj\u00ed pod Vala\u0161sko. Na konci v\u00fdstavy je prostor pro modrotisk.<br>Celkov\u00e1 velikost interi\u00e9ru je 200m\u00b2 a jsou v n\u011bm pou\u017eity materi\u00e1ly jako nap\u0159. d\u0159evo, sklo, kov, k\u00e1men atd.<\/p>\n\n\n\n<figure class=\"wp-block-image size-full\"><img decoding=\"async\" width=\"800\" height=\"600\" data-src=\"http:\/\/www.design-award.cz\/wp-content\/uploads\/2023\/02\/Klauzury-VM4-Krejcirova-Folklor-Obrazek10.jpg\" alt=\"\" class=\"wp-image-1723 lazyload\" data-srcset=\"https:\/\/www.design-award.cz\/wp-content\/uploads\/2023\/02\/Klauzury-VM4-Krejcirova-Folklor-Obrazek10.jpg 800w, https:\/\/www.design-award.cz\/wp-content\/uploads\/2023\/02\/Klauzury-VM4-Krejcirova-Folklor-Obrazek10-300x225.jpg 300w, https:\/\/www.design-award.cz\/wp-content\/uploads\/2023\/02\/Klauzury-VM4-Krejcirova-Folklor-Obrazek10-768x576.jpg 768w, https:\/\/www.design-award.cz\/wp-content\/uploads\/2023\/02\/Klauzury-VM4-Krejcirova-Folklor-Obrazek10-500x375.jpg 500w\" data-sizes=\"(max-width: 800px) 100vw, 800px\" src=\"data:image\/svg+xml;base64,PHN2ZyB3aWR0aD0iMSIgaGVpZ2h0PSIxIiB4bWxucz0iaHR0cDovL3d3dy53My5vcmcvMjAwMC9zdmciPjwvc3ZnPg==\" style=\"--smush-placeholder-width: 800px; --smush-placeholder-aspect-ratio: 800\/600;\" \/><\/figure>\n\n\n\n<figure class=\"wp-block-image size-full\"><img decoding=\"async\" width=\"800\" height=\"600\" data-src=\"http:\/\/www.design-award.cz\/wp-content\/uploads\/2023\/02\/Klauzury-VM4-Krejcirova-Folklor-Obrazek6.jpg\" alt=\"\" class=\"wp-image-1722 lazyload\" data-srcset=\"https:\/\/www.design-award.cz\/wp-content\/uploads\/2023\/02\/Klauzury-VM4-Krejcirova-Folklor-Obrazek6.jpg 800w, https:\/\/www.design-award.cz\/wp-content\/uploads\/2023\/02\/Klauzury-VM4-Krejcirova-Folklor-Obrazek6-300x225.jpg 300w, https:\/\/www.design-award.cz\/wp-content\/uploads\/2023\/02\/Klauzury-VM4-Krejcirova-Folklor-Obrazek6-768x576.jpg 768w, https:\/\/www.design-award.cz\/wp-content\/uploads\/2023\/02\/Klauzury-VM4-Krejcirova-Folklor-Obrazek6-500x375.jpg 500w\" data-sizes=\"(max-width: 800px) 100vw, 800px\" src=\"data:image\/svg+xml;base64,PHN2ZyB3aWR0aD0iMSIgaGVpZ2h0PSIxIiB4bWxucz0iaHR0cDovL3d3dy53My5vcmcvMjAwMC9zdmciPjwvc3ZnPg==\" style=\"--smush-placeholder-width: 800px; --smush-placeholder-aspect-ratio: 800\/600;\" \/><\/figure>\n\n\n\n<figure class=\"wp-block-image size-large\"><img decoding=\"async\" width=\"1024\" height=\"547\" data-src=\"http:\/\/www.design-award.cz\/wp-content\/uploads\/2023\/02\/dispozice-1024x547.png\" alt=\"\" class=\"wp-image-1721 lazyload\" data-srcset=\"https:\/\/www.design-award.cz\/wp-content\/uploads\/2023\/02\/dispozice-1024x547.png 1024w, https:\/\/www.design-award.cz\/wp-content\/uploads\/2023\/02\/dispozice-300x160.png 300w, https:\/\/www.design-award.cz\/wp-content\/uploads\/2023\/02\/dispozice-768x410.png 768w, https:\/\/www.design-award.cz\/wp-content\/uploads\/2023\/02\/dispozice-1536x821.png 1536w, https:\/\/www.design-award.cz\/wp-content\/uploads\/2023\/02\/dispozice-500x267.png 500w, https:\/\/www.design-award.cz\/wp-content\/uploads\/2023\/02\/dispozice-800x428.png 800w, https:\/\/www.design-award.cz\/wp-content\/uploads\/2023\/02\/dispozice-1280x684.png 1280w, https:\/\/www.design-award.cz\/wp-content\/uploads\/2023\/02\/dispozice.png 1611w\" data-sizes=\"(max-width: 1024px) 100vw, 1024px\" src=\"data:image\/svg+xml;base64,PHN2ZyB3aWR0aD0iMSIgaGVpZ2h0PSIxIiB4bWxucz0iaHR0cDovL3d3dy53My5vcmcvMjAwMC9zdmciPjwvc3ZnPg==\" style=\"--smush-placeholder-width: 1024px; --smush-placeholder-aspect-ratio: 1024\/547;\" \/><\/figure>\n\n\n\n<figure class=\"wp-block-image size-large is-resized\"><img decoding=\"async\" data-src=\"http:\/\/www.design-award.cz\/wp-content\/uploads\/2023\/02\/moodboard-02-1024x629.png\" alt=\"\" class=\"wp-image-1720 lazyload\" width=\"840\" height=\"515\" data-srcset=\"https:\/\/www.design-award.cz\/wp-content\/uploads\/2023\/02\/moodboard-02-1024x629.png 1024w, https:\/\/www.design-award.cz\/wp-content\/uploads\/2023\/02\/moodboard-02-300x184.png 300w, https:\/\/www.design-award.cz\/wp-content\/uploads\/2023\/02\/moodboard-02-768x471.png 768w, https:\/\/www.design-award.cz\/wp-content\/uploads\/2023\/02\/moodboard-02-500x307.png 500w, https:\/\/www.design-award.cz\/wp-content\/uploads\/2023\/02\/moodboard-02-800x491.png 800w, https:\/\/www.design-award.cz\/wp-content\/uploads\/2023\/02\/moodboard-02-1280x786.png 1280w, https:\/\/www.design-award.cz\/wp-content\/uploads\/2023\/02\/moodboard-02.png 1401w\" data-sizes=\"(max-width: 840px) 100vw, 840px\" src=\"data:image\/svg+xml;base64,PHN2ZyB3aWR0aD0iMSIgaGVpZ2h0PSIxIiB4bWxucz0iaHR0cDovL3d3dy53My5vcmcvMjAwMC9zdmciPjwvc3ZnPg==\" style=\"--smush-placeholder-width: 840px; --smush-placeholder-aspect-ratio: 840\/515;\" \/><\/figure>\n\n\n\n<figure class=\"wp-block-image size-large\"><img decoding=\"async\" width=\"1024\" height=\"632\" data-src=\"http:\/\/www.design-award.cz\/wp-content\/uploads\/2023\/02\/moodboard-01-1024x632.png\" alt=\"\" class=\"wp-image-1719 lazyload\" data-srcset=\"https:\/\/www.design-award.cz\/wp-content\/uploads\/2023\/02\/moodboard-01-1024x632.png 1024w, https:\/\/www.design-award.cz\/wp-content\/uploads\/2023\/02\/moodboard-01-300x185.png 300w, https:\/\/www.design-award.cz\/wp-content\/uploads\/2023\/02\/moodboard-01-768x474.png 768w, https:\/\/www.design-award.cz\/wp-content\/uploads\/2023\/02\/moodboard-01-500x308.png 500w, https:\/\/www.design-award.cz\/wp-content\/uploads\/2023\/02\/moodboard-01-800x493.png 800w, https:\/\/www.design-award.cz\/wp-content\/uploads\/2023\/02\/moodboard-01-1280x789.png 1280w, https:\/\/www.design-award.cz\/wp-content\/uploads\/2023\/02\/moodboard-01.png 1396w\" data-sizes=\"(max-width: 1024px) 100vw, 1024px\" src=\"data:image\/svg+xml;base64,PHN2ZyB3aWR0aD0iMSIgaGVpZ2h0PSIxIiB4bWxucz0iaHR0cDovL3d3dy53My5vcmcvMjAwMC9zdmciPjwvc3ZnPg==\" style=\"--smush-placeholder-width: 1024px; --smush-placeholder-aspect-ratio: 1024\/632;\" \/><\/figure>\n","protected":false},"excerpt":{"rendered":"<p>Kamila Krej\u010d\u00ed\u0159ov\u00e1 Moravsk\u00e1 st\u0159edn\u00ed \u0161kola s.r.o. V\u00fdstava folkl\u00f3ru. Na zad\u00e1n\u00ed ud\u011blat expo pro cizince a p\u0159ibl\u00ed\u017eit jim na\u0161i \u010deskou kulturu, jsem si vybrala folkl\u00f3rn\u00ed oblast Vala\u0161sko. Cht\u011bla jsem v expu zobrazit v\u0161echny d\u016fle\u017eit\u00e9 a zaj\u00edmav\u00e9 fakta a v\u011bci, kter\u00e9 jsou pro tento folkl\u00f3r jedine\u010dn\u00e9 a v\u00fdjime\u010dn\u00e9. Hned u vstupu do expa jsem dala sala\u0161 jako [&hellip;]<\/p>\n","protected":false},"author":5,"featured_media":1724,"menu_order":0,"comment_status":"closed","ping_status":"closed","template":"","format":"standard","meta":{"ngg_post_thumbnail":0,"ocean_post_layout":"","ocean_both_sidebars_style":"","ocean_both_sidebars_content_width":0,"ocean_both_sidebars_sidebars_width":0,"ocean_sidebar":"","ocean_second_sidebar":"","ocean_disable_margins":"enable","ocean_add_body_class":"","ocean_shortcode_before_top_bar":"","ocean_shortcode_after_top_bar":"","ocean_shortcode_before_header":"","ocean_shortcode_after_header":"","ocean_has_shortcode":"","ocean_shortcode_after_title":"","ocean_shortcode_before_footer_widgets":"","ocean_shortcode_after_footer_widgets":"","ocean_shortcode_before_footer_bottom":"","ocean_shortcode_after_footer_bottom":"","ocean_display_top_bar":"default","ocean_display_header":"default","ocean_header_style":"","ocean_center_header_left_menu":"","ocean_custom_header_template":"","ocean_custom_logo":0,"ocean_custom_retina_logo":0,"ocean_custom_logo_max_width":0,"ocean_custom_logo_tablet_max_width":0,"ocean_custom_logo_mobile_max_width":0,"ocean_custom_logo_max_height":0,"ocean_custom_logo_tablet_max_height":0,"ocean_custom_logo_mobile_max_height":0,"ocean_header_custom_menu":"","ocean_menu_typo_font_family":"","ocean_menu_typo_font_subset":"","ocean_menu_typo_font_size":0,"ocean_menu_typo_font_size_tablet":0,"ocean_menu_typo_font_size_mobile":0,"ocean_menu_typo_font_size_unit":"px","ocean_menu_typo_font_weight":"","ocean_menu_typo_font_weight_tablet":"","ocean_menu_typo_font_weight_mobile":"","ocean_menu_typo_transform":"","ocean_menu_typo_transform_tablet":"","ocean_menu_typo_transform_mobile":"","ocean_menu_typo_line_height":0,"ocean_menu_typo_line_height_tablet":0,"ocean_menu_typo_line_height_mobile":0,"ocean_menu_typo_line_height_unit":"","ocean_menu_typo_spacing":0,"ocean_menu_typo_spacing_tablet":0,"ocean_menu_typo_spacing_mobile":0,"ocean_menu_typo_spacing_unit":"","ocean_menu_link_color":"","ocean_menu_link_color_hover":"","ocean_menu_link_color_active":"","ocean_menu_link_background":"","ocean_menu_link_hover_background":"","ocean_menu_link_active_background":"","ocean_menu_social_links_bg":"","ocean_menu_social_hover_links_bg":"","ocean_menu_social_links_color":"","ocean_menu_social_hover_links_color":"","ocean_disable_title":"default","ocean_disable_heading":"default","ocean_post_title":"","ocean_post_subheading":"","ocean_post_title_style":"","ocean_post_title_background_color":"","ocean_post_title_background":0,"ocean_post_title_bg_image_position":"","ocean_post_title_bg_image_attachment":"","ocean_post_title_bg_image_repeat":"","ocean_post_title_bg_image_size":"","ocean_post_title_height":0,"ocean_post_title_bg_overlay":0.5,"ocean_post_title_bg_overlay_color":"","ocean_disable_breadcrumbs":"default","ocean_breadcrumbs_color":"","ocean_breadcrumbs_separator_color":"","ocean_breadcrumbs_links_color":"","ocean_breadcrumbs_links_hover_color":"","ocean_display_footer_widgets":"default","ocean_display_footer_bottom":"default","ocean_custom_footer_template":"","_vp_format_video_url":"","_vp_image_focal_point":[],"footnotes":""},"portfolio_category":[10],"portfolio_tag":[],"class_list":["post-1718","portfolio","type-portfolio","status-publish","format-standard","has-post-thumbnail","hentry","portfolio_category-soutezici-2023","entry","has-media"],"yoast_head":"<!-- This site is optimized with the Yoast SEO plugin v25.2 - https:\/\/yoast.com\/wordpress\/plugins\/seo\/ -->\n<title>Ve\u0159ejn\u00fd interi\u00e9r - Folkl\u00f3rn\u00ed expo - design-award.cz<\/title>\n<meta name=\"robots\" content=\"index, follow, max-snippet:-1, max-image-preview:large, max-video-preview:-1\" \/>\n<link rel=\"canonical\" href=\"https:\/\/www.design-award.cz\/?portfolio=verejny-interier-folklorni-expo\" \/>\n<meta property=\"og:locale\" content=\"cs_CZ\" \/>\n<meta property=\"og:type\" content=\"article\" \/>\n<meta property=\"og:title\" content=\"Ve\u0159ejn\u00fd interi\u00e9r - Folkl\u00f3rn\u00ed expo - design-award.cz\" \/>\n<meta property=\"og:description\" content=\"Kamila Krej\u010d\u00ed\u0159ov\u00e1 Moravsk\u00e1 st\u0159edn\u00ed \u0161kola s.r.o. V\u00fdstava folkl\u00f3ru. Na zad\u00e1n\u00ed ud\u011blat expo pro cizince a p\u0159ibl\u00ed\u017eit jim na\u0161i \u010deskou kulturu, jsem si vybrala folkl\u00f3rn\u00ed oblast Vala\u0161sko. Cht\u011bla jsem v expu zobrazit v\u0161echny d\u016fle\u017eit\u00e9 a zaj\u00edmav\u00e9 fakta a v\u011bci, kter\u00e9 jsou pro tento folkl\u00f3r jedine\u010dn\u00e9 a v\u00fdjime\u010dn\u00e9. Hned u vstupu do expa jsem dala sala\u0161 jako [&hellip;]\" \/>\n<meta property=\"og:url\" content=\"https:\/\/www.design-award.cz\/?portfolio=verejny-interier-folklorni-expo\" \/>\n<meta property=\"og:site_name\" content=\"design-award.cz\" \/>\n<meta property=\"article:modified_time\" content=\"2023-02-25T22:53:17+00:00\" \/>\n<meta property=\"og:image\" content=\"http:\/\/www.design-award.cz\/wp-content\/uploads\/2023\/02\/Klauzury-VM4-Krejcirova-Folklor-VENEK.jpg\" \/>\n\t<meta property=\"og:image:width\" content=\"800\" \/>\n\t<meta property=\"og:image:height\" content=\"600\" \/>\n\t<meta property=\"og:image:type\" content=\"image\/jpeg\" \/>\n<meta name=\"twitter:card\" content=\"summary_large_image\" \/>\n<meta name=\"twitter:label1\" content=\"Odhadovan\u00e1 doba \u010dten\u00ed\" \/>\n\t<meta name=\"twitter:data1\" content=\"2 minuty\" \/>\n<script type=\"application\/ld+json\" class=\"yoast-schema-graph\">{\"@context\":\"https:\/\/schema.org\",\"@graph\":[{\"@type\":\"WebPage\",\"@id\":\"https:\/\/www.design-award.cz\/?portfolio=verejny-interier-folklorni-expo\",\"url\":\"https:\/\/www.design-award.cz\/?portfolio=verejny-interier-folklorni-expo\",\"name\":\"Ve\u0159ejn\u00fd interi\u00e9r - Folkl\u00f3rn\u00ed expo - design-award.cz\",\"isPartOf\":{\"@id\":\"https:\/\/www.design-award.cz\/#website\"},\"primaryImageOfPage\":{\"@id\":\"https:\/\/www.design-award.cz\/?portfolio=verejny-interier-folklorni-expo#primaryimage\"},\"image\":{\"@id\":\"https:\/\/www.design-award.cz\/?portfolio=verejny-interier-folklorni-expo#primaryimage\"},\"thumbnailUrl\":\"https:\/\/www.design-award.cz\/wp-content\/uploads\/2023\/02\/Klauzury-VM4-Krejcirova-Folklor-VENEK.jpg\",\"datePublished\":\"2023-02-25T22:52:32+00:00\",\"dateModified\":\"2023-02-25T22:53:17+00:00\",\"breadcrumb\":{\"@id\":\"https:\/\/www.design-award.cz\/?portfolio=verejny-interier-folklorni-expo#breadcrumb\"},\"inLanguage\":\"cs\",\"potentialAction\":[{\"@type\":\"ReadAction\",\"target\":[\"https:\/\/www.design-award.cz\/?portfolio=verejny-interier-folklorni-expo\"]}]},{\"@type\":\"ImageObject\",\"inLanguage\":\"cs\",\"@id\":\"https:\/\/www.design-award.cz\/?portfolio=verejny-interier-folklorni-expo#primaryimage\",\"url\":\"https:\/\/www.design-award.cz\/wp-content\/uploads\/2023\/02\/Klauzury-VM4-Krejcirova-Folklor-VENEK.jpg\",\"contentUrl\":\"https:\/\/www.design-award.cz\/wp-content\/uploads\/2023\/02\/Klauzury-VM4-Krejcirova-Folklor-VENEK.jpg\",\"width\":800,\"height\":600},{\"@type\":\"BreadcrumbList\",\"@id\":\"https:\/\/www.design-award.cz\/?portfolio=verejny-interier-folklorni-expo#breadcrumb\",\"itemListElement\":[{\"@type\":\"ListItem\",\"position\":1,\"name\":\"Dom\u016f\",\"item\":\"https:\/\/www.design-award.cz\/\"},{\"@type\":\"ListItem\",\"position\":2,\"name\":\"Portfolio Items\",\"item\":\"https:\/\/www.design-award.cz\/?post_type=portfolio\"},{\"@type\":\"ListItem\",\"position\":3,\"name\":\"Ve\u0159ejn\u00fd interi\u00e9r &#8211; Folkl\u00f3rn\u00ed expo\"}]},{\"@type\":\"WebSite\",\"@id\":\"https:\/\/www.design-award.cz\/#website\",\"url\":\"https:\/\/www.design-award.cz\/\",\"name\":\"design-award.cz\",\"description\":\"WARD vznikla v roce 2022. Je ur\u010dena p\u0159edev\u0161\u00edm student\u016fm st\u0159edn\u00edch um\u011bleck\u00fdch \u0161kol (S\u0160 a VO\u0160), kte\u0159\u00ed mohou bezplatn\u011b zaslat sv\u00e9 n\u00e1vrhy v uveden\u00fdch kategori\u00ed a tak pom\u011b\u0159it sv\u00e9 n\u00e1pady s konkurenc\u00ed sv\u00fdch vrstevn\u00edk\u016f. N\u00e1vrhy jsou n\u00e1sledn\u011b posouzeny nez\u00e1vislou porotou z \u0159ad v\u00fdtvarn\u00edk\u016f, pedagog\u016f a profesion\u00e1l\u016f z oboru.\",\"publisher\":{\"@id\":\"https:\/\/www.design-award.cz\/#organization\"},\"potentialAction\":[{\"@type\":\"SearchAction\",\"target\":{\"@type\":\"EntryPoint\",\"urlTemplate\":\"https:\/\/www.design-award.cz\/?s={search_term_string}\"},\"query-input\":{\"@type\":\"PropertyValueSpecification\",\"valueRequired\":true,\"valueName\":\"search_term_string\"}}],\"inLanguage\":\"cs\"},{\"@type\":\"Organization\",\"@id\":\"https:\/\/www.design-award.cz\/#organization\",\"name\":\"Design Award\",\"url\":\"https:\/\/www.design-award.cz\/\",\"logo\":{\"@type\":\"ImageObject\",\"inLanguage\":\"cs\",\"@id\":\"https:\/\/www.design-award.cz\/#\/schema\/logo\/image\/\",\"url\":\"http:\/\/www.design-award.cz\/wp-content\/uploads\/2021\/12\/hornilogo_design-award.png\",\"contentUrl\":\"http:\/\/www.design-award.cz\/wp-content\/uploads\/2021\/12\/hornilogo_design-award.png\",\"width\":800,\"height\":600,\"caption\":\"Design Award\"},\"image\":{\"@id\":\"https:\/\/www.design-award.cz\/#\/schema\/logo\/image\/\"},\"sameAs\":[\"https:\/\/www.instagram.com\/design_award\/\"]}]}<\/script>\n<!-- \/ Yoast SEO plugin. -->","yoast_head_json":{"title":"Ve\u0159ejn\u00fd interi\u00e9r - Folkl\u00f3rn\u00ed expo - design-award.cz","robots":{"index":"index","follow":"follow","max-snippet":"max-snippet:-1","max-image-preview":"max-image-preview:large","max-video-preview":"max-video-preview:-1"},"canonical":"https:\/\/www.design-award.cz\/?portfolio=verejny-interier-folklorni-expo","og_locale":"cs_CZ","og_type":"article","og_title":"Ve\u0159ejn\u00fd interi\u00e9r - Folkl\u00f3rn\u00ed expo - design-award.cz","og_description":"Kamila Krej\u010d\u00ed\u0159ov\u00e1 Moravsk\u00e1 st\u0159edn\u00ed \u0161kola s.r.o. V\u00fdstava folkl\u00f3ru. Na zad\u00e1n\u00ed ud\u011blat expo pro cizince a p\u0159ibl\u00ed\u017eit jim na\u0161i \u010deskou kulturu, jsem si vybrala folkl\u00f3rn\u00ed oblast Vala\u0161sko. Cht\u011bla jsem v expu zobrazit v\u0161echny d\u016fle\u017eit\u00e9 a zaj\u00edmav\u00e9 fakta a v\u011bci, kter\u00e9 jsou pro tento folkl\u00f3r jedine\u010dn\u00e9 a v\u00fdjime\u010dn\u00e9. Hned u vstupu do expa jsem dala sala\u0161 jako [&hellip;]","og_url":"https:\/\/www.design-award.cz\/?portfolio=verejny-interier-folklorni-expo","og_site_name":"design-award.cz","article_modified_time":"2023-02-25T22:53:17+00:00","og_image":[{"width":800,"height":600,"url":"http:\/\/www.design-award.cz\/wp-content\/uploads\/2023\/02\/Klauzury-VM4-Krejcirova-Folklor-VENEK.jpg","type":"image\/jpeg"}],"twitter_card":"summary_large_image","twitter_misc":{"Odhadovan\u00e1 doba \u010dten\u00ed":"2 minuty"},"schema":{"@context":"https:\/\/schema.org","@graph":[{"@type":"WebPage","@id":"https:\/\/www.design-award.cz\/?portfolio=verejny-interier-folklorni-expo","url":"https:\/\/www.design-award.cz\/?portfolio=verejny-interier-folklorni-expo","name":"Ve\u0159ejn\u00fd interi\u00e9r - Folkl\u00f3rn\u00ed expo - design-award.cz","isPartOf":{"@id":"https:\/\/www.design-award.cz\/#website"},"primaryImageOfPage":{"@id":"https:\/\/www.design-award.cz\/?portfolio=verejny-interier-folklorni-expo#primaryimage"},"image":{"@id":"https:\/\/www.design-award.cz\/?portfolio=verejny-interier-folklorni-expo#primaryimage"},"thumbnailUrl":"https:\/\/www.design-award.cz\/wp-content\/uploads\/2023\/02\/Klauzury-VM4-Krejcirova-Folklor-VENEK.jpg","datePublished":"2023-02-25T22:52:32+00:00","dateModified":"2023-02-25T22:53:17+00:00","breadcrumb":{"@id":"https:\/\/www.design-award.cz\/?portfolio=verejny-interier-folklorni-expo#breadcrumb"},"inLanguage":"cs","potentialAction":[{"@type":"ReadAction","target":["https:\/\/www.design-award.cz\/?portfolio=verejny-interier-folklorni-expo"]}]},{"@type":"ImageObject","inLanguage":"cs","@id":"https:\/\/www.design-award.cz\/?portfolio=verejny-interier-folklorni-expo#primaryimage","url":"https:\/\/www.design-award.cz\/wp-content\/uploads\/2023\/02\/Klauzury-VM4-Krejcirova-Folklor-VENEK.jpg","contentUrl":"https:\/\/www.design-award.cz\/wp-content\/uploads\/2023\/02\/Klauzury-VM4-Krejcirova-Folklor-VENEK.jpg","width":800,"height":600},{"@type":"BreadcrumbList","@id":"https:\/\/www.design-award.cz\/?portfolio=verejny-interier-folklorni-expo#breadcrumb","itemListElement":[{"@type":"ListItem","position":1,"name":"Dom\u016f","item":"https:\/\/www.design-award.cz\/"},{"@type":"ListItem","position":2,"name":"Portfolio Items","item":"https:\/\/www.design-award.cz\/?post_type=portfolio"},{"@type":"ListItem","position":3,"name":"Ve\u0159ejn\u00fd interi\u00e9r &#8211; Folkl\u00f3rn\u00ed expo"}]},{"@type":"WebSite","@id":"https:\/\/www.design-award.cz\/#website","url":"https:\/\/www.design-award.cz\/","name":"design-award.cz","description":"WARD vznikla v roce 2022. Je ur\u010dena p\u0159edev\u0161\u00edm student\u016fm st\u0159edn\u00edch um\u011bleck\u00fdch \u0161kol (S\u0160 a VO\u0160), kte\u0159\u00ed mohou bezplatn\u011b zaslat sv\u00e9 n\u00e1vrhy v uveden\u00fdch kategori\u00ed a tak pom\u011b\u0159it sv\u00e9 n\u00e1pady s konkurenc\u00ed sv\u00fdch vrstevn\u00edk\u016f. N\u00e1vrhy jsou n\u00e1sledn\u011b posouzeny nez\u00e1vislou porotou z \u0159ad v\u00fdtvarn\u00edk\u016f, pedagog\u016f a profesion\u00e1l\u016f z oboru.","publisher":{"@id":"https:\/\/www.design-award.cz\/#organization"},"potentialAction":[{"@type":"SearchAction","target":{"@type":"EntryPoint","urlTemplate":"https:\/\/www.design-award.cz\/?s={search_term_string}"},"query-input":{"@type":"PropertyValueSpecification","valueRequired":true,"valueName":"search_term_string"}}],"inLanguage":"cs"},{"@type":"Organization","@id":"https:\/\/www.design-award.cz\/#organization","name":"Design Award","url":"https:\/\/www.design-award.cz\/","logo":{"@type":"ImageObject","inLanguage":"cs","@id":"https:\/\/www.design-award.cz\/#\/schema\/logo\/image\/","url":"http:\/\/www.design-award.cz\/wp-content\/uploads\/2021\/12\/hornilogo_design-award.png","contentUrl":"http:\/\/www.design-award.cz\/wp-content\/uploads\/2021\/12\/hornilogo_design-award.png","width":800,"height":600,"caption":"Design Award"},"image":{"@id":"https:\/\/www.design-award.cz\/#\/schema\/logo\/image\/"},"sameAs":["https:\/\/www.instagram.com\/design_award\/"]}]}},"_links":{"self":[{"href":"https:\/\/www.design-award.cz\/index.php?rest_route=\/wp\/v2\/portfolio\/1718","targetHints":{"allow":["GET"]}}],"collection":[{"href":"https:\/\/www.design-award.cz\/index.php?rest_route=\/wp\/v2\/portfolio"}],"about":[{"href":"https:\/\/www.design-award.cz\/index.php?rest_route=\/wp\/v2\/types\/portfolio"}],"author":[{"embeddable":true,"href":"https:\/\/www.design-award.cz\/index.php?rest_route=\/wp\/v2\/users\/5"}],"replies":[{"embeddable":true,"href":"https:\/\/www.design-award.cz\/index.php?rest_route=%2Fwp%2Fv2%2Fcomments&post=1718"}],"version-history":[{"count":1,"href":"https:\/\/www.design-award.cz\/index.php?rest_route=\/wp\/v2\/portfolio\/1718\/revisions"}],"predecessor-version":[{"id":1725,"href":"https:\/\/www.design-award.cz\/index.php?rest_route=\/wp\/v2\/portfolio\/1718\/revisions\/1725"}],"wp:featuredmedia":[{"embeddable":true,"href":"https:\/\/www.design-award.cz\/index.php?rest_route=\/wp\/v2\/media\/1724"}],"wp:attachment":[{"href":"https:\/\/www.design-award.cz\/index.php?rest_route=%2Fwp%2Fv2%2Fmedia&parent=1718"}],"wp:term":[{"taxonomy":"portfolio_category","embeddable":true,"href":"https:\/\/www.design-award.cz\/index.php?rest_route=%2Fwp%2Fv2%2Fportfolio_category&post=1718"},{"taxonomy":"portfolio_tag","embeddable":true,"href":"https:\/\/www.design-award.cz\/index.php?rest_route=%2Fwp%2Fv2%2Fportfolio_tag&post=1718"}],"curies":[{"name":"wp","href":"https:\/\/api.w.org\/{rel}","templated":true}]}}