{"id":1752,"date":"2023-03-18T22:06:49","date_gmt":"2023-03-18T22:06:49","guid":{"rendered":"https:\/\/www.design-award.cz\/?post_type=portfolio&#038;p=1752"},"modified":"2023-03-18T22:10:43","modified_gmt":"2023-03-18T22:10:43","slug":"verejny-interier-folklorni-expo-valassko","status":"publish","type":"portfolio","link":"https:\/\/www.design-award.cz\/?portfolio=verejny-interier-folklorni-expo-valassko","title":{"rendered":"Ve\u0159ejn\u00fd interi\u00e9r &#8211; Folkl\u00f3rn\u00ed expo, Vala\u0161sko"},"content":{"rendered":"\n<p><strong>Sabina Rajhelov\u00e1<\/strong><\/p>\n\n\n\n<p>Moravsk\u00e1 st\u0159edn\u00ed \u0161kola s.r.o.<\/p>\n\n\n\n<p>V\u00fdstavn\u00ed prostor na t\u00e9ma Folklor &#8211; Vala\u0161sko<br>Na\u0161\u00edm \u00fakolem bylo vytvo\u0159it modern\u00ed v\u00fdstavn\u00ed prostor, neboli expo, ve kter\u00e9m m\u00e1me cizinc\u016fm p\u0159edstavit konkr\u00e9tn\u00ed folkl\u00f3r. M\u011bli jsme si vybrat z \u00fazem\u00ed folkl\u00f3ru jako je nap\u0159\u00edklad Slov\u00e1cko, Han\u00e1, Vala\u0161sko atd. Po dlouh\u00e9m vyhled\u00e1v\u00e1n\u00ed informac\u00ed jsem si vybrala vala\u0161sk\u00fd folklor, proto\u017ee mi p\u0159i\u0161el jin\u00fd od ostatn\u00edch ale z\u00e1rove\u0148 s\u00e1m o sob\u011b zaj\u00edmav\u00fd. Na\u0161\u00edm \u00fakolem bylo z\u00e1rove\u0148 dodr\u017eet z\u00e1klad prostoru co\u017e p\u016fvodn\u011b byly st\u00e1je, ale j\u00e1 jsem se rozhodla vnit\u0159ek zm\u011bnit, abych pojala v\u00fdstavu tro\u0161ku v jin\u00e9m a zaj\u00edmav\u011bj\u0161\u00edm stylu. C\u00edlem moj\u00ed v\u00fdstavy bylo pouk\u00e1zat na \u010d\u00e1sti folkl\u00f3ru, kter\u00e9 nejsou tak \u010dasto prezentovan\u00e9, jak ty klasick\u00e9. Pro tvar p\u016fdorysu v\u00fdstavy jsem se inspirovala pr\u00e1v\u011b vala\u0161skou architekturou, konkr\u00e9tn\u011b st\u0159echou, kter\u00e1 je pro Vala\u0161sko typick\u00e1. Ve \u0161t\u00edtu st\u0159echy jsem nach\u00e1zela slune\u010dn\u00ed paprsky, co\u017e m\u011b vede k \u010d\u00e1sti v m\u00e9 my\u0161lenkov\u00e9 map\u011b, kde jsem se cht\u011bla v\u011bnovat p\u0159\u00edrod\u011b a taky n\u00e1lad\u011b. Sv\u016fj atypick\u00fd p\u016fdorys jsem pojala pr\u00e1v\u011b jako paprsky, kter\u00e9 se st\u0159et\u00e1vaj\u00ed ve st\u0159edu m\u00edstnosti a formuj\u00ed kruh.&nbsp; V ka\u017ed\u00e9m slune\u010dn\u00edm paprsku se nach\u00e1z\u00ed uk\u00e1zka typick\u00fdch folklorn\u00edch zvyk\u016f, a\u017e po uk\u00e1zku architektury. Ve st\u0159edu je kruhov\u00fd podstavec s modelovou mapou Ro\u017enovsk\u00e9 vesnice. Mou velkou inspirac\u00ed pro tento projekt byl slovensk\u00fd architekt Du\u0161an Jurkovi\u010d, kter\u00fd je pr\u00e1v\u011b autorem nejzn\u00e1m\u011bj\u0161\u00edch vala\u0161sk\u00fdch staveb, jako je nap\u0159\u00edklad Libu\u0161\u00edn na Pustevn\u00e1ch. Pr\u00e1v\u011b z Libu\u0161\u00edna jsem brala prvky jako z\u00e1hyby v plotech, nebo sloupy. Co se t\u00fd\u010de barevnosti, nech\u00e1vala jsem v\u00fdstavu jednoduchou v modern\u00edm stylu. Nej\u010dast\u011bji jsem ji dopl\u0148ovala odst\u00ednem modr\u00e9, konkr\u00e9tn\u00ed RAL5014. M\u016fj rukopis se odr\u00e1\u017e\u00ed v jednoduchosti, ale z\u00e1rove\u0148 ve vyu\u017e\u00edv\u00e1n\u00ed barev, kter\u00e9 opakuji na r\u016fzn\u00fdch prvc\u00edch. Moje trochu v\u00edce schovan\u00e1 idea je v postupu v\u00fdstavy. N\u00e1v\u0161t\u011bvn\u00edkova cesta v\u00fdstavou formuje tvar kv\u011btiny, kter\u00e1 je d\u016fle\u017eit\u00fdm symbolem folkl\u00f3ru, a nejen toho vala\u0161sk\u00e9ho. Dle zad\u00e1n\u00ed jsem vyu\u017e\u00edvala prvky ze d\u0159eva, skla, kovu a tak\u00e9 textilu.<\/p>\n\n\n\n<figure class=\"wp-block-image size-full\"><img decoding=\"async\" width=\"800\" height=\"600\" data-src=\"http:\/\/www.design-award.cz\/wp-content\/uploads\/2023\/03\/vizualiazce-2.jpg\" alt=\"\" class=\"wp-image-1757 lazyload\" data-srcset=\"https:\/\/www.design-award.cz\/wp-content\/uploads\/2023\/03\/vizualiazce-2.jpg 800w, https:\/\/www.design-award.cz\/wp-content\/uploads\/2023\/03\/vizualiazce-2-300x225.jpg 300w, https:\/\/www.design-award.cz\/wp-content\/uploads\/2023\/03\/vizualiazce-2-768x576.jpg 768w, https:\/\/www.design-award.cz\/wp-content\/uploads\/2023\/03\/vizualiazce-2-500x375.jpg 500w\" data-sizes=\"(max-width: 800px) 100vw, 800px\" src=\"data:image\/svg+xml;base64,PHN2ZyB3aWR0aD0iMSIgaGVpZ2h0PSIxIiB4bWxucz0iaHR0cDovL3d3dy53My5vcmcvMjAwMC9zdmciPjwvc3ZnPg==\" style=\"--smush-placeholder-width: 800px; --smush-placeholder-aspect-ratio: 800\/600;\" \/><\/figure>\n\n\n\n<figure class=\"wp-block-image size-full\"><img decoding=\"async\" width=\"800\" height=\"600\" data-src=\"http:\/\/www.design-award.cz\/wp-content\/uploads\/2023\/03\/vizualizace-1.jpg\" alt=\"\" class=\"wp-image-1758 lazyload\" data-srcset=\"https:\/\/www.design-award.cz\/wp-content\/uploads\/2023\/03\/vizualizace-1.jpg 800w, https:\/\/www.design-award.cz\/wp-content\/uploads\/2023\/03\/vizualizace-1-300x225.jpg 300w, https:\/\/www.design-award.cz\/wp-content\/uploads\/2023\/03\/vizualizace-1-768x576.jpg 768w, https:\/\/www.design-award.cz\/wp-content\/uploads\/2023\/03\/vizualizace-1-500x375.jpg 500w\" data-sizes=\"(max-width: 800px) 100vw, 800px\" src=\"data:image\/svg+xml;base64,PHN2ZyB3aWR0aD0iMSIgaGVpZ2h0PSIxIiB4bWxucz0iaHR0cDovL3d3dy53My5vcmcvMjAwMC9zdmciPjwvc3ZnPg==\" style=\"--smush-placeholder-width: 800px; --smush-placeholder-aspect-ratio: 800\/600;\" \/><\/figure>\n\n\n\n<figure class=\"wp-block-image size-large\"><img decoding=\"async\" width=\"1024\" height=\"734\" data-src=\"http:\/\/www.design-award.cz\/wp-content\/uploads\/2023\/03\/Snimek-obrazovky-11-1024x734.png\" alt=\"\" class=\"wp-image-1754 lazyload\" data-srcset=\"https:\/\/www.design-award.cz\/wp-content\/uploads\/2023\/03\/Snimek-obrazovky-11-1024x734.png 1024w, https:\/\/www.design-award.cz\/wp-content\/uploads\/2023\/03\/Snimek-obrazovky-11-300x215.png 300w, https:\/\/www.design-award.cz\/wp-content\/uploads\/2023\/03\/Snimek-obrazovky-11-768x550.png 768w, https:\/\/www.design-award.cz\/wp-content\/uploads\/2023\/03\/Snimek-obrazovky-11-500x358.png 500w, https:\/\/www.design-award.cz\/wp-content\/uploads\/2023\/03\/Snimek-obrazovky-11-800x573.png 800w, https:\/\/www.design-award.cz\/wp-content\/uploads\/2023\/03\/Snimek-obrazovky-11.png 1153w\" data-sizes=\"(max-width: 1024px) 100vw, 1024px\" src=\"data:image\/svg+xml;base64,PHN2ZyB3aWR0aD0iMSIgaGVpZ2h0PSIxIiB4bWxucz0iaHR0cDovL3d3dy53My5vcmcvMjAwMC9zdmciPjwvc3ZnPg==\" style=\"--smush-placeholder-width: 1024px; --smush-placeholder-aspect-ratio: 1024\/734;\" \/><\/figure>\n\n\n\n<figure class=\"wp-block-image size-full\"><img decoding=\"async\" width=\"971\" height=\"685\" data-src=\"http:\/\/www.design-award.cz\/wp-content\/uploads\/2023\/03\/Snimek-obrazovky-12.png\" alt=\"\" class=\"wp-image-1755 lazyload\" data-srcset=\"https:\/\/www.design-award.cz\/wp-content\/uploads\/2023\/03\/Snimek-obrazovky-12.png 971w, https:\/\/www.design-award.cz\/wp-content\/uploads\/2023\/03\/Snimek-obrazovky-12-300x212.png 300w, https:\/\/www.design-award.cz\/wp-content\/uploads\/2023\/03\/Snimek-obrazovky-12-768x542.png 768w, https:\/\/www.design-award.cz\/wp-content\/uploads\/2023\/03\/Snimek-obrazovky-12-500x353.png 500w, https:\/\/www.design-award.cz\/wp-content\/uploads\/2023\/03\/Snimek-obrazovky-12-800x564.png 800w\" data-sizes=\"(max-width: 971px) 100vw, 971px\" src=\"data:image\/svg+xml;base64,PHN2ZyB3aWR0aD0iMSIgaGVpZ2h0PSIxIiB4bWxucz0iaHR0cDovL3d3dy53My5vcmcvMjAwMC9zdmciPjwvc3ZnPg==\" style=\"--smush-placeholder-width: 971px; --smush-placeholder-aspect-ratio: 971\/685;\" \/><\/figure>\n\n\n\n<figure class=\"wp-block-image size-full\"><img decoding=\"async\" width=\"839\" height=\"767\" data-src=\"http:\/\/www.design-award.cz\/wp-content\/uploads\/2023\/03\/Snimek-obrazovky-10.png\" alt=\"\" class=\"wp-image-1753 lazyload\" data-srcset=\"https:\/\/www.design-award.cz\/wp-content\/uploads\/2023\/03\/Snimek-obrazovky-10.png 839w, https:\/\/www.design-award.cz\/wp-content\/uploads\/2023\/03\/Snimek-obrazovky-10-300x274.png 300w, https:\/\/www.design-award.cz\/wp-content\/uploads\/2023\/03\/Snimek-obrazovky-10-768x702.png 768w, https:\/\/www.design-award.cz\/wp-content\/uploads\/2023\/03\/Snimek-obrazovky-10-500x457.png 500w, https:\/\/www.design-award.cz\/wp-content\/uploads\/2023\/03\/Snimek-obrazovky-10-800x731.png 800w\" data-sizes=\"(max-width: 839px) 100vw, 839px\" src=\"data:image\/svg+xml;base64,PHN2ZyB3aWR0aD0iMSIgaGVpZ2h0PSIxIiB4bWxucz0iaHR0cDovL3d3dy53My5vcmcvMjAwMC9zdmciPjwvc3ZnPg==\" style=\"--smush-placeholder-width: 839px; --smush-placeholder-aspect-ratio: 839\/767;\" \/><\/figure>\n","protected":false},"excerpt":{"rendered":"<p>Sabina Rajhelov\u00e1 Moravsk\u00e1 st\u0159edn\u00ed \u0161kola s.r.o. V\u00fdstavn\u00ed prostor na t\u00e9ma Folklor &#8211; Vala\u0161skoNa\u0161\u00edm \u00fakolem bylo vytvo\u0159it modern\u00ed v\u00fdstavn\u00ed prostor, neboli expo, ve kter\u00e9m m\u00e1me cizinc\u016fm p\u0159edstavit konkr\u00e9tn\u00ed folkl\u00f3r. M\u011bli jsme si vybrat z \u00fazem\u00ed folkl\u00f3ru jako je nap\u0159\u00edklad Slov\u00e1cko, Han\u00e1, Vala\u0161sko atd. Po dlouh\u00e9m vyhled\u00e1v\u00e1n\u00ed informac\u00ed jsem si vybrala vala\u0161sk\u00fd folklor, proto\u017ee mi p\u0159i\u0161el jin\u00fd [&hellip;]<\/p>\n","protected":false},"author":5,"featured_media":1756,"menu_order":0,"comment_status":"closed","ping_status":"closed","template":"","format":"standard","meta":{"ngg_post_thumbnail":0,"ocean_post_layout":"","ocean_both_sidebars_style":"","ocean_both_sidebars_content_width":0,"ocean_both_sidebars_sidebars_width":0,"ocean_sidebar":"","ocean_second_sidebar":"","ocean_disable_margins":"enable","ocean_add_body_class":"","ocean_shortcode_before_top_bar":"","ocean_shortcode_after_top_bar":"","ocean_shortcode_before_header":"","ocean_shortcode_after_header":"","ocean_has_shortcode":"","ocean_shortcode_after_title":"","ocean_shortcode_before_footer_widgets":"","ocean_shortcode_after_footer_widgets":"","ocean_shortcode_before_footer_bottom":"","ocean_shortcode_after_footer_bottom":"","ocean_display_top_bar":"default","ocean_display_header":"default","ocean_header_style":"","ocean_center_header_left_menu":"","ocean_custom_header_template":"","ocean_custom_logo":0,"ocean_custom_retina_logo":0,"ocean_custom_logo_max_width":0,"ocean_custom_logo_tablet_max_width":0,"ocean_custom_logo_mobile_max_width":0,"ocean_custom_logo_max_height":0,"ocean_custom_logo_tablet_max_height":0,"ocean_custom_logo_mobile_max_height":0,"ocean_header_custom_menu":"","ocean_menu_typo_font_family":"","ocean_menu_typo_font_subset":"","ocean_menu_typo_font_size":0,"ocean_menu_typo_font_size_tablet":0,"ocean_menu_typo_font_size_mobile":0,"ocean_menu_typo_font_size_unit":"px","ocean_menu_typo_font_weight":"","ocean_menu_typo_font_weight_tablet":"","ocean_menu_typo_font_weight_mobile":"","ocean_menu_typo_transform":"","ocean_menu_typo_transform_tablet":"","ocean_menu_typo_transform_mobile":"","ocean_menu_typo_line_height":0,"ocean_menu_typo_line_height_tablet":0,"ocean_menu_typo_line_height_mobile":0,"ocean_menu_typo_line_height_unit":"","ocean_menu_typo_spacing":0,"ocean_menu_typo_spacing_tablet":0,"ocean_menu_typo_spacing_mobile":0,"ocean_menu_typo_spacing_unit":"","ocean_menu_link_color":"","ocean_menu_link_color_hover":"","ocean_menu_link_color_active":"","ocean_menu_link_background":"","ocean_menu_link_hover_background":"","ocean_menu_link_active_background":"","ocean_menu_social_links_bg":"","ocean_menu_social_hover_links_bg":"","ocean_menu_social_links_color":"","ocean_menu_social_hover_links_color":"","ocean_disable_title":"default","ocean_disable_heading":"default","ocean_post_title":"","ocean_post_subheading":"","ocean_post_title_style":"","ocean_post_title_background_color":"","ocean_post_title_background":0,"ocean_post_title_bg_image_position":"","ocean_post_title_bg_image_attachment":"","ocean_post_title_bg_image_repeat":"","ocean_post_title_bg_image_size":"","ocean_post_title_height":0,"ocean_post_title_bg_overlay":0.5,"ocean_post_title_bg_overlay_color":"","ocean_disable_breadcrumbs":"default","ocean_breadcrumbs_color":"","ocean_breadcrumbs_separator_color":"","ocean_breadcrumbs_links_color":"","ocean_breadcrumbs_links_hover_color":"","ocean_display_footer_widgets":"default","ocean_display_footer_bottom":"default","ocean_custom_footer_template":"","_vp_format_video_url":"","_vp_image_focal_point":[],"footnotes":""},"portfolio_category":[10],"portfolio_tag":[],"class_list":["post-1752","portfolio","type-portfolio","status-publish","format-standard","has-post-thumbnail","hentry","portfolio_category-soutezici-2023","entry","has-media"],"yoast_head":"<!-- This site is optimized with the Yoast SEO plugin v25.2 - https:\/\/yoast.com\/wordpress\/plugins\/seo\/ -->\n<title>Ve\u0159ejn\u00fd interi\u00e9r - Folkl\u00f3rn\u00ed expo, Vala\u0161sko - design-award.cz<\/title>\n<meta name=\"robots\" content=\"index, follow, max-snippet:-1, max-image-preview:large, max-video-preview:-1\" \/>\n<link rel=\"canonical\" href=\"https:\/\/www.design-award.cz\/?portfolio=verejny-interier-folklorni-expo-valassko\" \/>\n<meta property=\"og:locale\" content=\"cs_CZ\" \/>\n<meta property=\"og:type\" content=\"article\" \/>\n<meta property=\"og:title\" content=\"Ve\u0159ejn\u00fd interi\u00e9r - Folkl\u00f3rn\u00ed expo, Vala\u0161sko - design-award.cz\" \/>\n<meta property=\"og:description\" content=\"Sabina Rajhelov\u00e1 Moravsk\u00e1 st\u0159edn\u00ed \u0161kola s.r.o. V\u00fdstavn\u00ed prostor na t\u00e9ma Folklor &#8211; Vala\u0161skoNa\u0161\u00edm \u00fakolem bylo vytvo\u0159it modern\u00ed v\u00fdstavn\u00ed prostor, neboli expo, ve kter\u00e9m m\u00e1me cizinc\u016fm p\u0159edstavit konkr\u00e9tn\u00ed folkl\u00f3r. M\u011bli jsme si vybrat z \u00fazem\u00ed folkl\u00f3ru jako je nap\u0159\u00edklad Slov\u00e1cko, Han\u00e1, Vala\u0161sko atd. Po dlouh\u00e9m vyhled\u00e1v\u00e1n\u00ed informac\u00ed jsem si vybrala vala\u0161sk\u00fd folklor, proto\u017ee mi p\u0159i\u0161el jin\u00fd [&hellip;]\" \/>\n<meta property=\"og:url\" content=\"https:\/\/www.design-award.cz\/?portfolio=verejny-interier-folklorni-expo-valassko\" \/>\n<meta property=\"og:site_name\" content=\"design-award.cz\" \/>\n<meta property=\"article:modified_time\" content=\"2023-03-18T22:10:43+00:00\" \/>\n<meta property=\"og:image\" content=\"https:\/\/www.design-award.cz\/wp-content\/uploads\/2023\/03\/vizualiazce.jpg\" \/>\n\t<meta property=\"og:image:width\" content=\"800\" \/>\n\t<meta property=\"og:image:height\" content=\"600\" \/>\n\t<meta property=\"og:image:type\" content=\"image\/jpeg\" \/>\n<meta name=\"twitter:card\" content=\"summary_large_image\" \/>\n<meta name=\"twitter:label1\" content=\"Odhadovan\u00e1 doba \u010dten\u00ed\" \/>\n\t<meta name=\"twitter:data1\" content=\"3 minuty\" \/>\n<script type=\"application\/ld+json\" class=\"yoast-schema-graph\">{\"@context\":\"https:\/\/schema.org\",\"@graph\":[{\"@type\":\"WebPage\",\"@id\":\"https:\/\/www.design-award.cz\/?portfolio=verejny-interier-folklorni-expo-valassko\",\"url\":\"https:\/\/www.design-award.cz\/?portfolio=verejny-interier-folklorni-expo-valassko\",\"name\":\"Ve\u0159ejn\u00fd interi\u00e9r - Folkl\u00f3rn\u00ed expo, Vala\u0161sko - design-award.cz\",\"isPartOf\":{\"@id\":\"https:\/\/www.design-award.cz\/#website\"},\"primaryImageOfPage\":{\"@id\":\"https:\/\/www.design-award.cz\/?portfolio=verejny-interier-folklorni-expo-valassko#primaryimage\"},\"image\":{\"@id\":\"https:\/\/www.design-award.cz\/?portfolio=verejny-interier-folklorni-expo-valassko#primaryimage\"},\"thumbnailUrl\":\"https:\/\/www.design-award.cz\/wp-content\/uploads\/2023\/03\/vizualiazce.jpg\",\"datePublished\":\"2023-03-18T22:06:49+00:00\",\"dateModified\":\"2023-03-18T22:10:43+00:00\",\"breadcrumb\":{\"@id\":\"https:\/\/www.design-award.cz\/?portfolio=verejny-interier-folklorni-expo-valassko#breadcrumb\"},\"inLanguage\":\"cs\",\"potentialAction\":[{\"@type\":\"ReadAction\",\"target\":[\"https:\/\/www.design-award.cz\/?portfolio=verejny-interier-folklorni-expo-valassko\"]}]},{\"@type\":\"ImageObject\",\"inLanguage\":\"cs\",\"@id\":\"https:\/\/www.design-award.cz\/?portfolio=verejny-interier-folklorni-expo-valassko#primaryimage\",\"url\":\"https:\/\/www.design-award.cz\/wp-content\/uploads\/2023\/03\/vizualiazce.jpg\",\"contentUrl\":\"https:\/\/www.design-award.cz\/wp-content\/uploads\/2023\/03\/vizualiazce.jpg\",\"width\":800,\"height\":600},{\"@type\":\"BreadcrumbList\",\"@id\":\"https:\/\/www.design-award.cz\/?portfolio=verejny-interier-folklorni-expo-valassko#breadcrumb\",\"itemListElement\":[{\"@type\":\"ListItem\",\"position\":1,\"name\":\"Dom\u016f\",\"item\":\"https:\/\/www.design-award.cz\/\"},{\"@type\":\"ListItem\",\"position\":2,\"name\":\"Portfolio Items\",\"item\":\"https:\/\/www.design-award.cz\/?post_type=portfolio\"},{\"@type\":\"ListItem\",\"position\":3,\"name\":\"Ve\u0159ejn\u00fd interi\u00e9r &#8211; Folkl\u00f3rn\u00ed expo, Vala\u0161sko\"}]},{\"@type\":\"WebSite\",\"@id\":\"https:\/\/www.design-award.cz\/#website\",\"url\":\"https:\/\/www.design-award.cz\/\",\"name\":\"design-award.cz\",\"description\":\"WARD vznikla v roce 2022. Je ur\u010dena p\u0159edev\u0161\u00edm student\u016fm st\u0159edn\u00edch um\u011bleck\u00fdch \u0161kol (S\u0160 a VO\u0160), kte\u0159\u00ed mohou bezplatn\u011b zaslat sv\u00e9 n\u00e1vrhy v uveden\u00fdch kategori\u00ed a tak pom\u011b\u0159it sv\u00e9 n\u00e1pady s konkurenc\u00ed sv\u00fdch vrstevn\u00edk\u016f. N\u00e1vrhy jsou n\u00e1sledn\u011b posouzeny nez\u00e1vislou porotou z \u0159ad v\u00fdtvarn\u00edk\u016f, pedagog\u016f a profesion\u00e1l\u016f z oboru.\",\"publisher\":{\"@id\":\"https:\/\/www.design-award.cz\/#organization\"},\"potentialAction\":[{\"@type\":\"SearchAction\",\"target\":{\"@type\":\"EntryPoint\",\"urlTemplate\":\"https:\/\/www.design-award.cz\/?s={search_term_string}\"},\"query-input\":{\"@type\":\"PropertyValueSpecification\",\"valueRequired\":true,\"valueName\":\"search_term_string\"}}],\"inLanguage\":\"cs\"},{\"@type\":\"Organization\",\"@id\":\"https:\/\/www.design-award.cz\/#organization\",\"name\":\"Design Award\",\"url\":\"https:\/\/www.design-award.cz\/\",\"logo\":{\"@type\":\"ImageObject\",\"inLanguage\":\"cs\",\"@id\":\"https:\/\/www.design-award.cz\/#\/schema\/logo\/image\/\",\"url\":\"http:\/\/www.design-award.cz\/wp-content\/uploads\/2021\/12\/hornilogo_design-award.png\",\"contentUrl\":\"http:\/\/www.design-award.cz\/wp-content\/uploads\/2021\/12\/hornilogo_design-award.png\",\"width\":800,\"height\":600,\"caption\":\"Design Award\"},\"image\":{\"@id\":\"https:\/\/www.design-award.cz\/#\/schema\/logo\/image\/\"},\"sameAs\":[\"https:\/\/www.instagram.com\/design_award\/\"]}]}<\/script>\n<!-- \/ Yoast SEO plugin. -->","yoast_head_json":{"title":"Ve\u0159ejn\u00fd interi\u00e9r - Folkl\u00f3rn\u00ed expo, Vala\u0161sko - design-award.cz","robots":{"index":"index","follow":"follow","max-snippet":"max-snippet:-1","max-image-preview":"max-image-preview:large","max-video-preview":"max-video-preview:-1"},"canonical":"https:\/\/www.design-award.cz\/?portfolio=verejny-interier-folklorni-expo-valassko","og_locale":"cs_CZ","og_type":"article","og_title":"Ve\u0159ejn\u00fd interi\u00e9r - Folkl\u00f3rn\u00ed expo, Vala\u0161sko - design-award.cz","og_description":"Sabina Rajhelov\u00e1 Moravsk\u00e1 st\u0159edn\u00ed \u0161kola s.r.o. V\u00fdstavn\u00ed prostor na t\u00e9ma Folklor &#8211; Vala\u0161skoNa\u0161\u00edm \u00fakolem bylo vytvo\u0159it modern\u00ed v\u00fdstavn\u00ed prostor, neboli expo, ve kter\u00e9m m\u00e1me cizinc\u016fm p\u0159edstavit konkr\u00e9tn\u00ed folkl\u00f3r. M\u011bli jsme si vybrat z \u00fazem\u00ed folkl\u00f3ru jako je nap\u0159\u00edklad Slov\u00e1cko, Han\u00e1, Vala\u0161sko atd. Po dlouh\u00e9m vyhled\u00e1v\u00e1n\u00ed informac\u00ed jsem si vybrala vala\u0161sk\u00fd folklor, proto\u017ee mi p\u0159i\u0161el jin\u00fd [&hellip;]","og_url":"https:\/\/www.design-award.cz\/?portfolio=verejny-interier-folklorni-expo-valassko","og_site_name":"design-award.cz","article_modified_time":"2023-03-18T22:10:43+00:00","og_image":[{"width":800,"height":600,"url":"https:\/\/www.design-award.cz\/wp-content\/uploads\/2023\/03\/vizualiazce.jpg","type":"image\/jpeg"}],"twitter_card":"summary_large_image","twitter_misc":{"Odhadovan\u00e1 doba \u010dten\u00ed":"3 minuty"},"schema":{"@context":"https:\/\/schema.org","@graph":[{"@type":"WebPage","@id":"https:\/\/www.design-award.cz\/?portfolio=verejny-interier-folklorni-expo-valassko","url":"https:\/\/www.design-award.cz\/?portfolio=verejny-interier-folklorni-expo-valassko","name":"Ve\u0159ejn\u00fd interi\u00e9r - Folkl\u00f3rn\u00ed expo, Vala\u0161sko - design-award.cz","isPartOf":{"@id":"https:\/\/www.design-award.cz\/#website"},"primaryImageOfPage":{"@id":"https:\/\/www.design-award.cz\/?portfolio=verejny-interier-folklorni-expo-valassko#primaryimage"},"image":{"@id":"https:\/\/www.design-award.cz\/?portfolio=verejny-interier-folklorni-expo-valassko#primaryimage"},"thumbnailUrl":"https:\/\/www.design-award.cz\/wp-content\/uploads\/2023\/03\/vizualiazce.jpg","datePublished":"2023-03-18T22:06:49+00:00","dateModified":"2023-03-18T22:10:43+00:00","breadcrumb":{"@id":"https:\/\/www.design-award.cz\/?portfolio=verejny-interier-folklorni-expo-valassko#breadcrumb"},"inLanguage":"cs","potentialAction":[{"@type":"ReadAction","target":["https:\/\/www.design-award.cz\/?portfolio=verejny-interier-folklorni-expo-valassko"]}]},{"@type":"ImageObject","inLanguage":"cs","@id":"https:\/\/www.design-award.cz\/?portfolio=verejny-interier-folklorni-expo-valassko#primaryimage","url":"https:\/\/www.design-award.cz\/wp-content\/uploads\/2023\/03\/vizualiazce.jpg","contentUrl":"https:\/\/www.design-award.cz\/wp-content\/uploads\/2023\/03\/vizualiazce.jpg","width":800,"height":600},{"@type":"BreadcrumbList","@id":"https:\/\/www.design-award.cz\/?portfolio=verejny-interier-folklorni-expo-valassko#breadcrumb","itemListElement":[{"@type":"ListItem","position":1,"name":"Dom\u016f","item":"https:\/\/www.design-award.cz\/"},{"@type":"ListItem","position":2,"name":"Portfolio Items","item":"https:\/\/www.design-award.cz\/?post_type=portfolio"},{"@type":"ListItem","position":3,"name":"Ve\u0159ejn\u00fd interi\u00e9r &#8211; Folkl\u00f3rn\u00ed expo, Vala\u0161sko"}]},{"@type":"WebSite","@id":"https:\/\/www.design-award.cz\/#website","url":"https:\/\/www.design-award.cz\/","name":"design-award.cz","description":"WARD vznikla v roce 2022. Je ur\u010dena p\u0159edev\u0161\u00edm student\u016fm st\u0159edn\u00edch um\u011bleck\u00fdch \u0161kol (S\u0160 a VO\u0160), kte\u0159\u00ed mohou bezplatn\u011b zaslat sv\u00e9 n\u00e1vrhy v uveden\u00fdch kategori\u00ed a tak pom\u011b\u0159it sv\u00e9 n\u00e1pady s konkurenc\u00ed sv\u00fdch vrstevn\u00edk\u016f. N\u00e1vrhy jsou n\u00e1sledn\u011b posouzeny nez\u00e1vislou porotou z \u0159ad v\u00fdtvarn\u00edk\u016f, pedagog\u016f a profesion\u00e1l\u016f z oboru.","publisher":{"@id":"https:\/\/www.design-award.cz\/#organization"},"potentialAction":[{"@type":"SearchAction","target":{"@type":"EntryPoint","urlTemplate":"https:\/\/www.design-award.cz\/?s={search_term_string}"},"query-input":{"@type":"PropertyValueSpecification","valueRequired":true,"valueName":"search_term_string"}}],"inLanguage":"cs"},{"@type":"Organization","@id":"https:\/\/www.design-award.cz\/#organization","name":"Design Award","url":"https:\/\/www.design-award.cz\/","logo":{"@type":"ImageObject","inLanguage":"cs","@id":"https:\/\/www.design-award.cz\/#\/schema\/logo\/image\/","url":"http:\/\/www.design-award.cz\/wp-content\/uploads\/2021\/12\/hornilogo_design-award.png","contentUrl":"http:\/\/www.design-award.cz\/wp-content\/uploads\/2021\/12\/hornilogo_design-award.png","width":800,"height":600,"caption":"Design Award"},"image":{"@id":"https:\/\/www.design-award.cz\/#\/schema\/logo\/image\/"},"sameAs":["https:\/\/www.instagram.com\/design_award\/"]}]}},"_links":{"self":[{"href":"https:\/\/www.design-award.cz\/index.php?rest_route=\/wp\/v2\/portfolio\/1752","targetHints":{"allow":["GET"]}}],"collection":[{"href":"https:\/\/www.design-award.cz\/index.php?rest_route=\/wp\/v2\/portfolio"}],"about":[{"href":"https:\/\/www.design-award.cz\/index.php?rest_route=\/wp\/v2\/types\/portfolio"}],"author":[{"embeddable":true,"href":"https:\/\/www.design-award.cz\/index.php?rest_route=\/wp\/v2\/users\/5"}],"replies":[{"embeddable":true,"href":"https:\/\/www.design-award.cz\/index.php?rest_route=%2Fwp%2Fv2%2Fcomments&post=1752"}],"version-history":[{"count":1,"href":"https:\/\/www.design-award.cz\/index.php?rest_route=\/wp\/v2\/portfolio\/1752\/revisions"}],"predecessor-version":[{"id":1759,"href":"https:\/\/www.design-award.cz\/index.php?rest_route=\/wp\/v2\/portfolio\/1752\/revisions\/1759"}],"wp:featuredmedia":[{"embeddable":true,"href":"https:\/\/www.design-award.cz\/index.php?rest_route=\/wp\/v2\/media\/1756"}],"wp:attachment":[{"href":"https:\/\/www.design-award.cz\/index.php?rest_route=%2Fwp%2Fv2%2Fmedia&parent=1752"}],"wp:term":[{"taxonomy":"portfolio_category","embeddable":true,"href":"https:\/\/www.design-award.cz\/index.php?rest_route=%2Fwp%2Fv2%2Fportfolio_category&post=1752"},{"taxonomy":"portfolio_tag","embeddable":true,"href":"https:\/\/www.design-award.cz\/index.php?rest_route=%2Fwp%2Fv2%2Fportfolio_tag&post=1752"}],"curies":[{"name":"wp","href":"https:\/\/api.w.org\/{rel}","templated":true}]}}