{"id":1774,"date":"2023-03-24T14:46:10","date_gmt":"2023-03-24T14:46:10","guid":{"rendered":"https:\/\/www.design-award.cz\/?post_type=portfolio&#038;p=1774"},"modified":"2023-03-24T14:46:19","modified_gmt":"2023-03-24T14:46:19","slug":"soukromy-interier-loftovy-byt","status":"publish","type":"portfolio","link":"https:\/\/www.design-award.cz\/?portfolio=soukromy-interier-loftovy-byt","title":{"rendered":"Soukrom\u00fd interi\u00e9r &#8211; Loftov\u00fd byt"},"content":{"rendered":"\n<p><strong>Charlota Pr\u00e1\u0161kov\u00e1<\/strong><\/p>\n\n\n\n<p>MICHAEL &#8211; S\u0160 a VO\u0160 reklamn\u00ed a um\u011bleck\u00e9 tvorby, s.r.o.<\/p>\n\n\n\n<p>Tento semestr jsem dostala za \u00fakol navrhnout dispozici velk\u00e9ho rodinn\u00e9ho domu, kter\u00fd chce klient rozd\u011blit na n\u011bkolik men\u0161\u00edch byt\u016f. Konkr\u00e9tn\u011b jsem navrhovala rodinn\u00fd d\u016fm s patrem a velkou galeri\u00ed.<br>Interi\u00e9r rodinn\u00e9ho domu jsem navrhla v modern\u00edm stylu a dominuje&nbsp; v n\u011bm p\u0159edev\u0161\u00edm d\u0159evo a ben\u00e1tsk\u00fd \u0161tuk.&nbsp; Barvy v interi\u00e9ru jsem ladila do p\u0159\u00edrodn\u00edch t\u00f3n\u016f.<\/p>\n\n\n\n<figure class=\"wp-block-image size-large\"><img decoding=\"async\" width=\"1024\" height=\"585\" data-src=\"http:\/\/www.design-award.cz\/wp-content\/uploads\/2023\/03\/DI_render_kuchyn_4_up-1024x585.jpg\" alt=\"\" class=\"wp-image-1777 lazyload\" data-srcset=\"https:\/\/www.design-award.cz\/wp-content\/uploads\/2023\/03\/DI_render_kuchyn_4_up-1024x585.jpg 1024w, https:\/\/www.design-award.cz\/wp-content\/uploads\/2023\/03\/DI_render_kuchyn_4_up-300x171.jpg 300w, https:\/\/www.design-award.cz\/wp-content\/uploads\/2023\/03\/DI_render_kuchyn_4_up-768x439.jpg 768w, https:\/\/www.design-award.cz\/wp-content\/uploads\/2023\/03\/DI_render_kuchyn_4_up-1536x878.jpg 1536w, https:\/\/www.design-award.cz\/wp-content\/uploads\/2023\/03\/DI_render_kuchyn_4_up-500x286.jpg 500w, https:\/\/www.design-award.cz\/wp-content\/uploads\/2023\/03\/DI_render_kuchyn_4_up-800x457.jpg 800w, https:\/\/www.design-award.cz\/wp-content\/uploads\/2023\/03\/DI_render_kuchyn_4_up-1280x732.jpg 1280w, https:\/\/www.design-award.cz\/wp-content\/uploads\/2023\/03\/DI_render_kuchyn_4_up-1920x1097.jpg 1920w, https:\/\/www.design-award.cz\/wp-content\/uploads\/2023\/03\/DI_render_kuchyn_4_up.jpg 1984w\" data-sizes=\"(max-width: 1024px) 100vw, 1024px\" src=\"data:image\/svg+xml;base64,PHN2ZyB3aWR0aD0iMSIgaGVpZ2h0PSIxIiB4bWxucz0iaHR0cDovL3d3dy53My5vcmcvMjAwMC9zdmciPjwvc3ZnPg==\" style=\"--smush-placeholder-width: 1024px; --smush-placeholder-aspect-ratio: 1024\/585;\" \/><\/figure>\n\n\n\n<figure class=\"wp-block-image size-large\"><img decoding=\"async\" width=\"1024\" height=\"585\" data-src=\"http:\/\/www.design-award.cz\/wp-content\/uploads\/2023\/03\/DI_render_kuchyn_2_up-1024x585.jpg\" alt=\"\" class=\"wp-image-1776 lazyload\" data-srcset=\"https:\/\/www.design-award.cz\/wp-content\/uploads\/2023\/03\/DI_render_kuchyn_2_up-1024x585.jpg 1024w, https:\/\/www.design-award.cz\/wp-content\/uploads\/2023\/03\/DI_render_kuchyn_2_up-300x171.jpg 300w, https:\/\/www.design-award.cz\/wp-content\/uploads\/2023\/03\/DI_render_kuchyn_2_up-768x439.jpg 768w, https:\/\/www.design-award.cz\/wp-content\/uploads\/2023\/03\/DI_render_kuchyn_2_up-1536x878.jpg 1536w, https:\/\/www.design-award.cz\/wp-content\/uploads\/2023\/03\/DI_render_kuchyn_2_up-500x286.jpg 500w, https:\/\/www.design-award.cz\/wp-content\/uploads\/2023\/03\/DI_render_kuchyn_2_up-800x457.jpg 800w, https:\/\/www.design-award.cz\/wp-content\/uploads\/2023\/03\/DI_render_kuchyn_2_up-1280x732.jpg 1280w, https:\/\/www.design-award.cz\/wp-content\/uploads\/2023\/03\/DI_render_kuchyn_2_up-1920x1097.jpg 1920w, https:\/\/www.design-award.cz\/wp-content\/uploads\/2023\/03\/DI_render_kuchyn_2_up.jpg 1984w\" data-sizes=\"(max-width: 1024px) 100vw, 1024px\" src=\"data:image\/svg+xml;base64,PHN2ZyB3aWR0aD0iMSIgaGVpZ2h0PSIxIiB4bWxucz0iaHR0cDovL3d3dy53My5vcmcvMjAwMC9zdmciPjwvc3ZnPg==\" style=\"--smush-placeholder-width: 1024px; --smush-placeholder-aspect-ratio: 1024\/585;\" \/><\/figure>\n\n\n\n<figure class=\"wp-block-image size-large\"><img decoding=\"async\" width=\"1024\" height=\"584\" data-src=\"http:\/\/www.design-award.cz\/wp-content\/uploads\/2023\/03\/DI_render_21_up_2-1024x584.jpg\" alt=\"\" class=\"wp-image-1775 lazyload\" data-srcset=\"https:\/\/www.design-award.cz\/wp-content\/uploads\/2023\/03\/DI_render_21_up_2-1024x584.jpg 1024w, https:\/\/www.design-award.cz\/wp-content\/uploads\/2023\/03\/DI_render_21_up_2-300x171.jpg 300w, https:\/\/www.design-award.cz\/wp-content\/uploads\/2023\/03\/DI_render_21_up_2-768x438.jpg 768w, https:\/\/www.design-award.cz\/wp-content\/uploads\/2023\/03\/DI_render_21_up_2-1536x876.jpg 1536w, https:\/\/www.design-award.cz\/wp-content\/uploads\/2023\/03\/DI_render_21_up_2-500x285.jpg 500w, https:\/\/www.design-award.cz\/wp-content\/uploads\/2023\/03\/DI_render_21_up_2-800x456.jpg 800w, https:\/\/www.design-award.cz\/wp-content\/uploads\/2023\/03\/DI_render_21_up_2-1280x730.jpg 1280w, https:\/\/www.design-award.cz\/wp-content\/uploads\/2023\/03\/DI_render_21_up_2-1920x1095.jpg 1920w, https:\/\/www.design-award.cz\/wp-content\/uploads\/2023\/03\/DI_render_21_up_2.jpg 1984w\" data-sizes=\"(max-width: 1024px) 100vw, 1024px\" src=\"data:image\/svg+xml;base64,PHN2ZyB3aWR0aD0iMSIgaGVpZ2h0PSIxIiB4bWxucz0iaHR0cDovL3d3dy53My5vcmcvMjAwMC9zdmciPjwvc3ZnPg==\" style=\"--smush-placeholder-width: 1024px; --smush-placeholder-aspect-ratio: 1024\/584;\" \/><\/figure>\n\n\n\n<figure class=\"wp-block-image size-large\"><img decoding=\"async\" width=\"1024\" height=\"724\" data-src=\"http:\/\/www.design-award.cz\/wp-content\/uploads\/2023\/03\/DI_pudorys_druhe_patro_zarizene_op-1024x724.jpg\" alt=\"\" class=\"wp-image-1779 lazyload\" data-srcset=\"https:\/\/www.design-award.cz\/wp-content\/uploads\/2023\/03\/DI_pudorys_druhe_patro_zarizene_op-1024x724.jpg 1024w, https:\/\/www.design-award.cz\/wp-content\/uploads\/2023\/03\/DI_pudorys_druhe_patro_zarizene_op-300x212.jpg 300w, https:\/\/www.design-award.cz\/wp-content\/uploads\/2023\/03\/DI_pudorys_druhe_patro_zarizene_op-768x543.jpg 768w, https:\/\/www.design-award.cz\/wp-content\/uploads\/2023\/03\/DI_pudorys_druhe_patro_zarizene_op-1536x1086.jpg 1536w, https:\/\/www.design-award.cz\/wp-content\/uploads\/2023\/03\/DI_pudorys_druhe_patro_zarizene_op-2048x1448.jpg 2048w, https:\/\/www.design-award.cz\/wp-content\/uploads\/2023\/03\/DI_pudorys_druhe_patro_zarizene_op-500x354.jpg 500w, https:\/\/www.design-award.cz\/wp-content\/uploads\/2023\/03\/DI_pudorys_druhe_patro_zarizene_op-800x566.jpg 800w, https:\/\/www.design-award.cz\/wp-content\/uploads\/2023\/03\/DI_pudorys_druhe_patro_zarizene_op-1280x905.jpg 1280w, https:\/\/www.design-award.cz\/wp-content\/uploads\/2023\/03\/DI_pudorys_druhe_patro_zarizene_op-1920x1358.jpg 1920w\" data-sizes=\"(max-width: 1024px) 100vw, 1024px\" src=\"data:image\/svg+xml;base64,PHN2ZyB3aWR0aD0iMSIgaGVpZ2h0PSIxIiB4bWxucz0iaHR0cDovL3d3dy53My5vcmcvMjAwMC9zdmciPjwvc3ZnPg==\" style=\"--smush-placeholder-width: 1024px; --smush-placeholder-aspect-ratio: 1024\/724;\" \/><\/figure>\n\n\n\n<figure class=\"wp-block-image size-large\"><img decoding=\"async\" width=\"1024\" height=\"724\" data-src=\"http:\/\/www.design-award.cz\/wp-content\/uploads\/2023\/03\/DI_pudorys_prizemi_zarizeny_op-1024x724.jpg\" alt=\"\" class=\"wp-image-1780 lazyload\" data-srcset=\"https:\/\/www.design-award.cz\/wp-content\/uploads\/2023\/03\/DI_pudorys_prizemi_zarizeny_op-1024x724.jpg 1024w, https:\/\/www.design-award.cz\/wp-content\/uploads\/2023\/03\/DI_pudorys_prizemi_zarizeny_op-300x212.jpg 300w, https:\/\/www.design-award.cz\/wp-content\/uploads\/2023\/03\/DI_pudorys_prizemi_zarizeny_op-768x543.jpg 768w, https:\/\/www.design-award.cz\/wp-content\/uploads\/2023\/03\/DI_pudorys_prizemi_zarizeny_op-1536x1086.jpg 1536w, https:\/\/www.design-award.cz\/wp-content\/uploads\/2023\/03\/DI_pudorys_prizemi_zarizeny_op-2048x1448.jpg 2048w, https:\/\/www.design-award.cz\/wp-content\/uploads\/2023\/03\/DI_pudorys_prizemi_zarizeny_op-500x354.jpg 500w, https:\/\/www.design-award.cz\/wp-content\/uploads\/2023\/03\/DI_pudorys_prizemi_zarizeny_op-800x566.jpg 800w, https:\/\/www.design-award.cz\/wp-content\/uploads\/2023\/03\/DI_pudorys_prizemi_zarizeny_op-1280x905.jpg 1280w, https:\/\/www.design-award.cz\/wp-content\/uploads\/2023\/03\/DI_pudorys_prizemi_zarizeny_op-1920x1358.jpg 1920w\" data-sizes=\"(max-width: 1024px) 100vw, 1024px\" src=\"data:image\/svg+xml;base64,PHN2ZyB3aWR0aD0iMSIgaGVpZ2h0PSIxIiB4bWxucz0iaHR0cDovL3d3dy53My5vcmcvMjAwMC9zdmciPjwvc3ZnPg==\" style=\"--smush-placeholder-width: 1024px; --smush-placeholder-aspect-ratio: 1024\/724;\" \/><\/figure>\n","protected":false},"excerpt":{"rendered":"<p>Charlota Pr\u00e1\u0161kov\u00e1 MICHAEL &#8211; S\u0160 a VO\u0160 reklamn\u00ed a um\u011bleck\u00e9 tvorby, s.r.o. Tento semestr jsem dostala za \u00fakol navrhnout dispozici velk\u00e9ho rodinn\u00e9ho domu, kter\u00fd chce klient rozd\u011blit na n\u011bkolik men\u0161\u00edch byt\u016f. Konkr\u00e9tn\u011b jsem navrhovala rodinn\u00fd d\u016fm s patrem a velkou galeri\u00ed.Interi\u00e9r rodinn\u00e9ho domu jsem navrhla v modern\u00edm stylu a dominuje&nbsp; v n\u011bm p\u0159edev\u0161\u00edm d\u0159evo a [&hellip;]<\/p>\n","protected":false},"author":5,"featured_media":1778,"menu_order":0,"comment_status":"closed","ping_status":"closed","template":"","format":"standard","meta":{"ngg_post_thumbnail":0,"ocean_post_layout":"","ocean_both_sidebars_style":"","ocean_both_sidebars_content_width":0,"ocean_both_sidebars_sidebars_width":0,"ocean_sidebar":"","ocean_second_sidebar":"","ocean_disable_margins":"enable","ocean_add_body_class":"","ocean_shortcode_before_top_bar":"","ocean_shortcode_after_top_bar":"","ocean_shortcode_before_header":"","ocean_shortcode_after_header":"","ocean_has_shortcode":"","ocean_shortcode_after_title":"","ocean_shortcode_before_footer_widgets":"","ocean_shortcode_after_footer_widgets":"","ocean_shortcode_before_footer_bottom":"","ocean_shortcode_after_footer_bottom":"","ocean_display_top_bar":"default","ocean_display_header":"default","ocean_header_style":"","ocean_center_header_left_menu":"","ocean_custom_header_template":"","ocean_custom_logo":0,"ocean_custom_retina_logo":0,"ocean_custom_logo_max_width":0,"ocean_custom_logo_tablet_max_width":0,"ocean_custom_logo_mobile_max_width":0,"ocean_custom_logo_max_height":0,"ocean_custom_logo_tablet_max_height":0,"ocean_custom_logo_mobile_max_height":0,"ocean_header_custom_menu":"","ocean_menu_typo_font_family":"","ocean_menu_typo_font_subset":"","ocean_menu_typo_font_size":0,"ocean_menu_typo_font_size_tablet":0,"ocean_menu_typo_font_size_mobile":0,"ocean_menu_typo_font_size_unit":"px","ocean_menu_typo_font_weight":"","ocean_menu_typo_font_weight_tablet":"","ocean_menu_typo_font_weight_mobile":"","ocean_menu_typo_transform":"","ocean_menu_typo_transform_tablet":"","ocean_menu_typo_transform_mobile":"","ocean_menu_typo_line_height":0,"ocean_menu_typo_line_height_tablet":0,"ocean_menu_typo_line_height_mobile":0,"ocean_menu_typo_line_height_unit":"","ocean_menu_typo_spacing":0,"ocean_menu_typo_spacing_tablet":0,"ocean_menu_typo_spacing_mobile":0,"ocean_menu_typo_spacing_unit":"","ocean_menu_link_color":"","ocean_menu_link_color_hover":"","ocean_menu_link_color_active":"","ocean_menu_link_background":"","ocean_menu_link_hover_background":"","ocean_menu_link_active_background":"","ocean_menu_social_links_bg":"","ocean_menu_social_hover_links_bg":"","ocean_menu_social_links_color":"","ocean_menu_social_hover_links_color":"","ocean_disable_title":"default","ocean_disable_heading":"default","ocean_post_title":"","ocean_post_subheading":"","ocean_post_title_style":"","ocean_post_title_background_color":"","ocean_post_title_background":0,"ocean_post_title_bg_image_position":"","ocean_post_title_bg_image_attachment":"","ocean_post_title_bg_image_repeat":"","ocean_post_title_bg_image_size":"","ocean_post_title_height":0,"ocean_post_title_bg_overlay":0.5,"ocean_post_title_bg_overlay_color":"","ocean_disable_breadcrumbs":"default","ocean_breadcrumbs_color":"","ocean_breadcrumbs_separator_color":"","ocean_breadcrumbs_links_color":"","ocean_breadcrumbs_links_hover_color":"","ocean_display_footer_widgets":"default","ocean_display_footer_bottom":"default","ocean_custom_footer_template":"","_vp_format_video_url":"","_vp_image_focal_point":[],"footnotes":""},"portfolio_category":[10],"portfolio_tag":[],"class_list":["post-1774","portfolio","type-portfolio","status-publish","format-standard","has-post-thumbnail","hentry","portfolio_category-soutezici-2023","entry","has-media"],"yoast_head":"<!-- This site is optimized with the Yoast SEO plugin v25.2 - https:\/\/yoast.com\/wordpress\/plugins\/seo\/ -->\n<title>Soukrom\u00fd interi\u00e9r - Loftov\u00fd byt - design-award.cz<\/title>\n<meta name=\"robots\" content=\"index, follow, max-snippet:-1, max-image-preview:large, max-video-preview:-1\" \/>\n<link rel=\"canonical\" href=\"https:\/\/www.design-award.cz\/?portfolio=soukromy-interier-loftovy-byt\" \/>\n<meta property=\"og:locale\" content=\"cs_CZ\" \/>\n<meta property=\"og:type\" content=\"article\" \/>\n<meta property=\"og:title\" content=\"Soukrom\u00fd interi\u00e9r - Loftov\u00fd byt - design-award.cz\" \/>\n<meta property=\"og:description\" content=\"Charlota Pr\u00e1\u0161kov\u00e1 MICHAEL &#8211; S\u0160 a VO\u0160 reklamn\u00ed a um\u011bleck\u00e9 tvorby, s.r.o. Tento semestr jsem dostala za \u00fakol navrhnout dispozici velk\u00e9ho rodinn\u00e9ho domu, kter\u00fd chce klient rozd\u011blit na n\u011bkolik men\u0161\u00edch byt\u016f. Konkr\u00e9tn\u011b jsem navrhovala rodinn\u00fd d\u016fm s patrem a velkou galeri\u00ed.Interi\u00e9r rodinn\u00e9ho domu jsem navrhla v modern\u00edm stylu a dominuje&nbsp; v n\u011bm p\u0159edev\u0161\u00edm d\u0159evo a [&hellip;]\" \/>\n<meta property=\"og:url\" content=\"https:\/\/www.design-award.cz\/?portfolio=soukromy-interier-loftovy-byt\" \/>\n<meta property=\"og:site_name\" content=\"design-award.cz\" \/>\n<meta property=\"article:modified_time\" content=\"2023-03-24T14:46:19+00:00\" \/>\n<meta property=\"og:image\" content=\"http:\/\/www.design-award.cz\/wp-content\/uploads\/2023\/03\/DI_render_loznice_3_up.jpg\" \/>\n\t<meta property=\"og:image:width\" content=\"1984\" \/>\n\t<meta property=\"og:image:height\" content=\"1114\" \/>\n\t<meta property=\"og:image:type\" content=\"image\/jpeg\" \/>\n<meta name=\"twitter:card\" content=\"summary_large_image\" \/>\n<meta name=\"twitter:label1\" content=\"Odhadovan\u00e1 doba \u010dten\u00ed\" \/>\n\t<meta name=\"twitter:data1\" content=\"2 minuty\" \/>\n<script type=\"application\/ld+json\" class=\"yoast-schema-graph\">{\"@context\":\"https:\/\/schema.org\",\"@graph\":[{\"@type\":\"WebPage\",\"@id\":\"https:\/\/www.design-award.cz\/?portfolio=soukromy-interier-loftovy-byt\",\"url\":\"https:\/\/www.design-award.cz\/?portfolio=soukromy-interier-loftovy-byt\",\"name\":\"Soukrom\u00fd interi\u00e9r - Loftov\u00fd byt - design-award.cz\",\"isPartOf\":{\"@id\":\"https:\/\/www.design-award.cz\/#website\"},\"primaryImageOfPage\":{\"@id\":\"https:\/\/www.design-award.cz\/?portfolio=soukromy-interier-loftovy-byt#primaryimage\"},\"image\":{\"@id\":\"https:\/\/www.design-award.cz\/?portfolio=soukromy-interier-loftovy-byt#primaryimage\"},\"thumbnailUrl\":\"https:\/\/www.design-award.cz\/wp-content\/uploads\/2023\/03\/DI_render_loznice_3_up.jpg\",\"datePublished\":\"2023-03-24T14:46:10+00:00\",\"dateModified\":\"2023-03-24T14:46:19+00:00\",\"breadcrumb\":{\"@id\":\"https:\/\/www.design-award.cz\/?portfolio=soukromy-interier-loftovy-byt#breadcrumb\"},\"inLanguage\":\"cs\",\"potentialAction\":[{\"@type\":\"ReadAction\",\"target\":[\"https:\/\/www.design-award.cz\/?portfolio=soukromy-interier-loftovy-byt\"]}]},{\"@type\":\"ImageObject\",\"inLanguage\":\"cs\",\"@id\":\"https:\/\/www.design-award.cz\/?portfolio=soukromy-interier-loftovy-byt#primaryimage\",\"url\":\"https:\/\/www.design-award.cz\/wp-content\/uploads\/2023\/03\/DI_render_loznice_3_up.jpg\",\"contentUrl\":\"https:\/\/www.design-award.cz\/wp-content\/uploads\/2023\/03\/DI_render_loznice_3_up.jpg\",\"width\":1984,\"height\":1114},{\"@type\":\"BreadcrumbList\",\"@id\":\"https:\/\/www.design-award.cz\/?portfolio=soukromy-interier-loftovy-byt#breadcrumb\",\"itemListElement\":[{\"@type\":\"ListItem\",\"position\":1,\"name\":\"Dom\u016f\",\"item\":\"https:\/\/www.design-award.cz\/\"},{\"@type\":\"ListItem\",\"position\":2,\"name\":\"Portfolio Items\",\"item\":\"https:\/\/www.design-award.cz\/?post_type=portfolio\"},{\"@type\":\"ListItem\",\"position\":3,\"name\":\"Soukrom\u00fd interi\u00e9r &#8211; Loftov\u00fd byt\"}]},{\"@type\":\"WebSite\",\"@id\":\"https:\/\/www.design-award.cz\/#website\",\"url\":\"https:\/\/www.design-award.cz\/\",\"name\":\"design-award.cz\",\"description\":\"WARD vznikla v roce 2022. Je ur\u010dena p\u0159edev\u0161\u00edm student\u016fm st\u0159edn\u00edch um\u011bleck\u00fdch \u0161kol (S\u0160 a VO\u0160), kte\u0159\u00ed mohou bezplatn\u011b zaslat sv\u00e9 n\u00e1vrhy v uveden\u00fdch kategori\u00ed a tak pom\u011b\u0159it sv\u00e9 n\u00e1pady s konkurenc\u00ed sv\u00fdch vrstevn\u00edk\u016f. N\u00e1vrhy jsou n\u00e1sledn\u011b posouzeny nez\u00e1vislou porotou z \u0159ad v\u00fdtvarn\u00edk\u016f, pedagog\u016f a profesion\u00e1l\u016f z oboru.\",\"publisher\":{\"@id\":\"https:\/\/www.design-award.cz\/#organization\"},\"potentialAction\":[{\"@type\":\"SearchAction\",\"target\":{\"@type\":\"EntryPoint\",\"urlTemplate\":\"https:\/\/www.design-award.cz\/?s={search_term_string}\"},\"query-input\":{\"@type\":\"PropertyValueSpecification\",\"valueRequired\":true,\"valueName\":\"search_term_string\"}}],\"inLanguage\":\"cs\"},{\"@type\":\"Organization\",\"@id\":\"https:\/\/www.design-award.cz\/#organization\",\"name\":\"Design Award\",\"url\":\"https:\/\/www.design-award.cz\/\",\"logo\":{\"@type\":\"ImageObject\",\"inLanguage\":\"cs\",\"@id\":\"https:\/\/www.design-award.cz\/#\/schema\/logo\/image\/\",\"url\":\"http:\/\/www.design-award.cz\/wp-content\/uploads\/2021\/12\/hornilogo_design-award.png\",\"contentUrl\":\"http:\/\/www.design-award.cz\/wp-content\/uploads\/2021\/12\/hornilogo_design-award.png\",\"width\":800,\"height\":600,\"caption\":\"Design Award\"},\"image\":{\"@id\":\"https:\/\/www.design-award.cz\/#\/schema\/logo\/image\/\"},\"sameAs\":[\"https:\/\/www.instagram.com\/design_award\/\"]}]}<\/script>\n<!-- \/ Yoast SEO plugin. -->","yoast_head_json":{"title":"Soukrom\u00fd interi\u00e9r - Loftov\u00fd byt - design-award.cz","robots":{"index":"index","follow":"follow","max-snippet":"max-snippet:-1","max-image-preview":"max-image-preview:large","max-video-preview":"max-video-preview:-1"},"canonical":"https:\/\/www.design-award.cz\/?portfolio=soukromy-interier-loftovy-byt","og_locale":"cs_CZ","og_type":"article","og_title":"Soukrom\u00fd interi\u00e9r - Loftov\u00fd byt - design-award.cz","og_description":"Charlota Pr\u00e1\u0161kov\u00e1 MICHAEL &#8211; S\u0160 a VO\u0160 reklamn\u00ed a um\u011bleck\u00e9 tvorby, s.r.o. Tento semestr jsem dostala za \u00fakol navrhnout dispozici velk\u00e9ho rodinn\u00e9ho domu, kter\u00fd chce klient rozd\u011blit na n\u011bkolik men\u0161\u00edch byt\u016f. Konkr\u00e9tn\u011b jsem navrhovala rodinn\u00fd d\u016fm s patrem a velkou galeri\u00ed.Interi\u00e9r rodinn\u00e9ho domu jsem navrhla v modern\u00edm stylu a dominuje&nbsp; v n\u011bm p\u0159edev\u0161\u00edm d\u0159evo a [&hellip;]","og_url":"https:\/\/www.design-award.cz\/?portfolio=soukromy-interier-loftovy-byt","og_site_name":"design-award.cz","article_modified_time":"2023-03-24T14:46:19+00:00","og_image":[{"width":1984,"height":1114,"url":"http:\/\/www.design-award.cz\/wp-content\/uploads\/2023\/03\/DI_render_loznice_3_up.jpg","type":"image\/jpeg"}],"twitter_card":"summary_large_image","twitter_misc":{"Odhadovan\u00e1 doba \u010dten\u00ed":"2 minuty"},"schema":{"@context":"https:\/\/schema.org","@graph":[{"@type":"WebPage","@id":"https:\/\/www.design-award.cz\/?portfolio=soukromy-interier-loftovy-byt","url":"https:\/\/www.design-award.cz\/?portfolio=soukromy-interier-loftovy-byt","name":"Soukrom\u00fd interi\u00e9r - Loftov\u00fd byt - design-award.cz","isPartOf":{"@id":"https:\/\/www.design-award.cz\/#website"},"primaryImageOfPage":{"@id":"https:\/\/www.design-award.cz\/?portfolio=soukromy-interier-loftovy-byt#primaryimage"},"image":{"@id":"https:\/\/www.design-award.cz\/?portfolio=soukromy-interier-loftovy-byt#primaryimage"},"thumbnailUrl":"https:\/\/www.design-award.cz\/wp-content\/uploads\/2023\/03\/DI_render_loznice_3_up.jpg","datePublished":"2023-03-24T14:46:10+00:00","dateModified":"2023-03-24T14:46:19+00:00","breadcrumb":{"@id":"https:\/\/www.design-award.cz\/?portfolio=soukromy-interier-loftovy-byt#breadcrumb"},"inLanguage":"cs","potentialAction":[{"@type":"ReadAction","target":["https:\/\/www.design-award.cz\/?portfolio=soukromy-interier-loftovy-byt"]}]},{"@type":"ImageObject","inLanguage":"cs","@id":"https:\/\/www.design-award.cz\/?portfolio=soukromy-interier-loftovy-byt#primaryimage","url":"https:\/\/www.design-award.cz\/wp-content\/uploads\/2023\/03\/DI_render_loznice_3_up.jpg","contentUrl":"https:\/\/www.design-award.cz\/wp-content\/uploads\/2023\/03\/DI_render_loznice_3_up.jpg","width":1984,"height":1114},{"@type":"BreadcrumbList","@id":"https:\/\/www.design-award.cz\/?portfolio=soukromy-interier-loftovy-byt#breadcrumb","itemListElement":[{"@type":"ListItem","position":1,"name":"Dom\u016f","item":"https:\/\/www.design-award.cz\/"},{"@type":"ListItem","position":2,"name":"Portfolio Items","item":"https:\/\/www.design-award.cz\/?post_type=portfolio"},{"@type":"ListItem","position":3,"name":"Soukrom\u00fd interi\u00e9r &#8211; Loftov\u00fd byt"}]},{"@type":"WebSite","@id":"https:\/\/www.design-award.cz\/#website","url":"https:\/\/www.design-award.cz\/","name":"design-award.cz","description":"WARD vznikla v roce 2022. Je ur\u010dena p\u0159edev\u0161\u00edm student\u016fm st\u0159edn\u00edch um\u011bleck\u00fdch \u0161kol (S\u0160 a VO\u0160), kte\u0159\u00ed mohou bezplatn\u011b zaslat sv\u00e9 n\u00e1vrhy v uveden\u00fdch kategori\u00ed a tak pom\u011b\u0159it sv\u00e9 n\u00e1pady s konkurenc\u00ed sv\u00fdch vrstevn\u00edk\u016f. N\u00e1vrhy jsou n\u00e1sledn\u011b posouzeny nez\u00e1vislou porotou z \u0159ad v\u00fdtvarn\u00edk\u016f, pedagog\u016f a profesion\u00e1l\u016f z oboru.","publisher":{"@id":"https:\/\/www.design-award.cz\/#organization"},"potentialAction":[{"@type":"SearchAction","target":{"@type":"EntryPoint","urlTemplate":"https:\/\/www.design-award.cz\/?s={search_term_string}"},"query-input":{"@type":"PropertyValueSpecification","valueRequired":true,"valueName":"search_term_string"}}],"inLanguage":"cs"},{"@type":"Organization","@id":"https:\/\/www.design-award.cz\/#organization","name":"Design Award","url":"https:\/\/www.design-award.cz\/","logo":{"@type":"ImageObject","inLanguage":"cs","@id":"https:\/\/www.design-award.cz\/#\/schema\/logo\/image\/","url":"http:\/\/www.design-award.cz\/wp-content\/uploads\/2021\/12\/hornilogo_design-award.png","contentUrl":"http:\/\/www.design-award.cz\/wp-content\/uploads\/2021\/12\/hornilogo_design-award.png","width":800,"height":600,"caption":"Design Award"},"image":{"@id":"https:\/\/www.design-award.cz\/#\/schema\/logo\/image\/"},"sameAs":["https:\/\/www.instagram.com\/design_award\/"]}]}},"_links":{"self":[{"href":"https:\/\/www.design-award.cz\/index.php?rest_route=\/wp\/v2\/portfolio\/1774","targetHints":{"allow":["GET"]}}],"collection":[{"href":"https:\/\/www.design-award.cz\/index.php?rest_route=\/wp\/v2\/portfolio"}],"about":[{"href":"https:\/\/www.design-award.cz\/index.php?rest_route=\/wp\/v2\/types\/portfolio"}],"author":[{"embeddable":true,"href":"https:\/\/www.design-award.cz\/index.php?rest_route=\/wp\/v2\/users\/5"}],"replies":[{"embeddable":true,"href":"https:\/\/www.design-award.cz\/index.php?rest_route=%2Fwp%2Fv2%2Fcomments&post=1774"}],"version-history":[{"count":1,"href":"https:\/\/www.design-award.cz\/index.php?rest_route=\/wp\/v2\/portfolio\/1774\/revisions"}],"predecessor-version":[{"id":1781,"href":"https:\/\/www.design-award.cz\/index.php?rest_route=\/wp\/v2\/portfolio\/1774\/revisions\/1781"}],"wp:featuredmedia":[{"embeddable":true,"href":"https:\/\/www.design-award.cz\/index.php?rest_route=\/wp\/v2\/media\/1778"}],"wp:attachment":[{"href":"https:\/\/www.design-award.cz\/index.php?rest_route=%2Fwp%2Fv2%2Fmedia&parent=1774"}],"wp:term":[{"taxonomy":"portfolio_category","embeddable":true,"href":"https:\/\/www.design-award.cz\/index.php?rest_route=%2Fwp%2Fv2%2Fportfolio_category&post=1774"},{"taxonomy":"portfolio_tag","embeddable":true,"href":"https:\/\/www.design-award.cz\/index.php?rest_route=%2Fwp%2Fv2%2Fportfolio_tag&post=1774"}],"curies":[{"name":"wp","href":"https:\/\/api.w.org\/{rel}","templated":true}]}}