{"id":1811,"date":"2023-03-31T09:49:53","date_gmt":"2023-03-31T09:49:53","guid":{"rendered":"https:\/\/www.design-award.cz\/?post_type=portfolio&#038;p=1811"},"modified":"2023-03-31T09:55:38","modified_gmt":"2023-03-31T09:55:38","slug":"produktovy-design-essence","status":"publish","type":"portfolio","link":"https:\/\/www.design-award.cz\/?portfolio=produktovy-design-essence","title":{"rendered":"Produktov\u00fd design &#8211; Essence"},"content":{"rendered":"\n<p><strong>Ond\u0159ej Muro\u0148<\/strong><\/p>\n\n\n\n<p>St\u0159edn\u00ed um\u011bleck\u00e1 \u0161kola, Ostrava, p\u0159\u00edsp\u011bvkov\u00e1 organizace <\/p>\n\n\n\n<p>T\u00e9ma umyvadlov\u00e9 baterie jsem navrhl panu u\u010diteli j\u00e1. Tud\u00ed\u017e mi bylo jasn\u00e9, \u017ee budu muset navrhnout n\u011bco unik\u00e1tn\u00edho. Z\u00e1rone\u0148 jsem si v\u0161ak ur\u010dil, aby si m\u016fj kohoutek dr\u017eel alespo\u0148<br>z \u010d\u00e1sti n\u011bjak\u00e9 klasick\u00e9 rysy. U\u017e v m\u00fdch skic\u00e1ch jsem se dr\u017eel zejm\u00e9na jednoho obr\u00e1zku z m\u00e9 inspirace, na kter\u00e9m je p\u00e1ka baterie jakoby sou\u010d\u00e1st\u00ed samotn\u00e9ho kohoutku. Toto \u0159e\u0161en\u00ed se mi zd\u00e1lo velmi elegantn\u00ed, ale z\u00e1rove\u0148 dost odli\u0161n\u00e9 od ostatn\u00edch baterii.<br>&nbsp;&nbsp; M\u00fdm fin\u00e1ln\u00edm n\u00e1vrhem je tedy kohoutek, kter\u00fd m\u00e1 jednoduch\u00fd, skoro a\u017e neutr\u00e1ln\u00ed tvar. Na ten jsem navrhl p\u00e1ku, kter\u00e1 je sou\u010d\u00e1st\u00ed kohoutku a zakr\u00fdv\u00e1 jeho horn\u00ed \u010d\u00e1st a mechanismus kartu\u0161e. Posledn\u00ed dobou vn\u00edm\u00e1m u mnou navr\u017een\u00fdch produkt\u016f podobnosti, kter\u00e9 se jakoby skl\u00e1daj\u00ed ze dvou \u010di v\u00edce \u010d\u00e1st\u00ed, ty jsou n\u00e1sledn\u011b barevn\u011b odli\u0161eny. Proto jsem se i zde rozhodl pro dvoubarevn\u00e9 proveden\u00ed. To si m\u016f\u017eete kombinovat dle va\u0161\u00ed libosti a pot\u0159eb.<br>Z\u00e1kladem je tedy \u010dern\u00fd nebo keramick\u00fd kohoutek, ke kter\u00e9mu si m\u016f\u017eete zvolit libovolnou barvu p\u00e1ky a t\u011bsn\u00edc\u00edho krou\u017eku tak, aby va\u0161e nov\u00e1 baterie pasovala jako na m\u00edru kovan\u00e1 do va\u0161\u00ed koupelny \u010di WC.<\/p>\n\n\n\n<figure class=\"wp-block-image size-large\"><img decoding=\"async\" width=\"723\" height=\"1024\" data-src=\"http:\/\/www.design-award.cz\/wp-content\/uploads\/2023\/03\/Plakat-723x1024.png\" alt=\"\" class=\"wp-image-1816 lazyload\" data-srcset=\"https:\/\/www.design-award.cz\/wp-content\/uploads\/2023\/03\/Plakat-723x1024.png 723w, https:\/\/www.design-award.cz\/wp-content\/uploads\/2023\/03\/Plakat-212x300.png 212w, https:\/\/www.design-award.cz\/wp-content\/uploads\/2023\/03\/Plakat-768x1088.png 768w, https:\/\/www.design-award.cz\/wp-content\/uploads\/2023\/03\/Plakat-1085x1536.png 1085w, https:\/\/www.design-award.cz\/wp-content\/uploads\/2023\/03\/Plakat-500x708.png 500w, https:\/\/www.design-award.cz\/wp-content\/uploads\/2023\/03\/Plakat-800x1133.png 800w, https:\/\/www.design-award.cz\/wp-content\/uploads\/2023\/03\/Plakat.png 1192w\" data-sizes=\"(max-width: 723px) 100vw, 723px\" src=\"data:image\/svg+xml;base64,PHN2ZyB3aWR0aD0iMSIgaGVpZ2h0PSIxIiB4bWxucz0iaHR0cDovL3d3dy53My5vcmcvMjAwMC9zdmciPjwvc3ZnPg==\" style=\"--smush-placeholder-width: 723px; --smush-placeholder-aspect-ratio: 723\/1024;\" \/><\/figure>\n\n\n\n<figure class=\"wp-block-image size-large\"><img decoding=\"async\" width=\"1024\" height=\"768\" data-src=\"http:\/\/www.design-award.cz\/wp-content\/uploads\/2023\/03\/13.1-1024x768.png\" alt=\"\" class=\"wp-image-1814 lazyload\" data-srcset=\"https:\/\/www.design-award.cz\/wp-content\/uploads\/2023\/03\/13.1-1024x768.png 1024w, https:\/\/www.design-award.cz\/wp-content\/uploads\/2023\/03\/13.1-300x225.png 300w, https:\/\/www.design-award.cz\/wp-content\/uploads\/2023\/03\/13.1-768x576.png 768w, https:\/\/www.design-award.cz\/wp-content\/uploads\/2023\/03\/13.1-500x375.png 500w, https:\/\/www.design-award.cz\/wp-content\/uploads\/2023\/03\/13.1-800x600.png 800w, https:\/\/www.design-award.cz\/wp-content\/uploads\/2023\/03\/13.1-1280x960.png 1280w, https:\/\/www.design-award.cz\/wp-content\/uploads\/2023\/03\/13.1.png 1440w\" data-sizes=\"(max-width: 1024px) 100vw, 1024px\" src=\"data:image\/svg+xml;base64,PHN2ZyB3aWR0aD0iMSIgaGVpZ2h0PSIxIiB4bWxucz0iaHR0cDovL3d3dy53My5vcmcvMjAwMC9zdmciPjwvc3ZnPg==\" style=\"--smush-placeholder-width: 1024px; --smush-placeholder-aspect-ratio: 1024\/768;\" \/><\/figure>\n\n\n\n<figure class=\"wp-block-image size-large\"><img decoding=\"async\" width=\"1024\" height=\"768\" data-src=\"http:\/\/www.design-award.cz\/wp-content\/uploads\/2023\/03\/10-1024x768.png\" alt=\"\" class=\"wp-image-1813 lazyload\" data-srcset=\"https:\/\/www.design-award.cz\/wp-content\/uploads\/2023\/03\/10-1024x768.png 1024w, https:\/\/www.design-award.cz\/wp-content\/uploads\/2023\/03\/10-300x225.png 300w, https:\/\/www.design-award.cz\/wp-content\/uploads\/2023\/03\/10-768x576.png 768w, https:\/\/www.design-award.cz\/wp-content\/uploads\/2023\/03\/10-500x375.png 500w, https:\/\/www.design-award.cz\/wp-content\/uploads\/2023\/03\/10-800x600.png 800w, https:\/\/www.design-award.cz\/wp-content\/uploads\/2023\/03\/10-1280x960.png 1280w, https:\/\/www.design-award.cz\/wp-content\/uploads\/2023\/03\/10.png 1440w\" data-sizes=\"(max-width: 1024px) 100vw, 1024px\" src=\"data:image\/svg+xml;base64,PHN2ZyB3aWR0aD0iMSIgaGVpZ2h0PSIxIiB4bWxucz0iaHR0cDovL3d3dy53My5vcmcvMjAwMC9zdmciPjwvc3ZnPg==\" style=\"--smush-placeholder-width: 1024px; --smush-placeholder-aspect-ratio: 1024\/768;\" \/><\/figure>\n\n\n\n<figure class=\"wp-block-image size-large\"><img decoding=\"async\" width=\"1024\" height=\"721\" data-src=\"http:\/\/www.design-award.cz\/wp-content\/uploads\/2023\/03\/tech-vykres-1024x721.png\" alt=\"\" class=\"wp-image-1812 lazyload\" data-srcset=\"https:\/\/www.design-award.cz\/wp-content\/uploads\/2023\/03\/tech-vykres-1024x721.png 1024w, https:\/\/www.design-award.cz\/wp-content\/uploads\/2023\/03\/tech-vykres-300x211.png 300w, https:\/\/www.design-award.cz\/wp-content\/uploads\/2023\/03\/tech-vykres-768x541.png 768w, https:\/\/www.design-award.cz\/wp-content\/uploads\/2023\/03\/tech-vykres-1536x1082.png 1536w, https:\/\/www.design-award.cz\/wp-content\/uploads\/2023\/03\/tech-vykres-2048x1443.png 2048w, https:\/\/www.design-award.cz\/wp-content\/uploads\/2023\/03\/tech-vykres-500x352.png 500w, https:\/\/www.design-award.cz\/wp-content\/uploads\/2023\/03\/tech-vykres-800x564.png 800w, https:\/\/www.design-award.cz\/wp-content\/uploads\/2023\/03\/tech-vykres-1280x902.png 1280w, https:\/\/www.design-award.cz\/wp-content\/uploads\/2023\/03\/tech-vykres-1920x1352.png 1920w\" data-sizes=\"(max-width: 1024px) 100vw, 1024px\" src=\"data:image\/svg+xml;base64,PHN2ZyB3aWR0aD0iMSIgaGVpZ2h0PSIxIiB4bWxucz0iaHR0cDovL3d3dy53My5vcmcvMjAwMC9zdmciPjwvc3ZnPg==\" style=\"--smush-placeholder-width: 1024px; --smush-placeholder-aspect-ratio: 1024\/721;\" \/><\/figure>\n","protected":false},"excerpt":{"rendered":"<p>Ond\u0159ej Muro\u0148 St\u0159edn\u00ed um\u011bleck\u00e1 \u0161kola, Ostrava, p\u0159\u00edsp\u011bvkov\u00e1 organizace T\u00e9ma umyvadlov\u00e9 baterie jsem navrhl panu u\u010diteli j\u00e1. Tud\u00ed\u017e mi bylo jasn\u00e9, \u017ee budu muset navrhnout n\u011bco unik\u00e1tn\u00edho. Z\u00e1rone\u0148 jsem si v\u0161ak ur\u010dil, aby si m\u016fj kohoutek dr\u017eel alespo\u0148z \u010d\u00e1sti n\u011bjak\u00e9 klasick\u00e9 rysy. U\u017e v m\u00fdch skic\u00e1ch jsem se dr\u017eel zejm\u00e9na jednoho obr\u00e1zku z m\u00e9 inspirace, na [&hellip;]<\/p>\n","protected":false},"author":5,"featured_media":1814,"menu_order":0,"comment_status":"open","ping_status":"closed","template":"","format":"standard","meta":{"ngg_post_thumbnail":0,"ocean_post_layout":"","ocean_both_sidebars_style":"","ocean_both_sidebars_content_width":0,"ocean_both_sidebars_sidebars_width":0,"ocean_sidebar":"","ocean_second_sidebar":"","ocean_disable_margins":"enable","ocean_add_body_class":"","ocean_shortcode_before_top_bar":"","ocean_shortcode_after_top_bar":"","ocean_shortcode_before_header":"","ocean_shortcode_after_header":"","ocean_has_shortcode":"","ocean_shortcode_after_title":"","ocean_shortcode_before_footer_widgets":"","ocean_shortcode_after_footer_widgets":"","ocean_shortcode_before_footer_bottom":"","ocean_shortcode_after_footer_bottom":"","ocean_display_top_bar":"default","ocean_display_header":"default","ocean_header_style":"","ocean_center_header_left_menu":"","ocean_custom_header_template":"","ocean_custom_logo":0,"ocean_custom_retina_logo":0,"ocean_custom_logo_max_width":0,"ocean_custom_logo_tablet_max_width":0,"ocean_custom_logo_mobile_max_width":0,"ocean_custom_logo_max_height":0,"ocean_custom_logo_tablet_max_height":0,"ocean_custom_logo_mobile_max_height":0,"ocean_header_custom_menu":"","ocean_menu_typo_font_family":"","ocean_menu_typo_font_subset":"","ocean_menu_typo_font_size":0,"ocean_menu_typo_font_size_tablet":0,"ocean_menu_typo_font_size_mobile":0,"ocean_menu_typo_font_size_unit":"px","ocean_menu_typo_font_weight":"","ocean_menu_typo_font_weight_tablet":"","ocean_menu_typo_font_weight_mobile":"","ocean_menu_typo_transform":"","ocean_menu_typo_transform_tablet":"","ocean_menu_typo_transform_mobile":"","ocean_menu_typo_line_height":0,"ocean_menu_typo_line_height_tablet":0,"ocean_menu_typo_line_height_mobile":0,"ocean_menu_typo_line_height_unit":"","ocean_menu_typo_spacing":0,"ocean_menu_typo_spacing_tablet":0,"ocean_menu_typo_spacing_mobile":0,"ocean_menu_typo_spacing_unit":"","ocean_menu_link_color":"","ocean_menu_link_color_hover":"","ocean_menu_link_color_active":"","ocean_menu_link_background":"","ocean_menu_link_hover_background":"","ocean_menu_link_active_background":"","ocean_menu_social_links_bg":"","ocean_menu_social_hover_links_bg":"","ocean_menu_social_links_color":"","ocean_menu_social_hover_links_color":"","ocean_disable_title":"default","ocean_disable_heading":"default","ocean_post_title":"","ocean_post_subheading":"","ocean_post_title_style":"","ocean_post_title_background_color":"","ocean_post_title_background":0,"ocean_post_title_bg_image_position":"","ocean_post_title_bg_image_attachment":"","ocean_post_title_bg_image_repeat":"","ocean_post_title_bg_image_size":"","ocean_post_title_height":0,"ocean_post_title_bg_overlay":0.5,"ocean_post_title_bg_overlay_color":"","ocean_disable_breadcrumbs":"default","ocean_breadcrumbs_color":"","ocean_breadcrumbs_separator_color":"","ocean_breadcrumbs_links_color":"","ocean_breadcrumbs_links_hover_color":"","ocean_display_footer_widgets":"default","ocean_display_footer_bottom":"default","ocean_custom_footer_template":"","_vp_format_video_url":"","_vp_image_focal_point":[],"footnotes":""},"portfolio_category":[10],"portfolio_tag":[],"class_list":["post-1811","portfolio","type-portfolio","status-publish","format-standard","has-post-thumbnail","hentry","portfolio_category-soutezici-2023","entry","has-media"],"yoast_head":"<!-- This site is optimized with the Yoast SEO plugin v25.2 - https:\/\/yoast.com\/wordpress\/plugins\/seo\/ -->\n<title>Produktov\u00fd design - Essence - design-award.cz<\/title>\n<meta name=\"robots\" content=\"index, follow, max-snippet:-1, max-image-preview:large, max-video-preview:-1\" \/>\n<link rel=\"canonical\" href=\"https:\/\/www.design-award.cz\/?portfolio=produktovy-design-essence\" \/>\n<meta property=\"og:locale\" content=\"cs_CZ\" \/>\n<meta property=\"og:type\" content=\"article\" \/>\n<meta property=\"og:title\" content=\"Produktov\u00fd design - Essence - design-award.cz\" \/>\n<meta property=\"og:description\" content=\"Ond\u0159ej Muro\u0148 St\u0159edn\u00ed um\u011bleck\u00e1 \u0161kola, Ostrava, p\u0159\u00edsp\u011bvkov\u00e1 organizace T\u00e9ma umyvadlov\u00e9 baterie jsem navrhl panu u\u010diteli j\u00e1. Tud\u00ed\u017e mi bylo jasn\u00e9, \u017ee budu muset navrhnout n\u011bco unik\u00e1tn\u00edho. Z\u00e1rone\u0148 jsem si v\u0161ak ur\u010dil, aby si m\u016fj kohoutek dr\u017eel alespo\u0148z \u010d\u00e1sti n\u011bjak\u00e9 klasick\u00e9 rysy. U\u017e v m\u00fdch skic\u00e1ch jsem se dr\u017eel zejm\u00e9na jednoho obr\u00e1zku z m\u00e9 inspirace, na [&hellip;]\" \/>\n<meta property=\"og:url\" content=\"https:\/\/www.design-award.cz\/?portfolio=produktovy-design-essence\" \/>\n<meta property=\"og:site_name\" content=\"design-award.cz\" \/>\n<meta property=\"article:modified_time\" content=\"2023-03-31T09:55:38+00:00\" \/>\n<meta property=\"og:image\" content=\"http:\/\/www.design-award.cz\/wp-content\/uploads\/2023\/03\/13.1.png\" \/>\n\t<meta property=\"og:image:width\" content=\"1440\" \/>\n\t<meta property=\"og:image:height\" content=\"1080\" \/>\n\t<meta property=\"og:image:type\" content=\"image\/png\" \/>\n<meta name=\"twitter:card\" content=\"summary_large_image\" \/>\n<meta name=\"twitter:label1\" content=\"Odhadovan\u00e1 doba \u010dten\u00ed\" \/>\n\t<meta name=\"twitter:data1\" content=\"1 minuta\" \/>\n<script type=\"application\/ld+json\" class=\"yoast-schema-graph\">{\"@context\":\"https:\/\/schema.org\",\"@graph\":[{\"@type\":\"WebPage\",\"@id\":\"https:\/\/www.design-award.cz\/?portfolio=produktovy-design-essence\",\"url\":\"https:\/\/www.design-award.cz\/?portfolio=produktovy-design-essence\",\"name\":\"Produktov\u00fd design - Essence - design-award.cz\",\"isPartOf\":{\"@id\":\"https:\/\/www.design-award.cz\/#website\"},\"primaryImageOfPage\":{\"@id\":\"https:\/\/www.design-award.cz\/?portfolio=produktovy-design-essence#primaryimage\"},\"image\":{\"@id\":\"https:\/\/www.design-award.cz\/?portfolio=produktovy-design-essence#primaryimage\"},\"thumbnailUrl\":\"https:\/\/www.design-award.cz\/wp-content\/uploads\/2023\/03\/13.1.png\",\"datePublished\":\"2023-03-31T09:49:53+00:00\",\"dateModified\":\"2023-03-31T09:55:38+00:00\",\"breadcrumb\":{\"@id\":\"https:\/\/www.design-award.cz\/?portfolio=produktovy-design-essence#breadcrumb\"},\"inLanguage\":\"cs\",\"potentialAction\":[{\"@type\":\"ReadAction\",\"target\":[\"https:\/\/www.design-award.cz\/?portfolio=produktovy-design-essence\"]}]},{\"@type\":\"ImageObject\",\"inLanguage\":\"cs\",\"@id\":\"https:\/\/www.design-award.cz\/?portfolio=produktovy-design-essence#primaryimage\",\"url\":\"https:\/\/www.design-award.cz\/wp-content\/uploads\/2023\/03\/13.1.png\",\"contentUrl\":\"https:\/\/www.design-award.cz\/wp-content\/uploads\/2023\/03\/13.1.png\",\"width\":1440,\"height\":1080},{\"@type\":\"BreadcrumbList\",\"@id\":\"https:\/\/www.design-award.cz\/?portfolio=produktovy-design-essence#breadcrumb\",\"itemListElement\":[{\"@type\":\"ListItem\",\"position\":1,\"name\":\"Dom\u016f\",\"item\":\"https:\/\/www.design-award.cz\/\"},{\"@type\":\"ListItem\",\"position\":2,\"name\":\"Portfolio Items\",\"item\":\"https:\/\/www.design-award.cz\/?post_type=portfolio\"},{\"@type\":\"ListItem\",\"position\":3,\"name\":\"Produktov\u00fd design &#8211; Essence\"}]},{\"@type\":\"WebSite\",\"@id\":\"https:\/\/www.design-award.cz\/#website\",\"url\":\"https:\/\/www.design-award.cz\/\",\"name\":\"design-award.cz\",\"description\":\"WARD vznikla v roce 2022. Je ur\u010dena p\u0159edev\u0161\u00edm student\u016fm st\u0159edn\u00edch um\u011bleck\u00fdch \u0161kol (S\u0160 a VO\u0160), kte\u0159\u00ed mohou bezplatn\u011b zaslat sv\u00e9 n\u00e1vrhy v uveden\u00fdch kategori\u00ed a tak pom\u011b\u0159it sv\u00e9 n\u00e1pady s konkurenc\u00ed sv\u00fdch vrstevn\u00edk\u016f. N\u00e1vrhy jsou n\u00e1sledn\u011b posouzeny nez\u00e1vislou porotou z \u0159ad v\u00fdtvarn\u00edk\u016f, pedagog\u016f a profesion\u00e1l\u016f z oboru.\",\"publisher\":{\"@id\":\"https:\/\/www.design-award.cz\/#organization\"},\"potentialAction\":[{\"@type\":\"SearchAction\",\"target\":{\"@type\":\"EntryPoint\",\"urlTemplate\":\"https:\/\/www.design-award.cz\/?s={search_term_string}\"},\"query-input\":{\"@type\":\"PropertyValueSpecification\",\"valueRequired\":true,\"valueName\":\"search_term_string\"}}],\"inLanguage\":\"cs\"},{\"@type\":\"Organization\",\"@id\":\"https:\/\/www.design-award.cz\/#organization\",\"name\":\"Design Award\",\"url\":\"https:\/\/www.design-award.cz\/\",\"logo\":{\"@type\":\"ImageObject\",\"inLanguage\":\"cs\",\"@id\":\"https:\/\/www.design-award.cz\/#\/schema\/logo\/image\/\",\"url\":\"http:\/\/www.design-award.cz\/wp-content\/uploads\/2021\/12\/hornilogo_design-award.png\",\"contentUrl\":\"http:\/\/www.design-award.cz\/wp-content\/uploads\/2021\/12\/hornilogo_design-award.png\",\"width\":800,\"height\":600,\"caption\":\"Design Award\"},\"image\":{\"@id\":\"https:\/\/www.design-award.cz\/#\/schema\/logo\/image\/\"},\"sameAs\":[\"https:\/\/www.instagram.com\/design_award\/\"]}]}<\/script>\n<!-- \/ Yoast SEO plugin. -->","yoast_head_json":{"title":"Produktov\u00fd design - Essence - design-award.cz","robots":{"index":"index","follow":"follow","max-snippet":"max-snippet:-1","max-image-preview":"max-image-preview:large","max-video-preview":"max-video-preview:-1"},"canonical":"https:\/\/www.design-award.cz\/?portfolio=produktovy-design-essence","og_locale":"cs_CZ","og_type":"article","og_title":"Produktov\u00fd design - Essence - design-award.cz","og_description":"Ond\u0159ej Muro\u0148 St\u0159edn\u00ed um\u011bleck\u00e1 \u0161kola, Ostrava, p\u0159\u00edsp\u011bvkov\u00e1 organizace T\u00e9ma umyvadlov\u00e9 baterie jsem navrhl panu u\u010diteli j\u00e1. Tud\u00ed\u017e mi bylo jasn\u00e9, \u017ee budu muset navrhnout n\u011bco unik\u00e1tn\u00edho. Z\u00e1rone\u0148 jsem si v\u0161ak ur\u010dil, aby si m\u016fj kohoutek dr\u017eel alespo\u0148z \u010d\u00e1sti n\u011bjak\u00e9 klasick\u00e9 rysy. U\u017e v m\u00fdch skic\u00e1ch jsem se dr\u017eel zejm\u00e9na jednoho obr\u00e1zku z m\u00e9 inspirace, na [&hellip;]","og_url":"https:\/\/www.design-award.cz\/?portfolio=produktovy-design-essence","og_site_name":"design-award.cz","article_modified_time":"2023-03-31T09:55:38+00:00","og_image":[{"width":1440,"height":1080,"url":"http:\/\/www.design-award.cz\/wp-content\/uploads\/2023\/03\/13.1.png","type":"image\/png"}],"twitter_card":"summary_large_image","twitter_misc":{"Odhadovan\u00e1 doba \u010dten\u00ed":"1 minuta"},"schema":{"@context":"https:\/\/schema.org","@graph":[{"@type":"WebPage","@id":"https:\/\/www.design-award.cz\/?portfolio=produktovy-design-essence","url":"https:\/\/www.design-award.cz\/?portfolio=produktovy-design-essence","name":"Produktov\u00fd design - Essence - design-award.cz","isPartOf":{"@id":"https:\/\/www.design-award.cz\/#website"},"primaryImageOfPage":{"@id":"https:\/\/www.design-award.cz\/?portfolio=produktovy-design-essence#primaryimage"},"image":{"@id":"https:\/\/www.design-award.cz\/?portfolio=produktovy-design-essence#primaryimage"},"thumbnailUrl":"https:\/\/www.design-award.cz\/wp-content\/uploads\/2023\/03\/13.1.png","datePublished":"2023-03-31T09:49:53+00:00","dateModified":"2023-03-31T09:55:38+00:00","breadcrumb":{"@id":"https:\/\/www.design-award.cz\/?portfolio=produktovy-design-essence#breadcrumb"},"inLanguage":"cs","potentialAction":[{"@type":"ReadAction","target":["https:\/\/www.design-award.cz\/?portfolio=produktovy-design-essence"]}]},{"@type":"ImageObject","inLanguage":"cs","@id":"https:\/\/www.design-award.cz\/?portfolio=produktovy-design-essence#primaryimage","url":"https:\/\/www.design-award.cz\/wp-content\/uploads\/2023\/03\/13.1.png","contentUrl":"https:\/\/www.design-award.cz\/wp-content\/uploads\/2023\/03\/13.1.png","width":1440,"height":1080},{"@type":"BreadcrumbList","@id":"https:\/\/www.design-award.cz\/?portfolio=produktovy-design-essence#breadcrumb","itemListElement":[{"@type":"ListItem","position":1,"name":"Dom\u016f","item":"https:\/\/www.design-award.cz\/"},{"@type":"ListItem","position":2,"name":"Portfolio Items","item":"https:\/\/www.design-award.cz\/?post_type=portfolio"},{"@type":"ListItem","position":3,"name":"Produktov\u00fd design &#8211; Essence"}]},{"@type":"WebSite","@id":"https:\/\/www.design-award.cz\/#website","url":"https:\/\/www.design-award.cz\/","name":"design-award.cz","description":"WARD vznikla v roce 2022. Je ur\u010dena p\u0159edev\u0161\u00edm student\u016fm st\u0159edn\u00edch um\u011bleck\u00fdch \u0161kol (S\u0160 a VO\u0160), kte\u0159\u00ed mohou bezplatn\u011b zaslat sv\u00e9 n\u00e1vrhy v uveden\u00fdch kategori\u00ed a tak pom\u011b\u0159it sv\u00e9 n\u00e1pady s konkurenc\u00ed sv\u00fdch vrstevn\u00edk\u016f. N\u00e1vrhy jsou n\u00e1sledn\u011b posouzeny nez\u00e1vislou porotou z \u0159ad v\u00fdtvarn\u00edk\u016f, pedagog\u016f a profesion\u00e1l\u016f z oboru.","publisher":{"@id":"https:\/\/www.design-award.cz\/#organization"},"potentialAction":[{"@type":"SearchAction","target":{"@type":"EntryPoint","urlTemplate":"https:\/\/www.design-award.cz\/?s={search_term_string}"},"query-input":{"@type":"PropertyValueSpecification","valueRequired":true,"valueName":"search_term_string"}}],"inLanguage":"cs"},{"@type":"Organization","@id":"https:\/\/www.design-award.cz\/#organization","name":"Design Award","url":"https:\/\/www.design-award.cz\/","logo":{"@type":"ImageObject","inLanguage":"cs","@id":"https:\/\/www.design-award.cz\/#\/schema\/logo\/image\/","url":"http:\/\/www.design-award.cz\/wp-content\/uploads\/2021\/12\/hornilogo_design-award.png","contentUrl":"http:\/\/www.design-award.cz\/wp-content\/uploads\/2021\/12\/hornilogo_design-award.png","width":800,"height":600,"caption":"Design Award"},"image":{"@id":"https:\/\/www.design-award.cz\/#\/schema\/logo\/image\/"},"sameAs":["https:\/\/www.instagram.com\/design_award\/"]}]}},"_links":{"self":[{"href":"https:\/\/www.design-award.cz\/index.php?rest_route=\/wp\/v2\/portfolio\/1811","targetHints":{"allow":["GET"]}}],"collection":[{"href":"https:\/\/www.design-award.cz\/index.php?rest_route=\/wp\/v2\/portfolio"}],"about":[{"href":"https:\/\/www.design-award.cz\/index.php?rest_route=\/wp\/v2\/types\/portfolio"}],"author":[{"embeddable":true,"href":"https:\/\/www.design-award.cz\/index.php?rest_route=\/wp\/v2\/users\/5"}],"replies":[{"embeddable":true,"href":"https:\/\/www.design-award.cz\/index.php?rest_route=%2Fwp%2Fv2%2Fcomments&post=1811"}],"version-history":[{"count":2,"href":"https:\/\/www.design-award.cz\/index.php?rest_route=\/wp\/v2\/portfolio\/1811\/revisions"}],"predecessor-version":[{"id":1818,"href":"https:\/\/www.design-award.cz\/index.php?rest_route=\/wp\/v2\/portfolio\/1811\/revisions\/1818"}],"wp:featuredmedia":[{"embeddable":true,"href":"https:\/\/www.design-award.cz\/index.php?rest_route=\/wp\/v2\/media\/1814"}],"wp:attachment":[{"href":"https:\/\/www.design-award.cz\/index.php?rest_route=%2Fwp%2Fv2%2Fmedia&parent=1811"}],"wp:term":[{"taxonomy":"portfolio_category","embeddable":true,"href":"https:\/\/www.design-award.cz\/index.php?rest_route=%2Fwp%2Fv2%2Fportfolio_category&post=1811"},{"taxonomy":"portfolio_tag","embeddable":true,"href":"https:\/\/www.design-award.cz\/index.php?rest_route=%2Fwp%2Fv2%2Fportfolio_tag&post=1811"}],"curies":[{"name":"wp","href":"https:\/\/api.w.org\/{rel}","templated":true}]}}