{"id":1842,"date":"2023-04-04T21:56:41","date_gmt":"2023-04-04T21:56:41","guid":{"rendered":"https:\/\/www.design-award.cz\/?post_type=portfolio&#038;p=1842"},"modified":"2023-04-16T17:47:16","modified_gmt":"2023-04-16T17:47:16","slug":"soukromy-interier-r9","status":"publish","type":"portfolio","link":"https:\/\/www.design-award.cz\/?portfolio=soukromy-interier-r9","title":{"rendered":"Soukrom\u00fd interi\u00e9r &#8211; R9"},"content":{"rendered":"\n<p><strong>Martin Sonnek<\/strong><\/p>\n\n\n\n<p>St\u0159edn\u00ed um\u011bleck\u00e1 \u0161kola v Ostrav\u011b, p\u0159\u00edsp\u011bvkov\u00e1 organizace<\/p>\n\n\n\n<p>R9 [nine reflections] je sob\u011bsta\u010dn\u00e9 apartm\u00e1\/pr\u00e1zdninov\u00e9 bydlen\u00ed do seversk\u00e9 krajiny. Hlavn\u00edm konceptem je p\u0159ibl\u00ed\u017eit \u010dlov\u011bka do bezprost\u0159edn\u00ed bl\u00edzkosti p\u0159\u00edrody. T\u00edm je dosa\u017eeno obrovsk\u00fdmi okny, kter\u00e9 zde zast\u00e1vaj\u00ed funkci klasick\u00fdch zd\u00ed. Tyto okna jsou upevn\u011bna do dev\u00edti nosn\u00fdch pil\u00ed\u0159\u016f a vytv\u00e1\u0159\u00ed dev\u00edti\u00faheln\u00edk.<br>\u00a0\u00a0 Pro pohyb mezi p\u0159\u00edrodou a patry R9 slou\u017e\u00ed plo\u0161ina upevn\u011bn\u00e1 do pil\u00ed\u0159\u016f (plo\u0161in je zde nainstalovan\u00fdch v\u00edce nad sebou, aby nedoch\u00e1zelo k nebezpe\u010dn\u00fdm situac\u00edm).<br>\u00a0\u00a0 V prvn\u00edm pat\u0159e se nach\u00e1z\u00ed kuchy\u0148 s j\u00eddeln\u00edm stolem a dekorac\u00ed v podob\u011b mechov\u00e9 zdi. D\u00e1le je zde odd\u011bliteln\u00fd ob\u00fdvac\u00ed pokoj, ve kter\u00e9m je mo\u017en\u00e9 spustit okna dol\u016f (prvn\u00ed patro je t\u0159i metry nad zem\u00ed), \u010d\u00edm\u017e vznikne neru\u0161en\u00fd v\u00fdhled na krajinu s \u010derstv\u00fdm vzduchem p\u0159\u00edrody.<br>\u00a0\u00a0 V druh\u00e9m pat\u0159e se po prav\u00e9 stran\u011b z plo\u0161iny nach\u00e1z\u00ed koupelna, na konci chodby odd\u011blen\u00e1 toaleta a vlevo velk\u00fd \u00falo\u017en\u00fd prostor, nad kter\u00fdm je spodn\u00ed postel palandy. Po \u017eeb\u0159\u00edc\u00edch nahoru se dostaneme k man\u017eelsk\u00e9 posteli vpravo a k horn\u00ed posteli palandy vlevo. Horn\u00ed postele nab\u00edz\u00ed pohled na no\u010dn\u00ed oblohu p\u0159es prosklenou st\u0159echu s podhledov\u00fdm osv\u011btlen\u00edm.<br>\u00a0\u00a0 Aby se ve dne m\u00edstnost na span\u00ed nep\u0159eh\u0159\u00edvala, pokryje st\u0159echu st\u00ednem n\u011bkolik vysouvac\u00edch sol\u00e1rn\u00edch panel\u016f, kter\u00e9 slou\u017e\u00ed jako zdroj elektrick\u00e9 energie spole\u010dn\u011b s venkovn\u00edmi roletami (kter\u00e9 taky zabra\u0148uj\u00ed sklen\u00edkov\u00e9mu efektu) a vodn\u00edmi turb\u00ednami v pil\u00ed\u0159\u00edch, je\u017e se rozt\u00e1\u010d\u00ed v p\u0159\u00edpad\u011b de\u0161t\u011b. Zdrojem pitn\u00e9 vody m\u016f\u017ee b\u00fdt reten\u010dn\u00ed n\u00e1dr\u017e nebo jezero pobl\u00ed\u017e (filtrace vody je um\u00edst\u011bna v pil\u00ed\u0159\u00edch).<br>\u00a0\u00a0 Z\u00e1zem\u00ed R9 je ur\u010deno pro pohodl\u00ed \u010dty\u0159 osob, kter\u00e9 cht\u011bj\u00ed za\u017e\u00edt jedine\u010dn\u00fd pobyt v p\u0159\u00edrod\u011b a zp\u0159\u00edjemnit si tak n\u00e1\u0161 zrychlen\u00fd a stresov\u00fd zp\u016fsob \u017eivota.<\/p>\n\n\n\n<figure class=\"wp-block-image size-large\"><img decoding=\"async\" width=\"1024\" height=\"800\" data-src=\"http:\/\/www.design-award.cz\/wp-content\/uploads\/2023\/04\/vizualizace_R9-01_RGB-1024x800.jpg\" alt=\"\" class=\"wp-image-2575 lazyload\" data-srcset=\"https:\/\/www.design-award.cz\/wp-content\/uploads\/2023\/04\/vizualizace_R9-01_RGB-1024x800.jpg 1024w, https:\/\/www.design-award.cz\/wp-content\/uploads\/2023\/04\/vizualizace_R9-01_RGB-300x234.jpg 300w, https:\/\/www.design-award.cz\/wp-content\/uploads\/2023\/04\/vizualizace_R9-01_RGB-768x600.jpg 768w, https:\/\/www.design-award.cz\/wp-content\/uploads\/2023\/04\/vizualizace_R9-01_RGB-1536x1199.jpg 1536w, https:\/\/www.design-award.cz\/wp-content\/uploads\/2023\/04\/vizualizace_R9-01_RGB-2048x1599.jpg 2048w, https:\/\/www.design-award.cz\/wp-content\/uploads\/2023\/04\/vizualizace_R9-01_RGB-500x390.jpg 500w, https:\/\/www.design-award.cz\/wp-content\/uploads\/2023\/04\/vizualizace_R9-01_RGB-800x625.jpg 800w, https:\/\/www.design-award.cz\/wp-content\/uploads\/2023\/04\/vizualizace_R9-01_RGB-1280x1000.jpg 1280w, https:\/\/www.design-award.cz\/wp-content\/uploads\/2023\/04\/vizualizace_R9-01_RGB-1920x1499.jpg 1920w\" data-sizes=\"(max-width: 1024px) 100vw, 1024px\" src=\"data:image\/svg+xml;base64,PHN2ZyB3aWR0aD0iMSIgaGVpZ2h0PSIxIiB4bWxucz0iaHR0cDovL3d3dy53My5vcmcvMjAwMC9zdmciPjwvc3ZnPg==\" style=\"--smush-placeholder-width: 1024px; --smush-placeholder-aspect-ratio: 1024\/800;\" \/><\/figure>\n\n\n\n<figure class=\"wp-block-image size-large\"><img decoding=\"async\" width=\"1024\" height=\"724\" data-src=\"http:\/\/www.design-award.cz\/wp-content\/uploads\/2023\/04\/vizualizace_R9-04_RGB-1024x724.jpg\" alt=\"\" class=\"wp-image-2573 lazyload\" data-srcset=\"https:\/\/www.design-award.cz\/wp-content\/uploads\/2023\/04\/vizualizace_R9-04_RGB-1024x724.jpg 1024w, https:\/\/www.design-award.cz\/wp-content\/uploads\/2023\/04\/vizualizace_R9-04_RGB-300x212.jpg 300w, https:\/\/www.design-award.cz\/wp-content\/uploads\/2023\/04\/vizualizace_R9-04_RGB-768x543.jpg 768w, https:\/\/www.design-award.cz\/wp-content\/uploads\/2023\/04\/vizualizace_R9-04_RGB-1536x1086.jpg 1536w, https:\/\/www.design-award.cz\/wp-content\/uploads\/2023\/04\/vizualizace_R9-04_RGB-2048x1448.jpg 2048w, https:\/\/www.design-award.cz\/wp-content\/uploads\/2023\/04\/vizualizace_R9-04_RGB-500x354.jpg 500w, https:\/\/www.design-award.cz\/wp-content\/uploads\/2023\/04\/vizualizace_R9-04_RGB-800x566.jpg 800w, https:\/\/www.design-award.cz\/wp-content\/uploads\/2023\/04\/vizualizace_R9-04_RGB-1280x905.jpg 1280w, https:\/\/www.design-award.cz\/wp-content\/uploads\/2023\/04\/vizualizace_R9-04_RGB-1920x1358.jpg 1920w\" data-sizes=\"(max-width: 1024px) 100vw, 1024px\" src=\"data:image\/svg+xml;base64,PHN2ZyB3aWR0aD0iMSIgaGVpZ2h0PSIxIiB4bWxucz0iaHR0cDovL3d3dy53My5vcmcvMjAwMC9zdmciPjwvc3ZnPg==\" style=\"--smush-placeholder-width: 1024px; --smush-placeholder-aspect-ratio: 1024\/724;\" \/><\/figure>\n\n\n\n<figure class=\"wp-block-image size-large\"><img decoding=\"async\" width=\"722\" height=\"1024\" data-src=\"http:\/\/www.design-award.cz\/wp-content\/uploads\/2023\/04\/vizualizace_R9-03_RGB-722x1024.jpg\" alt=\"\" class=\"wp-image-2572 lazyload\" data-srcset=\"https:\/\/www.design-award.cz\/wp-content\/uploads\/2023\/04\/vizualizace_R9-03_RGB-722x1024.jpg 722w, https:\/\/www.design-award.cz\/wp-content\/uploads\/2023\/04\/vizualizace_R9-03_RGB-211x300.jpg 211w, https:\/\/www.design-award.cz\/wp-content\/uploads\/2023\/04\/vizualizace_R9-03_RGB-768x1090.jpg 768w, https:\/\/www.design-award.cz\/wp-content\/uploads\/2023\/04\/vizualizace_R9-03_RGB-1082x1536.jpg 1082w, https:\/\/www.design-award.cz\/wp-content\/uploads\/2023\/04\/vizualizace_R9-03_RGB-1443x2048.jpg 1443w, https:\/\/www.design-award.cz\/wp-content\/uploads\/2023\/04\/vizualizace_R9-03_RGB-500x710.jpg 500w, https:\/\/www.design-award.cz\/wp-content\/uploads\/2023\/04\/vizualizace_R9-03_RGB-800x1135.jpg 800w, https:\/\/www.design-award.cz\/wp-content\/uploads\/2023\/04\/vizualizace_R9-03_RGB-1280x1816.jpg 1280w, https:\/\/www.design-award.cz\/wp-content\/uploads\/2023\/04\/vizualizace_R9-03_RGB-1920x2725.jpg 1920w, https:\/\/www.design-award.cz\/wp-content\/uploads\/2023\/04\/vizualizace_R9-03_RGB-scaled.jpg 1804w\" data-sizes=\"(max-width: 722px) 100vw, 722px\" src=\"data:image\/svg+xml;base64,PHN2ZyB3aWR0aD0iMSIgaGVpZ2h0PSIxIiB4bWxucz0iaHR0cDovL3d3dy53My5vcmcvMjAwMC9zdmciPjwvc3ZnPg==\" style=\"--smush-placeholder-width: 722px; --smush-placeholder-aspect-ratio: 722\/1024;\" \/><\/figure>\n\n\n\n<figure class=\"wp-block-image size-large\"><img decoding=\"async\" width=\"694\" height=\"1024\" data-src=\"http:\/\/www.design-award.cz\/wp-content\/uploads\/2023\/04\/vizualizace_R9-02_RGB-694x1024.jpg\" alt=\"\" class=\"wp-image-2574 lazyload\" data-srcset=\"https:\/\/www.design-award.cz\/wp-content\/uploads\/2023\/04\/vizualizace_R9-02_RGB-694x1024.jpg 694w, https:\/\/www.design-award.cz\/wp-content\/uploads\/2023\/04\/vizualizace_R9-02_RGB-203x300.jpg 203w, https:\/\/www.design-award.cz\/wp-content\/uploads\/2023\/04\/vizualizace_R9-02_RGB-768x1132.jpg 768w, https:\/\/www.design-award.cz\/wp-content\/uploads\/2023\/04\/vizualizace_R9-02_RGB-1042x1536.jpg 1042w, https:\/\/www.design-award.cz\/wp-content\/uploads\/2023\/04\/vizualizace_R9-02_RGB-1389x2048.jpg 1389w, https:\/\/www.design-award.cz\/wp-content\/uploads\/2023\/04\/vizualizace_R9-02_RGB-500x737.jpg 500w, https:\/\/www.design-award.cz\/wp-content\/uploads\/2023\/04\/vizualizace_R9-02_RGB-800x1180.jpg 800w, https:\/\/www.design-award.cz\/wp-content\/uploads\/2023\/04\/vizualizace_R9-02_RGB-1280x1887.jpg 1280w, https:\/\/www.design-award.cz\/wp-content\/uploads\/2023\/04\/vizualizace_R9-02_RGB-1920x2831.jpg 1920w, https:\/\/www.design-award.cz\/wp-content\/uploads\/2023\/04\/vizualizace_R9-02_RGB-scaled.jpg 1736w\" data-sizes=\"(max-width: 694px) 100vw, 694px\" src=\"data:image\/svg+xml;base64,PHN2ZyB3aWR0aD0iMSIgaGVpZ2h0PSIxIiB4bWxucz0iaHR0cDovL3d3dy53My5vcmcvMjAwMC9zdmciPjwvc3ZnPg==\" style=\"--smush-placeholder-width: 694px; --smush-placeholder-aspect-ratio: 694\/1024;\" \/><\/figure>\n","protected":false},"excerpt":{"rendered":"<p>Martin Sonnek St\u0159edn\u00ed um\u011bleck\u00e1 \u0161kola v Ostrav\u011b, p\u0159\u00edsp\u011bvkov\u00e1 organizace R9 [nine reflections] je sob\u011bsta\u010dn\u00e9 apartm\u00e1\/pr\u00e1zdninov\u00e9 bydlen\u00ed do seversk\u00e9 krajiny. Hlavn\u00edm konceptem je p\u0159ibl\u00ed\u017eit \u010dlov\u011bka do bezprost\u0159edn\u00ed bl\u00edzkosti p\u0159\u00edrody. T\u00edm je dosa\u017eeno obrovsk\u00fdmi okny, kter\u00e9 zde zast\u00e1vaj\u00ed funkci klasick\u00fdch zd\u00ed. Tyto okna jsou upevn\u011bna do dev\u00edti nosn\u00fdch pil\u00ed\u0159\u016f a vytv\u00e1\u0159\u00ed dev\u00edti\u00faheln\u00edk.\u00a0\u00a0 Pro pohyb mezi p\u0159\u00edrodou a [&hellip;]<\/p>\n","protected":false},"author":5,"featured_media":2402,"menu_order":0,"comment_status":"closed","ping_status":"closed","template":"","format":"standard","meta":{"ngg_post_thumbnail":0,"ocean_post_layout":"","ocean_both_sidebars_style":"","ocean_both_sidebars_content_width":0,"ocean_both_sidebars_sidebars_width":0,"ocean_sidebar":"","ocean_second_sidebar":"","ocean_disable_margins":"enable","ocean_add_body_class":"","ocean_shortcode_before_top_bar":"","ocean_shortcode_after_top_bar":"","ocean_shortcode_before_header":"","ocean_shortcode_after_header":"","ocean_has_shortcode":"","ocean_shortcode_after_title":"","ocean_shortcode_before_footer_widgets":"","ocean_shortcode_after_footer_widgets":"","ocean_shortcode_before_footer_bottom":"","ocean_shortcode_after_footer_bottom":"","ocean_display_top_bar":"default","ocean_display_header":"default","ocean_header_style":"","ocean_center_header_left_menu":"","ocean_custom_header_template":"","ocean_custom_logo":0,"ocean_custom_retina_logo":0,"ocean_custom_logo_max_width":0,"ocean_custom_logo_tablet_max_width":0,"ocean_custom_logo_mobile_max_width":0,"ocean_custom_logo_max_height":0,"ocean_custom_logo_tablet_max_height":0,"ocean_custom_logo_mobile_max_height":0,"ocean_header_custom_menu":"","ocean_menu_typo_font_family":"","ocean_menu_typo_font_subset":"","ocean_menu_typo_font_size":0,"ocean_menu_typo_font_size_tablet":0,"ocean_menu_typo_font_size_mobile":0,"ocean_menu_typo_font_size_unit":"px","ocean_menu_typo_font_weight":"","ocean_menu_typo_font_weight_tablet":"","ocean_menu_typo_font_weight_mobile":"","ocean_menu_typo_transform":"","ocean_menu_typo_transform_tablet":"","ocean_menu_typo_transform_mobile":"","ocean_menu_typo_line_height":0,"ocean_menu_typo_line_height_tablet":0,"ocean_menu_typo_line_height_mobile":0,"ocean_menu_typo_line_height_unit":"","ocean_menu_typo_spacing":0,"ocean_menu_typo_spacing_tablet":0,"ocean_menu_typo_spacing_mobile":0,"ocean_menu_typo_spacing_unit":"","ocean_menu_link_color":"","ocean_menu_link_color_hover":"","ocean_menu_link_color_active":"","ocean_menu_link_background":"","ocean_menu_link_hover_background":"","ocean_menu_link_active_background":"","ocean_menu_social_links_bg":"","ocean_menu_social_hover_links_bg":"","ocean_menu_social_links_color":"","ocean_menu_social_hover_links_color":"","ocean_disable_title":"default","ocean_disable_heading":"default","ocean_post_title":"","ocean_post_subheading":"","ocean_post_title_style":"","ocean_post_title_background_color":"","ocean_post_title_background":0,"ocean_post_title_bg_image_position":"","ocean_post_title_bg_image_attachment":"","ocean_post_title_bg_image_repeat":"","ocean_post_title_bg_image_size":"","ocean_post_title_height":0,"ocean_post_title_bg_overlay":0.5,"ocean_post_title_bg_overlay_color":"","ocean_disable_breadcrumbs":"default","ocean_breadcrumbs_color":"","ocean_breadcrumbs_separator_color":"","ocean_breadcrumbs_links_color":"","ocean_breadcrumbs_links_hover_color":"","ocean_display_footer_widgets":"default","ocean_display_footer_bottom":"default","ocean_custom_footer_template":"","_vp_format_video_url":"","_vp_image_focal_point":[],"footnotes":""},"portfolio_category":[10],"portfolio_tag":[],"class_list":["post-1842","portfolio","type-portfolio","status-publish","format-standard","has-post-thumbnail","hentry","portfolio_category-soutezici-2023","entry","has-media"],"yoast_head":"<!-- This site is optimized with the Yoast SEO plugin v25.2 - https:\/\/yoast.com\/wordpress\/plugins\/seo\/ -->\n<title>Soukrom\u00fd interi\u00e9r - R9 - design-award.cz<\/title>\n<meta name=\"robots\" content=\"index, follow, max-snippet:-1, max-image-preview:large, max-video-preview:-1\" \/>\n<link rel=\"canonical\" href=\"https:\/\/www.design-award.cz\/?portfolio=soukromy-interier-r9\" \/>\n<meta property=\"og:locale\" content=\"cs_CZ\" \/>\n<meta property=\"og:type\" content=\"article\" \/>\n<meta property=\"og:title\" content=\"Soukrom\u00fd interi\u00e9r - R9 - design-award.cz\" \/>\n<meta property=\"og:description\" content=\"Martin Sonnek St\u0159edn\u00ed um\u011bleck\u00e1 \u0161kola v Ostrav\u011b, p\u0159\u00edsp\u011bvkov\u00e1 organizace R9 [nine reflections] je sob\u011bsta\u010dn\u00e9 apartm\u00e1\/pr\u00e1zdninov\u00e9 bydlen\u00ed do seversk\u00e9 krajiny. Hlavn\u00edm konceptem je p\u0159ibl\u00ed\u017eit \u010dlov\u011bka do bezprost\u0159edn\u00ed bl\u00edzkosti p\u0159\u00edrody. T\u00edm je dosa\u017eeno obrovsk\u00fdmi okny, kter\u00e9 zde zast\u00e1vaj\u00ed funkci klasick\u00fdch zd\u00ed. Tyto okna jsou upevn\u011bna do dev\u00edti nosn\u00fdch pil\u00ed\u0159\u016f a vytv\u00e1\u0159\u00ed dev\u00edti\u00faheln\u00edk.\u00a0\u00a0 Pro pohyb mezi p\u0159\u00edrodou a [&hellip;]\" \/>\n<meta property=\"og:url\" content=\"https:\/\/www.design-award.cz\/?portfolio=soukromy-interier-r9\" \/>\n<meta property=\"og:site_name\" content=\"design-award.cz\" \/>\n<meta property=\"article:modified_time\" content=\"2023-04-16T17:47:16+00:00\" \/>\n<meta property=\"og:image\" content=\"http:\/\/www.design-award.cz\/wp-content\/uploads\/2023\/04\/0vizualizace_R9-05-1024x724.jpg\" \/>\n\t<meta property=\"og:image:width\" content=\"1024\" \/>\n\t<meta property=\"og:image:height\" content=\"724\" \/>\n\t<meta property=\"og:image:type\" content=\"image\/jpeg\" \/>\n<meta name=\"twitter:card\" content=\"summary_large_image\" \/>\n<meta name=\"twitter:label1\" content=\"Odhadovan\u00e1 doba \u010dten\u00ed\" \/>\n\t<meta name=\"twitter:data1\" content=\"2 minuty\" \/>\n<script type=\"application\/ld+json\" class=\"yoast-schema-graph\">{\"@context\":\"https:\/\/schema.org\",\"@graph\":[{\"@type\":\"WebPage\",\"@id\":\"https:\/\/www.design-award.cz\/?portfolio=soukromy-interier-r9\",\"url\":\"https:\/\/www.design-award.cz\/?portfolio=soukromy-interier-r9\",\"name\":\"Soukrom\u00fd interi\u00e9r - R9 - design-award.cz\",\"isPartOf\":{\"@id\":\"https:\/\/www.design-award.cz\/#website\"},\"primaryImageOfPage\":{\"@id\":\"https:\/\/www.design-award.cz\/?portfolio=soukromy-interier-r9#primaryimage\"},\"image\":{\"@id\":\"https:\/\/www.design-award.cz\/?portfolio=soukromy-interier-r9#primaryimage\"},\"thumbnailUrl\":\"https:\/\/www.design-award.cz\/wp-content\/uploads\/2023\/04\/0vizualizace_R9-05.jpg\",\"datePublished\":\"2023-04-04T21:56:41+00:00\",\"dateModified\":\"2023-04-16T17:47:16+00:00\",\"breadcrumb\":{\"@id\":\"https:\/\/www.design-award.cz\/?portfolio=soukromy-interier-r9#breadcrumb\"},\"inLanguage\":\"cs\",\"potentialAction\":[{\"@type\":\"ReadAction\",\"target\":[\"https:\/\/www.design-award.cz\/?portfolio=soukromy-interier-r9\"]}]},{\"@type\":\"ImageObject\",\"inLanguage\":\"cs\",\"@id\":\"https:\/\/www.design-award.cz\/?portfolio=soukromy-interier-r9#primaryimage\",\"url\":\"https:\/\/www.design-award.cz\/wp-content\/uploads\/2023\/04\/0vizualizace_R9-05.jpg\",\"contentUrl\":\"https:\/\/www.design-award.cz\/wp-content\/uploads\/2023\/04\/0vizualizace_R9-05.jpg\",\"width\":2482,\"height\":1755},{\"@type\":\"BreadcrumbList\",\"@id\":\"https:\/\/www.design-award.cz\/?portfolio=soukromy-interier-r9#breadcrumb\",\"itemListElement\":[{\"@type\":\"ListItem\",\"position\":1,\"name\":\"Dom\u016f\",\"item\":\"https:\/\/www.design-award.cz\/\"},{\"@type\":\"ListItem\",\"position\":2,\"name\":\"Portfolio Items\",\"item\":\"https:\/\/www.design-award.cz\/?post_type=portfolio\"},{\"@type\":\"ListItem\",\"position\":3,\"name\":\"Soukrom\u00fd interi\u00e9r &#8211; R9\"}]},{\"@type\":\"WebSite\",\"@id\":\"https:\/\/www.design-award.cz\/#website\",\"url\":\"https:\/\/www.design-award.cz\/\",\"name\":\"design-award.cz\",\"description\":\"WARD vznikla v roce 2022. Je ur\u010dena p\u0159edev\u0161\u00edm student\u016fm st\u0159edn\u00edch um\u011bleck\u00fdch \u0161kol (S\u0160 a VO\u0160), kte\u0159\u00ed mohou bezplatn\u011b zaslat sv\u00e9 n\u00e1vrhy v uveden\u00fdch kategori\u00ed a tak pom\u011b\u0159it sv\u00e9 n\u00e1pady s konkurenc\u00ed sv\u00fdch vrstevn\u00edk\u016f. N\u00e1vrhy jsou n\u00e1sledn\u011b posouzeny nez\u00e1vislou porotou z \u0159ad v\u00fdtvarn\u00edk\u016f, pedagog\u016f a profesion\u00e1l\u016f z oboru.\",\"publisher\":{\"@id\":\"https:\/\/www.design-award.cz\/#organization\"},\"potentialAction\":[{\"@type\":\"SearchAction\",\"target\":{\"@type\":\"EntryPoint\",\"urlTemplate\":\"https:\/\/www.design-award.cz\/?s={search_term_string}\"},\"query-input\":{\"@type\":\"PropertyValueSpecification\",\"valueRequired\":true,\"valueName\":\"search_term_string\"}}],\"inLanguage\":\"cs\"},{\"@type\":\"Organization\",\"@id\":\"https:\/\/www.design-award.cz\/#organization\",\"name\":\"Design Award\",\"url\":\"https:\/\/www.design-award.cz\/\",\"logo\":{\"@type\":\"ImageObject\",\"inLanguage\":\"cs\",\"@id\":\"https:\/\/www.design-award.cz\/#\/schema\/logo\/image\/\",\"url\":\"http:\/\/www.design-award.cz\/wp-content\/uploads\/2021\/12\/hornilogo_design-award.png\",\"contentUrl\":\"http:\/\/www.design-award.cz\/wp-content\/uploads\/2021\/12\/hornilogo_design-award.png\",\"width\":800,\"height\":600,\"caption\":\"Design Award\"},\"image\":{\"@id\":\"https:\/\/www.design-award.cz\/#\/schema\/logo\/image\/\"},\"sameAs\":[\"https:\/\/www.instagram.com\/design_award\/\"]}]}<\/script>\n<!-- \/ Yoast SEO plugin. -->","yoast_head_json":{"title":"Soukrom\u00fd interi\u00e9r - R9 - design-award.cz","robots":{"index":"index","follow":"follow","max-snippet":"max-snippet:-1","max-image-preview":"max-image-preview:large","max-video-preview":"max-video-preview:-1"},"canonical":"https:\/\/www.design-award.cz\/?portfolio=soukromy-interier-r9","og_locale":"cs_CZ","og_type":"article","og_title":"Soukrom\u00fd interi\u00e9r - R9 - design-award.cz","og_description":"Martin Sonnek St\u0159edn\u00ed um\u011bleck\u00e1 \u0161kola v Ostrav\u011b, p\u0159\u00edsp\u011bvkov\u00e1 organizace R9 [nine reflections] je sob\u011bsta\u010dn\u00e9 apartm\u00e1\/pr\u00e1zdninov\u00e9 bydlen\u00ed do seversk\u00e9 krajiny. Hlavn\u00edm konceptem je p\u0159ibl\u00ed\u017eit \u010dlov\u011bka do bezprost\u0159edn\u00ed bl\u00edzkosti p\u0159\u00edrody. T\u00edm je dosa\u017eeno obrovsk\u00fdmi okny, kter\u00e9 zde zast\u00e1vaj\u00ed funkci klasick\u00fdch zd\u00ed. Tyto okna jsou upevn\u011bna do dev\u00edti nosn\u00fdch pil\u00ed\u0159\u016f a vytv\u00e1\u0159\u00ed dev\u00edti\u00faheln\u00edk.\u00a0\u00a0 Pro pohyb mezi p\u0159\u00edrodou a [&hellip;]","og_url":"https:\/\/www.design-award.cz\/?portfolio=soukromy-interier-r9","og_site_name":"design-award.cz","article_modified_time":"2023-04-16T17:47:16+00:00","og_image":[{"width":1024,"height":724,"url":"http:\/\/www.design-award.cz\/wp-content\/uploads\/2023\/04\/0vizualizace_R9-05-1024x724.jpg","type":"image\/jpeg"}],"twitter_card":"summary_large_image","twitter_misc":{"Odhadovan\u00e1 doba \u010dten\u00ed":"2 minuty"},"schema":{"@context":"https:\/\/schema.org","@graph":[{"@type":"WebPage","@id":"https:\/\/www.design-award.cz\/?portfolio=soukromy-interier-r9","url":"https:\/\/www.design-award.cz\/?portfolio=soukromy-interier-r9","name":"Soukrom\u00fd interi\u00e9r - R9 - design-award.cz","isPartOf":{"@id":"https:\/\/www.design-award.cz\/#website"},"primaryImageOfPage":{"@id":"https:\/\/www.design-award.cz\/?portfolio=soukromy-interier-r9#primaryimage"},"image":{"@id":"https:\/\/www.design-award.cz\/?portfolio=soukromy-interier-r9#primaryimage"},"thumbnailUrl":"https:\/\/www.design-award.cz\/wp-content\/uploads\/2023\/04\/0vizualizace_R9-05.jpg","datePublished":"2023-04-04T21:56:41+00:00","dateModified":"2023-04-16T17:47:16+00:00","breadcrumb":{"@id":"https:\/\/www.design-award.cz\/?portfolio=soukromy-interier-r9#breadcrumb"},"inLanguage":"cs","potentialAction":[{"@type":"ReadAction","target":["https:\/\/www.design-award.cz\/?portfolio=soukromy-interier-r9"]}]},{"@type":"ImageObject","inLanguage":"cs","@id":"https:\/\/www.design-award.cz\/?portfolio=soukromy-interier-r9#primaryimage","url":"https:\/\/www.design-award.cz\/wp-content\/uploads\/2023\/04\/0vizualizace_R9-05.jpg","contentUrl":"https:\/\/www.design-award.cz\/wp-content\/uploads\/2023\/04\/0vizualizace_R9-05.jpg","width":2482,"height":1755},{"@type":"BreadcrumbList","@id":"https:\/\/www.design-award.cz\/?portfolio=soukromy-interier-r9#breadcrumb","itemListElement":[{"@type":"ListItem","position":1,"name":"Dom\u016f","item":"https:\/\/www.design-award.cz\/"},{"@type":"ListItem","position":2,"name":"Portfolio Items","item":"https:\/\/www.design-award.cz\/?post_type=portfolio"},{"@type":"ListItem","position":3,"name":"Soukrom\u00fd interi\u00e9r &#8211; R9"}]},{"@type":"WebSite","@id":"https:\/\/www.design-award.cz\/#website","url":"https:\/\/www.design-award.cz\/","name":"design-award.cz","description":"WARD vznikla v roce 2022. Je ur\u010dena p\u0159edev\u0161\u00edm student\u016fm st\u0159edn\u00edch um\u011bleck\u00fdch \u0161kol (S\u0160 a VO\u0160), kte\u0159\u00ed mohou bezplatn\u011b zaslat sv\u00e9 n\u00e1vrhy v uveden\u00fdch kategori\u00ed a tak pom\u011b\u0159it sv\u00e9 n\u00e1pady s konkurenc\u00ed sv\u00fdch vrstevn\u00edk\u016f. N\u00e1vrhy jsou n\u00e1sledn\u011b posouzeny nez\u00e1vislou porotou z \u0159ad v\u00fdtvarn\u00edk\u016f, pedagog\u016f a profesion\u00e1l\u016f z oboru.","publisher":{"@id":"https:\/\/www.design-award.cz\/#organization"},"potentialAction":[{"@type":"SearchAction","target":{"@type":"EntryPoint","urlTemplate":"https:\/\/www.design-award.cz\/?s={search_term_string}"},"query-input":{"@type":"PropertyValueSpecification","valueRequired":true,"valueName":"search_term_string"}}],"inLanguage":"cs"},{"@type":"Organization","@id":"https:\/\/www.design-award.cz\/#organization","name":"Design Award","url":"https:\/\/www.design-award.cz\/","logo":{"@type":"ImageObject","inLanguage":"cs","@id":"https:\/\/www.design-award.cz\/#\/schema\/logo\/image\/","url":"http:\/\/www.design-award.cz\/wp-content\/uploads\/2021\/12\/hornilogo_design-award.png","contentUrl":"http:\/\/www.design-award.cz\/wp-content\/uploads\/2021\/12\/hornilogo_design-award.png","width":800,"height":600,"caption":"Design Award"},"image":{"@id":"https:\/\/www.design-award.cz\/#\/schema\/logo\/image\/"},"sameAs":["https:\/\/www.instagram.com\/design_award\/"]}]}},"_links":{"self":[{"href":"https:\/\/www.design-award.cz\/index.php?rest_route=\/wp\/v2\/portfolio\/1842","targetHints":{"allow":["GET"]}}],"collection":[{"href":"https:\/\/www.design-award.cz\/index.php?rest_route=\/wp\/v2\/portfolio"}],"about":[{"href":"https:\/\/www.design-award.cz\/index.php?rest_route=\/wp\/v2\/types\/portfolio"}],"author":[{"embeddable":true,"href":"https:\/\/www.design-award.cz\/index.php?rest_route=\/wp\/v2\/users\/5"}],"replies":[{"embeddable":true,"href":"https:\/\/www.design-award.cz\/index.php?rest_route=%2Fwp%2Fv2%2Fcomments&post=1842"}],"version-history":[{"count":4,"href":"https:\/\/www.design-award.cz\/index.php?rest_route=\/wp\/v2\/portfolio\/1842\/revisions"}],"predecessor-version":[{"id":2577,"href":"https:\/\/www.design-award.cz\/index.php?rest_route=\/wp\/v2\/portfolio\/1842\/revisions\/2577"}],"wp:featuredmedia":[{"embeddable":true,"href":"https:\/\/www.design-award.cz\/index.php?rest_route=\/wp\/v2\/media\/2402"}],"wp:attachment":[{"href":"https:\/\/www.design-award.cz\/index.php?rest_route=%2Fwp%2Fv2%2Fmedia&parent=1842"}],"wp:term":[{"taxonomy":"portfolio_category","embeddable":true,"href":"https:\/\/www.design-award.cz\/index.php?rest_route=%2Fwp%2Fv2%2Fportfolio_category&post=1842"},{"taxonomy":"portfolio_tag","embeddable":true,"href":"https:\/\/www.design-award.cz\/index.php?rest_route=%2Fwp%2Fv2%2Fportfolio_tag&post=1842"}],"curies":[{"name":"wp","href":"https:\/\/api.w.org\/{rel}","templated":true}]}}