{"id":1856,"date":"2023-04-04T22:10:41","date_gmt":"2023-04-04T22:10:41","guid":{"rendered":"https:\/\/www.design-award.cz\/?post_type=portfolio&#038;p=1856"},"modified":"2023-04-04T22:10:51","modified_gmt":"2023-04-04T22:10:51","slug":"soukromy-interier-slim-house","status":"publish","type":"portfolio","link":"https:\/\/www.design-award.cz\/?portfolio=soukromy-interier-slim-house","title":{"rendered":"Soukrom\u00fd interi\u00e9r &#8211; Slim house"},"content":{"rendered":"\n<p><strong>Ond\u0159ej Hruban<\/strong><\/p>\n\n\n\n<p>St\u0159edn\u00ed \u0161kola designu a m\u00f3dy, Prost\u011bjov<\/p>\n\n\n\n<p>Zad\u00e1n\u00ed maturitn\u00ed pr\u00e1ce byly t\u0159i, j\u00e1 jsem si vybral \u00fazk\u00fd d\u016fm na Holandsk\u00e9m n\u00e1b\u0159e\u017e\u00ed o rozm\u011brech zhruba 5&#215;15 metr\u016f.&nbsp; Bydlen\u00ed v zaj\u00edmav\u00fdch lokalit\u00e1ch velk\u00fdch m\u011bst sebou toti\u017e nese v\u011bt\u0161\u00ed finan\u010dn\u00ed n\u00e1roky, kter\u00e9 se \u010dasto projev\u00ed ve velikosti domu \u010di bytu. Nen\u00ed ojedin\u011bl\u00e9, \u017ee p\u0159edev\u0161\u00edm mlad\u00ed z\u00e1jemci o zaj\u00edmavou lokalitu vol\u00ed minim\u00e1ln\u00ed velikost domu a sna\u017e\u00ed se vyu\u017e\u00edt potenci\u00e1l m\u00edsta a prostoru. Nap\u0159\u00ed\u010d Evropou m\u016f\u017eeme sledovat zaj\u00edmav\u00e9 po\u010diny velmi \u00fazk\u00fdch dom\u016f, kter\u00e9 maj\u00ed pe\u010dliv\u011b uspo\u0159\u00e1d\u00e1n vnit\u0159n\u00ed prostor spl\u0148uj\u00edc\u00ed sou\u010dasn\u00e9 n\u00e1roky na bydlen\u00ed.&nbsp; \u00dakolem tedy bylo navrhnout interi\u00e9r takov\u00e9ho \u00fazk\u00e9ho domu situovan\u00e9ho na n\u00e1b\u0159e\u017e\u00ed ve vybran\u00e9m holandsk\u00e9m m\u011bst\u011b. Investory jsou grafik a mal\u00ed\u0159ka, mlad\u00fd p\u00e1r, kte\u0159\u00ed r\u00e1di tvo\u0159\u00ed nejen v ateli\u00e9ru, ale tak\u00e9 doma. Po\u017eaduj\u00ed co nejefektivn\u011bji uspo\u0159\u00e1dan\u00e9 prostory domu p\u0159i zachov\u00e1n\u00ed v\u0161ech d\u016fle\u017eit\u00fdch z\u00f3n \u2013 p\u0159eds\u00ed\u0148 \u010di vstupn\u00ed halu, koupelnu s WC, kuchy\u0148, \u00falo\u017en\u00e9 prostory na od\u011bvy, ob\u00fdvac\u00ed \u010d\u00e1st, j\u00eddeln\u00ed \u010d\u00e1st a spac\u00ed \u010d\u00e1st. Prostory se mohly prol\u00ednat. Nepot\u0159ebuj\u00ed mnoho n\u00e1bytku, ale vyznaj\u00ed se v designu a ocen\u00ed zaj\u00edmav\u00e9 solit\u00e9rn\u00ed kousky. V dom\u011b by m\u011bly m\u00edt sv\u00e9 m\u00edsto i obrazy.<\/p>\n\n\n\n<p>Co se t\u00fd\u010de m\u00e9ho konceptu, vych\u00e1zel jsem z toho, \u017ee v\u011bt\u0161ina nizozemsk\u00e9 populace pou\u017e\u00edv\u00e1 jako dopravn\u00ed prost\u0159edek j\u00edzdn\u00ed kola. Proto byl bicykl moj\u00ed inspirac\u00ed p\u0159i tvorb\u011b projektu. V interi\u00e9ru se tak objevuj\u00ed prvky nazna\u010duj\u00edc\u00ed v\u0159el\u00fd vztah klient\u016f k j\u00edzdn\u00edm kol\u016fm. Jedn\u00edm z motiv\u016f je nap\u0159\u00edklad kruh, kter\u00fd je v interi\u00e9ru n\u011bkolikr\u00e1t pou\u017eit\u00fd a\u017e skryt\u00fd.<\/p>\n\n\n\n<p>Cel\u00fd d\u016fm jsem se sna\u017eil ladit tak, aby se v n\u011bm klienti c\u00edtili co nejp\u0159\u00edjemn\u011bji. Cht\u011bl jsem, aby d\u016fm p\u016fsobil \u010dist\u00fdm, vzdu\u0161n\u00fdm, n\u011bkdy i galerijn\u00edm dojmem.<br>Pracoval jsem p\u0159edev\u0161\u00edm se sv\u011btl\u00fdmi t\u00f3ny a pohr\u00e1val jsem si s osv\u011btlen\u00edm.<\/p>\n\n\n\n<figure class=\"wp-block-image size-large\"><img decoding=\"async\" width=\"1024\" height=\"771\" data-src=\"http:\/\/www.design-award.cz\/wp-content\/uploads\/2023\/04\/Obyvaci-pokoj__Hruban-1024x771.png\" alt=\"\" class=\"wp-image-1858 lazyload\" data-srcset=\"https:\/\/www.design-award.cz\/wp-content\/uploads\/2023\/04\/Obyvaci-pokoj__Hruban-1024x771.png 1024w, https:\/\/www.design-award.cz\/wp-content\/uploads\/2023\/04\/Obyvaci-pokoj__Hruban-300x226.png 300w, https:\/\/www.design-award.cz\/wp-content\/uploads\/2023\/04\/Obyvaci-pokoj__Hruban-768x578.png 768w, https:\/\/www.design-award.cz\/wp-content\/uploads\/2023\/04\/Obyvaci-pokoj__Hruban-500x377.png 500w, https:\/\/www.design-award.cz\/wp-content\/uploads\/2023\/04\/Obyvaci-pokoj__Hruban-800x603.png 800w, https:\/\/www.design-award.cz\/wp-content\/uploads\/2023\/04\/Obyvaci-pokoj__Hruban-1280x964.png 1280w, https:\/\/www.design-award.cz\/wp-content\/uploads\/2023\/04\/Obyvaci-pokoj__Hruban.png 1434w\" data-sizes=\"(max-width: 1024px) 100vw, 1024px\" src=\"data:image\/svg+xml;base64,PHN2ZyB3aWR0aD0iMSIgaGVpZ2h0PSIxIiB4bWxucz0iaHR0cDovL3d3dy53My5vcmcvMjAwMC9zdmciPjwvc3ZnPg==\" style=\"--smush-placeholder-width: 1024px; --smush-placeholder-aspect-ratio: 1024\/771;\" \/><\/figure>\n\n\n\n<figure class=\"wp-block-image size-large\"><img decoding=\"async\" width=\"1024\" height=\"769\" data-src=\"http:\/\/www.design-award.cz\/wp-content\/uploads\/2023\/04\/Loznice__Hruban-1024x769.png\" alt=\"\" class=\"wp-image-1857 lazyload\" data-srcset=\"https:\/\/www.design-award.cz\/wp-content\/uploads\/2023\/04\/Loznice__Hruban-1024x769.png 1024w, https:\/\/www.design-award.cz\/wp-content\/uploads\/2023\/04\/Loznice__Hruban-300x225.png 300w, https:\/\/www.design-award.cz\/wp-content\/uploads\/2023\/04\/Loznice__Hruban-768x577.png 768w, https:\/\/www.design-award.cz\/wp-content\/uploads\/2023\/04\/Loznice__Hruban-500x376.png 500w, https:\/\/www.design-award.cz\/wp-content\/uploads\/2023\/04\/Loznice__Hruban-800x601.png 800w, https:\/\/www.design-award.cz\/wp-content\/uploads\/2023\/04\/Loznice__Hruban-1280x961.png 1280w, https:\/\/www.design-award.cz\/wp-content\/uploads\/2023\/04\/Loznice__Hruban.png 1438w\" data-sizes=\"(max-width: 1024px) 100vw, 1024px\" src=\"data:image\/svg+xml;base64,PHN2ZyB3aWR0aD0iMSIgaGVpZ2h0PSIxIiB4bWxucz0iaHR0cDovL3d3dy53My5vcmcvMjAwMC9zdmciPjwvc3ZnPg==\" style=\"--smush-placeholder-width: 1024px; --smush-placeholder-aspect-ratio: 1024\/769;\" \/><\/figure>\n\n\n\n<figure class=\"wp-block-image size-large\"><img decoding=\"async\" width=\"1024\" height=\"769\" data-src=\"http:\/\/www.design-award.cz\/wp-content\/uploads\/2023\/04\/Koupelna__Hruban-1024x769.png\" alt=\"\" class=\"wp-image-1862 lazyload\" data-srcset=\"https:\/\/www.design-award.cz\/wp-content\/uploads\/2023\/04\/Koupelna__Hruban-1024x769.png 1024w, https:\/\/www.design-award.cz\/wp-content\/uploads\/2023\/04\/Koupelna__Hruban-300x225.png 300w, https:\/\/www.design-award.cz\/wp-content\/uploads\/2023\/04\/Koupelna__Hruban-768x577.png 768w, https:\/\/www.design-award.cz\/wp-content\/uploads\/2023\/04\/Koupelna__Hruban-500x376.png 500w, https:\/\/www.design-award.cz\/wp-content\/uploads\/2023\/04\/Koupelna__Hruban-800x601.png 800w, https:\/\/www.design-award.cz\/wp-content\/uploads\/2023\/04\/Koupelna__Hruban-1280x961.png 1280w, https:\/\/www.design-award.cz\/wp-content\/uploads\/2023\/04\/Koupelna__Hruban.png 1438w\" data-sizes=\"(max-width: 1024px) 100vw, 1024px\" src=\"data:image\/svg+xml;base64,PHN2ZyB3aWR0aD0iMSIgaGVpZ2h0PSIxIiB4bWxucz0iaHR0cDovL3d3dy53My5vcmcvMjAwMC9zdmciPjwvc3ZnPg==\" style=\"--smush-placeholder-width: 1024px; --smush-placeholder-aspect-ratio: 1024\/769;\" \/><\/figure>\n\n\n\n<figure class=\"wp-block-image size-large\"><img decoding=\"async\" width=\"1024\" height=\"770\" data-src=\"http:\/\/www.design-award.cz\/wp-content\/uploads\/2023\/04\/Instalace__Hruban-1024x770.png\" alt=\"\" class=\"wp-image-1861 lazyload\" data-srcset=\"https:\/\/www.design-award.cz\/wp-content\/uploads\/2023\/04\/Instalace__Hruban-1024x770.png 1024w, https:\/\/www.design-award.cz\/wp-content\/uploads\/2023\/04\/Instalace__Hruban-300x225.png 300w, https:\/\/www.design-award.cz\/wp-content\/uploads\/2023\/04\/Instalace__Hruban-768x577.png 768w, https:\/\/www.design-award.cz\/wp-content\/uploads\/2023\/04\/Instalace__Hruban-500x376.png 500w, https:\/\/www.design-award.cz\/wp-content\/uploads\/2023\/04\/Instalace__Hruban-800x601.png 800w, https:\/\/www.design-award.cz\/wp-content\/uploads\/2023\/04\/Instalace__Hruban-1280x962.png 1280w, https:\/\/www.design-award.cz\/wp-content\/uploads\/2023\/04\/Instalace__Hruban.png 1437w\" data-sizes=\"(max-width: 1024px) 100vw, 1024px\" src=\"data:image\/svg+xml;base64,PHN2ZyB3aWR0aD0iMSIgaGVpZ2h0PSIxIiB4bWxucz0iaHR0cDovL3d3dy53My5vcmcvMjAwMC9zdmciPjwvc3ZnPg==\" style=\"--smush-placeholder-width: 1024px; --smush-placeholder-aspect-ratio: 1024\/770;\" \/><\/figure>\n\n\n\n<figure class=\"wp-block-image size-large\"><img decoding=\"async\" width=\"1024\" height=\"770\" data-src=\"http:\/\/www.design-award.cz\/wp-content\/uploads\/2023\/04\/Technicke-vykresy-1024x770.png\" alt=\"\" class=\"wp-image-1859 lazyload\" data-srcset=\"https:\/\/www.design-award.cz\/wp-content\/uploads\/2023\/04\/Technicke-vykresy-1024x770.png 1024w, https:\/\/www.design-award.cz\/wp-content\/uploads\/2023\/04\/Technicke-vykresy-300x226.png 300w, https:\/\/www.design-award.cz\/wp-content\/uploads\/2023\/04\/Technicke-vykresy-768x578.png 768w, https:\/\/www.design-award.cz\/wp-content\/uploads\/2023\/04\/Technicke-vykresy-500x376.png 500w, https:\/\/www.design-award.cz\/wp-content\/uploads\/2023\/04\/Technicke-vykresy-800x602.png 800w, https:\/\/www.design-award.cz\/wp-content\/uploads\/2023\/04\/Technicke-vykresy-1280x963.png 1280w, https:\/\/www.design-award.cz\/wp-content\/uploads\/2023\/04\/Technicke-vykresy.png 1436w\" data-sizes=\"(max-width: 1024px) 100vw, 1024px\" src=\"data:image\/svg+xml;base64,PHN2ZyB3aWR0aD0iMSIgaGVpZ2h0PSIxIiB4bWxucz0iaHR0cDovL3d3dy53My5vcmcvMjAwMC9zdmciPjwvc3ZnPg==\" style=\"--smush-placeholder-width: 1024px; --smush-placeholder-aspect-ratio: 1024\/770;\" \/><\/figure>\n","protected":false},"excerpt":{"rendered":"<p>Ond\u0159ej Hruban St\u0159edn\u00ed \u0161kola designu a m\u00f3dy, Prost\u011bjov Zad\u00e1n\u00ed maturitn\u00ed pr\u00e1ce byly t\u0159i, j\u00e1 jsem si vybral \u00fazk\u00fd d\u016fm na Holandsk\u00e9m n\u00e1b\u0159e\u017e\u00ed o rozm\u011brech zhruba 5&#215;15 metr\u016f.&nbsp; Bydlen\u00ed v zaj\u00edmav\u00fdch lokalit\u00e1ch velk\u00fdch m\u011bst sebou toti\u017e nese v\u011bt\u0161\u00ed finan\u010dn\u00ed n\u00e1roky, kter\u00e9 se \u010dasto projev\u00ed ve velikosti domu \u010di bytu. Nen\u00ed ojedin\u011bl\u00e9, \u017ee p\u0159edev\u0161\u00edm mlad\u00ed z\u00e1jemci o [&hellip;]<\/p>\n","protected":false},"author":5,"featured_media":1860,"menu_order":0,"comment_status":"closed","ping_status":"closed","template":"","format":"standard","meta":{"ngg_post_thumbnail":0,"ocean_post_layout":"","ocean_both_sidebars_style":"","ocean_both_sidebars_content_width":0,"ocean_both_sidebars_sidebars_width":0,"ocean_sidebar":"","ocean_second_sidebar":"","ocean_disable_margins":"enable","ocean_add_body_class":"","ocean_shortcode_before_top_bar":"","ocean_shortcode_after_top_bar":"","ocean_shortcode_before_header":"","ocean_shortcode_after_header":"","ocean_has_shortcode":"","ocean_shortcode_after_title":"","ocean_shortcode_before_footer_widgets":"","ocean_shortcode_after_footer_widgets":"","ocean_shortcode_before_footer_bottom":"","ocean_shortcode_after_footer_bottom":"","ocean_display_top_bar":"default","ocean_display_header":"default","ocean_header_style":"","ocean_center_header_left_menu":"","ocean_custom_header_template":"","ocean_custom_logo":0,"ocean_custom_retina_logo":0,"ocean_custom_logo_max_width":0,"ocean_custom_logo_tablet_max_width":0,"ocean_custom_logo_mobile_max_width":0,"ocean_custom_logo_max_height":0,"ocean_custom_logo_tablet_max_height":0,"ocean_custom_logo_mobile_max_height":0,"ocean_header_custom_menu":"","ocean_menu_typo_font_family":"","ocean_menu_typo_font_subset":"","ocean_menu_typo_font_size":0,"ocean_menu_typo_font_size_tablet":0,"ocean_menu_typo_font_size_mobile":0,"ocean_menu_typo_font_size_unit":"px","ocean_menu_typo_font_weight":"","ocean_menu_typo_font_weight_tablet":"","ocean_menu_typo_font_weight_mobile":"","ocean_menu_typo_transform":"","ocean_menu_typo_transform_tablet":"","ocean_menu_typo_transform_mobile":"","ocean_menu_typo_line_height":0,"ocean_menu_typo_line_height_tablet":0,"ocean_menu_typo_line_height_mobile":0,"ocean_menu_typo_line_height_unit":"","ocean_menu_typo_spacing":0,"ocean_menu_typo_spacing_tablet":0,"ocean_menu_typo_spacing_mobile":0,"ocean_menu_typo_spacing_unit":"","ocean_menu_link_color":"","ocean_menu_link_color_hover":"","ocean_menu_link_color_active":"","ocean_menu_link_background":"","ocean_menu_link_hover_background":"","ocean_menu_link_active_background":"","ocean_menu_social_links_bg":"","ocean_menu_social_hover_links_bg":"","ocean_menu_social_links_color":"","ocean_menu_social_hover_links_color":"","ocean_disable_title":"default","ocean_disable_heading":"default","ocean_post_title":"","ocean_post_subheading":"","ocean_post_title_style":"","ocean_post_title_background_color":"","ocean_post_title_background":0,"ocean_post_title_bg_image_position":"","ocean_post_title_bg_image_attachment":"","ocean_post_title_bg_image_repeat":"","ocean_post_title_bg_image_size":"","ocean_post_title_height":0,"ocean_post_title_bg_overlay":0.5,"ocean_post_title_bg_overlay_color":"","ocean_disable_breadcrumbs":"default","ocean_breadcrumbs_color":"","ocean_breadcrumbs_separator_color":"","ocean_breadcrumbs_links_color":"","ocean_breadcrumbs_links_hover_color":"","ocean_display_footer_widgets":"default","ocean_display_footer_bottom":"default","ocean_custom_footer_template":"","_vp_format_video_url":"","_vp_image_focal_point":[],"footnotes":""},"portfolio_category":[10],"portfolio_tag":[],"class_list":["post-1856","portfolio","type-portfolio","status-publish","format-standard","has-post-thumbnail","hentry","portfolio_category-soutezici-2023","entry","has-media"],"yoast_head":"<!-- This site is optimized with the Yoast SEO plugin v25.2 - https:\/\/yoast.com\/wordpress\/plugins\/seo\/ -->\n<title>Soukrom\u00fd interi\u00e9r - Slim house - design-award.cz<\/title>\n<meta name=\"robots\" content=\"index, follow, max-snippet:-1, max-image-preview:large, max-video-preview:-1\" \/>\n<link rel=\"canonical\" href=\"https:\/\/www.design-award.cz\/?portfolio=soukromy-interier-slim-house\" \/>\n<meta property=\"og:locale\" content=\"cs_CZ\" \/>\n<meta property=\"og:type\" content=\"article\" \/>\n<meta property=\"og:title\" content=\"Soukrom\u00fd interi\u00e9r - Slim house - design-award.cz\" \/>\n<meta property=\"og:description\" content=\"Ond\u0159ej Hruban St\u0159edn\u00ed \u0161kola designu a m\u00f3dy, Prost\u011bjov Zad\u00e1n\u00ed maturitn\u00ed pr\u00e1ce byly t\u0159i, j\u00e1 jsem si vybral \u00fazk\u00fd d\u016fm na Holandsk\u00e9m n\u00e1b\u0159e\u017e\u00ed o rozm\u011brech zhruba 5&#215;15 metr\u016f.&nbsp; Bydlen\u00ed v zaj\u00edmav\u00fdch lokalit\u00e1ch velk\u00fdch m\u011bst sebou toti\u017e nese v\u011bt\u0161\u00ed finan\u010dn\u00ed n\u00e1roky, kter\u00e9 se \u010dasto projev\u00ed ve velikosti domu \u010di bytu. Nen\u00ed ojedin\u011bl\u00e9, \u017ee p\u0159edev\u0161\u00edm mlad\u00ed z\u00e1jemci o [&hellip;]\" \/>\n<meta property=\"og:url\" content=\"https:\/\/www.design-award.cz\/?portfolio=soukromy-interier-slim-house\" \/>\n<meta property=\"og:site_name\" content=\"design-award.cz\" \/>\n<meta property=\"article:modified_time\" content=\"2023-04-04T22:10:51+00:00\" \/>\n<meta property=\"og:image\" content=\"http:\/\/www.design-award.cz\/wp-content\/uploads\/2023\/04\/Zasazeni-do-exterieru_Hruban.png\" \/>\n\t<meta property=\"og:image:width\" content=\"1414\" \/>\n\t<meta property=\"og:image:height\" content=\"1060\" \/>\n\t<meta property=\"og:image:type\" content=\"image\/png\" \/>\n<meta name=\"twitter:card\" content=\"summary_large_image\" \/>\n<meta name=\"twitter:label1\" content=\"Odhadovan\u00e1 doba \u010dten\u00ed\" \/>\n\t<meta name=\"twitter:data1\" content=\"2 minuty\" \/>\n<script type=\"application\/ld+json\" class=\"yoast-schema-graph\">{\"@context\":\"https:\/\/schema.org\",\"@graph\":[{\"@type\":\"WebPage\",\"@id\":\"https:\/\/www.design-award.cz\/?portfolio=soukromy-interier-slim-house\",\"url\":\"https:\/\/www.design-award.cz\/?portfolio=soukromy-interier-slim-house\",\"name\":\"Soukrom\u00fd interi\u00e9r - Slim house - design-award.cz\",\"isPartOf\":{\"@id\":\"https:\/\/www.design-award.cz\/#website\"},\"primaryImageOfPage\":{\"@id\":\"https:\/\/www.design-award.cz\/?portfolio=soukromy-interier-slim-house#primaryimage\"},\"image\":{\"@id\":\"https:\/\/www.design-award.cz\/?portfolio=soukromy-interier-slim-house#primaryimage\"},\"thumbnailUrl\":\"https:\/\/www.design-award.cz\/wp-content\/uploads\/2023\/04\/Zasazeni-do-exterieru_Hruban.png\",\"datePublished\":\"2023-04-04T22:10:41+00:00\",\"dateModified\":\"2023-04-04T22:10:51+00:00\",\"breadcrumb\":{\"@id\":\"https:\/\/www.design-award.cz\/?portfolio=soukromy-interier-slim-house#breadcrumb\"},\"inLanguage\":\"cs\",\"potentialAction\":[{\"@type\":\"ReadAction\",\"target\":[\"https:\/\/www.design-award.cz\/?portfolio=soukromy-interier-slim-house\"]}]},{\"@type\":\"ImageObject\",\"inLanguage\":\"cs\",\"@id\":\"https:\/\/www.design-award.cz\/?portfolio=soukromy-interier-slim-house#primaryimage\",\"url\":\"https:\/\/www.design-award.cz\/wp-content\/uploads\/2023\/04\/Zasazeni-do-exterieru_Hruban.png\",\"contentUrl\":\"https:\/\/www.design-award.cz\/wp-content\/uploads\/2023\/04\/Zasazeni-do-exterieru_Hruban.png\",\"width\":1414,\"height\":1060},{\"@type\":\"BreadcrumbList\",\"@id\":\"https:\/\/www.design-award.cz\/?portfolio=soukromy-interier-slim-house#breadcrumb\",\"itemListElement\":[{\"@type\":\"ListItem\",\"position\":1,\"name\":\"Dom\u016f\",\"item\":\"https:\/\/www.design-award.cz\/\"},{\"@type\":\"ListItem\",\"position\":2,\"name\":\"Portfolio Items\",\"item\":\"https:\/\/www.design-award.cz\/?post_type=portfolio\"},{\"@type\":\"ListItem\",\"position\":3,\"name\":\"Soukrom\u00fd interi\u00e9r &#8211; Slim house\"}]},{\"@type\":\"WebSite\",\"@id\":\"https:\/\/www.design-award.cz\/#website\",\"url\":\"https:\/\/www.design-award.cz\/\",\"name\":\"design-award.cz\",\"description\":\"WARD vznikla v roce 2022. Je ur\u010dena p\u0159edev\u0161\u00edm student\u016fm st\u0159edn\u00edch um\u011bleck\u00fdch \u0161kol (S\u0160 a VO\u0160), kte\u0159\u00ed mohou bezplatn\u011b zaslat sv\u00e9 n\u00e1vrhy v uveden\u00fdch kategori\u00ed a tak pom\u011b\u0159it sv\u00e9 n\u00e1pady s konkurenc\u00ed sv\u00fdch vrstevn\u00edk\u016f. N\u00e1vrhy jsou n\u00e1sledn\u011b posouzeny nez\u00e1vislou porotou z \u0159ad v\u00fdtvarn\u00edk\u016f, pedagog\u016f a profesion\u00e1l\u016f z oboru.\",\"publisher\":{\"@id\":\"https:\/\/www.design-award.cz\/#organization\"},\"potentialAction\":[{\"@type\":\"SearchAction\",\"target\":{\"@type\":\"EntryPoint\",\"urlTemplate\":\"https:\/\/www.design-award.cz\/?s={search_term_string}\"},\"query-input\":{\"@type\":\"PropertyValueSpecification\",\"valueRequired\":true,\"valueName\":\"search_term_string\"}}],\"inLanguage\":\"cs\"},{\"@type\":\"Organization\",\"@id\":\"https:\/\/www.design-award.cz\/#organization\",\"name\":\"Design Award\",\"url\":\"https:\/\/www.design-award.cz\/\",\"logo\":{\"@type\":\"ImageObject\",\"inLanguage\":\"cs\",\"@id\":\"https:\/\/www.design-award.cz\/#\/schema\/logo\/image\/\",\"url\":\"http:\/\/www.design-award.cz\/wp-content\/uploads\/2021\/12\/hornilogo_design-award.png\",\"contentUrl\":\"http:\/\/www.design-award.cz\/wp-content\/uploads\/2021\/12\/hornilogo_design-award.png\",\"width\":800,\"height\":600,\"caption\":\"Design Award\"},\"image\":{\"@id\":\"https:\/\/www.design-award.cz\/#\/schema\/logo\/image\/\"},\"sameAs\":[\"https:\/\/www.instagram.com\/design_award\/\"]}]}<\/script>\n<!-- \/ Yoast SEO plugin. -->","yoast_head_json":{"title":"Soukrom\u00fd interi\u00e9r - Slim house - design-award.cz","robots":{"index":"index","follow":"follow","max-snippet":"max-snippet:-1","max-image-preview":"max-image-preview:large","max-video-preview":"max-video-preview:-1"},"canonical":"https:\/\/www.design-award.cz\/?portfolio=soukromy-interier-slim-house","og_locale":"cs_CZ","og_type":"article","og_title":"Soukrom\u00fd interi\u00e9r - Slim house - design-award.cz","og_description":"Ond\u0159ej Hruban St\u0159edn\u00ed \u0161kola designu a m\u00f3dy, Prost\u011bjov Zad\u00e1n\u00ed maturitn\u00ed pr\u00e1ce byly t\u0159i, j\u00e1 jsem si vybral \u00fazk\u00fd d\u016fm na Holandsk\u00e9m n\u00e1b\u0159e\u017e\u00ed o rozm\u011brech zhruba 5&#215;15 metr\u016f.&nbsp; Bydlen\u00ed v zaj\u00edmav\u00fdch lokalit\u00e1ch velk\u00fdch m\u011bst sebou toti\u017e nese v\u011bt\u0161\u00ed finan\u010dn\u00ed n\u00e1roky, kter\u00e9 se \u010dasto projev\u00ed ve velikosti domu \u010di bytu. Nen\u00ed ojedin\u011bl\u00e9, \u017ee p\u0159edev\u0161\u00edm mlad\u00ed z\u00e1jemci o [&hellip;]","og_url":"https:\/\/www.design-award.cz\/?portfolio=soukromy-interier-slim-house","og_site_name":"design-award.cz","article_modified_time":"2023-04-04T22:10:51+00:00","og_image":[{"width":1414,"height":1060,"url":"http:\/\/www.design-award.cz\/wp-content\/uploads\/2023\/04\/Zasazeni-do-exterieru_Hruban.png","type":"image\/png"}],"twitter_card":"summary_large_image","twitter_misc":{"Odhadovan\u00e1 doba \u010dten\u00ed":"2 minuty"},"schema":{"@context":"https:\/\/schema.org","@graph":[{"@type":"WebPage","@id":"https:\/\/www.design-award.cz\/?portfolio=soukromy-interier-slim-house","url":"https:\/\/www.design-award.cz\/?portfolio=soukromy-interier-slim-house","name":"Soukrom\u00fd interi\u00e9r - Slim house - design-award.cz","isPartOf":{"@id":"https:\/\/www.design-award.cz\/#website"},"primaryImageOfPage":{"@id":"https:\/\/www.design-award.cz\/?portfolio=soukromy-interier-slim-house#primaryimage"},"image":{"@id":"https:\/\/www.design-award.cz\/?portfolio=soukromy-interier-slim-house#primaryimage"},"thumbnailUrl":"https:\/\/www.design-award.cz\/wp-content\/uploads\/2023\/04\/Zasazeni-do-exterieru_Hruban.png","datePublished":"2023-04-04T22:10:41+00:00","dateModified":"2023-04-04T22:10:51+00:00","breadcrumb":{"@id":"https:\/\/www.design-award.cz\/?portfolio=soukromy-interier-slim-house#breadcrumb"},"inLanguage":"cs","potentialAction":[{"@type":"ReadAction","target":["https:\/\/www.design-award.cz\/?portfolio=soukromy-interier-slim-house"]}]},{"@type":"ImageObject","inLanguage":"cs","@id":"https:\/\/www.design-award.cz\/?portfolio=soukromy-interier-slim-house#primaryimage","url":"https:\/\/www.design-award.cz\/wp-content\/uploads\/2023\/04\/Zasazeni-do-exterieru_Hruban.png","contentUrl":"https:\/\/www.design-award.cz\/wp-content\/uploads\/2023\/04\/Zasazeni-do-exterieru_Hruban.png","width":1414,"height":1060},{"@type":"BreadcrumbList","@id":"https:\/\/www.design-award.cz\/?portfolio=soukromy-interier-slim-house#breadcrumb","itemListElement":[{"@type":"ListItem","position":1,"name":"Dom\u016f","item":"https:\/\/www.design-award.cz\/"},{"@type":"ListItem","position":2,"name":"Portfolio Items","item":"https:\/\/www.design-award.cz\/?post_type=portfolio"},{"@type":"ListItem","position":3,"name":"Soukrom\u00fd interi\u00e9r &#8211; Slim house"}]},{"@type":"WebSite","@id":"https:\/\/www.design-award.cz\/#website","url":"https:\/\/www.design-award.cz\/","name":"design-award.cz","description":"WARD vznikla v roce 2022. Je ur\u010dena p\u0159edev\u0161\u00edm student\u016fm st\u0159edn\u00edch um\u011bleck\u00fdch \u0161kol (S\u0160 a VO\u0160), kte\u0159\u00ed mohou bezplatn\u011b zaslat sv\u00e9 n\u00e1vrhy v uveden\u00fdch kategori\u00ed a tak pom\u011b\u0159it sv\u00e9 n\u00e1pady s konkurenc\u00ed sv\u00fdch vrstevn\u00edk\u016f. N\u00e1vrhy jsou n\u00e1sledn\u011b posouzeny nez\u00e1vislou porotou z \u0159ad v\u00fdtvarn\u00edk\u016f, pedagog\u016f a profesion\u00e1l\u016f z oboru.","publisher":{"@id":"https:\/\/www.design-award.cz\/#organization"},"potentialAction":[{"@type":"SearchAction","target":{"@type":"EntryPoint","urlTemplate":"https:\/\/www.design-award.cz\/?s={search_term_string}"},"query-input":{"@type":"PropertyValueSpecification","valueRequired":true,"valueName":"search_term_string"}}],"inLanguage":"cs"},{"@type":"Organization","@id":"https:\/\/www.design-award.cz\/#organization","name":"Design Award","url":"https:\/\/www.design-award.cz\/","logo":{"@type":"ImageObject","inLanguage":"cs","@id":"https:\/\/www.design-award.cz\/#\/schema\/logo\/image\/","url":"http:\/\/www.design-award.cz\/wp-content\/uploads\/2021\/12\/hornilogo_design-award.png","contentUrl":"http:\/\/www.design-award.cz\/wp-content\/uploads\/2021\/12\/hornilogo_design-award.png","width":800,"height":600,"caption":"Design Award"},"image":{"@id":"https:\/\/www.design-award.cz\/#\/schema\/logo\/image\/"},"sameAs":["https:\/\/www.instagram.com\/design_award\/"]}]}},"_links":{"self":[{"href":"https:\/\/www.design-award.cz\/index.php?rest_route=\/wp\/v2\/portfolio\/1856","targetHints":{"allow":["GET"]}}],"collection":[{"href":"https:\/\/www.design-award.cz\/index.php?rest_route=\/wp\/v2\/portfolio"}],"about":[{"href":"https:\/\/www.design-award.cz\/index.php?rest_route=\/wp\/v2\/types\/portfolio"}],"author":[{"embeddable":true,"href":"https:\/\/www.design-award.cz\/index.php?rest_route=\/wp\/v2\/users\/5"}],"replies":[{"embeddable":true,"href":"https:\/\/www.design-award.cz\/index.php?rest_route=%2Fwp%2Fv2%2Fcomments&post=1856"}],"version-history":[{"count":1,"href":"https:\/\/www.design-award.cz\/index.php?rest_route=\/wp\/v2\/portfolio\/1856\/revisions"}],"predecessor-version":[{"id":1863,"href":"https:\/\/www.design-award.cz\/index.php?rest_route=\/wp\/v2\/portfolio\/1856\/revisions\/1863"}],"wp:featuredmedia":[{"embeddable":true,"href":"https:\/\/www.design-award.cz\/index.php?rest_route=\/wp\/v2\/media\/1860"}],"wp:attachment":[{"href":"https:\/\/www.design-award.cz\/index.php?rest_route=%2Fwp%2Fv2%2Fmedia&parent=1856"}],"wp:term":[{"taxonomy":"portfolio_category","embeddable":true,"href":"https:\/\/www.design-award.cz\/index.php?rest_route=%2Fwp%2Fv2%2Fportfolio_category&post=1856"},{"taxonomy":"portfolio_tag","embeddable":true,"href":"https:\/\/www.design-award.cz\/index.php?rest_route=%2Fwp%2Fv2%2Fportfolio_tag&post=1856"}],"curies":[{"name":"wp","href":"https:\/\/api.w.org\/{rel}","templated":true}]}}