{"id":1988,"date":"2023-04-13T07:31:44","date_gmt":"2023-04-13T07:31:44","guid":{"rendered":"https:\/\/www.design-award.cz\/?post_type=portfolio&#038;p=1988"},"modified":"2023-04-13T07:32:08","modified_gmt":"2023-04-13T07:32:08","slug":"soukromy-interier-studentsky-pokoj-two-faces","status":"publish","type":"portfolio","link":"https:\/\/www.design-award.cz\/?portfolio=soukromy-interier-studentsky-pokoj-two-faces","title":{"rendered":"Soukrom\u00fd interi\u00e9r &#8211; Studentsk\u00fd pokoj &#8211; Two faces"},"content":{"rendered":"\n<p><strong>Karol\u00edna Vejsov\u00e1<\/strong><\/p>\n\n\n\n<p>St\u0159edn\u00ed um\u011bleckopr\u016fmyslov\u00e1 \u0161kola hudebn\u00edch n\u00e1stroj\u016f a n\u00e1bytku Hradec Kr\u00e1lov\u00e9<\/p>\n\n\n\n<p>Studentsk\u00fd pokoj, jeho\u017e podstatou se stala linie, m\u016f\u017eeme nal\u00e9zt v ka\u017ed\u00e9m koutu pokoje. Pokoj je navr\u017een<br>do sv\u011btl\u00fdch barev s kombinac\u00ed d\u0159evin evokuj\u00edc\u00ed p\u0159\u00edrodu. Vstupn\u00ed prostor je o\u017eiven o zrcadlo a p\u0159\u00ed\u010dku, kter\u00e1 slou\u017e\u00ed<br>k rozd\u011blen\u00ed vstupn\u00edho prostor od spac\u00ed z\u00f3ny (jsou na ni vyobrazeny dv\u011b tv\u00e1\u0159e, op\u011bt v linii). Za p\u0159\u00ed\u010dkou se schov\u00e1v\u00e1 velk\u00e1 prostorn\u00e1 postel s odkl\u00e1dac\u00edm prostorem kolem sebe. Vedle dve\u0159\u00ed se nach\u00e1z\u00ed prostorn\u00e1 \u0161atn\u00ed sk\u0159\u00ed\u0148<br>s p\u016flkruhov\u00fdmi detaily, kter\u00e9 sjednocuj\u00ed cel\u00fd interi\u00e9r. Pod oknem se t\u00e1hne dlouh\u00e1 pracovn\u00ed deska, kter\u00e1 postupn\u011b p\u0159ech\u00e1z\u00ed v odpo\u010dinkovou z\u00f3nu na \u010dten\u00ed (nahradila po\u017eadovan\u00e9 k\u0159eslo). Cel\u00fd interi\u00e9r je dotvo\u0159en rostlinami, se kter\u00fdmi jsem se sna\u017eila pracovat, tak aby z toho vznikly, co nejzaj\u00edmav\u011bj\u0161\u00ed dekorace do interi\u00e9ru. Jeliko\u017e je pokoj orientov\u00e1n na z\u00e1pad, vstupuje do n\u011bj m\u00e1lo sv\u011btla, proto jsem se tak\u00e9 s n\u00edm sna\u017eila, co nejv\u00edce pracovat, aby vytv\u00e1\u0159el p\u0159\u00edjemnou atmosf\u00e9ru pokoje a tak\u00e9 dobr\u00e9 sv\u011btlost\u00ed podm\u00ednky. Pokoj evokuje klidn\u00fd a harmonick\u00fd dojem.<\/p>\n\n\n\n<figure class=\"wp-block-image size-full\"><img decoding=\"async\" width=\"900\" height=\"576\" data-src=\"http:\/\/www.design-award.cz\/wp-content\/uploads\/2023\/04\/poster-vizualizace.png\" alt=\"\" class=\"wp-image-1989 lazyload\" data-srcset=\"https:\/\/www.design-award.cz\/wp-content\/uploads\/2023\/04\/poster-vizualizace.png 900w, https:\/\/www.design-award.cz\/wp-content\/uploads\/2023\/04\/poster-vizualizace-300x192.png 300w, https:\/\/www.design-award.cz\/wp-content\/uploads\/2023\/04\/poster-vizualizace-768x492.png 768w, https:\/\/www.design-award.cz\/wp-content\/uploads\/2023\/04\/poster-vizualizace-500x320.png 500w, https:\/\/www.design-award.cz\/wp-content\/uploads\/2023\/04\/poster-vizualizace-800x512.png 800w\" data-sizes=\"(max-width: 900px) 100vw, 900px\" src=\"data:image\/svg+xml;base64,PHN2ZyB3aWR0aD0iMSIgaGVpZ2h0PSIxIiB4bWxucz0iaHR0cDovL3d3dy53My5vcmcvMjAwMC9zdmciPjwvc3ZnPg==\" style=\"--smush-placeholder-width: 900px; --smush-placeholder-aspect-ratio: 900\/576;\" \/><\/figure>\n\n\n\n<figure class=\"wp-block-image size-full\"><img decoding=\"async\" width=\"389\" height=\"262\" data-src=\"http:\/\/www.design-award.cz\/wp-content\/uploads\/2023\/04\/Snimek-obrazovky-2023-04-12-135336.png\" alt=\"\" class=\"wp-image-1990 lazyload\" data-srcset=\"https:\/\/www.design-award.cz\/wp-content\/uploads\/2023\/04\/Snimek-obrazovky-2023-04-12-135336.png 389w, https:\/\/www.design-award.cz\/wp-content\/uploads\/2023\/04\/Snimek-obrazovky-2023-04-12-135336-300x202.png 300w\" data-sizes=\"(max-width: 389px) 100vw, 389px\" src=\"data:image\/svg+xml;base64,PHN2ZyB3aWR0aD0iMSIgaGVpZ2h0PSIxIiB4bWxucz0iaHR0cDovL3d3dy53My5vcmcvMjAwMC9zdmciPjwvc3ZnPg==\" style=\"--smush-placeholder-width: 389px; --smush-placeholder-aspect-ratio: 389\/262;\" \/><\/figure>\n","protected":false},"excerpt":{"rendered":"<p>Karol\u00edna Vejsov\u00e1 St\u0159edn\u00ed um\u011bleckopr\u016fmyslov\u00e1 \u0161kola hudebn\u00edch n\u00e1stroj\u016f a n\u00e1bytku Hradec Kr\u00e1lov\u00e9 Studentsk\u00fd pokoj, jeho\u017e podstatou se stala linie, m\u016f\u017eeme nal\u00e9zt v ka\u017ed\u00e9m koutu pokoje. Pokoj je navr\u017eendo sv\u011btl\u00fdch barev s kombinac\u00ed d\u0159evin evokuj\u00edc\u00ed p\u0159\u00edrodu. Vstupn\u00ed prostor je o\u017eiven o zrcadlo a p\u0159\u00ed\u010dku, kter\u00e1 slou\u017e\u00edk rozd\u011blen\u00ed vstupn\u00edho prostor od spac\u00ed z\u00f3ny (jsou na ni vyobrazeny dv\u011b [&hellip;]<\/p>\n","protected":false},"author":5,"featured_media":1991,"menu_order":0,"comment_status":"closed","ping_status":"closed","template":"","format":"standard","meta":{"ngg_post_thumbnail":0,"ocean_post_layout":"","ocean_both_sidebars_style":"","ocean_both_sidebars_content_width":0,"ocean_both_sidebars_sidebars_width":0,"ocean_sidebar":"","ocean_second_sidebar":"","ocean_disable_margins":"enable","ocean_add_body_class":"","ocean_shortcode_before_top_bar":"","ocean_shortcode_after_top_bar":"","ocean_shortcode_before_header":"","ocean_shortcode_after_header":"","ocean_has_shortcode":"","ocean_shortcode_after_title":"","ocean_shortcode_before_footer_widgets":"","ocean_shortcode_after_footer_widgets":"","ocean_shortcode_before_footer_bottom":"","ocean_shortcode_after_footer_bottom":"","ocean_display_top_bar":"default","ocean_display_header":"default","ocean_header_style":"","ocean_center_header_left_menu":"","ocean_custom_header_template":"","ocean_custom_logo":0,"ocean_custom_retina_logo":0,"ocean_custom_logo_max_width":0,"ocean_custom_logo_tablet_max_width":0,"ocean_custom_logo_mobile_max_width":0,"ocean_custom_logo_max_height":0,"ocean_custom_logo_tablet_max_height":0,"ocean_custom_logo_mobile_max_height":0,"ocean_header_custom_menu":"","ocean_menu_typo_font_family":"","ocean_menu_typo_font_subset":"","ocean_menu_typo_font_size":0,"ocean_menu_typo_font_size_tablet":0,"ocean_menu_typo_font_size_mobile":0,"ocean_menu_typo_font_size_unit":"px","ocean_menu_typo_font_weight":"","ocean_menu_typo_font_weight_tablet":"","ocean_menu_typo_font_weight_mobile":"","ocean_menu_typo_transform":"","ocean_menu_typo_transform_tablet":"","ocean_menu_typo_transform_mobile":"","ocean_menu_typo_line_height":0,"ocean_menu_typo_line_height_tablet":0,"ocean_menu_typo_line_height_mobile":0,"ocean_menu_typo_line_height_unit":"","ocean_menu_typo_spacing":0,"ocean_menu_typo_spacing_tablet":0,"ocean_menu_typo_spacing_mobile":0,"ocean_menu_typo_spacing_unit":"","ocean_menu_link_color":"","ocean_menu_link_color_hover":"","ocean_menu_link_color_active":"","ocean_menu_link_background":"","ocean_menu_link_hover_background":"","ocean_menu_link_active_background":"","ocean_menu_social_links_bg":"","ocean_menu_social_hover_links_bg":"","ocean_menu_social_links_color":"","ocean_menu_social_hover_links_color":"","ocean_disable_title":"default","ocean_disable_heading":"default","ocean_post_title":"","ocean_post_subheading":"","ocean_post_title_style":"","ocean_post_title_background_color":"","ocean_post_title_background":0,"ocean_post_title_bg_image_position":"","ocean_post_title_bg_image_attachment":"","ocean_post_title_bg_image_repeat":"","ocean_post_title_bg_image_size":"","ocean_post_title_height":0,"ocean_post_title_bg_overlay":0.5,"ocean_post_title_bg_overlay_color":"","ocean_disable_breadcrumbs":"default","ocean_breadcrumbs_color":"","ocean_breadcrumbs_separator_color":"","ocean_breadcrumbs_links_color":"","ocean_breadcrumbs_links_hover_color":"","ocean_display_footer_widgets":"default","ocean_display_footer_bottom":"default","ocean_custom_footer_template":"","_vp_format_video_url":"","_vp_image_focal_point":[],"footnotes":""},"portfolio_category":[10],"portfolio_tag":[],"class_list":["post-1988","portfolio","type-portfolio","status-publish","format-standard","has-post-thumbnail","hentry","portfolio_category-soutezici-2023","entry","has-media"],"yoast_head":"<!-- This site is optimized with the Yoast SEO plugin v25.2 - https:\/\/yoast.com\/wordpress\/plugins\/seo\/ -->\n<title>Soukrom\u00fd interi\u00e9r - Studentsk\u00fd pokoj - Two faces - design-award.cz<\/title>\n<meta name=\"robots\" content=\"index, follow, max-snippet:-1, max-image-preview:large, max-video-preview:-1\" \/>\n<link rel=\"canonical\" href=\"https:\/\/www.design-award.cz\/?portfolio=soukromy-interier-studentsky-pokoj-two-faces\" \/>\n<meta property=\"og:locale\" content=\"cs_CZ\" \/>\n<meta property=\"og:type\" content=\"article\" \/>\n<meta property=\"og:title\" content=\"Soukrom\u00fd interi\u00e9r - Studentsk\u00fd pokoj - Two faces - design-award.cz\" \/>\n<meta property=\"og:description\" content=\"Karol\u00edna Vejsov\u00e1 St\u0159edn\u00ed um\u011bleckopr\u016fmyslov\u00e1 \u0161kola hudebn\u00edch n\u00e1stroj\u016f a n\u00e1bytku Hradec Kr\u00e1lov\u00e9 Studentsk\u00fd pokoj, jeho\u017e podstatou se stala linie, m\u016f\u017eeme nal\u00e9zt v ka\u017ed\u00e9m koutu pokoje. Pokoj je navr\u017eendo sv\u011btl\u00fdch barev s kombinac\u00ed d\u0159evin evokuj\u00edc\u00ed p\u0159\u00edrodu. Vstupn\u00ed prostor je o\u017eiven o zrcadlo a p\u0159\u00ed\u010dku, kter\u00e1 slou\u017e\u00edk rozd\u011blen\u00ed vstupn\u00edho prostor od spac\u00ed z\u00f3ny (jsou na ni vyobrazeny dv\u011b [&hellip;]\" \/>\n<meta property=\"og:url\" content=\"https:\/\/www.design-award.cz\/?portfolio=soukromy-interier-studentsky-pokoj-two-faces\" \/>\n<meta property=\"og:site_name\" content=\"design-award.cz\" \/>\n<meta property=\"article:modified_time\" content=\"2023-04-13T07:32:08+00:00\" \/>\n<meta property=\"og:image\" content=\"http:\/\/www.design-award.cz\/wp-content\/uploads\/2023\/04\/vizualizace-poster1.png\" \/>\n\t<meta property=\"og:image:width\" content=\"900\" \/>\n\t<meta property=\"og:image:height\" content=\"576\" \/>\n\t<meta property=\"og:image:type\" content=\"image\/png\" \/>\n<meta name=\"twitter:card\" content=\"summary_large_image\" \/>\n<meta name=\"twitter:label1\" content=\"Odhadovan\u00e1 doba \u010dten\u00ed\" \/>\n\t<meta name=\"twitter:data1\" content=\"1 minuta\" \/>\n<script type=\"application\/ld+json\" class=\"yoast-schema-graph\">{\"@context\":\"https:\/\/schema.org\",\"@graph\":[{\"@type\":\"WebPage\",\"@id\":\"https:\/\/www.design-award.cz\/?portfolio=soukromy-interier-studentsky-pokoj-two-faces\",\"url\":\"https:\/\/www.design-award.cz\/?portfolio=soukromy-interier-studentsky-pokoj-two-faces\",\"name\":\"Soukrom\u00fd interi\u00e9r - Studentsk\u00fd pokoj - Two faces - design-award.cz\",\"isPartOf\":{\"@id\":\"https:\/\/www.design-award.cz\/#website\"},\"primaryImageOfPage\":{\"@id\":\"https:\/\/www.design-award.cz\/?portfolio=soukromy-interier-studentsky-pokoj-two-faces#primaryimage\"},\"image\":{\"@id\":\"https:\/\/www.design-award.cz\/?portfolio=soukromy-interier-studentsky-pokoj-two-faces#primaryimage\"},\"thumbnailUrl\":\"https:\/\/www.design-award.cz\/wp-content\/uploads\/2023\/04\/vizualizace-poster1.png\",\"datePublished\":\"2023-04-13T07:31:44+00:00\",\"dateModified\":\"2023-04-13T07:32:08+00:00\",\"breadcrumb\":{\"@id\":\"https:\/\/www.design-award.cz\/?portfolio=soukromy-interier-studentsky-pokoj-two-faces#breadcrumb\"},\"inLanguage\":\"cs\",\"potentialAction\":[{\"@type\":\"ReadAction\",\"target\":[\"https:\/\/www.design-award.cz\/?portfolio=soukromy-interier-studentsky-pokoj-two-faces\"]}]},{\"@type\":\"ImageObject\",\"inLanguage\":\"cs\",\"@id\":\"https:\/\/www.design-award.cz\/?portfolio=soukromy-interier-studentsky-pokoj-two-faces#primaryimage\",\"url\":\"https:\/\/www.design-award.cz\/wp-content\/uploads\/2023\/04\/vizualizace-poster1.png\",\"contentUrl\":\"https:\/\/www.design-award.cz\/wp-content\/uploads\/2023\/04\/vizualizace-poster1.png\",\"width\":900,\"height\":576},{\"@type\":\"BreadcrumbList\",\"@id\":\"https:\/\/www.design-award.cz\/?portfolio=soukromy-interier-studentsky-pokoj-two-faces#breadcrumb\",\"itemListElement\":[{\"@type\":\"ListItem\",\"position\":1,\"name\":\"Dom\u016f\",\"item\":\"https:\/\/www.design-award.cz\/\"},{\"@type\":\"ListItem\",\"position\":2,\"name\":\"Portfolio Items\",\"item\":\"https:\/\/www.design-award.cz\/?post_type=portfolio\"},{\"@type\":\"ListItem\",\"position\":3,\"name\":\"Soukrom\u00fd interi\u00e9r &#8211; Studentsk\u00fd pokoj &#8211; Two faces\"}]},{\"@type\":\"WebSite\",\"@id\":\"https:\/\/www.design-award.cz\/#website\",\"url\":\"https:\/\/www.design-award.cz\/\",\"name\":\"design-award.cz\",\"description\":\"WARD vznikla v roce 2022. Je ur\u010dena p\u0159edev\u0161\u00edm student\u016fm st\u0159edn\u00edch um\u011bleck\u00fdch \u0161kol (S\u0160 a VO\u0160), kte\u0159\u00ed mohou bezplatn\u011b zaslat sv\u00e9 n\u00e1vrhy v uveden\u00fdch kategori\u00ed a tak pom\u011b\u0159it sv\u00e9 n\u00e1pady s konkurenc\u00ed sv\u00fdch vrstevn\u00edk\u016f. N\u00e1vrhy jsou n\u00e1sledn\u011b posouzeny nez\u00e1vislou porotou z \u0159ad v\u00fdtvarn\u00edk\u016f, pedagog\u016f a profesion\u00e1l\u016f z oboru.\",\"publisher\":{\"@id\":\"https:\/\/www.design-award.cz\/#organization\"},\"potentialAction\":[{\"@type\":\"SearchAction\",\"target\":{\"@type\":\"EntryPoint\",\"urlTemplate\":\"https:\/\/www.design-award.cz\/?s={search_term_string}\"},\"query-input\":{\"@type\":\"PropertyValueSpecification\",\"valueRequired\":true,\"valueName\":\"search_term_string\"}}],\"inLanguage\":\"cs\"},{\"@type\":\"Organization\",\"@id\":\"https:\/\/www.design-award.cz\/#organization\",\"name\":\"Design Award\",\"url\":\"https:\/\/www.design-award.cz\/\",\"logo\":{\"@type\":\"ImageObject\",\"inLanguage\":\"cs\",\"@id\":\"https:\/\/www.design-award.cz\/#\/schema\/logo\/image\/\",\"url\":\"http:\/\/www.design-award.cz\/wp-content\/uploads\/2021\/12\/hornilogo_design-award.png\",\"contentUrl\":\"http:\/\/www.design-award.cz\/wp-content\/uploads\/2021\/12\/hornilogo_design-award.png\",\"width\":800,\"height\":600,\"caption\":\"Design Award\"},\"image\":{\"@id\":\"https:\/\/www.design-award.cz\/#\/schema\/logo\/image\/\"},\"sameAs\":[\"https:\/\/www.instagram.com\/design_award\/\"]}]}<\/script>\n<!-- \/ Yoast SEO plugin. -->","yoast_head_json":{"title":"Soukrom\u00fd interi\u00e9r - Studentsk\u00fd pokoj - Two faces - design-award.cz","robots":{"index":"index","follow":"follow","max-snippet":"max-snippet:-1","max-image-preview":"max-image-preview:large","max-video-preview":"max-video-preview:-1"},"canonical":"https:\/\/www.design-award.cz\/?portfolio=soukromy-interier-studentsky-pokoj-two-faces","og_locale":"cs_CZ","og_type":"article","og_title":"Soukrom\u00fd interi\u00e9r - Studentsk\u00fd pokoj - Two faces - design-award.cz","og_description":"Karol\u00edna Vejsov\u00e1 St\u0159edn\u00ed um\u011bleckopr\u016fmyslov\u00e1 \u0161kola hudebn\u00edch n\u00e1stroj\u016f a n\u00e1bytku Hradec Kr\u00e1lov\u00e9 Studentsk\u00fd pokoj, jeho\u017e podstatou se stala linie, m\u016f\u017eeme nal\u00e9zt v ka\u017ed\u00e9m koutu pokoje. Pokoj je navr\u017eendo sv\u011btl\u00fdch barev s kombinac\u00ed d\u0159evin evokuj\u00edc\u00ed p\u0159\u00edrodu. Vstupn\u00ed prostor je o\u017eiven o zrcadlo a p\u0159\u00ed\u010dku, kter\u00e1 slou\u017e\u00edk rozd\u011blen\u00ed vstupn\u00edho prostor od spac\u00ed z\u00f3ny (jsou na ni vyobrazeny dv\u011b [&hellip;]","og_url":"https:\/\/www.design-award.cz\/?portfolio=soukromy-interier-studentsky-pokoj-two-faces","og_site_name":"design-award.cz","article_modified_time":"2023-04-13T07:32:08+00:00","og_image":[{"width":900,"height":576,"url":"http:\/\/www.design-award.cz\/wp-content\/uploads\/2023\/04\/vizualizace-poster1.png","type":"image\/png"}],"twitter_card":"summary_large_image","twitter_misc":{"Odhadovan\u00e1 doba \u010dten\u00ed":"1 minuta"},"schema":{"@context":"https:\/\/schema.org","@graph":[{"@type":"WebPage","@id":"https:\/\/www.design-award.cz\/?portfolio=soukromy-interier-studentsky-pokoj-two-faces","url":"https:\/\/www.design-award.cz\/?portfolio=soukromy-interier-studentsky-pokoj-two-faces","name":"Soukrom\u00fd interi\u00e9r - Studentsk\u00fd pokoj - Two faces - design-award.cz","isPartOf":{"@id":"https:\/\/www.design-award.cz\/#website"},"primaryImageOfPage":{"@id":"https:\/\/www.design-award.cz\/?portfolio=soukromy-interier-studentsky-pokoj-two-faces#primaryimage"},"image":{"@id":"https:\/\/www.design-award.cz\/?portfolio=soukromy-interier-studentsky-pokoj-two-faces#primaryimage"},"thumbnailUrl":"https:\/\/www.design-award.cz\/wp-content\/uploads\/2023\/04\/vizualizace-poster1.png","datePublished":"2023-04-13T07:31:44+00:00","dateModified":"2023-04-13T07:32:08+00:00","breadcrumb":{"@id":"https:\/\/www.design-award.cz\/?portfolio=soukromy-interier-studentsky-pokoj-two-faces#breadcrumb"},"inLanguage":"cs","potentialAction":[{"@type":"ReadAction","target":["https:\/\/www.design-award.cz\/?portfolio=soukromy-interier-studentsky-pokoj-two-faces"]}]},{"@type":"ImageObject","inLanguage":"cs","@id":"https:\/\/www.design-award.cz\/?portfolio=soukromy-interier-studentsky-pokoj-two-faces#primaryimage","url":"https:\/\/www.design-award.cz\/wp-content\/uploads\/2023\/04\/vizualizace-poster1.png","contentUrl":"https:\/\/www.design-award.cz\/wp-content\/uploads\/2023\/04\/vizualizace-poster1.png","width":900,"height":576},{"@type":"BreadcrumbList","@id":"https:\/\/www.design-award.cz\/?portfolio=soukromy-interier-studentsky-pokoj-two-faces#breadcrumb","itemListElement":[{"@type":"ListItem","position":1,"name":"Dom\u016f","item":"https:\/\/www.design-award.cz\/"},{"@type":"ListItem","position":2,"name":"Portfolio Items","item":"https:\/\/www.design-award.cz\/?post_type=portfolio"},{"@type":"ListItem","position":3,"name":"Soukrom\u00fd interi\u00e9r &#8211; Studentsk\u00fd pokoj &#8211; Two faces"}]},{"@type":"WebSite","@id":"https:\/\/www.design-award.cz\/#website","url":"https:\/\/www.design-award.cz\/","name":"design-award.cz","description":"WARD vznikla v roce 2022. Je ur\u010dena p\u0159edev\u0161\u00edm student\u016fm st\u0159edn\u00edch um\u011bleck\u00fdch \u0161kol (S\u0160 a VO\u0160), kte\u0159\u00ed mohou bezplatn\u011b zaslat sv\u00e9 n\u00e1vrhy v uveden\u00fdch kategori\u00ed a tak pom\u011b\u0159it sv\u00e9 n\u00e1pady s konkurenc\u00ed sv\u00fdch vrstevn\u00edk\u016f. N\u00e1vrhy jsou n\u00e1sledn\u011b posouzeny nez\u00e1vislou porotou z \u0159ad v\u00fdtvarn\u00edk\u016f, pedagog\u016f a profesion\u00e1l\u016f z oboru.","publisher":{"@id":"https:\/\/www.design-award.cz\/#organization"},"potentialAction":[{"@type":"SearchAction","target":{"@type":"EntryPoint","urlTemplate":"https:\/\/www.design-award.cz\/?s={search_term_string}"},"query-input":{"@type":"PropertyValueSpecification","valueRequired":true,"valueName":"search_term_string"}}],"inLanguage":"cs"},{"@type":"Organization","@id":"https:\/\/www.design-award.cz\/#organization","name":"Design Award","url":"https:\/\/www.design-award.cz\/","logo":{"@type":"ImageObject","inLanguage":"cs","@id":"https:\/\/www.design-award.cz\/#\/schema\/logo\/image\/","url":"http:\/\/www.design-award.cz\/wp-content\/uploads\/2021\/12\/hornilogo_design-award.png","contentUrl":"http:\/\/www.design-award.cz\/wp-content\/uploads\/2021\/12\/hornilogo_design-award.png","width":800,"height":600,"caption":"Design Award"},"image":{"@id":"https:\/\/www.design-award.cz\/#\/schema\/logo\/image\/"},"sameAs":["https:\/\/www.instagram.com\/design_award\/"]}]}},"_links":{"self":[{"href":"https:\/\/www.design-award.cz\/index.php?rest_route=\/wp\/v2\/portfolio\/1988","targetHints":{"allow":["GET"]}}],"collection":[{"href":"https:\/\/www.design-award.cz\/index.php?rest_route=\/wp\/v2\/portfolio"}],"about":[{"href":"https:\/\/www.design-award.cz\/index.php?rest_route=\/wp\/v2\/types\/portfolio"}],"author":[{"embeddable":true,"href":"https:\/\/www.design-award.cz\/index.php?rest_route=\/wp\/v2\/users\/5"}],"replies":[{"embeddable":true,"href":"https:\/\/www.design-award.cz\/index.php?rest_route=%2Fwp%2Fv2%2Fcomments&post=1988"}],"version-history":[{"count":1,"href":"https:\/\/www.design-award.cz\/index.php?rest_route=\/wp\/v2\/portfolio\/1988\/revisions"}],"predecessor-version":[{"id":1992,"href":"https:\/\/www.design-award.cz\/index.php?rest_route=\/wp\/v2\/portfolio\/1988\/revisions\/1992"}],"wp:featuredmedia":[{"embeddable":true,"href":"https:\/\/www.design-award.cz\/index.php?rest_route=\/wp\/v2\/media\/1991"}],"wp:attachment":[{"href":"https:\/\/www.design-award.cz\/index.php?rest_route=%2Fwp%2Fv2%2Fmedia&parent=1988"}],"wp:term":[{"taxonomy":"portfolio_category","embeddable":true,"href":"https:\/\/www.design-award.cz\/index.php?rest_route=%2Fwp%2Fv2%2Fportfolio_category&post=1988"},{"taxonomy":"portfolio_tag","embeddable":true,"href":"https:\/\/www.design-award.cz\/index.php?rest_route=%2Fwp%2Fv2%2Fportfolio_tag&post=1988"}],"curies":[{"name":"wp","href":"https:\/\/api.w.org\/{rel}","templated":true}]}}