{"id":1993,"date":"2023-04-13T07:36:00","date_gmt":"2023-04-13T07:36:00","guid":{"rendered":"https:\/\/www.design-award.cz\/?post_type=portfolio&#038;p=1993"},"modified":"2023-04-13T07:36:01","modified_gmt":"2023-04-13T07:36:01","slug":"soukromy-interier-kuchyn-pro-studenty","status":"publish","type":"portfolio","link":"https:\/\/www.design-award.cz\/?portfolio=soukromy-interier-kuchyn-pro-studenty","title":{"rendered":"Soukrom\u00fd interi\u00e9r &#8211; Kuchy\u0148 pro studenty"},"content":{"rendered":"\n<p><strong>Petr Slan\u00fd<\/strong><\/p>\n\n\n\n<p>St\u0159edn\u00ed \u0161kola um\u011bleck\u00fdch \u0159emesel, s.r.o.<\/p>\n\n\n\n<p>Kuchyn\u011b v bytov\u00e9m dom\u011b<br>Tato kuchyn\u011b v bytov\u00e9m dom\u011b m\u00e1 t\u00e9m\u011b\u0159 minim\u00e1ln\u00ed rozm\u011bry. Je ur\u010dena pro dv\u011b studentky, kter\u00e9 b\u011bhem studi\u00ed sd\u00edlej\u00ed jeden byt. Kuchyn\u011b m\u00e1 plnohodnotn\u00e9 vybaven\u00ed, dostatek \u00falo\u017en\u00fdch prostor, pracovn\u00ed plochu i m\u00edsto pro stolov\u00e1n\u00ed.<\/p>\n\n\n\n<p>Na podlaze je pou\u017eita keramick\u00e1 dvoubarevn\u00e1 dla\u017eba. Spolu s b\u00edl\u00fdm keramick\u00fdm obkladem a tmav\u011b \u0161edou v\u00fdmalbou tvo\u0159\u00ed neutr\u00e1ln\u00ed z\u00e1klad kuchyn\u011b.<\/p>\n\n\n\n<p>Dominantou t\u00e9to d\u00edv\u010d\u00ed kuchyn\u011b je obrazov\u00e1 tapeta. Ta je zasazen\u00e1 v r\u00e1mu v barv\u011b roku 2023 Viva Magenta. Tato barva se objevuje tak\u00e9 na polic\u00edch na protilehl\u00e9 st\u011bn\u011b. Otev\u0159en\u00e9 \u00falo\u017en\u00e9 prostory dod\u00e1vaj\u00ed interi\u00e9ru hravost a vzdu\u0161nost. Tyrkysov\u00e1 barva na dv\u00ed\u0159k\u00e1ch kuchy\u0148sk\u00e9 linky se vesele snoub\u00ed s Viva Magentou a dod\u00e1v\u00e1 cel\u00e9mu prostoru hravost a mladistvost.<\/p>\n\n\n\n<p>Veselou hravost utlumuje d\u0159ev\u011bn\u00e1 pracovn\u00ed deska, kter\u00e1 je pou\u017eita tak\u00e9 na stolku. Vysok\u00fd \u0161t\u00edhl\u00fd radi\u00e1tor vedle dve\u0159\u00ed dod\u00e1v\u00e1 interi\u00e9ru vzne\u0161enost.<\/p>\n\n\n\n<p>Pohodln\u00e1 polstrovan\u00e1 k\u0159es\u00edlka v modr\u00e9 barv\u011b vyb\u00edzej\u00ed k rann\u00edmu posezen\u00ed nad k\u00e1vou. Zv\u00fd\u0161en\u00e9 sezen\u00ed je mladistv\u00e9 a \u0161ik!<\/p>\n\n\n\n<p>O funk\u010dn\u00ed osv\u011btlen\u00ed je postar\u00e1no v podob\u011b \u010dern\u00e9ho bodov\u00e9ho rampov\u00e9ho sv\u00edtidla, kter\u00e9 se t\u00e1hne pod\u00e9l cel\u00e9 kuchyn\u011b. O \u00fatulnost se postaraj\u00ed t\u0159i sv\u00edtidla nad j\u00eddeln\u00edm stolkem z oran\u017eov\u00e9ho transparentn\u00edho platu.<\/p>\n\n\n\n<figure class=\"wp-block-image size-large\"><img decoding=\"async\" width=\"1024\" height=\"576\" data-src=\"http:\/\/www.design-award.cz\/wp-content\/uploads\/2023\/04\/Kuchyn-pro-studenty-01-1024x576.png\" alt=\"\" class=\"wp-image-1994 lazyload\" data-srcset=\"https:\/\/www.design-award.cz\/wp-content\/uploads\/2023\/04\/Kuchyn-pro-studenty-01-1024x576.png 1024w, https:\/\/www.design-award.cz\/wp-content\/uploads\/2023\/04\/Kuchyn-pro-studenty-01-300x169.png 300w, https:\/\/www.design-award.cz\/wp-content\/uploads\/2023\/04\/Kuchyn-pro-studenty-01-768x432.png 768w, https:\/\/www.design-award.cz\/wp-content\/uploads\/2023\/04\/Kuchyn-pro-studenty-01-1536x864.png 1536w, https:\/\/www.design-award.cz\/wp-content\/uploads\/2023\/04\/Kuchyn-pro-studenty-01-500x281.png 500w, https:\/\/www.design-award.cz\/wp-content\/uploads\/2023\/04\/Kuchyn-pro-studenty-01-800x450.png 800w, https:\/\/www.design-award.cz\/wp-content\/uploads\/2023\/04\/Kuchyn-pro-studenty-01-1280x720.png 1280w, https:\/\/www.design-award.cz\/wp-content\/uploads\/2023\/04\/Kuchyn-pro-studenty-01.png 1920w\" data-sizes=\"(max-width: 1024px) 100vw, 1024px\" src=\"data:image\/svg+xml;base64,PHN2ZyB3aWR0aD0iMSIgaGVpZ2h0PSIxIiB4bWxucz0iaHR0cDovL3d3dy53My5vcmcvMjAwMC9zdmciPjwvc3ZnPg==\" style=\"--smush-placeholder-width: 1024px; --smush-placeholder-aspect-ratio: 1024\/576;\" \/><\/figure>\n\n\n\n<figure class=\"wp-block-image size-large\"><img decoding=\"async\" width=\"1024\" height=\"576\" data-src=\"http:\/\/www.design-award.cz\/wp-content\/uploads\/2023\/04\/Kuchyn-pro-studenty-02-1024x576.png\" alt=\"\" class=\"wp-image-1995 lazyload\" data-srcset=\"https:\/\/www.design-award.cz\/wp-content\/uploads\/2023\/04\/Kuchyn-pro-studenty-02-1024x576.png 1024w, https:\/\/www.design-award.cz\/wp-content\/uploads\/2023\/04\/Kuchyn-pro-studenty-02-300x169.png 300w, https:\/\/www.design-award.cz\/wp-content\/uploads\/2023\/04\/Kuchyn-pro-studenty-02-768x432.png 768w, https:\/\/www.design-award.cz\/wp-content\/uploads\/2023\/04\/Kuchyn-pro-studenty-02-1536x864.png 1536w, https:\/\/www.design-award.cz\/wp-content\/uploads\/2023\/04\/Kuchyn-pro-studenty-02-500x281.png 500w, https:\/\/www.design-award.cz\/wp-content\/uploads\/2023\/04\/Kuchyn-pro-studenty-02-800x450.png 800w, https:\/\/www.design-award.cz\/wp-content\/uploads\/2023\/04\/Kuchyn-pro-studenty-02-1280x720.png 1280w, https:\/\/www.design-award.cz\/wp-content\/uploads\/2023\/04\/Kuchyn-pro-studenty-02.png 1920w\" data-sizes=\"(max-width: 1024px) 100vw, 1024px\" src=\"data:image\/svg+xml;base64,PHN2ZyB3aWR0aD0iMSIgaGVpZ2h0PSIxIiB4bWxucz0iaHR0cDovL3d3dy53My5vcmcvMjAwMC9zdmciPjwvc3ZnPg==\" style=\"--smush-placeholder-width: 1024px; --smush-placeholder-aspect-ratio: 1024\/576;\" \/><\/figure>\n\n\n\n<figure class=\"wp-block-image size-large\"><img decoding=\"async\" width=\"1024\" height=\"576\" data-src=\"http:\/\/www.design-award.cz\/wp-content\/uploads\/2023\/04\/Kuchyn-pro-studenty-03-1024x576.png\" alt=\"\" class=\"wp-image-1996 lazyload\" data-srcset=\"https:\/\/www.design-award.cz\/wp-content\/uploads\/2023\/04\/Kuchyn-pro-studenty-03-1024x576.png 1024w, https:\/\/www.design-award.cz\/wp-content\/uploads\/2023\/04\/Kuchyn-pro-studenty-03-300x169.png 300w, https:\/\/www.design-award.cz\/wp-content\/uploads\/2023\/04\/Kuchyn-pro-studenty-03-768x432.png 768w, https:\/\/www.design-award.cz\/wp-content\/uploads\/2023\/04\/Kuchyn-pro-studenty-03-1536x864.png 1536w, https:\/\/www.design-award.cz\/wp-content\/uploads\/2023\/04\/Kuchyn-pro-studenty-03-500x281.png 500w, https:\/\/www.design-award.cz\/wp-content\/uploads\/2023\/04\/Kuchyn-pro-studenty-03-800x450.png 800w, https:\/\/www.design-award.cz\/wp-content\/uploads\/2023\/04\/Kuchyn-pro-studenty-03-1280x720.png 1280w, https:\/\/www.design-award.cz\/wp-content\/uploads\/2023\/04\/Kuchyn-pro-studenty-03.png 1920w\" data-sizes=\"(max-width: 1024px) 100vw, 1024px\" src=\"data:image\/svg+xml;base64,PHN2ZyB3aWR0aD0iMSIgaGVpZ2h0PSIxIiB4bWxucz0iaHR0cDovL3d3dy53My5vcmcvMjAwMC9zdmciPjwvc3ZnPg==\" style=\"--smush-placeholder-width: 1024px; --smush-placeholder-aspect-ratio: 1024\/576;\" \/><\/figure>\n\n\n\n<figure class=\"wp-block-image size-large\"><img decoding=\"async\" width=\"1024\" height=\"576\" data-src=\"http:\/\/www.design-award.cz\/wp-content\/uploads\/2023\/04\/Kuchyn-pro-studenty-05-1024x576.png\" alt=\"\" class=\"wp-image-1998 lazyload\" data-srcset=\"https:\/\/www.design-award.cz\/wp-content\/uploads\/2023\/04\/Kuchyn-pro-studenty-05-1024x576.png 1024w, https:\/\/www.design-award.cz\/wp-content\/uploads\/2023\/04\/Kuchyn-pro-studenty-05-300x169.png 300w, https:\/\/www.design-award.cz\/wp-content\/uploads\/2023\/04\/Kuchyn-pro-studenty-05-768x432.png 768w, https:\/\/www.design-award.cz\/wp-content\/uploads\/2023\/04\/Kuchyn-pro-studenty-05-1536x864.png 1536w, https:\/\/www.design-award.cz\/wp-content\/uploads\/2023\/04\/Kuchyn-pro-studenty-05-500x281.png 500w, https:\/\/www.design-award.cz\/wp-content\/uploads\/2023\/04\/Kuchyn-pro-studenty-05-800x450.png 800w, https:\/\/www.design-award.cz\/wp-content\/uploads\/2023\/04\/Kuchyn-pro-studenty-05-1280x720.png 1280w, https:\/\/www.design-award.cz\/wp-content\/uploads\/2023\/04\/Kuchyn-pro-studenty-05.png 1920w\" data-sizes=\"(max-width: 1024px) 100vw, 1024px\" src=\"data:image\/svg+xml;base64,PHN2ZyB3aWR0aD0iMSIgaGVpZ2h0PSIxIiB4bWxucz0iaHR0cDovL3d3dy53My5vcmcvMjAwMC9zdmciPjwvc3ZnPg==\" style=\"--smush-placeholder-width: 1024px; --smush-placeholder-aspect-ratio: 1024\/576;\" \/><\/figure>\n\n\n\n<figure class=\"wp-block-image size-large\"><img decoding=\"async\" width=\"1024\" height=\"580\" data-src=\"http:\/\/www.design-award.cz\/wp-content\/uploads\/2023\/04\/Kuchyn-pro-studenty-pudorys-1024x580.jpg\" alt=\"\" class=\"wp-image-1999 lazyload\" data-srcset=\"https:\/\/www.design-award.cz\/wp-content\/uploads\/2023\/04\/Kuchyn-pro-studenty-pudorys-1024x580.jpg 1024w, https:\/\/www.design-award.cz\/wp-content\/uploads\/2023\/04\/Kuchyn-pro-studenty-pudorys-300x170.jpg 300w, https:\/\/www.design-award.cz\/wp-content\/uploads\/2023\/04\/Kuchyn-pro-studenty-pudorys-768x435.jpg 768w, https:\/\/www.design-award.cz\/wp-content\/uploads\/2023\/04\/Kuchyn-pro-studenty-pudorys-1536x870.jpg 1536w, https:\/\/www.design-award.cz\/wp-content\/uploads\/2023\/04\/Kuchyn-pro-studenty-pudorys-2048x1160.jpg 2048w, https:\/\/www.design-award.cz\/wp-content\/uploads\/2023\/04\/Kuchyn-pro-studenty-pudorys-500x283.jpg 500w, https:\/\/www.design-award.cz\/wp-content\/uploads\/2023\/04\/Kuchyn-pro-studenty-pudorys-800x453.jpg 800w, https:\/\/www.design-award.cz\/wp-content\/uploads\/2023\/04\/Kuchyn-pro-studenty-pudorys-1280x725.jpg 1280w, https:\/\/www.design-award.cz\/wp-content\/uploads\/2023\/04\/Kuchyn-pro-studenty-pudorys-1920x1087.jpg 1920w\" data-sizes=\"(max-width: 1024px) 100vw, 1024px\" src=\"data:image\/svg+xml;base64,PHN2ZyB3aWR0aD0iMSIgaGVpZ2h0PSIxIiB4bWxucz0iaHR0cDovL3d3dy53My5vcmcvMjAwMC9zdmciPjwvc3ZnPg==\" style=\"--smush-placeholder-width: 1024px; --smush-placeholder-aspect-ratio: 1024\/580;\" \/><\/figure>\n","protected":false},"excerpt":{"rendered":"<p>Petr Slan\u00fd St\u0159edn\u00ed \u0161kola um\u011bleck\u00fdch \u0159emesel, s.r.o. Kuchyn\u011b v bytov\u00e9m dom\u011bTato kuchyn\u011b v bytov\u00e9m dom\u011b m\u00e1 t\u00e9m\u011b\u0159 minim\u00e1ln\u00ed rozm\u011bry. Je ur\u010dena pro dv\u011b studentky, kter\u00e9 b\u011bhem studi\u00ed sd\u00edlej\u00ed jeden byt. Kuchyn\u011b m\u00e1 plnohodnotn\u00e9 vybaven\u00ed, dostatek \u00falo\u017en\u00fdch prostor, pracovn\u00ed plochu i m\u00edsto pro stolov\u00e1n\u00ed. Na podlaze je pou\u017eita keramick\u00e1 dvoubarevn\u00e1 dla\u017eba. Spolu s b\u00edl\u00fdm keramick\u00fdm obkladem [&hellip;]<\/p>\n","protected":false},"author":5,"featured_media":1997,"menu_order":0,"comment_status":"closed","ping_status":"closed","template":"","format":"standard","meta":{"ngg_post_thumbnail":0,"ocean_post_layout":"","ocean_both_sidebars_style":"","ocean_both_sidebars_content_width":0,"ocean_both_sidebars_sidebars_width":0,"ocean_sidebar":"","ocean_second_sidebar":"","ocean_disable_margins":"enable","ocean_add_body_class":"","ocean_shortcode_before_top_bar":"","ocean_shortcode_after_top_bar":"","ocean_shortcode_before_header":"","ocean_shortcode_after_header":"","ocean_has_shortcode":"","ocean_shortcode_after_title":"","ocean_shortcode_before_footer_widgets":"","ocean_shortcode_after_footer_widgets":"","ocean_shortcode_before_footer_bottom":"","ocean_shortcode_after_footer_bottom":"","ocean_display_top_bar":"default","ocean_display_header":"default","ocean_header_style":"","ocean_center_header_left_menu":"","ocean_custom_header_template":"","ocean_custom_logo":0,"ocean_custom_retina_logo":0,"ocean_custom_logo_max_width":0,"ocean_custom_logo_tablet_max_width":0,"ocean_custom_logo_mobile_max_width":0,"ocean_custom_logo_max_height":0,"ocean_custom_logo_tablet_max_height":0,"ocean_custom_logo_mobile_max_height":0,"ocean_header_custom_menu":"","ocean_menu_typo_font_family":"","ocean_menu_typo_font_subset":"","ocean_menu_typo_font_size":0,"ocean_menu_typo_font_size_tablet":0,"ocean_menu_typo_font_size_mobile":0,"ocean_menu_typo_font_size_unit":"px","ocean_menu_typo_font_weight":"","ocean_menu_typo_font_weight_tablet":"","ocean_menu_typo_font_weight_mobile":"","ocean_menu_typo_transform":"","ocean_menu_typo_transform_tablet":"","ocean_menu_typo_transform_mobile":"","ocean_menu_typo_line_height":0,"ocean_menu_typo_line_height_tablet":0,"ocean_menu_typo_line_height_mobile":0,"ocean_menu_typo_line_height_unit":"","ocean_menu_typo_spacing":0,"ocean_menu_typo_spacing_tablet":0,"ocean_menu_typo_spacing_mobile":0,"ocean_menu_typo_spacing_unit":"","ocean_menu_link_color":"","ocean_menu_link_color_hover":"","ocean_menu_link_color_active":"","ocean_menu_link_background":"","ocean_menu_link_hover_background":"","ocean_menu_link_active_background":"","ocean_menu_social_links_bg":"","ocean_menu_social_hover_links_bg":"","ocean_menu_social_links_color":"","ocean_menu_social_hover_links_color":"","ocean_disable_title":"default","ocean_disable_heading":"default","ocean_post_title":"","ocean_post_subheading":"","ocean_post_title_style":"","ocean_post_title_background_color":"","ocean_post_title_background":0,"ocean_post_title_bg_image_position":"","ocean_post_title_bg_image_attachment":"","ocean_post_title_bg_image_repeat":"","ocean_post_title_bg_image_size":"","ocean_post_title_height":0,"ocean_post_title_bg_overlay":0.5,"ocean_post_title_bg_overlay_color":"","ocean_disable_breadcrumbs":"default","ocean_breadcrumbs_color":"","ocean_breadcrumbs_separator_color":"","ocean_breadcrumbs_links_color":"","ocean_breadcrumbs_links_hover_color":"","ocean_display_footer_widgets":"default","ocean_display_footer_bottom":"default","ocean_custom_footer_template":"","_vp_format_video_url":"","_vp_image_focal_point":[],"footnotes":""},"portfolio_category":[10],"portfolio_tag":[],"class_list":["post-1993","portfolio","type-portfolio","status-publish","format-standard","has-post-thumbnail","hentry","portfolio_category-soutezici-2023","entry","has-media"],"yoast_head":"<!-- This site is optimized with the Yoast SEO plugin v25.2 - https:\/\/yoast.com\/wordpress\/plugins\/seo\/ -->\n<title>Soukrom\u00fd interi\u00e9r - Kuchy\u0148 pro studenty - design-award.cz<\/title>\n<meta name=\"robots\" content=\"index, follow, max-snippet:-1, max-image-preview:large, max-video-preview:-1\" \/>\n<link rel=\"canonical\" href=\"https:\/\/www.design-award.cz\/?portfolio=soukromy-interier-kuchyn-pro-studenty\" \/>\n<meta property=\"og:locale\" content=\"cs_CZ\" \/>\n<meta property=\"og:type\" content=\"article\" \/>\n<meta property=\"og:title\" content=\"Soukrom\u00fd interi\u00e9r - Kuchy\u0148 pro studenty - design-award.cz\" \/>\n<meta property=\"og:description\" content=\"Petr Slan\u00fd St\u0159edn\u00ed \u0161kola um\u011bleck\u00fdch \u0159emesel, s.r.o. Kuchyn\u011b v bytov\u00e9m dom\u011bTato kuchyn\u011b v bytov\u00e9m dom\u011b m\u00e1 t\u00e9m\u011b\u0159 minim\u00e1ln\u00ed rozm\u011bry. Je ur\u010dena pro dv\u011b studentky, kter\u00e9 b\u011bhem studi\u00ed sd\u00edlej\u00ed jeden byt. Kuchyn\u011b m\u00e1 plnohodnotn\u00e9 vybaven\u00ed, dostatek \u00falo\u017en\u00fdch prostor, pracovn\u00ed plochu i m\u00edsto pro stolov\u00e1n\u00ed. Na podlaze je pou\u017eita keramick\u00e1 dvoubarevn\u00e1 dla\u017eba. Spolu s b\u00edl\u00fdm keramick\u00fdm obkladem [&hellip;]\" \/>\n<meta property=\"og:url\" content=\"https:\/\/www.design-award.cz\/?portfolio=soukromy-interier-kuchyn-pro-studenty\" \/>\n<meta property=\"og:site_name\" content=\"design-award.cz\" \/>\n<meta property=\"article:modified_time\" content=\"2023-04-13T07:36:01+00:00\" \/>\n<meta property=\"og:image\" content=\"http:\/\/www.design-award.cz\/wp-content\/uploads\/2023\/04\/Kuchyn-pro-studenty-04.png\" \/>\n\t<meta property=\"og:image:width\" content=\"1920\" \/>\n\t<meta property=\"og:image:height\" content=\"1080\" \/>\n\t<meta property=\"og:image:type\" content=\"image\/png\" \/>\n<meta name=\"twitter:card\" content=\"summary_large_image\" \/>\n<meta name=\"twitter:label1\" content=\"Odhadovan\u00e1 doba \u010dten\u00ed\" \/>\n\t<meta name=\"twitter:data1\" content=\"1 minuta\" \/>\n<script type=\"application\/ld+json\" class=\"yoast-schema-graph\">{\"@context\":\"https:\/\/schema.org\",\"@graph\":[{\"@type\":\"WebPage\",\"@id\":\"https:\/\/www.design-award.cz\/?portfolio=soukromy-interier-kuchyn-pro-studenty\",\"url\":\"https:\/\/www.design-award.cz\/?portfolio=soukromy-interier-kuchyn-pro-studenty\",\"name\":\"Soukrom\u00fd interi\u00e9r - Kuchy\u0148 pro studenty - design-award.cz\",\"isPartOf\":{\"@id\":\"https:\/\/www.design-award.cz\/#website\"},\"primaryImageOfPage\":{\"@id\":\"https:\/\/www.design-award.cz\/?portfolio=soukromy-interier-kuchyn-pro-studenty#primaryimage\"},\"image\":{\"@id\":\"https:\/\/www.design-award.cz\/?portfolio=soukromy-interier-kuchyn-pro-studenty#primaryimage\"},\"thumbnailUrl\":\"https:\/\/www.design-award.cz\/wp-content\/uploads\/2023\/04\/Kuchyn-pro-studenty-04.png\",\"datePublished\":\"2023-04-13T07:36:00+00:00\",\"dateModified\":\"2023-04-13T07:36:01+00:00\",\"breadcrumb\":{\"@id\":\"https:\/\/www.design-award.cz\/?portfolio=soukromy-interier-kuchyn-pro-studenty#breadcrumb\"},\"inLanguage\":\"cs\",\"potentialAction\":[{\"@type\":\"ReadAction\",\"target\":[\"https:\/\/www.design-award.cz\/?portfolio=soukromy-interier-kuchyn-pro-studenty\"]}]},{\"@type\":\"ImageObject\",\"inLanguage\":\"cs\",\"@id\":\"https:\/\/www.design-award.cz\/?portfolio=soukromy-interier-kuchyn-pro-studenty#primaryimage\",\"url\":\"https:\/\/www.design-award.cz\/wp-content\/uploads\/2023\/04\/Kuchyn-pro-studenty-04.png\",\"contentUrl\":\"https:\/\/www.design-award.cz\/wp-content\/uploads\/2023\/04\/Kuchyn-pro-studenty-04.png\",\"width\":1920,\"height\":1080},{\"@type\":\"BreadcrumbList\",\"@id\":\"https:\/\/www.design-award.cz\/?portfolio=soukromy-interier-kuchyn-pro-studenty#breadcrumb\",\"itemListElement\":[{\"@type\":\"ListItem\",\"position\":1,\"name\":\"Dom\u016f\",\"item\":\"https:\/\/www.design-award.cz\/\"},{\"@type\":\"ListItem\",\"position\":2,\"name\":\"Portfolio Items\",\"item\":\"https:\/\/www.design-award.cz\/?post_type=portfolio\"},{\"@type\":\"ListItem\",\"position\":3,\"name\":\"Soukrom\u00fd interi\u00e9r &#8211; Kuchy\u0148 pro studenty\"}]},{\"@type\":\"WebSite\",\"@id\":\"https:\/\/www.design-award.cz\/#website\",\"url\":\"https:\/\/www.design-award.cz\/\",\"name\":\"design-award.cz\",\"description\":\"WARD vznikla v roce 2022. Je ur\u010dena p\u0159edev\u0161\u00edm student\u016fm st\u0159edn\u00edch um\u011bleck\u00fdch \u0161kol (S\u0160 a VO\u0160), kte\u0159\u00ed mohou bezplatn\u011b zaslat sv\u00e9 n\u00e1vrhy v uveden\u00fdch kategori\u00ed a tak pom\u011b\u0159it sv\u00e9 n\u00e1pady s konkurenc\u00ed sv\u00fdch vrstevn\u00edk\u016f. N\u00e1vrhy jsou n\u00e1sledn\u011b posouzeny nez\u00e1vislou porotou z \u0159ad v\u00fdtvarn\u00edk\u016f, pedagog\u016f a profesion\u00e1l\u016f z oboru.\",\"publisher\":{\"@id\":\"https:\/\/www.design-award.cz\/#organization\"},\"potentialAction\":[{\"@type\":\"SearchAction\",\"target\":{\"@type\":\"EntryPoint\",\"urlTemplate\":\"https:\/\/www.design-award.cz\/?s={search_term_string}\"},\"query-input\":{\"@type\":\"PropertyValueSpecification\",\"valueRequired\":true,\"valueName\":\"search_term_string\"}}],\"inLanguage\":\"cs\"},{\"@type\":\"Organization\",\"@id\":\"https:\/\/www.design-award.cz\/#organization\",\"name\":\"Design Award\",\"url\":\"https:\/\/www.design-award.cz\/\",\"logo\":{\"@type\":\"ImageObject\",\"inLanguage\":\"cs\",\"@id\":\"https:\/\/www.design-award.cz\/#\/schema\/logo\/image\/\",\"url\":\"http:\/\/www.design-award.cz\/wp-content\/uploads\/2021\/12\/hornilogo_design-award.png\",\"contentUrl\":\"http:\/\/www.design-award.cz\/wp-content\/uploads\/2021\/12\/hornilogo_design-award.png\",\"width\":800,\"height\":600,\"caption\":\"Design Award\"},\"image\":{\"@id\":\"https:\/\/www.design-award.cz\/#\/schema\/logo\/image\/\"},\"sameAs\":[\"https:\/\/www.instagram.com\/design_award\/\"]}]}<\/script>\n<!-- \/ Yoast SEO plugin. -->","yoast_head_json":{"title":"Soukrom\u00fd interi\u00e9r - Kuchy\u0148 pro studenty - design-award.cz","robots":{"index":"index","follow":"follow","max-snippet":"max-snippet:-1","max-image-preview":"max-image-preview:large","max-video-preview":"max-video-preview:-1"},"canonical":"https:\/\/www.design-award.cz\/?portfolio=soukromy-interier-kuchyn-pro-studenty","og_locale":"cs_CZ","og_type":"article","og_title":"Soukrom\u00fd interi\u00e9r - Kuchy\u0148 pro studenty - design-award.cz","og_description":"Petr Slan\u00fd St\u0159edn\u00ed \u0161kola um\u011bleck\u00fdch \u0159emesel, s.r.o. Kuchyn\u011b v bytov\u00e9m dom\u011bTato kuchyn\u011b v bytov\u00e9m dom\u011b m\u00e1 t\u00e9m\u011b\u0159 minim\u00e1ln\u00ed rozm\u011bry. Je ur\u010dena pro dv\u011b studentky, kter\u00e9 b\u011bhem studi\u00ed sd\u00edlej\u00ed jeden byt. Kuchyn\u011b m\u00e1 plnohodnotn\u00e9 vybaven\u00ed, dostatek \u00falo\u017en\u00fdch prostor, pracovn\u00ed plochu i m\u00edsto pro stolov\u00e1n\u00ed. Na podlaze je pou\u017eita keramick\u00e1 dvoubarevn\u00e1 dla\u017eba. Spolu s b\u00edl\u00fdm keramick\u00fdm obkladem [&hellip;]","og_url":"https:\/\/www.design-award.cz\/?portfolio=soukromy-interier-kuchyn-pro-studenty","og_site_name":"design-award.cz","article_modified_time":"2023-04-13T07:36:01+00:00","og_image":[{"width":1920,"height":1080,"url":"http:\/\/www.design-award.cz\/wp-content\/uploads\/2023\/04\/Kuchyn-pro-studenty-04.png","type":"image\/png"}],"twitter_card":"summary_large_image","twitter_misc":{"Odhadovan\u00e1 doba \u010dten\u00ed":"1 minuta"},"schema":{"@context":"https:\/\/schema.org","@graph":[{"@type":"WebPage","@id":"https:\/\/www.design-award.cz\/?portfolio=soukromy-interier-kuchyn-pro-studenty","url":"https:\/\/www.design-award.cz\/?portfolio=soukromy-interier-kuchyn-pro-studenty","name":"Soukrom\u00fd interi\u00e9r - Kuchy\u0148 pro studenty - design-award.cz","isPartOf":{"@id":"https:\/\/www.design-award.cz\/#website"},"primaryImageOfPage":{"@id":"https:\/\/www.design-award.cz\/?portfolio=soukromy-interier-kuchyn-pro-studenty#primaryimage"},"image":{"@id":"https:\/\/www.design-award.cz\/?portfolio=soukromy-interier-kuchyn-pro-studenty#primaryimage"},"thumbnailUrl":"https:\/\/www.design-award.cz\/wp-content\/uploads\/2023\/04\/Kuchyn-pro-studenty-04.png","datePublished":"2023-04-13T07:36:00+00:00","dateModified":"2023-04-13T07:36:01+00:00","breadcrumb":{"@id":"https:\/\/www.design-award.cz\/?portfolio=soukromy-interier-kuchyn-pro-studenty#breadcrumb"},"inLanguage":"cs","potentialAction":[{"@type":"ReadAction","target":["https:\/\/www.design-award.cz\/?portfolio=soukromy-interier-kuchyn-pro-studenty"]}]},{"@type":"ImageObject","inLanguage":"cs","@id":"https:\/\/www.design-award.cz\/?portfolio=soukromy-interier-kuchyn-pro-studenty#primaryimage","url":"https:\/\/www.design-award.cz\/wp-content\/uploads\/2023\/04\/Kuchyn-pro-studenty-04.png","contentUrl":"https:\/\/www.design-award.cz\/wp-content\/uploads\/2023\/04\/Kuchyn-pro-studenty-04.png","width":1920,"height":1080},{"@type":"BreadcrumbList","@id":"https:\/\/www.design-award.cz\/?portfolio=soukromy-interier-kuchyn-pro-studenty#breadcrumb","itemListElement":[{"@type":"ListItem","position":1,"name":"Dom\u016f","item":"https:\/\/www.design-award.cz\/"},{"@type":"ListItem","position":2,"name":"Portfolio Items","item":"https:\/\/www.design-award.cz\/?post_type=portfolio"},{"@type":"ListItem","position":3,"name":"Soukrom\u00fd interi\u00e9r &#8211; Kuchy\u0148 pro studenty"}]},{"@type":"WebSite","@id":"https:\/\/www.design-award.cz\/#website","url":"https:\/\/www.design-award.cz\/","name":"design-award.cz","description":"WARD vznikla v roce 2022. Je ur\u010dena p\u0159edev\u0161\u00edm student\u016fm st\u0159edn\u00edch um\u011bleck\u00fdch \u0161kol (S\u0160 a VO\u0160), kte\u0159\u00ed mohou bezplatn\u011b zaslat sv\u00e9 n\u00e1vrhy v uveden\u00fdch kategori\u00ed a tak pom\u011b\u0159it sv\u00e9 n\u00e1pady s konkurenc\u00ed sv\u00fdch vrstevn\u00edk\u016f. N\u00e1vrhy jsou n\u00e1sledn\u011b posouzeny nez\u00e1vislou porotou z \u0159ad v\u00fdtvarn\u00edk\u016f, pedagog\u016f a profesion\u00e1l\u016f z oboru.","publisher":{"@id":"https:\/\/www.design-award.cz\/#organization"},"potentialAction":[{"@type":"SearchAction","target":{"@type":"EntryPoint","urlTemplate":"https:\/\/www.design-award.cz\/?s={search_term_string}"},"query-input":{"@type":"PropertyValueSpecification","valueRequired":true,"valueName":"search_term_string"}}],"inLanguage":"cs"},{"@type":"Organization","@id":"https:\/\/www.design-award.cz\/#organization","name":"Design Award","url":"https:\/\/www.design-award.cz\/","logo":{"@type":"ImageObject","inLanguage":"cs","@id":"https:\/\/www.design-award.cz\/#\/schema\/logo\/image\/","url":"http:\/\/www.design-award.cz\/wp-content\/uploads\/2021\/12\/hornilogo_design-award.png","contentUrl":"http:\/\/www.design-award.cz\/wp-content\/uploads\/2021\/12\/hornilogo_design-award.png","width":800,"height":600,"caption":"Design Award"},"image":{"@id":"https:\/\/www.design-award.cz\/#\/schema\/logo\/image\/"},"sameAs":["https:\/\/www.instagram.com\/design_award\/"]}]}},"_links":{"self":[{"href":"https:\/\/www.design-award.cz\/index.php?rest_route=\/wp\/v2\/portfolio\/1993","targetHints":{"allow":["GET"]}}],"collection":[{"href":"https:\/\/www.design-award.cz\/index.php?rest_route=\/wp\/v2\/portfolio"}],"about":[{"href":"https:\/\/www.design-award.cz\/index.php?rest_route=\/wp\/v2\/types\/portfolio"}],"author":[{"embeddable":true,"href":"https:\/\/www.design-award.cz\/index.php?rest_route=\/wp\/v2\/users\/5"}],"replies":[{"embeddable":true,"href":"https:\/\/www.design-award.cz\/index.php?rest_route=%2Fwp%2Fv2%2Fcomments&post=1993"}],"version-history":[{"count":1,"href":"https:\/\/www.design-award.cz\/index.php?rest_route=\/wp\/v2\/portfolio\/1993\/revisions"}],"predecessor-version":[{"id":2000,"href":"https:\/\/www.design-award.cz\/index.php?rest_route=\/wp\/v2\/portfolio\/1993\/revisions\/2000"}],"wp:featuredmedia":[{"embeddable":true,"href":"https:\/\/www.design-award.cz\/index.php?rest_route=\/wp\/v2\/media\/1997"}],"wp:attachment":[{"href":"https:\/\/www.design-award.cz\/index.php?rest_route=%2Fwp%2Fv2%2Fmedia&parent=1993"}],"wp:term":[{"taxonomy":"portfolio_category","embeddable":true,"href":"https:\/\/www.design-award.cz\/index.php?rest_route=%2Fwp%2Fv2%2Fportfolio_category&post=1993"},{"taxonomy":"portfolio_tag","embeddable":true,"href":"https:\/\/www.design-award.cz\/index.php?rest_route=%2Fwp%2Fv2%2Fportfolio_tag&post=1993"}],"curies":[{"name":"wp","href":"https:\/\/api.w.org\/{rel}","templated":true}]}}