{"id":2019,"date":"2023-04-13T07:55:51","date_gmt":"2023-04-13T07:55:51","guid":{"rendered":"https:\/\/www.design-award.cz\/?post_type=portfolio&#038;p=2019"},"modified":"2023-04-13T07:56:37","modified_gmt":"2023-04-13T07:56:37","slug":"verejny-interier-kancelar-pro-poradenstvi-s-otehotnenim","status":"publish","type":"portfolio","link":"https:\/\/www.design-award.cz\/?portfolio=verejny-interier-kancelar-pro-poradenstvi-s-otehotnenim","title":{"rendered":"Ve\u0159ejn\u00fd interi\u00e9r &#8211; Kancel\u00e1\u0159 pro poradenstv\u00ed s ot\u011bhotn\u011bn\u00edm"},"content":{"rendered":"\n<p><strong>Ond\u0159ej Hruban<\/strong><\/p>\n\n\n\n<p>St\u0159edn\u00ed \u0161kola designu a m\u00f3dy, Prost\u011bjov<\/p>\n\n\n\n<p>Jeliko\u017e jsem navrhoval kancel\u00e1\u0159 zam\u011b\u0159enou na probl\u00e9my s ot\u011bhotn\u011bn\u00edm, m\u00fdm c\u00edlem bylo p\u0159izp\u016fsobit prostor tak, aby se v n\u011bm klienti c\u00edtili co nejl\u00e9pe. Mysl\u00edm si, \u017ee komfort je p\u0159i takto intimn\u00ed z\u00e1le\u017eitosti velmi d\u016fle\u017eit\u00fdm prvkem. J\u00e1 osobn\u011b m\u00e1m k tomuto t\u00e9matu velmi bl\u00edzko, jeliko\u017e jsem si dlouhou dobu p\u0159\u00e1l sourozence, kter\u00e9ho jsem se nakonec do\u010dkal. Po deseti letech \u010dek\u00e1n\u00ed, na sv\u011bt p\u0159i\u0161la moje \u201emal\u00e1\u201c sestra Julinka. M\u00e1me spolu velmi dobr\u00fd vztah, a proto jsem hned od za\u010d\u00e1tku v\u011bd\u011bl na co bude zam\u011b\u0159en m\u016fj n\u00e1vrh kancel\u00e1\u0159e, a kdo bude moj\u00ed inspirac\u00ed. Moj\u00ed malou m\u00fazou byla a je moje sestra.<\/p>\n\n\n\n<p>Od za\u010d\u00e1tku n\u00e1vrhu jsem sb\u00edral sest\u0159iny kresby, malby a v\u0161echny jej\u00ed v\u00fdkresy. Nakonec jsem, ale z\u016fstal u kv\u011btinov\u00e9ho motivu, kter\u00fd se prom\u00edt\u00e1 na mnoha m\u00edstech v navr\u017een\u00e9m interi\u00e9ru. Sna\u017eil jsem se pracovat tak, aby byl motiv v interi\u00e9ru pou\u017eit jen decentn\u011b, ale z\u00e1rove\u0148 efektn\u011b.<\/p>\n\n\n\n<p>Moj\u00ed hlavn\u00ed my\u0161lenkou bylo, aby zam\u011bstnanci, ale p\u0159edev\u0161\u00edm jejich klienti vn\u00edmali prostor jako p\u0159\u00e1telsk\u00e9 prost\u0159ed\u00ed a nepoci\u0165ovali \u017e\u00e1dn\u00fd stres. Naopak jsem cht\u011bl, aby se v prostor\u00e1ch c\u00edtili&nbsp; \u201ejako doma\u201c.<\/p>\n\n\n\n<figure class=\"wp-block-image size-large\"><img decoding=\"async\" width=\"1024\" height=\"583\" data-src=\"http:\/\/www.design-award.cz\/wp-content\/uploads\/2023\/04\/sezeni-1024x583.jpg\" alt=\"\" class=\"wp-image-2021 lazyload\" data-srcset=\"https:\/\/www.design-award.cz\/wp-content\/uploads\/2023\/04\/sezeni-1024x583.jpg 1024w, https:\/\/www.design-award.cz\/wp-content\/uploads\/2023\/04\/sezeni-300x171.jpg 300w, https:\/\/www.design-award.cz\/wp-content\/uploads\/2023\/04\/sezeni-768x438.jpg 768w, https:\/\/www.design-award.cz\/wp-content\/uploads\/2023\/04\/sezeni-1536x875.jpg 1536w, https:\/\/www.design-award.cz\/wp-content\/uploads\/2023\/04\/sezeni-2048x1167.jpg 2048w, https:\/\/www.design-award.cz\/wp-content\/uploads\/2023\/04\/sezeni-500x285.jpg 500w, https:\/\/www.design-award.cz\/wp-content\/uploads\/2023\/04\/sezeni-800x456.jpg 800w, https:\/\/www.design-award.cz\/wp-content\/uploads\/2023\/04\/sezeni-1280x729.jpg 1280w, https:\/\/www.design-award.cz\/wp-content\/uploads\/2023\/04\/sezeni-1920x1094.jpg 1920w\" data-sizes=\"(max-width: 1024px) 100vw, 1024px\" src=\"data:image\/svg+xml;base64,PHN2ZyB3aWR0aD0iMSIgaGVpZ2h0PSIxIiB4bWxucz0iaHR0cDovL3d3dy53My5vcmcvMjAwMC9zdmciPjwvc3ZnPg==\" style=\"--smush-placeholder-width: 1024px; --smush-placeholder-aspect-ratio: 1024\/583;\" \/><\/figure>\n\n\n\n<figure class=\"wp-block-image size-large\"><img decoding=\"async\" width=\"1024\" height=\"711\" data-src=\"http:\/\/www.design-award.cz\/wp-content\/uploads\/2023\/04\/souhrn-1024x711.png\" alt=\"\" class=\"wp-image-2022 lazyload\" data-srcset=\"https:\/\/www.design-award.cz\/wp-content\/uploads\/2023\/04\/souhrn-1024x711.png 1024w, https:\/\/www.design-award.cz\/wp-content\/uploads\/2023\/04\/souhrn-300x208.png 300w, https:\/\/www.design-award.cz\/wp-content\/uploads\/2023\/04\/souhrn-768x533.png 768w, https:\/\/www.design-award.cz\/wp-content\/uploads\/2023\/04\/souhrn-1536x1067.png 1536w, https:\/\/www.design-award.cz\/wp-content\/uploads\/2023\/04\/souhrn-500x347.png 500w, https:\/\/www.design-award.cz\/wp-content\/uploads\/2023\/04\/souhrn-800x556.png 800w, https:\/\/www.design-award.cz\/wp-content\/uploads\/2023\/04\/souhrn-1280x889.png 1280w, https:\/\/www.design-award.cz\/wp-content\/uploads\/2023\/04\/souhrn.png 1555w\" data-sizes=\"(max-width: 1024px) 100vw, 1024px\" src=\"data:image\/svg+xml;base64,PHN2ZyB3aWR0aD0iMSIgaGVpZ2h0PSIxIiB4bWxucz0iaHR0cDovL3d3dy53My5vcmcvMjAwMC9zdmciPjwvc3ZnPg==\" style=\"--smush-placeholder-width: 1024px; --smush-placeholder-aspect-ratio: 1024\/711;\" \/><\/figure>\n\n\n\n<figure class=\"wp-block-image size-large\"><img decoding=\"async\" width=\"1024\" height=\"576\" data-src=\"http:\/\/www.design-award.cz\/wp-content\/uploads\/2023\/04\/zasedacka_-1024x576.png\" alt=\"\" class=\"wp-image-2024 lazyload\" data-srcset=\"https:\/\/www.design-award.cz\/wp-content\/uploads\/2023\/04\/zasedacka_-1024x576.png 1024w, https:\/\/www.design-award.cz\/wp-content\/uploads\/2023\/04\/zasedacka_-300x169.png 300w, https:\/\/www.design-award.cz\/wp-content\/uploads\/2023\/04\/zasedacka_-768x432.png 768w, https:\/\/www.design-award.cz\/wp-content\/uploads\/2023\/04\/zasedacka_-1536x864.png 1536w, https:\/\/www.design-award.cz\/wp-content\/uploads\/2023\/04\/zasedacka_-500x281.png 500w, https:\/\/www.design-award.cz\/wp-content\/uploads\/2023\/04\/zasedacka_-800x450.png 800w, https:\/\/www.design-award.cz\/wp-content\/uploads\/2023\/04\/zasedacka_-1280x720.png 1280w, https:\/\/www.design-award.cz\/wp-content\/uploads\/2023\/04\/zasedacka_.png 1920w\" data-sizes=\"(max-width: 1024px) 100vw, 1024px\" src=\"data:image\/svg+xml;base64,PHN2ZyB3aWR0aD0iMSIgaGVpZ2h0PSIxIiB4bWxucz0iaHR0cDovL3d3dy53My5vcmcvMjAwMC9zdmciPjwvc3ZnPg==\" style=\"--smush-placeholder-width: 1024px; --smush-placeholder-aspect-ratio: 1024\/576;\" \/><\/figure>\n\n\n\n<figure class=\"wp-block-image size-large\"><img decoding=\"async\" width=\"1024\" height=\"712\" data-src=\"http:\/\/www.design-award.cz\/wp-content\/uploads\/2023\/04\/proces-vymysleni-1024x712.png\" alt=\"\" class=\"wp-image-2020 lazyload\" data-srcset=\"https:\/\/www.design-award.cz\/wp-content\/uploads\/2023\/04\/proces-vymysleni-1024x712.png 1024w, https:\/\/www.design-award.cz\/wp-content\/uploads\/2023\/04\/proces-vymysleni-300x209.png 300w, https:\/\/www.design-award.cz\/wp-content\/uploads\/2023\/04\/proces-vymysleni-768x534.png 768w, https:\/\/www.design-award.cz\/wp-content\/uploads\/2023\/04\/proces-vymysleni-1536x1068.png 1536w, https:\/\/www.design-award.cz\/wp-content\/uploads\/2023\/04\/proces-vymysleni-500x348.png 500w, https:\/\/www.design-award.cz\/wp-content\/uploads\/2023\/04\/proces-vymysleni-800x556.png 800w, https:\/\/www.design-award.cz\/wp-content\/uploads\/2023\/04\/proces-vymysleni-1280x890.png 1280w, https:\/\/www.design-award.cz\/wp-content\/uploads\/2023\/04\/proces-vymysleni.png 1553w\" data-sizes=\"(max-width: 1024px) 100vw, 1024px\" src=\"data:image\/svg+xml;base64,PHN2ZyB3aWR0aD0iMSIgaGVpZ2h0PSIxIiB4bWxucz0iaHR0cDovL3d3dy53My5vcmcvMjAwMC9zdmciPjwvc3ZnPg==\" style=\"--smush-placeholder-width: 1024px; --smush-placeholder-aspect-ratio: 1024\/712;\" \/><\/figure>\n\n\n\n<figure class=\"wp-block-image size-large\"><img decoding=\"async\" width=\"1024\" height=\"712\" data-src=\"http:\/\/www.design-award.cz\/wp-content\/uploads\/2023\/04\/technicky-vykres_-1024x712.png\" alt=\"\" class=\"wp-image-2023 lazyload\" data-srcset=\"https:\/\/www.design-award.cz\/wp-content\/uploads\/2023\/04\/technicky-vykres_-1024x712.png 1024w, https:\/\/www.design-award.cz\/wp-content\/uploads\/2023\/04\/technicky-vykres_-300x208.png 300w, https:\/\/www.design-award.cz\/wp-content\/uploads\/2023\/04\/technicky-vykres_-768x534.png 768w, https:\/\/www.design-award.cz\/wp-content\/uploads\/2023\/04\/technicky-vykres_-1536x1067.png 1536w, https:\/\/www.design-award.cz\/wp-content\/uploads\/2023\/04\/technicky-vykres_-500x347.png 500w, https:\/\/www.design-award.cz\/wp-content\/uploads\/2023\/04\/technicky-vykres_-800x556.png 800w, https:\/\/www.design-award.cz\/wp-content\/uploads\/2023\/04\/technicky-vykres_-1280x890.png 1280w, https:\/\/www.design-award.cz\/wp-content\/uploads\/2023\/04\/technicky-vykres_.png 1554w\" data-sizes=\"(max-width: 1024px) 100vw, 1024px\" src=\"data:image\/svg+xml;base64,PHN2ZyB3aWR0aD0iMSIgaGVpZ2h0PSIxIiB4bWxucz0iaHR0cDovL3d3dy53My5vcmcvMjAwMC9zdmciPjwvc3ZnPg==\" style=\"--smush-placeholder-width: 1024px; --smush-placeholder-aspect-ratio: 1024\/712;\" \/><\/figure>\n","protected":false},"excerpt":{"rendered":"<p>Ond\u0159ej Hruban St\u0159edn\u00ed \u0161kola designu a m\u00f3dy, Prost\u011bjov Jeliko\u017e jsem navrhoval kancel\u00e1\u0159 zam\u011b\u0159enou na probl\u00e9my s ot\u011bhotn\u011bn\u00edm, m\u00fdm c\u00edlem bylo p\u0159izp\u016fsobit prostor tak, aby se v n\u011bm klienti c\u00edtili co nejl\u00e9pe. Mysl\u00edm si, \u017ee komfort je p\u0159i takto intimn\u00ed z\u00e1le\u017eitosti velmi d\u016fle\u017eit\u00fdm prvkem. J\u00e1 osobn\u011b m\u00e1m k tomuto t\u00e9matu velmi bl\u00edzko, jeliko\u017e jsem si dlouhou [&hellip;]<\/p>\n","protected":false},"author":5,"featured_media":2025,"menu_order":0,"comment_status":"closed","ping_status":"closed","template":"","format":"standard","meta":{"ngg_post_thumbnail":0,"ocean_post_layout":"","ocean_both_sidebars_style":"","ocean_both_sidebars_content_width":0,"ocean_both_sidebars_sidebars_width":0,"ocean_sidebar":"","ocean_second_sidebar":"","ocean_disable_margins":"enable","ocean_add_body_class":"","ocean_shortcode_before_top_bar":"","ocean_shortcode_after_top_bar":"","ocean_shortcode_before_header":"","ocean_shortcode_after_header":"","ocean_has_shortcode":"","ocean_shortcode_after_title":"","ocean_shortcode_before_footer_widgets":"","ocean_shortcode_after_footer_widgets":"","ocean_shortcode_before_footer_bottom":"","ocean_shortcode_after_footer_bottom":"","ocean_display_top_bar":"default","ocean_display_header":"default","ocean_header_style":"","ocean_center_header_left_menu":"","ocean_custom_header_template":"","ocean_custom_logo":0,"ocean_custom_retina_logo":0,"ocean_custom_logo_max_width":0,"ocean_custom_logo_tablet_max_width":0,"ocean_custom_logo_mobile_max_width":0,"ocean_custom_logo_max_height":0,"ocean_custom_logo_tablet_max_height":0,"ocean_custom_logo_mobile_max_height":0,"ocean_header_custom_menu":"","ocean_menu_typo_font_family":"","ocean_menu_typo_font_subset":"","ocean_menu_typo_font_size":0,"ocean_menu_typo_font_size_tablet":0,"ocean_menu_typo_font_size_mobile":0,"ocean_menu_typo_font_size_unit":"px","ocean_menu_typo_font_weight":"","ocean_menu_typo_font_weight_tablet":"","ocean_menu_typo_font_weight_mobile":"","ocean_menu_typo_transform":"","ocean_menu_typo_transform_tablet":"","ocean_menu_typo_transform_mobile":"","ocean_menu_typo_line_height":0,"ocean_menu_typo_line_height_tablet":0,"ocean_menu_typo_line_height_mobile":0,"ocean_menu_typo_line_height_unit":"","ocean_menu_typo_spacing":0,"ocean_menu_typo_spacing_tablet":0,"ocean_menu_typo_spacing_mobile":0,"ocean_menu_typo_spacing_unit":"","ocean_menu_link_color":"","ocean_menu_link_color_hover":"","ocean_menu_link_color_active":"","ocean_menu_link_background":"","ocean_menu_link_hover_background":"","ocean_menu_link_active_background":"","ocean_menu_social_links_bg":"","ocean_menu_social_hover_links_bg":"","ocean_menu_social_links_color":"","ocean_menu_social_hover_links_color":"","ocean_disable_title":"default","ocean_disable_heading":"default","ocean_post_title":"","ocean_post_subheading":"","ocean_post_title_style":"","ocean_post_title_background_color":"","ocean_post_title_background":0,"ocean_post_title_bg_image_position":"","ocean_post_title_bg_image_attachment":"","ocean_post_title_bg_image_repeat":"","ocean_post_title_bg_image_size":"","ocean_post_title_height":0,"ocean_post_title_bg_overlay":0.5,"ocean_post_title_bg_overlay_color":"","ocean_disable_breadcrumbs":"default","ocean_breadcrumbs_color":"","ocean_breadcrumbs_separator_color":"","ocean_breadcrumbs_links_color":"","ocean_breadcrumbs_links_hover_color":"","ocean_display_footer_widgets":"default","ocean_display_footer_bottom":"default","ocean_custom_footer_template":"","_vp_format_video_url":"","_vp_image_focal_point":[],"footnotes":""},"portfolio_category":[10],"portfolio_tag":[],"class_list":["post-2019","portfolio","type-portfolio","status-publish","format-standard","has-post-thumbnail","hentry","portfolio_category-soutezici-2023","entry","has-media"],"yoast_head":"<!-- This site is optimized with the Yoast SEO plugin v25.2 - https:\/\/yoast.com\/wordpress\/plugins\/seo\/ -->\n<title>Ve\u0159ejn\u00fd interi\u00e9r - Kancel\u00e1\u0159 pro poradenstv\u00ed s ot\u011bhotn\u011bn\u00edm - design-award.cz<\/title>\n<meta name=\"robots\" content=\"index, follow, max-snippet:-1, max-image-preview:large, max-video-preview:-1\" \/>\n<link rel=\"canonical\" href=\"https:\/\/www.design-award.cz\/?portfolio=verejny-interier-kancelar-pro-poradenstvi-s-otehotnenim\" \/>\n<meta property=\"og:locale\" content=\"cs_CZ\" \/>\n<meta property=\"og:type\" content=\"article\" \/>\n<meta property=\"og:title\" content=\"Ve\u0159ejn\u00fd interi\u00e9r - Kancel\u00e1\u0159 pro poradenstv\u00ed s ot\u011bhotn\u011bn\u00edm - design-award.cz\" \/>\n<meta property=\"og:description\" content=\"Ond\u0159ej Hruban St\u0159edn\u00ed \u0161kola designu a m\u00f3dy, Prost\u011bjov Jeliko\u017e jsem navrhoval kancel\u00e1\u0159 zam\u011b\u0159enou na probl\u00e9my s ot\u011bhotn\u011bn\u00edm, m\u00fdm c\u00edlem bylo p\u0159izp\u016fsobit prostor tak, aby se v n\u011bm klienti c\u00edtili co nejl\u00e9pe. Mysl\u00edm si, \u017ee komfort je p\u0159i takto intimn\u00ed z\u00e1le\u017eitosti velmi d\u016fle\u017eit\u00fdm prvkem. J\u00e1 osobn\u011b m\u00e1m k tomuto t\u00e9matu velmi bl\u00edzko, jeliko\u017e jsem si dlouhou [&hellip;]\" \/>\n<meta property=\"og:url\" content=\"https:\/\/www.design-award.cz\/?portfolio=verejny-interier-kancelar-pro-poradenstvi-s-otehotnenim\" \/>\n<meta property=\"og:site_name\" content=\"design-award.cz\" \/>\n<meta property=\"article:modified_time\" content=\"2023-04-13T07:56:37+00:00\" \/>\n<meta property=\"og:image\" content=\"http:\/\/www.design-award.cz\/wp-content\/uploads\/2023\/04\/predni-pohled-scaled.jpg\" \/>\n\t<meta property=\"og:image:width\" content=\"2560\" \/>\n\t<meta property=\"og:image:height\" content=\"1440\" \/>\n\t<meta property=\"og:image:type\" content=\"image\/jpeg\" \/>\n<meta name=\"twitter:card\" content=\"summary_large_image\" \/>\n<meta name=\"twitter:label1\" content=\"Odhadovan\u00e1 doba \u010dten\u00ed\" \/>\n\t<meta name=\"twitter:data1\" content=\"1 minuta\" \/>\n<script type=\"application\/ld+json\" class=\"yoast-schema-graph\">{\"@context\":\"https:\/\/schema.org\",\"@graph\":[{\"@type\":\"WebPage\",\"@id\":\"https:\/\/www.design-award.cz\/?portfolio=verejny-interier-kancelar-pro-poradenstvi-s-otehotnenim\",\"url\":\"https:\/\/www.design-award.cz\/?portfolio=verejny-interier-kancelar-pro-poradenstvi-s-otehotnenim\",\"name\":\"Ve\u0159ejn\u00fd interi\u00e9r - Kancel\u00e1\u0159 pro poradenstv\u00ed s ot\u011bhotn\u011bn\u00edm - design-award.cz\",\"isPartOf\":{\"@id\":\"https:\/\/www.design-award.cz\/#website\"},\"primaryImageOfPage\":{\"@id\":\"https:\/\/www.design-award.cz\/?portfolio=verejny-interier-kancelar-pro-poradenstvi-s-otehotnenim#primaryimage\"},\"image\":{\"@id\":\"https:\/\/www.design-award.cz\/?portfolio=verejny-interier-kancelar-pro-poradenstvi-s-otehotnenim#primaryimage\"},\"thumbnailUrl\":\"https:\/\/www.design-award.cz\/wp-content\/uploads\/2023\/04\/predni-pohled-scaled.jpg\",\"datePublished\":\"2023-04-13T07:55:51+00:00\",\"dateModified\":\"2023-04-13T07:56:37+00:00\",\"breadcrumb\":{\"@id\":\"https:\/\/www.design-award.cz\/?portfolio=verejny-interier-kancelar-pro-poradenstvi-s-otehotnenim#breadcrumb\"},\"inLanguage\":\"cs\",\"potentialAction\":[{\"@type\":\"ReadAction\",\"target\":[\"https:\/\/www.design-award.cz\/?portfolio=verejny-interier-kancelar-pro-poradenstvi-s-otehotnenim\"]}]},{\"@type\":\"ImageObject\",\"inLanguage\":\"cs\",\"@id\":\"https:\/\/www.design-award.cz\/?portfolio=verejny-interier-kancelar-pro-poradenstvi-s-otehotnenim#primaryimage\",\"url\":\"https:\/\/www.design-award.cz\/wp-content\/uploads\/2023\/04\/predni-pohled-scaled.jpg\",\"contentUrl\":\"https:\/\/www.design-award.cz\/wp-content\/uploads\/2023\/04\/predni-pohled-scaled.jpg\",\"width\":2560,\"height\":1440},{\"@type\":\"BreadcrumbList\",\"@id\":\"https:\/\/www.design-award.cz\/?portfolio=verejny-interier-kancelar-pro-poradenstvi-s-otehotnenim#breadcrumb\",\"itemListElement\":[{\"@type\":\"ListItem\",\"position\":1,\"name\":\"Dom\u016f\",\"item\":\"https:\/\/www.design-award.cz\/\"},{\"@type\":\"ListItem\",\"position\":2,\"name\":\"Portfolio Items\",\"item\":\"https:\/\/www.design-award.cz\/?post_type=portfolio\"},{\"@type\":\"ListItem\",\"position\":3,\"name\":\"Ve\u0159ejn\u00fd interi\u00e9r &#8211; Kancel\u00e1\u0159 pro poradenstv\u00ed s ot\u011bhotn\u011bn\u00edm\"}]},{\"@type\":\"WebSite\",\"@id\":\"https:\/\/www.design-award.cz\/#website\",\"url\":\"https:\/\/www.design-award.cz\/\",\"name\":\"design-award.cz\",\"description\":\"WARD vznikla v roce 2022. Je ur\u010dena p\u0159edev\u0161\u00edm student\u016fm st\u0159edn\u00edch um\u011bleck\u00fdch \u0161kol (S\u0160 a VO\u0160), kte\u0159\u00ed mohou bezplatn\u011b zaslat sv\u00e9 n\u00e1vrhy v uveden\u00fdch kategori\u00ed a tak pom\u011b\u0159it sv\u00e9 n\u00e1pady s konkurenc\u00ed sv\u00fdch vrstevn\u00edk\u016f. N\u00e1vrhy jsou n\u00e1sledn\u011b posouzeny nez\u00e1vislou porotou z \u0159ad v\u00fdtvarn\u00edk\u016f, pedagog\u016f a profesion\u00e1l\u016f z oboru.\",\"publisher\":{\"@id\":\"https:\/\/www.design-award.cz\/#organization\"},\"potentialAction\":[{\"@type\":\"SearchAction\",\"target\":{\"@type\":\"EntryPoint\",\"urlTemplate\":\"https:\/\/www.design-award.cz\/?s={search_term_string}\"},\"query-input\":{\"@type\":\"PropertyValueSpecification\",\"valueRequired\":true,\"valueName\":\"search_term_string\"}}],\"inLanguage\":\"cs\"},{\"@type\":\"Organization\",\"@id\":\"https:\/\/www.design-award.cz\/#organization\",\"name\":\"Design Award\",\"url\":\"https:\/\/www.design-award.cz\/\",\"logo\":{\"@type\":\"ImageObject\",\"inLanguage\":\"cs\",\"@id\":\"https:\/\/www.design-award.cz\/#\/schema\/logo\/image\/\",\"url\":\"http:\/\/www.design-award.cz\/wp-content\/uploads\/2021\/12\/hornilogo_design-award.png\",\"contentUrl\":\"http:\/\/www.design-award.cz\/wp-content\/uploads\/2021\/12\/hornilogo_design-award.png\",\"width\":800,\"height\":600,\"caption\":\"Design Award\"},\"image\":{\"@id\":\"https:\/\/www.design-award.cz\/#\/schema\/logo\/image\/\"},\"sameAs\":[\"https:\/\/www.instagram.com\/design_award\/\"]}]}<\/script>\n<!-- \/ Yoast SEO plugin. -->","yoast_head_json":{"title":"Ve\u0159ejn\u00fd interi\u00e9r - Kancel\u00e1\u0159 pro poradenstv\u00ed s ot\u011bhotn\u011bn\u00edm - design-award.cz","robots":{"index":"index","follow":"follow","max-snippet":"max-snippet:-1","max-image-preview":"max-image-preview:large","max-video-preview":"max-video-preview:-1"},"canonical":"https:\/\/www.design-award.cz\/?portfolio=verejny-interier-kancelar-pro-poradenstvi-s-otehotnenim","og_locale":"cs_CZ","og_type":"article","og_title":"Ve\u0159ejn\u00fd interi\u00e9r - Kancel\u00e1\u0159 pro poradenstv\u00ed s ot\u011bhotn\u011bn\u00edm - design-award.cz","og_description":"Ond\u0159ej Hruban St\u0159edn\u00ed \u0161kola designu a m\u00f3dy, Prost\u011bjov Jeliko\u017e jsem navrhoval kancel\u00e1\u0159 zam\u011b\u0159enou na probl\u00e9my s ot\u011bhotn\u011bn\u00edm, m\u00fdm c\u00edlem bylo p\u0159izp\u016fsobit prostor tak, aby se v n\u011bm klienti c\u00edtili co nejl\u00e9pe. Mysl\u00edm si, \u017ee komfort je p\u0159i takto intimn\u00ed z\u00e1le\u017eitosti velmi d\u016fle\u017eit\u00fdm prvkem. J\u00e1 osobn\u011b m\u00e1m k tomuto t\u00e9matu velmi bl\u00edzko, jeliko\u017e jsem si dlouhou [&hellip;]","og_url":"https:\/\/www.design-award.cz\/?portfolio=verejny-interier-kancelar-pro-poradenstvi-s-otehotnenim","og_site_name":"design-award.cz","article_modified_time":"2023-04-13T07:56:37+00:00","og_image":[{"width":2560,"height":1440,"url":"http:\/\/www.design-award.cz\/wp-content\/uploads\/2023\/04\/predni-pohled-scaled.jpg","type":"image\/jpeg"}],"twitter_card":"summary_large_image","twitter_misc":{"Odhadovan\u00e1 doba \u010dten\u00ed":"1 minuta"},"schema":{"@context":"https:\/\/schema.org","@graph":[{"@type":"WebPage","@id":"https:\/\/www.design-award.cz\/?portfolio=verejny-interier-kancelar-pro-poradenstvi-s-otehotnenim","url":"https:\/\/www.design-award.cz\/?portfolio=verejny-interier-kancelar-pro-poradenstvi-s-otehotnenim","name":"Ve\u0159ejn\u00fd interi\u00e9r - Kancel\u00e1\u0159 pro poradenstv\u00ed s ot\u011bhotn\u011bn\u00edm - design-award.cz","isPartOf":{"@id":"https:\/\/www.design-award.cz\/#website"},"primaryImageOfPage":{"@id":"https:\/\/www.design-award.cz\/?portfolio=verejny-interier-kancelar-pro-poradenstvi-s-otehotnenim#primaryimage"},"image":{"@id":"https:\/\/www.design-award.cz\/?portfolio=verejny-interier-kancelar-pro-poradenstvi-s-otehotnenim#primaryimage"},"thumbnailUrl":"https:\/\/www.design-award.cz\/wp-content\/uploads\/2023\/04\/predni-pohled-scaled.jpg","datePublished":"2023-04-13T07:55:51+00:00","dateModified":"2023-04-13T07:56:37+00:00","breadcrumb":{"@id":"https:\/\/www.design-award.cz\/?portfolio=verejny-interier-kancelar-pro-poradenstvi-s-otehotnenim#breadcrumb"},"inLanguage":"cs","potentialAction":[{"@type":"ReadAction","target":["https:\/\/www.design-award.cz\/?portfolio=verejny-interier-kancelar-pro-poradenstvi-s-otehotnenim"]}]},{"@type":"ImageObject","inLanguage":"cs","@id":"https:\/\/www.design-award.cz\/?portfolio=verejny-interier-kancelar-pro-poradenstvi-s-otehotnenim#primaryimage","url":"https:\/\/www.design-award.cz\/wp-content\/uploads\/2023\/04\/predni-pohled-scaled.jpg","contentUrl":"https:\/\/www.design-award.cz\/wp-content\/uploads\/2023\/04\/predni-pohled-scaled.jpg","width":2560,"height":1440},{"@type":"BreadcrumbList","@id":"https:\/\/www.design-award.cz\/?portfolio=verejny-interier-kancelar-pro-poradenstvi-s-otehotnenim#breadcrumb","itemListElement":[{"@type":"ListItem","position":1,"name":"Dom\u016f","item":"https:\/\/www.design-award.cz\/"},{"@type":"ListItem","position":2,"name":"Portfolio Items","item":"https:\/\/www.design-award.cz\/?post_type=portfolio"},{"@type":"ListItem","position":3,"name":"Ve\u0159ejn\u00fd interi\u00e9r &#8211; Kancel\u00e1\u0159 pro poradenstv\u00ed s ot\u011bhotn\u011bn\u00edm"}]},{"@type":"WebSite","@id":"https:\/\/www.design-award.cz\/#website","url":"https:\/\/www.design-award.cz\/","name":"design-award.cz","description":"WARD vznikla v roce 2022. Je ur\u010dena p\u0159edev\u0161\u00edm student\u016fm st\u0159edn\u00edch um\u011bleck\u00fdch \u0161kol (S\u0160 a VO\u0160), kte\u0159\u00ed mohou bezplatn\u011b zaslat sv\u00e9 n\u00e1vrhy v uveden\u00fdch kategori\u00ed a tak pom\u011b\u0159it sv\u00e9 n\u00e1pady s konkurenc\u00ed sv\u00fdch vrstevn\u00edk\u016f. N\u00e1vrhy jsou n\u00e1sledn\u011b posouzeny nez\u00e1vislou porotou z \u0159ad v\u00fdtvarn\u00edk\u016f, pedagog\u016f a profesion\u00e1l\u016f z oboru.","publisher":{"@id":"https:\/\/www.design-award.cz\/#organization"},"potentialAction":[{"@type":"SearchAction","target":{"@type":"EntryPoint","urlTemplate":"https:\/\/www.design-award.cz\/?s={search_term_string}"},"query-input":{"@type":"PropertyValueSpecification","valueRequired":true,"valueName":"search_term_string"}}],"inLanguage":"cs"},{"@type":"Organization","@id":"https:\/\/www.design-award.cz\/#organization","name":"Design Award","url":"https:\/\/www.design-award.cz\/","logo":{"@type":"ImageObject","inLanguage":"cs","@id":"https:\/\/www.design-award.cz\/#\/schema\/logo\/image\/","url":"http:\/\/www.design-award.cz\/wp-content\/uploads\/2021\/12\/hornilogo_design-award.png","contentUrl":"http:\/\/www.design-award.cz\/wp-content\/uploads\/2021\/12\/hornilogo_design-award.png","width":800,"height":600,"caption":"Design Award"},"image":{"@id":"https:\/\/www.design-award.cz\/#\/schema\/logo\/image\/"},"sameAs":["https:\/\/www.instagram.com\/design_award\/"]}]}},"_links":{"self":[{"href":"https:\/\/www.design-award.cz\/index.php?rest_route=\/wp\/v2\/portfolio\/2019","targetHints":{"allow":["GET"]}}],"collection":[{"href":"https:\/\/www.design-award.cz\/index.php?rest_route=\/wp\/v2\/portfolio"}],"about":[{"href":"https:\/\/www.design-award.cz\/index.php?rest_route=\/wp\/v2\/types\/portfolio"}],"author":[{"embeddable":true,"href":"https:\/\/www.design-award.cz\/index.php?rest_route=\/wp\/v2\/users\/5"}],"replies":[{"embeddable":true,"href":"https:\/\/www.design-award.cz\/index.php?rest_route=%2Fwp%2Fv2%2Fcomments&post=2019"}],"version-history":[{"count":1,"href":"https:\/\/www.design-award.cz\/index.php?rest_route=\/wp\/v2\/portfolio\/2019\/revisions"}],"predecessor-version":[{"id":2026,"href":"https:\/\/www.design-award.cz\/index.php?rest_route=\/wp\/v2\/portfolio\/2019\/revisions\/2026"}],"wp:featuredmedia":[{"embeddable":true,"href":"https:\/\/www.design-award.cz\/index.php?rest_route=\/wp\/v2\/media\/2025"}],"wp:attachment":[{"href":"https:\/\/www.design-award.cz\/index.php?rest_route=%2Fwp%2Fv2%2Fmedia&parent=2019"}],"wp:term":[{"taxonomy":"portfolio_category","embeddable":true,"href":"https:\/\/www.design-award.cz\/index.php?rest_route=%2Fwp%2Fv2%2Fportfolio_category&post=2019"},{"taxonomy":"portfolio_tag","embeddable":true,"href":"https:\/\/www.design-award.cz\/index.php?rest_route=%2Fwp%2Fv2%2Fportfolio_tag&post=2019"}],"curies":[{"name":"wp","href":"https:\/\/api.w.org\/{rel}","templated":true}]}}