{"id":2075,"date":"2023-04-13T20:19:32","date_gmt":"2023-04-13T20:19:32","guid":{"rendered":"https:\/\/www.design-award.cz\/?post_type=portfolio&#038;p=2075"},"modified":"2023-04-13T20:19:33","modified_gmt":"2023-04-13T20:19:33","slug":"soukromy-interier-koupelna","status":"publish","type":"portfolio","link":"https:\/\/www.design-award.cz\/?portfolio=soukromy-interier-koupelna","title":{"rendered":"Soukrom\u00fd interi\u00e9r &#8211; koupelna"},"content":{"rendered":"\n<p><strong>Krist\u00edna Gallov\u00e1<\/strong><\/p>\n\n\n\n<p>MICHAEL &#8211; S\u0160 a VO\u0160 reklamn\u00ed a um\u011bleck\u00e9 tvorby, s.r.o.<\/p>\n\n\n\n<p>&#8212;&#8212;- Interi\u00e9r je sp\u00ed\u0161e minimalistick\u00fd, ale kdy\u017e se pod\u00edv\u00e1te bl\u00ed\u017ee, vyjdou najevo rozmanit\u00e9 detaily, kter\u00e9 dod\u00e1vaj\u00ed m\u00e9mu n\u00e1vrhu jedine\u010dnost<br>&nbsp;a elegantn\u00ed vzhled. &#8212;&#8212;-<\/p>\n\n\n\n<p>M\u00fdmi klienty pro koupelnu byl nen\u00e1ro\u010dn\u00fd p\u00e1r kolem 40 ti let otev\u0159en\u00fd r\u016fzn\u00fdm mo\u017enostem, ale d\u016fle\u017eit\u00fdm krit\u00e9riem byl komfortn\u00ed p\u0159\u00edstup do koupelny pro jejich mazl\u00ed\u010dka, psa plemene cane corso.<\/p>\n\n\n\n<p>Proto jsem zvolila sprchov\u00fd kout, kter\u00fd je vysp\u00e1dovan\u00fd a z\u00e1rove\u0148 uzav\u00edrateln\u00fd. P\u00e1n\u00ed\u010dek tak jednodu\u0161e psa dostane do sprchov\u00e9ho koutu a m\u016f\u017ee ho pohodln\u011b zde um\u00fdt. Dal\u0161\u00ed v\u00fdhodou sprchy je vybran\u00e1 sklen\u011bn\u00e1 z\u00e1st\u011bna. Zvolila jsem vzorovan\u00e9 sklo, kter\u00e9 \u010d\u00e1ste\u010dn\u011b zakr\u00fdv\u00e1 zaschl\u00e9 kapky. Tedy pokud se pes oklepe ve spr\u0161e, majitel nemus\u00ed sklo hned le\u0161tit. Je to nejen vkusn\u00e1 dominanta cel\u00e9ho prostoru, ale m\u00e1 tak\u00e9 sv\u00e9 funk\u010dn\u00ed v\u00fdhody. Dal\u0161\u00ed z detail\u016f, kter\u00e9 n\u00e1m sklo nab\u00edz\u00ed je ten, \u017ee sklo rozost\u0159uje, co\u017e znamen\u00e1, \u017ee nevkusn\u00e9 \u0161amp\u00f3ny tak nejsou vid\u011bt, vytvo\u0159\u00ed zaj\u00edmav\u00fd efekt. Proto jsem vzorovan\u00e9 sklo pou\u017eila i k vestav\u011bn\u00fdm poli\u010dk\u00e1m u umyvadel, kde tak\u00e9 pln\u00ed funkci rozost\u0159en\u00ed.<br>Co se t\u00fd\u010de osv\u011btlen\u00ed, jako hlavn\u00ed sv\u011btla jsem zvolila bodovky, dal\u0161\u00edmi zdroji je zrcadlo a sv\u011bteln\u00e9 li\u0161ty ve vestav\u011bn\u00fdch poli\u010dk\u00e1ch.<\/p>\n\n\n\n<p>P\u00e1ru jsem cht\u011bla dop\u0159\u00e1t i relaxaci kterou jsem doc\u00edlila utlumiteln\u00fdm osv\u011btlen\u00edm, dekoracemi i barevnost\u00ed cel\u00e9ho prostoru. Prvek, kter\u00fd<br>s wellness souvis\u00ed je ur\u010dit\u011b vana, kter\u00e1 byla dal\u0161\u00edm krit\u00e9riem, kter\u00e9 jsem v prostoru cht\u011bla splnit. V\u00fdb\u011br obklad\u016f byl pro m\u011b tak\u00e9 o\u0159\u00ed\u0161ek, jeliko\u017e jsem cht\u011bla vytvo\u0159it origin\u00e1ln\u00ed vzhled, ale bez pou\u017eit\u00ed tak barevn\u00e9 palety. Zdi jsem tedy ud\u011blala atraktivn\u011bj\u0161\u00ed vytvo\u0159en\u00edm vlastn\u00edho sp\u00e1ro\u0159ezu z obklad\u016f od Mutiny. Zvolila jsem na\u0161edl\u00e9 obklady Kosei,<br>u kter\u00fdch je mo\u017enost v\u00fdb\u011bru z 6ti velikost\u00ed. Podlaha je \u0159e\u0161en\u00e1 speci\u00e1ln\u00ed protiskluzovou st\u011brkou Betonoptik, kter\u00e1 je i z technick\u00e9ho hlediska vhodn\u00e1 na podlahov\u00e9 topen\u00ed. Barevnost cel\u00e9ho interi\u00e9ru je v p\u0159\u00edjemn\u00fdch zemit\u00fdch odst\u00ednech dopl\u0148ov\u00e1n \u010dern\u00fdmi detaily jako jsou nap\u0159. baterie.<\/p>\n\n\n\n<figure class=\"wp-block-image size-large\"><img decoding=\"async\" width=\"1024\" height=\"575\" data-src=\"http:\/\/www.design-award.cz\/wp-content\/uploads\/2023\/04\/render-2-1024x575.png\" alt=\"\" class=\"wp-image-2078 lazyload\" data-srcset=\"https:\/\/www.design-award.cz\/wp-content\/uploads\/2023\/04\/render-2-1024x575.png 1024w, https:\/\/www.design-award.cz\/wp-content\/uploads\/2023\/04\/render-2-300x168.png 300w, https:\/\/www.design-award.cz\/wp-content\/uploads\/2023\/04\/render-2-768x431.png 768w, https:\/\/www.design-award.cz\/wp-content\/uploads\/2023\/04\/render-2-500x281.png 500w, https:\/\/www.design-award.cz\/wp-content\/uploads\/2023\/04\/render-2-800x449.png 800w, https:\/\/www.design-award.cz\/wp-content\/uploads\/2023\/04\/render-2-1280x719.png 1280w, https:\/\/www.design-award.cz\/wp-content\/uploads\/2023\/04\/render-2.png 1418w\" data-sizes=\"(max-width: 1024px) 100vw, 1024px\" src=\"data:image\/svg+xml;base64,PHN2ZyB3aWR0aD0iMSIgaGVpZ2h0PSIxIiB4bWxucz0iaHR0cDovL3d3dy53My5vcmcvMjAwMC9zdmciPjwvc3ZnPg==\" style=\"--smush-placeholder-width: 1024px; --smush-placeholder-aspect-ratio: 1024\/575;\" \/><\/figure>\n\n\n\n<figure class=\"wp-block-image size-large\"><img decoding=\"async\" width=\"1024\" height=\"580\" data-src=\"http:\/\/www.design-award.cz\/wp-content\/uploads\/2023\/04\/render-3-1024x580.png\" alt=\"\" class=\"wp-image-2079 lazyload\" data-srcset=\"https:\/\/www.design-award.cz\/wp-content\/uploads\/2023\/04\/render-3-1024x580.png 1024w, https:\/\/www.design-award.cz\/wp-content\/uploads\/2023\/04\/render-3-300x170.png 300w, https:\/\/www.design-award.cz\/wp-content\/uploads\/2023\/04\/render-3-768x435.png 768w, https:\/\/www.design-award.cz\/wp-content\/uploads\/2023\/04\/render-3-500x283.png 500w, https:\/\/www.design-award.cz\/wp-content\/uploads\/2023\/04\/render-3-800x453.png 800w, https:\/\/www.design-award.cz\/wp-content\/uploads\/2023\/04\/render-3-1280x724.png 1280w, https:\/\/www.design-award.cz\/wp-content\/uploads\/2023\/04\/render-3.png 1410w\" data-sizes=\"(max-width: 1024px) 100vw, 1024px\" src=\"data:image\/svg+xml;base64,PHN2ZyB3aWR0aD0iMSIgaGVpZ2h0PSIxIiB4bWxucz0iaHR0cDovL3d3dy53My5vcmcvMjAwMC9zdmciPjwvc3ZnPg==\" style=\"--smush-placeholder-width: 1024px; --smush-placeholder-aspect-ratio: 1024\/580;\" \/><\/figure>\n\n\n\n<figure class=\"wp-block-image size-large\"><img decoding=\"async\" width=\"1024\" height=\"577\" data-src=\"http:\/\/www.design-award.cz\/wp-content\/uploads\/2023\/04\/render-4-1024x577.png\" alt=\"\" class=\"wp-image-2080 lazyload\" data-srcset=\"https:\/\/www.design-award.cz\/wp-content\/uploads\/2023\/04\/render-4-1024x577.png 1024w, https:\/\/www.design-award.cz\/wp-content\/uploads\/2023\/04\/render-4-300x169.png 300w, https:\/\/www.design-award.cz\/wp-content\/uploads\/2023\/04\/render-4-768x433.png 768w, https:\/\/www.design-award.cz\/wp-content\/uploads\/2023\/04\/render-4-500x282.png 500w, https:\/\/www.design-award.cz\/wp-content\/uploads\/2023\/04\/render-4-800x451.png 800w, https:\/\/www.design-award.cz\/wp-content\/uploads\/2023\/04\/render-4-1280x721.png 1280w, https:\/\/www.design-award.cz\/wp-content\/uploads\/2023\/04\/render-4.png 1411w\" data-sizes=\"(max-width: 1024px) 100vw, 1024px\" src=\"data:image\/svg+xml;base64,PHN2ZyB3aWR0aD0iMSIgaGVpZ2h0PSIxIiB4bWxucz0iaHR0cDovL3d3dy53My5vcmcvMjAwMC9zdmciPjwvc3ZnPg==\" style=\"--smush-placeholder-width: 1024px; --smush-placeholder-aspect-ratio: 1024\/577;\" \/><\/figure>\n\n\n\n<figure class=\"wp-block-image size-large\"><img decoding=\"async\" width=\"1024\" height=\"754\" data-src=\"http:\/\/www.design-award.cz\/wp-content\/uploads\/2023\/04\/pudorys-1024x754.png\" alt=\"\" class=\"wp-image-2081 lazyload\" data-srcset=\"https:\/\/www.design-award.cz\/wp-content\/uploads\/2023\/04\/pudorys-1024x754.png 1024w, https:\/\/www.design-award.cz\/wp-content\/uploads\/2023\/04\/pudorys-300x221.png 300w, https:\/\/www.design-award.cz\/wp-content\/uploads\/2023\/04\/pudorys-768x565.png 768w, https:\/\/www.design-award.cz\/wp-content\/uploads\/2023\/04\/pudorys-500x368.png 500w, https:\/\/www.design-award.cz\/wp-content\/uploads\/2023\/04\/pudorys-800x589.png 800w, https:\/\/www.design-award.cz\/wp-content\/uploads\/2023\/04\/pudorys.png 1069w\" data-sizes=\"(max-width: 1024px) 100vw, 1024px\" src=\"data:image\/svg+xml;base64,PHN2ZyB3aWR0aD0iMSIgaGVpZ2h0PSIxIiB4bWxucz0iaHR0cDovL3d3dy53My5vcmcvMjAwMC9zdmciPjwvc3ZnPg==\" style=\"--smush-placeholder-width: 1024px; --smush-placeholder-aspect-ratio: 1024\/754;\" \/><\/figure>\n\n\n\n<figure class=\"wp-block-image size-large\"><img decoding=\"async\" width=\"1024\" height=\"731\" data-src=\"http:\/\/www.design-award.cz\/wp-content\/uploads\/2023\/04\/pudorys-koupelna-1024x731.png\" alt=\"\" class=\"wp-image-2076 lazyload\" data-srcset=\"https:\/\/www.design-award.cz\/wp-content\/uploads\/2023\/04\/pudorys-koupelna-1024x731.png 1024w, https:\/\/www.design-award.cz\/wp-content\/uploads\/2023\/04\/pudorys-koupelna-300x214.png 300w, https:\/\/www.design-award.cz\/wp-content\/uploads\/2023\/04\/pudorys-koupelna-768x548.png 768w, https:\/\/www.design-award.cz\/wp-content\/uploads\/2023\/04\/pudorys-koupelna-500x357.png 500w, https:\/\/www.design-award.cz\/wp-content\/uploads\/2023\/04\/pudorys-koupelna-800x571.png 800w, https:\/\/www.design-award.cz\/wp-content\/uploads\/2023\/04\/pudorys-koupelna-1280x914.png 1280w, https:\/\/www.design-award.cz\/wp-content\/uploads\/2023\/04\/pudorys-koupelna.png 1293w\" data-sizes=\"(max-width: 1024px) 100vw, 1024px\" src=\"data:image\/svg+xml;base64,PHN2ZyB3aWR0aD0iMSIgaGVpZ2h0PSIxIiB4bWxucz0iaHR0cDovL3d3dy53My5vcmcvMjAwMC9zdmciPjwvc3ZnPg==\" style=\"--smush-placeholder-width: 1024px; --smush-placeholder-aspect-ratio: 1024\/731;\" \/><\/figure>\n","protected":false},"excerpt":{"rendered":"<p>Krist\u00edna Gallov\u00e1 MICHAEL &#8211; S\u0160 a VO\u0160 reklamn\u00ed a um\u011bleck\u00e9 tvorby, s.r.o. &#8212;&#8212;- Interi\u00e9r je sp\u00ed\u0161e minimalistick\u00fd, ale kdy\u017e se pod\u00edv\u00e1te bl\u00ed\u017ee, vyjdou najevo rozmanit\u00e9 detaily, kter\u00e9 dod\u00e1vaj\u00ed m\u00e9mu n\u00e1vrhu jedine\u010dnost&nbsp;a elegantn\u00ed vzhled. &#8212;&#8212;- M\u00fdmi klienty pro koupelnu byl nen\u00e1ro\u010dn\u00fd p\u00e1r kolem 40 ti let otev\u0159en\u00fd r\u016fzn\u00fdm mo\u017enostem, ale d\u016fle\u017eit\u00fdm krit\u00e9riem byl komfortn\u00ed p\u0159\u00edstup do [&hellip;]<\/p>\n","protected":false},"author":5,"featured_media":2077,"menu_order":0,"comment_status":"closed","ping_status":"closed","template":"","format":"standard","meta":{"ngg_post_thumbnail":0,"ocean_post_layout":"","ocean_both_sidebars_style":"","ocean_both_sidebars_content_width":0,"ocean_both_sidebars_sidebars_width":0,"ocean_sidebar":"","ocean_second_sidebar":"","ocean_disable_margins":"enable","ocean_add_body_class":"","ocean_shortcode_before_top_bar":"","ocean_shortcode_after_top_bar":"","ocean_shortcode_before_header":"","ocean_shortcode_after_header":"","ocean_has_shortcode":"","ocean_shortcode_after_title":"","ocean_shortcode_before_footer_widgets":"","ocean_shortcode_after_footer_widgets":"","ocean_shortcode_before_footer_bottom":"","ocean_shortcode_after_footer_bottom":"","ocean_display_top_bar":"default","ocean_display_header":"default","ocean_header_style":"","ocean_center_header_left_menu":"","ocean_custom_header_template":"","ocean_custom_logo":0,"ocean_custom_retina_logo":0,"ocean_custom_logo_max_width":0,"ocean_custom_logo_tablet_max_width":0,"ocean_custom_logo_mobile_max_width":0,"ocean_custom_logo_max_height":0,"ocean_custom_logo_tablet_max_height":0,"ocean_custom_logo_mobile_max_height":0,"ocean_header_custom_menu":"","ocean_menu_typo_font_family":"","ocean_menu_typo_font_subset":"","ocean_menu_typo_font_size":0,"ocean_menu_typo_font_size_tablet":0,"ocean_menu_typo_font_size_mobile":0,"ocean_menu_typo_font_size_unit":"px","ocean_menu_typo_font_weight":"","ocean_menu_typo_font_weight_tablet":"","ocean_menu_typo_font_weight_mobile":"","ocean_menu_typo_transform":"","ocean_menu_typo_transform_tablet":"","ocean_menu_typo_transform_mobile":"","ocean_menu_typo_line_height":0,"ocean_menu_typo_line_height_tablet":0,"ocean_menu_typo_line_height_mobile":0,"ocean_menu_typo_line_height_unit":"","ocean_menu_typo_spacing":0,"ocean_menu_typo_spacing_tablet":0,"ocean_menu_typo_spacing_mobile":0,"ocean_menu_typo_spacing_unit":"","ocean_menu_link_color":"","ocean_menu_link_color_hover":"","ocean_menu_link_color_active":"","ocean_menu_link_background":"","ocean_menu_link_hover_background":"","ocean_menu_link_active_background":"","ocean_menu_social_links_bg":"","ocean_menu_social_hover_links_bg":"","ocean_menu_social_links_color":"","ocean_menu_social_hover_links_color":"","ocean_disable_title":"default","ocean_disable_heading":"default","ocean_post_title":"","ocean_post_subheading":"","ocean_post_title_style":"","ocean_post_title_background_color":"","ocean_post_title_background":0,"ocean_post_title_bg_image_position":"","ocean_post_title_bg_image_attachment":"","ocean_post_title_bg_image_repeat":"","ocean_post_title_bg_image_size":"","ocean_post_title_height":0,"ocean_post_title_bg_overlay":0.5,"ocean_post_title_bg_overlay_color":"","ocean_disable_breadcrumbs":"default","ocean_breadcrumbs_color":"","ocean_breadcrumbs_separator_color":"","ocean_breadcrumbs_links_color":"","ocean_breadcrumbs_links_hover_color":"","ocean_display_footer_widgets":"default","ocean_display_footer_bottom":"default","ocean_custom_footer_template":"","_vp_format_video_url":"","_vp_image_focal_point":[],"footnotes":""},"portfolio_category":[10],"portfolio_tag":[],"class_list":["post-2075","portfolio","type-portfolio","status-publish","format-standard","has-post-thumbnail","hentry","portfolio_category-soutezici-2023","entry","has-media"],"yoast_head":"<!-- This site is optimized with the Yoast SEO plugin v25.2 - https:\/\/yoast.com\/wordpress\/plugins\/seo\/ -->\n<title>Soukrom\u00fd interi\u00e9r - koupelna - design-award.cz<\/title>\n<meta name=\"robots\" content=\"index, follow, max-snippet:-1, max-image-preview:large, max-video-preview:-1\" \/>\n<link rel=\"canonical\" href=\"https:\/\/www.design-award.cz\/?portfolio=soukromy-interier-koupelna\" \/>\n<meta property=\"og:locale\" content=\"cs_CZ\" \/>\n<meta property=\"og:type\" content=\"article\" \/>\n<meta property=\"og:title\" content=\"Soukrom\u00fd interi\u00e9r - koupelna - design-award.cz\" \/>\n<meta property=\"og:description\" content=\"Krist\u00edna Gallov\u00e1 MICHAEL &#8211; S\u0160 a VO\u0160 reklamn\u00ed a um\u011bleck\u00e9 tvorby, s.r.o. &#8212;&#8212;- Interi\u00e9r je sp\u00ed\u0161e minimalistick\u00fd, ale kdy\u017e se pod\u00edv\u00e1te bl\u00ed\u017ee, vyjdou najevo rozmanit\u00e9 detaily, kter\u00e9 dod\u00e1vaj\u00ed m\u00e9mu n\u00e1vrhu jedine\u010dnost&nbsp;a elegantn\u00ed vzhled. &#8212;&#8212;- M\u00fdmi klienty pro koupelnu byl nen\u00e1ro\u010dn\u00fd p\u00e1r kolem 40 ti let otev\u0159en\u00fd r\u016fzn\u00fdm mo\u017enostem, ale d\u016fle\u017eit\u00fdm krit\u00e9riem byl komfortn\u00ed p\u0159\u00edstup do [&hellip;]\" \/>\n<meta property=\"og:url\" content=\"https:\/\/www.design-award.cz\/?portfolio=soukromy-interier-koupelna\" \/>\n<meta property=\"og:site_name\" content=\"design-award.cz\" \/>\n<meta property=\"article:modified_time\" content=\"2023-04-13T20:19:33+00:00\" \/>\n<meta property=\"og:image\" content=\"http:\/\/www.design-award.cz\/wp-content\/uploads\/2023\/04\/render-1.png\" \/>\n\t<meta property=\"og:image:width\" content=\"1412\" \/>\n\t<meta property=\"og:image:height\" content=\"798\" \/>\n\t<meta property=\"og:image:type\" content=\"image\/png\" \/>\n<meta name=\"twitter:card\" content=\"summary_large_image\" \/>\n<meta name=\"twitter:label1\" content=\"Odhadovan\u00e1 doba \u010dten\u00ed\" \/>\n\t<meta name=\"twitter:data1\" content=\"2 minuty\" \/>\n<script type=\"application\/ld+json\" class=\"yoast-schema-graph\">{\"@context\":\"https:\/\/schema.org\",\"@graph\":[{\"@type\":\"WebPage\",\"@id\":\"https:\/\/www.design-award.cz\/?portfolio=soukromy-interier-koupelna\",\"url\":\"https:\/\/www.design-award.cz\/?portfolio=soukromy-interier-koupelna\",\"name\":\"Soukrom\u00fd interi\u00e9r - koupelna - design-award.cz\",\"isPartOf\":{\"@id\":\"https:\/\/www.design-award.cz\/#website\"},\"primaryImageOfPage\":{\"@id\":\"https:\/\/www.design-award.cz\/?portfolio=soukromy-interier-koupelna#primaryimage\"},\"image\":{\"@id\":\"https:\/\/www.design-award.cz\/?portfolio=soukromy-interier-koupelna#primaryimage\"},\"thumbnailUrl\":\"https:\/\/www.design-award.cz\/wp-content\/uploads\/2023\/04\/render-1.png\",\"datePublished\":\"2023-04-13T20:19:32+00:00\",\"dateModified\":\"2023-04-13T20:19:33+00:00\",\"breadcrumb\":{\"@id\":\"https:\/\/www.design-award.cz\/?portfolio=soukromy-interier-koupelna#breadcrumb\"},\"inLanguage\":\"cs\",\"potentialAction\":[{\"@type\":\"ReadAction\",\"target\":[\"https:\/\/www.design-award.cz\/?portfolio=soukromy-interier-koupelna\"]}]},{\"@type\":\"ImageObject\",\"inLanguage\":\"cs\",\"@id\":\"https:\/\/www.design-award.cz\/?portfolio=soukromy-interier-koupelna#primaryimage\",\"url\":\"https:\/\/www.design-award.cz\/wp-content\/uploads\/2023\/04\/render-1.png\",\"contentUrl\":\"https:\/\/www.design-award.cz\/wp-content\/uploads\/2023\/04\/render-1.png\",\"width\":1412,\"height\":798},{\"@type\":\"BreadcrumbList\",\"@id\":\"https:\/\/www.design-award.cz\/?portfolio=soukromy-interier-koupelna#breadcrumb\",\"itemListElement\":[{\"@type\":\"ListItem\",\"position\":1,\"name\":\"Dom\u016f\",\"item\":\"https:\/\/www.design-award.cz\/\"},{\"@type\":\"ListItem\",\"position\":2,\"name\":\"Portfolio Items\",\"item\":\"https:\/\/www.design-award.cz\/?post_type=portfolio\"},{\"@type\":\"ListItem\",\"position\":3,\"name\":\"Soukrom\u00fd interi\u00e9r &#8211; koupelna\"}]},{\"@type\":\"WebSite\",\"@id\":\"https:\/\/www.design-award.cz\/#website\",\"url\":\"https:\/\/www.design-award.cz\/\",\"name\":\"design-award.cz\",\"description\":\"WARD vznikla v roce 2022. Je ur\u010dena p\u0159edev\u0161\u00edm student\u016fm st\u0159edn\u00edch um\u011bleck\u00fdch \u0161kol (S\u0160 a VO\u0160), kte\u0159\u00ed mohou bezplatn\u011b zaslat sv\u00e9 n\u00e1vrhy v uveden\u00fdch kategori\u00ed a tak pom\u011b\u0159it sv\u00e9 n\u00e1pady s konkurenc\u00ed sv\u00fdch vrstevn\u00edk\u016f. N\u00e1vrhy jsou n\u00e1sledn\u011b posouzeny nez\u00e1vislou porotou z \u0159ad v\u00fdtvarn\u00edk\u016f, pedagog\u016f a profesion\u00e1l\u016f z oboru.\",\"publisher\":{\"@id\":\"https:\/\/www.design-award.cz\/#organization\"},\"potentialAction\":[{\"@type\":\"SearchAction\",\"target\":{\"@type\":\"EntryPoint\",\"urlTemplate\":\"https:\/\/www.design-award.cz\/?s={search_term_string}\"},\"query-input\":{\"@type\":\"PropertyValueSpecification\",\"valueRequired\":true,\"valueName\":\"search_term_string\"}}],\"inLanguage\":\"cs\"},{\"@type\":\"Organization\",\"@id\":\"https:\/\/www.design-award.cz\/#organization\",\"name\":\"Design Award\",\"url\":\"https:\/\/www.design-award.cz\/\",\"logo\":{\"@type\":\"ImageObject\",\"inLanguage\":\"cs\",\"@id\":\"https:\/\/www.design-award.cz\/#\/schema\/logo\/image\/\",\"url\":\"http:\/\/www.design-award.cz\/wp-content\/uploads\/2021\/12\/hornilogo_design-award.png\",\"contentUrl\":\"http:\/\/www.design-award.cz\/wp-content\/uploads\/2021\/12\/hornilogo_design-award.png\",\"width\":800,\"height\":600,\"caption\":\"Design Award\"},\"image\":{\"@id\":\"https:\/\/www.design-award.cz\/#\/schema\/logo\/image\/\"},\"sameAs\":[\"https:\/\/www.instagram.com\/design_award\/\"]}]}<\/script>\n<!-- \/ Yoast SEO plugin. -->","yoast_head_json":{"title":"Soukrom\u00fd interi\u00e9r - koupelna - design-award.cz","robots":{"index":"index","follow":"follow","max-snippet":"max-snippet:-1","max-image-preview":"max-image-preview:large","max-video-preview":"max-video-preview:-1"},"canonical":"https:\/\/www.design-award.cz\/?portfolio=soukromy-interier-koupelna","og_locale":"cs_CZ","og_type":"article","og_title":"Soukrom\u00fd interi\u00e9r - koupelna - design-award.cz","og_description":"Krist\u00edna Gallov\u00e1 MICHAEL &#8211; S\u0160 a VO\u0160 reklamn\u00ed a um\u011bleck\u00e9 tvorby, s.r.o. &#8212;&#8212;- Interi\u00e9r je sp\u00ed\u0161e minimalistick\u00fd, ale kdy\u017e se pod\u00edv\u00e1te bl\u00ed\u017ee, vyjdou najevo rozmanit\u00e9 detaily, kter\u00e9 dod\u00e1vaj\u00ed m\u00e9mu n\u00e1vrhu jedine\u010dnost&nbsp;a elegantn\u00ed vzhled. &#8212;&#8212;- M\u00fdmi klienty pro koupelnu byl nen\u00e1ro\u010dn\u00fd p\u00e1r kolem 40 ti let otev\u0159en\u00fd r\u016fzn\u00fdm mo\u017enostem, ale d\u016fle\u017eit\u00fdm krit\u00e9riem byl komfortn\u00ed p\u0159\u00edstup do [&hellip;]","og_url":"https:\/\/www.design-award.cz\/?portfolio=soukromy-interier-koupelna","og_site_name":"design-award.cz","article_modified_time":"2023-04-13T20:19:33+00:00","og_image":[{"width":1412,"height":798,"url":"http:\/\/www.design-award.cz\/wp-content\/uploads\/2023\/04\/render-1.png","type":"image\/png"}],"twitter_card":"summary_large_image","twitter_misc":{"Odhadovan\u00e1 doba \u010dten\u00ed":"2 minuty"},"schema":{"@context":"https:\/\/schema.org","@graph":[{"@type":"WebPage","@id":"https:\/\/www.design-award.cz\/?portfolio=soukromy-interier-koupelna","url":"https:\/\/www.design-award.cz\/?portfolio=soukromy-interier-koupelna","name":"Soukrom\u00fd interi\u00e9r - koupelna - design-award.cz","isPartOf":{"@id":"https:\/\/www.design-award.cz\/#website"},"primaryImageOfPage":{"@id":"https:\/\/www.design-award.cz\/?portfolio=soukromy-interier-koupelna#primaryimage"},"image":{"@id":"https:\/\/www.design-award.cz\/?portfolio=soukromy-interier-koupelna#primaryimage"},"thumbnailUrl":"https:\/\/www.design-award.cz\/wp-content\/uploads\/2023\/04\/render-1.png","datePublished":"2023-04-13T20:19:32+00:00","dateModified":"2023-04-13T20:19:33+00:00","breadcrumb":{"@id":"https:\/\/www.design-award.cz\/?portfolio=soukromy-interier-koupelna#breadcrumb"},"inLanguage":"cs","potentialAction":[{"@type":"ReadAction","target":["https:\/\/www.design-award.cz\/?portfolio=soukromy-interier-koupelna"]}]},{"@type":"ImageObject","inLanguage":"cs","@id":"https:\/\/www.design-award.cz\/?portfolio=soukromy-interier-koupelna#primaryimage","url":"https:\/\/www.design-award.cz\/wp-content\/uploads\/2023\/04\/render-1.png","contentUrl":"https:\/\/www.design-award.cz\/wp-content\/uploads\/2023\/04\/render-1.png","width":1412,"height":798},{"@type":"BreadcrumbList","@id":"https:\/\/www.design-award.cz\/?portfolio=soukromy-interier-koupelna#breadcrumb","itemListElement":[{"@type":"ListItem","position":1,"name":"Dom\u016f","item":"https:\/\/www.design-award.cz\/"},{"@type":"ListItem","position":2,"name":"Portfolio Items","item":"https:\/\/www.design-award.cz\/?post_type=portfolio"},{"@type":"ListItem","position":3,"name":"Soukrom\u00fd interi\u00e9r &#8211; koupelna"}]},{"@type":"WebSite","@id":"https:\/\/www.design-award.cz\/#website","url":"https:\/\/www.design-award.cz\/","name":"design-award.cz","description":"WARD vznikla v roce 2022. Je ur\u010dena p\u0159edev\u0161\u00edm student\u016fm st\u0159edn\u00edch um\u011bleck\u00fdch \u0161kol (S\u0160 a VO\u0160), kte\u0159\u00ed mohou bezplatn\u011b zaslat sv\u00e9 n\u00e1vrhy v uveden\u00fdch kategori\u00ed a tak pom\u011b\u0159it sv\u00e9 n\u00e1pady s konkurenc\u00ed sv\u00fdch vrstevn\u00edk\u016f. N\u00e1vrhy jsou n\u00e1sledn\u011b posouzeny nez\u00e1vislou porotou z \u0159ad v\u00fdtvarn\u00edk\u016f, pedagog\u016f a profesion\u00e1l\u016f z oboru.","publisher":{"@id":"https:\/\/www.design-award.cz\/#organization"},"potentialAction":[{"@type":"SearchAction","target":{"@type":"EntryPoint","urlTemplate":"https:\/\/www.design-award.cz\/?s={search_term_string}"},"query-input":{"@type":"PropertyValueSpecification","valueRequired":true,"valueName":"search_term_string"}}],"inLanguage":"cs"},{"@type":"Organization","@id":"https:\/\/www.design-award.cz\/#organization","name":"Design Award","url":"https:\/\/www.design-award.cz\/","logo":{"@type":"ImageObject","inLanguage":"cs","@id":"https:\/\/www.design-award.cz\/#\/schema\/logo\/image\/","url":"http:\/\/www.design-award.cz\/wp-content\/uploads\/2021\/12\/hornilogo_design-award.png","contentUrl":"http:\/\/www.design-award.cz\/wp-content\/uploads\/2021\/12\/hornilogo_design-award.png","width":800,"height":600,"caption":"Design Award"},"image":{"@id":"https:\/\/www.design-award.cz\/#\/schema\/logo\/image\/"},"sameAs":["https:\/\/www.instagram.com\/design_award\/"]}]}},"_links":{"self":[{"href":"https:\/\/www.design-award.cz\/index.php?rest_route=\/wp\/v2\/portfolio\/2075","targetHints":{"allow":["GET"]}}],"collection":[{"href":"https:\/\/www.design-award.cz\/index.php?rest_route=\/wp\/v2\/portfolio"}],"about":[{"href":"https:\/\/www.design-award.cz\/index.php?rest_route=\/wp\/v2\/types\/portfolio"}],"author":[{"embeddable":true,"href":"https:\/\/www.design-award.cz\/index.php?rest_route=\/wp\/v2\/users\/5"}],"replies":[{"embeddable":true,"href":"https:\/\/www.design-award.cz\/index.php?rest_route=%2Fwp%2Fv2%2Fcomments&post=2075"}],"version-history":[{"count":1,"href":"https:\/\/www.design-award.cz\/index.php?rest_route=\/wp\/v2\/portfolio\/2075\/revisions"}],"predecessor-version":[{"id":2082,"href":"https:\/\/www.design-award.cz\/index.php?rest_route=\/wp\/v2\/portfolio\/2075\/revisions\/2082"}],"wp:featuredmedia":[{"embeddable":true,"href":"https:\/\/www.design-award.cz\/index.php?rest_route=\/wp\/v2\/media\/2077"}],"wp:attachment":[{"href":"https:\/\/www.design-award.cz\/index.php?rest_route=%2Fwp%2Fv2%2Fmedia&parent=2075"}],"wp:term":[{"taxonomy":"portfolio_category","embeddable":true,"href":"https:\/\/www.design-award.cz\/index.php?rest_route=%2Fwp%2Fv2%2Fportfolio_category&post=2075"},{"taxonomy":"portfolio_tag","embeddable":true,"href":"https:\/\/www.design-award.cz\/index.php?rest_route=%2Fwp%2Fv2%2Fportfolio_tag&post=2075"}],"curies":[{"name":"wp","href":"https:\/\/api.w.org\/{rel}","templated":true}]}}