{"id":2083,"date":"2023-04-13T20:25:41","date_gmt":"2023-04-13T20:25:41","guid":{"rendered":"https:\/\/www.design-award.cz\/?post_type=portfolio&#038;p=2083"},"modified":"2023-04-13T20:25:42","modified_gmt":"2023-04-13T20:25:42","slug":"produktovy-design-baroque-cup","status":"publish","type":"portfolio","link":"https:\/\/www.design-award.cz\/?portfolio=produktovy-design-baroque-cup","title":{"rendered":"Produktov\u00fd design &#8211; Baroque cup"},"content":{"rendered":"\n<p><strong>Eli\u0161ka Hrdinov\u00e1<\/strong><\/p>\n\n\n\n<p>St\u0159edn\u00ed um\u011bleckopr\u016fmyslov\u00e1 \u0161kola Bechyn\u011b-SUP\u0160 Bechyn\u011b<\/p>\n\n\n\n<p>Baroque cup je \u0161\u00e1lek s pod\u0161\u00e1lkem s neobvykl\u00fdm reli\u00e9fem po cel\u00e9m obvodu a dod\u00e1v\u00e1 to dojem dvojit\u00e9ho hrne\u010dku.<\/p>\n\n\n\n<p>Moje inspirace u\u017e od za\u010d\u00e1tku zad\u00e1n\u00ed klauzurn\u00ed pr\u00e1ce byla v barokn\u00edm \u0161\u00e1lku. L\u00edbila se mi lehkost a tenkost proveden\u00ed a od toho se odv\u00edjela m\u00e1 pr\u00e1ce u\u017e od za\u010d\u00e1tku. N\u011bjakou inspiraci jsem hledala i v \u010desk\u00e9m porcel\u00e1nu, kter\u00fd se mi l\u00edbil svoj\u00ed lehkost\u00ed a proveden\u00edm. Na celou my\u0161lenku m\u011b p\u0159ivedl plen\u00e9r v z\u00e1\u0159\u00ed,<br>kdy\u017e v jejich kuchy\u0148ce byl kr\u00e1sn\u00fd hrne\u010dek.<\/p>\n\n\n\n<p>\u0160\u00e1lek je vytvo\u0159en z Diturvitu, z co nejten\u010d\u00edho st\u0159epu. Toto je tedy vizualizace pomoc\u00ed aplikace Rhinoceros.<\/p>\n\n\n\n<p>Zvolila jsem 3 barevn\u00e9 varianty ,kter\u00e9 se mi zd\u00e1li nejhez\u010d\u00ed ,samoz\u0159ejm\u011b je mo\u017en\u00e9 ho vytvo\u0159it v jak\u00e9koliv barv\u011b .<\/p>\n\n\n\n<p>V\u0161echno je ve snaze o jednoduchost pr\u00e1ce a pokusu o lehkost.<\/p>\n\n\n\n<p>Miluji ten pocit ,kdy\u017e ho dr\u017e\u00edm v ruce.<\/p>\n\n\n\n<figure class=\"wp-block-image size-large\"><img decoding=\"async\" width=\"1024\" height=\"576\" data-src=\"http:\/\/www.design-award.cz\/wp-content\/uploads\/2023\/04\/render-soutez-hneda-1024x576.png\" alt=\"\" class=\"wp-image-2086 lazyload\" data-srcset=\"https:\/\/www.design-award.cz\/wp-content\/uploads\/2023\/04\/render-soutez-hneda-1024x576.png 1024w, https:\/\/www.design-award.cz\/wp-content\/uploads\/2023\/04\/render-soutez-hneda-300x169.png 300w, https:\/\/www.design-award.cz\/wp-content\/uploads\/2023\/04\/render-soutez-hneda-768x432.png 768w, https:\/\/www.design-award.cz\/wp-content\/uploads\/2023\/04\/render-soutez-hneda-1536x864.png 1536w, https:\/\/www.design-award.cz\/wp-content\/uploads\/2023\/04\/render-soutez-hneda-500x281.png 500w, https:\/\/www.design-award.cz\/wp-content\/uploads\/2023\/04\/render-soutez-hneda-800x450.png 800w, https:\/\/www.design-award.cz\/wp-content\/uploads\/2023\/04\/render-soutez-hneda-1280x720.png 1280w, https:\/\/www.design-award.cz\/wp-content\/uploads\/2023\/04\/render-soutez-hneda.png 1920w\" data-sizes=\"(max-width: 1024px) 100vw, 1024px\" src=\"data:image\/svg+xml;base64,PHN2ZyB3aWR0aD0iMSIgaGVpZ2h0PSIxIiB4bWxucz0iaHR0cDovL3d3dy53My5vcmcvMjAwMC9zdmciPjwvc3ZnPg==\" style=\"--smush-placeholder-width: 1024px; --smush-placeholder-aspect-ratio: 1024\/576;\" \/><\/figure>\n\n\n\n<figure class=\"wp-block-image size-large\"><img decoding=\"async\" width=\"1024\" height=\"576\" data-src=\"http:\/\/www.design-award.cz\/wp-content\/uploads\/2023\/04\/render-soutez-modra-1024x576.png\" alt=\"\" class=\"wp-image-2087 lazyload\" data-srcset=\"https:\/\/www.design-award.cz\/wp-content\/uploads\/2023\/04\/render-soutez-modra-1024x576.png 1024w, https:\/\/www.design-award.cz\/wp-content\/uploads\/2023\/04\/render-soutez-modra-300x169.png 300w, https:\/\/www.design-award.cz\/wp-content\/uploads\/2023\/04\/render-soutez-modra-768x432.png 768w, https:\/\/www.design-award.cz\/wp-content\/uploads\/2023\/04\/render-soutez-modra-1536x864.png 1536w, https:\/\/www.design-award.cz\/wp-content\/uploads\/2023\/04\/render-soutez-modra-500x281.png 500w, https:\/\/www.design-award.cz\/wp-content\/uploads\/2023\/04\/render-soutez-modra-800x450.png 800w, https:\/\/www.design-award.cz\/wp-content\/uploads\/2023\/04\/render-soutez-modra-1280x720.png 1280w, https:\/\/www.design-award.cz\/wp-content\/uploads\/2023\/04\/render-soutez-modra.png 1920w\" data-sizes=\"(max-width: 1024px) 100vw, 1024px\" src=\"data:image\/svg+xml;base64,PHN2ZyB3aWR0aD0iMSIgaGVpZ2h0PSIxIiB4bWxucz0iaHR0cDovL3d3dy53My5vcmcvMjAwMC9zdmciPjwvc3ZnPg==\" style=\"--smush-placeholder-width: 1024px; --smush-placeholder-aspect-ratio: 1024\/576;\" \/><\/figure>\n\n\n\n<figure class=\"wp-block-image size-large\"><img decoding=\"async\" width=\"1024\" height=\"576\" data-src=\"http:\/\/www.design-award.cz\/wp-content\/uploads\/2023\/04\/render-soutez-seda-1024x576.png\" alt=\"\" class=\"wp-image-2088 lazyload\" data-srcset=\"https:\/\/www.design-award.cz\/wp-content\/uploads\/2023\/04\/render-soutez-seda-1024x576.png 1024w, https:\/\/www.design-award.cz\/wp-content\/uploads\/2023\/04\/render-soutez-seda-300x169.png 300w, https:\/\/www.design-award.cz\/wp-content\/uploads\/2023\/04\/render-soutez-seda-768x432.png 768w, https:\/\/www.design-award.cz\/wp-content\/uploads\/2023\/04\/render-soutez-seda-1536x864.png 1536w, https:\/\/www.design-award.cz\/wp-content\/uploads\/2023\/04\/render-soutez-seda-500x281.png 500w, https:\/\/www.design-award.cz\/wp-content\/uploads\/2023\/04\/render-soutez-seda-800x450.png 800w, https:\/\/www.design-award.cz\/wp-content\/uploads\/2023\/04\/render-soutez-seda-1280x720.png 1280w, https:\/\/www.design-award.cz\/wp-content\/uploads\/2023\/04\/render-soutez-seda.png 1920w\" data-sizes=\"(max-width: 1024px) 100vw, 1024px\" src=\"data:image\/svg+xml;base64,PHN2ZyB3aWR0aD0iMSIgaGVpZ2h0PSIxIiB4bWxucz0iaHR0cDovL3d3dy53My5vcmcvMjAwMC9zdmciPjwvc3ZnPg==\" style=\"--smush-placeholder-width: 1024px; --smush-placeholder-aspect-ratio: 1024\/576;\" \/><\/figure>\n\n\n\n<figure class=\"wp-block-image size-full\"><img decoding=\"async\" width=\"1000\" height=\"1000\" data-src=\"http:\/\/www.design-award.cz\/wp-content\/uploads\/2023\/04\/hrnek-vykres-Hrdinova-1.jpg\" alt=\"\" class=\"wp-image-2085 lazyload\" data-srcset=\"https:\/\/www.design-award.cz\/wp-content\/uploads\/2023\/04\/hrnek-vykres-Hrdinova-1.jpg 1000w, https:\/\/www.design-award.cz\/wp-content\/uploads\/2023\/04\/hrnek-vykres-Hrdinova-1-300x300.jpg 300w, https:\/\/www.design-award.cz\/wp-content\/uploads\/2023\/04\/hrnek-vykres-Hrdinova-1-150x150.jpg 150w, https:\/\/www.design-award.cz\/wp-content\/uploads\/2023\/04\/hrnek-vykres-Hrdinova-1-768x768.jpg 768w, https:\/\/www.design-award.cz\/wp-content\/uploads\/2023\/04\/hrnek-vykres-Hrdinova-1-500x500.jpg 500w, https:\/\/www.design-award.cz\/wp-content\/uploads\/2023\/04\/hrnek-vykres-Hrdinova-1-800x800.jpg 800w\" data-sizes=\"(max-width: 1000px) 100vw, 1000px\" src=\"data:image\/svg+xml;base64,PHN2ZyB3aWR0aD0iMSIgaGVpZ2h0PSIxIiB4bWxucz0iaHR0cDovL3d3dy53My5vcmcvMjAwMC9zdmciPjwvc3ZnPg==\" style=\"--smush-placeholder-width: 1000px; --smush-placeholder-aspect-ratio: 1000\/1000;\" \/><\/figure>\n","protected":false},"excerpt":{"rendered":"<p>Eli\u0161ka Hrdinov\u00e1 St\u0159edn\u00ed um\u011bleckopr\u016fmyslov\u00e1 \u0161kola Bechyn\u011b-SUP\u0160 Bechyn\u011b Baroque cup je \u0161\u00e1lek s pod\u0161\u00e1lkem s neobvykl\u00fdm reli\u00e9fem po cel\u00e9m obvodu a dod\u00e1v\u00e1 to dojem dvojit\u00e9ho hrne\u010dku. Moje inspirace u\u017e od za\u010d\u00e1tku zad\u00e1n\u00ed klauzurn\u00ed pr\u00e1ce byla v barokn\u00edm \u0161\u00e1lku. L\u00edbila se mi lehkost a tenkost proveden\u00ed a od toho se odv\u00edjela m\u00e1 pr\u00e1ce u\u017e od za\u010d\u00e1tku. N\u011bjakou [&hellip;]<\/p>\n","protected":false},"author":5,"featured_media":2084,"menu_order":0,"comment_status":"closed","ping_status":"closed","template":"","format":"standard","meta":{"ngg_post_thumbnail":0,"ocean_post_layout":"","ocean_both_sidebars_style":"","ocean_both_sidebars_content_width":0,"ocean_both_sidebars_sidebars_width":0,"ocean_sidebar":"","ocean_second_sidebar":"","ocean_disable_margins":"enable","ocean_add_body_class":"","ocean_shortcode_before_top_bar":"","ocean_shortcode_after_top_bar":"","ocean_shortcode_before_header":"","ocean_shortcode_after_header":"","ocean_has_shortcode":"","ocean_shortcode_after_title":"","ocean_shortcode_before_footer_widgets":"","ocean_shortcode_after_footer_widgets":"","ocean_shortcode_before_footer_bottom":"","ocean_shortcode_after_footer_bottom":"","ocean_display_top_bar":"default","ocean_display_header":"default","ocean_header_style":"","ocean_center_header_left_menu":"","ocean_custom_header_template":"","ocean_custom_logo":0,"ocean_custom_retina_logo":0,"ocean_custom_logo_max_width":0,"ocean_custom_logo_tablet_max_width":0,"ocean_custom_logo_mobile_max_width":0,"ocean_custom_logo_max_height":0,"ocean_custom_logo_tablet_max_height":0,"ocean_custom_logo_mobile_max_height":0,"ocean_header_custom_menu":"","ocean_menu_typo_font_family":"","ocean_menu_typo_font_subset":"","ocean_menu_typo_font_size":0,"ocean_menu_typo_font_size_tablet":0,"ocean_menu_typo_font_size_mobile":0,"ocean_menu_typo_font_size_unit":"px","ocean_menu_typo_font_weight":"","ocean_menu_typo_font_weight_tablet":"","ocean_menu_typo_font_weight_mobile":"","ocean_menu_typo_transform":"","ocean_menu_typo_transform_tablet":"","ocean_menu_typo_transform_mobile":"","ocean_menu_typo_line_height":0,"ocean_menu_typo_line_height_tablet":0,"ocean_menu_typo_line_height_mobile":0,"ocean_menu_typo_line_height_unit":"","ocean_menu_typo_spacing":0,"ocean_menu_typo_spacing_tablet":0,"ocean_menu_typo_spacing_mobile":0,"ocean_menu_typo_spacing_unit":"","ocean_menu_link_color":"","ocean_menu_link_color_hover":"","ocean_menu_link_color_active":"","ocean_menu_link_background":"","ocean_menu_link_hover_background":"","ocean_menu_link_active_background":"","ocean_menu_social_links_bg":"","ocean_menu_social_hover_links_bg":"","ocean_menu_social_links_color":"","ocean_menu_social_hover_links_color":"","ocean_disable_title":"default","ocean_disable_heading":"default","ocean_post_title":"","ocean_post_subheading":"","ocean_post_title_style":"","ocean_post_title_background_color":"","ocean_post_title_background":0,"ocean_post_title_bg_image_position":"","ocean_post_title_bg_image_attachment":"","ocean_post_title_bg_image_repeat":"","ocean_post_title_bg_image_size":"","ocean_post_title_height":0,"ocean_post_title_bg_overlay":0.5,"ocean_post_title_bg_overlay_color":"","ocean_disable_breadcrumbs":"default","ocean_breadcrumbs_color":"","ocean_breadcrumbs_separator_color":"","ocean_breadcrumbs_links_color":"","ocean_breadcrumbs_links_hover_color":"","ocean_display_footer_widgets":"default","ocean_display_footer_bottom":"default","ocean_custom_footer_template":"","_vp_format_video_url":"","_vp_image_focal_point":[],"footnotes":""},"portfolio_category":[10],"portfolio_tag":[],"class_list":["post-2083","portfolio","type-portfolio","status-publish","format-standard","has-post-thumbnail","hentry","portfolio_category-soutezici-2023","entry","has-media"],"yoast_head":"<!-- This site is optimized with the Yoast SEO plugin v25.2 - https:\/\/yoast.com\/wordpress\/plugins\/seo\/ -->\n<title>Produktov\u00fd design - Baroque cup - design-award.cz<\/title>\n<meta name=\"robots\" content=\"index, follow, max-snippet:-1, max-image-preview:large, max-video-preview:-1\" \/>\n<link rel=\"canonical\" href=\"https:\/\/www.design-award.cz\/?portfolio=produktovy-design-baroque-cup\" \/>\n<meta property=\"og:locale\" content=\"cs_CZ\" \/>\n<meta property=\"og:type\" content=\"article\" \/>\n<meta property=\"og:title\" content=\"Produktov\u00fd design - Baroque cup - design-award.cz\" \/>\n<meta property=\"og:description\" content=\"Eli\u0161ka Hrdinov\u00e1 St\u0159edn\u00ed um\u011bleckopr\u016fmyslov\u00e1 \u0161kola Bechyn\u011b-SUP\u0160 Bechyn\u011b Baroque cup je \u0161\u00e1lek s pod\u0161\u00e1lkem s neobvykl\u00fdm reli\u00e9fem po cel\u00e9m obvodu a dod\u00e1v\u00e1 to dojem dvojit\u00e9ho hrne\u010dku. Moje inspirace u\u017e od za\u010d\u00e1tku zad\u00e1n\u00ed klauzurn\u00ed pr\u00e1ce byla v barokn\u00edm \u0161\u00e1lku. L\u00edbila se mi lehkost a tenkost proveden\u00ed a od toho se odv\u00edjela m\u00e1 pr\u00e1ce u\u017e od za\u010d\u00e1tku. N\u011bjakou [&hellip;]\" \/>\n<meta property=\"og:url\" content=\"https:\/\/www.design-award.cz\/?portfolio=produktovy-design-baroque-cup\" \/>\n<meta property=\"og:site_name\" content=\"design-award.cz\" \/>\n<meta property=\"article:modified_time\" content=\"2023-04-13T20:25:42+00:00\" \/>\n<meta property=\"og:image\" content=\"http:\/\/www.design-award.cz\/wp-content\/uploads\/2023\/04\/hrnek-render.jpg\" \/>\n\t<meta property=\"og:image:width\" content=\"1920\" \/>\n\t<meta property=\"og:image:height\" content=\"1080\" \/>\n\t<meta property=\"og:image:type\" content=\"image\/jpeg\" \/>\n<meta name=\"twitter:card\" content=\"summary_large_image\" \/>\n<meta name=\"twitter:label1\" content=\"Odhadovan\u00e1 doba \u010dten\u00ed\" \/>\n\t<meta name=\"twitter:data1\" content=\"1 minuta\" \/>\n<script type=\"application\/ld+json\" class=\"yoast-schema-graph\">{\"@context\":\"https:\/\/schema.org\",\"@graph\":[{\"@type\":\"WebPage\",\"@id\":\"https:\/\/www.design-award.cz\/?portfolio=produktovy-design-baroque-cup\",\"url\":\"https:\/\/www.design-award.cz\/?portfolio=produktovy-design-baroque-cup\",\"name\":\"Produktov\u00fd design - Baroque cup - design-award.cz\",\"isPartOf\":{\"@id\":\"https:\/\/www.design-award.cz\/#website\"},\"primaryImageOfPage\":{\"@id\":\"https:\/\/www.design-award.cz\/?portfolio=produktovy-design-baroque-cup#primaryimage\"},\"image\":{\"@id\":\"https:\/\/www.design-award.cz\/?portfolio=produktovy-design-baroque-cup#primaryimage\"},\"thumbnailUrl\":\"https:\/\/www.design-award.cz\/wp-content\/uploads\/2023\/04\/hrnek-render.jpg\",\"datePublished\":\"2023-04-13T20:25:41+00:00\",\"dateModified\":\"2023-04-13T20:25:42+00:00\",\"breadcrumb\":{\"@id\":\"https:\/\/www.design-award.cz\/?portfolio=produktovy-design-baroque-cup#breadcrumb\"},\"inLanguage\":\"cs\",\"potentialAction\":[{\"@type\":\"ReadAction\",\"target\":[\"https:\/\/www.design-award.cz\/?portfolio=produktovy-design-baroque-cup\"]}]},{\"@type\":\"ImageObject\",\"inLanguage\":\"cs\",\"@id\":\"https:\/\/www.design-award.cz\/?portfolio=produktovy-design-baroque-cup#primaryimage\",\"url\":\"https:\/\/www.design-award.cz\/wp-content\/uploads\/2023\/04\/hrnek-render.jpg\",\"contentUrl\":\"https:\/\/www.design-award.cz\/wp-content\/uploads\/2023\/04\/hrnek-render.jpg\",\"width\":1920,\"height\":1080},{\"@type\":\"BreadcrumbList\",\"@id\":\"https:\/\/www.design-award.cz\/?portfolio=produktovy-design-baroque-cup#breadcrumb\",\"itemListElement\":[{\"@type\":\"ListItem\",\"position\":1,\"name\":\"Dom\u016f\",\"item\":\"https:\/\/www.design-award.cz\/\"},{\"@type\":\"ListItem\",\"position\":2,\"name\":\"Portfolio Items\",\"item\":\"https:\/\/www.design-award.cz\/?post_type=portfolio\"},{\"@type\":\"ListItem\",\"position\":3,\"name\":\"Produktov\u00fd design &#8211; Baroque cup\"}]},{\"@type\":\"WebSite\",\"@id\":\"https:\/\/www.design-award.cz\/#website\",\"url\":\"https:\/\/www.design-award.cz\/\",\"name\":\"design-award.cz\",\"description\":\"WARD vznikla v roce 2022. Je ur\u010dena p\u0159edev\u0161\u00edm student\u016fm st\u0159edn\u00edch um\u011bleck\u00fdch \u0161kol (S\u0160 a VO\u0160), kte\u0159\u00ed mohou bezplatn\u011b zaslat sv\u00e9 n\u00e1vrhy v uveden\u00fdch kategori\u00ed a tak pom\u011b\u0159it sv\u00e9 n\u00e1pady s konkurenc\u00ed sv\u00fdch vrstevn\u00edk\u016f. N\u00e1vrhy jsou n\u00e1sledn\u011b posouzeny nez\u00e1vislou porotou z \u0159ad v\u00fdtvarn\u00edk\u016f, pedagog\u016f a profesion\u00e1l\u016f z oboru.\",\"publisher\":{\"@id\":\"https:\/\/www.design-award.cz\/#organization\"},\"potentialAction\":[{\"@type\":\"SearchAction\",\"target\":{\"@type\":\"EntryPoint\",\"urlTemplate\":\"https:\/\/www.design-award.cz\/?s={search_term_string}\"},\"query-input\":{\"@type\":\"PropertyValueSpecification\",\"valueRequired\":true,\"valueName\":\"search_term_string\"}}],\"inLanguage\":\"cs\"},{\"@type\":\"Organization\",\"@id\":\"https:\/\/www.design-award.cz\/#organization\",\"name\":\"Design Award\",\"url\":\"https:\/\/www.design-award.cz\/\",\"logo\":{\"@type\":\"ImageObject\",\"inLanguage\":\"cs\",\"@id\":\"https:\/\/www.design-award.cz\/#\/schema\/logo\/image\/\",\"url\":\"http:\/\/www.design-award.cz\/wp-content\/uploads\/2021\/12\/hornilogo_design-award.png\",\"contentUrl\":\"http:\/\/www.design-award.cz\/wp-content\/uploads\/2021\/12\/hornilogo_design-award.png\",\"width\":800,\"height\":600,\"caption\":\"Design Award\"},\"image\":{\"@id\":\"https:\/\/www.design-award.cz\/#\/schema\/logo\/image\/\"},\"sameAs\":[\"https:\/\/www.instagram.com\/design_award\/\"]}]}<\/script>\n<!-- \/ Yoast SEO plugin. -->","yoast_head_json":{"title":"Produktov\u00fd design - Baroque cup - design-award.cz","robots":{"index":"index","follow":"follow","max-snippet":"max-snippet:-1","max-image-preview":"max-image-preview:large","max-video-preview":"max-video-preview:-1"},"canonical":"https:\/\/www.design-award.cz\/?portfolio=produktovy-design-baroque-cup","og_locale":"cs_CZ","og_type":"article","og_title":"Produktov\u00fd design - Baroque cup - design-award.cz","og_description":"Eli\u0161ka Hrdinov\u00e1 St\u0159edn\u00ed um\u011bleckopr\u016fmyslov\u00e1 \u0161kola Bechyn\u011b-SUP\u0160 Bechyn\u011b Baroque cup je \u0161\u00e1lek s pod\u0161\u00e1lkem s neobvykl\u00fdm reli\u00e9fem po cel\u00e9m obvodu a dod\u00e1v\u00e1 to dojem dvojit\u00e9ho hrne\u010dku. Moje inspirace u\u017e od za\u010d\u00e1tku zad\u00e1n\u00ed klauzurn\u00ed pr\u00e1ce byla v barokn\u00edm \u0161\u00e1lku. L\u00edbila se mi lehkost a tenkost proveden\u00ed a od toho se odv\u00edjela m\u00e1 pr\u00e1ce u\u017e od za\u010d\u00e1tku. N\u011bjakou [&hellip;]","og_url":"https:\/\/www.design-award.cz\/?portfolio=produktovy-design-baroque-cup","og_site_name":"design-award.cz","article_modified_time":"2023-04-13T20:25:42+00:00","og_image":[{"width":1920,"height":1080,"url":"http:\/\/www.design-award.cz\/wp-content\/uploads\/2023\/04\/hrnek-render.jpg","type":"image\/jpeg"}],"twitter_card":"summary_large_image","twitter_misc":{"Odhadovan\u00e1 doba \u010dten\u00ed":"1 minuta"},"schema":{"@context":"https:\/\/schema.org","@graph":[{"@type":"WebPage","@id":"https:\/\/www.design-award.cz\/?portfolio=produktovy-design-baroque-cup","url":"https:\/\/www.design-award.cz\/?portfolio=produktovy-design-baroque-cup","name":"Produktov\u00fd design - Baroque cup - design-award.cz","isPartOf":{"@id":"https:\/\/www.design-award.cz\/#website"},"primaryImageOfPage":{"@id":"https:\/\/www.design-award.cz\/?portfolio=produktovy-design-baroque-cup#primaryimage"},"image":{"@id":"https:\/\/www.design-award.cz\/?portfolio=produktovy-design-baroque-cup#primaryimage"},"thumbnailUrl":"https:\/\/www.design-award.cz\/wp-content\/uploads\/2023\/04\/hrnek-render.jpg","datePublished":"2023-04-13T20:25:41+00:00","dateModified":"2023-04-13T20:25:42+00:00","breadcrumb":{"@id":"https:\/\/www.design-award.cz\/?portfolio=produktovy-design-baroque-cup#breadcrumb"},"inLanguage":"cs","potentialAction":[{"@type":"ReadAction","target":["https:\/\/www.design-award.cz\/?portfolio=produktovy-design-baroque-cup"]}]},{"@type":"ImageObject","inLanguage":"cs","@id":"https:\/\/www.design-award.cz\/?portfolio=produktovy-design-baroque-cup#primaryimage","url":"https:\/\/www.design-award.cz\/wp-content\/uploads\/2023\/04\/hrnek-render.jpg","contentUrl":"https:\/\/www.design-award.cz\/wp-content\/uploads\/2023\/04\/hrnek-render.jpg","width":1920,"height":1080},{"@type":"BreadcrumbList","@id":"https:\/\/www.design-award.cz\/?portfolio=produktovy-design-baroque-cup#breadcrumb","itemListElement":[{"@type":"ListItem","position":1,"name":"Dom\u016f","item":"https:\/\/www.design-award.cz\/"},{"@type":"ListItem","position":2,"name":"Portfolio Items","item":"https:\/\/www.design-award.cz\/?post_type=portfolio"},{"@type":"ListItem","position":3,"name":"Produktov\u00fd design &#8211; Baroque cup"}]},{"@type":"WebSite","@id":"https:\/\/www.design-award.cz\/#website","url":"https:\/\/www.design-award.cz\/","name":"design-award.cz","description":"WARD vznikla v roce 2022. Je ur\u010dena p\u0159edev\u0161\u00edm student\u016fm st\u0159edn\u00edch um\u011bleck\u00fdch \u0161kol (S\u0160 a VO\u0160), kte\u0159\u00ed mohou bezplatn\u011b zaslat sv\u00e9 n\u00e1vrhy v uveden\u00fdch kategori\u00ed a tak pom\u011b\u0159it sv\u00e9 n\u00e1pady s konkurenc\u00ed sv\u00fdch vrstevn\u00edk\u016f. N\u00e1vrhy jsou n\u00e1sledn\u011b posouzeny nez\u00e1vislou porotou z \u0159ad v\u00fdtvarn\u00edk\u016f, pedagog\u016f a profesion\u00e1l\u016f z oboru.","publisher":{"@id":"https:\/\/www.design-award.cz\/#organization"},"potentialAction":[{"@type":"SearchAction","target":{"@type":"EntryPoint","urlTemplate":"https:\/\/www.design-award.cz\/?s={search_term_string}"},"query-input":{"@type":"PropertyValueSpecification","valueRequired":true,"valueName":"search_term_string"}}],"inLanguage":"cs"},{"@type":"Organization","@id":"https:\/\/www.design-award.cz\/#organization","name":"Design Award","url":"https:\/\/www.design-award.cz\/","logo":{"@type":"ImageObject","inLanguage":"cs","@id":"https:\/\/www.design-award.cz\/#\/schema\/logo\/image\/","url":"http:\/\/www.design-award.cz\/wp-content\/uploads\/2021\/12\/hornilogo_design-award.png","contentUrl":"http:\/\/www.design-award.cz\/wp-content\/uploads\/2021\/12\/hornilogo_design-award.png","width":800,"height":600,"caption":"Design Award"},"image":{"@id":"https:\/\/www.design-award.cz\/#\/schema\/logo\/image\/"},"sameAs":["https:\/\/www.instagram.com\/design_award\/"]}]}},"_links":{"self":[{"href":"https:\/\/www.design-award.cz\/index.php?rest_route=\/wp\/v2\/portfolio\/2083","targetHints":{"allow":["GET"]}}],"collection":[{"href":"https:\/\/www.design-award.cz\/index.php?rest_route=\/wp\/v2\/portfolio"}],"about":[{"href":"https:\/\/www.design-award.cz\/index.php?rest_route=\/wp\/v2\/types\/portfolio"}],"author":[{"embeddable":true,"href":"https:\/\/www.design-award.cz\/index.php?rest_route=\/wp\/v2\/users\/5"}],"replies":[{"embeddable":true,"href":"https:\/\/www.design-award.cz\/index.php?rest_route=%2Fwp%2Fv2%2Fcomments&post=2083"}],"version-history":[{"count":1,"href":"https:\/\/www.design-award.cz\/index.php?rest_route=\/wp\/v2\/portfolio\/2083\/revisions"}],"predecessor-version":[{"id":2089,"href":"https:\/\/www.design-award.cz\/index.php?rest_route=\/wp\/v2\/portfolio\/2083\/revisions\/2089"}],"wp:featuredmedia":[{"embeddable":true,"href":"https:\/\/www.design-award.cz\/index.php?rest_route=\/wp\/v2\/media\/2084"}],"wp:attachment":[{"href":"https:\/\/www.design-award.cz\/index.php?rest_route=%2Fwp%2Fv2%2Fmedia&parent=2083"}],"wp:term":[{"taxonomy":"portfolio_category","embeddable":true,"href":"https:\/\/www.design-award.cz\/index.php?rest_route=%2Fwp%2Fv2%2Fportfolio_category&post=2083"},{"taxonomy":"portfolio_tag","embeddable":true,"href":"https:\/\/www.design-award.cz\/index.php?rest_route=%2Fwp%2Fv2%2Fportfolio_tag&post=2083"}],"curies":[{"name":"wp","href":"https:\/\/api.w.org\/{rel}","templated":true}]}}