{"id":2097,"date":"2023-04-13T20:45:02","date_gmt":"2023-04-13T20:45:02","guid":{"rendered":"https:\/\/www.design-award.cz\/?post_type=portfolio&#038;p=2097"},"modified":"2023-04-13T20:47:38","modified_gmt":"2023-04-13T20:47:38","slug":"produktovy-design-kombinovana-urna","status":"publish","type":"portfolio","link":"https:\/\/www.design-award.cz\/?portfolio=produktovy-design-kombinovana-urna","title":{"rendered":"Produktov\u00fd design &#8211; Kombinovan\u00e1 urna"},"content":{"rendered":"\n<p><strong>Eli\u0161ka Gavlovsk\u00e1<\/strong><\/p>\n\n\n\n<p>Akademie &#8211; VO\u0160, Gymn. a SO\u0160UP Sv\u011btl\u00e1 nad S\u00e1zavou<\/p>\n\n\n\n<p>Zad\u00e1n\u00ed bylo rota\u010dn\u00ed tvar, materi\u00e1l sklo a porcel\u00e1n.<br>T\u00e9ma smrti m\u011b fascinuje a nejen proto jsem si vybrala urnu. Ta je stejn\u011b jako rakev relikvi\u00ed, kterou se smrt\u00ed spojujeme. Moje kombinovan\u00e1 urna byl n\u00e1pad, kter\u00fd jsem z legrace vznesla p\u0159i ve\u010de\u0159i ve \u0161koln\u00ed j\u00eddeln\u011b. Jednalo se pouze o \u017eert, ne\u010dekala jsem, \u017ee by se mohl uchytit, ale p\u0159esto jsem n\u00e1vrh nakonec p\u0159idala k ostatn\u00edm. Spolu s p\u0159\u00edklopn\u00fdm sv\u00edcnem a urnou jako takovou byl ov\u0161em vybr\u00e1n k dal\u0161\u00edmu zpracov\u00e1n\u00ed. V\u0161echno jsem to tedy spojila dohromady a vznikla kombinovan\u00e1 urna se sv\u00ed\u010dkou, kter\u00e1 se m\u016f\u017ee p\u0159iklopit.<br>-Ve sklen\u011bn\u00e9 variant\u011b p\u0159i zaklopen\u00ed sv\u00ed\u010dka zhasne a vznikne zaj\u00edmav\u00fd kou\u0159ov\u00fd efekt.<br>-Ve variant\u011b s porcel\u00e1nem jsem zvolila techniku \u201epro\u0161krabov\u00e1n\u00ed\u201c, kde sv\u011btlo sv\u00ed\u010dky prosv\u00edt\u00e1 ven skrze ten\u010d\u00ed vrstvu materi\u00e1lu.<br>V\u00fdhoda kombinovan\u00e9 urny je takov\u00e1, \u017ee lze dle libosti skl\u00e1dat misky na sebe a ulo\u017eit tak v\u00edce zesnul\u00fdch pospolu. M\u016f\u017eete i z\u00e1rove\u0148 ve vrchn\u00ed misce zap\u00e1lit sv\u00ed\u010dku, a podobn\u011b jako se to d\u011bl\u00e1 na h\u0159bitovech, uct\u00edt sv\u00e9 bl\u00edzk\u00e9.<\/p>\n\n\n\n<figure class=\"wp-block-image size-large\"><img decoding=\"async\" width=\"1024\" height=\"1024\" data-src=\"http:\/\/www.design-award.cz\/wp-content\/uploads\/2023\/04\/Urna-porcelan-2-1024x1024.jpg\" alt=\"\" class=\"wp-image-2098 lazyload\" data-srcset=\"https:\/\/www.design-award.cz\/wp-content\/uploads\/2023\/04\/Urna-porcelan-2-1024x1024.jpg 1024w, https:\/\/www.design-award.cz\/wp-content\/uploads\/2023\/04\/Urna-porcelan-2-300x300.jpg 300w, https:\/\/www.design-award.cz\/wp-content\/uploads\/2023\/04\/Urna-porcelan-2-150x150.jpg 150w, https:\/\/www.design-award.cz\/wp-content\/uploads\/2023\/04\/Urna-porcelan-2-768x768.jpg 768w, https:\/\/www.design-award.cz\/wp-content\/uploads\/2023\/04\/Urna-porcelan-2-1536x1536.jpg 1536w, https:\/\/www.design-award.cz\/wp-content\/uploads\/2023\/04\/Urna-porcelan-2-2048x2048.jpg 2048w, https:\/\/www.design-award.cz\/wp-content\/uploads\/2023\/04\/Urna-porcelan-2-500x500.jpg 500w, https:\/\/www.design-award.cz\/wp-content\/uploads\/2023\/04\/Urna-porcelan-2-800x800.jpg 800w, https:\/\/www.design-award.cz\/wp-content\/uploads\/2023\/04\/Urna-porcelan-2-1280x1280.jpg 1280w, https:\/\/www.design-award.cz\/wp-content\/uploads\/2023\/04\/Urna-porcelan-2-1920x1921.jpg 1920w\" data-sizes=\"(max-width: 1024px) 100vw, 1024px\" src=\"data:image\/svg+xml;base64,PHN2ZyB3aWR0aD0iMSIgaGVpZ2h0PSIxIiB4bWxucz0iaHR0cDovL3d3dy53My5vcmcvMjAwMC9zdmciPjwvc3ZnPg==\" style=\"--smush-placeholder-width: 1024px; --smush-placeholder-aspect-ratio: 1024\/1024;\" \/><\/figure>\n\n\n\n<figure class=\"wp-block-image size-large\"><img decoding=\"async\" width=\"1024\" height=\"875\" data-src=\"http:\/\/www.design-award.cz\/wp-content\/uploads\/2023\/04\/Urna-porcelan-1024x875.jpg\" alt=\"\" class=\"wp-image-2102 lazyload\" data-srcset=\"https:\/\/www.design-award.cz\/wp-content\/uploads\/2023\/04\/Urna-porcelan-1024x875.jpg 1024w, https:\/\/www.design-award.cz\/wp-content\/uploads\/2023\/04\/Urna-porcelan-300x256.jpg 300w, https:\/\/www.design-award.cz\/wp-content\/uploads\/2023\/04\/Urna-porcelan-768x656.jpg 768w, https:\/\/www.design-award.cz\/wp-content\/uploads\/2023\/04\/Urna-porcelan-1536x1313.jpg 1536w, https:\/\/www.design-award.cz\/wp-content\/uploads\/2023\/04\/Urna-porcelan-2048x1750.jpg 2048w, https:\/\/www.design-award.cz\/wp-content\/uploads\/2023\/04\/Urna-porcelan-500x427.jpg 500w, https:\/\/www.design-award.cz\/wp-content\/uploads\/2023\/04\/Urna-porcelan-800x684.jpg 800w, https:\/\/www.design-award.cz\/wp-content\/uploads\/2023\/04\/Urna-porcelan-1280x1094.jpg 1280w, https:\/\/www.design-award.cz\/wp-content\/uploads\/2023\/04\/Urna-porcelan-1920x1641.jpg 1920w\" data-sizes=\"(max-width: 1024px) 100vw, 1024px\" src=\"data:image\/svg+xml;base64,PHN2ZyB3aWR0aD0iMSIgaGVpZ2h0PSIxIiB4bWxucz0iaHR0cDovL3d3dy53My5vcmcvMjAwMC9zdmciPjwvc3ZnPg==\" style=\"--smush-placeholder-width: 1024px; --smush-placeholder-aspect-ratio: 1024\/875;\" \/><\/figure>\n\n\n\n<figure class=\"wp-block-image size-full\"><img decoding=\"async\" width=\"612\" height=\"612\" data-src=\"http:\/\/www.design-award.cz\/wp-content\/uploads\/2023\/04\/Urna-barevne-skici.jpg\" alt=\"\" class=\"wp-image-2101 lazyload\" data-srcset=\"https:\/\/www.design-award.cz\/wp-content\/uploads\/2023\/04\/Urna-barevne-skici.jpg 612w, https:\/\/www.design-award.cz\/wp-content\/uploads\/2023\/04\/Urna-barevne-skici-300x300.jpg 300w, https:\/\/www.design-award.cz\/wp-content\/uploads\/2023\/04\/Urna-barevne-skici-150x150.jpg 150w, https:\/\/www.design-award.cz\/wp-content\/uploads\/2023\/04\/Urna-barevne-skici-500x500.jpg 500w\" data-sizes=\"(max-width: 612px) 100vw, 612px\" src=\"data:image\/svg+xml;base64,PHN2ZyB3aWR0aD0iMSIgaGVpZ2h0PSIxIiB4bWxucz0iaHR0cDovL3d3dy53My5vcmcvMjAwMC9zdmciPjwvc3ZnPg==\" style=\"--smush-placeholder-width: 612px; --smush-placeholder-aspect-ratio: 612\/612;\" \/><\/figure>\n\n\n\n<figure class=\"wp-block-image size-large\"><img decoding=\"async\" width=\"1024\" height=\"778\" data-src=\"http:\/\/www.design-award.cz\/wp-content\/uploads\/2023\/04\/Urna-technicky-vykres-1024x778.jpg\" alt=\"\" class=\"wp-image-2100 lazyload\" data-srcset=\"https:\/\/www.design-award.cz\/wp-content\/uploads\/2023\/04\/Urna-technicky-vykres-1024x778.jpg 1024w, https:\/\/www.design-award.cz\/wp-content\/uploads\/2023\/04\/Urna-technicky-vykres-300x228.jpg 300w, https:\/\/www.design-award.cz\/wp-content\/uploads\/2023\/04\/Urna-technicky-vykres-768x584.jpg 768w, https:\/\/www.design-award.cz\/wp-content\/uploads\/2023\/04\/Urna-technicky-vykres-1536x1167.jpg 1536w, https:\/\/www.design-award.cz\/wp-content\/uploads\/2023\/04\/Urna-technicky-vykres-2048x1557.jpg 2048w, https:\/\/www.design-award.cz\/wp-content\/uploads\/2023\/04\/Urna-technicky-vykres-500x380.jpg 500w, https:\/\/www.design-award.cz\/wp-content\/uploads\/2023\/04\/Urna-technicky-vykres-800x608.jpg 800w, https:\/\/www.design-award.cz\/wp-content\/uploads\/2023\/04\/Urna-technicky-vykres-1280x973.jpg 1280w, https:\/\/www.design-award.cz\/wp-content\/uploads\/2023\/04\/Urna-technicky-vykres-1920x1459.jpg 1920w\" data-sizes=\"(max-width: 1024px) 100vw, 1024px\" src=\"data:image\/svg+xml;base64,PHN2ZyB3aWR0aD0iMSIgaGVpZ2h0PSIxIiB4bWxucz0iaHR0cDovL3d3dy53My5vcmcvMjAwMC9zdmciPjwvc3ZnPg==\" style=\"--smush-placeholder-width: 1024px; --smush-placeholder-aspect-ratio: 1024\/778;\" \/><\/figure>\n","protected":false},"excerpt":{"rendered":"<p>Eli\u0161ka Gavlovsk\u00e1 Akademie &#8211; VO\u0160, Gymn. a SO\u0160UP Sv\u011btl\u00e1 nad S\u00e1zavou Zad\u00e1n\u00ed bylo rota\u010dn\u00ed tvar, materi\u00e1l sklo a porcel\u00e1n.T\u00e9ma smrti m\u011b fascinuje a nejen proto jsem si vybrala urnu. Ta je stejn\u011b jako rakev relikvi\u00ed, kterou se smrt\u00ed spojujeme. Moje kombinovan\u00e1 urna byl n\u00e1pad, kter\u00fd jsem z legrace vznesla p\u0159i ve\u010de\u0159i ve \u0161koln\u00ed j\u00eddeln\u011b. Jednalo [&hellip;]<\/p>\n","protected":false},"author":5,"featured_media":2099,"menu_order":0,"comment_status":"closed","ping_status":"closed","template":"","format":"standard","meta":{"ngg_post_thumbnail":0,"ocean_post_layout":"","ocean_both_sidebars_style":"","ocean_both_sidebars_content_width":0,"ocean_both_sidebars_sidebars_width":0,"ocean_sidebar":"","ocean_second_sidebar":"","ocean_disable_margins":"enable","ocean_add_body_class":"","ocean_shortcode_before_top_bar":"","ocean_shortcode_after_top_bar":"","ocean_shortcode_before_header":"","ocean_shortcode_after_header":"","ocean_has_shortcode":"","ocean_shortcode_after_title":"","ocean_shortcode_before_footer_widgets":"","ocean_shortcode_after_footer_widgets":"","ocean_shortcode_before_footer_bottom":"","ocean_shortcode_after_footer_bottom":"","ocean_display_top_bar":"default","ocean_display_header":"default","ocean_header_style":"","ocean_center_header_left_menu":"","ocean_custom_header_template":"","ocean_custom_logo":0,"ocean_custom_retina_logo":0,"ocean_custom_logo_max_width":0,"ocean_custom_logo_tablet_max_width":0,"ocean_custom_logo_mobile_max_width":0,"ocean_custom_logo_max_height":0,"ocean_custom_logo_tablet_max_height":0,"ocean_custom_logo_mobile_max_height":0,"ocean_header_custom_menu":"","ocean_menu_typo_font_family":"","ocean_menu_typo_font_subset":"","ocean_menu_typo_font_size":0,"ocean_menu_typo_font_size_tablet":0,"ocean_menu_typo_font_size_mobile":0,"ocean_menu_typo_font_size_unit":"px","ocean_menu_typo_font_weight":"","ocean_menu_typo_font_weight_tablet":"","ocean_menu_typo_font_weight_mobile":"","ocean_menu_typo_transform":"","ocean_menu_typo_transform_tablet":"","ocean_menu_typo_transform_mobile":"","ocean_menu_typo_line_height":0,"ocean_menu_typo_line_height_tablet":0,"ocean_menu_typo_line_height_mobile":0,"ocean_menu_typo_line_height_unit":"","ocean_menu_typo_spacing":0,"ocean_menu_typo_spacing_tablet":0,"ocean_menu_typo_spacing_mobile":0,"ocean_menu_typo_spacing_unit":"","ocean_menu_link_color":"","ocean_menu_link_color_hover":"","ocean_menu_link_color_active":"","ocean_menu_link_background":"","ocean_menu_link_hover_background":"","ocean_menu_link_active_background":"","ocean_menu_social_links_bg":"","ocean_menu_social_hover_links_bg":"","ocean_menu_social_links_color":"","ocean_menu_social_hover_links_color":"","ocean_disable_title":"default","ocean_disable_heading":"default","ocean_post_title":"","ocean_post_subheading":"","ocean_post_title_style":"","ocean_post_title_background_color":"","ocean_post_title_background":0,"ocean_post_title_bg_image_position":"","ocean_post_title_bg_image_attachment":"","ocean_post_title_bg_image_repeat":"","ocean_post_title_bg_image_size":"","ocean_post_title_height":0,"ocean_post_title_bg_overlay":0.5,"ocean_post_title_bg_overlay_color":"","ocean_disable_breadcrumbs":"default","ocean_breadcrumbs_color":"","ocean_breadcrumbs_separator_color":"","ocean_breadcrumbs_links_color":"","ocean_breadcrumbs_links_hover_color":"","ocean_display_footer_widgets":"default","ocean_display_footer_bottom":"default","ocean_custom_footer_template":"","_vp_format_video_url":"","_vp_image_focal_point":[],"footnotes":""},"portfolio_category":[10],"portfolio_tag":[],"class_list":["post-2097","portfolio","type-portfolio","status-publish","format-standard","has-post-thumbnail","hentry","portfolio_category-soutezici-2023","entry","has-media"],"yoast_head":"<!-- This site is optimized with the Yoast SEO plugin v25.2 - https:\/\/yoast.com\/wordpress\/plugins\/seo\/ -->\n<title>Produktov\u00fd design - Kombinovan\u00e1 urna - design-award.cz<\/title>\n<meta name=\"robots\" content=\"index, follow, max-snippet:-1, max-image-preview:large, max-video-preview:-1\" \/>\n<link rel=\"canonical\" href=\"https:\/\/www.design-award.cz\/?portfolio=produktovy-design-kombinovana-urna\" \/>\n<meta property=\"og:locale\" content=\"cs_CZ\" \/>\n<meta property=\"og:type\" content=\"article\" \/>\n<meta property=\"og:title\" content=\"Produktov\u00fd design - Kombinovan\u00e1 urna - design-award.cz\" \/>\n<meta property=\"og:description\" content=\"Eli\u0161ka Gavlovsk\u00e1 Akademie &#8211; VO\u0160, Gymn. a SO\u0160UP Sv\u011btl\u00e1 nad S\u00e1zavou Zad\u00e1n\u00ed bylo rota\u010dn\u00ed tvar, materi\u00e1l sklo a porcel\u00e1n.T\u00e9ma smrti m\u011b fascinuje a nejen proto jsem si vybrala urnu. Ta je stejn\u011b jako rakev relikvi\u00ed, kterou se smrt\u00ed spojujeme. Moje kombinovan\u00e1 urna byl n\u00e1pad, kter\u00fd jsem z legrace vznesla p\u0159i ve\u010de\u0159i ve \u0161koln\u00ed j\u00eddeln\u011b. Jednalo [&hellip;]\" \/>\n<meta property=\"og:url\" content=\"https:\/\/www.design-award.cz\/?portfolio=produktovy-design-kombinovana-urna\" \/>\n<meta property=\"og:site_name\" content=\"design-award.cz\" \/>\n<meta property=\"article:modified_time\" content=\"2023-04-13T20:47:38+00:00\" \/>\n<meta property=\"og:image\" content=\"http:\/\/www.design-award.cz\/wp-content\/uploads\/2023\/04\/Urna-sklo-scaled.jpg\" \/>\n\t<meta property=\"og:image:width\" content=\"1847\" \/>\n\t<meta property=\"og:image:height\" content=\"2560\" \/>\n\t<meta property=\"og:image:type\" content=\"image\/jpeg\" \/>\n<meta name=\"twitter:card\" content=\"summary_large_image\" \/>\n<meta name=\"twitter:label1\" content=\"Odhadovan\u00e1 doba \u010dten\u00ed\" \/>\n\t<meta name=\"twitter:data1\" content=\"1 minuta\" \/>\n<script type=\"application\/ld+json\" class=\"yoast-schema-graph\">{\"@context\":\"https:\/\/schema.org\",\"@graph\":[{\"@type\":\"WebPage\",\"@id\":\"https:\/\/www.design-award.cz\/?portfolio=produktovy-design-kombinovana-urna\",\"url\":\"https:\/\/www.design-award.cz\/?portfolio=produktovy-design-kombinovana-urna\",\"name\":\"Produktov\u00fd design - Kombinovan\u00e1 urna - design-award.cz\",\"isPartOf\":{\"@id\":\"https:\/\/www.design-award.cz\/#website\"},\"primaryImageOfPage\":{\"@id\":\"https:\/\/www.design-award.cz\/?portfolio=produktovy-design-kombinovana-urna#primaryimage\"},\"image\":{\"@id\":\"https:\/\/www.design-award.cz\/?portfolio=produktovy-design-kombinovana-urna#primaryimage\"},\"thumbnailUrl\":\"https:\/\/www.design-award.cz\/wp-content\/uploads\/2023\/04\/Urna-sklo-scaled.jpg\",\"datePublished\":\"2023-04-13T20:45:02+00:00\",\"dateModified\":\"2023-04-13T20:47:38+00:00\",\"breadcrumb\":{\"@id\":\"https:\/\/www.design-award.cz\/?portfolio=produktovy-design-kombinovana-urna#breadcrumb\"},\"inLanguage\":\"cs\",\"potentialAction\":[{\"@type\":\"ReadAction\",\"target\":[\"https:\/\/www.design-award.cz\/?portfolio=produktovy-design-kombinovana-urna\"]}]},{\"@type\":\"ImageObject\",\"inLanguage\":\"cs\",\"@id\":\"https:\/\/www.design-award.cz\/?portfolio=produktovy-design-kombinovana-urna#primaryimage\",\"url\":\"https:\/\/www.design-award.cz\/wp-content\/uploads\/2023\/04\/Urna-sklo-scaled.jpg\",\"contentUrl\":\"https:\/\/www.design-award.cz\/wp-content\/uploads\/2023\/04\/Urna-sklo-scaled.jpg\",\"width\":1847,\"height\":2560},{\"@type\":\"BreadcrumbList\",\"@id\":\"https:\/\/www.design-award.cz\/?portfolio=produktovy-design-kombinovana-urna#breadcrumb\",\"itemListElement\":[{\"@type\":\"ListItem\",\"position\":1,\"name\":\"Dom\u016f\",\"item\":\"https:\/\/www.design-award.cz\/\"},{\"@type\":\"ListItem\",\"position\":2,\"name\":\"Portfolio Items\",\"item\":\"https:\/\/www.design-award.cz\/?post_type=portfolio\"},{\"@type\":\"ListItem\",\"position\":3,\"name\":\"Produktov\u00fd design &#8211; Kombinovan\u00e1 urna\"}]},{\"@type\":\"WebSite\",\"@id\":\"https:\/\/www.design-award.cz\/#website\",\"url\":\"https:\/\/www.design-award.cz\/\",\"name\":\"design-award.cz\",\"description\":\"WARD vznikla v roce 2022. Je ur\u010dena p\u0159edev\u0161\u00edm student\u016fm st\u0159edn\u00edch um\u011bleck\u00fdch \u0161kol (S\u0160 a VO\u0160), kte\u0159\u00ed mohou bezplatn\u011b zaslat sv\u00e9 n\u00e1vrhy v uveden\u00fdch kategori\u00ed a tak pom\u011b\u0159it sv\u00e9 n\u00e1pady s konkurenc\u00ed sv\u00fdch vrstevn\u00edk\u016f. N\u00e1vrhy jsou n\u00e1sledn\u011b posouzeny nez\u00e1vislou porotou z \u0159ad v\u00fdtvarn\u00edk\u016f, pedagog\u016f a profesion\u00e1l\u016f z oboru.\",\"publisher\":{\"@id\":\"https:\/\/www.design-award.cz\/#organization\"},\"potentialAction\":[{\"@type\":\"SearchAction\",\"target\":{\"@type\":\"EntryPoint\",\"urlTemplate\":\"https:\/\/www.design-award.cz\/?s={search_term_string}\"},\"query-input\":{\"@type\":\"PropertyValueSpecification\",\"valueRequired\":true,\"valueName\":\"search_term_string\"}}],\"inLanguage\":\"cs\"},{\"@type\":\"Organization\",\"@id\":\"https:\/\/www.design-award.cz\/#organization\",\"name\":\"Design Award\",\"url\":\"https:\/\/www.design-award.cz\/\",\"logo\":{\"@type\":\"ImageObject\",\"inLanguage\":\"cs\",\"@id\":\"https:\/\/www.design-award.cz\/#\/schema\/logo\/image\/\",\"url\":\"http:\/\/www.design-award.cz\/wp-content\/uploads\/2021\/12\/hornilogo_design-award.png\",\"contentUrl\":\"http:\/\/www.design-award.cz\/wp-content\/uploads\/2021\/12\/hornilogo_design-award.png\",\"width\":800,\"height\":600,\"caption\":\"Design Award\"},\"image\":{\"@id\":\"https:\/\/www.design-award.cz\/#\/schema\/logo\/image\/\"},\"sameAs\":[\"https:\/\/www.instagram.com\/design_award\/\"]}]}<\/script>\n<!-- \/ Yoast SEO plugin. -->","yoast_head_json":{"title":"Produktov\u00fd design - Kombinovan\u00e1 urna - design-award.cz","robots":{"index":"index","follow":"follow","max-snippet":"max-snippet:-1","max-image-preview":"max-image-preview:large","max-video-preview":"max-video-preview:-1"},"canonical":"https:\/\/www.design-award.cz\/?portfolio=produktovy-design-kombinovana-urna","og_locale":"cs_CZ","og_type":"article","og_title":"Produktov\u00fd design - Kombinovan\u00e1 urna - design-award.cz","og_description":"Eli\u0161ka Gavlovsk\u00e1 Akademie &#8211; VO\u0160, Gymn. a SO\u0160UP Sv\u011btl\u00e1 nad S\u00e1zavou Zad\u00e1n\u00ed bylo rota\u010dn\u00ed tvar, materi\u00e1l sklo a porcel\u00e1n.T\u00e9ma smrti m\u011b fascinuje a nejen proto jsem si vybrala urnu. Ta je stejn\u011b jako rakev relikvi\u00ed, kterou se smrt\u00ed spojujeme. Moje kombinovan\u00e1 urna byl n\u00e1pad, kter\u00fd jsem z legrace vznesla p\u0159i ve\u010de\u0159i ve \u0161koln\u00ed j\u00eddeln\u011b. Jednalo [&hellip;]","og_url":"https:\/\/www.design-award.cz\/?portfolio=produktovy-design-kombinovana-urna","og_site_name":"design-award.cz","article_modified_time":"2023-04-13T20:47:38+00:00","og_image":[{"width":1847,"height":2560,"url":"http:\/\/www.design-award.cz\/wp-content\/uploads\/2023\/04\/Urna-sklo-scaled.jpg","type":"image\/jpeg"}],"twitter_card":"summary_large_image","twitter_misc":{"Odhadovan\u00e1 doba \u010dten\u00ed":"1 minuta"},"schema":{"@context":"https:\/\/schema.org","@graph":[{"@type":"WebPage","@id":"https:\/\/www.design-award.cz\/?portfolio=produktovy-design-kombinovana-urna","url":"https:\/\/www.design-award.cz\/?portfolio=produktovy-design-kombinovana-urna","name":"Produktov\u00fd design - Kombinovan\u00e1 urna - design-award.cz","isPartOf":{"@id":"https:\/\/www.design-award.cz\/#website"},"primaryImageOfPage":{"@id":"https:\/\/www.design-award.cz\/?portfolio=produktovy-design-kombinovana-urna#primaryimage"},"image":{"@id":"https:\/\/www.design-award.cz\/?portfolio=produktovy-design-kombinovana-urna#primaryimage"},"thumbnailUrl":"https:\/\/www.design-award.cz\/wp-content\/uploads\/2023\/04\/Urna-sklo-scaled.jpg","datePublished":"2023-04-13T20:45:02+00:00","dateModified":"2023-04-13T20:47:38+00:00","breadcrumb":{"@id":"https:\/\/www.design-award.cz\/?portfolio=produktovy-design-kombinovana-urna#breadcrumb"},"inLanguage":"cs","potentialAction":[{"@type":"ReadAction","target":["https:\/\/www.design-award.cz\/?portfolio=produktovy-design-kombinovana-urna"]}]},{"@type":"ImageObject","inLanguage":"cs","@id":"https:\/\/www.design-award.cz\/?portfolio=produktovy-design-kombinovana-urna#primaryimage","url":"https:\/\/www.design-award.cz\/wp-content\/uploads\/2023\/04\/Urna-sklo-scaled.jpg","contentUrl":"https:\/\/www.design-award.cz\/wp-content\/uploads\/2023\/04\/Urna-sklo-scaled.jpg","width":1847,"height":2560},{"@type":"BreadcrumbList","@id":"https:\/\/www.design-award.cz\/?portfolio=produktovy-design-kombinovana-urna#breadcrumb","itemListElement":[{"@type":"ListItem","position":1,"name":"Dom\u016f","item":"https:\/\/www.design-award.cz\/"},{"@type":"ListItem","position":2,"name":"Portfolio Items","item":"https:\/\/www.design-award.cz\/?post_type=portfolio"},{"@type":"ListItem","position":3,"name":"Produktov\u00fd design &#8211; Kombinovan\u00e1 urna"}]},{"@type":"WebSite","@id":"https:\/\/www.design-award.cz\/#website","url":"https:\/\/www.design-award.cz\/","name":"design-award.cz","description":"WARD vznikla v roce 2022. Je ur\u010dena p\u0159edev\u0161\u00edm student\u016fm st\u0159edn\u00edch um\u011bleck\u00fdch \u0161kol (S\u0160 a VO\u0160), kte\u0159\u00ed mohou bezplatn\u011b zaslat sv\u00e9 n\u00e1vrhy v uveden\u00fdch kategori\u00ed a tak pom\u011b\u0159it sv\u00e9 n\u00e1pady s konkurenc\u00ed sv\u00fdch vrstevn\u00edk\u016f. N\u00e1vrhy jsou n\u00e1sledn\u011b posouzeny nez\u00e1vislou porotou z \u0159ad v\u00fdtvarn\u00edk\u016f, pedagog\u016f a profesion\u00e1l\u016f z oboru.","publisher":{"@id":"https:\/\/www.design-award.cz\/#organization"},"potentialAction":[{"@type":"SearchAction","target":{"@type":"EntryPoint","urlTemplate":"https:\/\/www.design-award.cz\/?s={search_term_string}"},"query-input":{"@type":"PropertyValueSpecification","valueRequired":true,"valueName":"search_term_string"}}],"inLanguage":"cs"},{"@type":"Organization","@id":"https:\/\/www.design-award.cz\/#organization","name":"Design Award","url":"https:\/\/www.design-award.cz\/","logo":{"@type":"ImageObject","inLanguage":"cs","@id":"https:\/\/www.design-award.cz\/#\/schema\/logo\/image\/","url":"http:\/\/www.design-award.cz\/wp-content\/uploads\/2021\/12\/hornilogo_design-award.png","contentUrl":"http:\/\/www.design-award.cz\/wp-content\/uploads\/2021\/12\/hornilogo_design-award.png","width":800,"height":600,"caption":"Design Award"},"image":{"@id":"https:\/\/www.design-award.cz\/#\/schema\/logo\/image\/"},"sameAs":["https:\/\/www.instagram.com\/design_award\/"]}]}},"_links":{"self":[{"href":"https:\/\/www.design-award.cz\/index.php?rest_route=\/wp\/v2\/portfolio\/2097","targetHints":{"allow":["GET"]}}],"collection":[{"href":"https:\/\/www.design-award.cz\/index.php?rest_route=\/wp\/v2\/portfolio"}],"about":[{"href":"https:\/\/www.design-award.cz\/index.php?rest_route=\/wp\/v2\/types\/portfolio"}],"author":[{"embeddable":true,"href":"https:\/\/www.design-award.cz\/index.php?rest_route=\/wp\/v2\/users\/5"}],"replies":[{"embeddable":true,"href":"https:\/\/www.design-award.cz\/index.php?rest_route=%2Fwp%2Fv2%2Fcomments&post=2097"}],"version-history":[{"count":1,"href":"https:\/\/www.design-award.cz\/index.php?rest_route=\/wp\/v2\/portfolio\/2097\/revisions"}],"predecessor-version":[{"id":2103,"href":"https:\/\/www.design-award.cz\/index.php?rest_route=\/wp\/v2\/portfolio\/2097\/revisions\/2103"}],"wp:featuredmedia":[{"embeddable":true,"href":"https:\/\/www.design-award.cz\/index.php?rest_route=\/wp\/v2\/media\/2099"}],"wp:attachment":[{"href":"https:\/\/www.design-award.cz\/index.php?rest_route=%2Fwp%2Fv2%2Fmedia&parent=2097"}],"wp:term":[{"taxonomy":"portfolio_category","embeddable":true,"href":"https:\/\/www.design-award.cz\/index.php?rest_route=%2Fwp%2Fv2%2Fportfolio_category&post=2097"},{"taxonomy":"portfolio_tag","embeddable":true,"href":"https:\/\/www.design-award.cz\/index.php?rest_route=%2Fwp%2Fv2%2Fportfolio_tag&post=2097"}],"curies":[{"name":"wp","href":"https:\/\/api.w.org\/{rel}","templated":true}]}}