{"id":2130,"date":"2023-04-13T21:18:11","date_gmt":"2023-04-13T21:18:11","guid":{"rendered":"https:\/\/www.design-award.cz\/?post_type=portfolio&#038;p=2130"},"modified":"2023-04-13T21:18:23","modified_gmt":"2023-04-13T21:18:23","slug":"verejny-interier-vizualizace-skolni-galerie","status":"publish","type":"portfolio","link":"https:\/\/www.design-award.cz\/?portfolio=verejny-interier-vizualizace-skolni-galerie","title":{"rendered":"Ve\u0159ejn\u00fd interi\u00e9r &#8211; Vizualizace \u0161koln\u00ed galerie"},"content":{"rendered":"\n<p><strong>Marek Hedv\u00ed\u010dek<\/strong><\/p>\n\n\n\n<p>ART ECON Prost\u011bjov<\/p>\n\n\n\n<p>Pr\u00e1ce vizualizace \u0161koln\u00ed galerie vznikala vr\u00e1mci hodin realizace autorsk\u00e9 tvorby, pod odborn\u00fdm dohledem<br>Mgr.Ing.arch V\u00edta Votroubka. V m\u00e9m konceptu jsem se sna\u017eil zachovat variabilitu prostoru, tak aby bylo<br>denn\u00ed u\u017e\u00edv\u00e1n\u00ed prostoru p\u0159\u00edjemn\u011bj\u0161\u00ed pro kantory i pro studenty a z\u00e1rove\u0148 aby byl prostor reprezentativn\u00edm<br>prostorem pro vernis\u00e1\u017ee i cel\u00e9 v\u00fdstavy. Pro tento prostor jsem se rozhodl pou\u017e\u00edvat t\u0159i signifikantn\u00ed barvy<br>\u0161koly aby korespondovali s grafickou identitou. Kompletn\u011b jsem p\u0159ed\u011blal podlahu, tak aby byla prakti\u010dt\u011bj\u0161\u00ed<br>z hlediska \u00fad\u017eby a tak\u00e9 aby l\u00e9pe lomila sv\u011btlo, tud\u00ed\u017e dos\u00e1hneme lep\u0161\u00edho z\u00e1\u017eitku p\u0159i prohl\u00ed\u017een\u00ed. Galerie by m\u011bla slou\u017eit jako prostor pro opakovan\u00e9 v\u00fdstavy, hlavn\u011b studensk\u00fdch prac\u00ed, tud\u00ed\u017e je zde zvolen z\u00e1v\u011bsn\u00fd variabiln\u00ed syst\u00e9m od zna\u010dky STAS (Cliprail Max). Pro zakryt\u00ed toalet jsem zvolil z\u00e1v\u011bs, kter\u00fd tak\u00e9 m\u016f\u017ee slou\u017eit jako v\u00fdstavn\u00ed plocha, materi\u00e1l je podobn\u00fd divadeln\u00edm opon\u00e1m. V\u00fdklenek u odpo\u010dinkov\u00e9 z\u00f3ny jsem vyu\u017eil v n\u00e1vrhu pro jak\u00e9koli instalace, protor je uzav\u0159en sklen\u011bn\u00fdmi pl\u00e1ty. Konstrukci radi\u00e1tor\u016f jsem zpevnil a pou\u017eil jin\u00e9 materi\u00e1ly, tyto materi\u00e1ly dr\u017e\u00ed v\u00edce tepeln\u00e9 enrgie po dlouhou dobu, horn\u00ed prostor jsem koncipoval pro men\u0161\u00ed socha\u0159sk\u00e9 pr\u00e1ce. Cel\u00e1 pr\u00e1ce je sjednocena \u0159eck\u00fdm p\u00edsmenem gama, jedno z pou\u017eit\u00ed p\u00edsmene gama je v matematice a proto tak\u00e9 pracuji se z\u00e1kladn\u00edmi geometrick\u00fdmi tvary. P\u0159i pr\u00e1ci jsem se hodn\u011b nov\u00e9ho nau\u010dil a objevil mnoh\u00e1 uskal\u00ed pr\u00e1ce s re\u00e1ln\u00fdm prostorem.<\/p>\n\n\n\n<figure class=\"wp-block-image size-large\"><img decoding=\"async\" width=\"1024\" height=\"651\" data-src=\"http:\/\/www.design-award.cz\/wp-content\/uploads\/2023\/04\/IMG_9539-1024x651.png\" alt=\"\" class=\"wp-image-2134 lazyload\" data-srcset=\"https:\/\/www.design-award.cz\/wp-content\/uploads\/2023\/04\/IMG_9539-1024x651.png 1024w, https:\/\/www.design-award.cz\/wp-content\/uploads\/2023\/04\/IMG_9539-300x191.png 300w, https:\/\/www.design-award.cz\/wp-content\/uploads\/2023\/04\/IMG_9539-768x488.png 768w, https:\/\/www.design-award.cz\/wp-content\/uploads\/2023\/04\/IMG_9539-1536x976.png 1536w, https:\/\/www.design-award.cz\/wp-content\/uploads\/2023\/04\/IMG_9539-2048x1301.png 2048w, https:\/\/www.design-award.cz\/wp-content\/uploads\/2023\/04\/IMG_9539-500x318.png 500w, https:\/\/www.design-award.cz\/wp-content\/uploads\/2023\/04\/IMG_9539-800x508.png 800w, https:\/\/www.design-award.cz\/wp-content\/uploads\/2023\/04\/IMG_9539-1280x813.png 1280w, https:\/\/www.design-award.cz\/wp-content\/uploads\/2023\/04\/IMG_9539-1920x1220.png 1920w\" data-sizes=\"(max-width: 1024px) 100vw, 1024px\" src=\"data:image\/svg+xml;base64,PHN2ZyB3aWR0aD0iMSIgaGVpZ2h0PSIxIiB4bWxucz0iaHR0cDovL3d3dy53My5vcmcvMjAwMC9zdmciPjwvc3ZnPg==\" style=\"--smush-placeholder-width: 1024px; --smush-placeholder-aspect-ratio: 1024\/651;\" \/><\/figure>\n\n\n\n<figure class=\"wp-block-image size-large\"><img decoding=\"async\" width=\"1024\" height=\"651\" data-src=\"http:\/\/www.design-award.cz\/wp-content\/uploads\/2023\/04\/IMG_9538-1024x651.png\" alt=\"\" class=\"wp-image-2133 lazyload\" data-srcset=\"https:\/\/www.design-award.cz\/wp-content\/uploads\/2023\/04\/IMG_9538-1024x651.png 1024w, https:\/\/www.design-award.cz\/wp-content\/uploads\/2023\/04\/IMG_9538-300x191.png 300w, https:\/\/www.design-award.cz\/wp-content\/uploads\/2023\/04\/IMG_9538-768x488.png 768w, https:\/\/www.design-award.cz\/wp-content\/uploads\/2023\/04\/IMG_9538-1536x976.png 1536w, https:\/\/www.design-award.cz\/wp-content\/uploads\/2023\/04\/IMG_9538-2048x1301.png 2048w, https:\/\/www.design-award.cz\/wp-content\/uploads\/2023\/04\/IMG_9538-500x318.png 500w, https:\/\/www.design-award.cz\/wp-content\/uploads\/2023\/04\/IMG_9538-800x508.png 800w, https:\/\/www.design-award.cz\/wp-content\/uploads\/2023\/04\/IMG_9538-1280x813.png 1280w, https:\/\/www.design-award.cz\/wp-content\/uploads\/2023\/04\/IMG_9538-1920x1220.png 1920w\" data-sizes=\"(max-width: 1024px) 100vw, 1024px\" src=\"data:image\/svg+xml;base64,PHN2ZyB3aWR0aD0iMSIgaGVpZ2h0PSIxIiB4bWxucz0iaHR0cDovL3d3dy53My5vcmcvMjAwMC9zdmciPjwvc3ZnPg==\" style=\"--smush-placeholder-width: 1024px; --smush-placeholder-aspect-ratio: 1024\/651;\" \/><\/figure>\n\n\n\n<figure class=\"wp-block-image size-large\"><img decoding=\"async\" width=\"1024\" height=\"660\" data-src=\"http:\/\/www.design-award.cz\/wp-content\/uploads\/2023\/04\/Vizualizace1-1024x660.png\" alt=\"\" class=\"wp-image-2136 lazyload\" data-srcset=\"https:\/\/www.design-award.cz\/wp-content\/uploads\/2023\/04\/Vizualizace1-1024x660.png 1024w, https:\/\/www.design-award.cz\/wp-content\/uploads\/2023\/04\/Vizualizace1-300x193.png 300w, https:\/\/www.design-award.cz\/wp-content\/uploads\/2023\/04\/Vizualizace1-768x495.png 768w, https:\/\/www.design-award.cz\/wp-content\/uploads\/2023\/04\/Vizualizace1-1536x990.png 1536w, https:\/\/www.design-award.cz\/wp-content\/uploads\/2023\/04\/Vizualizace1-500x322.png 500w, https:\/\/www.design-award.cz\/wp-content\/uploads\/2023\/04\/Vizualizace1-800x516.png 800w, https:\/\/www.design-award.cz\/wp-content\/uploads\/2023\/04\/Vizualizace1-1280x825.png 1280w, https:\/\/www.design-award.cz\/wp-content\/uploads\/2023\/04\/Vizualizace1.png 1768w\" data-sizes=\"(max-width: 1024px) 100vw, 1024px\" src=\"data:image\/svg+xml;base64,PHN2ZyB3aWR0aD0iMSIgaGVpZ2h0PSIxIiB4bWxucz0iaHR0cDovL3d3dy53My5vcmcvMjAwMC9zdmciPjwvc3ZnPg==\" style=\"--smush-placeholder-width: 1024px; --smush-placeholder-aspect-ratio: 1024\/660;\" \/><\/figure>\n\n\n\n<figure class=\"wp-block-image size-large\"><img decoding=\"async\" width=\"724\" height=\"1024\" data-src=\"http:\/\/www.design-award.cz\/wp-content\/uploads\/2023\/04\/Adjustace-724x1024.png\" alt=\"\" class=\"wp-image-2131 lazyload\" data-srcset=\"https:\/\/www.design-award.cz\/wp-content\/uploads\/2023\/04\/Adjustace-724x1024.png 724w, https:\/\/www.design-award.cz\/wp-content\/uploads\/2023\/04\/Adjustace-212x300.png 212w, https:\/\/www.design-award.cz\/wp-content\/uploads\/2023\/04\/Adjustace-768x1086.png 768w, https:\/\/www.design-award.cz\/wp-content\/uploads\/2023\/04\/Adjustace-1086x1536.png 1086w, https:\/\/www.design-award.cz\/wp-content\/uploads\/2023\/04\/Adjustace-500x707.png 500w, https:\/\/www.design-award.cz\/wp-content\/uploads\/2023\/04\/Adjustace-800x1131.png 800w, https:\/\/www.design-award.cz\/wp-content\/uploads\/2023\/04\/Adjustace.png 1191w\" data-sizes=\"(max-width: 724px) 100vw, 724px\" src=\"data:image\/svg+xml;base64,PHN2ZyB3aWR0aD0iMSIgaGVpZ2h0PSIxIiB4bWxucz0iaHR0cDovL3d3dy53My5vcmcvMjAwMC9zdmciPjwvc3ZnPg==\" style=\"--smush-placeholder-width: 724px; --smush-placeholder-aspect-ratio: 724\/1024;\" \/><\/figure>\n\n\n\n<figure class=\"wp-block-image size-full\"><img decoding=\"async\" width=\"842\" height=\"595\" data-src=\"http:\/\/www.design-award.cz\/wp-content\/uploads\/2023\/04\/pudorys.jpg\" alt=\"\" class=\"wp-image-2135 lazyload\" data-srcset=\"https:\/\/www.design-award.cz\/wp-content\/uploads\/2023\/04\/pudorys.jpg 842w, https:\/\/www.design-award.cz\/wp-content\/uploads\/2023\/04\/pudorys-300x212.jpg 300w, https:\/\/www.design-award.cz\/wp-content\/uploads\/2023\/04\/pudorys-768x543.jpg 768w, https:\/\/www.design-award.cz\/wp-content\/uploads\/2023\/04\/pudorys-500x353.jpg 500w, https:\/\/www.design-award.cz\/wp-content\/uploads\/2023\/04\/pudorys-800x565.jpg 800w\" data-sizes=\"(max-width: 842px) 100vw, 842px\" src=\"data:image\/svg+xml;base64,PHN2ZyB3aWR0aD0iMSIgaGVpZ2h0PSIxIiB4bWxucz0iaHR0cDovL3d3dy53My5vcmcvMjAwMC9zdmciPjwvc3ZnPg==\" style=\"--smush-placeholder-width: 842px; --smush-placeholder-aspect-ratio: 842\/595;\" \/><\/figure>\n","protected":false},"excerpt":{"rendered":"<p>Marek Hedv\u00ed\u010dek ART ECON Prost\u011bjov Pr\u00e1ce vizualizace \u0161koln\u00ed galerie vznikala vr\u00e1mci hodin realizace autorsk\u00e9 tvorby, pod odborn\u00fdm dohledemMgr.Ing.arch V\u00edta Votroubka. V m\u00e9m konceptu jsem se sna\u017eil zachovat variabilitu prostoru, tak aby bylodenn\u00ed u\u017e\u00edv\u00e1n\u00ed prostoru p\u0159\u00edjemn\u011bj\u0161\u00ed pro kantory i pro studenty a z\u00e1rove\u0148 aby byl prostor reprezentativn\u00edmprostorem pro vernis\u00e1\u017ee i cel\u00e9 v\u00fdstavy. Pro tento prostor jsem [&hellip;]<\/p>\n","protected":false},"author":5,"featured_media":2132,"menu_order":0,"comment_status":"open","ping_status":"closed","template":"","format":"standard","meta":{"ngg_post_thumbnail":0,"ocean_post_layout":"","ocean_both_sidebars_style":"","ocean_both_sidebars_content_width":0,"ocean_both_sidebars_sidebars_width":0,"ocean_sidebar":"","ocean_second_sidebar":"","ocean_disable_margins":"enable","ocean_add_body_class":"","ocean_shortcode_before_top_bar":"","ocean_shortcode_after_top_bar":"","ocean_shortcode_before_header":"","ocean_shortcode_after_header":"","ocean_has_shortcode":"","ocean_shortcode_after_title":"","ocean_shortcode_before_footer_widgets":"","ocean_shortcode_after_footer_widgets":"","ocean_shortcode_before_footer_bottom":"","ocean_shortcode_after_footer_bottom":"","ocean_display_top_bar":"default","ocean_display_header":"default","ocean_header_style":"","ocean_center_header_left_menu":"","ocean_custom_header_template":"","ocean_custom_logo":0,"ocean_custom_retina_logo":0,"ocean_custom_logo_max_width":0,"ocean_custom_logo_tablet_max_width":0,"ocean_custom_logo_mobile_max_width":0,"ocean_custom_logo_max_height":0,"ocean_custom_logo_tablet_max_height":0,"ocean_custom_logo_mobile_max_height":0,"ocean_header_custom_menu":"","ocean_menu_typo_font_family":"","ocean_menu_typo_font_subset":"","ocean_menu_typo_font_size":0,"ocean_menu_typo_font_size_tablet":0,"ocean_menu_typo_font_size_mobile":0,"ocean_menu_typo_font_size_unit":"px","ocean_menu_typo_font_weight":"","ocean_menu_typo_font_weight_tablet":"","ocean_menu_typo_font_weight_mobile":"","ocean_menu_typo_transform":"","ocean_menu_typo_transform_tablet":"","ocean_menu_typo_transform_mobile":"","ocean_menu_typo_line_height":0,"ocean_menu_typo_line_height_tablet":0,"ocean_menu_typo_line_height_mobile":0,"ocean_menu_typo_line_height_unit":"","ocean_menu_typo_spacing":0,"ocean_menu_typo_spacing_tablet":0,"ocean_menu_typo_spacing_mobile":0,"ocean_menu_typo_spacing_unit":"","ocean_menu_link_color":"","ocean_menu_link_color_hover":"","ocean_menu_link_color_active":"","ocean_menu_link_background":"","ocean_menu_link_hover_background":"","ocean_menu_link_active_background":"","ocean_menu_social_links_bg":"","ocean_menu_social_hover_links_bg":"","ocean_menu_social_links_color":"","ocean_menu_social_hover_links_color":"","ocean_disable_title":"default","ocean_disable_heading":"default","ocean_post_title":"","ocean_post_subheading":"","ocean_post_title_style":"","ocean_post_title_background_color":"","ocean_post_title_background":0,"ocean_post_title_bg_image_position":"","ocean_post_title_bg_image_attachment":"","ocean_post_title_bg_image_repeat":"","ocean_post_title_bg_image_size":"","ocean_post_title_height":0,"ocean_post_title_bg_overlay":0.5,"ocean_post_title_bg_overlay_color":"","ocean_disable_breadcrumbs":"default","ocean_breadcrumbs_color":"","ocean_breadcrumbs_separator_color":"","ocean_breadcrumbs_links_color":"","ocean_breadcrumbs_links_hover_color":"","ocean_display_footer_widgets":"default","ocean_display_footer_bottom":"default","ocean_custom_footer_template":"","_vp_format_video_url":"","_vp_image_focal_point":[],"footnotes":""},"portfolio_category":[10],"portfolio_tag":[],"class_list":["post-2130","portfolio","type-portfolio","status-publish","format-standard","has-post-thumbnail","hentry","portfolio_category-soutezici-2023","entry","has-media"],"yoast_head":"<!-- This site is optimized with the Yoast SEO plugin v25.2 - https:\/\/yoast.com\/wordpress\/plugins\/seo\/ -->\n<title>Ve\u0159ejn\u00fd interi\u00e9r - Vizualizace \u0161koln\u00ed galerie - design-award.cz<\/title>\n<meta name=\"robots\" content=\"index, follow, max-snippet:-1, max-image-preview:large, max-video-preview:-1\" \/>\n<link rel=\"canonical\" href=\"https:\/\/www.design-award.cz\/?portfolio=verejny-interier-vizualizace-skolni-galerie\" \/>\n<meta property=\"og:locale\" content=\"cs_CZ\" \/>\n<meta property=\"og:type\" content=\"article\" \/>\n<meta property=\"og:title\" content=\"Ve\u0159ejn\u00fd interi\u00e9r - Vizualizace \u0161koln\u00ed galerie - design-award.cz\" \/>\n<meta property=\"og:description\" content=\"Marek Hedv\u00ed\u010dek ART ECON Prost\u011bjov Pr\u00e1ce vizualizace \u0161koln\u00ed galerie vznikala vr\u00e1mci hodin realizace autorsk\u00e9 tvorby, pod odborn\u00fdm dohledemMgr.Ing.arch V\u00edta Votroubka. V m\u00e9m konceptu jsem se sna\u017eil zachovat variabilitu prostoru, tak aby bylodenn\u00ed u\u017e\u00edv\u00e1n\u00ed prostoru p\u0159\u00edjemn\u011bj\u0161\u00ed pro kantory i pro studenty a z\u00e1rove\u0148 aby byl prostor reprezentativn\u00edmprostorem pro vernis\u00e1\u017ee i cel\u00e9 v\u00fdstavy. Pro tento prostor jsem [&hellip;]\" \/>\n<meta property=\"og:url\" content=\"https:\/\/www.design-award.cz\/?portfolio=verejny-interier-vizualizace-skolni-galerie\" \/>\n<meta property=\"og:site_name\" content=\"design-award.cz\" \/>\n<meta property=\"article:modified_time\" content=\"2023-04-13T21:18:23+00:00\" \/>\n<meta property=\"og:image\" content=\"http:\/\/www.design-award.cz\/wp-content\/uploads\/2023\/04\/IMG_9537-1024x651.png\" \/>\n\t<meta property=\"og:image:width\" content=\"1024\" \/>\n\t<meta property=\"og:image:height\" content=\"651\" \/>\n\t<meta property=\"og:image:type\" content=\"image\/png\" \/>\n<meta name=\"twitter:card\" content=\"summary_large_image\" \/>\n<meta name=\"twitter:label1\" content=\"Odhadovan\u00e1 doba \u010dten\u00ed\" \/>\n\t<meta name=\"twitter:data1\" content=\"1 minuta\" \/>\n<script type=\"application\/ld+json\" class=\"yoast-schema-graph\">{\"@context\":\"https:\/\/schema.org\",\"@graph\":[{\"@type\":\"WebPage\",\"@id\":\"https:\/\/www.design-award.cz\/?portfolio=verejny-interier-vizualizace-skolni-galerie\",\"url\":\"https:\/\/www.design-award.cz\/?portfolio=verejny-interier-vizualizace-skolni-galerie\",\"name\":\"Ve\u0159ejn\u00fd interi\u00e9r - Vizualizace \u0161koln\u00ed galerie - design-award.cz\",\"isPartOf\":{\"@id\":\"https:\/\/www.design-award.cz\/#website\"},\"primaryImageOfPage\":{\"@id\":\"https:\/\/www.design-award.cz\/?portfolio=verejny-interier-vizualizace-skolni-galerie#primaryimage\"},\"image\":{\"@id\":\"https:\/\/www.design-award.cz\/?portfolio=verejny-interier-vizualizace-skolni-galerie#primaryimage\"},\"thumbnailUrl\":\"https:\/\/www.design-award.cz\/wp-content\/uploads\/2023\/04\/IMG_9537.png\",\"datePublished\":\"2023-04-13T21:18:11+00:00\",\"dateModified\":\"2023-04-13T21:18:23+00:00\",\"breadcrumb\":{\"@id\":\"https:\/\/www.design-award.cz\/?portfolio=verejny-interier-vizualizace-skolni-galerie#breadcrumb\"},\"inLanguage\":\"cs\",\"potentialAction\":[{\"@type\":\"ReadAction\",\"target\":[\"https:\/\/www.design-award.cz\/?portfolio=verejny-interier-vizualizace-skolni-galerie\"]}]},{\"@type\":\"ImageObject\",\"inLanguage\":\"cs\",\"@id\":\"https:\/\/www.design-award.cz\/?portfolio=verejny-interier-vizualizace-skolni-galerie#primaryimage\",\"url\":\"https:\/\/www.design-award.cz\/wp-content\/uploads\/2023\/04\/IMG_9537.png\",\"contentUrl\":\"https:\/\/www.design-award.cz\/wp-content\/uploads\/2023\/04\/IMG_9537.png\",\"width\":3346,\"height\":2126},{\"@type\":\"BreadcrumbList\",\"@id\":\"https:\/\/www.design-award.cz\/?portfolio=verejny-interier-vizualizace-skolni-galerie#breadcrumb\",\"itemListElement\":[{\"@type\":\"ListItem\",\"position\":1,\"name\":\"Dom\u016f\",\"item\":\"https:\/\/www.design-award.cz\/\"},{\"@type\":\"ListItem\",\"position\":2,\"name\":\"Portfolio Items\",\"item\":\"https:\/\/www.design-award.cz\/?post_type=portfolio\"},{\"@type\":\"ListItem\",\"position\":3,\"name\":\"Ve\u0159ejn\u00fd interi\u00e9r &#8211; Vizualizace \u0161koln\u00ed galerie\"}]},{\"@type\":\"WebSite\",\"@id\":\"https:\/\/www.design-award.cz\/#website\",\"url\":\"https:\/\/www.design-award.cz\/\",\"name\":\"design-award.cz\",\"description\":\"WARD vznikla v roce 2022. Je ur\u010dena p\u0159edev\u0161\u00edm student\u016fm st\u0159edn\u00edch um\u011bleck\u00fdch \u0161kol (S\u0160 a VO\u0160), kte\u0159\u00ed mohou bezplatn\u011b zaslat sv\u00e9 n\u00e1vrhy v uveden\u00fdch kategori\u00ed a tak pom\u011b\u0159it sv\u00e9 n\u00e1pady s konkurenc\u00ed sv\u00fdch vrstevn\u00edk\u016f. N\u00e1vrhy jsou n\u00e1sledn\u011b posouzeny nez\u00e1vislou porotou z \u0159ad v\u00fdtvarn\u00edk\u016f, pedagog\u016f a profesion\u00e1l\u016f z oboru.\",\"publisher\":{\"@id\":\"https:\/\/www.design-award.cz\/#organization\"},\"potentialAction\":[{\"@type\":\"SearchAction\",\"target\":{\"@type\":\"EntryPoint\",\"urlTemplate\":\"https:\/\/www.design-award.cz\/?s={search_term_string}\"},\"query-input\":{\"@type\":\"PropertyValueSpecification\",\"valueRequired\":true,\"valueName\":\"search_term_string\"}}],\"inLanguage\":\"cs\"},{\"@type\":\"Organization\",\"@id\":\"https:\/\/www.design-award.cz\/#organization\",\"name\":\"Design Award\",\"url\":\"https:\/\/www.design-award.cz\/\",\"logo\":{\"@type\":\"ImageObject\",\"inLanguage\":\"cs\",\"@id\":\"https:\/\/www.design-award.cz\/#\/schema\/logo\/image\/\",\"url\":\"http:\/\/www.design-award.cz\/wp-content\/uploads\/2021\/12\/hornilogo_design-award.png\",\"contentUrl\":\"http:\/\/www.design-award.cz\/wp-content\/uploads\/2021\/12\/hornilogo_design-award.png\",\"width\":800,\"height\":600,\"caption\":\"Design Award\"},\"image\":{\"@id\":\"https:\/\/www.design-award.cz\/#\/schema\/logo\/image\/\"},\"sameAs\":[\"https:\/\/www.instagram.com\/design_award\/\"]}]}<\/script>\n<!-- \/ Yoast SEO plugin. -->","yoast_head_json":{"title":"Ve\u0159ejn\u00fd interi\u00e9r - Vizualizace \u0161koln\u00ed galerie - design-award.cz","robots":{"index":"index","follow":"follow","max-snippet":"max-snippet:-1","max-image-preview":"max-image-preview:large","max-video-preview":"max-video-preview:-1"},"canonical":"https:\/\/www.design-award.cz\/?portfolio=verejny-interier-vizualizace-skolni-galerie","og_locale":"cs_CZ","og_type":"article","og_title":"Ve\u0159ejn\u00fd interi\u00e9r - Vizualizace \u0161koln\u00ed galerie - design-award.cz","og_description":"Marek Hedv\u00ed\u010dek ART ECON Prost\u011bjov Pr\u00e1ce vizualizace \u0161koln\u00ed galerie vznikala vr\u00e1mci hodin realizace autorsk\u00e9 tvorby, pod odborn\u00fdm dohledemMgr.Ing.arch V\u00edta Votroubka. V m\u00e9m konceptu jsem se sna\u017eil zachovat variabilitu prostoru, tak aby bylodenn\u00ed u\u017e\u00edv\u00e1n\u00ed prostoru p\u0159\u00edjemn\u011bj\u0161\u00ed pro kantory i pro studenty a z\u00e1rove\u0148 aby byl prostor reprezentativn\u00edmprostorem pro vernis\u00e1\u017ee i cel\u00e9 v\u00fdstavy. Pro tento prostor jsem [&hellip;]","og_url":"https:\/\/www.design-award.cz\/?portfolio=verejny-interier-vizualizace-skolni-galerie","og_site_name":"design-award.cz","article_modified_time":"2023-04-13T21:18:23+00:00","og_image":[{"width":1024,"height":651,"url":"http:\/\/www.design-award.cz\/wp-content\/uploads\/2023\/04\/IMG_9537-1024x651.png","type":"image\/png"}],"twitter_card":"summary_large_image","twitter_misc":{"Odhadovan\u00e1 doba \u010dten\u00ed":"1 minuta"},"schema":{"@context":"https:\/\/schema.org","@graph":[{"@type":"WebPage","@id":"https:\/\/www.design-award.cz\/?portfolio=verejny-interier-vizualizace-skolni-galerie","url":"https:\/\/www.design-award.cz\/?portfolio=verejny-interier-vizualizace-skolni-galerie","name":"Ve\u0159ejn\u00fd interi\u00e9r - Vizualizace \u0161koln\u00ed galerie - design-award.cz","isPartOf":{"@id":"https:\/\/www.design-award.cz\/#website"},"primaryImageOfPage":{"@id":"https:\/\/www.design-award.cz\/?portfolio=verejny-interier-vizualizace-skolni-galerie#primaryimage"},"image":{"@id":"https:\/\/www.design-award.cz\/?portfolio=verejny-interier-vizualizace-skolni-galerie#primaryimage"},"thumbnailUrl":"https:\/\/www.design-award.cz\/wp-content\/uploads\/2023\/04\/IMG_9537.png","datePublished":"2023-04-13T21:18:11+00:00","dateModified":"2023-04-13T21:18:23+00:00","breadcrumb":{"@id":"https:\/\/www.design-award.cz\/?portfolio=verejny-interier-vizualizace-skolni-galerie#breadcrumb"},"inLanguage":"cs","potentialAction":[{"@type":"ReadAction","target":["https:\/\/www.design-award.cz\/?portfolio=verejny-interier-vizualizace-skolni-galerie"]}]},{"@type":"ImageObject","inLanguage":"cs","@id":"https:\/\/www.design-award.cz\/?portfolio=verejny-interier-vizualizace-skolni-galerie#primaryimage","url":"https:\/\/www.design-award.cz\/wp-content\/uploads\/2023\/04\/IMG_9537.png","contentUrl":"https:\/\/www.design-award.cz\/wp-content\/uploads\/2023\/04\/IMG_9537.png","width":3346,"height":2126},{"@type":"BreadcrumbList","@id":"https:\/\/www.design-award.cz\/?portfolio=verejny-interier-vizualizace-skolni-galerie#breadcrumb","itemListElement":[{"@type":"ListItem","position":1,"name":"Dom\u016f","item":"https:\/\/www.design-award.cz\/"},{"@type":"ListItem","position":2,"name":"Portfolio Items","item":"https:\/\/www.design-award.cz\/?post_type=portfolio"},{"@type":"ListItem","position":3,"name":"Ve\u0159ejn\u00fd interi\u00e9r &#8211; Vizualizace \u0161koln\u00ed galerie"}]},{"@type":"WebSite","@id":"https:\/\/www.design-award.cz\/#website","url":"https:\/\/www.design-award.cz\/","name":"design-award.cz","description":"WARD vznikla v roce 2022. Je ur\u010dena p\u0159edev\u0161\u00edm student\u016fm st\u0159edn\u00edch um\u011bleck\u00fdch \u0161kol (S\u0160 a VO\u0160), kte\u0159\u00ed mohou bezplatn\u011b zaslat sv\u00e9 n\u00e1vrhy v uveden\u00fdch kategori\u00ed a tak pom\u011b\u0159it sv\u00e9 n\u00e1pady s konkurenc\u00ed sv\u00fdch vrstevn\u00edk\u016f. N\u00e1vrhy jsou n\u00e1sledn\u011b posouzeny nez\u00e1vislou porotou z \u0159ad v\u00fdtvarn\u00edk\u016f, pedagog\u016f a profesion\u00e1l\u016f z oboru.","publisher":{"@id":"https:\/\/www.design-award.cz\/#organization"},"potentialAction":[{"@type":"SearchAction","target":{"@type":"EntryPoint","urlTemplate":"https:\/\/www.design-award.cz\/?s={search_term_string}"},"query-input":{"@type":"PropertyValueSpecification","valueRequired":true,"valueName":"search_term_string"}}],"inLanguage":"cs"},{"@type":"Organization","@id":"https:\/\/www.design-award.cz\/#organization","name":"Design Award","url":"https:\/\/www.design-award.cz\/","logo":{"@type":"ImageObject","inLanguage":"cs","@id":"https:\/\/www.design-award.cz\/#\/schema\/logo\/image\/","url":"http:\/\/www.design-award.cz\/wp-content\/uploads\/2021\/12\/hornilogo_design-award.png","contentUrl":"http:\/\/www.design-award.cz\/wp-content\/uploads\/2021\/12\/hornilogo_design-award.png","width":800,"height":600,"caption":"Design Award"},"image":{"@id":"https:\/\/www.design-award.cz\/#\/schema\/logo\/image\/"},"sameAs":["https:\/\/www.instagram.com\/design_award\/"]}]}},"_links":{"self":[{"href":"https:\/\/www.design-award.cz\/index.php?rest_route=\/wp\/v2\/portfolio\/2130","targetHints":{"allow":["GET"]}}],"collection":[{"href":"https:\/\/www.design-award.cz\/index.php?rest_route=\/wp\/v2\/portfolio"}],"about":[{"href":"https:\/\/www.design-award.cz\/index.php?rest_route=\/wp\/v2\/types\/portfolio"}],"author":[{"embeddable":true,"href":"https:\/\/www.design-award.cz\/index.php?rest_route=\/wp\/v2\/users\/5"}],"replies":[{"embeddable":true,"href":"https:\/\/www.design-award.cz\/index.php?rest_route=%2Fwp%2Fv2%2Fcomments&post=2130"}],"version-history":[{"count":1,"href":"https:\/\/www.design-award.cz\/index.php?rest_route=\/wp\/v2\/portfolio\/2130\/revisions"}],"predecessor-version":[{"id":2137,"href":"https:\/\/www.design-award.cz\/index.php?rest_route=\/wp\/v2\/portfolio\/2130\/revisions\/2137"}],"wp:featuredmedia":[{"embeddable":true,"href":"https:\/\/www.design-award.cz\/index.php?rest_route=\/wp\/v2\/media\/2132"}],"wp:attachment":[{"href":"https:\/\/www.design-award.cz\/index.php?rest_route=%2Fwp%2Fv2%2Fmedia&parent=2130"}],"wp:term":[{"taxonomy":"portfolio_category","embeddable":true,"href":"https:\/\/www.design-award.cz\/index.php?rest_route=%2Fwp%2Fv2%2Fportfolio_category&post=2130"},{"taxonomy":"portfolio_tag","embeddable":true,"href":"https:\/\/www.design-award.cz\/index.php?rest_route=%2Fwp%2Fv2%2Fportfolio_tag&post=2130"}],"curies":[{"name":"wp","href":"https:\/\/api.w.org\/{rel}","templated":true}]}}