{"id":2265,"date":"2023-04-15T11:27:46","date_gmt":"2023-04-15T11:27:46","guid":{"rendered":"https:\/\/www.design-award.cz\/?post_type=portfolio&#038;p=2265"},"modified":"2023-04-15T11:27:47","modified_gmt":"2023-04-15T11:27:47","slug":"produktovy-design-felic","status":"publish","type":"portfolio","link":"https:\/\/www.design-award.cz\/?portfolio=produktovy-design-felic","title":{"rendered":"Produktov\u00fd design &#8211; Felic"},"content":{"rendered":"\n<p><strong>Kate\u0159ina Korbelov\u00e1<\/strong><\/p>\n\n\n\n<p>Vy\u0161\u0161\u00ed odborn\u00e1 \u0161kola obalov\u00e9 techniky a St\u0159edn\u00ed \u0161kola, \u0160t\u011bt\u00ed<\/p>\n\n\n\n<p>Ve sv\u00e9m ro\u010dn\u00edkov\u00e9m projektu jsem se zab\u00fdvala navrhov\u00e1n\u00edm stolov\u00e9ho n\u00e1bytku.<\/p>\n\n\n\n<p>Felic je pracovn\u00ed st\u016fl vhodn\u011b navr\u017een\u00fd do bytov\u00e9ho interi\u00e9ru s \u00falo\u017en\u00fdm prostorem pro ukl\u00e1d\u00e1n\u00ed dokument\u016f, organiz\u00e9r\u016f a men\u0161\u00edch p\u0159edm\u011bt\u016f.<\/p>\n\n\n\n<p>Inspirac\u00ed k projektu mi byl funkcionalistick\u00fd n\u00e1bytek a mo\u017enosti oh\u00fdb\u00e1n\u00ed plechu. Funkcionalismus byl a st\u00e1le je nad\u010dasov\u00fd, lid\u00e9 ho v dne\u0161n\u00ed dob\u011b vyhled\u00e1vaj\u00ed pro jeho jednoduchost, prostornost, \u010di eleganci. Um\u011bleck\u00e9ho sm\u011bru jsem se necht\u011bla dr\u017eet striktn\u011b. Kdysi pou\u017e\u00edvan\u00e9 zp\u016fsoby povrchov\u00fdch \u00faprav se v dne\u0161n\u00edch bytech vid\u00ed m\u00e1lo, a to pouze u sb\u011bratel\u016f nebo nad\u0161enc\u016f, proto jsem materi\u00e1ly a povrchov\u00e9 \u00fapravy p\u0159izp\u016fsobila dne\u0161n\u00ed dostupnosti na trhu a z\u00e1jm\u016fm u\u017eivatel\u016fm. V\u0161echny tyto aspekty m\u011b vedli k fin\u00e1ln\u00edmu designu.<\/p>\n\n\n\n<p>St\u016fl se skl\u00e1d\u00e1 z desky, kovov\u00e9 podno\u017ee, kryc\u00edho p\u00e1su a polic. Deska stolu je z dubov\u00e9 sp\u00e1rovky o\u0161et\u0159en\u00e1 tvrd\u00fdm voskov\u00fdm olejem. Stejn\u011b jako kryc\u00ed p\u00e1s i police jsou z tenk\u00e9ho ocelov\u00e9ho plechu oh\u00fdban\u00e9 a p\u0159i\u0161roubovan\u00e9 k desce stolu. Kovov\u00e1 podno\u017e je vyrobena z ocelov\u00fdch trubek. Konstrukce je demontovateln\u00e1, skl\u00e1d\u00e1 se ze sedmi d\u00edlc\u016f, kter\u00e9 jsou k sob\u011b p\u0159i\u0161roubovan\u00e9. V\u0161echny kovov\u00e9 \u010d\u00e1sti jsou matn\u011b pr\u00e1\u0161kov\u011b lakovan\u00e9 barvami RAL.<\/p>\n\n\n\n<figure class=\"wp-block-image size-large\"><img decoding=\"async\" width=\"1024\" height=\"724\" data-src=\"http:\/\/www.design-award.cz\/wp-content\/uploads\/2023\/04\/Felic_vizualizace_1-1024x724.jpg\" alt=\"\" class=\"wp-image-2267 lazyload\" data-srcset=\"https:\/\/www.design-award.cz\/wp-content\/uploads\/2023\/04\/Felic_vizualizace_1-1024x724.jpg 1024w, https:\/\/www.design-award.cz\/wp-content\/uploads\/2023\/04\/Felic_vizualizace_1-300x212.jpg 300w, https:\/\/www.design-award.cz\/wp-content\/uploads\/2023\/04\/Felic_vizualizace_1-768x543.jpg 768w, https:\/\/www.design-award.cz\/wp-content\/uploads\/2023\/04\/Felic_vizualizace_1-1536x1086.jpg 1536w, https:\/\/www.design-award.cz\/wp-content\/uploads\/2023\/04\/Felic_vizualizace_1-2048x1448.jpg 2048w, https:\/\/www.design-award.cz\/wp-content\/uploads\/2023\/04\/Felic_vizualizace_1-500x354.jpg 500w, https:\/\/www.design-award.cz\/wp-content\/uploads\/2023\/04\/Felic_vizualizace_1-800x566.jpg 800w, https:\/\/www.design-award.cz\/wp-content\/uploads\/2023\/04\/Felic_vizualizace_1-1280x905.jpg 1280w, https:\/\/www.design-award.cz\/wp-content\/uploads\/2023\/04\/Felic_vizualizace_1-1920x1358.jpg 1920w\" data-sizes=\"(max-width: 1024px) 100vw, 1024px\" src=\"data:image\/svg+xml;base64,PHN2ZyB3aWR0aD0iMSIgaGVpZ2h0PSIxIiB4bWxucz0iaHR0cDovL3d3dy53My5vcmcvMjAwMC9zdmciPjwvc3ZnPg==\" style=\"--smush-placeholder-width: 1024px; --smush-placeholder-aspect-ratio: 1024\/724;\" \/><\/figure>\n\n\n\n<figure class=\"wp-block-image size-large\"><img decoding=\"async\" width=\"1024\" height=\"741\" data-src=\"http:\/\/www.design-award.cz\/wp-content\/uploads\/2023\/04\/Felic_vizualizace_3-1024x741.jpg\" alt=\"\" class=\"wp-image-2269 lazyload\" data-srcset=\"https:\/\/www.design-award.cz\/wp-content\/uploads\/2023\/04\/Felic_vizualizace_3-1024x741.jpg 1024w, https:\/\/www.design-award.cz\/wp-content\/uploads\/2023\/04\/Felic_vizualizace_3-300x217.jpg 300w, https:\/\/www.design-award.cz\/wp-content\/uploads\/2023\/04\/Felic_vizualizace_3-768x556.jpg 768w, https:\/\/www.design-award.cz\/wp-content\/uploads\/2023\/04\/Felic_vizualizace_3-1536x1112.jpg 1536w, https:\/\/www.design-award.cz\/wp-content\/uploads\/2023\/04\/Felic_vizualizace_3-2048x1483.jpg 2048w, https:\/\/www.design-award.cz\/wp-content\/uploads\/2023\/04\/Felic_vizualizace_3-500x362.jpg 500w, https:\/\/www.design-award.cz\/wp-content\/uploads\/2023\/04\/Felic_vizualizace_3-800x579.jpg 800w, https:\/\/www.design-award.cz\/wp-content\/uploads\/2023\/04\/Felic_vizualizace_3-1280x927.jpg 1280w, https:\/\/www.design-award.cz\/wp-content\/uploads\/2023\/04\/Felic_vizualizace_3-1920x1390.jpg 1920w\" data-sizes=\"(max-width: 1024px) 100vw, 1024px\" src=\"data:image\/svg+xml;base64,PHN2ZyB3aWR0aD0iMSIgaGVpZ2h0PSIxIiB4bWxucz0iaHR0cDovL3d3dy53My5vcmcvMjAwMC9zdmciPjwvc3ZnPg==\" style=\"--smush-placeholder-width: 1024px; --smush-placeholder-aspect-ratio: 1024\/741;\" \/><\/figure>\n\n\n\n<figure class=\"wp-block-image size-large\"><img decoding=\"async\" width=\"1024\" height=\"723\" data-src=\"http:\/\/www.design-award.cz\/wp-content\/uploads\/2023\/04\/Felic_3_DA_2023-1024x723.jpg\" alt=\"\" class=\"wp-image-2271 lazyload\" data-srcset=\"https:\/\/www.design-award.cz\/wp-content\/uploads\/2023\/04\/Felic_3_DA_2023-1024x723.jpg 1024w, https:\/\/www.design-award.cz\/wp-content\/uploads\/2023\/04\/Felic_3_DA_2023-300x212.jpg 300w, https:\/\/www.design-award.cz\/wp-content\/uploads\/2023\/04\/Felic_3_DA_2023-768x542.jpg 768w, https:\/\/www.design-award.cz\/wp-content\/uploads\/2023\/04\/Felic_3_DA_2023-1536x1085.jpg 1536w, https:\/\/www.design-award.cz\/wp-content\/uploads\/2023\/04\/Felic_3_DA_2023-500x353.jpg 500w, https:\/\/www.design-award.cz\/wp-content\/uploads\/2023\/04\/Felic_3_DA_2023-800x565.jpg 800w, https:\/\/www.design-award.cz\/wp-content\/uploads\/2023\/04\/Felic_3_DA_2023-1280x904.jpg 1280w\" data-sizes=\"(max-width: 1024px) 100vw, 1024px\" src=\"data:image\/svg+xml;base64,PHN2ZyB3aWR0aD0iMSIgaGVpZ2h0PSIxIiB4bWxucz0iaHR0cDovL3d3dy53My5vcmcvMjAwMC9zdmciPjwvc3ZnPg==\" style=\"--smush-placeholder-width: 1024px; --smush-placeholder-aspect-ratio: 1024\/723;\" \/><\/figure>\n\n\n\n<figure class=\"wp-block-image size-large\"><img decoding=\"async\" width=\"1024\" height=\"723\" data-src=\"http:\/\/www.design-award.cz\/wp-content\/uploads\/2023\/04\/Felic_2_DA_2023-1024x723.jpg\" alt=\"\" class=\"wp-image-2270 lazyload\" data-srcset=\"https:\/\/www.design-award.cz\/wp-content\/uploads\/2023\/04\/Felic_2_DA_2023-1024x723.jpg 1024w, https:\/\/www.design-award.cz\/wp-content\/uploads\/2023\/04\/Felic_2_DA_2023-300x212.jpg 300w, https:\/\/www.design-award.cz\/wp-content\/uploads\/2023\/04\/Felic_2_DA_2023-768x542.jpg 768w, https:\/\/www.design-award.cz\/wp-content\/uploads\/2023\/04\/Felic_2_DA_2023-1536x1085.jpg 1536w, https:\/\/www.design-award.cz\/wp-content\/uploads\/2023\/04\/Felic_2_DA_2023-500x353.jpg 500w, https:\/\/www.design-award.cz\/wp-content\/uploads\/2023\/04\/Felic_2_DA_2023-800x565.jpg 800w, https:\/\/www.design-award.cz\/wp-content\/uploads\/2023\/04\/Felic_2_DA_2023-1280x904.jpg 1280w\" data-sizes=\"(max-width: 1024px) 100vw, 1024px\" src=\"data:image\/svg+xml;base64,PHN2ZyB3aWR0aD0iMSIgaGVpZ2h0PSIxIiB4bWxucz0iaHR0cDovL3d3dy53My5vcmcvMjAwMC9zdmciPjwvc3ZnPg==\" style=\"--smush-placeholder-width: 1024px; --smush-placeholder-aspect-ratio: 1024\/723;\" \/><\/figure>\n","protected":false},"excerpt":{"rendered":"<p>Kate\u0159ina Korbelov\u00e1 Vy\u0161\u0161\u00ed odborn\u00e1 \u0161kola obalov\u00e9 techniky a St\u0159edn\u00ed \u0161kola, \u0160t\u011bt\u00ed Ve sv\u00e9m ro\u010dn\u00edkov\u00e9m projektu jsem se zab\u00fdvala navrhov\u00e1n\u00edm stolov\u00e9ho n\u00e1bytku. Felic je pracovn\u00ed st\u016fl vhodn\u011b navr\u017een\u00fd do bytov\u00e9ho interi\u00e9ru s \u00falo\u017en\u00fdm prostorem pro ukl\u00e1d\u00e1n\u00ed dokument\u016f, organiz\u00e9r\u016f a men\u0161\u00edch p\u0159edm\u011bt\u016f. Inspirac\u00ed k projektu mi byl funkcionalistick\u00fd n\u00e1bytek a mo\u017enosti oh\u00fdb\u00e1n\u00ed plechu. Funkcionalismus byl a st\u00e1le [&hellip;]<\/p>\n","protected":false},"author":5,"featured_media":2268,"menu_order":0,"comment_status":"closed","ping_status":"closed","template":"","format":"standard","meta":{"ngg_post_thumbnail":0,"ocean_post_layout":"","ocean_both_sidebars_style":"","ocean_both_sidebars_content_width":0,"ocean_both_sidebars_sidebars_width":0,"ocean_sidebar":"","ocean_second_sidebar":"","ocean_disable_margins":"enable","ocean_add_body_class":"","ocean_shortcode_before_top_bar":"","ocean_shortcode_after_top_bar":"","ocean_shortcode_before_header":"","ocean_shortcode_after_header":"","ocean_has_shortcode":"","ocean_shortcode_after_title":"","ocean_shortcode_before_footer_widgets":"","ocean_shortcode_after_footer_widgets":"","ocean_shortcode_before_footer_bottom":"","ocean_shortcode_after_footer_bottom":"","ocean_display_top_bar":"default","ocean_display_header":"default","ocean_header_style":"","ocean_center_header_left_menu":"","ocean_custom_header_template":"","ocean_custom_logo":0,"ocean_custom_retina_logo":0,"ocean_custom_logo_max_width":0,"ocean_custom_logo_tablet_max_width":0,"ocean_custom_logo_mobile_max_width":0,"ocean_custom_logo_max_height":0,"ocean_custom_logo_tablet_max_height":0,"ocean_custom_logo_mobile_max_height":0,"ocean_header_custom_menu":"","ocean_menu_typo_font_family":"","ocean_menu_typo_font_subset":"","ocean_menu_typo_font_size":0,"ocean_menu_typo_font_size_tablet":0,"ocean_menu_typo_font_size_mobile":0,"ocean_menu_typo_font_size_unit":"px","ocean_menu_typo_font_weight":"","ocean_menu_typo_font_weight_tablet":"","ocean_menu_typo_font_weight_mobile":"","ocean_menu_typo_transform":"","ocean_menu_typo_transform_tablet":"","ocean_menu_typo_transform_mobile":"","ocean_menu_typo_line_height":0,"ocean_menu_typo_line_height_tablet":0,"ocean_menu_typo_line_height_mobile":0,"ocean_menu_typo_line_height_unit":"","ocean_menu_typo_spacing":0,"ocean_menu_typo_spacing_tablet":0,"ocean_menu_typo_spacing_mobile":0,"ocean_menu_typo_spacing_unit":"","ocean_menu_link_color":"","ocean_menu_link_color_hover":"","ocean_menu_link_color_active":"","ocean_menu_link_background":"","ocean_menu_link_hover_background":"","ocean_menu_link_active_background":"","ocean_menu_social_links_bg":"","ocean_menu_social_hover_links_bg":"","ocean_menu_social_links_color":"","ocean_menu_social_hover_links_color":"","ocean_disable_title":"default","ocean_disable_heading":"default","ocean_post_title":"","ocean_post_subheading":"","ocean_post_title_style":"","ocean_post_title_background_color":"","ocean_post_title_background":0,"ocean_post_title_bg_image_position":"","ocean_post_title_bg_image_attachment":"","ocean_post_title_bg_image_repeat":"","ocean_post_title_bg_image_size":"","ocean_post_title_height":0,"ocean_post_title_bg_overlay":0.5,"ocean_post_title_bg_overlay_color":"","ocean_disable_breadcrumbs":"default","ocean_breadcrumbs_color":"","ocean_breadcrumbs_separator_color":"","ocean_breadcrumbs_links_color":"","ocean_breadcrumbs_links_hover_color":"","ocean_display_footer_widgets":"default","ocean_display_footer_bottom":"default","ocean_custom_footer_template":"","_vp_format_video_url":"","_vp_image_focal_point":[],"footnotes":""},"portfolio_category":[10],"portfolio_tag":[],"class_list":["post-2265","portfolio","type-portfolio","status-publish","format-standard","has-post-thumbnail","hentry","portfolio_category-soutezici-2023","entry","has-media"],"yoast_head":"<!-- This site is optimized with the Yoast SEO plugin v25.2 - https:\/\/yoast.com\/wordpress\/plugins\/seo\/ -->\n<title>Produktov\u00fd design - Felic - design-award.cz<\/title>\n<meta name=\"robots\" content=\"index, follow, max-snippet:-1, max-image-preview:large, max-video-preview:-1\" \/>\n<link rel=\"canonical\" href=\"https:\/\/www.design-award.cz\/?portfolio=produktovy-design-felic\" \/>\n<meta property=\"og:locale\" content=\"cs_CZ\" \/>\n<meta property=\"og:type\" content=\"article\" \/>\n<meta property=\"og:title\" content=\"Produktov\u00fd design - Felic - design-award.cz\" \/>\n<meta property=\"og:description\" content=\"Kate\u0159ina Korbelov\u00e1 Vy\u0161\u0161\u00ed odborn\u00e1 \u0161kola obalov\u00e9 techniky a St\u0159edn\u00ed \u0161kola, \u0160t\u011bt\u00ed Ve sv\u00e9m ro\u010dn\u00edkov\u00e9m projektu jsem se zab\u00fdvala navrhov\u00e1n\u00edm stolov\u00e9ho n\u00e1bytku. Felic je pracovn\u00ed st\u016fl vhodn\u011b navr\u017een\u00fd do bytov\u00e9ho interi\u00e9ru s \u00falo\u017en\u00fdm prostorem pro ukl\u00e1d\u00e1n\u00ed dokument\u016f, organiz\u00e9r\u016f a men\u0161\u00edch p\u0159edm\u011bt\u016f. Inspirac\u00ed k projektu mi byl funkcionalistick\u00fd n\u00e1bytek a mo\u017enosti oh\u00fdb\u00e1n\u00ed plechu. Funkcionalismus byl a st\u00e1le [&hellip;]\" \/>\n<meta property=\"og:url\" content=\"https:\/\/www.design-award.cz\/?portfolio=produktovy-design-felic\" \/>\n<meta property=\"og:site_name\" content=\"design-award.cz\" \/>\n<meta property=\"article:modified_time\" content=\"2023-04-15T11:27:47+00:00\" \/>\n<meta property=\"og:image\" content=\"http:\/\/www.design-award.cz\/wp-content\/uploads\/2023\/04\/Felic_vizualizace_2-scaled.jpg\" \/>\n\t<meta property=\"og:image:width\" content=\"2560\" \/>\n\t<meta property=\"og:image:height\" content=\"1854\" \/>\n\t<meta property=\"og:image:type\" content=\"image\/jpeg\" \/>\n<meta name=\"twitter:card\" content=\"summary_large_image\" \/>\n<meta name=\"twitter:label1\" content=\"Odhadovan\u00e1 doba \u010dten\u00ed\" \/>\n\t<meta name=\"twitter:data1\" content=\"1 minuta\" \/>\n<script type=\"application\/ld+json\" class=\"yoast-schema-graph\">{\"@context\":\"https:\/\/schema.org\",\"@graph\":[{\"@type\":\"WebPage\",\"@id\":\"https:\/\/www.design-award.cz\/?portfolio=produktovy-design-felic\",\"url\":\"https:\/\/www.design-award.cz\/?portfolio=produktovy-design-felic\",\"name\":\"Produktov\u00fd design - Felic - design-award.cz\",\"isPartOf\":{\"@id\":\"https:\/\/www.design-award.cz\/#website\"},\"primaryImageOfPage\":{\"@id\":\"https:\/\/www.design-award.cz\/?portfolio=produktovy-design-felic#primaryimage\"},\"image\":{\"@id\":\"https:\/\/www.design-award.cz\/?portfolio=produktovy-design-felic#primaryimage\"},\"thumbnailUrl\":\"https:\/\/www.design-award.cz\/wp-content\/uploads\/2023\/04\/Felic_vizualizace_2-scaled.jpg\",\"datePublished\":\"2023-04-15T11:27:46+00:00\",\"dateModified\":\"2023-04-15T11:27:47+00:00\",\"breadcrumb\":{\"@id\":\"https:\/\/www.design-award.cz\/?portfolio=produktovy-design-felic#breadcrumb\"},\"inLanguage\":\"cs\",\"potentialAction\":[{\"@type\":\"ReadAction\",\"target\":[\"https:\/\/www.design-award.cz\/?portfolio=produktovy-design-felic\"]}]},{\"@type\":\"ImageObject\",\"inLanguage\":\"cs\",\"@id\":\"https:\/\/www.design-award.cz\/?portfolio=produktovy-design-felic#primaryimage\",\"url\":\"https:\/\/www.design-award.cz\/wp-content\/uploads\/2023\/04\/Felic_vizualizace_2-scaled.jpg\",\"contentUrl\":\"https:\/\/www.design-award.cz\/wp-content\/uploads\/2023\/04\/Felic_vizualizace_2-scaled.jpg\",\"width\":2560,\"height\":1854},{\"@type\":\"BreadcrumbList\",\"@id\":\"https:\/\/www.design-award.cz\/?portfolio=produktovy-design-felic#breadcrumb\",\"itemListElement\":[{\"@type\":\"ListItem\",\"position\":1,\"name\":\"Dom\u016f\",\"item\":\"https:\/\/www.design-award.cz\/\"},{\"@type\":\"ListItem\",\"position\":2,\"name\":\"Portfolio Items\",\"item\":\"https:\/\/www.design-award.cz\/?post_type=portfolio\"},{\"@type\":\"ListItem\",\"position\":3,\"name\":\"Produktov\u00fd design &#8211; Felic\"}]},{\"@type\":\"WebSite\",\"@id\":\"https:\/\/www.design-award.cz\/#website\",\"url\":\"https:\/\/www.design-award.cz\/\",\"name\":\"design-award.cz\",\"description\":\"WARD vznikla v roce 2022. Je ur\u010dena p\u0159edev\u0161\u00edm student\u016fm st\u0159edn\u00edch um\u011bleck\u00fdch \u0161kol (S\u0160 a VO\u0160), kte\u0159\u00ed mohou bezplatn\u011b zaslat sv\u00e9 n\u00e1vrhy v uveden\u00fdch kategori\u00ed a tak pom\u011b\u0159it sv\u00e9 n\u00e1pady s konkurenc\u00ed sv\u00fdch vrstevn\u00edk\u016f. N\u00e1vrhy jsou n\u00e1sledn\u011b posouzeny nez\u00e1vislou porotou z \u0159ad v\u00fdtvarn\u00edk\u016f, pedagog\u016f a profesion\u00e1l\u016f z oboru.\",\"publisher\":{\"@id\":\"https:\/\/www.design-award.cz\/#organization\"},\"potentialAction\":[{\"@type\":\"SearchAction\",\"target\":{\"@type\":\"EntryPoint\",\"urlTemplate\":\"https:\/\/www.design-award.cz\/?s={search_term_string}\"},\"query-input\":{\"@type\":\"PropertyValueSpecification\",\"valueRequired\":true,\"valueName\":\"search_term_string\"}}],\"inLanguage\":\"cs\"},{\"@type\":\"Organization\",\"@id\":\"https:\/\/www.design-award.cz\/#organization\",\"name\":\"Design Award\",\"url\":\"https:\/\/www.design-award.cz\/\",\"logo\":{\"@type\":\"ImageObject\",\"inLanguage\":\"cs\",\"@id\":\"https:\/\/www.design-award.cz\/#\/schema\/logo\/image\/\",\"url\":\"http:\/\/www.design-award.cz\/wp-content\/uploads\/2021\/12\/hornilogo_design-award.png\",\"contentUrl\":\"http:\/\/www.design-award.cz\/wp-content\/uploads\/2021\/12\/hornilogo_design-award.png\",\"width\":800,\"height\":600,\"caption\":\"Design Award\"},\"image\":{\"@id\":\"https:\/\/www.design-award.cz\/#\/schema\/logo\/image\/\"},\"sameAs\":[\"https:\/\/www.instagram.com\/design_award\/\"]}]}<\/script>\n<!-- \/ Yoast SEO plugin. -->","yoast_head_json":{"title":"Produktov\u00fd design - Felic - design-award.cz","robots":{"index":"index","follow":"follow","max-snippet":"max-snippet:-1","max-image-preview":"max-image-preview:large","max-video-preview":"max-video-preview:-1"},"canonical":"https:\/\/www.design-award.cz\/?portfolio=produktovy-design-felic","og_locale":"cs_CZ","og_type":"article","og_title":"Produktov\u00fd design - Felic - design-award.cz","og_description":"Kate\u0159ina Korbelov\u00e1 Vy\u0161\u0161\u00ed odborn\u00e1 \u0161kola obalov\u00e9 techniky a St\u0159edn\u00ed \u0161kola, \u0160t\u011bt\u00ed Ve sv\u00e9m ro\u010dn\u00edkov\u00e9m projektu jsem se zab\u00fdvala navrhov\u00e1n\u00edm stolov\u00e9ho n\u00e1bytku. Felic je pracovn\u00ed st\u016fl vhodn\u011b navr\u017een\u00fd do bytov\u00e9ho interi\u00e9ru s \u00falo\u017en\u00fdm prostorem pro ukl\u00e1d\u00e1n\u00ed dokument\u016f, organiz\u00e9r\u016f a men\u0161\u00edch p\u0159edm\u011bt\u016f. Inspirac\u00ed k projektu mi byl funkcionalistick\u00fd n\u00e1bytek a mo\u017enosti oh\u00fdb\u00e1n\u00ed plechu. Funkcionalismus byl a st\u00e1le [&hellip;]","og_url":"https:\/\/www.design-award.cz\/?portfolio=produktovy-design-felic","og_site_name":"design-award.cz","article_modified_time":"2023-04-15T11:27:47+00:00","og_image":[{"width":2560,"height":1854,"url":"http:\/\/www.design-award.cz\/wp-content\/uploads\/2023\/04\/Felic_vizualizace_2-scaled.jpg","type":"image\/jpeg"}],"twitter_card":"summary_large_image","twitter_misc":{"Odhadovan\u00e1 doba \u010dten\u00ed":"1 minuta"},"schema":{"@context":"https:\/\/schema.org","@graph":[{"@type":"WebPage","@id":"https:\/\/www.design-award.cz\/?portfolio=produktovy-design-felic","url":"https:\/\/www.design-award.cz\/?portfolio=produktovy-design-felic","name":"Produktov\u00fd design - Felic - design-award.cz","isPartOf":{"@id":"https:\/\/www.design-award.cz\/#website"},"primaryImageOfPage":{"@id":"https:\/\/www.design-award.cz\/?portfolio=produktovy-design-felic#primaryimage"},"image":{"@id":"https:\/\/www.design-award.cz\/?portfolio=produktovy-design-felic#primaryimage"},"thumbnailUrl":"https:\/\/www.design-award.cz\/wp-content\/uploads\/2023\/04\/Felic_vizualizace_2-scaled.jpg","datePublished":"2023-04-15T11:27:46+00:00","dateModified":"2023-04-15T11:27:47+00:00","breadcrumb":{"@id":"https:\/\/www.design-award.cz\/?portfolio=produktovy-design-felic#breadcrumb"},"inLanguage":"cs","potentialAction":[{"@type":"ReadAction","target":["https:\/\/www.design-award.cz\/?portfolio=produktovy-design-felic"]}]},{"@type":"ImageObject","inLanguage":"cs","@id":"https:\/\/www.design-award.cz\/?portfolio=produktovy-design-felic#primaryimage","url":"https:\/\/www.design-award.cz\/wp-content\/uploads\/2023\/04\/Felic_vizualizace_2-scaled.jpg","contentUrl":"https:\/\/www.design-award.cz\/wp-content\/uploads\/2023\/04\/Felic_vizualizace_2-scaled.jpg","width":2560,"height":1854},{"@type":"BreadcrumbList","@id":"https:\/\/www.design-award.cz\/?portfolio=produktovy-design-felic#breadcrumb","itemListElement":[{"@type":"ListItem","position":1,"name":"Dom\u016f","item":"https:\/\/www.design-award.cz\/"},{"@type":"ListItem","position":2,"name":"Portfolio Items","item":"https:\/\/www.design-award.cz\/?post_type=portfolio"},{"@type":"ListItem","position":3,"name":"Produktov\u00fd design &#8211; Felic"}]},{"@type":"WebSite","@id":"https:\/\/www.design-award.cz\/#website","url":"https:\/\/www.design-award.cz\/","name":"design-award.cz","description":"WARD vznikla v roce 2022. Je ur\u010dena p\u0159edev\u0161\u00edm student\u016fm st\u0159edn\u00edch um\u011bleck\u00fdch \u0161kol (S\u0160 a VO\u0160), kte\u0159\u00ed mohou bezplatn\u011b zaslat sv\u00e9 n\u00e1vrhy v uveden\u00fdch kategori\u00ed a tak pom\u011b\u0159it sv\u00e9 n\u00e1pady s konkurenc\u00ed sv\u00fdch vrstevn\u00edk\u016f. N\u00e1vrhy jsou n\u00e1sledn\u011b posouzeny nez\u00e1vislou porotou z \u0159ad v\u00fdtvarn\u00edk\u016f, pedagog\u016f a profesion\u00e1l\u016f z oboru.","publisher":{"@id":"https:\/\/www.design-award.cz\/#organization"},"potentialAction":[{"@type":"SearchAction","target":{"@type":"EntryPoint","urlTemplate":"https:\/\/www.design-award.cz\/?s={search_term_string}"},"query-input":{"@type":"PropertyValueSpecification","valueRequired":true,"valueName":"search_term_string"}}],"inLanguage":"cs"},{"@type":"Organization","@id":"https:\/\/www.design-award.cz\/#organization","name":"Design Award","url":"https:\/\/www.design-award.cz\/","logo":{"@type":"ImageObject","inLanguage":"cs","@id":"https:\/\/www.design-award.cz\/#\/schema\/logo\/image\/","url":"http:\/\/www.design-award.cz\/wp-content\/uploads\/2021\/12\/hornilogo_design-award.png","contentUrl":"http:\/\/www.design-award.cz\/wp-content\/uploads\/2021\/12\/hornilogo_design-award.png","width":800,"height":600,"caption":"Design Award"},"image":{"@id":"https:\/\/www.design-award.cz\/#\/schema\/logo\/image\/"},"sameAs":["https:\/\/www.instagram.com\/design_award\/"]}]}},"_links":{"self":[{"href":"https:\/\/www.design-award.cz\/index.php?rest_route=\/wp\/v2\/portfolio\/2265","targetHints":{"allow":["GET"]}}],"collection":[{"href":"https:\/\/www.design-award.cz\/index.php?rest_route=\/wp\/v2\/portfolio"}],"about":[{"href":"https:\/\/www.design-award.cz\/index.php?rest_route=\/wp\/v2\/types\/portfolio"}],"author":[{"embeddable":true,"href":"https:\/\/www.design-award.cz\/index.php?rest_route=\/wp\/v2\/users\/5"}],"replies":[{"embeddable":true,"href":"https:\/\/www.design-award.cz\/index.php?rest_route=%2Fwp%2Fv2%2Fcomments&post=2265"}],"version-history":[{"count":1,"href":"https:\/\/www.design-award.cz\/index.php?rest_route=\/wp\/v2\/portfolio\/2265\/revisions"}],"predecessor-version":[{"id":2273,"href":"https:\/\/www.design-award.cz\/index.php?rest_route=\/wp\/v2\/portfolio\/2265\/revisions\/2273"}],"wp:featuredmedia":[{"embeddable":true,"href":"https:\/\/www.design-award.cz\/index.php?rest_route=\/wp\/v2\/media\/2268"}],"wp:attachment":[{"href":"https:\/\/www.design-award.cz\/index.php?rest_route=%2Fwp%2Fv2%2Fmedia&parent=2265"}],"wp:term":[{"taxonomy":"portfolio_category","embeddable":true,"href":"https:\/\/www.design-award.cz\/index.php?rest_route=%2Fwp%2Fv2%2Fportfolio_category&post=2265"},{"taxonomy":"portfolio_tag","embeddable":true,"href":"https:\/\/www.design-award.cz\/index.php?rest_route=%2Fwp%2Fv2%2Fportfolio_tag&post=2265"}],"curies":[{"name":"wp","href":"https:\/\/api.w.org\/{rel}","templated":true}]}}