{"id":2276,"date":"2023-04-15T11:35:27","date_gmt":"2023-04-15T11:35:27","guid":{"rendered":"https:\/\/www.design-award.cz\/?post_type=portfolio&#038;p=2276"},"modified":"2023-04-15T11:35:44","modified_gmt":"2023-04-15T11:35:44","slug":"produktovy-design-samozavlazovaci-kvetinac","status":"publish","type":"portfolio","link":"https:\/\/www.design-award.cz\/?portfolio=produktovy-design-samozavlazovaci-kvetinac","title":{"rendered":"Produktov\u00fd design &#8211; Samozavla\u017eovac\u00ed kv\u011btin\u00e1\u010d"},"content":{"rendered":"\n<p><strong>Anna Sobotov\u00e1<\/strong><\/p>\n\n\n\n<p>Akademie &#8211; Vy\u0161\u0161\u00ed odborn\u00e1 \u0161kola, Gymn\u00e1zium a St\u0159edn\u00ed odborn\u00e1 \u0161kola um\u011bleckopr\u016fmyslov\u00e1 Sv\u011btl\u00e1 nad S\u00e1zavou<\/p>\n\n\n\n<p>U tohoto projektu jsem pracovala s faktem, \u017ee kv\u011btiny produkuj\u00ed fotosynt\u00e9zu, kter\u00e1 m\u00e1<br>z\u00e1sadn\u00ed v\u00fdznam pro \u017eivot na zemi.<br>Jedna z v\u011bc\u00ed je tak\u00e9 to, \u017ee kv\u011btiny, obecn\u011b rostliny se v p\u0159\u00edrod\u011b rozkl\u00e1daj\u00ed z \u010deho\u017e vznik\u00e1 humus a d\u00edky n\u011bmu mohou r\u016fst dal\u0161\u00ed rostliny.<br>Mnoho lid\u00ed zapom\u00edn\u00e1 sv\u00e9 kyti\u010dky zal\u00e9vat, proto jsem se toto t\u00e9ma sna\u017eila pojmout n\u011b\u010d\u00edm jako jsou samozavla\u017eovac\u00ed kv\u011btin\u00e1\u010de.<\/p>\n\n\n\n<figure class=\"wp-block-image size-large\"><img decoding=\"async\" width=\"768\" height=\"1024\" data-src=\"http:\/\/www.design-award.cz\/wp-content\/uploads\/2023\/04\/produktova-fotografie-1-768x1024.jpg\" alt=\"\" class=\"wp-image-2282 lazyload\" data-srcset=\"https:\/\/www.design-award.cz\/wp-content\/uploads\/2023\/04\/produktova-fotografie-1-768x1024.jpg 768w, https:\/\/www.design-award.cz\/wp-content\/uploads\/2023\/04\/produktova-fotografie-1-225x300.jpg 225w, https:\/\/www.design-award.cz\/wp-content\/uploads\/2023\/04\/produktova-fotografie-1-1152x1536.jpg 1152w, https:\/\/www.design-award.cz\/wp-content\/uploads\/2023\/04\/produktova-fotografie-1-1536x2048.jpg 1536w, https:\/\/www.design-award.cz\/wp-content\/uploads\/2023\/04\/produktova-fotografie-1-500x667.jpg 500w, https:\/\/www.design-award.cz\/wp-content\/uploads\/2023\/04\/produktova-fotografie-1-800x1067.jpg 800w, https:\/\/www.design-award.cz\/wp-content\/uploads\/2023\/04\/produktova-fotografie-1-1280x1707.jpg 1280w, https:\/\/www.design-award.cz\/wp-content\/uploads\/2023\/04\/produktova-fotografie-1-scaled.jpg 1920w\" data-sizes=\"(max-width: 768px) 100vw, 768px\" src=\"data:image\/svg+xml;base64,PHN2ZyB3aWR0aD0iMSIgaGVpZ2h0PSIxIiB4bWxucz0iaHR0cDovL3d3dy53My5vcmcvMjAwMC9zdmciPjwvc3ZnPg==\" style=\"--smush-placeholder-width: 768px; --smush-placeholder-aspect-ratio: 768\/1024;\" \/><\/figure>\n\n\n\n<figure class=\"wp-block-image size-large\"><img decoding=\"async\" width=\"768\" height=\"1024\" data-src=\"http:\/\/www.design-award.cz\/wp-content\/uploads\/2023\/04\/produktova-fotografie-4-768x1024.jpg\" alt=\"\" class=\"wp-image-2279 lazyload\" data-srcset=\"https:\/\/www.design-award.cz\/wp-content\/uploads\/2023\/04\/produktova-fotografie-4-768x1024.jpg 768w, https:\/\/www.design-award.cz\/wp-content\/uploads\/2023\/04\/produktova-fotografie-4-225x300.jpg 225w, https:\/\/www.design-award.cz\/wp-content\/uploads\/2023\/04\/produktova-fotografie-4-1152x1536.jpg 1152w, https:\/\/www.design-award.cz\/wp-content\/uploads\/2023\/04\/produktova-fotografie-4-1536x2048.jpg 1536w, https:\/\/www.design-award.cz\/wp-content\/uploads\/2023\/04\/produktova-fotografie-4-500x667.jpg 500w, https:\/\/www.design-award.cz\/wp-content\/uploads\/2023\/04\/produktova-fotografie-4-800x1067.jpg 800w, https:\/\/www.design-award.cz\/wp-content\/uploads\/2023\/04\/produktova-fotografie-4-1280x1707.jpg 1280w, https:\/\/www.design-award.cz\/wp-content\/uploads\/2023\/04\/produktova-fotografie-4-scaled.jpg 1920w\" data-sizes=\"(max-width: 768px) 100vw, 768px\" src=\"data:image\/svg+xml;base64,PHN2ZyB3aWR0aD0iMSIgaGVpZ2h0PSIxIiB4bWxucz0iaHR0cDovL3d3dy53My5vcmcvMjAwMC9zdmciPjwvc3ZnPg==\" style=\"--smush-placeholder-width: 768px; --smush-placeholder-aspect-ratio: 768\/1024;\" \/><\/figure>\n\n\n\n<figure class=\"wp-block-image size-large\"><img decoding=\"async\" width=\"768\" height=\"1024\" data-src=\"http:\/\/www.design-award.cz\/wp-content\/uploads\/2023\/04\/produktova-fotografie-3-768x1024.jpg\" alt=\"\" class=\"wp-image-2278 lazyload\" data-srcset=\"https:\/\/www.design-award.cz\/wp-content\/uploads\/2023\/04\/produktova-fotografie-3-768x1024.jpg 768w, https:\/\/www.design-award.cz\/wp-content\/uploads\/2023\/04\/produktova-fotografie-3-225x300.jpg 225w, https:\/\/www.design-award.cz\/wp-content\/uploads\/2023\/04\/produktova-fotografie-3-1152x1536.jpg 1152w, https:\/\/www.design-award.cz\/wp-content\/uploads\/2023\/04\/produktova-fotografie-3-1536x2048.jpg 1536w, https:\/\/www.design-award.cz\/wp-content\/uploads\/2023\/04\/produktova-fotografie-3-500x667.jpg 500w, https:\/\/www.design-award.cz\/wp-content\/uploads\/2023\/04\/produktova-fotografie-3-800x1067.jpg 800w, https:\/\/www.design-award.cz\/wp-content\/uploads\/2023\/04\/produktova-fotografie-3-1280x1707.jpg 1280w, https:\/\/www.design-award.cz\/wp-content\/uploads\/2023\/04\/produktova-fotografie-3-scaled.jpg 1920w\" data-sizes=\"(max-width: 768px) 100vw, 768px\" src=\"data:image\/svg+xml;base64,PHN2ZyB3aWR0aD0iMSIgaGVpZ2h0PSIxIiB4bWxucz0iaHR0cDovL3d3dy53My5vcmcvMjAwMC9zdmciPjwvc3ZnPg==\" style=\"--smush-placeholder-width: 768px; --smush-placeholder-aspect-ratio: 768\/1024;\" \/><\/figure>\n\n\n\n<figure class=\"wp-block-image size-large\"><img decoding=\"async\" width=\"728\" height=\"1024\" data-src=\"http:\/\/www.design-award.cz\/wp-content\/uploads\/2023\/04\/technicky-vykres-sklo-728x1024.jpg\" alt=\"\" class=\"wp-image-2281 lazyload\" data-srcset=\"https:\/\/www.design-award.cz\/wp-content\/uploads\/2023\/04\/technicky-vykres-sklo-728x1024.jpg 728w, https:\/\/www.design-award.cz\/wp-content\/uploads\/2023\/04\/technicky-vykres-sklo-213x300.jpg 213w, https:\/\/www.design-award.cz\/wp-content\/uploads\/2023\/04\/technicky-vykres-sklo-768x1080.jpg 768w, https:\/\/www.design-award.cz\/wp-content\/uploads\/2023\/04\/technicky-vykres-sklo-500x703.jpg 500w, https:\/\/www.design-award.cz\/wp-content\/uploads\/2023\/04\/technicky-vykres-sklo-800x1125.jpg 800w, https:\/\/www.design-award.cz\/wp-content\/uploads\/2023\/04\/technicky-vykres-sklo.jpg 809w\" data-sizes=\"(max-width: 728px) 100vw, 728px\" src=\"data:image\/svg+xml;base64,PHN2ZyB3aWR0aD0iMSIgaGVpZ2h0PSIxIiB4bWxucz0iaHR0cDovL3d3dy53My5vcmcvMjAwMC9zdmciPjwvc3ZnPg==\" style=\"--smush-placeholder-width: 728px; --smush-placeholder-aspect-ratio: 728\/1024;\" \/><\/figure>\n\n\n\n<figure class=\"wp-block-image size-large\"><img decoding=\"async\" width=\"710\" height=\"1024\" data-src=\"http:\/\/www.design-award.cz\/wp-content\/uploads\/2023\/04\/technicky-vykres-porcelan-710x1024.jpg\" alt=\"\" class=\"wp-image-2280 lazyload\" data-srcset=\"https:\/\/www.design-award.cz\/wp-content\/uploads\/2023\/04\/technicky-vykres-porcelan-710x1024.jpg 710w, https:\/\/www.design-award.cz\/wp-content\/uploads\/2023\/04\/technicky-vykres-porcelan-208x300.jpg 208w, https:\/\/www.design-award.cz\/wp-content\/uploads\/2023\/04\/technicky-vykres-porcelan-768x1107.jpg 768w, https:\/\/www.design-award.cz\/wp-content\/uploads\/2023\/04\/technicky-vykres-porcelan-500x721.jpg 500w, https:\/\/www.design-award.cz\/wp-content\/uploads\/2023\/04\/technicky-vykres-porcelan.jpg 801w\" data-sizes=\"(max-width: 710px) 100vw, 710px\" src=\"data:image\/svg+xml;base64,PHN2ZyB3aWR0aD0iMSIgaGVpZ2h0PSIxIiB4bWxucz0iaHR0cDovL3d3dy53My5vcmcvMjAwMC9zdmciPjwvc3ZnPg==\" style=\"--smush-placeholder-width: 710px; --smush-placeholder-aspect-ratio: 710\/1024;\" \/><\/figure>\n","protected":false},"excerpt":{"rendered":"<p>Anna Sobotov\u00e1 Akademie &#8211; Vy\u0161\u0161\u00ed odborn\u00e1 \u0161kola, Gymn\u00e1zium a St\u0159edn\u00ed odborn\u00e1 \u0161kola um\u011bleckopr\u016fmyslov\u00e1 Sv\u011btl\u00e1 nad S\u00e1zavou U tohoto projektu jsem pracovala s faktem, \u017ee kv\u011btiny produkuj\u00ed fotosynt\u00e9zu, kter\u00e1 m\u00e1z\u00e1sadn\u00ed v\u00fdznam pro \u017eivot na zemi.Jedna z v\u011bc\u00ed je tak\u00e9 to, \u017ee kv\u011btiny, obecn\u011b rostliny se v p\u0159\u00edrod\u011b rozkl\u00e1daj\u00ed z \u010deho\u017e vznik\u00e1 humus a d\u00edky n\u011bmu mohou [&hellip;]<\/p>\n","protected":false},"author":5,"featured_media":2277,"menu_order":0,"comment_status":"open","ping_status":"closed","template":"","format":"standard","meta":{"ngg_post_thumbnail":0,"ocean_post_layout":"","ocean_both_sidebars_style":"","ocean_both_sidebars_content_width":0,"ocean_both_sidebars_sidebars_width":0,"ocean_sidebar":"","ocean_second_sidebar":"","ocean_disable_margins":"enable","ocean_add_body_class":"","ocean_shortcode_before_top_bar":"","ocean_shortcode_after_top_bar":"","ocean_shortcode_before_header":"","ocean_shortcode_after_header":"","ocean_has_shortcode":"","ocean_shortcode_after_title":"","ocean_shortcode_before_footer_widgets":"","ocean_shortcode_after_footer_widgets":"","ocean_shortcode_before_footer_bottom":"","ocean_shortcode_after_footer_bottom":"","ocean_display_top_bar":"default","ocean_display_header":"default","ocean_header_style":"","ocean_center_header_left_menu":"","ocean_custom_header_template":"","ocean_custom_logo":0,"ocean_custom_retina_logo":0,"ocean_custom_logo_max_width":0,"ocean_custom_logo_tablet_max_width":0,"ocean_custom_logo_mobile_max_width":0,"ocean_custom_logo_max_height":0,"ocean_custom_logo_tablet_max_height":0,"ocean_custom_logo_mobile_max_height":0,"ocean_header_custom_menu":"","ocean_menu_typo_font_family":"","ocean_menu_typo_font_subset":"","ocean_menu_typo_font_size":0,"ocean_menu_typo_font_size_tablet":0,"ocean_menu_typo_font_size_mobile":0,"ocean_menu_typo_font_size_unit":"px","ocean_menu_typo_font_weight":"","ocean_menu_typo_font_weight_tablet":"","ocean_menu_typo_font_weight_mobile":"","ocean_menu_typo_transform":"","ocean_menu_typo_transform_tablet":"","ocean_menu_typo_transform_mobile":"","ocean_menu_typo_line_height":0,"ocean_menu_typo_line_height_tablet":0,"ocean_menu_typo_line_height_mobile":0,"ocean_menu_typo_line_height_unit":"","ocean_menu_typo_spacing":0,"ocean_menu_typo_spacing_tablet":0,"ocean_menu_typo_spacing_mobile":0,"ocean_menu_typo_spacing_unit":"","ocean_menu_link_color":"","ocean_menu_link_color_hover":"","ocean_menu_link_color_active":"","ocean_menu_link_background":"","ocean_menu_link_hover_background":"","ocean_menu_link_active_background":"","ocean_menu_social_links_bg":"","ocean_menu_social_hover_links_bg":"","ocean_menu_social_links_color":"","ocean_menu_social_hover_links_color":"","ocean_disable_title":"default","ocean_disable_heading":"default","ocean_post_title":"","ocean_post_subheading":"","ocean_post_title_style":"","ocean_post_title_background_color":"","ocean_post_title_background":0,"ocean_post_title_bg_image_position":"","ocean_post_title_bg_image_attachment":"","ocean_post_title_bg_image_repeat":"","ocean_post_title_bg_image_size":"","ocean_post_title_height":0,"ocean_post_title_bg_overlay":0.5,"ocean_post_title_bg_overlay_color":"","ocean_disable_breadcrumbs":"default","ocean_breadcrumbs_color":"","ocean_breadcrumbs_separator_color":"","ocean_breadcrumbs_links_color":"","ocean_breadcrumbs_links_hover_color":"","ocean_display_footer_widgets":"default","ocean_display_footer_bottom":"default","ocean_custom_footer_template":"","_vp_format_video_url":"","_vp_image_focal_point":[],"footnotes":""},"portfolio_category":[10],"portfolio_tag":[],"class_list":["post-2276","portfolio","type-portfolio","status-publish","format-standard","has-post-thumbnail","hentry","portfolio_category-soutezici-2023","entry","has-media"],"yoast_head":"<!-- This site is optimized with the Yoast SEO plugin v25.2 - https:\/\/yoast.com\/wordpress\/plugins\/seo\/ -->\n<title>Produktov\u00fd design - Samozavla\u017eovac\u00ed kv\u011btin\u00e1\u010d - design-award.cz<\/title>\n<meta name=\"robots\" content=\"index, follow, max-snippet:-1, max-image-preview:large, max-video-preview:-1\" \/>\n<link rel=\"canonical\" href=\"https:\/\/www.design-award.cz\/?portfolio=produktovy-design-samozavlazovaci-kvetinac\" \/>\n<meta property=\"og:locale\" content=\"cs_CZ\" \/>\n<meta property=\"og:type\" content=\"article\" \/>\n<meta property=\"og:title\" content=\"Produktov\u00fd design - Samozavla\u017eovac\u00ed kv\u011btin\u00e1\u010d - design-award.cz\" \/>\n<meta property=\"og:description\" content=\"Anna Sobotov\u00e1 Akademie &#8211; Vy\u0161\u0161\u00ed odborn\u00e1 \u0161kola, Gymn\u00e1zium a St\u0159edn\u00ed odborn\u00e1 \u0161kola um\u011bleckopr\u016fmyslov\u00e1 Sv\u011btl\u00e1 nad S\u00e1zavou U tohoto projektu jsem pracovala s faktem, \u017ee kv\u011btiny produkuj\u00ed fotosynt\u00e9zu, kter\u00e1 m\u00e1z\u00e1sadn\u00ed v\u00fdznam pro \u017eivot na zemi.Jedna z v\u011bc\u00ed je tak\u00e9 to, \u017ee kv\u011btiny, obecn\u011b rostliny se v p\u0159\u00edrod\u011b rozkl\u00e1daj\u00ed z \u010deho\u017e vznik\u00e1 humus a d\u00edky n\u011bmu mohou [&hellip;]\" \/>\n<meta property=\"og:url\" content=\"https:\/\/www.design-award.cz\/?portfolio=produktovy-design-samozavlazovaci-kvetinac\" \/>\n<meta property=\"og:site_name\" content=\"design-award.cz\" \/>\n<meta property=\"article:modified_time\" content=\"2023-04-15T11:35:44+00:00\" \/>\n<meta property=\"og:image\" content=\"http:\/\/www.design-award.cz\/wp-content\/uploads\/2023\/04\/produktova-fotografie-2-scaled.jpg\" \/>\n\t<meta property=\"og:image:width\" content=\"1920\" \/>\n\t<meta property=\"og:image:height\" content=\"2560\" \/>\n\t<meta property=\"og:image:type\" content=\"image\/jpeg\" \/>\n<meta name=\"twitter:card\" content=\"summary_large_image\" \/>\n<meta name=\"twitter:label1\" content=\"Odhadovan\u00e1 doba \u010dten\u00ed\" \/>\n\t<meta name=\"twitter:data1\" content=\"1 minuta\" \/>\n<script type=\"application\/ld+json\" class=\"yoast-schema-graph\">{\"@context\":\"https:\/\/schema.org\",\"@graph\":[{\"@type\":\"WebPage\",\"@id\":\"https:\/\/www.design-award.cz\/?portfolio=produktovy-design-samozavlazovaci-kvetinac\",\"url\":\"https:\/\/www.design-award.cz\/?portfolio=produktovy-design-samozavlazovaci-kvetinac\",\"name\":\"Produktov\u00fd design - Samozavla\u017eovac\u00ed kv\u011btin\u00e1\u010d - design-award.cz\",\"isPartOf\":{\"@id\":\"https:\/\/www.design-award.cz\/#website\"},\"primaryImageOfPage\":{\"@id\":\"https:\/\/www.design-award.cz\/?portfolio=produktovy-design-samozavlazovaci-kvetinac#primaryimage\"},\"image\":{\"@id\":\"https:\/\/www.design-award.cz\/?portfolio=produktovy-design-samozavlazovaci-kvetinac#primaryimage\"},\"thumbnailUrl\":\"https:\/\/www.design-award.cz\/wp-content\/uploads\/2023\/04\/produktova-fotografie-2-scaled.jpg\",\"datePublished\":\"2023-04-15T11:35:27+00:00\",\"dateModified\":\"2023-04-15T11:35:44+00:00\",\"breadcrumb\":{\"@id\":\"https:\/\/www.design-award.cz\/?portfolio=produktovy-design-samozavlazovaci-kvetinac#breadcrumb\"},\"inLanguage\":\"cs\",\"potentialAction\":[{\"@type\":\"ReadAction\",\"target\":[\"https:\/\/www.design-award.cz\/?portfolio=produktovy-design-samozavlazovaci-kvetinac\"]}]},{\"@type\":\"ImageObject\",\"inLanguage\":\"cs\",\"@id\":\"https:\/\/www.design-award.cz\/?portfolio=produktovy-design-samozavlazovaci-kvetinac#primaryimage\",\"url\":\"https:\/\/www.design-award.cz\/wp-content\/uploads\/2023\/04\/produktova-fotografie-2-scaled.jpg\",\"contentUrl\":\"https:\/\/www.design-award.cz\/wp-content\/uploads\/2023\/04\/produktova-fotografie-2-scaled.jpg\",\"width\":1920,\"height\":2560},{\"@type\":\"BreadcrumbList\",\"@id\":\"https:\/\/www.design-award.cz\/?portfolio=produktovy-design-samozavlazovaci-kvetinac#breadcrumb\",\"itemListElement\":[{\"@type\":\"ListItem\",\"position\":1,\"name\":\"Dom\u016f\",\"item\":\"https:\/\/www.design-award.cz\/\"},{\"@type\":\"ListItem\",\"position\":2,\"name\":\"Portfolio Items\",\"item\":\"https:\/\/www.design-award.cz\/?post_type=portfolio\"},{\"@type\":\"ListItem\",\"position\":3,\"name\":\"Produktov\u00fd design &#8211; Samozavla\u017eovac\u00ed kv\u011btin\u00e1\u010d\"}]},{\"@type\":\"WebSite\",\"@id\":\"https:\/\/www.design-award.cz\/#website\",\"url\":\"https:\/\/www.design-award.cz\/\",\"name\":\"design-award.cz\",\"description\":\"WARD vznikla v roce 2022. Je ur\u010dena p\u0159edev\u0161\u00edm student\u016fm st\u0159edn\u00edch um\u011bleck\u00fdch \u0161kol (S\u0160 a VO\u0160), kte\u0159\u00ed mohou bezplatn\u011b zaslat sv\u00e9 n\u00e1vrhy v uveden\u00fdch kategori\u00ed a tak pom\u011b\u0159it sv\u00e9 n\u00e1pady s konkurenc\u00ed sv\u00fdch vrstevn\u00edk\u016f. N\u00e1vrhy jsou n\u00e1sledn\u011b posouzeny nez\u00e1vislou porotou z \u0159ad v\u00fdtvarn\u00edk\u016f, pedagog\u016f a profesion\u00e1l\u016f z oboru.\",\"publisher\":{\"@id\":\"https:\/\/www.design-award.cz\/#organization\"},\"potentialAction\":[{\"@type\":\"SearchAction\",\"target\":{\"@type\":\"EntryPoint\",\"urlTemplate\":\"https:\/\/www.design-award.cz\/?s={search_term_string}\"},\"query-input\":{\"@type\":\"PropertyValueSpecification\",\"valueRequired\":true,\"valueName\":\"search_term_string\"}}],\"inLanguage\":\"cs\"},{\"@type\":\"Organization\",\"@id\":\"https:\/\/www.design-award.cz\/#organization\",\"name\":\"Design Award\",\"url\":\"https:\/\/www.design-award.cz\/\",\"logo\":{\"@type\":\"ImageObject\",\"inLanguage\":\"cs\",\"@id\":\"https:\/\/www.design-award.cz\/#\/schema\/logo\/image\/\",\"url\":\"http:\/\/www.design-award.cz\/wp-content\/uploads\/2021\/12\/hornilogo_design-award.png\",\"contentUrl\":\"http:\/\/www.design-award.cz\/wp-content\/uploads\/2021\/12\/hornilogo_design-award.png\",\"width\":800,\"height\":600,\"caption\":\"Design Award\"},\"image\":{\"@id\":\"https:\/\/www.design-award.cz\/#\/schema\/logo\/image\/\"},\"sameAs\":[\"https:\/\/www.instagram.com\/design_award\/\"]}]}<\/script>\n<!-- \/ Yoast SEO plugin. -->","yoast_head_json":{"title":"Produktov\u00fd design - Samozavla\u017eovac\u00ed kv\u011btin\u00e1\u010d - design-award.cz","robots":{"index":"index","follow":"follow","max-snippet":"max-snippet:-1","max-image-preview":"max-image-preview:large","max-video-preview":"max-video-preview:-1"},"canonical":"https:\/\/www.design-award.cz\/?portfolio=produktovy-design-samozavlazovaci-kvetinac","og_locale":"cs_CZ","og_type":"article","og_title":"Produktov\u00fd design - Samozavla\u017eovac\u00ed kv\u011btin\u00e1\u010d - design-award.cz","og_description":"Anna Sobotov\u00e1 Akademie &#8211; Vy\u0161\u0161\u00ed odborn\u00e1 \u0161kola, Gymn\u00e1zium a St\u0159edn\u00ed odborn\u00e1 \u0161kola um\u011bleckopr\u016fmyslov\u00e1 Sv\u011btl\u00e1 nad S\u00e1zavou U tohoto projektu jsem pracovala s faktem, \u017ee kv\u011btiny produkuj\u00ed fotosynt\u00e9zu, kter\u00e1 m\u00e1z\u00e1sadn\u00ed v\u00fdznam pro \u017eivot na zemi.Jedna z v\u011bc\u00ed je tak\u00e9 to, \u017ee kv\u011btiny, obecn\u011b rostliny se v p\u0159\u00edrod\u011b rozkl\u00e1daj\u00ed z \u010deho\u017e vznik\u00e1 humus a d\u00edky n\u011bmu mohou [&hellip;]","og_url":"https:\/\/www.design-award.cz\/?portfolio=produktovy-design-samozavlazovaci-kvetinac","og_site_name":"design-award.cz","article_modified_time":"2023-04-15T11:35:44+00:00","og_image":[{"width":1920,"height":2560,"url":"http:\/\/www.design-award.cz\/wp-content\/uploads\/2023\/04\/produktova-fotografie-2-scaled.jpg","type":"image\/jpeg"}],"twitter_card":"summary_large_image","twitter_misc":{"Odhadovan\u00e1 doba \u010dten\u00ed":"1 minuta"},"schema":{"@context":"https:\/\/schema.org","@graph":[{"@type":"WebPage","@id":"https:\/\/www.design-award.cz\/?portfolio=produktovy-design-samozavlazovaci-kvetinac","url":"https:\/\/www.design-award.cz\/?portfolio=produktovy-design-samozavlazovaci-kvetinac","name":"Produktov\u00fd design - Samozavla\u017eovac\u00ed kv\u011btin\u00e1\u010d - design-award.cz","isPartOf":{"@id":"https:\/\/www.design-award.cz\/#website"},"primaryImageOfPage":{"@id":"https:\/\/www.design-award.cz\/?portfolio=produktovy-design-samozavlazovaci-kvetinac#primaryimage"},"image":{"@id":"https:\/\/www.design-award.cz\/?portfolio=produktovy-design-samozavlazovaci-kvetinac#primaryimage"},"thumbnailUrl":"https:\/\/www.design-award.cz\/wp-content\/uploads\/2023\/04\/produktova-fotografie-2-scaled.jpg","datePublished":"2023-04-15T11:35:27+00:00","dateModified":"2023-04-15T11:35:44+00:00","breadcrumb":{"@id":"https:\/\/www.design-award.cz\/?portfolio=produktovy-design-samozavlazovaci-kvetinac#breadcrumb"},"inLanguage":"cs","potentialAction":[{"@type":"ReadAction","target":["https:\/\/www.design-award.cz\/?portfolio=produktovy-design-samozavlazovaci-kvetinac"]}]},{"@type":"ImageObject","inLanguage":"cs","@id":"https:\/\/www.design-award.cz\/?portfolio=produktovy-design-samozavlazovaci-kvetinac#primaryimage","url":"https:\/\/www.design-award.cz\/wp-content\/uploads\/2023\/04\/produktova-fotografie-2-scaled.jpg","contentUrl":"https:\/\/www.design-award.cz\/wp-content\/uploads\/2023\/04\/produktova-fotografie-2-scaled.jpg","width":1920,"height":2560},{"@type":"BreadcrumbList","@id":"https:\/\/www.design-award.cz\/?portfolio=produktovy-design-samozavlazovaci-kvetinac#breadcrumb","itemListElement":[{"@type":"ListItem","position":1,"name":"Dom\u016f","item":"https:\/\/www.design-award.cz\/"},{"@type":"ListItem","position":2,"name":"Portfolio Items","item":"https:\/\/www.design-award.cz\/?post_type=portfolio"},{"@type":"ListItem","position":3,"name":"Produktov\u00fd design &#8211; Samozavla\u017eovac\u00ed kv\u011btin\u00e1\u010d"}]},{"@type":"WebSite","@id":"https:\/\/www.design-award.cz\/#website","url":"https:\/\/www.design-award.cz\/","name":"design-award.cz","description":"WARD vznikla v roce 2022. Je ur\u010dena p\u0159edev\u0161\u00edm student\u016fm st\u0159edn\u00edch um\u011bleck\u00fdch \u0161kol (S\u0160 a VO\u0160), kte\u0159\u00ed mohou bezplatn\u011b zaslat sv\u00e9 n\u00e1vrhy v uveden\u00fdch kategori\u00ed a tak pom\u011b\u0159it sv\u00e9 n\u00e1pady s konkurenc\u00ed sv\u00fdch vrstevn\u00edk\u016f. N\u00e1vrhy jsou n\u00e1sledn\u011b posouzeny nez\u00e1vislou porotou z \u0159ad v\u00fdtvarn\u00edk\u016f, pedagog\u016f a profesion\u00e1l\u016f z oboru.","publisher":{"@id":"https:\/\/www.design-award.cz\/#organization"},"potentialAction":[{"@type":"SearchAction","target":{"@type":"EntryPoint","urlTemplate":"https:\/\/www.design-award.cz\/?s={search_term_string}"},"query-input":{"@type":"PropertyValueSpecification","valueRequired":true,"valueName":"search_term_string"}}],"inLanguage":"cs"},{"@type":"Organization","@id":"https:\/\/www.design-award.cz\/#organization","name":"Design Award","url":"https:\/\/www.design-award.cz\/","logo":{"@type":"ImageObject","inLanguage":"cs","@id":"https:\/\/www.design-award.cz\/#\/schema\/logo\/image\/","url":"http:\/\/www.design-award.cz\/wp-content\/uploads\/2021\/12\/hornilogo_design-award.png","contentUrl":"http:\/\/www.design-award.cz\/wp-content\/uploads\/2021\/12\/hornilogo_design-award.png","width":800,"height":600,"caption":"Design Award"},"image":{"@id":"https:\/\/www.design-award.cz\/#\/schema\/logo\/image\/"},"sameAs":["https:\/\/www.instagram.com\/design_award\/"]}]}},"_links":{"self":[{"href":"https:\/\/www.design-award.cz\/index.php?rest_route=\/wp\/v2\/portfolio\/2276","targetHints":{"allow":["GET"]}}],"collection":[{"href":"https:\/\/www.design-award.cz\/index.php?rest_route=\/wp\/v2\/portfolio"}],"about":[{"href":"https:\/\/www.design-award.cz\/index.php?rest_route=\/wp\/v2\/types\/portfolio"}],"author":[{"embeddable":true,"href":"https:\/\/www.design-award.cz\/index.php?rest_route=\/wp\/v2\/users\/5"}],"replies":[{"embeddable":true,"href":"https:\/\/www.design-award.cz\/index.php?rest_route=%2Fwp%2Fv2%2Fcomments&post=2276"}],"version-history":[{"count":1,"href":"https:\/\/www.design-award.cz\/index.php?rest_route=\/wp\/v2\/portfolio\/2276\/revisions"}],"predecessor-version":[{"id":2283,"href":"https:\/\/www.design-award.cz\/index.php?rest_route=\/wp\/v2\/portfolio\/2276\/revisions\/2283"}],"wp:featuredmedia":[{"embeddable":true,"href":"https:\/\/www.design-award.cz\/index.php?rest_route=\/wp\/v2\/media\/2277"}],"wp:attachment":[{"href":"https:\/\/www.design-award.cz\/index.php?rest_route=%2Fwp%2Fv2%2Fmedia&parent=2276"}],"wp:term":[{"taxonomy":"portfolio_category","embeddable":true,"href":"https:\/\/www.design-award.cz\/index.php?rest_route=%2Fwp%2Fv2%2Fportfolio_category&post=2276"},{"taxonomy":"portfolio_tag","embeddable":true,"href":"https:\/\/www.design-award.cz\/index.php?rest_route=%2Fwp%2Fv2%2Fportfolio_tag&post=2276"}],"curies":[{"name":"wp","href":"https:\/\/api.w.org\/{rel}","templated":true}]}}