{"id":2284,"date":"2023-04-15T11:45:06","date_gmt":"2023-04-15T11:45:06","guid":{"rendered":"https:\/\/www.design-award.cz\/?post_type=portfolio&#038;p=2284"},"modified":"2023-04-15T11:51:31","modified_gmt":"2023-04-15T11:51:31","slug":"soukromy-interier-koupelna-2","status":"publish","type":"portfolio","link":"https:\/\/www.design-award.cz\/?portfolio=soukromy-interier-koupelna-2","title":{"rendered":"Soukrom\u00fd interi\u00e9r &#8211; Koupelna"},"content":{"rendered":"\n<p><strong>Lucie Ku\u010derov\u00e1<\/strong><\/p>\n\n\n\n<p>MICHAEL &#8211; S\u0160 a VO\u0160 reklamn\u00ed a um\u011bleck\u00e9 tvorby, s.r.o.<\/p>\n\n\n\n<p>Navrhla jsem koupelnu pro mlad\u00fd p\u00e1r, ve v\u011bku 25 &#8211; 30 let, kter\u00fd v bl\u00edzk\u00e9 dob\u011b pl\u00e1nuje zalo\u017eit rodinu.<br>Klienti jsou milovn\u00edky designu a um\u011bn\u00ed, maj\u00ed r\u00e1di sv\u011btl\u00e9, neutr\u00e1ln\u00ed barvy, ale nebr\u00e1n\u00ed se v\u0161ak i v\u00fdrazn\u011bj\u0161\u00edm prvk\u016fm. Koupelnu jsem proto navrhla tak, aby byla p\u0159edev\u0161\u00edm odrazem osobnost\u00ed klient\u016f a jejich z\u00e1jm\u016f, byla nad\u010dasov\u00e1, praktick\u00e1 a snadn\u00e1 na \u00fadr\u017ebu. Efektivn\u00edm detailem sprchov\u00e9ho koutu jsou skryt\u00e9 d\u00e1vkova\u010de na m\u00fddlo a ru\u010dn\u00ed sprcha zapu\u0161t\u011bn\u00e1 do sed\u00e1tka. Doc\u00edlila jsem tak praktick\u00e9ho \u0159e\u0161en\u00ed a minimalistick\u00e9ho vzhledu, kter\u00fd neru\u0161\u00ed sprchov\u00e1 hadice, nebo voln\u011b stoj\u00edc\u00ed \u0161ampony.<br>Prioritou byl brzk\u00fd p\u0159\u00edchod d\u00edt\u011bte. Zvolila jsem proto materi\u00e1ly jako je betonov\u00e1 st\u011brka, b\u00edl\u00fd obklad, sklo a kov. Cel\u00fd koncept koupelny je inspirovan\u00fd v\u00fdznamn\u00fdm, francouzsk\u00fdm v\u00fdtvarn\u00edkem Yves Kleinem a pro jeho tvorbu typickou ultramar\u00ednovou mod\u0159\u00ed, kterou jsem pou\u017eila jako jemn\u00fd detail na n\u00e1bytku, a d\u00edky kter\u00e9mu se tak podtrhl charakter cel\u00e9ho n\u00e1vrhu. Kovov\u00e9 prvky odkazuj\u00ed na \u010d\u00e1sti interi\u00e9ru Vily Tugendhat, kter\u00fd mi byl p\u0159i pr\u00e1ci velkou inspirac\u00ed.<br>D\u00edky spojen\u00ed funk\u010dn\u00ed a estetick\u00e9 str\u00e1nky, tak vznikl jedine\u010dn\u00fd a neobvykl\u00fd interi\u00e9r koupelny.<\/p>\n\n\n\n<figure class=\"wp-block-image size-large\"><img decoding=\"async\" width=\"1024\" height=\"761\" data-src=\"http:\/\/www.design-award.cz\/wp-content\/uploads\/2023\/04\/render--1024x761.png\" alt=\"\" class=\"wp-image-2285 lazyload\" data-srcset=\"https:\/\/www.design-award.cz\/wp-content\/uploads\/2023\/04\/render--1024x761.png 1024w, https:\/\/www.design-award.cz\/wp-content\/uploads\/2023\/04\/render--300x223.png 300w, https:\/\/www.design-award.cz\/wp-content\/uploads\/2023\/04\/render--768x571.png 768w, https:\/\/www.design-award.cz\/wp-content\/uploads\/2023\/04\/render--1536x1141.png 1536w, https:\/\/www.design-award.cz\/wp-content\/uploads\/2023\/04\/render--500x371.png 500w, https:\/\/www.design-award.cz\/wp-content\/uploads\/2023\/04\/render--800x594.png 800w, https:\/\/www.design-award.cz\/wp-content\/uploads\/2023\/04\/render--1280x951.png 1280w, https:\/\/www.design-award.cz\/wp-content\/uploads\/2023\/04\/render-.png 1902w\" data-sizes=\"(max-width: 1024px) 100vw, 1024px\" src=\"data:image\/svg+xml;base64,PHN2ZyB3aWR0aD0iMSIgaGVpZ2h0PSIxIiB4bWxucz0iaHR0cDovL3d3dy53My5vcmcvMjAwMC9zdmciPjwvc3ZnPg==\" style=\"--smush-placeholder-width: 1024px; --smush-placeholder-aspect-ratio: 1024\/761;\" \/><\/figure>\n\n\n\n<figure class=\"wp-block-image size-large\"><img decoding=\"async\" width=\"1024\" height=\"576\" data-src=\"http:\/\/www.design-award.cz\/wp-content\/uploads\/2023\/04\/render-5-1024x576.png\" alt=\"\" class=\"wp-image-2287 lazyload\" data-srcset=\"https:\/\/www.design-award.cz\/wp-content\/uploads\/2023\/04\/render-5-1024x576.png 1024w, https:\/\/www.design-award.cz\/wp-content\/uploads\/2023\/04\/render-5-300x169.png 300w, https:\/\/www.design-award.cz\/wp-content\/uploads\/2023\/04\/render-5-768x432.png 768w, https:\/\/www.design-award.cz\/wp-content\/uploads\/2023\/04\/render-5-1536x864.png 1536w, https:\/\/www.design-award.cz\/wp-content\/uploads\/2023\/04\/render-5-2048x1152.png 2048w, https:\/\/www.design-award.cz\/wp-content\/uploads\/2023\/04\/render-5-500x281.png 500w, https:\/\/www.design-award.cz\/wp-content\/uploads\/2023\/04\/render-5-800x450.png 800w, https:\/\/www.design-award.cz\/wp-content\/uploads\/2023\/04\/render-5-1280x720.png 1280w, https:\/\/www.design-award.cz\/wp-content\/uploads\/2023\/04\/render-5-1920x1080.png 1920w\" data-sizes=\"(max-width: 1024px) 100vw, 1024px\" src=\"data:image\/svg+xml;base64,PHN2ZyB3aWR0aD0iMSIgaGVpZ2h0PSIxIiB4bWxucz0iaHR0cDovL3d3dy53My5vcmcvMjAwMC9zdmciPjwvc3ZnPg==\" style=\"--smush-placeholder-width: 1024px; --smush-placeholder-aspect-ratio: 1024\/576;\" \/><\/figure>\n\n\n\n<figure class=\"wp-block-image size-large\"><img decoding=\"async\" width=\"1024\" height=\"738\" data-src=\"http:\/\/www.design-award.cz\/wp-content\/uploads\/2023\/04\/tempImageJiHAkO-1024x738.jpg\" alt=\"\" class=\"wp-image-2289 lazyload\" data-srcset=\"https:\/\/www.design-award.cz\/wp-content\/uploads\/2023\/04\/tempImageJiHAkO-1024x738.jpg 1024w, https:\/\/www.design-award.cz\/wp-content\/uploads\/2023\/04\/tempImageJiHAkO-300x216.jpg 300w, https:\/\/www.design-award.cz\/wp-content\/uploads\/2023\/04\/tempImageJiHAkO-768x554.jpg 768w, https:\/\/www.design-award.cz\/wp-content\/uploads\/2023\/04\/tempImageJiHAkO-1536x1108.jpg 1536w, https:\/\/www.design-award.cz\/wp-content\/uploads\/2023\/04\/tempImageJiHAkO-2048x1477.jpg 2048w, https:\/\/www.design-award.cz\/wp-content\/uploads\/2023\/04\/tempImageJiHAkO-500x361.jpg 500w, https:\/\/www.design-award.cz\/wp-content\/uploads\/2023\/04\/tempImageJiHAkO-800x577.jpg 800w, https:\/\/www.design-award.cz\/wp-content\/uploads\/2023\/04\/tempImageJiHAkO-1280x923.jpg 1280w, https:\/\/www.design-award.cz\/wp-content\/uploads\/2023\/04\/tempImageJiHAkO-1920x1385.jpg 1920w\" data-sizes=\"(max-width: 1024px) 100vw, 1024px\" src=\"data:image\/svg+xml;base64,PHN2ZyB3aWR0aD0iMSIgaGVpZ2h0PSIxIiB4bWxucz0iaHR0cDovL3d3dy53My5vcmcvMjAwMC9zdmciPjwvc3ZnPg==\" style=\"--smush-placeholder-width: 1024px; --smush-placeholder-aspect-ratio: 1024\/738;\" \/><\/figure>\n\n\n\n<figure class=\"wp-block-image size-large\"><img decoding=\"async\" width=\"1024\" height=\"662\" data-src=\"http:\/\/www.design-award.cz\/wp-content\/uploads\/2023\/04\/Snimek-obrazovky-2023-04-14-v15.24.03-1024x662.png\" alt=\"\" class=\"wp-image-2288 lazyload\" data-srcset=\"https:\/\/www.design-award.cz\/wp-content\/uploads\/2023\/04\/Snimek-obrazovky-2023-04-14-v15.24.03-1024x662.png 1024w, https:\/\/www.design-award.cz\/wp-content\/uploads\/2023\/04\/Snimek-obrazovky-2023-04-14-v15.24.03-300x194.png 300w, https:\/\/www.design-award.cz\/wp-content\/uploads\/2023\/04\/Snimek-obrazovky-2023-04-14-v15.24.03-768x497.png 768w, https:\/\/www.design-award.cz\/wp-content\/uploads\/2023\/04\/Snimek-obrazovky-2023-04-14-v15.24.03-1536x993.png 1536w, https:\/\/www.design-award.cz\/wp-content\/uploads\/2023\/04\/Snimek-obrazovky-2023-04-14-v15.24.03-500x323.png 500w, https:\/\/www.design-award.cz\/wp-content\/uploads\/2023\/04\/Snimek-obrazovky-2023-04-14-v15.24.03-800x517.png 800w, https:\/\/www.design-award.cz\/wp-content\/uploads\/2023\/04\/Snimek-obrazovky-2023-04-14-v15.24.03-1280x828.png 1280w, https:\/\/www.design-award.cz\/wp-content\/uploads\/2023\/04\/Snimek-obrazovky-2023-04-14-v15.24.03.png 1845w\" data-sizes=\"(max-width: 1024px) 100vw, 1024px\" src=\"data:image\/svg+xml;base64,PHN2ZyB3aWR0aD0iMSIgaGVpZ2h0PSIxIiB4bWxucz0iaHR0cDovL3d3dy53My5vcmcvMjAwMC9zdmciPjwvc3ZnPg==\" style=\"--smush-placeholder-width: 1024px; --smush-placeholder-aspect-ratio: 1024\/662;\" \/><\/figure>\n","protected":false},"excerpt":{"rendered":"<p>Lucie Ku\u010derov\u00e1 MICHAEL &#8211; S\u0160 a VO\u0160 reklamn\u00ed a um\u011bleck\u00e9 tvorby, s.r.o. Navrhla jsem koupelnu pro mlad\u00fd p\u00e1r, ve v\u011bku 25 &#8211; 30 let, kter\u00fd v bl\u00edzk\u00e9 dob\u011b pl\u00e1nuje zalo\u017eit rodinu.Klienti jsou milovn\u00edky designu a um\u011bn\u00ed, maj\u00ed r\u00e1di sv\u011btl\u00e9, neutr\u00e1ln\u00ed barvy, ale nebr\u00e1n\u00ed se v\u0161ak i v\u00fdrazn\u011bj\u0161\u00edm prvk\u016fm. Koupelnu jsem proto navrhla tak, aby byla [&hellip;]<\/p>\n","protected":false},"author":5,"featured_media":2286,"menu_order":0,"comment_status":"closed","ping_status":"closed","template":"","format":"standard","meta":{"ngg_post_thumbnail":0,"ocean_post_layout":"","ocean_both_sidebars_style":"","ocean_both_sidebars_content_width":0,"ocean_both_sidebars_sidebars_width":0,"ocean_sidebar":"","ocean_second_sidebar":"","ocean_disable_margins":"enable","ocean_add_body_class":"","ocean_shortcode_before_top_bar":"","ocean_shortcode_after_top_bar":"","ocean_shortcode_before_header":"","ocean_shortcode_after_header":"","ocean_has_shortcode":"","ocean_shortcode_after_title":"","ocean_shortcode_before_footer_widgets":"","ocean_shortcode_after_footer_widgets":"","ocean_shortcode_before_footer_bottom":"","ocean_shortcode_after_footer_bottom":"","ocean_display_top_bar":"default","ocean_display_header":"default","ocean_header_style":"","ocean_center_header_left_menu":"","ocean_custom_header_template":"","ocean_custom_logo":0,"ocean_custom_retina_logo":0,"ocean_custom_logo_max_width":0,"ocean_custom_logo_tablet_max_width":0,"ocean_custom_logo_mobile_max_width":0,"ocean_custom_logo_max_height":0,"ocean_custom_logo_tablet_max_height":0,"ocean_custom_logo_mobile_max_height":0,"ocean_header_custom_menu":"","ocean_menu_typo_font_family":"","ocean_menu_typo_font_subset":"","ocean_menu_typo_font_size":0,"ocean_menu_typo_font_size_tablet":0,"ocean_menu_typo_font_size_mobile":0,"ocean_menu_typo_font_size_unit":"px","ocean_menu_typo_font_weight":"","ocean_menu_typo_font_weight_tablet":"","ocean_menu_typo_font_weight_mobile":"","ocean_menu_typo_transform":"","ocean_menu_typo_transform_tablet":"","ocean_menu_typo_transform_mobile":"","ocean_menu_typo_line_height":0,"ocean_menu_typo_line_height_tablet":0,"ocean_menu_typo_line_height_mobile":0,"ocean_menu_typo_line_height_unit":"","ocean_menu_typo_spacing":0,"ocean_menu_typo_spacing_tablet":0,"ocean_menu_typo_spacing_mobile":0,"ocean_menu_typo_spacing_unit":"","ocean_menu_link_color":"","ocean_menu_link_color_hover":"","ocean_menu_link_color_active":"","ocean_menu_link_background":"","ocean_menu_link_hover_background":"","ocean_menu_link_active_background":"","ocean_menu_social_links_bg":"","ocean_menu_social_hover_links_bg":"","ocean_menu_social_links_color":"","ocean_menu_social_hover_links_color":"","ocean_disable_title":"default","ocean_disable_heading":"default","ocean_post_title":"","ocean_post_subheading":"","ocean_post_title_style":"","ocean_post_title_background_color":"","ocean_post_title_background":0,"ocean_post_title_bg_image_position":"","ocean_post_title_bg_image_attachment":"","ocean_post_title_bg_image_repeat":"","ocean_post_title_bg_image_size":"","ocean_post_title_height":0,"ocean_post_title_bg_overlay":0.5,"ocean_post_title_bg_overlay_color":"","ocean_disable_breadcrumbs":"default","ocean_breadcrumbs_color":"","ocean_breadcrumbs_separator_color":"","ocean_breadcrumbs_links_color":"","ocean_breadcrumbs_links_hover_color":"","ocean_display_footer_widgets":"default","ocean_display_footer_bottom":"default","ocean_custom_footer_template":"","_vp_format_video_url":"","_vp_image_focal_point":[],"footnotes":""},"portfolio_category":[10],"portfolio_tag":[],"class_list":["post-2284","portfolio","type-portfolio","status-publish","format-standard","has-post-thumbnail","hentry","portfolio_category-soutezici-2023","entry","has-media"],"yoast_head":"<!-- This site is optimized with the Yoast SEO plugin v25.2 - https:\/\/yoast.com\/wordpress\/plugins\/seo\/ -->\n<title>Soukrom\u00fd interi\u00e9r - Koupelna - design-award.cz<\/title>\n<meta name=\"robots\" content=\"index, follow, max-snippet:-1, max-image-preview:large, max-video-preview:-1\" \/>\n<link rel=\"canonical\" href=\"https:\/\/www.design-award.cz\/?portfolio=soukromy-interier-koupelna-2\" \/>\n<meta property=\"og:locale\" content=\"cs_CZ\" \/>\n<meta property=\"og:type\" content=\"article\" \/>\n<meta property=\"og:title\" content=\"Soukrom\u00fd interi\u00e9r - Koupelna - design-award.cz\" \/>\n<meta property=\"og:description\" content=\"Lucie Ku\u010derov\u00e1 MICHAEL &#8211; S\u0160 a VO\u0160 reklamn\u00ed a um\u011bleck\u00e9 tvorby, s.r.o. Navrhla jsem koupelnu pro mlad\u00fd p\u00e1r, ve v\u011bku 25 &#8211; 30 let, kter\u00fd v bl\u00edzk\u00e9 dob\u011b pl\u00e1nuje zalo\u017eit rodinu.Klienti jsou milovn\u00edky designu a um\u011bn\u00ed, maj\u00ed r\u00e1di sv\u011btl\u00e9, neutr\u00e1ln\u00ed barvy, ale nebr\u00e1n\u00ed se v\u0161ak i v\u00fdrazn\u011bj\u0161\u00edm prvk\u016fm. Koupelnu jsem proto navrhla tak, aby byla [&hellip;]\" \/>\n<meta property=\"og:url\" content=\"https:\/\/www.design-award.cz\/?portfolio=soukromy-interier-koupelna-2\" \/>\n<meta property=\"og:site_name\" content=\"design-award.cz\" \/>\n<meta property=\"article:modified_time\" content=\"2023-04-15T11:51:31+00:00\" \/>\n<meta property=\"og:image\" content=\"http:\/\/www.design-award.cz\/wp-content\/uploads\/2023\/04\/render-3-1-1024x576.png\" \/>\n\t<meta property=\"og:image:width\" content=\"1024\" \/>\n\t<meta property=\"og:image:height\" content=\"576\" \/>\n\t<meta property=\"og:image:type\" content=\"image\/png\" \/>\n<meta name=\"twitter:card\" content=\"summary_large_image\" \/>\n<meta name=\"twitter:label1\" content=\"Odhadovan\u00e1 doba \u010dten\u00ed\" \/>\n\t<meta name=\"twitter:data1\" content=\"1 minuta\" \/>\n<script type=\"application\/ld+json\" class=\"yoast-schema-graph\">{\"@context\":\"https:\/\/schema.org\",\"@graph\":[{\"@type\":\"WebPage\",\"@id\":\"https:\/\/www.design-award.cz\/?portfolio=soukromy-interier-koupelna-2\",\"url\":\"https:\/\/www.design-award.cz\/?portfolio=soukromy-interier-koupelna-2\",\"name\":\"Soukrom\u00fd interi\u00e9r - Koupelna - design-award.cz\",\"isPartOf\":{\"@id\":\"https:\/\/www.design-award.cz\/#website\"},\"primaryImageOfPage\":{\"@id\":\"https:\/\/www.design-award.cz\/?portfolio=soukromy-interier-koupelna-2#primaryimage\"},\"image\":{\"@id\":\"https:\/\/www.design-award.cz\/?portfolio=soukromy-interier-koupelna-2#primaryimage\"},\"thumbnailUrl\":\"https:\/\/www.design-award.cz\/wp-content\/uploads\/2023\/04\/render-3-1.png\",\"datePublished\":\"2023-04-15T11:45:06+00:00\",\"dateModified\":\"2023-04-15T11:51:31+00:00\",\"breadcrumb\":{\"@id\":\"https:\/\/www.design-award.cz\/?portfolio=soukromy-interier-koupelna-2#breadcrumb\"},\"inLanguage\":\"cs\",\"potentialAction\":[{\"@type\":\"ReadAction\",\"target\":[\"https:\/\/www.design-award.cz\/?portfolio=soukromy-interier-koupelna-2\"]}]},{\"@type\":\"ImageObject\",\"inLanguage\":\"cs\",\"@id\":\"https:\/\/www.design-award.cz\/?portfolio=soukromy-interier-koupelna-2#primaryimage\",\"url\":\"https:\/\/www.design-award.cz\/wp-content\/uploads\/2023\/04\/render-3-1.png\",\"contentUrl\":\"https:\/\/www.design-award.cz\/wp-content\/uploads\/2023\/04\/render-3-1.png\",\"width\":3000,\"height\":1687},{\"@type\":\"BreadcrumbList\",\"@id\":\"https:\/\/www.design-award.cz\/?portfolio=soukromy-interier-koupelna-2#breadcrumb\",\"itemListElement\":[{\"@type\":\"ListItem\",\"position\":1,\"name\":\"Dom\u016f\",\"item\":\"https:\/\/www.design-award.cz\/\"},{\"@type\":\"ListItem\",\"position\":2,\"name\":\"Portfolio Items\",\"item\":\"https:\/\/www.design-award.cz\/?post_type=portfolio\"},{\"@type\":\"ListItem\",\"position\":3,\"name\":\"Soukrom\u00fd interi\u00e9r &#8211; Koupelna\"}]},{\"@type\":\"WebSite\",\"@id\":\"https:\/\/www.design-award.cz\/#website\",\"url\":\"https:\/\/www.design-award.cz\/\",\"name\":\"design-award.cz\",\"description\":\"WARD vznikla v roce 2022. Je ur\u010dena p\u0159edev\u0161\u00edm student\u016fm st\u0159edn\u00edch um\u011bleck\u00fdch \u0161kol (S\u0160 a VO\u0160), kte\u0159\u00ed mohou bezplatn\u011b zaslat sv\u00e9 n\u00e1vrhy v uveden\u00fdch kategori\u00ed a tak pom\u011b\u0159it sv\u00e9 n\u00e1pady s konkurenc\u00ed sv\u00fdch vrstevn\u00edk\u016f. N\u00e1vrhy jsou n\u00e1sledn\u011b posouzeny nez\u00e1vislou porotou z \u0159ad v\u00fdtvarn\u00edk\u016f, pedagog\u016f a profesion\u00e1l\u016f z oboru.\",\"publisher\":{\"@id\":\"https:\/\/www.design-award.cz\/#organization\"},\"potentialAction\":[{\"@type\":\"SearchAction\",\"target\":{\"@type\":\"EntryPoint\",\"urlTemplate\":\"https:\/\/www.design-award.cz\/?s={search_term_string}\"},\"query-input\":{\"@type\":\"PropertyValueSpecification\",\"valueRequired\":true,\"valueName\":\"search_term_string\"}}],\"inLanguage\":\"cs\"},{\"@type\":\"Organization\",\"@id\":\"https:\/\/www.design-award.cz\/#organization\",\"name\":\"Design Award\",\"url\":\"https:\/\/www.design-award.cz\/\",\"logo\":{\"@type\":\"ImageObject\",\"inLanguage\":\"cs\",\"@id\":\"https:\/\/www.design-award.cz\/#\/schema\/logo\/image\/\",\"url\":\"http:\/\/www.design-award.cz\/wp-content\/uploads\/2021\/12\/hornilogo_design-award.png\",\"contentUrl\":\"http:\/\/www.design-award.cz\/wp-content\/uploads\/2021\/12\/hornilogo_design-award.png\",\"width\":800,\"height\":600,\"caption\":\"Design Award\"},\"image\":{\"@id\":\"https:\/\/www.design-award.cz\/#\/schema\/logo\/image\/\"},\"sameAs\":[\"https:\/\/www.instagram.com\/design_award\/\"]}]}<\/script>\n<!-- \/ Yoast SEO plugin. -->","yoast_head_json":{"title":"Soukrom\u00fd interi\u00e9r - Koupelna - design-award.cz","robots":{"index":"index","follow":"follow","max-snippet":"max-snippet:-1","max-image-preview":"max-image-preview:large","max-video-preview":"max-video-preview:-1"},"canonical":"https:\/\/www.design-award.cz\/?portfolio=soukromy-interier-koupelna-2","og_locale":"cs_CZ","og_type":"article","og_title":"Soukrom\u00fd interi\u00e9r - Koupelna - design-award.cz","og_description":"Lucie Ku\u010derov\u00e1 MICHAEL &#8211; S\u0160 a VO\u0160 reklamn\u00ed a um\u011bleck\u00e9 tvorby, s.r.o. Navrhla jsem koupelnu pro mlad\u00fd p\u00e1r, ve v\u011bku 25 &#8211; 30 let, kter\u00fd v bl\u00edzk\u00e9 dob\u011b pl\u00e1nuje zalo\u017eit rodinu.Klienti jsou milovn\u00edky designu a um\u011bn\u00ed, maj\u00ed r\u00e1di sv\u011btl\u00e9, neutr\u00e1ln\u00ed barvy, ale nebr\u00e1n\u00ed se v\u0161ak i v\u00fdrazn\u011bj\u0161\u00edm prvk\u016fm. Koupelnu jsem proto navrhla tak, aby byla [&hellip;]","og_url":"https:\/\/www.design-award.cz\/?portfolio=soukromy-interier-koupelna-2","og_site_name":"design-award.cz","article_modified_time":"2023-04-15T11:51:31+00:00","og_image":[{"width":1024,"height":576,"url":"http:\/\/www.design-award.cz\/wp-content\/uploads\/2023\/04\/render-3-1-1024x576.png","type":"image\/png"}],"twitter_card":"summary_large_image","twitter_misc":{"Odhadovan\u00e1 doba \u010dten\u00ed":"1 minuta"},"schema":{"@context":"https:\/\/schema.org","@graph":[{"@type":"WebPage","@id":"https:\/\/www.design-award.cz\/?portfolio=soukromy-interier-koupelna-2","url":"https:\/\/www.design-award.cz\/?portfolio=soukromy-interier-koupelna-2","name":"Soukrom\u00fd interi\u00e9r - Koupelna - design-award.cz","isPartOf":{"@id":"https:\/\/www.design-award.cz\/#website"},"primaryImageOfPage":{"@id":"https:\/\/www.design-award.cz\/?portfolio=soukromy-interier-koupelna-2#primaryimage"},"image":{"@id":"https:\/\/www.design-award.cz\/?portfolio=soukromy-interier-koupelna-2#primaryimage"},"thumbnailUrl":"https:\/\/www.design-award.cz\/wp-content\/uploads\/2023\/04\/render-3-1.png","datePublished":"2023-04-15T11:45:06+00:00","dateModified":"2023-04-15T11:51:31+00:00","breadcrumb":{"@id":"https:\/\/www.design-award.cz\/?portfolio=soukromy-interier-koupelna-2#breadcrumb"},"inLanguage":"cs","potentialAction":[{"@type":"ReadAction","target":["https:\/\/www.design-award.cz\/?portfolio=soukromy-interier-koupelna-2"]}]},{"@type":"ImageObject","inLanguage":"cs","@id":"https:\/\/www.design-award.cz\/?portfolio=soukromy-interier-koupelna-2#primaryimage","url":"https:\/\/www.design-award.cz\/wp-content\/uploads\/2023\/04\/render-3-1.png","contentUrl":"https:\/\/www.design-award.cz\/wp-content\/uploads\/2023\/04\/render-3-1.png","width":3000,"height":1687},{"@type":"BreadcrumbList","@id":"https:\/\/www.design-award.cz\/?portfolio=soukromy-interier-koupelna-2#breadcrumb","itemListElement":[{"@type":"ListItem","position":1,"name":"Dom\u016f","item":"https:\/\/www.design-award.cz\/"},{"@type":"ListItem","position":2,"name":"Portfolio Items","item":"https:\/\/www.design-award.cz\/?post_type=portfolio"},{"@type":"ListItem","position":3,"name":"Soukrom\u00fd interi\u00e9r &#8211; Koupelna"}]},{"@type":"WebSite","@id":"https:\/\/www.design-award.cz\/#website","url":"https:\/\/www.design-award.cz\/","name":"design-award.cz","description":"WARD vznikla v roce 2022. Je ur\u010dena p\u0159edev\u0161\u00edm student\u016fm st\u0159edn\u00edch um\u011bleck\u00fdch \u0161kol (S\u0160 a VO\u0160), kte\u0159\u00ed mohou bezplatn\u011b zaslat sv\u00e9 n\u00e1vrhy v uveden\u00fdch kategori\u00ed a tak pom\u011b\u0159it sv\u00e9 n\u00e1pady s konkurenc\u00ed sv\u00fdch vrstevn\u00edk\u016f. N\u00e1vrhy jsou n\u00e1sledn\u011b posouzeny nez\u00e1vislou porotou z \u0159ad v\u00fdtvarn\u00edk\u016f, pedagog\u016f a profesion\u00e1l\u016f z oboru.","publisher":{"@id":"https:\/\/www.design-award.cz\/#organization"},"potentialAction":[{"@type":"SearchAction","target":{"@type":"EntryPoint","urlTemplate":"https:\/\/www.design-award.cz\/?s={search_term_string}"},"query-input":{"@type":"PropertyValueSpecification","valueRequired":true,"valueName":"search_term_string"}}],"inLanguage":"cs"},{"@type":"Organization","@id":"https:\/\/www.design-award.cz\/#organization","name":"Design Award","url":"https:\/\/www.design-award.cz\/","logo":{"@type":"ImageObject","inLanguage":"cs","@id":"https:\/\/www.design-award.cz\/#\/schema\/logo\/image\/","url":"http:\/\/www.design-award.cz\/wp-content\/uploads\/2021\/12\/hornilogo_design-award.png","contentUrl":"http:\/\/www.design-award.cz\/wp-content\/uploads\/2021\/12\/hornilogo_design-award.png","width":800,"height":600,"caption":"Design Award"},"image":{"@id":"https:\/\/www.design-award.cz\/#\/schema\/logo\/image\/"},"sameAs":["https:\/\/www.instagram.com\/design_award\/"]}]}},"_links":{"self":[{"href":"https:\/\/www.design-award.cz\/index.php?rest_route=\/wp\/v2\/portfolio\/2284","targetHints":{"allow":["GET"]}}],"collection":[{"href":"https:\/\/www.design-award.cz\/index.php?rest_route=\/wp\/v2\/portfolio"}],"about":[{"href":"https:\/\/www.design-award.cz\/index.php?rest_route=\/wp\/v2\/types\/portfolio"}],"author":[{"embeddable":true,"href":"https:\/\/www.design-award.cz\/index.php?rest_route=\/wp\/v2\/users\/5"}],"replies":[{"embeddable":true,"href":"https:\/\/www.design-award.cz\/index.php?rest_route=%2Fwp%2Fv2%2Fcomments&post=2284"}],"version-history":[{"count":1,"href":"https:\/\/www.design-award.cz\/index.php?rest_route=\/wp\/v2\/portfolio\/2284\/revisions"}],"predecessor-version":[{"id":2290,"href":"https:\/\/www.design-award.cz\/index.php?rest_route=\/wp\/v2\/portfolio\/2284\/revisions\/2290"}],"wp:featuredmedia":[{"embeddable":true,"href":"https:\/\/www.design-award.cz\/index.php?rest_route=\/wp\/v2\/media\/2286"}],"wp:attachment":[{"href":"https:\/\/www.design-award.cz\/index.php?rest_route=%2Fwp%2Fv2%2Fmedia&parent=2284"}],"wp:term":[{"taxonomy":"portfolio_category","embeddable":true,"href":"https:\/\/www.design-award.cz\/index.php?rest_route=%2Fwp%2Fv2%2Fportfolio_category&post=2284"},{"taxonomy":"portfolio_tag","embeddable":true,"href":"https:\/\/www.design-award.cz\/index.php?rest_route=%2Fwp%2Fv2%2Fportfolio_tag&post=2284"}],"curies":[{"name":"wp","href":"https:\/\/api.w.org\/{rel}","templated":true}]}}