{"id":2349,"date":"2023-04-15T19:11:03","date_gmt":"2023-04-15T19:11:03","guid":{"rendered":"https:\/\/www.design-award.cz\/?post_type=portfolio&#038;p=2349"},"modified":"2023-04-15T19:11:03","modified_gmt":"2023-04-15T19:11:03","slug":"soukromy-interier-byt-ve-stylu-art-deco","status":"publish","type":"portfolio","link":"https:\/\/www.design-award.cz\/?portfolio=soukromy-interier-byt-ve-stylu-art-deco","title":{"rendered":"Soukrom\u00fd interi\u00e9r &#8211; Byt ve stylu Art Deco"},"content":{"rendered":"\n<p><strong>Kate\u0159ina Mat\u011bj\u016f<\/strong><\/p>\n\n\n\n<p>St\u0159edn\u00ed odborn\u00e9 u\u010dili\u0161t\u011b tradi\u010dn\u00edch \u0159emesel a Vy\u0161\u0161\u00ed odborn\u00e1 \u0161kola, spol. s r.o.<\/p>\n\n\n\n<p>Byt ve stylu Art Deco<br>Zad\u00e1n\u00ed:<br>Navrhnout byt pro \u017eenu ve v\u011bku okolo 45 let ve stylu skandin\u00e1vsk\u00e9m, retro nebo minimalismu s rozpo\u010dtem 900 000 K\u010d.<br>Jedn\u00e1 se o byt 2+1 s t\u00edm, \u017ee bytov\u00e9 j\u00e1dro jsme mohli zachovat, nebo p\u016fdorys zm\u011bnit. J\u00e1 jsem zvolila druhou variantu.<\/p>\n\n\n\n<p>Rozm\u011bry m\u00edstnost\u00ed:<br>P\u0159eds\u00ed\u0148- 1350x2650x3170<br>Koupelna+WC- 1700x2650x3100<br>Kuchy\u0148- 1650x2650x4050<br>Lo\u017enice- 2850x2650x3000<br>Ob\u00fdvac\u00ed pokoj+j\u00eddelna- 3450x2650x5450<\/p>\n\n\n\n<p>Interi\u00e9r je navr\u017een\u00fd ve stylu Art deco. Typick\u00fdmi znaky tohoto stylu pou\u017eit\u00e9 v tomto interi\u00e9ru jsou syt\u00e9 barvy, leskl\u00e9 povrchy, modern\u00ed materi\u00e1ly a geometrick\u00e9 vzory.<br>Dominantn\u00ed barvou je v cel\u00e9m prostoru antracitov\u00e1 a \u010dern\u00e1 barva, d\u0159evo- o\u0159ech.<br>Interi\u00e9r kombinuje jak hrany, tak zaoblen\u00e9 tvary a to p\u0159edev\u0161\u00edm hrany st\u011bn a sedac\u00edho n\u00e1bytku. Zaoblen\u00e9 hrany p\u016fsob\u00ed jako pozitivn\u00ed odezva na lidskou psychiku.<br>Z\u00f3ny \u010dinnosti jsou rozd\u011bleny soustavou n\u00e1bytku nebo lamelami (v p\u0159\u00edpad\u011b koupelny).<\/p>\n\n\n\n<p>Cel\u00fd koncept interi\u00e9ru bychom mohli za\u0159adit ke konstruktivistick\u00fdm sm\u011br\u016fm, jeliko\u017e je v tomto interi\u00e9ru pou\u017eito geometrick\u00e9 art deco a za\u0159izovac\u00ed prvky jsou zvoleny tak, aby byly s ohledem na mal\u00e9 rozm\u011bry bytu funk\u010dn\u00ed a neslou\u017eily pouze jako estetick\u00fd \u010dinitel.<\/p>\n\n\n\n<figure class=\"wp-block-image size-large\"><img decoding=\"async\" width=\"724\" height=\"1024\" data-src=\"http:\/\/www.design-award.cz\/wp-content\/uploads\/2023\/04\/Katerina-Mateju-kolaz-vykresy2-724x1024.jpg\" alt=\"\" class=\"wp-image-2355 lazyload\" data-srcset=\"https:\/\/www.design-award.cz\/wp-content\/uploads\/2023\/04\/Katerina-Mateju-kolaz-vykresy2-724x1024.jpg 724w, https:\/\/www.design-award.cz\/wp-content\/uploads\/2023\/04\/Katerina-Mateju-kolaz-vykresy2-212x300.jpg 212w, https:\/\/www.design-award.cz\/wp-content\/uploads\/2023\/04\/Katerina-Mateju-kolaz-vykresy2-768x1086.jpg 768w, https:\/\/www.design-award.cz\/wp-content\/uploads\/2023\/04\/Katerina-Mateju-kolaz-vykresy2-1086x1536.jpg 1086w, https:\/\/www.design-award.cz\/wp-content\/uploads\/2023\/04\/Katerina-Mateju-kolaz-vykresy2-1448x2048.jpg 1448w, https:\/\/www.design-award.cz\/wp-content\/uploads\/2023\/04\/Katerina-Mateju-kolaz-vykresy2-500x707.jpg 500w, https:\/\/www.design-award.cz\/wp-content\/uploads\/2023\/04\/Katerina-Mateju-kolaz-vykresy2-800x1132.jpg 800w, https:\/\/www.design-award.cz\/wp-content\/uploads\/2023\/04\/Katerina-Mateju-kolaz-vykresy2-1280x1811.jpg 1280w, https:\/\/www.design-award.cz\/wp-content\/uploads\/2023\/04\/Katerina-Mateju-kolaz-vykresy2-1920x2716.jpg 1920w, https:\/\/www.design-award.cz\/wp-content\/uploads\/2023\/04\/Katerina-Mateju-kolaz-vykresy2-scaled.jpg 1810w\" data-sizes=\"(max-width: 724px) 100vw, 724px\" src=\"data:image\/svg+xml;base64,PHN2ZyB3aWR0aD0iMSIgaGVpZ2h0PSIxIiB4bWxucz0iaHR0cDovL3d3dy53My5vcmcvMjAwMC9zdmciPjwvc3ZnPg==\" style=\"--smush-placeholder-width: 724px; --smush-placeholder-aspect-ratio: 724\/1024;\" \/><\/figure>\n\n\n\n<figure class=\"wp-block-image size-large\"><img decoding=\"async\" width=\"724\" height=\"1024\" data-src=\"http:\/\/www.design-award.cz\/wp-content\/uploads\/2023\/04\/Katerina-Mateju-kolaz-vizualizace3-724x1024.jpg\" alt=\"\" class=\"wp-image-2354 lazyload\" data-srcset=\"https:\/\/www.design-award.cz\/wp-content\/uploads\/2023\/04\/Katerina-Mateju-kolaz-vizualizace3-724x1024.jpg 724w, https:\/\/www.design-award.cz\/wp-content\/uploads\/2023\/04\/Katerina-Mateju-kolaz-vizualizace3-212x300.jpg 212w, https:\/\/www.design-award.cz\/wp-content\/uploads\/2023\/04\/Katerina-Mateju-kolaz-vizualizace3-768x1086.jpg 768w, https:\/\/www.design-award.cz\/wp-content\/uploads\/2023\/04\/Katerina-Mateju-kolaz-vizualizace3-1086x1536.jpg 1086w, https:\/\/www.design-award.cz\/wp-content\/uploads\/2023\/04\/Katerina-Mateju-kolaz-vizualizace3-1448x2048.jpg 1448w, https:\/\/www.design-award.cz\/wp-content\/uploads\/2023\/04\/Katerina-Mateju-kolaz-vizualizace3-500x707.jpg 500w, https:\/\/www.design-award.cz\/wp-content\/uploads\/2023\/04\/Katerina-Mateju-kolaz-vizualizace3-800x1132.jpg 800w, https:\/\/www.design-award.cz\/wp-content\/uploads\/2023\/04\/Katerina-Mateju-kolaz-vizualizace3-1280x1811.jpg 1280w, https:\/\/www.design-award.cz\/wp-content\/uploads\/2023\/04\/Katerina-Mateju-kolaz-vizualizace3-1920x2716.jpg 1920w, https:\/\/www.design-award.cz\/wp-content\/uploads\/2023\/04\/Katerina-Mateju-kolaz-vizualizace3-scaled.jpg 1810w\" data-sizes=\"(max-width: 724px) 100vw, 724px\" src=\"data:image\/svg+xml;base64,PHN2ZyB3aWR0aD0iMSIgaGVpZ2h0PSIxIiB4bWxucz0iaHR0cDovL3d3dy53My5vcmcvMjAwMC9zdmciPjwvc3ZnPg==\" style=\"--smush-placeholder-width: 724px; --smush-placeholder-aspect-ratio: 724\/1024;\" \/><\/figure>\n\n\n\n<figure class=\"wp-block-image size-large\"><img decoding=\"async\" width=\"683\" height=\"1024\" data-src=\"http:\/\/www.design-award.cz\/wp-content\/uploads\/2023\/04\/Katerina-Mateju-maketa-683x1024.jpg\" alt=\"\" class=\"wp-image-2350 lazyload\" data-srcset=\"https:\/\/www.design-award.cz\/wp-content\/uploads\/2023\/04\/Katerina-Mateju-maketa-683x1024.jpg 683w, https:\/\/www.design-award.cz\/wp-content\/uploads\/2023\/04\/Katerina-Mateju-maketa-200x300.jpg 200w, https:\/\/www.design-award.cz\/wp-content\/uploads\/2023\/04\/Katerina-Mateju-maketa-768x1152.jpg 768w, https:\/\/www.design-award.cz\/wp-content\/uploads\/2023\/04\/Katerina-Mateju-maketa-1024x1536.jpg 1024w, https:\/\/www.design-award.cz\/wp-content\/uploads\/2023\/04\/Katerina-Mateju-maketa-1365x2048.jpg 1365w, https:\/\/www.design-award.cz\/wp-content\/uploads\/2023\/04\/Katerina-Mateju-maketa-500x750.jpg 500w, https:\/\/www.design-award.cz\/wp-content\/uploads\/2023\/04\/Katerina-Mateju-maketa-800x1200.jpg 800w, https:\/\/www.design-award.cz\/wp-content\/uploads\/2023\/04\/Katerina-Mateju-maketa-1280x1920.jpg 1280w, https:\/\/www.design-award.cz\/wp-content\/uploads\/2023\/04\/Katerina-Mateju-maketa-1920x2880.jpg 1920w, https:\/\/www.design-award.cz\/wp-content\/uploads\/2023\/04\/Katerina-Mateju-maketa-scaled.jpg 1707w\" data-sizes=\"(max-width: 683px) 100vw, 683px\" src=\"data:image\/svg+xml;base64,PHN2ZyB3aWR0aD0iMSIgaGVpZ2h0PSIxIiB4bWxucz0iaHR0cDovL3d3dy53My5vcmcvMjAwMC9zdmciPjwvc3ZnPg==\" style=\"--smush-placeholder-width: 683px; --smush-placeholder-aspect-ratio: 683\/1024;\" \/><\/figure>\n\n\n\n<figure class=\"wp-block-image size-large\"><img decoding=\"async\" width=\"724\" height=\"1024\" data-src=\"http:\/\/www.design-award.cz\/wp-content\/uploads\/2023\/04\/Katerina-Mateju-kolaz-vizualizace1-724x1024.jpg\" alt=\"\" class=\"wp-image-2352 lazyload\" data-srcset=\"https:\/\/www.design-award.cz\/wp-content\/uploads\/2023\/04\/Katerina-Mateju-kolaz-vizualizace1-724x1024.jpg 724w, https:\/\/www.design-award.cz\/wp-content\/uploads\/2023\/04\/Katerina-Mateju-kolaz-vizualizace1-212x300.jpg 212w, https:\/\/www.design-award.cz\/wp-content\/uploads\/2023\/04\/Katerina-Mateju-kolaz-vizualizace1-768x1086.jpg 768w, https:\/\/www.design-award.cz\/wp-content\/uploads\/2023\/04\/Katerina-Mateju-kolaz-vizualizace1-1086x1536.jpg 1086w, https:\/\/www.design-award.cz\/wp-content\/uploads\/2023\/04\/Katerina-Mateju-kolaz-vizualizace1-1448x2048.jpg 1448w, https:\/\/www.design-award.cz\/wp-content\/uploads\/2023\/04\/Katerina-Mateju-kolaz-vizualizace1-500x707.jpg 500w, https:\/\/www.design-award.cz\/wp-content\/uploads\/2023\/04\/Katerina-Mateju-kolaz-vizualizace1-800x1132.jpg 800w, https:\/\/www.design-award.cz\/wp-content\/uploads\/2023\/04\/Katerina-Mateju-kolaz-vizualizace1-1280x1811.jpg 1280w, https:\/\/www.design-award.cz\/wp-content\/uploads\/2023\/04\/Katerina-Mateju-kolaz-vizualizace1-1920x2716.jpg 1920w, https:\/\/www.design-award.cz\/wp-content\/uploads\/2023\/04\/Katerina-Mateju-kolaz-vizualizace1-scaled.jpg 1810w\" data-sizes=\"(max-width: 724px) 100vw, 724px\" src=\"data:image\/svg+xml;base64,PHN2ZyB3aWR0aD0iMSIgaGVpZ2h0PSIxIiB4bWxucz0iaHR0cDovL3d3dy53My5vcmcvMjAwMC9zdmciPjwvc3ZnPg==\" style=\"--smush-placeholder-width: 724px; --smush-placeholder-aspect-ratio: 724\/1024;\" \/><\/figure>\n\n\n\n<figure class=\"wp-block-image size-large\"><img decoding=\"async\" width=\"724\" height=\"1024\" data-src=\"http:\/\/www.design-award.cz\/wp-content\/uploads\/2023\/04\/Katerina-Mateju-puvodni-x-novy-pudorys-724x1024.jpg\" alt=\"\" class=\"wp-image-2351 lazyload\" data-srcset=\"https:\/\/www.design-award.cz\/wp-content\/uploads\/2023\/04\/Katerina-Mateju-puvodni-x-novy-pudorys-724x1024.jpg 724w, https:\/\/www.design-award.cz\/wp-content\/uploads\/2023\/04\/Katerina-Mateju-puvodni-x-novy-pudorys-212x300.jpg 212w, https:\/\/www.design-award.cz\/wp-content\/uploads\/2023\/04\/Katerina-Mateju-puvodni-x-novy-pudorys-768x1086.jpg 768w, https:\/\/www.design-award.cz\/wp-content\/uploads\/2023\/04\/Katerina-Mateju-puvodni-x-novy-pudorys-1086x1536.jpg 1086w, https:\/\/www.design-award.cz\/wp-content\/uploads\/2023\/04\/Katerina-Mateju-puvodni-x-novy-pudorys-1448x2048.jpg 1448w, https:\/\/www.design-award.cz\/wp-content\/uploads\/2023\/04\/Katerina-Mateju-puvodni-x-novy-pudorys-500x707.jpg 500w, https:\/\/www.design-award.cz\/wp-content\/uploads\/2023\/04\/Katerina-Mateju-puvodni-x-novy-pudorys-800x1131.jpg 800w, https:\/\/www.design-award.cz\/wp-content\/uploads\/2023\/04\/Katerina-Mateju-puvodni-x-novy-pudorys-1280x1810.jpg 1280w, https:\/\/www.design-award.cz\/wp-content\/uploads\/2023\/04\/Katerina-Mateju-puvodni-x-novy-pudorys-1920x2715.jpg 1920w, https:\/\/www.design-award.cz\/wp-content\/uploads\/2023\/04\/Katerina-Mateju-puvodni-x-novy-pudorys-scaled.jpg 1810w\" data-sizes=\"(max-width: 724px) 100vw, 724px\" src=\"data:image\/svg+xml;base64,PHN2ZyB3aWR0aD0iMSIgaGVpZ2h0PSIxIiB4bWxucz0iaHR0cDovL3d3dy53My5vcmcvMjAwMC9zdmciPjwvc3ZnPg==\" style=\"--smush-placeholder-width: 724px; --smush-placeholder-aspect-ratio: 724\/1024;\" \/><\/figure>\n","protected":false},"excerpt":{"rendered":"<p>Kate\u0159ina Mat\u011bj\u016f St\u0159edn\u00ed odborn\u00e9 u\u010dili\u0161t\u011b tradi\u010dn\u00edch \u0159emesel a Vy\u0161\u0161\u00ed odborn\u00e1 \u0161kola, spol. s r.o. Byt ve stylu Art DecoZad\u00e1n\u00ed:Navrhnout byt pro \u017eenu ve v\u011bku okolo 45 let ve stylu skandin\u00e1vsk\u00e9m, retro nebo minimalismu s rozpo\u010dtem 900 000 K\u010d.Jedn\u00e1 se o byt 2+1 s t\u00edm, \u017ee bytov\u00e9 j\u00e1dro jsme mohli zachovat, nebo p\u016fdorys zm\u011bnit. J\u00e1 jsem [&hellip;]<\/p>\n","protected":false},"author":5,"featured_media":2353,"menu_order":0,"comment_status":"closed","ping_status":"closed","template":"","format":"standard","meta":{"ngg_post_thumbnail":0,"ocean_post_layout":"","ocean_both_sidebars_style":"","ocean_both_sidebars_content_width":0,"ocean_both_sidebars_sidebars_width":0,"ocean_sidebar":"","ocean_second_sidebar":"","ocean_disable_margins":"enable","ocean_add_body_class":"","ocean_shortcode_before_top_bar":"","ocean_shortcode_after_top_bar":"","ocean_shortcode_before_header":"","ocean_shortcode_after_header":"","ocean_has_shortcode":"","ocean_shortcode_after_title":"","ocean_shortcode_before_footer_widgets":"","ocean_shortcode_after_footer_widgets":"","ocean_shortcode_before_footer_bottom":"","ocean_shortcode_after_footer_bottom":"","ocean_display_top_bar":"default","ocean_display_header":"default","ocean_header_style":"","ocean_center_header_left_menu":"","ocean_custom_header_template":"","ocean_custom_logo":0,"ocean_custom_retina_logo":0,"ocean_custom_logo_max_width":0,"ocean_custom_logo_tablet_max_width":0,"ocean_custom_logo_mobile_max_width":0,"ocean_custom_logo_max_height":0,"ocean_custom_logo_tablet_max_height":0,"ocean_custom_logo_mobile_max_height":0,"ocean_header_custom_menu":"","ocean_menu_typo_font_family":"","ocean_menu_typo_font_subset":"","ocean_menu_typo_font_size":0,"ocean_menu_typo_font_size_tablet":0,"ocean_menu_typo_font_size_mobile":0,"ocean_menu_typo_font_size_unit":"px","ocean_menu_typo_font_weight":"","ocean_menu_typo_font_weight_tablet":"","ocean_menu_typo_font_weight_mobile":"","ocean_menu_typo_transform":"","ocean_menu_typo_transform_tablet":"","ocean_menu_typo_transform_mobile":"","ocean_menu_typo_line_height":0,"ocean_menu_typo_line_height_tablet":0,"ocean_menu_typo_line_height_mobile":0,"ocean_menu_typo_line_height_unit":"","ocean_menu_typo_spacing":0,"ocean_menu_typo_spacing_tablet":0,"ocean_menu_typo_spacing_mobile":0,"ocean_menu_typo_spacing_unit":"","ocean_menu_link_color":"","ocean_menu_link_color_hover":"","ocean_menu_link_color_active":"","ocean_menu_link_background":"","ocean_menu_link_hover_background":"","ocean_menu_link_active_background":"","ocean_menu_social_links_bg":"","ocean_menu_social_hover_links_bg":"","ocean_menu_social_links_color":"","ocean_menu_social_hover_links_color":"","ocean_disable_title":"default","ocean_disable_heading":"default","ocean_post_title":"","ocean_post_subheading":"","ocean_post_title_style":"","ocean_post_title_background_color":"","ocean_post_title_background":0,"ocean_post_title_bg_image_position":"","ocean_post_title_bg_image_attachment":"","ocean_post_title_bg_image_repeat":"","ocean_post_title_bg_image_size":"","ocean_post_title_height":0,"ocean_post_title_bg_overlay":0.5,"ocean_post_title_bg_overlay_color":"","ocean_disable_breadcrumbs":"default","ocean_breadcrumbs_color":"","ocean_breadcrumbs_separator_color":"","ocean_breadcrumbs_links_color":"","ocean_breadcrumbs_links_hover_color":"","ocean_display_footer_widgets":"default","ocean_display_footer_bottom":"default","ocean_custom_footer_template":"","_vp_format_video_url":"","_vp_image_focal_point":[],"footnotes":""},"portfolio_category":[10],"portfolio_tag":[],"class_list":["post-2349","portfolio","type-portfolio","status-publish","format-standard","has-post-thumbnail","hentry","portfolio_category-soutezici-2023","entry","has-media"],"yoast_head":"<!-- This site is optimized with the Yoast SEO plugin v25.2 - https:\/\/yoast.com\/wordpress\/plugins\/seo\/ -->\n<title>Soukrom\u00fd interi\u00e9r - Byt ve stylu Art Deco - design-award.cz<\/title>\n<meta name=\"robots\" content=\"index, follow, max-snippet:-1, max-image-preview:large, max-video-preview:-1\" \/>\n<link rel=\"canonical\" href=\"https:\/\/www.design-award.cz\/?portfolio=soukromy-interier-byt-ve-stylu-art-deco\" \/>\n<meta property=\"og:locale\" content=\"cs_CZ\" \/>\n<meta property=\"og:type\" content=\"article\" \/>\n<meta property=\"og:title\" content=\"Soukrom\u00fd interi\u00e9r - Byt ve stylu Art Deco - design-award.cz\" \/>\n<meta property=\"og:description\" content=\"Kate\u0159ina Mat\u011bj\u016f St\u0159edn\u00ed odborn\u00e9 u\u010dili\u0161t\u011b tradi\u010dn\u00edch \u0159emesel a Vy\u0161\u0161\u00ed odborn\u00e1 \u0161kola, spol. s r.o. Byt ve stylu Art DecoZad\u00e1n\u00ed:Navrhnout byt pro \u017eenu ve v\u011bku okolo 45 let ve stylu skandin\u00e1vsk\u00e9m, retro nebo minimalismu s rozpo\u010dtem 900 000 K\u010d.Jedn\u00e1 se o byt 2+1 s t\u00edm, \u017ee bytov\u00e9 j\u00e1dro jsme mohli zachovat, nebo p\u016fdorys zm\u011bnit. J\u00e1 jsem [&hellip;]\" \/>\n<meta property=\"og:url\" content=\"https:\/\/www.design-award.cz\/?portfolio=soukromy-interier-byt-ve-stylu-art-deco\" \/>\n<meta property=\"og:site_name\" content=\"design-award.cz\" \/>\n<meta property=\"og:image\" content=\"http:\/\/www.design-award.cz\/wp-content\/uploads\/2023\/04\/Katerina-Mateju-kolaz-vizualizace2-scaled.jpg\" \/>\n\t<meta property=\"og:image:width\" content=\"1810\" \/>\n\t<meta property=\"og:image:height\" content=\"2560\" \/>\n\t<meta property=\"og:image:type\" content=\"image\/jpeg\" \/>\n<meta name=\"twitter:card\" content=\"summary_large_image\" \/>\n<meta name=\"twitter:label1\" content=\"Odhadovan\u00e1 doba \u010dten\u00ed\" \/>\n\t<meta name=\"twitter:data1\" content=\"1 minuta\" \/>\n<script type=\"application\/ld+json\" class=\"yoast-schema-graph\">{\"@context\":\"https:\/\/schema.org\",\"@graph\":[{\"@type\":\"WebPage\",\"@id\":\"https:\/\/www.design-award.cz\/?portfolio=soukromy-interier-byt-ve-stylu-art-deco\",\"url\":\"https:\/\/www.design-award.cz\/?portfolio=soukromy-interier-byt-ve-stylu-art-deco\",\"name\":\"Soukrom\u00fd interi\u00e9r - Byt ve stylu Art Deco - design-award.cz\",\"isPartOf\":{\"@id\":\"https:\/\/www.design-award.cz\/#website\"},\"primaryImageOfPage\":{\"@id\":\"https:\/\/www.design-award.cz\/?portfolio=soukromy-interier-byt-ve-stylu-art-deco#primaryimage\"},\"image\":{\"@id\":\"https:\/\/www.design-award.cz\/?portfolio=soukromy-interier-byt-ve-stylu-art-deco#primaryimage\"},\"thumbnailUrl\":\"https:\/\/www.design-award.cz\/wp-content\/uploads\/2023\/04\/Katerina-Mateju-kolaz-vizualizace2-scaled.jpg\",\"datePublished\":\"2023-04-15T19:11:03+00:00\",\"breadcrumb\":{\"@id\":\"https:\/\/www.design-award.cz\/?portfolio=soukromy-interier-byt-ve-stylu-art-deco#breadcrumb\"},\"inLanguage\":\"cs\",\"potentialAction\":[{\"@type\":\"ReadAction\",\"target\":[\"https:\/\/www.design-award.cz\/?portfolio=soukromy-interier-byt-ve-stylu-art-deco\"]}]},{\"@type\":\"ImageObject\",\"inLanguage\":\"cs\",\"@id\":\"https:\/\/www.design-award.cz\/?portfolio=soukromy-interier-byt-ve-stylu-art-deco#primaryimage\",\"url\":\"https:\/\/www.design-award.cz\/wp-content\/uploads\/2023\/04\/Katerina-Mateju-kolaz-vizualizace2-scaled.jpg\",\"contentUrl\":\"https:\/\/www.design-award.cz\/wp-content\/uploads\/2023\/04\/Katerina-Mateju-kolaz-vizualizace2-scaled.jpg\",\"width\":1810,\"height\":2560},{\"@type\":\"BreadcrumbList\",\"@id\":\"https:\/\/www.design-award.cz\/?portfolio=soukromy-interier-byt-ve-stylu-art-deco#breadcrumb\",\"itemListElement\":[{\"@type\":\"ListItem\",\"position\":1,\"name\":\"Dom\u016f\",\"item\":\"https:\/\/www.design-award.cz\/\"},{\"@type\":\"ListItem\",\"position\":2,\"name\":\"Portfolio Items\",\"item\":\"https:\/\/www.design-award.cz\/?post_type=portfolio\"},{\"@type\":\"ListItem\",\"position\":3,\"name\":\"Soukrom\u00fd interi\u00e9r &#8211; Byt ve stylu Art Deco\"}]},{\"@type\":\"WebSite\",\"@id\":\"https:\/\/www.design-award.cz\/#website\",\"url\":\"https:\/\/www.design-award.cz\/\",\"name\":\"design-award.cz\",\"description\":\"WARD vznikla v roce 2022. Je ur\u010dena p\u0159edev\u0161\u00edm student\u016fm st\u0159edn\u00edch um\u011bleck\u00fdch \u0161kol (S\u0160 a VO\u0160), kte\u0159\u00ed mohou bezplatn\u011b zaslat sv\u00e9 n\u00e1vrhy v uveden\u00fdch kategori\u00ed a tak pom\u011b\u0159it sv\u00e9 n\u00e1pady s konkurenc\u00ed sv\u00fdch vrstevn\u00edk\u016f. N\u00e1vrhy jsou n\u00e1sledn\u011b posouzeny nez\u00e1vislou porotou z \u0159ad v\u00fdtvarn\u00edk\u016f, pedagog\u016f a profesion\u00e1l\u016f z oboru.\",\"publisher\":{\"@id\":\"https:\/\/www.design-award.cz\/#organization\"},\"potentialAction\":[{\"@type\":\"SearchAction\",\"target\":{\"@type\":\"EntryPoint\",\"urlTemplate\":\"https:\/\/www.design-award.cz\/?s={search_term_string}\"},\"query-input\":{\"@type\":\"PropertyValueSpecification\",\"valueRequired\":true,\"valueName\":\"search_term_string\"}}],\"inLanguage\":\"cs\"},{\"@type\":\"Organization\",\"@id\":\"https:\/\/www.design-award.cz\/#organization\",\"name\":\"Design Award\",\"url\":\"https:\/\/www.design-award.cz\/\",\"logo\":{\"@type\":\"ImageObject\",\"inLanguage\":\"cs\",\"@id\":\"https:\/\/www.design-award.cz\/#\/schema\/logo\/image\/\",\"url\":\"http:\/\/www.design-award.cz\/wp-content\/uploads\/2021\/12\/hornilogo_design-award.png\",\"contentUrl\":\"http:\/\/www.design-award.cz\/wp-content\/uploads\/2021\/12\/hornilogo_design-award.png\",\"width\":800,\"height\":600,\"caption\":\"Design Award\"},\"image\":{\"@id\":\"https:\/\/www.design-award.cz\/#\/schema\/logo\/image\/\"},\"sameAs\":[\"https:\/\/www.instagram.com\/design_award\/\"]}]}<\/script>\n<!-- \/ Yoast SEO plugin. -->","yoast_head_json":{"title":"Soukrom\u00fd interi\u00e9r - Byt ve stylu Art Deco - design-award.cz","robots":{"index":"index","follow":"follow","max-snippet":"max-snippet:-1","max-image-preview":"max-image-preview:large","max-video-preview":"max-video-preview:-1"},"canonical":"https:\/\/www.design-award.cz\/?portfolio=soukromy-interier-byt-ve-stylu-art-deco","og_locale":"cs_CZ","og_type":"article","og_title":"Soukrom\u00fd interi\u00e9r - Byt ve stylu Art Deco - design-award.cz","og_description":"Kate\u0159ina Mat\u011bj\u016f St\u0159edn\u00ed odborn\u00e9 u\u010dili\u0161t\u011b tradi\u010dn\u00edch \u0159emesel a Vy\u0161\u0161\u00ed odborn\u00e1 \u0161kola, spol. s r.o. Byt ve stylu Art DecoZad\u00e1n\u00ed:Navrhnout byt pro \u017eenu ve v\u011bku okolo 45 let ve stylu skandin\u00e1vsk\u00e9m, retro nebo minimalismu s rozpo\u010dtem 900 000 K\u010d.Jedn\u00e1 se o byt 2+1 s t\u00edm, \u017ee bytov\u00e9 j\u00e1dro jsme mohli zachovat, nebo p\u016fdorys zm\u011bnit. J\u00e1 jsem [&hellip;]","og_url":"https:\/\/www.design-award.cz\/?portfolio=soukromy-interier-byt-ve-stylu-art-deco","og_site_name":"design-award.cz","og_image":[{"width":1810,"height":2560,"url":"http:\/\/www.design-award.cz\/wp-content\/uploads\/2023\/04\/Katerina-Mateju-kolaz-vizualizace2-scaled.jpg","type":"image\/jpeg"}],"twitter_card":"summary_large_image","twitter_misc":{"Odhadovan\u00e1 doba \u010dten\u00ed":"1 minuta"},"schema":{"@context":"https:\/\/schema.org","@graph":[{"@type":"WebPage","@id":"https:\/\/www.design-award.cz\/?portfolio=soukromy-interier-byt-ve-stylu-art-deco","url":"https:\/\/www.design-award.cz\/?portfolio=soukromy-interier-byt-ve-stylu-art-deco","name":"Soukrom\u00fd interi\u00e9r - Byt ve stylu Art Deco - design-award.cz","isPartOf":{"@id":"https:\/\/www.design-award.cz\/#website"},"primaryImageOfPage":{"@id":"https:\/\/www.design-award.cz\/?portfolio=soukromy-interier-byt-ve-stylu-art-deco#primaryimage"},"image":{"@id":"https:\/\/www.design-award.cz\/?portfolio=soukromy-interier-byt-ve-stylu-art-deco#primaryimage"},"thumbnailUrl":"https:\/\/www.design-award.cz\/wp-content\/uploads\/2023\/04\/Katerina-Mateju-kolaz-vizualizace2-scaled.jpg","datePublished":"2023-04-15T19:11:03+00:00","breadcrumb":{"@id":"https:\/\/www.design-award.cz\/?portfolio=soukromy-interier-byt-ve-stylu-art-deco#breadcrumb"},"inLanguage":"cs","potentialAction":[{"@type":"ReadAction","target":["https:\/\/www.design-award.cz\/?portfolio=soukromy-interier-byt-ve-stylu-art-deco"]}]},{"@type":"ImageObject","inLanguage":"cs","@id":"https:\/\/www.design-award.cz\/?portfolio=soukromy-interier-byt-ve-stylu-art-deco#primaryimage","url":"https:\/\/www.design-award.cz\/wp-content\/uploads\/2023\/04\/Katerina-Mateju-kolaz-vizualizace2-scaled.jpg","contentUrl":"https:\/\/www.design-award.cz\/wp-content\/uploads\/2023\/04\/Katerina-Mateju-kolaz-vizualizace2-scaled.jpg","width":1810,"height":2560},{"@type":"BreadcrumbList","@id":"https:\/\/www.design-award.cz\/?portfolio=soukromy-interier-byt-ve-stylu-art-deco#breadcrumb","itemListElement":[{"@type":"ListItem","position":1,"name":"Dom\u016f","item":"https:\/\/www.design-award.cz\/"},{"@type":"ListItem","position":2,"name":"Portfolio Items","item":"https:\/\/www.design-award.cz\/?post_type=portfolio"},{"@type":"ListItem","position":3,"name":"Soukrom\u00fd interi\u00e9r &#8211; Byt ve stylu Art Deco"}]},{"@type":"WebSite","@id":"https:\/\/www.design-award.cz\/#website","url":"https:\/\/www.design-award.cz\/","name":"design-award.cz","description":"WARD vznikla v roce 2022. Je ur\u010dena p\u0159edev\u0161\u00edm student\u016fm st\u0159edn\u00edch um\u011bleck\u00fdch \u0161kol (S\u0160 a VO\u0160), kte\u0159\u00ed mohou bezplatn\u011b zaslat sv\u00e9 n\u00e1vrhy v uveden\u00fdch kategori\u00ed a tak pom\u011b\u0159it sv\u00e9 n\u00e1pady s konkurenc\u00ed sv\u00fdch vrstevn\u00edk\u016f. N\u00e1vrhy jsou n\u00e1sledn\u011b posouzeny nez\u00e1vislou porotou z \u0159ad v\u00fdtvarn\u00edk\u016f, pedagog\u016f a profesion\u00e1l\u016f z oboru.","publisher":{"@id":"https:\/\/www.design-award.cz\/#organization"},"potentialAction":[{"@type":"SearchAction","target":{"@type":"EntryPoint","urlTemplate":"https:\/\/www.design-award.cz\/?s={search_term_string}"},"query-input":{"@type":"PropertyValueSpecification","valueRequired":true,"valueName":"search_term_string"}}],"inLanguage":"cs"},{"@type":"Organization","@id":"https:\/\/www.design-award.cz\/#organization","name":"Design Award","url":"https:\/\/www.design-award.cz\/","logo":{"@type":"ImageObject","inLanguage":"cs","@id":"https:\/\/www.design-award.cz\/#\/schema\/logo\/image\/","url":"http:\/\/www.design-award.cz\/wp-content\/uploads\/2021\/12\/hornilogo_design-award.png","contentUrl":"http:\/\/www.design-award.cz\/wp-content\/uploads\/2021\/12\/hornilogo_design-award.png","width":800,"height":600,"caption":"Design Award"},"image":{"@id":"https:\/\/www.design-award.cz\/#\/schema\/logo\/image\/"},"sameAs":["https:\/\/www.instagram.com\/design_award\/"]}]}},"_links":{"self":[{"href":"https:\/\/www.design-award.cz\/index.php?rest_route=\/wp\/v2\/portfolio\/2349","targetHints":{"allow":["GET"]}}],"collection":[{"href":"https:\/\/www.design-award.cz\/index.php?rest_route=\/wp\/v2\/portfolio"}],"about":[{"href":"https:\/\/www.design-award.cz\/index.php?rest_route=\/wp\/v2\/types\/portfolio"}],"author":[{"embeddable":true,"href":"https:\/\/www.design-award.cz\/index.php?rest_route=\/wp\/v2\/users\/5"}],"replies":[{"embeddable":true,"href":"https:\/\/www.design-award.cz\/index.php?rest_route=%2Fwp%2Fv2%2Fcomments&post=2349"}],"version-history":[{"count":1,"href":"https:\/\/www.design-award.cz\/index.php?rest_route=\/wp\/v2\/portfolio\/2349\/revisions"}],"predecessor-version":[{"id":2356,"href":"https:\/\/www.design-award.cz\/index.php?rest_route=\/wp\/v2\/portfolio\/2349\/revisions\/2356"}],"wp:featuredmedia":[{"embeddable":true,"href":"https:\/\/www.design-award.cz\/index.php?rest_route=\/wp\/v2\/media\/2353"}],"wp:attachment":[{"href":"https:\/\/www.design-award.cz\/index.php?rest_route=%2Fwp%2Fv2%2Fmedia&parent=2349"}],"wp:term":[{"taxonomy":"portfolio_category","embeddable":true,"href":"https:\/\/www.design-award.cz\/index.php?rest_route=%2Fwp%2Fv2%2Fportfolio_category&post=2349"},{"taxonomy":"portfolio_tag","embeddable":true,"href":"https:\/\/www.design-award.cz\/index.php?rest_route=%2Fwp%2Fv2%2Fportfolio_tag&post=2349"}],"curies":[{"name":"wp","href":"https:\/\/api.w.org\/{rel}","templated":true}]}}