{"id":2357,"date":"2023-04-15T19:16:32","date_gmt":"2023-04-15T19:16:32","guid":{"rendered":"https:\/\/www.design-award.cz\/?post_type=portfolio&#038;p=2357"},"modified":"2023-04-15T19:16:42","modified_gmt":"2023-04-15T19:16:42","slug":"produktovy-design-lampa-dekorativni","status":"publish","type":"portfolio","link":"https:\/\/www.design-award.cz\/?portfolio=produktovy-design-lampa-dekorativni","title":{"rendered":"Produktov\u00fd design &#8211; Lampa dekorativn\u00ed"},"content":{"rendered":"\n<p><strong>Sabina Bindrov\u00e1<\/strong><\/p>\n\n\n\n<p>St\u0159edn\u00ed odborn\u00e9 u\u010dili\u0161t\u011b tradi\u010dn\u00edch \u0159emesel a Vy\u0161\u0161\u00ed odborn\u00e1 \u0161kola, spol. s r.o.<\/p>\n\n\n\n<p>Lampa dekorativn\u00ed<br>M\u016fj n\u00e1pad sm\u011b\u0159oval k vytvo\u0159en\u00ed poutav\u00e9 p\u0159\u00edrodn\u00ed lampi\u010dky s vlo\u017een\u00edm neoby\u010dejn\u00e9ho prvku a to miner\u00e1l\u016f, kter\u00e9 budou vytv\u00e1\u0159et d\u00edky sv\u00e9mu prosv\u00edcen\u00ed harmonickou atmosf\u00e9ru a upoutaj\u00ed lidsk\u00fd pohled stejn\u011b jako tepl\u00fd plamen praskaj\u00edc\u00edho krbu.<\/p>\n\n\n\n<figure class=\"wp-block-image size-large\"><img decoding=\"async\" width=\"769\" height=\"1024\" data-src=\"http:\/\/www.design-award.cz\/wp-content\/uploads\/2023\/04\/Sabina-Bindrova-dekorativni-lampa-2-769x1024.jpg\" alt=\"\" class=\"wp-image-2360 lazyload\" data-srcset=\"https:\/\/www.design-award.cz\/wp-content\/uploads\/2023\/04\/Sabina-Bindrova-dekorativni-lampa-2-769x1024.jpg 769w, https:\/\/www.design-award.cz\/wp-content\/uploads\/2023\/04\/Sabina-Bindrova-dekorativni-lampa-2-225x300.jpg 225w, https:\/\/www.design-award.cz\/wp-content\/uploads\/2023\/04\/Sabina-Bindrova-dekorativni-lampa-2-768x1023.jpg 768w, https:\/\/www.design-award.cz\/wp-content\/uploads\/2023\/04\/Sabina-Bindrova-dekorativni-lampa-2-1153x1536.jpg 1153w, https:\/\/www.design-award.cz\/wp-content\/uploads\/2023\/04\/Sabina-Bindrova-dekorativni-lampa-2-1537x2048.jpg 1537w, https:\/\/www.design-award.cz\/wp-content\/uploads\/2023\/04\/Sabina-Bindrova-dekorativni-lampa-2-500x666.jpg 500w, https:\/\/www.design-award.cz\/wp-content\/uploads\/2023\/04\/Sabina-Bindrova-dekorativni-lampa-2-800x1066.jpg 800w, https:\/\/www.design-award.cz\/wp-content\/uploads\/2023\/04\/Sabina-Bindrova-dekorativni-lampa-2-1280x1705.jpg 1280w, https:\/\/www.design-award.cz\/wp-content\/uploads\/2023\/04\/Sabina-Bindrova-dekorativni-lampa-2-1920x2558.jpg 1920w, https:\/\/www.design-award.cz\/wp-content\/uploads\/2023\/04\/Sabina-Bindrova-dekorativni-lampa-2-scaled.jpg 1922w\" data-sizes=\"(max-width: 769px) 100vw, 769px\" src=\"data:image\/svg+xml;base64,PHN2ZyB3aWR0aD0iMSIgaGVpZ2h0PSIxIiB4bWxucz0iaHR0cDovL3d3dy53My5vcmcvMjAwMC9zdmciPjwvc3ZnPg==\" style=\"--smush-placeholder-width: 769px; --smush-placeholder-aspect-ratio: 769\/1024;\" \/><\/figure>\n\n\n\n<figure class=\"wp-block-image size-large\"><img decoding=\"async\" width=\"768\" height=\"1024\" data-src=\"http:\/\/www.design-award.cz\/wp-content\/uploads\/2023\/04\/Sabina-Bindrova-dekorativni-lampa-3-768x1024.jpg\" alt=\"\" class=\"wp-image-2363 lazyload\" data-srcset=\"https:\/\/www.design-award.cz\/wp-content\/uploads\/2023\/04\/Sabina-Bindrova-dekorativni-lampa-3-768x1024.jpg 768w, https:\/\/www.design-award.cz\/wp-content\/uploads\/2023\/04\/Sabina-Bindrova-dekorativni-lampa-3-225x300.jpg 225w, https:\/\/www.design-award.cz\/wp-content\/uploads\/2023\/04\/Sabina-Bindrova-dekorativni-lampa-3-1152x1536.jpg 1152w, https:\/\/www.design-award.cz\/wp-content\/uploads\/2023\/04\/Sabina-Bindrova-dekorativni-lampa-3-1536x2048.jpg 1536w, https:\/\/www.design-award.cz\/wp-content\/uploads\/2023\/04\/Sabina-Bindrova-dekorativni-lampa-3-500x667.jpg 500w, https:\/\/www.design-award.cz\/wp-content\/uploads\/2023\/04\/Sabina-Bindrova-dekorativni-lampa-3-800x1067.jpg 800w, https:\/\/www.design-award.cz\/wp-content\/uploads\/2023\/04\/Sabina-Bindrova-dekorativni-lampa-3-1280x1707.jpg 1280w, https:\/\/www.design-award.cz\/wp-content\/uploads\/2023\/04\/Sabina-Bindrova-dekorativni-lampa-3-scaled.jpg 1920w\" data-sizes=\"(max-width: 768px) 100vw, 768px\" src=\"data:image\/svg+xml;base64,PHN2ZyB3aWR0aD0iMSIgaGVpZ2h0PSIxIiB4bWxucz0iaHR0cDovL3d3dy53My5vcmcvMjAwMC9zdmciPjwvc3ZnPg==\" style=\"--smush-placeholder-width: 768px; --smush-placeholder-aspect-ratio: 768\/1024;\" \/><\/figure>\n\n\n\n<figure class=\"wp-block-image size-large\"><img decoding=\"async\" width=\"768\" height=\"1024\" data-src=\"http:\/\/www.design-award.cz\/wp-content\/uploads\/2023\/04\/Sabina-Bindrova-dekorativni-lampa-4-768x1024.jpg\" alt=\"\" class=\"wp-image-2364 lazyload\" data-srcset=\"https:\/\/www.design-award.cz\/wp-content\/uploads\/2023\/04\/Sabina-Bindrova-dekorativni-lampa-4-768x1024.jpg 768w, https:\/\/www.design-award.cz\/wp-content\/uploads\/2023\/04\/Sabina-Bindrova-dekorativni-lampa-4-225x300.jpg 225w, https:\/\/www.design-award.cz\/wp-content\/uploads\/2023\/04\/Sabina-Bindrova-dekorativni-lampa-4-1152x1536.jpg 1152w, https:\/\/www.design-award.cz\/wp-content\/uploads\/2023\/04\/Sabina-Bindrova-dekorativni-lampa-4-1536x2048.jpg 1536w, https:\/\/www.design-award.cz\/wp-content\/uploads\/2023\/04\/Sabina-Bindrova-dekorativni-lampa-4-500x667.jpg 500w, https:\/\/www.design-award.cz\/wp-content\/uploads\/2023\/04\/Sabina-Bindrova-dekorativni-lampa-4-800x1067.jpg 800w, https:\/\/www.design-award.cz\/wp-content\/uploads\/2023\/04\/Sabina-Bindrova-dekorativni-lampa-4-1280x1707.jpg 1280w, https:\/\/www.design-award.cz\/wp-content\/uploads\/2023\/04\/Sabina-Bindrova-dekorativni-lampa-4-scaled.jpg 1920w\" data-sizes=\"(max-width: 768px) 100vw, 768px\" src=\"data:image\/svg+xml;base64,PHN2ZyB3aWR0aD0iMSIgaGVpZ2h0PSIxIiB4bWxucz0iaHR0cDovL3d3dy53My5vcmcvMjAwMC9zdmciPjwvc3ZnPg==\" style=\"--smush-placeholder-width: 768px; --smush-placeholder-aspect-ratio: 768\/1024;\" \/><\/figure>\n\n\n\n<figure class=\"wp-block-image size-large\"><img decoding=\"async\" width=\"768\" height=\"1024\" data-src=\"http:\/\/www.design-award.cz\/wp-content\/uploads\/2023\/04\/Sabina-Bindrova-dekorativni-lampa-5-768x1024.jpg\" alt=\"\" class=\"wp-image-2365 lazyload\" data-srcset=\"https:\/\/www.design-award.cz\/wp-content\/uploads\/2023\/04\/Sabina-Bindrova-dekorativni-lampa-5-768x1024.jpg 768w, https:\/\/www.design-award.cz\/wp-content\/uploads\/2023\/04\/Sabina-Bindrova-dekorativni-lampa-5-225x300.jpg 225w, https:\/\/www.design-award.cz\/wp-content\/uploads\/2023\/04\/Sabina-Bindrova-dekorativni-lampa-5-1152x1536.jpg 1152w, https:\/\/www.design-award.cz\/wp-content\/uploads\/2023\/04\/Sabina-Bindrova-dekorativni-lampa-5-1536x2048.jpg 1536w, https:\/\/www.design-award.cz\/wp-content\/uploads\/2023\/04\/Sabina-Bindrova-dekorativni-lampa-5-500x667.jpg 500w, https:\/\/www.design-award.cz\/wp-content\/uploads\/2023\/04\/Sabina-Bindrova-dekorativni-lampa-5-800x1067.jpg 800w, https:\/\/www.design-award.cz\/wp-content\/uploads\/2023\/04\/Sabina-Bindrova-dekorativni-lampa-5-1280x1707.jpg 1280w, https:\/\/www.design-award.cz\/wp-content\/uploads\/2023\/04\/Sabina-Bindrova-dekorativni-lampa-5-scaled.jpg 1920w\" data-sizes=\"(max-width: 768px) 100vw, 768px\" src=\"data:image\/svg+xml;base64,PHN2ZyB3aWR0aD0iMSIgaGVpZ2h0PSIxIiB4bWxucz0iaHR0cDovL3d3dy53My5vcmcvMjAwMC9zdmciPjwvc3ZnPg==\" style=\"--smush-placeholder-width: 768px; --smush-placeholder-aspect-ratio: 768\/1024;\" \/><\/figure>\n\n\n\n<figure class=\"wp-block-image size-large\"><img decoding=\"async\" width=\"1024\" height=\"859\" data-src=\"http:\/\/www.design-award.cz\/wp-content\/uploads\/2023\/04\/Sabina-Bindrova-dekorativni-lampa6-1024x859.png\" alt=\"\" class=\"wp-image-2366 lazyload\" data-srcset=\"https:\/\/www.design-award.cz\/wp-content\/uploads\/2023\/04\/Sabina-Bindrova-dekorativni-lampa6-1024x859.png 1024w, https:\/\/www.design-award.cz\/wp-content\/uploads\/2023\/04\/Sabina-Bindrova-dekorativni-lampa6-300x252.png 300w, https:\/\/www.design-award.cz\/wp-content\/uploads\/2023\/04\/Sabina-Bindrova-dekorativni-lampa6-768x644.png 768w, https:\/\/www.design-award.cz\/wp-content\/uploads\/2023\/04\/Sabina-Bindrova-dekorativni-lampa6-1536x1289.png 1536w, https:\/\/www.design-award.cz\/wp-content\/uploads\/2023\/04\/Sabina-Bindrova-dekorativni-lampa6-2048x1719.png 2048w, https:\/\/www.design-award.cz\/wp-content\/uploads\/2023\/04\/Sabina-Bindrova-dekorativni-lampa6-500x420.png 500w, https:\/\/www.design-award.cz\/wp-content\/uploads\/2023\/04\/Sabina-Bindrova-dekorativni-lampa6-800x671.png 800w, https:\/\/www.design-award.cz\/wp-content\/uploads\/2023\/04\/Sabina-Bindrova-dekorativni-lampa6-1280x1074.png 1280w, https:\/\/www.design-award.cz\/wp-content\/uploads\/2023\/04\/Sabina-Bindrova-dekorativni-lampa6-1920x1611.png 1920w\" data-sizes=\"(max-width: 1024px) 100vw, 1024px\" src=\"data:image\/svg+xml;base64,PHN2ZyB3aWR0aD0iMSIgaGVpZ2h0PSIxIiB4bWxucz0iaHR0cDovL3d3dy53My5vcmcvMjAwMC9zdmciPjwvc3ZnPg==\" style=\"--smush-placeholder-width: 1024px; --smush-placeholder-aspect-ratio: 1024\/859;\" \/><\/figure>\n","protected":false},"excerpt":{"rendered":"<p>Sabina Bindrov\u00e1 St\u0159edn\u00ed odborn\u00e9 u\u010dili\u0161t\u011b tradi\u010dn\u00edch \u0159emesel a Vy\u0161\u0161\u00ed odborn\u00e1 \u0161kola, spol. s r.o. Lampa dekorativn\u00edM\u016fj n\u00e1pad sm\u011b\u0159oval k vytvo\u0159en\u00ed poutav\u00e9 p\u0159\u00edrodn\u00ed lampi\u010dky s vlo\u017een\u00edm neoby\u010dejn\u00e9ho prvku a to miner\u00e1l\u016f, kter\u00e9 budou vytv\u00e1\u0159et d\u00edky sv\u00e9mu prosv\u00edcen\u00ed harmonickou atmosf\u00e9ru a upoutaj\u00ed lidsk\u00fd pohled stejn\u011b jako tepl\u00fd plamen praskaj\u00edc\u00edho krbu.<\/p>\n","protected":false},"author":5,"featured_media":2367,"menu_order":0,"comment_status":"closed","ping_status":"closed","template":"","format":"standard","meta":{"ngg_post_thumbnail":0,"ocean_post_layout":"","ocean_both_sidebars_style":"","ocean_both_sidebars_content_width":0,"ocean_both_sidebars_sidebars_width":0,"ocean_sidebar":"","ocean_second_sidebar":"","ocean_disable_margins":"enable","ocean_add_body_class":"","ocean_shortcode_before_top_bar":"","ocean_shortcode_after_top_bar":"","ocean_shortcode_before_header":"","ocean_shortcode_after_header":"","ocean_has_shortcode":"","ocean_shortcode_after_title":"","ocean_shortcode_before_footer_widgets":"","ocean_shortcode_after_footer_widgets":"","ocean_shortcode_before_footer_bottom":"","ocean_shortcode_after_footer_bottom":"","ocean_display_top_bar":"default","ocean_display_header":"default","ocean_header_style":"","ocean_center_header_left_menu":"","ocean_custom_header_template":"","ocean_custom_logo":0,"ocean_custom_retina_logo":0,"ocean_custom_logo_max_width":0,"ocean_custom_logo_tablet_max_width":0,"ocean_custom_logo_mobile_max_width":0,"ocean_custom_logo_max_height":0,"ocean_custom_logo_tablet_max_height":0,"ocean_custom_logo_mobile_max_height":0,"ocean_header_custom_menu":"","ocean_menu_typo_font_family":"","ocean_menu_typo_font_subset":"","ocean_menu_typo_font_size":0,"ocean_menu_typo_font_size_tablet":0,"ocean_menu_typo_font_size_mobile":0,"ocean_menu_typo_font_size_unit":"px","ocean_menu_typo_font_weight":"","ocean_menu_typo_font_weight_tablet":"","ocean_menu_typo_font_weight_mobile":"","ocean_menu_typo_transform":"","ocean_menu_typo_transform_tablet":"","ocean_menu_typo_transform_mobile":"","ocean_menu_typo_line_height":0,"ocean_menu_typo_line_height_tablet":0,"ocean_menu_typo_line_height_mobile":0,"ocean_menu_typo_line_height_unit":"","ocean_menu_typo_spacing":0,"ocean_menu_typo_spacing_tablet":0,"ocean_menu_typo_spacing_mobile":0,"ocean_menu_typo_spacing_unit":"","ocean_menu_link_color":"","ocean_menu_link_color_hover":"","ocean_menu_link_color_active":"","ocean_menu_link_background":"","ocean_menu_link_hover_background":"","ocean_menu_link_active_background":"","ocean_menu_social_links_bg":"","ocean_menu_social_hover_links_bg":"","ocean_menu_social_links_color":"","ocean_menu_social_hover_links_color":"","ocean_disable_title":"default","ocean_disable_heading":"default","ocean_post_title":"","ocean_post_subheading":"","ocean_post_title_style":"","ocean_post_title_background_color":"","ocean_post_title_background":0,"ocean_post_title_bg_image_position":"","ocean_post_title_bg_image_attachment":"","ocean_post_title_bg_image_repeat":"","ocean_post_title_bg_image_size":"","ocean_post_title_height":0,"ocean_post_title_bg_overlay":0.5,"ocean_post_title_bg_overlay_color":"","ocean_disable_breadcrumbs":"default","ocean_breadcrumbs_color":"","ocean_breadcrumbs_separator_color":"","ocean_breadcrumbs_links_color":"","ocean_breadcrumbs_links_hover_color":"","ocean_display_footer_widgets":"default","ocean_display_footer_bottom":"default","ocean_custom_footer_template":"","_vp_format_video_url":"","_vp_image_focal_point":[],"footnotes":""},"portfolio_category":[10],"portfolio_tag":[],"class_list":["post-2357","portfolio","type-portfolio","status-publish","format-standard","has-post-thumbnail","hentry","portfolio_category-soutezici-2023","entry","has-media"],"yoast_head":"<!-- This site is optimized with the Yoast SEO plugin v25.2 - https:\/\/yoast.com\/wordpress\/plugins\/seo\/ -->\n<title>Produktov\u00fd design - Lampa dekorativn\u00ed - design-award.cz<\/title>\n<meta name=\"robots\" content=\"index, follow, max-snippet:-1, max-image-preview:large, max-video-preview:-1\" \/>\n<link rel=\"canonical\" href=\"https:\/\/www.design-award.cz\/?portfolio=produktovy-design-lampa-dekorativni\" \/>\n<meta property=\"og:locale\" content=\"cs_CZ\" \/>\n<meta property=\"og:type\" content=\"article\" \/>\n<meta property=\"og:title\" content=\"Produktov\u00fd design - Lampa dekorativn\u00ed - design-award.cz\" \/>\n<meta property=\"og:description\" content=\"Sabina Bindrov\u00e1 St\u0159edn\u00ed odborn\u00e9 u\u010dili\u0161t\u011b tradi\u010dn\u00edch \u0159emesel a Vy\u0161\u0161\u00ed odborn\u00e1 \u0161kola, spol. s r.o. Lampa dekorativn\u00edM\u016fj n\u00e1pad sm\u011b\u0159oval k vytvo\u0159en\u00ed poutav\u00e9 p\u0159\u00edrodn\u00ed lampi\u010dky s vlo\u017een\u00edm neoby\u010dejn\u00e9ho prvku a to miner\u00e1l\u016f, kter\u00e9 budou vytv\u00e1\u0159et d\u00edky sv\u00e9mu prosv\u00edcen\u00ed harmonickou atmosf\u00e9ru a upoutaj\u00ed lidsk\u00fd pohled stejn\u011b jako tepl\u00fd plamen praskaj\u00edc\u00edho krbu.\" \/>\n<meta property=\"og:url\" content=\"https:\/\/www.design-award.cz\/?portfolio=produktovy-design-lampa-dekorativni\" \/>\n<meta property=\"og:site_name\" content=\"design-award.cz\" \/>\n<meta property=\"article:modified_time\" content=\"2023-04-15T19:16:42+00:00\" \/>\n<meta property=\"og:image\" content=\"http:\/\/www.design-award.cz\/wp-content\/uploads\/2023\/04\/Sabina-Bindrova-dekorativni-lampa-1-scaled.jpg\" \/>\n\t<meta property=\"og:image:width\" content=\"1920\" \/>\n\t<meta property=\"og:image:height\" content=\"2560\" \/>\n\t<meta property=\"og:image:type\" content=\"image\/jpeg\" \/>\n<meta name=\"twitter:card\" content=\"summary_large_image\" \/>\n<script type=\"application\/ld+json\" class=\"yoast-schema-graph\">{\"@context\":\"https:\/\/schema.org\",\"@graph\":[{\"@type\":\"WebPage\",\"@id\":\"https:\/\/www.design-award.cz\/?portfolio=produktovy-design-lampa-dekorativni\",\"url\":\"https:\/\/www.design-award.cz\/?portfolio=produktovy-design-lampa-dekorativni\",\"name\":\"Produktov\u00fd design - Lampa dekorativn\u00ed - design-award.cz\",\"isPartOf\":{\"@id\":\"https:\/\/www.design-award.cz\/#website\"},\"primaryImageOfPage\":{\"@id\":\"https:\/\/www.design-award.cz\/?portfolio=produktovy-design-lampa-dekorativni#primaryimage\"},\"image\":{\"@id\":\"https:\/\/www.design-award.cz\/?portfolio=produktovy-design-lampa-dekorativni#primaryimage\"},\"thumbnailUrl\":\"https:\/\/www.design-award.cz\/wp-content\/uploads\/2023\/04\/Sabina-Bindrova-dekorativni-lampa-1-scaled.jpg\",\"datePublished\":\"2023-04-15T19:16:32+00:00\",\"dateModified\":\"2023-04-15T19:16:42+00:00\",\"breadcrumb\":{\"@id\":\"https:\/\/www.design-award.cz\/?portfolio=produktovy-design-lampa-dekorativni#breadcrumb\"},\"inLanguage\":\"cs\",\"potentialAction\":[{\"@type\":\"ReadAction\",\"target\":[\"https:\/\/www.design-award.cz\/?portfolio=produktovy-design-lampa-dekorativni\"]}]},{\"@type\":\"ImageObject\",\"inLanguage\":\"cs\",\"@id\":\"https:\/\/www.design-award.cz\/?portfolio=produktovy-design-lampa-dekorativni#primaryimage\",\"url\":\"https:\/\/www.design-award.cz\/wp-content\/uploads\/2023\/04\/Sabina-Bindrova-dekorativni-lampa-1-scaled.jpg\",\"contentUrl\":\"https:\/\/www.design-award.cz\/wp-content\/uploads\/2023\/04\/Sabina-Bindrova-dekorativni-lampa-1-scaled.jpg\",\"width\":1920,\"height\":2560},{\"@type\":\"BreadcrumbList\",\"@id\":\"https:\/\/www.design-award.cz\/?portfolio=produktovy-design-lampa-dekorativni#breadcrumb\",\"itemListElement\":[{\"@type\":\"ListItem\",\"position\":1,\"name\":\"Dom\u016f\",\"item\":\"https:\/\/www.design-award.cz\/\"},{\"@type\":\"ListItem\",\"position\":2,\"name\":\"Portfolio Items\",\"item\":\"https:\/\/www.design-award.cz\/?post_type=portfolio\"},{\"@type\":\"ListItem\",\"position\":3,\"name\":\"Produktov\u00fd design &#8211; Lampa dekorativn\u00ed\"}]},{\"@type\":\"WebSite\",\"@id\":\"https:\/\/www.design-award.cz\/#website\",\"url\":\"https:\/\/www.design-award.cz\/\",\"name\":\"design-award.cz\",\"description\":\"WARD vznikla v roce 2022. Je ur\u010dena p\u0159edev\u0161\u00edm student\u016fm st\u0159edn\u00edch um\u011bleck\u00fdch \u0161kol (S\u0160 a VO\u0160), kte\u0159\u00ed mohou bezplatn\u011b zaslat sv\u00e9 n\u00e1vrhy v uveden\u00fdch kategori\u00ed a tak pom\u011b\u0159it sv\u00e9 n\u00e1pady s konkurenc\u00ed sv\u00fdch vrstevn\u00edk\u016f. N\u00e1vrhy jsou n\u00e1sledn\u011b posouzeny nez\u00e1vislou porotou z \u0159ad v\u00fdtvarn\u00edk\u016f, pedagog\u016f a profesion\u00e1l\u016f z oboru.\",\"publisher\":{\"@id\":\"https:\/\/www.design-award.cz\/#organization\"},\"potentialAction\":[{\"@type\":\"SearchAction\",\"target\":{\"@type\":\"EntryPoint\",\"urlTemplate\":\"https:\/\/www.design-award.cz\/?s={search_term_string}\"},\"query-input\":{\"@type\":\"PropertyValueSpecification\",\"valueRequired\":true,\"valueName\":\"search_term_string\"}}],\"inLanguage\":\"cs\"},{\"@type\":\"Organization\",\"@id\":\"https:\/\/www.design-award.cz\/#organization\",\"name\":\"Design Award\",\"url\":\"https:\/\/www.design-award.cz\/\",\"logo\":{\"@type\":\"ImageObject\",\"inLanguage\":\"cs\",\"@id\":\"https:\/\/www.design-award.cz\/#\/schema\/logo\/image\/\",\"url\":\"http:\/\/www.design-award.cz\/wp-content\/uploads\/2021\/12\/hornilogo_design-award.png\",\"contentUrl\":\"http:\/\/www.design-award.cz\/wp-content\/uploads\/2021\/12\/hornilogo_design-award.png\",\"width\":800,\"height\":600,\"caption\":\"Design Award\"},\"image\":{\"@id\":\"https:\/\/www.design-award.cz\/#\/schema\/logo\/image\/\"},\"sameAs\":[\"https:\/\/www.instagram.com\/design_award\/\"]}]}<\/script>\n<!-- \/ Yoast SEO plugin. -->","yoast_head_json":{"title":"Produktov\u00fd design - Lampa dekorativn\u00ed - design-award.cz","robots":{"index":"index","follow":"follow","max-snippet":"max-snippet:-1","max-image-preview":"max-image-preview:large","max-video-preview":"max-video-preview:-1"},"canonical":"https:\/\/www.design-award.cz\/?portfolio=produktovy-design-lampa-dekorativni","og_locale":"cs_CZ","og_type":"article","og_title":"Produktov\u00fd design - Lampa dekorativn\u00ed - design-award.cz","og_description":"Sabina Bindrov\u00e1 St\u0159edn\u00ed odborn\u00e9 u\u010dili\u0161t\u011b tradi\u010dn\u00edch \u0159emesel a Vy\u0161\u0161\u00ed odborn\u00e1 \u0161kola, spol. s r.o. Lampa dekorativn\u00edM\u016fj n\u00e1pad sm\u011b\u0159oval k vytvo\u0159en\u00ed poutav\u00e9 p\u0159\u00edrodn\u00ed lampi\u010dky s vlo\u017een\u00edm neoby\u010dejn\u00e9ho prvku a to miner\u00e1l\u016f, kter\u00e9 budou vytv\u00e1\u0159et d\u00edky sv\u00e9mu prosv\u00edcen\u00ed harmonickou atmosf\u00e9ru a upoutaj\u00ed lidsk\u00fd pohled stejn\u011b jako tepl\u00fd plamen praskaj\u00edc\u00edho krbu.","og_url":"https:\/\/www.design-award.cz\/?portfolio=produktovy-design-lampa-dekorativni","og_site_name":"design-award.cz","article_modified_time":"2023-04-15T19:16:42+00:00","og_image":[{"width":1920,"height":2560,"url":"http:\/\/www.design-award.cz\/wp-content\/uploads\/2023\/04\/Sabina-Bindrova-dekorativni-lampa-1-scaled.jpg","type":"image\/jpeg"}],"twitter_card":"summary_large_image","schema":{"@context":"https:\/\/schema.org","@graph":[{"@type":"WebPage","@id":"https:\/\/www.design-award.cz\/?portfolio=produktovy-design-lampa-dekorativni","url":"https:\/\/www.design-award.cz\/?portfolio=produktovy-design-lampa-dekorativni","name":"Produktov\u00fd design - Lampa dekorativn\u00ed - design-award.cz","isPartOf":{"@id":"https:\/\/www.design-award.cz\/#website"},"primaryImageOfPage":{"@id":"https:\/\/www.design-award.cz\/?portfolio=produktovy-design-lampa-dekorativni#primaryimage"},"image":{"@id":"https:\/\/www.design-award.cz\/?portfolio=produktovy-design-lampa-dekorativni#primaryimage"},"thumbnailUrl":"https:\/\/www.design-award.cz\/wp-content\/uploads\/2023\/04\/Sabina-Bindrova-dekorativni-lampa-1-scaled.jpg","datePublished":"2023-04-15T19:16:32+00:00","dateModified":"2023-04-15T19:16:42+00:00","breadcrumb":{"@id":"https:\/\/www.design-award.cz\/?portfolio=produktovy-design-lampa-dekorativni#breadcrumb"},"inLanguage":"cs","potentialAction":[{"@type":"ReadAction","target":["https:\/\/www.design-award.cz\/?portfolio=produktovy-design-lampa-dekorativni"]}]},{"@type":"ImageObject","inLanguage":"cs","@id":"https:\/\/www.design-award.cz\/?portfolio=produktovy-design-lampa-dekorativni#primaryimage","url":"https:\/\/www.design-award.cz\/wp-content\/uploads\/2023\/04\/Sabina-Bindrova-dekorativni-lampa-1-scaled.jpg","contentUrl":"https:\/\/www.design-award.cz\/wp-content\/uploads\/2023\/04\/Sabina-Bindrova-dekorativni-lampa-1-scaled.jpg","width":1920,"height":2560},{"@type":"BreadcrumbList","@id":"https:\/\/www.design-award.cz\/?portfolio=produktovy-design-lampa-dekorativni#breadcrumb","itemListElement":[{"@type":"ListItem","position":1,"name":"Dom\u016f","item":"https:\/\/www.design-award.cz\/"},{"@type":"ListItem","position":2,"name":"Portfolio Items","item":"https:\/\/www.design-award.cz\/?post_type=portfolio"},{"@type":"ListItem","position":3,"name":"Produktov\u00fd design &#8211; Lampa dekorativn\u00ed"}]},{"@type":"WebSite","@id":"https:\/\/www.design-award.cz\/#website","url":"https:\/\/www.design-award.cz\/","name":"design-award.cz","description":"WARD vznikla v roce 2022. Je ur\u010dena p\u0159edev\u0161\u00edm student\u016fm st\u0159edn\u00edch um\u011bleck\u00fdch \u0161kol (S\u0160 a VO\u0160), kte\u0159\u00ed mohou bezplatn\u011b zaslat sv\u00e9 n\u00e1vrhy v uveden\u00fdch kategori\u00ed a tak pom\u011b\u0159it sv\u00e9 n\u00e1pady s konkurenc\u00ed sv\u00fdch vrstevn\u00edk\u016f. N\u00e1vrhy jsou n\u00e1sledn\u011b posouzeny nez\u00e1vislou porotou z \u0159ad v\u00fdtvarn\u00edk\u016f, pedagog\u016f a profesion\u00e1l\u016f z oboru.","publisher":{"@id":"https:\/\/www.design-award.cz\/#organization"},"potentialAction":[{"@type":"SearchAction","target":{"@type":"EntryPoint","urlTemplate":"https:\/\/www.design-award.cz\/?s={search_term_string}"},"query-input":{"@type":"PropertyValueSpecification","valueRequired":true,"valueName":"search_term_string"}}],"inLanguage":"cs"},{"@type":"Organization","@id":"https:\/\/www.design-award.cz\/#organization","name":"Design Award","url":"https:\/\/www.design-award.cz\/","logo":{"@type":"ImageObject","inLanguage":"cs","@id":"https:\/\/www.design-award.cz\/#\/schema\/logo\/image\/","url":"http:\/\/www.design-award.cz\/wp-content\/uploads\/2021\/12\/hornilogo_design-award.png","contentUrl":"http:\/\/www.design-award.cz\/wp-content\/uploads\/2021\/12\/hornilogo_design-award.png","width":800,"height":600,"caption":"Design Award"},"image":{"@id":"https:\/\/www.design-award.cz\/#\/schema\/logo\/image\/"},"sameAs":["https:\/\/www.instagram.com\/design_award\/"]}]}},"_links":{"self":[{"href":"https:\/\/www.design-award.cz\/index.php?rest_route=\/wp\/v2\/portfolio\/2357","targetHints":{"allow":["GET"]}}],"collection":[{"href":"https:\/\/www.design-award.cz\/index.php?rest_route=\/wp\/v2\/portfolio"}],"about":[{"href":"https:\/\/www.design-award.cz\/index.php?rest_route=\/wp\/v2\/types\/portfolio"}],"author":[{"embeddable":true,"href":"https:\/\/www.design-award.cz\/index.php?rest_route=\/wp\/v2\/users\/5"}],"replies":[{"embeddable":true,"href":"https:\/\/www.design-award.cz\/index.php?rest_route=%2Fwp%2Fv2%2Fcomments&post=2357"}],"version-history":[{"count":1,"href":"https:\/\/www.design-award.cz\/index.php?rest_route=\/wp\/v2\/portfolio\/2357\/revisions"}],"predecessor-version":[{"id":2368,"href":"https:\/\/www.design-award.cz\/index.php?rest_route=\/wp\/v2\/portfolio\/2357\/revisions\/2368"}],"wp:featuredmedia":[{"embeddable":true,"href":"https:\/\/www.design-award.cz\/index.php?rest_route=\/wp\/v2\/media\/2367"}],"wp:attachment":[{"href":"https:\/\/www.design-award.cz\/index.php?rest_route=%2Fwp%2Fv2%2Fmedia&parent=2357"}],"wp:term":[{"taxonomy":"portfolio_category","embeddable":true,"href":"https:\/\/www.design-award.cz\/index.php?rest_route=%2Fwp%2Fv2%2Fportfolio_category&post=2357"},{"taxonomy":"portfolio_tag","embeddable":true,"href":"https:\/\/www.design-award.cz\/index.php?rest_route=%2Fwp%2Fv2%2Fportfolio_tag&post=2357"}],"curies":[{"name":"wp","href":"https:\/\/api.w.org\/{rel}","templated":true}]}}