{"id":2369,"date":"2023-04-15T19:21:20","date_gmt":"2023-04-15T19:21:20","guid":{"rendered":"https:\/\/www.design-award.cz\/?post_type=portfolio&#038;p=2369"},"modified":"2023-04-15T19:22:20","modified_gmt":"2023-04-15T19:22:20","slug":"produktovy-design-juicer","status":"publish","type":"portfolio","link":"https:\/\/www.design-award.cz\/?portfolio=produktovy-design-juicer","title":{"rendered":"Produktov\u00fd design &#8211; Juicer"},"content":{"rendered":"\n<p><strong>Marek Turi\u0161in<\/strong><\/p>\n\n\n\n<p>Vy\u0161\u0161\u00ed odborn\u00e1 \u0161kola, St\u0159edn\u00ed pr\u016fmyslov\u00e1 \u0161kola a St\u0159edn\u00ed odborn\u00e1 \u0161kola, Varnsdorf, p\u0159\u00edsp\u011bvkov\u00e1 organizace<\/p>\n\n\n\n<p>C\u00edlem bylo zkombinovat masivn\u00ed materi\u00e1ly manu\u00e1ln\u00edch citrusova\u010d\u016f a pohodlnost pou\u017eit\u00ed elektrifikovan\u00e9ho citrusova\u010de, to cel\u00e9 jako kr\u00e1sn\u00fd pr\u00e9miov\u00fd dopln\u011bk kuchy\u0148sk\u00e9 linky. Z \u010d\u00e1sti je na n\u00e1vrhu vid\u011bt inspirace citrusova\u010dem Juicy Salif od Philippe Starcka. Z horn\u00ed \u010d\u00e1sti p\u0159ipom\u00edn\u00e1 citrusova\u010d maso\u017eravku. Cel\u00fd produkt stoj\u00ed na pevn\u00fdch ocelov\u00fdch noh\u00e1ch, kter\u00e9 jsou p\u0159ipevn\u011bn\u00e9 k housingu, kde je um\u00edst\u011bn\u00fd brushless motor a p\u0159evodovka. T\u011blo objektu tvo\u0159\u00ed ocelov\u00fd nerezov\u00fd matn\u00fd plech. Horn\u00ed \u010d\u00e1st citrusova\u010de tvo\u0159\u00ed samotn\u00e1 sklen\u011bn\u00e1 od\u0161\u0165av\u0148ovac\u00ed hlava, nerezov\u00fd sb\u011bra\u010d du\u017einy a nerezov\u00e1 n\u00e1doba na d\u017eus, kter\u00e1 je spojena nerezov\u00fdm \u201ebr\u010dkem\u201c s otvorem na spodku citrusova\u010de, kudy vych\u00e1z\u00ed d\u017eus do skleni\u010dky. Vzhledem k pou\u017eit\u00fdm materi\u00e1l\u016fm je citrusova\u010d hygieni\u010dt\u011bj\u0161\u00ed a d\u00e1 se snadno \u010distit. D\u017eus nep\u0159ijde do kontaktu s plastem.<br>Se zpracov\u00e1n\u00edm plast\u016f m\u00e1m 8 let zku\u0161enost\u00ed jako konstrukt\u00e9r elektro-n\u00e1\u0159ad\u00ed a bohu\u017eel dnes neexistuje zdrav\u00fd plast, kter\u00fd by ze sebe neuvol\u0148oval \u017e\u00e1dn\u00e9 mikro\u010d\u00e1stice, to byla m\u00e1 hlavn\u00ed motivace tento produkt vytvo\u0159it.<\/p>\n\n\n\n<p><\/p>\n\n\n\n<p><\/p>\n\n\n\n<figure class=\"wp-block-image size-large\"><img decoding=\"async\" width=\"747\" height=\"1024\" data-src=\"http:\/\/www.design-award.cz\/wp-content\/uploads\/2023\/04\/VIS1-747x1024.jpg\" alt=\"\" class=\"wp-image-2370 lazyload\" data-srcset=\"https:\/\/www.design-award.cz\/wp-content\/uploads\/2023\/04\/VIS1-747x1024.jpg 747w, https:\/\/www.design-award.cz\/wp-content\/uploads\/2023\/04\/VIS1-219x300.jpg 219w, https:\/\/www.design-award.cz\/wp-content\/uploads\/2023\/04\/VIS1-768x1053.jpg 768w, https:\/\/www.design-award.cz\/wp-content\/uploads\/2023\/04\/VIS1-1120x1536.jpg 1120w, https:\/\/www.design-award.cz\/wp-content\/uploads\/2023\/04\/VIS1-1493x2048.jpg 1493w, https:\/\/www.design-award.cz\/wp-content\/uploads\/2023\/04\/VIS1-500x686.jpg 500w, https:\/\/www.design-award.cz\/wp-content\/uploads\/2023\/04\/VIS1-800x1097.jpg 800w, https:\/\/www.design-award.cz\/wp-content\/uploads\/2023\/04\/VIS1-1280x1755.jpg 1280w, https:\/\/www.design-award.cz\/wp-content\/uploads\/2023\/04\/VIS1-1920x2633.jpg 1920w, https:\/\/www.design-award.cz\/wp-content\/uploads\/2023\/04\/VIS1-scaled.jpg 1867w\" data-sizes=\"(max-width: 747px) 100vw, 747px\" src=\"data:image\/svg+xml;base64,PHN2ZyB3aWR0aD0iMSIgaGVpZ2h0PSIxIiB4bWxucz0iaHR0cDovL3d3dy53My5vcmcvMjAwMC9zdmciPjwvc3ZnPg==\" style=\"--smush-placeholder-width: 747px; --smush-placeholder-aspect-ratio: 747\/1024;\" \/><\/figure>\n\n\n\n<figure class=\"wp-block-image size-large\"><img decoding=\"async\" width=\"747\" height=\"1024\" data-src=\"http:\/\/www.design-award.cz\/wp-content\/uploads\/2023\/04\/VIS2-747x1024.jpg\" alt=\"\" class=\"wp-image-2371 lazyload\" data-srcset=\"https:\/\/www.design-award.cz\/wp-content\/uploads\/2023\/04\/VIS2-747x1024.jpg 747w, https:\/\/www.design-award.cz\/wp-content\/uploads\/2023\/04\/VIS2-219x300.jpg 219w, https:\/\/www.design-award.cz\/wp-content\/uploads\/2023\/04\/VIS2-768x1053.jpg 768w, https:\/\/www.design-award.cz\/wp-content\/uploads\/2023\/04\/VIS2-1120x1536.jpg 1120w, https:\/\/www.design-award.cz\/wp-content\/uploads\/2023\/04\/VIS2-1493x2048.jpg 1493w, https:\/\/www.design-award.cz\/wp-content\/uploads\/2023\/04\/VIS2-500x686.jpg 500w, https:\/\/www.design-award.cz\/wp-content\/uploads\/2023\/04\/VIS2-800x1097.jpg 800w, https:\/\/www.design-award.cz\/wp-content\/uploads\/2023\/04\/VIS2-1280x1755.jpg 1280w, https:\/\/www.design-award.cz\/wp-content\/uploads\/2023\/04\/VIS2-1920x2633.jpg 1920w, https:\/\/www.design-award.cz\/wp-content\/uploads\/2023\/04\/VIS2-scaled.jpg 1867w\" data-sizes=\"(max-width: 747px) 100vw, 747px\" src=\"data:image\/svg+xml;base64,PHN2ZyB3aWR0aD0iMSIgaGVpZ2h0PSIxIiB4bWxucz0iaHR0cDovL3d3dy53My5vcmcvMjAwMC9zdmciPjwvc3ZnPg==\" style=\"--smush-placeholder-width: 747px; --smush-placeholder-aspect-ratio: 747\/1024;\" \/><\/figure>\n\n\n\n<figure class=\"wp-block-image size-large\"><img decoding=\"async\" width=\"1024\" height=\"561\" data-src=\"http:\/\/www.design-award.cz\/wp-content\/uploads\/2023\/04\/JUICER-SIMPLE-2D-1024x561.png\" alt=\"\" class=\"wp-image-2373 lazyload\" data-srcset=\"https:\/\/www.design-award.cz\/wp-content\/uploads\/2023\/04\/JUICER-SIMPLE-2D-1024x561.png 1024w, https:\/\/www.design-award.cz\/wp-content\/uploads\/2023\/04\/JUICER-SIMPLE-2D-300x164.png 300w, https:\/\/www.design-award.cz\/wp-content\/uploads\/2023\/04\/JUICER-SIMPLE-2D-768x420.png 768w, https:\/\/www.design-award.cz\/wp-content\/uploads\/2023\/04\/JUICER-SIMPLE-2D-1536x841.png 1536w, https:\/\/www.design-award.cz\/wp-content\/uploads\/2023\/04\/JUICER-SIMPLE-2D-2048x1121.png 2048w, https:\/\/www.design-award.cz\/wp-content\/uploads\/2023\/04\/JUICER-SIMPLE-2D-500x274.png 500w, https:\/\/www.design-award.cz\/wp-content\/uploads\/2023\/04\/JUICER-SIMPLE-2D-800x438.png 800w, https:\/\/www.design-award.cz\/wp-content\/uploads\/2023\/04\/JUICER-SIMPLE-2D-1280x701.png 1280w, https:\/\/www.design-award.cz\/wp-content\/uploads\/2023\/04\/JUICER-SIMPLE-2D-1920x1051.png 1920w\" data-sizes=\"(max-width: 1024px) 100vw, 1024px\" src=\"data:image\/svg+xml;base64,PHN2ZyB3aWR0aD0iMSIgaGVpZ2h0PSIxIiB4bWxucz0iaHR0cDovL3d3dy53My5vcmcvMjAwMC9zdmciPjwvc3ZnPg==\" style=\"--smush-placeholder-width: 1024px; --smush-placeholder-aspect-ratio: 1024\/561;\" \/><\/figure>\n","protected":false},"excerpt":{"rendered":"<p>Marek Turi\u0161in Vy\u0161\u0161\u00ed odborn\u00e1 \u0161kola, St\u0159edn\u00ed pr\u016fmyslov\u00e1 \u0161kola a St\u0159edn\u00ed odborn\u00e1 \u0161kola, Varnsdorf, p\u0159\u00edsp\u011bvkov\u00e1 organizace C\u00edlem bylo zkombinovat masivn\u00ed materi\u00e1ly manu\u00e1ln\u00edch citrusova\u010d\u016f a pohodlnost pou\u017eit\u00ed elektrifikovan\u00e9ho citrusova\u010de, to cel\u00e9 jako kr\u00e1sn\u00fd pr\u00e9miov\u00fd dopln\u011bk kuchy\u0148sk\u00e9 linky. Z \u010d\u00e1sti je na n\u00e1vrhu vid\u011bt inspirace citrusova\u010dem Juicy Salif od Philippe Starcka. Z horn\u00ed \u010d\u00e1sti p\u0159ipom\u00edn\u00e1 citrusova\u010d maso\u017eravku. Cel\u00fd [&hellip;]<\/p>\n","protected":false},"author":5,"featured_media":2372,"menu_order":0,"comment_status":"open","ping_status":"closed","template":"","format":"standard","meta":{"ngg_post_thumbnail":0,"ocean_post_layout":"","ocean_both_sidebars_style":"","ocean_both_sidebars_content_width":0,"ocean_both_sidebars_sidebars_width":0,"ocean_sidebar":"","ocean_second_sidebar":"","ocean_disable_margins":"enable","ocean_add_body_class":"","ocean_shortcode_before_top_bar":"","ocean_shortcode_after_top_bar":"","ocean_shortcode_before_header":"","ocean_shortcode_after_header":"","ocean_has_shortcode":"","ocean_shortcode_after_title":"","ocean_shortcode_before_footer_widgets":"","ocean_shortcode_after_footer_widgets":"","ocean_shortcode_before_footer_bottom":"","ocean_shortcode_after_footer_bottom":"","ocean_display_top_bar":"default","ocean_display_header":"default","ocean_header_style":"","ocean_center_header_left_menu":"","ocean_custom_header_template":"","ocean_custom_logo":0,"ocean_custom_retina_logo":0,"ocean_custom_logo_max_width":0,"ocean_custom_logo_tablet_max_width":0,"ocean_custom_logo_mobile_max_width":0,"ocean_custom_logo_max_height":0,"ocean_custom_logo_tablet_max_height":0,"ocean_custom_logo_mobile_max_height":0,"ocean_header_custom_menu":"","ocean_menu_typo_font_family":"","ocean_menu_typo_font_subset":"","ocean_menu_typo_font_size":0,"ocean_menu_typo_font_size_tablet":0,"ocean_menu_typo_font_size_mobile":0,"ocean_menu_typo_font_size_unit":"px","ocean_menu_typo_font_weight":"","ocean_menu_typo_font_weight_tablet":"","ocean_menu_typo_font_weight_mobile":"","ocean_menu_typo_transform":"","ocean_menu_typo_transform_tablet":"","ocean_menu_typo_transform_mobile":"","ocean_menu_typo_line_height":0,"ocean_menu_typo_line_height_tablet":0,"ocean_menu_typo_line_height_mobile":0,"ocean_menu_typo_line_height_unit":"","ocean_menu_typo_spacing":0,"ocean_menu_typo_spacing_tablet":0,"ocean_menu_typo_spacing_mobile":0,"ocean_menu_typo_spacing_unit":"","ocean_menu_link_color":"","ocean_menu_link_color_hover":"","ocean_menu_link_color_active":"","ocean_menu_link_background":"","ocean_menu_link_hover_background":"","ocean_menu_link_active_background":"","ocean_menu_social_links_bg":"","ocean_menu_social_hover_links_bg":"","ocean_menu_social_links_color":"","ocean_menu_social_hover_links_color":"","ocean_disable_title":"default","ocean_disable_heading":"default","ocean_post_title":"","ocean_post_subheading":"","ocean_post_title_style":"","ocean_post_title_background_color":"","ocean_post_title_background":0,"ocean_post_title_bg_image_position":"","ocean_post_title_bg_image_attachment":"","ocean_post_title_bg_image_repeat":"","ocean_post_title_bg_image_size":"","ocean_post_title_height":0,"ocean_post_title_bg_overlay":0.5,"ocean_post_title_bg_overlay_color":"","ocean_disable_breadcrumbs":"default","ocean_breadcrumbs_color":"","ocean_breadcrumbs_separator_color":"","ocean_breadcrumbs_links_color":"","ocean_breadcrumbs_links_hover_color":"","ocean_display_footer_widgets":"default","ocean_display_footer_bottom":"default","ocean_custom_footer_template":"","_vp_format_video_url":"","_vp_image_focal_point":[],"footnotes":""},"portfolio_category":[10],"portfolio_tag":[],"class_list":["post-2369","portfolio","type-portfolio","status-publish","format-standard","has-post-thumbnail","hentry","portfolio_category-soutezici-2023","entry","has-media"],"yoast_head":"<!-- This site is optimized with the Yoast SEO plugin v25.2 - https:\/\/yoast.com\/wordpress\/plugins\/seo\/ -->\n<title>Produktov\u00fd design - Juicer - design-award.cz<\/title>\n<meta name=\"robots\" content=\"index, follow, max-snippet:-1, max-image-preview:large, max-video-preview:-1\" \/>\n<link rel=\"canonical\" href=\"https:\/\/www.design-award.cz\/?portfolio=produktovy-design-juicer\" \/>\n<meta property=\"og:locale\" content=\"cs_CZ\" \/>\n<meta property=\"og:type\" content=\"article\" \/>\n<meta property=\"og:title\" content=\"Produktov\u00fd design - Juicer - design-award.cz\" \/>\n<meta property=\"og:description\" content=\"Marek Turi\u0161in Vy\u0161\u0161\u00ed odborn\u00e1 \u0161kola, St\u0159edn\u00ed pr\u016fmyslov\u00e1 \u0161kola a St\u0159edn\u00ed odborn\u00e1 \u0161kola, Varnsdorf, p\u0159\u00edsp\u011bvkov\u00e1 organizace C\u00edlem bylo zkombinovat masivn\u00ed materi\u00e1ly manu\u00e1ln\u00edch citrusova\u010d\u016f a pohodlnost pou\u017eit\u00ed elektrifikovan\u00e9ho citrusova\u010de, to cel\u00e9 jako kr\u00e1sn\u00fd pr\u00e9miov\u00fd dopln\u011bk kuchy\u0148sk\u00e9 linky. Z \u010d\u00e1sti je na n\u00e1vrhu vid\u011bt inspirace citrusova\u010dem Juicy Salif od Philippe Starcka. Z horn\u00ed \u010d\u00e1sti p\u0159ipom\u00edn\u00e1 citrusova\u010d maso\u017eravku. Cel\u00fd [&hellip;]\" \/>\n<meta property=\"og:url\" content=\"https:\/\/www.design-award.cz\/?portfolio=produktovy-design-juicer\" \/>\n<meta property=\"og:site_name\" content=\"design-award.cz\" \/>\n<meta property=\"article:modified_time\" content=\"2023-04-15T19:22:20+00:00\" \/>\n<meta property=\"og:image\" content=\"http:\/\/www.design-award.cz\/wp-content\/uploads\/2023\/04\/JUICER-PLAKAT-COMPRESSED-723x1024.png\" \/>\n\t<meta property=\"og:image:width\" content=\"723\" \/>\n\t<meta property=\"og:image:height\" content=\"1024\" \/>\n\t<meta property=\"og:image:type\" content=\"image\/png\" \/>\n<meta name=\"twitter:card\" content=\"summary_large_image\" \/>\n<meta name=\"twitter:label1\" content=\"Odhadovan\u00e1 doba \u010dten\u00ed\" \/>\n\t<meta name=\"twitter:data1\" content=\"1 minuta\" \/>\n<script type=\"application\/ld+json\" class=\"yoast-schema-graph\">{\"@context\":\"https:\/\/schema.org\",\"@graph\":[{\"@type\":\"WebPage\",\"@id\":\"https:\/\/www.design-award.cz\/?portfolio=produktovy-design-juicer\",\"url\":\"https:\/\/www.design-award.cz\/?portfolio=produktovy-design-juicer\",\"name\":\"Produktov\u00fd design - Juicer - design-award.cz\",\"isPartOf\":{\"@id\":\"https:\/\/www.design-award.cz\/#website\"},\"primaryImageOfPage\":{\"@id\":\"https:\/\/www.design-award.cz\/?portfolio=produktovy-design-juicer#primaryimage\"},\"image\":{\"@id\":\"https:\/\/www.design-award.cz\/?portfolio=produktovy-design-juicer#primaryimage\"},\"thumbnailUrl\":\"https:\/\/www.design-award.cz\/wp-content\/uploads\/2023\/04\/JUICER-PLAKAT-COMPRESSED.png\",\"datePublished\":\"2023-04-15T19:21:20+00:00\",\"dateModified\":\"2023-04-15T19:22:20+00:00\",\"breadcrumb\":{\"@id\":\"https:\/\/www.design-award.cz\/?portfolio=produktovy-design-juicer#breadcrumb\"},\"inLanguage\":\"cs\",\"potentialAction\":[{\"@type\":\"ReadAction\",\"target\":[\"https:\/\/www.design-award.cz\/?portfolio=produktovy-design-juicer\"]}]},{\"@type\":\"ImageObject\",\"inLanguage\":\"cs\",\"@id\":\"https:\/\/www.design-award.cz\/?portfolio=produktovy-design-juicer#primaryimage\",\"url\":\"https:\/\/www.design-award.cz\/wp-content\/uploads\/2023\/04\/JUICER-PLAKAT-COMPRESSED.png\",\"contentUrl\":\"https:\/\/www.design-award.cz\/wp-content\/uploads\/2023\/04\/JUICER-PLAKAT-COMPRESSED.png\",\"width\":1411,\"height\":1999},{\"@type\":\"BreadcrumbList\",\"@id\":\"https:\/\/www.design-award.cz\/?portfolio=produktovy-design-juicer#breadcrumb\",\"itemListElement\":[{\"@type\":\"ListItem\",\"position\":1,\"name\":\"Dom\u016f\",\"item\":\"https:\/\/www.design-award.cz\/\"},{\"@type\":\"ListItem\",\"position\":2,\"name\":\"Portfolio Items\",\"item\":\"https:\/\/www.design-award.cz\/?post_type=portfolio\"},{\"@type\":\"ListItem\",\"position\":3,\"name\":\"Produktov\u00fd design &#8211; Juicer\"}]},{\"@type\":\"WebSite\",\"@id\":\"https:\/\/www.design-award.cz\/#website\",\"url\":\"https:\/\/www.design-award.cz\/\",\"name\":\"design-award.cz\",\"description\":\"WARD vznikla v roce 2022. Je ur\u010dena p\u0159edev\u0161\u00edm student\u016fm st\u0159edn\u00edch um\u011bleck\u00fdch \u0161kol (S\u0160 a VO\u0160), kte\u0159\u00ed mohou bezplatn\u011b zaslat sv\u00e9 n\u00e1vrhy v uveden\u00fdch kategori\u00ed a tak pom\u011b\u0159it sv\u00e9 n\u00e1pady s konkurenc\u00ed sv\u00fdch vrstevn\u00edk\u016f. N\u00e1vrhy jsou n\u00e1sledn\u011b posouzeny nez\u00e1vislou porotou z \u0159ad v\u00fdtvarn\u00edk\u016f, pedagog\u016f a profesion\u00e1l\u016f z oboru.\",\"publisher\":{\"@id\":\"https:\/\/www.design-award.cz\/#organization\"},\"potentialAction\":[{\"@type\":\"SearchAction\",\"target\":{\"@type\":\"EntryPoint\",\"urlTemplate\":\"https:\/\/www.design-award.cz\/?s={search_term_string}\"},\"query-input\":{\"@type\":\"PropertyValueSpecification\",\"valueRequired\":true,\"valueName\":\"search_term_string\"}}],\"inLanguage\":\"cs\"},{\"@type\":\"Organization\",\"@id\":\"https:\/\/www.design-award.cz\/#organization\",\"name\":\"Design Award\",\"url\":\"https:\/\/www.design-award.cz\/\",\"logo\":{\"@type\":\"ImageObject\",\"inLanguage\":\"cs\",\"@id\":\"https:\/\/www.design-award.cz\/#\/schema\/logo\/image\/\",\"url\":\"http:\/\/www.design-award.cz\/wp-content\/uploads\/2021\/12\/hornilogo_design-award.png\",\"contentUrl\":\"http:\/\/www.design-award.cz\/wp-content\/uploads\/2021\/12\/hornilogo_design-award.png\",\"width\":800,\"height\":600,\"caption\":\"Design Award\"},\"image\":{\"@id\":\"https:\/\/www.design-award.cz\/#\/schema\/logo\/image\/\"},\"sameAs\":[\"https:\/\/www.instagram.com\/design_award\/\"]}]}<\/script>\n<!-- \/ Yoast SEO plugin. -->","yoast_head_json":{"title":"Produktov\u00fd design - Juicer - design-award.cz","robots":{"index":"index","follow":"follow","max-snippet":"max-snippet:-1","max-image-preview":"max-image-preview:large","max-video-preview":"max-video-preview:-1"},"canonical":"https:\/\/www.design-award.cz\/?portfolio=produktovy-design-juicer","og_locale":"cs_CZ","og_type":"article","og_title":"Produktov\u00fd design - Juicer - design-award.cz","og_description":"Marek Turi\u0161in Vy\u0161\u0161\u00ed odborn\u00e1 \u0161kola, St\u0159edn\u00ed pr\u016fmyslov\u00e1 \u0161kola a St\u0159edn\u00ed odborn\u00e1 \u0161kola, Varnsdorf, p\u0159\u00edsp\u011bvkov\u00e1 organizace C\u00edlem bylo zkombinovat masivn\u00ed materi\u00e1ly manu\u00e1ln\u00edch citrusova\u010d\u016f a pohodlnost pou\u017eit\u00ed elektrifikovan\u00e9ho citrusova\u010de, to cel\u00e9 jako kr\u00e1sn\u00fd pr\u00e9miov\u00fd dopln\u011bk kuchy\u0148sk\u00e9 linky. Z \u010d\u00e1sti je na n\u00e1vrhu vid\u011bt inspirace citrusova\u010dem Juicy Salif od Philippe Starcka. Z horn\u00ed \u010d\u00e1sti p\u0159ipom\u00edn\u00e1 citrusova\u010d maso\u017eravku. Cel\u00fd [&hellip;]","og_url":"https:\/\/www.design-award.cz\/?portfolio=produktovy-design-juicer","og_site_name":"design-award.cz","article_modified_time":"2023-04-15T19:22:20+00:00","og_image":[{"width":723,"height":1024,"url":"http:\/\/www.design-award.cz\/wp-content\/uploads\/2023\/04\/JUICER-PLAKAT-COMPRESSED-723x1024.png","type":"image\/png"}],"twitter_card":"summary_large_image","twitter_misc":{"Odhadovan\u00e1 doba \u010dten\u00ed":"1 minuta"},"schema":{"@context":"https:\/\/schema.org","@graph":[{"@type":"WebPage","@id":"https:\/\/www.design-award.cz\/?portfolio=produktovy-design-juicer","url":"https:\/\/www.design-award.cz\/?portfolio=produktovy-design-juicer","name":"Produktov\u00fd design - Juicer - design-award.cz","isPartOf":{"@id":"https:\/\/www.design-award.cz\/#website"},"primaryImageOfPage":{"@id":"https:\/\/www.design-award.cz\/?portfolio=produktovy-design-juicer#primaryimage"},"image":{"@id":"https:\/\/www.design-award.cz\/?portfolio=produktovy-design-juicer#primaryimage"},"thumbnailUrl":"https:\/\/www.design-award.cz\/wp-content\/uploads\/2023\/04\/JUICER-PLAKAT-COMPRESSED.png","datePublished":"2023-04-15T19:21:20+00:00","dateModified":"2023-04-15T19:22:20+00:00","breadcrumb":{"@id":"https:\/\/www.design-award.cz\/?portfolio=produktovy-design-juicer#breadcrumb"},"inLanguage":"cs","potentialAction":[{"@type":"ReadAction","target":["https:\/\/www.design-award.cz\/?portfolio=produktovy-design-juicer"]}]},{"@type":"ImageObject","inLanguage":"cs","@id":"https:\/\/www.design-award.cz\/?portfolio=produktovy-design-juicer#primaryimage","url":"https:\/\/www.design-award.cz\/wp-content\/uploads\/2023\/04\/JUICER-PLAKAT-COMPRESSED.png","contentUrl":"https:\/\/www.design-award.cz\/wp-content\/uploads\/2023\/04\/JUICER-PLAKAT-COMPRESSED.png","width":1411,"height":1999},{"@type":"BreadcrumbList","@id":"https:\/\/www.design-award.cz\/?portfolio=produktovy-design-juicer#breadcrumb","itemListElement":[{"@type":"ListItem","position":1,"name":"Dom\u016f","item":"https:\/\/www.design-award.cz\/"},{"@type":"ListItem","position":2,"name":"Portfolio Items","item":"https:\/\/www.design-award.cz\/?post_type=portfolio"},{"@type":"ListItem","position":3,"name":"Produktov\u00fd design &#8211; Juicer"}]},{"@type":"WebSite","@id":"https:\/\/www.design-award.cz\/#website","url":"https:\/\/www.design-award.cz\/","name":"design-award.cz","description":"WARD vznikla v roce 2022. Je ur\u010dena p\u0159edev\u0161\u00edm student\u016fm st\u0159edn\u00edch um\u011bleck\u00fdch \u0161kol (S\u0160 a VO\u0160), kte\u0159\u00ed mohou bezplatn\u011b zaslat sv\u00e9 n\u00e1vrhy v uveden\u00fdch kategori\u00ed a tak pom\u011b\u0159it sv\u00e9 n\u00e1pady s konkurenc\u00ed sv\u00fdch vrstevn\u00edk\u016f. N\u00e1vrhy jsou n\u00e1sledn\u011b posouzeny nez\u00e1vislou porotou z \u0159ad v\u00fdtvarn\u00edk\u016f, pedagog\u016f a profesion\u00e1l\u016f z oboru.","publisher":{"@id":"https:\/\/www.design-award.cz\/#organization"},"potentialAction":[{"@type":"SearchAction","target":{"@type":"EntryPoint","urlTemplate":"https:\/\/www.design-award.cz\/?s={search_term_string}"},"query-input":{"@type":"PropertyValueSpecification","valueRequired":true,"valueName":"search_term_string"}}],"inLanguage":"cs"},{"@type":"Organization","@id":"https:\/\/www.design-award.cz\/#organization","name":"Design Award","url":"https:\/\/www.design-award.cz\/","logo":{"@type":"ImageObject","inLanguage":"cs","@id":"https:\/\/www.design-award.cz\/#\/schema\/logo\/image\/","url":"http:\/\/www.design-award.cz\/wp-content\/uploads\/2021\/12\/hornilogo_design-award.png","contentUrl":"http:\/\/www.design-award.cz\/wp-content\/uploads\/2021\/12\/hornilogo_design-award.png","width":800,"height":600,"caption":"Design Award"},"image":{"@id":"https:\/\/www.design-award.cz\/#\/schema\/logo\/image\/"},"sameAs":["https:\/\/www.instagram.com\/design_award\/"]}]}},"_links":{"self":[{"href":"https:\/\/www.design-award.cz\/index.php?rest_route=\/wp\/v2\/portfolio\/2369","targetHints":{"allow":["GET"]}}],"collection":[{"href":"https:\/\/www.design-award.cz\/index.php?rest_route=\/wp\/v2\/portfolio"}],"about":[{"href":"https:\/\/www.design-award.cz\/index.php?rest_route=\/wp\/v2\/types\/portfolio"}],"author":[{"embeddable":true,"href":"https:\/\/www.design-award.cz\/index.php?rest_route=\/wp\/v2\/users\/5"}],"replies":[{"embeddable":true,"href":"https:\/\/www.design-award.cz\/index.php?rest_route=%2Fwp%2Fv2%2Fcomments&post=2369"}],"version-history":[{"count":1,"href":"https:\/\/www.design-award.cz\/index.php?rest_route=\/wp\/v2\/portfolio\/2369\/revisions"}],"predecessor-version":[{"id":2374,"href":"https:\/\/www.design-award.cz\/index.php?rest_route=\/wp\/v2\/portfolio\/2369\/revisions\/2374"}],"wp:featuredmedia":[{"embeddable":true,"href":"https:\/\/www.design-award.cz\/index.php?rest_route=\/wp\/v2\/media\/2372"}],"wp:attachment":[{"href":"https:\/\/www.design-award.cz\/index.php?rest_route=%2Fwp%2Fv2%2Fmedia&parent=2369"}],"wp:term":[{"taxonomy":"portfolio_category","embeddable":true,"href":"https:\/\/www.design-award.cz\/index.php?rest_route=%2Fwp%2Fv2%2Fportfolio_category&post=2369"},{"taxonomy":"portfolio_tag","embeddable":true,"href":"https:\/\/www.design-award.cz\/index.php?rest_route=%2Fwp%2Fv2%2Fportfolio_tag&post=2369"}],"curies":[{"name":"wp","href":"https:\/\/api.w.org\/{rel}","templated":true}]}}