{"id":2411,"date":"2023-04-15T20:20:32","date_gmt":"2023-04-15T20:20:32","guid":{"rendered":"https:\/\/www.design-award.cz\/?post_type=portfolio&#038;p=2411"},"modified":"2023-04-15T20:20:33","modified_gmt":"2023-04-15T20:20:33","slug":"soukromy-interier-brno-mestska-cast-cerna-pole","status":"publish","type":"portfolio","link":"https:\/\/www.design-award.cz\/?portfolio=soukromy-interier-brno-mestska-cast-cerna-pole","title":{"rendered":"Soukrom\u00fd interi\u00e9r &#8211; Brno, m\u011bstsk\u00e1 \u010d\u00e1st \u010cern\u00e1 Pole"},"content":{"rendered":"\n<p>Veronika Halouzkov\u00e1<\/p>\n\n\n\n<p>St\u0159edn\u00ed odborn\u00e9 u\u010dili\u0161t\u011b tradi\u010dn\u00edch \u0159emesel a Vy\u0161\u0161\u00ed odborn\u00e1 \u0161kola, spol. s r.o.<\/p>\n\n\n\n<p>Zad\u00e1n\u00edm p\u0159edmaturitn\u00ed pr\u00e1ce bylo, navrhnou byt, kter\u00fd se nach\u00e1z\u00ed v Brn\u011b v m\u011bstsk\u00e9 \u010d\u00e1sti \u010cern\u00e1 Pole.<br>Zaoblen\u00e9 st\u011bny, zm\u011bk\u010duj\u00ed prostor, orientuj\u00ed a jsou vlastn\u00ed retro stylu vesm\u00edrn\u00e9ho v\u011bku s nezvykl\u00fdmi zaoblen\u00fdmi tvary a leskl\u00fdm materi\u00e1lem jako je plast, PVC, sklo a kov. Interi\u00e9ru dod\u00e1v\u00e1 barevnost \u010derven\u00e1, pou\u017eit\u00e1 v solit\u00e9rech. Lit\u00e1 epoxidov\u00e1 podlaha, proud\u00ed po interi\u00e9ru. Leskl\u00e9 povrchy v interi\u00e9ru vytv\u00e1\u0159\u00ed vzdu\u0161n\u00fd a\u017e \u201enekone\u010dn\u00fd\u201c prostor, kter\u00fd mal\u00fd byt opticky zv\u011bt\u0161uj\u00ed. \u010clov\u011bk neust\u00e1le vid\u00ed sv\u016fj odraz a\u0165 je v jak\u00e9koliv m\u00edstnosti a m\u00e1 pocit, \u017ee je sou\u010d\u00e1st\u00ed interi\u00e9ru.<br>Interi\u00e9r m\u016f\u017ee p\u016fsobit jako chladn\u00e9, pr\u00e1zdn\u00e9 a tich\u00e9 m\u00edsto, vyvol\u00e1vaj\u00edc\u00ed sm\u00ed\u0161en\u00e9 pocity.&nbsp; Prostor m\u00e1 na \u010dlov\u011bka p\u016fsobit jako m\u00edsto, kter\u00e9 zrcadl\u00ed \u017eivot p\u0159\u00edtomn\u00e9 osoby. \u010clov\u011bk se m\u016f\u017ee c\u00edtit voln\u011b a svobodn\u011b, d\u00edky zrcadl\u016fm a leskl\u00fdm povrch\u016fm, ve kter\u00fdch se figura odr\u00e1\u017e\u00ed. Naopak se zde m\u016f\u017ee c\u00edtit uv\u011bzn\u011bn. Okna ve tvaru o\u010d\u00edch maj\u00ed sledovat a dr\u017eet nad \u010dlov\u011bka kontrolu. Symbolizuj\u00ed moc nad \u010dlov\u011bkem a manipulaci, kterou si \u010dlov\u011bk ani neuv\u011bdomuje a a\u017e po \u010dase zjist\u00ed, \u017ee je zav\u0159en\u00fd v bublin\u011b, ze kter\u00e9 nem\u016f\u017ee uniknout. O\u010di maj\u00ed z\u00e1rove\u0148 symbolizovat s\u00edlu, v\u00edru a nad\u011bji. \u010cerven\u00e1 barva symbolizuje hn\u011bv, bolest a krev, kter\u00e1 proud\u00ed po interi\u00e9ru a st\u00e1v\u00e1 se tak dominantn\u00edm prvkem. B\u00edl\u00e9 st\u011bny symbolizuj\u00ed samotu a odlou\u010den\u00ed\u2026<\/p>\n\n\n\n<figure class=\"wp-block-image size-full\"><img decoding=\"async\" width=\"2560\" height=\"1440\" data-src=\"https:\/\/www.design-award.cz\/wp-content\/uploads\/2023\/04\/Veronika-Halouzkova-zadveri-jidelna-scaled.jpg\" alt=\"\" class=\"wp-image-2413 lazyload\" data-srcset=\"https:\/\/www.design-award.cz\/wp-content\/uploads\/2023\/04\/Veronika-Halouzkova-zadveri-jidelna-scaled.jpg 2560w, https:\/\/www.design-award.cz\/wp-content\/uploads\/2023\/04\/Veronika-Halouzkova-zadveri-jidelna-300x169.jpg 300w, https:\/\/www.design-award.cz\/wp-content\/uploads\/2023\/04\/Veronika-Halouzkova-zadveri-jidelna-1024x576.jpg 1024w, https:\/\/www.design-award.cz\/wp-content\/uploads\/2023\/04\/Veronika-Halouzkova-zadveri-jidelna-768x432.jpg 768w, https:\/\/www.design-award.cz\/wp-content\/uploads\/2023\/04\/Veronika-Halouzkova-zadveri-jidelna-1536x864.jpg 1536w, https:\/\/www.design-award.cz\/wp-content\/uploads\/2023\/04\/Veronika-Halouzkova-zadveri-jidelna-2048x1152.jpg 2048w, https:\/\/www.design-award.cz\/wp-content\/uploads\/2023\/04\/Veronika-Halouzkova-zadveri-jidelna-500x281.jpg 500w, https:\/\/www.design-award.cz\/wp-content\/uploads\/2023\/04\/Veronika-Halouzkova-zadveri-jidelna-800x450.jpg 800w, https:\/\/www.design-award.cz\/wp-content\/uploads\/2023\/04\/Veronika-Halouzkova-zadveri-jidelna-1280x720.jpg 1280w, https:\/\/www.design-award.cz\/wp-content\/uploads\/2023\/04\/Veronika-Halouzkova-zadveri-jidelna-1920x1080.jpg 1920w\" data-sizes=\"(max-width: 2560px) 100vw, 2560px\" src=\"data:image\/svg+xml;base64,PHN2ZyB3aWR0aD0iMSIgaGVpZ2h0PSIxIiB4bWxucz0iaHR0cDovL3d3dy53My5vcmcvMjAwMC9zdmciPjwvc3ZnPg==\" style=\"--smush-placeholder-width: 2560px; --smush-placeholder-aspect-ratio: 2560\/1440;\" \/><\/figure>\n\n\n\n<figure class=\"wp-block-image size-large\"><img decoding=\"async\" width=\"1024\" height=\"576\" data-src=\"http:\/\/www.design-award.cz\/wp-content\/uploads\/2023\/04\/Veronika-Halouzkova-koupelna-1024x576.jpg\" alt=\"\" class=\"wp-image-2414 lazyload\" data-srcset=\"https:\/\/www.design-award.cz\/wp-content\/uploads\/2023\/04\/Veronika-Halouzkova-koupelna-1024x576.jpg 1024w, https:\/\/www.design-award.cz\/wp-content\/uploads\/2023\/04\/Veronika-Halouzkova-koupelna-300x169.jpg 300w, https:\/\/www.design-award.cz\/wp-content\/uploads\/2023\/04\/Veronika-Halouzkova-koupelna-768x432.jpg 768w, https:\/\/www.design-award.cz\/wp-content\/uploads\/2023\/04\/Veronika-Halouzkova-koupelna-1536x864.jpg 1536w, https:\/\/www.design-award.cz\/wp-content\/uploads\/2023\/04\/Veronika-Halouzkova-koupelna-2048x1152.jpg 2048w, https:\/\/www.design-award.cz\/wp-content\/uploads\/2023\/04\/Veronika-Halouzkova-koupelna-500x281.jpg 500w, https:\/\/www.design-award.cz\/wp-content\/uploads\/2023\/04\/Veronika-Halouzkova-koupelna-800x450.jpg 800w, https:\/\/www.design-award.cz\/wp-content\/uploads\/2023\/04\/Veronika-Halouzkova-koupelna-1280x720.jpg 1280w, https:\/\/www.design-award.cz\/wp-content\/uploads\/2023\/04\/Veronika-Halouzkova-koupelna-1920x1080.jpg 1920w\" data-sizes=\"(max-width: 1024px) 100vw, 1024px\" src=\"data:image\/svg+xml;base64,PHN2ZyB3aWR0aD0iMSIgaGVpZ2h0PSIxIiB4bWxucz0iaHR0cDovL3d3dy53My5vcmcvMjAwMC9zdmciPjwvc3ZnPg==\" style=\"--smush-placeholder-width: 1024px; --smush-placeholder-aspect-ratio: 1024\/576;\" \/><\/figure>\n\n\n\n<figure class=\"wp-block-image size-large\"><img decoding=\"async\" width=\"1024\" height=\"576\" data-src=\"http:\/\/www.design-award.cz\/wp-content\/uploads\/2023\/04\/Veronika-Halouzkova-kuchyne-1024x576.jpg\" alt=\"\" class=\"wp-image-2415 lazyload\" data-srcset=\"https:\/\/www.design-award.cz\/wp-content\/uploads\/2023\/04\/Veronika-Halouzkova-kuchyne-1024x576.jpg 1024w, https:\/\/www.design-award.cz\/wp-content\/uploads\/2023\/04\/Veronika-Halouzkova-kuchyne-300x169.jpg 300w, https:\/\/www.design-award.cz\/wp-content\/uploads\/2023\/04\/Veronika-Halouzkova-kuchyne-768x432.jpg 768w, https:\/\/www.design-award.cz\/wp-content\/uploads\/2023\/04\/Veronika-Halouzkova-kuchyne-1536x864.jpg 1536w, https:\/\/www.design-award.cz\/wp-content\/uploads\/2023\/04\/Veronika-Halouzkova-kuchyne-2048x1152.jpg 2048w, https:\/\/www.design-award.cz\/wp-content\/uploads\/2023\/04\/Veronika-Halouzkova-kuchyne-500x281.jpg 500w, https:\/\/www.design-award.cz\/wp-content\/uploads\/2023\/04\/Veronika-Halouzkova-kuchyne-800x450.jpg 800w, https:\/\/www.design-award.cz\/wp-content\/uploads\/2023\/04\/Veronika-Halouzkova-kuchyne-1280x720.jpg 1280w, https:\/\/www.design-award.cz\/wp-content\/uploads\/2023\/04\/Veronika-Halouzkova-kuchyne-1920x1080.jpg 1920w\" data-sizes=\"(max-width: 1024px) 100vw, 1024px\" src=\"data:image\/svg+xml;base64,PHN2ZyB3aWR0aD0iMSIgaGVpZ2h0PSIxIiB4bWxucz0iaHR0cDovL3d3dy53My5vcmcvMjAwMC9zdmciPjwvc3ZnPg==\" style=\"--smush-placeholder-width: 1024px; --smush-placeholder-aspect-ratio: 1024\/576;\" \/><\/figure>\n\n\n\n<figure class=\"wp-block-image size-full\"><img decoding=\"async\" width=\"2560\" height=\"1398\" data-src=\"https:\/\/www.design-award.cz\/wp-content\/uploads\/2023\/04\/Veronika-Halouzkova-loznice-scaled.jpg\" alt=\"\" class=\"wp-image-2416 lazyload\" data-srcset=\"https:\/\/www.design-award.cz\/wp-content\/uploads\/2023\/04\/Veronika-Halouzkova-loznice-scaled.jpg 2560w, https:\/\/www.design-award.cz\/wp-content\/uploads\/2023\/04\/Veronika-Halouzkova-loznice-300x164.jpg 300w, https:\/\/www.design-award.cz\/wp-content\/uploads\/2023\/04\/Veronika-Halouzkova-loznice-1024x559.jpg 1024w, https:\/\/www.design-award.cz\/wp-content\/uploads\/2023\/04\/Veronika-Halouzkova-loznice-768x420.jpg 768w, https:\/\/www.design-award.cz\/wp-content\/uploads\/2023\/04\/Veronika-Halouzkova-loznice-1536x839.jpg 1536w, https:\/\/www.design-award.cz\/wp-content\/uploads\/2023\/04\/Veronika-Halouzkova-loznice-2048x1119.jpg 2048w, https:\/\/www.design-award.cz\/wp-content\/uploads\/2023\/04\/Veronika-Halouzkova-loznice-500x273.jpg 500w, https:\/\/www.design-award.cz\/wp-content\/uploads\/2023\/04\/Veronika-Halouzkova-loznice-800x437.jpg 800w, https:\/\/www.design-award.cz\/wp-content\/uploads\/2023\/04\/Veronika-Halouzkova-loznice-1280x699.jpg 1280w, https:\/\/www.design-award.cz\/wp-content\/uploads\/2023\/04\/Veronika-Halouzkova-loznice-1920x1049.jpg 1920w\" data-sizes=\"(max-width: 2560px) 100vw, 2560px\" src=\"data:image\/svg+xml;base64,PHN2ZyB3aWR0aD0iMSIgaGVpZ2h0PSIxIiB4bWxucz0iaHR0cDovL3d3dy53My5vcmcvMjAwMC9zdmciPjwvc3ZnPg==\" style=\"--smush-placeholder-width: 2560px; --smush-placeholder-aspect-ratio: 2560\/1398;\" \/><\/figure>\n\n\n\n<figure class=\"wp-block-image size-large\"><img decoding=\"async\" width=\"1024\" height=\"724\" data-src=\"http:\/\/www.design-award.cz\/wp-content\/uploads\/2023\/04\/Veronika-Halouzkova-TV-1024x724.png\" alt=\"\" class=\"wp-image-2412 lazyload\" data-srcset=\"https:\/\/www.design-award.cz\/wp-content\/uploads\/2023\/04\/Veronika-Halouzkova-TV-1024x724.png 1024w, https:\/\/www.design-award.cz\/wp-content\/uploads\/2023\/04\/Veronika-Halouzkova-TV-300x212.png 300w, https:\/\/www.design-award.cz\/wp-content\/uploads\/2023\/04\/Veronika-Halouzkova-TV-768x543.png 768w, https:\/\/www.design-award.cz\/wp-content\/uploads\/2023\/04\/Veronika-Halouzkova-TV-500x354.png 500w, https:\/\/www.design-award.cz\/wp-content\/uploads\/2023\/04\/Veronika-Halouzkova-TV-800x566.png 800w, https:\/\/www.design-award.cz\/wp-content\/uploads\/2023\/04\/Veronika-Halouzkova-TV.png 1258w\" data-sizes=\"(max-width: 1024px) 100vw, 1024px\" src=\"data:image\/svg+xml;base64,PHN2ZyB3aWR0aD0iMSIgaGVpZ2h0PSIxIiB4bWxucz0iaHR0cDovL3d3dy53My5vcmcvMjAwMC9zdmciPjwvc3ZnPg==\" style=\"--smush-placeholder-width: 1024px; --smush-placeholder-aspect-ratio: 1024\/724;\" \/><\/figure>\n","protected":false},"excerpt":{"rendered":"<p>Veronika Halouzkov\u00e1 St\u0159edn\u00ed odborn\u00e9 u\u010dili\u0161t\u011b tradi\u010dn\u00edch \u0159emesel a Vy\u0161\u0161\u00ed odborn\u00e1 \u0161kola, spol. s r.o. Zad\u00e1n\u00edm p\u0159edmaturitn\u00ed pr\u00e1ce bylo, navrhnou byt, kter\u00fd se nach\u00e1z\u00ed v Brn\u011b v m\u011bstsk\u00e9 \u010d\u00e1sti \u010cern\u00e1 Pole.Zaoblen\u00e9 st\u011bny, zm\u011bk\u010duj\u00ed prostor, orientuj\u00ed a jsou vlastn\u00ed retro stylu vesm\u00edrn\u00e9ho v\u011bku s nezvykl\u00fdmi zaoblen\u00fdmi tvary a leskl\u00fdm materi\u00e1lem jako je plast, PVC, sklo a kov. [&hellip;]<\/p>\n","protected":false},"author":5,"featured_media":2417,"menu_order":0,"comment_status":"closed","ping_status":"closed","template":"","format":"standard","meta":{"ngg_post_thumbnail":0,"ocean_post_layout":"","ocean_both_sidebars_style":"","ocean_both_sidebars_content_width":0,"ocean_both_sidebars_sidebars_width":0,"ocean_sidebar":"","ocean_second_sidebar":"","ocean_disable_margins":"enable","ocean_add_body_class":"","ocean_shortcode_before_top_bar":"","ocean_shortcode_after_top_bar":"","ocean_shortcode_before_header":"","ocean_shortcode_after_header":"","ocean_has_shortcode":"","ocean_shortcode_after_title":"","ocean_shortcode_before_footer_widgets":"","ocean_shortcode_after_footer_widgets":"","ocean_shortcode_before_footer_bottom":"","ocean_shortcode_after_footer_bottom":"","ocean_display_top_bar":"default","ocean_display_header":"default","ocean_header_style":"","ocean_center_header_left_menu":"","ocean_custom_header_template":"","ocean_custom_logo":0,"ocean_custom_retina_logo":0,"ocean_custom_logo_max_width":0,"ocean_custom_logo_tablet_max_width":0,"ocean_custom_logo_mobile_max_width":0,"ocean_custom_logo_max_height":0,"ocean_custom_logo_tablet_max_height":0,"ocean_custom_logo_mobile_max_height":0,"ocean_header_custom_menu":"","ocean_menu_typo_font_family":"","ocean_menu_typo_font_subset":"","ocean_menu_typo_font_size":0,"ocean_menu_typo_font_size_tablet":0,"ocean_menu_typo_font_size_mobile":0,"ocean_menu_typo_font_size_unit":"px","ocean_menu_typo_font_weight":"","ocean_menu_typo_font_weight_tablet":"","ocean_menu_typo_font_weight_mobile":"","ocean_menu_typo_transform":"","ocean_menu_typo_transform_tablet":"","ocean_menu_typo_transform_mobile":"","ocean_menu_typo_line_height":0,"ocean_menu_typo_line_height_tablet":0,"ocean_menu_typo_line_height_mobile":0,"ocean_menu_typo_line_height_unit":"","ocean_menu_typo_spacing":0,"ocean_menu_typo_spacing_tablet":0,"ocean_menu_typo_spacing_mobile":0,"ocean_menu_typo_spacing_unit":"","ocean_menu_link_color":"","ocean_menu_link_color_hover":"","ocean_menu_link_color_active":"","ocean_menu_link_background":"","ocean_menu_link_hover_background":"","ocean_menu_link_active_background":"","ocean_menu_social_links_bg":"","ocean_menu_social_hover_links_bg":"","ocean_menu_social_links_color":"","ocean_menu_social_hover_links_color":"","ocean_disable_title":"default","ocean_disable_heading":"default","ocean_post_title":"","ocean_post_subheading":"","ocean_post_title_style":"","ocean_post_title_background_color":"","ocean_post_title_background":0,"ocean_post_title_bg_image_position":"","ocean_post_title_bg_image_attachment":"","ocean_post_title_bg_image_repeat":"","ocean_post_title_bg_image_size":"","ocean_post_title_height":0,"ocean_post_title_bg_overlay":0.5,"ocean_post_title_bg_overlay_color":"","ocean_disable_breadcrumbs":"default","ocean_breadcrumbs_color":"","ocean_breadcrumbs_separator_color":"","ocean_breadcrumbs_links_color":"","ocean_breadcrumbs_links_hover_color":"","ocean_display_footer_widgets":"default","ocean_display_footer_bottom":"default","ocean_custom_footer_template":"","_vp_format_video_url":"","_vp_image_focal_point":[],"footnotes":""},"portfolio_category":[10],"portfolio_tag":[],"class_list":["post-2411","portfolio","type-portfolio","status-publish","format-standard","has-post-thumbnail","hentry","portfolio_category-soutezici-2023","entry","has-media"],"yoast_head":"<!-- This site is optimized with the Yoast SEO plugin v25.2 - https:\/\/yoast.com\/wordpress\/plugins\/seo\/ -->\n<title>Soukrom\u00fd interi\u00e9r - Brno, m\u011bstsk\u00e1 \u010d\u00e1st \u010cern\u00e1 Pole - design-award.cz<\/title>\n<meta name=\"robots\" content=\"index, follow, max-snippet:-1, max-image-preview:large, max-video-preview:-1\" \/>\n<link rel=\"canonical\" href=\"https:\/\/www.design-award.cz\/?portfolio=soukromy-interier-brno-mestska-cast-cerna-pole\" \/>\n<meta property=\"og:locale\" content=\"cs_CZ\" \/>\n<meta property=\"og:type\" content=\"article\" \/>\n<meta property=\"og:title\" content=\"Soukrom\u00fd interi\u00e9r - Brno, m\u011bstsk\u00e1 \u010d\u00e1st \u010cern\u00e1 Pole - design-award.cz\" \/>\n<meta property=\"og:description\" content=\"Veronika Halouzkov\u00e1 St\u0159edn\u00ed odborn\u00e9 u\u010dili\u0161t\u011b tradi\u010dn\u00edch \u0159emesel a Vy\u0161\u0161\u00ed odborn\u00e1 \u0161kola, spol. s r.o. Zad\u00e1n\u00edm p\u0159edmaturitn\u00ed pr\u00e1ce bylo, navrhnou byt, kter\u00fd se nach\u00e1z\u00ed v Brn\u011b v m\u011bstsk\u00e9 \u010d\u00e1sti \u010cern\u00e1 Pole.Zaoblen\u00e9 st\u011bny, zm\u011bk\u010duj\u00ed prostor, orientuj\u00ed a jsou vlastn\u00ed retro stylu vesm\u00edrn\u00e9ho v\u011bku s nezvykl\u00fdmi zaoblen\u00fdmi tvary a leskl\u00fdm materi\u00e1lem jako je plast, PVC, sklo a kov. [&hellip;]\" \/>\n<meta property=\"og:url\" content=\"https:\/\/www.design-award.cz\/?portfolio=soukromy-interier-brno-mestska-cast-cerna-pole\" \/>\n<meta property=\"og:site_name\" content=\"design-award.cz\" \/>\n<meta property=\"article:modified_time\" content=\"2023-04-15T20:20:33+00:00\" \/>\n<meta property=\"og:image\" content=\"http:\/\/www.design-award.cz\/wp-content\/uploads\/2023\/04\/Veronika-Halouzkova-obyvaci-pokoj-scaled.jpg\" \/>\n\t<meta property=\"og:image:width\" content=\"2560\" \/>\n\t<meta property=\"og:image:height\" content=\"1440\" \/>\n\t<meta property=\"og:image:type\" content=\"image\/jpeg\" \/>\n<meta name=\"twitter:card\" content=\"summary_large_image\" \/>\n<meta name=\"twitter:label1\" content=\"Odhadovan\u00e1 doba \u010dten\u00ed\" \/>\n\t<meta name=\"twitter:data1\" content=\"1 minuta\" \/>\n<script type=\"application\/ld+json\" class=\"yoast-schema-graph\">{\"@context\":\"https:\/\/schema.org\",\"@graph\":[{\"@type\":\"WebPage\",\"@id\":\"https:\/\/www.design-award.cz\/?portfolio=soukromy-interier-brno-mestska-cast-cerna-pole\",\"url\":\"https:\/\/www.design-award.cz\/?portfolio=soukromy-interier-brno-mestska-cast-cerna-pole\",\"name\":\"Soukrom\u00fd interi\u00e9r - Brno, m\u011bstsk\u00e1 \u010d\u00e1st \u010cern\u00e1 Pole - design-award.cz\",\"isPartOf\":{\"@id\":\"https:\/\/www.design-award.cz\/#website\"},\"primaryImageOfPage\":{\"@id\":\"https:\/\/www.design-award.cz\/?portfolio=soukromy-interier-brno-mestska-cast-cerna-pole#primaryimage\"},\"image\":{\"@id\":\"https:\/\/www.design-award.cz\/?portfolio=soukromy-interier-brno-mestska-cast-cerna-pole#primaryimage\"},\"thumbnailUrl\":\"https:\/\/www.design-award.cz\/wp-content\/uploads\/2023\/04\/Veronika-Halouzkova-obyvaci-pokoj-scaled.jpg\",\"datePublished\":\"2023-04-15T20:20:32+00:00\",\"dateModified\":\"2023-04-15T20:20:33+00:00\",\"breadcrumb\":{\"@id\":\"https:\/\/www.design-award.cz\/?portfolio=soukromy-interier-brno-mestska-cast-cerna-pole#breadcrumb\"},\"inLanguage\":\"cs\",\"potentialAction\":[{\"@type\":\"ReadAction\",\"target\":[\"https:\/\/www.design-award.cz\/?portfolio=soukromy-interier-brno-mestska-cast-cerna-pole\"]}]},{\"@type\":\"ImageObject\",\"inLanguage\":\"cs\",\"@id\":\"https:\/\/www.design-award.cz\/?portfolio=soukromy-interier-brno-mestska-cast-cerna-pole#primaryimage\",\"url\":\"https:\/\/www.design-award.cz\/wp-content\/uploads\/2023\/04\/Veronika-Halouzkova-obyvaci-pokoj-scaled.jpg\",\"contentUrl\":\"https:\/\/www.design-award.cz\/wp-content\/uploads\/2023\/04\/Veronika-Halouzkova-obyvaci-pokoj-scaled.jpg\",\"width\":2560,\"height\":1440},{\"@type\":\"BreadcrumbList\",\"@id\":\"https:\/\/www.design-award.cz\/?portfolio=soukromy-interier-brno-mestska-cast-cerna-pole#breadcrumb\",\"itemListElement\":[{\"@type\":\"ListItem\",\"position\":1,\"name\":\"Dom\u016f\",\"item\":\"https:\/\/www.design-award.cz\/\"},{\"@type\":\"ListItem\",\"position\":2,\"name\":\"Portfolio Items\",\"item\":\"https:\/\/www.design-award.cz\/?post_type=portfolio\"},{\"@type\":\"ListItem\",\"position\":3,\"name\":\"Soukrom\u00fd interi\u00e9r &#8211; Brno, m\u011bstsk\u00e1 \u010d\u00e1st \u010cern\u00e1 Pole\"}]},{\"@type\":\"WebSite\",\"@id\":\"https:\/\/www.design-award.cz\/#website\",\"url\":\"https:\/\/www.design-award.cz\/\",\"name\":\"design-award.cz\",\"description\":\"WARD vznikla v roce 2022. Je ur\u010dena p\u0159edev\u0161\u00edm student\u016fm st\u0159edn\u00edch um\u011bleck\u00fdch \u0161kol (S\u0160 a VO\u0160), kte\u0159\u00ed mohou bezplatn\u011b zaslat sv\u00e9 n\u00e1vrhy v uveden\u00fdch kategori\u00ed a tak pom\u011b\u0159it sv\u00e9 n\u00e1pady s konkurenc\u00ed sv\u00fdch vrstevn\u00edk\u016f. N\u00e1vrhy jsou n\u00e1sledn\u011b posouzeny nez\u00e1vislou porotou z \u0159ad v\u00fdtvarn\u00edk\u016f, pedagog\u016f a profesion\u00e1l\u016f z oboru.\",\"publisher\":{\"@id\":\"https:\/\/www.design-award.cz\/#organization\"},\"potentialAction\":[{\"@type\":\"SearchAction\",\"target\":{\"@type\":\"EntryPoint\",\"urlTemplate\":\"https:\/\/www.design-award.cz\/?s={search_term_string}\"},\"query-input\":{\"@type\":\"PropertyValueSpecification\",\"valueRequired\":true,\"valueName\":\"search_term_string\"}}],\"inLanguage\":\"cs\"},{\"@type\":\"Organization\",\"@id\":\"https:\/\/www.design-award.cz\/#organization\",\"name\":\"Design Award\",\"url\":\"https:\/\/www.design-award.cz\/\",\"logo\":{\"@type\":\"ImageObject\",\"inLanguage\":\"cs\",\"@id\":\"https:\/\/www.design-award.cz\/#\/schema\/logo\/image\/\",\"url\":\"http:\/\/www.design-award.cz\/wp-content\/uploads\/2021\/12\/hornilogo_design-award.png\",\"contentUrl\":\"http:\/\/www.design-award.cz\/wp-content\/uploads\/2021\/12\/hornilogo_design-award.png\",\"width\":800,\"height\":600,\"caption\":\"Design Award\"},\"image\":{\"@id\":\"https:\/\/www.design-award.cz\/#\/schema\/logo\/image\/\"},\"sameAs\":[\"https:\/\/www.instagram.com\/design_award\/\"]}]}<\/script>\n<!-- \/ Yoast SEO plugin. -->","yoast_head_json":{"title":"Soukrom\u00fd interi\u00e9r - Brno, m\u011bstsk\u00e1 \u010d\u00e1st \u010cern\u00e1 Pole - design-award.cz","robots":{"index":"index","follow":"follow","max-snippet":"max-snippet:-1","max-image-preview":"max-image-preview:large","max-video-preview":"max-video-preview:-1"},"canonical":"https:\/\/www.design-award.cz\/?portfolio=soukromy-interier-brno-mestska-cast-cerna-pole","og_locale":"cs_CZ","og_type":"article","og_title":"Soukrom\u00fd interi\u00e9r - Brno, m\u011bstsk\u00e1 \u010d\u00e1st \u010cern\u00e1 Pole - design-award.cz","og_description":"Veronika Halouzkov\u00e1 St\u0159edn\u00ed odborn\u00e9 u\u010dili\u0161t\u011b tradi\u010dn\u00edch \u0159emesel a Vy\u0161\u0161\u00ed odborn\u00e1 \u0161kola, spol. s r.o. Zad\u00e1n\u00edm p\u0159edmaturitn\u00ed pr\u00e1ce bylo, navrhnou byt, kter\u00fd se nach\u00e1z\u00ed v Brn\u011b v m\u011bstsk\u00e9 \u010d\u00e1sti \u010cern\u00e1 Pole.Zaoblen\u00e9 st\u011bny, zm\u011bk\u010duj\u00ed prostor, orientuj\u00ed a jsou vlastn\u00ed retro stylu vesm\u00edrn\u00e9ho v\u011bku s nezvykl\u00fdmi zaoblen\u00fdmi tvary a leskl\u00fdm materi\u00e1lem jako je plast, PVC, sklo a kov. [&hellip;]","og_url":"https:\/\/www.design-award.cz\/?portfolio=soukromy-interier-brno-mestska-cast-cerna-pole","og_site_name":"design-award.cz","article_modified_time":"2023-04-15T20:20:33+00:00","og_image":[{"width":2560,"height":1440,"url":"http:\/\/www.design-award.cz\/wp-content\/uploads\/2023\/04\/Veronika-Halouzkova-obyvaci-pokoj-scaled.jpg","type":"image\/jpeg"}],"twitter_card":"summary_large_image","twitter_misc":{"Odhadovan\u00e1 doba \u010dten\u00ed":"1 minuta"},"schema":{"@context":"https:\/\/schema.org","@graph":[{"@type":"WebPage","@id":"https:\/\/www.design-award.cz\/?portfolio=soukromy-interier-brno-mestska-cast-cerna-pole","url":"https:\/\/www.design-award.cz\/?portfolio=soukromy-interier-brno-mestska-cast-cerna-pole","name":"Soukrom\u00fd interi\u00e9r - Brno, m\u011bstsk\u00e1 \u010d\u00e1st \u010cern\u00e1 Pole - design-award.cz","isPartOf":{"@id":"https:\/\/www.design-award.cz\/#website"},"primaryImageOfPage":{"@id":"https:\/\/www.design-award.cz\/?portfolio=soukromy-interier-brno-mestska-cast-cerna-pole#primaryimage"},"image":{"@id":"https:\/\/www.design-award.cz\/?portfolio=soukromy-interier-brno-mestska-cast-cerna-pole#primaryimage"},"thumbnailUrl":"https:\/\/www.design-award.cz\/wp-content\/uploads\/2023\/04\/Veronika-Halouzkova-obyvaci-pokoj-scaled.jpg","datePublished":"2023-04-15T20:20:32+00:00","dateModified":"2023-04-15T20:20:33+00:00","breadcrumb":{"@id":"https:\/\/www.design-award.cz\/?portfolio=soukromy-interier-brno-mestska-cast-cerna-pole#breadcrumb"},"inLanguage":"cs","potentialAction":[{"@type":"ReadAction","target":["https:\/\/www.design-award.cz\/?portfolio=soukromy-interier-brno-mestska-cast-cerna-pole"]}]},{"@type":"ImageObject","inLanguage":"cs","@id":"https:\/\/www.design-award.cz\/?portfolio=soukromy-interier-brno-mestska-cast-cerna-pole#primaryimage","url":"https:\/\/www.design-award.cz\/wp-content\/uploads\/2023\/04\/Veronika-Halouzkova-obyvaci-pokoj-scaled.jpg","contentUrl":"https:\/\/www.design-award.cz\/wp-content\/uploads\/2023\/04\/Veronika-Halouzkova-obyvaci-pokoj-scaled.jpg","width":2560,"height":1440},{"@type":"BreadcrumbList","@id":"https:\/\/www.design-award.cz\/?portfolio=soukromy-interier-brno-mestska-cast-cerna-pole#breadcrumb","itemListElement":[{"@type":"ListItem","position":1,"name":"Dom\u016f","item":"https:\/\/www.design-award.cz\/"},{"@type":"ListItem","position":2,"name":"Portfolio Items","item":"https:\/\/www.design-award.cz\/?post_type=portfolio"},{"@type":"ListItem","position":3,"name":"Soukrom\u00fd interi\u00e9r &#8211; Brno, m\u011bstsk\u00e1 \u010d\u00e1st \u010cern\u00e1 Pole"}]},{"@type":"WebSite","@id":"https:\/\/www.design-award.cz\/#website","url":"https:\/\/www.design-award.cz\/","name":"design-award.cz","description":"WARD vznikla v roce 2022. Je ur\u010dena p\u0159edev\u0161\u00edm student\u016fm st\u0159edn\u00edch um\u011bleck\u00fdch \u0161kol (S\u0160 a VO\u0160), kte\u0159\u00ed mohou bezplatn\u011b zaslat sv\u00e9 n\u00e1vrhy v uveden\u00fdch kategori\u00ed a tak pom\u011b\u0159it sv\u00e9 n\u00e1pady s konkurenc\u00ed sv\u00fdch vrstevn\u00edk\u016f. N\u00e1vrhy jsou n\u00e1sledn\u011b posouzeny nez\u00e1vislou porotou z \u0159ad v\u00fdtvarn\u00edk\u016f, pedagog\u016f a profesion\u00e1l\u016f z oboru.","publisher":{"@id":"https:\/\/www.design-award.cz\/#organization"},"potentialAction":[{"@type":"SearchAction","target":{"@type":"EntryPoint","urlTemplate":"https:\/\/www.design-award.cz\/?s={search_term_string}"},"query-input":{"@type":"PropertyValueSpecification","valueRequired":true,"valueName":"search_term_string"}}],"inLanguage":"cs"},{"@type":"Organization","@id":"https:\/\/www.design-award.cz\/#organization","name":"Design Award","url":"https:\/\/www.design-award.cz\/","logo":{"@type":"ImageObject","inLanguage":"cs","@id":"https:\/\/www.design-award.cz\/#\/schema\/logo\/image\/","url":"http:\/\/www.design-award.cz\/wp-content\/uploads\/2021\/12\/hornilogo_design-award.png","contentUrl":"http:\/\/www.design-award.cz\/wp-content\/uploads\/2021\/12\/hornilogo_design-award.png","width":800,"height":600,"caption":"Design Award"},"image":{"@id":"https:\/\/www.design-award.cz\/#\/schema\/logo\/image\/"},"sameAs":["https:\/\/www.instagram.com\/design_award\/"]}]}},"_links":{"self":[{"href":"https:\/\/www.design-award.cz\/index.php?rest_route=\/wp\/v2\/portfolio\/2411","targetHints":{"allow":["GET"]}}],"collection":[{"href":"https:\/\/www.design-award.cz\/index.php?rest_route=\/wp\/v2\/portfolio"}],"about":[{"href":"https:\/\/www.design-award.cz\/index.php?rest_route=\/wp\/v2\/types\/portfolio"}],"author":[{"embeddable":true,"href":"https:\/\/www.design-award.cz\/index.php?rest_route=\/wp\/v2\/users\/5"}],"replies":[{"embeddable":true,"href":"https:\/\/www.design-award.cz\/index.php?rest_route=%2Fwp%2Fv2%2Fcomments&post=2411"}],"version-history":[{"count":1,"href":"https:\/\/www.design-award.cz\/index.php?rest_route=\/wp\/v2\/portfolio\/2411\/revisions"}],"predecessor-version":[{"id":2418,"href":"https:\/\/www.design-award.cz\/index.php?rest_route=\/wp\/v2\/portfolio\/2411\/revisions\/2418"}],"wp:featuredmedia":[{"embeddable":true,"href":"https:\/\/www.design-award.cz\/index.php?rest_route=\/wp\/v2\/media\/2417"}],"wp:attachment":[{"href":"https:\/\/www.design-award.cz\/index.php?rest_route=%2Fwp%2Fv2%2Fmedia&parent=2411"}],"wp:term":[{"taxonomy":"portfolio_category","embeddable":true,"href":"https:\/\/www.design-award.cz\/index.php?rest_route=%2Fwp%2Fv2%2Fportfolio_category&post=2411"},{"taxonomy":"portfolio_tag","embeddable":true,"href":"https:\/\/www.design-award.cz\/index.php?rest_route=%2Fwp%2Fv2%2Fportfolio_tag&post=2411"}],"curies":[{"name":"wp","href":"https:\/\/api.w.org\/{rel}","templated":true}]}}