{"id":2433,"date":"2023-04-15T20:33:54","date_gmt":"2023-04-15T20:33:54","guid":{"rendered":"https:\/\/www.design-award.cz\/?post_type=portfolio&#038;p=2433"},"modified":"2023-04-15T20:34:02","modified_gmt":"2023-04-15T20:34:02","slug":"soukromy-interier-byt-v-retro-stylu","status":"publish","type":"portfolio","link":"https:\/\/www.design-award.cz\/?portfolio=soukromy-interier-byt-v-retro-stylu","title":{"rendered":"Soukrom\u00fd interi\u00e9r &#8211; Byt v retro stylu"},"content":{"rendered":"\n<p>Zuzana Topinkov\u00e1<\/p>\n\n\n\n<p>St\u0159edn\u00ed odborn\u00e9 u\u010dili\u0161t\u011b tradi\u010dn\u00edch \u0159emesel a Vy\u0161\u0161\u00ed odborn\u00e1 \u0161kola, spol. s r.o.<\/p>\n\n\n\n<p>C\u00edlem n\u00e1vrhu interi\u00e9ru bylo vy\u0159e\u0161iti dispozic\u00ed mal\u00e9ho bytu v panelov\u00e9m bytov\u00e9m dom\u011b a vytvo\u0159it bydlen\u00ed pro \u017eenu okolo 45 let, zam\u011bstnanou v mana\u017eersk\u00e9 pozici. Vzhledem k jej\u00edmu zam\u011bstn\u00e1n\u00ed je pro ni vhodn\u00fd interi\u00e9r, kter\u00fd p\u016fsob\u00ed velice svobodn\u011b, ale z\u00e1rove\u0148 je mo\u017en\u00e9 ho m\u00edt pln\u011b pod kontrolou. Interi\u00e9r je lad\u011bn\u00fd do barevn\u00e9ho retra 60. a 70. let s t\u0159emi dominantn\u00edmi z\u00e1kladn\u00edmi barvami. Bytem proch\u00e1z\u00ed proudy barev, na prvn\u00ed pohled vz\u00e1jemn\u011b kontrastuj\u00edc\u00ed, ale dohromady souzn\u00ed v jeden celek. Barvy jsou inspirovan\u00e9 obrazem L\u00e9to 1938 od Joana Mira, kter\u00fd tvo\u0159il v duchu svobody a abstrakce. Dominantou bytu je bezesporu koupelnov\u00e9 j\u00e1dro oblo\u017een\u00e9 z venku mahagonovou d\u00fdhou vytv\u00e1\u0159ej\u00edc\u00ed dojem pil\u00ed\u0159e prostupuj\u00edc\u00edho patry.<\/p>\n\n\n\n<p>Hlavn\u00edmi motivy bytu je kontrast, neomezenost prostoru a svoboda. Kontrast v podob\u011b barev, neomezen\u00fd prostor d\u00edky d\u016fkladn\u00e9mu rozlo\u017een\u00ed zrcadel a oken, a svoboda ve v\u00fdb\u011bru vzhledu. Byt je v kuchyni, ob\u00fdvac\u00edm pokoji a lo\u017enici vybaven obkladem st\u011bn z ml\u00e9\u010dn\u00e9ho skla podsv\u00edcen\u00fdm LED osv\u011btlen\u00edm v barevn\u00e9m proveden\u00ed vhodn\u00e9m pro danou \u010d\u00e1st bytu. Ve dne m\u016f\u017ee byt p\u016fsobit minimalistick\u00fdm dojmem, za tmy o\u017eije barevn\u00fdmi vlnami.<\/p>\n\n\n\n<figure class=\"wp-block-image size-large\"><img decoding=\"async\" width=\"1024\" height=\"734\" data-src=\"http:\/\/www.design-award.cz\/wp-content\/uploads\/2023\/04\/Zuzana-Topinkova-obyvaci-pokoj-1024x734.jpg\" alt=\"\" class=\"wp-image-2436 lazyload\" data-srcset=\"https:\/\/www.design-award.cz\/wp-content\/uploads\/2023\/04\/Zuzana-Topinkova-obyvaci-pokoj-1024x734.jpg 1024w, https:\/\/www.design-award.cz\/wp-content\/uploads\/2023\/04\/Zuzana-Topinkova-obyvaci-pokoj-300x215.jpg 300w, https:\/\/www.design-award.cz\/wp-content\/uploads\/2023\/04\/Zuzana-Topinkova-obyvaci-pokoj-768x550.jpg 768w, https:\/\/www.design-award.cz\/wp-content\/uploads\/2023\/04\/Zuzana-Topinkova-obyvaci-pokoj-1536x1100.jpg 1536w, https:\/\/www.design-award.cz\/wp-content\/uploads\/2023\/04\/Zuzana-Topinkova-obyvaci-pokoj-2048x1467.jpg 2048w, https:\/\/www.design-award.cz\/wp-content\/uploads\/2023\/04\/Zuzana-Topinkova-obyvaci-pokoj-500x358.jpg 500w, https:\/\/www.design-award.cz\/wp-content\/uploads\/2023\/04\/Zuzana-Topinkova-obyvaci-pokoj-800x573.jpg 800w, https:\/\/www.design-award.cz\/wp-content\/uploads\/2023\/04\/Zuzana-Topinkova-obyvaci-pokoj-1280x917.jpg 1280w, https:\/\/www.design-award.cz\/wp-content\/uploads\/2023\/04\/Zuzana-Topinkova-obyvaci-pokoj-1920x1375.jpg 1920w\" data-sizes=\"(max-width: 1024px) 100vw, 1024px\" src=\"data:image\/svg+xml;base64,PHN2ZyB3aWR0aD0iMSIgaGVpZ2h0PSIxIiB4bWxucz0iaHR0cDovL3d3dy53My5vcmcvMjAwMC9zdmciPjwvc3ZnPg==\" style=\"--smush-placeholder-width: 1024px; --smush-placeholder-aspect-ratio: 1024\/734;\" \/><\/figure>\n\n\n\n<figure class=\"wp-block-image size-large\"><img decoding=\"async\" width=\"1024\" height=\"576\" data-src=\"http:\/\/www.design-award.cz\/wp-content\/uploads\/2023\/04\/Zuzana-Topinkova-loznice-1024x576.jpg\" alt=\"\" class=\"wp-image-2435 lazyload\" data-srcset=\"https:\/\/www.design-award.cz\/wp-content\/uploads\/2023\/04\/Zuzana-Topinkova-loznice-1024x576.jpg 1024w, https:\/\/www.design-award.cz\/wp-content\/uploads\/2023\/04\/Zuzana-Topinkova-loznice-300x169.jpg 300w, https:\/\/www.design-award.cz\/wp-content\/uploads\/2023\/04\/Zuzana-Topinkova-loznice-768x432.jpg 768w, https:\/\/www.design-award.cz\/wp-content\/uploads\/2023\/04\/Zuzana-Topinkova-loznice-1536x864.jpg 1536w, https:\/\/www.design-award.cz\/wp-content\/uploads\/2023\/04\/Zuzana-Topinkova-loznice-2048x1152.jpg 2048w, https:\/\/www.design-award.cz\/wp-content\/uploads\/2023\/04\/Zuzana-Topinkova-loznice-500x281.jpg 500w, https:\/\/www.design-award.cz\/wp-content\/uploads\/2023\/04\/Zuzana-Topinkova-loznice-800x450.jpg 800w, https:\/\/www.design-award.cz\/wp-content\/uploads\/2023\/04\/Zuzana-Topinkova-loznice-1280x720.jpg 1280w, https:\/\/www.design-award.cz\/wp-content\/uploads\/2023\/04\/Zuzana-Topinkova-loznice-1920x1080.jpg 1920w\" data-sizes=\"(max-width: 1024px) 100vw, 1024px\" src=\"data:image\/svg+xml;base64,PHN2ZyB3aWR0aD0iMSIgaGVpZ2h0PSIxIiB4bWxucz0iaHR0cDovL3d3dy53My5vcmcvMjAwMC9zdmciPjwvc3ZnPg==\" style=\"--smush-placeholder-width: 1024px; --smush-placeholder-aspect-ratio: 1024\/576;\" \/><\/figure>\n\n\n\n<figure class=\"wp-block-image size-large\"><img decoding=\"async\" width=\"1024\" height=\"701\" data-src=\"http:\/\/www.design-award.cz\/wp-content\/uploads\/2023\/04\/Zuzana-Topinkova-kuchyne-1024x701.jpg\" alt=\"\" class=\"wp-image-2434 lazyload\" data-srcset=\"https:\/\/www.design-award.cz\/wp-content\/uploads\/2023\/04\/Zuzana-Topinkova-kuchyne-1024x701.jpg 1024w, https:\/\/www.design-award.cz\/wp-content\/uploads\/2023\/04\/Zuzana-Topinkova-kuchyne-300x205.jpg 300w, https:\/\/www.design-award.cz\/wp-content\/uploads\/2023\/04\/Zuzana-Topinkova-kuchyne-768x525.jpg 768w, https:\/\/www.design-award.cz\/wp-content\/uploads\/2023\/04\/Zuzana-Topinkova-kuchyne-1536x1051.jpg 1536w, https:\/\/www.design-award.cz\/wp-content\/uploads\/2023\/04\/Zuzana-Topinkova-kuchyne-2048x1401.jpg 2048w, https:\/\/www.design-award.cz\/wp-content\/uploads\/2023\/04\/Zuzana-Topinkova-kuchyne-500x342.jpg 500w, https:\/\/www.design-award.cz\/wp-content\/uploads\/2023\/04\/Zuzana-Topinkova-kuchyne-800x547.jpg 800w, https:\/\/www.design-award.cz\/wp-content\/uploads\/2023\/04\/Zuzana-Topinkova-kuchyne-1280x876.jpg 1280w, https:\/\/www.design-award.cz\/wp-content\/uploads\/2023\/04\/Zuzana-Topinkova-kuchyne-1920x1314.jpg 1920w\" data-sizes=\"(max-width: 1024px) 100vw, 1024px\" src=\"data:image\/svg+xml;base64,PHN2ZyB3aWR0aD0iMSIgaGVpZ2h0PSIxIiB4bWxucz0iaHR0cDovL3d3dy53My5vcmcvMjAwMC9zdmciPjwvc3ZnPg==\" style=\"--smush-placeholder-width: 1024px; --smush-placeholder-aspect-ratio: 1024\/701;\" \/><\/figure>\n\n\n\n<figure class=\"wp-block-image size-large\"><img decoding=\"async\" width=\"724\" height=\"1024\" data-src=\"http:\/\/www.design-award.cz\/wp-content\/uploads\/2023\/04\/Zuzana-Topinkova-pudoris-724x1024.jpg\" alt=\"\" class=\"wp-image-2437 lazyload\" data-srcset=\"https:\/\/www.design-award.cz\/wp-content\/uploads\/2023\/04\/Zuzana-Topinkova-pudoris-724x1024.jpg 724w, https:\/\/www.design-award.cz\/wp-content\/uploads\/2023\/04\/Zuzana-Topinkova-pudoris-212x300.jpg 212w, https:\/\/www.design-award.cz\/wp-content\/uploads\/2023\/04\/Zuzana-Topinkova-pudoris-768x1086.jpg 768w, https:\/\/www.design-award.cz\/wp-content\/uploads\/2023\/04\/Zuzana-Topinkova-pudoris-1086x1536.jpg 1086w, https:\/\/www.design-award.cz\/wp-content\/uploads\/2023\/04\/Zuzana-Topinkova-pudoris-1448x2048.jpg 1448w, https:\/\/www.design-award.cz\/wp-content\/uploads\/2023\/04\/Zuzana-Topinkova-pudoris-500x707.jpg 500w, https:\/\/www.design-award.cz\/wp-content\/uploads\/2023\/04\/Zuzana-Topinkova-pudoris-800x1132.jpg 800w, https:\/\/www.design-award.cz\/wp-content\/uploads\/2023\/04\/Zuzana-Topinkova-pudoris-1280x1811.jpg 1280w, https:\/\/www.design-award.cz\/wp-content\/uploads\/2023\/04\/Zuzana-Topinkova-pudoris.jpg 1587w\" data-sizes=\"(max-width: 724px) 100vw, 724px\" src=\"data:image\/svg+xml;base64,PHN2ZyB3aWR0aD0iMSIgaGVpZ2h0PSIxIiB4bWxucz0iaHR0cDovL3d3dy53My5vcmcvMjAwMC9zdmciPjwvc3ZnPg==\" style=\"--smush-placeholder-width: 724px; --smush-placeholder-aspect-ratio: 724\/1024;\" \/><\/figure>\n\n\n\n<figure class=\"wp-block-image size-large\"><img decoding=\"async\" width=\"724\" height=\"1024\" data-src=\"http:\/\/www.design-award.cz\/wp-content\/uploads\/2023\/04\/Zuzana-topinkova-rez-724x1024.jpg\" alt=\"\" class=\"wp-image-2438 lazyload\" data-srcset=\"https:\/\/www.design-award.cz\/wp-content\/uploads\/2023\/04\/Zuzana-topinkova-rez-724x1024.jpg 724w, https:\/\/www.design-award.cz\/wp-content\/uploads\/2023\/04\/Zuzana-topinkova-rez-212x300.jpg 212w, https:\/\/www.design-award.cz\/wp-content\/uploads\/2023\/04\/Zuzana-topinkova-rez-768x1086.jpg 768w, https:\/\/www.design-award.cz\/wp-content\/uploads\/2023\/04\/Zuzana-topinkova-rez-1086x1536.jpg 1086w, https:\/\/www.design-award.cz\/wp-content\/uploads\/2023\/04\/Zuzana-topinkova-rez-1448x2048.jpg 1448w, https:\/\/www.design-award.cz\/wp-content\/uploads\/2023\/04\/Zuzana-topinkova-rez-500x707.jpg 500w, https:\/\/www.design-award.cz\/wp-content\/uploads\/2023\/04\/Zuzana-topinkova-rez-800x1132.jpg 800w, https:\/\/www.design-award.cz\/wp-content\/uploads\/2023\/04\/Zuzana-topinkova-rez-1280x1811.jpg 1280w, https:\/\/www.design-award.cz\/wp-content\/uploads\/2023\/04\/Zuzana-topinkova-rez.jpg 1587w\" data-sizes=\"(max-width: 724px) 100vw, 724px\" src=\"data:image\/svg+xml;base64,PHN2ZyB3aWR0aD0iMSIgaGVpZ2h0PSIxIiB4bWxucz0iaHR0cDovL3d3dy53My5vcmcvMjAwMC9zdmciPjwvc3ZnPg==\" style=\"--smush-placeholder-width: 724px; --smush-placeholder-aspect-ratio: 724\/1024;\" \/><\/figure>\n","protected":false},"excerpt":{"rendered":"<p>Zuzana Topinkov\u00e1 St\u0159edn\u00ed odborn\u00e9 u\u010dili\u0161t\u011b tradi\u010dn\u00edch \u0159emesel a Vy\u0161\u0161\u00ed odborn\u00e1 \u0161kola, spol. s r.o. C\u00edlem n\u00e1vrhu interi\u00e9ru bylo vy\u0159e\u0161iti dispozic\u00ed mal\u00e9ho bytu v panelov\u00e9m bytov\u00e9m dom\u011b a vytvo\u0159it bydlen\u00ed pro \u017eenu okolo 45 let, zam\u011bstnanou v mana\u017eersk\u00e9 pozici. Vzhledem k jej\u00edmu zam\u011bstn\u00e1n\u00ed je pro ni vhodn\u00fd interi\u00e9r, kter\u00fd p\u016fsob\u00ed velice svobodn\u011b, ale z\u00e1rove\u0148 je mo\u017en\u00e9 [&hellip;]<\/p>\n","protected":false},"author":5,"featured_media":2439,"menu_order":0,"comment_status":"closed","ping_status":"closed","template":"","format":"standard","meta":{"ngg_post_thumbnail":0,"ocean_post_layout":"","ocean_both_sidebars_style":"","ocean_both_sidebars_content_width":0,"ocean_both_sidebars_sidebars_width":0,"ocean_sidebar":"","ocean_second_sidebar":"","ocean_disable_margins":"enable","ocean_add_body_class":"","ocean_shortcode_before_top_bar":"","ocean_shortcode_after_top_bar":"","ocean_shortcode_before_header":"","ocean_shortcode_after_header":"","ocean_has_shortcode":"","ocean_shortcode_after_title":"","ocean_shortcode_before_footer_widgets":"","ocean_shortcode_after_footer_widgets":"","ocean_shortcode_before_footer_bottom":"","ocean_shortcode_after_footer_bottom":"","ocean_display_top_bar":"default","ocean_display_header":"default","ocean_header_style":"","ocean_center_header_left_menu":"","ocean_custom_header_template":"","ocean_custom_logo":0,"ocean_custom_retina_logo":0,"ocean_custom_logo_max_width":0,"ocean_custom_logo_tablet_max_width":0,"ocean_custom_logo_mobile_max_width":0,"ocean_custom_logo_max_height":0,"ocean_custom_logo_tablet_max_height":0,"ocean_custom_logo_mobile_max_height":0,"ocean_header_custom_menu":"","ocean_menu_typo_font_family":"","ocean_menu_typo_font_subset":"","ocean_menu_typo_font_size":0,"ocean_menu_typo_font_size_tablet":0,"ocean_menu_typo_font_size_mobile":0,"ocean_menu_typo_font_size_unit":"px","ocean_menu_typo_font_weight":"","ocean_menu_typo_font_weight_tablet":"","ocean_menu_typo_font_weight_mobile":"","ocean_menu_typo_transform":"","ocean_menu_typo_transform_tablet":"","ocean_menu_typo_transform_mobile":"","ocean_menu_typo_line_height":0,"ocean_menu_typo_line_height_tablet":0,"ocean_menu_typo_line_height_mobile":0,"ocean_menu_typo_line_height_unit":"","ocean_menu_typo_spacing":0,"ocean_menu_typo_spacing_tablet":0,"ocean_menu_typo_spacing_mobile":0,"ocean_menu_typo_spacing_unit":"","ocean_menu_link_color":"","ocean_menu_link_color_hover":"","ocean_menu_link_color_active":"","ocean_menu_link_background":"","ocean_menu_link_hover_background":"","ocean_menu_link_active_background":"","ocean_menu_social_links_bg":"","ocean_menu_social_hover_links_bg":"","ocean_menu_social_links_color":"","ocean_menu_social_hover_links_color":"","ocean_disable_title":"default","ocean_disable_heading":"default","ocean_post_title":"","ocean_post_subheading":"","ocean_post_title_style":"","ocean_post_title_background_color":"","ocean_post_title_background":0,"ocean_post_title_bg_image_position":"","ocean_post_title_bg_image_attachment":"","ocean_post_title_bg_image_repeat":"","ocean_post_title_bg_image_size":"","ocean_post_title_height":0,"ocean_post_title_bg_overlay":0.5,"ocean_post_title_bg_overlay_color":"","ocean_disable_breadcrumbs":"default","ocean_breadcrumbs_color":"","ocean_breadcrumbs_separator_color":"","ocean_breadcrumbs_links_color":"","ocean_breadcrumbs_links_hover_color":"","ocean_display_footer_widgets":"default","ocean_display_footer_bottom":"default","ocean_custom_footer_template":"","_vp_format_video_url":"","_vp_image_focal_point":[],"footnotes":""},"portfolio_category":[10],"portfolio_tag":[],"class_list":["post-2433","portfolio","type-portfolio","status-publish","format-standard","has-post-thumbnail","hentry","portfolio_category-soutezici-2023","entry","has-media"],"yoast_head":"<!-- This site is optimized with the Yoast SEO plugin v25.2 - https:\/\/yoast.com\/wordpress\/plugins\/seo\/ -->\n<title>Soukrom\u00fd interi\u00e9r - Byt v retro stylu - design-award.cz<\/title>\n<meta name=\"robots\" content=\"index, follow, max-snippet:-1, max-image-preview:large, max-video-preview:-1\" \/>\n<link rel=\"canonical\" href=\"https:\/\/www.design-award.cz\/?portfolio=soukromy-interier-byt-v-retro-stylu\" \/>\n<meta property=\"og:locale\" content=\"cs_CZ\" \/>\n<meta property=\"og:type\" content=\"article\" \/>\n<meta property=\"og:title\" content=\"Soukrom\u00fd interi\u00e9r - Byt v retro stylu - design-award.cz\" \/>\n<meta property=\"og:description\" content=\"Zuzana Topinkov\u00e1 St\u0159edn\u00ed odborn\u00e9 u\u010dili\u0161t\u011b tradi\u010dn\u00edch \u0159emesel a Vy\u0161\u0161\u00ed odborn\u00e1 \u0161kola, spol. s r.o. C\u00edlem n\u00e1vrhu interi\u00e9ru bylo vy\u0159e\u0161iti dispozic\u00ed mal\u00e9ho bytu v panelov\u00e9m bytov\u00e9m dom\u011b a vytvo\u0159it bydlen\u00ed pro \u017eenu okolo 45 let, zam\u011bstnanou v mana\u017eersk\u00e9 pozici. Vzhledem k jej\u00edmu zam\u011bstn\u00e1n\u00ed je pro ni vhodn\u00fd interi\u00e9r, kter\u00fd p\u016fsob\u00ed velice svobodn\u011b, ale z\u00e1rove\u0148 je mo\u017en\u00e9 [&hellip;]\" \/>\n<meta property=\"og:url\" content=\"https:\/\/www.design-award.cz\/?portfolio=soukromy-interier-byt-v-retro-stylu\" \/>\n<meta property=\"og:site_name\" content=\"design-award.cz\" \/>\n<meta property=\"article:modified_time\" content=\"2023-04-15T20:34:02+00:00\" \/>\n<meta property=\"og:image\" content=\"http:\/\/www.design-award.cz\/wp-content\/uploads\/2023\/04\/Zuzana-Topinkova-zadveri-scaled.jpg\" \/>\n\t<meta property=\"og:image:width\" content=\"2560\" \/>\n\t<meta property=\"og:image:height\" content=\"1440\" \/>\n\t<meta property=\"og:image:type\" content=\"image\/jpeg\" \/>\n<meta name=\"twitter:card\" content=\"summary_large_image\" \/>\n<meta name=\"twitter:label1\" content=\"Odhadovan\u00e1 doba \u010dten\u00ed\" \/>\n\t<meta name=\"twitter:data1\" content=\"1 minuta\" \/>\n<script type=\"application\/ld+json\" class=\"yoast-schema-graph\">{\"@context\":\"https:\/\/schema.org\",\"@graph\":[{\"@type\":\"WebPage\",\"@id\":\"https:\/\/www.design-award.cz\/?portfolio=soukromy-interier-byt-v-retro-stylu\",\"url\":\"https:\/\/www.design-award.cz\/?portfolio=soukromy-interier-byt-v-retro-stylu\",\"name\":\"Soukrom\u00fd interi\u00e9r - Byt v retro stylu - design-award.cz\",\"isPartOf\":{\"@id\":\"https:\/\/www.design-award.cz\/#website\"},\"primaryImageOfPage\":{\"@id\":\"https:\/\/www.design-award.cz\/?portfolio=soukromy-interier-byt-v-retro-stylu#primaryimage\"},\"image\":{\"@id\":\"https:\/\/www.design-award.cz\/?portfolio=soukromy-interier-byt-v-retro-stylu#primaryimage\"},\"thumbnailUrl\":\"https:\/\/www.design-award.cz\/wp-content\/uploads\/2023\/04\/Zuzana-Topinkova-zadveri-scaled.jpg\",\"datePublished\":\"2023-04-15T20:33:54+00:00\",\"dateModified\":\"2023-04-15T20:34:02+00:00\",\"breadcrumb\":{\"@id\":\"https:\/\/www.design-award.cz\/?portfolio=soukromy-interier-byt-v-retro-stylu#breadcrumb\"},\"inLanguage\":\"cs\",\"potentialAction\":[{\"@type\":\"ReadAction\",\"target\":[\"https:\/\/www.design-award.cz\/?portfolio=soukromy-interier-byt-v-retro-stylu\"]}]},{\"@type\":\"ImageObject\",\"inLanguage\":\"cs\",\"@id\":\"https:\/\/www.design-award.cz\/?portfolio=soukromy-interier-byt-v-retro-stylu#primaryimage\",\"url\":\"https:\/\/www.design-award.cz\/wp-content\/uploads\/2023\/04\/Zuzana-Topinkova-zadveri-scaled.jpg\",\"contentUrl\":\"https:\/\/www.design-award.cz\/wp-content\/uploads\/2023\/04\/Zuzana-Topinkova-zadveri-scaled.jpg\",\"width\":2560,\"height\":1440},{\"@type\":\"BreadcrumbList\",\"@id\":\"https:\/\/www.design-award.cz\/?portfolio=soukromy-interier-byt-v-retro-stylu#breadcrumb\",\"itemListElement\":[{\"@type\":\"ListItem\",\"position\":1,\"name\":\"Dom\u016f\",\"item\":\"https:\/\/www.design-award.cz\/\"},{\"@type\":\"ListItem\",\"position\":2,\"name\":\"Portfolio Items\",\"item\":\"https:\/\/www.design-award.cz\/?post_type=portfolio\"},{\"@type\":\"ListItem\",\"position\":3,\"name\":\"Soukrom\u00fd interi\u00e9r &#8211; Byt v retro stylu\"}]},{\"@type\":\"WebSite\",\"@id\":\"https:\/\/www.design-award.cz\/#website\",\"url\":\"https:\/\/www.design-award.cz\/\",\"name\":\"design-award.cz\",\"description\":\"WARD vznikla v roce 2022. Je ur\u010dena p\u0159edev\u0161\u00edm student\u016fm st\u0159edn\u00edch um\u011bleck\u00fdch \u0161kol (S\u0160 a VO\u0160), kte\u0159\u00ed mohou bezplatn\u011b zaslat sv\u00e9 n\u00e1vrhy v uveden\u00fdch kategori\u00ed a tak pom\u011b\u0159it sv\u00e9 n\u00e1pady s konkurenc\u00ed sv\u00fdch vrstevn\u00edk\u016f. N\u00e1vrhy jsou n\u00e1sledn\u011b posouzeny nez\u00e1vislou porotou z \u0159ad v\u00fdtvarn\u00edk\u016f, pedagog\u016f a profesion\u00e1l\u016f z oboru.\",\"publisher\":{\"@id\":\"https:\/\/www.design-award.cz\/#organization\"},\"potentialAction\":[{\"@type\":\"SearchAction\",\"target\":{\"@type\":\"EntryPoint\",\"urlTemplate\":\"https:\/\/www.design-award.cz\/?s={search_term_string}\"},\"query-input\":{\"@type\":\"PropertyValueSpecification\",\"valueRequired\":true,\"valueName\":\"search_term_string\"}}],\"inLanguage\":\"cs\"},{\"@type\":\"Organization\",\"@id\":\"https:\/\/www.design-award.cz\/#organization\",\"name\":\"Design Award\",\"url\":\"https:\/\/www.design-award.cz\/\",\"logo\":{\"@type\":\"ImageObject\",\"inLanguage\":\"cs\",\"@id\":\"https:\/\/www.design-award.cz\/#\/schema\/logo\/image\/\",\"url\":\"http:\/\/www.design-award.cz\/wp-content\/uploads\/2021\/12\/hornilogo_design-award.png\",\"contentUrl\":\"http:\/\/www.design-award.cz\/wp-content\/uploads\/2021\/12\/hornilogo_design-award.png\",\"width\":800,\"height\":600,\"caption\":\"Design Award\"},\"image\":{\"@id\":\"https:\/\/www.design-award.cz\/#\/schema\/logo\/image\/\"},\"sameAs\":[\"https:\/\/www.instagram.com\/design_award\/\"]}]}<\/script>\n<!-- \/ Yoast SEO plugin. -->","yoast_head_json":{"title":"Soukrom\u00fd interi\u00e9r - Byt v retro stylu - design-award.cz","robots":{"index":"index","follow":"follow","max-snippet":"max-snippet:-1","max-image-preview":"max-image-preview:large","max-video-preview":"max-video-preview:-1"},"canonical":"https:\/\/www.design-award.cz\/?portfolio=soukromy-interier-byt-v-retro-stylu","og_locale":"cs_CZ","og_type":"article","og_title":"Soukrom\u00fd interi\u00e9r - Byt v retro stylu - design-award.cz","og_description":"Zuzana Topinkov\u00e1 St\u0159edn\u00ed odborn\u00e9 u\u010dili\u0161t\u011b tradi\u010dn\u00edch \u0159emesel a Vy\u0161\u0161\u00ed odborn\u00e1 \u0161kola, spol. s r.o. C\u00edlem n\u00e1vrhu interi\u00e9ru bylo vy\u0159e\u0161iti dispozic\u00ed mal\u00e9ho bytu v panelov\u00e9m bytov\u00e9m dom\u011b a vytvo\u0159it bydlen\u00ed pro \u017eenu okolo 45 let, zam\u011bstnanou v mana\u017eersk\u00e9 pozici. Vzhledem k jej\u00edmu zam\u011bstn\u00e1n\u00ed je pro ni vhodn\u00fd interi\u00e9r, kter\u00fd p\u016fsob\u00ed velice svobodn\u011b, ale z\u00e1rove\u0148 je mo\u017en\u00e9 [&hellip;]","og_url":"https:\/\/www.design-award.cz\/?portfolio=soukromy-interier-byt-v-retro-stylu","og_site_name":"design-award.cz","article_modified_time":"2023-04-15T20:34:02+00:00","og_image":[{"width":2560,"height":1440,"url":"http:\/\/www.design-award.cz\/wp-content\/uploads\/2023\/04\/Zuzana-Topinkova-zadveri-scaled.jpg","type":"image\/jpeg"}],"twitter_card":"summary_large_image","twitter_misc":{"Odhadovan\u00e1 doba \u010dten\u00ed":"1 minuta"},"schema":{"@context":"https:\/\/schema.org","@graph":[{"@type":"WebPage","@id":"https:\/\/www.design-award.cz\/?portfolio=soukromy-interier-byt-v-retro-stylu","url":"https:\/\/www.design-award.cz\/?portfolio=soukromy-interier-byt-v-retro-stylu","name":"Soukrom\u00fd interi\u00e9r - Byt v retro stylu - design-award.cz","isPartOf":{"@id":"https:\/\/www.design-award.cz\/#website"},"primaryImageOfPage":{"@id":"https:\/\/www.design-award.cz\/?portfolio=soukromy-interier-byt-v-retro-stylu#primaryimage"},"image":{"@id":"https:\/\/www.design-award.cz\/?portfolio=soukromy-interier-byt-v-retro-stylu#primaryimage"},"thumbnailUrl":"https:\/\/www.design-award.cz\/wp-content\/uploads\/2023\/04\/Zuzana-Topinkova-zadveri-scaled.jpg","datePublished":"2023-04-15T20:33:54+00:00","dateModified":"2023-04-15T20:34:02+00:00","breadcrumb":{"@id":"https:\/\/www.design-award.cz\/?portfolio=soukromy-interier-byt-v-retro-stylu#breadcrumb"},"inLanguage":"cs","potentialAction":[{"@type":"ReadAction","target":["https:\/\/www.design-award.cz\/?portfolio=soukromy-interier-byt-v-retro-stylu"]}]},{"@type":"ImageObject","inLanguage":"cs","@id":"https:\/\/www.design-award.cz\/?portfolio=soukromy-interier-byt-v-retro-stylu#primaryimage","url":"https:\/\/www.design-award.cz\/wp-content\/uploads\/2023\/04\/Zuzana-Topinkova-zadveri-scaled.jpg","contentUrl":"https:\/\/www.design-award.cz\/wp-content\/uploads\/2023\/04\/Zuzana-Topinkova-zadveri-scaled.jpg","width":2560,"height":1440},{"@type":"BreadcrumbList","@id":"https:\/\/www.design-award.cz\/?portfolio=soukromy-interier-byt-v-retro-stylu#breadcrumb","itemListElement":[{"@type":"ListItem","position":1,"name":"Dom\u016f","item":"https:\/\/www.design-award.cz\/"},{"@type":"ListItem","position":2,"name":"Portfolio Items","item":"https:\/\/www.design-award.cz\/?post_type=portfolio"},{"@type":"ListItem","position":3,"name":"Soukrom\u00fd interi\u00e9r &#8211; Byt v retro stylu"}]},{"@type":"WebSite","@id":"https:\/\/www.design-award.cz\/#website","url":"https:\/\/www.design-award.cz\/","name":"design-award.cz","description":"WARD vznikla v roce 2022. Je ur\u010dena p\u0159edev\u0161\u00edm student\u016fm st\u0159edn\u00edch um\u011bleck\u00fdch \u0161kol (S\u0160 a VO\u0160), kte\u0159\u00ed mohou bezplatn\u011b zaslat sv\u00e9 n\u00e1vrhy v uveden\u00fdch kategori\u00ed a tak pom\u011b\u0159it sv\u00e9 n\u00e1pady s konkurenc\u00ed sv\u00fdch vrstevn\u00edk\u016f. N\u00e1vrhy jsou n\u00e1sledn\u011b posouzeny nez\u00e1vislou porotou z \u0159ad v\u00fdtvarn\u00edk\u016f, pedagog\u016f a profesion\u00e1l\u016f z oboru.","publisher":{"@id":"https:\/\/www.design-award.cz\/#organization"},"potentialAction":[{"@type":"SearchAction","target":{"@type":"EntryPoint","urlTemplate":"https:\/\/www.design-award.cz\/?s={search_term_string}"},"query-input":{"@type":"PropertyValueSpecification","valueRequired":true,"valueName":"search_term_string"}}],"inLanguage":"cs"},{"@type":"Organization","@id":"https:\/\/www.design-award.cz\/#organization","name":"Design Award","url":"https:\/\/www.design-award.cz\/","logo":{"@type":"ImageObject","inLanguage":"cs","@id":"https:\/\/www.design-award.cz\/#\/schema\/logo\/image\/","url":"http:\/\/www.design-award.cz\/wp-content\/uploads\/2021\/12\/hornilogo_design-award.png","contentUrl":"http:\/\/www.design-award.cz\/wp-content\/uploads\/2021\/12\/hornilogo_design-award.png","width":800,"height":600,"caption":"Design Award"},"image":{"@id":"https:\/\/www.design-award.cz\/#\/schema\/logo\/image\/"},"sameAs":["https:\/\/www.instagram.com\/design_award\/"]}]}},"_links":{"self":[{"href":"https:\/\/www.design-award.cz\/index.php?rest_route=\/wp\/v2\/portfolio\/2433","targetHints":{"allow":["GET"]}}],"collection":[{"href":"https:\/\/www.design-award.cz\/index.php?rest_route=\/wp\/v2\/portfolio"}],"about":[{"href":"https:\/\/www.design-award.cz\/index.php?rest_route=\/wp\/v2\/types\/portfolio"}],"author":[{"embeddable":true,"href":"https:\/\/www.design-award.cz\/index.php?rest_route=\/wp\/v2\/users\/5"}],"replies":[{"embeddable":true,"href":"https:\/\/www.design-award.cz\/index.php?rest_route=%2Fwp%2Fv2%2Fcomments&post=2433"}],"version-history":[{"count":1,"href":"https:\/\/www.design-award.cz\/index.php?rest_route=\/wp\/v2\/portfolio\/2433\/revisions"}],"predecessor-version":[{"id":2440,"href":"https:\/\/www.design-award.cz\/index.php?rest_route=\/wp\/v2\/portfolio\/2433\/revisions\/2440"}],"wp:featuredmedia":[{"embeddable":true,"href":"https:\/\/www.design-award.cz\/index.php?rest_route=\/wp\/v2\/media\/2439"}],"wp:attachment":[{"href":"https:\/\/www.design-award.cz\/index.php?rest_route=%2Fwp%2Fv2%2Fmedia&parent=2433"}],"wp:term":[{"taxonomy":"portfolio_category","embeddable":true,"href":"https:\/\/www.design-award.cz\/index.php?rest_route=%2Fwp%2Fv2%2Fportfolio_category&post=2433"},{"taxonomy":"portfolio_tag","embeddable":true,"href":"https:\/\/www.design-award.cz\/index.php?rest_route=%2Fwp%2Fv2%2Fportfolio_tag&post=2433"}],"curies":[{"name":"wp","href":"https:\/\/api.w.org\/{rel}","templated":true}]}}