{"id":2441,"date":"2023-04-15T20:36:03","date_gmt":"2023-04-15T20:36:03","guid":{"rendered":"https:\/\/www.design-award.cz\/?post_type=portfolio&#038;p=2441"},"modified":"2023-04-15T20:41:16","modified_gmt":"2023-04-15T20:41:16","slug":"verejny-interier-rozhledna-v-trencine","status":"publish","type":"portfolio","link":"https:\/\/www.design-award.cz\/?portfolio=verejny-interier-rozhledna-v-trencine","title":{"rendered":"Ve\u0159ejn\u00fd interi\u00e9r &#8211; rozhledna v Tren\u010d\u00edne"},"content":{"rendered":"\n<p>Krist\u00edna Gallov\u00e1<\/p>\n\n\n\n<p>MICHAEL &#8211; S\u0160 a VO\u0160 reklamn\u00ed a um\u011bleck\u00e9 tvorby, s.r.o.<\/p>\n\n\n\n<p>Rozhledna, m\u00edsto, kter\u00e9 si ka\u017ed\u00fd spojujeme s kr\u00e1sn\u00fdm v\u00fdhledem, co\u017e byla i podstata n\u00e1vrhu ka\u017ed\u00e9ho z n\u00e1s. Estetickou ale i funk\u010dn\u00ed str\u00e1nku stavby jsme uzp\u016fsobovali ter\u00e9nu, kter\u00fd jsme si mohli zvolit libovoln\u011b. J\u00e1 jsem si vybrala \u0160tef\u00e1nikovu vyhliadku\/ vyhl\u00eddku, kter\u00e1 se nach\u00e1z\u00ed v m\u00e9m rodn\u00e9m m\u011bst\u011b, v Tren\u010d\u00edn\u011b na Slovensku. Nejhez\u010d\u00ed v\u00fdhled na dominantu Ten\u010d\u00edna, Tren\u010diansk\u00fd hrad a okol\u00ed, nab\u00edz\u00ed pr\u00e1v\u011b ji\u017e zmi\u0148ovan\u00e1 \u0160tef\u00e1nikova vyhl\u00eddka.<\/p>\n\n\n\n<p>V\u00fdsledkem m\u00e9 klauzurn\u00ed pr\u00e1ce je jednoduch\u00e1 ale vzhledov\u011b zapadaj\u00edc\u00ed rozhledna. O\u017eivila \u010d\u00e1st lesoparku, kter\u00e1 mi p\u0159i\u0161la atraktivn\u00ed a neope\u010dov\u00e1van\u00e1. U lokalit jako je zrovna tato<br>je d\u016fle\u017eit\u00e9 kl\u00e1st d\u016fraz na vzhled objektu. V okol\u00ed se vyskytuje n\u011bkolik nau\u010dn\u00fdch stezek, tud\u00ed\u017e je zde n\u011bkolik druh\u016f chodn\u00edk\u016f a r\u016fzn\u00fdch designov\u00fdch prvk\u016f. Atraktivn\u00edm prvkem rozhledny jsou siluety okoln\u00edch hor i hradu. Hlin\u00edkov\u00e9 st\u00ednov\u00e9 obrazy jsou rozm\u00edst\u011bny<br>po obvodu z\u00e1bradl\u00ed a jsou nasm\u011brovan\u00e9 na dan\u00fd objekt. Fotogenickou \u010d\u00e1sti objektu je velk\u00fd n\u00e1pis Tren\u010d\u00edn. Cel\u00e1 stavba<br>je z mod\u0159\u00ednu, kter\u00fd je o\u0161et\u0159en\u00fd olejem, co\u017e mu dod\u00e1v\u00e1 m\u00edrn\u011b na\u0161edlou barvu. Rozhlednu jsem dopl\u0148ovala kovov\u00fdmi detaily, jako siluety, n\u00e1pisy, nebo ocelov\u00e1 lanka mezi hranoly z oplocen\u00ed. Stabilita stavby je zaji\u0161t\u011bna pil\u00ed\u0159i, ty jsou v zemi upevn\u011bny ocelovou kotvou, kter\u00e1 je do sk\u00e1ly zabetonovan\u00e1.<\/p>\n\n\n\n<p>Mysl\u00edm si, \u017ee rozhledna by p\u0159il\u00e1kala nov\u00e9 n\u00e1v\u0161t\u011bvn\u00edky a s fotkami panoramatu z rozhledny by \u0159\u00e1dn\u011b reprezentovala m\u011bsto a jeho n\u00e1dheru.<\/p>\n\n\n\n<figure class=\"wp-block-image size-large\"><img decoding=\"async\" width=\"768\" height=\"1024\" data-src=\"http:\/\/www.design-award.cz\/wp-content\/uploads\/2023\/04\/foto2-768x1024.jpg\" alt=\"\" class=\"wp-image-2445 lazyload\" data-srcset=\"https:\/\/www.design-award.cz\/wp-content\/uploads\/2023\/04\/foto2-768x1024.jpg 768w, https:\/\/www.design-award.cz\/wp-content\/uploads\/2023\/04\/foto2-225x300.jpg 225w, https:\/\/www.design-award.cz\/wp-content\/uploads\/2023\/04\/foto2-1152x1536.jpg 1152w, https:\/\/www.design-award.cz\/wp-content\/uploads\/2023\/04\/foto2-1536x2048.jpg 1536w, https:\/\/www.design-award.cz\/wp-content\/uploads\/2023\/04\/foto2-500x667.jpg 500w, https:\/\/www.design-award.cz\/wp-content\/uploads\/2023\/04\/foto2-800x1067.jpg 800w, https:\/\/www.design-award.cz\/wp-content\/uploads\/2023\/04\/foto2-1280x1707.jpg 1280w, https:\/\/www.design-award.cz\/wp-content\/uploads\/2023\/04\/foto2-scaled.jpg 1920w\" data-sizes=\"(max-width: 768px) 100vw, 768px\" src=\"data:image\/svg+xml;base64,PHN2ZyB3aWR0aD0iMSIgaGVpZ2h0PSIxIiB4bWxucz0iaHR0cDovL3d3dy53My5vcmcvMjAwMC9zdmciPjwvc3ZnPg==\" style=\"--smush-placeholder-width: 768px; --smush-placeholder-aspect-ratio: 768\/1024;\" \/><\/figure>\n\n\n\n<figure class=\"wp-block-image size-large\"><img decoding=\"async\" width=\"768\" height=\"1024\" data-src=\"http:\/\/www.design-award.cz\/wp-content\/uploads\/2023\/04\/foto-1-768x1024.jpg\" alt=\"\" class=\"wp-image-2444 lazyload\" data-srcset=\"https:\/\/www.design-award.cz\/wp-content\/uploads\/2023\/04\/foto-1-768x1024.jpg 768w, https:\/\/www.design-award.cz\/wp-content\/uploads\/2023\/04\/foto-1-225x300.jpg 225w, https:\/\/www.design-award.cz\/wp-content\/uploads\/2023\/04\/foto-1-1152x1536.jpg 1152w, https:\/\/www.design-award.cz\/wp-content\/uploads\/2023\/04\/foto-1-1536x2048.jpg 1536w, https:\/\/www.design-award.cz\/wp-content\/uploads\/2023\/04\/foto-1-500x667.jpg 500w, https:\/\/www.design-award.cz\/wp-content\/uploads\/2023\/04\/foto-1-800x1067.jpg 800w, https:\/\/www.design-award.cz\/wp-content\/uploads\/2023\/04\/foto-1-1280x1707.jpg 1280w, https:\/\/www.design-award.cz\/wp-content\/uploads\/2023\/04\/foto-1-scaled.jpg 1920w\" data-sizes=\"(max-width: 768px) 100vw, 768px\" src=\"data:image\/svg+xml;base64,PHN2ZyB3aWR0aD0iMSIgaGVpZ2h0PSIxIiB4bWxucz0iaHR0cDovL3d3dy53My5vcmcvMjAwMC9zdmciPjwvc3ZnPg==\" style=\"--smush-placeholder-width: 768px; --smush-placeholder-aspect-ratio: 768\/1024;\" \/><\/figure>\n\n\n\n<figure class=\"wp-block-image size-full\"><img decoding=\"async\" width=\"679\" height=\"859\" data-src=\"http:\/\/www.design-award.cz\/wp-content\/uploads\/2023\/04\/TECHNICKY-VYKRES-OZHLEDNA.png\" alt=\"\" class=\"wp-image-2443 lazyload\" data-srcset=\"https:\/\/www.design-award.cz\/wp-content\/uploads\/2023\/04\/TECHNICKY-VYKRES-OZHLEDNA.png 679w, https:\/\/www.design-award.cz\/wp-content\/uploads\/2023\/04\/TECHNICKY-VYKRES-OZHLEDNA-237x300.png 237w, https:\/\/www.design-award.cz\/wp-content\/uploads\/2023\/04\/TECHNICKY-VYKRES-OZHLEDNA-500x633.png 500w\" data-sizes=\"(max-width: 679px) 100vw, 679px\" src=\"data:image\/svg+xml;base64,PHN2ZyB3aWR0aD0iMSIgaGVpZ2h0PSIxIiB4bWxucz0iaHR0cDovL3d3dy53My5vcmcvMjAwMC9zdmciPjwvc3ZnPg==\" style=\"--smush-placeholder-width: 679px; --smush-placeholder-aspect-ratio: 679\/859;\" \/><\/figure>\n","protected":false},"excerpt":{"rendered":"<p>Krist\u00edna Gallov\u00e1 MICHAEL &#8211; S\u0160 a VO\u0160 reklamn\u00ed a um\u011bleck\u00e9 tvorby, s.r.o. Rozhledna, m\u00edsto, kter\u00e9 si ka\u017ed\u00fd spojujeme s kr\u00e1sn\u00fdm v\u00fdhledem, co\u017e byla i podstata n\u00e1vrhu ka\u017ed\u00e9ho z n\u00e1s. Estetickou ale i funk\u010dn\u00ed str\u00e1nku stavby jsme uzp\u016fsobovali ter\u00e9nu, kter\u00fd jsme si mohli zvolit libovoln\u011b. J\u00e1 jsem si vybrala \u0160tef\u00e1nikovu vyhliadku\/ vyhl\u00eddku, kter\u00e1 se nach\u00e1z\u00ed v [&hellip;]<\/p>\n","protected":false},"author":5,"featured_media":2442,"menu_order":0,"comment_status":"open","ping_status":"closed","template":"","format":"standard","meta":{"ngg_post_thumbnail":0,"ocean_post_layout":"","ocean_both_sidebars_style":"","ocean_both_sidebars_content_width":0,"ocean_both_sidebars_sidebars_width":0,"ocean_sidebar":"","ocean_second_sidebar":"","ocean_disable_margins":"enable","ocean_add_body_class":"","ocean_shortcode_before_top_bar":"","ocean_shortcode_after_top_bar":"","ocean_shortcode_before_header":"","ocean_shortcode_after_header":"","ocean_has_shortcode":"","ocean_shortcode_after_title":"","ocean_shortcode_before_footer_widgets":"","ocean_shortcode_after_footer_widgets":"","ocean_shortcode_before_footer_bottom":"","ocean_shortcode_after_footer_bottom":"","ocean_display_top_bar":"default","ocean_display_header":"default","ocean_header_style":"","ocean_center_header_left_menu":"","ocean_custom_header_template":"","ocean_custom_logo":0,"ocean_custom_retina_logo":0,"ocean_custom_logo_max_width":0,"ocean_custom_logo_tablet_max_width":0,"ocean_custom_logo_mobile_max_width":0,"ocean_custom_logo_max_height":0,"ocean_custom_logo_tablet_max_height":0,"ocean_custom_logo_mobile_max_height":0,"ocean_header_custom_menu":"","ocean_menu_typo_font_family":"","ocean_menu_typo_font_subset":"","ocean_menu_typo_font_size":0,"ocean_menu_typo_font_size_tablet":0,"ocean_menu_typo_font_size_mobile":0,"ocean_menu_typo_font_size_unit":"px","ocean_menu_typo_font_weight":"","ocean_menu_typo_font_weight_tablet":"","ocean_menu_typo_font_weight_mobile":"","ocean_menu_typo_transform":"","ocean_menu_typo_transform_tablet":"","ocean_menu_typo_transform_mobile":"","ocean_menu_typo_line_height":0,"ocean_menu_typo_line_height_tablet":0,"ocean_menu_typo_line_height_mobile":0,"ocean_menu_typo_line_height_unit":"","ocean_menu_typo_spacing":0,"ocean_menu_typo_spacing_tablet":0,"ocean_menu_typo_spacing_mobile":0,"ocean_menu_typo_spacing_unit":"","ocean_menu_link_color":"","ocean_menu_link_color_hover":"","ocean_menu_link_color_active":"","ocean_menu_link_background":"","ocean_menu_link_hover_background":"","ocean_menu_link_active_background":"","ocean_menu_social_links_bg":"","ocean_menu_social_hover_links_bg":"","ocean_menu_social_links_color":"","ocean_menu_social_hover_links_color":"","ocean_disable_title":"default","ocean_disable_heading":"default","ocean_post_title":"","ocean_post_subheading":"","ocean_post_title_style":"","ocean_post_title_background_color":"","ocean_post_title_background":0,"ocean_post_title_bg_image_position":"","ocean_post_title_bg_image_attachment":"","ocean_post_title_bg_image_repeat":"","ocean_post_title_bg_image_size":"","ocean_post_title_height":0,"ocean_post_title_bg_overlay":0.5,"ocean_post_title_bg_overlay_color":"","ocean_disable_breadcrumbs":"default","ocean_breadcrumbs_color":"","ocean_breadcrumbs_separator_color":"","ocean_breadcrumbs_links_color":"","ocean_breadcrumbs_links_hover_color":"","ocean_display_footer_widgets":"default","ocean_display_footer_bottom":"default","ocean_custom_footer_template":"","_vp_format_video_url":"","_vp_image_focal_point":[],"footnotes":""},"portfolio_category":[10],"portfolio_tag":[],"class_list":["post-2441","portfolio","type-portfolio","status-publish","format-standard","has-post-thumbnail","hentry","portfolio_category-soutezici-2023","entry","has-media"],"yoast_head":"<!-- This site is optimized with the Yoast SEO plugin v25.2 - https:\/\/yoast.com\/wordpress\/plugins\/seo\/ -->\n<title>Ve\u0159ejn\u00fd interi\u00e9r - rozhledna v Tren\u010d\u00edne - design-award.cz<\/title>\n<meta name=\"robots\" content=\"index, follow, max-snippet:-1, max-image-preview:large, max-video-preview:-1\" \/>\n<link rel=\"canonical\" href=\"https:\/\/www.design-award.cz\/?portfolio=verejny-interier-rozhledna-v-trencine\" \/>\n<meta property=\"og:locale\" content=\"cs_CZ\" \/>\n<meta property=\"og:type\" content=\"article\" \/>\n<meta property=\"og:title\" content=\"Ve\u0159ejn\u00fd interi\u00e9r - rozhledna v Tren\u010d\u00edne - design-award.cz\" \/>\n<meta property=\"og:description\" content=\"Krist\u00edna Gallov\u00e1 MICHAEL &#8211; S\u0160 a VO\u0160 reklamn\u00ed a um\u011bleck\u00e9 tvorby, s.r.o. Rozhledna, m\u00edsto, kter\u00e9 si ka\u017ed\u00fd spojujeme s kr\u00e1sn\u00fdm v\u00fdhledem, co\u017e byla i podstata n\u00e1vrhu ka\u017ed\u00e9ho z n\u00e1s. Estetickou ale i funk\u010dn\u00ed str\u00e1nku stavby jsme uzp\u016fsobovali ter\u00e9nu, kter\u00fd jsme si mohli zvolit libovoln\u011b. J\u00e1 jsem si vybrala \u0160tef\u00e1nikovu vyhliadku\/ vyhl\u00eddku, kter\u00e1 se nach\u00e1z\u00ed v [&hellip;]\" \/>\n<meta property=\"og:url\" content=\"https:\/\/www.design-award.cz\/?portfolio=verejny-interier-rozhledna-v-trencine\" \/>\n<meta property=\"og:site_name\" content=\"design-award.cz\" \/>\n<meta property=\"article:modified_time\" content=\"2023-04-15T20:41:16+00:00\" \/>\n<meta property=\"og:image\" content=\"http:\/\/www.design-award.cz\/wp-content\/uploads\/2023\/04\/KRESBA-VYHLIADKY.png\" \/>\n\t<meta property=\"og:image:width\" content=\"614\" \/>\n\t<meta property=\"og:image:height\" content=\"859\" \/>\n\t<meta property=\"og:image:type\" content=\"image\/png\" \/>\n<meta name=\"twitter:card\" content=\"summary_large_image\" \/>\n<meta name=\"twitter:label1\" content=\"Odhadovan\u00e1 doba \u010dten\u00ed\" \/>\n\t<meta name=\"twitter:data1\" content=\"2 minuty\" \/>\n<script type=\"application\/ld+json\" class=\"yoast-schema-graph\">{\"@context\":\"https:\/\/schema.org\",\"@graph\":[{\"@type\":\"WebPage\",\"@id\":\"https:\/\/www.design-award.cz\/?portfolio=verejny-interier-rozhledna-v-trencine\",\"url\":\"https:\/\/www.design-award.cz\/?portfolio=verejny-interier-rozhledna-v-trencine\",\"name\":\"Ve\u0159ejn\u00fd interi\u00e9r - rozhledna v Tren\u010d\u00edne - design-award.cz\",\"isPartOf\":{\"@id\":\"https:\/\/www.design-award.cz\/#website\"},\"primaryImageOfPage\":{\"@id\":\"https:\/\/www.design-award.cz\/?portfolio=verejny-interier-rozhledna-v-trencine#primaryimage\"},\"image\":{\"@id\":\"https:\/\/www.design-award.cz\/?portfolio=verejny-interier-rozhledna-v-trencine#primaryimage\"},\"thumbnailUrl\":\"https:\/\/www.design-award.cz\/wp-content\/uploads\/2023\/04\/KRESBA-VYHLIADKY.png\",\"datePublished\":\"2023-04-15T20:36:03+00:00\",\"dateModified\":\"2023-04-15T20:41:16+00:00\",\"breadcrumb\":{\"@id\":\"https:\/\/www.design-award.cz\/?portfolio=verejny-interier-rozhledna-v-trencine#breadcrumb\"},\"inLanguage\":\"cs\",\"potentialAction\":[{\"@type\":\"ReadAction\",\"target\":[\"https:\/\/www.design-award.cz\/?portfolio=verejny-interier-rozhledna-v-trencine\"]}]},{\"@type\":\"ImageObject\",\"inLanguage\":\"cs\",\"@id\":\"https:\/\/www.design-award.cz\/?portfolio=verejny-interier-rozhledna-v-trencine#primaryimage\",\"url\":\"https:\/\/www.design-award.cz\/wp-content\/uploads\/2023\/04\/KRESBA-VYHLIADKY.png\",\"contentUrl\":\"https:\/\/www.design-award.cz\/wp-content\/uploads\/2023\/04\/KRESBA-VYHLIADKY.png\",\"width\":614,\"height\":859},{\"@type\":\"BreadcrumbList\",\"@id\":\"https:\/\/www.design-award.cz\/?portfolio=verejny-interier-rozhledna-v-trencine#breadcrumb\",\"itemListElement\":[{\"@type\":\"ListItem\",\"position\":1,\"name\":\"Dom\u016f\",\"item\":\"https:\/\/www.design-award.cz\/\"},{\"@type\":\"ListItem\",\"position\":2,\"name\":\"Portfolio Items\",\"item\":\"https:\/\/www.design-award.cz\/?post_type=portfolio\"},{\"@type\":\"ListItem\",\"position\":3,\"name\":\"Ve\u0159ejn\u00fd interi\u00e9r &#8211; rozhledna v Tren\u010d\u00edne\"}]},{\"@type\":\"WebSite\",\"@id\":\"https:\/\/www.design-award.cz\/#website\",\"url\":\"https:\/\/www.design-award.cz\/\",\"name\":\"design-award.cz\",\"description\":\"WARD vznikla v roce 2022. Je ur\u010dena p\u0159edev\u0161\u00edm student\u016fm st\u0159edn\u00edch um\u011bleck\u00fdch \u0161kol (S\u0160 a VO\u0160), kte\u0159\u00ed mohou bezplatn\u011b zaslat sv\u00e9 n\u00e1vrhy v uveden\u00fdch kategori\u00ed a tak pom\u011b\u0159it sv\u00e9 n\u00e1pady s konkurenc\u00ed sv\u00fdch vrstevn\u00edk\u016f. N\u00e1vrhy jsou n\u00e1sledn\u011b posouzeny nez\u00e1vislou porotou z \u0159ad v\u00fdtvarn\u00edk\u016f, pedagog\u016f a profesion\u00e1l\u016f z oboru.\",\"publisher\":{\"@id\":\"https:\/\/www.design-award.cz\/#organization\"},\"potentialAction\":[{\"@type\":\"SearchAction\",\"target\":{\"@type\":\"EntryPoint\",\"urlTemplate\":\"https:\/\/www.design-award.cz\/?s={search_term_string}\"},\"query-input\":{\"@type\":\"PropertyValueSpecification\",\"valueRequired\":true,\"valueName\":\"search_term_string\"}}],\"inLanguage\":\"cs\"},{\"@type\":\"Organization\",\"@id\":\"https:\/\/www.design-award.cz\/#organization\",\"name\":\"Design Award\",\"url\":\"https:\/\/www.design-award.cz\/\",\"logo\":{\"@type\":\"ImageObject\",\"inLanguage\":\"cs\",\"@id\":\"https:\/\/www.design-award.cz\/#\/schema\/logo\/image\/\",\"url\":\"http:\/\/www.design-award.cz\/wp-content\/uploads\/2021\/12\/hornilogo_design-award.png\",\"contentUrl\":\"http:\/\/www.design-award.cz\/wp-content\/uploads\/2021\/12\/hornilogo_design-award.png\",\"width\":800,\"height\":600,\"caption\":\"Design Award\"},\"image\":{\"@id\":\"https:\/\/www.design-award.cz\/#\/schema\/logo\/image\/\"},\"sameAs\":[\"https:\/\/www.instagram.com\/design_award\/\"]}]}<\/script>\n<!-- \/ Yoast SEO plugin. -->","yoast_head_json":{"title":"Ve\u0159ejn\u00fd interi\u00e9r - rozhledna v Tren\u010d\u00edne - design-award.cz","robots":{"index":"index","follow":"follow","max-snippet":"max-snippet:-1","max-image-preview":"max-image-preview:large","max-video-preview":"max-video-preview:-1"},"canonical":"https:\/\/www.design-award.cz\/?portfolio=verejny-interier-rozhledna-v-trencine","og_locale":"cs_CZ","og_type":"article","og_title":"Ve\u0159ejn\u00fd interi\u00e9r - rozhledna v Tren\u010d\u00edne - design-award.cz","og_description":"Krist\u00edna Gallov\u00e1 MICHAEL &#8211; S\u0160 a VO\u0160 reklamn\u00ed a um\u011bleck\u00e9 tvorby, s.r.o. Rozhledna, m\u00edsto, kter\u00e9 si ka\u017ed\u00fd spojujeme s kr\u00e1sn\u00fdm v\u00fdhledem, co\u017e byla i podstata n\u00e1vrhu ka\u017ed\u00e9ho z n\u00e1s. Estetickou ale i funk\u010dn\u00ed str\u00e1nku stavby jsme uzp\u016fsobovali ter\u00e9nu, kter\u00fd jsme si mohli zvolit libovoln\u011b. J\u00e1 jsem si vybrala \u0160tef\u00e1nikovu vyhliadku\/ vyhl\u00eddku, kter\u00e1 se nach\u00e1z\u00ed v [&hellip;]","og_url":"https:\/\/www.design-award.cz\/?portfolio=verejny-interier-rozhledna-v-trencine","og_site_name":"design-award.cz","article_modified_time":"2023-04-15T20:41:16+00:00","og_image":[{"width":614,"height":859,"url":"http:\/\/www.design-award.cz\/wp-content\/uploads\/2023\/04\/KRESBA-VYHLIADKY.png","type":"image\/png"}],"twitter_card":"summary_large_image","twitter_misc":{"Odhadovan\u00e1 doba \u010dten\u00ed":"2 minuty"},"schema":{"@context":"https:\/\/schema.org","@graph":[{"@type":"WebPage","@id":"https:\/\/www.design-award.cz\/?portfolio=verejny-interier-rozhledna-v-trencine","url":"https:\/\/www.design-award.cz\/?portfolio=verejny-interier-rozhledna-v-trencine","name":"Ve\u0159ejn\u00fd interi\u00e9r - rozhledna v Tren\u010d\u00edne - design-award.cz","isPartOf":{"@id":"https:\/\/www.design-award.cz\/#website"},"primaryImageOfPage":{"@id":"https:\/\/www.design-award.cz\/?portfolio=verejny-interier-rozhledna-v-trencine#primaryimage"},"image":{"@id":"https:\/\/www.design-award.cz\/?portfolio=verejny-interier-rozhledna-v-trencine#primaryimage"},"thumbnailUrl":"https:\/\/www.design-award.cz\/wp-content\/uploads\/2023\/04\/KRESBA-VYHLIADKY.png","datePublished":"2023-04-15T20:36:03+00:00","dateModified":"2023-04-15T20:41:16+00:00","breadcrumb":{"@id":"https:\/\/www.design-award.cz\/?portfolio=verejny-interier-rozhledna-v-trencine#breadcrumb"},"inLanguage":"cs","potentialAction":[{"@type":"ReadAction","target":["https:\/\/www.design-award.cz\/?portfolio=verejny-interier-rozhledna-v-trencine"]}]},{"@type":"ImageObject","inLanguage":"cs","@id":"https:\/\/www.design-award.cz\/?portfolio=verejny-interier-rozhledna-v-trencine#primaryimage","url":"https:\/\/www.design-award.cz\/wp-content\/uploads\/2023\/04\/KRESBA-VYHLIADKY.png","contentUrl":"https:\/\/www.design-award.cz\/wp-content\/uploads\/2023\/04\/KRESBA-VYHLIADKY.png","width":614,"height":859},{"@type":"BreadcrumbList","@id":"https:\/\/www.design-award.cz\/?portfolio=verejny-interier-rozhledna-v-trencine#breadcrumb","itemListElement":[{"@type":"ListItem","position":1,"name":"Dom\u016f","item":"https:\/\/www.design-award.cz\/"},{"@type":"ListItem","position":2,"name":"Portfolio Items","item":"https:\/\/www.design-award.cz\/?post_type=portfolio"},{"@type":"ListItem","position":3,"name":"Ve\u0159ejn\u00fd interi\u00e9r &#8211; rozhledna v Tren\u010d\u00edne"}]},{"@type":"WebSite","@id":"https:\/\/www.design-award.cz\/#website","url":"https:\/\/www.design-award.cz\/","name":"design-award.cz","description":"WARD vznikla v roce 2022. Je ur\u010dena p\u0159edev\u0161\u00edm student\u016fm st\u0159edn\u00edch um\u011bleck\u00fdch \u0161kol (S\u0160 a VO\u0160), kte\u0159\u00ed mohou bezplatn\u011b zaslat sv\u00e9 n\u00e1vrhy v uveden\u00fdch kategori\u00ed a tak pom\u011b\u0159it sv\u00e9 n\u00e1pady s konkurenc\u00ed sv\u00fdch vrstevn\u00edk\u016f. N\u00e1vrhy jsou n\u00e1sledn\u011b posouzeny nez\u00e1vislou porotou z \u0159ad v\u00fdtvarn\u00edk\u016f, pedagog\u016f a profesion\u00e1l\u016f z oboru.","publisher":{"@id":"https:\/\/www.design-award.cz\/#organization"},"potentialAction":[{"@type":"SearchAction","target":{"@type":"EntryPoint","urlTemplate":"https:\/\/www.design-award.cz\/?s={search_term_string}"},"query-input":{"@type":"PropertyValueSpecification","valueRequired":true,"valueName":"search_term_string"}}],"inLanguage":"cs"},{"@type":"Organization","@id":"https:\/\/www.design-award.cz\/#organization","name":"Design Award","url":"https:\/\/www.design-award.cz\/","logo":{"@type":"ImageObject","inLanguage":"cs","@id":"https:\/\/www.design-award.cz\/#\/schema\/logo\/image\/","url":"http:\/\/www.design-award.cz\/wp-content\/uploads\/2021\/12\/hornilogo_design-award.png","contentUrl":"http:\/\/www.design-award.cz\/wp-content\/uploads\/2021\/12\/hornilogo_design-award.png","width":800,"height":600,"caption":"Design Award"},"image":{"@id":"https:\/\/www.design-award.cz\/#\/schema\/logo\/image\/"},"sameAs":["https:\/\/www.instagram.com\/design_award\/"]}]}},"_links":{"self":[{"href":"https:\/\/www.design-award.cz\/index.php?rest_route=\/wp\/v2\/portfolio\/2441","targetHints":{"allow":["GET"]}}],"collection":[{"href":"https:\/\/www.design-award.cz\/index.php?rest_route=\/wp\/v2\/portfolio"}],"about":[{"href":"https:\/\/www.design-award.cz\/index.php?rest_route=\/wp\/v2\/types\/portfolio"}],"author":[{"embeddable":true,"href":"https:\/\/www.design-award.cz\/index.php?rest_route=\/wp\/v2\/users\/5"}],"replies":[{"embeddable":true,"href":"https:\/\/www.design-award.cz\/index.php?rest_route=%2Fwp%2Fv2%2Fcomments&post=2441"}],"version-history":[{"count":1,"href":"https:\/\/www.design-award.cz\/index.php?rest_route=\/wp\/v2\/portfolio\/2441\/revisions"}],"predecessor-version":[{"id":2446,"href":"https:\/\/www.design-award.cz\/index.php?rest_route=\/wp\/v2\/portfolio\/2441\/revisions\/2446"}],"wp:featuredmedia":[{"embeddable":true,"href":"https:\/\/www.design-award.cz\/index.php?rest_route=\/wp\/v2\/media\/2442"}],"wp:attachment":[{"href":"https:\/\/www.design-award.cz\/index.php?rest_route=%2Fwp%2Fv2%2Fmedia&parent=2441"}],"wp:term":[{"taxonomy":"portfolio_category","embeddable":true,"href":"https:\/\/www.design-award.cz\/index.php?rest_route=%2Fwp%2Fv2%2Fportfolio_category&post=2441"},{"taxonomy":"portfolio_tag","embeddable":true,"href":"https:\/\/www.design-award.cz\/index.php?rest_route=%2Fwp%2Fv2%2Fportfolio_tag&post=2441"}],"curies":[{"name":"wp","href":"https:\/\/api.w.org\/{rel}","templated":true}]}}