{"id":2490,"date":"2023-04-15T21:42:08","date_gmt":"2023-04-15T21:42:08","guid":{"rendered":"https:\/\/www.design-award.cz\/?post_type=portfolio&#038;p=2490"},"modified":"2023-04-15T21:42:28","modified_gmt":"2023-04-15T21:42:28","slug":"soukromy-interier-koupelna-3","status":"publish","type":"portfolio","link":"https:\/\/www.design-award.cz\/?portfolio=soukromy-interier-koupelna-3","title":{"rendered":"Soukrom\u00fd interi\u00e9r &#8211; Koupelna"},"content":{"rendered":"\n<p>Lucie R\u016f\u017ei\u010dkov\u00e1<\/p>\n\n\n\n<p>MICHAEL &#8211; S\u0160 a VO\u0160 reklamn\u00ed a um\u011bleck\u00e9 tvorby, s.r.o.<\/p>\n\n\n\n<p>M\u00fdm dan\u00fdm p\u016fdorysem pro tento projekt byl prostor o necel\u00fdch 9 m2. V m\u00edstnosti nen\u00ed okno, tud\u00ed\u017e je na m\u00edst\u011b um\u00edstit do koupelny jin\u00fd zp\u016fsob odv\u011btr\u00e1v\u00e1n\u00ed. Moje koupelna by byla ur\u010dena pro p\u00e1r d\u016fchodc\u016f okolo 70 let v\u011bku. \u017d\u00e1dn\u00fdm pohybov\u00fdm omezen\u00edm p\u00e1r zat\u00edm netrp\u00ed, ale vzhledem k vy\u0161\u0161\u00edmu v\u011bku je nutn\u00e9 db\u00e1t na to, aby byla p\u0159\u00edpadn\u00fdm zdravotn\u00edm probl\u00e9m\u016fm koupelna p\u0159izp\u016fsobena i v budoucnu.<br>\u00a0M\u00fdm c\u00edlem bylo vytvo\u0159it p\u0159\u00edjemn\u00fd a funk\u010dn\u00ed prostor pro p\u00e1r senior\u016f, kde se budou moci bezpe\u010dn\u011b a pohodln\u011b pohybovat, bude snadn\u00fd na \u00fadr\u017ebu a z\u00e1rove\u0148 vhodn\u00fdm m\u00edstem pro relax a odpo\u010dinek.<br>Ve sv\u00e9m n\u00e1vrhu jsem pro o\u017eiven\u00ed m\u00edstnosti pou\u017eila obklad r\u016fzn\u00fdch odst\u00edn\u016f modr\u00e9 barvy a skombinovala jsem ho s minimalistickou sv\u011btlou betonovou st\u011brkou na zdech a tmav\u0161\u00ed betonovou dla\u017ebou. Kv\u016fli v\u00fdrazn\u00fdm obklad\u016fm a mosazn\u00fdm bateri\u00edm jsem \u0161la pro jednoduch\u00fd ov\u00e1ln\u00fd tvar umyvadla a sv\u011btl\u00e9 dubov\u00e9 d\u0159evo. Kv\u016fli bezpe\u010dnosti jsem na st\u011bny sprchov\u00e9ho koutu a u toalety um\u00edstila madla a vybrala dla\u017ebu s protiskluzov\u00fdm povrchem. Pro snadn\u011bj\u0161\u00ed zved\u00e1n\u00ed a sed\u00e1n\u00ed jsem vyv\u00fd\u0161ila sed\u00e1tko ve spr\u0161e a toaletu, kter\u00e1 je z\u00e1rove\u0148 vylep\u0161ena bidetovou spr\u0161kou. \u00dalo\u017en\u00e9 prostory obsahuj\u00ed jak pra\u010dku se su\u0161i\u010dkou, tak i vestav\u011bn\u00fd ko\u0161 na pr\u00e1dlo a jejich otev\u00edr\u00e1n\u00ed jsem usnadnila lehk\u00fdm skosen\u00edm desky.<\/p>\n\n\n\n<figure class=\"wp-block-image size-large\"><img decoding=\"async\" width=\"1024\" height=\"576\" data-src=\"http:\/\/www.design-award.cz\/wp-content\/uploads\/2023\/04\/render-scene4-min-min-1-1-1-1024x576.png\" alt=\"\" class=\"wp-image-2492 lazyload\" data-srcset=\"https:\/\/www.design-award.cz\/wp-content\/uploads\/2023\/04\/render-scene4-min-min-1-1-1-1024x576.png 1024w, https:\/\/www.design-award.cz\/wp-content\/uploads\/2023\/04\/render-scene4-min-min-1-1-1-300x169.png 300w, https:\/\/www.design-award.cz\/wp-content\/uploads\/2023\/04\/render-scene4-min-min-1-1-1-768x432.png 768w, https:\/\/www.design-award.cz\/wp-content\/uploads\/2023\/04\/render-scene4-min-min-1-1-1-1536x864.png 1536w, https:\/\/www.design-award.cz\/wp-content\/uploads\/2023\/04\/render-scene4-min-min-1-1-1-2048x1152.png 2048w, https:\/\/www.design-award.cz\/wp-content\/uploads\/2023\/04\/render-scene4-min-min-1-1-1-500x281.png 500w, https:\/\/www.design-award.cz\/wp-content\/uploads\/2023\/04\/render-scene4-min-min-1-1-1-800x450.png 800w, https:\/\/www.design-award.cz\/wp-content\/uploads\/2023\/04\/render-scene4-min-min-1-1-1-1280x720.png 1280w, https:\/\/www.design-award.cz\/wp-content\/uploads\/2023\/04\/render-scene4-min-min-1-1-1-1920x1080.png 1920w\" data-sizes=\"(max-width: 1024px) 100vw, 1024px\" src=\"data:image\/svg+xml;base64,PHN2ZyB3aWR0aD0iMSIgaGVpZ2h0PSIxIiB4bWxucz0iaHR0cDovL3d3dy53My5vcmcvMjAwMC9zdmciPjwvc3ZnPg==\" style=\"--smush-placeholder-width: 1024px; --smush-placeholder-aspect-ratio: 1024\/576;\" \/><\/figure>\n\n\n\n<figure class=\"wp-block-image size-large\"><img decoding=\"async\" width=\"1024\" height=\"576\" data-src=\"http:\/\/www.design-award.cz\/wp-content\/uploads\/2023\/04\/render-scene-2-1-min-1-1024x576.png\" alt=\"\" class=\"wp-image-2495 lazyload\" data-srcset=\"https:\/\/www.design-award.cz\/wp-content\/uploads\/2023\/04\/render-scene-2-1-min-1-1024x576.png 1024w, https:\/\/www.design-award.cz\/wp-content\/uploads\/2023\/04\/render-scene-2-1-min-1-300x169.png 300w, https:\/\/www.design-award.cz\/wp-content\/uploads\/2023\/04\/render-scene-2-1-min-1-768x432.png 768w, https:\/\/www.design-award.cz\/wp-content\/uploads\/2023\/04\/render-scene-2-1-min-1-1536x864.png 1536w, https:\/\/www.design-award.cz\/wp-content\/uploads\/2023\/04\/render-scene-2-1-min-1-2048x1152.png 2048w, https:\/\/www.design-award.cz\/wp-content\/uploads\/2023\/04\/render-scene-2-1-min-1-500x281.png 500w, https:\/\/www.design-award.cz\/wp-content\/uploads\/2023\/04\/render-scene-2-1-min-1-800x450.png 800w, https:\/\/www.design-award.cz\/wp-content\/uploads\/2023\/04\/render-scene-2-1-min-1-1280x720.png 1280w, https:\/\/www.design-award.cz\/wp-content\/uploads\/2023\/04\/render-scene-2-1-min-1-1920x1080.png 1920w\" data-sizes=\"(max-width: 1024px) 100vw, 1024px\" src=\"data:image\/svg+xml;base64,PHN2ZyB3aWR0aD0iMSIgaGVpZ2h0PSIxIiB4bWxucz0iaHR0cDovL3d3dy53My5vcmcvMjAwMC9zdmciPjwvc3ZnPg==\" style=\"--smush-placeholder-width: 1024px; --smush-placeholder-aspect-ratio: 1024\/576;\" \/><\/figure>\n\n\n\n<figure class=\"wp-block-image size-large\"><img decoding=\"async\" width=\"1024\" height=\"576\" data-src=\"http:\/\/www.design-award.cz\/wp-content\/uploads\/2023\/04\/render-top-view-1-min-1024x576.png\" alt=\"\" class=\"wp-image-2493 lazyload\" data-srcset=\"https:\/\/www.design-award.cz\/wp-content\/uploads\/2023\/04\/render-top-view-1-min-1024x576.png 1024w, https:\/\/www.design-award.cz\/wp-content\/uploads\/2023\/04\/render-top-view-1-min-300x169.png 300w, https:\/\/www.design-award.cz\/wp-content\/uploads\/2023\/04\/render-top-view-1-min-768x432.png 768w, https:\/\/www.design-award.cz\/wp-content\/uploads\/2023\/04\/render-top-view-1-min-1536x864.png 1536w, https:\/\/www.design-award.cz\/wp-content\/uploads\/2023\/04\/render-top-view-1-min-2048x1152.png 2048w, https:\/\/www.design-award.cz\/wp-content\/uploads\/2023\/04\/render-top-view-1-min-500x281.png 500w, https:\/\/www.design-award.cz\/wp-content\/uploads\/2023\/04\/render-top-view-1-min-800x450.png 800w, https:\/\/www.design-award.cz\/wp-content\/uploads\/2023\/04\/render-top-view-1-min-1280x720.png 1280w, https:\/\/www.design-award.cz\/wp-content\/uploads\/2023\/04\/render-top-view-1-min-1920x1080.png 1920w\" data-sizes=\"(max-width: 1024px) 100vw, 1024px\" src=\"data:image\/svg+xml;base64,PHN2ZyB3aWR0aD0iMSIgaGVpZ2h0PSIxIiB4bWxucz0iaHR0cDovL3d3dy53My5vcmcvMjAwMC9zdmciPjwvc3ZnPg==\" style=\"--smush-placeholder-width: 1024px; --smush-placeholder-aspect-ratio: 1024\/576;\" \/><\/figure>\n\n\n\n<figure class=\"wp-block-image size-large\"><img decoding=\"async\" width=\"791\" height=\"1024\" data-src=\"http:\/\/www.design-award.cz\/wp-content\/uploads\/2023\/04\/koupelna-pudorys1-1_page-0001-791x1024.jpg\" alt=\"\" class=\"wp-image-2494 lazyload\" data-srcset=\"https:\/\/www.design-award.cz\/wp-content\/uploads\/2023\/04\/koupelna-pudorys1-1_page-0001-791x1024.jpg 791w, https:\/\/www.design-award.cz\/wp-content\/uploads\/2023\/04\/koupelna-pudorys1-1_page-0001-232x300.jpg 232w, https:\/\/www.design-award.cz\/wp-content\/uploads\/2023\/04\/koupelna-pudorys1-1_page-0001-768x994.jpg 768w, https:\/\/www.design-award.cz\/wp-content\/uploads\/2023\/04\/koupelna-pudorys1-1_page-0001-1187x1536.jpg 1187w, https:\/\/www.design-award.cz\/wp-content\/uploads\/2023\/04\/koupelna-pudorys1-1_page-0001-1583x2048.jpg 1583w, https:\/\/www.design-award.cz\/wp-content\/uploads\/2023\/04\/koupelna-pudorys1-1_page-0001-500x647.jpg 500w, https:\/\/www.design-award.cz\/wp-content\/uploads\/2023\/04\/koupelna-pudorys1-1_page-0001-800x1035.jpg 800w, https:\/\/www.design-award.cz\/wp-content\/uploads\/2023\/04\/koupelna-pudorys1-1_page-0001-1280x1656.jpg 1280w, https:\/\/www.design-award.cz\/wp-content\/uploads\/2023\/04\/koupelna-pudorys1-1_page-0001-1920x2485.jpg 1920w, https:\/\/www.design-award.cz\/wp-content\/uploads\/2023\/04\/koupelna-pudorys1-1_page-0001-scaled.jpg 1978w\" data-sizes=\"(max-width: 791px) 100vw, 791px\" src=\"data:image\/svg+xml;base64,PHN2ZyB3aWR0aD0iMSIgaGVpZ2h0PSIxIiB4bWxucz0iaHR0cDovL3d3dy53My5vcmcvMjAwMC9zdmciPjwvc3ZnPg==\" style=\"--smush-placeholder-width: 791px; --smush-placeholder-aspect-ratio: 791\/1024;\" \/><\/figure>\n","protected":false},"excerpt":{"rendered":"<p>Lucie R\u016f\u017ei\u010dkov\u00e1 MICHAEL &#8211; S\u0160 a VO\u0160 reklamn\u00ed a um\u011bleck\u00e9 tvorby, s.r.o. M\u00fdm dan\u00fdm p\u016fdorysem pro tento projekt byl prostor o necel\u00fdch 9 m2. V m\u00edstnosti nen\u00ed okno, tud\u00ed\u017e je na m\u00edst\u011b um\u00edstit do koupelny jin\u00fd zp\u016fsob odv\u011btr\u00e1v\u00e1n\u00ed. Moje koupelna by byla ur\u010dena pro p\u00e1r d\u016fchodc\u016f okolo 70 let v\u011bku. \u017d\u00e1dn\u00fdm pohybov\u00fdm omezen\u00edm p\u00e1r zat\u00edm [&hellip;]<\/p>\n","protected":false},"author":5,"featured_media":2491,"menu_order":0,"comment_status":"closed","ping_status":"closed","template":"","format":"standard","meta":{"ngg_post_thumbnail":0,"ocean_post_layout":"","ocean_both_sidebars_style":"","ocean_both_sidebars_content_width":0,"ocean_both_sidebars_sidebars_width":0,"ocean_sidebar":"","ocean_second_sidebar":"","ocean_disable_margins":"enable","ocean_add_body_class":"","ocean_shortcode_before_top_bar":"","ocean_shortcode_after_top_bar":"","ocean_shortcode_before_header":"","ocean_shortcode_after_header":"","ocean_has_shortcode":"","ocean_shortcode_after_title":"","ocean_shortcode_before_footer_widgets":"","ocean_shortcode_after_footer_widgets":"","ocean_shortcode_before_footer_bottom":"","ocean_shortcode_after_footer_bottom":"","ocean_display_top_bar":"default","ocean_display_header":"default","ocean_header_style":"","ocean_center_header_left_menu":"","ocean_custom_header_template":"","ocean_custom_logo":0,"ocean_custom_retina_logo":0,"ocean_custom_logo_max_width":0,"ocean_custom_logo_tablet_max_width":0,"ocean_custom_logo_mobile_max_width":0,"ocean_custom_logo_max_height":0,"ocean_custom_logo_tablet_max_height":0,"ocean_custom_logo_mobile_max_height":0,"ocean_header_custom_menu":"","ocean_menu_typo_font_family":"","ocean_menu_typo_font_subset":"","ocean_menu_typo_font_size":0,"ocean_menu_typo_font_size_tablet":0,"ocean_menu_typo_font_size_mobile":0,"ocean_menu_typo_font_size_unit":"px","ocean_menu_typo_font_weight":"","ocean_menu_typo_font_weight_tablet":"","ocean_menu_typo_font_weight_mobile":"","ocean_menu_typo_transform":"","ocean_menu_typo_transform_tablet":"","ocean_menu_typo_transform_mobile":"","ocean_menu_typo_line_height":0,"ocean_menu_typo_line_height_tablet":0,"ocean_menu_typo_line_height_mobile":0,"ocean_menu_typo_line_height_unit":"","ocean_menu_typo_spacing":0,"ocean_menu_typo_spacing_tablet":0,"ocean_menu_typo_spacing_mobile":0,"ocean_menu_typo_spacing_unit":"","ocean_menu_link_color":"","ocean_menu_link_color_hover":"","ocean_menu_link_color_active":"","ocean_menu_link_background":"","ocean_menu_link_hover_background":"","ocean_menu_link_active_background":"","ocean_menu_social_links_bg":"","ocean_menu_social_hover_links_bg":"","ocean_menu_social_links_color":"","ocean_menu_social_hover_links_color":"","ocean_disable_title":"default","ocean_disable_heading":"default","ocean_post_title":"","ocean_post_subheading":"","ocean_post_title_style":"","ocean_post_title_background_color":"","ocean_post_title_background":0,"ocean_post_title_bg_image_position":"","ocean_post_title_bg_image_attachment":"","ocean_post_title_bg_image_repeat":"","ocean_post_title_bg_image_size":"","ocean_post_title_height":0,"ocean_post_title_bg_overlay":0.5,"ocean_post_title_bg_overlay_color":"","ocean_disable_breadcrumbs":"default","ocean_breadcrumbs_color":"","ocean_breadcrumbs_separator_color":"","ocean_breadcrumbs_links_color":"","ocean_breadcrumbs_links_hover_color":"","ocean_display_footer_widgets":"default","ocean_display_footer_bottom":"default","ocean_custom_footer_template":"","_vp_format_video_url":"","_vp_image_focal_point":[],"footnotes":""},"portfolio_category":[10],"portfolio_tag":[],"class_list":["post-2490","portfolio","type-portfolio","status-publish","format-standard","has-post-thumbnail","hentry","portfolio_category-soutezici-2023","entry","has-media"],"yoast_head":"<!-- This site is optimized with the Yoast SEO plugin v25.2 - https:\/\/yoast.com\/wordpress\/plugins\/seo\/ -->\n<title>Soukrom\u00fd interi\u00e9r - Koupelna - design-award.cz<\/title>\n<meta name=\"robots\" content=\"index, follow, max-snippet:-1, max-image-preview:large, max-video-preview:-1\" \/>\n<link rel=\"canonical\" href=\"https:\/\/www.design-award.cz\/?portfolio=soukromy-interier-koupelna-3\" \/>\n<meta property=\"og:locale\" content=\"cs_CZ\" \/>\n<meta property=\"og:type\" content=\"article\" \/>\n<meta property=\"og:title\" content=\"Soukrom\u00fd interi\u00e9r - Koupelna - design-award.cz\" \/>\n<meta property=\"og:description\" content=\"Lucie R\u016f\u017ei\u010dkov\u00e1 MICHAEL &#8211; S\u0160 a VO\u0160 reklamn\u00ed a um\u011bleck\u00e9 tvorby, s.r.o. M\u00fdm dan\u00fdm p\u016fdorysem pro tento projekt byl prostor o necel\u00fdch 9 m2. V m\u00edstnosti nen\u00ed okno, tud\u00ed\u017e je na m\u00edst\u011b um\u00edstit do koupelny jin\u00fd zp\u016fsob odv\u011btr\u00e1v\u00e1n\u00ed. Moje koupelna by byla ur\u010dena pro p\u00e1r d\u016fchodc\u016f okolo 70 let v\u011bku. \u017d\u00e1dn\u00fdm pohybov\u00fdm omezen\u00edm p\u00e1r zat\u00edm [&hellip;]\" \/>\n<meta property=\"og:url\" content=\"https:\/\/www.design-award.cz\/?portfolio=soukromy-interier-koupelna-3\" \/>\n<meta property=\"og:site_name\" content=\"design-award.cz\" \/>\n<meta property=\"article:modified_time\" content=\"2023-04-15T21:42:28+00:00\" \/>\n<meta property=\"og:image\" content=\"http:\/\/www.design-award.cz\/wp-content\/uploads\/2023\/04\/render-scene-3-1-min.png\" \/>\n\t<meta property=\"og:image:width\" content=\"1920\" \/>\n\t<meta property=\"og:image:height\" content=\"1080\" \/>\n\t<meta property=\"og:image:type\" content=\"image\/png\" \/>\n<meta name=\"twitter:card\" content=\"summary_large_image\" \/>\n<meta name=\"twitter:label1\" content=\"Odhadovan\u00e1 doba \u010dten\u00ed\" \/>\n\t<meta name=\"twitter:data1\" content=\"2 minuty\" \/>\n<script type=\"application\/ld+json\" class=\"yoast-schema-graph\">{\"@context\":\"https:\/\/schema.org\",\"@graph\":[{\"@type\":\"WebPage\",\"@id\":\"https:\/\/www.design-award.cz\/?portfolio=soukromy-interier-koupelna-3\",\"url\":\"https:\/\/www.design-award.cz\/?portfolio=soukromy-interier-koupelna-3\",\"name\":\"Soukrom\u00fd interi\u00e9r - Koupelna - design-award.cz\",\"isPartOf\":{\"@id\":\"https:\/\/www.design-award.cz\/#website\"},\"primaryImageOfPage\":{\"@id\":\"https:\/\/www.design-award.cz\/?portfolio=soukromy-interier-koupelna-3#primaryimage\"},\"image\":{\"@id\":\"https:\/\/www.design-award.cz\/?portfolio=soukromy-interier-koupelna-3#primaryimage\"},\"thumbnailUrl\":\"https:\/\/www.design-award.cz\/wp-content\/uploads\/2023\/04\/render-scene-3-1-min.png\",\"datePublished\":\"2023-04-15T21:42:08+00:00\",\"dateModified\":\"2023-04-15T21:42:28+00:00\",\"breadcrumb\":{\"@id\":\"https:\/\/www.design-award.cz\/?portfolio=soukromy-interier-koupelna-3#breadcrumb\"},\"inLanguage\":\"cs\",\"potentialAction\":[{\"@type\":\"ReadAction\",\"target\":[\"https:\/\/www.design-award.cz\/?portfolio=soukromy-interier-koupelna-3\"]}]},{\"@type\":\"ImageObject\",\"inLanguage\":\"cs\",\"@id\":\"https:\/\/www.design-award.cz\/?portfolio=soukromy-interier-koupelna-3#primaryimage\",\"url\":\"https:\/\/www.design-award.cz\/wp-content\/uploads\/2023\/04\/render-scene-3-1-min.png\",\"contentUrl\":\"https:\/\/www.design-award.cz\/wp-content\/uploads\/2023\/04\/render-scene-3-1-min.png\",\"width\":1920,\"height\":1080},{\"@type\":\"BreadcrumbList\",\"@id\":\"https:\/\/www.design-award.cz\/?portfolio=soukromy-interier-koupelna-3#breadcrumb\",\"itemListElement\":[{\"@type\":\"ListItem\",\"position\":1,\"name\":\"Dom\u016f\",\"item\":\"https:\/\/www.design-award.cz\/\"},{\"@type\":\"ListItem\",\"position\":2,\"name\":\"Portfolio Items\",\"item\":\"https:\/\/www.design-award.cz\/?post_type=portfolio\"},{\"@type\":\"ListItem\",\"position\":3,\"name\":\"Soukrom\u00fd interi\u00e9r &#8211; Koupelna\"}]},{\"@type\":\"WebSite\",\"@id\":\"https:\/\/www.design-award.cz\/#website\",\"url\":\"https:\/\/www.design-award.cz\/\",\"name\":\"design-award.cz\",\"description\":\"WARD vznikla v roce 2022. Je ur\u010dena p\u0159edev\u0161\u00edm student\u016fm st\u0159edn\u00edch um\u011bleck\u00fdch \u0161kol (S\u0160 a VO\u0160), kte\u0159\u00ed mohou bezplatn\u011b zaslat sv\u00e9 n\u00e1vrhy v uveden\u00fdch kategori\u00ed a tak pom\u011b\u0159it sv\u00e9 n\u00e1pady s konkurenc\u00ed sv\u00fdch vrstevn\u00edk\u016f. N\u00e1vrhy jsou n\u00e1sledn\u011b posouzeny nez\u00e1vislou porotou z \u0159ad v\u00fdtvarn\u00edk\u016f, pedagog\u016f a profesion\u00e1l\u016f z oboru.\",\"publisher\":{\"@id\":\"https:\/\/www.design-award.cz\/#organization\"},\"potentialAction\":[{\"@type\":\"SearchAction\",\"target\":{\"@type\":\"EntryPoint\",\"urlTemplate\":\"https:\/\/www.design-award.cz\/?s={search_term_string}\"},\"query-input\":{\"@type\":\"PropertyValueSpecification\",\"valueRequired\":true,\"valueName\":\"search_term_string\"}}],\"inLanguage\":\"cs\"},{\"@type\":\"Organization\",\"@id\":\"https:\/\/www.design-award.cz\/#organization\",\"name\":\"Design Award\",\"url\":\"https:\/\/www.design-award.cz\/\",\"logo\":{\"@type\":\"ImageObject\",\"inLanguage\":\"cs\",\"@id\":\"https:\/\/www.design-award.cz\/#\/schema\/logo\/image\/\",\"url\":\"http:\/\/www.design-award.cz\/wp-content\/uploads\/2021\/12\/hornilogo_design-award.png\",\"contentUrl\":\"http:\/\/www.design-award.cz\/wp-content\/uploads\/2021\/12\/hornilogo_design-award.png\",\"width\":800,\"height\":600,\"caption\":\"Design Award\"},\"image\":{\"@id\":\"https:\/\/www.design-award.cz\/#\/schema\/logo\/image\/\"},\"sameAs\":[\"https:\/\/www.instagram.com\/design_award\/\"]}]}<\/script>\n<!-- \/ Yoast SEO plugin. -->","yoast_head_json":{"title":"Soukrom\u00fd interi\u00e9r - Koupelna - design-award.cz","robots":{"index":"index","follow":"follow","max-snippet":"max-snippet:-1","max-image-preview":"max-image-preview:large","max-video-preview":"max-video-preview:-1"},"canonical":"https:\/\/www.design-award.cz\/?portfolio=soukromy-interier-koupelna-3","og_locale":"cs_CZ","og_type":"article","og_title":"Soukrom\u00fd interi\u00e9r - Koupelna - design-award.cz","og_description":"Lucie R\u016f\u017ei\u010dkov\u00e1 MICHAEL &#8211; S\u0160 a VO\u0160 reklamn\u00ed a um\u011bleck\u00e9 tvorby, s.r.o. M\u00fdm dan\u00fdm p\u016fdorysem pro tento projekt byl prostor o necel\u00fdch 9 m2. V m\u00edstnosti nen\u00ed okno, tud\u00ed\u017e je na m\u00edst\u011b um\u00edstit do koupelny jin\u00fd zp\u016fsob odv\u011btr\u00e1v\u00e1n\u00ed. Moje koupelna by byla ur\u010dena pro p\u00e1r d\u016fchodc\u016f okolo 70 let v\u011bku. \u017d\u00e1dn\u00fdm pohybov\u00fdm omezen\u00edm p\u00e1r zat\u00edm [&hellip;]","og_url":"https:\/\/www.design-award.cz\/?portfolio=soukromy-interier-koupelna-3","og_site_name":"design-award.cz","article_modified_time":"2023-04-15T21:42:28+00:00","og_image":[{"width":1920,"height":1080,"url":"http:\/\/www.design-award.cz\/wp-content\/uploads\/2023\/04\/render-scene-3-1-min.png","type":"image\/png"}],"twitter_card":"summary_large_image","twitter_misc":{"Odhadovan\u00e1 doba \u010dten\u00ed":"2 minuty"},"schema":{"@context":"https:\/\/schema.org","@graph":[{"@type":"WebPage","@id":"https:\/\/www.design-award.cz\/?portfolio=soukromy-interier-koupelna-3","url":"https:\/\/www.design-award.cz\/?portfolio=soukromy-interier-koupelna-3","name":"Soukrom\u00fd interi\u00e9r - Koupelna - design-award.cz","isPartOf":{"@id":"https:\/\/www.design-award.cz\/#website"},"primaryImageOfPage":{"@id":"https:\/\/www.design-award.cz\/?portfolio=soukromy-interier-koupelna-3#primaryimage"},"image":{"@id":"https:\/\/www.design-award.cz\/?portfolio=soukromy-interier-koupelna-3#primaryimage"},"thumbnailUrl":"https:\/\/www.design-award.cz\/wp-content\/uploads\/2023\/04\/render-scene-3-1-min.png","datePublished":"2023-04-15T21:42:08+00:00","dateModified":"2023-04-15T21:42:28+00:00","breadcrumb":{"@id":"https:\/\/www.design-award.cz\/?portfolio=soukromy-interier-koupelna-3#breadcrumb"},"inLanguage":"cs","potentialAction":[{"@type":"ReadAction","target":["https:\/\/www.design-award.cz\/?portfolio=soukromy-interier-koupelna-3"]}]},{"@type":"ImageObject","inLanguage":"cs","@id":"https:\/\/www.design-award.cz\/?portfolio=soukromy-interier-koupelna-3#primaryimage","url":"https:\/\/www.design-award.cz\/wp-content\/uploads\/2023\/04\/render-scene-3-1-min.png","contentUrl":"https:\/\/www.design-award.cz\/wp-content\/uploads\/2023\/04\/render-scene-3-1-min.png","width":1920,"height":1080},{"@type":"BreadcrumbList","@id":"https:\/\/www.design-award.cz\/?portfolio=soukromy-interier-koupelna-3#breadcrumb","itemListElement":[{"@type":"ListItem","position":1,"name":"Dom\u016f","item":"https:\/\/www.design-award.cz\/"},{"@type":"ListItem","position":2,"name":"Portfolio Items","item":"https:\/\/www.design-award.cz\/?post_type=portfolio"},{"@type":"ListItem","position":3,"name":"Soukrom\u00fd interi\u00e9r &#8211; Koupelna"}]},{"@type":"WebSite","@id":"https:\/\/www.design-award.cz\/#website","url":"https:\/\/www.design-award.cz\/","name":"design-award.cz","description":"WARD vznikla v roce 2022. Je ur\u010dena p\u0159edev\u0161\u00edm student\u016fm st\u0159edn\u00edch um\u011bleck\u00fdch \u0161kol (S\u0160 a VO\u0160), kte\u0159\u00ed mohou bezplatn\u011b zaslat sv\u00e9 n\u00e1vrhy v uveden\u00fdch kategori\u00ed a tak pom\u011b\u0159it sv\u00e9 n\u00e1pady s konkurenc\u00ed sv\u00fdch vrstevn\u00edk\u016f. N\u00e1vrhy jsou n\u00e1sledn\u011b posouzeny nez\u00e1vislou porotou z \u0159ad v\u00fdtvarn\u00edk\u016f, pedagog\u016f a profesion\u00e1l\u016f z oboru.","publisher":{"@id":"https:\/\/www.design-award.cz\/#organization"},"potentialAction":[{"@type":"SearchAction","target":{"@type":"EntryPoint","urlTemplate":"https:\/\/www.design-award.cz\/?s={search_term_string}"},"query-input":{"@type":"PropertyValueSpecification","valueRequired":true,"valueName":"search_term_string"}}],"inLanguage":"cs"},{"@type":"Organization","@id":"https:\/\/www.design-award.cz\/#organization","name":"Design Award","url":"https:\/\/www.design-award.cz\/","logo":{"@type":"ImageObject","inLanguage":"cs","@id":"https:\/\/www.design-award.cz\/#\/schema\/logo\/image\/","url":"http:\/\/www.design-award.cz\/wp-content\/uploads\/2021\/12\/hornilogo_design-award.png","contentUrl":"http:\/\/www.design-award.cz\/wp-content\/uploads\/2021\/12\/hornilogo_design-award.png","width":800,"height":600,"caption":"Design Award"},"image":{"@id":"https:\/\/www.design-award.cz\/#\/schema\/logo\/image\/"},"sameAs":["https:\/\/www.instagram.com\/design_award\/"]}]}},"_links":{"self":[{"href":"https:\/\/www.design-award.cz\/index.php?rest_route=\/wp\/v2\/portfolio\/2490","targetHints":{"allow":["GET"]}}],"collection":[{"href":"https:\/\/www.design-award.cz\/index.php?rest_route=\/wp\/v2\/portfolio"}],"about":[{"href":"https:\/\/www.design-award.cz\/index.php?rest_route=\/wp\/v2\/types\/portfolio"}],"author":[{"embeddable":true,"href":"https:\/\/www.design-award.cz\/index.php?rest_route=\/wp\/v2\/users\/5"}],"replies":[{"embeddable":true,"href":"https:\/\/www.design-award.cz\/index.php?rest_route=%2Fwp%2Fv2%2Fcomments&post=2490"}],"version-history":[{"count":1,"href":"https:\/\/www.design-award.cz\/index.php?rest_route=\/wp\/v2\/portfolio\/2490\/revisions"}],"predecessor-version":[{"id":2496,"href":"https:\/\/www.design-award.cz\/index.php?rest_route=\/wp\/v2\/portfolio\/2490\/revisions\/2496"}],"wp:featuredmedia":[{"embeddable":true,"href":"https:\/\/www.design-award.cz\/index.php?rest_route=\/wp\/v2\/media\/2491"}],"wp:attachment":[{"href":"https:\/\/www.design-award.cz\/index.php?rest_route=%2Fwp%2Fv2%2Fmedia&parent=2490"}],"wp:term":[{"taxonomy":"portfolio_category","embeddable":true,"href":"https:\/\/www.design-award.cz\/index.php?rest_route=%2Fwp%2Fv2%2Fportfolio_category&post=2490"},{"taxonomy":"portfolio_tag","embeddable":true,"href":"https:\/\/www.design-award.cz\/index.php?rest_route=%2Fwp%2Fv2%2Fportfolio_tag&post=2490"}],"curies":[{"name":"wp","href":"https:\/\/api.w.org\/{rel}","templated":true}]}}