{"id":2533,"date":"2023-04-16T15:14:45","date_gmt":"2023-04-16T15:14:45","guid":{"rendered":"https:\/\/www.design-award.cz\/?post_type=portfolio&#038;p=2533"},"modified":"2023-04-16T15:14:46","modified_gmt":"2023-04-16T15:14:46","slug":"produktovy-design-aalto","status":"publish","type":"portfolio","link":"https:\/\/www.design-award.cz\/?portfolio=produktovy-design-aalto","title":{"rendered":"Produktov\u00fd design &#8211; Aalto"},"content":{"rendered":"\n<p>Veronika \u0160oltov\u00e1<\/p>\n\n\n\n<p>St\u0159edn\u00ed \u0161kola designu interi\u00e9ru Kate\u0159inky &#8211; Liberec, s.r.o.<\/p>\n\n\n\n<p>Aalto je origin\u00e1ln\u00ed sedadlo, kter\u00e9 jsem navrhla pro odpo\u010dinek ve ve\u0159ejn\u00fdch prostorech.<\/p>\n\n\n\n<p>Skl\u00e1d\u00e1 se z \u010d\u00e1sti speci\u00e1ln\u011b vytvarovan\u00e9 k pohodln\u00e9mu sezen\u00ed pro jednu osobu, prostoru pro ulo\u017een\u00ed zavazadla a mal\u00e9 plochy na odlo\u017een\u00ed u\u010debnic, knih, k\u00e1vy \u010di jin\u00fdch p\u0159edm\u011bt\u016f. Proto se v\u00fdborn\u011b hod\u00ed nap\u0159. do prostor ve\u0159ejn\u00fdch knihoven, nebo na \u0161koln\u00ed chodby, kdy\u017e se \u010dlov\u011bk pot\u0159ebuje na posledn\u00ed chv\u00edli p\u0159ipravit na test.<\/p>\n\n\n\n<p>Sedadlo m\u00e1 jemn\u00fd, elegantn\u00ed tvar vlny a podle toho bylo tak\u00e9 pojmenov\u00e1no. Aalto je finsk\u00e9 slovo, kter\u00e9 se p\u0159ekl\u00e1d\u00e1 jako vlna. Finsk\u00fd p\u0159eklad jsem vybrala p\u0159edev\u0161\u00edm z d\u016fvodu, \u017ee n\u00e1pad vznikl, kdy\u017e jsem byla na st\u00e1\u017ei pr\u00e1v\u011b ve Finsku.<\/p>\n\n\n\n<p>Aalto je slo\u017eeno z jednotliv\u00fdch d\u00edl\u016f z b\u0159ezov\u00e9 p\u0159ekli\u017eky 15 mm, kter\u00e9 jsou k sob\u011b p\u0159ipevn\u011bny pomoc\u00ed n\u011bkolika z\u00e1vitov\u00fdch ty\u010d\u00ed. Vn\u011bj\u0161\u00ed vrstvy jsou pak k sedadlu p\u0159ilepen\u00e9, aby z\u00e1vitov\u00e9 ty\u010de nebyly vid\u011bt a neru\u0161ily tak jemn\u00fd a \u010dist\u00fd vzhled sedadla.<\/p>\n\n\n\n<p>Sedadlo je zhruba 1,5 m \u0161irok\u00e9 a v nejvy\u0161\u0161\u00edm bod\u011b 60 cm vysok\u00e9.<\/p>\n\n\n\n<figure class=\"wp-block-image size-large\"><img decoding=\"async\" width=\"1024\" height=\"768\" data-src=\"http:\/\/www.design-award.cz\/wp-content\/uploads\/2023\/04\/veronika-soltova_originalni-sedadlo-aalto_foto-4-1024x768.jpg\" alt=\"\" class=\"wp-image-2538 lazyload\" data-srcset=\"https:\/\/www.design-award.cz\/wp-content\/uploads\/2023\/04\/veronika-soltova_originalni-sedadlo-aalto_foto-4-1024x768.jpg 1024w, https:\/\/www.design-award.cz\/wp-content\/uploads\/2023\/04\/veronika-soltova_originalni-sedadlo-aalto_foto-4-300x225.jpg 300w, https:\/\/www.design-award.cz\/wp-content\/uploads\/2023\/04\/veronika-soltova_originalni-sedadlo-aalto_foto-4-768x576.jpg 768w, https:\/\/www.design-award.cz\/wp-content\/uploads\/2023\/04\/veronika-soltova_originalni-sedadlo-aalto_foto-4-500x375.jpg 500w, https:\/\/www.design-award.cz\/wp-content\/uploads\/2023\/04\/veronika-soltova_originalni-sedadlo-aalto_foto-4-800x600.jpg 800w, https:\/\/www.design-award.cz\/wp-content\/uploads\/2023\/04\/veronika-soltova_originalni-sedadlo-aalto_foto-4-1280x960.jpg 1280w, https:\/\/www.design-award.cz\/wp-content\/uploads\/2023\/04\/veronika-soltova_originalni-sedadlo-aalto_foto-4.jpg 1329w\" data-sizes=\"(max-width: 1024px) 100vw, 1024px\" src=\"data:image\/svg+xml;base64,PHN2ZyB3aWR0aD0iMSIgaGVpZ2h0PSIxIiB4bWxucz0iaHR0cDovL3d3dy53My5vcmcvMjAwMC9zdmciPjwvc3ZnPg==\" style=\"--smush-placeholder-width: 1024px; --smush-placeholder-aspect-ratio: 1024\/768;\" \/><\/figure>\n\n\n\n<figure class=\"wp-block-image size-large\"><img decoding=\"async\" width=\"1024\" height=\"768\" data-src=\"http:\/\/www.design-award.cz\/wp-content\/uploads\/2023\/04\/veronika-soltova_originalni-sedadlo-aalto_foto-5-1024x768.jpg\" alt=\"\" class=\"wp-image-2534 lazyload\" data-srcset=\"https:\/\/www.design-award.cz\/wp-content\/uploads\/2023\/04\/veronika-soltova_originalni-sedadlo-aalto_foto-5-1024x768.jpg 1024w, https:\/\/www.design-award.cz\/wp-content\/uploads\/2023\/04\/veronika-soltova_originalni-sedadlo-aalto_foto-5-300x225.jpg 300w, https:\/\/www.design-award.cz\/wp-content\/uploads\/2023\/04\/veronika-soltova_originalni-sedadlo-aalto_foto-5-768x576.jpg 768w, https:\/\/www.design-award.cz\/wp-content\/uploads\/2023\/04\/veronika-soltova_originalni-sedadlo-aalto_foto-5-500x375.jpg 500w, https:\/\/www.design-award.cz\/wp-content\/uploads\/2023\/04\/veronika-soltova_originalni-sedadlo-aalto_foto-5-800x600.jpg 800w, https:\/\/www.design-award.cz\/wp-content\/uploads\/2023\/04\/veronika-soltova_originalni-sedadlo-aalto_foto-5-1280x960.jpg 1280w, https:\/\/www.design-award.cz\/wp-content\/uploads\/2023\/04\/veronika-soltova_originalni-sedadlo-aalto_foto-5.jpg 1440w\" data-sizes=\"(max-width: 1024px) 100vw, 1024px\" src=\"data:image\/svg+xml;base64,PHN2ZyB3aWR0aD0iMSIgaGVpZ2h0PSIxIiB4bWxucz0iaHR0cDovL3d3dy53My5vcmcvMjAwMC9zdmciPjwvc3ZnPg==\" style=\"--smush-placeholder-width: 1024px; --smush-placeholder-aspect-ratio: 1024\/768;\" \/><\/figure>\n\n\n\n<figure class=\"wp-block-image size-large\"><img decoding=\"async\" width=\"1024\" height=\"576\" data-src=\"http:\/\/www.design-award.cz\/wp-content\/uploads\/2023\/04\/veronika-soltova_originalni-sedadlo-aalto_foto-7-1024x576.jpg\" alt=\"\" class=\"wp-image-2535 lazyload\" data-srcset=\"https:\/\/www.design-award.cz\/wp-content\/uploads\/2023\/04\/veronika-soltova_originalni-sedadlo-aalto_foto-7-1024x576.jpg 1024w, https:\/\/www.design-award.cz\/wp-content\/uploads\/2023\/04\/veronika-soltova_originalni-sedadlo-aalto_foto-7-300x169.jpg 300w, https:\/\/www.design-award.cz\/wp-content\/uploads\/2023\/04\/veronika-soltova_originalni-sedadlo-aalto_foto-7-768x432.jpg 768w, https:\/\/www.design-award.cz\/wp-content\/uploads\/2023\/04\/veronika-soltova_originalni-sedadlo-aalto_foto-7-1536x864.jpg 1536w, https:\/\/www.design-award.cz\/wp-content\/uploads\/2023\/04\/veronika-soltova_originalni-sedadlo-aalto_foto-7-500x281.jpg 500w, https:\/\/www.design-award.cz\/wp-content\/uploads\/2023\/04\/veronika-soltova_originalni-sedadlo-aalto_foto-7-800x450.jpg 800w, https:\/\/www.design-award.cz\/wp-content\/uploads\/2023\/04\/veronika-soltova_originalni-sedadlo-aalto_foto-7-1280x720.jpg 1280w, https:\/\/www.design-award.cz\/wp-content\/uploads\/2023\/04\/veronika-soltova_originalni-sedadlo-aalto_foto-7.jpg 1920w\" data-sizes=\"(max-width: 1024px) 100vw, 1024px\" src=\"data:image\/svg+xml;base64,PHN2ZyB3aWR0aD0iMSIgaGVpZ2h0PSIxIiB4bWxucz0iaHR0cDovL3d3dy53My5vcmcvMjAwMC9zdmciPjwvc3ZnPg==\" style=\"--smush-placeholder-width: 1024px; --smush-placeholder-aspect-ratio: 1024\/576;\" \/><\/figure>\n\n\n\n<figure class=\"wp-block-image size-full\"><img decoding=\"async\" width=\"964\" height=\"719\" data-src=\"http:\/\/www.design-award.cz\/wp-content\/uploads\/2023\/04\/koty-1.jpg\" alt=\"\" class=\"wp-image-2536 lazyload\" data-srcset=\"https:\/\/www.design-award.cz\/wp-content\/uploads\/2023\/04\/koty-1.jpg 964w, https:\/\/www.design-award.cz\/wp-content\/uploads\/2023\/04\/koty-1-300x224.jpg 300w, https:\/\/www.design-award.cz\/wp-content\/uploads\/2023\/04\/koty-1-768x573.jpg 768w, https:\/\/www.design-award.cz\/wp-content\/uploads\/2023\/04\/koty-1-500x373.jpg 500w, https:\/\/www.design-award.cz\/wp-content\/uploads\/2023\/04\/koty-1-800x597.jpg 800w\" data-sizes=\"(max-width: 964px) 100vw, 964px\" src=\"data:image\/svg+xml;base64,PHN2ZyB3aWR0aD0iMSIgaGVpZ2h0PSIxIiB4bWxucz0iaHR0cDovL3d3dy53My5vcmcvMjAwMC9zdmciPjwvc3ZnPg==\" style=\"--smush-placeholder-width: 964px; --smush-placeholder-aspect-ratio: 964\/719;\" \/><\/figure>\n","protected":false},"excerpt":{"rendered":"<p>Veronika \u0160oltov\u00e1 St\u0159edn\u00ed \u0161kola designu interi\u00e9ru Kate\u0159inky &#8211; Liberec, s.r.o. Aalto je origin\u00e1ln\u00ed sedadlo, kter\u00e9 jsem navrhla pro odpo\u010dinek ve ve\u0159ejn\u00fdch prostorech. Skl\u00e1d\u00e1 se z \u010d\u00e1sti speci\u00e1ln\u011b vytvarovan\u00e9 k pohodln\u00e9mu sezen\u00ed pro jednu osobu, prostoru pro ulo\u017een\u00ed zavazadla a mal\u00e9 plochy na odlo\u017een\u00ed u\u010debnic, knih, k\u00e1vy \u010di jin\u00fdch p\u0159edm\u011bt\u016f. Proto se v\u00fdborn\u011b hod\u00ed nap\u0159. do [&hellip;]<\/p>\n","protected":false},"author":5,"featured_media":2537,"menu_order":0,"comment_status":"closed","ping_status":"closed","template":"","format":"standard","meta":{"ngg_post_thumbnail":0,"ocean_post_layout":"","ocean_both_sidebars_style":"","ocean_both_sidebars_content_width":0,"ocean_both_sidebars_sidebars_width":0,"ocean_sidebar":"","ocean_second_sidebar":"","ocean_disable_margins":"enable","ocean_add_body_class":"","ocean_shortcode_before_top_bar":"","ocean_shortcode_after_top_bar":"","ocean_shortcode_before_header":"","ocean_shortcode_after_header":"","ocean_has_shortcode":"","ocean_shortcode_after_title":"","ocean_shortcode_before_footer_widgets":"","ocean_shortcode_after_footer_widgets":"","ocean_shortcode_before_footer_bottom":"","ocean_shortcode_after_footer_bottom":"","ocean_display_top_bar":"default","ocean_display_header":"default","ocean_header_style":"","ocean_center_header_left_menu":"","ocean_custom_header_template":"","ocean_custom_logo":0,"ocean_custom_retina_logo":0,"ocean_custom_logo_max_width":0,"ocean_custom_logo_tablet_max_width":0,"ocean_custom_logo_mobile_max_width":0,"ocean_custom_logo_max_height":0,"ocean_custom_logo_tablet_max_height":0,"ocean_custom_logo_mobile_max_height":0,"ocean_header_custom_menu":"","ocean_menu_typo_font_family":"","ocean_menu_typo_font_subset":"","ocean_menu_typo_font_size":0,"ocean_menu_typo_font_size_tablet":0,"ocean_menu_typo_font_size_mobile":0,"ocean_menu_typo_font_size_unit":"px","ocean_menu_typo_font_weight":"","ocean_menu_typo_font_weight_tablet":"","ocean_menu_typo_font_weight_mobile":"","ocean_menu_typo_transform":"","ocean_menu_typo_transform_tablet":"","ocean_menu_typo_transform_mobile":"","ocean_menu_typo_line_height":0,"ocean_menu_typo_line_height_tablet":0,"ocean_menu_typo_line_height_mobile":0,"ocean_menu_typo_line_height_unit":"","ocean_menu_typo_spacing":0,"ocean_menu_typo_spacing_tablet":0,"ocean_menu_typo_spacing_mobile":0,"ocean_menu_typo_spacing_unit":"","ocean_menu_link_color":"","ocean_menu_link_color_hover":"","ocean_menu_link_color_active":"","ocean_menu_link_background":"","ocean_menu_link_hover_background":"","ocean_menu_link_active_background":"","ocean_menu_social_links_bg":"","ocean_menu_social_hover_links_bg":"","ocean_menu_social_links_color":"","ocean_menu_social_hover_links_color":"","ocean_disable_title":"default","ocean_disable_heading":"default","ocean_post_title":"","ocean_post_subheading":"","ocean_post_title_style":"","ocean_post_title_background_color":"","ocean_post_title_background":0,"ocean_post_title_bg_image_position":"","ocean_post_title_bg_image_attachment":"","ocean_post_title_bg_image_repeat":"","ocean_post_title_bg_image_size":"","ocean_post_title_height":0,"ocean_post_title_bg_overlay":0.5,"ocean_post_title_bg_overlay_color":"","ocean_disable_breadcrumbs":"default","ocean_breadcrumbs_color":"","ocean_breadcrumbs_separator_color":"","ocean_breadcrumbs_links_color":"","ocean_breadcrumbs_links_hover_color":"","ocean_display_footer_widgets":"default","ocean_display_footer_bottom":"default","ocean_custom_footer_template":"","_vp_format_video_url":"","_vp_image_focal_point":[],"footnotes":""},"portfolio_category":[10],"portfolio_tag":[],"class_list":["post-2533","portfolio","type-portfolio","status-publish","format-standard","has-post-thumbnail","hentry","portfolio_category-soutezici-2023","entry","has-media"],"yoast_head":"<!-- This site is optimized with the Yoast SEO plugin v25.2 - https:\/\/yoast.com\/wordpress\/plugins\/seo\/ -->\n<title>Produktov\u00fd design - Aalto - design-award.cz<\/title>\n<meta name=\"robots\" content=\"index, follow, max-snippet:-1, max-image-preview:large, max-video-preview:-1\" \/>\n<link rel=\"canonical\" href=\"https:\/\/www.design-award.cz\/?portfolio=produktovy-design-aalto\" \/>\n<meta property=\"og:locale\" content=\"cs_CZ\" \/>\n<meta property=\"og:type\" content=\"article\" \/>\n<meta property=\"og:title\" content=\"Produktov\u00fd design - Aalto - design-award.cz\" \/>\n<meta property=\"og:description\" content=\"Veronika \u0160oltov\u00e1 St\u0159edn\u00ed \u0161kola designu interi\u00e9ru Kate\u0159inky &#8211; Liberec, s.r.o. Aalto je origin\u00e1ln\u00ed sedadlo, kter\u00e9 jsem navrhla pro odpo\u010dinek ve ve\u0159ejn\u00fdch prostorech. Skl\u00e1d\u00e1 se z \u010d\u00e1sti speci\u00e1ln\u011b vytvarovan\u00e9 k pohodln\u00e9mu sezen\u00ed pro jednu osobu, prostoru pro ulo\u017een\u00ed zavazadla a mal\u00e9 plochy na odlo\u017een\u00ed u\u010debnic, knih, k\u00e1vy \u010di jin\u00fdch p\u0159edm\u011bt\u016f. Proto se v\u00fdborn\u011b hod\u00ed nap\u0159. do [&hellip;]\" \/>\n<meta property=\"og:url\" content=\"https:\/\/www.design-award.cz\/?portfolio=produktovy-design-aalto\" \/>\n<meta property=\"og:site_name\" content=\"design-award.cz\" \/>\n<meta property=\"article:modified_time\" content=\"2023-04-16T15:14:46+00:00\" \/>\n<meta property=\"og:image\" content=\"http:\/\/www.design-award.cz\/wp-content\/uploads\/2023\/04\/veronika-soltova_originalni-sedadlo-aalto_foto-2.jpg\" \/>\n\t<meta property=\"og:image:width\" content=\"1440\" \/>\n\t<meta property=\"og:image:height\" content=\"1080\" \/>\n\t<meta property=\"og:image:type\" content=\"image\/jpeg\" \/>\n<meta name=\"twitter:card\" content=\"summary_large_image\" \/>\n<meta name=\"twitter:label1\" content=\"Odhadovan\u00e1 doba \u010dten\u00ed\" \/>\n\t<meta name=\"twitter:data1\" content=\"1 minuta\" \/>\n<script type=\"application\/ld+json\" class=\"yoast-schema-graph\">{\"@context\":\"https:\/\/schema.org\",\"@graph\":[{\"@type\":\"WebPage\",\"@id\":\"https:\/\/www.design-award.cz\/?portfolio=produktovy-design-aalto\",\"url\":\"https:\/\/www.design-award.cz\/?portfolio=produktovy-design-aalto\",\"name\":\"Produktov\u00fd design - Aalto - design-award.cz\",\"isPartOf\":{\"@id\":\"https:\/\/www.design-award.cz\/#website\"},\"primaryImageOfPage\":{\"@id\":\"https:\/\/www.design-award.cz\/?portfolio=produktovy-design-aalto#primaryimage\"},\"image\":{\"@id\":\"https:\/\/www.design-award.cz\/?portfolio=produktovy-design-aalto#primaryimage\"},\"thumbnailUrl\":\"https:\/\/www.design-award.cz\/wp-content\/uploads\/2023\/04\/veronika-soltova_originalni-sedadlo-aalto_foto-2.jpg\",\"datePublished\":\"2023-04-16T15:14:45+00:00\",\"dateModified\":\"2023-04-16T15:14:46+00:00\",\"breadcrumb\":{\"@id\":\"https:\/\/www.design-award.cz\/?portfolio=produktovy-design-aalto#breadcrumb\"},\"inLanguage\":\"cs\",\"potentialAction\":[{\"@type\":\"ReadAction\",\"target\":[\"https:\/\/www.design-award.cz\/?portfolio=produktovy-design-aalto\"]}]},{\"@type\":\"ImageObject\",\"inLanguage\":\"cs\",\"@id\":\"https:\/\/www.design-award.cz\/?portfolio=produktovy-design-aalto#primaryimage\",\"url\":\"https:\/\/www.design-award.cz\/wp-content\/uploads\/2023\/04\/veronika-soltova_originalni-sedadlo-aalto_foto-2.jpg\",\"contentUrl\":\"https:\/\/www.design-award.cz\/wp-content\/uploads\/2023\/04\/veronika-soltova_originalni-sedadlo-aalto_foto-2.jpg\",\"width\":1440,\"height\":1080},{\"@type\":\"BreadcrumbList\",\"@id\":\"https:\/\/www.design-award.cz\/?portfolio=produktovy-design-aalto#breadcrumb\",\"itemListElement\":[{\"@type\":\"ListItem\",\"position\":1,\"name\":\"Dom\u016f\",\"item\":\"https:\/\/www.design-award.cz\/\"},{\"@type\":\"ListItem\",\"position\":2,\"name\":\"Portfolio Items\",\"item\":\"https:\/\/www.design-award.cz\/?post_type=portfolio\"},{\"@type\":\"ListItem\",\"position\":3,\"name\":\"Produktov\u00fd design &#8211; Aalto\"}]},{\"@type\":\"WebSite\",\"@id\":\"https:\/\/www.design-award.cz\/#website\",\"url\":\"https:\/\/www.design-award.cz\/\",\"name\":\"design-award.cz\",\"description\":\"WARD vznikla v roce 2022. Je ur\u010dena p\u0159edev\u0161\u00edm student\u016fm st\u0159edn\u00edch um\u011bleck\u00fdch \u0161kol (S\u0160 a VO\u0160), kte\u0159\u00ed mohou bezplatn\u011b zaslat sv\u00e9 n\u00e1vrhy v uveden\u00fdch kategori\u00ed a tak pom\u011b\u0159it sv\u00e9 n\u00e1pady s konkurenc\u00ed sv\u00fdch vrstevn\u00edk\u016f. N\u00e1vrhy jsou n\u00e1sledn\u011b posouzeny nez\u00e1vislou porotou z \u0159ad v\u00fdtvarn\u00edk\u016f, pedagog\u016f a profesion\u00e1l\u016f z oboru.\",\"publisher\":{\"@id\":\"https:\/\/www.design-award.cz\/#organization\"},\"potentialAction\":[{\"@type\":\"SearchAction\",\"target\":{\"@type\":\"EntryPoint\",\"urlTemplate\":\"https:\/\/www.design-award.cz\/?s={search_term_string}\"},\"query-input\":{\"@type\":\"PropertyValueSpecification\",\"valueRequired\":true,\"valueName\":\"search_term_string\"}}],\"inLanguage\":\"cs\"},{\"@type\":\"Organization\",\"@id\":\"https:\/\/www.design-award.cz\/#organization\",\"name\":\"Design Award\",\"url\":\"https:\/\/www.design-award.cz\/\",\"logo\":{\"@type\":\"ImageObject\",\"inLanguage\":\"cs\",\"@id\":\"https:\/\/www.design-award.cz\/#\/schema\/logo\/image\/\",\"url\":\"http:\/\/www.design-award.cz\/wp-content\/uploads\/2021\/12\/hornilogo_design-award.png\",\"contentUrl\":\"http:\/\/www.design-award.cz\/wp-content\/uploads\/2021\/12\/hornilogo_design-award.png\",\"width\":800,\"height\":600,\"caption\":\"Design Award\"},\"image\":{\"@id\":\"https:\/\/www.design-award.cz\/#\/schema\/logo\/image\/\"},\"sameAs\":[\"https:\/\/www.instagram.com\/design_award\/\"]}]}<\/script>\n<!-- \/ Yoast SEO plugin. -->","yoast_head_json":{"title":"Produktov\u00fd design - Aalto - design-award.cz","robots":{"index":"index","follow":"follow","max-snippet":"max-snippet:-1","max-image-preview":"max-image-preview:large","max-video-preview":"max-video-preview:-1"},"canonical":"https:\/\/www.design-award.cz\/?portfolio=produktovy-design-aalto","og_locale":"cs_CZ","og_type":"article","og_title":"Produktov\u00fd design - Aalto - design-award.cz","og_description":"Veronika \u0160oltov\u00e1 St\u0159edn\u00ed \u0161kola designu interi\u00e9ru Kate\u0159inky &#8211; Liberec, s.r.o. Aalto je origin\u00e1ln\u00ed sedadlo, kter\u00e9 jsem navrhla pro odpo\u010dinek ve ve\u0159ejn\u00fdch prostorech. Skl\u00e1d\u00e1 se z \u010d\u00e1sti speci\u00e1ln\u011b vytvarovan\u00e9 k pohodln\u00e9mu sezen\u00ed pro jednu osobu, prostoru pro ulo\u017een\u00ed zavazadla a mal\u00e9 plochy na odlo\u017een\u00ed u\u010debnic, knih, k\u00e1vy \u010di jin\u00fdch p\u0159edm\u011bt\u016f. Proto se v\u00fdborn\u011b hod\u00ed nap\u0159. do [&hellip;]","og_url":"https:\/\/www.design-award.cz\/?portfolio=produktovy-design-aalto","og_site_name":"design-award.cz","article_modified_time":"2023-04-16T15:14:46+00:00","og_image":[{"width":1440,"height":1080,"url":"http:\/\/www.design-award.cz\/wp-content\/uploads\/2023\/04\/veronika-soltova_originalni-sedadlo-aalto_foto-2.jpg","type":"image\/jpeg"}],"twitter_card":"summary_large_image","twitter_misc":{"Odhadovan\u00e1 doba \u010dten\u00ed":"1 minuta"},"schema":{"@context":"https:\/\/schema.org","@graph":[{"@type":"WebPage","@id":"https:\/\/www.design-award.cz\/?portfolio=produktovy-design-aalto","url":"https:\/\/www.design-award.cz\/?portfolio=produktovy-design-aalto","name":"Produktov\u00fd design - Aalto - design-award.cz","isPartOf":{"@id":"https:\/\/www.design-award.cz\/#website"},"primaryImageOfPage":{"@id":"https:\/\/www.design-award.cz\/?portfolio=produktovy-design-aalto#primaryimage"},"image":{"@id":"https:\/\/www.design-award.cz\/?portfolio=produktovy-design-aalto#primaryimage"},"thumbnailUrl":"https:\/\/www.design-award.cz\/wp-content\/uploads\/2023\/04\/veronika-soltova_originalni-sedadlo-aalto_foto-2.jpg","datePublished":"2023-04-16T15:14:45+00:00","dateModified":"2023-04-16T15:14:46+00:00","breadcrumb":{"@id":"https:\/\/www.design-award.cz\/?portfolio=produktovy-design-aalto#breadcrumb"},"inLanguage":"cs","potentialAction":[{"@type":"ReadAction","target":["https:\/\/www.design-award.cz\/?portfolio=produktovy-design-aalto"]}]},{"@type":"ImageObject","inLanguage":"cs","@id":"https:\/\/www.design-award.cz\/?portfolio=produktovy-design-aalto#primaryimage","url":"https:\/\/www.design-award.cz\/wp-content\/uploads\/2023\/04\/veronika-soltova_originalni-sedadlo-aalto_foto-2.jpg","contentUrl":"https:\/\/www.design-award.cz\/wp-content\/uploads\/2023\/04\/veronika-soltova_originalni-sedadlo-aalto_foto-2.jpg","width":1440,"height":1080},{"@type":"BreadcrumbList","@id":"https:\/\/www.design-award.cz\/?portfolio=produktovy-design-aalto#breadcrumb","itemListElement":[{"@type":"ListItem","position":1,"name":"Dom\u016f","item":"https:\/\/www.design-award.cz\/"},{"@type":"ListItem","position":2,"name":"Portfolio Items","item":"https:\/\/www.design-award.cz\/?post_type=portfolio"},{"@type":"ListItem","position":3,"name":"Produktov\u00fd design &#8211; Aalto"}]},{"@type":"WebSite","@id":"https:\/\/www.design-award.cz\/#website","url":"https:\/\/www.design-award.cz\/","name":"design-award.cz","description":"WARD vznikla v roce 2022. Je ur\u010dena p\u0159edev\u0161\u00edm student\u016fm st\u0159edn\u00edch um\u011bleck\u00fdch \u0161kol (S\u0160 a VO\u0160), kte\u0159\u00ed mohou bezplatn\u011b zaslat sv\u00e9 n\u00e1vrhy v uveden\u00fdch kategori\u00ed a tak pom\u011b\u0159it sv\u00e9 n\u00e1pady s konkurenc\u00ed sv\u00fdch vrstevn\u00edk\u016f. N\u00e1vrhy jsou n\u00e1sledn\u011b posouzeny nez\u00e1vislou porotou z \u0159ad v\u00fdtvarn\u00edk\u016f, pedagog\u016f a profesion\u00e1l\u016f z oboru.","publisher":{"@id":"https:\/\/www.design-award.cz\/#organization"},"potentialAction":[{"@type":"SearchAction","target":{"@type":"EntryPoint","urlTemplate":"https:\/\/www.design-award.cz\/?s={search_term_string}"},"query-input":{"@type":"PropertyValueSpecification","valueRequired":true,"valueName":"search_term_string"}}],"inLanguage":"cs"},{"@type":"Organization","@id":"https:\/\/www.design-award.cz\/#organization","name":"Design Award","url":"https:\/\/www.design-award.cz\/","logo":{"@type":"ImageObject","inLanguage":"cs","@id":"https:\/\/www.design-award.cz\/#\/schema\/logo\/image\/","url":"http:\/\/www.design-award.cz\/wp-content\/uploads\/2021\/12\/hornilogo_design-award.png","contentUrl":"http:\/\/www.design-award.cz\/wp-content\/uploads\/2021\/12\/hornilogo_design-award.png","width":800,"height":600,"caption":"Design Award"},"image":{"@id":"https:\/\/www.design-award.cz\/#\/schema\/logo\/image\/"},"sameAs":["https:\/\/www.instagram.com\/design_award\/"]}]}},"_links":{"self":[{"href":"https:\/\/www.design-award.cz\/index.php?rest_route=\/wp\/v2\/portfolio\/2533","targetHints":{"allow":["GET"]}}],"collection":[{"href":"https:\/\/www.design-award.cz\/index.php?rest_route=\/wp\/v2\/portfolio"}],"about":[{"href":"https:\/\/www.design-award.cz\/index.php?rest_route=\/wp\/v2\/types\/portfolio"}],"author":[{"embeddable":true,"href":"https:\/\/www.design-award.cz\/index.php?rest_route=\/wp\/v2\/users\/5"}],"replies":[{"embeddable":true,"href":"https:\/\/www.design-award.cz\/index.php?rest_route=%2Fwp%2Fv2%2Fcomments&post=2533"}],"version-history":[{"count":1,"href":"https:\/\/www.design-award.cz\/index.php?rest_route=\/wp\/v2\/portfolio\/2533\/revisions"}],"predecessor-version":[{"id":2539,"href":"https:\/\/www.design-award.cz\/index.php?rest_route=\/wp\/v2\/portfolio\/2533\/revisions\/2539"}],"wp:featuredmedia":[{"embeddable":true,"href":"https:\/\/www.design-award.cz\/index.php?rest_route=\/wp\/v2\/media\/2537"}],"wp:attachment":[{"href":"https:\/\/www.design-award.cz\/index.php?rest_route=%2Fwp%2Fv2%2Fmedia&parent=2533"}],"wp:term":[{"taxonomy":"portfolio_category","embeddable":true,"href":"https:\/\/www.design-award.cz\/index.php?rest_route=%2Fwp%2Fv2%2Fportfolio_category&post=2533"},{"taxonomy":"portfolio_tag","embeddable":true,"href":"https:\/\/www.design-award.cz\/index.php?rest_route=%2Fwp%2Fv2%2Fportfolio_tag&post=2533"}],"curies":[{"name":"wp","href":"https:\/\/api.w.org\/{rel}","templated":true}]}}