{"id":2581,"date":"2023-04-17T16:02:08","date_gmt":"2023-04-17T16:02:08","guid":{"rendered":"https:\/\/www.design-award.cz\/?post_type=portfolio&#038;p=2581"},"modified":"2023-04-17T16:04:23","modified_gmt":"2023-04-17T16:04:23","slug":"produktovy-design-dverni-kovani","status":"publish","type":"portfolio","link":"https:\/\/www.design-award.cz\/?portfolio=produktovy-design-dverni-kovani","title":{"rendered":"Produktov\u00fd design \u2013 Dve\u0159n\u00ed kov\u00e1n\u00ed"},"content":{"rendered":"\n<p>Patrik \u0160imek<\/p>\n\n\n\n<p>Akademie- Vy\u0161\u0161\u00ed odborn\u00e1 \u0161kola, Gymn\u00e1zium a St\u0159edn\u00ed odborn\u00e1 \u0161kola um\u011bleckopr\u016fmyslov\u00e1 Sv\u011btl\u00e1 nad S\u00e1zavou<\/p>\n\n\n\n<p>Design dve\u0159n\u00edho kov\u00e1n\u00ed je inspirov\u00e1n kov\u00e1\u0159sk\u00fdm zp\u016fsobem zpracov\u00e1n\u00ed materi\u00e1lu, kdy je kladen d\u016fraz na perfektn\u00ed \u0159emesln\u00e9 zpracov\u00e1n\u00ed. Pr\u00e1v\u011b kov\u00e1\u0159sk\u00e9 postupy tvarov\u00e1n\u00ed kovu umo\u017e\u0148uj\u00ed velmi zaj\u00edmav\u00e9 prolamov\u00e1n\u00ed tvar\u016f, kter\u00e9 jsem p\u0159i tvorb\u011b sv\u00fdch n\u00e1vrh\u016f uplatnil. P\u0159esto\u017ee cel\u00e9 kov\u00e1n\u00ed &#8211; \u0161t\u00edt i klika maj\u00ed velmi neobvykl\u00fd tvar, sna\u017eil jsem se o to, aby tvar kliky pln\u011b respektoval ergonomick\u00e9 po\u017eadavky p\u0159i jej\u00edm denn\u00edm pou\u017e\u00edv\u00e1n\u00ed: aby jej\u00ed uchopen\u00ed do dlan\u011b bylo p\u0159\u00edjemn\u00e9 a komfortn\u00ed. Design se vyzna\u010duje jednoduchou mont\u00e1\u017e\u00ed a dlouhou \u017eivotnost\u00ed. Povrchov\u00e1 \u00faprava je navr\u017eena v proveden\u00ed chromu, aby celkov\u00fd vzhled p\u016fsobil elegantn\u011b a modern\u011b.<\/p>\n\n\n\n<figure class=\"wp-block-image size-large\"><img decoding=\"async\" width=\"855\" height=\"1024\" data-src=\"http:\/\/www.design-award.cz\/wp-content\/uploads\/2023\/04\/VIZUALIZACE-Patrik-Simek-855x1024.jpg\" alt=\"\" class=\"wp-image-2584 lazyload\" data-srcset=\"https:\/\/www.design-award.cz\/wp-content\/uploads\/2023\/04\/VIZUALIZACE-Patrik-Simek-855x1024.jpg 855w, https:\/\/www.design-award.cz\/wp-content\/uploads\/2023\/04\/VIZUALIZACE-Patrik-Simek-251x300.jpg 251w, https:\/\/www.design-award.cz\/wp-content\/uploads\/2023\/04\/VIZUALIZACE-Patrik-Simek-768x920.jpg 768w, https:\/\/www.design-award.cz\/wp-content\/uploads\/2023\/04\/VIZUALIZACE-Patrik-Simek-1283x1536.jpg 1283w, https:\/\/www.design-award.cz\/wp-content\/uploads\/2023\/04\/VIZUALIZACE-Patrik-Simek-1710x2048.jpg 1710w, https:\/\/www.design-award.cz\/wp-content\/uploads\/2023\/04\/VIZUALIZACE-Patrik-Simek-500x599.jpg 500w, https:\/\/www.design-award.cz\/wp-content\/uploads\/2023\/04\/VIZUALIZACE-Patrik-Simek-800x958.jpg 800w, https:\/\/www.design-award.cz\/wp-content\/uploads\/2023\/04\/VIZUALIZACE-Patrik-Simek-1280x1533.jpg 1280w, https:\/\/www.design-award.cz\/wp-content\/uploads\/2023\/04\/VIZUALIZACE-Patrik-Simek-1920x2299.jpg 1920w\" data-sizes=\"(max-width: 855px) 100vw, 855px\" src=\"data:image\/svg+xml;base64,PHN2ZyB3aWR0aD0iMSIgaGVpZ2h0PSIxIiB4bWxucz0iaHR0cDovL3d3dy53My5vcmcvMjAwMC9zdmciPjwvc3ZnPg==\" style=\"--smush-placeholder-width: 855px; --smush-placeholder-aspect-ratio: 855\/1024;\" \/><\/figure>\n\n\n\n<figure class=\"wp-block-image size-large\"><img decoding=\"async\" width=\"908\" height=\"1024\" data-src=\"http:\/\/www.design-award.cz\/wp-content\/uploads\/2023\/04\/TECHNICKY-VYKRES-Patrik-Simek-908x1024.jpg\" alt=\"\" class=\"wp-image-2585 lazyload\" data-srcset=\"https:\/\/www.design-award.cz\/wp-content\/uploads\/2023\/04\/TECHNICKY-VYKRES-Patrik-Simek-908x1024.jpg 908w, https:\/\/www.design-award.cz\/wp-content\/uploads\/2023\/04\/TECHNICKY-VYKRES-Patrik-Simek-266x300.jpg 266w, https:\/\/www.design-award.cz\/wp-content\/uploads\/2023\/04\/TECHNICKY-VYKRES-Patrik-Simek-768x866.jpg 768w, https:\/\/www.design-award.cz\/wp-content\/uploads\/2023\/04\/TECHNICKY-VYKRES-Patrik-Simek-1363x1536.jpg 1363w, https:\/\/www.design-award.cz\/wp-content\/uploads\/2023\/04\/TECHNICKY-VYKRES-Patrik-Simek-1817x2048.jpg 1817w, https:\/\/www.design-award.cz\/wp-content\/uploads\/2023\/04\/TECHNICKY-VYKRES-Patrik-Simek-500x564.jpg 500w, https:\/\/www.design-award.cz\/wp-content\/uploads\/2023\/04\/TECHNICKY-VYKRES-Patrik-Simek-800x902.jpg 800w, https:\/\/www.design-award.cz\/wp-content\/uploads\/2023\/04\/TECHNICKY-VYKRES-Patrik-Simek-1280x1443.jpg 1280w, https:\/\/www.design-award.cz\/wp-content\/uploads\/2023\/04\/TECHNICKY-VYKRES-Patrik-Simek-1920x2164.jpg 1920w\" data-sizes=\"(max-width: 908px) 100vw, 908px\" src=\"data:image\/svg+xml;base64,PHN2ZyB3aWR0aD0iMSIgaGVpZ2h0PSIxIiB4bWxucz0iaHR0cDovL3d3dy53My5vcmcvMjAwMC9zdmciPjwvc3ZnPg==\" style=\"--smush-placeholder-width: 908px; --smush-placeholder-aspect-ratio: 908\/1024;\" \/><\/figure>\n\n\n\n<figure class=\"wp-block-image size-large\"><img decoding=\"async\" width=\"536\" height=\"1024\" data-src=\"http:\/\/www.design-award.cz\/wp-content\/uploads\/2023\/04\/SKICI-Patrik-Simek-536x1024.jpg\" alt=\"\" class=\"wp-image-2582 lazyload\" data-srcset=\"https:\/\/www.design-award.cz\/wp-content\/uploads\/2023\/04\/SKICI-Patrik-Simek-536x1024.jpg 536w, https:\/\/www.design-award.cz\/wp-content\/uploads\/2023\/04\/SKICI-Patrik-Simek-157x300.jpg 157w, https:\/\/www.design-award.cz\/wp-content\/uploads\/2023\/04\/SKICI-Patrik-Simek-768x1466.jpg 768w, https:\/\/www.design-award.cz\/wp-content\/uploads\/2023\/04\/SKICI-Patrik-Simek-805x1536.jpg 805w, https:\/\/www.design-award.cz\/wp-content\/uploads\/2023\/04\/SKICI-Patrik-Simek-1073x2048.jpg 1073w, https:\/\/www.design-award.cz\/wp-content\/uploads\/2023\/04\/SKICI-Patrik-Simek-500x955.jpg 500w, https:\/\/www.design-award.cz\/wp-content\/uploads\/2023\/04\/SKICI-Patrik-Simek-800x1527.jpg 800w, https:\/\/www.design-award.cz\/wp-content\/uploads\/2023\/04\/SKICI-Patrik-Simek-1280x2444.jpg 1280w, https:\/\/www.design-award.cz\/wp-content\/uploads\/2023\/04\/SKICI-Patrik-Simek-1920x3665.jpg 1920w, https:\/\/www.design-award.cz\/wp-content\/uploads\/2023\/04\/SKICI-Patrik-Simek-scaled.jpg 1341w\" data-sizes=\"(max-width: 536px) 100vw, 536px\" src=\"data:image\/svg+xml;base64,PHN2ZyB3aWR0aD0iMSIgaGVpZ2h0PSIxIiB4bWxucz0iaHR0cDovL3d3dy53My5vcmcvMjAwMC9zdmciPjwvc3ZnPg==\" style=\"--smush-placeholder-width: 536px; --smush-placeholder-aspect-ratio: 536\/1024;\" \/><\/figure>\n","protected":false},"excerpt":{"rendered":"<p>Patrik \u0160imek Akademie- Vy\u0161\u0161\u00ed odborn\u00e1 \u0161kola, Gymn\u00e1zium a St\u0159edn\u00ed odborn\u00e1 \u0161kola um\u011bleckopr\u016fmyslov\u00e1 Sv\u011btl\u00e1 nad S\u00e1zavou Design dve\u0159n\u00edho kov\u00e1n\u00ed je inspirov\u00e1n kov\u00e1\u0159sk\u00fdm zp\u016fsobem zpracov\u00e1n\u00ed materi\u00e1lu, kdy je kladen d\u016fraz na perfektn\u00ed \u0159emesln\u00e9 zpracov\u00e1n\u00ed. Pr\u00e1v\u011b kov\u00e1\u0159sk\u00e9 postupy tvarov\u00e1n\u00ed kovu umo\u017e\u0148uj\u00ed velmi zaj\u00edmav\u00e9 prolamov\u00e1n\u00ed tvar\u016f, kter\u00e9 jsem p\u0159i tvorb\u011b sv\u00fdch n\u00e1vrh\u016f uplatnil. P\u0159esto\u017ee cel\u00e9 kov\u00e1n\u00ed &#8211; \u0161t\u00edt i [&hellip;]<\/p>\n","protected":false},"author":5,"featured_media":2583,"menu_order":0,"comment_status":"closed","ping_status":"closed","template":"","format":"standard","meta":{"ngg_post_thumbnail":0,"ocean_post_layout":"","ocean_both_sidebars_style":"","ocean_both_sidebars_content_width":0,"ocean_both_sidebars_sidebars_width":0,"ocean_sidebar":"","ocean_second_sidebar":"","ocean_disable_margins":"enable","ocean_add_body_class":"","ocean_shortcode_before_top_bar":"","ocean_shortcode_after_top_bar":"","ocean_shortcode_before_header":"","ocean_shortcode_after_header":"","ocean_has_shortcode":"","ocean_shortcode_after_title":"","ocean_shortcode_before_footer_widgets":"","ocean_shortcode_after_footer_widgets":"","ocean_shortcode_before_footer_bottom":"","ocean_shortcode_after_footer_bottom":"","ocean_display_top_bar":"default","ocean_display_header":"default","ocean_header_style":"","ocean_center_header_left_menu":"","ocean_custom_header_template":"","ocean_custom_logo":0,"ocean_custom_retina_logo":0,"ocean_custom_logo_max_width":0,"ocean_custom_logo_tablet_max_width":0,"ocean_custom_logo_mobile_max_width":0,"ocean_custom_logo_max_height":0,"ocean_custom_logo_tablet_max_height":0,"ocean_custom_logo_mobile_max_height":0,"ocean_header_custom_menu":"","ocean_menu_typo_font_family":"","ocean_menu_typo_font_subset":"","ocean_menu_typo_font_size":0,"ocean_menu_typo_font_size_tablet":0,"ocean_menu_typo_font_size_mobile":0,"ocean_menu_typo_font_size_unit":"px","ocean_menu_typo_font_weight":"","ocean_menu_typo_font_weight_tablet":"","ocean_menu_typo_font_weight_mobile":"","ocean_menu_typo_transform":"","ocean_menu_typo_transform_tablet":"","ocean_menu_typo_transform_mobile":"","ocean_menu_typo_line_height":0,"ocean_menu_typo_line_height_tablet":0,"ocean_menu_typo_line_height_mobile":0,"ocean_menu_typo_line_height_unit":"","ocean_menu_typo_spacing":0,"ocean_menu_typo_spacing_tablet":0,"ocean_menu_typo_spacing_mobile":0,"ocean_menu_typo_spacing_unit":"","ocean_menu_link_color":"","ocean_menu_link_color_hover":"","ocean_menu_link_color_active":"","ocean_menu_link_background":"","ocean_menu_link_hover_background":"","ocean_menu_link_active_background":"","ocean_menu_social_links_bg":"","ocean_menu_social_hover_links_bg":"","ocean_menu_social_links_color":"","ocean_menu_social_hover_links_color":"","ocean_disable_title":"default","ocean_disable_heading":"default","ocean_post_title":"","ocean_post_subheading":"","ocean_post_title_style":"","ocean_post_title_background_color":"","ocean_post_title_background":0,"ocean_post_title_bg_image_position":"","ocean_post_title_bg_image_attachment":"","ocean_post_title_bg_image_repeat":"","ocean_post_title_bg_image_size":"","ocean_post_title_height":0,"ocean_post_title_bg_overlay":0.5,"ocean_post_title_bg_overlay_color":"","ocean_disable_breadcrumbs":"default","ocean_breadcrumbs_color":"","ocean_breadcrumbs_separator_color":"","ocean_breadcrumbs_links_color":"","ocean_breadcrumbs_links_hover_color":"","ocean_display_footer_widgets":"default","ocean_display_footer_bottom":"default","ocean_custom_footer_template":"","_vp_format_video_url":"","_vp_image_focal_point":[],"footnotes":""},"portfolio_category":[10],"portfolio_tag":[],"class_list":["post-2581","portfolio","type-portfolio","status-publish","format-standard","has-post-thumbnail","hentry","portfolio_category-soutezici-2023","entry","has-media"],"yoast_head":"<!-- This site is optimized with the Yoast SEO plugin v25.2 - https:\/\/yoast.com\/wordpress\/plugins\/seo\/ -->\n<title>Produktov\u00fd design \u2013 Dve\u0159n\u00ed kov\u00e1n\u00ed - design-award.cz<\/title>\n<meta name=\"robots\" content=\"index, follow, max-snippet:-1, max-image-preview:large, max-video-preview:-1\" \/>\n<link rel=\"canonical\" href=\"https:\/\/www.design-award.cz\/?portfolio=produktovy-design-dverni-kovani\" \/>\n<meta property=\"og:locale\" content=\"cs_CZ\" \/>\n<meta property=\"og:type\" content=\"article\" \/>\n<meta property=\"og:title\" content=\"Produktov\u00fd design \u2013 Dve\u0159n\u00ed kov\u00e1n\u00ed - design-award.cz\" \/>\n<meta property=\"og:description\" content=\"Patrik \u0160imek Akademie- Vy\u0161\u0161\u00ed odborn\u00e1 \u0161kola, Gymn\u00e1zium a St\u0159edn\u00ed odborn\u00e1 \u0161kola um\u011bleckopr\u016fmyslov\u00e1 Sv\u011btl\u00e1 nad S\u00e1zavou Design dve\u0159n\u00edho kov\u00e1n\u00ed je inspirov\u00e1n kov\u00e1\u0159sk\u00fdm zp\u016fsobem zpracov\u00e1n\u00ed materi\u00e1lu, kdy je kladen d\u016fraz na perfektn\u00ed \u0159emesln\u00e9 zpracov\u00e1n\u00ed. Pr\u00e1v\u011b kov\u00e1\u0159sk\u00e9 postupy tvarov\u00e1n\u00ed kovu umo\u017e\u0148uj\u00ed velmi zaj\u00edmav\u00e9 prolamov\u00e1n\u00ed tvar\u016f, kter\u00e9 jsem p\u0159i tvorb\u011b sv\u00fdch n\u00e1vrh\u016f uplatnil. P\u0159esto\u017ee cel\u00e9 kov\u00e1n\u00ed &#8211; \u0161t\u00edt i [&hellip;]\" \/>\n<meta property=\"og:url\" content=\"https:\/\/www.design-award.cz\/?portfolio=produktovy-design-dverni-kovani\" \/>\n<meta property=\"og:site_name\" content=\"design-award.cz\" \/>\n<meta property=\"article:modified_time\" content=\"2023-04-17T16:04:23+00:00\" \/>\n<meta property=\"og:image\" content=\"http:\/\/www.design-award.cz\/wp-content\/uploads\/2023\/04\/MODEL-DVERNIHO-KOVANI-Patrik-Simek-plast-16-x-24-x-9-cm-pod-vedenim-MgA.-Martiny-Klimosove-a-Ing.-Doubravky-Lesakove.jpg\" \/>\n\t<meta property=\"og:image:width\" content=\"1329\" \/>\n\t<meta property=\"og:image:height\" content=\"1999\" \/>\n\t<meta property=\"og:image:type\" content=\"image\/jpeg\" \/>\n<meta name=\"twitter:card\" content=\"summary_large_image\" \/>\n<meta name=\"twitter:label1\" content=\"Odhadovan\u00e1 doba \u010dten\u00ed\" \/>\n\t<meta name=\"twitter:data1\" content=\"1 minuta\" \/>\n<script type=\"application\/ld+json\" class=\"yoast-schema-graph\">{\"@context\":\"https:\/\/schema.org\",\"@graph\":[{\"@type\":\"WebPage\",\"@id\":\"https:\/\/www.design-award.cz\/?portfolio=produktovy-design-dverni-kovani\",\"url\":\"https:\/\/www.design-award.cz\/?portfolio=produktovy-design-dverni-kovani\",\"name\":\"Produktov\u00fd design \u2013 Dve\u0159n\u00ed kov\u00e1n\u00ed - design-award.cz\",\"isPartOf\":{\"@id\":\"https:\/\/www.design-award.cz\/#website\"},\"primaryImageOfPage\":{\"@id\":\"https:\/\/www.design-award.cz\/?portfolio=produktovy-design-dverni-kovani#primaryimage\"},\"image\":{\"@id\":\"https:\/\/www.design-award.cz\/?portfolio=produktovy-design-dverni-kovani#primaryimage\"},\"thumbnailUrl\":\"https:\/\/www.design-award.cz\/wp-content\/uploads\/2023\/04\/MODEL-DVERNIHO-KOVANI-Patrik-Simek-plast-16-x-24-x-9-cm-pod-vedenim-MgA.-Martiny-Klimosove-a-Ing.-Doubravky-Lesakove.jpg\",\"datePublished\":\"2023-04-17T16:02:08+00:00\",\"dateModified\":\"2023-04-17T16:04:23+00:00\",\"breadcrumb\":{\"@id\":\"https:\/\/www.design-award.cz\/?portfolio=produktovy-design-dverni-kovani#breadcrumb\"},\"inLanguage\":\"cs\",\"potentialAction\":[{\"@type\":\"ReadAction\",\"target\":[\"https:\/\/www.design-award.cz\/?portfolio=produktovy-design-dverni-kovani\"]}]},{\"@type\":\"ImageObject\",\"inLanguage\":\"cs\",\"@id\":\"https:\/\/www.design-award.cz\/?portfolio=produktovy-design-dverni-kovani#primaryimage\",\"url\":\"https:\/\/www.design-award.cz\/wp-content\/uploads\/2023\/04\/MODEL-DVERNIHO-KOVANI-Patrik-Simek-plast-16-x-24-x-9-cm-pod-vedenim-MgA.-Martiny-Klimosove-a-Ing.-Doubravky-Lesakove.jpg\",\"contentUrl\":\"https:\/\/www.design-award.cz\/wp-content\/uploads\/2023\/04\/MODEL-DVERNIHO-KOVANI-Patrik-Simek-plast-16-x-24-x-9-cm-pod-vedenim-MgA.-Martiny-Klimosove-a-Ing.-Doubravky-Lesakove.jpg\",\"width\":1329,\"height\":1999},{\"@type\":\"BreadcrumbList\",\"@id\":\"https:\/\/www.design-award.cz\/?portfolio=produktovy-design-dverni-kovani#breadcrumb\",\"itemListElement\":[{\"@type\":\"ListItem\",\"position\":1,\"name\":\"Dom\u016f\",\"item\":\"https:\/\/www.design-award.cz\/\"},{\"@type\":\"ListItem\",\"position\":2,\"name\":\"Portfolio Items\",\"item\":\"https:\/\/www.design-award.cz\/?post_type=portfolio\"},{\"@type\":\"ListItem\",\"position\":3,\"name\":\"Produktov\u00fd design \u2013 Dve\u0159n\u00ed kov\u00e1n\u00ed\"}]},{\"@type\":\"WebSite\",\"@id\":\"https:\/\/www.design-award.cz\/#website\",\"url\":\"https:\/\/www.design-award.cz\/\",\"name\":\"design-award.cz\",\"description\":\"WARD vznikla v roce 2022. Je ur\u010dena p\u0159edev\u0161\u00edm student\u016fm st\u0159edn\u00edch um\u011bleck\u00fdch \u0161kol (S\u0160 a VO\u0160), kte\u0159\u00ed mohou bezplatn\u011b zaslat sv\u00e9 n\u00e1vrhy v uveden\u00fdch kategori\u00ed a tak pom\u011b\u0159it sv\u00e9 n\u00e1pady s konkurenc\u00ed sv\u00fdch vrstevn\u00edk\u016f. N\u00e1vrhy jsou n\u00e1sledn\u011b posouzeny nez\u00e1vislou porotou z \u0159ad v\u00fdtvarn\u00edk\u016f, pedagog\u016f a profesion\u00e1l\u016f z oboru.\",\"publisher\":{\"@id\":\"https:\/\/www.design-award.cz\/#organization\"},\"potentialAction\":[{\"@type\":\"SearchAction\",\"target\":{\"@type\":\"EntryPoint\",\"urlTemplate\":\"https:\/\/www.design-award.cz\/?s={search_term_string}\"},\"query-input\":{\"@type\":\"PropertyValueSpecification\",\"valueRequired\":true,\"valueName\":\"search_term_string\"}}],\"inLanguage\":\"cs\"},{\"@type\":\"Organization\",\"@id\":\"https:\/\/www.design-award.cz\/#organization\",\"name\":\"Design Award\",\"url\":\"https:\/\/www.design-award.cz\/\",\"logo\":{\"@type\":\"ImageObject\",\"inLanguage\":\"cs\",\"@id\":\"https:\/\/www.design-award.cz\/#\/schema\/logo\/image\/\",\"url\":\"http:\/\/www.design-award.cz\/wp-content\/uploads\/2021\/12\/hornilogo_design-award.png\",\"contentUrl\":\"http:\/\/www.design-award.cz\/wp-content\/uploads\/2021\/12\/hornilogo_design-award.png\",\"width\":800,\"height\":600,\"caption\":\"Design Award\"},\"image\":{\"@id\":\"https:\/\/www.design-award.cz\/#\/schema\/logo\/image\/\"},\"sameAs\":[\"https:\/\/www.instagram.com\/design_award\/\"]}]}<\/script>\n<!-- \/ Yoast SEO plugin. -->","yoast_head_json":{"title":"Produktov\u00fd design \u2013 Dve\u0159n\u00ed kov\u00e1n\u00ed - design-award.cz","robots":{"index":"index","follow":"follow","max-snippet":"max-snippet:-1","max-image-preview":"max-image-preview:large","max-video-preview":"max-video-preview:-1"},"canonical":"https:\/\/www.design-award.cz\/?portfolio=produktovy-design-dverni-kovani","og_locale":"cs_CZ","og_type":"article","og_title":"Produktov\u00fd design \u2013 Dve\u0159n\u00ed kov\u00e1n\u00ed - design-award.cz","og_description":"Patrik \u0160imek Akademie- Vy\u0161\u0161\u00ed odborn\u00e1 \u0161kola, Gymn\u00e1zium a St\u0159edn\u00ed odborn\u00e1 \u0161kola um\u011bleckopr\u016fmyslov\u00e1 Sv\u011btl\u00e1 nad S\u00e1zavou Design dve\u0159n\u00edho kov\u00e1n\u00ed je inspirov\u00e1n kov\u00e1\u0159sk\u00fdm zp\u016fsobem zpracov\u00e1n\u00ed materi\u00e1lu, kdy je kladen d\u016fraz na perfektn\u00ed \u0159emesln\u00e9 zpracov\u00e1n\u00ed. Pr\u00e1v\u011b kov\u00e1\u0159sk\u00e9 postupy tvarov\u00e1n\u00ed kovu umo\u017e\u0148uj\u00ed velmi zaj\u00edmav\u00e9 prolamov\u00e1n\u00ed tvar\u016f, kter\u00e9 jsem p\u0159i tvorb\u011b sv\u00fdch n\u00e1vrh\u016f uplatnil. P\u0159esto\u017ee cel\u00e9 kov\u00e1n\u00ed &#8211; \u0161t\u00edt i [&hellip;]","og_url":"https:\/\/www.design-award.cz\/?portfolio=produktovy-design-dverni-kovani","og_site_name":"design-award.cz","article_modified_time":"2023-04-17T16:04:23+00:00","og_image":[{"width":1329,"height":1999,"url":"http:\/\/www.design-award.cz\/wp-content\/uploads\/2023\/04\/MODEL-DVERNIHO-KOVANI-Patrik-Simek-plast-16-x-24-x-9-cm-pod-vedenim-MgA.-Martiny-Klimosove-a-Ing.-Doubravky-Lesakove.jpg","type":"image\/jpeg"}],"twitter_card":"summary_large_image","twitter_misc":{"Odhadovan\u00e1 doba \u010dten\u00ed":"1 minuta"},"schema":{"@context":"https:\/\/schema.org","@graph":[{"@type":"WebPage","@id":"https:\/\/www.design-award.cz\/?portfolio=produktovy-design-dverni-kovani","url":"https:\/\/www.design-award.cz\/?portfolio=produktovy-design-dverni-kovani","name":"Produktov\u00fd design \u2013 Dve\u0159n\u00ed kov\u00e1n\u00ed - design-award.cz","isPartOf":{"@id":"https:\/\/www.design-award.cz\/#website"},"primaryImageOfPage":{"@id":"https:\/\/www.design-award.cz\/?portfolio=produktovy-design-dverni-kovani#primaryimage"},"image":{"@id":"https:\/\/www.design-award.cz\/?portfolio=produktovy-design-dverni-kovani#primaryimage"},"thumbnailUrl":"https:\/\/www.design-award.cz\/wp-content\/uploads\/2023\/04\/MODEL-DVERNIHO-KOVANI-Patrik-Simek-plast-16-x-24-x-9-cm-pod-vedenim-MgA.-Martiny-Klimosove-a-Ing.-Doubravky-Lesakove.jpg","datePublished":"2023-04-17T16:02:08+00:00","dateModified":"2023-04-17T16:04:23+00:00","breadcrumb":{"@id":"https:\/\/www.design-award.cz\/?portfolio=produktovy-design-dverni-kovani#breadcrumb"},"inLanguage":"cs","potentialAction":[{"@type":"ReadAction","target":["https:\/\/www.design-award.cz\/?portfolio=produktovy-design-dverni-kovani"]}]},{"@type":"ImageObject","inLanguage":"cs","@id":"https:\/\/www.design-award.cz\/?portfolio=produktovy-design-dverni-kovani#primaryimage","url":"https:\/\/www.design-award.cz\/wp-content\/uploads\/2023\/04\/MODEL-DVERNIHO-KOVANI-Patrik-Simek-plast-16-x-24-x-9-cm-pod-vedenim-MgA.-Martiny-Klimosove-a-Ing.-Doubravky-Lesakove.jpg","contentUrl":"https:\/\/www.design-award.cz\/wp-content\/uploads\/2023\/04\/MODEL-DVERNIHO-KOVANI-Patrik-Simek-plast-16-x-24-x-9-cm-pod-vedenim-MgA.-Martiny-Klimosove-a-Ing.-Doubravky-Lesakove.jpg","width":1329,"height":1999},{"@type":"BreadcrumbList","@id":"https:\/\/www.design-award.cz\/?portfolio=produktovy-design-dverni-kovani#breadcrumb","itemListElement":[{"@type":"ListItem","position":1,"name":"Dom\u016f","item":"https:\/\/www.design-award.cz\/"},{"@type":"ListItem","position":2,"name":"Portfolio Items","item":"https:\/\/www.design-award.cz\/?post_type=portfolio"},{"@type":"ListItem","position":3,"name":"Produktov\u00fd design \u2013 Dve\u0159n\u00ed kov\u00e1n\u00ed"}]},{"@type":"WebSite","@id":"https:\/\/www.design-award.cz\/#website","url":"https:\/\/www.design-award.cz\/","name":"design-award.cz","description":"WARD vznikla v roce 2022. Je ur\u010dena p\u0159edev\u0161\u00edm student\u016fm st\u0159edn\u00edch um\u011bleck\u00fdch \u0161kol (S\u0160 a VO\u0160), kte\u0159\u00ed mohou bezplatn\u011b zaslat sv\u00e9 n\u00e1vrhy v uveden\u00fdch kategori\u00ed a tak pom\u011b\u0159it sv\u00e9 n\u00e1pady s konkurenc\u00ed sv\u00fdch vrstevn\u00edk\u016f. N\u00e1vrhy jsou n\u00e1sledn\u011b posouzeny nez\u00e1vislou porotou z \u0159ad v\u00fdtvarn\u00edk\u016f, pedagog\u016f a profesion\u00e1l\u016f z oboru.","publisher":{"@id":"https:\/\/www.design-award.cz\/#organization"},"potentialAction":[{"@type":"SearchAction","target":{"@type":"EntryPoint","urlTemplate":"https:\/\/www.design-award.cz\/?s={search_term_string}"},"query-input":{"@type":"PropertyValueSpecification","valueRequired":true,"valueName":"search_term_string"}}],"inLanguage":"cs"},{"@type":"Organization","@id":"https:\/\/www.design-award.cz\/#organization","name":"Design Award","url":"https:\/\/www.design-award.cz\/","logo":{"@type":"ImageObject","inLanguage":"cs","@id":"https:\/\/www.design-award.cz\/#\/schema\/logo\/image\/","url":"http:\/\/www.design-award.cz\/wp-content\/uploads\/2021\/12\/hornilogo_design-award.png","contentUrl":"http:\/\/www.design-award.cz\/wp-content\/uploads\/2021\/12\/hornilogo_design-award.png","width":800,"height":600,"caption":"Design Award"},"image":{"@id":"https:\/\/www.design-award.cz\/#\/schema\/logo\/image\/"},"sameAs":["https:\/\/www.instagram.com\/design_award\/"]}]}},"_links":{"self":[{"href":"https:\/\/www.design-award.cz\/index.php?rest_route=\/wp\/v2\/portfolio\/2581","targetHints":{"allow":["GET"]}}],"collection":[{"href":"https:\/\/www.design-award.cz\/index.php?rest_route=\/wp\/v2\/portfolio"}],"about":[{"href":"https:\/\/www.design-award.cz\/index.php?rest_route=\/wp\/v2\/types\/portfolio"}],"author":[{"embeddable":true,"href":"https:\/\/www.design-award.cz\/index.php?rest_route=\/wp\/v2\/users\/5"}],"replies":[{"embeddable":true,"href":"https:\/\/www.design-award.cz\/index.php?rest_route=%2Fwp%2Fv2%2Fcomments&post=2581"}],"version-history":[{"count":2,"href":"https:\/\/www.design-award.cz\/index.php?rest_route=\/wp\/v2\/portfolio\/2581\/revisions"}],"predecessor-version":[{"id":2587,"href":"https:\/\/www.design-award.cz\/index.php?rest_route=\/wp\/v2\/portfolio\/2581\/revisions\/2587"}],"wp:featuredmedia":[{"embeddable":true,"href":"https:\/\/www.design-award.cz\/index.php?rest_route=\/wp\/v2\/media\/2583"}],"wp:attachment":[{"href":"https:\/\/www.design-award.cz\/index.php?rest_route=%2Fwp%2Fv2%2Fmedia&parent=2581"}],"wp:term":[{"taxonomy":"portfolio_category","embeddable":true,"href":"https:\/\/www.design-award.cz\/index.php?rest_route=%2Fwp%2Fv2%2Fportfolio_category&post=2581"},{"taxonomy":"portfolio_tag","embeddable":true,"href":"https:\/\/www.design-award.cz\/index.php?rest_route=%2Fwp%2Fv2%2Fportfolio_tag&post=2581"}],"curies":[{"name":"wp","href":"https:\/\/api.w.org\/{rel}","templated":true}]}}